{"id":37762,"date":"2018-09-17T15:32:54","date_gmt":"2018-09-17T18:32:54","guid":{"rendered":"https:\/\/www.institutodeengenharia.org.br\/site\/?page_id=37762"},"modified":"2026-02-13T12:23:29","modified_gmt":"2026-02-13T15:23:29","slug":"tv-engenharia","status":"publish","type":"page","link":"https:\/\/www.institutodeengenharia.org.br\/site\/tv-engenharia\/","title":{"rendered":"TV Engenharia"},"content":{"rendered":"<div id=\"tdi_1\" class=\"tdc-zone\"><div class=\"tdc_zone tdi_2  wpb_row td-pb-row\"  >\n<style scoped>\n\/* custom css - generated by TagDiv Composer *\/\n\n\/* custom css - generated by TagDiv Composer *\/\n.tdi_2{\r\n                    min-height: 0;\r\n                }\n<\/style><div id=\"tdi_3\" class=\"tdc-row stretch_row_1200 td-stretch-content\"><div class=\"vc_row tdi_4  wpb_row td-pb-row\" >\n<style scoped>\n\/* custom css - generated by TagDiv Composer *\/\n\n\/* custom css - generated by TagDiv Composer *\/\n.tdi_4,\r\n                .tdi_4 .tdc-columns{\r\n                    min-height: 0;\r\n                }.tdi_4,\r\n\t\t\t\t.tdi_4 .tdc-columns{\r\n\t\t\t\t    display: block;\r\n\t\t\t\t}.tdi_4 .tdc-columns{\r\n\t\t\t\t    width: 100%;\r\n\t\t\t\t}.tdi_4:before,\r\n\t\t\t\t.tdi_4:after{\r\n\t\t\t\t    display: table;\r\n\t\t\t\t}\n<\/style><div class=\"vc_column tdi_6  wpb_column vc_column_container tdc-column td-pb-span12\">\n<style scoped>\n\/* custom css - generated by TagDiv Composer *\/\n\n\/* custom css - generated by TagDiv Composer *\/\n.tdi_6{\r\n                    vertical-align: baseline;\r\n                }.tdi_6 > .wpb_wrapper,\r\n\t\t\t\t.tdi_6 > .wpb_wrapper > .tdc-elements{\r\n\t\t\t\t    display: block;\r\n\t\t\t\t}.tdi_6 > .wpb_wrapper > .tdc-elements{\r\n\t\t\t\t    width: 100%;\r\n\t\t\t\t}.tdi_6 > .wpb_wrapper > .vc_row_inner{\r\n\t\t\t\t    width: auto;\r\n\t\t\t\t}.tdi_6 > .wpb_wrapper{\r\n\t\t\t\t    width: auto;\r\n\t\t\t\t    height: auto;\r\n\t\t\t\t}\n<\/style><div class=\"wpb_wrapper\" ><div class=\"tdm_block td_block_wrap tdm_block_fancy_text_image tdi_7 td_block_fancy_text tdm-layout-13-23 tdm-content-horiz-left tdm-content-vert-top td-pb-border-top td_block_template_1 tdm-mobile-full\"  data-td-block-uid=\"tdi_7\" >\n<style>\n\/* custom css - generated by TagDiv Composer *\/\n.td_block_fancy_text .tdm-fancy-title{\r\n                  font-family: var(--td_default_google_font_2, 'Roboto', sans-serif);\r\n                  font-size: 155px;\r\n                  font-weight: bold;\r\n                  line-height: 106px;\r\n                  letter-spacing: -8px;\r\n                  margin-top: -5px;\r\n                  margin-bottom: -60px;\r\n                }.td_block_fancy_text .tdm-fancy-title span{\r\n                  display: block;\r\n                  word-break: break-word;\r\n                  padding: 10px 10px 47px 0;\r\n                }.td_block_fancy_text .tdm-fancy-title1{\r\n                  color: #333;\r\n                }.td_block_fancy_text .tdm-fancy-title2{\r\n                  color: #fff;\r\n                  text-shadow: 2px 8px 27px rgba(0, 0, 0, 0.1);\r\n                  top: -60px;\r\n                  position: relative;\r\n                }.td_block_fancy_text .tdm-btn{\r\n                  margin-top: 10px;\r\n                  margin-bottom: 10px;\r\n                }.td_block_fancy_text.tdm-content-horiz-center .tdm-fancy-title span{\r\n                  margin: 0 auto;\r\n                }.td_block_fancy_text.tdm-content-horiz-right .tdm-fancy-title span{\r\n                  margin-left: auto;\r\n                }body .tdi_7 .tdm-fancy-title1{\r\n\t\t\t\t\tcolor: #1e73be;\r\n\t\t\t\t}body .tdi_7 .tdm-fancy-title2{\r\n\t\t\t\t\tcolor: #e2e2e2;\r\n\t\t\t\t}@media (min-width: 1019px) and (max-width: 1140px) {\r\n                  .td_block_fancy_text .tdm-fancy-title {\r\n                    font-size: 120px;\r\n                    line-height: 80px;\r\n                    letter-spacing: -6px;\r\n                  }\r\n                }@media (min-width: 768px) and (max-width: 1018px) {\r\n                  .td_block_fancy_text .tdm-fancy-title {\r\n                    font-size: 98px;\r\n                    line-height: 70px;\r\n                    letter-spacing: -4px;\r\n                  }\r\n                }@media (max-width: 767px) {\r\n                  .td_block_fancy_text .tdm-fancy-title {\r\n                    font-size: 72px;\r\n                    line-height: 44px;\r\n                    letter-spacing: -4px;\r\n                    margin-top: 40px;\r\n                    margin-bottom: -76px;\r\n                  }\r\n                }@media (max-width: 767px) {\r\n                  .td_block_fancy_text.tdm-flip-yes .tdm-fancy-title,\r\n                  .td_block_fancy_text.tdm-flip-yes .tdm-image {\r\n                    margin-top: 30px;\r\n                  }\r\n                }\n<\/style><div class=\"td-block-width\"><div class=\"td-block-row tdm-row td-fix-index\"><div class=\"td-block-span5 tdm-col tdm-col-img\"><img loading=\"lazy\" decoding=\"async\" class=\"tdm-image\" src=\"https:\/\/www.institutodeengenharia.org.br\/site\/wp-content\/uploads\/2018\/09\/lens-3143893_1280.jpg\" width=\"1280\" height=\"853\" title=\"TV\"><\/div><div class=\"td-block-span7 tdm-col\"><div class=\"tdm-text-wrap tdm-text-padding\"><h3 class=\"tdm-fancy-title\"><span class=\"tdm-fancy-title1\">TV<\/span><span class=\"tdm-fancy-title2\">Engenharia<\/span><\/h3><p class=\"tdm-descr\">Din\u00e2mica e moderna, a TV Engenharia oferece v\u00eddeos de palestras e semin\u00e1rios logo ap\u00f3s os eventos realizados pelo Instituto de Engenharia. Os v\u00eddeos ser\u00e3o acompanhados em sua maioria pelo material t\u00e9cnico dos eventos, fotos e demais informa\u00e7\u00f5es.<\/p>\n<style>\n\/* custom css - generated by TagDiv Composer *\/\n.tdi_8{\r\n\t\t\t\t\tbox-shadow:  0px 2px 16px 0px rgba(0, 0, 0, 0.1);\r\n\t\t\t\t}.tdi_8:hover{\r\n\t\t\t\t\tbox-shadow:  0px 2px 26px 0px rgba(0, 0, 0, 0.1);\r\n\t\t\t\t}\n<\/style><div class=\"tds-button td-fix-index\"><a href=\"https:\/\/www.institutodeengenharia.org.br\/site\/arquivos-tv-engenharia\/\"  title=\"Arquivos\" class=\"tds-button3 tdm-btn tdm-btn-lg tdi_8 \" ><span class=\"tdm-btn-text\">Arquivos<\/span><\/a><\/div><\/div><\/div><\/div><\/div><\/div><div class=\"wpb_wrapper td_block_empty_space td_block_wrap vc_empty_space tdi_10 \"  style=\"height: 89px\"><\/div><\/div><\/div><\/div><\/div><div id=\"tdi_11\" class=\"tdc-row\"><div class=\"vc_row tdi_12  wpb_row td-pb-row\" >\n<style scoped>\n\/* custom css - generated by TagDiv Composer *\/\n\n\/* custom css - generated by TagDiv Composer *\/\n.tdi_12,\r\n                .tdi_12 .tdc-columns{\r\n                    min-height: 0;\r\n                }.tdi_12,\r\n\t\t\t\t.tdi_12 .tdc-columns{\r\n\t\t\t\t    display: block;\r\n\t\t\t\t}.tdi_12 .tdc-columns{\r\n\t\t\t\t    width: 100%;\r\n\t\t\t\t}.tdi_12:before,\r\n\t\t\t\t.tdi_12:after{\r\n\t\t\t\t    display: table;\r\n\t\t\t\t}\n\/* inline tdc_css att - generated by TagDiv Composer *\/\n\n.tdi_12{\nmargin-bottom:30px !important;\njustify-content:center !important;\ntext-align:center !important;\n}\n\n.tdi_12 .td_block_wrap{ text-align:left }\n\n<\/style><div class=\"vc_column tdi_14  wpb_column vc_column_container tdc-column td-pb-span12\">\n<style scoped>\n\/* custom css - generated by TagDiv Composer *\/\n\n\/* custom css - generated by TagDiv Composer *\/\n.tdi_14{\r\n                    vertical-align: baseline;\r\n                }.tdi_14 > .wpb_wrapper,\r\n\t\t\t\t.tdi_14 > .wpb_wrapper > .tdc-elements{\r\n\t\t\t\t    display: block;\r\n\t\t\t\t}.tdi_14 > .wpb_wrapper > .tdc-elements{\r\n\t\t\t\t    width: 100%;\r\n\t\t\t\t}.tdi_14 > .wpb_wrapper > .vc_row_inner{\r\n\t\t\t\t    width: auto;\r\n\t\t\t\t}.tdi_14 > .wpb_wrapper{\r\n\t\t\t\t    width: auto;\r\n\t\t\t\t    height: auto;\r\n\t\t\t\t}\n<\/style><div class=\"wpb_wrapper\" ><div class=\"tdm_block td_block_wrap tdm_block_button tdi_15 tdm-block-button-inline tdm-content-horiz-left td-pb-border-top td_block_template_1\"  data-td-block-uid=\"tdi_15\"     >\n<style>\n\/* custom css - generated by TagDiv Composer *\/\n.tdm_block.tdm_block_button{\r\n                  margin-bottom: 0;\r\n                }.tdm_block.tdm_block_button .tds-button{\r\n                  line-height: 0;\r\n                }.tdm_block.tdm_block_button.tdm-block-button-inline{\r\n                  display: inline-block;\r\n                }.tdm_block.tdm_block_button.tdm-block-button-full,\r\n                .tdm_block.tdm_block_button.tdm-block-button-full .tdm-btn{\r\n                  display: block;\r\n                }\n<\/style><div class=\"tds-button td-fix-index\"><a \r\n                href=\"\/site\/indice-remissivo-tv-engenharia-a\/\" \r\n                 title=\"\u00cdNDICE REMISSIVO\"\r\n                class=\"tds-button1 tdm-btn tdm-btn-lg tdi_16 \" ><span class=\"tdm-btn-text\">\u00cdNDICE REMISSIVO<\/span><\/a><\/div><\/div><\/div><\/div><\/div><\/div><div id=\"tdi_17\" class=\"tdc-row\"><div class=\"vc_row tdi_18  wpb_row td-pb-row\" >\n<style scoped>\n\/* custom css - generated by TagDiv Composer *\/\n\n\/* custom css - generated by TagDiv Composer *\/\n.tdi_18,\r\n                .tdi_18 .tdc-columns{\r\n                    min-height: 0;\r\n                }.tdi_18,\r\n\t\t\t\t.tdi_18 .tdc-columns{\r\n\t\t\t\t    display: block;\r\n\t\t\t\t}.tdi_18 .tdc-columns{\r\n\t\t\t\t    width: 100%;\r\n\t\t\t\t}.tdi_18:before,\r\n\t\t\t\t.tdi_18:after{\r\n\t\t\t\t    display: table;\r\n\t\t\t\t}\n<\/style><div class=\"vc_column tdi_20  wpb_column vc_column_container tdc-column td-pb-span12\">\n<style scoped>\n\/* custom css - generated by TagDiv Composer *\/\n\n\/* custom css - generated by TagDiv Composer *\/\n.tdi_20{\r\n                    vertical-align: baseline;\r\n                }.tdi_20 > .wpb_wrapper,\r\n\t\t\t\t.tdi_20 > .wpb_wrapper > .tdc-elements{\r\n\t\t\t\t    display: block;\r\n\t\t\t\t}.tdi_20 > .wpb_wrapper > .tdc-elements{\r\n\t\t\t\t    width: 100%;\r\n\t\t\t\t}.tdi_20 > .wpb_wrapper > .vc_row_inner{\r\n\t\t\t\t    width: auto;\r\n\t\t\t\t}.tdi_20 > .wpb_wrapper{\r\n\t\t\t\t    width: auto;\r\n\t\t\t\t    height: auto;\r\n\t\t\t\t}\n<\/style><div class=\"wpb_wrapper\" ><div class=\"td_block_wrap td_block_title tdi_21 td-pb-border-top td_block_template_4 td-fix-index\"  data-td-block-uid=\"tdi_21\" >\n<style>\n.td_block_template_4 .td-block-title {\r\n                font-size: 16px;\r\n                font-weight: 400;\r\n                margin-top: 0;\r\n                margin-bottom: 26px;\r\n                line-height: 31px;\r\n                text-align: left;\r\n            }\r\n            .td_block_template_4 .td-block-title > * {\r\n                background-color: var(--td_header_color, #000);\r\n                color: var(--td_text_header_color, #fff);\r\n                padding: 0 12px;\r\n                position: relative;\r\n            }\r\n            .td_block_template_4 .td-block-title > *:before {\r\n                content: '';\r\n                position: absolute;\r\n                top: 100%;\r\n                left: 10px;\r\n                margin: auto;\r\n                width: 0;\r\n                height: 0;\r\n                border-style: solid;\r\n                border-width: 7px 7px 0 7px;\r\n                border-color: var(--td_header_color, #000) transparent transparent transparent;\r\n            }\r\n            @media (max-width: 767px) {\r\n                .td_block_template_4 .td-related-title a {\r\n                    margin-right: 0;\r\n                    font-size: 15px;\r\n                }\r\n            }\r\n            .td_block_template_4 .td-related-title a:before {\r\n                border-color: transparent !important;\r\n            }\r\n            .td_block_template_4 .td-related-title .td-cur-simple-item {\r\n                background-color: var(--td_theme_color, #4db2ec);\r\n            }\r\n            .td_block_template_4 .td-related-title .td-cur-simple-item:before {\r\n                border-color: var(--td_header_color, var(--td_theme_color, #4db2ec)) transparent transparent transparent !important;\r\n            }\r\n            @-moz-document url-prefix() {\r\n                .td_block_template_4 .td-block-title > * {\r\n                    padding-bottom: 2px;\r\n                }\r\n            }\n\/* inline tdc_css att - generated by TagDiv Composer *\/\n\n.tdi_21{\nborder-color:#000000 !important;\nborder-style:solid !important;\nborder-width:0 !important;\n}\n\n<\/style><div class=\"td-block-title-wrap\"><h1 class=\"td-block-title\"><span class=\"td-pulldown-size\">V\u00eddeos<\/span><\/h1><\/div><\/div><div class=\"td_block_wrap td_block_14 tdi_22 td-pb-full-cell td-pb-border-top td_block_template_1 td-column-3\"  data-td-block-uid=\"tdi_22\" ><script>var block_tdi_22 = new tdBlock();\nblock_tdi_22.id = \"tdi_22\";\nblock_tdi_22.atts = '{\"category_id\":\"968\",\"limit\":\"2000\",\"block_type\":\"td_block_14\",\"separator\":\"\",\"custom_title\":\"\",\"custom_url\":\"\",\"block_template_id\":\"\",\"mx1_tl\":\"\",\"post_ids\":\"\",\"taxonomies\":\"\",\"category_ids\":\"\",\"in_all_terms\":\"\",\"tag_slug\":\"\",\"autors_id\":\"\",\"installed_post_types\":\"\",\"include_cf_posts\":\"\",\"exclude_cf_posts\":\"\",\"sort\":\"\",\"popular_by_date\":\"\",\"linked_posts\":\"\",\"favourite_only\":\"\",\"offset\":\"\",\"open_in_new_window\":\"\",\"show_modified_date\":\"\",\"time_ago\":\"\",\"time_ago_add_txt\":\"ago\",\"time_ago_txt_pos\":\"\",\"review_source\":\"\",\"el_class\":\"\",\"td_ajax_filter_type\":\"\",\"td_ajax_filter_ids\":\"\",\"td_filter_default_txt\":\"All\",\"td_ajax_preloading\":\"\",\"f_header_font_header\":\"\",\"f_header_font_title\":\"Block header\",\"f_header_font_settings\":\"\",\"f_header_font_family\":\"\",\"f_header_font_size\":\"\",\"f_header_font_line_height\":\"\",\"f_header_font_style\":\"\",\"f_header_font_weight\":\"\",\"f_header_font_transform\":\"\",\"f_header_font_spacing\":\"\",\"f_header_\":\"\",\"f_ajax_font_title\":\"Ajax categories\",\"f_ajax_font_settings\":\"\",\"f_ajax_font_family\":\"\",\"f_ajax_font_size\":\"\",\"f_ajax_font_line_height\":\"\",\"f_ajax_font_style\":\"\",\"f_ajax_font_weight\":\"\",\"f_ajax_font_transform\":\"\",\"f_ajax_font_spacing\":\"\",\"f_ajax_\":\"\",\"f_more_font_title\":\"Load more button\",\"f_more_font_settings\":\"\",\"f_more_font_family\":\"\",\"f_more_font_size\":\"\",\"f_more_font_line_height\":\"\",\"f_more_font_style\":\"\",\"f_more_font_weight\":\"\",\"f_more_font_transform\":\"\",\"f_more_font_spacing\":\"\",\"f_more_\":\"\",\"mx1f_title_font_header\":\"\",\"mx1f_title_font_title\":\"Article title\",\"mx1f_title_font_settings\":\"\",\"mx1f_title_font_family\":\"\",\"mx1f_title_font_size\":\"\",\"mx1f_title_font_line_height\":\"\",\"mx1f_title_font_style\":\"\",\"mx1f_title_font_weight\":\"\",\"mx1f_title_font_transform\":\"\",\"mx1f_title_font_spacing\":\"\",\"mx1f_title_\":\"\",\"mx1f_cat_font_title\":\"Article category tag\",\"mx1f_cat_font_settings\":\"\",\"mx1f_cat_font_family\":\"\",\"mx1f_cat_font_size\":\"\",\"mx1f_cat_font_line_height\":\"\",\"mx1f_cat_font_style\":\"\",\"mx1f_cat_font_weight\":\"\",\"mx1f_cat_font_transform\":\"\",\"mx1f_cat_font_spacing\":\"\",\"mx1f_cat_\":\"\",\"mx1f_meta_font_title\":\"Article meta info\",\"mx1f_meta_font_settings\":\"\",\"mx1f_meta_font_family\":\"\",\"mx1f_meta_font_size\":\"\",\"mx1f_meta_font_line_height\":\"\",\"mx1f_meta_font_style\":\"\",\"mx1f_meta_font_weight\":\"\",\"mx1f_meta_font_transform\":\"\",\"mx1f_meta_font_spacing\":\"\",\"mx1f_meta_\":\"\",\"ajax_pagination\":\"\",\"ajax_pagination_next_prev_swipe\":\"\",\"ajax_pagination_infinite_stop\":\"\",\"css\":\"\",\"tdc_css\":\"\",\"td_column_number\":3,\"header_color\":\"\",\"color_preset\":\"\",\"border_top\":\"\",\"class\":\"tdi_22\",\"tdc_css_class\":\"tdi_22\",\"tdc_css_class_style\":\"tdi_22_rand_style\"}';\nblock_tdi_22.td_column_number = \"3\";\nblock_tdi_22.block_type = \"td_block_14\";\nblock_tdi_22.post_count = \"689\";\nblock_tdi_22.found_posts = \"689\";\nblock_tdi_22.header_color = \"\";\nblock_tdi_22.ajax_pagination_infinite_stop = \"\";\nblock_tdi_22.max_num_pages = \"1\";\ntdBlocksArray.push(block_tdi_22);\n<\/script><div class=\"td-block-title-wrap\"><\/div><div id=tdi_22 class=\"td_block_inner td-column-3\">\n\n\t<div class=\"td-block-row\">\n\n\t<div class=\"td-block-span4\">\n\r\n        <div class=\"td_module_mx1 td_module_wrap td-animation-stack\">\r\n            <div class=\"td-module-thumb\"><a href=\"https:\/\/www.institutodeengenharia.org.br\/site\/2026\/04\/23\/acidente-de-trabalho-com-eletricidade\/\"  rel=\"bookmark\" class=\"td-image-wrap \" title=\"Acidente de trabalho com eletricidade\" ><img loading=\"lazy\" decoding=\"async\" class=\"entry-thumb\" src=\"data:image\/png;base64,iVBORw0KGgoAAAANSUhEUgAAAWQAAADcAQMAAAB9O0nPAAAAA1BMVEWurq51dlI4AAAAAXRSTlMmkutdmwAAACBJREFUaN7twTEBAAAAwiD7p7bDbmAAAAAAAAAAAABAdieIAAGQh2mWAAAAAElFTkSuQmCC\" alt=\"\" title=\"Acidente de trabalho com eletricidade\" data-type=\"image_tag\" data-img-url=\"https:\/\/www.institutodeengenharia.org.br\/site\/wp-content\/uploads\/2026\/04\/CAPA-PALESTRA-ONLINE-1-1-356x220.jpg\"  width=\"356\" height=\"220\" \/><span class=\"td-video-play-ico\"><i class=\"td-icon-video-thumb-play\"><\/i><\/span><\/a><\/div>\r\n            <div class=\"td-module-meta-info\">\r\n                <h3 class=\"entry-title td-module-title\"><a href=\"https:\/\/www.institutodeengenharia.org.br\/site\/2026\/04\/23\/acidente-de-trabalho-com-eletricidade\/\"  rel=\"bookmark\" title=\"Acidente de trabalho com eletricidade\">Acidente de trabalho com eletricidade<\/a><\/h3>                <div class=\"td-editor-date\">\r\n                                        <span class=\"td-author-date\">\r\n                                                <span class=\"td-post-date\"><time class=\"entry-date updated td-module-date\" datetime=\"2026-04-23T10:18:44-03:00\" >23\/04\/2026<\/time><\/span>                    <\/span>\r\n                <\/div>\r\n            <\/div>\r\n\r\n        <\/div>\r\n\r\n        \n\t<\/div> <!-- .\/td-block-span4 -->\n\n\t<div class=\"td-block-span4\">\n\r\n        <div class=\"td_module_mx1 td_module_wrap td-animation-stack\">\r\n            <div class=\"td-module-thumb\"><a href=\"https:\/\/www.institutodeengenharia.org.br\/site\/2026\/04\/15\/pericias-de-avaliacoes-em-acoes-renovatorias-e-revisionais-procedimentos-normas-e-metodologias\/\"  rel=\"bookmark\" class=\"td-image-wrap \" title=\"Per\u00edcias de avalia\u00e7\u00f5es em a\u00e7\u00f5es renovat\u00f3rias e revisionais &#8211; Procedimentos, normas e metodologias\" ><img loading=\"lazy\" decoding=\"async\" class=\"entry-thumb\" src=\"data:image\/png;base64,iVBORw0KGgoAAAANSUhEUgAAAWQAAADcAQMAAAB9O0nPAAAAA1BMVEWurq51dlI4AAAAAXRSTlMmkutdmwAAACBJREFUaN7twTEBAAAAwiD7p7bDbmAAAAAAAAAAAABAdieIAAGQh2mWAAAAAElFTkSuQmCC\" alt=\"\" title=\"Per\u00edcias de avalia\u00e7\u00f5es em a\u00e7\u00f5es renovat\u00f3rias e revisionais &#8211; Procedimentos, normas e metodologias\" data-type=\"image_tag\" data-img-url=\"https:\/\/www.institutodeengenharia.org.br\/site\/wp-content\/uploads\/2026\/04\/CAPA-PALESTRA-ONLINE-2-356x220.jpg\"  width=\"356\" height=\"220\" \/><span class=\"td-video-play-ico\"><i class=\"td-icon-video-thumb-play\"><\/i><\/span><\/a><\/div>\r\n            <div class=\"td-module-meta-info\">\r\n                <h3 class=\"entry-title td-module-title\"><a href=\"https:\/\/www.institutodeengenharia.org.br\/site\/2026\/04\/15\/pericias-de-avaliacoes-em-acoes-renovatorias-e-revisionais-procedimentos-normas-e-metodologias\/\"  rel=\"bookmark\" title=\"Per\u00edcias de avalia\u00e7\u00f5es em a\u00e7\u00f5es renovat\u00f3rias e revisionais &#8211; Procedimentos, normas e metodologias\">Per\u00edcias de avalia\u00e7\u00f5es em a\u00e7\u00f5es renovat\u00f3rias e revisionais &#8211; Procedimentos, normas e metodologias<\/a><\/h3>                <div class=\"td-editor-date\">\r\n                                        <span class=\"td-author-date\">\r\n                                                <span class=\"td-post-date\"><time class=\"entry-date updated td-module-date\" datetime=\"2026-04-15T14:56:15-03:00\" >15\/04\/2026<\/time><\/span>                    <\/span>\r\n                <\/div>\r\n            <\/div>\r\n\r\n        <\/div>\r\n\r\n        \n\t<\/div> <!-- .\/td-block-span4 -->\n\n\t<div class=\"td-block-span4\">\n\r\n        <div class=\"td_module_mx1 td_module_wrap td-animation-stack\">\r\n            <div class=\"td-module-thumb\"><a href=\"https:\/\/www.institutodeengenharia.org.br\/site\/2026\/04\/10\/podcast-visao-da-engenharia-franca-e-brasil-em-conexao-infraestrutura-concessoes-e-oportunidades-com-thierry-besse-20\/\"  rel=\"bookmark\" class=\"td-image-wrap \" title=\"PodCast Vis\u00e3o da Engenharia &#8211; Fran\u00e7a e Brasil em Conex\u00e3o: Infraestrutura, Concess\u00f5es e Oportunidades, com Thierry Besse #20\" ><img loading=\"lazy\" decoding=\"async\" class=\"entry-thumb\" src=\"data:image\/png;base64,iVBORw0KGgoAAAANSUhEUgAAAWQAAADcAQMAAAB9O0nPAAAAA1BMVEWurq51dlI4AAAAAXRSTlMmkutdmwAAACBJREFUaN7twTEBAAAAwiD7p7bDbmAAAAAAAAAAAABAdieIAAGQh2mWAAAAAElFTkSuQmCC\" alt=\"\" title=\"PodCast Vis\u00e3o da Engenharia &#8211; Fran\u00e7a e Brasil em Conex\u00e3o: Infraestrutura, Concess\u00f5es e Oportunidades, com Thierry Besse #20\" data-type=\"image_tag\" data-img-url=\"https:\/\/www.institutodeengenharia.org.br\/site\/wp-content\/uploads\/2026\/04\/Copia-de-Miniatura-Podcast-Visao-da-Engenharia-696-x-392-px-356x220.jpg\"  width=\"356\" height=\"220\" \/><span class=\"td-video-play-ico\"><i class=\"td-icon-video-thumb-play\"><\/i><\/span><\/a><\/div>\r\n            <div class=\"td-module-meta-info\">\r\n                <h3 class=\"entry-title td-module-title\"><a href=\"https:\/\/www.institutodeengenharia.org.br\/site\/2026\/04\/10\/podcast-visao-da-engenharia-franca-e-brasil-em-conexao-infraestrutura-concessoes-e-oportunidades-com-thierry-besse-20\/\"  rel=\"bookmark\" title=\"PodCast Vis\u00e3o da Engenharia &#8211; Fran\u00e7a e Brasil em Conex\u00e3o: Infraestrutura, Concess\u00f5es e Oportunidades, com Thierry Besse #20\">PodCast Vis\u00e3o da Engenharia &#8211; Fran\u00e7a e Brasil em Conex\u00e3o: Infraestrutura, Concess\u00f5es e Oportunidades, com Thierry Besse #20<\/a><\/h3>                <div class=\"td-editor-date\">\r\n                                        <span class=\"td-author-date\">\r\n                                                <span class=\"td-post-date\"><time class=\"entry-date updated td-module-date\" datetime=\"2026-04-10T14:43:40-03:00\" >10\/04\/2026<\/time><\/span>                    <\/span>\r\n                <\/div>\r\n            <\/div>\r\n\r\n        <\/div>\r\n\r\n        \n\t<\/div> <!-- .\/td-block-span4 --><\/div><!--.\/row-fluid-->\n\n\t<div class=\"td-block-row\">\n\n\t<div class=\"td-block-span4\">\n\r\n        <div class=\"td_module_mx1 td_module_wrap td-animation-stack\">\r\n            <div class=\"td-module-thumb\"><a href=\"https:\/\/www.institutodeengenharia.org.br\/site\/2026\/04\/09\/gestao-reativa-x-gestao-proativa-de-contratos-e-projetos-com-suporte-de-ia\/\"  rel=\"bookmark\" class=\"td-image-wrap \" title=\"Gest\u00e3o reativa x gest\u00e3o proativa de contratos e projetos com suporte de IA\" ><img loading=\"lazy\" decoding=\"async\" class=\"entry-thumb\" src=\"data:image\/png;base64,iVBORw0KGgoAAAANSUhEUgAAAWQAAADcAQMAAAB9O0nPAAAAA1BMVEWurq51dlI4AAAAAXRSTlMmkutdmwAAACBJREFUaN7twTEBAAAAwiD7p7bDbmAAAAAAAAAAAABAdieIAAGQh2mWAAAAAElFTkSuQmCC\" alt=\"\" title=\"Gest\u00e3o reativa x gest\u00e3o proativa de contratos e projetos com suporte de IA\" data-type=\"image_tag\" data-img-url=\"https:\/\/www.institutodeengenharia.org.br\/site\/wp-content\/uploads\/2026\/04\/CAPA-PALESTRA-ONLINE-356x220.jpg\"  width=\"356\" height=\"220\" \/><span class=\"td-video-play-ico\"><i class=\"td-icon-video-thumb-play\"><\/i><\/span><\/a><\/div>\r\n            <div class=\"td-module-meta-info\">\r\n                <h3 class=\"entry-title td-module-title\"><a href=\"https:\/\/www.institutodeengenharia.org.br\/site\/2026\/04\/09\/gestao-reativa-x-gestao-proativa-de-contratos-e-projetos-com-suporte-de-ia\/\"  rel=\"bookmark\" title=\"Gest\u00e3o reativa x gest\u00e3o proativa de contratos e projetos com suporte de IA\">Gest\u00e3o reativa x gest\u00e3o proativa de contratos e projetos com suporte de IA<\/a><\/h3>                <div class=\"td-editor-date\">\r\n                                        <span class=\"td-author-date\">\r\n                                                <span class=\"td-post-date\"><time class=\"entry-date updated td-module-date\" datetime=\"2026-04-09T11:48:36-03:00\" >09\/04\/2026<\/time><\/span>                    <\/span>\r\n                <\/div>\r\n            <\/div>\r\n\r\n        <\/div>\r\n\r\n        \n\t<\/div> <!-- .\/td-block-span4 -->\n\n\t<div class=\"td-block-span4\">\n\r\n        <div class=\"td_module_mx1 td_module_wrap td-animation-stack\">\r\n            <div class=\"td-module-thumb\"><a href=\"https:\/\/www.institutodeengenharia.org.br\/site\/2026\/04\/07\/iluminacao-e-arte-e-ciencia\/\"  rel=\"bookmark\" class=\"td-image-wrap \" title=\"Ilumina\u00e7\u00e3o \u00e9 arte e ci\u00eancia!\" ><img loading=\"lazy\" decoding=\"async\" class=\"entry-thumb\" src=\"data:image\/png;base64,iVBORw0KGgoAAAANSUhEUgAAAWQAAADcAQMAAAB9O0nPAAAAA1BMVEWurq51dlI4AAAAAXRSTlMmkutdmwAAACBJREFUaN7twTEBAAAAwiD7p7bDbmAAAAAAAAAAAABAdieIAAGQh2mWAAAAAElFTkSuQmCC\" alt=\"\" title=\"Ilumina\u00e7\u00e3o \u00e9 arte e ci\u00eancia!\" data-type=\"image_tag\" data-img-url=\"https:\/\/www.institutodeengenharia.org.br\/site\/wp-content\/uploads\/2026\/04\/CAPA-PALESTRA-ONLINE_07-04-356x220.jpg\"  width=\"356\" height=\"220\" \/><span class=\"td-video-play-ico\"><i class=\"td-icon-video-thumb-play\"><\/i><\/span><\/a><\/div>\r\n            <div class=\"td-module-meta-info\">\r\n                <h3 class=\"entry-title td-module-title\"><a href=\"https:\/\/www.institutodeengenharia.org.br\/site\/2026\/04\/07\/iluminacao-e-arte-e-ciencia\/\"  rel=\"bookmark\" title=\"Ilumina\u00e7\u00e3o \u00e9 arte e ci\u00eancia!\">Ilumina\u00e7\u00e3o \u00e9 arte e ci\u00eancia!<\/a><\/h3>                <div class=\"td-editor-date\">\r\n                                        <span class=\"td-author-date\">\r\n                                                <span class=\"td-post-date\"><time class=\"entry-date updated td-module-date\" datetime=\"2026-04-07T14:17:46-03:00\" >07\/04\/2026<\/time><\/span>                    <\/span>\r\n                <\/div>\r\n            <\/div>\r\n\r\n        <\/div>\r\n\r\n        \n\t<\/div> <!-- .\/td-block-span4 -->\n\n\t<div class=\"td-block-span4\">\n\r\n        <div class=\"td_module_mx1 td_module_wrap td-animation-stack\">\r\n            <div class=\"td-module-thumb\"><a href=\"https:\/\/www.institutodeengenharia.org.br\/site\/2026\/04\/01\/engenharia-aumentada-o-uso-correto-da-ia-generativa-na-engenharia\/\"  rel=\"bookmark\" class=\"td-image-wrap \" title=\"Engenharia aumentada: O uso correto da IA generativa na Engenharia\" ><img loading=\"lazy\" decoding=\"async\" class=\"entry-thumb\" src=\"data:image\/png;base64,iVBORw0KGgoAAAANSUhEUgAAAWQAAADcAQMAAAB9O0nPAAAAA1BMVEWurq51dlI4AAAAAXRSTlMmkutdmwAAACBJREFUaN7twTEBAAAAwiD7p7bDbmAAAAAAAAAAAABAdieIAAGQh2mWAAAAAElFTkSuQmCC\" alt=\"\" title=\"Engenharia aumentada: O uso correto da IA generativa na Engenharia\" data-type=\"image_tag\" data-img-url=\"https:\/\/www.institutodeengenharia.org.br\/site\/wp-content\/uploads\/2026\/04\/CAPA-PALESTRA-ONLINE-1-356x220.png\"  width=\"356\" height=\"220\" \/><\/a><\/div>\r\n            <div class=\"td-module-meta-info\">\r\n                <h3 class=\"entry-title td-module-title\"><a href=\"https:\/\/www.institutodeengenharia.org.br\/site\/2026\/04\/01\/engenharia-aumentada-o-uso-correto-da-ia-generativa-na-engenharia\/\"  rel=\"bookmark\" title=\"Engenharia aumentada: O uso correto da IA generativa na Engenharia\">Engenharia aumentada: O uso correto da IA generativa na Engenharia<\/a><\/h3>                <div class=\"td-editor-date\">\r\n                                        <span class=\"td-author-date\">\r\n                                                <span class=\"td-post-date\"><time class=\"entry-date updated td-module-date\" datetime=\"2026-04-01T09:45:53-03:00\" >01\/04\/2026<\/time><\/span>                    <\/span>\r\n                <\/div>\r\n            <\/div>\r\n\r\n        <\/div>\r\n\r\n        \n\t<\/div> <!-- .\/td-block-span4 --><\/div><!--.\/row-fluid-->\n\n\t<div class=\"td-block-row\">\n\n\t<div class=\"td-block-span4\">\n\r\n        <div class=\"td_module_mx1 td_module_wrap td-animation-stack\">\r\n            <div class=\"td-module-thumb\"><a href=\"https:\/\/www.institutodeengenharia.org.br\/site\/2026\/03\/30\/estrategias-para-alcancar-protocolos-de-baixo-carbono-na-cadeia-da-construcao-civil-com-foco-em-concretos-de-elevada-resistencia-e-modulo\/\"  rel=\"bookmark\" class=\"td-image-wrap \" title=\"Estrat\u00e9gias para alcan\u00e7ar protocolos de baixo carbono na cadeia da Constru\u00e7\u00e3o Civil, com foco em concretos de elevada resist\u00eancia e m\u00f3dulo\" ><img loading=\"lazy\" decoding=\"async\" class=\"entry-thumb\" src=\"data:image\/png;base64,iVBORw0KGgoAAAANSUhEUgAAAWQAAADcAQMAAAB9O0nPAAAAA1BMVEWurq51dlI4AAAAAXRSTlMmkutdmwAAACBJREFUaN7twTEBAAAAwiD7p7bDbmAAAAAAAAAAAABAdieIAAGQh2mWAAAAAElFTkSuQmCC\" alt=\"\" title=\"Estrat\u00e9gias para alcan\u00e7ar protocolos de baixo carbono na cadeia da Constru\u00e7\u00e3o Civil, com foco em concretos de elevada resist\u00eancia e m\u00f3dulo\" data-type=\"image_tag\" data-img-url=\"https:\/\/www.institutodeengenharia.org.br\/site\/wp-content\/uploads\/2026\/03\/CAPA-PALESTRA-ONLINE-1-3-356x220.jpg\"  width=\"356\" height=\"220\" \/><span class=\"td-video-play-ico\"><i class=\"td-icon-video-thumb-play\"><\/i><\/span><\/a><\/div>\r\n            <div class=\"td-module-meta-info\">\r\n                <h3 class=\"entry-title td-module-title\"><a href=\"https:\/\/www.institutodeengenharia.org.br\/site\/2026\/03\/30\/estrategias-para-alcancar-protocolos-de-baixo-carbono-na-cadeia-da-construcao-civil-com-foco-em-concretos-de-elevada-resistencia-e-modulo\/\"  rel=\"bookmark\" title=\"Estrat\u00e9gias para alcan\u00e7ar protocolos de baixo carbono na cadeia da Constru\u00e7\u00e3o Civil, com foco em concretos de elevada resist\u00eancia e m\u00f3dulo\">Estrat\u00e9gias para alcan\u00e7ar protocolos de baixo carbono na cadeia da Constru\u00e7\u00e3o Civil, com foco em concretos de elevada resist\u00eancia e m\u00f3dulo<\/a><\/h3>                <div class=\"td-editor-date\">\r\n                                        <span class=\"td-author-date\">\r\n                                                <span class=\"td-post-date\"><time class=\"entry-date updated td-module-date\" datetime=\"2026-03-30T14:40:09-03:00\" >30\/03\/2026<\/time><\/span>                    <\/span>\r\n                <\/div>\r\n            <\/div>\r\n\r\n        <\/div>\r\n\r\n        \n\t<\/div> <!-- .\/td-block-span4 -->\n\n\t<div class=\"td-block-span4\">\n\r\n        <div class=\"td_module_mx1 td_module_wrap td-animation-stack\">\r\n            <div class=\"td-module-thumb\"><a href=\"https:\/\/www.institutodeengenharia.org.br\/site\/2026\/03\/12\/autismo-e-o-ambiente-de-aprendizagem\/\"  rel=\"bookmark\" class=\"td-image-wrap \" title=\"Autismo e o Ambiente de Aprendizagem\" ><img loading=\"lazy\" decoding=\"async\" class=\"entry-thumb\" src=\"data:image\/png;base64,iVBORw0KGgoAAAANSUhEUgAAAWQAAADcAQMAAAB9O0nPAAAAA1BMVEWurq51dlI4AAAAAXRSTlMmkutdmwAAACBJREFUaN7twTEBAAAAwiD7p7bDbmAAAAAAAAAAAABAdieIAAGQh2mWAAAAAElFTkSuQmCC\" alt=\"\" title=\"Autismo e o Ambiente de Aprendizagem\" data-type=\"image_tag\" data-img-url=\"https:\/\/www.institutodeengenharia.org.br\/site\/wp-content\/uploads\/2026\/03\/CAPA-PALESTRA-ONLINE-10x-356x220.jpg\"  width=\"356\" height=\"220\" \/><span class=\"td-video-play-ico\"><i class=\"td-icon-video-thumb-play\"><\/i><\/span><\/a><\/div>\r\n            <div class=\"td-module-meta-info\">\r\n                <h3 class=\"entry-title td-module-title\"><a href=\"https:\/\/www.institutodeengenharia.org.br\/site\/2026\/03\/12\/autismo-e-o-ambiente-de-aprendizagem\/\"  rel=\"bookmark\" title=\"Autismo e o Ambiente de Aprendizagem\">Autismo e o Ambiente de Aprendizagem<\/a><\/h3>                <div class=\"td-editor-date\">\r\n                                        <span class=\"td-author-date\">\r\n                                                <span class=\"td-post-date\"><time class=\"entry-date updated td-module-date\" datetime=\"2026-03-12T14:46:16-03:00\" >12\/03\/2026<\/time><\/span>                    <\/span>\r\n                <\/div>\r\n            <\/div>\r\n\r\n        <\/div>\r\n\r\n        \n\t<\/div> <!-- .\/td-block-span4 -->\n\n\t<div class=\"td-block-span4\">\n\r\n        <div class=\"td_module_mx1 td_module_wrap td-animation-stack\">\r\n            <div class=\"td-module-thumb\"><a href=\"https:\/\/www.institutodeengenharia.org.br\/site\/2026\/03\/11\/ppp-sem-erros-aposentadoria-especial-e-a-sinergia-entre-engenharia-e-advocacia-na-seguranca-do-trabalho\/\"  rel=\"bookmark\" class=\"td-image-wrap \" title=\"PPP sem erros: Aposentadoria especial e a sinergia entre engenharia e advocacia na seguran\u00e7a do trabalho\" ><img loading=\"lazy\" decoding=\"async\" class=\"entry-thumb\" src=\"data:image\/png;base64,iVBORw0KGgoAAAANSUhEUgAAAWQAAADcAQMAAAB9O0nPAAAAA1BMVEWurq51dlI4AAAAAXRSTlMmkutdmwAAACBJREFUaN7twTEBAAAAwiD7p7bDbmAAAAAAAAAAAABAdieIAAGQh2mWAAAAAElFTkSuQmCC\" alt=\"\" title=\"PPP sem erros: Aposentadoria especial e a sinergia entre engenharia e advocacia na seguran\u00e7a do trabalho\" data-type=\"image_tag\" data-img-url=\"https:\/\/www.institutodeengenharia.org.br\/site\/wp-content\/uploads\/2026\/03\/CAPA-PALESTRA-ONLINE-2x-356x220.jpg\"  width=\"356\" height=\"220\" \/><span class=\"td-video-play-ico\"><i class=\"td-icon-video-thumb-play\"><\/i><\/span><\/a><\/div>\r\n            <div class=\"td-module-meta-info\">\r\n                <h3 class=\"entry-title td-module-title\"><a href=\"https:\/\/www.institutodeengenharia.org.br\/site\/2026\/03\/11\/ppp-sem-erros-aposentadoria-especial-e-a-sinergia-entre-engenharia-e-advocacia-na-seguranca-do-trabalho\/\"  rel=\"bookmark\" title=\"PPP sem erros: Aposentadoria especial e a sinergia entre engenharia e advocacia na seguran\u00e7a do trabalho\">PPP sem erros: Aposentadoria especial e a sinergia entre engenharia e advocacia na seguran\u00e7a do trabalho<\/a><\/h3>                <div class=\"td-editor-date\">\r\n                                        <span class=\"td-author-date\">\r\n                                                <span class=\"td-post-date\"><time class=\"entry-date updated td-module-date\" datetime=\"2026-03-11T14:53:23-03:00\" >11\/03\/2026<\/time><\/span>                    <\/span>\r\n                <\/div>\r\n            <\/div>\r\n\r\n        <\/div>\r\n\r\n        \n\t<\/div> <!-- .\/td-block-span4 --><\/div><!--.\/row-fluid-->\n\n\t<div class=\"td-block-row\">\n\n\t<div class=\"td-block-span4\">\n\r\n        <div class=\"td_module_mx1 td_module_wrap td-animation-stack\">\r\n            <div class=\"td-module-thumb\"><a href=\"https:\/\/www.institutodeengenharia.org.br\/site\/2026\/03\/03\/orcamento-em-pericias-de-engenharia-em-processos-judiciais\/\"  rel=\"bookmark\" class=\"td-image-wrap \" title=\"Or\u00e7amento em Per\u00edcias de Engenharia em Processos Judiciais\" ><img loading=\"lazy\" decoding=\"async\" class=\"entry-thumb\" src=\"data:image\/png;base64,iVBORw0KGgoAAAANSUhEUgAAAWQAAADcAQMAAAB9O0nPAAAAA1BMVEWurq51dlI4AAAAAXRSTlMmkutdmwAAACBJREFUaN7twTEBAAAAwiD7p7bDbmAAAAAAAAAAAABAdieIAAGQh2mWAAAAAElFTkSuQmCC\" alt=\"\" title=\"Or\u00e7amento em Per\u00edcias de Engenharia em Processos Judiciais\" data-type=\"image_tag\" data-img-url=\"https:\/\/www.institutodeengenharia.org.br\/site\/wp-content\/uploads\/2026\/03\/CAPA-PALESTRA-ONLINE-1-356x220.jpg\"  width=\"356\" height=\"220\" \/><span class=\"td-video-play-ico\"><i class=\"td-icon-video-thumb-play\"><\/i><\/span><\/a><\/div>\r\n            <div class=\"td-module-meta-info\">\r\n                <h3 class=\"entry-title td-module-title\"><a href=\"https:\/\/www.institutodeengenharia.org.br\/site\/2026\/03\/03\/orcamento-em-pericias-de-engenharia-em-processos-judiciais\/\"  rel=\"bookmark\" title=\"Or\u00e7amento em Per\u00edcias de Engenharia em Processos Judiciais\">Or\u00e7amento em Per\u00edcias de Engenharia em Processos Judiciais<\/a><\/h3>                <div class=\"td-editor-date\">\r\n                                        <span class=\"td-author-date\">\r\n                                                <span class=\"td-post-date\"><time class=\"entry-date updated td-module-date\" datetime=\"2026-03-03T16:46:46-03:00\" >03\/03\/2026<\/time><\/span>                    <\/span>\r\n                <\/div>\r\n            <\/div>\r\n\r\n        <\/div>\r\n\r\n        \n\t<\/div> <!-- .\/td-block-span4 -->\n\n\t<div class=\"td-block-span4\">\n\r\n        <div class=\"td_module_mx1 td_module_wrap td-animation-stack\">\r\n            <div class=\"td-module-thumb\"><a href=\"https:\/\/www.institutodeengenharia.org.br\/site\/2026\/02\/26\/responsabilidade-concorrente-na-execucao-de-obras-delimitacoes-tecnicas-aplicadas-a-um-caso-judicial\/\"  rel=\"bookmark\" class=\"td-image-wrap \" title=\"Responsabilidade concorrente na execu\u00e7\u00e3o de obras \u2013 delimita\u00e7\u00f5es t\u00e9cnicas aplicadas a um caso judicial\" ><img loading=\"lazy\" decoding=\"async\" class=\"entry-thumb\" src=\"data:image\/png;base64,iVBORw0KGgoAAAANSUhEUgAAAWQAAADcAQMAAAB9O0nPAAAAA1BMVEWurq51dlI4AAAAAXRSTlMmkutdmwAAACBJREFUaN7twTEBAAAAwiD7p7bDbmAAAAAAAAAAAABAdieIAAGQh2mWAAAAAElFTkSuQmCC\" alt=\"\" title=\"Responsabilidade concorrente na execu\u00e7\u00e3o de obras \u2013 delimita\u00e7\u00f5es t\u00e9cnicas aplicadas a um caso judicial\" data-type=\"image_tag\" data-img-url=\"https:\/\/www.institutodeengenharia.org.br\/site\/wp-content\/uploads\/2026\/03\/CAPA-PALESTRA-ONLINE-9-356x220.jpg\"  width=\"356\" height=\"220\" \/><span class=\"td-video-play-ico\"><i class=\"td-icon-video-thumb-play\"><\/i><\/span><\/a><\/div>\r\n            <div class=\"td-module-meta-info\">\r\n                <h3 class=\"entry-title td-module-title\"><a href=\"https:\/\/www.institutodeengenharia.org.br\/site\/2026\/02\/26\/responsabilidade-concorrente-na-execucao-de-obras-delimitacoes-tecnicas-aplicadas-a-um-caso-judicial\/\"  rel=\"bookmark\" title=\"Responsabilidade concorrente na execu\u00e7\u00e3o de obras \u2013 delimita\u00e7\u00f5es t\u00e9cnicas aplicadas a um caso judicial\">Responsabilidade concorrente na execu\u00e7\u00e3o de obras \u2013 delimita\u00e7\u00f5es t\u00e9cnicas aplicadas a um caso judicial<\/a><\/h3>                <div class=\"td-editor-date\">\r\n                                        <span class=\"td-author-date\">\r\n                                                <span class=\"td-post-date\"><time class=\"entry-date updated td-module-date\" datetime=\"2026-02-26T11:07:48-03:00\" >26\/02\/2026<\/time><\/span>                    <\/span>\r\n                <\/div>\r\n            <\/div>\r\n\r\n        <\/div>\r\n\r\n        \n\t<\/div> <!-- .\/td-block-span4 -->\n\n\t<div class=\"td-block-span4\">\n\r\n        <div class=\"td_module_mx1 td_module_wrap td-animation-stack\">\r\n            <div class=\"td-module-thumb\"><a href=\"https:\/\/www.institutodeengenharia.org.br\/site\/2026\/02\/19\/bioconstrucao-engenharia-viva-para-um-futuro-regenerativo\/\"  rel=\"bookmark\" class=\"td-image-wrap \" title=\"Bioconstru\u00e7\u00e3o: engenharia viva para um futuro regenerativo\" ><img loading=\"lazy\" decoding=\"async\" class=\"entry-thumb\" src=\"data:image\/png;base64,iVBORw0KGgoAAAANSUhEUgAAAWQAAADcAQMAAAB9O0nPAAAAA1BMVEWurq51dlI4AAAAAXRSTlMmkutdmwAAACBJREFUaN7twTEBAAAAwiD7p7bDbmAAAAAAAAAAAABAdieIAAGQh2mWAAAAAElFTkSuQmCC\" alt=\"\" title=\"Bioconstru\u00e7\u00e3o: engenharia viva para um futuro regenerativo\" data-type=\"image_tag\" data-img-url=\"https:\/\/www.institutodeengenharia.org.br\/site\/wp-content\/uploads\/2026\/02\/CAPA-PALESTRA-ONLINE-7-356x220.jpg\"  width=\"356\" height=\"220\" \/><span class=\"td-video-play-ico\"><i class=\"td-icon-video-thumb-play\"><\/i><\/span><\/a><\/div>\r\n            <div class=\"td-module-meta-info\">\r\n                <h3 class=\"entry-title td-module-title\"><a href=\"https:\/\/www.institutodeengenharia.org.br\/site\/2026\/02\/19\/bioconstrucao-engenharia-viva-para-um-futuro-regenerativo\/\"  rel=\"bookmark\" title=\"Bioconstru\u00e7\u00e3o: engenharia viva para um futuro regenerativo\">Bioconstru\u00e7\u00e3o: engenharia viva para um futuro regenerativo<\/a><\/h3>                <div class=\"td-editor-date\">\r\n                                        <span class=\"td-author-date\">\r\n                                                <span class=\"td-post-date\"><time class=\"entry-date updated td-module-date\" datetime=\"2026-02-19T16:20:01-03:00\" >19\/02\/2026<\/time><\/span>                    <\/span>\r\n                <\/div>\r\n            <\/div>\r\n\r\n        <\/div>\r\n\r\n        \n\t<\/div> <!-- .\/td-block-span4 --><\/div><!--.\/row-fluid-->\n\n\t<div class=\"td-block-row\">\n\n\t<div class=\"td-block-span4\">\n\r\n        <div class=\"td_module_mx1 td_module_wrap td-animation-stack\">\r\n            <div class=\"td-module-thumb\"><a href=\"https:\/\/www.institutodeengenharia.org.br\/site\/2026\/02\/10\/projetando-sistemas-construtivos-inovadores-em-madeira\/\"  rel=\"bookmark\" class=\"td-image-wrap \" title=\"Projetando sistemas construtivos inovadores em madeira\" ><img loading=\"lazy\" decoding=\"async\" class=\"entry-thumb\" src=\"data:image\/png;base64,iVBORw0KGgoAAAANSUhEUgAAAWQAAADcAQMAAAB9O0nPAAAAA1BMVEWurq51dlI4AAAAAXRSTlMmkutdmwAAACBJREFUaN7twTEBAAAAwiD7p7bDbmAAAAAAAAAAAABAdieIAAGQh2mWAAAAAElFTkSuQmCC\" alt=\"\" title=\"Projetando sistemas construtivos inovadores em madeira\" data-type=\"image_tag\" data-img-url=\"https:\/\/www.institutodeengenharia.org.br\/site\/wp-content\/uploads\/2026\/02\/CAPA-PALESTRA-Projetando-sistemas-construtivos-inovadores-em-madeira-356x220.png\"  width=\"356\" height=\"220\" \/><span class=\"td-video-play-ico\"><i class=\"td-icon-video-thumb-play\"><\/i><\/span><\/a><\/div>\r\n            <div class=\"td-module-meta-info\">\r\n                <h3 class=\"entry-title td-module-title\"><a href=\"https:\/\/www.institutodeengenharia.org.br\/site\/2026\/02\/10\/projetando-sistemas-construtivos-inovadores-em-madeira\/\"  rel=\"bookmark\" title=\"Projetando sistemas construtivos inovadores em madeira\">Projetando sistemas construtivos inovadores em madeira<\/a><\/h3>                <div class=\"td-editor-date\">\r\n                                        <span class=\"td-author-date\">\r\n                                                <span class=\"td-post-date\"><time class=\"entry-date updated td-module-date\" datetime=\"2026-02-10T10:51:00-03:00\" >10\/02\/2026<\/time><\/span>                    <\/span>\r\n                <\/div>\r\n            <\/div>\r\n\r\n        <\/div>\r\n\r\n        \n\t<\/div> <!-- .\/td-block-span4 -->\n\n\t<div class=\"td-block-span4\">\n\r\n        <div class=\"td_module_mx1 td_module_wrap td-animation-stack\">\r\n            <div class=\"td-module-thumb\"><a href=\"https:\/\/www.institutodeengenharia.org.br\/site\/2026\/01\/30\/podcast-visao-da-engenharia-a-importancia-estrutural-e-os-avancos-da-engenharia-estrutural-no-brasil-19\/\"  rel=\"bookmark\" class=\"td-image-wrap \" title=\"PodCast Vis\u00e3o da Engenharia \u2013 A import\u00e2ncia estrutural e os avan\u00e7os da Engenharia Estrutural no Brasil #19\" ><img loading=\"lazy\" decoding=\"async\" class=\"entry-thumb\" src=\"data:image\/png;base64,iVBORw0KGgoAAAANSUhEUgAAAWQAAADcAQMAAAB9O0nPAAAAA1BMVEWurq51dlI4AAAAAXRSTlMmkutdmwAAACBJREFUaN7twTEBAAAAwiD7p7bDbmAAAAAAAAAAAABAdieIAAGQh2mWAAAAAElFTkSuQmCC\" alt=\"\" title=\"PodCast Vis\u00e3o da Engenharia \u2013 A import\u00e2ncia estrutural e os avan\u00e7os da Engenharia Estrutural no Brasil #19\" data-type=\"image_tag\" data-img-url=\"https:\/\/www.institutodeengenharia.org.br\/site\/wp-content\/uploads\/2026\/01\/Copia-de-Miniatura-Podcast-Visao-da-Engenharia-696-x-392-px-356x220.jpg\"  width=\"356\" height=\"220\" \/><span class=\"td-video-play-ico\"><i class=\"td-icon-video-thumb-play\"><\/i><\/span><\/a><\/div>\r\n            <div class=\"td-module-meta-info\">\r\n                <h3 class=\"entry-title td-module-title\"><a href=\"https:\/\/www.institutodeengenharia.org.br\/site\/2026\/01\/30\/podcast-visao-da-engenharia-a-importancia-estrutural-e-os-avancos-da-engenharia-estrutural-no-brasil-19\/\"  rel=\"bookmark\" title=\"PodCast Vis\u00e3o da Engenharia \u2013 A import\u00e2ncia estrutural e os avan\u00e7os da Engenharia Estrutural no Brasil #19\">PodCast Vis\u00e3o da Engenharia \u2013 A import\u00e2ncia estrutural e os avan\u00e7os da Engenharia Estrutural no Brasil #19<\/a><\/h3>                <div class=\"td-editor-date\">\r\n                                        <span class=\"td-author-date\">\r\n                                                <span class=\"td-post-date\"><time class=\"entry-date updated td-module-date\" datetime=\"2026-01-30T17:24:03-03:00\" >30\/01\/2026<\/time><\/span>                    <\/span>\r\n                <\/div>\r\n            <\/div>\r\n\r\n        <\/div>\r\n\r\n        \n\t<\/div> <!-- .\/td-block-span4 -->\n\n\t<div class=\"td-block-span4\">\n\r\n        <div class=\"td_module_mx1 td_module_wrap td-animation-stack\">\r\n            <div class=\"td-module-thumb\"><a href=\"https:\/\/www.institutodeengenharia.org.br\/site\/2026\/01\/29\/casa-para-toda-a-vida\/\"  rel=\"bookmark\" class=\"td-image-wrap \" title=\"Casa para toda a vida\" ><img loading=\"lazy\" decoding=\"async\" class=\"entry-thumb\" src=\"data:image\/png;base64,iVBORw0KGgoAAAANSUhEUgAAAWQAAADcAQMAAAB9O0nPAAAAA1BMVEWurq51dlI4AAAAAXRSTlMmkutdmwAAACBJREFUaN7twTEBAAAAwiD7p7bDbmAAAAAAAAAAAABAdieIAAGQh2mWAAAAAElFTkSuQmCC\" alt=\"\" title=\"Casa para toda a vida\" data-type=\"image_tag\" data-img-url=\"https:\/\/www.institutodeengenharia.org.br\/site\/wp-content\/uploads\/2026\/01\/Sem-titulocapa-356x220.png\"  width=\"356\" height=\"220\" \/><span class=\"td-video-play-ico\"><i class=\"td-icon-video-thumb-play\"><\/i><\/span><\/a><\/div>\r\n            <div class=\"td-module-meta-info\">\r\n                <h3 class=\"entry-title td-module-title\"><a href=\"https:\/\/www.institutodeengenharia.org.br\/site\/2026\/01\/29\/casa-para-toda-a-vida\/\"  rel=\"bookmark\" title=\"Casa para toda a vida\">Casa para toda a vida<\/a><\/h3>                <div class=\"td-editor-date\">\r\n                                        <span class=\"td-author-date\">\r\n                                                <span class=\"td-post-date\"><time class=\"entry-date updated td-module-date\" datetime=\"2026-01-29T15:03:33-03:00\" >29\/01\/2026<\/time><\/span>                    <\/span>\r\n                <\/div>\r\n            <\/div>\r\n\r\n        <\/div>\r\n\r\n        \n\t<\/div> <!-- .\/td-block-span4 --><\/div><!--.\/row-fluid-->\n\n\t<div class=\"td-block-row\">\n\n\t<div class=\"td-block-span4\">\n\r\n        <div class=\"td_module_mx1 td_module_wrap td-animation-stack\">\r\n            <div class=\"td-module-thumb\"><a href=\"https:\/\/www.institutodeengenharia.org.br\/site\/2026\/01\/20\/ia-em-projetos-eletricos-e-automacao\/\"  rel=\"bookmark\" class=\"td-image-wrap \" title=\"IA em projetos el\u00e9tricos e automa\u00e7\u00e3o\" ><img loading=\"lazy\" decoding=\"async\" class=\"entry-thumb\" src=\"data:image\/png;base64,iVBORw0KGgoAAAANSUhEUgAAAWQAAADcAQMAAAB9O0nPAAAAA1BMVEWurq51dlI4AAAAAXRSTlMmkutdmwAAACBJREFUaN7twTEBAAAAwiD7p7bDbmAAAAAAAAAAAABAdieIAAGQh2mWAAAAAElFTkSuQmCC\" alt=\"\" title=\"IA em projetos el\u00e9tricos e automa\u00e7\u00e3o\" data-type=\"image_tag\" data-img-url=\"https:\/\/www.institutodeengenharia.org.br\/site\/wp-content\/uploads\/2026\/01\/CAPA-PALESTRA-ONLINE-6-2-356x220.jpg\"  width=\"356\" height=\"220\" \/><span class=\"td-video-play-ico\"><i class=\"td-icon-video-thumb-play\"><\/i><\/span><\/a><\/div>\r\n            <div class=\"td-module-meta-info\">\r\n                <h3 class=\"entry-title td-module-title\"><a href=\"https:\/\/www.institutodeengenharia.org.br\/site\/2026\/01\/20\/ia-em-projetos-eletricos-e-automacao\/\"  rel=\"bookmark\" title=\"IA em projetos el\u00e9tricos e automa\u00e7\u00e3o\">IA em projetos el\u00e9tricos e automa\u00e7\u00e3o<\/a><\/h3>                <div class=\"td-editor-date\">\r\n                                        <span class=\"td-author-date\">\r\n                                                <span class=\"td-post-date\"><time class=\"entry-date updated td-module-date\" datetime=\"2026-01-20T11:48:17-03:00\" >20\/01\/2026<\/time><\/span>                    <\/span>\r\n                <\/div>\r\n            <\/div>\r\n\r\n        <\/div>\r\n\r\n        \n\t<\/div> <!-- .\/td-block-span4 -->\n\n\t<div class=\"td-block-span4\">\n\r\n        <div class=\"td_module_mx1 td_module_wrap td-animation-stack\">\r\n            <div class=\"td-module-thumb\"><a href=\"https:\/\/www.institutodeengenharia.org.br\/site\/2025\/12\/18\/comemoracao-dia-do-engenheiro-2025\/\"  rel=\"bookmark\" class=\"td-image-wrap \" title=\"Comemora\u00e7\u00e3o Dia do Engenheiro 2025\" ><img loading=\"lazy\" decoding=\"async\" class=\"entry-thumb\" src=\"data:image\/png;base64,iVBORw0KGgoAAAANSUhEUgAAAWQAAADcAQMAAAB9O0nPAAAAA1BMVEWurq51dlI4AAAAAXRSTlMmkutdmwAAACBJREFUaN7twTEBAAAAwiD7p7bDbmAAAAAAAAAAAABAdieIAAGQh2mWAAAAAElFTkSuQmCC\" alt=\"\" title=\"Comemora\u00e7\u00e3o Dia do Engenheiro 2025\" data-type=\"image_tag\" data-img-url=\"https:\/\/www.institutodeengenharia.org.br\/site\/wp-content\/uploads\/2025\/12\/SLJ_1918-1-scaled-e1766068753828-356x220.jpg\"  width=\"356\" height=\"220\" \/><span class=\"td-video-play-ico\"><i class=\"td-icon-video-thumb-play\"><\/i><\/span><\/a><\/div>\r\n            <div class=\"td-module-meta-info\">\r\n                <h3 class=\"entry-title td-module-title\"><a href=\"https:\/\/www.institutodeengenharia.org.br\/site\/2025\/12\/18\/comemoracao-dia-do-engenheiro-2025\/\"  rel=\"bookmark\" title=\"Comemora\u00e7\u00e3o Dia do Engenheiro 2025\">Comemora\u00e7\u00e3o Dia do Engenheiro 2025<\/a><\/h3>                <div class=\"td-editor-date\">\r\n                                        <span class=\"td-author-date\">\r\n                                                <span class=\"td-post-date\"><time class=\"entry-date updated td-module-date\" datetime=\"2025-12-18T11:37:48-03:00\" >18\/12\/2025<\/time><\/span>                    <\/span>\r\n                <\/div>\r\n            <\/div>\r\n\r\n        <\/div>\r\n\r\n        \n\t<\/div> <!-- .\/td-block-span4 -->\n\n\t<div class=\"td-block-span4\">\n\r\n        <div class=\"td_module_mx1 td_module_wrap td-animation-stack\">\r\n            <div class=\"td-module-thumb\"><a href=\"https:\/\/www.institutodeengenharia.org.br\/site\/2025\/12\/04\/os-ciclos-de-crescimento-empresarial\/\"  rel=\"bookmark\" class=\"td-image-wrap \" title=\"Os ciclos de crescimento empresarial\" ><img loading=\"lazy\" decoding=\"async\" class=\"entry-thumb\" src=\"data:image\/png;base64,iVBORw0KGgoAAAANSUhEUgAAAWQAAADcAQMAAAB9O0nPAAAAA1BMVEWurq51dlI4AAAAAXRSTlMmkutdmwAAACBJREFUaN7twTEBAAAAwiD7p7bDbmAAAAAAAAAAAABAdieIAAGQh2mWAAAAAElFTkSuQmCC\" alt=\"\" title=\"Os ciclos de crescimento empresarial\" data-type=\"image_tag\" data-img-url=\"https:\/\/www.institutodeengenharia.org.br\/site\/wp-content\/uploads\/2025\/12\/6-356x220.png\"  width=\"356\" height=\"220\" \/><span class=\"td-video-play-ico\"><i class=\"td-icon-video-thumb-play\"><\/i><\/span><\/a><\/div>\r\n            <div class=\"td-module-meta-info\">\r\n                <h3 class=\"entry-title td-module-title\"><a href=\"https:\/\/www.institutodeengenharia.org.br\/site\/2025\/12\/04\/os-ciclos-de-crescimento-empresarial\/\"  rel=\"bookmark\" title=\"Os ciclos de crescimento empresarial\">Os ciclos de crescimento empresarial<\/a><\/h3>                <div class=\"td-editor-date\">\r\n                                        <span class=\"td-author-date\">\r\n                                                <span class=\"td-post-date\"><time class=\"entry-date updated td-module-date\" datetime=\"2025-12-04T10:08:48-03:00\" >04\/12\/2025<\/time><\/span>                    <\/span>\r\n                <\/div>\r\n            <\/div>\r\n\r\n        <\/div>\r\n\r\n        \n\t<\/div> <!-- .\/td-block-span4 --><\/div><!--.\/row-fluid-->\n\n\t<div class=\"td-block-row\">\n\n\t<div class=\"td-block-span4\">\n\r\n        <div class=\"td_module_mx1 td_module_wrap td-animation-stack\">\r\n            <div class=\"td-module-thumb\"><a href=\"https:\/\/www.institutodeengenharia.org.br\/site\/2025\/12\/03\/inteligencia-artificial-aplicada-a-gestao-de-riscos-na-construcao-civil\/\"  rel=\"bookmark\" class=\"td-image-wrap \" title=\"Intelig\u00eancia artificial aplicada \u00e0 gest\u00e3o de riscos na constru\u00e7\u00e3o civil\" ><img loading=\"lazy\" decoding=\"async\" class=\"entry-thumb\" src=\"data:image\/png;base64,iVBORw0KGgoAAAANSUhEUgAAAWQAAADcAQMAAAB9O0nPAAAAA1BMVEWurq51dlI4AAAAAXRSTlMmkutdmwAAACBJREFUaN7twTEBAAAAwiD7p7bDbmAAAAAAAAAAAABAdieIAAGQh2mWAAAAAElFTkSuQmCC\" alt=\"\" title=\"Intelig\u00eancia artificial aplicada \u00e0 gest\u00e3o de riscos na constru\u00e7\u00e3o civil\" data-type=\"image_tag\" data-img-url=\"https:\/\/www.institutodeengenharia.org.br\/site\/wp-content\/uploads\/2025\/12\/CAPA-PALESTRA-ONLINE-4-2-356x220.jpg\"  width=\"356\" height=\"220\" \/><span class=\"td-video-play-ico\"><i class=\"td-icon-video-thumb-play\"><\/i><\/span><\/a><\/div>\r\n            <div class=\"td-module-meta-info\">\r\n                <h3 class=\"entry-title td-module-title\"><a href=\"https:\/\/www.institutodeengenharia.org.br\/site\/2025\/12\/03\/inteligencia-artificial-aplicada-a-gestao-de-riscos-na-construcao-civil\/\"  rel=\"bookmark\" title=\"Intelig\u00eancia artificial aplicada \u00e0 gest\u00e3o de riscos na constru\u00e7\u00e3o civil\">Intelig\u00eancia artificial aplicada \u00e0 gest\u00e3o de riscos na constru\u00e7\u00e3o civil<\/a><\/h3>                <div class=\"td-editor-date\">\r\n                                        <span class=\"td-author-date\">\r\n                                                <span class=\"td-post-date\"><time class=\"entry-date updated td-module-date\" datetime=\"2025-12-03T13:40:50-03:00\" >03\/12\/2025<\/time><\/span>                    <\/span>\r\n                <\/div>\r\n            <\/div>\r\n\r\n        <\/div>\r\n\r\n        \n\t<\/div> <!-- .\/td-block-span4 -->\n\n\t<div class=\"td-block-span4\">\n\r\n        <div class=\"td_module_mx1 td_module_wrap td-animation-stack\">\r\n            <div class=\"td-module-thumb\"><a href=\"https:\/\/www.institutodeengenharia.org.br\/site\/2025\/12\/02\/sistema-para-gestao-de-aguas-pluviais\/\"  rel=\"bookmark\" class=\"td-image-wrap \" title=\"Sistema para gest\u00e3o de \u00e1guas pluviais\" ><img loading=\"lazy\" decoding=\"async\" class=\"entry-thumb\" src=\"data:image\/png;base64,iVBORw0KGgoAAAANSUhEUgAAAWQAAADcAQMAAAB9O0nPAAAAA1BMVEWurq51dlI4AAAAAXRSTlMmkutdmwAAACBJREFUaN7twTEBAAAAwiD7p7bDbmAAAAAAAAAAAABAdieIAAGQh2mWAAAAAElFTkSuQmCC\" alt=\"\" title=\"Sistema para gest\u00e3o de \u00e1guas pluviais\" data-type=\"image_tag\" data-img-url=\"https:\/\/www.institutodeengenharia.org.br\/site\/wp-content\/uploads\/2025\/12\/5-356x220.png\"  width=\"356\" height=\"220\" \/><span class=\"td-video-play-ico\"><i class=\"td-icon-video-thumb-play\"><\/i><\/span><\/a><\/div>\r\n            <div class=\"td-module-meta-info\">\r\n                <h3 class=\"entry-title td-module-title\"><a href=\"https:\/\/www.institutodeengenharia.org.br\/site\/2025\/12\/02\/sistema-para-gestao-de-aguas-pluviais\/\"  rel=\"bookmark\" title=\"Sistema para gest\u00e3o de \u00e1guas pluviais\">Sistema para gest\u00e3o de \u00e1guas pluviais<\/a><\/h3>                <div class=\"td-editor-date\">\r\n                                        <span class=\"td-author-date\">\r\n                                                <span class=\"td-post-date\"><time class=\"entry-date updated td-module-date\" datetime=\"2025-12-02T10:04:05-03:00\" >02\/12\/2025<\/time><\/span>                    <\/span>\r\n                <\/div>\r\n            <\/div>\r\n\r\n        <\/div>\r\n\r\n        \n\t<\/div> <!-- .\/td-block-span4 -->\n\n\t<div class=\"td-block-span4\">\n\r\n        <div class=\"td_module_mx1 td_module_wrap td-animation-stack\">\r\n            <div class=\"td-module-thumb\"><a href=\"https:\/\/www.institutodeengenharia.org.br\/site\/2025\/11\/27\/lighting-design-de-luxo\/\"  rel=\"bookmark\" class=\"td-image-wrap \" title=\"Lighting design de luxo\" ><img loading=\"lazy\" decoding=\"async\" class=\"entry-thumb\" src=\"data:image\/png;base64,iVBORw0KGgoAAAANSUhEUgAAAWQAAADcAQMAAAB9O0nPAAAAA1BMVEWurq51dlI4AAAAAXRSTlMmkutdmwAAACBJREFUaN7twTEBAAAAwiD7p7bDbmAAAAAAAAAAAABAdieIAAGQh2mWAAAAAElFTkSuQmCC\" alt=\"\" title=\"Lighting design de luxo\" data-type=\"image_tag\" data-img-url=\"https:\/\/www.institutodeengenharia.org.br\/site\/wp-content\/uploads\/2025\/12\/4-356x220.png\"  width=\"356\" height=\"220\" \/><span class=\"td-video-play-ico\"><i class=\"td-icon-video-thumb-play\"><\/i><\/span><\/a><\/div>\r\n            <div class=\"td-module-meta-info\">\r\n                <h3 class=\"entry-title td-module-title\"><a href=\"https:\/\/www.institutodeengenharia.org.br\/site\/2025\/11\/27\/lighting-design-de-luxo\/\"  rel=\"bookmark\" title=\"Lighting design de luxo\">Lighting design de luxo<\/a><\/h3>                <div class=\"td-editor-date\">\r\n                                        <span class=\"td-author-date\">\r\n                                                <span class=\"td-post-date\"><time class=\"entry-date updated td-module-date\" datetime=\"2025-11-27T10:00:34-03:00\" >27\/11\/2025<\/time><\/span>                    <\/span>\r\n                <\/div>\r\n            <\/div>\r\n\r\n        <\/div>\r\n\r\n        \n\t<\/div> <!-- .\/td-block-span4 --><\/div><!--.\/row-fluid-->\n\n\t<div class=\"td-block-row\">\n\n\t<div class=\"td-block-span4\">\n\r\n        <div class=\"td_module_mx1 td_module_wrap td-animation-stack\">\r\n            <div class=\"td-module-thumb\"><a href=\"https:\/\/www.institutodeengenharia.org.br\/site\/2025\/11\/27\/biorremediacao-no-tratamento-de-efluentes-visao-abrangente-de-suas-aplicacoes-e-vantagens\/\"  rel=\"bookmark\" class=\"td-image-wrap \" title=\"Biorremedia\u00e7\u00e3o no tratamento de efluentes: Vis\u00e3o abrangente de suas aplica\u00e7\u00f5es e vantagens\" ><img loading=\"lazy\" decoding=\"async\" class=\"entry-thumb\" src=\"data:image\/png;base64,iVBORw0KGgoAAAANSUhEUgAAAWQAAADcAQMAAAB9O0nPAAAAA1BMVEWurq51dlI4AAAAAXRSTlMmkutdmwAAACBJREFUaN7twTEBAAAAwiD7p7bDbmAAAAAAAAAAAABAdieIAAGQh2mWAAAAAElFTkSuQmCC\" alt=\"\" title=\"Biorremedia\u00e7\u00e3o no tratamento de efluentes: Vis\u00e3o abrangente de suas aplica\u00e7\u00f5es e vantagens\" data-type=\"image_tag\" data-img-url=\"https:\/\/www.institutodeengenharia.org.br\/site\/wp-content\/uploads\/2025\/12\/3-356x220.png\"  width=\"356\" height=\"220\" \/><span class=\"td-video-play-ico\"><i class=\"td-icon-video-thumb-play\"><\/i><\/span><\/a><\/div>\r\n            <div class=\"td-module-meta-info\">\r\n                <h3 class=\"entry-title td-module-title\"><a href=\"https:\/\/www.institutodeengenharia.org.br\/site\/2025\/11\/27\/biorremediacao-no-tratamento-de-efluentes-visao-abrangente-de-suas-aplicacoes-e-vantagens\/\"  rel=\"bookmark\" title=\"Biorremedia\u00e7\u00e3o no tratamento de efluentes: Vis\u00e3o abrangente de suas aplica\u00e7\u00f5es e vantagens\">Biorremedia\u00e7\u00e3o no tratamento de efluentes: Vis\u00e3o abrangente de suas aplica\u00e7\u00f5es e vantagens<\/a><\/h3>                <div class=\"td-editor-date\">\r\n                                        <span class=\"td-author-date\">\r\n                                                <span class=\"td-post-date\"><time class=\"entry-date updated td-module-date\" datetime=\"2025-11-27T09:57:14-03:00\" >27\/11\/2025<\/time><\/span>                    <\/span>\r\n                <\/div>\r\n            <\/div>\r\n\r\n        <\/div>\r\n\r\n        \n\t<\/div> <!-- .\/td-block-span4 -->\n\n\t<div class=\"td-block-span4\">\n\r\n        <div class=\"td_module_mx1 td_module_wrap td-animation-stack\">\r\n            <div class=\"td-module-thumb\"><a href=\"https:\/\/www.institutodeengenharia.org.br\/site\/2025\/11\/26\/lancamento-do-manual-de-boas-praticas-para-simulacao-computacional-na-engenharia-de-incendio\/\"  rel=\"bookmark\" class=\"td-image-wrap \" title=\"Lan\u00e7amento do manual de boas pr\u00e1ticas para simula\u00e7\u00e3o computacional na Engenharia de Inc\u00eandio\" ><img loading=\"lazy\" decoding=\"async\" class=\"entry-thumb\" src=\"data:image\/png;base64,iVBORw0KGgoAAAANSUhEUgAAAWQAAADcAQMAAAB9O0nPAAAAA1BMVEWurq51dlI4AAAAAXRSTlMmkutdmwAAACBJREFUaN7twTEBAAAAwiD7p7bDbmAAAAAAAAAAAABAdieIAAGQh2mWAAAAAElFTkSuQmCC\" alt=\"\" title=\"Lan\u00e7amento do manual de boas pr\u00e1ticas para simula\u00e7\u00e3o computacional na Engenharia de Inc\u00eandio\" data-type=\"image_tag\" data-img-url=\"https:\/\/www.institutodeengenharia.org.br\/site\/wp-content\/uploads\/2025\/12\/CAPA-PALESTRA-ONLINE-2-5-356x220.jpg\"  width=\"356\" height=\"220\" \/><span class=\"td-video-play-ico\"><i class=\"td-icon-video-thumb-play\"><\/i><\/span><\/a><\/div>\r\n            <div class=\"td-module-meta-info\">\r\n                <h3 class=\"entry-title td-module-title\"><a href=\"https:\/\/www.institutodeengenharia.org.br\/site\/2025\/11\/26\/lancamento-do-manual-de-boas-praticas-para-simulacao-computacional-na-engenharia-de-incendio\/\"  rel=\"bookmark\" title=\"Lan\u00e7amento do manual de boas pr\u00e1ticas para simula\u00e7\u00e3o computacional na Engenharia de Inc\u00eandio\">Lan\u00e7amento do manual de boas pr\u00e1ticas para simula\u00e7\u00e3o computacional na Engenharia de Inc\u00eandio<\/a><\/h3>                <div class=\"td-editor-date\">\r\n                                        <span class=\"td-author-date\">\r\n                                                <span class=\"td-post-date\"><time class=\"entry-date updated td-module-date\" datetime=\"2025-11-26T16:32:17-03:00\" >26\/11\/2025<\/time><\/span>                    <\/span>\r\n                <\/div>\r\n            <\/div>\r\n\r\n        <\/div>\r\n\r\n        \n\t<\/div> <!-- .\/td-block-span4 -->\n\n\t<div class=\"td-block-span4\">\n\r\n        <div class=\"td_module_mx1 td_module_wrap td-animation-stack\">\r\n            <div class=\"td-module-thumb\"><a href=\"https:\/\/www.institutodeengenharia.org.br\/site\/2025\/11\/26\/acidente-do-trabalho-e-suas-implicacoes-criminais\/\"  rel=\"bookmark\" class=\"td-image-wrap \" title=\"Acidente do trabalho e suas implica\u00e7\u00f5es criminais\" ><img loading=\"lazy\" decoding=\"async\" class=\"entry-thumb\" src=\"data:image\/png;base64,iVBORw0KGgoAAAANSUhEUgAAAWQAAADcAQMAAAB9O0nPAAAAA1BMVEWurq51dlI4AAAAAXRSTlMmkutdmwAAACBJREFUaN7twTEBAAAAwiD7p7bDbmAAAAAAAAAAAABAdieIAAGQh2mWAAAAAElFTkSuQmCC\" alt=\"\" title=\"Acidente do trabalho e suas implica\u00e7\u00f5es criminais\" data-type=\"image_tag\" data-img-url=\"https:\/\/www.institutodeengenharia.org.br\/site\/wp-content\/uploads\/2025\/12\/CAPA-PALESTRA-ONLINEd-356x220.jpg\"  width=\"356\" height=\"220\" \/><span class=\"td-video-play-ico\"><i class=\"td-icon-video-thumb-play\"><\/i><\/span><\/a><\/div>\r\n            <div class=\"td-module-meta-info\">\r\n                <h3 class=\"entry-title td-module-title\"><a href=\"https:\/\/www.institutodeengenharia.org.br\/site\/2025\/11\/26\/acidente-do-trabalho-e-suas-implicacoes-criminais\/\"  rel=\"bookmark\" title=\"Acidente do trabalho e suas implica\u00e7\u00f5es criminais\">Acidente do trabalho e suas implica\u00e7\u00f5es criminais<\/a><\/h3>                <div class=\"td-editor-date\">\r\n                                        <span class=\"td-author-date\">\r\n                                                <span class=\"td-post-date\"><time class=\"entry-date updated td-module-date\" datetime=\"2025-11-26T14:31:04-03:00\" >26\/11\/2025<\/time><\/span>                    <\/span>\r\n                <\/div>\r\n            <\/div>\r\n\r\n        <\/div>\r\n\r\n        \n\t<\/div> <!-- .\/td-block-span4 --><\/div><!--.\/row-fluid-->\n\n\t<div class=\"td-block-row\">\n\n\t<div class=\"td-block-span4\">\n\r\n        <div class=\"td_module_mx1 td_module_wrap td-animation-stack\">\r\n            <div class=\"td-module-thumb\"><a href=\"https:\/\/www.institutodeengenharia.org.br\/site\/2025\/11\/25\/instalacoes-eletricas-em-locais-criticos-de-eas-abnt-nbr-13534\/\"  rel=\"bookmark\" class=\"td-image-wrap \" title=\"Instala\u00e7\u00f5es el\u00e9tricas em locais cr\u00edticos de EAS (ABNT NBR 13534)\" ><img loading=\"lazy\" decoding=\"async\" class=\"entry-thumb\" src=\"data:image\/png;base64,iVBORw0KGgoAAAANSUhEUgAAAWQAAADcAQMAAAB9O0nPAAAAA1BMVEWurq51dlI4AAAAAXRSTlMmkutdmwAAACBJREFUaN7twTEBAAAAwiD7p7bDbmAAAAAAAAAAAABAdieIAAGQh2mWAAAAAElFTkSuQmCC\" alt=\"\" title=\"Instala\u00e7\u00f5es el\u00e9tricas em locais cr\u00edticos de EAS (ABNT NBR 13534)\" data-type=\"image_tag\" data-img-url=\"https:\/\/www.institutodeengenharia.org.br\/site\/wp-content\/uploads\/2025\/12\/CAPA-PALESTRA-ONLINE-6-1-356x220.jpg\"  width=\"356\" height=\"220\" \/><span class=\"td-video-play-ico\"><i class=\"td-icon-video-thumb-play\"><\/i><\/span><\/a><\/div>\r\n            <div class=\"td-module-meta-info\">\r\n                <h3 class=\"entry-title td-module-title\"><a href=\"https:\/\/www.institutodeengenharia.org.br\/site\/2025\/11\/25\/instalacoes-eletricas-em-locais-criticos-de-eas-abnt-nbr-13534\/\"  rel=\"bookmark\" title=\"Instala\u00e7\u00f5es el\u00e9tricas em locais cr\u00edticos de EAS (ABNT NBR 13534)\">Instala\u00e7\u00f5es el\u00e9tricas em locais cr\u00edticos de EAS (ABNT NBR 13534)<\/a><\/h3>                <div class=\"td-editor-date\">\r\n                                        <span class=\"td-author-date\">\r\n                                                <span class=\"td-post-date\"><time class=\"entry-date updated td-module-date\" datetime=\"2025-11-25T16:44:12-03:00\" >25\/11\/2025<\/time><\/span>                    <\/span>\r\n                <\/div>\r\n            <\/div>\r\n\r\n        <\/div>\r\n\r\n        \n\t<\/div> <!-- .\/td-block-span4 -->\n\n\t<div class=\"td-block-span4\">\n\r\n        <div class=\"td_module_mx1 td_module_wrap td-animation-stack\">\r\n            <div class=\"td-module-thumb\"><a href=\"https:\/\/www.institutodeengenharia.org.br\/site\/2025\/11\/24\/pericias-judiciais-desequilibrio-economico-financeiro-em-contratos-de-obras-de-engenharia\/\"  rel=\"bookmark\" class=\"td-image-wrap \" title=\"Per\u00edcias judiciais \u2013 desequil\u00edbrio econ\u00f4mico-financeiro em contratos de obras de Engenharia\" ><img loading=\"lazy\" decoding=\"async\" class=\"entry-thumb\" src=\"data:image\/png;base64,iVBORw0KGgoAAAANSUhEUgAAAWQAAADcAQMAAAB9O0nPAAAAA1BMVEWurq51dlI4AAAAAXRSTlMmkutdmwAAACBJREFUaN7twTEBAAAAwiD7p7bDbmAAAAAAAAAAAABAdieIAAGQh2mWAAAAAElFTkSuQmCC\" alt=\"\" title=\"Per\u00edcias judiciais \u2013 desequil\u00edbrio econ\u00f4mico-financeiro em contratos de obras de Engenharia\" data-type=\"image_tag\" data-img-url=\"https:\/\/www.institutodeengenharia.org.br\/site\/wp-content\/uploads\/2025\/12\/CAPA-PALESTRA-ONLINE-3s-356x220.jpg\"  width=\"356\" height=\"220\" \/><span class=\"td-video-play-ico\"><i class=\"td-icon-video-thumb-play\"><\/i><\/span><\/a><\/div>\r\n            <div class=\"td-module-meta-info\">\r\n                <h3 class=\"entry-title td-module-title\"><a href=\"https:\/\/www.institutodeengenharia.org.br\/site\/2025\/11\/24\/pericias-judiciais-desequilibrio-economico-financeiro-em-contratos-de-obras-de-engenharia\/\"  rel=\"bookmark\" title=\"Per\u00edcias judiciais \u2013 desequil\u00edbrio econ\u00f4mico-financeiro em contratos de obras de Engenharia\">Per\u00edcias judiciais \u2013 desequil\u00edbrio econ\u00f4mico-financeiro em contratos de obras de Engenharia<\/a><\/h3>                <div class=\"td-editor-date\">\r\n                                        <span class=\"td-author-date\">\r\n                                                <span class=\"td-post-date\"><time class=\"entry-date updated td-module-date\" datetime=\"2025-11-24T16:17:11-03:00\" >24\/11\/2025<\/time><\/span>                    <\/span>\r\n                <\/div>\r\n            <\/div>\r\n\r\n        <\/div>\r\n\r\n        \n\t<\/div> <!-- .\/td-block-span4 -->\n\n\t<div class=\"td-block-span4\">\n\r\n        <div class=\"td_module_mx1 td_module_wrap td-animation-stack\">\r\n            <div class=\"td-module-thumb\"><a href=\"https:\/\/www.institutodeengenharia.org.br\/site\/2025\/11\/13\/mesa-redonda-requisitos-do-laudo-pericial-na-solucao-de-conflitos\/\"  rel=\"bookmark\" class=\"td-image-wrap \" title=\"Mesa Redonda: Requisitos do laudo pericial na solu\u00e7\u00e3o de conflitos\" ><img loading=\"lazy\" decoding=\"async\" class=\"entry-thumb\" src=\"data:image\/png;base64,iVBORw0KGgoAAAANSUhEUgAAAWQAAADcAQMAAAB9O0nPAAAAA1BMVEWurq51dlI4AAAAAXRSTlMmkutdmwAAACBJREFUaN7twTEBAAAAwiD7p7bDbmAAAAAAAAAAAABAdieIAAGQh2mWAAAAAElFTkSuQmCC\" alt=\"\" title=\"Mesa Redonda: Requisitos do laudo pericial na solu\u00e7\u00e3o de conflitos\" data-type=\"image_tag\" data-img-url=\"https:\/\/www.institutodeengenharia.org.br\/site\/wp-content\/uploads\/2025\/12\/CAPA-PALESTRA-ONLINE-4lk-356x220.jpg\"  width=\"356\" height=\"220\" \/><span class=\"td-video-play-ico\"><i class=\"td-icon-video-thumb-play\"><\/i><\/span><\/a><\/div>\r\n            <div class=\"td-module-meta-info\">\r\n                <h3 class=\"entry-title td-module-title\"><a href=\"https:\/\/www.institutodeengenharia.org.br\/site\/2025\/11\/13\/mesa-redonda-requisitos-do-laudo-pericial-na-solucao-de-conflitos\/\"  rel=\"bookmark\" title=\"Mesa Redonda: Requisitos do laudo pericial na solu\u00e7\u00e3o de conflitos\">Mesa Redonda: Requisitos do laudo pericial na solu\u00e7\u00e3o de conflitos<\/a><\/h3>                <div class=\"td-editor-date\">\r\n                                        <span class=\"td-author-date\">\r\n                                                <span class=\"td-post-date\"><time class=\"entry-date updated td-module-date\" datetime=\"2025-11-13T09:52:52-03:00\" >13\/11\/2025<\/time><\/span>                    <\/span>\r\n                <\/div>\r\n            <\/div>\r\n\r\n        <\/div>\r\n\r\n        \n\t<\/div> <!-- .\/td-block-span4 --><\/div><!--.\/row-fluid-->\n\n\t<div class=\"td-block-row\">\n\n\t<div class=\"td-block-span4\">\n\r\n        <div class=\"td_module_mx1 td_module_wrap td-animation-stack\">\r\n            <div class=\"td-module-thumb\"><a href=\"https:\/\/www.institutodeengenharia.org.br\/site\/2025\/11\/12\/quarta-musical-falando-de-amor-marcelo-manzano-trio-e-a-musica-de-tom-jobim\/\"  rel=\"bookmark\" class=\"td-image-wrap \" title=\"Quarta Musical &#8211; Falando de Amor &#8211; Marcelo Manzano Trio e a M\u00fasica de Tom Jobim\" ><img loading=\"lazy\" decoding=\"async\" class=\"entry-thumb\" src=\"data:image\/png;base64,iVBORw0KGgoAAAANSUhEUgAAAWQAAADcAQMAAAB9O0nPAAAAA1BMVEWurq51dlI4AAAAAXRSTlMmkutdmwAAACBJREFUaN7twTEBAAAAwiD7p7bDbmAAAAAAAAAAAABAdieIAAGQh2mWAAAAAElFTkSuQmCC\" alt=\"\" title=\"Quarta Musical &#8211; Falando de Amor &#8211; Marcelo Manzano Trio e a M\u00fasica de Tom Jobim\" data-type=\"image_tag\" data-img-url=\"https:\/\/www.institutodeengenharia.org.br\/site\/wp-content\/uploads\/2025\/11\/FullSizeRender-356x220.jpeg\"  width=\"356\" height=\"220\" \/><span class=\"td-video-play-ico\"><i class=\"td-icon-video-thumb-play\"><\/i><\/span><\/a><\/div>\r\n            <div class=\"td-module-meta-info\">\r\n                <h3 class=\"entry-title td-module-title\"><a href=\"https:\/\/www.institutodeengenharia.org.br\/site\/2025\/11\/12\/quarta-musical-falando-de-amor-marcelo-manzano-trio-e-a-musica-de-tom-jobim\/\"  rel=\"bookmark\" title=\"Quarta Musical &#8211; Falando de Amor &#8211; Marcelo Manzano Trio e a M\u00fasica de Tom Jobim\">Quarta Musical &#8211; Falando de Amor &#8211; Marcelo Manzano Trio e a M\u00fasica de Tom Jobim<\/a><\/h3>                <div class=\"td-editor-date\">\r\n                                        <span class=\"td-author-date\">\r\n                                                <span class=\"td-post-date\"><time class=\"entry-date updated td-module-date\" datetime=\"2025-11-12T16:16:03-03:00\" >12\/11\/2025<\/time><\/span>                    <\/span>\r\n                <\/div>\r\n            <\/div>\r\n\r\n        <\/div>\r\n\r\n        \n\t<\/div> <!-- .\/td-block-span4 -->\n\n\t<div class=\"td-block-span4\">\n\r\n        <div class=\"td_module_mx1 td_module_wrap td-animation-stack\">\r\n            <div class=\"td-module-thumb\"><a href=\"https:\/\/www.institutodeengenharia.org.br\/site\/2025\/11\/11\/abordagem-holistica-de-projeto-para-alcancar-sustentabilidade-descarbonizacao-e-ieq\/\"  rel=\"bookmark\" class=\"td-image-wrap \" title=\"Abordagem Hol\u00edstica de Projeto para Alcan\u00e7ar Sustentabilidade, Descarboniza\u00e7\u00e3o e IEQ\" ><img loading=\"lazy\" decoding=\"async\" class=\"entry-thumb\" src=\"data:image\/png;base64,iVBORw0KGgoAAAANSUhEUgAAAWQAAADcAQMAAAB9O0nPAAAAA1BMVEWurq51dlI4AAAAAXRSTlMmkutdmwAAACBJREFUaN7twTEBAAAAwiD7p7bDbmAAAAAAAAAAAABAdieIAAGQh2mWAAAAAElFTkSuQmCC\" alt=\"\" title=\"Abordagem Hol\u00edstica de Projeto para Alcan\u00e7ar Sustentabilidade, Descarboniza\u00e7\u00e3o e IEQ\" data-type=\"image_tag\" data-img-url=\"https:\/\/www.institutodeengenharia.org.br\/site\/wp-content\/uploads\/2025\/12\/CAPA-PALESTRA-ONLINE-5-1-356x220.jpg\"  width=\"356\" height=\"220\" \/><span class=\"td-video-play-ico\"><i class=\"td-icon-video-thumb-play\"><\/i><\/span><\/a><\/div>\r\n            <div class=\"td-module-meta-info\">\r\n                <h3 class=\"entry-title td-module-title\"><a href=\"https:\/\/www.institutodeengenharia.org.br\/site\/2025\/11\/11\/abordagem-holistica-de-projeto-para-alcancar-sustentabilidade-descarbonizacao-e-ieq\/\"  rel=\"bookmark\" title=\"Abordagem Hol\u00edstica de Projeto para Alcan\u00e7ar Sustentabilidade, Descarboniza\u00e7\u00e3o e IEQ\">Abordagem Hol\u00edstica de Projeto para Alcan\u00e7ar Sustentabilidade, Descarboniza\u00e7\u00e3o e IEQ<\/a><\/h3>                <div class=\"td-editor-date\">\r\n                                        <span class=\"td-author-date\">\r\n                                                <span class=\"td-post-date\"><time class=\"entry-date updated td-module-date\" datetime=\"2025-11-11T09:46:17-03:00\" >11\/11\/2025<\/time><\/span>                    <\/span>\r\n                <\/div>\r\n            <\/div>\r\n\r\n        <\/div>\r\n\r\n        \n\t<\/div> <!-- .\/td-block-span4 -->\n\n\t<div class=\"td-block-span4\">\n\r\n        <div class=\"td_module_mx1 td_module_wrap td-animation-stack\">\r\n            <div class=\"td-module-thumb\"><a href=\"https:\/\/www.institutodeengenharia.org.br\/site\/2025\/11\/10\/podcast-visao-da-engenharia-a-evolucao-da-infraestrutura-no-brasil-inovacao-pavimentacao-e-futuro-18\/\"  rel=\"bookmark\" class=\"td-image-wrap \" title=\"PodCast Vis\u00e3o da Engenharia \u2013 A Evolu\u00e7\u00e3o da Infraestrutura no Brasil: Inova\u00e7\u00e3o, Pavimenta\u00e7\u00e3o e Futuro #18\" ><img loading=\"lazy\" decoding=\"async\" class=\"entry-thumb\" src=\"data:image\/png;base64,iVBORw0KGgoAAAANSUhEUgAAAWQAAADcAQMAAAB9O0nPAAAAA1BMVEWurq51dlI4AAAAAXRSTlMmkutdmwAAACBJREFUaN7twTEBAAAAwiD7p7bDbmAAAAAAAAAAAABAdieIAAGQh2mWAAAAAElFTkSuQmCC\" alt=\"\" title=\"PodCast Vis\u00e3o da Engenharia \u2013 A Evolu\u00e7\u00e3o da Infraestrutura no Brasil: Inova\u00e7\u00e3o, Pavimenta\u00e7\u00e3o e Futuro #18\" data-type=\"image_tag\" data-img-url=\"https:\/\/www.institutodeengenharia.org.br\/site\/wp-content\/uploads\/2025\/11\/Copia-de-Miniatura-Podcast-Visao-da-Engenharia-696-x-392-px-2-356x220.jpg\"  width=\"356\" height=\"220\" \/><span class=\"td-video-play-ico\"><i class=\"td-icon-video-thumb-play\"><\/i><\/span><\/a><\/div>\r\n            <div class=\"td-module-meta-info\">\r\n                <h3 class=\"entry-title td-module-title\"><a href=\"https:\/\/www.institutodeengenharia.org.br\/site\/2025\/11\/10\/podcast-visao-da-engenharia-a-evolucao-da-infraestrutura-no-brasil-inovacao-pavimentacao-e-futuro-18\/\"  rel=\"bookmark\" title=\"PodCast Vis\u00e3o da Engenharia \u2013 A Evolu\u00e7\u00e3o da Infraestrutura no Brasil: Inova\u00e7\u00e3o, Pavimenta\u00e7\u00e3o e Futuro #18\">PodCast Vis\u00e3o da Engenharia \u2013 A Evolu\u00e7\u00e3o da Infraestrutura no Brasil: Inova\u00e7\u00e3o, Pavimenta\u00e7\u00e3o e Futuro #18<\/a><\/h3>                <div class=\"td-editor-date\">\r\n                                        <span class=\"td-author-date\">\r\n                                                <span class=\"td-post-date\"><time class=\"entry-date updated td-module-date\" datetime=\"2025-11-10T14:58:46-03:00\" >10\/11\/2025<\/time><\/span>                    <\/span>\r\n                <\/div>\r\n            <\/div>\r\n\r\n        <\/div>\r\n\r\n        \n\t<\/div> <!-- .\/td-block-span4 --><\/div><!--.\/row-fluid-->\n\n\t<div class=\"td-block-row\">\n\n\t<div class=\"td-block-span4\">\n\r\n        <div class=\"td_module_mx1 td_module_wrap td-animation-stack\">\r\n            <div class=\"td-module-thumb\"><a href=\"https:\/\/www.institutodeengenharia.org.br\/site\/2025\/11\/06\/a-inteligencia-artificial-no-agro\/\"  rel=\"bookmark\" class=\"td-image-wrap \" title=\"A intelig\u00eancia artificial no Agro\" ><img loading=\"lazy\" decoding=\"async\" class=\"entry-thumb\" src=\"data:image\/png;base64,iVBORw0KGgoAAAANSUhEUgAAAWQAAADcAQMAAAB9O0nPAAAAA1BMVEWurq51dlI4AAAAAXRSTlMmkutdmwAAACBJREFUaN7twTEBAAAAwiD7p7bDbmAAAAAAAAAAAABAdieIAAGQh2mWAAAAAElFTkSuQmCC\" alt=\"\" title=\"A intelig\u00eancia artificial no Agro\" data-type=\"image_tag\" data-img-url=\"https:\/\/www.institutodeengenharia.org.br\/site\/wp-content\/uploads\/2025\/12\/CAPA-PALESTRA-ONLINE-102-356x220.jpg\"  width=\"356\" height=\"220\" \/><span class=\"td-video-play-ico\"><i class=\"td-icon-video-thumb-play\"><\/i><\/span><\/a><\/div>\r\n            <div class=\"td-module-meta-info\">\r\n                <h3 class=\"entry-title td-module-title\"><a href=\"https:\/\/www.institutodeengenharia.org.br\/site\/2025\/11\/06\/a-inteligencia-artificial-no-agro\/\"  rel=\"bookmark\" title=\"A intelig\u00eancia artificial no Agro\">A intelig\u00eancia artificial no Agro<\/a><\/h3>                <div class=\"td-editor-date\">\r\n                                        <span class=\"td-author-date\">\r\n                                                <span class=\"td-post-date\"><time class=\"entry-date updated td-module-date\" datetime=\"2025-11-06T15:12:59-03:00\" >06\/11\/2025<\/time><\/span>                    <\/span>\r\n                <\/div>\r\n            <\/div>\r\n\r\n        <\/div>\r\n\r\n        \n\t<\/div> <!-- .\/td-block-span4 -->\n\n\t<div class=\"td-block-span4\">\n\r\n        <div class=\"td_module_mx1 td_module_wrap td-animation-stack\">\r\n            <div class=\"td-module-thumb\"><a href=\"https:\/\/www.institutodeengenharia.org.br\/site\/2025\/11\/03\/confira-o-pos-evento-da-semana-nacional-da-engenharia-2025\/\"  rel=\"bookmark\" class=\"td-image-wrap \" title=\"Confira o p\u00f3s-evento da Semana Nacional da Engenharia 2025\" ><img loading=\"lazy\" decoding=\"async\" class=\"entry-thumb\" src=\"data:image\/png;base64,iVBORw0KGgoAAAANSUhEUgAAAWQAAADcAQMAAAB9O0nPAAAAA1BMVEWurq51dlI4AAAAAXRSTlMmkutdmwAAACBJREFUaN7twTEBAAAAwiD7p7bDbmAAAAAAAAAAAABAdieIAAGQh2mWAAAAAElFTkSuQmCC\" alt=\"\" title=\"Confira o p\u00f3s-evento da Semana Nacional da Engenharia 2025\" data-type=\"image_tag\" data-img-url=\"https:\/\/www.institutodeengenharia.org.br\/site\/wp-content\/uploads\/2025\/10\/Copia-de-Telao-de-Intervalo-SNE-1-356x220.jpg\"  width=\"356\" height=\"220\" \/><span class=\"td-video-play-ico\"><i class=\"td-icon-video-thumb-play\"><\/i><\/span><\/a><\/div>\r\n            <div class=\"td-module-meta-info\">\r\n                <h3 class=\"entry-title td-module-title\"><a href=\"https:\/\/www.institutodeengenharia.org.br\/site\/2025\/11\/03\/confira-o-pos-evento-da-semana-nacional-da-engenharia-2025\/\"  rel=\"bookmark\" title=\"Confira o p\u00f3s-evento da Semana Nacional da Engenharia 2025\">Confira o p\u00f3s-evento da Semana Nacional da Engenharia 2025<\/a><\/h3>                <div class=\"td-editor-date\">\r\n                                        <span class=\"td-author-date\">\r\n                                                <span class=\"td-post-date\"><time class=\"entry-date updated td-module-date\" datetime=\"2025-11-03T09:00:10-03:00\" >03\/11\/2025<\/time><\/span>                    <\/span>\r\n                <\/div>\r\n            <\/div>\r\n\r\n        <\/div>\r\n\r\n        \n\t<\/div> <!-- .\/td-block-span4 -->\n\n\t<div class=\"td-block-span4\">\n\r\n        <div class=\"td_module_mx1 td_module_wrap td-animation-stack\">\r\n            <div class=\"td-module-thumb\"><a href=\"https:\/\/www.institutodeengenharia.org.br\/site\/2025\/10\/29\/reequilibrio-economico-financeiro-em-contratos-de-engenharia\/\"  rel=\"bookmark\" class=\"td-image-wrap \" title=\"Reequil\u00edbrio Econ\u00f4mico-Financeiro em Contratos de Engenharia\" ><img loading=\"lazy\" decoding=\"async\" class=\"entry-thumb\" src=\"data:image\/png;base64,iVBORw0KGgoAAAANSUhEUgAAAWQAAADcAQMAAAB9O0nPAAAAA1BMVEWurq51dlI4AAAAAXRSTlMmkutdmwAAACBJREFUaN7twTEBAAAAwiD7p7bDbmAAAAAAAAAAAABAdieIAAGQh2mWAAAAAElFTkSuQmCC\" alt=\"\" title=\"Reequil\u00edbrio Econ\u00f4mico-Financeiro em Contratos de Engenharia\" data-type=\"image_tag\" data-img-url=\"https:\/\/www.institutodeengenharia.org.br\/site\/wp-content\/uploads\/2026\/04\/CAPA-PALESTRA-ONLINE-4-4-356x220.jpg\"  width=\"356\" height=\"220\" \/><\/a><\/div>\r\n            <div class=\"td-module-meta-info\">\r\n                <h3 class=\"entry-title td-module-title\"><a href=\"https:\/\/www.institutodeengenharia.org.br\/site\/2025\/10\/29\/reequilibrio-economico-financeiro-em-contratos-de-engenharia\/\"  rel=\"bookmark\" title=\"Reequil\u00edbrio Econ\u00f4mico-Financeiro em Contratos de Engenharia\">Reequil\u00edbrio Econ\u00f4mico-Financeiro em Contratos de Engenharia<\/a><\/h3>                <div class=\"td-editor-date\">\r\n                                        <span class=\"td-author-date\">\r\n                                                <span class=\"td-post-date\"><time class=\"entry-date updated td-module-date\" datetime=\"2025-10-29T16:24:14-03:00\" >29\/10\/2025<\/time><\/span>                    <\/span>\r\n                <\/div>\r\n            <\/div>\r\n\r\n        <\/div>\r\n\r\n        \n\t<\/div> <!-- .\/td-block-span4 --><\/div><!--.\/row-fluid-->\n\n\t<div class=\"td-block-row\">\n\n\t<div class=\"td-block-span4\">\n\r\n        <div class=\"td_module_mx1 td_module_wrap td-animation-stack\">\r\n            <div class=\"td-module-thumb\"><a href=\"https:\/\/www.institutodeengenharia.org.br\/site\/2025\/10\/28\/33o-encontro-aberto-amazonia-clima-e-economia\/\"  rel=\"bookmark\" class=\"td-image-wrap \" title=\"33\u00ba Encontro Aberto &#8211; Amaz\u00f4nia, Clima e Economia\" ><img loading=\"lazy\" decoding=\"async\" class=\"entry-thumb\" src=\"data:image\/png;base64,iVBORw0KGgoAAAANSUhEUgAAAWQAAADcAQMAAAB9O0nPAAAAA1BMVEWurq51dlI4AAAAAXRSTlMmkutdmwAAACBJREFUaN7twTEBAAAAwiD7p7bDbmAAAAAAAAAAAABAdieIAAGQh2mWAAAAAElFTkSuQmCC\" alt=\"\" title=\"33\u00ba Encontro Aberto &#8211; Amaz\u00f4nia, Clima e Economia\" data-type=\"image_tag\" data-img-url=\"https:\/\/www.institutodeengenharia.org.br\/site\/wp-content\/uploads\/2025\/11\/CAPA-PALESTRA-ONLINE-2-2-356x220.jpg\"  width=\"356\" height=\"220\" \/><span class=\"td-video-play-ico\"><i class=\"td-icon-video-thumb-play\"><\/i><\/span><\/a><\/div>\r\n            <div class=\"td-module-meta-info\">\r\n                <h3 class=\"entry-title td-module-title\"><a href=\"https:\/\/www.institutodeengenharia.org.br\/site\/2025\/10\/28\/33o-encontro-aberto-amazonia-clima-e-economia\/\"  rel=\"bookmark\" title=\"33\u00ba Encontro Aberto &#8211; Amaz\u00f4nia, Clima e Economia\">33\u00ba Encontro Aberto &#8211; Amaz\u00f4nia, Clima e Economia<\/a><\/h3>                <div class=\"td-editor-date\">\r\n                                        <span class=\"td-author-date\">\r\n                                                <span class=\"td-post-date\"><time class=\"entry-date updated td-module-date\" datetime=\"2025-10-28T14:46:29-03:00\" >28\/10\/2025<\/time><\/span>                    <\/span>\r\n                <\/div>\r\n            <\/div>\r\n\r\n        <\/div>\r\n\r\n        \n\t<\/div> <!-- .\/td-block-span4 -->\n\n\t<div class=\"td-block-span4\">\n\r\n        <div class=\"td_module_mx1 td_module_wrap td-animation-stack\">\r\n            <div class=\"td-module-thumb\"><a href=\"https:\/\/www.institutodeengenharia.org.br\/site\/2025\/10\/28\/impactos-na-gestao-corporativa-reforma-tributaria\/\"  rel=\"bookmark\" class=\"td-image-wrap \" title=\"Impactos na gest\u00e3o corporativa \u2013 Reforma Tribut\u00e1ria\" ><img loading=\"lazy\" decoding=\"async\" class=\"entry-thumb\" src=\"data:image\/png;base64,iVBORw0KGgoAAAANSUhEUgAAAWQAAADcAQMAAAB9O0nPAAAAA1BMVEWurq51dlI4AAAAAXRSTlMmkutdmwAAACBJREFUaN7twTEBAAAAwiD7p7bDbmAAAAAAAAAAAABAdieIAAGQh2mWAAAAAElFTkSuQmCC\" alt=\"\" title=\"Impactos na gest\u00e3o corporativa \u2013 Reforma Tribut\u00e1ria\" data-type=\"image_tag\" data-img-url=\"https:\/\/www.institutodeengenharia.org.br\/site\/wp-content\/uploads\/2025\/11\/CAPA-PALESTRA-ONLINE-2-3-356x220.jpg\"  width=\"356\" height=\"220\" \/><span class=\"td-video-play-ico\"><i class=\"td-icon-video-thumb-play\"><\/i><\/span><\/a><\/div>\r\n            <div class=\"td-module-meta-info\">\r\n                <h3 class=\"entry-title td-module-title\"><a href=\"https:\/\/www.institutodeengenharia.org.br\/site\/2025\/10\/28\/impactos-na-gestao-corporativa-reforma-tributaria\/\"  rel=\"bookmark\" title=\"Impactos na gest\u00e3o corporativa \u2013 Reforma Tribut\u00e1ria\">Impactos na gest\u00e3o corporativa \u2013 Reforma Tribut\u00e1ria<\/a><\/h3>                <div class=\"td-editor-date\">\r\n                                        <span class=\"td-author-date\">\r\n                                                <span class=\"td-post-date\"><time class=\"entry-date updated td-module-date\" datetime=\"2025-10-28T14:45:42-03:00\" >28\/10\/2025<\/time><\/span>                    <\/span>\r\n                <\/div>\r\n            <\/div>\r\n\r\n        <\/div>\r\n\r\n        \n\t<\/div> <!-- .\/td-block-span4 -->\n\n\t<div class=\"td-block-span4\">\n\r\n        <div class=\"td_module_mx1 td_module_wrap td-animation-stack\">\r\n            <div class=\"td-module-thumb\"><a href=\"https:\/\/www.institutodeengenharia.org.br\/site\/2025\/10\/17\/cerimonia-de-entrega-do-titulo-eminente-engenheira-do-ano-2025-mariangela-hungria\/\"  rel=\"bookmark\" class=\"td-image-wrap \" title=\"Cerim\u00f4nia de Entrega do T\u00edtulo Eminente Engenheira do Ano 2025 &#8211; Mariangela Hungria\" ><img loading=\"lazy\" decoding=\"async\" class=\"entry-thumb\" src=\"data:image\/png;base64,iVBORw0KGgoAAAANSUhEUgAAAWQAAADcAQMAAAB9O0nPAAAAA1BMVEWurq51dlI4AAAAAXRSTlMmkutdmwAAACBJREFUaN7twTEBAAAAwiD7p7bDbmAAAAAAAAAAAABAdieIAAGQh2mWAAAAAElFTkSuQmCC\" alt=\"\" title=\"Cerim\u00f4nia de Entrega do T\u00edtulo Eminente Engenheira do Ano 2025 &#8211; Mariangela Hungria\" data-type=\"image_tag\" data-img-url=\"https:\/\/www.institutodeengenharia.org.br\/site\/wp-content\/uploads\/2025\/10\/54854648808_954c8f56fd_c-356x220.jpg\"  width=\"356\" height=\"220\" \/><span class=\"td-video-play-ico\"><i class=\"td-icon-video-thumb-play\"><\/i><\/span><\/a><\/div>\r\n            <div class=\"td-module-meta-info\">\r\n                <h3 class=\"entry-title td-module-title\"><a href=\"https:\/\/www.institutodeengenharia.org.br\/site\/2025\/10\/17\/cerimonia-de-entrega-do-titulo-eminente-engenheira-do-ano-2025-mariangela-hungria\/\"  rel=\"bookmark\" title=\"Cerim\u00f4nia de Entrega do T\u00edtulo Eminente Engenheira do Ano 2025 &#8211; Mariangela Hungria\">Cerim\u00f4nia de Entrega do T\u00edtulo Eminente Engenheira do Ano 2025 &#8211; Mariangela Hungria<\/a><\/h3>                <div class=\"td-editor-date\">\r\n                                        <span class=\"td-author-date\">\r\n                                                <span class=\"td-post-date\"><time class=\"entry-date updated td-module-date\" datetime=\"2025-10-17T16:33:56-03:00\" >17\/10\/2025<\/time><\/span>                    <\/span>\r\n                <\/div>\r\n            <\/div>\r\n\r\n        <\/div>\r\n\r\n        \n\t<\/div> <!-- .\/td-block-span4 --><\/div><!--.\/row-fluid-->\n\n\t<div class=\"td-block-row\">\n\n\t<div class=\"td-block-span4\">\n\r\n        <div class=\"td_module_mx1 td_module_wrap td-animation-stack\">\r\n            <div class=\"td-module-thumb\"><a href=\"https:\/\/www.institutodeengenharia.org.br\/site\/2025\/10\/16\/desafios-e-estrategias-inovadoras-para-implantacao-das-obras-de-linha-de-transmissao-e-subestacao-da-elte-em-regioes-de-mangue-e-solo-de-santos-sp\/\"  rel=\"bookmark\" class=\"td-image-wrap \" title=\"Desafios e estrat\u00e9gias inovadoras para implanta\u00e7\u00e3o das obras de linha de transmiss\u00e3o e subesta\u00e7\u00e3o da ELTE em regi\u00f5es de mangue e solo de Santos-SP\" ><img loading=\"lazy\" decoding=\"async\" class=\"entry-thumb\" src=\"data:image\/png;base64,iVBORw0KGgoAAAANSUhEUgAAAWQAAADcAQMAAAB9O0nPAAAAA1BMVEWurq51dlI4AAAAAXRSTlMmkutdmwAAACBJREFUaN7twTEBAAAAwiD7p7bDbmAAAAAAAAAAAABAdieIAAGQh2mWAAAAAElFTkSuQmCC\" alt=\"\" title=\"Desafios e estrat\u00e9gias inovadoras para implanta\u00e7\u00e3o das obras de linha de transmiss\u00e3o e subesta\u00e7\u00e3o da ELTE em regi\u00f5es de mangue e solo de Santos-SP\" data-type=\"image_tag\" data-img-url=\"https:\/\/www.institutodeengenharia.org.br\/site\/wp-content\/uploads\/2025\/11\/CAPA-PALESTRA-ONLINE-2-1-1-356x220.jpg\"  width=\"356\" height=\"220\" \/><span class=\"td-video-play-ico\"><i class=\"td-icon-video-thumb-play\"><\/i><\/span><\/a><\/div>\r\n            <div class=\"td-module-meta-info\">\r\n                <h3 class=\"entry-title td-module-title\"><a href=\"https:\/\/www.institutodeengenharia.org.br\/site\/2025\/10\/16\/desafios-e-estrategias-inovadoras-para-implantacao-das-obras-de-linha-de-transmissao-e-subestacao-da-elte-em-regioes-de-mangue-e-solo-de-santos-sp\/\"  rel=\"bookmark\" title=\"Desafios e estrat\u00e9gias inovadoras para implanta\u00e7\u00e3o das obras de linha de transmiss\u00e3o e subesta\u00e7\u00e3o da ELTE em regi\u00f5es de mangue e solo de Santos-SP\">Desafios e estrat\u00e9gias inovadoras para implanta\u00e7\u00e3o das obras de linha de transmiss\u00e3o e subesta\u00e7\u00e3o da ELTE em regi\u00f5es de mangue e solo de Santos-SP<\/a><\/h3>                <div class=\"td-editor-date\">\r\n                                        <span class=\"td-author-date\">\r\n                                                <span class=\"td-post-date\"><time class=\"entry-date updated td-module-date\" datetime=\"2025-10-16T14:39:22-03:00\" >16\/10\/2025<\/time><\/span>                    <\/span>\r\n                <\/div>\r\n            <\/div>\r\n\r\n        <\/div>\r\n\r\n        \n\t<\/div> <!-- .\/td-block-span4 -->\n\n\t<div class=\"td-block-span4\">\n\r\n        <div class=\"td_module_mx1 td_module_wrap td-animation-stack\">\r\n            <div class=\"td-module-thumb\"><a href=\"https:\/\/www.institutodeengenharia.org.br\/site\/2025\/10\/15\/acessibilidade-em-condominios-residenciais-responsabilidade-tecnica-na-inspecao-predial\/\"  rel=\"bookmark\" class=\"td-image-wrap \" title=\"Acessibilidade em condom\u00ednios residenciais \u2013 responsabilidade t\u00e9cnica na inspe\u00e7\u00e3o predial\" ><img loading=\"lazy\" decoding=\"async\" class=\"entry-thumb\" src=\"data:image\/png;base64,iVBORw0KGgoAAAANSUhEUgAAAWQAAADcAQMAAAB9O0nPAAAAA1BMVEWurq51dlI4AAAAAXRSTlMmkutdmwAAACBJREFUaN7twTEBAAAAwiD7p7bDbmAAAAAAAAAAAABAdieIAAGQh2mWAAAAAElFTkSuQmCC\" alt=\"\" title=\"Acessibilidade em condom\u00ednios residenciais \u2013 responsabilidade t\u00e9cnica na inspe\u00e7\u00e3o predial\" data-type=\"image_tag\" data-img-url=\"https:\/\/www.institutodeengenharia.org.br\/site\/wp-content\/uploads\/2025\/11\/CAPA-PALESTRA-ONLINE-1-2-356x220.jpg\"  width=\"356\" height=\"220\" \/><span class=\"td-video-play-ico\"><i class=\"td-icon-video-thumb-play\"><\/i><\/span><\/a><\/div>\r\n            <div class=\"td-module-meta-info\">\r\n                <h3 class=\"entry-title td-module-title\"><a href=\"https:\/\/www.institutodeengenharia.org.br\/site\/2025\/10\/15\/acessibilidade-em-condominios-residenciais-responsabilidade-tecnica-na-inspecao-predial\/\"  rel=\"bookmark\" title=\"Acessibilidade em condom\u00ednios residenciais \u2013 responsabilidade t\u00e9cnica na inspe\u00e7\u00e3o predial\">Acessibilidade em condom\u00ednios residenciais \u2013 responsabilidade t\u00e9cnica na inspe\u00e7\u00e3o predial<\/a><\/h3>                <div class=\"td-editor-date\">\r\n                                        <span class=\"td-author-date\">\r\n                                                <span class=\"td-post-date\"><time class=\"entry-date updated td-module-date\" datetime=\"2025-10-15T14:27:00-03:00\" >15\/10\/2025<\/time><\/span>                    <\/span>\r\n                <\/div>\r\n            <\/div>\r\n\r\n        <\/div>\r\n\r\n        \n\t<\/div> <!-- .\/td-block-span4 -->\n\n\t<div class=\"td-block-span4\">\n\r\n        <div class=\"td_module_mx1 td_module_wrap td-animation-stack\">\r\n            <div class=\"td-module-thumb\"><a href=\"https:\/\/www.institutodeengenharia.org.br\/site\/2025\/10\/09\/estudos-e-avancos-sobre-o-reforco-passivo-e-protendido-com-fibra-de-carbono-do-laboratorio-a-obra\/\"  rel=\"bookmark\" class=\"td-image-wrap \" title=\"Estudos e avan\u00e7os sobre o refor\u00e7o passivo e protendido com fibra de carbono: do laborat\u00f3rio \u00e0 obra\" ><img loading=\"lazy\" decoding=\"async\" class=\"entry-thumb\" src=\"data:image\/png;base64,iVBORw0KGgoAAAANSUhEUgAAAWQAAADcAQMAAAB9O0nPAAAAA1BMVEWurq51dlI4AAAAAXRSTlMmkutdmwAAACBJREFUaN7twTEBAAAAwiD7p7bDbmAAAAAAAAAAAABAdieIAAGQh2mWAAAAAElFTkSuQmCC\" alt=\"\" title=\"Estudos e avan\u00e7os sobre o refor\u00e7o passivo e protendido com fibra de carbono: do laborat\u00f3rio \u00e0 obra\" data-type=\"image_tag\" data-img-url=\"https:\/\/www.institutodeengenharia.org.br\/site\/wp-content\/uploads\/2025\/11\/CAPA-PALESTRA-ONLINE-3-2-356x220.jpg\"  width=\"356\" height=\"220\" \/><span class=\"td-video-play-ico\"><i class=\"td-icon-video-thumb-play\"><\/i><\/span><\/a><\/div>\r\n            <div class=\"td-module-meta-info\">\r\n                <h3 class=\"entry-title td-module-title\"><a href=\"https:\/\/www.institutodeengenharia.org.br\/site\/2025\/10\/09\/estudos-e-avancos-sobre-o-reforco-passivo-e-protendido-com-fibra-de-carbono-do-laboratorio-a-obra\/\"  rel=\"bookmark\" title=\"Estudos e avan\u00e7os sobre o refor\u00e7o passivo e protendido com fibra de carbono: do laborat\u00f3rio \u00e0 obra\">Estudos e avan\u00e7os sobre o refor\u00e7o passivo e protendido com fibra de carbono: do laborat\u00f3rio \u00e0 obra<\/a><\/h3>                <div class=\"td-editor-date\">\r\n                                        <span class=\"td-author-date\">\r\n                                                <span class=\"td-post-date\"><time class=\"entry-date updated td-module-date\" datetime=\"2025-10-09T15:57:20-03:00\" >09\/10\/2025<\/time><\/span>                    <\/span>\r\n                <\/div>\r\n            <\/div>\r\n\r\n        <\/div>\r\n\r\n        \n\t<\/div> <!-- .\/td-block-span4 --><\/div><!--.\/row-fluid-->\n\n\t<div class=\"td-block-row\">\n\n\t<div class=\"td-block-span4\">\n\r\n        <div class=\"td_module_mx1 td_module_wrap td-animation-stack\">\r\n            <div class=\"td-module-thumb\"><a href=\"https:\/\/www.institutodeengenharia.org.br\/site\/2025\/10\/07\/cidades-privadas-e-condominios-aeroporto-o-avanco-da-infraestrutura-de-luxo\/\"  rel=\"bookmark\" class=\"td-image-wrap \" title=\"Cidades privadas e condom\u00ednios-aeroporto: o avan\u00e7o da infraestrutura de luxo\" ><img loading=\"lazy\" decoding=\"async\" class=\"entry-thumb\" src=\"data:image\/png;base64,iVBORw0KGgoAAAANSUhEUgAAAWQAAADcAQMAAAB9O0nPAAAAA1BMVEWurq51dlI4AAAAAXRSTlMmkutdmwAAACBJREFUaN7twTEBAAAAwiD7p7bDbmAAAAAAAAAAAABAdieIAAGQh2mWAAAAAElFTkSuQmCC\" alt=\"\" title=\"Cidades privadas e condom\u00ednios-aeroporto: o avan\u00e7o da infraestrutura de luxo\" data-type=\"image_tag\" data-img-url=\"https:\/\/www.institutodeengenharia.org.br\/site\/wp-content\/uploads\/2025\/11\/CAPA-PALESTRA-ONLINE-1-1-356x220.jpg\"  width=\"356\" height=\"220\" \/><span class=\"td-video-play-ico\"><i class=\"td-icon-video-thumb-play\"><\/i><\/span><\/a><\/div>\r\n            <div class=\"td-module-meta-info\">\r\n                <h3 class=\"entry-title td-module-title\"><a href=\"https:\/\/www.institutodeengenharia.org.br\/site\/2025\/10\/07\/cidades-privadas-e-condominios-aeroporto-o-avanco-da-infraestrutura-de-luxo\/\"  rel=\"bookmark\" title=\"Cidades privadas e condom\u00ednios-aeroporto: o avan\u00e7o da infraestrutura de luxo\">Cidades privadas e condom\u00ednios-aeroporto: o avan\u00e7o da infraestrutura de luxo<\/a><\/h3>                <div class=\"td-editor-date\">\r\n                                        <span class=\"td-author-date\">\r\n                                                <span class=\"td-post-date\"><time class=\"entry-date updated td-module-date\" datetime=\"2025-10-07T13:56:33-03:00\" >07\/10\/2025<\/time><\/span>                    <\/span>\r\n                <\/div>\r\n            <\/div>\r\n\r\n        <\/div>\r\n\r\n        \n\t<\/div> <!-- .\/td-block-span4 -->\n\n\t<div class=\"td-block-span4\">\n\r\n        <div class=\"td_module_mx1 td_module_wrap td-animation-stack\">\r\n            <div class=\"td-module-thumb\"><a href=\"https:\/\/www.institutodeengenharia.org.br\/site\/2025\/10\/02\/praticas-basicas-na-construcao-em-obras-de-engenharia\/\"  rel=\"bookmark\" class=\"td-image-wrap \" title=\"Pr\u00e1ticas b\u00e1sicas na Constru\u00e7\u00e3o em Obras de Engenharia\" ><img loading=\"lazy\" decoding=\"async\" class=\"entry-thumb\" src=\"data:image\/png;base64,iVBORw0KGgoAAAANSUhEUgAAAWQAAADcAQMAAAB9O0nPAAAAA1BMVEWurq51dlI4AAAAAXRSTlMmkutdmwAAACBJREFUaN7twTEBAAAAwiD7p7bDbmAAAAAAAAAAAABAdieIAAGQh2mWAAAAAElFTkSuQmCC\" alt=\"\" title=\"Pr\u00e1ticas b\u00e1sicas na Constru\u00e7\u00e3o em Obras de Engenharia\" data-type=\"image_tag\" data-img-url=\"https:\/\/www.institutodeengenharia.org.br\/site\/wp-content\/uploads\/2025\/11\/CAPA-PALESTRA-ONLINE-11-356x220.jpg\"  width=\"356\" height=\"220\" \/><span class=\"td-video-play-ico\"><i class=\"td-icon-video-thumb-play\"><\/i><\/span><\/a><\/div>\r\n            <div class=\"td-module-meta-info\">\r\n                <h3 class=\"entry-title td-module-title\"><a href=\"https:\/\/www.institutodeengenharia.org.br\/site\/2025\/10\/02\/praticas-basicas-na-construcao-em-obras-de-engenharia\/\"  rel=\"bookmark\" title=\"Pr\u00e1ticas b\u00e1sicas na Constru\u00e7\u00e3o em Obras de Engenharia\">Pr\u00e1ticas b\u00e1sicas na Constru\u00e7\u00e3o em Obras de Engenharia<\/a><\/h3>                <div class=\"td-editor-date\">\r\n                                        <span class=\"td-author-date\">\r\n                                                <span class=\"td-post-date\"><time class=\"entry-date updated td-module-date\" datetime=\"2025-10-02T14:31:13-03:00\" >02\/10\/2025<\/time><\/span>                    <\/span>\r\n                <\/div>\r\n            <\/div>\r\n\r\n        <\/div>\r\n\r\n        \n\t<\/div> <!-- .\/td-block-span4 -->\n\n\t<div class=\"td-block-span4\">\n\r\n        <div class=\"td_module_mx1 td_module_wrap td-animation-stack\">\r\n            <div class=\"td-module-thumb\"><a href=\"https:\/\/www.institutodeengenharia.org.br\/site\/2025\/09\/25\/manifestacoes-patologicas-em-edificacoes-vistorias-constatacoes-e-procedimentos-para-obras-de-reparos\/\"  rel=\"bookmark\" class=\"td-image-wrap \" title=\"Manifesta\u00e7\u00f5es patol\u00f3gicas em edifica\u00e7\u00f5es \u2013 Vistorias, constata\u00e7\u00f5es e procedimentos para obras de reparos\" ><img loading=\"lazy\" decoding=\"async\" class=\"entry-thumb\" src=\"data:image\/png;base64,iVBORw0KGgoAAAANSUhEUgAAAWQAAADcAQMAAAB9O0nPAAAAA1BMVEWurq51dlI4AAAAAXRSTlMmkutdmwAAACBJREFUaN7twTEBAAAAwiD7p7bDbmAAAAAAAAAAAABAdieIAAGQh2mWAAAAAElFTkSuQmCC\" alt=\"\" title=\"Manifesta\u00e7\u00f5es patol\u00f3gicas em edifica\u00e7\u00f5es \u2013 Vistorias, constata\u00e7\u00f5es e procedimentos para obras de reparos\" data-type=\"image_tag\" data-img-url=\"https:\/\/www.institutodeengenharia.org.br\/site\/wp-content\/uploads\/2025\/11\/CAPA-PALESTRA-ONLINE-2-3-1-356x220.jpg\"  width=\"356\" height=\"220\" \/><span class=\"td-video-play-ico\"><i class=\"td-icon-video-thumb-play\"><\/i><\/span><\/a><\/div>\r\n            <div class=\"td-module-meta-info\">\r\n                <h3 class=\"entry-title td-module-title\"><a href=\"https:\/\/www.institutodeengenharia.org.br\/site\/2025\/09\/25\/manifestacoes-patologicas-em-edificacoes-vistorias-constatacoes-e-procedimentos-para-obras-de-reparos\/\"  rel=\"bookmark\" title=\"Manifesta\u00e7\u00f5es patol\u00f3gicas em edifica\u00e7\u00f5es \u2013 Vistorias, constata\u00e7\u00f5es e procedimentos para obras de reparos\">Manifesta\u00e7\u00f5es patol\u00f3gicas em edifica\u00e7\u00f5es \u2013 Vistorias, constata\u00e7\u00f5es e procedimentos para obras de reparos<\/a><\/h3>                <div class=\"td-editor-date\">\r\n                                        <span class=\"td-author-date\">\r\n                                                <span class=\"td-post-date\"><time class=\"entry-date updated td-module-date\" datetime=\"2025-09-25T14:55:55-03:00\" >25\/09\/2025<\/time><\/span>                    <\/span>\r\n                <\/div>\r\n            <\/div>\r\n\r\n        <\/div>\r\n\r\n        \n\t<\/div> <!-- .\/td-block-span4 --><\/div><!--.\/row-fluid-->\n\n\t<div class=\"td-block-row\">\n\n\t<div class=\"td-block-span4\">\n\r\n        <div class=\"td_module_mx1 td_module_wrap td-animation-stack\">\r\n            <div class=\"td-module-thumb\"><a href=\"https:\/\/www.institutodeengenharia.org.br\/site\/2025\/09\/25\/vlt-sao-paulo\/\"  rel=\"bookmark\" class=\"td-image-wrap \" title=\"VLT S\u00e3o Paulo\" ><img loading=\"lazy\" decoding=\"async\" class=\"entry-thumb\" src=\"data:image\/png;base64,iVBORw0KGgoAAAANSUhEUgAAAWQAAADcAQMAAAB9O0nPAAAAA1BMVEWurq51dlI4AAAAAXRSTlMmkutdmwAAACBJREFUaN7twTEBAAAAwiD7p7bDbmAAAAAAAAAAAABAdieIAAGQh2mWAAAAAElFTkSuQmCC\" alt=\"\" title=\"VLT S\u00e3o Paulo\" data-type=\"image_tag\" data-img-url=\"https:\/\/www.institutodeengenharia.org.br\/site\/wp-content\/uploads\/2025\/08\/fotoeventovlt-356x220.jpg\"  width=\"356\" height=\"220\" \/><span class=\"td-video-play-ico\"><i class=\"td-icon-video-thumb-play\"><\/i><\/span><\/a><\/div>\r\n            <div class=\"td-module-meta-info\">\r\n                <h3 class=\"entry-title td-module-title\"><a href=\"https:\/\/www.institutodeengenharia.org.br\/site\/2025\/09\/25\/vlt-sao-paulo\/\"  rel=\"bookmark\" title=\"VLT S\u00e3o Paulo\">VLT S\u00e3o Paulo<\/a><\/h3>                <div class=\"td-editor-date\">\r\n                                        <span class=\"td-author-date\">\r\n                                                <span class=\"td-post-date\"><time class=\"entry-date updated td-module-date\" datetime=\"2025-09-25T11:13:48-03:00\" >25\/09\/2025<\/time><\/span>                    <\/span>\r\n                <\/div>\r\n            <\/div>\r\n\r\n        <\/div>\r\n\r\n        \n\t<\/div> <!-- .\/td-block-span4 -->\n\n\t<div class=\"td-block-span4\">\n\r\n        <div class=\"td_module_mx1 td_module_wrap td-animation-stack\">\r\n            <div class=\"td-module-thumb\"><a href=\"https:\/\/www.institutodeengenharia.org.br\/site\/2025\/09\/19\/podcast-visao-da-engenharia-o-futuro-dos-aeroportos-e-da-mobilidade-no-brasil-17\/\"  rel=\"bookmark\" class=\"td-image-wrap \" title=\"PodCast Vis\u00e3o da Engenharia \u2013 O Futuro dos Aeroportos e da Mobilidade no Brasil #17\" ><img loading=\"lazy\" decoding=\"async\" class=\"entry-thumb\" src=\"data:image\/png;base64,iVBORw0KGgoAAAANSUhEUgAAAWQAAADcAQMAAAB9O0nPAAAAA1BMVEWurq51dlI4AAAAAXRSTlMmkutdmwAAACBJREFUaN7twTEBAAAAwiD7p7bDbmAAAAAAAAAAAABAdieIAAGQh2mWAAAAAElFTkSuQmCC\" alt=\"\" title=\"PodCast Vis\u00e3o da Engenharia \u2013 O Futuro dos Aeroportos e da Mobilidade no Brasil #17\" data-type=\"image_tag\" data-img-url=\"https:\/\/www.institutodeengenharia.org.br\/site\/wp-content\/uploads\/2025\/09\/Miniatura-Podcast-Visao-da-Engenharia-696-x-392-px-9-356x220.jpg\"  width=\"356\" height=\"220\" \/><span class=\"td-video-play-ico\"><i class=\"td-icon-video-thumb-play\"><\/i><\/span><\/a><\/div>\r\n            <div class=\"td-module-meta-info\">\r\n                <h3 class=\"entry-title td-module-title\"><a href=\"https:\/\/www.institutodeengenharia.org.br\/site\/2025\/09\/19\/podcast-visao-da-engenharia-o-futuro-dos-aeroportos-e-da-mobilidade-no-brasil-17\/\"  rel=\"bookmark\" title=\"PodCast Vis\u00e3o da Engenharia \u2013 O Futuro dos Aeroportos e da Mobilidade no Brasil #17\">PodCast Vis\u00e3o da Engenharia \u2013 O Futuro dos Aeroportos e da Mobilidade no Brasil #17<\/a><\/h3>                <div class=\"td-editor-date\">\r\n                                        <span class=\"td-author-date\">\r\n                                                <span class=\"td-post-date\"><time class=\"entry-date updated td-module-date\" datetime=\"2025-09-19T17:48:31-03:00\" >19\/09\/2025<\/time><\/span>                    <\/span>\r\n                <\/div>\r\n            <\/div>\r\n\r\n        <\/div>\r\n\r\n        \n\t<\/div> <!-- .\/td-block-span4 -->\n\n\t<div class=\"td-block-span4\">\n\r\n        <div class=\"td_module_mx1 td_module_wrap td-animation-stack\">\r\n            <div class=\"td-module-thumb\"><a href=\"https:\/\/www.institutodeengenharia.org.br\/site\/2025\/09\/18\/o-uso-de-bim-na-geotecnia\/\"  rel=\"bookmark\" class=\"td-image-wrap \" title=\"O uso de BIM na Geotecnia\" ><img loading=\"lazy\" decoding=\"async\" class=\"entry-thumb\" src=\"data:image\/png;base64,iVBORw0KGgoAAAANSUhEUgAAAWQAAADcAQMAAAB9O0nPAAAAA1BMVEWurq51dlI4AAAAAXRSTlMmkutdmwAAACBJREFUaN7twTEBAAAAwiD7p7bDbmAAAAAAAAAAAABAdieIAAGQh2mWAAAAAElFTkSuQmCC\" alt=\"\" title=\"O uso de BIM na Geotecnia\" data-type=\"image_tag\" data-img-url=\"https:\/\/www.institutodeengenharia.org.br\/site\/wp-content\/uploads\/2025\/11\/CAPA-PALESTRA-ONLINE-2-1-356x220.jpg\"  width=\"356\" height=\"220\" \/><span class=\"td-video-play-ico\"><i class=\"td-icon-video-thumb-play\"><\/i><\/span><\/a><\/div>\r\n            <div class=\"td-module-meta-info\">\r\n                <h3 class=\"entry-title td-module-title\"><a href=\"https:\/\/www.institutodeengenharia.org.br\/site\/2025\/09\/18\/o-uso-de-bim-na-geotecnia\/\"  rel=\"bookmark\" title=\"O uso de BIM na Geotecnia\">O uso de BIM na Geotecnia<\/a><\/h3>                <div class=\"td-editor-date\">\r\n                                        <span class=\"td-author-date\">\r\n                                                <span class=\"td-post-date\"><time class=\"entry-date updated td-module-date\" datetime=\"2025-09-18T14:23:25-03:00\" >18\/09\/2025<\/time><\/span>                    <\/span>\r\n                <\/div>\r\n            <\/div>\r\n\r\n        <\/div>\r\n\r\n        \n\t<\/div> <!-- .\/td-block-span4 --><\/div><!--.\/row-fluid-->\n\n\t<div class=\"td-block-row\">\n\n\t<div class=\"td-block-span4\">\n\r\n        <div class=\"td_module_mx1 td_module_wrap td-animation-stack\">\r\n            <div class=\"td-module-thumb\"><a href=\"https:\/\/www.institutodeengenharia.org.br\/site\/2025\/09\/16\/processo-de-implantacao-bim-em-empresas-da-construcao-civil\/\"  rel=\"bookmark\" class=\"td-image-wrap \" title=\"Processo de implanta\u00e7\u00e3o BIM em empresas da constru\u00e7\u00e3o civil\" ><img loading=\"lazy\" decoding=\"async\" class=\"entry-thumb\" src=\"data:image\/png;base64,iVBORw0KGgoAAAANSUhEUgAAAWQAAADcAQMAAAB9O0nPAAAAA1BMVEWurq51dlI4AAAAAXRSTlMmkutdmwAAACBJREFUaN7twTEBAAAAwiD7p7bDbmAAAAAAAAAAAABAdieIAAGQh2mWAAAAAElFTkSuQmCC\" alt=\"\" title=\"Processo de implanta\u00e7\u00e3o BIM em empresas da constru\u00e7\u00e3o civil\" data-type=\"image_tag\" data-img-url=\"https:\/\/www.institutodeengenharia.org.br\/site\/wp-content\/uploads\/2025\/09\/CAPA-Processo-de-implantacao-BIM-356x220.png\"  width=\"356\" height=\"220\" \/><span class=\"td-video-play-ico\"><i class=\"td-icon-video-thumb-play\"><\/i><\/span><\/a><\/div>\r\n            <div class=\"td-module-meta-info\">\r\n                <h3 class=\"entry-title td-module-title\"><a href=\"https:\/\/www.institutodeengenharia.org.br\/site\/2025\/09\/16\/processo-de-implantacao-bim-em-empresas-da-construcao-civil\/\"  rel=\"bookmark\" title=\"Processo de implanta\u00e7\u00e3o BIM em empresas da constru\u00e7\u00e3o civil\">Processo de implanta\u00e7\u00e3o BIM em empresas da constru\u00e7\u00e3o civil<\/a><\/h3>                <div class=\"td-editor-date\">\r\n                                        <span class=\"td-author-date\">\r\n                                                <span class=\"td-post-date\"><time class=\"entry-date updated td-module-date\" datetime=\"2025-09-16T15:45:32-03:00\" >16\/09\/2025<\/time><\/span>                    <\/span>\r\n                <\/div>\r\n            <\/div>\r\n\r\n        <\/div>\r\n\r\n        \n\t<\/div> <!-- .\/td-block-span4 -->\n\n\t<div class=\"td-block-span4\">\n\r\n        <div class=\"td_module_mx1 td_module_wrap td-animation-stack\">\r\n            <div class=\"td-module-thumb\"><a href=\"https:\/\/www.institutodeengenharia.org.br\/site\/2025\/09\/11\/sem-agua-nao-ha-vida-guarapiranga-pede-socorro\/\"  rel=\"bookmark\" class=\"td-image-wrap \" title=\"Sem \u00c1gua N\u00e3o H\u00e1 Vida &#8211; Guarapiranga pede socorro!\" ><img loading=\"lazy\" decoding=\"async\" class=\"entry-thumb\" src=\"data:image\/png;base64,iVBORw0KGgoAAAANSUhEUgAAAWQAAADcAQMAAAB9O0nPAAAAA1BMVEWurq51dlI4AAAAAXRSTlMmkutdmwAAACBJREFUaN7twTEBAAAAwiD7p7bDbmAAAAAAAAAAAABAdieIAAGQh2mWAAAAAElFTkSuQmCC\" alt=\"\" title=\"Sem \u00c1gua N\u00e3o H\u00e1 Vida &#8211; Guarapiranga pede socorro!\" data-type=\"image_tag\" data-img-url=\"https:\/\/www.institutodeengenharia.org.br\/site\/wp-content\/uploads\/2025\/07\/Midia-Kit-Steam-Day-2024-Oficial-e1754576732995-356x220.jpg\"  width=\"356\" height=\"220\" \/><span class=\"td-video-play-ico\"><i class=\"td-icon-video-thumb-play\"><\/i><\/span><\/a><\/div>\r\n            <div class=\"td-module-meta-info\">\r\n                <h3 class=\"entry-title td-module-title\"><a href=\"https:\/\/www.institutodeengenharia.org.br\/site\/2025\/09\/11\/sem-agua-nao-ha-vida-guarapiranga-pede-socorro\/\"  rel=\"bookmark\" title=\"Sem \u00c1gua N\u00e3o H\u00e1 Vida &#8211; Guarapiranga pede socorro!\">Sem \u00c1gua N\u00e3o H\u00e1 Vida &#8211; Guarapiranga pede socorro!<\/a><\/h3>                <div class=\"td-editor-date\">\r\n                                        <span class=\"td-author-date\">\r\n                                                <span class=\"td-post-date\"><time class=\"entry-date updated td-module-date\" datetime=\"2025-09-11T11:41:04-03:00\" >11\/09\/2025<\/time><\/span>                    <\/span>\r\n                <\/div>\r\n            <\/div>\r\n\r\n        <\/div>\r\n\r\n        \n\t<\/div> <!-- .\/td-block-span4 -->\n\n\t<div class=\"td-block-span4\">\n\r\n        <div class=\"td_module_mx1 td_module_wrap td-animation-stack\">\r\n            <div class=\"td-module-thumb\"><a href=\"https:\/\/www.institutodeengenharia.org.br\/site\/2025\/09\/10\/quarta-musical-the-oscars-songs-tributo-as-maiores-cancoes-do-cinema\/\"  rel=\"bookmark\" class=\"td-image-wrap \" title=\"Quarta Musical &#8211; The Oscar\u2019s Songs &#8211; Tributo \u00e0s maiores can\u00e7\u00f5es do cinema\" ><img loading=\"lazy\" decoding=\"async\" class=\"entry-thumb\" src=\"data:image\/png;base64,iVBORw0KGgoAAAANSUhEUgAAAWQAAADcAQMAAAB9O0nPAAAAA1BMVEWurq51dlI4AAAAAXRSTlMmkutdmwAAACBJREFUaN7twTEBAAAAwiD7p7bDbmAAAAAAAAAAAABAdieIAAGQh2mWAAAAAElFTkSuQmCC\" alt=\"\" title=\"Quarta Musical &#8211; The Oscar\u2019s Songs &#8211; Tributo \u00e0s maiores can\u00e7\u00f5es do cinema\" data-type=\"image_tag\" data-img-url=\"https:\/\/www.institutodeengenharia.org.br\/site\/wp-content\/uploads\/2025\/08\/IMG_8277-356x220.jpeg\"  width=\"356\" height=\"220\" \/><span class=\"td-video-play-ico\"><i class=\"td-icon-video-thumb-play\"><\/i><\/span><\/a><\/div>\r\n            <div class=\"td-module-meta-info\">\r\n                <h3 class=\"entry-title td-module-title\"><a href=\"https:\/\/www.institutodeengenharia.org.br\/site\/2025\/09\/10\/quarta-musical-the-oscars-songs-tributo-as-maiores-cancoes-do-cinema\/\"  rel=\"bookmark\" title=\"Quarta Musical &#8211; The Oscar\u2019s Songs &#8211; Tributo \u00e0s maiores can\u00e7\u00f5es do cinema\">Quarta Musical &#8211; The Oscar\u2019s Songs &#8211; Tributo \u00e0s maiores can\u00e7\u00f5es do cinema<\/a><\/h3>                <div class=\"td-editor-date\">\r\n                                        <span class=\"td-author-date\">\r\n                                                <span class=\"td-post-date\"><time class=\"entry-date updated td-module-date\" datetime=\"2025-09-10T18:18:17-03:00\" >10\/09\/2025<\/time><\/span>                    <\/span>\r\n                <\/div>\r\n            <\/div>\r\n\r\n        <\/div>\r\n\r\n        \n\t<\/div> <!-- .\/td-block-span4 --><\/div><!--.\/row-fluid-->\n\n\t<div class=\"td-block-row\">\n\n\t<div class=\"td-block-span4\">\n\r\n        <div class=\"td_module_mx1 td_module_wrap td-animation-stack\">\r\n            <div class=\"td-module-thumb\"><a href=\"https:\/\/www.institutodeengenharia.org.br\/site\/2025\/09\/10\/neuroarquitetura-espaco-e-iluminacao-na-compreensao-do-espaco-residencial\/\"  rel=\"bookmark\" class=\"td-image-wrap \" title=\"Neuroarquitetura: Espa\u00e7o e ilumina\u00e7\u00e3o na compreens\u00e3o do espa\u00e7o residencial\" ><img loading=\"lazy\" decoding=\"async\" class=\"entry-thumb\" src=\"data:image\/png;base64,iVBORw0KGgoAAAANSUhEUgAAAWQAAADcAQMAAAB9O0nPAAAAA1BMVEWurq51dlI4AAAAAXRSTlMmkutdmwAAACBJREFUaN7twTEBAAAAwiD7p7bDbmAAAAAAAAAAAABAdieIAAGQh2mWAAAAAElFTkSuQmCC\" alt=\"\" title=\"Neuroarquitetura: Espa\u00e7o e ilumina\u00e7\u00e3o na compreens\u00e3o do espa\u00e7o residencial\" data-type=\"image_tag\" data-img-url=\"https:\/\/www.institutodeengenharia.org.br\/site\/wp-content\/uploads\/2025\/09\/CAPA-NEUROARQUITETURA-356x220.jpg\"  width=\"356\" height=\"220\" \/><span class=\"td-video-play-ico\"><i class=\"td-icon-video-thumb-play\"><\/i><\/span><\/a><\/div>\r\n            <div class=\"td-module-meta-info\">\r\n                <h3 class=\"entry-title td-module-title\"><a href=\"https:\/\/www.institutodeengenharia.org.br\/site\/2025\/09\/10\/neuroarquitetura-espaco-e-iluminacao-na-compreensao-do-espaco-residencial\/\"  rel=\"bookmark\" title=\"Neuroarquitetura: Espa\u00e7o e ilumina\u00e7\u00e3o na compreens\u00e3o do espa\u00e7o residencial\">Neuroarquitetura: Espa\u00e7o e ilumina\u00e7\u00e3o na compreens\u00e3o do espa\u00e7o residencial<\/a><\/h3>                <div class=\"td-editor-date\">\r\n                                        <span class=\"td-author-date\">\r\n                                                <span class=\"td-post-date\"><time class=\"entry-date updated td-module-date\" datetime=\"2025-09-10T15:50:49-03:00\" >10\/09\/2025<\/time><\/span>                    <\/span>\r\n                <\/div>\r\n            <\/div>\r\n\r\n        <\/div>\r\n\r\n        \n\t<\/div> <!-- .\/td-block-span4 -->\n\n\t<div class=\"td-block-span4\">\n\r\n        <div class=\"td_module_mx1 td_module_wrap td-animation-stack\">\r\n            <div class=\"td-module-thumb\"><a href=\"https:\/\/www.institutodeengenharia.org.br\/site\/2025\/09\/09\/pericias-de-insalubridade-na-area-portuaria\/\"  rel=\"bookmark\" class=\"td-image-wrap \" title=\"Per\u00edcias de insalubridade na \u00e1rea portu\u00e1ria\" ><img loading=\"lazy\" decoding=\"async\" class=\"entry-thumb\" src=\"data:image\/png;base64,iVBORw0KGgoAAAANSUhEUgAAAWQAAADcAQMAAAB9O0nPAAAAA1BMVEWurq51dlI4AAAAAXRSTlMmkutdmwAAACBJREFUaN7twTEBAAAAwiD7p7bDbmAAAAAAAAAAAABAdieIAAGQh2mWAAAAAElFTkSuQmCC\" alt=\"\" title=\"Per\u00edcias de insalubridade na \u00e1rea portu\u00e1ria\" data-type=\"image_tag\" data-img-url=\"https:\/\/www.institutodeengenharia.org.br\/site\/wp-content\/uploads\/2025\/09\/CAPA-PALESTRA-ONLINE-7-1-356x220.jpg\"  width=\"356\" height=\"220\" \/><span class=\"td-video-play-ico\"><i class=\"td-icon-video-thumb-play\"><\/i><\/span><\/a><\/div>\r\n            <div class=\"td-module-meta-info\">\r\n                <h3 class=\"entry-title td-module-title\"><a href=\"https:\/\/www.institutodeengenharia.org.br\/site\/2025\/09\/09\/pericias-de-insalubridade-na-area-portuaria\/\"  rel=\"bookmark\" title=\"Per\u00edcias de insalubridade na \u00e1rea portu\u00e1ria\">Per\u00edcias de insalubridade na \u00e1rea portu\u00e1ria<\/a><\/h3>                <div class=\"td-editor-date\">\r\n                                        <span class=\"td-author-date\">\r\n                                                <span class=\"td-post-date\"><time class=\"entry-date updated td-module-date\" datetime=\"2025-09-09T15:21:38-03:00\" >09\/09\/2025<\/time><\/span>                    <\/span>\r\n                <\/div>\r\n            <\/div>\r\n\r\n        <\/div>\r\n\r\n        \n\t<\/div> <!-- .\/td-block-span4 -->\n\n\t<div class=\"td-block-span4\">\n\r\n        <div class=\"td_module_mx1 td_module_wrap td-animation-stack\">\r\n            <div class=\"td-module-thumb\"><a href=\"https:\/\/www.institutodeengenharia.org.br\/site\/2025\/09\/04\/muro-em-solo-reforcado-dimensionamento-construcao-e-casos-de-obras\/\"  rel=\"bookmark\" class=\"td-image-wrap \" title=\"Muro em solo refor\u00e7ado \u2013 dimensionamento, constru\u00e7\u00e3o e casos de obras\" ><img loading=\"lazy\" decoding=\"async\" class=\"entry-thumb\" src=\"data:image\/png;base64,iVBORw0KGgoAAAANSUhEUgAAAWQAAADcAQMAAAB9O0nPAAAAA1BMVEWurq51dlI4AAAAAXRSTlMmkutdmwAAACBJREFUaN7twTEBAAAAwiD7p7bDbmAAAAAAAAAAAABAdieIAAGQh2mWAAAAAElFTkSuQmCC\" alt=\"\" title=\"Muro em solo refor\u00e7ado \u2013 dimensionamento, constru\u00e7\u00e3o e casos de obras\" data-type=\"image_tag\" data-img-url=\"https:\/\/www.institutodeengenharia.org.br\/site\/wp-content\/uploads\/2025\/09\/CAPA-MURO-EM-SOLO-REFORCADO-356x220.jpg\"  width=\"356\" height=\"220\" \/><span class=\"td-video-play-ico\"><i class=\"td-icon-video-thumb-play\"><\/i><\/span><\/a><\/div>\r\n            <div class=\"td-module-meta-info\">\r\n                <h3 class=\"entry-title td-module-title\"><a href=\"https:\/\/www.institutodeengenharia.org.br\/site\/2025\/09\/04\/muro-em-solo-reforcado-dimensionamento-construcao-e-casos-de-obras\/\"  rel=\"bookmark\" title=\"Muro em solo refor\u00e7ado \u2013 dimensionamento, constru\u00e7\u00e3o e casos de obras\">Muro em solo refor\u00e7ado \u2013 dimensionamento, constru\u00e7\u00e3o e casos de obras<\/a><\/h3>                <div class=\"td-editor-date\">\r\n                                        <span class=\"td-author-date\">\r\n                                                <span class=\"td-post-date\"><time class=\"entry-date updated td-module-date\" datetime=\"2025-09-04T16:00:41-03:00\" >04\/09\/2025<\/time><\/span>                    <\/span>\r\n                <\/div>\r\n            <\/div>\r\n\r\n        <\/div>\r\n\r\n        \n\t<\/div> <!-- .\/td-block-span4 --><\/div><!--.\/row-fluid-->\n\n\t<div class=\"td-block-row\">\n\n\t<div class=\"td-block-span4\">\n\r\n        <div class=\"td_module_mx1 td_module_wrap td-animation-stack\">\r\n            <div class=\"td-module-thumb\"><a href=\"https:\/\/www.institutodeengenharia.org.br\/site\/2025\/08\/25\/gemeos-digitais-de-cidades\/\"  rel=\"bookmark\" class=\"td-image-wrap \" title=\"G\u00eameos digitais de cidades\" ><img loading=\"lazy\" decoding=\"async\" class=\"entry-thumb\" src=\"data:image\/png;base64,iVBORw0KGgoAAAANSUhEUgAAAWQAAADcAQMAAAB9O0nPAAAAA1BMVEWurq51dlI4AAAAAXRSTlMmkutdmwAAACBJREFUaN7twTEBAAAAwiD7p7bDbmAAAAAAAAAAAABAdieIAAGQh2mWAAAAAElFTkSuQmCC\" alt=\"\" title=\"G\u00eameos digitais de cidades\" data-type=\"image_tag\" data-img-url=\"https:\/\/www.institutodeengenharia.org.br\/site\/wp-content\/uploads\/2025\/08\/CAPA-PALESTRA-ONLINE-8-356x220.jpg\"  width=\"356\" height=\"220\" \/><span class=\"td-video-play-ico\"><i class=\"td-icon-video-thumb-play\"><\/i><\/span><\/a><\/div>\r\n            <div class=\"td-module-meta-info\">\r\n                <h3 class=\"entry-title td-module-title\"><a href=\"https:\/\/www.institutodeengenharia.org.br\/site\/2025\/08\/25\/gemeos-digitais-de-cidades\/\"  rel=\"bookmark\" title=\"G\u00eameos digitais de cidades\">G\u00eameos digitais de cidades<\/a><\/h3>                <div class=\"td-editor-date\">\r\n                                        <span class=\"td-author-date\">\r\n                                                <span class=\"td-post-date\"><time class=\"entry-date updated td-module-date\" datetime=\"2025-08-25T17:13:36-03:00\" >25\/08\/2025<\/time><\/span>                    <\/span>\r\n                <\/div>\r\n            <\/div>\r\n\r\n        <\/div>\r\n\r\n        \n\t<\/div> <!-- .\/td-block-span4 -->\n\n\t<div class=\"td-block-span4\">\n\r\n        <div class=\"td_module_mx1 td_module_wrap td-animation-stack\">\r\n            <div class=\"td-module-thumb\"><a href=\"https:\/\/www.institutodeengenharia.org.br\/site\/2025\/08\/25\/pericias-em-desapropriacoes-detalhamento-de-procedimentos-normas-metodologias-e-exemplos-de-laudos\/\"  rel=\"bookmark\" class=\"td-image-wrap \" title=\"Per\u00edcias em desapropria\u00e7\u00f5es, detalhamento de procedimentos, normas, metodologias e exemplos de laudos\" ><img loading=\"lazy\" decoding=\"async\" class=\"entry-thumb\" src=\"data:image\/png;base64,iVBORw0KGgoAAAANSUhEUgAAAWQAAADcAQMAAAB9O0nPAAAAA1BMVEWurq51dlI4AAAAAXRSTlMmkutdmwAAACBJREFUaN7twTEBAAAAwiD7p7bDbmAAAAAAAAAAAABAdieIAAGQh2mWAAAAAElFTkSuQmCC\" alt=\"\" title=\"Per\u00edcias em desapropria\u00e7\u00f5es, detalhamento de procedimentos, normas, metodologias e exemplos de laudos\" data-type=\"image_tag\" data-img-url=\"https:\/\/www.institutodeengenharia.org.br\/site\/wp-content\/uploads\/2025\/08\/CAPA-PALESTRA-ONLINE-356x220.png\"  width=\"356\" height=\"220\" \/><span class=\"td-video-play-ico\"><i class=\"td-icon-video-thumb-play\"><\/i><\/span><\/a><\/div>\r\n            <div class=\"td-module-meta-info\">\r\n                <h3 class=\"entry-title td-module-title\"><a href=\"https:\/\/www.institutodeengenharia.org.br\/site\/2025\/08\/25\/pericias-em-desapropriacoes-detalhamento-de-procedimentos-normas-metodologias-e-exemplos-de-laudos\/\"  rel=\"bookmark\" title=\"Per\u00edcias em desapropria\u00e7\u00f5es, detalhamento de procedimentos, normas, metodologias e exemplos de laudos\">Per\u00edcias em desapropria\u00e7\u00f5es, detalhamento de procedimentos, normas, metodologias e exemplos de laudos<\/a><\/h3>                <div class=\"td-editor-date\">\r\n                                        <span class=\"td-author-date\">\r\n                                                <span class=\"td-post-date\"><time class=\"entry-date updated td-module-date\" datetime=\"2025-08-25T17:02:16-03:00\" >25\/08\/2025<\/time><\/span>                    <\/span>\r\n                <\/div>\r\n            <\/div>\r\n\r\n        <\/div>\r\n\r\n        \n\t<\/div> <!-- .\/td-block-span4 -->\n\n\t<div class=\"td-block-span4\">\n\r\n        <div class=\"td_module_mx1 td_module_wrap td-animation-stack\">\r\n            <div class=\"td-module-thumb\"><a href=\"https:\/\/www.institutodeengenharia.org.br\/site\/2025\/08\/25\/ppps-privatizacoes-e-concessoes-com-felicio-ramuth\/\"  rel=\"bookmark\" class=\"td-image-wrap \" title=\"PPP&#8217;s, Privatiza\u00e7\u00f5es e Concess\u00f5es &#8211; com Fel\u00edcio Ramuth\" ><img loading=\"lazy\" decoding=\"async\" class=\"entry-thumb\" src=\"data:image\/png;base64,iVBORw0KGgoAAAANSUhEUgAAAWQAAADcAQMAAAB9O0nPAAAAA1BMVEWurq51dlI4AAAAAXRSTlMmkutdmwAAACBJREFUaN7twTEBAAAAwiD7p7bDbmAAAAAAAAAAAABAdieIAAGQh2mWAAAAAElFTkSuQmCC\" alt=\"\" title=\"PPP&#8217;s, Privatiza\u00e7\u00f5es e Concess\u00f5es &#8211; com Fel\u00edcio Ramuth\" data-type=\"image_tag\" data-img-url=\"https:\/\/www.institutodeengenharia.org.br\/site\/wp-content\/uploads\/2025\/08\/Miniatura-Podcast-Visao-da-Engenharia-696-x-392-px-5-356x220.jpg\"  width=\"356\" height=\"220\" \/><span class=\"td-video-play-ico\"><i class=\"td-icon-video-thumb-play\"><\/i><\/span><\/a><\/div>\r\n            <div class=\"td-module-meta-info\">\r\n                <h3 class=\"entry-title td-module-title\"><a href=\"https:\/\/www.institutodeengenharia.org.br\/site\/2025\/08\/25\/ppps-privatizacoes-e-concessoes-com-felicio-ramuth\/\"  rel=\"bookmark\" title=\"PPP&#8217;s, Privatiza\u00e7\u00f5es e Concess\u00f5es &#8211; com Fel\u00edcio Ramuth\">PPP&#8217;s, Privatiza\u00e7\u00f5es e Concess\u00f5es &#8211; com Fel\u00edcio Ramuth<\/a><\/h3>                <div class=\"td-editor-date\">\r\n                                        <span class=\"td-author-date\">\r\n                                                <span class=\"td-post-date\"><time class=\"entry-date updated td-module-date\" datetime=\"2025-08-25T09:55:02-03:00\" >25\/08\/2025<\/time><\/span>                    <\/span>\r\n                <\/div>\r\n            <\/div>\r\n\r\n        <\/div>\r\n\r\n        \n\t<\/div> <!-- .\/td-block-span4 --><\/div><!--.\/row-fluid-->\n\n\t<div class=\"td-block-row\">\n\n\t<div class=\"td-block-span4\">\n\r\n        <div class=\"td_module_mx1 td_module_wrap td-animation-stack\">\r\n            <div class=\"td-module-thumb\"><a href=\"https:\/\/www.institutodeengenharia.org.br\/site\/2025\/08\/14\/podcast-visao-da-engenharia-geopolitica-comercio-exterior-e-o-futuro-do-brasil-no-cenario-global-16\/\"  rel=\"bookmark\" class=\"td-image-wrap \" title=\"PodCast Vis\u00e3o da Engenharia &#8211;  Geopol\u00edtica, Com\u00e9rcio Exterior e o Futuro do Brasil no cen\u00e1rio global #16\" ><img loading=\"lazy\" decoding=\"async\" class=\"entry-thumb\" src=\"data:image\/png;base64,iVBORw0KGgoAAAANSUhEUgAAAWQAAADcAQMAAAB9O0nPAAAAA1BMVEWurq51dlI4AAAAAXRSTlMmkutdmwAAACBJREFUaN7twTEBAAAAwiD7p7bDbmAAAAAAAAAAAABAdieIAAGQh2mWAAAAAElFTkSuQmCC\" alt=\"\" title=\"PodCast Vis\u00e3o da Engenharia &#8211;  Geopol\u00edtica, Com\u00e9rcio Exterior e o Futuro do Brasil no cen\u00e1rio global #16\" data-type=\"image_tag\" data-img-url=\"https:\/\/www.institutodeengenharia.org.br\/site\/wp-content\/uploads\/2025\/09\/PHOTO-2025-08-11-13-56-21-356x220.jpg\"  width=\"356\" height=\"220\" \/><span class=\"td-video-play-ico\"><i class=\"td-icon-video-thumb-play\"><\/i><\/span><\/a><\/div>\r\n            <div class=\"td-module-meta-info\">\r\n                <h3 class=\"entry-title td-module-title\"><a href=\"https:\/\/www.institutodeengenharia.org.br\/site\/2025\/08\/14\/podcast-visao-da-engenharia-geopolitica-comercio-exterior-e-o-futuro-do-brasil-no-cenario-global-16\/\"  rel=\"bookmark\" title=\"PodCast Vis\u00e3o da Engenharia &#8211;  Geopol\u00edtica, Com\u00e9rcio Exterior e o Futuro do Brasil no cen\u00e1rio global #16\">PodCast Vis\u00e3o da Engenharia &#8211;  Geopol\u00edtica, Com\u00e9rcio Exterior e o Futuro do Brasil no cen\u00e1rio global #16<\/a><\/h3>                <div class=\"td-editor-date\">\r\n                                        <span class=\"td-author-date\">\r\n                                                <span class=\"td-post-date\"><time class=\"entry-date updated td-module-date\" datetime=\"2025-08-14T14:41:26-03:00\" >14\/08\/2025<\/time><\/span>                    <\/span>\r\n                <\/div>\r\n            <\/div>\r\n\r\n        <\/div>\r\n\r\n        \n\t<\/div> <!-- .\/td-block-span4 -->\n\n\t<div class=\"td-block-span4\">\n\r\n        <div class=\"td_module_mx1 td_module_wrap td-animation-stack\">\r\n            <div class=\"td-module-thumb\"><a href=\"https:\/\/www.institutodeengenharia.org.br\/site\/2025\/08\/14\/a-feb-a-2a-guerra-o-dia-da-vitoria\/\"  rel=\"bookmark\" class=\"td-image-wrap \" title=\"A FEB, a 2\u00aa Guerra &#038; o dia da vit\u00f3ria\" ><img loading=\"lazy\" decoding=\"async\" class=\"entry-thumb\" src=\"data:image\/png;base64,iVBORw0KGgoAAAANSUhEUgAAAWQAAADcAQMAAAB9O0nPAAAAA1BMVEWurq51dlI4AAAAAXRSTlMmkutdmwAAACBJREFUaN7twTEBAAAAwiD7p7bDbmAAAAAAAAAAAABAdieIAAGQh2mWAAAAAElFTkSuQmCC\" alt=\"\" title=\"A FEB, a 2\u00aa Guerra &#038; o dia da vit\u00f3ria\" data-type=\"image_tag\" data-img-url=\"https:\/\/www.institutodeengenharia.org.br\/site\/wp-content\/uploads\/2025\/07\/PHOTO-2025-07-01-17-17-02-356x220.jpg\"  width=\"356\" height=\"220\" \/><span class=\"td-video-play-ico\"><i class=\"td-icon-video-thumb-play\"><\/i><\/span><\/a><\/div>\r\n            <div class=\"td-module-meta-info\">\r\n                <h3 class=\"entry-title td-module-title\"><a href=\"https:\/\/www.institutodeengenharia.org.br\/site\/2025\/08\/14\/a-feb-a-2a-guerra-o-dia-da-vitoria\/\"  rel=\"bookmark\" title=\"A FEB, a 2\u00aa Guerra &#038; o dia da vit\u00f3ria\">A FEB, a 2\u00aa Guerra &#038; o dia da vit\u00f3ria<\/a><\/h3>                <div class=\"td-editor-date\">\r\n                                        <span class=\"td-author-date\">\r\n                                                <span class=\"td-post-date\"><time class=\"entry-date updated td-module-date\" datetime=\"2025-08-14T10:29:49-03:00\" >14\/08\/2025<\/time><\/span>                    <\/span>\r\n                <\/div>\r\n            <\/div>\r\n\r\n        <\/div>\r\n\r\n        \n\t<\/div> <!-- .\/td-block-span4 -->\n\n\t<div class=\"td-block-span4\">\n\r\n        <div class=\"td_module_mx1 td_module_wrap td-animation-stack\">\r\n            <div class=\"td-module-thumb\"><a href=\"https:\/\/www.institutodeengenharia.org.br\/site\/2025\/08\/13\/atuacao-da-cetesb-nas-emergencias-quimicas\/\"  rel=\"bookmark\" class=\"td-image-wrap \" title=\"Atua\u00e7\u00e3o da CETESB nas emerg\u00eancias qu\u00edmicas\" ><img loading=\"lazy\" decoding=\"async\" class=\"entry-thumb\" src=\"data:image\/png;base64,iVBORw0KGgoAAAANSUhEUgAAAWQAAADcAQMAAAB9O0nPAAAAA1BMVEWurq51dlI4AAAAAXRSTlMmkutdmwAAACBJREFUaN7twTEBAAAAwiD7p7bDbmAAAAAAAAAAAABAdieIAAGQh2mWAAAAAElFTkSuQmCC\" alt=\"\" title=\"Atua\u00e7\u00e3o da CETESB nas emerg\u00eancias qu\u00edmicas\" data-type=\"image_tag\" data-img-url=\"https:\/\/www.institutodeengenharia.org.br\/site\/wp-content\/uploads\/2025\/08\/CAPA-PALESTRA-ONLINE-7-356x220.jpg\"  width=\"356\" height=\"220\" \/><span class=\"td-video-play-ico\"><i class=\"td-icon-video-thumb-play\"><\/i><\/span><\/a><\/div>\r\n            <div class=\"td-module-meta-info\">\r\n                <h3 class=\"entry-title td-module-title\"><a href=\"https:\/\/www.institutodeengenharia.org.br\/site\/2025\/08\/13\/atuacao-da-cetesb-nas-emergencias-quimicas\/\"  rel=\"bookmark\" title=\"Atua\u00e7\u00e3o da CETESB nas emerg\u00eancias qu\u00edmicas\">Atua\u00e7\u00e3o da CETESB nas emerg\u00eancias qu\u00edmicas<\/a><\/h3>                <div class=\"td-editor-date\">\r\n                                        <span class=\"td-author-date\">\r\n                                                <span class=\"td-post-date\"><time class=\"entry-date updated td-module-date\" datetime=\"2025-08-13T17:06:28-03:00\" >13\/08\/2025<\/time><\/span>                    <\/span>\r\n                <\/div>\r\n            <\/div>\r\n\r\n        <\/div>\r\n\r\n        \n\t<\/div> <!-- .\/td-block-span4 --><\/div><!--.\/row-fluid-->\n\n\t<div class=\"td-block-row\">\n\n\t<div class=\"td-block-span4\">\n\r\n        <div class=\"td_module_mx1 td_module_wrap td-animation-stack\">\r\n            <div class=\"td-module-thumb\"><a href=\"https:\/\/www.institutodeengenharia.org.br\/site\/2025\/08\/13\/seguranca-em-sao-paulo-com-o-coronel-mello-araujo-vice-prefeito-de-sao-paulo\/\"  rel=\"bookmark\" class=\"td-image-wrap \" title=\"Seguran\u00e7a em S\u00e3o Paulo &#8211; com o Coronel Mello Ara\u00fajo, vice-prefeito de S\u00e3o Paulo\" ><img loading=\"lazy\" decoding=\"async\" class=\"entry-thumb\" src=\"data:image\/png;base64,iVBORw0KGgoAAAANSUhEUgAAAWQAAADcAQMAAAB9O0nPAAAAA1BMVEWurq51dlI4AAAAAXRSTlMmkutdmwAAACBJREFUaN7twTEBAAAAwiD7p7bDbmAAAAAAAAAAAABAdieIAAGQh2mWAAAAAElFTkSuQmCC\" alt=\"\" title=\"Seguran\u00e7a em S\u00e3o Paulo &#8211; com o Coronel Mello Ara\u00fajo, vice-prefeito de S\u00e3o Paulo\" data-type=\"image_tag\" data-img-url=\"https:\/\/www.institutodeengenharia.org.br\/site\/wp-content\/uploads\/2025\/08\/PHOTO-2025-08-06-08-53-18-scaled-e1758046856472-356x220.jpg\"  width=\"356\" height=\"220\" \/><span class=\"td-video-play-ico\"><i class=\"td-icon-video-thumb-play\"><\/i><\/span><\/a><\/div>\r\n            <div class=\"td-module-meta-info\">\r\n                <h3 class=\"entry-title td-module-title\"><a href=\"https:\/\/www.institutodeengenharia.org.br\/site\/2025\/08\/13\/seguranca-em-sao-paulo-com-o-coronel-mello-araujo-vice-prefeito-de-sao-paulo\/\"  rel=\"bookmark\" title=\"Seguran\u00e7a em S\u00e3o Paulo &#8211; com o Coronel Mello Ara\u00fajo, vice-prefeito de S\u00e3o Paulo\">Seguran\u00e7a em S\u00e3o Paulo &#8211; com o Coronel Mello Ara\u00fajo, vice-prefeito de S\u00e3o Paulo<\/a><\/h3>                <div class=\"td-editor-date\">\r\n                                        <span class=\"td-author-date\">\r\n                                                <span class=\"td-post-date\"><time class=\"entry-date updated td-module-date\" datetime=\"2025-08-13T15:17:51-03:00\" >13\/08\/2025<\/time><\/span>                    <\/span>\r\n                <\/div>\r\n            <\/div>\r\n\r\n        <\/div>\r\n\r\n        \n\t<\/div> <!-- .\/td-block-span4 -->\n\n\t<div class=\"td-block-span4\">\n\r\n        <div class=\"td_module_mx1 td_module_wrap td-animation-stack\">\r\n            <div class=\"td-module-thumb\"><a href=\"https:\/\/www.institutodeengenharia.org.br\/site\/2025\/08\/12\/simposio-de-pce-bidirecional-e-ecd-campo-de-teste-ie\/\"  rel=\"bookmark\" class=\"td-image-wrap \" title=\"Simp\u00f3sio de PCE, bidirecional e ECD + Campo de teste IE\" ><img loading=\"lazy\" decoding=\"async\" class=\"entry-thumb\" src=\"data:image\/png;base64,iVBORw0KGgoAAAANSUhEUgAAAWQAAADcAQMAAAB9O0nPAAAAA1BMVEWurq51dlI4AAAAAXRSTlMmkutdmwAAACBJREFUaN7twTEBAAAAwiD7p7bDbmAAAAAAAAAAAABAdieIAAGQh2mWAAAAAElFTkSuQmCC\" alt=\"\" title=\"Simp\u00f3sio de PCE, bidirecional e ECD + Campo de teste IE\" data-type=\"image_tag\" data-img-url=\"https:\/\/www.institutodeengenharia.org.br\/site\/wp-content\/uploads\/2024\/10\/IMG-20231211-WA0051-1-356x220.jpg\"  width=\"356\" height=\"220\" \/><span class=\"td-video-play-ico\"><i class=\"td-icon-video-thumb-play\"><\/i><\/span><\/a><\/div>\r\n            <div class=\"td-module-meta-info\">\r\n                <h3 class=\"entry-title td-module-title\"><a href=\"https:\/\/www.institutodeengenharia.org.br\/site\/2025\/08\/12\/simposio-de-pce-bidirecional-e-ecd-campo-de-teste-ie\/\"  rel=\"bookmark\" title=\"Simp\u00f3sio de PCE, bidirecional e ECD + Campo de teste IE\">Simp\u00f3sio de PCE, bidirecional e ECD + Campo de teste IE<\/a><\/h3>                <div class=\"td-editor-date\">\r\n                                        <span class=\"td-author-date\">\r\n                                                <span class=\"td-post-date\"><time class=\"entry-date updated td-module-date\" datetime=\"2025-08-12T11:56:59-03:00\" >12\/08\/2025<\/time><\/span>                    <\/span>\r\n                <\/div>\r\n            <\/div>\r\n\r\n        <\/div>\r\n\r\n        \n\t<\/div> <!-- .\/td-block-span4 -->\n\n\t<div class=\"td-block-span4\">\n\r\n        <div class=\"td_module_mx1 td_module_wrap td-animation-stack\">\r\n            <div class=\"td-module-thumb\"><a href=\"https:\/\/www.institutodeengenharia.org.br\/site\/2025\/08\/11\/comemoracao-ao-dia-do-veterano-do-exercito-brasileiro-solenidade-de-outorga-de-condecoracoes-a-personalidades-civis-militares-e-eclesiasticas\/\"  rel=\"bookmark\" class=\"td-image-wrap \" title=\"Comemora\u00e7\u00e3o ao Dia do Veterano do Ex\u00e9rcito Brasileiro &#8211; Solenidade de Outorga de Condecora\u00e7\u00f5es a Personalidades Civis, Militares e Eclesi\u00e1sticas\" ><img loading=\"lazy\" decoding=\"async\" class=\"entry-thumb\" src=\"data:image\/png;base64,iVBORw0KGgoAAAANSUhEUgAAAWQAAADcAQMAAAB9O0nPAAAAA1BMVEWurq51dlI4AAAAAXRSTlMmkutdmwAAACBJREFUaN7twTEBAAAAwiD7p7bDbmAAAAAAAAAAAABAdieIAAGQh2mWAAAAAElFTkSuQmCC\" alt=\"\" title=\"Comemora\u00e7\u00e3o ao Dia do Veterano do Ex\u00e9rcito Brasileiro &#8211; Solenidade de Outorga de Condecora\u00e7\u00f5es a Personalidades Civis, Militares e Eclesi\u00e1sticas\" data-type=\"image_tag\" data-img-url=\"https:\/\/www.institutodeengenharia.org.br\/site\/wp-content\/uploads\/2025\/06\/engenheiro-palestra-7-356x220.jpg\"  width=\"356\" height=\"220\" \/><span class=\"td-video-play-ico\"><i class=\"td-icon-video-thumb-play\"><\/i><\/span><\/a><\/div>\r\n            <div class=\"td-module-meta-info\">\r\n                <h3 class=\"entry-title td-module-title\"><a href=\"https:\/\/www.institutodeengenharia.org.br\/site\/2025\/08\/11\/comemoracao-ao-dia-do-veterano-do-exercito-brasileiro-solenidade-de-outorga-de-condecoracoes-a-personalidades-civis-militares-e-eclesiasticas\/\"  rel=\"bookmark\" title=\"Comemora\u00e7\u00e3o ao Dia do Veterano do Ex\u00e9rcito Brasileiro &#8211; Solenidade de Outorga de Condecora\u00e7\u00f5es a Personalidades Civis, Militares e Eclesi\u00e1sticas\">Comemora\u00e7\u00e3o ao Dia do Veterano do Ex\u00e9rcito Brasileiro &#8211; Solenidade de Outorga de Condecora\u00e7\u00f5es a Personalidades Civis, Militares e Eclesi\u00e1sticas<\/a><\/h3>                <div class=\"td-editor-date\">\r\n                                        <span class=\"td-author-date\">\r\n                                                <span class=\"td-post-date\"><time class=\"entry-date updated td-module-date\" datetime=\"2025-08-11T11:37:31-03:00\" >11\/08\/2025<\/time><\/span>                    <\/span>\r\n                <\/div>\r\n            <\/div>\r\n\r\n        <\/div>\r\n\r\n        \n\t<\/div> <!-- .\/td-block-span4 --><\/div><!--.\/row-fluid-->\n\n\t<div class=\"td-block-row\">\n\n\t<div class=\"td-block-span4\">\n\r\n        <div class=\"td_module_mx1 td_module_wrap td-animation-stack\">\r\n            <div class=\"td-module-thumb\"><a href=\"https:\/\/www.institutodeengenharia.org.br\/site\/2025\/08\/08\/e-possivel-como-transformar-seus-sonhos-em-realidade\/\"  rel=\"bookmark\" class=\"td-image-wrap \" title=\"\u00c9 poss\u00edvel! Como transformar seus sonhos em realidade\" ><img loading=\"lazy\" decoding=\"async\" class=\"entry-thumb\" src=\"data:image\/png;base64,iVBORw0KGgoAAAANSUhEUgAAAWQAAADcAQMAAAB9O0nPAAAAA1BMVEWurq51dlI4AAAAAXRSTlMmkutdmwAAACBJREFUaN7twTEBAAAAwiD7p7bDbmAAAAAAAAAAAABAdieIAAGQh2mWAAAAAElFTkSuQmCC\" alt=\"\" title=\"\u00c9 poss\u00edvel! Como transformar seus sonhos em realidade\" data-type=\"image_tag\" data-img-url=\"https:\/\/www.institutodeengenharia.org.br\/site\/wp-content\/uploads\/2025\/08\/palestras_gertempo-356x220.jpg\"  width=\"356\" height=\"220\" \/><span class=\"td-video-play-ico\"><i class=\"td-icon-video-thumb-play\"><\/i><\/span><\/a><\/div>\r\n            <div class=\"td-module-meta-info\">\r\n                <h3 class=\"entry-title td-module-title\"><a href=\"https:\/\/www.institutodeengenharia.org.br\/site\/2025\/08\/08\/e-possivel-como-transformar-seus-sonhos-em-realidade\/\"  rel=\"bookmark\" title=\"\u00c9 poss\u00edvel! Como transformar seus sonhos em realidade\">\u00c9 poss\u00edvel! Como transformar seus sonhos em realidade<\/a><\/h3>                <div class=\"td-editor-date\">\r\n                                        <span class=\"td-author-date\">\r\n                                                <span class=\"td-post-date\"><time class=\"entry-date updated td-module-date\" datetime=\"2025-08-08T14:05:14-03:00\" >08\/08\/2025<\/time><\/span>                    <\/span>\r\n                <\/div>\r\n            <\/div>\r\n\r\n        <\/div>\r\n\r\n        \n\t<\/div> <!-- .\/td-block-span4 -->\n\n\t<div class=\"td-block-span4\">\n\r\n        <div class=\"td_module_mx1 td_module_wrap td-animation-stack\">\r\n            <div class=\"td-module-thumb\"><a href=\"https:\/\/www.institutodeengenharia.org.br\/site\/2025\/08\/07\/podcast-visao-da-engenharia-o-futuro-das-telecomunicacoes-15\/\"  rel=\"bookmark\" class=\"td-image-wrap \" title=\"PodCast Vis\u00e3o da Engenharia &#8211; O futuro das telecomunica\u00e7\u00f5es #15\" ><img loading=\"lazy\" decoding=\"async\" class=\"entry-thumb\" src=\"data:image\/png;base64,iVBORw0KGgoAAAANSUhEUgAAAWQAAADcAQMAAAB9O0nPAAAAA1BMVEWurq51dlI4AAAAAXRSTlMmkutdmwAAACBJREFUaN7twTEBAAAAwiD7p7bDbmAAAAAAAAAAAABAdieIAAGQh2mWAAAAAElFTkSuQmCC\" alt=\"\" title=\"PodCast Vis\u00e3o da Engenharia &#8211; O futuro das telecomunica\u00e7\u00f5es #15\" data-type=\"image_tag\" data-img-url=\"https:\/\/www.institutodeengenharia.org.br\/site\/wp-content\/uploads\/2025\/08\/Miniatura-Podcast-Visao-da-Engenharia-696-x-392-px-4-356x220.jpg\"  width=\"356\" height=\"220\" \/><span class=\"td-video-play-ico\"><i class=\"td-icon-video-thumb-play\"><\/i><\/span><\/a><\/div>\r\n            <div class=\"td-module-meta-info\">\r\n                <h3 class=\"entry-title td-module-title\"><a href=\"https:\/\/www.institutodeengenharia.org.br\/site\/2025\/08\/07\/podcast-visao-da-engenharia-o-futuro-das-telecomunicacoes-15\/\"  rel=\"bookmark\" title=\"PodCast Vis\u00e3o da Engenharia &#8211; O futuro das telecomunica\u00e7\u00f5es #15\">PodCast Vis\u00e3o da Engenharia &#8211; O futuro das telecomunica\u00e7\u00f5es #15<\/a><\/h3>                <div class=\"td-editor-date\">\r\n                                        <span class=\"td-author-date\">\r\n                                                <span class=\"td-post-date\"><time class=\"entry-date updated td-module-date\" datetime=\"2025-08-07T14:21:57-03:00\" >07\/08\/2025<\/time><\/span>                    <\/span>\r\n                <\/div>\r\n            <\/div>\r\n\r\n        <\/div>\r\n\r\n        \n\t<\/div> <!-- .\/td-block-span4 -->\n\n\t<div class=\"td-block-span4\">\n\r\n        <div class=\"td_module_mx1 td_module_wrap td-animation-stack\">\r\n            <div class=\"td-module-thumb\"><a href=\"https:\/\/www.institutodeengenharia.org.br\/site\/2025\/08\/05\/1-encontro-nacional-sobre-inovacoes-tecnologicas-em-irradiacao-de-alimentos-praticas-transformadoras-para-um-futuro-sustentavel\/\"  rel=\"bookmark\" class=\"td-image-wrap \" title=\"1\u00b0 Encontro Nacional sobre Inova\u00e7\u00f5es Tecnol\u00f3gicas em Irradia\u00e7\u00e3o de Alimentos &#8211; Pr\u00e1ticas Transformadoras para um futuro sustent\u00e1vel\" ><img loading=\"lazy\" decoding=\"async\" class=\"entry-thumb\" src=\"data:image\/png;base64,iVBORw0KGgoAAAANSUhEUgAAAWQAAADcAQMAAAB9O0nPAAAAA1BMVEWurq51dlI4AAAAAXRSTlMmkutdmwAAACBJREFUaN7twTEBAAAAwiD7p7bDbmAAAAAAAAAAAABAdieIAAGQh2mWAAAAAElFTkSuQmCC\" alt=\"\" title=\"1\u00b0 Encontro Nacional sobre Inova\u00e7\u00f5es Tecnol\u00f3gicas em Irradia\u00e7\u00e3o de Alimentos &#8211; Pr\u00e1ticas Transformadoras para um futuro sustent\u00e1vel\" data-type=\"image_tag\" data-img-url=\"https:\/\/www.institutodeengenharia.org.br\/site\/wp-content\/uploads\/2025\/07\/alimentos-356x220.png\"  width=\"356\" height=\"220\" \/><span class=\"td-video-play-ico\"><i class=\"td-icon-video-thumb-play\"><\/i><\/span><\/a><\/div>\r\n            <div class=\"td-module-meta-info\">\r\n                <h3 class=\"entry-title td-module-title\"><a href=\"https:\/\/www.institutodeengenharia.org.br\/site\/2025\/08\/05\/1-encontro-nacional-sobre-inovacoes-tecnologicas-em-irradiacao-de-alimentos-praticas-transformadoras-para-um-futuro-sustentavel\/\"  rel=\"bookmark\" title=\"1\u00b0 Encontro Nacional sobre Inova\u00e7\u00f5es Tecnol\u00f3gicas em Irradia\u00e7\u00e3o de Alimentos &#8211; Pr\u00e1ticas Transformadoras para um futuro sustent\u00e1vel\">1\u00b0 Encontro Nacional sobre Inova\u00e7\u00f5es Tecnol\u00f3gicas em Irradia\u00e7\u00e3o de Alimentos &#8211; Pr\u00e1ticas Transformadoras para um futuro sustent\u00e1vel<\/a><\/h3>                <div class=\"td-editor-date\">\r\n                                        <span class=\"td-author-date\">\r\n                                                <span class=\"td-post-date\"><time class=\"entry-date updated td-module-date\" datetime=\"2025-08-05T11:13:12-03:00\" >05\/08\/2025<\/time><\/span>                    <\/span>\r\n                <\/div>\r\n            <\/div>\r\n\r\n        <\/div>\r\n\r\n        \n\t<\/div> <!-- .\/td-block-span4 --><\/div><!--.\/row-fluid-->\n\n\t<div class=\"td-block-row\">\n\n\t<div class=\"td-block-span4\">\n\r\n        <div class=\"td_module_mx1 td_module_wrap td-animation-stack\">\r\n            <div class=\"td-module-thumb\"><a href=\"https:\/\/www.institutodeengenharia.org.br\/site\/2025\/08\/01\/podcast-visao-da-engenharia-o-futuro-da-engenharia-e-o-impacto-da-ia-e-da-tecnologia-14\/\"  rel=\"bookmark\" class=\"td-image-wrap \" title=\"PodCast Vis\u00e3o da Engenharia \u2013 O futuro da engenharia e o impacto da IA e da tecnologia #14\" ><img loading=\"lazy\" decoding=\"async\" class=\"entry-thumb\" src=\"data:image\/png;base64,iVBORw0KGgoAAAANSUhEUgAAAWQAAADcAQMAAAB9O0nPAAAAA1BMVEWurq51dlI4AAAAAXRSTlMmkutdmwAAACBJREFUaN7twTEBAAAAwiD7p7bDbmAAAAAAAAAAAABAdieIAAGQh2mWAAAAAElFTkSuQmCC\" alt=\"\" title=\"PodCast Vis\u00e3o da Engenharia \u2013 O futuro da engenharia e o impacto da IA e da tecnologia #14\" data-type=\"image_tag\" data-img-url=\"https:\/\/www.institutodeengenharia.org.br\/site\/wp-content\/uploads\/2025\/08\/WhatsApp-Image-2025-07-29-at-12.01.13-356x220.jpeg\"  width=\"356\" height=\"220\" \/><span class=\"td-video-play-ico\"><i class=\"td-icon-video-thumb-play\"><\/i><\/span><\/a><\/div>\r\n            <div class=\"td-module-meta-info\">\r\n                <h3 class=\"entry-title td-module-title\"><a href=\"https:\/\/www.institutodeengenharia.org.br\/site\/2025\/08\/01\/podcast-visao-da-engenharia-o-futuro-da-engenharia-e-o-impacto-da-ia-e-da-tecnologia-14\/\"  rel=\"bookmark\" title=\"PodCast Vis\u00e3o da Engenharia \u2013 O futuro da engenharia e o impacto da IA e da tecnologia #14\">PodCast Vis\u00e3o da Engenharia \u2013 O futuro da engenharia e o impacto da IA e da tecnologia #14<\/a><\/h3>                <div class=\"td-editor-date\">\r\n                                        <span class=\"td-author-date\">\r\n                                                <span class=\"td-post-date\"><time class=\"entry-date updated td-module-date\" datetime=\"2025-08-01T15:49:33-03:00\" >01\/08\/2025<\/time><\/span>                    <\/span>\r\n                <\/div>\r\n            <\/div>\r\n\r\n        <\/div>\r\n\r\n        \n\t<\/div> <!-- .\/td-block-span4 -->\n\n\t<div class=\"td-block-span4\">\n\r\n        <div class=\"td_module_mx1 td_module_wrap td-animation-stack\">\r\n            <div class=\"td-module-thumb\"><a href=\"https:\/\/www.institutodeengenharia.org.br\/site\/2025\/07\/31\/inspecao-tecnica-analise-dinamica-e-consideracoes-de-reforco-estrutural-para-uma-catedral-historica\/\"  rel=\"bookmark\" class=\"td-image-wrap \" title=\"Inspe\u00e7\u00e3o t\u00e9cnica, an\u00e1lise din\u00e2mica e considera\u00e7\u00f5es de refor\u00e7o estrutural para uma Catedral Hist\u00f3rica\" ><img loading=\"lazy\" decoding=\"async\" class=\"entry-thumb\" src=\"data:image\/png;base64,iVBORw0KGgoAAAANSUhEUgAAAWQAAADcAQMAAAB9O0nPAAAAA1BMVEWurq51dlI4AAAAAXRSTlMmkutdmwAAACBJREFUaN7twTEBAAAAwiD7p7bDbmAAAAAAAAAAAABAdieIAAGQh2mWAAAAAElFTkSuQmCC\" alt=\"\" title=\"Inspe\u00e7\u00e3o t\u00e9cnica, an\u00e1lise din\u00e2mica e considera\u00e7\u00f5es de refor\u00e7o estrutural para uma Catedral Hist\u00f3rica\" data-type=\"image_tag\" data-img-url=\"https:\/\/www.institutodeengenharia.org.br\/site\/wp-content\/uploads\/2025\/08\/CAPA-PALESTRA-ONLINE-5-1-356x220.jpg\"  width=\"356\" height=\"220\" \/><span class=\"td-video-play-ico\"><i class=\"td-icon-video-thumb-play\"><\/i><\/span><\/a><\/div>\r\n            <div class=\"td-module-meta-info\">\r\n                <h3 class=\"entry-title td-module-title\"><a href=\"https:\/\/www.institutodeengenharia.org.br\/site\/2025\/07\/31\/inspecao-tecnica-analise-dinamica-e-consideracoes-de-reforco-estrutural-para-uma-catedral-historica\/\"  rel=\"bookmark\" title=\"Inspe\u00e7\u00e3o t\u00e9cnica, an\u00e1lise din\u00e2mica e considera\u00e7\u00f5es de refor\u00e7o estrutural para uma Catedral Hist\u00f3rica\">Inspe\u00e7\u00e3o t\u00e9cnica, an\u00e1lise din\u00e2mica e considera\u00e7\u00f5es de refor\u00e7o estrutural para uma Catedral Hist\u00f3rica<\/a><\/h3>                <div class=\"td-editor-date\">\r\n                                        <span class=\"td-author-date\">\r\n                                                <span class=\"td-post-date\"><time class=\"entry-date updated td-module-date\" datetime=\"2025-07-31T14:07:38-03:00\" >31\/07\/2025<\/time><\/span>                    <\/span>\r\n                <\/div>\r\n            <\/div>\r\n\r\n        <\/div>\r\n\r\n        \n\t<\/div> <!-- .\/td-block-span4 -->\n\n\t<div class=\"td-block-span4\">\n\r\n        <div class=\"td_module_mx1 td_module_wrap td-animation-stack\">\r\n            <div class=\"td-module-thumb\"><a href=\"https:\/\/www.institutodeengenharia.org.br\/site\/2025\/07\/24\/mobilidade-sobre-duas-rodas-desafios-comportamentos-e-solucoes\/\"  rel=\"bookmark\" class=\"td-image-wrap \" title=\"Mobilidade sobre duas rodas: desafios, comportamentos e solu\u00e7\u00f5es\" ><img loading=\"lazy\" decoding=\"async\" class=\"entry-thumb\" src=\"data:image\/png;base64,iVBORw0KGgoAAAANSUhEUgAAAWQAAADcAQMAAAB9O0nPAAAAA1BMVEWurq51dlI4AAAAAXRSTlMmkutdmwAAACBJREFUaN7twTEBAAAAwiD7p7bDbmAAAAAAAAAAAABAdieIAAGQh2mWAAAAAElFTkSuQmCC\" alt=\"\" title=\"Mobilidade sobre duas rodas: desafios, comportamentos e solu\u00e7\u00f5es\" data-type=\"image_tag\" data-img-url=\"https:\/\/www.institutodeengenharia.org.br\/site\/wp-content\/uploads\/2025\/06\/eventomobilidade-314x220.png\"  width=\"314\" height=\"220\" \/><span class=\"td-video-play-ico\"><i class=\"td-icon-video-thumb-play\"><\/i><\/span><\/a><\/div>\r\n            <div class=\"td-module-meta-info\">\r\n                <h3 class=\"entry-title td-module-title\"><a href=\"https:\/\/www.institutodeengenharia.org.br\/site\/2025\/07\/24\/mobilidade-sobre-duas-rodas-desafios-comportamentos-e-solucoes\/\"  rel=\"bookmark\" title=\"Mobilidade sobre duas rodas: desafios, comportamentos e solu\u00e7\u00f5es\">Mobilidade sobre duas rodas: desafios, comportamentos e solu\u00e7\u00f5es<\/a><\/h3>                <div class=\"td-editor-date\">\r\n                                        <span class=\"td-author-date\">\r\n                                                <span class=\"td-post-date\"><time class=\"entry-date updated td-module-date\" datetime=\"2025-07-24T16:37:11-03:00\" >24\/07\/2025<\/time><\/span>                    <\/span>\r\n                <\/div>\r\n            <\/div>\r\n\r\n        <\/div>\r\n\r\n        \n\t<\/div> <!-- .\/td-block-span4 --><\/div><!--.\/row-fluid-->\n\n\t<div class=\"td-block-row\">\n\n\t<div class=\"td-block-span4\">\n\r\n        <div class=\"td_module_mx1 td_module_wrap td-animation-stack\">\r\n            <div class=\"td-module-thumb\"><a href=\"https:\/\/www.institutodeengenharia.org.br\/site\/2025\/07\/17\/podcast-visao-da-engenharia-bastidores-do-gerenciamento-e-dos-empreendimentos-imobiliarios-no-brasil-13\/\"  rel=\"bookmark\" class=\"td-image-wrap \" title=\"PodCast Vis\u00e3o da Engenharia &#8211; Bastidores do Gerenciamento e dos Empreendimentos Imobili\u00e1rios no Brasil #13\" ><img loading=\"lazy\" decoding=\"async\" class=\"entry-thumb\" src=\"data:image\/png;base64,iVBORw0KGgoAAAANSUhEUgAAAWQAAADcAQMAAAB9O0nPAAAAA1BMVEWurq51dlI4AAAAAXRSTlMmkutdmwAAACBJREFUaN7twTEBAAAAwiD7p7bDbmAAAAAAAAAAAABAdieIAAGQh2mWAAAAAElFTkSuQmCC\" alt=\"\" title=\"PodCast Vis\u00e3o da Engenharia &#8211; Bastidores do Gerenciamento e dos Empreendimentos Imobili\u00e1rios no Brasil #13\" data-type=\"image_tag\" data-img-url=\"https:\/\/www.institutodeengenharia.org.br\/site\/wp-content\/uploads\/2025\/07\/Miniatura-Podcast-Visao-da-Engenharia-696-x-392-px-1-356x220.jpg\"  width=\"356\" height=\"220\" \/><span class=\"td-video-play-ico\"><i class=\"td-icon-video-thumb-play\"><\/i><\/span><\/a><\/div>\r\n            <div class=\"td-module-meta-info\">\r\n                <h3 class=\"entry-title td-module-title\"><a href=\"https:\/\/www.institutodeengenharia.org.br\/site\/2025\/07\/17\/podcast-visao-da-engenharia-bastidores-do-gerenciamento-e-dos-empreendimentos-imobiliarios-no-brasil-13\/\"  rel=\"bookmark\" title=\"PodCast Vis\u00e3o da Engenharia &#8211; Bastidores do Gerenciamento e dos Empreendimentos Imobili\u00e1rios no Brasil #13\">PodCast Vis\u00e3o da Engenharia &#8211; Bastidores do Gerenciamento e dos Empreendimentos Imobili\u00e1rios no Brasil #13<\/a><\/h3>                <div class=\"td-editor-date\">\r\n                                        <span class=\"td-author-date\">\r\n                                                <span class=\"td-post-date\"><time class=\"entry-date updated td-module-date\" datetime=\"2025-07-17T14:55:27-03:00\" >17\/07\/2025<\/time><\/span>                    <\/span>\r\n                <\/div>\r\n            <\/div>\r\n\r\n        <\/div>\r\n\r\n        \n\t<\/div> <!-- .\/td-block-span4 -->\n\n\t<div class=\"td-block-span4\">\n\r\n        <div class=\"td_module_mx1 td_module_wrap td-animation-stack\">\r\n            <div class=\"td-module-thumb\"><a href=\"https:\/\/www.institutodeengenharia.org.br\/site\/2025\/07\/11\/o-que-foi-a-revolucao-constitucionalista-de-1932\/\"  rel=\"bookmark\" class=\"td-image-wrap \" title=\"O que foi a Revolu\u00e7\u00e3o Constitucionalista de 1932\" ><img loading=\"lazy\" decoding=\"async\" class=\"entry-thumb\" src=\"data:image\/png;base64,iVBORw0KGgoAAAANSUhEUgAAAWQAAADcAQMAAAB9O0nPAAAAA1BMVEWurq51dlI4AAAAAXRSTlMmkutdmwAAACBJREFUaN7twTEBAAAAwiD7p7bDbmAAAAAAAAAAAABAdieIAAGQh2mWAAAAAElFTkSuQmCC\" alt=\"\" title=\"O que foi a Revolu\u00e7\u00e3o Constitucionalista de 1932\" data-type=\"image_tag\" data-img-url=\"https:\/\/www.institutodeengenharia.org.br\/site\/wp-content\/uploads\/2025\/06\/31_1-356x220.png\"  width=\"356\" height=\"220\" \/><span class=\"td-video-play-ico\"><i class=\"td-icon-video-thumb-play\"><\/i><\/span><\/a><\/div>\r\n            <div class=\"td-module-meta-info\">\r\n                <h3 class=\"entry-title td-module-title\"><a href=\"https:\/\/www.institutodeengenharia.org.br\/site\/2025\/07\/11\/o-que-foi-a-revolucao-constitucionalista-de-1932\/\"  rel=\"bookmark\" title=\"O que foi a Revolu\u00e7\u00e3o Constitucionalista de 1932\">O que foi a Revolu\u00e7\u00e3o Constitucionalista de 1932<\/a><\/h3>                <div class=\"td-editor-date\">\r\n                                        <span class=\"td-author-date\">\r\n                                                <span class=\"td-post-date\"><time class=\"entry-date updated td-module-date\" datetime=\"2025-07-11T17:22:32-03:00\" >11\/07\/2025<\/time><\/span>                    <\/span>\r\n                <\/div>\r\n            <\/div>\r\n\r\n        <\/div>\r\n\r\n        \n\t<\/div> <!-- .\/td-block-span4 -->\n\n\t<div class=\"td-block-span4\">\n\r\n        <div class=\"td_module_mx1 td_module_wrap td-animation-stack\">\r\n            <div class=\"td-module-thumb\"><a href=\"https:\/\/www.institutodeengenharia.org.br\/site\/2025\/07\/10\/elaboracao-de-orcamentos-de-obra-no-padrao-caixa-e-linhas-de-credito-da-caixa-para-engenharia-e-construcao\/\"  rel=\"bookmark\" class=\"td-image-wrap \" title=\"Elabora\u00e7\u00e3o de or\u00e7amentos de obra no padr\u00e3o caixa e linhas de cr\u00e9dito da caixa para engenharia e constru\u00e7\u00e3o\" ><img loading=\"lazy\" decoding=\"async\" class=\"entry-thumb\" src=\"data:image\/png;base64,iVBORw0KGgoAAAANSUhEUgAAAWQAAADcAQMAAAB9O0nPAAAAA1BMVEWurq51dlI4AAAAAXRSTlMmkutdmwAAACBJREFUaN7twTEBAAAAwiD7p7bDbmAAAAAAAAAAAABAdieIAAGQh2mWAAAAAElFTkSuQmCC\" alt=\"\" title=\"Elabora\u00e7\u00e3o de or\u00e7amentos de obra no padr\u00e3o caixa e linhas de cr\u00e9dito da caixa para engenharia e constru\u00e7\u00e3o\" data-type=\"image_tag\" data-img-url=\"https:\/\/www.institutodeengenharia.org.br\/site\/wp-content\/uploads\/2025\/08\/CAPA-PALESTRA-ONLINE-3-1-356x220.jpg\"  width=\"356\" height=\"220\" \/><span class=\"td-video-play-ico\"><i class=\"td-icon-video-thumb-play\"><\/i><\/span><\/a><\/div>\r\n            <div class=\"td-module-meta-info\">\r\n                <h3 class=\"entry-title td-module-title\"><a href=\"https:\/\/www.institutodeengenharia.org.br\/site\/2025\/07\/10\/elaboracao-de-orcamentos-de-obra-no-padrao-caixa-e-linhas-de-credito-da-caixa-para-engenharia-e-construcao\/\"  rel=\"bookmark\" title=\"Elabora\u00e7\u00e3o de or\u00e7amentos de obra no padr\u00e3o caixa e linhas de cr\u00e9dito da caixa para engenharia e constru\u00e7\u00e3o\">Elabora\u00e7\u00e3o de or\u00e7amentos de obra no padr\u00e3o caixa e linhas de cr\u00e9dito da caixa para engenharia e constru\u00e7\u00e3o<\/a><\/h3>                <div class=\"td-editor-date\">\r\n                                        <span class=\"td-author-date\">\r\n                                                <span class=\"td-post-date\"><time class=\"entry-date updated td-module-date\" datetime=\"2025-07-10T14:43:08-03:00\" >10\/07\/2025<\/time><\/span>                    <\/span>\r\n                <\/div>\r\n            <\/div>\r\n\r\n        <\/div>\r\n\r\n        \n\t<\/div> <!-- .\/td-block-span4 --><\/div><!--.\/row-fluid-->\n\n\t<div class=\"td-block-row\">\n\n\t<div class=\"td-block-span4\">\n\r\n        <div class=\"td_module_mx1 td_module_wrap td-animation-stack\">\r\n            <div class=\"td-module-thumb\"><a href=\"https:\/\/www.institutodeengenharia.org.br\/site\/2025\/07\/08\/32o-encontro-aberto-gt-bioeconomia-nacional\/\"  rel=\"bookmark\" class=\"td-image-wrap \" title=\"32\u00ba Encontro Aberto GT Bioeconomia Nacional\" ><img loading=\"lazy\" decoding=\"async\" class=\"entry-thumb\" src=\"data:image\/png;base64,iVBORw0KGgoAAAANSUhEUgAAAWQAAADcAQMAAAB9O0nPAAAAA1BMVEWurq51dlI4AAAAAXRSTlMmkutdmwAAACBJREFUaN7twTEBAAAAwiD7p7bDbmAAAAAAAAAAAABAdieIAAGQh2mWAAAAAElFTkSuQmCC\" alt=\"\" title=\"32\u00ba Encontro Aberto GT Bioeconomia Nacional\" data-type=\"image_tag\" data-img-url=\"https:\/\/www.institutodeengenharia.org.br\/site\/wp-content\/uploads\/2025\/08\/CAPA-PALESTRA-ONLINE-2-1-356x220.jpg\"  width=\"356\" height=\"220\" \/><span class=\"td-video-play-ico\"><i class=\"td-icon-video-thumb-play\"><\/i><\/span><\/a><\/div>\r\n            <div class=\"td-module-meta-info\">\r\n                <h3 class=\"entry-title td-module-title\"><a href=\"https:\/\/www.institutodeengenharia.org.br\/site\/2025\/07\/08\/32o-encontro-aberto-gt-bioeconomia-nacional\/\"  rel=\"bookmark\" title=\"32\u00ba Encontro Aberto GT Bioeconomia Nacional\">32\u00ba Encontro Aberto GT Bioeconomia Nacional<\/a><\/h3>                <div class=\"td-editor-date\">\r\n                                        <span class=\"td-author-date\">\r\n                                                <span class=\"td-post-date\"><time class=\"entry-date updated td-module-date\" datetime=\"2025-07-08T14:39:37-03:00\" >08\/07\/2025<\/time><\/span>                    <\/span>\r\n                <\/div>\r\n            <\/div>\r\n\r\n        <\/div>\r\n\r\n        \n\t<\/div> <!-- .\/td-block-span4 -->\n\n\t<div class=\"td-block-span4\">\n\r\n        <div class=\"td_module_mx1 td_module_wrap td-animation-stack\">\r\n            <div class=\"td-module-thumb\"><a href=\"https:\/\/www.institutodeengenharia.org.br\/site\/2025\/07\/02\/seguranca-comportamental-2-0\/\"  rel=\"bookmark\" class=\"td-image-wrap \" title=\"Seguran\u00e7a Comportamental 2.0\" ><img loading=\"lazy\" decoding=\"async\" class=\"entry-thumb\" src=\"data:image\/png;base64,iVBORw0KGgoAAAANSUhEUgAAAWQAAADcAQMAAAB9O0nPAAAAA1BMVEWurq51dlI4AAAAAXRSTlMmkutdmwAAACBJREFUaN7twTEBAAAAwiD7p7bDbmAAAAAAAAAAAABAdieIAAGQh2mWAAAAAElFTkSuQmCC\" alt=\"\" title=\"Seguran\u00e7a Comportamental 2.0\" data-type=\"image_tag\" data-img-url=\"https:\/\/www.institutodeengenharia.org.br\/site\/wp-content\/uploads\/2025\/08\/CAPA-PALESTRA-ONLINE-6-356x220.jpg\"  width=\"356\" height=\"220\" \/><span class=\"td-video-play-ico\"><i class=\"td-icon-video-thumb-play\"><\/i><\/span><\/a><\/div>\r\n            <div class=\"td-module-meta-info\">\r\n                <h3 class=\"entry-title td-module-title\"><a href=\"https:\/\/www.institutodeengenharia.org.br\/site\/2025\/07\/02\/seguranca-comportamental-2-0\/\"  rel=\"bookmark\" title=\"Seguran\u00e7a Comportamental 2.0\">Seguran\u00e7a Comportamental 2.0<\/a><\/h3>                <div class=\"td-editor-date\">\r\n                                        <span class=\"td-author-date\">\r\n                                                <span class=\"td-post-date\"><time class=\"entry-date updated td-module-date\" datetime=\"2025-07-02T14:34:45-03:00\" >02\/07\/2025<\/time><\/span>                    <\/span>\r\n                <\/div>\r\n            <\/div>\r\n\r\n        <\/div>\r\n\r\n        \n\t<\/div> <!-- .\/td-block-span4 -->\n\n\t<div class=\"td-block-span4\">\n\r\n        <div class=\"td_module_mx1 td_module_wrap td-animation-stack\">\r\n            <div class=\"td-module-thumb\"><a href=\"https:\/\/www.institutodeengenharia.org.br\/site\/2025\/07\/01\/podcast-visao-da-engenharia-energia-desafios-e-transformacao-12\/\"  rel=\"bookmark\" class=\"td-image-wrap \" title=\"PodCast Vis\u00e3o da Engenharia &#8211; Energia, desafios e transforma\u00e7\u00e3o #12\" ><img loading=\"lazy\" decoding=\"async\" class=\"entry-thumb\" src=\"data:image\/png;base64,iVBORw0KGgoAAAANSUhEUgAAAWQAAADcAQMAAAB9O0nPAAAAA1BMVEWurq51dlI4AAAAAXRSTlMmkutdmwAAACBJREFUaN7twTEBAAAAwiD7p7bDbmAAAAAAAAAAAABAdieIAAGQh2mWAAAAAElFTkSuQmCC\" alt=\"\" title=\"PodCast Vis\u00e3o da Engenharia &#8211; Energia, desafios e transforma\u00e7\u00e3o #12\" data-type=\"image_tag\" data-img-url=\"https:\/\/www.institutodeengenharia.org.br\/site\/wp-content\/uploads\/2025\/07\/Miniatura-Podcast-Visao-da-Engenharia-696-x-392-px-356x220.jpg\"  width=\"356\" height=\"220\" \/><span class=\"td-video-play-ico\"><i class=\"td-icon-video-thumb-play\"><\/i><\/span><\/a><\/div>\r\n            <div class=\"td-module-meta-info\">\r\n                <h3 class=\"entry-title td-module-title\"><a href=\"https:\/\/www.institutodeengenharia.org.br\/site\/2025\/07\/01\/podcast-visao-da-engenharia-energia-desafios-e-transformacao-12\/\"  rel=\"bookmark\" title=\"PodCast Vis\u00e3o da Engenharia &#8211; Energia, desafios e transforma\u00e7\u00e3o #12\">PodCast Vis\u00e3o da Engenharia &#8211; Energia, desafios e transforma\u00e7\u00e3o #12<\/a><\/h3>                <div class=\"td-editor-date\">\r\n                                        <span class=\"td-author-date\">\r\n                                                <span class=\"td-post-date\"><time class=\"entry-date updated td-module-date\" datetime=\"2025-07-01T10:32:57-03:00\" >01\/07\/2025<\/time><\/span>                    <\/span>\r\n                <\/div>\r\n            <\/div>\r\n\r\n        <\/div>\r\n\r\n        \n\t<\/div> <!-- .\/td-block-span4 --><\/div><!--.\/row-fluid-->\n\n\t<div class=\"td-block-row\">\n\n\t<div class=\"td-block-span4\">\n\r\n        <div class=\"td_module_mx1 td_module_wrap td-animation-stack\">\r\n            <div class=\"td-module-thumb\"><a href=\"https:\/\/www.institutodeengenharia.org.br\/site\/2025\/06\/26\/hidrovias-urbanas-em-sao-paulo-desafios-e-oportunidades\/\"  rel=\"bookmark\" class=\"td-image-wrap \" title=\"Hidrovias Urbanas em S\u00e3o Paulo: Desafios e Oportunidades\" ><img loading=\"lazy\" decoding=\"async\" class=\"entry-thumb\" src=\"data:image\/png;base64,iVBORw0KGgoAAAANSUhEUgAAAWQAAADcAQMAAAB9O0nPAAAAA1BMVEWurq51dlI4AAAAAXRSTlMmkutdmwAAACBJREFUaN7twTEBAAAAwiD7p7bDbmAAAAAAAAAAAABAdieIAAGQh2mWAAAAAElFTkSuQmCC\" alt=\"\" title=\"Hidrovias Urbanas em S\u00e3o Paulo: Desafios e Oportunidades\" data-type=\"image_tag\" data-img-url=\"https:\/\/www.institutodeengenharia.org.br\/site\/wp-content\/uploads\/2025\/03\/palestraurbanismo-356x220.png\"  width=\"356\" height=\"220\" \/><span class=\"td-video-play-ico\"><i class=\"td-icon-video-thumb-play\"><\/i><\/span><\/a><\/div>\r\n            <div class=\"td-module-meta-info\">\r\n                <h3 class=\"entry-title td-module-title\"><a href=\"https:\/\/www.institutodeengenharia.org.br\/site\/2025\/06\/26\/hidrovias-urbanas-em-sao-paulo-desafios-e-oportunidades\/\"  rel=\"bookmark\" title=\"Hidrovias Urbanas em S\u00e3o Paulo: Desafios e Oportunidades\">Hidrovias Urbanas em S\u00e3o Paulo: Desafios e Oportunidades<\/a><\/h3>                <div class=\"td-editor-date\">\r\n                                        <span class=\"td-author-date\">\r\n                                                <span class=\"td-post-date\"><time class=\"entry-date updated td-module-date\" datetime=\"2025-06-26T11:11:34-03:00\" >26\/06\/2025<\/time><\/span>                    <\/span>\r\n                <\/div>\r\n            <\/div>\r\n\r\n        <\/div>\r\n\r\n        \n\t<\/div> <!-- .\/td-block-span4 -->\n\n\t<div class=\"td-block-span4\">\n\r\n        <div class=\"td_module_mx1 td_module_wrap td-animation-stack\">\r\n            <div class=\"td-module-thumb\"><a href=\"https:\/\/www.institutodeengenharia.org.br\/site\/2025\/06\/26\/iot-conceitos-e-aplicacoes\/\"  rel=\"bookmark\" class=\"td-image-wrap \" title=\"IOT &#8211; Conceitos e aplica\u00e7\u00f5es\" ><img loading=\"lazy\" decoding=\"async\" class=\"entry-thumb\" src=\"data:image\/png;base64,iVBORw0KGgoAAAANSUhEUgAAAWQAAADcAQMAAAB9O0nPAAAAA1BMVEWurq51dlI4AAAAAXRSTlMmkutdmwAAACBJREFUaN7twTEBAAAAwiD7p7bDbmAAAAAAAAAAAABAdieIAAGQh2mWAAAAAElFTkSuQmCC\" alt=\"\" title=\"IOT &#8211; Conceitos e aplica\u00e7\u00f5es\" data-type=\"image_tag\" data-img-url=\"https:\/\/www.institutodeengenharia.org.br\/site\/wp-content\/uploads\/2025\/06\/CAPA-PALESTRA-ONLINE-2-356x220.jpg\"  width=\"356\" height=\"220\" \/><span class=\"td-video-play-ico\"><i class=\"td-icon-video-thumb-play\"><\/i><\/span><\/a><\/div>\r\n            <div class=\"td-module-meta-info\">\r\n                <h3 class=\"entry-title td-module-title\"><a href=\"https:\/\/www.institutodeengenharia.org.br\/site\/2025\/06\/26\/iot-conceitos-e-aplicacoes\/\"  rel=\"bookmark\" title=\"IOT &#8211; Conceitos e aplica\u00e7\u00f5es\">IOT &#8211; Conceitos e aplica\u00e7\u00f5es<\/a><\/h3>                <div class=\"td-editor-date\">\r\n                                        <span class=\"td-author-date\">\r\n                                                <span class=\"td-post-date\"><time class=\"entry-date updated td-module-date\" datetime=\"2025-06-26T10:52:29-03:00\" >26\/06\/2025<\/time><\/span>                    <\/span>\r\n                <\/div>\r\n            <\/div>\r\n\r\n        <\/div>\r\n\r\n        \n\t<\/div> <!-- .\/td-block-span4 -->\n\n\t<div class=\"td-block-span4\">\n\r\n        <div class=\"td_module_mx1 td_module_wrap td-animation-stack\">\r\n            <div class=\"td-module-thumb\"><a href=\"https:\/\/www.institutodeengenharia.org.br\/site\/2025\/06\/25\/como-elaborar-um-laudo-tecnico-de-engenharia-e-de-avaliacao-em-um-processo-judicial-2\/\"  rel=\"bookmark\" class=\"td-image-wrap \" title=\"Como elaborar um laudo t\u00e9cnico de engenharia e de avalia\u00e7\u00e3o em um processo judicial\" ><img loading=\"lazy\" decoding=\"async\" class=\"entry-thumb\" src=\"data:image\/png;base64,iVBORw0KGgoAAAANSUhEUgAAAWQAAADcAQMAAAB9O0nPAAAAA1BMVEWurq51dlI4AAAAAXRSTlMmkutdmwAAACBJREFUaN7twTEBAAAAwiD7p7bDbmAAAAAAAAAAAABAdieIAAGQh2mWAAAAAElFTkSuQmCC\" alt=\"\" title=\"Como elaborar um laudo t\u00e9cnico de engenharia e de avalia\u00e7\u00e3o em um processo judicial\" data-type=\"image_tag\" data-img-url=\"https:\/\/www.institutodeengenharia.org.br\/site\/wp-content\/uploads\/2025\/07\/CAPA-PALESTRA-ONLINE-1-2-356x220.jpg\"  width=\"356\" height=\"220\" \/><span class=\"td-video-play-ico\"><i class=\"td-icon-video-thumb-play\"><\/i><\/span><\/a><\/div>\r\n            <div class=\"td-module-meta-info\">\r\n                <h3 class=\"entry-title td-module-title\"><a href=\"https:\/\/www.institutodeengenharia.org.br\/site\/2025\/06\/25\/como-elaborar-um-laudo-tecnico-de-engenharia-e-de-avaliacao-em-um-processo-judicial-2\/\"  rel=\"bookmark\" title=\"Como elaborar um laudo t\u00e9cnico de engenharia e de avalia\u00e7\u00e3o em um processo judicial\">Como elaborar um laudo t\u00e9cnico de engenharia e de avalia\u00e7\u00e3o em um processo judicial<\/a><\/h3>                <div class=\"td-editor-date\">\r\n                                        <span class=\"td-author-date\">\r\n                                                <span class=\"td-post-date\"><time class=\"entry-date updated td-module-date\" datetime=\"2025-06-25T14:46:27-03:00\" >25\/06\/2025<\/time><\/span>                    <\/span>\r\n                <\/div>\r\n            <\/div>\r\n\r\n        <\/div>\r\n\r\n        \n\t<\/div> <!-- .\/td-block-span4 --><\/div><!--.\/row-fluid-->\n\n\t<div class=\"td-block-row\">\n\n\t<div class=\"td-block-span4\">\n\r\n        <div class=\"td_module_mx1 td_module_wrap td-animation-stack\">\r\n            <div class=\"td-module-thumb\"><a href=\"https:\/\/www.institutodeengenharia.org.br\/site\/2025\/06\/25\/quarta-musical-tributo-a-nat-king-cole\/\"  rel=\"bookmark\" class=\"td-image-wrap \" title=\"Quarta Musical &#8211; Tributo a Nat King Cole\" ><img loading=\"lazy\" decoding=\"async\" class=\"entry-thumb\" src=\"data:image\/png;base64,iVBORw0KGgoAAAANSUhEUgAAAWQAAADcAQMAAAB9O0nPAAAAA1BMVEWurq51dlI4AAAAAXRSTlMmkutdmwAAACBJREFUaN7twTEBAAAAwiD7p7bDbmAAAAAAAAAAAABAdieIAAGQh2mWAAAAAElFTkSuQmCC\" alt=\"\" title=\"Quarta Musical &#8211; Tributo a Nat King Cole\" data-type=\"image_tag\" data-img-url=\"https:\/\/www.institutodeengenharia.org.br\/site\/wp-content\/uploads\/2025\/06\/marcelomazano-356x220.png\"  width=\"356\" height=\"220\" \/><span class=\"td-video-play-ico\"><i class=\"td-icon-video-thumb-play\"><\/i><\/span><\/a><\/div>\r\n            <div class=\"td-module-meta-info\">\r\n                <h3 class=\"entry-title td-module-title\"><a href=\"https:\/\/www.institutodeengenharia.org.br\/site\/2025\/06\/25\/quarta-musical-tributo-a-nat-king-cole\/\"  rel=\"bookmark\" title=\"Quarta Musical &#8211; Tributo a Nat King Cole\">Quarta Musical &#8211; Tributo a Nat King Cole<\/a><\/h3>                <div class=\"td-editor-date\">\r\n                                        <span class=\"td-author-date\">\r\n                                                <span class=\"td-post-date\"><time class=\"entry-date updated td-module-date\" datetime=\"2025-06-25T11:18:54-03:00\" >25\/06\/2025<\/time><\/span>                    <\/span>\r\n                <\/div>\r\n            <\/div>\r\n\r\n        <\/div>\r\n\r\n        \n\t<\/div> <!-- .\/td-block-span4 -->\n\n\t<div class=\"td-block-span4\">\n\r\n        <div class=\"td_module_mx1 td_module_wrap td-animation-stack\">\r\n            <div class=\"td-module-thumb\"><a href=\"https:\/\/www.institutodeengenharia.org.br\/site\/2025\/06\/24\/horizonte-de-oportunidades-no-og-brasileiro\/\"  rel=\"bookmark\" class=\"td-image-wrap \" title=\"Horizonte de Oportunidades no O&#038;G Brasileiro\" ><img loading=\"lazy\" decoding=\"async\" class=\"entry-thumb\" src=\"data:image\/png;base64,iVBORw0KGgoAAAANSUhEUgAAAWQAAADcAQMAAAB9O0nPAAAAA1BMVEWurq51dlI4AAAAAXRSTlMmkutdmwAAACBJREFUaN7twTEBAAAAwiD7p7bDbmAAAAAAAAAAAABAdieIAAGQh2mWAAAAAElFTkSuQmCC\" alt=\"\" title=\"Horizonte de Oportunidades no O&#038;G Brasileiro\" data-type=\"image_tag\" data-img-url=\"https:\/\/www.institutodeengenharia.org.br\/site\/wp-content\/uploads\/2025\/05\/WhatsApp-Image-2025-05-28-at-10.40.13-356x220.jpeg\"  width=\"356\" height=\"220\" \/><span class=\"td-video-play-ico\"><i class=\"td-icon-video-thumb-play\"><\/i><\/span><\/a><\/div>\r\n            <div class=\"td-module-meta-info\">\r\n                <h3 class=\"entry-title td-module-title\"><a href=\"https:\/\/www.institutodeengenharia.org.br\/site\/2025\/06\/24\/horizonte-de-oportunidades-no-og-brasileiro\/\"  rel=\"bookmark\" title=\"Horizonte de Oportunidades no O&#038;G Brasileiro\">Horizonte de Oportunidades no O&#038;G Brasileiro<\/a><\/h3>                <div class=\"td-editor-date\">\r\n                                        <span class=\"td-author-date\">\r\n                                                <span class=\"td-post-date\"><time class=\"entry-date updated td-module-date\" datetime=\"2025-06-24T09:58:51-03:00\" >24\/06\/2025<\/time><\/span>                    <\/span>\r\n                <\/div>\r\n            <\/div>\r\n\r\n        <\/div>\r\n\r\n        \n\t<\/div> <!-- .\/td-block-span4 -->\n\n\t<div class=\"td-block-span4\">\n\r\n        <div class=\"td_module_mx1 td_module_wrap td-animation-stack\">\r\n            <div class=\"td-module-thumb\"><a href=\"https:\/\/www.institutodeengenharia.org.br\/site\/2025\/06\/17\/pericias-e-suas-tecnologias\/\"  rel=\"bookmark\" class=\"td-image-wrap \" title=\"Per\u00edcias e suas tecnologias\" ><img loading=\"lazy\" decoding=\"async\" class=\"entry-thumb\" src=\"data:image\/png;base64,iVBORw0KGgoAAAANSUhEUgAAAWQAAADcAQMAAAB9O0nPAAAAA1BMVEWurq51dlI4AAAAAXRSTlMmkutdmwAAACBJREFUaN7twTEBAAAAwiD7p7bDbmAAAAAAAAAAAABAdieIAAGQh2mWAAAAAElFTkSuQmCC\" alt=\"\" title=\"Per\u00edcias e suas tecnologias\" data-type=\"image_tag\" data-img-url=\"https:\/\/www.institutodeengenharia.org.br\/site\/wp-content\/uploads\/2025\/07\/PERICIAS-E-SUAS-TECNOLOGIAS-356x220.jpg\"  width=\"356\" height=\"220\" \/><span class=\"td-video-play-ico\"><i class=\"td-icon-video-thumb-play\"><\/i><\/span><\/a><\/div>\r\n            <div class=\"td-module-meta-info\">\r\n                <h3 class=\"entry-title td-module-title\"><a href=\"https:\/\/www.institutodeengenharia.org.br\/site\/2025\/06\/17\/pericias-e-suas-tecnologias\/\"  rel=\"bookmark\" title=\"Per\u00edcias e suas tecnologias\">Per\u00edcias e suas tecnologias<\/a><\/h3>                <div class=\"td-editor-date\">\r\n                                        <span class=\"td-author-date\">\r\n                                                <span class=\"td-post-date\"><time class=\"entry-date updated td-module-date\" datetime=\"2025-06-17T15:39:51-03:00\" >17\/06\/2025<\/time><\/span>                    <\/span>\r\n                <\/div>\r\n            <\/div>\r\n\r\n        <\/div>\r\n\r\n        \n\t<\/div> <!-- .\/td-block-span4 --><\/div><!--.\/row-fluid-->\n\n\t<div class=\"td-block-row\">\n\n\t<div class=\"td-block-span4\">\n\r\n        <div class=\"td_module_mx1 td_module_wrap td-animation-stack\">\r\n            <div class=\"td-module-thumb\"><a href=\"https:\/\/www.institutodeengenharia.org.br\/site\/2025\/06\/17\/31o-encontro-aberto-gt-bioeconomia-nacional\/\"  rel=\"bookmark\" class=\"td-image-wrap \" title=\"31\u00ba Encontro Aberto GT Bioeconomia Nacional\" ><img loading=\"lazy\" decoding=\"async\" class=\"entry-thumb\" src=\"data:image\/png;base64,iVBORw0KGgoAAAANSUhEUgAAAWQAAADcAQMAAAB9O0nPAAAAA1BMVEWurq51dlI4AAAAAXRSTlMmkutdmwAAACBJREFUaN7twTEBAAAAwiD7p7bDbmAAAAAAAAAAAABAdieIAAGQh2mWAAAAAElFTkSuQmCC\" alt=\"\" title=\"31\u00ba Encontro Aberto GT Bioeconomia Nacional\" data-type=\"image_tag\" data-img-url=\"https:\/\/www.institutodeengenharia.org.br\/site\/wp-content\/uploads\/2025\/06\/CAPA-PALESTRA-ONLINE-2-4-356x220.jpg\"  width=\"356\" height=\"220\" \/><span class=\"td-video-play-ico\"><i class=\"td-icon-video-thumb-play\"><\/i><\/span><\/a><\/div>\r\n            <div class=\"td-module-meta-info\">\r\n                <h3 class=\"entry-title td-module-title\"><a href=\"https:\/\/www.institutodeengenharia.org.br\/site\/2025\/06\/17\/31o-encontro-aberto-gt-bioeconomia-nacional\/\"  rel=\"bookmark\" title=\"31\u00ba Encontro Aberto GT Bioeconomia Nacional\">31\u00ba Encontro Aberto GT Bioeconomia Nacional<\/a><\/h3>                <div class=\"td-editor-date\">\r\n                                        <span class=\"td-author-date\">\r\n                                                <span class=\"td-post-date\"><time class=\"entry-date updated td-module-date\" datetime=\"2025-06-17T11:58:22-03:00\" >17\/06\/2025<\/time><\/span>                    <\/span>\r\n                <\/div>\r\n            <\/div>\r\n\r\n        <\/div>\r\n\r\n        \n\t<\/div> <!-- .\/td-block-span4 -->\n\n\t<div class=\"td-block-span4\">\n\r\n        <div class=\"td_module_mx1 td_module_wrap td-animation-stack\">\r\n            <div class=\"td-module-thumb\"><a href=\"https:\/\/www.institutodeengenharia.org.br\/site\/2025\/06\/12\/podcast-visao-da-engenharia-a-visao-da-engenharia-internacional-e-brasileira-11\/\"  rel=\"bookmark\" class=\"td-image-wrap \" title=\"PodCast Vis\u00e3o da Engenharia &#8211; A vis\u00e3o da Engenharia internacional e brasileira #11\" ><img loading=\"lazy\" decoding=\"async\" class=\"entry-thumb\" src=\"data:image\/png;base64,iVBORw0KGgoAAAANSUhEUgAAAWQAAADcAQMAAAB9O0nPAAAAA1BMVEWurq51dlI4AAAAAXRSTlMmkutdmwAAACBJREFUaN7twTEBAAAAwiD7p7bDbmAAAAAAAAAAAABAdieIAAGQh2mWAAAAAElFTkSuQmCC\" alt=\"\" title=\"PodCast Vis\u00e3o da Engenharia &#8211; A vis\u00e3o da Engenharia internacional e brasileira #11\" data-type=\"image_tag\" data-img-url=\"https:\/\/www.institutodeengenharia.org.br\/site\/wp-content\/uploads\/2025\/06\/WhatsApp-Image-2025-06-12-at-12.33.14-356x220.jpeg\"  width=\"356\" height=\"220\" \/><span class=\"td-video-play-ico\"><i class=\"td-icon-video-thumb-play\"><\/i><\/span><\/a><\/div>\r\n            <div class=\"td-module-meta-info\">\r\n                <h3 class=\"entry-title td-module-title\"><a href=\"https:\/\/www.institutodeengenharia.org.br\/site\/2025\/06\/12\/podcast-visao-da-engenharia-a-visao-da-engenharia-internacional-e-brasileira-11\/\"  rel=\"bookmark\" title=\"PodCast Vis\u00e3o da Engenharia &#8211; A vis\u00e3o da Engenharia internacional e brasileira #11\">PodCast Vis\u00e3o da Engenharia &#8211; A vis\u00e3o da Engenharia internacional e brasileira #11<\/a><\/h3>                <div class=\"td-editor-date\">\r\n                                        <span class=\"td-author-date\">\r\n                                                <span class=\"td-post-date\"><time class=\"entry-date updated td-module-date\" datetime=\"2025-06-12T14:21:06-03:00\" >12\/06\/2025<\/time><\/span>                    <\/span>\r\n                <\/div>\r\n            <\/div>\r\n\r\n        <\/div>\r\n\r\n        \n\t<\/div> <!-- .\/td-block-span4 -->\n\n\t<div class=\"td-block-span4\">\n\r\n        <div class=\"td_module_mx1 td_module_wrap td-animation-stack\">\r\n            <div class=\"td-module-thumb\"><a href=\"https:\/\/www.institutodeengenharia.org.br\/site\/2025\/06\/11\/fios-e-cabos-eletricos-qualidade-e-seguranca-caminham-juntas\/\"  rel=\"bookmark\" class=\"td-image-wrap \" title=\"Fios e cabos el\u00e9tricos &#8211; Qualidade e seguran\u00e7a caminham juntas\" ><img loading=\"lazy\" decoding=\"async\" class=\"entry-thumb\" src=\"data:image\/png;base64,iVBORw0KGgoAAAANSUhEUgAAAWQAAADcAQMAAAB9O0nPAAAAA1BMVEWurq51dlI4AAAAAXRSTlMmkutdmwAAACBJREFUaN7twTEBAAAAwiD7p7bDbmAAAAAAAAAAAABAdieIAAGQh2mWAAAAAElFTkSuQmCC\" alt=\"\" title=\"Fios e cabos el\u00e9tricos &#8211; Qualidade e seguran\u00e7a caminham juntas\" data-type=\"image_tag\" data-img-url=\"https:\/\/www.institutodeengenharia.org.br\/site\/wp-content\/uploads\/2025\/07\/fios-e-cabos-356x220.jpg\"  width=\"356\" height=\"220\" \/><span class=\"td-video-play-ico\"><i class=\"td-icon-video-thumb-play\"><\/i><\/span><\/a><\/div>\r\n            <div class=\"td-module-meta-info\">\r\n                <h3 class=\"entry-title td-module-title\"><a href=\"https:\/\/www.institutodeengenharia.org.br\/site\/2025\/06\/11\/fios-e-cabos-eletricos-qualidade-e-seguranca-caminham-juntas\/\"  rel=\"bookmark\" title=\"Fios e cabos el\u00e9tricos &#8211; Qualidade e seguran\u00e7a caminham juntas\">Fios e cabos el\u00e9tricos &#8211; Qualidade e seguran\u00e7a caminham juntas<\/a><\/h3>                <div class=\"td-editor-date\">\r\n                                        <span class=\"td-author-date\">\r\n                                                <span class=\"td-post-date\"><time class=\"entry-date updated td-module-date\" datetime=\"2025-06-11T11:22:41-03:00\" >11\/06\/2025<\/time><\/span>                    <\/span>\r\n                <\/div>\r\n            <\/div>\r\n\r\n        <\/div>\r\n\r\n        \n\t<\/div> <!-- .\/td-block-span4 --><\/div><!--.\/row-fluid-->\n\n\t<div class=\"td-block-row\">\n\n\t<div class=\"td-block-span4\">\n\r\n        <div class=\"td_module_mx1 td_module_wrap td-animation-stack\">\r\n            <div class=\"td-module-thumb\"><a href=\"https:\/\/www.institutodeengenharia.org.br\/site\/2025\/06\/11\/avaliacao-de-garantias-bancarias\/\"  rel=\"bookmark\" class=\"td-image-wrap \" title=\"Avalia\u00e7\u00e3o de garantias banc\u00e1rias\" ><img loading=\"lazy\" decoding=\"async\" class=\"entry-thumb\" src=\"data:image\/png;base64,iVBORw0KGgoAAAANSUhEUgAAAWQAAADcAQMAAAB9O0nPAAAAA1BMVEWurq51dlI4AAAAAXRSTlMmkutdmwAAACBJREFUaN7twTEBAAAAwiD7p7bDbmAAAAAAAAAAAABAdieIAAGQh2mWAAAAAElFTkSuQmCC\" alt=\"\" title=\"Avalia\u00e7\u00e3o de garantias banc\u00e1rias\" data-type=\"image_tag\" data-img-url=\"https:\/\/www.institutodeengenharia.org.br\/site\/wp-content\/uploads\/2025\/07\/CAPA-PALESTRA-ONLINE-1-356x220.jpg\"  width=\"356\" height=\"220\" \/><span class=\"td-video-play-ico\"><i class=\"td-icon-video-thumb-play\"><\/i><\/span><\/a><\/div>\r\n            <div class=\"td-module-meta-info\">\r\n                <h3 class=\"entry-title td-module-title\"><a href=\"https:\/\/www.institutodeengenharia.org.br\/site\/2025\/06\/11\/avaliacao-de-garantias-bancarias\/\"  rel=\"bookmark\" title=\"Avalia\u00e7\u00e3o de garantias banc\u00e1rias\">Avalia\u00e7\u00e3o de garantias banc\u00e1rias<\/a><\/h3>                <div class=\"td-editor-date\">\r\n                                        <span class=\"td-author-date\">\r\n                                                <span class=\"td-post-date\"><time class=\"entry-date updated td-module-date\" datetime=\"2025-06-11T10:57:51-03:00\" >11\/06\/2025<\/time><\/span>                    <\/span>\r\n                <\/div>\r\n            <\/div>\r\n\r\n        <\/div>\r\n\r\n        \n\t<\/div> <!-- .\/td-block-span4 -->\n\n\t<div class=\"td-block-span4\">\n\r\n        <div class=\"td_module_mx1 td_module_wrap td-animation-stack\">\r\n            <div class=\"td-module-thumb\"><a href=\"https:\/\/www.institutodeengenharia.org.br\/site\/2025\/06\/10\/processo-de-projeto-arquitetonico-procedimentos-para-gestao-de-projetos-de-baixa-complexidade-residencial-comercial-e-institucional\/\"  rel=\"bookmark\" class=\"td-image-wrap \" title=\"Processo de projeto arquitet\u00f4nico: procedimentos para gest\u00e3o de projetos de baixa complexidade (Residencial, Comercial e Institucional)\" ><img loading=\"lazy\" decoding=\"async\" class=\"entry-thumb\" src=\"data:image\/png;base64,iVBORw0KGgoAAAANSUhEUgAAAWQAAADcAQMAAAB9O0nPAAAAA1BMVEWurq51dlI4AAAAAXRSTlMmkutdmwAAACBJREFUaN7twTEBAAAAwiD7p7bDbmAAAAAAAAAAAABAdieIAAGQh2mWAAAAAElFTkSuQmCC\" alt=\"\" title=\"Processo de projeto arquitet\u00f4nico: procedimentos para gest\u00e3o de projetos de baixa complexidade (Residencial, Comercial e Institucional)\" data-type=\"image_tag\" data-img-url=\"https:\/\/www.institutodeengenharia.org.br\/site\/wp-content\/uploads\/2025\/06\/Inserir-um-titulo-13-356x220.png\"  width=\"356\" height=\"220\" \/><span class=\"td-video-play-ico\"><i class=\"td-icon-video-thumb-play\"><\/i><\/span><\/a><\/div>\r\n            <div class=\"td-module-meta-info\">\r\n                <h3 class=\"entry-title td-module-title\"><a href=\"https:\/\/www.institutodeengenharia.org.br\/site\/2025\/06\/10\/processo-de-projeto-arquitetonico-procedimentos-para-gestao-de-projetos-de-baixa-complexidade-residencial-comercial-e-institucional\/\"  rel=\"bookmark\" title=\"Processo de projeto arquitet\u00f4nico: procedimentos para gest\u00e3o de projetos de baixa complexidade (Residencial, Comercial e Institucional)\">Processo de projeto arquitet\u00f4nico: procedimentos para gest\u00e3o de projetos de baixa complexidade (Residencial, Comercial e Institucional)<\/a><\/h3>                <div class=\"td-editor-date\">\r\n                                        <span class=\"td-author-date\">\r\n                                                <span class=\"td-post-date\"><time class=\"entry-date updated td-module-date\" datetime=\"2025-06-10T14:37:33-03:00\" >10\/06\/2025<\/time><\/span>                    <\/span>\r\n                <\/div>\r\n            <\/div>\r\n\r\n        <\/div>\r\n\r\n        \n\t<\/div> <!-- .\/td-block-span4 -->\n\n\t<div class=\"td-block-span4\">\n\r\n        <div class=\"td_module_mx1 td_module_wrap td-animation-stack\">\r\n            <div class=\"td-module-thumb\"><a href=\"https:\/\/www.institutodeengenharia.org.br\/site\/2025\/06\/05\/certificacao-de-cidades-inteligentes\/\"  rel=\"bookmark\" class=\"td-image-wrap \" title=\"Certifica\u00e7\u00e3o de Cidades Inteligentes\" ><img loading=\"lazy\" decoding=\"async\" class=\"entry-thumb\" src=\"data:image\/png;base64,iVBORw0KGgoAAAANSUhEUgAAAWQAAADcAQMAAAB9O0nPAAAAA1BMVEWurq51dlI4AAAAAXRSTlMmkutdmwAAACBJREFUaN7twTEBAAAAwiD7p7bDbmAAAAAAAAAAAABAdieIAAGQh2mWAAAAAElFTkSuQmCC\" alt=\"\" title=\"Certifica\u00e7\u00e3o de Cidades Inteligentes\" data-type=\"image_tag\" data-img-url=\"https:\/\/www.institutodeengenharia.org.br\/site\/wp-content\/uploads\/2025\/05\/Gemini_Generated_Image_bg62cibg62cibg62-1-e1747661073359-356x220.jpeg\"  width=\"356\" height=\"220\" \/><span class=\"td-video-play-ico\"><i class=\"td-icon-video-thumb-play\"><\/i><\/span><\/a><\/div>\r\n            <div class=\"td-module-meta-info\">\r\n                <h3 class=\"entry-title td-module-title\"><a href=\"https:\/\/www.institutodeengenharia.org.br\/site\/2025\/06\/05\/certificacao-de-cidades-inteligentes\/\"  rel=\"bookmark\" title=\"Certifica\u00e7\u00e3o de Cidades Inteligentes\">Certifica\u00e7\u00e3o de Cidades Inteligentes<\/a><\/h3>                <div class=\"td-editor-date\">\r\n                                        <span class=\"td-author-date\">\r\n                                                <span class=\"td-post-date\"><time class=\"entry-date updated td-module-date\" datetime=\"2025-06-05T15:17:11-03:00\" >05\/06\/2025<\/time><\/span>                    <\/span>\r\n                <\/div>\r\n            <\/div>\r\n\r\n        <\/div>\r\n\r\n        \n\t<\/div> <!-- .\/td-block-span4 --><\/div><!--.\/row-fluid-->\n\n\t<div class=\"td-block-row\">\n\n\t<div class=\"td-block-span4\">\n\r\n        <div class=\"td_module_mx1 td_module_wrap td-animation-stack\">\r\n            <div class=\"td-module-thumb\"><a href=\"https:\/\/www.institutodeengenharia.org.br\/site\/2025\/06\/03\/prototipos-virtuais-reduzindo-custos-e-acelerando-a-inovacao-em-engenharia\/\"  rel=\"bookmark\" class=\"td-image-wrap \" title=\"Prot\u00f3tipos virtuais: Reduzindo custos e acelerando a inova\u00e7\u00e3o em Engenharia\" ><img loading=\"lazy\" decoding=\"async\" class=\"entry-thumb\" src=\"data:image\/png;base64,iVBORw0KGgoAAAANSUhEUgAAAWQAAADcAQMAAAB9O0nPAAAAA1BMVEWurq51dlI4AAAAAXRSTlMmkutdmwAAACBJREFUaN7twTEBAAAAwiD7p7bDbmAAAAAAAAAAAABAdieIAAGQh2mWAAAAAElFTkSuQmCC\" alt=\"\" title=\"Prot\u00f3tipos virtuais: Reduzindo custos e acelerando a inova\u00e7\u00e3o em Engenharia\" data-type=\"image_tag\" data-img-url=\"https:\/\/www.institutodeengenharia.org.br\/site\/wp-content\/uploads\/2025\/06\/Inserir-um-titulo-12-356x220.jpg\"  width=\"356\" height=\"220\" \/><span class=\"td-video-play-ico\"><i class=\"td-icon-video-thumb-play\"><\/i><\/span><\/a><\/div>\r\n            <div class=\"td-module-meta-info\">\r\n                <h3 class=\"entry-title td-module-title\"><a href=\"https:\/\/www.institutodeengenharia.org.br\/site\/2025\/06\/03\/prototipos-virtuais-reduzindo-custos-e-acelerando-a-inovacao-em-engenharia\/\"  rel=\"bookmark\" title=\"Prot\u00f3tipos virtuais: Reduzindo custos e acelerando a inova\u00e7\u00e3o em Engenharia\">Prot\u00f3tipos virtuais: Reduzindo custos e acelerando a inova\u00e7\u00e3o em Engenharia<\/a><\/h3>                <div class=\"td-editor-date\">\r\n                                        <span class=\"td-author-date\">\r\n                                                <span class=\"td-post-date\"><time class=\"entry-date updated td-module-date\" datetime=\"2025-06-03T12:41:09-03:00\" >03\/06\/2025<\/time><\/span>                    <\/span>\r\n                <\/div>\r\n            <\/div>\r\n\r\n        <\/div>\r\n\r\n        \n\t<\/div> <!-- .\/td-block-span4 -->\n\n\t<div class=\"td-block-span4\">\n\r\n        <div class=\"td_module_mx1 td_module_wrap td-animation-stack\">\r\n            <div class=\"td-module-thumb\"><a href=\"https:\/\/www.institutodeengenharia.org.br\/site\/2025\/05\/28\/do-pgr-ao-relatorio-esg-seguranca-do-trabalho-como-pilar-estrategico-no-esg\/\"  rel=\"bookmark\" class=\"td-image-wrap \" title=\"Do PGR ao relat\u00f3rio ESG &#8211; Seguran\u00e7a do trabalho como pilar estrat\u00e9gico no ESG\" ><img loading=\"lazy\" decoding=\"async\" class=\"entry-thumb\" src=\"data:image\/png;base64,iVBORw0KGgoAAAANSUhEUgAAAWQAAADcAQMAAAB9O0nPAAAAA1BMVEWurq51dlI4AAAAAXRSTlMmkutdmwAAACBJREFUaN7twTEBAAAAwiD7p7bDbmAAAAAAAAAAAABAdieIAAGQh2mWAAAAAElFTkSuQmCC\" alt=\"\" title=\"Do PGR ao relat\u00f3rio ESG &#8211; Seguran\u00e7a do trabalho como pilar estrat\u00e9gico no ESG\" data-type=\"image_tag\" data-img-url=\"https:\/\/www.institutodeengenharia.org.br\/site\/wp-content\/uploads\/2025\/06\/Inserir-um-titulo-11-356x220.png\"  width=\"356\" height=\"220\" \/><span class=\"td-video-play-ico\"><i class=\"td-icon-video-thumb-play\"><\/i><\/span><\/a><\/div>\r\n            <div class=\"td-module-meta-info\">\r\n                <h3 class=\"entry-title td-module-title\"><a href=\"https:\/\/www.institutodeengenharia.org.br\/site\/2025\/05\/28\/do-pgr-ao-relatorio-esg-seguranca-do-trabalho-como-pilar-estrategico-no-esg\/\"  rel=\"bookmark\" title=\"Do PGR ao relat\u00f3rio ESG &#8211; Seguran\u00e7a do trabalho como pilar estrat\u00e9gico no ESG\">Do PGR ao relat\u00f3rio ESG &#8211; Seguran\u00e7a do trabalho como pilar estrat\u00e9gico no ESG<\/a><\/h3>                <div class=\"td-editor-date\">\r\n                                        <span class=\"td-author-date\">\r\n                                                <span class=\"td-post-date\"><time class=\"entry-date updated td-module-date\" datetime=\"2025-05-28T16:33:59-03:00\" >28\/05\/2025<\/time><\/span>                    <\/span>\r\n                <\/div>\r\n            <\/div>\r\n\r\n        <\/div>\r\n\r\n        \n\t<\/div> <!-- .\/td-block-span4 -->\n\n\t<div class=\"td-block-span4\">\n\r\n        <div class=\"td_module_mx1 td_module_wrap td-animation-stack\">\r\n            <div class=\"td-module-thumb\"><a href=\"https:\/\/www.institutodeengenharia.org.br\/site\/2025\/05\/27\/conforto-termico-em-ambientes-construidos-diante-das-mudancas-climaticas\/\"  rel=\"bookmark\" class=\"td-image-wrap \" title=\"Conforto t\u00e9rmico em ambientes constru\u00eddos diante das mudan\u00e7as clim\u00e1ticas\" ><img loading=\"lazy\" decoding=\"async\" class=\"entry-thumb\" src=\"data:image\/png;base64,iVBORw0KGgoAAAANSUhEUgAAAWQAAADcAQMAAAB9O0nPAAAAA1BMVEWurq51dlI4AAAAAXRSTlMmkutdmwAAACBJREFUaN7twTEBAAAAwiD7p7bDbmAAAAAAAAAAAABAdieIAAGQh2mWAAAAAElFTkSuQmCC\" alt=\"\" title=\"Conforto t\u00e9rmico em ambientes constru\u00eddos diante das mudan\u00e7as clim\u00e1ticas\" data-type=\"image_tag\" data-img-url=\"https:\/\/www.institutodeengenharia.org.br\/site\/wp-content\/uploads\/2025\/05\/Inserir-um-titulo-10-356x220.png\"  width=\"356\" height=\"220\" \/><span class=\"td-video-play-ico\"><i class=\"td-icon-video-thumb-play\"><\/i><\/span><\/a><\/div>\r\n            <div class=\"td-module-meta-info\">\r\n                <h3 class=\"entry-title td-module-title\"><a href=\"https:\/\/www.institutodeengenharia.org.br\/site\/2025\/05\/27\/conforto-termico-em-ambientes-construidos-diante-das-mudancas-climaticas\/\"  rel=\"bookmark\" title=\"Conforto t\u00e9rmico em ambientes constru\u00eddos diante das mudan\u00e7as clim\u00e1ticas\">Conforto t\u00e9rmico em ambientes constru\u00eddos diante das mudan\u00e7as clim\u00e1ticas<\/a><\/h3>                <div class=\"td-editor-date\">\r\n                                        <span class=\"td-author-date\">\r\n                                                <span class=\"td-post-date\"><time class=\"entry-date updated td-module-date\" datetime=\"2025-05-27T12:08:42-03:00\" >27\/05\/2025<\/time><\/span>                    <\/span>\r\n                <\/div>\r\n            <\/div>\r\n\r\n        <\/div>\r\n\r\n        \n\t<\/div> <!-- .\/td-block-span4 --><\/div><!--.\/row-fluid-->\n\n\t<div class=\"td-block-row\">\n\n\t<div class=\"td-block-span4\">\n\r\n        <div class=\"td_module_mx1 td_module_wrap td-animation-stack\">\r\n            <div class=\"td-module-thumb\"><a href=\"https:\/\/www.institutodeengenharia.org.br\/site\/2025\/05\/22\/simposio-eolica-offshore\/\"  rel=\"bookmark\" class=\"td-image-wrap \" title=\"Simp\u00f3sio E\u00f3lica Offshore\" ><img loading=\"lazy\" decoding=\"async\" class=\"entry-thumb\" src=\"data:image\/png;base64,iVBORw0KGgoAAAANSUhEUgAAAWQAAADcAQMAAAB9O0nPAAAAA1BMVEWurq51dlI4AAAAAXRSTlMmkutdmwAAACBJREFUaN7twTEBAAAAwiD7p7bDbmAAAAAAAAAAAABAdieIAAGQh2mWAAAAAElFTkSuQmCC\" alt=\"\" title=\"Simp\u00f3sio E\u00f3lica Offshore\" data-type=\"image_tag\" data-img-url=\"https:\/\/www.institutodeengenharia.org.br\/site\/wp-content\/uploads\/2026\/01\/CAPA-PALESTRA-ONLINE-2-6-1-356x220.jpg\"  width=\"356\" height=\"220\" \/><span class=\"td-video-play-ico\"><i class=\"td-icon-video-thumb-play\"><\/i><\/span><\/a><\/div>\r\n            <div class=\"td-module-meta-info\">\r\n                <h3 class=\"entry-title td-module-title\"><a href=\"https:\/\/www.institutodeengenharia.org.br\/site\/2025\/05\/22\/simposio-eolica-offshore\/\"  rel=\"bookmark\" title=\"Simp\u00f3sio E\u00f3lica Offshore\">Simp\u00f3sio E\u00f3lica Offshore<\/a><\/h3>                <div class=\"td-editor-date\">\r\n                                        <span class=\"td-author-date\">\r\n                                                <span class=\"td-post-date\"><time class=\"entry-date updated td-module-date\" datetime=\"2025-05-22T14:42:29-03:00\" >22\/05\/2025<\/time><\/span>                    <\/span>\r\n                <\/div>\r\n            <\/div>\r\n\r\n        <\/div>\r\n\r\n        \n\t<\/div> <!-- .\/td-block-span4 -->\n\n\t<div class=\"td-block-span4\">\n\r\n        <div class=\"td_module_mx1 td_module_wrap td-animation-stack\">\r\n            <div class=\"td-module-thumb\"><a href=\"https:\/\/www.institutodeengenharia.org.br\/site\/2025\/05\/22\/recomposicao-estrutural-da-viga-de-transicao\/\"  rel=\"bookmark\" class=\"td-image-wrap \" title=\"Recomposi\u00e7\u00e3o estrutural da viga de transi\u00e7\u00e3o\" ><img loading=\"lazy\" decoding=\"async\" class=\"entry-thumb\" src=\"data:image\/png;base64,iVBORw0KGgoAAAANSUhEUgAAAWQAAADcAQMAAAB9O0nPAAAAA1BMVEWurq51dlI4AAAAAXRSTlMmkutdmwAAACBJREFUaN7twTEBAAAAwiD7p7bDbmAAAAAAAAAAAABAdieIAAGQh2mWAAAAAElFTkSuQmCC\" alt=\"\" title=\"Recomposi\u00e7\u00e3o estrutural da viga de transi\u00e7\u00e3o\" data-type=\"image_tag\" data-img-url=\"https:\/\/www.institutodeengenharia.org.br\/site\/wp-content\/uploads\/2025\/05\/Inserir-um-titulo-8-1-356x220.png\"  width=\"356\" height=\"220\" \/><span class=\"td-video-play-ico\"><i class=\"td-icon-video-thumb-play\"><\/i><\/span><\/a><\/div>\r\n            <div class=\"td-module-meta-info\">\r\n                <h3 class=\"entry-title td-module-title\"><a href=\"https:\/\/www.institutodeengenharia.org.br\/site\/2025\/05\/22\/recomposicao-estrutural-da-viga-de-transicao\/\"  rel=\"bookmark\" title=\"Recomposi\u00e7\u00e3o estrutural da viga de transi\u00e7\u00e3o\">Recomposi\u00e7\u00e3o estrutural da viga de transi\u00e7\u00e3o<\/a><\/h3>                <div class=\"td-editor-date\">\r\n                                        <span class=\"td-author-date\">\r\n                                                <span class=\"td-post-date\"><time class=\"entry-date updated td-module-date\" datetime=\"2025-05-22T13:57:27-03:00\" >22\/05\/2025<\/time><\/span>                    <\/span>\r\n                <\/div>\r\n            <\/div>\r\n\r\n        <\/div>\r\n\r\n        \n\t<\/div> <!-- .\/td-block-span4 -->\n\n\t<div class=\"td-block-span4\">\n\r\n        <div class=\"td_module_mx1 td_module_wrap td-animation-stack\">\r\n            <div class=\"td-module-thumb\"><a href=\"https:\/\/www.institutodeengenharia.org.br\/site\/2025\/05\/12\/smart-ticketing-a-chave-da-governanca\/\"  rel=\"bookmark\" class=\"td-image-wrap \" title=\"Smart Ticketing &#8211; A chave da governan\u00e7a\" ><img loading=\"lazy\" decoding=\"async\" class=\"entry-thumb\" src=\"data:image\/png;base64,iVBORw0KGgoAAAANSUhEUgAAAWQAAADcAQMAAAB9O0nPAAAAA1BMVEWurq51dlI4AAAAAXRSTlMmkutdmwAAACBJREFUaN7twTEBAAAAwiD7p7bDbmAAAAAAAAAAAABAdieIAAGQh2mWAAAAAElFTkSuQmCC\" alt=\"\" title=\"Smart Ticketing &#8211; A chave da governan\u00e7a\" data-type=\"image_tag\" data-img-url=\"https:\/\/www.institutodeengenharia.org.br\/site\/wp-content\/uploads\/2025\/04\/Design-sem-nome-2025-04-24T164105.764-356x220.jpg\"  width=\"356\" height=\"220\" \/><span class=\"td-video-play-ico\"><i class=\"td-icon-video-thumb-play\"><\/i><\/span><\/a><\/div>\r\n            <div class=\"td-module-meta-info\">\r\n                <h3 class=\"entry-title td-module-title\"><a href=\"https:\/\/www.institutodeengenharia.org.br\/site\/2025\/05\/12\/smart-ticketing-a-chave-da-governanca\/\"  rel=\"bookmark\" title=\"Smart Ticketing &#8211; A chave da governan\u00e7a\">Smart Ticketing &#8211; A chave da governan\u00e7a<\/a><\/h3>                <div class=\"td-editor-date\">\r\n                                        <span class=\"td-author-date\">\r\n                                                <span class=\"td-post-date\"><time class=\"entry-date updated td-module-date\" datetime=\"2025-05-12T13:41:20-03:00\" >12\/05\/2025<\/time><\/span>                    <\/span>\r\n                <\/div>\r\n            <\/div>\r\n\r\n        <\/div>\r\n\r\n        \n\t<\/div> <!-- .\/td-block-span4 --><\/div><!--.\/row-fluid-->\n\n\t<div class=\"td-block-row\">\n\n\t<div class=\"td-block-span4\">\n\r\n        <div class=\"td_module_mx1 td_module_wrap td-animation-stack\">\r\n            <div class=\"td-module-thumb\"><a href=\"https:\/\/www.institutodeengenharia.org.br\/site\/2025\/04\/29\/identificacao-dos-fatores-de-risco-psicossociais-a-partir-da-aep-ou-da-aet-nr17-para-integracao-a-nr01-pgr\/\"  rel=\"bookmark\" class=\"td-image-wrap \" title=\"Identifica\u00e7\u00e3o dos fatores de risco psicossociais a partir da AEP ou da AET (NR17) para integra\u00e7\u00e3o a NR01 (PGR)\" ><img loading=\"lazy\" decoding=\"async\" class=\"entry-thumb\" src=\"data:image\/png;base64,iVBORw0KGgoAAAANSUhEUgAAAWQAAADcAQMAAAB9O0nPAAAAA1BMVEWurq51dlI4AAAAAXRSTlMmkutdmwAAACBJREFUaN7twTEBAAAAwiD7p7bDbmAAAAAAAAAAAABAdieIAAGQh2mWAAAAAElFTkSuQmCC\" alt=\"\" title=\"Identifica\u00e7\u00e3o dos fatores de risco psicossociais a partir da AEP ou da AET (NR17) para integra\u00e7\u00e3o a NR01 (PGR)\" data-type=\"image_tag\" data-img-url=\"https:\/\/www.institutodeengenharia.org.br\/site\/wp-content\/uploads\/2025\/05\/Inserir-um-titulo-6-356x220.png\"  width=\"356\" height=\"220\" \/><span class=\"td-video-play-ico\"><i class=\"td-icon-video-thumb-play\"><\/i><\/span><\/a><\/div>\r\n            <div class=\"td-module-meta-info\">\r\n                <h3 class=\"entry-title td-module-title\"><a href=\"https:\/\/www.institutodeengenharia.org.br\/site\/2025\/04\/29\/identificacao-dos-fatores-de-risco-psicossociais-a-partir-da-aep-ou-da-aet-nr17-para-integracao-a-nr01-pgr\/\"  rel=\"bookmark\" title=\"Identifica\u00e7\u00e3o dos fatores de risco psicossociais a partir da AEP ou da AET (NR17) para integra\u00e7\u00e3o a NR01 (PGR)\">Identifica\u00e7\u00e3o dos fatores de risco psicossociais a partir da AEP ou da AET (NR17) para integra\u00e7\u00e3o a NR01 (PGR)<\/a><\/h3>                <div class=\"td-editor-date\">\r\n                                        <span class=\"td-author-date\">\r\n                                                <span class=\"td-post-date\"><time class=\"entry-date updated td-module-date\" datetime=\"2025-04-29T16:48:02-03:00\" >29\/04\/2025<\/time><\/span>                    <\/span>\r\n                <\/div>\r\n            <\/div>\r\n\r\n        <\/div>\r\n\r\n        \n\t<\/div> <!-- .\/td-block-span4 -->\n\n\t<div class=\"td-block-span4\">\n\r\n        <div class=\"td_module_mx1 td_module_wrap td-animation-stack\">\r\n            <div class=\"td-module-thumb\"><a href=\"https:\/\/www.institutodeengenharia.org.br\/site\/2025\/04\/25\/desempenho-energetico-das-edificacoes-aquecimento-global-e-inovacoes-em-sistemas-de-climatizacao\/\"  rel=\"bookmark\" class=\"td-image-wrap \" title=\"Desempenho energ\u00e9tico das edifica\u00e7\u00f5es \u2013 aquecimento global e inova\u00e7\u00f5es em sistemas de climatiza\u00e7\u00e3o\" ><img loading=\"lazy\" decoding=\"async\" class=\"entry-thumb\" src=\"data:image\/png;base64,iVBORw0KGgoAAAANSUhEUgAAAWQAAADcAQMAAAB9O0nPAAAAA1BMVEWurq51dlI4AAAAAXRSTlMmkutdmwAAACBJREFUaN7twTEBAAAAwiD7p7bDbmAAAAAAAAAAAABAdieIAAGQh2mWAAAAAElFTkSuQmCC\" alt=\"\" title=\"Desempenho energ\u00e9tico das edifica\u00e7\u00f5es \u2013 aquecimento global e inova\u00e7\u00f5es em sistemas de climatiza\u00e7\u00e3o\" data-type=\"image_tag\" data-img-url=\"https:\/\/www.institutodeengenharia.org.br\/site\/wp-content\/uploads\/2025\/04\/Inserir-um-titulo-5-356x220.png\"  width=\"356\" height=\"220\" \/><span class=\"td-video-play-ico\"><i class=\"td-icon-video-thumb-play\"><\/i><\/span><\/a><\/div>\r\n            <div class=\"td-module-meta-info\">\r\n                <h3 class=\"entry-title td-module-title\"><a href=\"https:\/\/www.institutodeengenharia.org.br\/site\/2025\/04\/25\/desempenho-energetico-das-edificacoes-aquecimento-global-e-inovacoes-em-sistemas-de-climatizacao\/\"  rel=\"bookmark\" title=\"Desempenho energ\u00e9tico das edifica\u00e7\u00f5es \u2013 aquecimento global e inova\u00e7\u00f5es em sistemas de climatiza\u00e7\u00e3o\">Desempenho energ\u00e9tico das edifica\u00e7\u00f5es \u2013 aquecimento global e inova\u00e7\u00f5es em sistemas de climatiza\u00e7\u00e3o<\/a><\/h3>                <div class=\"td-editor-date\">\r\n                                        <span class=\"td-author-date\">\r\n                                                <span class=\"td-post-date\"><time class=\"entry-date updated td-module-date\" datetime=\"2025-04-25T09:59:42-03:00\" >25\/04\/2025<\/time><\/span>                    <\/span>\r\n                <\/div>\r\n            <\/div>\r\n\r\n        <\/div>\r\n\r\n        \n\t<\/div> <!-- .\/td-block-span4 -->\n\n\t<div class=\"td-block-span4\">\n\r\n        <div class=\"td_module_mx1 td_module_wrap td-animation-stack\">\r\n            <div class=\"td-module-thumb\"><a href=\"https:\/\/www.institutodeengenharia.org.br\/site\/2025\/04\/24\/coquetel-de-posse-da-nova-diretoria-e-conselhos-do-ie-2\/\"  rel=\"bookmark\" class=\"td-image-wrap \" title=\"Coquetel de Posse da nova Diretoria e Conselhos do IE\" ><img loading=\"lazy\" decoding=\"async\" class=\"entry-thumb\" src=\"data:image\/png;base64,iVBORw0KGgoAAAANSUhEUgAAAWQAAADcAQMAAAB9O0nPAAAAA1BMVEWurq51dlI4AAAAAXRSTlMmkutdmwAAACBJREFUaN7twTEBAAAAwiD7p7bDbmAAAAAAAAAAAABAdieIAAGQh2mWAAAAAElFTkSuQmCC\" alt=\"\" title=\"Coquetel de Posse da nova Diretoria e Conselhos do IE\" data-type=\"image_tag\" data-img-url=\"https:\/\/www.institutodeengenharia.org.br\/site\/wp-content\/uploads\/2025\/04\/Posse-2025-356x220.png\"  width=\"356\" height=\"220\" \/><span class=\"td-video-play-ico\"><i class=\"td-icon-video-thumb-play\"><\/i><\/span><\/a><\/div>\r\n            <div class=\"td-module-meta-info\">\r\n                <h3 class=\"entry-title td-module-title\"><a href=\"https:\/\/www.institutodeengenharia.org.br\/site\/2025\/04\/24\/coquetel-de-posse-da-nova-diretoria-e-conselhos-do-ie-2\/\"  rel=\"bookmark\" title=\"Coquetel de Posse da nova Diretoria e Conselhos do IE\">Coquetel de Posse da nova Diretoria e Conselhos do IE<\/a><\/h3>                <div class=\"td-editor-date\">\r\n                                        <span class=\"td-author-date\">\r\n                                                <span class=\"td-post-date\"><time class=\"entry-date updated td-module-date\" datetime=\"2025-04-24T16:21:55-03:00\" >24\/04\/2025<\/time><\/span>                    <\/span>\r\n                <\/div>\r\n            <\/div>\r\n\r\n        <\/div>\r\n\r\n        \n\t<\/div> <!-- .\/td-block-span4 --><\/div><!--.\/row-fluid-->\n\n\t<div class=\"td-block-row\">\n\n\t<div class=\"td-block-span4\">\n\r\n        <div class=\"td_module_mx1 td_module_wrap td-animation-stack\">\r\n            <div class=\"td-module-thumb\"><a href=\"https:\/\/www.institutodeengenharia.org.br\/site\/2025\/04\/09\/medidas-de-desenvolvimento-economico-atracao-de-investimentos-e-interlocucao-com-iniciativa-privada\/\"  rel=\"bookmark\" class=\"td-image-wrap \" title=\"Medidas de Desenvolvimento Econ\u00f4mico: Atra\u00e7\u00e3o de investimentos e interlocu\u00e7\u00e3o com iniciativa privada\" ><img loading=\"lazy\" decoding=\"async\" class=\"entry-thumb\" src=\"data:image\/png;base64,iVBORw0KGgoAAAANSUhEUgAAAWQAAADcAQMAAAB9O0nPAAAAA1BMVEWurq51dlI4AAAAAXRSTlMmkutdmwAAACBJREFUaN7twTEBAAAAwiD7p7bDbmAAAAAAAAAAAABAdieIAAGQh2mWAAAAAElFTkSuQmCC\" alt=\"\" title=\"Medidas de Desenvolvimento Econ\u00f4mico: Atra\u00e7\u00e3o de investimentos e interlocu\u00e7\u00e3o com iniciativa privada\" data-type=\"image_tag\" data-img-url=\"https:\/\/www.institutodeengenharia.org.br\/site\/wp-content\/uploads\/2025\/03\/Design-sem-nome-2025-03-31T155626.791-356x220.jpg\"  width=\"356\" height=\"220\" \/><span class=\"td-video-play-ico\"><i class=\"td-icon-video-thumb-play\"><\/i><\/span><\/a><\/div>\r\n            <div class=\"td-module-meta-info\">\r\n                <h3 class=\"entry-title td-module-title\"><a href=\"https:\/\/www.institutodeengenharia.org.br\/site\/2025\/04\/09\/medidas-de-desenvolvimento-economico-atracao-de-investimentos-e-interlocucao-com-iniciativa-privada\/\"  rel=\"bookmark\" title=\"Medidas de Desenvolvimento Econ\u00f4mico: Atra\u00e7\u00e3o de investimentos e interlocu\u00e7\u00e3o com iniciativa privada\">Medidas de Desenvolvimento Econ\u00f4mico: Atra\u00e7\u00e3o de investimentos e interlocu\u00e7\u00e3o com iniciativa privada<\/a><\/h3>                <div class=\"td-editor-date\">\r\n                                        <span class=\"td-author-date\">\r\n                                                <span class=\"td-post-date\"><time class=\"entry-date updated td-module-date\" datetime=\"2025-04-09T15:36:35-03:00\" >09\/04\/2025<\/time><\/span>                    <\/span>\r\n                <\/div>\r\n            <\/div>\r\n\r\n        <\/div>\r\n\r\n        \n\t<\/div> <!-- .\/td-block-span4 -->\n\n\t<div class=\"td-block-span4\">\n\r\n        <div class=\"td_module_mx1 td_module_wrap td-animation-stack\">\r\n            <div class=\"td-module-thumb\"><a href=\"https:\/\/www.institutodeengenharia.org.br\/site\/2025\/04\/08\/paisagismo-contemporaneo-tendencias\/\"  rel=\"bookmark\" class=\"td-image-wrap \" title=\"Paisagismo contempor\u00e2neo: Tend\u00eancias\" ><img loading=\"lazy\" decoding=\"async\" class=\"entry-thumb\" src=\"data:image\/png;base64,iVBORw0KGgoAAAANSUhEUgAAAWQAAADcAQMAAAB9O0nPAAAAA1BMVEWurq51dlI4AAAAAXRSTlMmkutdmwAAACBJREFUaN7twTEBAAAAwiD7p7bDbmAAAAAAAAAAAABAdieIAAGQh2mWAAAAAElFTkSuQmCC\" alt=\"\" title=\"Paisagismo contempor\u00e2neo: Tend\u00eancias\" data-type=\"image_tag\" data-img-url=\"https:\/\/www.institutodeengenharia.org.br\/site\/wp-content\/uploads\/2025\/04\/Inserir-um-titulo-4-2-356x220.jpg\"  width=\"356\" height=\"220\" \/><span class=\"td-video-play-ico\"><i class=\"td-icon-video-thumb-play\"><\/i><\/span><\/a><\/div>\r\n            <div class=\"td-module-meta-info\">\r\n                <h3 class=\"entry-title td-module-title\"><a href=\"https:\/\/www.institutodeengenharia.org.br\/site\/2025\/04\/08\/paisagismo-contemporaneo-tendencias\/\"  rel=\"bookmark\" title=\"Paisagismo contempor\u00e2neo: Tend\u00eancias\">Paisagismo contempor\u00e2neo: Tend\u00eancias<\/a><\/h3>                <div class=\"td-editor-date\">\r\n                                        <span class=\"td-author-date\">\r\n                                                <span class=\"td-post-date\"><time class=\"entry-date updated td-module-date\" datetime=\"2025-04-08T15:54:37-03:00\" >08\/04\/2025<\/time><\/span>                    <\/span>\r\n                <\/div>\r\n            <\/div>\r\n\r\n        <\/div>\r\n\r\n        \n\t<\/div> <!-- .\/td-block-span4 -->\n\n\t<div class=\"td-block-span4\">\n\r\n        <div class=\"td_module_mx1 td_module_wrap td-animation-stack\">\r\n            <div class=\"td-module-thumb\"><a href=\"https:\/\/www.institutodeengenharia.org.br\/site\/2025\/03\/25\/edificios-de-alto-desempenho-energetico-fachada-fotovoltaica\/\"  rel=\"bookmark\" class=\"td-image-wrap \" title=\"Edif\u00edcios de alto desempenho energ\u00e9tico \u2013 fachada fotovoltaica\" ><img loading=\"lazy\" decoding=\"async\" class=\"entry-thumb\" src=\"data:image\/png;base64,iVBORw0KGgoAAAANSUhEUgAAAWQAAADcAQMAAAB9O0nPAAAAA1BMVEWurq51dlI4AAAAAXRSTlMmkutdmwAAACBJREFUaN7twTEBAAAAwiD7p7bDbmAAAAAAAAAAAABAdieIAAGQh2mWAAAAAElFTkSuQmCC\" alt=\"\" title=\"Edif\u00edcios de alto desempenho energ\u00e9tico \u2013 fachada fotovoltaica\" data-type=\"image_tag\" data-img-url=\"https:\/\/www.institutodeengenharia.org.br\/site\/wp-content\/uploads\/2025\/03\/Inserir-um-titulo-3-1-356x220.jpg\"  width=\"356\" height=\"220\" \/><span class=\"td-video-play-ico\"><i class=\"td-icon-video-thumb-play\"><\/i><\/span><\/a><\/div>\r\n            <div class=\"td-module-meta-info\">\r\n                <h3 class=\"entry-title td-module-title\"><a href=\"https:\/\/www.institutodeengenharia.org.br\/site\/2025\/03\/25\/edificios-de-alto-desempenho-energetico-fachada-fotovoltaica\/\"  rel=\"bookmark\" title=\"Edif\u00edcios de alto desempenho energ\u00e9tico \u2013 fachada fotovoltaica\">Edif\u00edcios de alto desempenho energ\u00e9tico \u2013 fachada fotovoltaica<\/a><\/h3>                <div class=\"td-editor-date\">\r\n                                        <span class=\"td-author-date\">\r\n                                                <span class=\"td-post-date\"><time class=\"entry-date updated td-module-date\" datetime=\"2025-03-25T12:13:48-03:00\" >25\/03\/2025<\/time><\/span>                    <\/span>\r\n                <\/div>\r\n            <\/div>\r\n\r\n        <\/div>\r\n\r\n        \n\t<\/div> <!-- .\/td-block-span4 --><\/div><!--.\/row-fluid-->\n\n\t<div class=\"td-block-row\">\n\n\t<div class=\"td-block-span4\">\n\r\n        <div class=\"td_module_mx1 td_module_wrap td-animation-stack\">\r\n            <div class=\"td-module-thumb\"><a href=\"https:\/\/www.institutodeengenharia.org.br\/site\/2025\/03\/19\/servico-de-mototaxi-em-sao-paulo\/\"  rel=\"bookmark\" class=\"td-image-wrap \" title=\"Servi\u00e7o de Motot\u00e1xi em S\u00e3o Paulo\" ><img loading=\"lazy\" decoding=\"async\" class=\"entry-thumb\" src=\"data:image\/png;base64,iVBORw0KGgoAAAANSUhEUgAAAWQAAADcAQMAAAB9O0nPAAAAA1BMVEWurq51dlI4AAAAAXRSTlMmkutdmwAAACBJREFUaN7twTEBAAAAwiD7p7bDbmAAAAAAAAAAAABAdieIAAGQh2mWAAAAAElFTkSuQmCC\" alt=\"\" title=\"Servi\u00e7o de Motot\u00e1xi em S\u00e3o Paulo\" data-type=\"image_tag\" data-img-url=\"https:\/\/www.institutodeengenharia.org.br\/site\/wp-content\/uploads\/2025\/04\/telao-intervalo-356x220.png\"  width=\"356\" height=\"220\" \/><span class=\"td-video-play-ico\"><i class=\"td-icon-video-thumb-play\"><\/i><\/span><\/a><\/div>\r\n            <div class=\"td-module-meta-info\">\r\n                <h3 class=\"entry-title td-module-title\"><a href=\"https:\/\/www.institutodeengenharia.org.br\/site\/2025\/03\/19\/servico-de-mototaxi-em-sao-paulo\/\"  rel=\"bookmark\" title=\"Servi\u00e7o de Motot\u00e1xi em S\u00e3o Paulo\">Servi\u00e7o de Motot\u00e1xi em S\u00e3o Paulo<\/a><\/h3>                <div class=\"td-editor-date\">\r\n                                        <span class=\"td-author-date\">\r\n                                                <span class=\"td-post-date\"><time class=\"entry-date updated td-module-date\" datetime=\"2025-03-19T16:42:34-03:00\" >19\/03\/2025<\/time><\/span>                    <\/span>\r\n                <\/div>\r\n            <\/div>\r\n\r\n        <\/div>\r\n\r\n        \n\t<\/div> <!-- .\/td-block-span4 -->\n\n\t<div class=\"td-block-span4\">\n\r\n        <div class=\"td_module_mx1 td_module_wrap td-animation-stack\">\r\n            <div class=\"td-module-thumb\"><a href=\"https:\/\/www.institutodeengenharia.org.br\/site\/2025\/03\/12\/introducao-na-pratica-de-pericias-de-insalubridade-e-periculosidade\/\"  rel=\"bookmark\" class=\"td-image-wrap \" title=\"Introdu\u00e7\u00e3o na pr\u00e1tica de per\u00edcias de insalubridade e periculosidade\" ><img loading=\"lazy\" decoding=\"async\" class=\"entry-thumb\" src=\"data:image\/png;base64,iVBORw0KGgoAAAANSUhEUgAAAWQAAADcAQMAAAB9O0nPAAAAA1BMVEWurq51dlI4AAAAAXRSTlMmkutdmwAAACBJREFUaN7twTEBAAAAwiD7p7bDbmAAAAAAAAAAAABAdieIAAGQh2mWAAAAAElFTkSuQmCC\" alt=\"\" title=\"Introdu\u00e7\u00e3o na pr\u00e1tica de per\u00edcias de insalubridade e periculosidade\" data-type=\"image_tag\" data-img-url=\"https:\/\/www.institutodeengenharia.org.br\/site\/wp-content\/uploads\/2025\/03\/Inserir-um-titulo-2-1-356x220.png\"  width=\"356\" height=\"220\" \/><span class=\"td-video-play-ico\"><i class=\"td-icon-video-thumb-play\"><\/i><\/span><\/a><\/div>\r\n            <div class=\"td-module-meta-info\">\r\n                <h3 class=\"entry-title td-module-title\"><a href=\"https:\/\/www.institutodeengenharia.org.br\/site\/2025\/03\/12\/introducao-na-pratica-de-pericias-de-insalubridade-e-periculosidade\/\"  rel=\"bookmark\" title=\"Introdu\u00e7\u00e3o na pr\u00e1tica de per\u00edcias de insalubridade e periculosidade\">Introdu\u00e7\u00e3o na pr\u00e1tica de per\u00edcias de insalubridade e periculosidade<\/a><\/h3>                <div class=\"td-editor-date\">\r\n                                        <span class=\"td-author-date\">\r\n                                                <span class=\"td-post-date\"><time class=\"entry-date updated td-module-date\" datetime=\"2025-03-12T14:13:59-03:00\" >12\/03\/2025<\/time><\/span>                    <\/span>\r\n                <\/div>\r\n            <\/div>\r\n\r\n        <\/div>\r\n\r\n        \n\t<\/div> <!-- .\/td-block-span4 -->\n\n\t<div class=\"td-block-span4\">\n\r\n        <div class=\"td_module_mx1 td_module_wrap td-animation-stack\">\r\n            <div class=\"td-module-thumb\"><a href=\"https:\/\/www.institutodeengenharia.org.br\/site\/2025\/03\/11\/sistema-de-armazenamento-de-energia-associados-a-usinas-solares\/\"  rel=\"bookmark\" class=\"td-image-wrap \" title=\"Sistema de armazenamento de energia associados a usinas solares\" ><img loading=\"lazy\" decoding=\"async\" class=\"entry-thumb\" src=\"data:image\/png;base64,iVBORw0KGgoAAAANSUhEUgAAAWQAAADcAQMAAAB9O0nPAAAAA1BMVEWurq51dlI4AAAAAXRSTlMmkutdmwAAACBJREFUaN7twTEBAAAAwiD7p7bDbmAAAAAAAAAAAABAdieIAAGQh2mWAAAAAElFTkSuQmCC\" alt=\"\" title=\"Sistema de armazenamento de energia associados a usinas solares\" data-type=\"image_tag\" data-img-url=\"https:\/\/www.institutodeengenharia.org.br\/site\/wp-content\/uploads\/2025\/03\/Inserir-um-titulo-1-356x220.png\"  width=\"356\" height=\"220\" \/><span class=\"td-video-play-ico\"><i class=\"td-icon-video-thumb-play\"><\/i><\/span><\/a><\/div>\r\n            <div class=\"td-module-meta-info\">\r\n                <h3 class=\"entry-title td-module-title\"><a href=\"https:\/\/www.institutodeengenharia.org.br\/site\/2025\/03\/11\/sistema-de-armazenamento-de-energia-associados-a-usinas-solares\/\"  rel=\"bookmark\" title=\"Sistema de armazenamento de energia associados a usinas solares\">Sistema de armazenamento de energia associados a usinas solares<\/a><\/h3>                <div class=\"td-editor-date\">\r\n                                        <span class=\"td-author-date\">\r\n                                                <span class=\"td-post-date\"><time class=\"entry-date updated td-module-date\" datetime=\"2025-03-11T15:54:30-03:00\" >11\/03\/2025<\/time><\/span>                    <\/span>\r\n                <\/div>\r\n            <\/div>\r\n\r\n        <\/div>\r\n\r\n        \n\t<\/div> <!-- .\/td-block-span4 --><\/div><!--.\/row-fluid-->\n\n\t<div class=\"td-block-row\">\n\n\t<div class=\"td-block-span4\">\n\r\n        <div class=\"td_module_mx1 td_module_wrap td-animation-stack\">\r\n            <div class=\"td-module-thumb\"><a href=\"https:\/\/www.institutodeengenharia.org.br\/site\/2025\/02\/18\/energia-solar-uma-visao-tecnica-e-financeira\/\"  rel=\"bookmark\" class=\"td-image-wrap \" title=\"Energia Solar &#8211; Uma Vis\u00e3o T\u00e9cnica e Financeira\" ><img loading=\"lazy\" decoding=\"async\" class=\"entry-thumb\" src=\"data:image\/png;base64,iVBORw0KGgoAAAANSUhEUgAAAWQAAADcAQMAAAB9O0nPAAAAA1BMVEWurq51dlI4AAAAAXRSTlMmkutdmwAAACBJREFUaN7twTEBAAAAwiD7p7bDbmAAAAAAAAAAAABAdieIAAGQh2mWAAAAAElFTkSuQmCC\" alt=\"\" title=\"Energia Solar &#8211; Uma Vis\u00e3o T\u00e9cnica e Financeira\" data-type=\"image_tag\" data-img-url=\"https:\/\/www.institutodeengenharia.org.br\/site\/wp-content\/uploads\/2025\/02\/Energia-Solar-uma-visao-tecnica-e-financeira-356x220.png\"  width=\"356\" height=\"220\" \/><span class=\"td-video-play-ico\"><i class=\"td-icon-video-thumb-play\"><\/i><\/span><\/a><\/div>\r\n            <div class=\"td-module-meta-info\">\r\n                <h3 class=\"entry-title td-module-title\"><a href=\"https:\/\/www.institutodeengenharia.org.br\/site\/2025\/02\/18\/energia-solar-uma-visao-tecnica-e-financeira\/\"  rel=\"bookmark\" title=\"Energia Solar &#8211; Uma Vis\u00e3o T\u00e9cnica e Financeira\">Energia Solar &#8211; Uma Vis\u00e3o T\u00e9cnica e Financeira<\/a><\/h3>                <div class=\"td-editor-date\">\r\n                                        <span class=\"td-author-date\">\r\n                                                <span class=\"td-post-date\"><time class=\"entry-date updated td-module-date\" datetime=\"2025-02-18T16:11:11-03:00\" >18\/02\/2025<\/time><\/span>                    <\/span>\r\n                <\/div>\r\n            <\/div>\r\n\r\n        <\/div>\r\n\r\n        \n\t<\/div> <!-- .\/td-block-span4 -->\n\n\t<div class=\"td-block-span4\">\n\r\n        <div class=\"td_module_mx1 td_module_wrap td-animation-stack\">\r\n            <div class=\"td-module-thumb\"><a href=\"https:\/\/www.institutodeengenharia.org.br\/site\/2025\/02\/05\/orcamento-de-obras-em-pericias-de-engenharia-2\/\"  rel=\"bookmark\" class=\"td-image-wrap \" title=\"Or\u00e7amento de obras em per\u00edcias de Engenharia\" ><img loading=\"lazy\" decoding=\"async\" class=\"entry-thumb\" src=\"data:image\/png;base64,iVBORw0KGgoAAAANSUhEUgAAAWQAAADcAQMAAAB9O0nPAAAAA1BMVEWurq51dlI4AAAAAXRSTlMmkutdmwAAACBJREFUaN7twTEBAAAAwiD7p7bDbmAAAAAAAAAAAABAdieIAAGQh2mWAAAAAElFTkSuQmCC\" alt=\"\" title=\"Or\u00e7amento de obras em per\u00edcias de Engenharia\" data-type=\"image_tag\" data-img-url=\"https:\/\/www.institutodeengenharia.org.br\/site\/wp-content\/uploads\/2025\/02\/Orcamento-de-obras-em-pericias-de-engenharia--356x220.png\"  width=\"356\" height=\"220\" \/><span class=\"td-video-play-ico\"><i class=\"td-icon-video-thumb-play\"><\/i><\/span><\/a><\/div>\r\n            <div class=\"td-module-meta-info\">\r\n                <h3 class=\"entry-title td-module-title\"><a href=\"https:\/\/www.institutodeengenharia.org.br\/site\/2025\/02\/05\/orcamento-de-obras-em-pericias-de-engenharia-2\/\"  rel=\"bookmark\" title=\"Or\u00e7amento de obras em per\u00edcias de Engenharia\">Or\u00e7amento de obras em per\u00edcias de Engenharia<\/a><\/h3>                <div class=\"td-editor-date\">\r\n                                        <span class=\"td-author-date\">\r\n                                                <span class=\"td-post-date\"><time class=\"entry-date updated td-module-date\" datetime=\"2025-02-05T13:47:03-03:00\" >05\/02\/2025<\/time><\/span>                    <\/span>\r\n                <\/div>\r\n            <\/div>\r\n\r\n        <\/div>\r\n\r\n        \n\t<\/div> <!-- .\/td-block-span4 -->\n\n\t<div class=\"td-block-span4\">\n\r\n        <div class=\"td_module_mx1 td_module_wrap td-animation-stack\">\r\n            <div class=\"td-module-thumb\"><a href=\"https:\/\/www.institutodeengenharia.org.br\/site\/2024\/12\/16\/dia-do-engenheiro-2024\/\"  rel=\"bookmark\" class=\"td-image-wrap \" title=\"Comemora\u00e7\u00e3o do Dia do Engenheiro 2024\" ><img loading=\"lazy\" decoding=\"async\" class=\"entry-thumb\" src=\"data:image\/png;base64,iVBORw0KGgoAAAANSUhEUgAAAWQAAADcAQMAAAB9O0nPAAAAA1BMVEWurq51dlI4AAAAAXRSTlMmkutdmwAAACBJREFUaN7twTEBAAAAwiD7p7bDbmAAAAAAAAAAAABAdieIAAGQh2mWAAAAAElFTkSuQmCC\" alt=\"\" title=\"Comemora\u00e7\u00e3o do Dia do Engenheiro 2024\" data-type=\"image_tag\" data-img-url=\"https:\/\/www.institutodeengenharia.org.br\/site\/wp-content\/uploads\/2024\/12\/SLJ_0186-356x220.jpg\"  width=\"356\" height=\"220\" \/><span class=\"td-video-play-ico\"><i class=\"td-icon-video-thumb-play\"><\/i><\/span><\/a><\/div>\r\n            <div class=\"td-module-meta-info\">\r\n                <h3 class=\"entry-title td-module-title\"><a href=\"https:\/\/www.institutodeengenharia.org.br\/site\/2024\/12\/16\/dia-do-engenheiro-2024\/\"  rel=\"bookmark\" title=\"Comemora\u00e7\u00e3o do Dia do Engenheiro 2024\">Comemora\u00e7\u00e3o do Dia do Engenheiro 2024<\/a><\/h3>                <div class=\"td-editor-date\">\r\n                                        <span class=\"td-author-date\">\r\n                                                <span class=\"td-post-date\"><time class=\"entry-date updated td-module-date\" datetime=\"2024-12-16T11:35:31-03:00\" >16\/12\/2024<\/time><\/span>                    <\/span>\r\n                <\/div>\r\n            <\/div>\r\n\r\n        <\/div>\r\n\r\n        \n\t<\/div> <!-- .\/td-block-span4 --><\/div><!--.\/row-fluid-->\n\n\t<div class=\"td-block-row\">\n\n\t<div class=\"td-block-span4\">\n\r\n        <div class=\"td_module_mx1 td_module_wrap td-animation-stack\">\r\n            <div class=\"td-module-thumb\"><a href=\"https:\/\/www.institutodeengenharia.org.br\/site\/2024\/12\/16\/o-poder-judiciario-a-pericia-e-os-peritos-hoje\/\"  rel=\"bookmark\" class=\"td-image-wrap \" title=\"O poder judici\u00e1rio, a per\u00edcia e os peritos hoje\" ><img loading=\"lazy\" decoding=\"async\" class=\"entry-thumb\" src=\"data:image\/png;base64,iVBORw0KGgoAAAANSUhEUgAAAWQAAADcAQMAAAB9O0nPAAAAA1BMVEWurq51dlI4AAAAAXRSTlMmkutdmwAAACBJREFUaN7twTEBAAAAwiD7p7bDbmAAAAAAAAAAAABAdieIAAGQh2mWAAAAAElFTkSuQmCC\" alt=\"\" title=\"O poder judici\u00e1rio, a per\u00edcia e os peritos hoje\" data-type=\"image_tag\" data-img-url=\"https:\/\/www.institutodeengenharia.org.br\/site\/wp-content\/uploads\/2024\/12\/Inserir-um-titulo-4-1-356x220.png\"  width=\"356\" height=\"220\" \/><span class=\"td-video-play-ico\"><i class=\"td-icon-video-thumb-play\"><\/i><\/span><\/a><\/div>\r\n            <div class=\"td-module-meta-info\">\r\n                <h3 class=\"entry-title td-module-title\"><a href=\"https:\/\/www.institutodeengenharia.org.br\/site\/2024\/12\/16\/o-poder-judiciario-a-pericia-e-os-peritos-hoje\/\"  rel=\"bookmark\" title=\"O poder judici\u00e1rio, a per\u00edcia e os peritos hoje\">O poder judici\u00e1rio, a per\u00edcia e os peritos hoje<\/a><\/h3>                <div class=\"td-editor-date\">\r\n                                        <span class=\"td-author-date\">\r\n                                                <span class=\"td-post-date\"><time class=\"entry-date updated td-module-date\" datetime=\"2024-12-16T10:29:10-03:00\" >16\/12\/2024<\/time><\/span>                    <\/span>\r\n                <\/div>\r\n            <\/div>\r\n\r\n        <\/div>\r\n\r\n        \n\t<\/div> <!-- .\/td-block-span4 -->\n\n\t<div class=\"td-block-span4\">\n\r\n        <div class=\"td_module_mx1 td_module_wrap td-animation-stack\">\r\n            <div class=\"td-module-thumb\"><a href=\"https:\/\/www.institutodeengenharia.org.br\/site\/2024\/11\/18\/a-instalacao-de-um-centro-de-manutencao-de-aeronaves-e-componentes\/\"  rel=\"bookmark\" class=\"td-image-wrap \" title=\"A Instala\u00e7\u00e3o de um Centro de Manuten\u00e7\u00e3o de Aeronaves e Componentes\" ><img loading=\"lazy\" decoding=\"async\" class=\"entry-thumb\" src=\"data:image\/png;base64,iVBORw0KGgoAAAANSUhEUgAAAWQAAADcAQMAAAB9O0nPAAAAA1BMVEWurq51dlI4AAAAAXRSTlMmkutdmwAAACBJREFUaN7twTEBAAAAwiD7p7bDbmAAAAAAAAAAAABAdieIAAGQh2mWAAAAAElFTkSuQmCC\" alt=\"\" title=\"A Instala\u00e7\u00e3o de um Centro de Manuten\u00e7\u00e3o de Aeronaves e Componentes\" data-type=\"image_tag\" data-img-url=\"https:\/\/www.institutodeengenharia.org.br\/site\/wp-content\/uploads\/2024\/12\/A-Instalacao-de-um-Centro-de-Manutencao-356x220.png\"  width=\"356\" height=\"220\" \/><span class=\"td-video-play-ico\"><i class=\"td-icon-video-thumb-play\"><\/i><\/span><\/a><\/div>\r\n            <div class=\"td-module-meta-info\">\r\n                <h3 class=\"entry-title td-module-title\"><a href=\"https:\/\/www.institutodeengenharia.org.br\/site\/2024\/11\/18\/a-instalacao-de-um-centro-de-manutencao-de-aeronaves-e-componentes\/\"  rel=\"bookmark\" title=\"A Instala\u00e7\u00e3o de um Centro de Manuten\u00e7\u00e3o de Aeronaves e Componentes\">A Instala\u00e7\u00e3o de um Centro de Manuten\u00e7\u00e3o de Aeronaves e Componentes<\/a><\/h3>                <div class=\"td-editor-date\">\r\n                                        <span class=\"td-author-date\">\r\n                                                <span class=\"td-post-date\"><time class=\"entry-date updated td-module-date\" datetime=\"2024-11-18T11:58:58-03:00\" >18\/11\/2024<\/time><\/span>                    <\/span>\r\n                <\/div>\r\n            <\/div>\r\n\r\n        <\/div>\r\n\r\n        \n\t<\/div> <!-- .\/td-block-span4 -->\n\n\t<div class=\"td-block-span4\">\n\r\n        <div class=\"td_module_mx1 td_module_wrap td-animation-stack\">\r\n            <div class=\"td-module-thumb\"><a href=\"https:\/\/www.institutodeengenharia.org.br\/site\/2024\/11\/12\/motos-e-a-seguranca-de-transito\/\"  rel=\"bookmark\" class=\"td-image-wrap \" title=\"Motos e a seguran\u00e7a de tr\u00e2nsito\" ><img loading=\"lazy\" decoding=\"async\" class=\"entry-thumb\" src=\"data:image\/png;base64,iVBORw0KGgoAAAANSUhEUgAAAWQAAADcAQMAAAB9O0nPAAAAA1BMVEWurq51dlI4AAAAAXRSTlMmkutdmwAAACBJREFUaN7twTEBAAAAwiD7p7bDbmAAAAAAAAAAAABAdieIAAGQh2mWAAAAAElFTkSuQmCC\" alt=\"\" title=\"Motos e a seguran\u00e7a de tr\u00e2nsito\" data-type=\"image_tag\" data-img-url=\"https:\/\/www.institutodeengenharia.org.br\/site\/wp-content\/uploads\/2024\/12\/Motos-e-a-Seguranca-de-Transito-1-356x220.png\"  width=\"356\" height=\"220\" \/><span class=\"td-video-play-ico\"><i class=\"td-icon-video-thumb-play\"><\/i><\/span><\/a><\/div>\r\n            <div class=\"td-module-meta-info\">\r\n                <h3 class=\"entry-title td-module-title\"><a href=\"https:\/\/www.institutodeengenharia.org.br\/site\/2024\/11\/12\/motos-e-a-seguranca-de-transito\/\"  rel=\"bookmark\" title=\"Motos e a seguran\u00e7a de tr\u00e2nsito\">Motos e a seguran\u00e7a de tr\u00e2nsito<\/a><\/h3>                <div class=\"td-editor-date\">\r\n                                        <span class=\"td-author-date\">\r\n                                                <span class=\"td-post-date\"><time class=\"entry-date updated td-module-date\" datetime=\"2024-11-12T16:35:32-03:00\" >12\/11\/2024<\/time><\/span>                    <\/span>\r\n                <\/div>\r\n            <\/div>\r\n\r\n        <\/div>\r\n\r\n        \n\t<\/div> <!-- .\/td-block-span4 --><\/div><!--.\/row-fluid-->\n\n\t<div class=\"td-block-row\">\n\n\t<div class=\"td-block-span4\">\n\r\n        <div class=\"td_module_mx1 td_module_wrap td-animation-stack\">\r\n            <div class=\"td-module-thumb\"><a href=\"https:\/\/www.institutodeengenharia.org.br\/site\/2024\/11\/01\/titulo-eminente-engenheiro-do-ano-2024\/\"  rel=\"bookmark\" class=\"td-image-wrap \" title=\"T\u00edtulo Eminente Engenheiro do Ano 2024\" ><img loading=\"lazy\" decoding=\"async\" class=\"entry-thumb\" src=\"data:image\/png;base64,iVBORw0KGgoAAAANSUhEUgAAAWQAAADcAQMAAAB9O0nPAAAAA1BMVEWurq51dlI4AAAAAXRSTlMmkutdmwAAACBJREFUaN7twTEBAAAAwiD7p7bDbmAAAAAAAAAAAABAdieIAAGQh2mWAAAAAElFTkSuQmCC\" alt=\"\" title=\"T\u00edtulo Eminente Engenheiro do Ano 2024\" data-type=\"image_tag\" data-img-url=\"https:\/\/www.institutodeengenharia.org.br\/site\/wp-content\/uploads\/2024\/10\/CAL_6430-scaled-e1730482106596-356x220.jpg\"  width=\"356\" height=\"220\" \/><span class=\"td-video-play-ico\"><i class=\"td-icon-video-thumb-play\"><\/i><\/span><\/a><\/div>\r\n            <div class=\"td-module-meta-info\">\r\n                <h3 class=\"entry-title td-module-title\"><a href=\"https:\/\/www.institutodeengenharia.org.br\/site\/2024\/11\/01\/titulo-eminente-engenheiro-do-ano-2024\/\"  rel=\"bookmark\" title=\"T\u00edtulo Eminente Engenheiro do Ano 2024\">T\u00edtulo Eminente Engenheiro do Ano 2024<\/a><\/h3>                <div class=\"td-editor-date\">\r\n                                        <span class=\"td-author-date\">\r\n                                                <span class=\"td-post-date\"><time class=\"entry-date updated td-module-date\" datetime=\"2024-11-01T11:28:09-03:00\" >01\/11\/2024<\/time><\/span>                    <\/span>\r\n                <\/div>\r\n            <\/div>\r\n\r\n        <\/div>\r\n\r\n        \n\t<\/div> <!-- .\/td-block-span4 -->\n\n\t<div class=\"td-block-span4\">\n\r\n        <div class=\"td_module_mx1 td_module_wrap td-animation-stack\">\r\n            <div class=\"td-module-thumb\"><a href=\"https:\/\/www.institutodeengenharia.org.br\/site\/2024\/10\/29\/pilulas-de-gestao-juridica-de-contratos-projetos-e-inteligencia-artificial-no-gerenciamento\/\"  rel=\"bookmark\" class=\"td-image-wrap \" title=\"P\u00edlulas de Gest\u00e3o Jur\u00eddica de Contratos, Projetos e Intelig\u00eancia Artificial no Gerenciamento\" ><img loading=\"lazy\" decoding=\"async\" class=\"entry-thumb\" src=\"data:image\/png;base64,iVBORw0KGgoAAAANSUhEUgAAAWQAAADcAQMAAAB9O0nPAAAAA1BMVEWurq51dlI4AAAAAXRSTlMmkutdmwAAACBJREFUaN7twTEBAAAAwiD7p7bDbmAAAAAAAAAAAABAdieIAAGQh2mWAAAAAElFTkSuQmCC\" alt=\"\" title=\"P\u00edlulas de Gest\u00e3o Jur\u00eddica de Contratos, Projetos e Intelig\u00eancia Artificial no Gerenciamento\" data-type=\"image_tag\" data-img-url=\"https:\/\/www.institutodeengenharia.org.br\/site\/wp-content\/uploads\/2024\/12\/Pilulas-de-Gestao-Juridica-356x220.png\"  width=\"356\" height=\"220\" \/><span class=\"td-video-play-ico\"><i class=\"td-icon-video-thumb-play\"><\/i><\/span><\/a><\/div>\r\n            <div class=\"td-module-meta-info\">\r\n                <h3 class=\"entry-title td-module-title\"><a href=\"https:\/\/www.institutodeengenharia.org.br\/site\/2024\/10\/29\/pilulas-de-gestao-juridica-de-contratos-projetos-e-inteligencia-artificial-no-gerenciamento\/\"  rel=\"bookmark\" title=\"P\u00edlulas de Gest\u00e3o Jur\u00eddica de Contratos, Projetos e Intelig\u00eancia Artificial no Gerenciamento\">P\u00edlulas de Gest\u00e3o Jur\u00eddica de Contratos, Projetos e Intelig\u00eancia Artificial no Gerenciamento<\/a><\/h3>                <div class=\"td-editor-date\">\r\n                                        <span class=\"td-author-date\">\r\n                                                <span class=\"td-post-date\"><time class=\"entry-date updated td-module-date\" datetime=\"2024-10-29T11:00:05-03:00\" >29\/10\/2024<\/time><\/span>                    <\/span>\r\n                <\/div>\r\n            <\/div>\r\n\r\n        <\/div>\r\n\r\n        \n\t<\/div> <!-- .\/td-block-span4 -->\n\n\t<div class=\"td-block-span4\">\n\r\n        <div class=\"td_module_mx1 td_module_wrap td-animation-stack\">\r\n            <div class=\"td-module-thumb\"><a href=\"https:\/\/www.institutodeengenharia.org.br\/site\/2024\/10\/21\/veiculos-de-efeito-solo-da-operacao-durante-a-guerra-fria-para-a-solucao-dos-problemas-logisticos-da-amazonia\/\"  rel=\"bookmark\" class=\"td-image-wrap \" title=\"Ve\u00edculos de efeito solo: Da opera\u00e7\u00e3o durante a guerra fria para a solu\u00e7\u00e3o dos problemas log\u00edsticos da Amaz\u00f4nia\" ><img loading=\"lazy\" decoding=\"async\" class=\"entry-thumb\" src=\"data:image\/png;base64,iVBORw0KGgoAAAANSUhEUgAAAWQAAADcAQMAAAB9O0nPAAAAA1BMVEWurq51dlI4AAAAAXRSTlMmkutdmwAAACBJREFUaN7twTEBAAAAwiD7p7bDbmAAAAAAAAAAAABAdieIAAGQh2mWAAAAAElFTkSuQmCC\" alt=\"\" title=\"Ve\u00edculos de efeito solo: Da opera\u00e7\u00e3o durante a guerra fria para a solu\u00e7\u00e3o dos problemas log\u00edsticos da Amaz\u00f4nia\" data-type=\"image_tag\" data-img-url=\"https:\/\/www.institutodeengenharia.org.br\/site\/wp-content\/uploads\/2024\/12\/Veiculos-de-Efeito-Solo-356x220.png\"  width=\"356\" height=\"220\" \/><span class=\"td-video-play-ico\"><i class=\"td-icon-video-thumb-play\"><\/i><\/span><\/a><\/div>\r\n            <div class=\"td-module-meta-info\">\r\n                <h3 class=\"entry-title td-module-title\"><a href=\"https:\/\/www.institutodeengenharia.org.br\/site\/2024\/10\/21\/veiculos-de-efeito-solo-da-operacao-durante-a-guerra-fria-para-a-solucao-dos-problemas-logisticos-da-amazonia\/\"  rel=\"bookmark\" title=\"Ve\u00edculos de efeito solo: Da opera\u00e7\u00e3o durante a guerra fria para a solu\u00e7\u00e3o dos problemas log\u00edsticos da Amaz\u00f4nia\">Ve\u00edculos de efeito solo: Da opera\u00e7\u00e3o durante a guerra fria para a solu\u00e7\u00e3o dos problemas log\u00edsticos da Amaz\u00f4nia<\/a><\/h3>                <div class=\"td-editor-date\">\r\n                                        <span class=\"td-author-date\">\r\n                                                <span class=\"td-post-date\"><time class=\"entry-date updated td-module-date\" datetime=\"2024-10-21T11:21:04-03:00\" >21\/10\/2024<\/time><\/span>                    <\/span>\r\n                <\/div>\r\n            <\/div>\r\n\r\n        <\/div>\r\n\r\n        \n\t<\/div> <!-- .\/td-block-span4 --><\/div><!--.\/row-fluid-->\n\n\t<div class=\"td-block-row\">\n\n\t<div class=\"td-block-span4\">\n\r\n        <div class=\"td_module_mx1 td_module_wrap td-animation-stack\">\r\n            <div class=\"td-module-thumb\"><a href=\"https:\/\/www.institutodeengenharia.org.br\/site\/2024\/10\/16\/urbanizacao-de-favelas-e-as-cidades-inteligentes\/\"  rel=\"bookmark\" class=\"td-image-wrap \" title=\"Urbaniza\u00e7\u00e3o de favelas e as cidades inteligentes\" ><img loading=\"lazy\" decoding=\"async\" class=\"entry-thumb\" src=\"data:image\/png;base64,iVBORw0KGgoAAAANSUhEUgAAAWQAAADcAQMAAAB9O0nPAAAAA1BMVEWurq51dlI4AAAAAXRSTlMmkutdmwAAACBJREFUaN7twTEBAAAAwiD7p7bDbmAAAAAAAAAAAABAdieIAAGQh2mWAAAAAElFTkSuQmCC\" alt=\"\" title=\"Urbaniza\u00e7\u00e3o de favelas e as cidades inteligentes\" data-type=\"image_tag\" data-img-url=\"https:\/\/www.institutodeengenharia.org.br\/site\/wp-content\/uploads\/2024\/11\/Urbanizacao-de-Favelas-356x220.png\"  width=\"356\" height=\"220\" \/><span class=\"td-video-play-ico\"><i class=\"td-icon-video-thumb-play\"><\/i><\/span><\/a><\/div>\r\n            <div class=\"td-module-meta-info\">\r\n                <h3 class=\"entry-title td-module-title\"><a href=\"https:\/\/www.institutodeengenharia.org.br\/site\/2024\/10\/16\/urbanizacao-de-favelas-e-as-cidades-inteligentes\/\"  rel=\"bookmark\" title=\"Urbaniza\u00e7\u00e3o de favelas e as cidades inteligentes\">Urbaniza\u00e7\u00e3o de favelas e as cidades inteligentes<\/a><\/h3>                <div class=\"td-editor-date\">\r\n                                        <span class=\"td-author-date\">\r\n                                                <span class=\"td-post-date\"><time class=\"entry-date updated td-module-date\" datetime=\"2024-10-16T11:33:55-03:00\" >16\/10\/2024<\/time><\/span>                    <\/span>\r\n                <\/div>\r\n            <\/div>\r\n\r\n        <\/div>\r\n\r\n        \n\t<\/div> <!-- .\/td-block-span4 -->\n\n\t<div class=\"td-block-span4\">\n\r\n        <div class=\"td_module_mx1 td_module_wrap td-animation-stack\">\r\n            <div class=\"td-module-thumb\"><a href=\"https:\/\/www.institutodeengenharia.org.br\/site\/2024\/10\/09\/campo-de-teste-para-concurso-de-pc-instituto-de-engenharia\/\"  rel=\"bookmark\" class=\"td-image-wrap \" title=\"Campo de teste para concurso de PC \u2013 Instituto de Engenharia\" ><img loading=\"lazy\" decoding=\"async\" class=\"entry-thumb\" src=\"data:image\/png;base64,iVBORw0KGgoAAAANSUhEUgAAAWQAAADcAQMAAAB9O0nPAAAAA1BMVEWurq51dlI4AAAAAXRSTlMmkutdmwAAACBJREFUaN7twTEBAAAAwiD7p7bDbmAAAAAAAAAAAABAdieIAAGQh2mWAAAAAElFTkSuQmCC\" alt=\"\" title=\"Campo de teste para concurso de PC \u2013 Instituto de Engenharia\" data-type=\"image_tag\" data-img-url=\"https:\/\/www.institutodeengenharia.org.br\/site\/wp-content\/uploads\/2024\/11\/37-356x220.png\"  width=\"356\" height=\"220\" \/><span class=\"td-video-play-ico\"><i class=\"td-icon-video-thumb-play\"><\/i><\/span><\/a><\/div>\r\n            <div class=\"td-module-meta-info\">\r\n                <h3 class=\"entry-title td-module-title\"><a href=\"https:\/\/www.institutodeengenharia.org.br\/site\/2024\/10\/09\/campo-de-teste-para-concurso-de-pc-instituto-de-engenharia\/\"  rel=\"bookmark\" title=\"Campo de teste para concurso de PC \u2013 Instituto de Engenharia\">Campo de teste para concurso de PC \u2013 Instituto de Engenharia<\/a><\/h3>                <div class=\"td-editor-date\">\r\n                                        <span class=\"td-author-date\">\r\n                                                <span class=\"td-post-date\"><time class=\"entry-date updated td-module-date\" datetime=\"2024-10-09T14:53:46-03:00\" >09\/10\/2024<\/time><\/span>                    <\/span>\r\n                <\/div>\r\n            <\/div>\r\n\r\n        <\/div>\r\n\r\n        \n\t<\/div> <!-- .\/td-block-span4 -->\n\n\t<div class=\"td-block-span4\">\n\r\n        <div class=\"td_module_mx1 td_module_wrap td-animation-stack\">\r\n            <div class=\"td-module-thumb\"><a href=\"https:\/\/www.institutodeengenharia.org.br\/site\/2024\/09\/30\/gestao-visual-digital-das-paradas-de-manutencao\/\"  rel=\"bookmark\" class=\"td-image-wrap \" title=\"Gest\u00e3o visual digital das paradas de manuten\u00e7\u00e3o\" ><img loading=\"lazy\" decoding=\"async\" class=\"entry-thumb\" src=\"data:image\/png;base64,iVBORw0KGgoAAAANSUhEUgAAAWQAAADcAQMAAAB9O0nPAAAAA1BMVEWurq51dlI4AAAAAXRSTlMmkutdmwAAACBJREFUaN7twTEBAAAAwiD7p7bDbmAAAAAAAAAAAABAdieIAAGQh2mWAAAAAElFTkSuQmCC\" alt=\"\" title=\"Gest\u00e3o visual digital das paradas de manuten\u00e7\u00e3o\" data-type=\"image_tag\" data-img-url=\"https:\/\/www.institutodeengenharia.org.br\/site\/wp-content\/uploads\/2024\/11\/Gestao-Digital-Visual-356x220.png\"  width=\"356\" height=\"220\" \/><span class=\"td-video-play-ico\"><i class=\"td-icon-video-thumb-play\"><\/i><\/span><\/a><\/div>\r\n            <div class=\"td-module-meta-info\">\r\n                <h3 class=\"entry-title td-module-title\"><a href=\"https:\/\/www.institutodeengenharia.org.br\/site\/2024\/09\/30\/gestao-visual-digital-das-paradas-de-manutencao\/\"  rel=\"bookmark\" title=\"Gest\u00e3o visual digital das paradas de manuten\u00e7\u00e3o\">Gest\u00e3o visual digital das paradas de manuten\u00e7\u00e3o<\/a><\/h3>                <div class=\"td-editor-date\">\r\n                                        <span class=\"td-author-date\">\r\n                                                <span class=\"td-post-date\"><time class=\"entry-date updated td-module-date\" datetime=\"2024-09-30T15:02:06-03:00\" >30\/09\/2024<\/time><\/span>                    <\/span>\r\n                <\/div>\r\n            <\/div>\r\n\r\n        <\/div>\r\n\r\n        \n\t<\/div> <!-- .\/td-block-span4 --><\/div><!--.\/row-fluid-->\n\n\t<div class=\"td-block-row\">\n\n\t<div class=\"td-block-span4\">\n\r\n        <div class=\"td_module_mx1 td_module_wrap td-animation-stack\">\r\n            <div class=\"td-module-thumb\"><a href=\"https:\/\/www.institutodeengenharia.org.br\/site\/2024\/09\/24\/abnt-nbr-16537-as-mudancas-da-nova-atualizacao\/\"  rel=\"bookmark\" class=\"td-image-wrap \" title=\"ABNT NBR 16537 \u2013 As mudan\u00e7as da nova atualiza\u00e7\u00e3o\" ><img loading=\"lazy\" decoding=\"async\" class=\"entry-thumb\" src=\"data:image\/png;base64,iVBORw0KGgoAAAANSUhEUgAAAWQAAADcAQMAAAB9O0nPAAAAA1BMVEWurq51dlI4AAAAAXRSTlMmkutdmwAAACBJREFUaN7twTEBAAAAwiD7p7bDbmAAAAAAAAAAAABAdieIAAGQh2mWAAAAAElFTkSuQmCC\" alt=\"\" title=\"ABNT NBR 16537 \u2013 As mudan\u00e7as da nova atualiza\u00e7\u00e3o\" data-type=\"image_tag\" data-img-url=\"https:\/\/www.institutodeengenharia.org.br\/site\/wp-content\/uploads\/2024\/11\/ABNT-NBR-16537-356x220.png\"  width=\"356\" height=\"220\" \/><span class=\"td-video-play-ico\"><i class=\"td-icon-video-thumb-play\"><\/i><\/span><\/a><\/div>\r\n            <div class=\"td-module-meta-info\">\r\n                <h3 class=\"entry-title td-module-title\"><a href=\"https:\/\/www.institutodeengenharia.org.br\/site\/2024\/09\/24\/abnt-nbr-16537-as-mudancas-da-nova-atualizacao\/\"  rel=\"bookmark\" title=\"ABNT NBR 16537 \u2013 As mudan\u00e7as da nova atualiza\u00e7\u00e3o\">ABNT NBR 16537 \u2013 As mudan\u00e7as da nova atualiza\u00e7\u00e3o<\/a><\/h3>                <div class=\"td-editor-date\">\r\n                                        <span class=\"td-author-date\">\r\n                                                <span class=\"td-post-date\"><time class=\"entry-date updated td-module-date\" datetime=\"2024-09-24T14:55:33-03:00\" >24\/09\/2024<\/time><\/span>                    <\/span>\r\n                <\/div>\r\n            <\/div>\r\n\r\n        <\/div>\r\n\r\n        \n\t<\/div> <!-- .\/td-block-span4 -->\n\n\t<div class=\"td-block-span4\">\n\r\n        <div class=\"td_module_mx1 td_module_wrap td-animation-stack\">\r\n            <div class=\"td-module-thumb\"><a href=\"https:\/\/www.institutodeengenharia.org.br\/site\/2024\/09\/16\/a-concessao-de-aeroportos-regionais-no-brasil\/\"  rel=\"bookmark\" class=\"td-image-wrap \" title=\"A concess\u00e3o de aeroportos regionais no Brasil\" ><img loading=\"lazy\" decoding=\"async\" class=\"entry-thumb\" src=\"data:image\/png;base64,iVBORw0KGgoAAAANSUhEUgAAAWQAAADcAQMAAAB9O0nPAAAAA1BMVEWurq51dlI4AAAAAXRSTlMmkutdmwAAACBJREFUaN7twTEBAAAAwiD7p7bDbmAAAAAAAAAAAABAdieIAAGQh2mWAAAAAElFTkSuQmCC\" alt=\"\" title=\"A concess\u00e3o de aeroportos regionais no Brasil\" data-type=\"image_tag\" data-img-url=\"https:\/\/www.institutodeengenharia.org.br\/site\/wp-content\/uploads\/2024\/11\/A-Concessao-de-Aeroportos-356x220.jpg\"  width=\"356\" height=\"220\" \/><span class=\"td-video-play-ico\"><i class=\"td-icon-video-thumb-play\"><\/i><\/span><\/a><\/div>\r\n            <div class=\"td-module-meta-info\">\r\n                <h3 class=\"entry-title td-module-title\"><a href=\"https:\/\/www.institutodeengenharia.org.br\/site\/2024\/09\/16\/a-concessao-de-aeroportos-regionais-no-brasil\/\"  rel=\"bookmark\" title=\"A concess\u00e3o de aeroportos regionais no Brasil\">A concess\u00e3o de aeroportos regionais no Brasil<\/a><\/h3>                <div class=\"td-editor-date\">\r\n                                        <span class=\"td-author-date\">\r\n                                                <span class=\"td-post-date\"><time class=\"entry-date updated td-module-date\" datetime=\"2024-09-16T14:50:59-03:00\" >16\/09\/2024<\/time><\/span>                    <\/span>\r\n                <\/div>\r\n            <\/div>\r\n\r\n        <\/div>\r\n\r\n        \n\t<\/div> <!-- .\/td-block-span4 -->\n\n\t<div class=\"td-block-span4\">\n\r\n        <div class=\"td_module_mx1 td_module_wrap td-animation-stack\">\r\n            <div class=\"td-module-thumb\"><a href=\"https:\/\/www.institutodeengenharia.org.br\/site\/2024\/09\/11\/ambientes-inteligentes-promovem-a-felicidade\/\"  rel=\"bookmark\" class=\"td-image-wrap \" title=\"Ambientes inteligentes promovem a felicidade\" ><img loading=\"lazy\" decoding=\"async\" class=\"entry-thumb\" src=\"data:image\/png;base64,iVBORw0KGgoAAAANSUhEUgAAAWQAAADcAQMAAAB9O0nPAAAAA1BMVEWurq51dlI4AAAAAXRSTlMmkutdmwAAACBJREFUaN7twTEBAAAAwiD7p7bDbmAAAAAAAAAAAABAdieIAAGQh2mWAAAAAElFTkSuQmCC\" alt=\"\" title=\"Ambientes inteligentes promovem a felicidade\" data-type=\"image_tag\" data-img-url=\"https:\/\/www.institutodeengenharia.org.br\/site\/wp-content\/uploads\/2024\/10\/Ambientes-Inteligentes-356x220.png\"  width=\"356\" height=\"220\" \/><span class=\"td-video-play-ico\"><i class=\"td-icon-video-thumb-play\"><\/i><\/span><\/a><\/div>\r\n            <div class=\"td-module-meta-info\">\r\n                <h3 class=\"entry-title td-module-title\"><a href=\"https:\/\/www.institutodeengenharia.org.br\/site\/2024\/09\/11\/ambientes-inteligentes-promovem-a-felicidade\/\"  rel=\"bookmark\" title=\"Ambientes inteligentes promovem a felicidade\">Ambientes inteligentes promovem a felicidade<\/a><\/h3>                <div class=\"td-editor-date\">\r\n                                        <span class=\"td-author-date\">\r\n                                                <span class=\"td-post-date\"><time class=\"entry-date updated td-module-date\" datetime=\"2024-09-11T15:08:04-03:00\" >11\/09\/2024<\/time><\/span>                    <\/span>\r\n                <\/div>\r\n            <\/div>\r\n\r\n        <\/div>\r\n\r\n        \n\t<\/div> <!-- .\/td-block-span4 --><\/div><!--.\/row-fluid-->\n\n\t<div class=\"td-block-row\">\n\n\t<div class=\"td-block-span4\">\n\r\n        <div class=\"td_module_mx1 td_module_wrap td-animation-stack\">\r\n            <div class=\"td-module-thumb\"><a href=\"https:\/\/www.institutodeengenharia.org.br\/site\/2024\/09\/10\/seguranca-contra-incendios-o-avcb-e-suas-generalidades-2\/\"  rel=\"bookmark\" class=\"td-image-wrap \" title=\"Seguran\u00e7a contra inc\u00eandios \u2013 O AVCB e suas generalidades\" ><img loading=\"lazy\" decoding=\"async\" class=\"entry-thumb\" src=\"data:image\/png;base64,iVBORw0KGgoAAAANSUhEUgAAAWQAAADcAQMAAAB9O0nPAAAAA1BMVEWurq51dlI4AAAAAXRSTlMmkutdmwAAACBJREFUaN7twTEBAAAAwiD7p7bDbmAAAAAAAAAAAABAdieIAAGQh2mWAAAAAElFTkSuQmCC\" alt=\"\" title=\"Seguran\u00e7a contra inc\u00eandios \u2013 O AVCB e suas generalidades\" data-type=\"image_tag\" data-img-url=\"https:\/\/www.institutodeengenharia.org.br\/site\/wp-content\/uploads\/2024\/10\/Seruranca-contra-Incendios-356x220.png\"  width=\"356\" height=\"220\" \/><span class=\"td-video-play-ico\"><i class=\"td-icon-video-thumb-play\"><\/i><\/span><\/a><\/div>\r\n            <div class=\"td-module-meta-info\">\r\n                <h3 class=\"entry-title td-module-title\"><a href=\"https:\/\/www.institutodeengenharia.org.br\/site\/2024\/09\/10\/seguranca-contra-incendios-o-avcb-e-suas-generalidades-2\/\"  rel=\"bookmark\" title=\"Seguran\u00e7a contra inc\u00eandios \u2013 O AVCB e suas generalidades\">Seguran\u00e7a contra inc\u00eandios \u2013 O AVCB e suas generalidades<\/a><\/h3>                <div class=\"td-editor-date\">\r\n                                        <span class=\"td-author-date\">\r\n                                                <span class=\"td-post-date\"><time class=\"entry-date updated td-module-date\" datetime=\"2024-09-10T15:05:01-03:00\" >10\/09\/2024<\/time><\/span>                    <\/span>\r\n                <\/div>\r\n            <\/div>\r\n\r\n        <\/div>\r\n\r\n        \n\t<\/div> <!-- .\/td-block-span4 -->\n\n\t<div class=\"td-block-span4\">\n\r\n        <div class=\"td_module_mx1 td_module_wrap td-animation-stack\">\r\n            <div class=\"td-module-thumb\"><a href=\"https:\/\/www.institutodeengenharia.org.br\/site\/2024\/09\/10\/lancamento-do-estudo-uma-base-de-conhecimento-para-a-estrategia-nacional-de-bioeconomias\/\"  rel=\"bookmark\" class=\"td-image-wrap \" title=\"Lan\u00e7amento do Estudo: Uma Base de Conhecimento para a Estrat\u00e9gia Nacional de Bioeconomias\" ><img loading=\"lazy\" decoding=\"async\" class=\"entry-thumb\" src=\"data:image\/png;base64,iVBORw0KGgoAAAANSUhEUgAAAWQAAADcAQMAAAB9O0nPAAAAA1BMVEWurq51dlI4AAAAAXRSTlMmkutdmwAAACBJREFUaN7twTEBAAAAwiD7p7bDbmAAAAAAAAAAAABAdieIAAGQh2mWAAAAAElFTkSuQmCC\" alt=\"\" title=\"Lan\u00e7amento do Estudo: Uma Base de Conhecimento para a Estrat\u00e9gia Nacional de Bioeconomias\" data-type=\"image_tag\" data-img-url=\"https:\/\/www.institutodeengenharia.org.br\/site\/wp-content\/uploads\/2024\/09\/Inserir-um-titulo-3-356x220.jpg\"  width=\"356\" height=\"220\" \/><span class=\"td-video-play-ico\"><i class=\"td-icon-video-thumb-play\"><\/i><\/span><\/a><\/div>\r\n            <div class=\"td-module-meta-info\">\r\n                <h3 class=\"entry-title td-module-title\"><a href=\"https:\/\/www.institutodeengenharia.org.br\/site\/2024\/09\/10\/lancamento-do-estudo-uma-base-de-conhecimento-para-a-estrategia-nacional-de-bioeconomias\/\"  rel=\"bookmark\" title=\"Lan\u00e7amento do Estudo: Uma Base de Conhecimento para a Estrat\u00e9gia Nacional de Bioeconomias\">Lan\u00e7amento do Estudo: Uma Base de Conhecimento para a Estrat\u00e9gia Nacional de Bioeconomias<\/a><\/h3>                <div class=\"td-editor-date\">\r\n                                        <span class=\"td-author-date\">\r\n                                                <span class=\"td-post-date\"><time class=\"entry-date updated td-module-date\" datetime=\"2024-09-10T14:25:07-03:00\" >10\/09\/2024<\/time><\/span>                    <\/span>\r\n                <\/div>\r\n            <\/div>\r\n\r\n        <\/div>\r\n\r\n        \n\t<\/div> <!-- .\/td-block-span4 -->\n\n\t<div class=\"td-block-span4\">\n\r\n        <div class=\"td_module_mx1 td_module_wrap td-animation-stack\">\r\n            <div class=\"td-module-thumb\"><a href=\"https:\/\/www.institutodeengenharia.org.br\/site\/2024\/08\/26\/semana-nacional-da-engenharia\/\"  rel=\"bookmark\" class=\"td-image-wrap \" title=\"Semana Nacional da Engenharia\" ><img loading=\"lazy\" decoding=\"async\" class=\"entry-thumb\" src=\"data:image\/png;base64,iVBORw0KGgoAAAANSUhEUgAAAWQAAADcAQMAAAB9O0nPAAAAA1BMVEWurq51dlI4AAAAAXRSTlMmkutdmwAAACBJREFUaN7twTEBAAAAwiD7p7bDbmAAAAAAAAAAAABAdieIAAGQh2mWAAAAAElFTkSuQmCC\" alt=\"\" title=\"Semana Nacional da Engenharia\" data-type=\"image_tag\" data-img-url=\"https:\/\/www.institutodeengenharia.org.br\/site\/wp-content\/uploads\/2024\/02\/Design-sem-nome-2024-04-16T112520.616-356x220.jpg\"  width=\"356\" height=\"220\" \/><span class=\"td-video-play-ico\"><i class=\"td-icon-video-thumb-play\"><\/i><\/span><\/a><\/div>\r\n            <div class=\"td-module-meta-info\">\r\n                <h3 class=\"entry-title td-module-title\"><a href=\"https:\/\/www.institutodeengenharia.org.br\/site\/2024\/08\/26\/semana-nacional-da-engenharia\/\"  rel=\"bookmark\" title=\"Semana Nacional da Engenharia\">Semana Nacional da Engenharia<\/a><\/h3>                <div class=\"td-editor-date\">\r\n                                        <span class=\"td-author-date\">\r\n                                                <span class=\"td-post-date\"><time class=\"entry-date updated td-module-date\" datetime=\"2024-08-26T14:37:39-03:00\" >26\/08\/2024<\/time><\/span>                    <\/span>\r\n                <\/div>\r\n            <\/div>\r\n\r\n        <\/div>\r\n\r\n        \n\t<\/div> <!-- .\/td-block-span4 --><\/div><!--.\/row-fluid-->\n\n\t<div class=\"td-block-row\">\n\n\t<div class=\"td-block-span4\">\n\r\n        <div class=\"td_module_mx1 td_module_wrap td-animation-stack\">\r\n            <div class=\"td-module-thumb\"><a href=\"https:\/\/www.institutodeengenharia.org.br\/site\/2024\/08\/21\/como-realizar-a-quantificacao-de-materiais-e-orcamento-direto-dos-projetos-em-dwg-ar-condicionado-e-civil\/\"  rel=\"bookmark\" class=\"td-image-wrap \" title=\"Como realizar a quantifica\u00e7\u00e3o de materiais e or\u00e7amento direto dos projetos em .dwg \u2013 Ar Condicionado e Civil\" ><img loading=\"lazy\" decoding=\"async\" class=\"entry-thumb\" src=\"data:image\/png;base64,iVBORw0KGgoAAAANSUhEUgAAAWQAAADcAQMAAAB9O0nPAAAAA1BMVEWurq51dlI4AAAAAXRSTlMmkutdmwAAACBJREFUaN7twTEBAAAAwiD7p7bDbmAAAAAAAAAAAABAdieIAAGQh2mWAAAAAElFTkSuQmCC\" alt=\"\" title=\"Como realizar a quantifica\u00e7\u00e3o de materiais e or\u00e7amento direto dos projetos em .dwg \u2013 Ar Condicionado e Civil\" data-type=\"image_tag\" data-img-url=\"https:\/\/www.institutodeengenharia.org.br\/site\/wp-content\/uploads\/2024\/10\/Inserir-um-titulo-9-356x220.jpg\"  width=\"356\" height=\"220\" \/><span class=\"td-video-play-ico\"><i class=\"td-icon-video-thumb-play\"><\/i><\/span><\/a><\/div>\r\n            <div class=\"td-module-meta-info\">\r\n                <h3 class=\"entry-title td-module-title\"><a href=\"https:\/\/www.institutodeengenharia.org.br\/site\/2024\/08\/21\/como-realizar-a-quantificacao-de-materiais-e-orcamento-direto-dos-projetos-em-dwg-ar-condicionado-e-civil\/\"  rel=\"bookmark\" title=\"Como realizar a quantifica\u00e7\u00e3o de materiais e or\u00e7amento direto dos projetos em .dwg \u2013 Ar Condicionado e Civil\">Como realizar a quantifica\u00e7\u00e3o de materiais e or\u00e7amento direto dos projetos em .dwg \u2013 Ar Condicionado e Civil<\/a><\/h3>                <div class=\"td-editor-date\">\r\n                                        <span class=\"td-author-date\">\r\n                                                <span class=\"td-post-date\"><time class=\"entry-date updated td-module-date\" datetime=\"2024-08-21T15:30:40-03:00\" >21\/08\/2024<\/time><\/span>                    <\/span>\r\n                <\/div>\r\n            <\/div>\r\n\r\n        <\/div>\r\n\r\n        \n\t<\/div> <!-- .\/td-block-span4 -->\n\n\t<div class=\"td-block-span4\">\n\r\n        <div class=\"td_module_mx1 td_module_wrap td-animation-stack\">\r\n            <div class=\"td-module-thumb\"><a href=\"https:\/\/www.institutodeengenharia.org.br\/site\/2024\/08\/19\/a-situacao-das-principais-empresas-aereas-brasileiras\/\"  rel=\"bookmark\" class=\"td-image-wrap \" title=\"A Situa\u00e7\u00e3o das Principais Empresas A\u00e9reas Brasileiras\" ><img loading=\"lazy\" decoding=\"async\" class=\"entry-thumb\" src=\"data:image\/png;base64,iVBORw0KGgoAAAANSUhEUgAAAWQAAADcAQMAAAB9O0nPAAAAA1BMVEWurq51dlI4AAAAAXRSTlMmkutdmwAAACBJREFUaN7twTEBAAAAwiD7p7bDbmAAAAAAAAAAAABAdieIAAGQh2mWAAAAAElFTkSuQmCC\" alt=\"\" title=\"A Situa\u00e7\u00e3o das Principais Empresas A\u00e9reas Brasileiras\" data-type=\"image_tag\" data-img-url=\"https:\/\/www.institutodeengenharia.org.br\/site\/wp-content\/uploads\/2024\/10\/Inserir-um-titulo-8-356x220.jpg\"  width=\"356\" height=\"220\" \/><span class=\"td-video-play-ico\"><i class=\"td-icon-video-thumb-play\"><\/i><\/span><\/a><\/div>\r\n            <div class=\"td-module-meta-info\">\r\n                <h3 class=\"entry-title td-module-title\"><a href=\"https:\/\/www.institutodeengenharia.org.br\/site\/2024\/08\/19\/a-situacao-das-principais-empresas-aereas-brasileiras\/\"  rel=\"bookmark\" title=\"A Situa\u00e7\u00e3o das Principais Empresas A\u00e9reas Brasileiras\">A Situa\u00e7\u00e3o das Principais Empresas A\u00e9reas Brasileiras<\/a><\/h3>                <div class=\"td-editor-date\">\r\n                                        <span class=\"td-author-date\">\r\n                                                <span class=\"td-post-date\"><time class=\"entry-date updated td-module-date\" datetime=\"2024-08-19T15:24:05-03:00\" >19\/08\/2024<\/time><\/span>                    <\/span>\r\n                <\/div>\r\n            <\/div>\r\n\r\n        <\/div>\r\n\r\n        \n\t<\/div> <!-- .\/td-block-span4 -->\n\n\t<div class=\"td-block-span4\">\n\r\n        <div class=\"td_module_mx1 td_module_wrap td-animation-stack\">\r\n            <div class=\"td-module-thumb\"><a href=\"https:\/\/www.institutodeengenharia.org.br\/site\/2024\/08\/15\/dubai-como-a-arquitetura-contribui-para-transformar\/\"  rel=\"bookmark\" class=\"td-image-wrap \" title=\"Dubai: Como a Arquitetura contribui para transformar\" ><img loading=\"lazy\" decoding=\"async\" class=\"entry-thumb\" src=\"data:image\/png;base64,iVBORw0KGgoAAAANSUhEUgAAAWQAAADcAQMAAAB9O0nPAAAAA1BMVEWurq51dlI4AAAAAXRSTlMmkutdmwAAACBJREFUaN7twTEBAAAAwiD7p7bDbmAAAAAAAAAAAABAdieIAAGQh2mWAAAAAElFTkSuQmCC\" alt=\"\" title=\"Dubai: Como a Arquitetura contribui para transformar\" data-type=\"image_tag\" data-img-url=\"https:\/\/www.institutodeengenharia.org.br\/site\/wp-content\/uploads\/2024\/10\/Dubai-356x220.png\"  width=\"356\" height=\"220\" \/><span class=\"td-video-play-ico\"><i class=\"td-icon-video-thumb-play\"><\/i><\/span><\/a><\/div>\r\n            <div class=\"td-module-meta-info\">\r\n                <h3 class=\"entry-title td-module-title\"><a href=\"https:\/\/www.institutodeengenharia.org.br\/site\/2024\/08\/15\/dubai-como-a-arquitetura-contribui-para-transformar\/\"  rel=\"bookmark\" title=\"Dubai: Como a Arquitetura contribui para transformar\">Dubai: Como a Arquitetura contribui para transformar<\/a><\/h3>                <div class=\"td-editor-date\">\r\n                                        <span class=\"td-author-date\">\r\n                                                <span class=\"td-post-date\"><time class=\"entry-date updated td-module-date\" datetime=\"2024-08-15T12:17:04-03:00\" >15\/08\/2024<\/time><\/span>                    <\/span>\r\n                <\/div>\r\n            <\/div>\r\n\r\n        <\/div>\r\n\r\n        \n\t<\/div> <!-- .\/td-block-span4 --><\/div><!--.\/row-fluid-->\n\n\t<div class=\"td-block-row\">\n\n\t<div class=\"td-block-span4\">\n\r\n        <div class=\"td_module_mx1 td_module_wrap td-animation-stack\">\r\n            <div class=\"td-module-thumb\"><a href=\"https:\/\/www.institutodeengenharia.org.br\/site\/2024\/08\/14\/podcast-visao-da-engenharia-energia-mercado-projetos-e-obras-em-debate-10\/\"  rel=\"bookmark\" class=\"td-image-wrap \" title=\"PodCast Vis\u00e3o da Engenharia &#8211; Energia: mercado, projetos e obras em debate #10\" ><img loading=\"lazy\" decoding=\"async\" class=\"entry-thumb\" src=\"data:image\/png;base64,iVBORw0KGgoAAAANSUhEUgAAAWQAAADcAQMAAAB9O0nPAAAAA1BMVEWurq51dlI4AAAAAXRSTlMmkutdmwAAACBJREFUaN7twTEBAAAAwiD7p7bDbmAAAAAAAAAAAABAdieIAAGQh2mWAAAAAElFTkSuQmCC\" alt=\"\" title=\"PodCast Vis\u00e3o da Engenharia &#8211; Energia: mercado, projetos e obras em debate #10\" data-type=\"image_tag\" data-img-url=\"https:\/\/www.institutodeengenharia.org.br\/site\/wp-content\/uploads\/2024\/08\/Miniatura-Podcast-Visao-da-Engenharia-356x220.png\"  width=\"356\" height=\"220\" \/><span class=\"td-video-play-ico\"><i class=\"td-icon-video-thumb-play\"><\/i><\/span><\/a><\/div>\r\n            <div class=\"td-module-meta-info\">\r\n                <h3 class=\"entry-title td-module-title\"><a href=\"https:\/\/www.institutodeengenharia.org.br\/site\/2024\/08\/14\/podcast-visao-da-engenharia-energia-mercado-projetos-e-obras-em-debate-10\/\"  rel=\"bookmark\" title=\"PodCast Vis\u00e3o da Engenharia &#8211; Energia: mercado, projetos e obras em debate #10\">PodCast Vis\u00e3o da Engenharia &#8211; Energia: mercado, projetos e obras em debate #10<\/a><\/h3>                <div class=\"td-editor-date\">\r\n                                        <span class=\"td-author-date\">\r\n                                                <span class=\"td-post-date\"><time class=\"entry-date updated td-module-date\" datetime=\"2024-08-14T17:27:23-03:00\" >14\/08\/2024<\/time><\/span>                    <\/span>\r\n                <\/div>\r\n            <\/div>\r\n\r\n        <\/div>\r\n\r\n        \n\t<\/div> <!-- .\/td-block-span4 -->\n\n\t<div class=\"td-block-span4\">\n\r\n        <div class=\"td_module_mx1 td_module_wrap td-animation-stack\">\r\n            <div class=\"td-module-thumb\"><a href=\"https:\/\/www.institutodeengenharia.org.br\/site\/2024\/08\/14\/seguranca-no-trabalho-com-cestas-aereas-e-cestos-acoplados\/\"  rel=\"bookmark\" class=\"td-image-wrap \" title=\"Seguran\u00e7a no trabalho com cestas a\u00e9reas e cestos acoplados\" ><img loading=\"lazy\" decoding=\"async\" class=\"entry-thumb\" src=\"data:image\/png;base64,iVBORw0KGgoAAAANSUhEUgAAAWQAAADcAQMAAAB9O0nPAAAAA1BMVEWurq51dlI4AAAAAXRSTlMmkutdmwAAACBJREFUaN7twTEBAAAAwiD7p7bDbmAAAAAAAAAAAABAdieIAAGQh2mWAAAAAElFTkSuQmCC\" alt=\"\" title=\"Seguran\u00e7a no trabalho com cestas a\u00e9reas e cestos acoplados\" data-type=\"image_tag\" data-img-url=\"https:\/\/www.institutodeengenharia.org.br\/site\/wp-content\/uploads\/2024\/10\/Seguranca-no-Trabalho-356x220.png\"  width=\"356\" height=\"220\" \/><span class=\"td-video-play-ico\"><i class=\"td-icon-video-thumb-play\"><\/i><\/span><\/a><\/div>\r\n            <div class=\"td-module-meta-info\">\r\n                <h3 class=\"entry-title td-module-title\"><a href=\"https:\/\/www.institutodeengenharia.org.br\/site\/2024\/08\/14\/seguranca-no-trabalho-com-cestas-aereas-e-cestos-acoplados\/\"  rel=\"bookmark\" title=\"Seguran\u00e7a no trabalho com cestas a\u00e9reas e cestos acoplados\">Seguran\u00e7a no trabalho com cestas a\u00e9reas e cestos acoplados<\/a><\/h3>                <div class=\"td-editor-date\">\r\n                                        <span class=\"td-author-date\">\r\n                                                <span class=\"td-post-date\"><time class=\"entry-date updated td-module-date\" datetime=\"2024-08-14T12:26:31-03:00\" >14\/08\/2024<\/time><\/span>                    <\/span>\r\n                <\/div>\r\n            <\/div>\r\n\r\n        <\/div>\r\n\r\n        \n\t<\/div> <!-- .\/td-block-span4 -->\n\n\t<div class=\"td-block-span4\">\n\r\n        <div class=\"td_module_mx1 td_module_wrap td-animation-stack\">\r\n            <div class=\"td-module-thumb\"><a href=\"https:\/\/www.institutodeengenharia.org.br\/site\/2024\/08\/07\/como-realizar-a-quantificacao-de-materiais-e-orcamento-direto-dos-projetos-em-dwg-eletrica-e-hidraulica\/\"  rel=\"bookmark\" class=\"td-image-wrap \" title=\"Como realizar a quantifica\u00e7\u00e3o de materiais e or\u00e7amento direto dos projetos em .dwg \u2013 El\u00e9trica e hidr\u00e1ulica\" ><img loading=\"lazy\" decoding=\"async\" class=\"entry-thumb\" src=\"data:image\/png;base64,iVBORw0KGgoAAAANSUhEUgAAAWQAAADcAQMAAAB9O0nPAAAAA1BMVEWurq51dlI4AAAAAXRSTlMmkutdmwAAACBJREFUaN7twTEBAAAAwiD7p7bDbmAAAAAAAAAAAABAdieIAAGQh2mWAAAAAElFTkSuQmCC\" alt=\"\" title=\"Como realizar a quantifica\u00e7\u00e3o de materiais e or\u00e7amento direto dos projetos em .dwg \u2013 El\u00e9trica e hidr\u00e1ulica\" data-type=\"image_tag\" data-img-url=\"https:\/\/www.institutodeengenharia.org.br\/site\/wp-content\/uploads\/2024\/09\/Como-Realizar-a-Quantificacao-356x220.png\"  width=\"356\" height=\"220\" \/><span class=\"td-video-play-ico\"><i class=\"td-icon-video-thumb-play\"><\/i><\/span><\/a><\/div>\r\n            <div class=\"td-module-meta-info\">\r\n                <h3 class=\"entry-title td-module-title\"><a href=\"https:\/\/www.institutodeengenharia.org.br\/site\/2024\/08\/07\/como-realizar-a-quantificacao-de-materiais-e-orcamento-direto-dos-projetos-em-dwg-eletrica-e-hidraulica\/\"  rel=\"bookmark\" title=\"Como realizar a quantifica\u00e7\u00e3o de materiais e or\u00e7amento direto dos projetos em .dwg \u2013 El\u00e9trica e hidr\u00e1ulica\">Como realizar a quantifica\u00e7\u00e3o de materiais e or\u00e7amento direto dos projetos em .dwg \u2013 El\u00e9trica e hidr\u00e1ulica<\/a><\/h3>                <div class=\"td-editor-date\">\r\n                                        <span class=\"td-author-date\">\r\n                                                <span class=\"td-post-date\"><time class=\"entry-date updated td-module-date\" datetime=\"2024-08-07T14:37:39-03:00\" >07\/08\/2024<\/time><\/span>                    <\/span>\r\n                <\/div>\r\n            <\/div>\r\n\r\n        <\/div>\r\n\r\n        \n\t<\/div> <!-- .\/td-block-span4 --><\/div><!--.\/row-fluid-->\n\n\t<div class=\"td-block-row\">\n\n\t<div class=\"td-block-span4\">\n\r\n        <div class=\"td_module_mx1 td_module_wrap td-animation-stack\">\r\n            <div class=\"td-module-thumb\"><a href=\"https:\/\/www.institutodeengenharia.org.br\/site\/2024\/08\/06\/iluminacao-e-automacao\/\"  rel=\"bookmark\" class=\"td-image-wrap \" title=\"Ilumina\u00e7\u00e3o e Automa\u00e7\u00e3o\" ><img loading=\"lazy\" decoding=\"async\" class=\"entry-thumb\" src=\"data:image\/png;base64,iVBORw0KGgoAAAANSUhEUgAAAWQAAADcAQMAAAB9O0nPAAAAA1BMVEWurq51dlI4AAAAAXRSTlMmkutdmwAAACBJREFUaN7twTEBAAAAwiD7p7bDbmAAAAAAAAAAAABAdieIAAGQh2mWAAAAAElFTkSuQmCC\" alt=\"\" title=\"Ilumina\u00e7\u00e3o e Automa\u00e7\u00e3o\" data-type=\"image_tag\" data-img-url=\"https:\/\/www.institutodeengenharia.org.br\/site\/wp-content\/uploads\/2024\/08\/Inserir-um-titulo-5-356x220.jpg\"  width=\"356\" height=\"220\" \/><span class=\"td-video-play-ico\"><i class=\"td-icon-video-thumb-play\"><\/i><\/span><\/a><\/div>\r\n            <div class=\"td-module-meta-info\">\r\n                <h3 class=\"entry-title td-module-title\"><a href=\"https:\/\/www.institutodeengenharia.org.br\/site\/2024\/08\/06\/iluminacao-e-automacao\/\"  rel=\"bookmark\" title=\"Ilumina\u00e7\u00e3o e Automa\u00e7\u00e3o\">Ilumina\u00e7\u00e3o e Automa\u00e7\u00e3o<\/a><\/h3>                <div class=\"td-editor-date\">\r\n                                        <span class=\"td-author-date\">\r\n                                                <span class=\"td-post-date\"><time class=\"entry-date updated td-module-date\" datetime=\"2024-08-06T14:34:56-03:00\" >06\/08\/2024<\/time><\/span>                    <\/span>\r\n                <\/div>\r\n            <\/div>\r\n\r\n        <\/div>\r\n\r\n        \n\t<\/div> <!-- .\/td-block-span4 -->\n\n\t<div class=\"td-block-span4\">\n\r\n        <div class=\"td_module_mx1 td_module_wrap td-animation-stack\">\r\n            <div class=\"td-module-thumb\"><a href=\"https:\/\/www.institutodeengenharia.org.br\/site\/2024\/07\/30\/podcast-visao-da-engenharia-grandes-intervencoes-urbanas-9\/\"  rel=\"bookmark\" class=\"td-image-wrap \" title=\"PodCast Vis\u00e3o da Engenharia \u2013 Grandes Interven\u00e7\u00f5es Urbanas #9\" ><img loading=\"lazy\" decoding=\"async\" class=\"entry-thumb\" src=\"data:image\/png;base64,iVBORw0KGgoAAAANSUhEUgAAAWQAAADcAQMAAAB9O0nPAAAAA1BMVEWurq51dlI4AAAAAXRSTlMmkutdmwAAACBJREFUaN7twTEBAAAAwiD7p7bDbmAAAAAAAAAAAABAdieIAAGQh2mWAAAAAElFTkSuQmCC\" alt=\"\" title=\"PodCast Vis\u00e3o da Engenharia \u2013 Grandes Interven\u00e7\u00f5es Urbanas #9\" data-type=\"image_tag\" data-img-url=\"https:\/\/www.institutodeengenharia.org.br\/site\/wp-content\/uploads\/2024\/07\/Miniatura-Podcast-Visao-da-Engenharia-9-356x220.png\"  width=\"356\" height=\"220\" \/><span class=\"td-video-play-ico\"><i class=\"td-icon-video-thumb-play\"><\/i><\/span><\/a><\/div>\r\n            <div class=\"td-module-meta-info\">\r\n                <h3 class=\"entry-title td-module-title\"><a href=\"https:\/\/www.institutodeengenharia.org.br\/site\/2024\/07\/30\/podcast-visao-da-engenharia-grandes-intervencoes-urbanas-9\/\"  rel=\"bookmark\" title=\"PodCast Vis\u00e3o da Engenharia \u2013 Grandes Interven\u00e7\u00f5es Urbanas #9\">PodCast Vis\u00e3o da Engenharia \u2013 Grandes Interven\u00e7\u00f5es Urbanas #9<\/a><\/h3>                <div class=\"td-editor-date\">\r\n                                        <span class=\"td-author-date\">\r\n                                                <span class=\"td-post-date\"><time class=\"entry-date updated td-module-date\" datetime=\"2024-07-30T17:12:25-03:00\" >30\/07\/2024<\/time><\/span>                    <\/span>\r\n                <\/div>\r\n            <\/div>\r\n\r\n        <\/div>\r\n\r\n        \n\t<\/div> <!-- .\/td-block-span4 -->\n\n\t<div class=\"td-block-span4\">\n\r\n        <div class=\"td_module_mx1 td_module_wrap td-animation-stack\">\r\n            <div class=\"td-module-thumb\"><a href=\"https:\/\/www.institutodeengenharia.org.br\/site\/2024\/07\/25\/conquistando-a-vaga-dos-sonhos-em-concursos-publicos\/\"  rel=\"bookmark\" class=\"td-image-wrap \" title=\"Conquistando a vaga dos sonhos em concursos p\u00fablicos\" ><img loading=\"lazy\" decoding=\"async\" class=\"entry-thumb\" src=\"data:image\/png;base64,iVBORw0KGgoAAAANSUhEUgAAAWQAAADcAQMAAAB9O0nPAAAAA1BMVEWurq51dlI4AAAAAXRSTlMmkutdmwAAACBJREFUaN7twTEBAAAAwiD7p7bDbmAAAAAAAAAAAABAdieIAAGQh2mWAAAAAElFTkSuQmCC\" alt=\"\" title=\"Conquistando a vaga dos sonhos em concursos p\u00fablicos\" data-type=\"image_tag\" data-img-url=\"https:\/\/www.institutodeengenharia.org.br\/site\/wp-content\/uploads\/2024\/09\/Conquistando-a-Vaga-dos-Sonhos-356x220.png\"  width=\"356\" height=\"220\" \/><span class=\"td-video-play-ico\"><i class=\"td-icon-video-thumb-play\"><\/i><\/span><\/a><\/div>\r\n            <div class=\"td-module-meta-info\">\r\n                <h3 class=\"entry-title td-module-title\"><a href=\"https:\/\/www.institutodeengenharia.org.br\/site\/2024\/07\/25\/conquistando-a-vaga-dos-sonhos-em-concursos-publicos\/\"  rel=\"bookmark\" title=\"Conquistando a vaga dos sonhos em concursos p\u00fablicos\">Conquistando a vaga dos sonhos em concursos p\u00fablicos<\/a><\/h3>                <div class=\"td-editor-date\">\r\n                                        <span class=\"td-author-date\">\r\n                                                <span class=\"td-post-date\"><time class=\"entry-date updated td-module-date\" datetime=\"2024-07-25T14:45:48-03:00\" >25\/07\/2024<\/time><\/span>                    <\/span>\r\n                <\/div>\r\n            <\/div>\r\n\r\n        <\/div>\r\n\r\n        \n\t<\/div> <!-- .\/td-block-span4 --><\/div><!--.\/row-fluid-->\n\n\t<div class=\"td-block-row\">\n\n\t<div class=\"td-block-span4\">\n\r\n        <div class=\"td_module_mx1 td_module_wrap td-animation-stack\">\r\n            <div class=\"td-module-thumb\"><a href=\"https:\/\/www.institutodeengenharia.org.br\/site\/2024\/07\/19\/podcast-visao-da-engenharia-valorizacao-da-engenharia-no-brasil-8\/\"  rel=\"bookmark\" class=\"td-image-wrap \" title=\"PodCast Vis\u00e3o da Engenharia &#8211; Valoriza\u00e7\u00e3o da Engenharia no Brasil #8\" ><img loading=\"lazy\" decoding=\"async\" class=\"entry-thumb\" src=\"data:image\/png;base64,iVBORw0KGgoAAAANSUhEUgAAAWQAAADcAQMAAAB9O0nPAAAAA1BMVEWurq51dlI4AAAAAXRSTlMmkutdmwAAACBJREFUaN7twTEBAAAAwiD7p7bDbmAAAAAAAAAAAABAdieIAAGQh2mWAAAAAElFTkSuQmCC\" alt=\"\" title=\"PodCast Vis\u00e3o da Engenharia &#8211; Valoriza\u00e7\u00e3o da Engenharia no Brasil #8\" data-type=\"image_tag\" data-img-url=\"https:\/\/www.institutodeengenharia.org.br\/site\/wp-content\/uploads\/2024\/07\/Miniatura-Podcast-Visao-da-Engenharia-8-356x220.png\"  width=\"356\" height=\"220\" \/><span class=\"td-video-play-ico\"><i class=\"td-icon-video-thumb-play\"><\/i><\/span><\/a><\/div>\r\n            <div class=\"td-module-meta-info\">\r\n                <h3 class=\"entry-title td-module-title\"><a href=\"https:\/\/www.institutodeengenharia.org.br\/site\/2024\/07\/19\/podcast-visao-da-engenharia-valorizacao-da-engenharia-no-brasil-8\/\"  rel=\"bookmark\" title=\"PodCast Vis\u00e3o da Engenharia &#8211; Valoriza\u00e7\u00e3o da Engenharia no Brasil #8\">PodCast Vis\u00e3o da Engenharia &#8211; Valoriza\u00e7\u00e3o da Engenharia no Brasil #8<\/a><\/h3>                <div class=\"td-editor-date\">\r\n                                        <span class=\"td-author-date\">\r\n                                                <span class=\"td-post-date\"><time class=\"entry-date updated td-module-date\" datetime=\"2024-07-19T15:59:41-03:00\" >19\/07\/2024<\/time><\/span>                    <\/span>\r\n                <\/div>\r\n            <\/div>\r\n\r\n        <\/div>\r\n\r\n        \n\t<\/div> <!-- .\/td-block-span4 -->\n\n\t<div class=\"td-block-span4\">\n\r\n        <div class=\"td_module_mx1 td_module_wrap td-animation-stack\">\r\n            <div class=\"td-module-thumb\"><a href=\"https:\/\/www.institutodeengenharia.org.br\/site\/2024\/07\/15\/desafios-e-tendencias-em-navegacao-aerea\/\"  rel=\"bookmark\" class=\"td-image-wrap \" title=\"Desafios e tend\u00eancias em navega\u00e7\u00e3o a\u00e9rea\" ><img loading=\"lazy\" decoding=\"async\" class=\"entry-thumb\" src=\"data:image\/png;base64,iVBORw0KGgoAAAANSUhEUgAAAWQAAADcAQMAAAB9O0nPAAAAA1BMVEWurq51dlI4AAAAAXRSTlMmkutdmwAAACBJREFUaN7twTEBAAAAwiD7p7bDbmAAAAAAAAAAAABAdieIAAGQh2mWAAAAAElFTkSuQmCC\" alt=\"\" title=\"Desafios e tend\u00eancias em navega\u00e7\u00e3o a\u00e9rea\" data-type=\"image_tag\" data-img-url=\"https:\/\/www.institutodeengenharia.org.br\/site\/wp-content\/uploads\/2024\/09\/Desafios-e-Tendencias-em-Navegacao-Aerea-356x220.png\"  width=\"356\" height=\"220\" \/><span class=\"td-video-play-ico\"><i class=\"td-icon-video-thumb-play\"><\/i><\/span><\/a><\/div>\r\n            <div class=\"td-module-meta-info\">\r\n                <h3 class=\"entry-title td-module-title\"><a href=\"https:\/\/www.institutodeengenharia.org.br\/site\/2024\/07\/15\/desafios-e-tendencias-em-navegacao-aerea\/\"  rel=\"bookmark\" title=\"Desafios e tend\u00eancias em navega\u00e7\u00e3o a\u00e9rea\">Desafios e tend\u00eancias em navega\u00e7\u00e3o a\u00e9rea<\/a><\/h3>                <div class=\"td-editor-date\">\r\n                                        <span class=\"td-author-date\">\r\n                                                <span class=\"td-post-date\"><time class=\"entry-date updated td-module-date\" datetime=\"2024-07-15T14:37:16-03:00\" >15\/07\/2024<\/time><\/span>                    <\/span>\r\n                <\/div>\r\n            <\/div>\r\n\r\n        <\/div>\r\n\r\n        \n\t<\/div> <!-- .\/td-block-span4 -->\n\n\t<div class=\"td-block-span4\">\n\r\n        <div class=\"td_module_mx1 td_module_wrap td-animation-stack\">\r\n            <div class=\"td-module-thumb\"><a href=\"https:\/\/www.institutodeengenharia.org.br\/site\/2024\/07\/11\/como-ganhar-dinheiro-com-a-internet\/\"  rel=\"bookmark\" class=\"td-image-wrap \" title=\"Como ganhar dinheiro com a internet\" ><img loading=\"lazy\" decoding=\"async\" class=\"entry-thumb\" src=\"data:image\/png;base64,iVBORw0KGgoAAAANSUhEUgAAAWQAAADcAQMAAAB9O0nPAAAAA1BMVEWurq51dlI4AAAAAXRSTlMmkutdmwAAACBJREFUaN7twTEBAAAAwiD7p7bDbmAAAAAAAAAAAABAdieIAAGQh2mWAAAAAElFTkSuQmCC\" alt=\"\" title=\"Como ganhar dinheiro com a internet\" data-type=\"image_tag\" data-img-url=\"https:\/\/www.institutodeengenharia.org.br\/site\/wp-content\/uploads\/2024\/09\/Inserir-um-titulo-4-356x220.png\"  width=\"356\" height=\"220\" \/><span class=\"td-video-play-ico\"><i class=\"td-icon-video-thumb-play\"><\/i><\/span><\/a><\/div>\r\n            <div class=\"td-module-meta-info\">\r\n                <h3 class=\"entry-title td-module-title\"><a href=\"https:\/\/www.institutodeengenharia.org.br\/site\/2024\/07\/11\/como-ganhar-dinheiro-com-a-internet\/\"  rel=\"bookmark\" title=\"Como ganhar dinheiro com a internet\">Como ganhar dinheiro com a internet<\/a><\/h3>                <div class=\"td-editor-date\">\r\n                                        <span class=\"td-author-date\">\r\n                                                <span class=\"td-post-date\"><time class=\"entry-date updated td-module-date\" datetime=\"2024-07-11T11:12:22-03:00\" >11\/07\/2024<\/time><\/span>                    <\/span>\r\n                <\/div>\r\n            <\/div>\r\n\r\n        <\/div>\r\n\r\n        \n\t<\/div> <!-- .\/td-block-span4 --><\/div><!--.\/row-fluid-->\n\n\t<div class=\"td-block-row\">\n\n\t<div class=\"td-block-span4\">\n\r\n        <div class=\"td_module_mx1 td_module_wrap td-animation-stack\">\r\n            <div class=\"td-module-thumb\"><a href=\"https:\/\/www.institutodeengenharia.org.br\/site\/2024\/07\/10\/podcast-visao-da-engenharia-prevencao-de-desastres-e-o-papel-da-engenharia-consultiva-7\/\"  rel=\"bookmark\" class=\"td-image-wrap \" title=\"PodCast Vis\u00e3o da Engenharia \u2013  Preven\u00e7\u00e3o de desastres e o papel da Engenharia Consultiva #7\" ><img loading=\"lazy\" decoding=\"async\" class=\"entry-thumb\" src=\"data:image\/png;base64,iVBORw0KGgoAAAANSUhEUgAAAWQAAADcAQMAAAB9O0nPAAAAA1BMVEWurq51dlI4AAAAAXRSTlMmkutdmwAAACBJREFUaN7twTEBAAAAwiD7p7bDbmAAAAAAAAAAAABAdieIAAGQh2mWAAAAAElFTkSuQmCC\" alt=\"\" title=\"PodCast Vis\u00e3o da Engenharia \u2013  Preven\u00e7\u00e3o de desastres e o papel da Engenharia Consultiva #7\" data-type=\"image_tag\" data-img-url=\"https:\/\/www.institutodeengenharia.org.br\/site\/wp-content\/uploads\/2024\/07\/Miniatura-Podcast-Visao-da-Engenharia-7-356x220.png\"  width=\"356\" height=\"220\" \/><span class=\"td-video-play-ico\"><i class=\"td-icon-video-thumb-play\"><\/i><\/span><\/a><\/div>\r\n            <div class=\"td-module-meta-info\">\r\n                <h3 class=\"entry-title td-module-title\"><a href=\"https:\/\/www.institutodeengenharia.org.br\/site\/2024\/07\/10\/podcast-visao-da-engenharia-prevencao-de-desastres-e-o-papel-da-engenharia-consultiva-7\/\"  rel=\"bookmark\" title=\"PodCast Vis\u00e3o da Engenharia \u2013  Preven\u00e7\u00e3o de desastres e o papel da Engenharia Consultiva #7\">PodCast Vis\u00e3o da Engenharia \u2013  Preven\u00e7\u00e3o de desastres e o papel da Engenharia Consultiva #7<\/a><\/h3>                <div class=\"td-editor-date\">\r\n                                        <span class=\"td-author-date\">\r\n                                                <span class=\"td-post-date\"><time class=\"entry-date updated td-module-date\" datetime=\"2024-07-10T11:32:44-03:00\" >10\/07\/2024<\/time><\/span>                    <\/span>\r\n                <\/div>\r\n            <\/div>\r\n\r\n        <\/div>\r\n\r\n        \n\t<\/div> <!-- .\/td-block-span4 -->\n\n\t<div class=\"td-block-span4\">\n\r\n        <div class=\"td_module_mx1 td_module_wrap td-animation-stack\">\r\n            <div class=\"td-module-thumb\"><a href=\"https:\/\/www.institutodeengenharia.org.br\/site\/2024\/07\/04\/esg-e-responsabilidade-social-das-empresas\/\"  rel=\"bookmark\" class=\"td-image-wrap \" title=\"ESG e responsabilidade social das empresas\" ><img loading=\"lazy\" decoding=\"async\" class=\"entry-thumb\" src=\"data:image\/png;base64,iVBORw0KGgoAAAANSUhEUgAAAWQAAADcAQMAAAB9O0nPAAAAA1BMVEWurq51dlI4AAAAAXRSTlMmkutdmwAAACBJREFUaN7twTEBAAAAwiD7p7bDbmAAAAAAAAAAAABAdieIAAGQh2mWAAAAAElFTkSuQmCC\" alt=\"\" title=\"ESG e responsabilidade social das empresas\" data-type=\"image_tag\" data-img-url=\"https:\/\/www.institutodeengenharia.org.br\/site\/wp-content\/uploads\/2024\/09\/Inserir-um-titulo-4-356x220.jpg\"  width=\"356\" height=\"220\" \/><span class=\"td-video-play-ico\"><i class=\"td-icon-video-thumb-play\"><\/i><\/span><\/a><\/div>\r\n            <div class=\"td-module-meta-info\">\r\n                <h3 class=\"entry-title td-module-title\"><a href=\"https:\/\/www.institutodeengenharia.org.br\/site\/2024\/07\/04\/esg-e-responsabilidade-social-das-empresas\/\"  rel=\"bookmark\" title=\"ESG e responsabilidade social das empresas\">ESG e responsabilidade social das empresas<\/a><\/h3>                <div class=\"td-editor-date\">\r\n                                        <span class=\"td-author-date\">\r\n                                                <span class=\"td-post-date\"><time class=\"entry-date updated td-module-date\" datetime=\"2024-07-04T11:07:07-03:00\" >04\/07\/2024<\/time><\/span>                    <\/span>\r\n                <\/div>\r\n            <\/div>\r\n\r\n        <\/div>\r\n\r\n        \n\t<\/div> <!-- .\/td-block-span4 -->\n\n\t<div class=\"td-block-span4\">\n\r\n        <div class=\"td_module_mx1 td_module_wrap td-animation-stack\">\r\n            <div class=\"td-module-thumb\"><a href=\"https:\/\/www.institutodeengenharia.org.br\/site\/2024\/06\/25\/medidas-de-controle-para-agentes-quimicos\/\"  rel=\"bookmark\" class=\"td-image-wrap \" title=\"Medidas de controle para agentes qu\u00edmicos\" ><img loading=\"lazy\" decoding=\"async\" class=\"entry-thumb\" src=\"data:image\/png;base64,iVBORw0KGgoAAAANSUhEUgAAAWQAAADcAQMAAAB9O0nPAAAAA1BMVEWurq51dlI4AAAAAXRSTlMmkutdmwAAACBJREFUaN7twTEBAAAAwiD7p7bDbmAAAAAAAAAAAABAdieIAAGQh2mWAAAAAElFTkSuQmCC\" alt=\"\" title=\"Medidas de controle para agentes qu\u00edmicos\" data-type=\"image_tag\" data-img-url=\"https:\/\/www.institutodeengenharia.org.br\/site\/wp-content\/uploads\/2024\/05\/Design-sem-nome-2024-05-21T155824.512-356x220.jpg\"  width=\"356\" height=\"220\" \/><span class=\"td-video-play-ico\"><i class=\"td-icon-video-thumb-play\"><\/i><\/span><\/a><\/div>\r\n            <div class=\"td-module-meta-info\">\r\n                <h3 class=\"entry-title td-module-title\"><a href=\"https:\/\/www.institutodeengenharia.org.br\/site\/2024\/06\/25\/medidas-de-controle-para-agentes-quimicos\/\"  rel=\"bookmark\" title=\"Medidas de controle para agentes qu\u00edmicos\">Medidas de controle para agentes qu\u00edmicos<\/a><\/h3>                <div class=\"td-editor-date\">\r\n                                        <span class=\"td-author-date\">\r\n                                                <span class=\"td-post-date\"><time class=\"entry-date updated td-module-date\" datetime=\"2024-06-25T17:19:40-03:00\" >25\/06\/2024<\/time><\/span>                    <\/span>\r\n                <\/div>\r\n            <\/div>\r\n\r\n        <\/div>\r\n\r\n        \n\t<\/div> <!-- .\/td-block-span4 --><\/div><!--.\/row-fluid-->\n\n\t<div class=\"td-block-row\">\n\n\t<div class=\"td-block-span4\">\n\r\n        <div class=\"td_module_mx1 td_module_wrap td-animation-stack\">\r\n            <div class=\"td-module-thumb\"><a href=\"https:\/\/www.institutodeengenharia.org.br\/site\/2024\/06\/24\/podcast-visao-da-engenharia-cidades-sustentaveis-e-a-tragedia-climatica-do-sul-6\/\"  rel=\"bookmark\" class=\"td-image-wrap \" title=\"PodCast Vis\u00e3o da Engenharia &#8211; Cidades sustent\u00e1veis e a trag\u00e9dia clim\u00e1tica do Sul #6\" ><img loading=\"lazy\" decoding=\"async\" class=\"entry-thumb\" src=\"data:image\/png;base64,iVBORw0KGgoAAAANSUhEUgAAAWQAAADcAQMAAAB9O0nPAAAAA1BMVEWurq51dlI4AAAAAXRSTlMmkutdmwAAACBJREFUaN7twTEBAAAAwiD7p7bDbmAAAAAAAAAAAABAdieIAAGQh2mWAAAAAElFTkSuQmCC\" alt=\"\" title=\"PodCast Vis\u00e3o da Engenharia &#8211; Cidades sustent\u00e1veis e a trag\u00e9dia clim\u00e1tica do Sul #6\" data-type=\"image_tag\" data-img-url=\"https:\/\/www.institutodeengenharia.org.br\/site\/wp-content\/uploads\/2024\/06\/Miniatura-Podcast-Visao-da-Engenharia-6-356x220.png\"  width=\"356\" height=\"220\" \/><span class=\"td-video-play-ico\"><i class=\"td-icon-video-thumb-play\"><\/i><\/span><\/a><\/div>\r\n            <div class=\"td-module-meta-info\">\r\n                <h3 class=\"entry-title td-module-title\"><a href=\"https:\/\/www.institutodeengenharia.org.br\/site\/2024\/06\/24\/podcast-visao-da-engenharia-cidades-sustentaveis-e-a-tragedia-climatica-do-sul-6\/\"  rel=\"bookmark\" title=\"PodCast Vis\u00e3o da Engenharia &#8211; Cidades sustent\u00e1veis e a trag\u00e9dia clim\u00e1tica do Sul #6\">PodCast Vis\u00e3o da Engenharia &#8211; Cidades sustent\u00e1veis e a trag\u00e9dia clim\u00e1tica do Sul #6<\/a><\/h3>                <div class=\"td-editor-date\">\r\n                                        <span class=\"td-author-date\">\r\n                                                <span class=\"td-post-date\"><time class=\"entry-date updated td-module-date\" datetime=\"2024-06-24T14:45:03-03:00\" >24\/06\/2024<\/time><\/span>                    <\/span>\r\n                <\/div>\r\n            <\/div>\r\n\r\n        <\/div>\r\n\r\n        \n\t<\/div> <!-- .\/td-block-span4 -->\n\n\t<div class=\"td-block-span4\">\n\r\n        <div class=\"td_module_mx1 td_module_wrap td-animation-stack\">\r\n            <div class=\"td-module-thumb\"><a href=\"https:\/\/www.institutodeengenharia.org.br\/site\/2024\/06\/20\/reforma-tributaria-e-seus-impactos-nas-empresas\/\"  rel=\"bookmark\" class=\"td-image-wrap \" title=\"Reforma Tribut\u00e1ria e seus impactos nas empresas\" ><img loading=\"lazy\" decoding=\"async\" class=\"entry-thumb\" src=\"data:image\/png;base64,iVBORw0KGgoAAAANSUhEUgAAAWQAAADcAQMAAAB9O0nPAAAAA1BMVEWurq51dlI4AAAAAXRSTlMmkutdmwAAACBJREFUaN7twTEBAAAAwiD7p7bDbmAAAAAAAAAAAABAdieIAAGQh2mWAAAAAElFTkSuQmCC\" alt=\"\" title=\"Reforma Tribut\u00e1ria e seus impactos nas empresas\" data-type=\"image_tag\" data-img-url=\"https:\/\/www.institutodeengenharia.org.br\/site\/wp-content\/uploads\/2024\/07\/Inserir-um-titulo-6-356x220.jpg\"  width=\"356\" height=\"220\" \/><span class=\"td-video-play-ico\"><i class=\"td-icon-video-thumb-play\"><\/i><\/span><\/a><\/div>\r\n            <div class=\"td-module-meta-info\">\r\n                <h3 class=\"entry-title td-module-title\"><a href=\"https:\/\/www.institutodeengenharia.org.br\/site\/2024\/06\/20\/reforma-tributaria-e-seus-impactos-nas-empresas\/\"  rel=\"bookmark\" title=\"Reforma Tribut\u00e1ria e seus impactos nas empresas\">Reforma Tribut\u00e1ria e seus impactos nas empresas<\/a><\/h3>                <div class=\"td-editor-date\">\r\n                                        <span class=\"td-author-date\">\r\n                                                <span class=\"td-post-date\"><time class=\"entry-date updated td-module-date\" datetime=\"2024-06-20T15:30:34-03:00\" >20\/06\/2024<\/time><\/span>                    <\/span>\r\n                <\/div>\r\n            <\/div>\r\n\r\n        <\/div>\r\n\r\n        \n\t<\/div> <!-- .\/td-block-span4 -->\n\n\t<div class=\"td-block-span4\">\n\r\n        <div class=\"td_module_mx1 td_module_wrap td-animation-stack\">\r\n            <div class=\"td-module-thumb\"><a href=\"https:\/\/www.institutodeengenharia.org.br\/site\/2024\/06\/19\/cidade-inteligente-resiliente-e-sustentavel-a-imprecindivel-presenca-de-engenheiros-na-gestao-municipal\/\"  rel=\"bookmark\" class=\"td-image-wrap \" title=\"Cidade Inteligente, Resiliente e Sustent\u00e1vel &#8211; A imprecind\u00edvel presen\u00e7a de engenheiros na gest\u00e3o municipal\" ><img loading=\"lazy\" decoding=\"async\" class=\"entry-thumb\" src=\"data:image\/png;base64,iVBORw0KGgoAAAANSUhEUgAAAWQAAADcAQMAAAB9O0nPAAAAA1BMVEWurq51dlI4AAAAAXRSTlMmkutdmwAAACBJREFUaN7twTEBAAAAwiD7p7bDbmAAAAAAAAAAAABAdieIAAGQh2mWAAAAAElFTkSuQmCC\" alt=\"\" title=\"Cidade Inteligente, Resiliente e Sustent\u00e1vel &#8211; A imprecind\u00edvel presen\u00e7a de engenheiros na gest\u00e3o municipal\" data-type=\"image_tag\" data-img-url=\"https:\/\/www.institutodeengenharia.org.br\/site\/wp-content\/uploads\/2024\/07\/Inserir-um-titulo-7-356x220.jpg\"  width=\"356\" height=\"220\" \/><span class=\"td-video-play-ico\"><i class=\"td-icon-video-thumb-play\"><\/i><\/span><\/a><\/div>\r\n            <div class=\"td-module-meta-info\">\r\n                <h3 class=\"entry-title td-module-title\"><a href=\"https:\/\/www.institutodeengenharia.org.br\/site\/2024\/06\/19\/cidade-inteligente-resiliente-e-sustentavel-a-imprecindivel-presenca-de-engenheiros-na-gestao-municipal\/\"  rel=\"bookmark\" title=\"Cidade Inteligente, Resiliente e Sustent\u00e1vel &#8211; A imprecind\u00edvel presen\u00e7a de engenheiros na gest\u00e3o municipal\">Cidade Inteligente, Resiliente e Sustent\u00e1vel &#8211; A imprecind\u00edvel presen\u00e7a de engenheiros na gest\u00e3o municipal<\/a><\/h3>                <div class=\"td-editor-date\">\r\n                                        <span class=\"td-author-date\">\r\n                                                <span class=\"td-post-date\"><time class=\"entry-date updated td-module-date\" datetime=\"2024-06-19T15:47:49-03:00\" >19\/06\/2024<\/time><\/span>                    <\/span>\r\n                <\/div>\r\n            <\/div>\r\n\r\n        <\/div>\r\n\r\n        \n\t<\/div> <!-- .\/td-block-span4 --><\/div><!--.\/row-fluid-->\n\n\t<div class=\"td-block-row\">\n\n\t<div class=\"td-block-span4\">\n\r\n        <div class=\"td_module_mx1 td_module_wrap td-animation-stack\">\r\n            <div class=\"td-module-thumb\"><a href=\"https:\/\/www.institutodeengenharia.org.br\/site\/2024\/06\/18\/muros-de-solo-reforcado-com-geogrelhas\/\"  rel=\"bookmark\" class=\"td-image-wrap \" title=\"Muros de Solo Refor\u00e7ado com Geogrelhas\" ><img loading=\"lazy\" decoding=\"async\" class=\"entry-thumb\" src=\"data:image\/png;base64,iVBORw0KGgoAAAANSUhEUgAAAWQAAADcAQMAAAB9O0nPAAAAA1BMVEWurq51dlI4AAAAAXRSTlMmkutdmwAAACBJREFUaN7twTEBAAAAwiD7p7bDbmAAAAAAAAAAAABAdieIAAGQh2mWAAAAAElFTkSuQmCC\" alt=\"\" title=\"Muros de Solo Refor\u00e7ado com Geogrelhas\" data-type=\"image_tag\" data-img-url=\"https:\/\/www.institutodeengenharia.org.br\/site\/wp-content\/uploads\/2024\/05\/fotopalestrageo-356x220.jpg\"  width=\"356\" height=\"220\" \/><span class=\"td-video-play-ico\"><i class=\"td-icon-video-thumb-play\"><\/i><\/span><\/a><\/div>\r\n            <div class=\"td-module-meta-info\">\r\n                <h3 class=\"entry-title td-module-title\"><a href=\"https:\/\/www.institutodeengenharia.org.br\/site\/2024\/06\/18\/muros-de-solo-reforcado-com-geogrelhas\/\"  rel=\"bookmark\" title=\"Muros de Solo Refor\u00e7ado com Geogrelhas\">Muros de Solo Refor\u00e7ado com Geogrelhas<\/a><\/h3>                <div class=\"td-editor-date\">\r\n                                        <span class=\"td-author-date\">\r\n                                                <span class=\"td-post-date\"><time class=\"entry-date updated td-module-date\" datetime=\"2024-06-18T16:45:00-03:00\" >18\/06\/2024<\/time><\/span>                    <\/span>\r\n                <\/div>\r\n            <\/div>\r\n\r\n        <\/div>\r\n\r\n        \n\t<\/div> <!-- .\/td-block-span4 -->\n\n\t<div class=\"td-block-span4\">\n\r\n        <div class=\"td_module_mx1 td_module_wrap td-animation-stack\">\r\n            <div class=\"td-module-thumb\"><a href=\"https:\/\/www.institutodeengenharia.org.br\/site\/2024\/06\/17\/desenvolvimento-do-aeroporto-de-congonhas\/\"  rel=\"bookmark\" class=\"td-image-wrap \" title=\"Desenvolvimento do Aeroporto de Congonhas\" ><img loading=\"lazy\" decoding=\"async\" class=\"entry-thumb\" src=\"data:image\/png;base64,iVBORw0KGgoAAAANSUhEUgAAAWQAAADcAQMAAAB9O0nPAAAAA1BMVEWurq51dlI4AAAAAXRSTlMmkutdmwAAACBJREFUaN7twTEBAAAAwiD7p7bDbmAAAAAAAAAAAABAdieIAAGQh2mWAAAAAElFTkSuQmCC\" alt=\"\" title=\"Desenvolvimento do Aeroporto de Congonhas\" data-type=\"image_tag\" data-img-url=\"https:\/\/www.institutodeengenharia.org.br\/site\/wp-content\/uploads\/2024\/05\/Design-sem-nome-2024-05-28T165925.895-356x220.jpg\"  width=\"356\" height=\"220\" \/><span class=\"td-video-play-ico\"><i class=\"td-icon-video-thumb-play\"><\/i><\/span><\/a><\/div>\r\n            <div class=\"td-module-meta-info\">\r\n                <h3 class=\"entry-title td-module-title\"><a href=\"https:\/\/www.institutodeengenharia.org.br\/site\/2024\/06\/17\/desenvolvimento-do-aeroporto-de-congonhas\/\"  rel=\"bookmark\" title=\"Desenvolvimento do Aeroporto de Congonhas\">Desenvolvimento do Aeroporto de Congonhas<\/a><\/h3>                <div class=\"td-editor-date\">\r\n                                        <span class=\"td-author-date\">\r\n                                                <span class=\"td-post-date\"><time class=\"entry-date updated td-module-date\" datetime=\"2024-06-17T13:41:56-03:00\" >17\/06\/2024<\/time><\/span>                    <\/span>\r\n                <\/div>\r\n            <\/div>\r\n\r\n        <\/div>\r\n\r\n        \n\t<\/div> <!-- .\/td-block-span4 -->\n\n\t<div class=\"td-block-span4\">\n\r\n        <div class=\"td_module_mx1 td_module_wrap td-animation-stack\">\r\n            <div class=\"td-module-thumb\"><a href=\"https:\/\/www.institutodeengenharia.org.br\/site\/2024\/06\/11\/prevencao-de-desastres-naturais-solucoes-em-geotecnia-e-hidrologia-do-japao\/\"  rel=\"bookmark\" class=\"td-image-wrap \" title=\"Preven\u00e7\u00e3o de desastres naturais: Solu\u00e7\u00f5es em Geotecnia e Hidrologia do Jap\u00e3o\" ><img loading=\"lazy\" decoding=\"async\" class=\"entry-thumb\" src=\"data:image\/png;base64,iVBORw0KGgoAAAANSUhEUgAAAWQAAADcAQMAAAB9O0nPAAAAA1BMVEWurq51dlI4AAAAAXRSTlMmkutdmwAAACBJREFUaN7twTEBAAAAwiD7p7bDbmAAAAAAAAAAAABAdieIAAGQh2mWAAAAAElFTkSuQmCC\" alt=\"\" title=\"Preven\u00e7\u00e3o de desastres naturais: Solu\u00e7\u00f5es em Geotecnia e Hidrologia do Jap\u00e3o\" data-type=\"image_tag\" data-img-url=\"https:\/\/www.institutodeengenharia.org.br\/site\/wp-content\/uploads\/2024\/06\/Imagem-gerada-por-I.A-356x220.jpg\"  width=\"356\" height=\"220\" \/><span class=\"td-video-play-ico\"><i class=\"td-icon-video-thumb-play\"><\/i><\/span><\/a><\/div>\r\n            <div class=\"td-module-meta-info\">\r\n                <h3 class=\"entry-title td-module-title\"><a href=\"https:\/\/www.institutodeengenharia.org.br\/site\/2024\/06\/11\/prevencao-de-desastres-naturais-solucoes-em-geotecnia-e-hidrologia-do-japao\/\"  rel=\"bookmark\" title=\"Preven\u00e7\u00e3o de desastres naturais: Solu\u00e7\u00f5es em Geotecnia e Hidrologia do Jap\u00e3o\">Preven\u00e7\u00e3o de desastres naturais: Solu\u00e7\u00f5es em Geotecnia e Hidrologia do Jap\u00e3o<\/a><\/h3>                <div class=\"td-editor-date\">\r\n                                        <span class=\"td-author-date\">\r\n                                                <span class=\"td-post-date\"><time class=\"entry-date updated td-module-date\" datetime=\"2024-06-11T15:01:57-03:00\" >11\/06\/2024<\/time><\/span>                    <\/span>\r\n                <\/div>\r\n            <\/div>\r\n\r\n        <\/div>\r\n\r\n        \n\t<\/div> <!-- .\/td-block-span4 --><\/div><!--.\/row-fluid-->\n\n\t<div class=\"td-block-row\">\n\n\t<div class=\"td-block-span4\">\n\r\n        <div class=\"td_module_mx1 td_module_wrap td-animation-stack\">\r\n            <div class=\"td-module-thumb\"><a href=\"https:\/\/www.institutodeengenharia.org.br\/site\/2024\/06\/06\/ambiencia-e-comportamento\/\"  rel=\"bookmark\" class=\"td-image-wrap \" title=\"Ambi\u00eancia e comportamento\" ><img loading=\"lazy\" decoding=\"async\" class=\"entry-thumb\" src=\"data:image\/png;base64,iVBORw0KGgoAAAANSUhEUgAAAWQAAADcAQMAAAB9O0nPAAAAA1BMVEWurq51dlI4AAAAAXRSTlMmkutdmwAAACBJREFUaN7twTEBAAAAwiD7p7bDbmAAAAAAAAAAAABAdieIAAGQh2mWAAAAAElFTkSuQmCC\" alt=\"\" title=\"Ambi\u00eancia e comportamento\" data-type=\"image_tag\" data-img-url=\"https:\/\/www.institutodeengenharia.org.br\/site\/wp-content\/uploads\/2024\/04\/Design-sem-nome-2024-04-26T142008.334-356x220.jpg\"  width=\"356\" height=\"220\" \/><span class=\"td-video-play-ico\"><i class=\"td-icon-video-thumb-play\"><\/i><\/span><\/a><\/div>\r\n            <div class=\"td-module-meta-info\">\r\n                <h3 class=\"entry-title td-module-title\"><a href=\"https:\/\/www.institutodeengenharia.org.br\/site\/2024\/06\/06\/ambiencia-e-comportamento\/\"  rel=\"bookmark\" title=\"Ambi\u00eancia e comportamento\">Ambi\u00eancia e comportamento<\/a><\/h3>                <div class=\"td-editor-date\">\r\n                                        <span class=\"td-author-date\">\r\n                                                <span class=\"td-post-date\"><time class=\"entry-date updated td-module-date\" datetime=\"2024-06-06T15:54:07-03:00\" >06\/06\/2024<\/time><\/span>                    <\/span>\r\n                <\/div>\r\n            <\/div>\r\n\r\n        <\/div>\r\n\r\n        \n\t<\/div> <!-- .\/td-block-span4 -->\n\n\t<div class=\"td-block-span4\">\n\r\n        <div class=\"td_module_mx1 td_module_wrap td-animation-stack\">\r\n            <div class=\"td-module-thumb\"><a href=\"https:\/\/www.institutodeengenharia.org.br\/site\/2024\/06\/06\/o-transito-e-a-circulacao-urbana-na-espanha-alemanha-polonia-e-holanda\/\"  rel=\"bookmark\" class=\"td-image-wrap \" title=\"O tr\u00e2nsito e a circula\u00e7\u00e3o urbana na Espanha, Alemanha, Pol\u00f4nia e Holanda\" ><img loading=\"lazy\" decoding=\"async\" class=\"entry-thumb\" src=\"data:image\/png;base64,iVBORw0KGgoAAAANSUhEUgAAAWQAAADcAQMAAAB9O0nPAAAAA1BMVEWurq51dlI4AAAAAXRSTlMmkutdmwAAACBJREFUaN7twTEBAAAAwiD7p7bDbmAAAAAAAAAAAABAdieIAAGQh2mWAAAAAElFTkSuQmCC\" alt=\"\" title=\"O tr\u00e2nsito e a circula\u00e7\u00e3o urbana na Espanha, Alemanha, Pol\u00f4nia e Holanda\" data-type=\"image_tag\" data-img-url=\"https:\/\/www.institutodeengenharia.org.br\/site\/wp-content\/uploads\/2024\/04\/Design-sem-nome-2024-04-11T153254.552-356x220.jpg\"  width=\"356\" height=\"220\" \/><span class=\"td-video-play-ico\"><i class=\"td-icon-video-thumb-play\"><\/i><\/span><\/a><\/div>\r\n            <div class=\"td-module-meta-info\">\r\n                <h3 class=\"entry-title td-module-title\"><a href=\"https:\/\/www.institutodeengenharia.org.br\/site\/2024\/06\/06\/o-transito-e-a-circulacao-urbana-na-espanha-alemanha-polonia-e-holanda\/\"  rel=\"bookmark\" title=\"O tr\u00e2nsito e a circula\u00e7\u00e3o urbana na Espanha, Alemanha, Pol\u00f4nia e Holanda\">O tr\u00e2nsito e a circula\u00e7\u00e3o urbana na Espanha, Alemanha, Pol\u00f4nia e Holanda<\/a><\/h3>                <div class=\"td-editor-date\">\r\n                                        <span class=\"td-author-date\">\r\n                                                <span class=\"td-post-date\"><time class=\"entry-date updated td-module-date\" datetime=\"2024-06-06T10:33:38-03:00\" >06\/06\/2024<\/time><\/span>                    <\/span>\r\n                <\/div>\r\n            <\/div>\r\n\r\n        <\/div>\r\n\r\n        \n\t<\/div> <!-- .\/td-block-span4 -->\n\n\t<div class=\"td-block-span4\">\n\r\n        <div class=\"td_module_mx1 td_module_wrap td-animation-stack\">\r\n            <div class=\"td-module-thumb\"><a href=\"https:\/\/www.institutodeengenharia.org.br\/site\/2024\/05\/29\/choque-eletrico-riscos-e-controle\/\"  rel=\"bookmark\" class=\"td-image-wrap \" title=\"Choque el\u00e9trico: Riscos e controle\" ><img loading=\"lazy\" decoding=\"async\" class=\"entry-thumb\" src=\"data:image\/png;base64,iVBORw0KGgoAAAANSUhEUgAAAWQAAADcAQMAAAB9O0nPAAAAA1BMVEWurq51dlI4AAAAAXRSTlMmkutdmwAAACBJREFUaN7twTEBAAAAwiD7p7bDbmAAAAAAAAAAAABAdieIAAGQh2mWAAAAAElFTkSuQmCC\" alt=\"\" title=\"Choque el\u00e9trico: Riscos e controle\" data-type=\"image_tag\" data-img-url=\"https:\/\/www.institutodeengenharia.org.br\/site\/wp-content\/uploads\/2024\/04\/Design-sem-nome-2024-04-10T143510.676-356x220.jpg\"  width=\"356\" height=\"220\" \/><span class=\"td-video-play-ico\"><i class=\"td-icon-video-thumb-play\"><\/i><\/span><\/a><\/div>\r\n            <div class=\"td-module-meta-info\">\r\n                <h3 class=\"entry-title td-module-title\"><a href=\"https:\/\/www.institutodeengenharia.org.br\/site\/2024\/05\/29\/choque-eletrico-riscos-e-controle\/\"  rel=\"bookmark\" title=\"Choque el\u00e9trico: Riscos e controle\">Choque el\u00e9trico: Riscos e controle<\/a><\/h3>                <div class=\"td-editor-date\">\r\n                                        <span class=\"td-author-date\">\r\n                                                <span class=\"td-post-date\"><time class=\"entry-date updated td-module-date\" datetime=\"2024-05-29T15:54:07-03:00\" >29\/05\/2024<\/time><\/span>                    <\/span>\r\n                <\/div>\r\n            <\/div>\r\n\r\n        <\/div>\r\n\r\n        \n\t<\/div> <!-- .\/td-block-span4 --><\/div><!--.\/row-fluid-->\n\n\t<div class=\"td-block-row\">\n\n\t<div class=\"td-block-span4\">\n\r\n        <div class=\"td_module_mx1 td_module_wrap td-animation-stack\">\r\n            <div class=\"td-module-thumb\"><a href=\"https:\/\/www.institutodeengenharia.org.br\/site\/2024\/05\/28\/certificacao-gnss-com-rastreabilidade-pelo-inmetro-do-brasil-normas-metodologia-e-vantagens\/\"  rel=\"bookmark\" class=\"td-image-wrap \" title=\"Certifica\u00e7\u00e3o GNSS com Rastreabilidade pelo INMETRO do Brasil: Normas, Metodologia e Vantagens\" ><img loading=\"lazy\" decoding=\"async\" class=\"entry-thumb\" src=\"data:image\/png;base64,iVBORw0KGgoAAAANSUhEUgAAAWQAAADcAQMAAAB9O0nPAAAAA1BMVEWurq51dlI4AAAAAXRSTlMmkutdmwAAACBJREFUaN7twTEBAAAAwiD7p7bDbmAAAAAAAAAAAABAdieIAAGQh2mWAAAAAElFTkSuQmCC\" alt=\"\" title=\"Certifica\u00e7\u00e3o GNSS com Rastreabilidade pelo INMETRO do Brasil: Normas, Metodologia e Vantagens\" data-type=\"image_tag\" data-img-url=\"https:\/\/www.institutodeengenharia.org.br\/site\/wp-content\/uploads\/2024\/03\/Design-sem-nome-2024-03-18T095836.499-356x220.jpg\"  width=\"356\" height=\"220\" \/><span class=\"td-video-play-ico\"><i class=\"td-icon-video-thumb-play\"><\/i><\/span><\/a><\/div>\r\n            <div class=\"td-module-meta-info\">\r\n                <h3 class=\"entry-title td-module-title\"><a href=\"https:\/\/www.institutodeengenharia.org.br\/site\/2024\/05\/28\/certificacao-gnss-com-rastreabilidade-pelo-inmetro-do-brasil-normas-metodologia-e-vantagens\/\"  rel=\"bookmark\" title=\"Certifica\u00e7\u00e3o GNSS com Rastreabilidade pelo INMETRO do Brasil: Normas, Metodologia e Vantagens\">Certifica\u00e7\u00e3o GNSS com Rastreabilidade pelo INMETRO do Brasil: Normas, Metodologia e Vantagens<\/a><\/h3>                <div class=\"td-editor-date\">\r\n                                        <span class=\"td-author-date\">\r\n                                                <span class=\"td-post-date\"><time class=\"entry-date updated td-module-date\" datetime=\"2024-05-28T15:44:21-03:00\" >28\/05\/2024<\/time><\/span>                    <\/span>\r\n                <\/div>\r\n            <\/div>\r\n\r\n        <\/div>\r\n\r\n        \n\t<\/div> <!-- .\/td-block-span4 -->\n\n\t<div class=\"td-block-span4\">\n\r\n        <div class=\"td_module_mx1 td_module_wrap td-animation-stack\">\r\n            <div class=\"td-module-thumb\"><a href=\"https:\/\/www.institutodeengenharia.org.br\/site\/2024\/05\/27\/projeto-novo-centro-administrativo-do-governo-do-estado-de-sao-paulo\/\"  rel=\"bookmark\" class=\"td-image-wrap \" title=\"Projeto Novo Centro Administrativo do Governo do Estado de S\u00e3o Paulo\" ><img loading=\"lazy\" decoding=\"async\" class=\"entry-thumb\" src=\"data:image\/png;base64,iVBORw0KGgoAAAANSUhEUgAAAWQAAADcAQMAAAB9O0nPAAAAA1BMVEWurq51dlI4AAAAAXRSTlMmkutdmwAAACBJREFUaN7twTEBAAAAwiD7p7bDbmAAAAAAAAAAAABAdieIAAGQh2mWAAAAAElFTkSuQmCC\" alt=\"\" title=\"Projeto Novo Centro Administrativo do Governo do Estado de S\u00e3o Paulo\" data-type=\"image_tag\" data-img-url=\"https:\/\/www.institutodeengenharia.org.br\/site\/wp-content\/uploads\/2024\/06\/MicrosoftTeams-image-451-356x220.png\"  width=\"356\" height=\"220\" \/><span class=\"td-video-play-ico\"><i class=\"td-icon-video-thumb-play\"><\/i><\/span><\/a><\/div>\r\n            <div class=\"td-module-meta-info\">\r\n                <h3 class=\"entry-title td-module-title\"><a href=\"https:\/\/www.institutodeengenharia.org.br\/site\/2024\/05\/27\/projeto-novo-centro-administrativo-do-governo-do-estado-de-sao-paulo\/\"  rel=\"bookmark\" title=\"Projeto Novo Centro Administrativo do Governo do Estado de S\u00e3o Paulo\">Projeto Novo Centro Administrativo do Governo do Estado de S\u00e3o Paulo<\/a><\/h3>                <div class=\"td-editor-date\">\r\n                                        <span class=\"td-author-date\">\r\n                                                <span class=\"td-post-date\"><time class=\"entry-date updated td-module-date\" datetime=\"2024-05-27T11:59:03-03:00\" >27\/05\/2024<\/time><\/span>                    <\/span>\r\n                <\/div>\r\n            <\/div>\r\n\r\n        <\/div>\r\n\r\n        \n\t<\/div> <!-- .\/td-block-span4 -->\n\n\t<div class=\"td-block-span4\">\n\r\n        <div class=\"td_module_mx1 td_module_wrap td-animation-stack\">\r\n            <div class=\"td-module-thumb\"><a href=\"https:\/\/www.institutodeengenharia.org.br\/site\/2024\/05\/22\/podcast-visao-da-engenharia-estagiario-e-jovens-aprendizes-5\/\"  rel=\"bookmark\" class=\"td-image-wrap \" title=\"PodCast Vis\u00e3o da Engenharia &#8211; Estagi\u00e1rios e Jovens Aprendizes #5\" ><img loading=\"lazy\" decoding=\"async\" class=\"entry-thumb\" src=\"data:image\/png;base64,iVBORw0KGgoAAAANSUhEUgAAAWQAAADcAQMAAAB9O0nPAAAAA1BMVEWurq51dlI4AAAAAXRSTlMmkutdmwAAACBJREFUaN7twTEBAAAAwiD7p7bDbmAAAAAAAAAAAABAdieIAAGQh2mWAAAAAElFTkSuQmCC\" alt=\"\" title=\"PodCast Vis\u00e3o da Engenharia &#8211; Estagi\u00e1rios e Jovens Aprendizes #5\" data-type=\"image_tag\" data-img-url=\"https:\/\/www.institutodeengenharia.org.br\/site\/wp-content\/uploads\/2024\/05\/Miniatura-Podcast-Visao-da-Engenharia-5-356x220.png\"  width=\"356\" height=\"220\" \/><span class=\"td-video-play-ico\"><i class=\"td-icon-video-thumb-play\"><\/i><\/span><\/a><\/div>\r\n            <div class=\"td-module-meta-info\">\r\n                <h3 class=\"entry-title td-module-title\"><a href=\"https:\/\/www.institutodeengenharia.org.br\/site\/2024\/05\/22\/podcast-visao-da-engenharia-estagiario-e-jovens-aprendizes-5\/\"  rel=\"bookmark\" title=\"PodCast Vis\u00e3o da Engenharia &#8211; Estagi\u00e1rios e Jovens Aprendizes #5\">PodCast Vis\u00e3o da Engenharia &#8211; Estagi\u00e1rios e Jovens Aprendizes #5<\/a><\/h3>                <div class=\"td-editor-date\">\r\n                                        <span class=\"td-author-date\">\r\n                                                <span class=\"td-post-date\"><time class=\"entry-date updated td-module-date\" datetime=\"2024-05-22T15:33:26-03:00\" >22\/05\/2024<\/time><\/span>                    <\/span>\r\n                <\/div>\r\n            <\/div>\r\n\r\n        <\/div>\r\n\r\n        \n\t<\/div> <!-- .\/td-block-span4 --><\/div><!--.\/row-fluid-->\n\n\t<div class=\"td-block-row\">\n\n\t<div class=\"td-block-span4\">\n\r\n        <div class=\"td_module_mx1 td_module_wrap td-animation-stack\">\r\n            <div class=\"td-module-thumb\"><a href=\"https:\/\/www.institutodeengenharia.org.br\/site\/2024\/05\/20\/programa-de-especializacao-em-engenharia-pee-ita-embraer\/\"  rel=\"bookmark\" class=\"td-image-wrap \" title=\"Programa de especializa\u00e7\u00e3o em Engenharia (PEE) ITA\/Embraer\" ><img loading=\"lazy\" decoding=\"async\" class=\"entry-thumb\" src=\"data:image\/png;base64,iVBORw0KGgoAAAANSUhEUgAAAWQAAADcAQMAAAB9O0nPAAAAA1BMVEWurq51dlI4AAAAAXRSTlMmkutdmwAAACBJREFUaN7twTEBAAAAwiD7p7bDbmAAAAAAAAAAAABAdieIAAGQh2mWAAAAAElFTkSuQmCC\" alt=\"\" title=\"Programa de especializa\u00e7\u00e3o em Engenharia (PEE) ITA\/Embraer\" data-type=\"image_tag\" data-img-url=\"https:\/\/www.institutodeengenharia.org.br\/site\/wp-content\/uploads\/2024\/05\/Design-sem-nome-2024-05-09T115541.390-356x220.jpg\"  width=\"356\" height=\"220\" \/><span class=\"td-video-play-ico\"><i class=\"td-icon-video-thumb-play\"><\/i><\/span><\/a><\/div>\r\n            <div class=\"td-module-meta-info\">\r\n                <h3 class=\"entry-title td-module-title\"><a href=\"https:\/\/www.institutodeengenharia.org.br\/site\/2024\/05\/20\/programa-de-especializacao-em-engenharia-pee-ita-embraer\/\"  rel=\"bookmark\" title=\"Programa de especializa\u00e7\u00e3o em Engenharia (PEE) ITA\/Embraer\">Programa de especializa\u00e7\u00e3o em Engenharia (PEE) ITA\/Embraer<\/a><\/h3>                <div class=\"td-editor-date\">\r\n                                        <span class=\"td-author-date\">\r\n                                                <span class=\"td-post-date\"><time class=\"entry-date updated td-module-date\" datetime=\"2024-05-20T10:09:25-03:00\" >20\/05\/2024<\/time><\/span>                    <\/span>\r\n                <\/div>\r\n            <\/div>\r\n\r\n        <\/div>\r\n\r\n        \n\t<\/div> <!-- .\/td-block-span4 -->\n\n\t<div class=\"td-block-span4\">\n\r\n        <div class=\"td_module_mx1 td_module_wrap td-animation-stack\">\r\n            <div class=\"td-module-thumb\"><a href=\"https:\/\/www.institutodeengenharia.org.br\/site\/2024\/05\/16\/vlt-mobilidade-e-requalificacao-urbana\/\"  rel=\"bookmark\" class=\"td-image-wrap \" title=\"VLT &#8211; Mobilidade e Requalifica\u00e7\u00e3o Urbana\" ><img loading=\"lazy\" decoding=\"async\" class=\"entry-thumb\" src=\"data:image\/png;base64,iVBORw0KGgoAAAANSUhEUgAAAWQAAADcAQMAAAB9O0nPAAAAA1BMVEWurq51dlI4AAAAAXRSTlMmkutdmwAAACBJREFUaN7twTEBAAAAwiD7p7bDbmAAAAAAAAAAAABAdieIAAGQh2mWAAAAAElFTkSuQmCC\" alt=\"\" title=\"VLT &#8211; Mobilidade e Requalifica\u00e7\u00e3o Urbana\" data-type=\"image_tag\" data-img-url=\"https:\/\/www.institutodeengenharia.org.br\/site\/wp-content\/uploads\/2024\/05\/MicrosoftTeams-image_433-356x220.png\"  width=\"356\" height=\"220\" \/><span class=\"td-video-play-ico\"><i class=\"td-icon-video-thumb-play\"><\/i><\/span><\/a><\/div>\r\n            <div class=\"td-module-meta-info\">\r\n                <h3 class=\"entry-title td-module-title\"><a href=\"https:\/\/www.institutodeengenharia.org.br\/site\/2024\/05\/16\/vlt-mobilidade-e-requalificacao-urbana\/\"  rel=\"bookmark\" title=\"VLT &#8211; Mobilidade e Requalifica\u00e7\u00e3o Urbana\">VLT &#8211; Mobilidade e Requalifica\u00e7\u00e3o Urbana<\/a><\/h3>                <div class=\"td-editor-date\">\r\n                                        <span class=\"td-author-date\">\r\n                                                <span class=\"td-post-date\"><time class=\"entry-date updated td-module-date\" datetime=\"2024-05-16T12:11:16-03:00\" >16\/05\/2024<\/time><\/span>                    <\/span>\r\n                <\/div>\r\n            <\/div>\r\n\r\n        <\/div>\r\n\r\n        \n\t<\/div> <!-- .\/td-block-span4 -->\n\n\t<div class=\"td-block-span4\">\n\r\n        <div class=\"td_module_mx1 td_module_wrap td-animation-stack\">\r\n            <div class=\"td-module-thumb\"><a href=\"https:\/\/www.institutodeengenharia.org.br\/site\/2024\/05\/14\/sao-sebastiao-inovacao-na-producao-habitacional-pos-eventos-climaticos-extremos\/\"  rel=\"bookmark\" class=\"td-image-wrap \" title=\"S\u00e3o Sebasti\u00e3o: Inova\u00e7\u00e3o na produ\u00e7\u00e3o habitacional p\u00f3s-eventos clim\u00e1ticos extremos\" ><img loading=\"lazy\" decoding=\"async\" class=\"entry-thumb\" src=\"data:image\/png;base64,iVBORw0KGgoAAAANSUhEUgAAAWQAAADcAQMAAAB9O0nPAAAAA1BMVEWurq51dlI4AAAAAXRSTlMmkutdmwAAACBJREFUaN7twTEBAAAAwiD7p7bDbmAAAAAAAAAAAABAdieIAAGQh2mWAAAAAElFTkSuQmCC\" alt=\"\" title=\"S\u00e3o Sebasti\u00e3o: Inova\u00e7\u00e3o na produ\u00e7\u00e3o habitacional p\u00f3s-eventos clim\u00e1ticos extremos\" data-type=\"image_tag\" data-img-url=\"https:\/\/www.institutodeengenharia.org.br\/site\/wp-content\/uploads\/2024\/04\/MicrosoftTeams-image-432-356x220.png\"  width=\"356\" height=\"220\" \/><span class=\"td-video-play-ico\"><i class=\"td-icon-video-thumb-play\"><\/i><\/span><\/a><\/div>\r\n            <div class=\"td-module-meta-info\">\r\n                <h3 class=\"entry-title td-module-title\"><a href=\"https:\/\/www.institutodeengenharia.org.br\/site\/2024\/05\/14\/sao-sebastiao-inovacao-na-producao-habitacional-pos-eventos-climaticos-extremos\/\"  rel=\"bookmark\" title=\"S\u00e3o Sebasti\u00e3o: Inova\u00e7\u00e3o na produ\u00e7\u00e3o habitacional p\u00f3s-eventos clim\u00e1ticos extremos\">S\u00e3o Sebasti\u00e3o: Inova\u00e7\u00e3o na produ\u00e7\u00e3o habitacional p\u00f3s-eventos clim\u00e1ticos extremos<\/a><\/h3>                <div class=\"td-editor-date\">\r\n                                        <span class=\"td-author-date\">\r\n                                                <span class=\"td-post-date\"><time class=\"entry-date updated td-module-date\" datetime=\"2024-05-14T11:26:11-03:00\" >14\/05\/2024<\/time><\/span>                    <\/span>\r\n                <\/div>\r\n            <\/div>\r\n\r\n        <\/div>\r\n\r\n        \n\t<\/div> <!-- .\/td-block-span4 --><\/div><!--.\/row-fluid-->\n\n\t<div class=\"td-block-row\">\n\n\t<div class=\"td-block-span4\">\n\r\n        <div class=\"td_module_mx1 td_module_wrap td-animation-stack\">\r\n            <div class=\"td-module-thumb\"><a href=\"https:\/\/www.institutodeengenharia.org.br\/site\/2024\/05\/08\/visao-computacional-e-inteligencia-artificial-aplicadas-cases-de-sucesso\/\"  rel=\"bookmark\" class=\"td-image-wrap \" title=\"Vis\u00e3o Computacional e Intelig\u00eancia Artificial Aplicadas &#8211; Cases de Sucesso\" ><img loading=\"lazy\" decoding=\"async\" class=\"entry-thumb\" src=\"data:image\/png;base64,iVBORw0KGgoAAAANSUhEUgAAAWQAAADcAQMAAAB9O0nPAAAAA1BMVEWurq51dlI4AAAAAXRSTlMmkutdmwAAACBJREFUaN7twTEBAAAAwiD7p7bDbmAAAAAAAAAAAABAdieIAAGQh2mWAAAAAElFTkSuQmCC\" alt=\"\" title=\"Vis\u00e3o Computacional e Intelig\u00eancia Artificial Aplicadas &#8211; Cases de Sucesso\" data-type=\"image_tag\" data-img-url=\"https:\/\/www.institutodeengenharia.org.br\/site\/wp-content\/uploads\/2024\/04\/ai-7111802_1280-356x220.jpg\"  width=\"356\" height=\"220\" \/><span class=\"td-video-play-ico\"><i class=\"td-icon-video-thumb-play\"><\/i><\/span><\/a><\/div>\r\n            <div class=\"td-module-meta-info\">\r\n                <h3 class=\"entry-title td-module-title\"><a href=\"https:\/\/www.institutodeengenharia.org.br\/site\/2024\/05\/08\/visao-computacional-e-inteligencia-artificial-aplicadas-cases-de-sucesso\/\"  rel=\"bookmark\" title=\"Vis\u00e3o Computacional e Intelig\u00eancia Artificial Aplicadas &#8211; Cases de Sucesso\">Vis\u00e3o Computacional e Intelig\u00eancia Artificial Aplicadas &#8211; Cases de Sucesso<\/a><\/h3>                <div class=\"td-editor-date\">\r\n                                        <span class=\"td-author-date\">\r\n                                                <span class=\"td-post-date\"><time class=\"entry-date updated td-module-date\" datetime=\"2024-05-08T16:22:37-03:00\" >08\/05\/2024<\/time><\/span>                    <\/span>\r\n                <\/div>\r\n            <\/div>\r\n\r\n        <\/div>\r\n\r\n        \n\t<\/div> <!-- .\/td-block-span4 -->\n\n\t<div class=\"td-block-span4\">\n\r\n        <div class=\"td_module_mx1 td_module_wrap td-animation-stack\">\r\n            <div class=\"td-module-thumb\"><a href=\"https:\/\/www.institutodeengenharia.org.br\/site\/2024\/04\/25\/podcast-visao-da-engenharia-infraestrutura-e-logistica\/\"  rel=\"bookmark\" class=\"td-image-wrap \" title=\"PodCast Vis\u00e3o da Engenharia \u2013 Infraestrutura e Log\u00edstica #4\" ><img loading=\"lazy\" decoding=\"async\" class=\"entry-thumb\" src=\"data:image\/png;base64,iVBORw0KGgoAAAANSUhEUgAAAWQAAADcAQMAAAB9O0nPAAAAA1BMVEWurq51dlI4AAAAAXRSTlMmkutdmwAAACBJREFUaN7twTEBAAAAwiD7p7bDbmAAAAAAAAAAAABAdieIAAGQh2mWAAAAAElFTkSuQmCC\" alt=\"\" title=\"PodCast Vis\u00e3o da Engenharia \u2013 Infraestrutura e Log\u00edstica #4\" data-type=\"image_tag\" data-img-url=\"https:\/\/www.institutodeengenharia.org.br\/site\/wp-content\/uploads\/2024\/04\/MicrosoftTeams-image-427-356x220.png\"  width=\"356\" height=\"220\" \/><span class=\"td-video-play-ico\"><i class=\"td-icon-video-thumb-play\"><\/i><\/span><\/a><\/div>\r\n            <div class=\"td-module-meta-info\">\r\n                <h3 class=\"entry-title td-module-title\"><a href=\"https:\/\/www.institutodeengenharia.org.br\/site\/2024\/04\/25\/podcast-visao-da-engenharia-infraestrutura-e-logistica\/\"  rel=\"bookmark\" title=\"PodCast Vis\u00e3o da Engenharia \u2013 Infraestrutura e Log\u00edstica #4\">PodCast Vis\u00e3o da Engenharia \u2013 Infraestrutura e Log\u00edstica #4<\/a><\/h3>                <div class=\"td-editor-date\">\r\n                                        <span class=\"td-author-date\">\r\n                                                <span class=\"td-post-date\"><time class=\"entry-date updated td-module-date\" datetime=\"2024-04-25T11:01:27-03:00\" >25\/04\/2024<\/time><\/span>                    <\/span>\r\n                <\/div>\r\n            <\/div>\r\n\r\n        <\/div>\r\n\r\n        \n\t<\/div> <!-- .\/td-block-span4 -->\n\n\t<div class=\"td-block-span4\">\n\r\n        <div class=\"td_module_mx1 td_module_wrap td-animation-stack\">\r\n            <div class=\"td-module-thumb\"><a href=\"https:\/\/www.institutodeengenharia.org.br\/site\/2024\/04\/25\/a-importancia-de-capital-de-giro-e-reserva-de-emergencia-para-empresas-de-engenharia-e-arquitetura\/\"  rel=\"bookmark\" class=\"td-image-wrap \" title=\"A import\u00e2ncia de capital de giro e reserva de emerg\u00eancia para empresas de Engenharia e Arquitetura\" ><img loading=\"lazy\" decoding=\"async\" class=\"entry-thumb\" src=\"data:image\/png;base64,iVBORw0KGgoAAAANSUhEUgAAAWQAAADcAQMAAAB9O0nPAAAAA1BMVEWurq51dlI4AAAAAXRSTlMmkutdmwAAACBJREFUaN7twTEBAAAAwiD7p7bDbmAAAAAAAAAAAABAdieIAAGQh2mWAAAAAElFTkSuQmCC\" alt=\"\" title=\"A import\u00e2ncia de capital de giro e reserva de emerg\u00eancia para empresas de Engenharia e Arquitetura\" data-type=\"image_tag\" data-img-url=\"https:\/\/www.institutodeengenharia.org.br\/site\/wp-content\/uploads\/2024\/03\/financial-3207895_1280-356x220.jpg\"  width=\"356\" height=\"220\" \/><span class=\"td-video-play-ico\"><i class=\"td-icon-video-thumb-play\"><\/i><\/span><\/a><\/div>\r\n            <div class=\"td-module-meta-info\">\r\n                <h3 class=\"entry-title td-module-title\"><a href=\"https:\/\/www.institutodeengenharia.org.br\/site\/2024\/04\/25\/a-importancia-de-capital-de-giro-e-reserva-de-emergencia-para-empresas-de-engenharia-e-arquitetura\/\"  rel=\"bookmark\" title=\"A import\u00e2ncia de capital de giro e reserva de emerg\u00eancia para empresas de Engenharia e Arquitetura\">A import\u00e2ncia de capital de giro e reserva de emerg\u00eancia para empresas de Engenharia e Arquitetura<\/a><\/h3>                <div class=\"td-editor-date\">\r\n                                        <span class=\"td-author-date\">\r\n                                                <span class=\"td-post-date\"><time class=\"entry-date updated td-module-date\" datetime=\"2024-04-25T10:54:07-03:00\" >25\/04\/2024<\/time><\/span>                    <\/span>\r\n                <\/div>\r\n            <\/div>\r\n\r\n        <\/div>\r\n\r\n        \n\t<\/div> <!-- .\/td-block-span4 --><\/div><!--.\/row-fluid-->\n\n\t<div class=\"td-block-row\">\n\n\t<div class=\"td-block-span4\">\n\r\n        <div class=\"td_module_mx1 td_module_wrap td-animation-stack\">\r\n            <div class=\"td-module-thumb\"><a href=\"https:\/\/www.institutodeengenharia.org.br\/site\/2024\/04\/25\/podcast-visao-da-engenharia-ferrovias-metros-trens-e-vlt-3\/\"  rel=\"bookmark\" class=\"td-image-wrap \" title=\"PodCast Vis\u00e3o da Engenharia \u2013  Ferrovias, metr\u00f4s, trens e VLT #3\" ><img loading=\"lazy\" decoding=\"async\" class=\"entry-thumb\" src=\"data:image\/png;base64,iVBORw0KGgoAAAANSUhEUgAAAWQAAADcAQMAAAB9O0nPAAAAA1BMVEWurq51dlI4AAAAAXRSTlMmkutdmwAAACBJREFUaN7twTEBAAAAwiD7p7bDbmAAAAAAAAAAAABAdieIAAGQh2mWAAAAAElFTkSuQmCC\" alt=\"\" title=\"PodCast Vis\u00e3o da Engenharia \u2013  Ferrovias, metr\u00f4s, trens e VLT #3\" data-type=\"image_tag\" data-img-url=\"https:\/\/www.institutodeengenharia.org.br\/site\/wp-content\/uploads\/2024\/04\/MicrosoftTeams-image-426-356x220.png\"  width=\"356\" height=\"220\" \/><span class=\"td-video-play-ico\"><i class=\"td-icon-video-thumb-play\"><\/i><\/span><\/a><\/div>\r\n            <div class=\"td-module-meta-info\">\r\n                <h3 class=\"entry-title td-module-title\"><a href=\"https:\/\/www.institutodeengenharia.org.br\/site\/2024\/04\/25\/podcast-visao-da-engenharia-ferrovias-metros-trens-e-vlt-3\/\"  rel=\"bookmark\" title=\"PodCast Vis\u00e3o da Engenharia \u2013  Ferrovias, metr\u00f4s, trens e VLT #3\">PodCast Vis\u00e3o da Engenharia \u2013  Ferrovias, metr\u00f4s, trens e VLT #3<\/a><\/h3>                <div class=\"td-editor-date\">\r\n                                        <span class=\"td-author-date\">\r\n                                                <span class=\"td-post-date\"><time class=\"entry-date updated td-module-date\" datetime=\"2024-04-25T10:51:28-03:00\" >25\/04\/2024<\/time><\/span>                    <\/span>\r\n                <\/div>\r\n            <\/div>\r\n\r\n        <\/div>\r\n\r\n        \n\t<\/div> <!-- .\/td-block-span4 -->\n\n\t<div class=\"td-block-span4\">\n\r\n        <div class=\"td_module_mx1 td_module_wrap td-animation-stack\">\r\n            <div class=\"td-module-thumb\"><a href=\"https:\/\/www.institutodeengenharia.org.br\/site\/2024\/04\/24\/digitalizando-ativos-a-importancia-dos-gemeos-digitais\/\"  rel=\"bookmark\" class=\"td-image-wrap \" title=\"Digitalizando ativos \u2013 A import\u00e2ncia dos g\u00eameos digitais\" ><img loading=\"lazy\" decoding=\"async\" class=\"entry-thumb\" src=\"data:image\/png;base64,iVBORw0KGgoAAAANSUhEUgAAAWQAAADcAQMAAAB9O0nPAAAAA1BMVEWurq51dlI4AAAAAXRSTlMmkutdmwAAACBJREFUaN7twTEBAAAAwiD7p7bDbmAAAAAAAAAAAABAdieIAAGQh2mWAAAAAElFTkSuQmCC\" alt=\"\" title=\"Digitalizando ativos \u2013 A import\u00e2ncia dos g\u00eameos digitais\" data-type=\"image_tag\" data-img-url=\"https:\/\/www.institutodeengenharia.org.br\/site\/wp-content\/uploads\/2024\/03\/Design-sem-nome-2024-03-25T123243.479-356x220.jpg\"  width=\"356\" height=\"220\" \/><span class=\"td-video-play-ico\"><i class=\"td-icon-video-thumb-play\"><\/i><\/span><\/a><\/div>\r\n            <div class=\"td-module-meta-info\">\r\n                <h3 class=\"entry-title td-module-title\"><a href=\"https:\/\/www.institutodeengenharia.org.br\/site\/2024\/04\/24\/digitalizando-ativos-a-importancia-dos-gemeos-digitais\/\"  rel=\"bookmark\" title=\"Digitalizando ativos \u2013 A import\u00e2ncia dos g\u00eameos digitais\">Digitalizando ativos \u2013 A import\u00e2ncia dos g\u00eameos digitais<\/a><\/h3>                <div class=\"td-editor-date\">\r\n                                        <span class=\"td-author-date\">\r\n                                                <span class=\"td-post-date\"><time class=\"entry-date updated td-module-date\" datetime=\"2024-04-24T15:23:05-03:00\" >24\/04\/2024<\/time><\/span>                    <\/span>\r\n                <\/div>\r\n            <\/div>\r\n\r\n        <\/div>\r\n\r\n        \n\t<\/div> <!-- .\/td-block-span4 -->\n\n\t<div class=\"td-block-span4\">\n\r\n        <div class=\"td_module_mx1 td_module_wrap td-animation-stack\">\r\n            <div class=\"td-module-thumb\"><a href=\"https:\/\/www.institutodeengenharia.org.br\/site\/2024\/04\/17\/data-science-na-engenharia-e-infraestrutura-revolucionando-o-mercado-com-a-inteligencia-de-dados\/\"  rel=\"bookmark\" class=\"td-image-wrap \" title=\"Data Science na Engenharia e Infraestrutura: Revolucionando o Mercado com a Intelig\u00eancia de Dados\" ><img loading=\"lazy\" decoding=\"async\" class=\"entry-thumb\" src=\"data:image\/png;base64,iVBORw0KGgoAAAANSUhEUgAAAWQAAADcAQMAAAB9O0nPAAAAA1BMVEWurq51dlI4AAAAAXRSTlMmkutdmwAAACBJREFUaN7twTEBAAAAwiD7p7bDbmAAAAAAAAAAAABAdieIAAGQh2mWAAAAAElFTkSuQmCC\" alt=\"\" title=\"Data Science na Engenharia e Infraestrutura: Revolucionando o Mercado com a Intelig\u00eancia de Dados\" data-type=\"image_tag\" data-img-url=\"https:\/\/www.institutodeengenharia.org.br\/site\/wp-content\/uploads\/2024\/04\/Design-sem-nome-2024-02-05T152519.422-1-356x220.jpg\"  width=\"356\" height=\"220\" \/><span class=\"td-video-play-ico\"><i class=\"td-icon-video-thumb-play\"><\/i><\/span><\/a><\/div>\r\n            <div class=\"td-module-meta-info\">\r\n                <h3 class=\"entry-title td-module-title\"><a href=\"https:\/\/www.institutodeengenharia.org.br\/site\/2024\/04\/17\/data-science-na-engenharia-e-infraestrutura-revolucionando-o-mercado-com-a-inteligencia-de-dados\/\"  rel=\"bookmark\" title=\"Data Science na Engenharia e Infraestrutura: Revolucionando o Mercado com a Intelig\u00eancia de Dados\">Data Science na Engenharia e Infraestrutura: Revolucionando o Mercado com a Intelig\u00eancia de Dados<\/a><\/h3>                <div class=\"td-editor-date\">\r\n                                        <span class=\"td-author-date\">\r\n                                                <span class=\"td-post-date\"><time class=\"entry-date updated td-module-date\" datetime=\"2024-04-17T14:44:25-03:00\" >17\/04\/2024<\/time><\/span>                    <\/span>\r\n                <\/div>\r\n            <\/div>\r\n\r\n        <\/div>\r\n\r\n        \n\t<\/div> <!-- .\/td-block-span4 --><\/div><!--.\/row-fluid-->\n\n\t<div class=\"td-block-row\">\n\n\t<div class=\"td-block-span4\">\n\r\n        <div class=\"td_module_mx1 td_module_wrap td-animation-stack\">\r\n            <div class=\"td-module-thumb\"><a href=\"https:\/\/www.institutodeengenharia.org.br\/site\/2024\/04\/10\/novas-tecnologias-para-gestao-de-oae-utilizando-metodologia-bim-e-captura-de-realidade\/\"  rel=\"bookmark\" class=\"td-image-wrap \" title=\"Novas tecnologias para gest\u00e3o de OAE utilizando metodologia BIM e captura de realidade\" ><img loading=\"lazy\" decoding=\"async\" class=\"entry-thumb\" src=\"data:image\/png;base64,iVBORw0KGgoAAAANSUhEUgAAAWQAAADcAQMAAAB9O0nPAAAAA1BMVEWurq51dlI4AAAAAXRSTlMmkutdmwAAACBJREFUaN7twTEBAAAAwiD7p7bDbmAAAAAAAAAAAABAdieIAAGQh2mWAAAAAElFTkSuQmCC\" alt=\"\" title=\"Novas tecnologias para gest\u00e3o de OAE utilizando metodologia BIM e captura de realidade\" data-type=\"image_tag\" data-img-url=\"https:\/\/www.institutodeengenharia.org.br\/site\/wp-content\/uploads\/2024\/03\/eventotec-356x220.png\"  width=\"356\" height=\"220\" \/><span class=\"td-video-play-ico\"><i class=\"td-icon-video-thumb-play\"><\/i><\/span><\/a><\/div>\r\n            <div class=\"td-module-meta-info\">\r\n                <h3 class=\"entry-title td-module-title\"><a href=\"https:\/\/www.institutodeengenharia.org.br\/site\/2024\/04\/10\/novas-tecnologias-para-gestao-de-oae-utilizando-metodologia-bim-e-captura-de-realidade\/\"  rel=\"bookmark\" title=\"Novas tecnologias para gest\u00e3o de OAE utilizando metodologia BIM e captura de realidade\">Novas tecnologias para gest\u00e3o de OAE utilizando metodologia BIM e captura de realidade<\/a><\/h3>                <div class=\"td-editor-date\">\r\n                                        <span class=\"td-author-date\">\r\n                                                <span class=\"td-post-date\"><time class=\"entry-date updated td-module-date\" datetime=\"2024-04-10T14:39:04-03:00\" >10\/04\/2024<\/time><\/span>                    <\/span>\r\n                <\/div>\r\n            <\/div>\r\n\r\n        <\/div>\r\n\r\n        \n\t<\/div> <!-- .\/td-block-span4 -->\n\n\t<div class=\"td-block-span4\">\n\r\n        <div class=\"td_module_mx1 td_module_wrap td-animation-stack\">\r\n            <div class=\"td-module-thumb\"><a href=\"https:\/\/www.institutodeengenharia.org.br\/site\/2024\/04\/04\/capacidade-de-carga-em-estacas\/\"  rel=\"bookmark\" class=\"td-image-wrap \" title=\"Capacidade de carga em estacas\" ><img loading=\"lazy\" decoding=\"async\" class=\"entry-thumb\" src=\"data:image\/png;base64,iVBORw0KGgoAAAANSUhEUgAAAWQAAADcAQMAAAB9O0nPAAAAA1BMVEWurq51dlI4AAAAAXRSTlMmkutdmwAAACBJREFUaN7twTEBAAAAwiD7p7bDbmAAAAAAAAAAAABAdieIAAGQh2mWAAAAAElFTkSuQmCC\" alt=\"\" title=\"Capacidade de carga em estacas\" data-type=\"image_tag\" data-img-url=\"https:\/\/www.institutodeengenharia.org.br\/site\/wp-content\/uploads\/2024\/03\/Design-sem-nome-2024-03-05T154358.185-356x220.jpg\"  width=\"356\" height=\"220\" \/><span class=\"td-video-play-ico\"><i class=\"td-icon-video-thumb-play\"><\/i><\/span><\/a><\/div>\r\n            <div class=\"td-module-meta-info\">\r\n                <h3 class=\"entry-title td-module-title\"><a href=\"https:\/\/www.institutodeengenharia.org.br\/site\/2024\/04\/04\/capacidade-de-carga-em-estacas\/\"  rel=\"bookmark\" title=\"Capacidade de carga em estacas\">Capacidade de carga em estacas<\/a><\/h3>                <div class=\"td-editor-date\">\r\n                                        <span class=\"td-author-date\">\r\n                                                <span class=\"td-post-date\"><time class=\"entry-date updated td-module-date\" datetime=\"2024-04-04T15:17:27-03:00\" >04\/04\/2024<\/time><\/span>                    <\/span>\r\n                <\/div>\r\n            <\/div>\r\n\r\n        <\/div>\r\n\r\n        \n\t<\/div> <!-- .\/td-block-span4 -->\n\n\t<div class=\"td-block-span4\">\n\r\n        <div class=\"td_module_mx1 td_module_wrap td-animation-stack\">\r\n            <div class=\"td-module-thumb\"><a href=\"https:\/\/www.institutodeengenharia.org.br\/site\/2024\/04\/03\/geo-conectividade-servico-de-posicionamento-rtk-gsm-sem-depender-de-internet-movel\/\"  rel=\"bookmark\" class=\"td-image-wrap \" title=\"GEO+ CONECTIVIDADE: Servi\u00e7o de posicionamento RTK\/GSM sem depender de internet m\u00f3vel\" ><img loading=\"lazy\" decoding=\"async\" class=\"entry-thumb\" src=\"data:image\/png;base64,iVBORw0KGgoAAAANSUhEUgAAAWQAAADcAQMAAAB9O0nPAAAAA1BMVEWurq51dlI4AAAAAXRSTlMmkutdmwAAACBJREFUaN7twTEBAAAAwiD7p7bDbmAAAAAAAAAAAABAdieIAAGQh2mWAAAAAElFTkSuQmCC\" alt=\"\" title=\"GEO+ CONECTIVIDADE: Servi\u00e7o de posicionamento RTK\/GSM sem depender de internet m\u00f3vel\" data-type=\"image_tag\" data-img-url=\"https:\/\/www.institutodeengenharia.org.br\/site\/wp-content\/uploads\/2024\/03\/MicrosoftTeams-image-417-356x220.png\"  width=\"356\" height=\"220\" \/><\/a><\/div>\r\n            <div class=\"td-module-meta-info\">\r\n                <h3 class=\"entry-title td-module-title\"><a href=\"https:\/\/www.institutodeengenharia.org.br\/site\/2024\/04\/03\/geo-conectividade-servico-de-posicionamento-rtk-gsm-sem-depender-de-internet-movel\/\"  rel=\"bookmark\" title=\"GEO+ CONECTIVIDADE: Servi\u00e7o de posicionamento RTK\/GSM sem depender de internet m\u00f3vel\">GEO+ CONECTIVIDADE: Servi\u00e7o de posicionamento RTK\/GSM sem depender de internet m\u00f3vel<\/a><\/h3>                <div class=\"td-editor-date\">\r\n                                        <span class=\"td-author-date\">\r\n                                                <span class=\"td-post-date\"><time class=\"entry-date updated td-module-date\" datetime=\"2024-04-03T15:10:32-03:00\" >03\/04\/2024<\/time><\/span>                    <\/span>\r\n                <\/div>\r\n            <\/div>\r\n\r\n        <\/div>\r\n\r\n        \n\t<\/div> <!-- .\/td-block-span4 --><\/div><!--.\/row-fluid-->\n\n\t<div class=\"td-block-row\">\n\n\t<div class=\"td-block-span4\">\n\r\n        <div class=\"td_module_mx1 td_module_wrap td-animation-stack\">\r\n            <div class=\"td-module-thumb\"><a href=\"https:\/\/www.institutodeengenharia.org.br\/site\/2024\/03\/28\/acessibilidade-por-onde-comecar\/\"  rel=\"bookmark\" class=\"td-image-wrap \" title=\"Acessibilidade: Por onde come\u00e7ar?\" ><img loading=\"lazy\" decoding=\"async\" class=\"entry-thumb\" src=\"data:image\/png;base64,iVBORw0KGgoAAAANSUhEUgAAAWQAAADcAQMAAAB9O0nPAAAAA1BMVEWurq51dlI4AAAAAXRSTlMmkutdmwAAACBJREFUaN7twTEBAAAAwiD7p7bDbmAAAAAAAAAAAABAdieIAAGQh2mWAAAAAElFTkSuQmCC\" alt=\"\" title=\"Acessibilidade: Por onde come\u00e7ar?\" data-type=\"image_tag\" data-img-url=\"https:\/\/www.institutodeengenharia.org.br\/site\/wp-content\/uploads\/2024\/02\/Design-sem-nome-2024-03-04T170628.625-356x220.jpg\"  width=\"356\" height=\"220\" \/><span class=\"td-video-play-ico\"><i class=\"td-icon-video-thumb-play\"><\/i><\/span><\/a><\/div>\r\n            <div class=\"td-module-meta-info\">\r\n                <h3 class=\"entry-title td-module-title\"><a href=\"https:\/\/www.institutodeengenharia.org.br\/site\/2024\/03\/28\/acessibilidade-por-onde-comecar\/\"  rel=\"bookmark\" title=\"Acessibilidade: Por onde come\u00e7ar?\">Acessibilidade: Por onde come\u00e7ar?<\/a><\/h3>                <div class=\"td-editor-date\">\r\n                                        <span class=\"td-author-date\">\r\n                                                <span class=\"td-post-date\"><time class=\"entry-date updated td-module-date\" datetime=\"2024-03-28T11:09:24-03:00\" >28\/03\/2024<\/time><\/span>                    <\/span>\r\n                <\/div>\r\n            <\/div>\r\n\r\n        <\/div>\r\n\r\n        \n\t<\/div> <!-- .\/td-block-span4 -->\n\n\t<div class=\"td-block-span4\">\n\r\n        <div class=\"td_module_mx1 td_module_wrap td-animation-stack\">\r\n            <div class=\"td-module-thumb\"><a href=\"https:\/\/www.institutodeengenharia.org.br\/site\/2024\/03\/27\/congresso-internacional-de-saneamento-concessao-inovacao-saude-e-investimentos-2o-dia\/\"  rel=\"bookmark\" class=\"td-image-wrap \" title=\"Congresso Internacional de Saneamento: Concess\u00e3o, Inova\u00e7\u00e3o, Sa\u00fade e Investimentos &#8211; 2\u00ba dia\" ><img loading=\"lazy\" decoding=\"async\" class=\"entry-thumb\" src=\"data:image\/png;base64,iVBORw0KGgoAAAANSUhEUgAAAWQAAADcAQMAAAB9O0nPAAAAA1BMVEWurq51dlI4AAAAAXRSTlMmkutdmwAAACBJREFUaN7twTEBAAAAwiD7p7bDbmAAAAAAAAAAAABAdieIAAGQh2mWAAAAAElFTkSuQmCC\" alt=\"\" title=\"Congresso Internacional de Saneamento: Concess\u00e3o, Inova\u00e7\u00e3o, Sa\u00fade e Investimentos &#8211; 2\u00ba dia\" data-type=\"image_tag\" data-img-url=\"https:\/\/www.institutodeengenharia.org.br\/site\/wp-content\/uploads\/2024\/01\/Design-sem-nome-2024-01-31T101121.808-356x220.jpg\"  width=\"356\" height=\"220\" \/><span class=\"td-video-play-ico\"><i class=\"td-icon-video-thumb-play\"><\/i><\/span><\/a><\/div>\r\n            <div class=\"td-module-meta-info\">\r\n                <h3 class=\"entry-title td-module-title\"><a href=\"https:\/\/www.institutodeengenharia.org.br\/site\/2024\/03\/27\/congresso-internacional-de-saneamento-concessao-inovacao-saude-e-investimentos-2o-dia\/\"  rel=\"bookmark\" title=\"Congresso Internacional de Saneamento: Concess\u00e3o, Inova\u00e7\u00e3o, Sa\u00fade e Investimentos &#8211; 2\u00ba dia\">Congresso Internacional de Saneamento: Concess\u00e3o, Inova\u00e7\u00e3o, Sa\u00fade e Investimentos &#8211; 2\u00ba dia<\/a><\/h3>                <div class=\"td-editor-date\">\r\n                                        <span class=\"td-author-date\">\r\n                                                <span class=\"td-post-date\"><time class=\"entry-date updated td-module-date\" datetime=\"2024-03-27T11:13:55-03:00\" >27\/03\/2024<\/time><\/span>                    <\/span>\r\n                <\/div>\r\n            <\/div>\r\n\r\n        <\/div>\r\n\r\n        \n\t<\/div> <!-- .\/td-block-span4 -->\n\n\t<div class=\"td-block-span4\">\n\r\n        <div class=\"td_module_mx1 td_module_wrap td-animation-stack\">\r\n            <div class=\"td-module-thumb\"><a href=\"https:\/\/www.institutodeengenharia.org.br\/site\/2024\/03\/27\/descubra-como-a-nova-linha-da-autel-evo-ii-v3-do-mercado-brasileiro-pode-elevar-seus-produtos-cartograficos\/\"  rel=\"bookmark\" class=\"td-image-wrap \" title=\"Descubra como a nova linha da Autel EVO II V3 do mercado brasileiro pode elevar seus produtos cartogr\u00e1ficos\" ><img loading=\"lazy\" decoding=\"async\" class=\"entry-thumb\" src=\"data:image\/png;base64,iVBORw0KGgoAAAANSUhEUgAAAWQAAADcAQMAAAB9O0nPAAAAA1BMVEWurq51dlI4AAAAAXRSTlMmkutdmwAAACBJREFUaN7twTEBAAAAwiD7p7bDbmAAAAAAAAAAAABAdieIAAGQh2mWAAAAAElFTkSuQmCC\" alt=\"\" title=\"Descubra como a nova linha da Autel EVO II V3 do mercado brasileiro pode elevar seus produtos cartogr\u00e1ficos\" data-type=\"image_tag\" data-img-url=\"https:\/\/www.institutodeengenharia.org.br\/site\/wp-content\/uploads\/2024\/03\/MicrosoftTeams-image-408-356x220.jpg\"  width=\"356\" height=\"220\" \/><span class=\"td-video-play-ico\"><i class=\"td-icon-video-thumb-play\"><\/i><\/span><\/a><\/div>\r\n            <div class=\"td-module-meta-info\">\r\n                <h3 class=\"entry-title td-module-title\"><a href=\"https:\/\/www.institutodeengenharia.org.br\/site\/2024\/03\/27\/descubra-como-a-nova-linha-da-autel-evo-ii-v3-do-mercado-brasileiro-pode-elevar-seus-produtos-cartograficos\/\"  rel=\"bookmark\" title=\"Descubra como a nova linha da Autel EVO II V3 do mercado brasileiro pode elevar seus produtos cartogr\u00e1ficos\">Descubra como a nova linha da Autel EVO II V3 do mercado brasileiro pode elevar seus produtos cartogr\u00e1ficos<\/a><\/h3>                <div class=\"td-editor-date\">\r\n                                        <span class=\"td-author-date\">\r\n                                                <span class=\"td-post-date\"><time class=\"entry-date updated td-module-date\" datetime=\"2024-03-27T11:04:57-03:00\" >27\/03\/2024<\/time><\/span>                    <\/span>\r\n                <\/div>\r\n            <\/div>\r\n\r\n        <\/div>\r\n\r\n        \n\t<\/div> <!-- .\/td-block-span4 --><\/div><!--.\/row-fluid-->\n\n\t<div class=\"td-block-row\">\n\n\t<div class=\"td-block-span4\">\n\r\n        <div class=\"td_module_mx1 td_module_wrap td-animation-stack\">\r\n            <div class=\"td-module-thumb\"><a href=\"https:\/\/www.institutodeengenharia.org.br\/site\/2024\/03\/26\/topicos-basicos-e-praticos-para-melhorias-na-gestao-de-seguranca-e-saude-no-trabalho-da-simplicidade-para-seguranca\/\"  rel=\"bookmark\" class=\"td-image-wrap \" title=\"T\u00f3picos B\u00e1sicos e Pr\u00e1ticos para Melhorias na Gest\u00e3o de Seguran\u00e7a e Sa\u00fade no Trabalho: da Simplicidade para Seguran\u00e7a\" ><img loading=\"lazy\" decoding=\"async\" class=\"entry-thumb\" src=\"data:image\/png;base64,iVBORw0KGgoAAAANSUhEUgAAAWQAAADcAQMAAAB9O0nPAAAAA1BMVEWurq51dlI4AAAAAXRSTlMmkutdmwAAACBJREFUaN7twTEBAAAAwiD7p7bDbmAAAAAAAAAAAABAdieIAAGQh2mWAAAAAElFTkSuQmCC\" alt=\"\" title=\"T\u00f3picos B\u00e1sicos e Pr\u00e1ticos para Melhorias na Gest\u00e3o de Seguran\u00e7a e Sa\u00fade no Trabalho: da Simplicidade para Seguran\u00e7a\" data-type=\"image_tag\" data-img-url=\"https:\/\/www.institutodeengenharia.org.br\/site\/wp-content\/uploads\/2024\/03\/Design-sem-nome-2024-03-05T092617.524-356x220.jpg\"  width=\"356\" height=\"220\" \/><span class=\"td-video-play-ico\"><i class=\"td-icon-video-thumb-play\"><\/i><\/span><\/a><\/div>\r\n            <div class=\"td-module-meta-info\">\r\n                <h3 class=\"entry-title td-module-title\"><a href=\"https:\/\/www.institutodeengenharia.org.br\/site\/2024\/03\/26\/topicos-basicos-e-praticos-para-melhorias-na-gestao-de-seguranca-e-saude-no-trabalho-da-simplicidade-para-seguranca\/\"  rel=\"bookmark\" title=\"T\u00f3picos B\u00e1sicos e Pr\u00e1ticos para Melhorias na Gest\u00e3o de Seguran\u00e7a e Sa\u00fade no Trabalho: da Simplicidade para Seguran\u00e7a\">T\u00f3picos B\u00e1sicos e Pr\u00e1ticos para Melhorias na Gest\u00e3o de Seguran\u00e7a e Sa\u00fade no Trabalho: da Simplicidade para Seguran\u00e7a<\/a><\/h3>                <div class=\"td-editor-date\">\r\n                                        <span class=\"td-author-date\">\r\n                                                <span class=\"td-post-date\"><time class=\"entry-date updated td-module-date\" datetime=\"2024-03-26T10:26:10-03:00\" >26\/03\/2024<\/time><\/span>                    <\/span>\r\n                <\/div>\r\n            <\/div>\r\n\r\n        <\/div>\r\n\r\n        \n\t<\/div> <!-- .\/td-block-span4 -->\n\n\t<div class=\"td-block-span4\">\n\r\n        <div class=\"td_module_mx1 td_module_wrap td-animation-stack\">\r\n            <div class=\"td-module-thumb\"><a href=\"https:\/\/www.institutodeengenharia.org.br\/site\/2024\/03\/26\/congresso-internacional-de-saneamento-concessao-inovacao-saude-e-investimentos\/\"  rel=\"bookmark\" class=\"td-image-wrap \" title=\"Congresso Internacional de Saneamento: Concess\u00e3o, Inova\u00e7\u00e3o, Sa\u00fade e Investimentos &#8211; 1\u00ba dia\" ><img loading=\"lazy\" decoding=\"async\" class=\"entry-thumb\" src=\"data:image\/png;base64,iVBORw0KGgoAAAANSUhEUgAAAWQAAADcAQMAAAB9O0nPAAAAA1BMVEWurq51dlI4AAAAAXRSTlMmkutdmwAAACBJREFUaN7twTEBAAAAwiD7p7bDbmAAAAAAAAAAAABAdieIAAGQh2mWAAAAAElFTkSuQmCC\" alt=\"\" title=\"Congresso Internacional de Saneamento: Concess\u00e3o, Inova\u00e7\u00e3o, Sa\u00fade e Investimentos &#8211; 1\u00ba dia\" data-type=\"image_tag\" data-img-url=\"https:\/\/www.institutodeengenharia.org.br\/site\/wp-content\/uploads\/2024\/01\/Design-sem-nome-2024-01-31T101121.808-356x220.jpg\"  width=\"356\" height=\"220\" \/><span class=\"td-video-play-ico\"><i class=\"td-icon-video-thumb-play\"><\/i><\/span><\/a><\/div>\r\n            <div class=\"td-module-meta-info\">\r\n                <h3 class=\"entry-title td-module-title\"><a href=\"https:\/\/www.institutodeengenharia.org.br\/site\/2024\/03\/26\/congresso-internacional-de-saneamento-concessao-inovacao-saude-e-investimentos\/\"  rel=\"bookmark\" title=\"Congresso Internacional de Saneamento: Concess\u00e3o, Inova\u00e7\u00e3o, Sa\u00fade e Investimentos &#8211; 1\u00ba dia\">Congresso Internacional de Saneamento: Concess\u00e3o, Inova\u00e7\u00e3o, Sa\u00fade e Investimentos &#8211; 1\u00ba dia<\/a><\/h3>                <div class=\"td-editor-date\">\r\n                                        <span class=\"td-author-date\">\r\n                                                <span class=\"td-post-date\"><time class=\"entry-date updated td-module-date\" datetime=\"2024-03-26T09:41:58-03:00\" >26\/03\/2024<\/time><\/span>                    <\/span>\r\n                <\/div>\r\n            <\/div>\r\n\r\n        <\/div>\r\n\r\n        \n\t<\/div> <!-- .\/td-block-span4 -->\n\n\t<div class=\"td-block-span4\">\n\r\n        <div class=\"td_module_mx1 td_module_wrap td-animation-stack\">\r\n            <div class=\"td-module-thumb\"><a href=\"https:\/\/www.institutodeengenharia.org.br\/site\/2024\/03\/20\/veiculos-eletricos-os-desafios-atuais-e-futuros-da-engenharia-para-garantir-protecao-a-vida-e-ao-patrimonio\/\"  rel=\"bookmark\" class=\"td-image-wrap \" title=\"Ve\u00edculos El\u00e9tricos: Os desafios atuais e futuros da Engenharia, para garantir prote\u00e7\u00e3o \u00e0 vida e ao patrim\u00f4nio\" ><img loading=\"lazy\" decoding=\"async\" class=\"entry-thumb\" src=\"data:image\/png;base64,iVBORw0KGgoAAAANSUhEUgAAAWQAAADcAQMAAAB9O0nPAAAAA1BMVEWurq51dlI4AAAAAXRSTlMmkutdmwAAACBJREFUaN7twTEBAAAAwiD7p7bDbmAAAAAAAAAAAABAdieIAAGQh2mWAAAAAElFTkSuQmCC\" alt=\"\" title=\"Ve\u00edculos El\u00e9tricos: Os desafios atuais e futuros da Engenharia, para garantir prote\u00e7\u00e3o \u00e0 vida e ao patrim\u00f4nio\" data-type=\"image_tag\" data-img-url=\"https:\/\/www.institutodeengenharia.org.br\/site\/wp-content\/uploads\/2024\/02\/ima1-356x220.jpg\"  width=\"356\" height=\"220\" \/><span class=\"td-video-play-ico\"><i class=\"td-icon-video-thumb-play\"><\/i><\/span><\/a><\/div>\r\n            <div class=\"td-module-meta-info\">\r\n                <h3 class=\"entry-title td-module-title\"><a href=\"https:\/\/www.institutodeengenharia.org.br\/site\/2024\/03\/20\/veiculos-eletricos-os-desafios-atuais-e-futuros-da-engenharia-para-garantir-protecao-a-vida-e-ao-patrimonio\/\"  rel=\"bookmark\" title=\"Ve\u00edculos El\u00e9tricos: Os desafios atuais e futuros da Engenharia, para garantir prote\u00e7\u00e3o \u00e0 vida e ao patrim\u00f4nio\">Ve\u00edculos El\u00e9tricos: Os desafios atuais e futuros da Engenharia, para garantir prote\u00e7\u00e3o \u00e0 vida e ao patrim\u00f4nio<\/a><\/h3>                <div class=\"td-editor-date\">\r\n                                        <span class=\"td-author-date\">\r\n                                                <span class=\"td-post-date\"><time class=\"entry-date updated td-module-date\" datetime=\"2024-03-20T14:05:19-03:00\" >20\/03\/2024<\/time><\/span>                    <\/span>\r\n                <\/div>\r\n            <\/div>\r\n\r\n        <\/div>\r\n\r\n        \n\t<\/div> <!-- .\/td-block-span4 --><\/div><!--.\/row-fluid-->\n\n\t<div class=\"td-block-row\">\n\n\t<div class=\"td-block-span4\">\n\r\n        <div class=\"td_module_mx1 td_module_wrap td-animation-stack\">\r\n            <div class=\"td-module-thumb\"><a href=\"https:\/\/www.institutodeengenharia.org.br\/site\/2024\/03\/20\/a-utilizacao-de-robos-barcos-e-rov-equipamentos-remotamente-controlados-em-inspecoes-de-oaes\/\"  rel=\"bookmark\" class=\"td-image-wrap \" title=\"A utiliza\u00e7\u00e3o de Rob\u00f4s, barcos e Rov equipamentos remotamente controlados em inspe\u00e7\u00f5es de OAE\u2019s\" ><img loading=\"lazy\" decoding=\"async\" class=\"entry-thumb\" src=\"data:image\/png;base64,iVBORw0KGgoAAAANSUhEUgAAAWQAAADcAQMAAAB9O0nPAAAAA1BMVEWurq51dlI4AAAAAXRSTlMmkutdmwAAACBJREFUaN7twTEBAAAAwiD7p7bDbmAAAAAAAAAAAABAdieIAAGQh2mWAAAAAElFTkSuQmCC\" alt=\"\" title=\"A utiliza\u00e7\u00e3o de Rob\u00f4s, barcos e Rov equipamentos remotamente controlados em inspe\u00e7\u00f5es de OAE\u2019s\" data-type=\"image_tag\" data-img-url=\"https:\/\/www.institutodeengenharia.org.br\/site\/wp-content\/uploads\/2024\/02\/Design-sem-nome-2024-02-16T103547.660-356x220.jpg\"  width=\"356\" height=\"220\" \/><span class=\"td-video-play-ico\"><i class=\"td-icon-video-thumb-play\"><\/i><\/span><\/a><\/div>\r\n            <div class=\"td-module-meta-info\">\r\n                <h3 class=\"entry-title td-module-title\"><a href=\"https:\/\/www.institutodeengenharia.org.br\/site\/2024\/03\/20\/a-utilizacao-de-robos-barcos-e-rov-equipamentos-remotamente-controlados-em-inspecoes-de-oaes\/\"  rel=\"bookmark\" title=\"A utiliza\u00e7\u00e3o de Rob\u00f4s, barcos e Rov equipamentos remotamente controlados em inspe\u00e7\u00f5es de OAE\u2019s\">A utiliza\u00e7\u00e3o de Rob\u00f4s, barcos e Rov equipamentos remotamente controlados em inspe\u00e7\u00f5es de OAE\u2019s<\/a><\/h3>                <div class=\"td-editor-date\">\r\n                                        <span class=\"td-author-date\">\r\n                                                <span class=\"td-post-date\"><time class=\"entry-date updated td-module-date\" datetime=\"2024-03-20T13:50:26-03:00\" >20\/03\/2024<\/time><\/span>                    <\/span>\r\n                <\/div>\r\n            <\/div>\r\n\r\n        <\/div>\r\n\r\n        \n\t<\/div> <!-- .\/td-block-span4 -->\n\n\t<div class=\"td-block-span4\">\n\r\n        <div class=\"td_module_mx1 td_module_wrap td-animation-stack\">\r\n            <div class=\"td-module-thumb\"><a href=\"https:\/\/www.institutodeengenharia.org.br\/site\/2024\/03\/13\/novo-olhar-para-as-inspecoes-na-engenharia-uso-da-termografia-infravermelha-embarcada-em-drone-para-inspecoes-na-engenharia-e-infraestrutura\/\"  rel=\"bookmark\" class=\"td-image-wrap \" title=\"Novo olhar para as inspe\u00e7\u00f5es na engenharia \u2013 Uso da termografia infravermelha embarcada em drone para  inspe\u00e7\u00f5es na engenharia e infraestrutura\" ><img loading=\"lazy\" decoding=\"async\" class=\"entry-thumb\" src=\"data:image\/png;base64,iVBORw0KGgoAAAANSUhEUgAAAWQAAADcAQMAAAB9O0nPAAAAA1BMVEWurq51dlI4AAAAAXRSTlMmkutdmwAAACBJREFUaN7twTEBAAAAwiD7p7bDbmAAAAAAAAAAAABAdieIAAGQh2mWAAAAAElFTkSuQmCC\" alt=\"\" title=\"Novo olhar para as inspe\u00e7\u00f5es na engenharia \u2013 Uso da termografia infravermelha embarcada em drone para  inspe\u00e7\u00f5es na engenharia e infraestrutura\" data-type=\"image_tag\" data-img-url=\"https:\/\/www.institutodeengenharia.org.br\/site\/wp-content\/uploads\/2024\/01\/Design-sem-nome-2024-01-29T145222.287-356x220.jpg\"  width=\"356\" height=\"220\" \/><span class=\"td-video-play-ico\"><i class=\"td-icon-video-thumb-play\"><\/i><\/span><\/a><\/div>\r\n            <div class=\"td-module-meta-info\">\r\n                <h3 class=\"entry-title td-module-title\"><a href=\"https:\/\/www.institutodeengenharia.org.br\/site\/2024\/03\/13\/novo-olhar-para-as-inspecoes-na-engenharia-uso-da-termografia-infravermelha-embarcada-em-drone-para-inspecoes-na-engenharia-e-infraestrutura\/\"  rel=\"bookmark\" title=\"Novo olhar para as inspe\u00e7\u00f5es na engenharia \u2013 Uso da termografia infravermelha embarcada em drone para  inspe\u00e7\u00f5es na engenharia e infraestrutura\">Novo olhar para as inspe\u00e7\u00f5es na engenharia \u2013 Uso da termografia infravermelha embarcada em drone para  inspe\u00e7\u00f5es na engenharia e infraestrutura<\/a><\/h3>                <div class=\"td-editor-date\">\r\n                                        <span class=\"td-author-date\">\r\n                                                <span class=\"td-post-date\"><time class=\"entry-date updated td-module-date\" datetime=\"2024-03-13T09:35:36-03:00\" >13\/03\/2024<\/time><\/span>                    <\/span>\r\n                <\/div>\r\n            <\/div>\r\n\r\n        <\/div>\r\n\r\n        \n\t<\/div> <!-- .\/td-block-span4 -->\n\n\t<div class=\"td-block-span4\">\n\r\n        <div class=\"td_module_mx1 td_module_wrap td-animation-stack\">\r\n            <div class=\"td-module-thumb\"><a href=\"https:\/\/www.institutodeengenharia.org.br\/site\/2024\/03\/08\/podcast-visao-da-engenharia-obras-projetos-e-licitacoes-da-prefeitura-de-sao-paulo-2\/\"  rel=\"bookmark\" class=\"td-image-wrap \" title=\"PodCast Vis\u00e3o da Engenharia &#8211; Obras, projetos e licita\u00e7\u00f5es da Prefeitura de S\u00e3o Paulo #2\" ><img loading=\"lazy\" decoding=\"async\" class=\"entry-thumb\" src=\"data:image\/png;base64,iVBORw0KGgoAAAANSUhEUgAAAWQAAADcAQMAAAB9O0nPAAAAA1BMVEWurq51dlI4AAAAAXRSTlMmkutdmwAAACBJREFUaN7twTEBAAAAwiD7p7bDbmAAAAAAAAAAAABAdieIAAGQh2mWAAAAAElFTkSuQmCC\" alt=\"\" title=\"PodCast Vis\u00e3o da Engenharia &#8211; Obras, projetos e licita\u00e7\u00f5es da Prefeitura de S\u00e3o Paulo #2\" data-type=\"image_tag\" data-img-url=\"https:\/\/www.institutodeengenharia.org.br\/site\/wp-content\/uploads\/2024\/03\/MicrosoftTeams-image-408-356x220.png\"  width=\"356\" height=\"220\" \/><span class=\"td-video-play-ico\"><i class=\"td-icon-video-thumb-play\"><\/i><\/span><\/a><\/div>\r\n            <div class=\"td-module-meta-info\">\r\n                <h3 class=\"entry-title td-module-title\"><a href=\"https:\/\/www.institutodeengenharia.org.br\/site\/2024\/03\/08\/podcast-visao-da-engenharia-obras-projetos-e-licitacoes-da-prefeitura-de-sao-paulo-2\/\"  rel=\"bookmark\" title=\"PodCast Vis\u00e3o da Engenharia &#8211; Obras, projetos e licita\u00e7\u00f5es da Prefeitura de S\u00e3o Paulo #2\">PodCast Vis\u00e3o da Engenharia &#8211; Obras, projetos e licita\u00e7\u00f5es da Prefeitura de S\u00e3o Paulo #2<\/a><\/h3>                <div class=\"td-editor-date\">\r\n                                        <span class=\"td-author-date\">\r\n                                                <span class=\"td-post-date\"><time class=\"entry-date updated td-module-date\" datetime=\"2024-03-08T11:09:37-03:00\" >08\/03\/2024<\/time><\/span>                    <\/span>\r\n                <\/div>\r\n            <\/div>\r\n\r\n        <\/div>\r\n\r\n        \n\t<\/div> <!-- .\/td-block-span4 --><\/div><!--.\/row-fluid-->\n\n\t<div class=\"td-block-row\">\n\n\t<div class=\"td-block-span4\">\n\r\n        <div class=\"td_module_mx1 td_module_wrap td-animation-stack\">\r\n            <div class=\"td-module-thumb\"><a href=\"https:\/\/www.institutodeengenharia.org.br\/site\/2024\/03\/06\/a-sinalizacao-horizontal-na-seguranca-de-transito\/\"  rel=\"bookmark\" class=\"td-image-wrap \" title=\"A Sinaliza\u00e7\u00e3o Horizontal na Seguran\u00e7a de Tr\u00e2nsito\" ><img loading=\"lazy\" decoding=\"async\" class=\"entry-thumb\" src=\"data:image\/png;base64,iVBORw0KGgoAAAANSUhEUgAAAWQAAADcAQMAAAB9O0nPAAAAA1BMVEWurq51dlI4AAAAAXRSTlMmkutdmwAAACBJREFUaN7twTEBAAAAwiD7p7bDbmAAAAAAAAAAAABAdieIAAGQh2mWAAAAAElFTkSuQmCC\" alt=\"\" title=\"A Sinaliza\u00e7\u00e3o Horizontal na Seguran\u00e7a de Tr\u00e2nsito\" data-type=\"image_tag\" data-img-url=\"https:\/\/www.institutodeengenharia.org.br\/site\/wp-content\/uploads\/2024\/01\/Design-sem-nome-2024-01-24T103754.979-356x220.jpg\"  width=\"356\" height=\"220\" \/><span class=\"td-video-play-ico\"><i class=\"td-icon-video-thumb-play\"><\/i><\/span><\/a><\/div>\r\n            <div class=\"td-module-meta-info\">\r\n                <h3 class=\"entry-title td-module-title\"><a href=\"https:\/\/www.institutodeengenharia.org.br\/site\/2024\/03\/06\/a-sinalizacao-horizontal-na-seguranca-de-transito\/\"  rel=\"bookmark\" title=\"A Sinaliza\u00e7\u00e3o Horizontal na Seguran\u00e7a de Tr\u00e2nsito\">A Sinaliza\u00e7\u00e3o Horizontal na Seguran\u00e7a de Tr\u00e2nsito<\/a><\/h3>                <div class=\"td-editor-date\">\r\n                                        <span class=\"td-author-date\">\r\n                                                <span class=\"td-post-date\"><time class=\"entry-date updated td-module-date\" datetime=\"2024-03-06T15:25:16-03:00\" >06\/03\/2024<\/time><\/span>                    <\/span>\r\n                <\/div>\r\n            <\/div>\r\n\r\n        <\/div>\r\n\r\n        \n\t<\/div> <!-- .\/td-block-span4 -->\n\n\t<div class=\"td-block-span4\">\n\r\n        <div class=\"td_module_mx1 td_module_wrap td-animation-stack\">\r\n            <div class=\"td-module-thumb\"><a href=\"https:\/\/www.institutodeengenharia.org.br\/site\/2024\/03\/05\/casas-inteligentes\/\"  rel=\"bookmark\" class=\"td-image-wrap \" title=\"Casas Inteligentes\" ><img loading=\"lazy\" decoding=\"async\" class=\"entry-thumb\" src=\"data:image\/png;base64,iVBORw0KGgoAAAANSUhEUgAAAWQAAADcAQMAAAB9O0nPAAAAA1BMVEWurq51dlI4AAAAAXRSTlMmkutdmwAAACBJREFUaN7twTEBAAAAwiD7p7bDbmAAAAAAAAAAAABAdieIAAGQh2mWAAAAAElFTkSuQmCC\" alt=\"\" title=\"Casas Inteligentes\" data-type=\"image_tag\" data-img-url=\"https:\/\/www.institutodeengenharia.org.br\/site\/wp-content\/uploads\/2024\/02\/smart-home-2005993_1280-356x220.png\"  width=\"356\" height=\"220\" \/><span class=\"td-video-play-ico\"><i class=\"td-icon-video-thumb-play\"><\/i><\/span><\/a><\/div>\r\n            <div class=\"td-module-meta-info\">\r\n                <h3 class=\"entry-title td-module-title\"><a href=\"https:\/\/www.institutodeengenharia.org.br\/site\/2024\/03\/05\/casas-inteligentes\/\"  rel=\"bookmark\" title=\"Casas Inteligentes\">Casas Inteligentes<\/a><\/h3>                <div class=\"td-editor-date\">\r\n                                        <span class=\"td-author-date\">\r\n                                                <span class=\"td-post-date\"><time class=\"entry-date updated td-module-date\" datetime=\"2024-03-05T15:02:21-03:00\" >05\/03\/2024<\/time><\/span>                    <\/span>\r\n                <\/div>\r\n            <\/div>\r\n\r\n        <\/div>\r\n\r\n        \n\t<\/div> <!-- .\/td-block-span4 -->\n\n\t<div class=\"td-block-span4\">\n\r\n        <div class=\"td_module_mx1 td_module_wrap td-animation-stack\">\r\n            <div class=\"td-module-thumb\"><a href=\"https:\/\/www.institutodeengenharia.org.br\/site\/2024\/02\/28\/tecnologias-para-ensaios-nao-destrutivos-para-estruturas-de-concreto\/\"  rel=\"bookmark\" class=\"td-image-wrap \" title=\"Tecnologias para ensaios n\u00e3o destrutivos para estruturas de concreto\" ><img loading=\"lazy\" decoding=\"async\" class=\"entry-thumb\" src=\"data:image\/png;base64,iVBORw0KGgoAAAANSUhEUgAAAWQAAADcAQMAAAB9O0nPAAAAA1BMVEWurq51dlI4AAAAAXRSTlMmkutdmwAAACBJREFUaN7twTEBAAAAwiD7p7bDbmAAAAAAAAAAAABAdieIAAGQh2mWAAAAAElFTkSuQmCC\" alt=\"\" title=\"Tecnologias para ensaios n\u00e3o destrutivos para estruturas de concreto\" data-type=\"image_tag\" data-img-url=\"https:\/\/www.institutodeengenharia.org.br\/site\/wp-content\/uploads\/2024\/02\/Design-sem-nome-2024-02-16T145833.453-356x220.jpg\"  width=\"356\" height=\"220\" \/><span class=\"td-video-play-ico\"><i class=\"td-icon-video-thumb-play\"><\/i><\/span><\/a><\/div>\r\n            <div class=\"td-module-meta-info\">\r\n                <h3 class=\"entry-title td-module-title\"><a href=\"https:\/\/www.institutodeengenharia.org.br\/site\/2024\/02\/28\/tecnologias-para-ensaios-nao-destrutivos-para-estruturas-de-concreto\/\"  rel=\"bookmark\" title=\"Tecnologias para ensaios n\u00e3o destrutivos para estruturas de concreto\">Tecnologias para ensaios n\u00e3o destrutivos para estruturas de concreto<\/a><\/h3>                <div class=\"td-editor-date\">\r\n                                        <span class=\"td-author-date\">\r\n                                                <span class=\"td-post-date\"><time class=\"entry-date updated td-module-date\" datetime=\"2024-02-28T15:36:47-03:00\" >28\/02\/2024<\/time><\/span>                    <\/span>\r\n                <\/div>\r\n            <\/div>\r\n\r\n        <\/div>\r\n\r\n        \n\t<\/div> <!-- .\/td-block-span4 --><\/div><!--.\/row-fluid-->\n\n\t<div class=\"td-block-row\">\n\n\t<div class=\"td-block-span4\">\n\r\n        <div class=\"td_module_mx1 td_module_wrap td-animation-stack\">\r\n            <div class=\"td-module-thumb\"><a href=\"https:\/\/www.institutodeengenharia.org.br\/site\/2024\/02\/27\/podcast-visao-da-engenharia-obras-e-mercados-de-hoteis-no-brasil-1\/\"  rel=\"bookmark\" class=\"td-image-wrap \" title=\"PodCast Vis\u00e3o da Engenharia &#8211; Obras e mercados de h\u00f3teis no Brasil #1\" ><img loading=\"lazy\" decoding=\"async\" class=\"entry-thumb\" src=\"data:image\/png;base64,iVBORw0KGgoAAAANSUhEUgAAAWQAAADcAQMAAAB9O0nPAAAAA1BMVEWurq51dlI4AAAAAXRSTlMmkutdmwAAACBJREFUaN7twTEBAAAAwiD7p7bDbmAAAAAAAAAAAABAdieIAAGQh2mWAAAAAElFTkSuQmCC\" alt=\"\" title=\"PodCast Vis\u00e3o da Engenharia &#8211; Obras e mercados de h\u00f3teis no Brasil #1\" data-type=\"image_tag\" data-img-url=\"https:\/\/www.institutodeengenharia.org.br\/site\/wp-content\/uploads\/2024\/02\/MicrosoftTeams-image-407-356x220.png\"  width=\"356\" height=\"220\" \/><span class=\"td-video-play-ico\"><i class=\"td-icon-video-thumb-play\"><\/i><\/span><\/a><\/div>\r\n            <div class=\"td-module-meta-info\">\r\n                <h3 class=\"entry-title td-module-title\"><a href=\"https:\/\/www.institutodeengenharia.org.br\/site\/2024\/02\/27\/podcast-visao-da-engenharia-obras-e-mercados-de-hoteis-no-brasil-1\/\"  rel=\"bookmark\" title=\"PodCast Vis\u00e3o da Engenharia &#8211; Obras e mercados de h\u00f3teis no Brasil #1\">PodCast Vis\u00e3o da Engenharia &#8211; Obras e mercados de h\u00f3teis no Brasil #1<\/a><\/h3>                <div class=\"td-editor-date\">\r\n                                        <span class=\"td-author-date\">\r\n                                                <span class=\"td-post-date\"><time class=\"entry-date updated td-module-date\" datetime=\"2024-02-27T11:44:19-03:00\" >27\/02\/2024<\/time><\/span>                    <\/span>\r\n                <\/div>\r\n            <\/div>\r\n\r\n        <\/div>\r\n\r\n        \n\t<\/div> <!-- .\/td-block-span4 -->\n\n\t<div class=\"td-block-span4\">\n\r\n        <div class=\"td_module_mx1 td_module_wrap td-animation-stack\">\r\n            <div class=\"td-module-thumb\"><a href=\"https:\/\/www.institutodeengenharia.org.br\/site\/2024\/02\/21\/cortinas-atirantadas\/\"  rel=\"bookmark\" class=\"td-image-wrap \" title=\"Cortinas atirantadas\" ><img loading=\"lazy\" decoding=\"async\" class=\"entry-thumb\" src=\"data:image\/png;base64,iVBORw0KGgoAAAANSUhEUgAAAWQAAADcAQMAAAB9O0nPAAAAA1BMVEWurq51dlI4AAAAAXRSTlMmkutdmwAAACBJREFUaN7twTEBAAAAwiD7p7bDbmAAAAAAAAAAAABAdieIAAGQh2mWAAAAAElFTkSuQmCC\" alt=\"\" title=\"Cortinas atirantadas\" data-type=\"image_tag\" data-img-url=\"https:\/\/www.institutodeengenharia.org.br\/site\/wp-content\/uploads\/2024\/01\/palestrageotecnia1-356x220.png\"  width=\"356\" height=\"220\" \/><span class=\"td-video-play-ico\"><i class=\"td-icon-video-thumb-play\"><\/i><\/span><\/a><\/div>\r\n            <div class=\"td-module-meta-info\">\r\n                <h3 class=\"entry-title td-module-title\"><a href=\"https:\/\/www.institutodeengenharia.org.br\/site\/2024\/02\/21\/cortinas-atirantadas\/\"  rel=\"bookmark\" title=\"Cortinas atirantadas\">Cortinas atirantadas<\/a><\/h3>                <div class=\"td-editor-date\">\r\n                                        <span class=\"td-author-date\">\r\n                                                <span class=\"td-post-date\"><time class=\"entry-date updated td-module-date\" datetime=\"2024-02-21T15:12:38-03:00\" >21\/02\/2024<\/time><\/span>                    <\/span>\r\n                <\/div>\r\n            <\/div>\r\n\r\n        <\/div>\r\n\r\n        \n\t<\/div> <!-- .\/td-block-span4 -->\n\n\t<div class=\"td-block-span4\">\n\r\n        <div class=\"td_module_mx1 td_module_wrap td-animation-stack\">\r\n            <div class=\"td-module-thumb\"><a href=\"https:\/\/www.institutodeengenharia.org.br\/site\/2024\/02\/21\/captura-de-dados-3d-com-laser-scanner-como-o-uso-da-tecnologia-impacta-o-dia-a-dia-do-profissional-de-engenharia\/\"  rel=\"bookmark\" class=\"td-image-wrap \" title=\"Captura de dados 3D com Laser Scanner: Como o uso da tecnologia impacta o dia a dia do profissional de Engenharia\" ><img loading=\"lazy\" decoding=\"async\" class=\"entry-thumb\" src=\"data:image\/png;base64,iVBORw0KGgoAAAANSUhEUgAAAWQAAADcAQMAAAB9O0nPAAAAA1BMVEWurq51dlI4AAAAAXRSTlMmkutdmwAAACBJREFUaN7twTEBAAAAwiD7p7bDbmAAAAAAAAAAAABAdieIAAGQh2mWAAAAAElFTkSuQmCC\" alt=\"\" title=\"Captura de dados 3D com Laser Scanner: Como o uso da tecnologia impacta o dia a dia do profissional de Engenharia\" data-type=\"image_tag\" data-img-url=\"https:\/\/www.institutodeengenharia.org.br\/site\/wp-content\/uploads\/2024\/01\/Design-sem-nome-2024-01-29T142606.081-356x220.jpg\"  width=\"356\" height=\"220\" \/><span class=\"td-video-play-ico\"><i class=\"td-icon-video-thumb-play\"><\/i><\/span><\/a><\/div>\r\n            <div class=\"td-module-meta-info\">\r\n                <h3 class=\"entry-title td-module-title\"><a href=\"https:\/\/www.institutodeengenharia.org.br\/site\/2024\/02\/21\/captura-de-dados-3d-com-laser-scanner-como-o-uso-da-tecnologia-impacta-o-dia-a-dia-do-profissional-de-engenharia\/\"  rel=\"bookmark\" title=\"Captura de dados 3D com Laser Scanner: Como o uso da tecnologia impacta o dia a dia do profissional de Engenharia\">Captura de dados 3D com Laser Scanner: Como o uso da tecnologia impacta o dia a dia do profissional de Engenharia<\/a><\/h3>                <div class=\"td-editor-date\">\r\n                                        <span class=\"td-author-date\">\r\n                                                <span class=\"td-post-date\"><time class=\"entry-date updated td-module-date\" datetime=\"2024-02-21T10:55:20-03:00\" >21\/02\/2024<\/time><\/span>                    <\/span>\r\n                <\/div>\r\n            <\/div>\r\n\r\n        <\/div>\r\n\r\n        \n\t<\/div> <!-- .\/td-block-span4 --><\/div><!--.\/row-fluid-->\n\n\t<div class=\"td-block-row\">\n\n\t<div class=\"td-block-span4\">\n\r\n        <div class=\"td_module_mx1 td_module_wrap td-animation-stack\">\r\n            <div class=\"td-module-thumb\"><a href=\"https:\/\/www.institutodeengenharia.org.br\/site\/2024\/02\/16\/planejamento-da-mobilidade-urbana-politicas-e-planos\/\"  rel=\"bookmark\" class=\"td-image-wrap \" title=\"Planejamento da Mobilidade Urbana: Pol\u00edticas e Planos\" ><img loading=\"lazy\" decoding=\"async\" class=\"entry-thumb\" src=\"data:image\/png;base64,iVBORw0KGgoAAAANSUhEUgAAAWQAAADcAQMAAAB9O0nPAAAAA1BMVEWurq51dlI4AAAAAXRSTlMmkutdmwAAACBJREFUaN7twTEBAAAAwiD7p7bDbmAAAAAAAAAAAABAdieIAAGQh2mWAAAAAElFTkSuQmCC\" alt=\"\" title=\"Planejamento da Mobilidade Urbana: Pol\u00edticas e Planos\" data-type=\"image_tag\" data-img-url=\"https:\/\/www.institutodeengenharia.org.br\/site\/wp-content\/uploads\/2024\/01\/Design-sem-nome-2024-01-29T121412.069-356x220.jpg\"  width=\"356\" height=\"220\" \/><span class=\"td-video-play-ico\"><i class=\"td-icon-video-thumb-play\"><\/i><\/span><\/a><\/div>\r\n            <div class=\"td-module-meta-info\">\r\n                <h3 class=\"entry-title td-module-title\"><a href=\"https:\/\/www.institutodeengenharia.org.br\/site\/2024\/02\/16\/planejamento-da-mobilidade-urbana-politicas-e-planos\/\"  rel=\"bookmark\" title=\"Planejamento da Mobilidade Urbana: Pol\u00edticas e Planos\">Planejamento da Mobilidade Urbana: Pol\u00edticas e Planos<\/a><\/h3>                <div class=\"td-editor-date\">\r\n                                        <span class=\"td-author-date\">\r\n                                                <span class=\"td-post-date\"><time class=\"entry-date updated td-module-date\" datetime=\"2024-02-16T16:47:05-03:00\" >16\/02\/2024<\/time><\/span>                    <\/span>\r\n                <\/div>\r\n            <\/div>\r\n\r\n        <\/div>\r\n\r\n        \n\t<\/div> <!-- .\/td-block-span4 -->\n\n\t<div class=\"td-block-span4\">\n\r\n        <div class=\"td_module_mx1 td_module_wrap td-animation-stack\">\r\n            <div class=\"td-module-thumb\"><a href=\"https:\/\/www.institutodeengenharia.org.br\/site\/2024\/02\/07\/melhores-praticas-para-a-realizacao-de-uma-inspecao-visual\/\"  rel=\"bookmark\" class=\"td-image-wrap \" title=\"Melhores pr\u00e1ticas para a realiza\u00e7\u00e3o de uma inspe\u00e7\u00e3o visual\" ><img loading=\"lazy\" decoding=\"async\" class=\"entry-thumb\" src=\"data:image\/png;base64,iVBORw0KGgoAAAANSUhEUgAAAWQAAADcAQMAAAB9O0nPAAAAA1BMVEWurq51dlI4AAAAAXRSTlMmkutdmwAAACBJREFUaN7twTEBAAAAwiD7p7bDbmAAAAAAAAAAAABAdieIAAGQh2mWAAAAAElFTkSuQmCC\" alt=\"\" title=\"Melhores pr\u00e1ticas para a realiza\u00e7\u00e3o de uma inspe\u00e7\u00e3o visual\" data-type=\"image_tag\" data-img-url=\"https:\/\/www.institutodeengenharia.org.br\/site\/wp-content\/uploads\/2024\/01\/Design-sem-nome-2024-01-29T114250.039-356x220.jpg\"  width=\"356\" height=\"220\" \/><span class=\"td-video-play-ico\"><i class=\"td-icon-video-thumb-play\"><\/i><\/span><\/a><\/div>\r\n            <div class=\"td-module-meta-info\">\r\n                <h3 class=\"entry-title td-module-title\"><a href=\"https:\/\/www.institutodeengenharia.org.br\/site\/2024\/02\/07\/melhores-praticas-para-a-realizacao-de-uma-inspecao-visual\/\"  rel=\"bookmark\" title=\"Melhores pr\u00e1ticas para a realiza\u00e7\u00e3o de uma inspe\u00e7\u00e3o visual\">Melhores pr\u00e1ticas para a realiza\u00e7\u00e3o de uma inspe\u00e7\u00e3o visual<\/a><\/h3>                <div class=\"td-editor-date\">\r\n                                        <span class=\"td-author-date\">\r\n                                                <span class=\"td-post-date\"><time class=\"entry-date updated td-module-date\" datetime=\"2024-02-07T14:47:08-03:00\" >07\/02\/2024<\/time><\/span>                    <\/span>\r\n                <\/div>\r\n            <\/div>\r\n\r\n        <\/div>\r\n\r\n        \n\t<\/div> <!-- .\/td-block-span4 -->\n\n\t<div class=\"td-block-span4\">\n\r\n        <div class=\"td_module_mx1 td_module_wrap td-animation-stack\">\r\n            <div class=\"td-module-thumb\"><a href=\"https:\/\/www.institutodeengenharia.org.br\/site\/2023\/12\/18\/comemoracao-ao-dia-do-engenheiro-2023\/\"  rel=\"bookmark\" class=\"td-image-wrap \" title=\"Comemora\u00e7\u00e3o Dia do Engenheiro 2023\" ><img loading=\"lazy\" decoding=\"async\" class=\"entry-thumb\" src=\"data:image\/png;base64,iVBORw0KGgoAAAANSUhEUgAAAWQAAADcAQMAAAB9O0nPAAAAA1BMVEWurq51dlI4AAAAAXRSTlMmkutdmwAAACBJREFUaN7twTEBAAAAwiD7p7bDbmAAAAAAAAAAAABAdieIAAGQh2mWAAAAAElFTkSuQmCC\" alt=\"\" title=\"Comemora\u00e7\u00e3o Dia do Engenheiro 2023\" data-type=\"image_tag\" data-img-url=\"https:\/\/www.institutodeengenharia.org.br\/site\/wp-content\/uploads\/2023\/12\/53395398919_9c5ee4dcaa_c-356x220.jpg\"  width=\"356\" height=\"220\" \/><span class=\"td-video-play-ico\"><i class=\"td-icon-video-thumb-play\"><\/i><\/span><\/a><\/div>\r\n            <div class=\"td-module-meta-info\">\r\n                <h3 class=\"entry-title td-module-title\"><a href=\"https:\/\/www.institutodeengenharia.org.br\/site\/2023\/12\/18\/comemoracao-ao-dia-do-engenheiro-2023\/\"  rel=\"bookmark\" title=\"Comemora\u00e7\u00e3o Dia do Engenheiro 2023\">Comemora\u00e7\u00e3o Dia do Engenheiro 2023<\/a><\/h3>                <div class=\"td-editor-date\">\r\n                                        <span class=\"td-author-date\">\r\n                                                <span class=\"td-post-date\"><time class=\"entry-date updated td-module-date\" datetime=\"2023-12-18T15:51:02-03:00\" >18\/12\/2023<\/time><\/span>                    <\/span>\r\n                <\/div>\r\n            <\/div>\r\n\r\n        <\/div>\r\n\r\n        \n\t<\/div> <!-- .\/td-block-span4 --><\/div><!--.\/row-fluid-->\n\n\t<div class=\"td-block-row\">\n\n\t<div class=\"td-block-span4\">\n\r\n        <div class=\"td_module_mx1 td_module_wrap td-animation-stack\">\r\n            <div class=\"td-module-thumb\"><a href=\"https:\/\/www.institutodeengenharia.org.br\/site\/2023\/12\/08\/como-o-cfd-na-engenharia-e-arquitetura-pode-salvar-a-economia-de-um-pais-e-proteger-o-meio-ambiente\/\"  rel=\"bookmark\" class=\"td-image-wrap \" title=\"Como o CFD na engenharia e arquitetura pode salvar a economia de um pa\u00eds e proteger o meio ambiente\" ><img loading=\"lazy\" decoding=\"async\" class=\"entry-thumb\" src=\"data:image\/png;base64,iVBORw0KGgoAAAANSUhEUgAAAWQAAADcAQMAAAB9O0nPAAAAA1BMVEWurq51dlI4AAAAAXRSTlMmkutdmwAAACBJREFUaN7twTEBAAAAwiD7p7bDbmAAAAAAAAAAAABAdieIAAGQh2mWAAAAAElFTkSuQmCC\" alt=\"\" title=\"Como o CFD na engenharia e arquitetura pode salvar a economia de um pa\u00eds e proteger o meio ambiente\" data-type=\"image_tag\" data-img-url=\"https:\/\/www.institutodeengenharia.org.br\/site\/wp-content\/uploads\/2023\/09\/Design-sem-nome-2023-09-25T154150.532-356x220.jpg\"  width=\"356\" height=\"220\" \/><span class=\"td-video-play-ico\"><i class=\"td-icon-video-thumb-play\"><\/i><\/span><\/a><\/div>\r\n            <div class=\"td-module-meta-info\">\r\n                <h3 class=\"entry-title td-module-title\"><a href=\"https:\/\/www.institutodeengenharia.org.br\/site\/2023\/12\/08\/como-o-cfd-na-engenharia-e-arquitetura-pode-salvar-a-economia-de-um-pais-e-proteger-o-meio-ambiente\/\"  rel=\"bookmark\" title=\"Como o CFD na engenharia e arquitetura pode salvar a economia de um pa\u00eds e proteger o meio ambiente\">Como o CFD na engenharia e arquitetura pode salvar a economia de um pa\u00eds e proteger o meio ambiente<\/a><\/h3>                <div class=\"td-editor-date\">\r\n                                        <span class=\"td-author-date\">\r\n                                                <span class=\"td-post-date\"><time class=\"entry-date updated td-module-date\" datetime=\"2023-12-08T16:31:14-03:00\" >08\/12\/2023<\/time><\/span>                    <\/span>\r\n                <\/div>\r\n            <\/div>\r\n\r\n        <\/div>\r\n\r\n        \n\t<\/div> <!-- .\/td-block-span4 -->\n\n\t<div class=\"td-block-span4\">\n\r\n        <div class=\"td_module_mx1 td_module_wrap td-animation-stack\">\r\n            <div class=\"td-module-thumb\"><a href=\"https:\/\/www.institutodeengenharia.org.br\/site\/2023\/12\/06\/inovacao-e-expansao-da-rede-de-transportes-publicos-da-stm\/\"  rel=\"bookmark\" class=\"td-image-wrap \" title=\"Inova\u00e7\u00e3o e expans\u00e3o da rede de transportes p\u00fablicos da STM\" ><img loading=\"lazy\" decoding=\"async\" class=\"entry-thumb\" src=\"data:image\/png;base64,iVBORw0KGgoAAAANSUhEUgAAAWQAAADcAQMAAAB9O0nPAAAAA1BMVEWurq51dlI4AAAAAXRSTlMmkutdmwAAACBJREFUaN7twTEBAAAAwiD7p7bDbmAAAAAAAAAAAABAdieIAAGQh2mWAAAAAElFTkSuQmCC\" alt=\"\" title=\"Inova\u00e7\u00e3o e expans\u00e3o da rede de transportes p\u00fablicos da STM\" data-type=\"image_tag\" data-img-url=\"https:\/\/www.institutodeengenharia.org.br\/site\/wp-content\/uploads\/2023\/11\/Foto-Marcopolo-AeroGruDivulgacao-1-356x220.jpg\"  width=\"356\" height=\"220\" \/><span class=\"td-video-play-ico\"><i class=\"td-icon-video-thumb-play\"><\/i><\/span><\/a><\/div>\r\n            <div class=\"td-module-meta-info\">\r\n                <h3 class=\"entry-title td-module-title\"><a href=\"https:\/\/www.institutodeengenharia.org.br\/site\/2023\/12\/06\/inovacao-e-expansao-da-rede-de-transportes-publicos-da-stm\/\"  rel=\"bookmark\" title=\"Inova\u00e7\u00e3o e expans\u00e3o da rede de transportes p\u00fablicos da STM\">Inova\u00e7\u00e3o e expans\u00e3o da rede de transportes p\u00fablicos da STM<\/a><\/h3>                <div class=\"td-editor-date\">\r\n                                        <span class=\"td-author-date\">\r\n                                                <span class=\"td-post-date\"><time class=\"entry-date updated td-module-date\" datetime=\"2023-12-06T15:17:43-03:00\" >06\/12\/2023<\/time><\/span>                    <\/span>\r\n                <\/div>\r\n            <\/div>\r\n\r\n        <\/div>\r\n\r\n        \n\t<\/div> <!-- .\/td-block-span4 -->\n\n\t<div class=\"td-block-span4\">\n\r\n        <div class=\"td_module_mx1 td_module_wrap td-animation-stack\">\r\n            <div class=\"td-module-thumb\"><a href=\"https:\/\/www.institutodeengenharia.org.br\/site\/2023\/12\/04\/facilities-a-engenharia-e-a-normalizacao-em-facility-management\/\"  rel=\"bookmark\" class=\"td-image-wrap \" title=\"Facilities, a engenharia e a normaliza\u00e7\u00e3o em Facility Management\" ><img loading=\"lazy\" decoding=\"async\" class=\"entry-thumb\" src=\"data:image\/png;base64,iVBORw0KGgoAAAANSUhEUgAAAWQAAADcAQMAAAB9O0nPAAAAA1BMVEWurq51dlI4AAAAAXRSTlMmkutdmwAAACBJREFUaN7twTEBAAAAwiD7p7bDbmAAAAAAAAAAAABAdieIAAGQh2mWAAAAAElFTkSuQmCC\" alt=\"\" title=\"Facilities, a engenharia e a normaliza\u00e7\u00e3o em Facility Management\" data-type=\"image_tag\" data-img-url=\"https:\/\/www.institutodeengenharia.org.br\/site\/wp-content\/uploads\/2023\/10\/Design-sem-nome-2023-10-11T114804.916-356x220.jpg\"  width=\"356\" height=\"220\" \/><span class=\"td-video-play-ico\"><i class=\"td-icon-video-thumb-play\"><\/i><\/span><\/a><\/div>\r\n            <div class=\"td-module-meta-info\">\r\n                <h3 class=\"entry-title td-module-title\"><a href=\"https:\/\/www.institutodeengenharia.org.br\/site\/2023\/12\/04\/facilities-a-engenharia-e-a-normalizacao-em-facility-management\/\"  rel=\"bookmark\" title=\"Facilities, a engenharia e a normaliza\u00e7\u00e3o em Facility Management\">Facilities, a engenharia e a normaliza\u00e7\u00e3o em Facility Management<\/a><\/h3>                <div class=\"td-editor-date\">\r\n                                        <span class=\"td-author-date\">\r\n                                                <span class=\"td-post-date\"><time class=\"entry-date updated td-module-date\" datetime=\"2023-12-04T15:53:16-03:00\" >04\/12\/2023<\/time><\/span>                    <\/span>\r\n                <\/div>\r\n            <\/div>\r\n\r\n        <\/div>\r\n\r\n        \n\t<\/div> <!-- .\/td-block-span4 --><\/div><!--.\/row-fluid-->\n\n\t<div class=\"td-block-row\">\n\n\t<div class=\"td-block-span4\">\n\r\n        <div class=\"td_module_mx1 td_module_wrap td-animation-stack\">\r\n            <div class=\"td-module-thumb\"><a href=\"https:\/\/www.institutodeengenharia.org.br\/site\/2023\/11\/27\/patologias-das-estruturas-de-concreto-um-paralelo-entre-as-normas-e-o-canteiro-de-obra\/\"  rel=\"bookmark\" class=\"td-image-wrap \" title=\"Patologias das estruturas de concreto \u2013 Um paralelo entre as normas e o canteiro de obra\" ><img loading=\"lazy\" decoding=\"async\" class=\"entry-thumb\" src=\"data:image\/png;base64,iVBORw0KGgoAAAANSUhEUgAAAWQAAADcAQMAAAB9O0nPAAAAA1BMVEWurq51dlI4AAAAAXRSTlMmkutdmwAAACBJREFUaN7twTEBAAAAwiD7p7bDbmAAAAAAAAAAAABAdieIAAGQh2mWAAAAAElFTkSuQmCC\" alt=\"\" title=\"Patologias das estruturas de concreto \u2013 Um paralelo entre as normas e o canteiro de obra\" data-type=\"image_tag\" data-img-url=\"https:\/\/www.institutodeengenharia.org.br\/site\/wp-content\/uploads\/2023\/10\/FOTO-Divulgacao-EDP-3-356x220.jpg\"  width=\"356\" height=\"220\" \/><span class=\"td-video-play-ico\"><i class=\"td-icon-video-thumb-play\"><\/i><\/span><\/a><\/div>\r\n            <div class=\"td-module-meta-info\">\r\n                <h3 class=\"entry-title td-module-title\"><a href=\"https:\/\/www.institutodeengenharia.org.br\/site\/2023\/11\/27\/patologias-das-estruturas-de-concreto-um-paralelo-entre-as-normas-e-o-canteiro-de-obra\/\"  rel=\"bookmark\" title=\"Patologias das estruturas de concreto \u2013 Um paralelo entre as normas e o canteiro de obra\">Patologias das estruturas de concreto \u2013 Um paralelo entre as normas e o canteiro de obra<\/a><\/h3>                <div class=\"td-editor-date\">\r\n                                        <span class=\"td-author-date\">\r\n                                                <span class=\"td-post-date\"><time class=\"entry-date updated td-module-date\" datetime=\"2023-11-27T10:03:37-03:00\" >27\/11\/2023<\/time><\/span>                    <\/span>\r\n                <\/div>\r\n            <\/div>\r\n\r\n        <\/div>\r\n\r\n        \n\t<\/div> <!-- .\/td-block-span4 -->\n\n\t<div class=\"td-block-span4\">\n\r\n        <div class=\"td_module_mx1 td_module_wrap td-animation-stack\">\r\n            <div class=\"td-module-thumb\"><a href=\"https:\/\/www.institutodeengenharia.org.br\/site\/2023\/11\/27\/esg-abordagem-historica-e-conceito\/\"  rel=\"bookmark\" class=\"td-image-wrap \" title=\"ESG \u2013 Abordagem hist\u00f3rica e conceito\" ><img loading=\"lazy\" decoding=\"async\" class=\"entry-thumb\" src=\"data:image\/png;base64,iVBORw0KGgoAAAANSUhEUgAAAWQAAADcAQMAAAB9O0nPAAAAA1BMVEWurq51dlI4AAAAAXRSTlMmkutdmwAAACBJREFUaN7twTEBAAAAwiD7p7bDbmAAAAAAAAAAAABAdieIAAGQh2mWAAAAAElFTkSuQmCC\" alt=\"\" title=\"ESG \u2013 Abordagem hist\u00f3rica e conceito\" data-type=\"image_tag\" data-img-url=\"https:\/\/www.institutodeengenharia.org.br\/site\/wp-content\/uploads\/2023\/10\/FOTO-Divulgacao-EDP-1-356x220.jpg\"  width=\"356\" height=\"220\" \/><span class=\"td-video-play-ico\"><i class=\"td-icon-video-thumb-play\"><\/i><\/span><\/a><\/div>\r\n            <div class=\"td-module-meta-info\">\r\n                <h3 class=\"entry-title td-module-title\"><a href=\"https:\/\/www.institutodeengenharia.org.br\/site\/2023\/11\/27\/esg-abordagem-historica-e-conceito\/\"  rel=\"bookmark\" title=\"ESG \u2013 Abordagem hist\u00f3rica e conceito\">ESG \u2013 Abordagem hist\u00f3rica e conceito<\/a><\/h3>                <div class=\"td-editor-date\">\r\n                                        <span class=\"td-author-date\">\r\n                                                <span class=\"td-post-date\"><time class=\"entry-date updated td-module-date\" datetime=\"2023-11-27T10:01:21-03:00\" >27\/11\/2023<\/time><\/span>                    <\/span>\r\n                <\/div>\r\n            <\/div>\r\n\r\n        <\/div>\r\n\r\n        \n\t<\/div> <!-- .\/td-block-span4 -->\n\n\t<div class=\"td-block-span4\">\n\r\n        <div class=\"td_module_mx1 td_module_wrap td-animation-stack\">\r\n            <div class=\"td-module-thumb\"><a href=\"https:\/\/www.institutodeengenharia.org.br\/site\/2023\/11\/22\/dutos-para-distribuicao-de-ar-aplicacoes-e-beneficios\/\"  rel=\"bookmark\" class=\"td-image-wrap \" title=\"\u201cDutos para distribui\u00e7\u00e3o de ar\u201d \u2013 Aplica\u00e7\u00f5es e benef\u00edcios\" ><img loading=\"lazy\" decoding=\"async\" class=\"entry-thumb\" src=\"data:image\/png;base64,iVBORw0KGgoAAAANSUhEUgAAAWQAAADcAQMAAAB9O0nPAAAAA1BMVEWurq51dlI4AAAAAXRSTlMmkutdmwAAACBJREFUaN7twTEBAAAAwiD7p7bDbmAAAAAAAAAAAABAdieIAAGQh2mWAAAAAElFTkSuQmCC\" alt=\"\" title=\"\u201cDutos para distribui\u00e7\u00e3o de ar\u201d \u2013 Aplica\u00e7\u00f5es e benef\u00edcios\" data-type=\"image_tag\" data-img-url=\"https:\/\/www.institutodeengenharia.org.br\/site\/wp-content\/uploads\/2023\/08\/Design-sem-nome-98-356x220.jpg\"  width=\"356\" height=\"220\" \/><span class=\"td-video-play-ico\"><i class=\"td-icon-video-thumb-play\"><\/i><\/span><\/a><\/div>\r\n            <div class=\"td-module-meta-info\">\r\n                <h3 class=\"entry-title td-module-title\"><a href=\"https:\/\/www.institutodeengenharia.org.br\/site\/2023\/11\/22\/dutos-para-distribuicao-de-ar-aplicacoes-e-beneficios\/\"  rel=\"bookmark\" title=\"\u201cDutos para distribui\u00e7\u00e3o de ar\u201d \u2013 Aplica\u00e7\u00f5es e benef\u00edcios\">\u201cDutos para distribui\u00e7\u00e3o de ar\u201d \u2013 Aplica\u00e7\u00f5es e benef\u00edcios<\/a><\/h3>                <div class=\"td-editor-date\">\r\n                                        <span class=\"td-author-date\">\r\n                                                <span class=\"td-post-date\"><time class=\"entry-date updated td-module-date\" datetime=\"2023-11-22T13:52:55-03:00\" >22\/11\/2023<\/time><\/span>                    <\/span>\r\n                <\/div>\r\n            <\/div>\r\n\r\n        <\/div>\r\n\r\n        \n\t<\/div> <!-- .\/td-block-span4 --><\/div><!--.\/row-fluid-->\n\n\t<div class=\"td-block-row\">\n\n\t<div class=\"td-block-span4\">\n\r\n        <div class=\"td_module_mx1 td_module_wrap td-animation-stack\">\r\n            <div class=\"td-module-thumb\"><a href=\"https:\/\/www.institutodeengenharia.org.br\/site\/2023\/11\/13\/seguranca-de-maquinas-apreciacao-de-riscos-e-diagnostico-da-nr-12\/\"  rel=\"bookmark\" class=\"td-image-wrap \" title=\"Seguran\u00e7a de m\u00e1quinas \u2013 Aprecia\u00e7\u00e3o de riscos e diagn\u00f3stico da NR-12\" ><img loading=\"lazy\" decoding=\"async\" class=\"entry-thumb\" src=\"data:image\/png;base64,iVBORw0KGgoAAAANSUhEUgAAAWQAAADcAQMAAAB9O0nPAAAAA1BMVEWurq51dlI4AAAAAXRSTlMmkutdmwAAACBJREFUaN7twTEBAAAAwiD7p7bDbmAAAAAAAAAAAABAdieIAAGQh2mWAAAAAElFTkSuQmCC\" alt=\"\" title=\"Seguran\u00e7a de m\u00e1quinas \u2013 Aprecia\u00e7\u00e3o de riscos e diagn\u00f3stico da NR-12\" data-type=\"image_tag\" data-img-url=\"https:\/\/www.institutodeengenharia.org.br\/site\/wp-content\/uploads\/2018\/05\/nr12.jpg\"  width=\"318\" height=\"159\" \/><span class=\"td-video-play-ico\"><i class=\"td-icon-video-thumb-play\"><\/i><\/span><\/a><\/div>\r\n            <div class=\"td-module-meta-info\">\r\n                <h3 class=\"entry-title td-module-title\"><a href=\"https:\/\/www.institutodeengenharia.org.br\/site\/2023\/11\/13\/seguranca-de-maquinas-apreciacao-de-riscos-e-diagnostico-da-nr-12\/\"  rel=\"bookmark\" title=\"Seguran\u00e7a de m\u00e1quinas \u2013 Aprecia\u00e7\u00e3o de riscos e diagn\u00f3stico da NR-12\">Seguran\u00e7a de m\u00e1quinas \u2013 Aprecia\u00e7\u00e3o de riscos e diagn\u00f3stico da NR-12<\/a><\/h3>                <div class=\"td-editor-date\">\r\n                                        <span class=\"td-author-date\">\r\n                                                <span class=\"td-post-date\"><time class=\"entry-date updated td-module-date\" datetime=\"2023-11-13T16:09:33-03:00\" >13\/11\/2023<\/time><\/span>                    <\/span>\r\n                <\/div>\r\n            <\/div>\r\n\r\n        <\/div>\r\n\r\n        \n\t<\/div> <!-- .\/td-block-span4 -->\n\n\t<div class=\"td-block-span4\">\n\r\n        <div class=\"td_module_mx1 td_module_wrap td-animation-stack\">\r\n            <div class=\"td-module-thumb\"><a href=\"https:\/\/www.institutodeengenharia.org.br\/site\/2023\/11\/13\/mobilidade-aerea-urbana-2\/\"  rel=\"bookmark\" class=\"td-image-wrap \" title=\"Mobilidade a\u00e9rea urbana\" ><img loading=\"lazy\" decoding=\"async\" class=\"entry-thumb\" src=\"data:image\/png;base64,iVBORw0KGgoAAAANSUhEUgAAAWQAAADcAQMAAAB9O0nPAAAAA1BMVEWurq51dlI4AAAAAXRSTlMmkutdmwAAACBJREFUaN7twTEBAAAAwiD7p7bDbmAAAAAAAAAAAABAdieIAAGQh2mWAAAAAElFTkSuQmCC\" alt=\"\" title=\"Mobilidade a\u00e9rea urbana\" data-type=\"image_tag\" data-img-url=\"https:\/\/www.institutodeengenharia.org.br\/site\/wp-content\/uploads\/2023\/10\/propeller-5444004_1280-356x220.jpg\"  width=\"356\" height=\"220\" \/><span class=\"td-video-play-ico\"><i class=\"td-icon-video-thumb-play\"><\/i><\/span><\/a><\/div>\r\n            <div class=\"td-module-meta-info\">\r\n                <h3 class=\"entry-title td-module-title\"><a href=\"https:\/\/www.institutodeengenharia.org.br\/site\/2023\/11\/13\/mobilidade-aerea-urbana-2\/\"  rel=\"bookmark\" title=\"Mobilidade a\u00e9rea urbana\">Mobilidade a\u00e9rea urbana<\/a><\/h3>                <div class=\"td-editor-date\">\r\n                                        <span class=\"td-author-date\">\r\n                                                <span class=\"td-post-date\"><time class=\"entry-date updated td-module-date\" datetime=\"2023-11-13T16:07:26-03:00\" >13\/11\/2023<\/time><\/span>                    <\/span>\r\n                <\/div>\r\n            <\/div>\r\n\r\n        <\/div>\r\n\r\n        \n\t<\/div> <!-- .\/td-block-span4 -->\n\n\t<div class=\"td-block-span4\">\n\r\n        <div class=\"td_module_mx1 td_module_wrap td-animation-stack\">\r\n            <div class=\"td-module-thumb\"><a href=\"https:\/\/www.institutodeengenharia.org.br\/site\/2023\/11\/08\/assista-as-gravacoes-dos-encontros-com-os-candidatos-a-presidencia-do-crea-sp-e-confe\/\"  rel=\"bookmark\" class=\"td-image-wrap \" title=\"Encontros com os candidatos \u00e0 presid\u00eancia do CREA-SP e Confea\" ><img loading=\"lazy\" decoding=\"async\" class=\"entry-thumb\" src=\"data:image\/png;base64,iVBORw0KGgoAAAANSUhEUgAAAWQAAADcAQMAAAB9O0nPAAAAA1BMVEWurq51dlI4AAAAAXRSTlMmkutdmwAAACBJREFUaN7twTEBAAAAwiD7p7bDbmAAAAAAAAAAAABAdieIAAGQh2mWAAAAAElFTkSuQmCC\" alt=\"\" title=\"Encontros com os candidatos \u00e0 presid\u00eancia do CREA-SP e Confea\" data-type=\"image_tag\" data-img-url=\"https:\/\/www.institutodeengenharia.org.br\/site\/wp-content\/uploads\/2023\/11\/MicrosoftTeams-image-360-356x220.png\"  width=\"356\" height=\"220\" \/><\/a><\/div>\r\n            <div class=\"td-module-meta-info\">\r\n                <h3 class=\"entry-title td-module-title\"><a href=\"https:\/\/www.institutodeengenharia.org.br\/site\/2023\/11\/08\/assista-as-gravacoes-dos-encontros-com-os-candidatos-a-presidencia-do-crea-sp-e-confe\/\"  rel=\"bookmark\" title=\"Encontros com os candidatos \u00e0 presid\u00eancia do CREA-SP e Confea\">Encontros com os candidatos \u00e0 presid\u00eancia do CREA-SP e Confea<\/a><\/h3>                <div class=\"td-editor-date\">\r\n                                        <span class=\"td-author-date\">\r\n                                                <span class=\"td-post-date\"><time class=\"entry-date updated td-module-date\" datetime=\"2023-11-08T13:30:28-03:00\" >08\/11\/2023<\/time><\/span>                    <\/span>\r\n                <\/div>\r\n            <\/div>\r\n\r\n        <\/div>\r\n\r\n        \n\t<\/div> <!-- .\/td-block-span4 --><\/div><!--.\/row-fluid-->\n\n\t<div class=\"td-block-row\">\n\n\t<div class=\"td-block-span4\">\n\r\n        <div class=\"td_module_mx1 td_module_wrap td-animation-stack\">\r\n            <div class=\"td-module-thumb\"><a href=\"https:\/\/www.institutodeengenharia.org.br\/site\/2023\/10\/30\/exemplos-no-mundo-x-a-governanca-metropolitana-de-transportes-em-sao-paulo\/\"  rel=\"bookmark\" class=\"td-image-wrap \" title=\"Exemplos no Mundo X A Governan\u00e7a Metropolitana de Transportes em S\u00e3o Paulo\" ><img loading=\"lazy\" decoding=\"async\" class=\"entry-thumb\" src=\"data:image\/png;base64,iVBORw0KGgoAAAANSUhEUgAAAWQAAADcAQMAAAB9O0nPAAAAA1BMVEWurq51dlI4AAAAAXRSTlMmkutdmwAAACBJREFUaN7twTEBAAAAwiD7p7bDbmAAAAAAAAAAAABAdieIAAGQh2mWAAAAAElFTkSuQmCC\" alt=\"\" title=\"Exemplos no Mundo X A Governan\u00e7a Metropolitana de Transportes em S\u00e3o Paulo\" data-type=\"image_tag\" data-img-url=\"https:\/\/www.institutodeengenharia.org.br\/site\/wp-content\/uploads\/2023\/10\/Design-sem-nome-2023-10-13T101912.286-356x220.jpg\"  width=\"356\" height=\"220\" \/><span class=\"td-video-play-ico\"><i class=\"td-icon-video-thumb-play\"><\/i><\/span><\/a><\/div>\r\n            <div class=\"td-module-meta-info\">\r\n                <h3 class=\"entry-title td-module-title\"><a href=\"https:\/\/www.institutodeengenharia.org.br\/site\/2023\/10\/30\/exemplos-no-mundo-x-a-governanca-metropolitana-de-transportes-em-sao-paulo\/\"  rel=\"bookmark\" title=\"Exemplos no Mundo X A Governan\u00e7a Metropolitana de Transportes em S\u00e3o Paulo\">Exemplos no Mundo X A Governan\u00e7a Metropolitana de Transportes em S\u00e3o Paulo<\/a><\/h3>                <div class=\"td-editor-date\">\r\n                                        <span class=\"td-author-date\">\r\n                                                <span class=\"td-post-date\"><time class=\"entry-date updated td-module-date\" datetime=\"2023-10-30T11:31:14-03:00\" >30\/10\/2023<\/time><\/span>                    <\/span>\r\n                <\/div>\r\n            <\/div>\r\n\r\n        <\/div>\r\n\r\n        \n\t<\/div> <!-- .\/td-block-span4 -->\n\n\t<div class=\"td-block-span4\">\n\r\n        <div class=\"td_module_mx1 td_module_wrap td-animation-stack\">\r\n            <div class=\"td-module-thumb\"><a href=\"https:\/\/www.institutodeengenharia.org.br\/site\/2023\/10\/27\/seguranca-contra-incendios-envolvendo-equipamentos-e-veiculos-eletricos\/\"  rel=\"bookmark\" class=\"td-image-wrap \" title=\"Seguran\u00e7a Contra Inc\u00eandios Envolvendo Equipamentos e Ve\u00edculos El\u00e9tricos\" ><img loading=\"lazy\" decoding=\"async\" class=\"entry-thumb\" src=\"data:image\/png;base64,iVBORw0KGgoAAAANSUhEUgAAAWQAAADcAQMAAAB9O0nPAAAAA1BMVEWurq51dlI4AAAAAXRSTlMmkutdmwAAACBJREFUaN7twTEBAAAAwiD7p7bDbmAAAAAAAAAAAABAdieIAAGQh2mWAAAAAElFTkSuQmCC\" alt=\"\" title=\"Seguran\u00e7a Contra Inc\u00eandios Envolvendo Equipamentos e Ve\u00edculos El\u00e9tricos\" data-type=\"image_tag\" data-img-url=\"https:\/\/www.institutodeengenharia.org.br\/site\/wp-content\/uploads\/2023\/09\/fire-engine-2678868_1280-356x220.jpg\"  width=\"356\" height=\"220\" \/><span class=\"td-video-play-ico\"><i class=\"td-icon-video-thumb-play\"><\/i><\/span><\/a><\/div>\r\n            <div class=\"td-module-meta-info\">\r\n                <h3 class=\"entry-title td-module-title\"><a href=\"https:\/\/www.institutodeengenharia.org.br\/site\/2023\/10\/27\/seguranca-contra-incendios-envolvendo-equipamentos-e-veiculos-eletricos\/\"  rel=\"bookmark\" title=\"Seguran\u00e7a Contra Inc\u00eandios Envolvendo Equipamentos e Ve\u00edculos El\u00e9tricos\">Seguran\u00e7a Contra Inc\u00eandios Envolvendo Equipamentos e Ve\u00edculos El\u00e9tricos<\/a><\/h3>                <div class=\"td-editor-date\">\r\n                                        <span class=\"td-author-date\">\r\n                                                <span class=\"td-post-date\"><time class=\"entry-date updated td-module-date\" datetime=\"2023-10-27T09:50:07-03:00\" >27\/10\/2023<\/time><\/span>                    <\/span>\r\n                <\/div>\r\n            <\/div>\r\n\r\n        <\/div>\r\n\r\n        \n\t<\/div> <!-- .\/td-block-span4 -->\n\n\t<div class=\"td-block-span4\">\n\r\n        <div class=\"td_module_mx1 td_module_wrap td-animation-stack\">\r\n            <div class=\"td-module-thumb\"><a href=\"https:\/\/www.institutodeengenharia.org.br\/site\/2023\/10\/25\/tratamento-quimico-da-agua-em-sistemas-de-ar-condicionado\/\"  rel=\"bookmark\" class=\"td-image-wrap \" title=\"Tratamento Qu\u00edmico da \u00c1gua em Sistemas de Ar Condicionado\" ><img loading=\"lazy\" decoding=\"async\" class=\"entry-thumb\" src=\"data:image\/png;base64,iVBORw0KGgoAAAANSUhEUgAAAWQAAADcAQMAAAB9O0nPAAAAA1BMVEWurq51dlI4AAAAAXRSTlMmkutdmwAAACBJREFUaN7twTEBAAAAwiD7p7bDbmAAAAAAAAAAAABAdieIAAGQh2mWAAAAAElFTkSuQmCC\" alt=\"\" title=\"Tratamento Qu\u00edmico da \u00c1gua em Sistemas de Ar Condicionado\" data-type=\"image_tag\" data-img-url=\"https:\/\/www.institutodeengenharia.org.br\/site\/wp-content\/uploads\/2023\/08\/Design-sem-nome-97-356x220.jpg\"  width=\"356\" height=\"220\" \/><span class=\"td-video-play-ico\"><i class=\"td-icon-video-thumb-play\"><\/i><\/span><\/a><\/div>\r\n            <div class=\"td-module-meta-info\">\r\n                <h3 class=\"entry-title td-module-title\"><a href=\"https:\/\/www.institutodeengenharia.org.br\/site\/2023\/10\/25\/tratamento-quimico-da-agua-em-sistemas-de-ar-condicionado\/\"  rel=\"bookmark\" title=\"Tratamento Qu\u00edmico da \u00c1gua em Sistemas de Ar Condicionado\">Tratamento Qu\u00edmico da \u00c1gua em Sistemas de Ar Condicionado<\/a><\/h3>                <div class=\"td-editor-date\">\r\n                                        <span class=\"td-author-date\">\r\n                                                <span class=\"td-post-date\"><time class=\"entry-date updated td-module-date\" datetime=\"2023-10-25T14:09:49-03:00\" >25\/10\/2023<\/time><\/span>                    <\/span>\r\n                <\/div>\r\n            <\/div>\r\n\r\n        <\/div>\r\n\r\n        \n\t<\/div> <!-- .\/td-block-span4 --><\/div><!--.\/row-fluid-->\n\n\t<div class=\"td-block-row\">\n\n\t<div class=\"td-block-span4\">\n\r\n        <div class=\"td_module_mx1 td_module_wrap td-animation-stack\">\r\n            <div class=\"td-module-thumb\"><a href=\"https:\/\/www.institutodeengenharia.org.br\/site\/2023\/10\/19\/titulo-eminente-engenheiro-do-ano-2023\/\"  rel=\"bookmark\" class=\"td-image-wrap \" title=\"T\u00edtulo Eminente Engenheiro do Ano 2023\" ><img loading=\"lazy\" decoding=\"async\" class=\"entry-thumb\" src=\"data:image\/png;base64,iVBORw0KGgoAAAANSUhEUgAAAWQAAADcAQMAAAB9O0nPAAAAA1BMVEWurq51dlI4AAAAAXRSTlMmkutdmwAAACBJREFUaN7twTEBAAAAwiD7p7bDbmAAAAAAAAAAAABAdieIAAGQh2mWAAAAAElFTkSuQmCC\" alt=\"\" title=\"T\u00edtulo Eminente Engenheiro do Ano 2023\" data-type=\"image_tag\" data-img-url=\"https:\/\/www.institutodeengenharia.org.br\/site\/wp-content\/uploads\/2023\/10\/SLJ_5635-356x220.jpg\"  width=\"356\" height=\"220\" \/><span class=\"td-video-play-ico\"><i class=\"td-icon-video-thumb-play\"><\/i><\/span><\/a><\/div>\r\n            <div class=\"td-module-meta-info\">\r\n                <h3 class=\"entry-title td-module-title\"><a href=\"https:\/\/www.institutodeengenharia.org.br\/site\/2023\/10\/19\/titulo-eminente-engenheiro-do-ano-2023\/\"  rel=\"bookmark\" title=\"T\u00edtulo Eminente Engenheiro do Ano 2023\">T\u00edtulo Eminente Engenheiro do Ano 2023<\/a><\/h3>                <div class=\"td-editor-date\">\r\n                                        <span class=\"td-author-date\">\r\n                                                <span class=\"td-post-date\"><time class=\"entry-date updated td-module-date\" datetime=\"2023-10-19T09:37:41-03:00\" >19\/10\/2023<\/time><\/span>                    <\/span>\r\n                <\/div>\r\n            <\/div>\r\n\r\n        <\/div>\r\n\r\n        \n\t<\/div> <!-- .\/td-block-span4 -->\n\n\t<div class=\"td-block-span4\">\n\r\n        <div class=\"td_module_mx1 td_module_wrap td-animation-stack\">\r\n            <div class=\"td-module-thumb\"><a href=\"https:\/\/www.institutodeengenharia.org.br\/site\/2023\/10\/05\/drone-aplicado-a-seguranca-do-trabalho\/\"  rel=\"bookmark\" class=\"td-image-wrap \" title=\"Drone Aplicado \u00e0 Seguran\u00e7a do Trabalho\" ><img loading=\"lazy\" decoding=\"async\" class=\"entry-thumb\" src=\"data:image\/png;base64,iVBORw0KGgoAAAANSUhEUgAAAWQAAADcAQMAAAB9O0nPAAAAA1BMVEWurq51dlI4AAAAAXRSTlMmkutdmwAAACBJREFUaN7twTEBAAAAwiD7p7bDbmAAAAAAAAAAAABAdieIAAGQh2mWAAAAAElFTkSuQmCC\" alt=\"\" title=\"Drone Aplicado \u00e0 Seguran\u00e7a do Trabalho\" data-type=\"image_tag\" data-img-url=\"https:\/\/www.institutodeengenharia.org.br\/site\/wp-content\/uploads\/2023\/09\/drones-1620464_1280-356x220.jpg\"  width=\"356\" height=\"220\" \/><span class=\"td-video-play-ico\"><i class=\"td-icon-video-thumb-play\"><\/i><\/span><\/a><\/div>\r\n            <div class=\"td-module-meta-info\">\r\n                <h3 class=\"entry-title td-module-title\"><a href=\"https:\/\/www.institutodeengenharia.org.br\/site\/2023\/10\/05\/drone-aplicado-a-seguranca-do-trabalho\/\"  rel=\"bookmark\" title=\"Drone Aplicado \u00e0 Seguran\u00e7a do Trabalho\">Drone Aplicado \u00e0 Seguran\u00e7a do Trabalho<\/a><\/h3>                <div class=\"td-editor-date\">\r\n                                        <span class=\"td-author-date\">\r\n                                                <span class=\"td-post-date\"><time class=\"entry-date updated td-module-date\" datetime=\"2023-10-05T14:33:46-03:00\" >05\/10\/2023<\/time><\/span>                    <\/span>\r\n                <\/div>\r\n            <\/div>\r\n\r\n        <\/div>\r\n\r\n        \n\t<\/div> <!-- .\/td-block-span4 -->\n\n\t<div class=\"td-block-span4\">\n\r\n        <div class=\"td_module_mx1 td_module_wrap td-animation-stack\">\r\n            <div class=\"td-module-thumb\"><a href=\"https:\/\/www.institutodeengenharia.org.br\/site\/2023\/10\/04\/plano-estadual-de-energia-2050-e-a-transicao-energetica\/\"  rel=\"bookmark\" class=\"td-image-wrap \" title=\"Plano estadual de energia 2050 e a transi\u00e7\u00e3o energ\u00e9tica\" ><img loading=\"lazy\" decoding=\"async\" class=\"entry-thumb\" src=\"data:image\/png;base64,iVBORw0KGgoAAAANSUhEUgAAAWQAAADcAQMAAAB9O0nPAAAAA1BMVEWurq51dlI4AAAAAXRSTlMmkutdmwAAACBJREFUaN7twTEBAAAAwiD7p7bDbmAAAAAAAAAAAABAdieIAAGQh2mWAAAAAElFTkSuQmCC\" alt=\"\" title=\"Plano estadual de energia 2050 e a transi\u00e7\u00e3o energ\u00e9tica\" data-type=\"image_tag\" data-img-url=\"https:\/\/www.institutodeengenharia.org.br\/site\/wp-content\/uploads\/2023\/08\/solar-g37beab253_1280-356x220.jpg\"  width=\"356\" height=\"220\" \/><span class=\"td-video-play-ico\"><i class=\"td-icon-video-thumb-play\"><\/i><\/span><\/a><\/div>\r\n            <div class=\"td-module-meta-info\">\r\n                <h3 class=\"entry-title td-module-title\"><a href=\"https:\/\/www.institutodeengenharia.org.br\/site\/2023\/10\/04\/plano-estadual-de-energia-2050-e-a-transicao-energetica\/\"  rel=\"bookmark\" title=\"Plano estadual de energia 2050 e a transi\u00e7\u00e3o energ\u00e9tica\">Plano estadual de energia 2050 e a transi\u00e7\u00e3o energ\u00e9tica<\/a><\/h3>                <div class=\"td-editor-date\">\r\n                                        <span class=\"td-author-date\">\r\n                                                <span class=\"td-post-date\"><time class=\"entry-date updated td-module-date\" datetime=\"2023-10-04T11:40:27-03:00\" >04\/10\/2023<\/time><\/span>                    <\/span>\r\n                <\/div>\r\n            <\/div>\r\n\r\n        <\/div>\r\n\r\n        \n\t<\/div> <!-- .\/td-block-span4 --><\/div><!--.\/row-fluid-->\n\n\t<div class=\"td-block-row\">\n\n\t<div class=\"td-block-span4\">\n\r\n        <div class=\"td_module_mx1 td_module_wrap td-animation-stack\">\r\n            <div class=\"td-module-thumb\"><a href=\"https:\/\/www.institutodeengenharia.org.br\/site\/2023\/10\/02\/seguranca-nas-vistorias-de-obras-e-em-pericias-de-engenharia-com-apresentacao-de-exemplos-praticos\/\"  rel=\"bookmark\" class=\"td-image-wrap \" title=\"Seguran\u00e7a nas Vistorias de Obras e em Per\u00edcias de Engenharia com Apresenta\u00e7\u00e3o de Exemplos Pr\u00e1ticos\" ><img loading=\"lazy\" decoding=\"async\" class=\"entry-thumb\" src=\"data:image\/png;base64,iVBORw0KGgoAAAANSUhEUgAAAWQAAADcAQMAAAB9O0nPAAAAA1BMVEWurq51dlI4AAAAAXRSTlMmkutdmwAAACBJREFUaN7twTEBAAAAwiD7p7bDbmAAAAAAAAAAAABAdieIAAGQh2mWAAAAAElFTkSuQmCC\" alt=\"\" title=\"Seguran\u00e7a nas Vistorias de Obras e em Per\u00edcias de Engenharia com Apresenta\u00e7\u00e3o de Exemplos Pr\u00e1ticos\" data-type=\"image_tag\" data-img-url=\"https:\/\/www.institutodeengenharia.org.br\/site\/wp-content\/uploads\/2023\/09\/palestram-356x220.png\"  width=\"356\" height=\"220\" \/><span class=\"td-video-play-ico\"><i class=\"td-icon-video-thumb-play\"><\/i><\/span><\/a><\/div>\r\n            <div class=\"td-module-meta-info\">\r\n                <h3 class=\"entry-title td-module-title\"><a href=\"https:\/\/www.institutodeengenharia.org.br\/site\/2023\/10\/02\/seguranca-nas-vistorias-de-obras-e-em-pericias-de-engenharia-com-apresentacao-de-exemplos-praticos\/\"  rel=\"bookmark\" title=\"Seguran\u00e7a nas Vistorias de Obras e em Per\u00edcias de Engenharia com Apresenta\u00e7\u00e3o de Exemplos Pr\u00e1ticos\">Seguran\u00e7a nas Vistorias de Obras e em Per\u00edcias de Engenharia com Apresenta\u00e7\u00e3o de Exemplos Pr\u00e1ticos<\/a><\/h3>                <div class=\"td-editor-date\">\r\n                                        <span class=\"td-author-date\">\r\n                                                <span class=\"td-post-date\"><time class=\"entry-date updated td-module-date\" datetime=\"2023-10-02T14:07:56-03:00\" >02\/10\/2023<\/time><\/span>                    <\/span>\r\n                <\/div>\r\n            <\/div>\r\n\r\n        <\/div>\r\n\r\n        \n\t<\/div> <!-- .\/td-block-span4 -->\n\n\t<div class=\"td-block-span4\">\n\r\n        <div class=\"td_module_mx1 td_module_wrap td-animation-stack\">\r\n            <div class=\"td-module-thumb\"><a href=\"https:\/\/www.institutodeengenharia.org.br\/site\/2023\/10\/02\/muros-de-contencao-em-solo-reforcado-com-geossinteticos\/\"  rel=\"bookmark\" class=\"td-image-wrap \" title=\"Muros de conten\u00e7\u00e3o em solo refor\u00e7ado com geossint\u00e9ticos\" ><img loading=\"lazy\" decoding=\"async\" class=\"entry-thumb\" src=\"data:image\/png;base64,iVBORw0KGgoAAAANSUhEUgAAAWQAAADcAQMAAAB9O0nPAAAAA1BMVEWurq51dlI4AAAAAXRSTlMmkutdmwAAACBJREFUaN7twTEBAAAAwiD7p7bDbmAAAAAAAAAAAABAdieIAAGQh2mWAAAAAElFTkSuQmCC\" alt=\"\" title=\"Muros de conten\u00e7\u00e3o em solo refor\u00e7ado com geossint\u00e9ticos\" data-type=\"image_tag\" data-img-url=\"https:\/\/www.institutodeengenharia.org.br\/site\/wp-content\/uploads\/2023\/08\/barrow-420728_1280-356x220.jpg\"  width=\"356\" height=\"220\" \/><span class=\"td-video-play-ico\"><i class=\"td-icon-video-thumb-play\"><\/i><\/span><\/a><\/div>\r\n            <div class=\"td-module-meta-info\">\r\n                <h3 class=\"entry-title td-module-title\"><a href=\"https:\/\/www.institutodeengenharia.org.br\/site\/2023\/10\/02\/muros-de-contencao-em-solo-reforcado-com-geossinteticos\/\"  rel=\"bookmark\" title=\"Muros de conten\u00e7\u00e3o em solo refor\u00e7ado com geossint\u00e9ticos\">Muros de conten\u00e7\u00e3o em solo refor\u00e7ado com geossint\u00e9ticos<\/a><\/h3>                <div class=\"td-editor-date\">\r\n                                        <span class=\"td-author-date\">\r\n                                                <span class=\"td-post-date\"><time class=\"entry-date updated td-module-date\" datetime=\"2023-10-02T11:36:18-03:00\" >02\/10\/2023<\/time><\/span>                    <\/span>\r\n                <\/div>\r\n            <\/div>\r\n\r\n        <\/div>\r\n\r\n        \n\t<\/div> <!-- .\/td-block-span4 -->\n\n\t<div class=\"td-block-span4\">\n\r\n        <div class=\"td_module_mx1 td_module_wrap td-animation-stack\">\r\n            <div class=\"td-module-thumb\"><a href=\"https:\/\/www.institutodeengenharia.org.br\/site\/2023\/09\/26\/a-industria-quimica-e-a-producao-limpa\/\"  rel=\"bookmark\" class=\"td-image-wrap \" title=\"A Ind\u00fastria Qu\u00edmica e a Produ\u00e7\u00e3o Limpa\" ><img loading=\"lazy\" decoding=\"async\" class=\"entry-thumb\" src=\"data:image\/png;base64,iVBORw0KGgoAAAANSUhEUgAAAWQAAADcAQMAAAB9O0nPAAAAA1BMVEWurq51dlI4AAAAAXRSTlMmkutdmwAAACBJREFUaN7twTEBAAAAwiD7p7bDbmAAAAAAAAAAAABAdieIAAGQh2mWAAAAAElFTkSuQmCC\" alt=\"\" title=\"A Ind\u00fastria Qu\u00edmica e a Produ\u00e7\u00e3o Limpa\" data-type=\"image_tag\" data-img-url=\"https:\/\/www.institutodeengenharia.org.br\/site\/wp-content\/uploads\/2023\/08\/Palestra-Quimica-356x220.jpg\"  width=\"356\" height=\"220\" \/><span class=\"td-video-play-ico\"><i class=\"td-icon-video-thumb-play\"><\/i><\/span><\/a><\/div>\r\n            <div class=\"td-module-meta-info\">\r\n                <h3 class=\"entry-title td-module-title\"><a href=\"https:\/\/www.institutodeengenharia.org.br\/site\/2023\/09\/26\/a-industria-quimica-e-a-producao-limpa\/\"  rel=\"bookmark\" title=\"A Ind\u00fastria Qu\u00edmica e a Produ\u00e7\u00e3o Limpa\">A Ind\u00fastria Qu\u00edmica e a Produ\u00e7\u00e3o Limpa<\/a><\/h3>                <div class=\"td-editor-date\">\r\n                                        <span class=\"td-author-date\">\r\n                                                <span class=\"td-post-date\"><time class=\"entry-date updated td-module-date\" datetime=\"2023-09-26T09:51:17-03:00\" >26\/09\/2023<\/time><\/span>                    <\/span>\r\n                <\/div>\r\n            <\/div>\r\n\r\n        <\/div>\r\n\r\n        \n\t<\/div> <!-- .\/td-block-span4 --><\/div><!--.\/row-fluid-->\n\n\t<div class=\"td-block-row\">\n\n\t<div class=\"td-block-span4\">\n\r\n        <div class=\"td_module_mx1 td_module_wrap td-animation-stack\">\r\n            <div class=\"td-module-thumb\"><a href=\"https:\/\/www.institutodeengenharia.org.br\/site\/2023\/09\/26\/a-evolucao-do-mercado-de-hidrogenio-verde-h2v-no-brasil\/\"  rel=\"bookmark\" class=\"td-image-wrap \" title=\"A Evolu\u00e7\u00e3o do Mercado de Hidrog\u00eanio Verde- H2V no Brasil\" ><img loading=\"lazy\" decoding=\"async\" class=\"entry-thumb\" src=\"data:image\/png;base64,iVBORw0KGgoAAAANSUhEUgAAAWQAAADcAQMAAAB9O0nPAAAAA1BMVEWurq51dlI4AAAAAXRSTlMmkutdmwAAACBJREFUaN7twTEBAAAAwiD7p7bDbmAAAAAAAAAAAABAdieIAAGQh2mWAAAAAElFTkSuQmCC\" alt=\"\" title=\"A Evolu\u00e7\u00e3o do Mercado de Hidrog\u00eanio Verde- H2V no Brasil\" data-type=\"image_tag\" data-img-url=\"https:\/\/www.institutodeengenharia.org.br\/site\/wp-content\/uploads\/2023\/07\/FOTO-Divulgacao-EDP-356x220.jpg\"  width=\"356\" height=\"220\" \/><span class=\"td-video-play-ico\"><i class=\"td-icon-video-thumb-play\"><\/i><\/span><\/a><\/div>\r\n            <div class=\"td-module-meta-info\">\r\n                <h3 class=\"entry-title td-module-title\"><a href=\"https:\/\/www.institutodeengenharia.org.br\/site\/2023\/09\/26\/a-evolucao-do-mercado-de-hidrogenio-verde-h2v-no-brasil\/\"  rel=\"bookmark\" title=\"A Evolu\u00e7\u00e3o do Mercado de Hidrog\u00eanio Verde- H2V no Brasil\">A Evolu\u00e7\u00e3o do Mercado de Hidrog\u00eanio Verde- H2V no Brasil<\/a><\/h3>                <div class=\"td-editor-date\">\r\n                                        <span class=\"td-author-date\">\r\n                                                <span class=\"td-post-date\"><time class=\"entry-date updated td-module-date\" datetime=\"2023-09-26T08:58:17-03:00\" >26\/09\/2023<\/time><\/span>                    <\/span>\r\n                <\/div>\r\n            <\/div>\r\n\r\n        <\/div>\r\n\r\n        \n\t<\/div> <!-- .\/td-block-span4 -->\n\n\t<div class=\"td-block-span4\">\n\r\n        <div class=\"td_module_mx1 td_module_wrap td-animation-stack\">\r\n            <div class=\"td-module-thumb\"><a href=\"https:\/\/www.institutodeengenharia.org.br\/site\/2023\/09\/22\/as-vantagens-da-hidrodemolicao-para-manutencao-de-estruturas-de-concreto-e-a-revolucao-no-acesso-de-oaes-web-prinerdeck\/\"  rel=\"bookmark\" class=\"td-image-wrap \" title=\"As vantagens da hidrodemoli\u00e7\u00e3o para manuten\u00e7\u00e3o de estruturas de concreto e a revolu\u00e7\u00e3o no acesso de OAEs &#8211; Web PrinerDeck\" ><img loading=\"lazy\" decoding=\"async\" class=\"entry-thumb\" src=\"data:image\/png;base64,iVBORw0KGgoAAAANSUhEUgAAAWQAAADcAQMAAAB9O0nPAAAAA1BMVEWurq51dlI4AAAAAXRSTlMmkutdmwAAACBJREFUaN7twTEBAAAAwiD7p7bDbmAAAAAAAAAAAABAdieIAAGQh2mWAAAAAElFTkSuQmCC\" alt=\"\" title=\"As vantagens da hidrodemoli\u00e7\u00e3o para manuten\u00e7\u00e3o de estruturas de concreto e a revolu\u00e7\u00e3o no acesso de OAEs &#8211; Web PrinerDeck\" data-type=\"image_tag\" data-img-url=\"https:\/\/www.institutodeengenharia.org.br\/site\/wp-content\/uploads\/2023\/08\/WhatsApp-Image-2023-08-16-at-13.52.08-356x220.jpeg\"  width=\"356\" height=\"220\" \/><span class=\"td-video-play-ico\"><i class=\"td-icon-video-thumb-play\"><\/i><\/span><\/a><\/div>\r\n            <div class=\"td-module-meta-info\">\r\n                <h3 class=\"entry-title td-module-title\"><a href=\"https:\/\/www.institutodeengenharia.org.br\/site\/2023\/09\/22\/as-vantagens-da-hidrodemolicao-para-manutencao-de-estruturas-de-concreto-e-a-revolucao-no-acesso-de-oaes-web-prinerdeck\/\"  rel=\"bookmark\" title=\"As vantagens da hidrodemoli\u00e7\u00e3o para manuten\u00e7\u00e3o de estruturas de concreto e a revolu\u00e7\u00e3o no acesso de OAEs &#8211; Web PrinerDeck\">As vantagens da hidrodemoli\u00e7\u00e3o para manuten\u00e7\u00e3o de estruturas de concreto e a revolu\u00e7\u00e3o no acesso de OAEs &#8211; Web PrinerDeck<\/a><\/h3>                <div class=\"td-editor-date\">\r\n                                        <span class=\"td-author-date\">\r\n                                                <span class=\"td-post-date\"><time class=\"entry-date updated td-module-date\" datetime=\"2023-09-22T14:04:47-03:00\" >22\/09\/2023<\/time><\/span>                    <\/span>\r\n                <\/div>\r\n            <\/div>\r\n\r\n        <\/div>\r\n\r\n        \n\t<\/div> <!-- .\/td-block-span4 -->\n\n\t<div class=\"td-block-span4\">\n\r\n        <div class=\"td_module_mx1 td_module_wrap td-animation-stack\">\r\n            <div class=\"td-module-thumb\"><a href=\"https:\/\/www.institutodeengenharia.org.br\/site\/2023\/09\/21\/as-casas-ficam-doentes\/\"  rel=\"bookmark\" class=\"td-image-wrap \" title=\"As Casas Ficam Doentes?\" ><img loading=\"lazy\" decoding=\"async\" class=\"entry-thumb\" src=\"data:image\/png;base64,iVBORw0KGgoAAAANSUhEUgAAAWQAAADcAQMAAAB9O0nPAAAAA1BMVEWurq51dlI4AAAAAXRSTlMmkutdmwAAACBJREFUaN7twTEBAAAAwiD7p7bDbmAAAAAAAAAAAABAdieIAAGQh2mWAAAAAElFTkSuQmCC\" alt=\"\" title=\"As Casas Ficam Doentes?\" data-type=\"image_tag\" data-img-url=\"https:\/\/www.institutodeengenharia.org.br\/site\/wp-content\/uploads\/2023\/08\/architect-7206310_1280-356x220.jpg\"  width=\"356\" height=\"220\" \/><span class=\"td-video-play-ico\"><i class=\"td-icon-video-thumb-play\"><\/i><\/span><\/a><\/div>\r\n            <div class=\"td-module-meta-info\">\r\n                <h3 class=\"entry-title td-module-title\"><a href=\"https:\/\/www.institutodeengenharia.org.br\/site\/2023\/09\/21\/as-casas-ficam-doentes\/\"  rel=\"bookmark\" title=\"As Casas Ficam Doentes?\">As Casas Ficam Doentes?<\/a><\/h3>                <div class=\"td-editor-date\">\r\n                                        <span class=\"td-author-date\">\r\n                                                <span class=\"td-post-date\"><time class=\"entry-date updated td-module-date\" datetime=\"2023-09-21T13:44:47-03:00\" >21\/09\/2023<\/time><\/span>                    <\/span>\r\n                <\/div>\r\n            <\/div>\r\n\r\n        <\/div>\r\n\r\n        \n\t<\/div> <!-- .\/td-block-span4 --><\/div><!--.\/row-fluid-->\n\n\t<div class=\"td-block-row\">\n\n\t<div class=\"td-block-span4\">\n\r\n        <div class=\"td_module_mx1 td_module_wrap td-animation-stack\">\r\n            <div class=\"td-module-thumb\"><a href=\"https:\/\/www.institutodeengenharia.org.br\/site\/2023\/09\/12\/qualidade-do-ar-interno\/\"  rel=\"bookmark\" class=\"td-image-wrap \" title=\"Qualidade do ar interno\" ><img loading=\"lazy\" decoding=\"async\" class=\"entry-thumb\" src=\"data:image\/png;base64,iVBORw0KGgoAAAANSUhEUgAAAWQAAADcAQMAAAB9O0nPAAAAA1BMVEWurq51dlI4AAAAAXRSTlMmkutdmwAAACBJREFUaN7twTEBAAAAwiD7p7bDbmAAAAAAAAAAAABAdieIAAGQh2mWAAAAAElFTkSuQmCC\" alt=\"\" title=\"Qualidade do ar interno\" data-type=\"image_tag\" data-img-url=\"https:\/\/www.institutodeengenharia.org.br\/site\/wp-content\/uploads\/2023\/08\/air-conditioner-4204637_1280-1-356x220.jpg\"  width=\"356\" height=\"220\" \/><span class=\"td-video-play-ico\"><i class=\"td-icon-video-thumb-play\"><\/i><\/span><\/a><\/div>\r\n            <div class=\"td-module-meta-info\">\r\n                <h3 class=\"entry-title td-module-title\"><a href=\"https:\/\/www.institutodeengenharia.org.br\/site\/2023\/09\/12\/qualidade-do-ar-interno\/\"  rel=\"bookmark\" title=\"Qualidade do ar interno\">Qualidade do ar interno<\/a><\/h3>                <div class=\"td-editor-date\">\r\n                                        <span class=\"td-author-date\">\r\n                                                <span class=\"td-post-date\"><time class=\"entry-date updated td-module-date\" datetime=\"2023-09-12T13:44:10-03:00\" >12\/09\/2023<\/time><\/span>                    <\/span>\r\n                <\/div>\r\n            <\/div>\r\n\r\n        <\/div>\r\n\r\n        \n\t<\/div> <!-- .\/td-block-span4 -->\n\n\t<div class=\"td-block-span4\">\n\r\n        <div class=\"td_module_mx1 td_module_wrap td-animation-stack\">\r\n            <div class=\"td-module-thumb\"><a href=\"https:\/\/www.institutodeengenharia.org.br\/site\/2023\/09\/06\/mobilidade-aerea-urbana-aspectos-operacionais-e-empresariais\/\"  rel=\"bookmark\" class=\"td-image-wrap \" title=\"Mobilidade A\u00e9rea Urbana Aspectos Operacionais e Empresariais\" ><img loading=\"lazy\" decoding=\"async\" class=\"entry-thumb\" src=\"data:image\/png;base64,iVBORw0KGgoAAAANSUhEUgAAAWQAAADcAQMAAAB9O0nPAAAAA1BMVEWurq51dlI4AAAAAXRSTlMmkutdmwAAACBJREFUaN7twTEBAAAAwiD7p7bDbmAAAAAAAAAAAABAdieIAAGQh2mWAAAAAElFTkSuQmCC\" alt=\"\" title=\"Mobilidade A\u00e9rea Urbana Aspectos Operacionais e Empresariais\" data-type=\"image_tag\" data-img-url=\"https:\/\/www.institutodeengenharia.org.br\/site\/wp-content\/uploads\/2023\/08\/airplanes-7826815_1280-356x220.jpg\"  width=\"356\" height=\"220\" \/><span class=\"td-video-play-ico\"><i class=\"td-icon-video-thumb-play\"><\/i><\/span><\/a><\/div>\r\n            <div class=\"td-module-meta-info\">\r\n                <h3 class=\"entry-title td-module-title\"><a href=\"https:\/\/www.institutodeengenharia.org.br\/site\/2023\/09\/06\/mobilidade-aerea-urbana-aspectos-operacionais-e-empresariais\/\"  rel=\"bookmark\" title=\"Mobilidade A\u00e9rea Urbana Aspectos Operacionais e Empresariais\">Mobilidade A\u00e9rea Urbana Aspectos Operacionais e Empresariais<\/a><\/h3>                <div class=\"td-editor-date\">\r\n                                        <span class=\"td-author-date\">\r\n                                                <span class=\"td-post-date\"><time class=\"entry-date updated td-module-date\" datetime=\"2023-09-06T14:56:21-03:00\" >06\/09\/2023<\/time><\/span>                    <\/span>\r\n                <\/div>\r\n            <\/div>\r\n\r\n        <\/div>\r\n\r\n        \n\t<\/div> <!-- .\/td-block-span4 -->\n\n\t<div class=\"td-block-span4\">\n\r\n        <div class=\"td_module_mx1 td_module_wrap td-animation-stack\">\r\n            <div class=\"td-module-thumb\"><a href=\"https:\/\/www.institutodeengenharia.org.br\/site\/2023\/08\/29\/utilizacao-de-inibidores-de-corrosao-em-estruturas-de-concreto-armado-conceitos-e-estudos-de-caso\/\"  rel=\"bookmark\" class=\"td-image-wrap \" title=\"Utiliza\u00e7\u00e3o de inibidores de corros\u00e3o em estruturas de concreto armado: Conceitos e estudos de caso\" ><img loading=\"lazy\" decoding=\"async\" class=\"entry-thumb\" src=\"data:image\/png;base64,iVBORw0KGgoAAAANSUhEUgAAAWQAAADcAQMAAAB9O0nPAAAAA1BMVEWurq51dlI4AAAAAXRSTlMmkutdmwAAACBJREFUaN7twTEBAAAAwiD7p7bDbmAAAAAAAAAAAABAdieIAAGQh2mWAAAAAElFTkSuQmCC\" alt=\"\" title=\"Utiliza\u00e7\u00e3o de inibidores de corros\u00e3o em estruturas de concreto armado: Conceitos e estudos de caso\" data-type=\"image_tag\" data-img-url=\"https:\/\/www.institutodeengenharia.org.br\/site\/wp-content\/uploads\/2023\/06\/Design-sem-nome-90-356x220.jpg\"  width=\"356\" height=\"220\" \/><span class=\"td-video-play-ico\"><i class=\"td-icon-video-thumb-play\"><\/i><\/span><\/a><\/div>\r\n            <div class=\"td-module-meta-info\">\r\n                <h3 class=\"entry-title td-module-title\"><a href=\"https:\/\/www.institutodeengenharia.org.br\/site\/2023\/08\/29\/utilizacao-de-inibidores-de-corrosao-em-estruturas-de-concreto-armado-conceitos-e-estudos-de-caso\/\"  rel=\"bookmark\" title=\"Utiliza\u00e7\u00e3o de inibidores de corros\u00e3o em estruturas de concreto armado: Conceitos e estudos de caso\">Utiliza\u00e7\u00e3o de inibidores de corros\u00e3o em estruturas de concreto armado: Conceitos e estudos de caso<\/a><\/h3>                <div class=\"td-editor-date\">\r\n                                        <span class=\"td-author-date\">\r\n                                                <span class=\"td-post-date\"><time class=\"entry-date updated td-module-date\" datetime=\"2023-08-29T13:48:24-03:00\" >29\/08\/2023<\/time><\/span>                    <\/span>\r\n                <\/div>\r\n            <\/div>\r\n\r\n        <\/div>\r\n\r\n        \n\t<\/div> <!-- .\/td-block-span4 --><\/div><!--.\/row-fluid-->\n\n\t<div class=\"td-block-row\">\n\n\t<div class=\"td-block-span4\">\n\r\n        <div class=\"td_module_mx1 td_module_wrap td-animation-stack\">\r\n            <div class=\"td-module-thumb\"><a href=\"https:\/\/www.institutodeengenharia.org.br\/site\/2023\/08\/28\/a-vida-democratica-no-espaco-publico-da-cidade\/\"  rel=\"bookmark\" class=\"td-image-wrap \" title=\"A vida democr\u00e1tica no espa\u00e7o p\u00fablico da cidade\" ><img loading=\"lazy\" decoding=\"async\" class=\"entry-thumb\" src=\"data:image\/png;base64,iVBORw0KGgoAAAANSUhEUgAAAWQAAADcAQMAAAB9O0nPAAAAA1BMVEWurq51dlI4AAAAAXRSTlMmkutdmwAAACBJREFUaN7twTEBAAAAwiD7p7bDbmAAAAAAAAAAAABAdieIAAGQh2mWAAAAAElFTkSuQmCC\" alt=\"\" title=\"A vida democr\u00e1tica no espa\u00e7o p\u00fablico da cidade\" data-type=\"image_tag\" data-img-url=\"https:\/\/www.institutodeengenharia.org.br\/site\/wp-content\/uploads\/2023\/07\/architecture-g1859f4f7b_1280-356x220.jpg\"  width=\"356\" height=\"220\" \/><span class=\"td-video-play-ico\"><i class=\"td-icon-video-thumb-play\"><\/i><\/span><\/a><\/div>\r\n            <div class=\"td-module-meta-info\">\r\n                <h3 class=\"entry-title td-module-title\"><a href=\"https:\/\/www.institutodeengenharia.org.br\/site\/2023\/08\/28\/a-vida-democratica-no-espaco-publico-da-cidade\/\"  rel=\"bookmark\" title=\"A vida democr\u00e1tica no espa\u00e7o p\u00fablico da cidade\">A vida democr\u00e1tica no espa\u00e7o p\u00fablico da cidade<\/a><\/h3>                <div class=\"td-editor-date\">\r\n                                        <span class=\"td-author-date\">\r\n                                                <span class=\"td-post-date\"><time class=\"entry-date updated td-module-date\" datetime=\"2023-08-28T13:53:35-03:00\" >28\/08\/2023<\/time><\/span>                    <\/span>\r\n                <\/div>\r\n            <\/div>\r\n\r\n        <\/div>\r\n\r\n        \n\t<\/div> <!-- .\/td-block-span4 -->\n\n\t<div class=\"td-block-span4\">\n\r\n        <div class=\"td_module_mx1 td_module_wrap td-animation-stack\">\r\n            <div class=\"td-module-thumb\"><a href=\"https:\/\/www.institutodeengenharia.org.br\/site\/2023\/08\/28\/pavimentacao\/\"  rel=\"bookmark\" class=\"td-image-wrap \" title=\"Pavimenta\u00e7\u00e3o\" ><img loading=\"lazy\" decoding=\"async\" class=\"entry-thumb\" src=\"data:image\/png;base64,iVBORw0KGgoAAAANSUhEUgAAAWQAAADcAQMAAAB9O0nPAAAAA1BMVEWurq51dlI4AAAAAXRSTlMmkutdmwAAACBJREFUaN7twTEBAAAAwiD7p7bDbmAAAAAAAAAAAABAdieIAAGQh2mWAAAAAElFTkSuQmCC\" alt=\"\" title=\"Pavimenta\u00e7\u00e3o\" data-type=\"image_tag\" data-img-url=\"https:\/\/www.institutodeengenharia.org.br\/site\/wp-content\/uploads\/2023\/07\/PHOTO-2023-07-28-07-45-55-356x220.jpg\"  width=\"356\" height=\"220\" \/><span class=\"td-video-play-ico\"><i class=\"td-icon-video-thumb-play\"><\/i><\/span><\/a><\/div>\r\n            <div class=\"td-module-meta-info\">\r\n                <h3 class=\"entry-title td-module-title\"><a href=\"https:\/\/www.institutodeengenharia.org.br\/site\/2023\/08\/28\/pavimentacao\/\"  rel=\"bookmark\" title=\"Pavimenta\u00e7\u00e3o\">Pavimenta\u00e7\u00e3o<\/a><\/h3>                <div class=\"td-editor-date\">\r\n                                        <span class=\"td-author-date\">\r\n                                                <span class=\"td-post-date\"><time class=\"entry-date updated td-module-date\" datetime=\"2023-08-28T13:50:01-03:00\" >28\/08\/2023<\/time><\/span>                    <\/span>\r\n                <\/div>\r\n            <\/div>\r\n\r\n        <\/div>\r\n\r\n        \n\t<\/div> <!-- .\/td-block-span4 -->\n\n\t<div class=\"td-block-span4\">\n\r\n        <div class=\"td_module_mx1 td_module_wrap td-animation-stack\">\r\n            <div class=\"td-module-thumb\"><a href=\"https:\/\/www.institutodeengenharia.org.br\/site\/2023\/08\/16\/importancia-da-percepcao-de-risco-nos-programas-de-gerenciamento-de-riscos\/\"  rel=\"bookmark\" class=\"td-image-wrap \" title=\"Import\u00e2ncia da percep\u00e7\u00e3o de risco nos programas de gerenciamento de riscos\" ><img loading=\"lazy\" decoding=\"async\" class=\"entry-thumb\" src=\"data:image\/png;base64,iVBORw0KGgoAAAANSUhEUgAAAWQAAADcAQMAAAB9O0nPAAAAA1BMVEWurq51dlI4AAAAAXRSTlMmkutdmwAAACBJREFUaN7twTEBAAAAwiD7p7bDbmAAAAAAAAAAAABAdieIAAGQh2mWAAAAAElFTkSuQmCC\" alt=\"\" title=\"Import\u00e2ncia da percep\u00e7\u00e3o de risco nos programas de gerenciamento de riscos\" data-type=\"image_tag\" data-img-url=\"https:\/\/www.institutodeengenharia.org.br\/site\/wp-content\/uploads\/2023\/06\/construction-g66e3d7696_640-356x220.jpg\"  width=\"356\" height=\"220\" \/><span class=\"td-video-play-ico\"><i class=\"td-icon-video-thumb-play\"><\/i><\/span><\/a><\/div>\r\n            <div class=\"td-module-meta-info\">\r\n                <h3 class=\"entry-title td-module-title\"><a href=\"https:\/\/www.institutodeengenharia.org.br\/site\/2023\/08\/16\/importancia-da-percepcao-de-risco-nos-programas-de-gerenciamento-de-riscos\/\"  rel=\"bookmark\" title=\"Import\u00e2ncia da percep\u00e7\u00e3o de risco nos programas de gerenciamento de riscos\">Import\u00e2ncia da percep\u00e7\u00e3o de risco nos programas de gerenciamento de riscos<\/a><\/h3>                <div class=\"td-editor-date\">\r\n                                        <span class=\"td-author-date\">\r\n                                                <span class=\"td-post-date\"><time class=\"entry-date updated td-module-date\" datetime=\"2023-08-16T09:48:41-03:00\" >16\/08\/2023<\/time><\/span>                    <\/span>\r\n                <\/div>\r\n            <\/div>\r\n\r\n        <\/div>\r\n\r\n        \n\t<\/div> <!-- .\/td-block-span4 --><\/div><!--.\/row-fluid-->\n\n\t<div class=\"td-block-row\">\n\n\t<div class=\"td-block-span4\">\n\r\n        <div class=\"td_module_mx1 td_module_wrap td-animation-stack\">\r\n            <div class=\"td-module-thumb\"><a href=\"https:\/\/www.institutodeengenharia.org.br\/site\/2023\/08\/14\/tipos-de-sistemas-em-ar-condicionado\/\"  rel=\"bookmark\" class=\"td-image-wrap \" title=\"Tipos de Sistemas em Ar Condicionado\" ><img loading=\"lazy\" decoding=\"async\" class=\"entry-thumb\" src=\"data:image\/png;base64,iVBORw0KGgoAAAANSUhEUgAAAWQAAADcAQMAAAB9O0nPAAAAA1BMVEWurq51dlI4AAAAAXRSTlMmkutdmwAAACBJREFUaN7twTEBAAAAwiD7p7bDbmAAAAAAAAAAAABAdieIAAGQh2mWAAAAAElFTkSuQmCC\" alt=\"\" title=\"Tipos de Sistemas em Ar Condicionado\" data-type=\"image_tag\" data-img-url=\"https:\/\/www.institutodeengenharia.org.br\/site\/wp-content\/uploads\/2023\/07\/ai-generated-gbb7aad244_1280-356x220.jpg\"  width=\"356\" height=\"220\" \/><span class=\"td-video-play-ico\"><i class=\"td-icon-video-thumb-play\"><\/i><\/span><\/a><\/div>\r\n            <div class=\"td-module-meta-info\">\r\n                <h3 class=\"entry-title td-module-title\"><a href=\"https:\/\/www.institutodeengenharia.org.br\/site\/2023\/08\/14\/tipos-de-sistemas-em-ar-condicionado\/\"  rel=\"bookmark\" title=\"Tipos de Sistemas em Ar Condicionado\">Tipos de Sistemas em Ar Condicionado<\/a><\/h3>                <div class=\"td-editor-date\">\r\n                                        <span class=\"td-author-date\">\r\n                                                <span class=\"td-post-date\"><time class=\"entry-date updated td-module-date\" datetime=\"2023-08-14T16:37:01-03:00\" >14\/08\/2023<\/time><\/span>                    <\/span>\r\n                <\/div>\r\n            <\/div>\r\n\r\n        <\/div>\r\n\r\n        \n\t<\/div> <!-- .\/td-block-span4 -->\n\n\t<div class=\"td-block-span4\">\n\r\n        <div class=\"td_module_mx1 td_module_wrap td-animation-stack\">\r\n            <div class=\"td-module-thumb\"><a href=\"https:\/\/www.institutodeengenharia.org.br\/site\/2023\/08\/09\/manutencao-de-oaes-administradas-pelo-grupo-ccr\/\"  rel=\"bookmark\" class=\"td-image-wrap \" title=\"Manuten\u00e7\u00e3o de OAEs Administradas pelo Grupo CCR\" ><img loading=\"lazy\" decoding=\"async\" class=\"entry-thumb\" src=\"data:image\/png;base64,iVBORw0KGgoAAAANSUhEUgAAAWQAAADcAQMAAAB9O0nPAAAAA1BMVEWurq51dlI4AAAAAXRSTlMmkutdmwAAACBJREFUaN7twTEBAAAAwiD7p7bDbmAAAAAAAAAAAABAdieIAAGQh2mWAAAAAElFTkSuQmCC\" alt=\"\" title=\"Manuten\u00e7\u00e3o de OAEs Administradas pelo Grupo CCR\" data-type=\"image_tag\" data-img-url=\"https:\/\/www.institutodeengenharia.org.br\/site\/wp-content\/uploads\/2023\/06\/MicrosoftTeams-image-261-356x220.jpg\"  width=\"356\" height=\"220\" \/><span class=\"td-video-play-ico\"><i class=\"td-icon-video-thumb-play\"><\/i><\/span><\/a><\/div>\r\n            <div class=\"td-module-meta-info\">\r\n                <h3 class=\"entry-title td-module-title\"><a href=\"https:\/\/www.institutodeengenharia.org.br\/site\/2023\/08\/09\/manutencao-de-oaes-administradas-pelo-grupo-ccr\/\"  rel=\"bookmark\" title=\"Manuten\u00e7\u00e3o de OAEs Administradas pelo Grupo CCR\">Manuten\u00e7\u00e3o de OAEs Administradas pelo Grupo CCR<\/a><\/h3>                <div class=\"td-editor-date\">\r\n                                        <span class=\"td-author-date\">\r\n                                                <span class=\"td-post-date\"><time class=\"entry-date updated td-module-date\" datetime=\"2023-08-09T10:30:11-03:00\" >09\/08\/2023<\/time><\/span>                    <\/span>\r\n                <\/div>\r\n            <\/div>\r\n\r\n        <\/div>\r\n\r\n        \n\t<\/div> <!-- .\/td-block-span4 -->\n\n\t<div class=\"td-block-span4\">\n\r\n        <div class=\"td_module_mx1 td_module_wrap td-animation-stack\">\r\n            <div class=\"td-module-thumb\"><a href=\"https:\/\/www.institutodeengenharia.org.br\/site\/2023\/08\/07\/aplicacoes-praticas-dos-ensaios-dmt-e-cptu\/\"  rel=\"bookmark\" class=\"td-image-wrap \" title=\"Aplica\u00e7\u00f5es Pr\u00e1ticas dos Ensaios DMT e CPTU\" ><img loading=\"lazy\" decoding=\"async\" class=\"entry-thumb\" src=\"data:image\/png;base64,iVBORw0KGgoAAAANSUhEUgAAAWQAAADcAQMAAAB9O0nPAAAAA1BMVEWurq51dlI4AAAAAXRSTlMmkutdmwAAACBJREFUaN7twTEBAAAAwiD7p7bDbmAAAAAAAAAAAABAdieIAAGQh2mWAAAAAElFTkSuQmCC\" alt=\"\" title=\"Aplica\u00e7\u00f5es Pr\u00e1ticas dos Ensaios DMT e CPTU\" data-type=\"image_tag\" data-img-url=\"https:\/\/www.institutodeengenharia.org.br\/site\/wp-content\/uploads\/2023\/05\/MicrosoftTeams-image-207-356x220.jpg\"  width=\"356\" height=\"220\" \/><span class=\"td-video-play-ico\"><i class=\"td-icon-video-thumb-play\"><\/i><\/span><\/a><\/div>\r\n            <div class=\"td-module-meta-info\">\r\n                <h3 class=\"entry-title td-module-title\"><a href=\"https:\/\/www.institutodeengenharia.org.br\/site\/2023\/08\/07\/aplicacoes-praticas-dos-ensaios-dmt-e-cptu\/\"  rel=\"bookmark\" title=\"Aplica\u00e7\u00f5es Pr\u00e1ticas dos Ensaios DMT e CPTU\">Aplica\u00e7\u00f5es Pr\u00e1ticas dos Ensaios DMT e CPTU<\/a><\/h3>                <div class=\"td-editor-date\">\r\n                                        <span class=\"td-author-date\">\r\n                                                <span class=\"td-post-date\"><time class=\"entry-date updated td-module-date\" datetime=\"2023-08-07T11:02:29-03:00\" >07\/08\/2023<\/time><\/span>                    <\/span>\r\n                <\/div>\r\n            <\/div>\r\n\r\n        <\/div>\r\n\r\n        \n\t<\/div> <!-- .\/td-block-span4 --><\/div><!--.\/row-fluid-->\n\n\t<div class=\"td-block-row\">\n\n\t<div class=\"td-block-span4\">\n\r\n        <div class=\"td_module_mx1 td_module_wrap td-animation-stack\">\r\n            <div class=\"td-module-thumb\"><a href=\"https:\/\/www.institutodeengenharia.org.br\/site\/2023\/08\/07\/usinas-fotovoltaicas-parque-solar-fazenda-solar\/\"  rel=\"bookmark\" class=\"td-image-wrap \" title=\"Usinas fotovoltaicas \/ Parque solar \/ Fazenda solar\" ><img loading=\"lazy\" decoding=\"async\" class=\"entry-thumb\" src=\"data:image\/png;base64,iVBORw0KGgoAAAANSUhEUgAAAWQAAADcAQMAAAB9O0nPAAAAA1BMVEWurq51dlI4AAAAAXRSTlMmkutdmwAAACBJREFUaN7twTEBAAAAwiD7p7bDbmAAAAAAAAAAAABAdieIAAGQh2mWAAAAAElFTkSuQmCC\" alt=\"\" title=\"Usinas fotovoltaicas \/ Parque solar \/ Fazenda solar\" data-type=\"image_tag\" data-img-url=\"https:\/\/www.institutodeengenharia.org.br\/site\/wp-content\/uploads\/2023\/05\/solar-g3560c1dc1_1920-1-356x220.jpg\"  width=\"356\" height=\"220\" \/><span class=\"td-video-play-ico\"><i class=\"td-icon-video-thumb-play\"><\/i><\/span><\/a><\/div>\r\n            <div class=\"td-module-meta-info\">\r\n                <h3 class=\"entry-title td-module-title\"><a href=\"https:\/\/www.institutodeengenharia.org.br\/site\/2023\/08\/07\/usinas-fotovoltaicas-parque-solar-fazenda-solar\/\"  rel=\"bookmark\" title=\"Usinas fotovoltaicas \/ Parque solar \/ Fazenda solar\">Usinas fotovoltaicas \/ Parque solar \/ Fazenda solar<\/a><\/h3>                <div class=\"td-editor-date\">\r\n                                        <span class=\"td-author-date\">\r\n                                                <span class=\"td-post-date\"><time class=\"entry-date updated td-module-date\" datetime=\"2023-08-07T10:59:26-03:00\" >07\/08\/2023<\/time><\/span>                    <\/span>\r\n                <\/div>\r\n            <\/div>\r\n\r\n        <\/div>\r\n\r\n        \n\t<\/div> <!-- .\/td-block-span4 -->\n\n\t<div class=\"td-block-span4\">\n\r\n        <div class=\"td_module_mx1 td_module_wrap td-animation-stack\">\r\n            <div class=\"td-module-thumb\"><a href=\"https:\/\/www.institutodeengenharia.org.br\/site\/2023\/08\/07\/interoperabilidade-sobre-trilhos\/\"  rel=\"bookmark\" class=\"td-image-wrap \" title=\"Interoperabilidade sobre Trilhos\" ><img loading=\"lazy\" decoding=\"async\" class=\"entry-thumb\" src=\"data:image\/png;base64,iVBORw0KGgoAAAANSUhEUgAAAWQAAADcAQMAAAB9O0nPAAAAA1BMVEWurq51dlI4AAAAAXRSTlMmkutdmwAAACBJREFUaN7twTEBAAAAwiD7p7bDbmAAAAAAAAAAAABAdieIAAGQh2mWAAAAAElFTkSuQmCC\" alt=\"\" title=\"Interoperabilidade sobre Trilhos\" data-type=\"image_tag\" data-img-url=\"https:\/\/www.institutodeengenharia.org.br\/site\/wp-content\/uploads\/2023\/08\/MicrosoftTeams-image-4-1-356x220.jpg\"  width=\"356\" height=\"220\" \/><span class=\"td-video-play-ico\"><i class=\"td-icon-video-thumb-play\"><\/i><\/span><\/a><\/div>\r\n            <div class=\"td-module-meta-info\">\r\n                <h3 class=\"entry-title td-module-title\"><a href=\"https:\/\/www.institutodeengenharia.org.br\/site\/2023\/08\/07\/interoperabilidade-sobre-trilhos\/\"  rel=\"bookmark\" title=\"Interoperabilidade sobre Trilhos\">Interoperabilidade sobre Trilhos<\/a><\/h3>                <div class=\"td-editor-date\">\r\n                                        <span class=\"td-author-date\">\r\n                                                <span class=\"td-post-date\"><time class=\"entry-date updated td-module-date\" datetime=\"2023-08-07T09:05:40-03:00\" >07\/08\/2023<\/time><\/span>                    <\/span>\r\n                <\/div>\r\n            <\/div>\r\n\r\n        <\/div>\r\n\r\n        \n\t<\/div> <!-- .\/td-block-span4 -->\n\n\t<div class=\"td-block-span4\">\n\r\n        <div class=\"td_module_mx1 td_module_wrap td-animation-stack\">\r\n            <div class=\"td-module-thumb\"><a href=\"https:\/\/www.institutodeengenharia.org.br\/site\/2023\/07\/26\/projetos-de-transformacao-urbana-com-interacao-de-projetos-estruturais\/\"  rel=\"bookmark\" class=\"td-image-wrap \" title=\"Projetos de transforma\u00e7\u00e3o urbana com intera\u00e7\u00e3o de projetos estruturais\" ><img loading=\"lazy\" decoding=\"async\" class=\"entry-thumb\" src=\"data:image\/png;base64,iVBORw0KGgoAAAANSUhEUgAAAWQAAADcAQMAAAB9O0nPAAAAA1BMVEWurq51dlI4AAAAAXRSTlMmkutdmwAAACBJREFUaN7twTEBAAAAwiD7p7bDbmAAAAAAAAAAAABAdieIAAGQh2mWAAAAAElFTkSuQmCC\" alt=\"\" title=\"Projetos de transforma\u00e7\u00e3o urbana com intera\u00e7\u00e3o de projetos estruturais\" data-type=\"image_tag\" data-img-url=\"https:\/\/www.institutodeengenharia.org.br\/site\/wp-content\/uploads\/2023\/07\/MicrosoftTeams-image-213-356x220.png\"  width=\"356\" height=\"220\" \/><span class=\"td-video-play-ico\"><i class=\"td-icon-video-thumb-play\"><\/i><\/span><\/a><\/div>\r\n            <div class=\"td-module-meta-info\">\r\n                <h3 class=\"entry-title td-module-title\"><a href=\"https:\/\/www.institutodeengenharia.org.br\/site\/2023\/07\/26\/projetos-de-transformacao-urbana-com-interacao-de-projetos-estruturais\/\"  rel=\"bookmark\" title=\"Projetos de transforma\u00e7\u00e3o urbana com intera\u00e7\u00e3o de projetos estruturais\">Projetos de transforma\u00e7\u00e3o urbana com intera\u00e7\u00e3o de projetos estruturais<\/a><\/h3>                <div class=\"td-editor-date\">\r\n                                        <span class=\"td-author-date\">\r\n                                                <span class=\"td-post-date\"><time class=\"entry-date updated td-module-date\" datetime=\"2023-07-26T08:55:14-03:00\" >26\/07\/2023<\/time><\/span>                    <\/span>\r\n                <\/div>\r\n            <\/div>\r\n\r\n        <\/div>\r\n\r\n        \n\t<\/div> <!-- .\/td-block-span4 --><\/div><!--.\/row-fluid-->\n\n\t<div class=\"td-block-row\">\n\n\t<div class=\"td-block-span4\">\n\r\n        <div class=\"td_module_mx1 td_module_wrap td-animation-stack\">\r\n            <div class=\"td-module-thumb\"><a href=\"https:\/\/www.institutodeengenharia.org.br\/site\/2023\/07\/20\/workshop-debate-sobre-uma-nova-ligacao-do-planalto-a-baixada-santista\/\"  rel=\"bookmark\" class=\"td-image-wrap \" title=\"Workshop: Debate sobre uma nova liga\u00e7\u00e3o do planalto \u00e0 baixada santista\" ><img loading=\"lazy\" decoding=\"async\" class=\"entry-thumb\" src=\"data:image\/png;base64,iVBORw0KGgoAAAANSUhEUgAAAWQAAADcAQMAAAB9O0nPAAAAA1BMVEWurq51dlI4AAAAAXRSTlMmkutdmwAAACBJREFUaN7twTEBAAAAwiD7p7bDbmAAAAAAAAAAAABAdieIAAGQh2mWAAAAAElFTkSuQmCC\" alt=\"\" title=\"Workshop: Debate sobre uma nova liga\u00e7\u00e3o do planalto \u00e0 baixada santista\" data-type=\"image_tag\" data-img-url=\"https:\/\/www.institutodeengenharia.org.br\/site\/wp-content\/uploads\/2023\/07\/Creditos-da-foto-Concesson-356x220.jpg\"  width=\"356\" height=\"220\" \/><span class=\"td-video-play-ico\"><i class=\"td-icon-video-thumb-play\"><\/i><\/span><\/a><\/div>\r\n            <div class=\"td-module-meta-info\">\r\n                <h3 class=\"entry-title td-module-title\"><a href=\"https:\/\/www.institutodeengenharia.org.br\/site\/2023\/07\/20\/workshop-debate-sobre-uma-nova-ligacao-do-planalto-a-baixada-santista\/\"  rel=\"bookmark\" title=\"Workshop: Debate sobre uma nova liga\u00e7\u00e3o do planalto \u00e0 baixada santista\">Workshop: Debate sobre uma nova liga\u00e7\u00e3o do planalto \u00e0 baixada santista<\/a><\/h3>                <div class=\"td-editor-date\">\r\n                                        <span class=\"td-author-date\">\r\n                                                <span class=\"td-post-date\"><time class=\"entry-date updated td-module-date\" datetime=\"2023-07-20T11:49:50-03:00\" >20\/07\/2023<\/time><\/span>                    <\/span>\r\n                <\/div>\r\n            <\/div>\r\n\r\n        <\/div>\r\n\r\n        \n\t<\/div> <!-- .\/td-block-span4 -->\n\n\t<div class=\"td-block-span4\">\n\r\n        <div class=\"td_module_mx1 td_module_wrap td-animation-stack\">\r\n            <div class=\"td-module-thumb\"><a href=\"https:\/\/www.institutodeengenharia.org.br\/site\/2023\/07\/17\/nbr-61182023-principais-novidades-e-futura-emenda\/\"  rel=\"bookmark\" class=\"td-image-wrap \" title=\"NBR 6118:2023 \u2013 Principais novidades e futura emenda\" ><img loading=\"lazy\" decoding=\"async\" class=\"entry-thumb\" src=\"data:image\/png;base64,iVBORw0KGgoAAAANSUhEUgAAAWQAAADcAQMAAAB9O0nPAAAAA1BMVEWurq51dlI4AAAAAXRSTlMmkutdmwAAACBJREFUaN7twTEBAAAAwiD7p7bDbmAAAAAAAAAAAABAdieIAAGQh2mWAAAAAElFTkSuQmCC\" alt=\"\" title=\"NBR 6118:2023 \u2013 Principais novidades e futura emenda\" data-type=\"image_tag\" data-img-url=\"https:\/\/www.institutodeengenharia.org.br\/site\/wp-content\/uploads\/2023\/06\/Design-sem-nome-89.jpg\"  width=\"356\" height=\"200\" \/><span class=\"td-video-play-ico\"><i class=\"td-icon-video-thumb-play\"><\/i><\/span><\/a><\/div>\r\n            <div class=\"td-module-meta-info\">\r\n                <h3 class=\"entry-title td-module-title\"><a href=\"https:\/\/www.institutodeengenharia.org.br\/site\/2023\/07\/17\/nbr-61182023-principais-novidades-e-futura-emenda\/\"  rel=\"bookmark\" title=\"NBR 6118:2023 \u2013 Principais novidades e futura emenda\">NBR 6118:2023 \u2013 Principais novidades e futura emenda<\/a><\/h3>                <div class=\"td-editor-date\">\r\n                                        <span class=\"td-author-date\">\r\n                                                <span class=\"td-post-date\"><time class=\"entry-date updated td-module-date\" datetime=\"2023-07-17T15:53:06-03:00\" >17\/07\/2023<\/time><\/span>                    <\/span>\r\n                <\/div>\r\n            <\/div>\r\n\r\n        <\/div>\r\n\r\n        \n\t<\/div> <!-- .\/td-block-span4 -->\n\n\t<div class=\"td-block-span4\">\n\r\n        <div class=\"td_module_mx1 td_module_wrap td-animation-stack\">\r\n            <div class=\"td-module-thumb\"><a href=\"https:\/\/www.institutodeengenharia.org.br\/site\/2023\/07\/11\/mobilidade-aerea-urbana\/\"  rel=\"bookmark\" class=\"td-image-wrap \" title=\"Mobilidade A\u00e9rea Urbana\" ><img loading=\"lazy\" decoding=\"async\" class=\"entry-thumb\" src=\"data:image\/png;base64,iVBORw0KGgoAAAANSUhEUgAAAWQAAADcAQMAAAB9O0nPAAAAA1BMVEWurq51dlI4AAAAAXRSTlMmkutdmwAAACBJREFUaN7twTEBAAAAwiD7p7bDbmAAAAAAAAAAAABAdieIAAGQh2mWAAAAAElFTkSuQmCC\" alt=\"\" title=\"Mobilidade A\u00e9rea Urbana\" data-type=\"image_tag\" data-img-url=\"https:\/\/www.institutodeengenharia.org.br\/site\/wp-content\/uploads\/2023\/06\/airplane-g368df1c54_1280-356x220.jpg\"  width=\"356\" height=\"220\" \/><\/a><\/div>\r\n            <div class=\"td-module-meta-info\">\r\n                <h3 class=\"entry-title td-module-title\"><a href=\"https:\/\/www.institutodeengenharia.org.br\/site\/2023\/07\/11\/mobilidade-aerea-urbana\/\"  rel=\"bookmark\" title=\"Mobilidade A\u00e9rea Urbana\">Mobilidade A\u00e9rea Urbana<\/a><\/h3>                <div class=\"td-editor-date\">\r\n                                        <span class=\"td-author-date\">\r\n                                                <span class=\"td-post-date\"><time class=\"entry-date updated td-module-date\" datetime=\"2023-07-11T13:37:13-03:00\" >11\/07\/2023<\/time><\/span>                    <\/span>\r\n                <\/div>\r\n            <\/div>\r\n\r\n        <\/div>\r\n\r\n        \n\t<\/div> <!-- .\/td-block-span4 --><\/div><!--.\/row-fluid-->\n\n\t<div class=\"td-block-row\">\n\n\t<div class=\"td-block-span4\">\n\r\n        <div class=\"td_module_mx1 td_module_wrap td-animation-stack\">\r\n            <div class=\"td-module-thumb\"><a href=\"https:\/\/www.institutodeengenharia.org.br\/site\/2023\/07\/11\/economia-de-energia-e-agua-em-condominios-em-operacao\/\"  rel=\"bookmark\" class=\"td-image-wrap \" title=\"Economia de energia e \u00e1gua em condom\u00ednios em opera\u00e7\u00e3o\" ><img loading=\"lazy\" decoding=\"async\" class=\"entry-thumb\" src=\"data:image\/png;base64,iVBORw0KGgoAAAANSUhEUgAAAWQAAADcAQMAAAB9O0nPAAAAA1BMVEWurq51dlI4AAAAAXRSTlMmkutdmwAAACBJREFUaN7twTEBAAAAwiD7p7bDbmAAAAAAAAAAAABAdieIAAGQh2mWAAAAAElFTkSuQmCC\" alt=\"\" title=\"Economia de energia e \u00e1gua em condom\u00ednios em opera\u00e7\u00e3o\" data-type=\"image_tag\" data-img-url=\"https:\/\/www.institutodeengenharia.org.br\/site\/wp-content\/uploads\/2023\/05\/Design-sem-nome-39-356x220.jpg\"  width=\"356\" height=\"220\" \/><\/a><\/div>\r\n            <div class=\"td-module-meta-info\">\r\n                <h3 class=\"entry-title td-module-title\"><a href=\"https:\/\/www.institutodeengenharia.org.br\/site\/2023\/07\/11\/economia-de-energia-e-agua-em-condominios-em-operacao\/\"  rel=\"bookmark\" title=\"Economia de energia e \u00e1gua em condom\u00ednios em opera\u00e7\u00e3o\">Economia de energia e \u00e1gua em condom\u00ednios em opera\u00e7\u00e3o<\/a><\/h3>                <div class=\"td-editor-date\">\r\n                                        <span class=\"td-author-date\">\r\n                                                <span class=\"td-post-date\"><time class=\"entry-date updated td-module-date\" datetime=\"2023-07-11T13:34:56-03:00\" >11\/07\/2023<\/time><\/span>                    <\/span>\r\n                <\/div>\r\n            <\/div>\r\n\r\n        <\/div>\r\n\r\n        \n\t<\/div> <!-- .\/td-block-span4 -->\n\n\t<div class=\"td-block-span4\">\n\r\n        <div class=\"td_module_mx1 td_module_wrap td-animation-stack\">\r\n            <div class=\"td-module-thumb\"><a href=\"https:\/\/www.institutodeengenharia.org.br\/site\/2023\/07\/08\/a-revolucao-de-32\/\"  rel=\"bookmark\" class=\"td-image-wrap \" title=\"Homenagem do IE aos combatentes de 32\" ><img loading=\"lazy\" decoding=\"async\" class=\"entry-thumb\" src=\"data:image\/png;base64,iVBORw0KGgoAAAANSUhEUgAAAWQAAADcAQMAAAB9O0nPAAAAA1BMVEWurq51dlI4AAAAAXRSTlMmkutdmwAAACBJREFUaN7twTEBAAAAwiD7p7bDbmAAAAAAAAAAAABAdieIAAGQh2mWAAAAAElFTkSuQmCC\" alt=\"\" title=\"Homenagem do IE aos combatentes de 32\" data-type=\"image_tag\" data-img-url=\"https:\/\/www.institutodeengenharia.org.br\/site\/wp-content\/uploads\/2022\/07\/capa32-356x220.png\"  width=\"356\" height=\"220\" \/><span class=\"td-video-play-ico\"><i class=\"td-icon-video-thumb-play\"><\/i><\/span><\/a><\/div>\r\n            <div class=\"td-module-meta-info\">\r\n                <h3 class=\"entry-title td-module-title\"><a href=\"https:\/\/www.institutodeengenharia.org.br\/site\/2023\/07\/08\/a-revolucao-de-32\/\"  rel=\"bookmark\" title=\"Homenagem do IE aos combatentes de 32\">Homenagem do IE aos combatentes de 32<\/a><\/h3>                <div class=\"td-editor-date\">\r\n                                        <span class=\"td-author-date\">\r\n                                                <span class=\"td-post-date\"><time class=\"entry-date updated td-module-date\" datetime=\"2023-07-08T17:16:55-03:00\" >08\/07\/2023<\/time><\/span>                    <\/span>\r\n                <\/div>\r\n            <\/div>\r\n\r\n        <\/div>\r\n\r\n        \n\t<\/div> <!-- .\/td-block-span4 -->\n\n\t<div class=\"td-block-span4\">\n\r\n        <div class=\"td_module_mx1 td_module_wrap td-animation-stack\">\r\n            <div class=\"td-module-thumb\"><a href=\"https:\/\/www.institutodeengenharia.org.br\/site\/2023\/07\/06\/ergonomia-do-futuro\/\"  rel=\"bookmark\" class=\"td-image-wrap \" title=\"Ergonomia do Futuro\" ><img loading=\"lazy\" decoding=\"async\" class=\"entry-thumb\" src=\"data:image\/png;base64,iVBORw0KGgoAAAANSUhEUgAAAWQAAADcAQMAAAB9O0nPAAAAA1BMVEWurq51dlI4AAAAAXRSTlMmkutdmwAAACBJREFUaN7twTEBAAAAwiD7p7bDbmAAAAAAAAAAAABAdieIAAGQh2mWAAAAAElFTkSuQmCC\" alt=\"\" title=\"Ergonomia do Futuro\" data-type=\"image_tag\" data-img-url=\"https:\/\/www.institutodeengenharia.org.br\/site\/wp-content\/uploads\/2023\/06\/Design-sem-nome-88-356x220.jpg\"  width=\"356\" height=\"220\" \/><span class=\"td-video-play-ico\"><i class=\"td-icon-video-thumb-play\"><\/i><\/span><\/a><\/div>\r\n            <div class=\"td-module-meta-info\">\r\n                <h3 class=\"entry-title td-module-title\"><a href=\"https:\/\/www.institutodeengenharia.org.br\/site\/2023\/07\/06\/ergonomia-do-futuro\/\"  rel=\"bookmark\" title=\"Ergonomia do Futuro\">Ergonomia do Futuro<\/a><\/h3>                <div class=\"td-editor-date\">\r\n                                        <span class=\"td-author-date\">\r\n                                                <span class=\"td-post-date\"><time class=\"entry-date updated td-module-date\" datetime=\"2023-07-06T11:21:34-03:00\" >06\/07\/2023<\/time><\/span>                    <\/span>\r\n                <\/div>\r\n            <\/div>\r\n\r\n        <\/div>\r\n\r\n        \n\t<\/div> <!-- .\/td-block-span4 --><\/div><!--.\/row-fluid-->\n\n\t<div class=\"td-block-row\">\n\n\t<div class=\"td-block-span4\">\n\r\n        <div class=\"td_module_mx1 td_module_wrap td-animation-stack\">\r\n            <div class=\"td-module-thumb\"><a href=\"https:\/\/www.institutodeengenharia.org.br\/site\/2023\/06\/29\/aspectos-praticos-da-vistoria-cautelar\/\"  rel=\"bookmark\" class=\"td-image-wrap \" title=\"Aspectos pr\u00e1ticos da vistoria cautelar\" ><img loading=\"lazy\" decoding=\"async\" class=\"entry-thumb\" src=\"data:image\/png;base64,iVBORw0KGgoAAAANSUhEUgAAAWQAAADcAQMAAAB9O0nPAAAAA1BMVEWurq51dlI4AAAAAXRSTlMmkutdmwAAACBJREFUaN7twTEBAAAAwiD7p7bDbmAAAAAAAAAAAABAdieIAAGQh2mWAAAAAElFTkSuQmCC\" alt=\"\" title=\"Aspectos pr\u00e1ticos da vistoria cautelar\" data-type=\"image_tag\" data-img-url=\"https:\/\/www.institutodeengenharia.org.br\/site\/wp-content\/uploads\/2023\/05\/MicrosoftTeams-image-238-356x220.jpg\"  width=\"356\" height=\"220\" \/><span class=\"td-video-play-ico\"><i class=\"td-icon-video-thumb-play\"><\/i><\/span><\/a><\/div>\r\n            <div class=\"td-module-meta-info\">\r\n                <h3 class=\"entry-title td-module-title\"><a href=\"https:\/\/www.institutodeengenharia.org.br\/site\/2023\/06\/29\/aspectos-praticos-da-vistoria-cautelar\/\"  rel=\"bookmark\" title=\"Aspectos pr\u00e1ticos da vistoria cautelar\">Aspectos pr\u00e1ticos da vistoria cautelar<\/a><\/h3>                <div class=\"td-editor-date\">\r\n                                        <span class=\"td-author-date\">\r\n                                                <span class=\"td-post-date\"><time class=\"entry-date updated td-module-date\" datetime=\"2023-06-29T09:47:27-03:00\" >29\/06\/2023<\/time><\/span>                    <\/span>\r\n                <\/div>\r\n            <\/div>\r\n\r\n        <\/div>\r\n\r\n        \n\t<\/div> <!-- .\/td-block-span4 -->\n\n\t<div class=\"td-block-span4\">\n\r\n        <div class=\"td_module_mx1 td_module_wrap td-animation-stack\">\r\n            <div class=\"td-module-thumb\"><a href=\"https:\/\/www.institutodeengenharia.org.br\/site\/2023\/06\/27\/avaliacoes-de-processos-de-degradacao-de-integridade-em-sistemas-de-estruturas-de-plataformas-maritimas\/\"  rel=\"bookmark\" class=\"td-image-wrap \" title=\"Avalia\u00e7\u00f5es de processos de degrada\u00e7\u00e3o de integridade em sistemas de estruturas de plataformas mar\u00edtimas\" ><img loading=\"lazy\" decoding=\"async\" class=\"entry-thumb\" src=\"data:image\/png;base64,iVBORw0KGgoAAAANSUhEUgAAAWQAAADcAQMAAAB9O0nPAAAAA1BMVEWurq51dlI4AAAAAXRSTlMmkutdmwAAACBJREFUaN7twTEBAAAAwiD7p7bDbmAAAAAAAAAAAABAdieIAAGQh2mWAAAAAElFTkSuQmCC\" alt=\"\" title=\"Avalia\u00e7\u00f5es de processos de degrada\u00e7\u00e3o de integridade em sistemas de estruturas de plataformas mar\u00edtimas\" data-type=\"image_tag\" data-img-url=\"https:\/\/www.institutodeengenharia.org.br\/site\/wp-content\/uploads\/2023\/05\/MicrosoftTeams-image-212-356x220.jpg\"  width=\"356\" height=\"220\" \/><span class=\"td-video-play-ico\"><i class=\"td-icon-video-thumb-play\"><\/i><\/span><\/a><\/div>\r\n            <div class=\"td-module-meta-info\">\r\n                <h3 class=\"entry-title td-module-title\"><a href=\"https:\/\/www.institutodeengenharia.org.br\/site\/2023\/06\/27\/avaliacoes-de-processos-de-degradacao-de-integridade-em-sistemas-de-estruturas-de-plataformas-maritimas\/\"  rel=\"bookmark\" title=\"Avalia\u00e7\u00f5es de processos de degrada\u00e7\u00e3o de integridade em sistemas de estruturas de plataformas mar\u00edtimas\">Avalia\u00e7\u00f5es de processos de degrada\u00e7\u00e3o de integridade em sistemas de estruturas de plataformas mar\u00edtimas<\/a><\/h3>                <div class=\"td-editor-date\">\r\n                                        <span class=\"td-author-date\">\r\n                                                <span class=\"td-post-date\"><time class=\"entry-date updated td-module-date\" datetime=\"2023-06-27T13:48:02-03:00\" >27\/06\/2023<\/time><\/span>                    <\/span>\r\n                <\/div>\r\n            <\/div>\r\n\r\n        <\/div>\r\n\r\n        \n\t<\/div> <!-- .\/td-block-span4 -->\n\n\t<div class=\"td-block-span4\">\n\r\n        <div class=\"td_module_mx1 td_module_wrap td-animation-stack\">\r\n            <div class=\"td-module-thumb\"><a href=\"https:\/\/www.institutodeengenharia.org.br\/site\/2023\/06\/26\/como-elaborar-um-laudo-tecnico-de-engenharia-e-de-avaliacao-em-um-processo-judicial\/\"  rel=\"bookmark\" class=\"td-image-wrap \" title=\"Como elaborar um laudo t\u00e9cnico de engenharia e de avalia\u00e7\u00e3o em um processo judicial\" ><img loading=\"lazy\" decoding=\"async\" class=\"entry-thumb\" src=\"data:image\/png;base64,iVBORw0KGgoAAAANSUhEUgAAAWQAAADcAQMAAAB9O0nPAAAAA1BMVEWurq51dlI4AAAAAXRSTlMmkutdmwAAACBJREFUaN7twTEBAAAAwiD7p7bDbmAAAAAAAAAAAABAdieIAAGQh2mWAAAAAElFTkSuQmCC\" alt=\"\" title=\"Como elaborar um laudo t\u00e9cnico de engenharia e de avalia\u00e7\u00e3o em um processo judicial\" data-type=\"image_tag\" data-img-url=\"https:\/\/www.institutodeengenharia.org.br\/site\/wp-content\/uploads\/2023\/04\/Design-sem-nome-29-356x220.jpg\"  width=\"356\" height=\"220\" \/><span class=\"td-video-play-ico\"><i class=\"td-icon-video-thumb-play\"><\/i><\/span><\/a><\/div>\r\n            <div class=\"td-module-meta-info\">\r\n                <h3 class=\"entry-title td-module-title\"><a href=\"https:\/\/www.institutodeengenharia.org.br\/site\/2023\/06\/26\/como-elaborar-um-laudo-tecnico-de-engenharia-e-de-avaliacao-em-um-processo-judicial\/\"  rel=\"bookmark\" title=\"Como elaborar um laudo t\u00e9cnico de engenharia e de avalia\u00e7\u00e3o em um processo judicial\">Como elaborar um laudo t\u00e9cnico de engenharia e de avalia\u00e7\u00e3o em um processo judicial<\/a><\/h3>                <div class=\"td-editor-date\">\r\n                                        <span class=\"td-author-date\">\r\n                                                <span class=\"td-post-date\"><time class=\"entry-date updated td-module-date\" datetime=\"2023-06-26T09:12:49-03:00\" >26\/06\/2023<\/time><\/span>                    <\/span>\r\n                <\/div>\r\n            <\/div>\r\n\r\n        <\/div>\r\n\r\n        \n\t<\/div> <!-- .\/td-block-span4 --><\/div><!--.\/row-fluid-->\n\n\t<div class=\"td-block-row\">\n\n\t<div class=\"td-block-span4\">\n\r\n        <div class=\"td_module_mx1 td_module_wrap td-animation-stack\">\r\n            <div class=\"td-module-thumb\"><a href=\"https:\/\/www.institutodeengenharia.org.br\/site\/2023\/06\/23\/23-6-dia-internacional-das-mulheres-na-engenharia\/\"  rel=\"bookmark\" class=\"td-image-wrap \" title=\"23\/6 &#8211; Dia Internacional das Mulheres na Engenharia\" ><img loading=\"lazy\" decoding=\"async\" class=\"entry-thumb\" src=\"data:image\/png;base64,iVBORw0KGgoAAAANSUhEUgAAAWQAAADcAQMAAAB9O0nPAAAAA1BMVEWurq51dlI4AAAAAXRSTlMmkutdmwAAACBJREFUaN7twTEBAAAAwiD7p7bDbmAAAAAAAAAAAABAdieIAAGQh2mWAAAAAElFTkSuQmCC\" alt=\"\" title=\"23\/6 &#8211; Dia Internacional das Mulheres na Engenharia\" data-type=\"image_tag\" data-img-url=\"https:\/\/www.institutodeengenharia.org.br\/site\/wp-content\/uploads\/2019\/04\/mulheres-desistir-carreira-engenharia-engenharia360-1-356x220.jpg\"  width=\"356\" height=\"220\" \/><span class=\"td-video-play-ico\"><i class=\"td-icon-video-thumb-play\"><\/i><\/span><\/a><\/div>\r\n            <div class=\"td-module-meta-info\">\r\n                <h3 class=\"entry-title td-module-title\"><a href=\"https:\/\/www.institutodeengenharia.org.br\/site\/2023\/06\/23\/23-6-dia-internacional-das-mulheres-na-engenharia\/\"  rel=\"bookmark\" title=\"23\/6 &#8211; Dia Internacional das Mulheres na Engenharia\">23\/6 &#8211; Dia Internacional das Mulheres na Engenharia<\/a><\/h3>                <div class=\"td-editor-date\">\r\n                                        <span class=\"td-author-date\">\r\n                                                <span class=\"td-post-date\"><time class=\"entry-date updated td-module-date\" datetime=\"2023-06-23T11:28:42-03:00\" >23\/06\/2023<\/time><\/span>                    <\/span>\r\n                <\/div>\r\n            <\/div>\r\n\r\n        <\/div>\r\n\r\n        \n\t<\/div> <!-- .\/td-block-span4 -->\n\n\t<div class=\"td-block-span4\">\n\r\n        <div class=\"td_module_mx1 td_module_wrap td-animation-stack\">\r\n            <div class=\"td-module-thumb\"><a href=\"https:\/\/www.institutodeengenharia.org.br\/site\/2023\/06\/16\/faixa-azul-e-faixa-azul-segregada-balanco-da-experiencia-em-vias-do-municipio-de-sao-paulo\/\"  rel=\"bookmark\" class=\"td-image-wrap \" title=\"Faixa Azul e Faixa Azul Segregada &#8211; Balan\u00e7o da experi\u00eancia em vias do Munic\u00edpio de S\u00e3o Paulo\" ><img loading=\"lazy\" decoding=\"async\" class=\"entry-thumb\" src=\"data:image\/png;base64,iVBORw0KGgoAAAANSUhEUgAAAWQAAADcAQMAAAB9O0nPAAAAA1BMVEWurq51dlI4AAAAAXRSTlMmkutdmwAAACBJREFUaN7twTEBAAAAwiD7p7bDbmAAAAAAAAAAAABAdieIAAGQh2mWAAAAAElFTkSuQmCC\" alt=\"\" title=\"Faixa Azul e Faixa Azul Segregada &#8211; Balan\u00e7o da experi\u00eancia em vias do Munic\u00edpio de S\u00e3o Paulo\" data-type=\"image_tag\" data-img-url=\"https:\/\/www.institutodeengenharia.org.br\/site\/wp-content\/uploads\/2023\/05\/unnamed-11-356x220.jpg\"  width=\"356\" height=\"220\" \/><span class=\"td-video-play-ico\"><i class=\"td-icon-video-thumb-play\"><\/i><\/span><\/a><\/div>\r\n            <div class=\"td-module-meta-info\">\r\n                <h3 class=\"entry-title td-module-title\"><a href=\"https:\/\/www.institutodeengenharia.org.br\/site\/2023\/06\/16\/faixa-azul-e-faixa-azul-segregada-balanco-da-experiencia-em-vias-do-municipio-de-sao-paulo\/\"  rel=\"bookmark\" title=\"Faixa Azul e Faixa Azul Segregada &#8211; Balan\u00e7o da experi\u00eancia em vias do Munic\u00edpio de S\u00e3o Paulo\">Faixa Azul e Faixa Azul Segregada &#8211; Balan\u00e7o da experi\u00eancia em vias do Munic\u00edpio de S\u00e3o Paulo<\/a><\/h3>                <div class=\"td-editor-date\">\r\n                                        <span class=\"td-author-date\">\r\n                                                <span class=\"td-post-date\"><time class=\"entry-date updated td-module-date\" datetime=\"2023-06-16T10:59:00-03:00\" >16\/06\/2023<\/time><\/span>                    <\/span>\r\n                <\/div>\r\n            <\/div>\r\n\r\n        <\/div>\r\n\r\n        \n\t<\/div> <!-- .\/td-block-span4 -->\n\n\t<div class=\"td-block-span4\">\n\r\n        <div class=\"td_module_mx1 td_module_wrap td-animation-stack\">\r\n            <div class=\"td-module-thumb\"><a href=\"https:\/\/www.institutodeengenharia.org.br\/site\/2023\/06\/13\/interacao-de-projetos-arquitetonicos-e-estruturais\/\"  rel=\"bookmark\" class=\"td-image-wrap \" title=\"Intera\u00e7\u00e3o de projetos arquitet\u00f4nicos e estruturais\" ><img loading=\"lazy\" decoding=\"async\" class=\"entry-thumb\" src=\"data:image\/png;base64,iVBORw0KGgoAAAANSUhEUgAAAWQAAADcAQMAAAB9O0nPAAAAA1BMVEWurq51dlI4AAAAAXRSTlMmkutdmwAAACBJREFUaN7twTEBAAAAwiD7p7bDbmAAAAAAAAAAAABAdieIAAGQh2mWAAAAAElFTkSuQmCC\" alt=\"\" title=\"Intera\u00e7\u00e3o de projetos arquitet\u00f4nicos e estruturais\" data-type=\"image_tag\" data-img-url=\"https:\/\/www.institutodeengenharia.org.br\/site\/wp-content\/uploads\/2023\/05\/MicrosoftTeams-image-197-356x220.png\"  width=\"356\" height=\"220\" \/><span class=\"td-video-play-ico\"><i class=\"td-icon-video-thumb-play\"><\/i><\/span><\/a><\/div>\r\n            <div class=\"td-module-meta-info\">\r\n                <h3 class=\"entry-title td-module-title\"><a href=\"https:\/\/www.institutodeengenharia.org.br\/site\/2023\/06\/13\/interacao-de-projetos-arquitetonicos-e-estruturais\/\"  rel=\"bookmark\" title=\"Intera\u00e7\u00e3o de projetos arquitet\u00f4nicos e estruturais\">Intera\u00e7\u00e3o de projetos arquitet\u00f4nicos e estruturais<\/a><\/h3>                <div class=\"td-editor-date\">\r\n                                        <span class=\"td-author-date\">\r\n                                                <span class=\"td-post-date\"><time class=\"entry-date updated td-module-date\" datetime=\"2023-06-13T14:16:51-03:00\" >13\/06\/2023<\/time><\/span>                    <\/span>\r\n                <\/div>\r\n            <\/div>\r\n\r\n        <\/div>\r\n\r\n        \n\t<\/div> <!-- .\/td-block-span4 --><\/div><!--.\/row-fluid-->\n\n\t<div class=\"td-block-row\">\n\n\t<div class=\"td-block-span4\">\n\r\n        <div class=\"td_module_mx1 td_module_wrap td-animation-stack\">\r\n            <div class=\"td-module-thumb\"><a href=\"https:\/\/www.institutodeengenharia.org.br\/site\/2023\/05\/31\/a-sociobiodiversidade-amazonica-em-busca-de-mercados-internacionais\/\"  rel=\"bookmark\" class=\"td-image-wrap \" title=\"A Sociobiodiversidade Amaz\u00f4nica em busca de mercados internacionais\" ><img loading=\"lazy\" decoding=\"async\" class=\"entry-thumb\" src=\"data:image\/png;base64,iVBORw0KGgoAAAANSUhEUgAAAWQAAADcAQMAAAB9O0nPAAAAA1BMVEWurq51dlI4AAAAAXRSTlMmkutdmwAAACBJREFUaN7twTEBAAAAwiD7p7bDbmAAAAAAAAAAAABAdieIAAGQh2mWAAAAAElFTkSuQmCC\" alt=\"\" title=\"A Sociobiodiversidade Amaz\u00f4nica em busca de mercados internacionais\" data-type=\"image_tag\" data-img-url=\"https:\/\/www.institutodeengenharia.org.br\/site\/wp-content\/uploads\/2023\/05\/Encontro-Aberto_090523_artesite-1-356x220.jpg\"  width=\"356\" height=\"220\" \/><span class=\"td-video-play-ico\"><i class=\"td-icon-video-thumb-play\"><\/i><\/span><\/a><\/div>\r\n            <div class=\"td-module-meta-info\">\r\n                <h3 class=\"entry-title td-module-title\"><a href=\"https:\/\/www.institutodeengenharia.org.br\/site\/2023\/05\/31\/a-sociobiodiversidade-amazonica-em-busca-de-mercados-internacionais\/\"  rel=\"bookmark\" title=\"A Sociobiodiversidade Amaz\u00f4nica em busca de mercados internacionais\">A Sociobiodiversidade Amaz\u00f4nica em busca de mercados internacionais<\/a><\/h3>                <div class=\"td-editor-date\">\r\n                                        <span class=\"td-author-date\">\r\n                                                <span class=\"td-post-date\"><time class=\"entry-date updated td-module-date\" datetime=\"2023-05-31T15:54:58-03:00\" >31\/05\/2023<\/time><\/span>                    <\/span>\r\n                <\/div>\r\n            <\/div>\r\n\r\n        <\/div>\r\n\r\n        \n\t<\/div> <!-- .\/td-block-span4 -->\n\n\t<div class=\"td-block-span4\">\n\r\n        <div class=\"td_module_mx1 td_module_wrap td-animation-stack\">\r\n            <div class=\"td-module-thumb\"><a href=\"https:\/\/www.institutodeengenharia.org.br\/site\/2023\/05\/15\/calhas-e-condutores\/\"  rel=\"bookmark\" class=\"td-image-wrap \" title=\"Calhas e condutores\" ><img loading=\"lazy\" decoding=\"async\" class=\"entry-thumb\" src=\"data:image\/png;base64,iVBORw0KGgoAAAANSUhEUgAAAWQAAADcAQMAAAB9O0nPAAAAA1BMVEWurq51dlI4AAAAAXRSTlMmkutdmwAAACBJREFUaN7twTEBAAAAwiD7p7bDbmAAAAAAAAAAAABAdieIAAGQh2mWAAAAAElFTkSuQmCC\" alt=\"\" title=\"Calhas e condutores\" data-type=\"image_tag\" data-img-url=\"https:\/\/www.institutodeengenharia.org.br\/site\/wp-content\/uploads\/2023\/04\/Design-sem-nome-4-356x220.jpg\"  width=\"356\" height=\"220\" \/><span class=\"td-video-play-ico\"><i class=\"td-icon-video-thumb-play\"><\/i><\/span><\/a><\/div>\r\n            <div class=\"td-module-meta-info\">\r\n                <h3 class=\"entry-title td-module-title\"><a href=\"https:\/\/www.institutodeengenharia.org.br\/site\/2023\/05\/15\/calhas-e-condutores\/\"  rel=\"bookmark\" title=\"Calhas e condutores\">Calhas e condutores<\/a><\/h3>                <div class=\"td-editor-date\">\r\n                                        <span class=\"td-author-date\">\r\n                                                <span class=\"td-post-date\"><time class=\"entry-date updated td-module-date\" datetime=\"2023-05-15T15:00:16-03:00\" >15\/05\/2023<\/time><\/span>                    <\/span>\r\n                <\/div>\r\n            <\/div>\r\n\r\n        <\/div>\r\n\r\n        \n\t<\/div> <!-- .\/td-block-span4 -->\n\n\t<div class=\"td-block-span4\">\n\r\n        <div class=\"td_module_mx1 td_module_wrap td-animation-stack\">\r\n            <div class=\"td-module-thumb\"><a href=\"https:\/\/www.institutodeengenharia.org.br\/site\/2023\/05\/11\/cerimonia-de-posse-da-nova-diretoria-e-conselhos-do-ie\/\"  rel=\"bookmark\" class=\"td-image-wrap \" title=\"Cerim\u00f4nia de Posse da nova diretoria e conselhos do IE\" ><img loading=\"lazy\" decoding=\"async\" class=\"entry-thumb\" src=\"data:image\/png;base64,iVBORw0KGgoAAAANSUhEUgAAAWQAAADcAQMAAAB9O0nPAAAAA1BMVEWurq51dlI4AAAAAXRSTlMmkutdmwAAACBJREFUaN7twTEBAAAAwiD7p7bDbmAAAAAAAAAAAABAdieIAAGQh2mWAAAAAElFTkSuQmCC\" alt=\"\" title=\"Cerim\u00f4nia de Posse da nova diretoria e conselhos do IE\" data-type=\"image_tag\" data-img-url=\"https:\/\/www.institutodeengenharia.org.br\/site\/wp-content\/uploads\/2023\/05\/SLJ_6843-356x220.jpg\"  width=\"356\" height=\"220\" \/><span class=\"td-video-play-ico\"><i class=\"td-icon-video-thumb-play\"><\/i><\/span><\/a><\/div>\r\n            <div class=\"td-module-meta-info\">\r\n                <h3 class=\"entry-title td-module-title\"><a href=\"https:\/\/www.institutodeengenharia.org.br\/site\/2023\/05\/11\/cerimonia-de-posse-da-nova-diretoria-e-conselhos-do-ie\/\"  rel=\"bookmark\" title=\"Cerim\u00f4nia de Posse da nova diretoria e conselhos do IE\">Cerim\u00f4nia de Posse da nova diretoria e conselhos do IE<\/a><\/h3>                <div class=\"td-editor-date\">\r\n                                        <span class=\"td-author-date\">\r\n                                                <span class=\"td-post-date\"><time class=\"entry-date updated td-module-date\" datetime=\"2023-05-11T11:57:32-03:00\" >11\/05\/2023<\/time><\/span>                    <\/span>\r\n                <\/div>\r\n            <\/div>\r\n\r\n        <\/div>\r\n\r\n        \n\t<\/div> <!-- .\/td-block-span4 --><\/div><!--.\/row-fluid-->\n\n\t<div class=\"td-block-row\">\n\n\t<div class=\"td-block-span4\">\n\r\n        <div class=\"td_module_mx1 td_module_wrap td-animation-stack\">\r\n            <div class=\"td-module-thumb\"><a href=\"https:\/\/www.institutodeengenharia.org.br\/site\/2023\/05\/05\/seguranca-em-eletricidade\/\"  rel=\"bookmark\" class=\"td-image-wrap \" title=\"Seguran\u00e7a em eletricidade\" ><img loading=\"lazy\" decoding=\"async\" class=\"entry-thumb\" src=\"data:image\/png;base64,iVBORw0KGgoAAAANSUhEUgAAAWQAAADcAQMAAAB9O0nPAAAAA1BMVEWurq51dlI4AAAAAXRSTlMmkutdmwAAACBJREFUaN7twTEBAAAAwiD7p7bDbmAAAAAAAAAAAABAdieIAAGQh2mWAAAAAElFTkSuQmCC\" alt=\"\" title=\"Seguran\u00e7a em eletricidade\" data-type=\"image_tag\" data-img-url=\"https:\/\/www.institutodeengenharia.org.br\/site\/wp-content\/uploads\/2023\/04\/electrician-1080561_960_720-356x220.jpg\"  width=\"356\" height=\"220\" \/><span class=\"td-video-play-ico\"><i class=\"td-icon-video-thumb-play\"><\/i><\/span><\/a><\/div>\r\n            <div class=\"td-module-meta-info\">\r\n                <h3 class=\"entry-title td-module-title\"><a href=\"https:\/\/www.institutodeengenharia.org.br\/site\/2023\/05\/05\/seguranca-em-eletricidade\/\"  rel=\"bookmark\" title=\"Seguran\u00e7a em eletricidade\">Seguran\u00e7a em eletricidade<\/a><\/h3>                <div class=\"td-editor-date\">\r\n                                        <span class=\"td-author-date\">\r\n                                                <span class=\"td-post-date\"><time class=\"entry-date updated td-module-date\" datetime=\"2023-05-05T14:45:32-03:00\" >05\/05\/2023<\/time><\/span>                    <\/span>\r\n                <\/div>\r\n            <\/div>\r\n\r\n        <\/div>\r\n\r\n        \n\t<\/div> <!-- .\/td-block-span4 -->\n\n\t<div class=\"td-block-span4\">\n\r\n        <div class=\"td_module_mx1 td_module_wrap td-animation-stack\">\r\n            <div class=\"td-module-thumb\"><a href=\"https:\/\/www.institutodeengenharia.org.br\/site\/2023\/05\/02\/entenda-o-que-e-velocidade-ou-energia-reduzida-em-maquinas-e-equipamentos\/\"  rel=\"bookmark\" class=\"td-image-wrap \" title=\"Entenda o que \u00e9 velocidade ou energia reduzida em m\u00e1quinas e equipamentos\" ><img loading=\"lazy\" decoding=\"async\" class=\"entry-thumb\" src=\"data:image\/png;base64,iVBORw0KGgoAAAANSUhEUgAAAWQAAADcAQMAAAB9O0nPAAAAA1BMVEWurq51dlI4AAAAAXRSTlMmkutdmwAAACBJREFUaN7twTEBAAAAwiD7p7bDbmAAAAAAAAAAAABAdieIAAGQh2mWAAAAAElFTkSuQmCC\" alt=\"\" title=\"Entenda o que \u00e9 velocidade ou energia reduzida em m\u00e1quinas e equipamentos\" data-type=\"image_tag\" data-img-url=\"https:\/\/www.institutodeengenharia.org.br\/site\/wp-content\/uploads\/2023\/04\/industrial-1218153_960_720-356x220.jpg\"  width=\"356\" height=\"220\" \/><span class=\"td-video-play-ico\"><i class=\"td-icon-video-thumb-play\"><\/i><\/span><\/a><\/div>\r\n            <div class=\"td-module-meta-info\">\r\n                <h3 class=\"entry-title td-module-title\"><a href=\"https:\/\/www.institutodeengenharia.org.br\/site\/2023\/05\/02\/entenda-o-que-e-velocidade-ou-energia-reduzida-em-maquinas-e-equipamentos\/\"  rel=\"bookmark\" title=\"Entenda o que \u00e9 velocidade ou energia reduzida em m\u00e1quinas e equipamentos\">Entenda o que \u00e9 velocidade ou energia reduzida em m\u00e1quinas e equipamentos<\/a><\/h3>                <div class=\"td-editor-date\">\r\n                                        <span class=\"td-author-date\">\r\n                                                <span class=\"td-post-date\"><time class=\"entry-date updated td-module-date\" datetime=\"2023-05-02T14:07:10-03:00\" >02\/05\/2023<\/time><\/span>                    <\/span>\r\n                <\/div>\r\n            <\/div>\r\n\r\n        <\/div>\r\n\r\n        \n\t<\/div> <!-- .\/td-block-span4 -->\n\n\t<div class=\"td-block-span4\">\n\r\n        <div class=\"td_module_mx1 td_module_wrap td-animation-stack\">\r\n            <div class=\"td-module-thumb\"><a href=\"https:\/\/www.institutodeengenharia.org.br\/site\/2023\/04\/28\/melhoria-de-solos-moles-estado-da-arte-no-brasil\/\"  rel=\"bookmark\" class=\"td-image-wrap \" title=\"Melhoria de solos moles: estado da arte no Brasil\" ><img loading=\"lazy\" decoding=\"async\" class=\"entry-thumb\" src=\"data:image\/png;base64,iVBORw0KGgoAAAANSUhEUgAAAWQAAADcAQMAAAB9O0nPAAAAA1BMVEWurq51dlI4AAAAAXRSTlMmkutdmwAAACBJREFUaN7twTEBAAAAwiD7p7bDbmAAAAAAAAAAAABAdieIAAGQh2mWAAAAAElFTkSuQmCC\" alt=\"\" title=\"Melhoria de solos moles: estado da arte no Brasil\" data-type=\"image_tag\" data-img-url=\"https:\/\/www.institutodeengenharia.org.br\/site\/wp-content\/uploads\/2023\/03\/Design-sem-nome-75-356x220.jpg\"  width=\"356\" height=\"220\" \/><span class=\"td-video-play-ico\"><i class=\"td-icon-video-thumb-play\"><\/i><\/span><\/a><\/div>\r\n            <div class=\"td-module-meta-info\">\r\n                <h3 class=\"entry-title td-module-title\"><a href=\"https:\/\/www.institutodeengenharia.org.br\/site\/2023\/04\/28\/melhoria-de-solos-moles-estado-da-arte-no-brasil\/\"  rel=\"bookmark\" title=\"Melhoria de solos moles: estado da arte no Brasil\">Melhoria de solos moles: estado da arte no Brasil<\/a><\/h3>                <div class=\"td-editor-date\">\r\n                                        <span class=\"td-author-date\">\r\n                                                <span class=\"td-post-date\"><time class=\"entry-date updated td-module-date\" datetime=\"2023-04-28T11:02:31-03:00\" >28\/04\/2023<\/time><\/span>                    <\/span>\r\n                <\/div>\r\n            <\/div>\r\n\r\n        <\/div>\r\n\r\n        \n\t<\/div> <!-- .\/td-block-span4 --><\/div><!--.\/row-fluid-->\n\n\t<div class=\"td-block-row\">\n\n\t<div class=\"td-block-span4\">\n\r\n        <div class=\"td_module_mx1 td_module_wrap td-animation-stack\">\r\n            <div class=\"td-module-thumb\"><a href=\"https:\/\/www.institutodeengenharia.org.br\/site\/2023\/04\/28\/intervencoes-e-ampliacao-do-museu-do-ipiranga\/\"  rel=\"bookmark\" class=\"td-image-wrap \" title=\"Interven\u00e7\u00f5es e amplia\u00e7\u00e3o do Museu do Ipiranga\" ><img loading=\"lazy\" decoding=\"async\" class=\"entry-thumb\" src=\"data:image\/png;base64,iVBORw0KGgoAAAANSUhEUgAAAWQAAADcAQMAAAB9O0nPAAAAA1BMVEWurq51dlI4AAAAAXRSTlMmkutdmwAAACBJREFUaN7twTEBAAAAwiD7p7bDbmAAAAAAAAAAAABAdieIAAGQh2mWAAAAAElFTkSuQmCC\" alt=\"\" title=\"Interven\u00e7\u00f5es e amplia\u00e7\u00e3o do Museu do Ipiranga\" data-type=\"image_tag\" data-img-url=\"https:\/\/www.institutodeengenharia.org.br\/site\/wp-content\/uploads\/2023\/03\/Design-sem-nome-2023-03-21T115301.753-356x220.png\"  width=\"356\" height=\"220\" \/><span class=\"td-video-play-ico\"><i class=\"td-icon-video-thumb-play\"><\/i><\/span><\/a><\/div>\r\n            <div class=\"td-module-meta-info\">\r\n                <h3 class=\"entry-title td-module-title\"><a href=\"https:\/\/www.institutodeengenharia.org.br\/site\/2023\/04\/28\/intervencoes-e-ampliacao-do-museu-do-ipiranga\/\"  rel=\"bookmark\" title=\"Interven\u00e7\u00f5es e amplia\u00e7\u00e3o do Museu do Ipiranga\">Interven\u00e7\u00f5es e amplia\u00e7\u00e3o do Museu do Ipiranga<\/a><\/h3>                <div class=\"td-editor-date\">\r\n                                        <span class=\"td-author-date\">\r\n                                                <span class=\"td-post-date\"><time class=\"entry-date updated td-module-date\" datetime=\"2023-04-28T10:47:49-03:00\" >28\/04\/2023<\/time><\/span>                    <\/span>\r\n                <\/div>\r\n            <\/div>\r\n\r\n        <\/div>\r\n\r\n        \n\t<\/div> <!-- .\/td-block-span4 -->\n\n\t<div class=\"td-block-span4\">\n\r\n        <div class=\"td_module_mx1 td_module_wrap td-animation-stack\">\r\n            <div class=\"td-module-thumb\"><a href=\"https:\/\/www.institutodeengenharia.org.br\/site\/2023\/04\/27\/acessibilidade-em-condominios-segundo-novo-decreto-9451\/\"  rel=\"bookmark\" class=\"td-image-wrap \" title=\"Acessibilidade em condom\u00ednios segundo novo Decreto 9451\" ><img loading=\"lazy\" decoding=\"async\" class=\"entry-thumb\" src=\"data:image\/png;base64,iVBORw0KGgoAAAANSUhEUgAAAWQAAADcAQMAAAB9O0nPAAAAA1BMVEWurq51dlI4AAAAAXRSTlMmkutdmwAAACBJREFUaN7twTEBAAAAwiD7p7bDbmAAAAAAAAAAAABAdieIAAGQh2mWAAAAAElFTkSuQmCC\" alt=\"\" title=\"Acessibilidade em condom\u00ednios segundo novo Decreto 9451\" data-type=\"image_tag\" data-img-url=\"https:\/\/www.institutodeengenharia.org.br\/site\/wp-content\/uploads\/2023\/02\/apartments-g7b1ed2d61_1920-356x220.jpg\"  width=\"356\" height=\"220\" \/><span class=\"td-video-play-ico\"><i class=\"td-icon-video-thumb-play\"><\/i><\/span><\/a><\/div>\r\n            <div class=\"td-module-meta-info\">\r\n                <h3 class=\"entry-title td-module-title\"><a href=\"https:\/\/www.institutodeengenharia.org.br\/site\/2023\/04\/27\/acessibilidade-em-condominios-segundo-novo-decreto-9451\/\"  rel=\"bookmark\" title=\"Acessibilidade em condom\u00ednios segundo novo Decreto 9451\">Acessibilidade em condom\u00ednios segundo novo Decreto 9451<\/a><\/h3>                <div class=\"td-editor-date\">\r\n                                        <span class=\"td-author-date\">\r\n                                                <span class=\"td-post-date\"><time class=\"entry-date updated td-module-date\" datetime=\"2023-04-27T16:18:28-03:00\" >27\/04\/2023<\/time><\/span>                    <\/span>\r\n                <\/div>\r\n            <\/div>\r\n\r\n        <\/div>\r\n\r\n        \n\t<\/div> <!-- .\/td-block-span4 -->\n\n\t<div class=\"td-block-span4\">\n\r\n        <div class=\"td_module_mx1 td_module_wrap td-animation-stack\">\r\n            <div class=\"td-module-thumb\"><a href=\"https:\/\/www.institutodeengenharia.org.br\/site\/2023\/04\/14\/encontro-projeto-expedicao-amazonia\/\"  rel=\"bookmark\" class=\"td-image-wrap \" title=\"Encontro Projeto Expedi\u00e7\u00e3o Amaz\u00f4nia\" ><img loading=\"lazy\" decoding=\"async\" class=\"entry-thumb\" src=\"data:image\/png;base64,iVBORw0KGgoAAAANSUhEUgAAAWQAAADcAQMAAAB9O0nPAAAAA1BMVEWurq51dlI4AAAAAXRSTlMmkutdmwAAACBJREFUaN7twTEBAAAAwiD7p7bDbmAAAAAAAAAAAABAdieIAAGQh2mWAAAAAElFTkSuQmCC\" alt=\"\" title=\"Encontro Projeto Expedi\u00e7\u00e3o Amaz\u00f4nia\" data-type=\"image_tag\" data-img-url=\"https:\/\/www.institutodeengenharia.org.br\/site\/wp-content\/uploads\/2023\/03\/Copia-de-arte-capa-video-GT-1-356x220.png\"  width=\"356\" height=\"220\" \/><span class=\"td-video-play-ico\"><i class=\"td-icon-video-thumb-play\"><\/i><\/span><\/a><\/div>\r\n            <div class=\"td-module-meta-info\">\r\n                <h3 class=\"entry-title td-module-title\"><a href=\"https:\/\/www.institutodeengenharia.org.br\/site\/2023\/04\/14\/encontro-projeto-expedicao-amazonia\/\"  rel=\"bookmark\" title=\"Encontro Projeto Expedi\u00e7\u00e3o Amaz\u00f4nia\">Encontro Projeto Expedi\u00e7\u00e3o Amaz\u00f4nia<\/a><\/h3>                <div class=\"td-editor-date\">\r\n                                        <span class=\"td-author-date\">\r\n                                                <span class=\"td-post-date\"><time class=\"entry-date updated td-module-date\" datetime=\"2023-04-14T15:34:13-03:00\" >14\/04\/2023<\/time><\/span>                    <\/span>\r\n                <\/div>\r\n            <\/div>\r\n\r\n        <\/div>\r\n\r\n        \n\t<\/div> <!-- .\/td-block-span4 --><\/div><!--.\/row-fluid-->\n\n\t<div class=\"td-block-row\">\n\n\t<div class=\"td-block-span4\">\n\r\n        <div class=\"td_module_mx1 td_module_wrap td-animation-stack\">\r\n            <div class=\"td-module-thumb\"><a href=\"https:\/\/www.institutodeengenharia.org.br\/site\/2023\/04\/14\/grupo-de-leitura-livro-infraestrutura-para-o-desenvolvimento-sustentavel-da-amazonia-de-ricardo-abramovay\/\"  rel=\"bookmark\" class=\"td-image-wrap \" title=\"Grupo de Leitura &#8211; Livro &#8220;Infraestrutura para o Desenvolvimento Sustent\u00e1vel da Amaz\u00f4nia&#8221;, de Ricardo Abramovay\" ><img loading=\"lazy\" decoding=\"async\" class=\"entry-thumb\" src=\"data:image\/png;base64,iVBORw0KGgoAAAANSUhEUgAAAWQAAADcAQMAAAB9O0nPAAAAA1BMVEWurq51dlI4AAAAAXRSTlMmkutdmwAAACBJREFUaN7twTEBAAAAwiD7p7bDbmAAAAAAAAAAAABAdieIAAGQh2mWAAAAAElFTkSuQmCC\" alt=\"\" title=\"Grupo de Leitura &#8211; Livro &#8220;Infraestrutura para o Desenvolvimento Sustent\u00e1vel da Amaz\u00f4nia&#8221;, de Ricardo Abramovay\" data-type=\"image_tag\" data-img-url=\"https:\/\/www.institutodeengenharia.org.br\/site\/wp-content\/uploads\/2023\/02\/Evento-abramovay-356x220.jpg\"  width=\"356\" height=\"220\" \/><span class=\"td-video-play-ico\"><i class=\"td-icon-video-thumb-play\"><\/i><\/span><\/a><\/div>\r\n            <div class=\"td-module-meta-info\">\r\n                <h3 class=\"entry-title td-module-title\"><a href=\"https:\/\/www.institutodeengenharia.org.br\/site\/2023\/04\/14\/grupo-de-leitura-livro-infraestrutura-para-o-desenvolvimento-sustentavel-da-amazonia-de-ricardo-abramovay\/\"  rel=\"bookmark\" title=\"Grupo de Leitura &#8211; Livro &#8220;Infraestrutura para o Desenvolvimento Sustent\u00e1vel da Amaz\u00f4nia&#8221;, de Ricardo Abramovay\">Grupo de Leitura &#8211; Livro &#8220;Infraestrutura para o Desenvolvimento Sustent\u00e1vel da Amaz\u00f4nia&#8221;, de Ricardo Abramovay<\/a><\/h3>                <div class=\"td-editor-date\">\r\n                                        <span class=\"td-author-date\">\r\n                                                <span class=\"td-post-date\"><time class=\"entry-date updated td-module-date\" datetime=\"2023-04-14T15:25:05-03:00\" >14\/04\/2023<\/time><\/span>                    <\/span>\r\n                <\/div>\r\n            <\/div>\r\n\r\n        <\/div>\r\n\r\n        \n\t<\/div> <!-- .\/td-block-span4 -->\n\n\t<div class=\"td-block-span4\">\n\r\n        <div class=\"td_module_mx1 td_module_wrap td-animation-stack\">\r\n            <div class=\"td-module-thumb\"><a href=\"https:\/\/www.institutodeengenharia.org.br\/site\/2023\/04\/10\/seguranca-contra-incendios-o-avcb-e-suas-generalidades\/\"  rel=\"bookmark\" class=\"td-image-wrap \" title=\"Seguran\u00e7a contra inc\u00eandios \u2013 O AVCB e suas generalidades\" ><img loading=\"lazy\" decoding=\"async\" class=\"entry-thumb\" src=\"data:image\/png;base64,iVBORw0KGgoAAAANSUhEUgAAAWQAAADcAQMAAAB9O0nPAAAAA1BMVEWurq51dlI4AAAAAXRSTlMmkutdmwAAACBJREFUaN7twTEBAAAAwiD7p7bDbmAAAAAAAAAAAABAdieIAAGQh2mWAAAAAElFTkSuQmCC\" alt=\"\" title=\"Seguran\u00e7a contra inc\u00eandios \u2013 O AVCB e suas generalidades\" data-type=\"image_tag\" data-img-url=\"https:\/\/www.institutodeengenharia.org.br\/site\/wp-content\/uploads\/2023\/03\/fire-fighting-g29af4f8d1_1920-356x220.jpg\"  width=\"356\" height=\"220\" \/><span class=\"td-video-play-ico\"><i class=\"td-icon-video-thumb-play\"><\/i><\/span><\/a><\/div>\r\n            <div class=\"td-module-meta-info\">\r\n                <h3 class=\"entry-title td-module-title\"><a href=\"https:\/\/www.institutodeengenharia.org.br\/site\/2023\/04\/10\/seguranca-contra-incendios-o-avcb-e-suas-generalidades\/\"  rel=\"bookmark\" title=\"Seguran\u00e7a contra inc\u00eandios \u2013 O AVCB e suas generalidades\">Seguran\u00e7a contra inc\u00eandios \u2013 O AVCB e suas generalidades<\/a><\/h3>                <div class=\"td-editor-date\">\r\n                                        <span class=\"td-author-date\">\r\n                                                <span class=\"td-post-date\"><time class=\"entry-date updated td-module-date\" datetime=\"2023-04-10T11:55:01-03:00\" >10\/04\/2023<\/time><\/span>                    <\/span>\r\n                <\/div>\r\n            <\/div>\r\n\r\n        <\/div>\r\n\r\n        \n\t<\/div> <!-- .\/td-block-span4 -->\n\n\t<div class=\"td-block-span4\">\n\r\n        <div class=\"td_module_mx1 td_module_wrap td-animation-stack\">\r\n            <div class=\"td-module-thumb\"><a href=\"https:\/\/www.institutodeengenharia.org.br\/site\/2023\/04\/04\/assista-a-gravacao-do-evento-contratacao-e-gestao-de-seguros-performance-bond-em-projetos-de-construcao\/\"  rel=\"bookmark\" class=\"td-image-wrap \" title=\"Contrata\u00e7\u00e3o e gest\u00e3o de seguros &#8220;Performance Bond&#8221; em projetos de constru\u00e7\u00e3o\" ><img loading=\"lazy\" decoding=\"async\" class=\"entry-thumb\" src=\"data:image\/png;base64,iVBORw0KGgoAAAANSUhEUgAAAWQAAADcAQMAAAB9O0nPAAAAA1BMVEWurq51dlI4AAAAAXRSTlMmkutdmwAAACBJREFUaN7twTEBAAAAwiD7p7bDbmAAAAAAAAAAAABAdieIAAGQh2mWAAAAAElFTkSuQmCC\" alt=\"\" title=\"Contrata\u00e7\u00e3o e gest\u00e3o de seguros &#8220;Performance Bond&#8221; em projetos de constru\u00e7\u00e3o\" data-type=\"image_tag\" data-img-url=\"https:\/\/www.institutodeengenharia.org.br\/site\/wp-content\/uploads\/2023\/02\/laptop-g31db81b72_1920-356x220.jpg\"  width=\"356\" height=\"220\" \/><span class=\"td-video-play-ico\"><i class=\"td-icon-video-thumb-play\"><\/i><\/span><\/a><\/div>\r\n            <div class=\"td-module-meta-info\">\r\n                <h3 class=\"entry-title td-module-title\"><a href=\"https:\/\/www.institutodeengenharia.org.br\/site\/2023\/04\/04\/assista-a-gravacao-do-evento-contratacao-e-gestao-de-seguros-performance-bond-em-projetos-de-construcao\/\"  rel=\"bookmark\" title=\"Contrata\u00e7\u00e3o e gest\u00e3o de seguros &#8220;Performance Bond&#8221; em projetos de constru\u00e7\u00e3o\">Contrata\u00e7\u00e3o e gest\u00e3o de seguros &#8220;Performance Bond&#8221; em projetos de constru\u00e7\u00e3o<\/a><\/h3>                <div class=\"td-editor-date\">\r\n                                        <span class=\"td-author-date\">\r\n                                                <span class=\"td-post-date\"><time class=\"entry-date updated td-module-date\" datetime=\"2023-04-04T15:02:08-03:00\" >04\/04\/2023<\/time><\/span>                    <\/span>\r\n                <\/div>\r\n            <\/div>\r\n\r\n        <\/div>\r\n\r\n        \n\t<\/div> <!-- .\/td-block-span4 --><\/div><!--.\/row-fluid-->\n\n\t<div class=\"td-block-row\">\n\n\t<div class=\"td-block-span4\">\n\r\n        <div class=\"td_module_mx1 td_module_wrap td-animation-stack\">\r\n            <div class=\"td-module-thumb\"><a href=\"https:\/\/www.institutodeengenharia.org.br\/site\/2023\/03\/21\/assista-a-gravacao-do-evento-armazenamento-de-aguas-pluviais-vantagens-ambientais-e-economicas\/\"  rel=\"bookmark\" class=\"td-image-wrap \" title=\"Armazenamento de \u00e1guas pluviais \u2013 vantagens ambientais e econ\u00f4micas\" ><img loading=\"lazy\" decoding=\"async\" class=\"entry-thumb\" src=\"data:image\/png;base64,iVBORw0KGgoAAAANSUhEUgAAAWQAAADcAQMAAAB9O0nPAAAAA1BMVEWurq51dlI4AAAAAXRSTlMmkutdmwAAACBJREFUaN7twTEBAAAAwiD7p7bDbmAAAAAAAAAAAABAdieIAAGQh2mWAAAAAElFTkSuQmCC\" alt=\"\" title=\"Armazenamento de \u00e1guas pluviais \u2013 vantagens ambientais e econ\u00f4micas\" data-type=\"image_tag\" data-img-url=\"https:\/\/www.institutodeengenharia.org.br\/site\/wp-content\/uploads\/2023\/01\/Design-sem-nome-71-356x220.jpg\"  width=\"356\" height=\"220\" \/><span class=\"td-video-play-ico\"><i class=\"td-icon-video-thumb-play\"><\/i><\/span><\/a><\/div>\r\n            <div class=\"td-module-meta-info\">\r\n                <h3 class=\"entry-title td-module-title\"><a href=\"https:\/\/www.institutodeengenharia.org.br\/site\/2023\/03\/21\/assista-a-gravacao-do-evento-armazenamento-de-aguas-pluviais-vantagens-ambientais-e-economicas\/\"  rel=\"bookmark\" title=\"Armazenamento de \u00e1guas pluviais \u2013 vantagens ambientais e econ\u00f4micas\">Armazenamento de \u00e1guas pluviais \u2013 vantagens ambientais e econ\u00f4micas<\/a><\/h3>                <div class=\"td-editor-date\">\r\n                                        <span class=\"td-author-date\">\r\n                                                <span class=\"td-post-date\"><time class=\"entry-date updated td-module-date\" datetime=\"2023-03-21T11:37:47-03:00\" >21\/03\/2023<\/time><\/span>                    <\/span>\r\n                <\/div>\r\n            <\/div>\r\n\r\n        <\/div>\r\n\r\n        \n\t<\/div> <!-- .\/td-block-span4 -->\n\n\t<div class=\"td-block-span4\">\n\r\n        <div class=\"td_module_mx1 td_module_wrap td-animation-stack\">\r\n            <div class=\"td-module-thumb\"><a href=\"https:\/\/www.institutodeengenharia.org.br\/site\/2023\/03\/16\/fundacao-em-solos-lateriticos-seguranca-economia-rapidez-e-meio-ambiente\/\"  rel=\"bookmark\" class=\"td-image-wrap \" title=\"Funda\u00e7\u00e3o em Solos Later\u00edticos: Seguran\u00e7a, Economia, Rapidez e Meio Ambiente\" ><img loading=\"lazy\" decoding=\"async\" class=\"entry-thumb\" src=\"data:image\/png;base64,iVBORw0KGgoAAAANSUhEUgAAAWQAAADcAQMAAAB9O0nPAAAAA1BMVEWurq51dlI4AAAAAXRSTlMmkutdmwAAACBJREFUaN7twTEBAAAAwiD7p7bDbmAAAAAAAAAAAABAdieIAAGQh2mWAAAAAElFTkSuQmCC\" alt=\"\" title=\"Funda\u00e7\u00e3o em Solos Later\u00edticos: Seguran\u00e7a, Economia, Rapidez e Meio Ambiente\" data-type=\"image_tag\" data-img-url=\"https:\/\/www.institutodeengenharia.org.br\/site\/wp-content\/uploads\/2023\/02\/mud-g231d61fda_1920-356x220.jpg\"  width=\"356\" height=\"220\" \/><span class=\"td-video-play-ico\"><i class=\"td-icon-video-thumb-play\"><\/i><\/span><\/a><\/div>\r\n            <div class=\"td-module-meta-info\">\r\n                <h3 class=\"entry-title td-module-title\"><a href=\"https:\/\/www.institutodeengenharia.org.br\/site\/2023\/03\/16\/fundacao-em-solos-lateriticos-seguranca-economia-rapidez-e-meio-ambiente\/\"  rel=\"bookmark\" title=\"Funda\u00e7\u00e3o em Solos Later\u00edticos: Seguran\u00e7a, Economia, Rapidez e Meio Ambiente\">Funda\u00e7\u00e3o em Solos Later\u00edticos: Seguran\u00e7a, Economia, Rapidez e Meio Ambiente<\/a><\/h3>                <div class=\"td-editor-date\">\r\n                                        <span class=\"td-author-date\">\r\n                                                <span class=\"td-post-date\"><time class=\"entry-date updated td-module-date\" datetime=\"2023-03-16T14:54:07-03:00\" >16\/03\/2023<\/time><\/span>                    <\/span>\r\n                <\/div>\r\n            <\/div>\r\n\r\n        <\/div>\r\n\r\n        \n\t<\/div> <!-- .\/td-block-span4 -->\n\n\t<div class=\"td-block-span4\">\n\r\n        <div class=\"td_module_mx1 td_module_wrap td-animation-stack\">\r\n            <div class=\"td-module-thumb\"><a href=\"https:\/\/www.institutodeengenharia.org.br\/site\/2023\/03\/16\/mola-uma-nova-maneira-de-estudar-e-ensinar-estruturas\/\"  rel=\"bookmark\" class=\"td-image-wrap \" title=\"Mola: uma nova maneira de estudar e ensinar estruturas\" ><img loading=\"lazy\" decoding=\"async\" class=\"entry-thumb\" src=\"data:image\/png;base64,iVBORw0KGgoAAAANSUhEUgAAAWQAAADcAQMAAAB9O0nPAAAAA1BMVEWurq51dlI4AAAAAXRSTlMmkutdmwAAACBJREFUaN7twTEBAAAAwiD7p7bDbmAAAAAAAAAAAABAdieIAAGQh2mWAAAAAElFTkSuQmCC\" alt=\"\" title=\"Mola: uma nova maneira de estudar e ensinar estruturas\" data-type=\"image_tag\" data-img-url=\"https:\/\/www.institutodeengenharia.org.br\/site\/wp-content\/uploads\/2023\/02\/FOTOPALESTRAESTRU-356x220.jpg\"  width=\"356\" height=\"220\" \/><span class=\"td-video-play-ico\"><i class=\"td-icon-video-thumb-play\"><\/i><\/span><\/a><\/div>\r\n            <div class=\"td-module-meta-info\">\r\n                <h3 class=\"entry-title td-module-title\"><a href=\"https:\/\/www.institutodeengenharia.org.br\/site\/2023\/03\/16\/mola-uma-nova-maneira-de-estudar-e-ensinar-estruturas\/\"  rel=\"bookmark\" title=\"Mola: uma nova maneira de estudar e ensinar estruturas\">Mola: uma nova maneira de estudar e ensinar estruturas<\/a><\/h3>                <div class=\"td-editor-date\">\r\n                                        <span class=\"td-author-date\">\r\n                                                <span class=\"td-post-date\"><time class=\"entry-date updated td-module-date\" datetime=\"2023-03-16T14:51:25-03:00\" >16\/03\/2023<\/time><\/span>                    <\/span>\r\n                <\/div>\r\n            <\/div>\r\n\r\n        <\/div>\r\n\r\n        \n\t<\/div> <!-- .\/td-block-span4 --><\/div><!--.\/row-fluid-->\n\n\t<div class=\"td-block-row\">\n\n\t<div class=\"td-block-span4\">\n\r\n        <div class=\"td_module_mx1 td_module_wrap td-animation-stack\">\r\n            <div class=\"td-module-thumb\"><a href=\"https:\/\/www.institutodeengenharia.org.br\/site\/2023\/03\/09\/coalizao-clima-floresta-e-agricultura\/\"  rel=\"bookmark\" class=\"td-image-wrap \" title=\"Encontro Coaliz\u00e3o Clima, Floresta e Agricultura\" ><img loading=\"lazy\" decoding=\"async\" class=\"entry-thumb\" src=\"data:image\/png;base64,iVBORw0KGgoAAAANSUhEUgAAAWQAAADcAQMAAAB9O0nPAAAAA1BMVEWurq51dlI4AAAAAXRSTlMmkutdmwAAACBJREFUaN7twTEBAAAAwiD7p7bDbmAAAAAAAAAAAABAdieIAAGQh2mWAAAAAElFTkSuQmCC\" alt=\"\" title=\"Encontro Coaliz\u00e3o Clima, Floresta e Agricultura\" data-type=\"image_tag\" data-img-url=\"https:\/\/www.institutodeengenharia.org.br\/site\/wp-content\/uploads\/2023\/01\/Coalizao-356x220.jpg\"  width=\"356\" height=\"220\" \/><span class=\"td-video-play-ico\"><i class=\"td-icon-video-thumb-play\"><\/i><\/span><\/a><\/div>\r\n            <div class=\"td-module-meta-info\">\r\n                <h3 class=\"entry-title td-module-title\"><a href=\"https:\/\/www.institutodeengenharia.org.br\/site\/2023\/03\/09\/coalizao-clima-floresta-e-agricultura\/\"  rel=\"bookmark\" title=\"Encontro Coaliz\u00e3o Clima, Floresta e Agricultura\">Encontro Coaliz\u00e3o Clima, Floresta e Agricultura<\/a><\/h3>                <div class=\"td-editor-date\">\r\n                                        <span class=\"td-author-date\">\r\n                                                <span class=\"td-post-date\"><time class=\"entry-date updated td-module-date\" datetime=\"2023-03-09T10:27:40-03:00\" >09\/03\/2023<\/time><\/span>                    <\/span>\r\n                <\/div>\r\n            <\/div>\r\n\r\n        <\/div>\r\n\r\n        \n\t<\/div> <!-- .\/td-block-span4 -->\n\n\t<div class=\"td-block-span4\">\n\r\n        <div class=\"td_module_mx1 td_module_wrap td-animation-stack\">\r\n            <div class=\"td-module-thumb\"><a href=\"https:\/\/www.institutodeengenharia.org.br\/site\/2023\/03\/07\/assista-abaixo-a-gravacao-do-encontro-bioeconomia-na-amazonia-e-codigo-florestal\/\"  rel=\"bookmark\" class=\"td-image-wrap \" title=\"Bioeconomia na Amaz\u00f4nia e C\u00f3digo Florestal\" ><img loading=\"lazy\" decoding=\"async\" class=\"entry-thumb\" src=\"data:image\/png;base64,iVBORw0KGgoAAAANSUhEUgAAAWQAAADcAQMAAAB9O0nPAAAAA1BMVEWurq51dlI4AAAAAXRSTlMmkutdmwAAACBJREFUaN7twTEBAAAAwiD7p7bDbmAAAAAAAAAAAABAdieIAAGQh2mWAAAAAElFTkSuQmCC\" alt=\"\" title=\"Bioeconomia na Amaz\u00f4nia e C\u00f3digo Florestal\" data-type=\"image_tag\" data-img-url=\"https:\/\/www.institutodeengenharia.org.br\/site\/wp-content\/uploads\/2023\/01\/Cristina-Leme-356x220.jpg\"  width=\"356\" height=\"220\" \/><span class=\"td-video-play-ico\"><i class=\"td-icon-video-thumb-play\"><\/i><\/span><\/a><\/div>\r\n            <div class=\"td-module-meta-info\">\r\n                <h3 class=\"entry-title td-module-title\"><a href=\"https:\/\/www.institutodeengenharia.org.br\/site\/2023\/03\/07\/assista-abaixo-a-gravacao-do-encontro-bioeconomia-na-amazonia-e-codigo-florestal\/\"  rel=\"bookmark\" title=\"Bioeconomia na Amaz\u00f4nia e C\u00f3digo Florestal\">Bioeconomia na Amaz\u00f4nia e C\u00f3digo Florestal<\/a><\/h3>                <div class=\"td-editor-date\">\r\n                                        <span class=\"td-author-date\">\r\n                                                <span class=\"td-post-date\"><time class=\"entry-date updated td-module-date\" datetime=\"2023-03-07T14:57:35-03:00\" >07\/03\/2023<\/time><\/span>                    <\/span>\r\n                <\/div>\r\n            <\/div>\r\n\r\n        <\/div>\r\n\r\n        \n\t<\/div> <!-- .\/td-block-span4 -->\n\n\t<div class=\"td-block-span4\">\n\r\n        <div class=\"td_module_mx1 td_module_wrap td-animation-stack\">\r\n            <div class=\"td-module-thumb\"><a href=\"https:\/\/www.institutodeengenharia.org.br\/site\/2023\/02\/15\/fundacao-de-predios-altos\/\"  rel=\"bookmark\" class=\"td-image-wrap \" title=\"Funda\u00e7\u00e3o de pr\u00e9dios altos\" ><img loading=\"lazy\" decoding=\"async\" class=\"entry-thumb\" src=\"data:image\/png;base64,iVBORw0KGgoAAAANSUhEUgAAAWQAAADcAQMAAAB9O0nPAAAAA1BMVEWurq51dlI4AAAAAXRSTlMmkutdmwAAACBJREFUaN7twTEBAAAAwiD7p7bDbmAAAAAAAAAAAABAdieIAAGQh2mWAAAAAElFTkSuQmCC\" alt=\"\" title=\"Funda\u00e7\u00e3o de pr\u00e9dios altos\" data-type=\"image_tag\" data-img-url=\"https:\/\/www.institutodeengenharia.org.br\/site\/wp-content\/uploads\/2023\/02\/Design-sem-nome-65-356x220.jpg\"  width=\"356\" height=\"220\" \/><span class=\"td-video-play-ico\"><i class=\"td-icon-video-thumb-play\"><\/i><\/span><\/a><\/div>\r\n            <div class=\"td-module-meta-info\">\r\n                <h3 class=\"entry-title td-module-title\"><a href=\"https:\/\/www.institutodeengenharia.org.br\/site\/2023\/02\/15\/fundacao-de-predios-altos\/\"  rel=\"bookmark\" title=\"Funda\u00e7\u00e3o de pr\u00e9dios altos\">Funda\u00e7\u00e3o de pr\u00e9dios altos<\/a><\/h3>                <div class=\"td-editor-date\">\r\n                                        <span class=\"td-author-date\">\r\n                                                <span class=\"td-post-date\"><time class=\"entry-date updated td-module-date\" datetime=\"2023-02-15T13:21:34-03:00\" >15\/02\/2023<\/time><\/span>                    <\/span>\r\n                <\/div>\r\n            <\/div>\r\n\r\n        <\/div>\r\n\r\n        \n\t<\/div> <!-- .\/td-block-span4 --><\/div><!--.\/row-fluid-->\n\n\t<div class=\"td-block-row\">\n\n\t<div class=\"td-block-span4\">\n\r\n        <div class=\"td_module_mx1 td_module_wrap td-animation-stack\">\r\n            <div class=\"td-module-thumb\"><a href=\"https:\/\/www.institutodeengenharia.org.br\/site\/2023\/02\/07\/desempenho-de-estacas-escavadas-a-seco-com-aneis-e-consolidacao-da-ponta\/\"  rel=\"bookmark\" class=\"td-image-wrap \" title=\"Desempenho de estacas escavadas a seco com an\u00e9is e consolida\u00e7\u00e3o da ponta\" ><img loading=\"lazy\" decoding=\"async\" class=\"entry-thumb\" src=\"data:image\/png;base64,iVBORw0KGgoAAAANSUhEUgAAAWQAAADcAQMAAAB9O0nPAAAAA1BMVEWurq51dlI4AAAAAXRSTlMmkutdmwAAACBJREFUaN7twTEBAAAAwiD7p7bDbmAAAAAAAAAAAABAdieIAAGQh2mWAAAAAElFTkSuQmCC\" alt=\"\" title=\"Desempenho de estacas escavadas a seco com an\u00e9is e consolida\u00e7\u00e3o da ponta\" data-type=\"image_tag\" data-img-url=\"https:\/\/www.institutodeengenharia.org.br\/site\/wp-content\/uploads\/2022\/12\/MicrosoftTeams-image-171-356x220.jpg\"  width=\"356\" height=\"220\" \/><span class=\"td-video-play-ico\"><i class=\"td-icon-video-thumb-play\"><\/i><\/span><\/a><\/div>\r\n            <div class=\"td-module-meta-info\">\r\n                <h3 class=\"entry-title td-module-title\"><a href=\"https:\/\/www.institutodeengenharia.org.br\/site\/2023\/02\/07\/desempenho-de-estacas-escavadas-a-seco-com-aneis-e-consolidacao-da-ponta\/\"  rel=\"bookmark\" title=\"Desempenho de estacas escavadas a seco com an\u00e9is e consolida\u00e7\u00e3o da ponta\">Desempenho de estacas escavadas a seco com an\u00e9is e consolida\u00e7\u00e3o da ponta<\/a><\/h3>                <div class=\"td-editor-date\">\r\n                                        <span class=\"td-author-date\">\r\n                                                <span class=\"td-post-date\"><time class=\"entry-date updated td-module-date\" datetime=\"2023-02-07T17:17:42-03:00\" >07\/02\/2023<\/time><\/span>                    <\/span>\r\n                <\/div>\r\n            <\/div>\r\n\r\n        <\/div>\r\n\r\n        \n\t<\/div> <!-- .\/td-block-span4 -->\n\n\t<div class=\"td-block-span4\">\n\r\n        <div class=\"td_module_mx1 td_module_wrap td-animation-stack\">\r\n            <div class=\"td-module-thumb\"><a href=\"https:\/\/www.institutodeengenharia.org.br\/site\/2023\/02\/07\/mobilidade-urbana-x-mobilidade-humana-e-acessibilidade\/\"  rel=\"bookmark\" class=\"td-image-wrap \" title=\"Mobilidade urbana x Mobilidade humana e acessibilidade\" ><img loading=\"lazy\" decoding=\"async\" class=\"entry-thumb\" src=\"data:image\/png;base64,iVBORw0KGgoAAAANSUhEUgAAAWQAAADcAQMAAAB9O0nPAAAAA1BMVEWurq51dlI4AAAAAXRSTlMmkutdmwAAACBJREFUaN7twTEBAAAAwiD7p7bDbmAAAAAAAAAAAABAdieIAAGQh2mWAAAAAElFTkSuQmCC\" alt=\"\" title=\"Mobilidade urbana x Mobilidade humana e acessibilidade\" data-type=\"image_tag\" data-img-url=\"https:\/\/www.institutodeengenharia.org.br\/site\/wp-content\/uploads\/2023\/02\/jpg_20221019_092843_0000-356x220.jpg\"  width=\"356\" height=\"220\" \/><span class=\"td-video-play-ico\"><i class=\"td-icon-video-thumb-play\"><\/i><\/span><\/a><\/div>\r\n            <div class=\"td-module-meta-info\">\r\n                <h3 class=\"entry-title td-module-title\"><a href=\"https:\/\/www.institutodeengenharia.org.br\/site\/2023\/02\/07\/mobilidade-urbana-x-mobilidade-humana-e-acessibilidade\/\"  rel=\"bookmark\" title=\"Mobilidade urbana x Mobilidade humana e acessibilidade\">Mobilidade urbana x Mobilidade humana e acessibilidade<\/a><\/h3>                <div class=\"td-editor-date\">\r\n                                        <span class=\"td-author-date\">\r\n                                                <span class=\"td-post-date\"><time class=\"entry-date updated td-module-date\" datetime=\"2023-02-07T11:47:54-03:00\" >07\/02\/2023<\/time><\/span>                    <\/span>\r\n                <\/div>\r\n            <\/div>\r\n\r\n        <\/div>\r\n\r\n        \n\t<\/div> <!-- .\/td-block-span4 -->\n\n\t<div class=\"td-block-span4\">\n\r\n        <div class=\"td_module_mx1 td_module_wrap td-animation-stack\">\r\n            <div class=\"td-module-thumb\"><a href=\"https:\/\/www.institutodeengenharia.org.br\/site\/2023\/02\/03\/entendendo-a-manutencao-como-um-investimento\/\"  rel=\"bookmark\" class=\"td-image-wrap \" title=\"Entendendo a manuten\u00e7\u00e3o como um investimento\" ><img loading=\"lazy\" decoding=\"async\" class=\"entry-thumb\" src=\"data:image\/png;base64,iVBORw0KGgoAAAANSUhEUgAAAWQAAADcAQMAAAB9O0nPAAAAA1BMVEWurq51dlI4AAAAAXRSTlMmkutdmwAAACBJREFUaN7twTEBAAAAwiD7p7bDbmAAAAAAAAAAAABAdieIAAGQh2mWAAAAAElFTkSuQmCC\" alt=\"\" title=\"Entendendo a manuten\u00e7\u00e3o como um investimento\" data-type=\"image_tag\" data-img-url=\"https:\/\/www.institutodeengenharia.org.br\/site\/wp-content\/uploads\/2023\/02\/20221019_141134_0000-1-356x220.webp\"  width=\"356\" height=\"220\" \/><span class=\"td-video-play-ico\"><i class=\"td-icon-video-thumb-play\"><\/i><\/span><\/a><\/div>\r\n            <div class=\"td-module-meta-info\">\r\n                <h3 class=\"entry-title td-module-title\"><a href=\"https:\/\/www.institutodeengenharia.org.br\/site\/2023\/02\/03\/entendendo-a-manutencao-como-um-investimento\/\"  rel=\"bookmark\" title=\"Entendendo a manuten\u00e7\u00e3o como um investimento\">Entendendo a manuten\u00e7\u00e3o como um investimento<\/a><\/h3>                <div class=\"td-editor-date\">\r\n                                        <span class=\"td-author-date\">\r\n                                                <span class=\"td-post-date\"><time class=\"entry-date updated td-module-date\" datetime=\"2023-02-03T15:02:17-03:00\" >03\/02\/2023<\/time><\/span>                    <\/span>\r\n                <\/div>\r\n            <\/div>\r\n\r\n        <\/div>\r\n\r\n        \n\t<\/div> <!-- .\/td-block-span4 --><\/div><!--.\/row-fluid-->\n\n\t<div class=\"td-block-row\">\n\n\t<div class=\"td-block-span4\">\n\r\n        <div class=\"td_module_mx1 td_module_wrap td-animation-stack\">\r\n            <div class=\"td-module-thumb\"><a href=\"https:\/\/www.institutodeengenharia.org.br\/site\/2023\/01\/23\/ie-talks-agricultura-digital-pesquisa-desenvolvimento-e-inovacao-nas-cadeias-produtivas\/\"  rel=\"bookmark\" class=\"td-image-wrap \" title=\"IE Talks &#8211; Agricultura digital: Pesquisa, desenvolvimento e inova\u00e7\u00e3o nas cadeias produtivas\" ><img loading=\"lazy\" decoding=\"async\" class=\"entry-thumb\" src=\"data:image\/png;base64,iVBORw0KGgoAAAANSUhEUgAAAWQAAADcAQMAAAB9O0nPAAAAA1BMVEWurq51dlI4AAAAAXRSTlMmkutdmwAAACBJREFUaN7twTEBAAAAwiD7p7bDbmAAAAAAAAAAAABAdieIAAGQh2mWAAAAAElFTkSuQmCC\" alt=\"\" title=\"IE Talks &#8211; Agricultura digital: Pesquisa, desenvolvimento e inova\u00e7\u00e3o nas cadeias produtivas\" data-type=\"image_tag\" data-img-url=\"https:\/\/www.institutodeengenharia.org.br\/site\/wp-content\/uploads\/2022\/10\/Design-sem-nome-58-356x220.jpg\"  width=\"356\" height=\"220\" \/><span class=\"td-video-play-ico\"><i class=\"td-icon-video-thumb-play\"><\/i><\/span><\/a><\/div>\r\n            <div class=\"td-module-meta-info\">\r\n                <h3 class=\"entry-title td-module-title\"><a href=\"https:\/\/www.institutodeengenharia.org.br\/site\/2023\/01\/23\/ie-talks-agricultura-digital-pesquisa-desenvolvimento-e-inovacao-nas-cadeias-produtivas\/\"  rel=\"bookmark\" title=\"IE Talks &#8211; Agricultura digital: Pesquisa, desenvolvimento e inova\u00e7\u00e3o nas cadeias produtivas\">IE Talks &#8211; Agricultura digital: Pesquisa, desenvolvimento e inova\u00e7\u00e3o nas cadeias produtivas<\/a><\/h3>                <div class=\"td-editor-date\">\r\n                                        <span class=\"td-author-date\">\r\n                                                <span class=\"td-post-date\"><time class=\"entry-date updated td-module-date\" datetime=\"2023-01-23T14:00:24-03:00\" >23\/01\/2023<\/time><\/span>                    <\/span>\r\n                <\/div>\r\n            <\/div>\r\n\r\n        <\/div>\r\n\r\n        \n\t<\/div> <!-- .\/td-block-span4 -->\n\n\t<div class=\"td-block-span4\">\n\r\n        <div class=\"td_module_mx1 td_module_wrap td-animation-stack\">\r\n            <div class=\"td-module-thumb\"><a href=\"https:\/\/www.institutodeengenharia.org.br\/site\/2023\/01\/23\/estado-da-arte-da-tecnologia-da-geracao-fotovoltaica-no-brasil-e-no-mundo\/\"  rel=\"bookmark\" class=\"td-image-wrap \" title=\"Estado da Arte da Tecnologia da Gera\u00e7\u00e3o Fotovoltaica no Brasil e no Mundo\" ><img loading=\"lazy\" decoding=\"async\" class=\"entry-thumb\" src=\"data:image\/png;base64,iVBORw0KGgoAAAANSUhEUgAAAWQAAADcAQMAAAB9O0nPAAAAA1BMVEWurq51dlI4AAAAAXRSTlMmkutdmwAAACBJREFUaN7twTEBAAAAwiD7p7bDbmAAAAAAAAAAAABAdieIAAGQh2mWAAAAAElFTkSuQmCC\" alt=\"\" title=\"Estado da Arte da Tecnologia da Gera\u00e7\u00e3o Fotovoltaica no Brasil e no Mundo\" data-type=\"image_tag\" data-img-url=\"https:\/\/www.institutodeengenharia.org.br\/site\/wp-content\/uploads\/2022\/11\/photovoltaic-ga4d6c2913_1920-356x220.jpg\"  width=\"356\" height=\"220\" \/><span class=\"td-video-play-ico\"><i class=\"td-icon-video-thumb-play\"><\/i><\/span><\/a><\/div>\r\n            <div class=\"td-module-meta-info\">\r\n                <h3 class=\"entry-title td-module-title\"><a href=\"https:\/\/www.institutodeengenharia.org.br\/site\/2023\/01\/23\/estado-da-arte-da-tecnologia-da-geracao-fotovoltaica-no-brasil-e-no-mundo\/\"  rel=\"bookmark\" title=\"Estado da Arte da Tecnologia da Gera\u00e7\u00e3o Fotovoltaica no Brasil e no Mundo\">Estado da Arte da Tecnologia da Gera\u00e7\u00e3o Fotovoltaica no Brasil e no Mundo<\/a><\/h3>                <div class=\"td-editor-date\">\r\n                                        <span class=\"td-author-date\">\r\n                                                <span class=\"td-post-date\"><time class=\"entry-date updated td-module-date\" datetime=\"2023-01-23T13:57:04-03:00\" >23\/01\/2023<\/time><\/span>                    <\/span>\r\n                <\/div>\r\n            <\/div>\r\n\r\n        <\/div>\r\n\r\n        \n\t<\/div> <!-- .\/td-block-span4 -->\n\n\t<div class=\"td-block-span4\">\n\r\n        <div class=\"td_module_mx1 td_module_wrap td-animation-stack\">\r\n            <div class=\"td-module-thumb\"><a href=\"https:\/\/www.institutodeengenharia.org.br\/site\/2023\/01\/18\/a-influencia-das-decisoes-de-projeto-e-da-escolha-de-fornecedores-na-pegada-de-carbono-de-uma-estrutura-de-concreto-armado\/\"  rel=\"bookmark\" class=\"td-image-wrap \" title=\"A Influ\u00eancia das Decis\u00f5es de Projeto e da Escolha de Fornecedores na Pegada de Carbono de uma Estrutura de Concreto Armado\" ><img loading=\"lazy\" decoding=\"async\" class=\"entry-thumb\" src=\"data:image\/png;base64,iVBORw0KGgoAAAANSUhEUgAAAWQAAADcAQMAAAB9O0nPAAAAA1BMVEWurq51dlI4AAAAAXRSTlMmkutdmwAAACBJREFUaN7twTEBAAAAwiD7p7bDbmAAAAAAAAAAAABAdieIAAGQh2mWAAAAAElFTkSuQmCC\" alt=\"\" title=\"A Influ\u00eancia das Decis\u00f5es de Projeto e da Escolha de Fornecedores na Pegada de Carbono de uma Estrutura de Concreto Armado\" data-type=\"image_tag\" data-img-url=\"https:\/\/www.institutodeengenharia.org.br\/site\/wp-content\/uploads\/2022\/06\/estrutura-cics-alveolar-356x220.jpg\"  width=\"356\" height=\"220\" \/><span class=\"td-video-play-ico\"><i class=\"td-icon-video-thumb-play\"><\/i><\/span><\/a><\/div>\r\n            <div class=\"td-module-meta-info\">\r\n                <h3 class=\"entry-title td-module-title\"><a href=\"https:\/\/www.institutodeengenharia.org.br\/site\/2023\/01\/18\/a-influencia-das-decisoes-de-projeto-e-da-escolha-de-fornecedores-na-pegada-de-carbono-de-uma-estrutura-de-concreto-armado\/\"  rel=\"bookmark\" title=\"A Influ\u00eancia das Decis\u00f5es de Projeto e da Escolha de Fornecedores na Pegada de Carbono de uma Estrutura de Concreto Armado\">A Influ\u00eancia das Decis\u00f5es de Projeto e da Escolha de Fornecedores na Pegada de Carbono de uma Estrutura de Concreto Armado<\/a><\/h3>                <div class=\"td-editor-date\">\r\n                                        <span class=\"td-author-date\">\r\n                                                <span class=\"td-post-date\"><time class=\"entry-date updated td-module-date\" datetime=\"2023-01-18T11:14:01-03:00\" >18\/01\/2023<\/time><\/span>                    <\/span>\r\n                <\/div>\r\n            <\/div>\r\n\r\n        <\/div>\r\n\r\n        \n\t<\/div> <!-- .\/td-block-span4 --><\/div><!--.\/row-fluid-->\n\n\t<div class=\"td-block-row\">\n\n\t<div class=\"td-block-span4\">\n\r\n        <div class=\"td_module_mx1 td_module_wrap td-animation-stack\">\r\n            <div class=\"td-module-thumb\"><a href=\"https:\/\/www.institutodeengenharia.org.br\/site\/2023\/01\/18\/edificios-verdes-com-indicadores-da-90-1-de-eficiencia-energetica-e-automacao\/\"  rel=\"bookmark\" class=\"td-image-wrap \" title=\"Edif\u00edcios verdes com indicadores da 90.1 de efici\u00eancia energ\u00e9tica e automa\u00e7\u00e3o\" ><img loading=\"lazy\" decoding=\"async\" class=\"entry-thumb\" src=\"data:image\/png;base64,iVBORw0KGgoAAAANSUhEUgAAAWQAAADcAQMAAAB9O0nPAAAAA1BMVEWurq51dlI4AAAAAXRSTlMmkutdmwAAACBJREFUaN7twTEBAAAAwiD7p7bDbmAAAAAAAAAAAABAdieIAAGQh2mWAAAAAElFTkSuQmCC\" alt=\"\" title=\"Edif\u00edcios verdes com indicadores da 90.1 de efici\u00eancia energ\u00e9tica e automa\u00e7\u00e3o\" data-type=\"image_tag\" data-img-url=\"https:\/\/www.institutodeengenharia.org.br\/site\/wp-content\/uploads\/2023\/01\/Design-sem-nome-75-1-356x220.webp\"  width=\"356\" height=\"220\" \/><span class=\"td-video-play-ico\"><i class=\"td-icon-video-thumb-play\"><\/i><\/span><\/a><\/div>\r\n            <div class=\"td-module-meta-info\">\r\n                <h3 class=\"entry-title td-module-title\"><a href=\"https:\/\/www.institutodeengenharia.org.br\/site\/2023\/01\/18\/edificios-verdes-com-indicadores-da-90-1-de-eficiencia-energetica-e-automacao\/\"  rel=\"bookmark\" title=\"Edif\u00edcios verdes com indicadores da 90.1 de efici\u00eancia energ\u00e9tica e automa\u00e7\u00e3o\">Edif\u00edcios verdes com indicadores da 90.1 de efici\u00eancia energ\u00e9tica e automa\u00e7\u00e3o<\/a><\/h3>                <div class=\"td-editor-date\">\r\n                                        <span class=\"td-author-date\">\r\n                                                <span class=\"td-post-date\"><time class=\"entry-date updated td-module-date\" datetime=\"2023-01-18T10:10:45-03:00\" >18\/01\/2023<\/time><\/span>                    <\/span>\r\n                <\/div>\r\n            <\/div>\r\n\r\n        <\/div>\r\n\r\n        \n\t<\/div> <!-- .\/td-block-span4 -->\n\n\t<div class=\"td-block-span4\">\n\r\n        <div class=\"td_module_mx1 td_module_wrap td-animation-stack\">\r\n            <div class=\"td-module-thumb\"><a href=\"https:\/\/www.institutodeengenharia.org.br\/site\/2023\/01\/18\/porto-de-sao-sebastiao-e-sua-importancia-na-cadeia-logistica-portuaria-de-sao-paulo\/\"  rel=\"bookmark\" class=\"td-image-wrap \" title=\"Porto de S\u00e3o Sebasti\u00e3o e sua import\u00e2ncia na cadeia log\u00edstica portu\u00e1ria de S\u00e3o Paulo\" ><img loading=\"lazy\" decoding=\"async\" class=\"entry-thumb\" src=\"data:image\/png;base64,iVBORw0KGgoAAAANSUhEUgAAAWQAAADcAQMAAAB9O0nPAAAAA1BMVEWurq51dlI4AAAAAXRSTlMmkutdmwAAACBJREFUaN7twTEBAAAAwiD7p7bDbmAAAAAAAAAAAABAdieIAAGQh2mWAAAAAElFTkSuQmCC\" alt=\"\" title=\"Porto de S\u00e3o Sebasti\u00e3o e sua import\u00e2ncia na cadeia log\u00edstica portu\u00e1ria de S\u00e3o Paulo\" data-type=\"image_tag\" data-img-url=\"https:\/\/www.institutodeengenharia.org.br\/site\/wp-content\/uploads\/2022\/07\/sao-sebastiao-356x220.png\"  width=\"356\" height=\"220\" \/><span class=\"td-video-play-ico\"><i class=\"td-icon-video-thumb-play\"><\/i><\/span><\/a><\/div>\r\n            <div class=\"td-module-meta-info\">\r\n                <h3 class=\"entry-title td-module-title\"><a href=\"https:\/\/www.institutodeengenharia.org.br\/site\/2023\/01\/18\/porto-de-sao-sebastiao-e-sua-importancia-na-cadeia-logistica-portuaria-de-sao-paulo\/\"  rel=\"bookmark\" title=\"Porto de S\u00e3o Sebasti\u00e3o e sua import\u00e2ncia na cadeia log\u00edstica portu\u00e1ria de S\u00e3o Paulo\">Porto de S\u00e3o Sebasti\u00e3o e sua import\u00e2ncia na cadeia log\u00edstica portu\u00e1ria de S\u00e3o Paulo<\/a><\/h3>                <div class=\"td-editor-date\">\r\n                                        <span class=\"td-author-date\">\r\n                                                <span class=\"td-post-date\"><time class=\"entry-date updated td-module-date\" datetime=\"2023-01-18T10:06:10-03:00\" >18\/01\/2023<\/time><\/span>                    <\/span>\r\n                <\/div>\r\n            <\/div>\r\n\r\n        <\/div>\r\n\r\n        \n\t<\/div> <!-- .\/td-block-span4 -->\n\n\t<div class=\"td-block-span4\">\n\r\n        <div class=\"td_module_mx1 td_module_wrap td-animation-stack\">\r\n            <div class=\"td-module-thumb\"><a href=\"https:\/\/www.institutodeengenharia.org.br\/site\/2023\/01\/12\/engenheiros-estao-em-falta-nos-estados-unidos-e-voce-pode-ajudar-green-card-profisssao\/\"  rel=\"bookmark\" class=\"td-image-wrap \" title=\"Engenheiros est\u00e3o em falta nos Estados Unidos e voc\u00ea pode ajudar! Green Card &#038; profisss\u00e3o\" ><img loading=\"lazy\" decoding=\"async\" class=\"entry-thumb\" src=\"data:image\/png;base64,iVBORw0KGgoAAAANSUhEUgAAAWQAAADcAQMAAAB9O0nPAAAAA1BMVEWurq51dlI4AAAAAXRSTlMmkutdmwAAACBJREFUaN7twTEBAAAAwiD7p7bDbmAAAAAAAAAAAABAdieIAAGQh2mWAAAAAElFTkSuQmCC\" alt=\"\" title=\"Engenheiros est\u00e3o em falta nos Estados Unidos e voc\u00ea pode ajudar! Green Card &#038; profisss\u00e3o\" data-type=\"image_tag\" data-img-url=\"https:\/\/www.institutodeengenharia.org.br\/site\/wp-content\/uploads\/2022\/11\/Design-sem-nome-2022-11-21T115923.389-356x220.webp\"  width=\"356\" height=\"220\" \/><span class=\"td-video-play-ico\"><i class=\"td-icon-video-thumb-play\"><\/i><\/span><\/a><\/div>\r\n            <div class=\"td-module-meta-info\">\r\n                <h3 class=\"entry-title td-module-title\"><a href=\"https:\/\/www.institutodeengenharia.org.br\/site\/2023\/01\/12\/engenheiros-estao-em-falta-nos-estados-unidos-e-voce-pode-ajudar-green-card-profisssao\/\"  rel=\"bookmark\" title=\"Engenheiros est\u00e3o em falta nos Estados Unidos e voc\u00ea pode ajudar! Green Card &#038; profisss\u00e3o\">Engenheiros est\u00e3o em falta nos Estados Unidos e voc\u00ea pode ajudar! Green Card &#038; profisss\u00e3o<\/a><\/h3>                <div class=\"td-editor-date\">\r\n                                        <span class=\"td-author-date\">\r\n                                                <span class=\"td-post-date\"><time class=\"entry-date updated td-module-date\" datetime=\"2023-01-12T13:57:15-03:00\" >12\/01\/2023<\/time><\/span>                    <\/span>\r\n                <\/div>\r\n            <\/div>\r\n\r\n        <\/div>\r\n\r\n        \n\t<\/div> <!-- .\/td-block-span4 --><\/div><!--.\/row-fluid-->\n\n\t<div class=\"td-block-row\">\n\n\t<div class=\"td-block-span4\">\n\r\n        <div class=\"td_module_mx1 td_module_wrap td-animation-stack\">\r\n            <div class=\"td-module-thumb\"><a href=\"https:\/\/www.institutodeengenharia.org.br\/site\/2023\/01\/12\/norma-nbr-7256-2021-tratamento-de-ar-em-estabelecimentos-assistenciais-de-saude-eas-requisitos-para-projeto-e-execucao-das-instalacoes\/\"  rel=\"bookmark\" class=\"td-image-wrap \" title=\"Norma NBR 7256\/2021 Tratamento de ar em estabelecimentos assistenciais de sa\u00fade (EAS) &#8211; Requisitos para projeto e execu\u00e7\u00e3o das instala\u00e7\u00f5es\" ><img loading=\"lazy\" decoding=\"async\" class=\"entry-thumb\" src=\"data:image\/png;base64,iVBORw0KGgoAAAANSUhEUgAAAWQAAADcAQMAAAB9O0nPAAAAA1BMVEWurq51dlI4AAAAAXRSTlMmkutdmwAAACBJREFUaN7twTEBAAAAwiD7p7bDbmAAAAAAAAAAAABAdieIAAGQh2mWAAAAAElFTkSuQmCC\" alt=\"\" title=\"Norma NBR 7256\/2021 Tratamento de ar em estabelecimentos assistenciais de sa\u00fade (EAS) &#8211; Requisitos para projeto e execu\u00e7\u00e3o das instala\u00e7\u00f5es\" data-type=\"image_tag\" data-img-url=\"https:\/\/www.institutodeengenharia.org.br\/site\/wp-content\/uploads\/2022\/08\/MARKETING-PESSOAL-356x220.jpg\"  width=\"356\" height=\"220\" \/><span class=\"td-video-play-ico\"><i class=\"td-icon-video-thumb-play\"><\/i><\/span><\/a><\/div>\r\n            <div class=\"td-module-meta-info\">\r\n                <h3 class=\"entry-title td-module-title\"><a href=\"https:\/\/www.institutodeengenharia.org.br\/site\/2023\/01\/12\/norma-nbr-7256-2021-tratamento-de-ar-em-estabelecimentos-assistenciais-de-saude-eas-requisitos-para-projeto-e-execucao-das-instalacoes\/\"  rel=\"bookmark\" title=\"Norma NBR 7256\/2021 Tratamento de ar em estabelecimentos assistenciais de sa\u00fade (EAS) &#8211; Requisitos para projeto e execu\u00e7\u00e3o das instala\u00e7\u00f5es\">Norma NBR 7256\/2021 Tratamento de ar em estabelecimentos assistenciais de sa\u00fade (EAS) &#8211; Requisitos para projeto e execu\u00e7\u00e3o das instala\u00e7\u00f5es<\/a><\/h3>                <div class=\"td-editor-date\">\r\n                                        <span class=\"td-author-date\">\r\n                                                <span class=\"td-post-date\"><time class=\"entry-date updated td-module-date\" datetime=\"2023-01-12T13:52:35-03:00\" >12\/01\/2023<\/time><\/span>                    <\/span>\r\n                <\/div>\r\n            <\/div>\r\n\r\n        <\/div>\r\n\r\n        \n\t<\/div> <!-- .\/td-block-span4 -->\n\n\t<div class=\"td-block-span4\">\n\r\n        <div class=\"td_module_mx1 td_module_wrap td-animation-stack\">\r\n            <div class=\"td-module-thumb\"><a href=\"https:\/\/www.institutodeengenharia.org.br\/site\/2023\/01\/09\/mercado-de-trabalho-para-o-jovem-engenheiro\/\"  rel=\"bookmark\" class=\"td-image-wrap \" title=\"Mercado de trabalho para o jovem engenheiro\" ><img loading=\"lazy\" decoding=\"async\" class=\"entry-thumb\" src=\"data:image\/png;base64,iVBORw0KGgoAAAANSUhEUgAAAWQAAADcAQMAAAB9O0nPAAAAA1BMVEWurq51dlI4AAAAAXRSTlMmkutdmwAAACBJREFUaN7twTEBAAAAwiD7p7bDbmAAAAAAAAAAAABAdieIAAGQh2mWAAAAAElFTkSuQmCC\" alt=\"\" title=\"Mercado de trabalho para o jovem engenheiro\" data-type=\"image_tag\" data-img-url=\"https:\/\/www.institutodeengenharia.org.br\/site\/wp-content\/uploads\/2022\/08\/Design-sem-nome-93-356x220.png\"  width=\"356\" height=\"220\" \/><span class=\"td-video-play-ico\"><i class=\"td-icon-video-thumb-play\"><\/i><\/span><\/a><\/div>\r\n            <div class=\"td-module-meta-info\">\r\n                <h3 class=\"entry-title td-module-title\"><a href=\"https:\/\/www.institutodeengenharia.org.br\/site\/2023\/01\/09\/mercado-de-trabalho-para-o-jovem-engenheiro\/\"  rel=\"bookmark\" title=\"Mercado de trabalho para o jovem engenheiro\">Mercado de trabalho para o jovem engenheiro<\/a><\/h3>                <div class=\"td-editor-date\">\r\n                                        <span class=\"td-author-date\">\r\n                                                <span class=\"td-post-date\"><time class=\"entry-date updated td-module-date\" datetime=\"2023-01-09T15:59:40-03:00\" >09\/01\/2023<\/time><\/span>                    <\/span>\r\n                <\/div>\r\n            <\/div>\r\n\r\n        <\/div>\r\n\r\n        \n\t<\/div> <!-- .\/td-block-span4 -->\n\n\t<div class=\"td-block-span4\">\n\r\n        <div class=\"td_module_mx1 td_module_wrap td-animation-stack\">\r\n            <div class=\"td-module-thumb\"><a href=\"https:\/\/www.institutodeengenharia.org.br\/site\/2023\/01\/09\/ensaio-spt-e-a-medida-do-torque\/\"  rel=\"bookmark\" class=\"td-image-wrap \" title=\"Ensaio SPT e a medida do torque\" ><img loading=\"lazy\" decoding=\"async\" class=\"entry-thumb\" src=\"data:image\/png;base64,iVBORw0KGgoAAAANSUhEUgAAAWQAAADcAQMAAAB9O0nPAAAAA1BMVEWurq51dlI4AAAAAXRSTlMmkutdmwAAACBJREFUaN7twTEBAAAAwiD7p7bDbmAAAAAAAAAAAABAdieIAAGQh2mWAAAAAElFTkSuQmCC\" alt=\"\" title=\"Ensaio SPT e a medida do torque\" data-type=\"image_tag\" data-img-url=\"https:\/\/www.institutodeengenharia.org.br\/site\/wp-content\/uploads\/2023\/01\/MicrosoftTeams-image-173-356x220.jpg\"  width=\"356\" height=\"220\" \/><span class=\"td-video-play-ico\"><i class=\"td-icon-video-thumb-play\"><\/i><\/span><\/a><\/div>\r\n            <div class=\"td-module-meta-info\">\r\n                <h3 class=\"entry-title td-module-title\"><a href=\"https:\/\/www.institutodeengenharia.org.br\/site\/2023\/01\/09\/ensaio-spt-e-a-medida-do-torque\/\"  rel=\"bookmark\" title=\"Ensaio SPT e a medida do torque\">Ensaio SPT e a medida do torque<\/a><\/h3>                <div class=\"td-editor-date\">\r\n                                        <span class=\"td-author-date\">\r\n                                                <span class=\"td-post-date\"><time class=\"entry-date updated td-module-date\" datetime=\"2023-01-09T11:47:24-03:00\" >09\/01\/2023<\/time><\/span>                    <\/span>\r\n                <\/div>\r\n            <\/div>\r\n\r\n        <\/div>\r\n\r\n        \n\t<\/div> <!-- .\/td-block-span4 --><\/div><!--.\/row-fluid-->\n\n\t<div class=\"td-block-row\">\n\n\t<div class=\"td-block-span4\">\n\r\n        <div class=\"td_module_mx1 td_module_wrap td-animation-stack\">\r\n            <div class=\"td-module-thumb\"><a href=\"https:\/\/www.institutodeengenharia.org.br\/site\/2023\/01\/04\/importancia-da-qualidade-do-ar-interno\/\"  rel=\"bookmark\" class=\"td-image-wrap \" title=\"Import\u00e2ncia da qualidade do ar interno\" ><img loading=\"lazy\" decoding=\"async\" class=\"entry-thumb\" src=\"data:image\/png;base64,iVBORw0KGgoAAAANSUhEUgAAAWQAAADcAQMAAAB9O0nPAAAAA1BMVEWurq51dlI4AAAAAXRSTlMmkutdmwAAACBJREFUaN7twTEBAAAAwiD7p7bDbmAAAAAAAAAAAABAdieIAAGQh2mWAAAAAElFTkSuQmCC\" alt=\"\" title=\"Import\u00e2ncia da qualidade do ar interno\" data-type=\"image_tag\" data-img-url=\"https:\/\/www.institutodeengenharia.org.br\/site\/wp-content\/uploads\/2022\/10\/imagemar-356x220.png\"  width=\"356\" height=\"220\" \/><span class=\"td-video-play-ico\"><i class=\"td-icon-video-thumb-play\"><\/i><\/span><\/a><\/div>\r\n            <div class=\"td-module-meta-info\">\r\n                <h3 class=\"entry-title td-module-title\"><a href=\"https:\/\/www.institutodeengenharia.org.br\/site\/2023\/01\/04\/importancia-da-qualidade-do-ar-interno\/\"  rel=\"bookmark\" title=\"Import\u00e2ncia da qualidade do ar interno\">Import\u00e2ncia da qualidade do ar interno<\/a><\/h3>                <div class=\"td-editor-date\">\r\n                                        <span class=\"td-author-date\">\r\n                                                <span class=\"td-post-date\"><time class=\"entry-date updated td-module-date\" datetime=\"2023-01-04T14:47:16-03:00\" >04\/01\/2023<\/time><\/span>                    <\/span>\r\n                <\/div>\r\n            <\/div>\r\n\r\n        <\/div>\r\n\r\n        \n\t<\/div> <!-- .\/td-block-span4 -->\n\n\t<div class=\"td-block-span4\">\n\r\n        <div class=\"td_module_mx1 td_module_wrap td-animation-stack\">\r\n            <div class=\"td-module-thumb\"><a href=\"https:\/\/www.institutodeengenharia.org.br\/site\/2023\/01\/03\/drones-e-aplicacoes-em-geomatica-e-no-agronegocio\/\"  rel=\"bookmark\" class=\"td-image-wrap \" title=\"Drones e aplica\u00e7\u00f5es em geom\u00e1tica e no agroneg\u00f3cio\" ><img loading=\"lazy\" decoding=\"async\" class=\"entry-thumb\" src=\"data:image\/png;base64,iVBORw0KGgoAAAANSUhEUgAAAWQAAADcAQMAAAB9O0nPAAAAA1BMVEWurq51dlI4AAAAAXRSTlMmkutdmwAAACBJREFUaN7twTEBAAAAwiD7p7bDbmAAAAAAAAAAAABAdieIAAGQh2mWAAAAAElFTkSuQmCC\" alt=\"\" title=\"Drones e aplica\u00e7\u00f5es em geom\u00e1tica e no agroneg\u00f3cio\" data-type=\"image_tag\" data-img-url=\"https:\/\/www.institutodeengenharia.org.br\/site\/wp-content\/uploads\/2022\/07\/Design-sem-nome-66-356x220.png\"  width=\"356\" height=\"220\" \/><span class=\"td-video-play-ico\"><i class=\"td-icon-video-thumb-play\"><\/i><\/span><\/a><\/div>\r\n            <div class=\"td-module-meta-info\">\r\n                <h3 class=\"entry-title td-module-title\"><a href=\"https:\/\/www.institutodeengenharia.org.br\/site\/2023\/01\/03\/drones-e-aplicacoes-em-geomatica-e-no-agronegocio\/\"  rel=\"bookmark\" title=\"Drones e aplica\u00e7\u00f5es em geom\u00e1tica e no agroneg\u00f3cio\">Drones e aplica\u00e7\u00f5es em geom\u00e1tica e no agroneg\u00f3cio<\/a><\/h3>                <div class=\"td-editor-date\">\r\n                                        <span class=\"td-author-date\">\r\n                                                <span class=\"td-post-date\"><time class=\"entry-date updated td-module-date\" datetime=\"2023-01-03T08:25:32-03:00\" >03\/01\/2023<\/time><\/span>                    <\/span>\r\n                <\/div>\r\n            <\/div>\r\n\r\n        <\/div>\r\n\r\n        \n\t<\/div> <!-- .\/td-block-span4 -->\n\n\t<div class=\"td-block-span4\">\n\r\n        <div class=\"td_module_mx1 td_module_wrap td-animation-stack\">\r\n            <div class=\"td-module-thumb\"><a href=\"https:\/\/www.institutodeengenharia.org.br\/site\/2022\/12\/23\/assista-a-gravacao-do-dia-do-engenheiro\/\"  rel=\"bookmark\" class=\"td-image-wrap \" title=\"Assista \u00e0 grava\u00e7\u00e3o do Dia do Engenheiro\" ><img loading=\"lazy\" decoding=\"async\" class=\"entry-thumb\" src=\"data:image\/png;base64,iVBORw0KGgoAAAANSUhEUgAAAWQAAADcAQMAAAB9O0nPAAAAA1BMVEWurq51dlI4AAAAAXRSTlMmkutdmwAAACBJREFUaN7twTEBAAAAwiD7p7bDbmAAAAAAAAAAAABAdieIAAGQh2mWAAAAAElFTkSuQmCC\" alt=\"\" title=\"Assista \u00e0 grava\u00e7\u00e3o do Dia do Engenheiro\" data-type=\"image_tag\" data-img-url=\"https:\/\/www.institutodeengenharia.org.br\/site\/wp-content\/uploads\/2022\/12\/SLJ_4432-356x220.jpg\"  width=\"356\" height=\"220\" \/><span class=\"td-video-play-ico\"><i class=\"td-icon-video-thumb-play\"><\/i><\/span><\/a><\/div>\r\n            <div class=\"td-module-meta-info\">\r\n                <h3 class=\"entry-title td-module-title\"><a href=\"https:\/\/www.institutodeengenharia.org.br\/site\/2022\/12\/23\/assista-a-gravacao-do-dia-do-engenheiro\/\"  rel=\"bookmark\" title=\"Assista \u00e0 grava\u00e7\u00e3o do Dia do Engenheiro\">Assista \u00e0 grava\u00e7\u00e3o do Dia do Engenheiro<\/a><\/h3>                <div class=\"td-editor-date\">\r\n                                        <span class=\"td-author-date\">\r\n                                                <span class=\"td-post-date\"><time class=\"entry-date updated td-module-date\" datetime=\"2022-12-23T15:49:56-03:00\" >23\/12\/2022<\/time><\/span>                    <\/span>\r\n                <\/div>\r\n            <\/div>\r\n\r\n        <\/div>\r\n\r\n        \n\t<\/div> <!-- .\/td-block-span4 --><\/div><!--.\/row-fluid-->\n\n\t<div class=\"td-block-row\">\n\n\t<div class=\"td-block-span4\">\n\r\n        <div class=\"td_module_mx1 td_module_wrap td-animation-stack\">\r\n            <div class=\"td-module-thumb\"><a href=\"https:\/\/www.institutodeengenharia.org.br\/site\/2022\/12\/20\/fieldpro-inteligencia-artificial-ia-aplicada-na-previsao-hiperlocal-do-tempo-na-agricultura\/\"  rel=\"bookmark\" class=\"td-image-wrap \" title=\"FIELDPRO: Intelig\u00eancia artificial (IA) aplicada na previs\u00e3o hiperlocal do tempo na agricultura\" ><img loading=\"lazy\" decoding=\"async\" class=\"entry-thumb\" src=\"data:image\/png;base64,iVBORw0KGgoAAAANSUhEUgAAAWQAAADcAQMAAAB9O0nPAAAAA1BMVEWurq51dlI4AAAAAXRSTlMmkutdmwAAACBJREFUaN7twTEBAAAAwiD7p7bDbmAAAAAAAAAAAABAdieIAAGQh2mWAAAAAElFTkSuQmCC\" alt=\"\" title=\"FIELDPRO: Intelig\u00eancia artificial (IA) aplicada na previs\u00e3o hiperlocal do tempo na agricultura\" data-type=\"image_tag\" data-img-url=\"https:\/\/www.institutodeengenharia.org.br\/site\/wp-content\/uploads\/2022\/08\/Design-sem-nome-97-356x220.png\"  width=\"356\" height=\"220\" \/><span class=\"td-video-play-ico\"><i class=\"td-icon-video-thumb-play\"><\/i><\/span><\/a><\/div>\r\n            <div class=\"td-module-meta-info\">\r\n                <h3 class=\"entry-title td-module-title\"><a href=\"https:\/\/www.institutodeengenharia.org.br\/site\/2022\/12\/20\/fieldpro-inteligencia-artificial-ia-aplicada-na-previsao-hiperlocal-do-tempo-na-agricultura\/\"  rel=\"bookmark\" title=\"FIELDPRO: Intelig\u00eancia artificial (IA) aplicada na previs\u00e3o hiperlocal do tempo na agricultura\">FIELDPRO: Intelig\u00eancia artificial (IA) aplicada na previs\u00e3o hiperlocal do tempo na agricultura<\/a><\/h3>                <div class=\"td-editor-date\">\r\n                                        <span class=\"td-author-date\">\r\n                                                <span class=\"td-post-date\"><time class=\"entry-date updated td-module-date\" datetime=\"2022-12-20T13:42:02-03:00\" >20\/12\/2022<\/time><\/span>                    <\/span>\r\n                <\/div>\r\n            <\/div>\r\n\r\n        <\/div>\r\n\r\n        \n\t<\/div> <!-- .\/td-block-span4 -->\n\n\t<div class=\"td-block-span4\">\n\r\n        <div class=\"td_module_mx1 td_module_wrap td-animation-stack\">\r\n            <div class=\"td-module-thumb\"><a href=\"https:\/\/www.institutodeengenharia.org.br\/site\/2022\/12\/16\/1o-seminario-de-engenharia-e-gestao-de-ativos-sega\/\"  rel=\"bookmark\" class=\"td-image-wrap \" title=\"1\u00ba Semin\u00e1rio de Engenharia e Gest\u00e3o de Ativos &#8211; SEGA\" ><img loading=\"lazy\" decoding=\"async\" class=\"entry-thumb\" src=\"data:image\/png;base64,iVBORw0KGgoAAAANSUhEUgAAAWQAAADcAQMAAAB9O0nPAAAAA1BMVEWurq51dlI4AAAAAXRSTlMmkutdmwAAACBJREFUaN7twTEBAAAAwiD7p7bDbmAAAAAAAAAAAABAdieIAAGQh2mWAAAAAElFTkSuQmCC\" alt=\"\" title=\"1\u00ba Semin\u00e1rio de Engenharia e Gest\u00e3o de Ativos &#8211; SEGA\" data-type=\"image_tag\" data-img-url=\"https:\/\/www.institutodeengenharia.org.br\/site\/wp-content\/uploads\/2022\/08\/SELO-SEGA-CORES-CMYK_sem-fundo-356x220.webp\"  width=\"356\" height=\"220\" \/><span class=\"td-video-play-ico\"><i class=\"td-icon-video-thumb-play\"><\/i><\/span><\/a><\/div>\r\n            <div class=\"td-module-meta-info\">\r\n                <h3 class=\"entry-title td-module-title\"><a href=\"https:\/\/www.institutodeengenharia.org.br\/site\/2022\/12\/16\/1o-seminario-de-engenharia-e-gestao-de-ativos-sega\/\"  rel=\"bookmark\" title=\"1\u00ba Semin\u00e1rio de Engenharia e Gest\u00e3o de Ativos &#8211; SEGA\">1\u00ba Semin\u00e1rio de Engenharia e Gest\u00e3o de Ativos &#8211; SEGA<\/a><\/h3>                <div class=\"td-editor-date\">\r\n                                        <span class=\"td-author-date\">\r\n                                                <span class=\"td-post-date\"><time class=\"entry-date updated td-module-date\" datetime=\"2022-12-16T12:05:13-03:00\" >16\/12\/2022<\/time><\/span>                    <\/span>\r\n                <\/div>\r\n            <\/div>\r\n\r\n        <\/div>\r\n\r\n        \n\t<\/div> <!-- .\/td-block-span4 -->\n\n\t<div class=\"td-block-span4\">\n\r\n        <div class=\"td_module_mx1 td_module_wrap td-animation-stack\">\r\n            <div class=\"td-module-thumb\"><a href=\"https:\/\/www.institutodeengenharia.org.br\/site\/2022\/12\/15\/video-de-apresentacao-do-centro-camargo-correia-por-icc\/\"  rel=\"bookmark\" class=\"td-image-wrap \" title=\"V\u00eddeo de Apresenta\u00e7\u00e3o do Centro de Treinamento Sebasti\u00e3o Camargo, por ICC\" ><img loading=\"lazy\" decoding=\"async\" class=\"entry-thumb\" src=\"data:image\/png;base64,iVBORw0KGgoAAAANSUhEUgAAAWQAAADcAQMAAAB9O0nPAAAAA1BMVEWurq51dlI4AAAAAXRSTlMmkutdmwAAACBJREFUaN7twTEBAAAAwiD7p7bDbmAAAAAAAAAAAABAdieIAAGQh2mWAAAAAElFTkSuQmCC\" alt=\"\" title=\"V\u00eddeo de Apresenta\u00e7\u00e3o do Centro de Treinamento Sebasti\u00e3o Camargo, por ICC\" data-type=\"image_tag\" data-img-url=\"https:\/\/www.institutodeengenharia.org.br\/site\/wp-content\/uploads\/2022\/12\/camargoslaa-356x220.png\"  width=\"356\" height=\"220\" \/><\/a><\/div>\r\n            <div class=\"td-module-meta-info\">\r\n                <h3 class=\"entry-title td-module-title\"><a href=\"https:\/\/www.institutodeengenharia.org.br\/site\/2022\/12\/15\/video-de-apresentacao-do-centro-camargo-correia-por-icc\/\"  rel=\"bookmark\" title=\"V\u00eddeo de Apresenta\u00e7\u00e3o do Centro de Treinamento Sebasti\u00e3o Camargo, por ICC\">V\u00eddeo de Apresenta\u00e7\u00e3o do Centro de Treinamento Sebasti\u00e3o Camargo, por ICC<\/a><\/h3>                <div class=\"td-editor-date\">\r\n                                        <span class=\"td-author-date\">\r\n                                                <span class=\"td-post-date\"><time class=\"entry-date updated td-module-date\" datetime=\"2022-12-15T11:09:04-03:00\" >15\/12\/2022<\/time><\/span>                    <\/span>\r\n                <\/div>\r\n            <\/div>\r\n\r\n        <\/div>\r\n\r\n        \n\t<\/div> <!-- .\/td-block-span4 --><\/div><!--.\/row-fluid-->\n\n\t<div class=\"td-block-row\">\n\n\t<div class=\"td-block-span4\">\n\r\n        <div class=\"td_module_mx1 td_module_wrap td-animation-stack\">\r\n            <div class=\"td-module-thumb\"><a href=\"https:\/\/www.institutodeengenharia.org.br\/site\/2022\/12\/06\/seguranca-nas-vistorias\/\"  rel=\"bookmark\" class=\"td-image-wrap \" title=\"Seguran\u00e7a nas Vistorias\" ><img loading=\"lazy\" decoding=\"async\" class=\"entry-thumb\" src=\"data:image\/png;base64,iVBORw0KGgoAAAANSUhEUgAAAWQAAADcAQMAAAB9O0nPAAAAA1BMVEWurq51dlI4AAAAAXRSTlMmkutdmwAAACBJREFUaN7twTEBAAAAwiD7p7bDbmAAAAAAAAAAAABAdieIAAGQh2mWAAAAAElFTkSuQmCC\" alt=\"\" title=\"Seguran\u00e7a nas Vistorias\" data-type=\"image_tag\" data-img-url=\"https:\/\/www.institutodeengenharia.org.br\/site\/wp-content\/uploads\/2022\/12\/Design-sem-nome-30-356x220.jpg\"  width=\"356\" height=\"220\" \/><span class=\"td-video-play-ico\"><i class=\"td-icon-video-thumb-play\"><\/i><\/span><\/a><\/div>\r\n            <div class=\"td-module-meta-info\">\r\n                <h3 class=\"entry-title td-module-title\"><a href=\"https:\/\/www.institutodeengenharia.org.br\/site\/2022\/12\/06\/seguranca-nas-vistorias\/\"  rel=\"bookmark\" title=\"Seguran\u00e7a nas Vistorias\">Seguran\u00e7a nas Vistorias<\/a><\/h3>                <div class=\"td-editor-date\">\r\n                                        <span class=\"td-author-date\">\r\n                                                <span class=\"td-post-date\"><time class=\"entry-date updated td-module-date\" datetime=\"2022-12-06T10:01:58-03:00\" >06\/12\/2022<\/time><\/span>                    <\/span>\r\n                <\/div>\r\n            <\/div>\r\n\r\n        <\/div>\r\n\r\n        \n\t<\/div> <!-- .\/td-block-span4 -->\n\n\t<div class=\"td-block-span4\">\n\r\n        <div class=\"td_module_mx1 td_module_wrap td-animation-stack\">\r\n            <div class=\"td-module-thumb\"><a href=\"https:\/\/www.institutodeengenharia.org.br\/site\/2022\/11\/22\/por-que-essa-abundancia-nao-se-traduz-em-prosperidade\/\"  rel=\"bookmark\" class=\"td-image-wrap \" title=\"Por que essa abund\u00e2ncia n\u00e3o se traduz em prosperidade?\" ><img loading=\"lazy\" decoding=\"async\" class=\"entry-thumb\" src=\"data:image\/png;base64,iVBORw0KGgoAAAANSUhEUgAAAWQAAADcAQMAAAB9O0nPAAAAA1BMVEWurq51dlI4AAAAAXRSTlMmkutdmwAAACBJREFUaN7twTEBAAAAwiD7p7bDbmAAAAAAAAAAAABAdieIAAGQh2mWAAAAAElFTkSuQmCC\" alt=\"\" title=\"Por que essa abund\u00e2ncia n\u00e3o se traduz em prosperidade?\" data-type=\"image_tag\" data-img-url=\"https:\/\/www.institutodeengenharia.org.br\/site\/wp-content\/uploads\/2022\/11\/agroforestry-g9cc0fbbb1_1920-356x220.jpg\"  width=\"356\" height=\"220\" \/><\/a><\/div>\r\n            <div class=\"td-module-meta-info\">\r\n                <h3 class=\"entry-title td-module-title\"><a href=\"https:\/\/www.institutodeengenharia.org.br\/site\/2022\/11\/22\/por-que-essa-abundancia-nao-se-traduz-em-prosperidade\/\"  rel=\"bookmark\" title=\"Por que essa abund\u00e2ncia n\u00e3o se traduz em prosperidade?\">Por que essa abund\u00e2ncia n\u00e3o se traduz em prosperidade?<\/a><\/h3>                <div class=\"td-editor-date\">\r\n                                        <span class=\"td-author-date\">\r\n                                                <span class=\"td-post-date\"><time class=\"entry-date updated td-module-date\" datetime=\"2022-11-22T11:52:45-03:00\" >22\/11\/2022<\/time><\/span>                    <\/span>\r\n                <\/div>\r\n            <\/div>\r\n\r\n        <\/div>\r\n\r\n        \n\t<\/div> <!-- .\/td-block-span4 -->\n\n\t<div class=\"td-block-span4\">\n\r\n        <div class=\"td_module_mx1 td_module_wrap td-animation-stack\">\r\n            <div class=\"td-module-thumb\"><a href=\"https:\/\/www.institutodeengenharia.org.br\/site\/2022\/11\/17\/duplicacao-do-trecho-de-serra-da-rodovia-dos-tamoios-viaduto-v3\/\"  rel=\"bookmark\" class=\"td-image-wrap \" title=\"Duplica\u00e7\u00e3o do trecho de Serra da Rodovia dos Tamoios \u2013 Viaduto V3\" ><img loading=\"lazy\" decoding=\"async\" class=\"entry-thumb\" src=\"data:image\/png;base64,iVBORw0KGgoAAAANSUhEUgAAAWQAAADcAQMAAAB9O0nPAAAAA1BMVEWurq51dlI4AAAAAXRSTlMmkutdmwAAACBJREFUaN7twTEBAAAAwiD7p7bDbmAAAAAAAAAAAABAdieIAAGQh2mWAAAAAElFTkSuQmCC\" alt=\"\" title=\"Duplica\u00e7\u00e3o do trecho de Serra da Rodovia dos Tamoios \u2013 Viaduto V3\" data-type=\"image_tag\" data-img-url=\"https:\/\/www.institutodeengenharia.org.br\/site\/wp-content\/uploads\/2022\/06\/Viaduto_V3-356x220.jpg\"  width=\"356\" height=\"220\" \/><span class=\"td-video-play-ico\"><i class=\"td-icon-video-thumb-play\"><\/i><\/span><\/a><\/div>\r\n            <div class=\"td-module-meta-info\">\r\n                <h3 class=\"entry-title td-module-title\"><a href=\"https:\/\/www.institutodeengenharia.org.br\/site\/2022\/11\/17\/duplicacao-do-trecho-de-serra-da-rodovia-dos-tamoios-viaduto-v3\/\"  rel=\"bookmark\" title=\"Duplica\u00e7\u00e3o do trecho de Serra da Rodovia dos Tamoios \u2013 Viaduto V3\">Duplica\u00e7\u00e3o do trecho de Serra da Rodovia dos Tamoios \u2013 Viaduto V3<\/a><\/h3>                <div class=\"td-editor-date\">\r\n                                        <span class=\"td-author-date\">\r\n                                                <span class=\"td-post-date\"><time class=\"entry-date updated td-module-date\" datetime=\"2022-11-17T12:36:24-03:00\" >17\/11\/2022<\/time><\/span>                    <\/span>\r\n                <\/div>\r\n            <\/div>\r\n\r\n        <\/div>\r\n\r\n        \n\t<\/div> <!-- .\/td-block-span4 --><\/div><!--.\/row-fluid-->\n\n\t<div class=\"td-block-row\">\n\n\t<div class=\"td-block-span4\">\n\r\n        <div class=\"td_module_mx1 td_module_wrap td-animation-stack\">\r\n            <div class=\"td-module-thumb\"><a href=\"https:\/\/www.institutodeengenharia.org.br\/site\/2022\/11\/08\/bioeconomia-na-conafer\/\"  rel=\"bookmark\" class=\"td-image-wrap \" title=\"Bioeconomia na CONAFER\" ><img loading=\"lazy\" decoding=\"async\" class=\"entry-thumb\" src=\"data:image\/png;base64,iVBORw0KGgoAAAANSUhEUgAAAWQAAADcAQMAAAB9O0nPAAAAA1BMVEWurq51dlI4AAAAAXRSTlMmkutdmwAAACBJREFUaN7twTEBAAAAwiD7p7bDbmAAAAAAAAAAAABAdieIAAGQh2mWAAAAAElFTkSuQmCC\" alt=\"\" title=\"Bioeconomia na CONAFER\" data-type=\"image_tag\" data-img-url=\"https:\/\/www.institutodeengenharia.org.br\/site\/wp-content\/uploads\/2023\/03\/Design-sem-nome-2022-10-27T162305.208-356x220.png\"  width=\"356\" height=\"220\" \/><\/a><\/div>\r\n            <div class=\"td-module-meta-info\">\r\n                <h3 class=\"entry-title td-module-title\"><a href=\"https:\/\/www.institutodeengenharia.org.br\/site\/2022\/11\/08\/bioeconomia-na-conafer\/\"  rel=\"bookmark\" title=\"Bioeconomia na CONAFER\">Bioeconomia na CONAFER<\/a><\/h3>                <div class=\"td-editor-date\">\r\n                                        <span class=\"td-author-date\">\r\n                                                <span class=\"td-post-date\"><time class=\"entry-date updated td-module-date\" datetime=\"2022-11-08T14:33:23-03:00\" >08\/11\/2022<\/time><\/span>                    <\/span>\r\n                <\/div>\r\n            <\/div>\r\n\r\n        <\/div>\r\n\r\n        \n\t<\/div> <!-- .\/td-block-span4 -->\n\n\t<div class=\"td-block-span4\">\n\r\n        <div class=\"td_module_mx1 td_module_wrap td-animation-stack\">\r\n            <div class=\"td-module-thumb\"><a href=\"https:\/\/www.institutodeengenharia.org.br\/site\/2022\/11\/07\/assista-a-gravacao-da-cerimonia-de-entrega-do-titulo-eminente-engenheira-do-ano-2022\/\"  rel=\"bookmark\" class=\"td-image-wrap \" title=\"T\u00edtulo Eminente Engenheira do Ano 2022\" ><img loading=\"lazy\" decoding=\"async\" class=\"entry-thumb\" src=\"data:image\/png;base64,iVBORw0KGgoAAAANSUhEUgAAAWQAAADcAQMAAAB9O0nPAAAAA1BMVEWurq51dlI4AAAAAXRSTlMmkutdmwAAACBJREFUaN7twTEBAAAAwiD7p7bDbmAAAAAAAAAAAABAdieIAAGQh2mWAAAAAElFTkSuQmCC\" alt=\"\" title=\"T\u00edtulo Eminente Engenheira do Ano 2022\" data-type=\"image_tag\" data-img-url=\"https:\/\/www.institutodeengenharia.org.br\/site\/wp-content\/uploads\/2022\/07\/foto-site-1920x1080-2-356x220.png\"  width=\"356\" height=\"220\" \/><span class=\"td-video-play-ico\"><i class=\"td-icon-video-thumb-play\"><\/i><\/span><\/a><\/div>\r\n            <div class=\"td-module-meta-info\">\r\n                <h3 class=\"entry-title td-module-title\"><a href=\"https:\/\/www.institutodeengenharia.org.br\/site\/2022\/11\/07\/assista-a-gravacao-da-cerimonia-de-entrega-do-titulo-eminente-engenheira-do-ano-2022\/\"  rel=\"bookmark\" title=\"T\u00edtulo Eminente Engenheira do Ano 2022\">T\u00edtulo Eminente Engenheira do Ano 2022<\/a><\/h3>                <div class=\"td-editor-date\">\r\n                                        <span class=\"td-author-date\">\r\n                                                <span class=\"td-post-date\"><time class=\"entry-date updated td-module-date\" datetime=\"2022-11-07T11:10:40-03:00\" >07\/11\/2022<\/time><\/span>                    <\/span>\r\n                <\/div>\r\n            <\/div>\r\n\r\n        <\/div>\r\n\r\n        \n\t<\/div> <!-- .\/td-block-span4 -->\n\n\t<div class=\"td-block-span4\">\n\r\n        <div class=\"td_module_mx1 td_module_wrap td-animation-stack\">\r\n            <div class=\"td-module-thumb\"><a href=\"https:\/\/www.institutodeengenharia.org.br\/site\/2022\/11\/03\/engenharia-dos-ventos-para-as-estruturas-modernas\/\"  rel=\"bookmark\" class=\"td-image-wrap \" title=\"Engenharia dos ventos para as estruturas modernas\" ><img loading=\"lazy\" decoding=\"async\" class=\"entry-thumb\" src=\"data:image\/png;base64,iVBORw0KGgoAAAANSUhEUgAAAWQAAADcAQMAAAB9O0nPAAAAA1BMVEWurq51dlI4AAAAAXRSTlMmkutdmwAAACBJREFUaN7twTEBAAAAwiD7p7bDbmAAAAAAAAAAAABAdieIAAGQh2mWAAAAAElFTkSuQmCC\" alt=\"\" title=\"Engenharia dos ventos para as estruturas modernas\" data-type=\"image_tag\" data-img-url=\"https:\/\/www.institutodeengenharia.org.br\/site\/wp-content\/uploads\/2022\/10\/Design-sem-nome-57-1-356x220.jpg\"  width=\"356\" height=\"220\" \/><\/a><\/div>\r\n            <div class=\"td-module-meta-info\">\r\n                <h3 class=\"entry-title td-module-title\"><a href=\"https:\/\/www.institutodeengenharia.org.br\/site\/2022\/11\/03\/engenharia-dos-ventos-para-as-estruturas-modernas\/\"  rel=\"bookmark\" title=\"Engenharia dos ventos para as estruturas modernas\">Engenharia dos ventos para as estruturas modernas<\/a><\/h3>                <div class=\"td-editor-date\">\r\n                                        <span class=\"td-author-date\">\r\n                                                <span class=\"td-post-date\"><time class=\"entry-date updated td-module-date\" datetime=\"2022-11-03T14:31:38-03:00\" >03\/11\/2022<\/time><\/span>                    <\/span>\r\n                <\/div>\r\n            <\/div>\r\n\r\n        <\/div>\r\n\r\n        \n\t<\/div> <!-- .\/td-block-span4 --><\/div><!--.\/row-fluid-->\n\n\t<div class=\"td-block-row\">\n\n\t<div class=\"td-block-span4\">\n\r\n        <div class=\"td_module_mx1 td_module_wrap td-animation-stack\">\r\n            <div class=\"td-module-thumb\"><a href=\"https:\/\/www.institutodeengenharia.org.br\/site\/2022\/11\/03\/recuperacao-e-reforco-de-estruturas-tecnologias-cases-e-sistemas-de-acesso\/\"  rel=\"bookmark\" class=\"td-image-wrap \" title=\"Recupera\u00e7\u00e3o e refor\u00e7o de estruturas \u2013 Tecnologias, cases e sistemas de acesso\" ><img loading=\"lazy\" decoding=\"async\" class=\"entry-thumb\" src=\"data:image\/png;base64,iVBORw0KGgoAAAANSUhEUgAAAWQAAADcAQMAAAB9O0nPAAAAA1BMVEWurq51dlI4AAAAAXRSTlMmkutdmwAAACBJREFUaN7twTEBAAAAwiD7p7bDbmAAAAAAAAAAAABAdieIAAGQh2mWAAAAAElFTkSuQmCC\" alt=\"\" title=\"Recupera\u00e7\u00e3o e refor\u00e7o de estruturas \u2013 Tecnologias, cases e sistemas de acesso\" data-type=\"image_tag\" data-img-url=\"https:\/\/www.institutodeengenharia.org.br\/site\/wp-content\/uploads\/2022\/08\/Design-sem-nome-88-356x220.png\"  width=\"356\" height=\"220\" \/><span class=\"td-video-play-ico\"><i class=\"td-icon-video-thumb-play\"><\/i><\/span><\/a><\/div>\r\n            <div class=\"td-module-meta-info\">\r\n                <h3 class=\"entry-title td-module-title\"><a href=\"https:\/\/www.institutodeengenharia.org.br\/site\/2022\/11\/03\/recuperacao-e-reforco-de-estruturas-tecnologias-cases-e-sistemas-de-acesso\/\"  rel=\"bookmark\" title=\"Recupera\u00e7\u00e3o e refor\u00e7o de estruturas \u2013 Tecnologias, cases e sistemas de acesso\">Recupera\u00e7\u00e3o e refor\u00e7o de estruturas \u2013 Tecnologias, cases e sistemas de acesso<\/a><\/h3>                <div class=\"td-editor-date\">\r\n                                        <span class=\"td-author-date\">\r\n                                                <span class=\"td-post-date\"><time class=\"entry-date updated td-module-date\" datetime=\"2022-11-03T14:14:20-03:00\" >03\/11\/2022<\/time><\/span>                    <\/span>\r\n                <\/div>\r\n            <\/div>\r\n\r\n        <\/div>\r\n\r\n        \n\t<\/div> <!-- .\/td-block-span4 -->\n\n\t<div class=\"td-block-span4\">\n\r\n        <div class=\"td_module_mx1 td_module_wrap td-animation-stack\">\r\n            <div class=\"td-module-thumb\"><a href=\"https:\/\/www.institutodeengenharia.org.br\/site\/2022\/11\/03\/seguranca-na-construcao-hospitalar-caso-incor\/\"  rel=\"bookmark\" class=\"td-image-wrap \" title=\"Seguran\u00e7a na constru\u00e7\u00e3o hospitalar \u2013 Caso INCOR\" ><img loading=\"lazy\" decoding=\"async\" class=\"entry-thumb\" src=\"data:image\/png;base64,iVBORw0KGgoAAAANSUhEUgAAAWQAAADcAQMAAAB9O0nPAAAAA1BMVEWurq51dlI4AAAAAXRSTlMmkutdmwAAACBJREFUaN7twTEBAAAAwiD7p7bDbmAAAAAAAAAAAABAdieIAAGQh2mWAAAAAElFTkSuQmCC\" alt=\"\" title=\"Seguran\u00e7a na constru\u00e7\u00e3o hospitalar \u2013 Caso INCOR\" data-type=\"image_tag\" data-img-url=\"https:\/\/www.institutodeengenharia.org.br\/site\/wp-content\/uploads\/2022\/08\/Design-sem-nome-91-356x220.png\"  width=\"356\" height=\"220\" \/><span class=\"td-video-play-ico\"><i class=\"td-icon-video-thumb-play\"><\/i><\/span><\/a><\/div>\r\n            <div class=\"td-module-meta-info\">\r\n                <h3 class=\"entry-title td-module-title\"><a href=\"https:\/\/www.institutodeengenharia.org.br\/site\/2022\/11\/03\/seguranca-na-construcao-hospitalar-caso-incor\/\"  rel=\"bookmark\" title=\"Seguran\u00e7a na constru\u00e7\u00e3o hospitalar \u2013 Caso INCOR\">Seguran\u00e7a na constru\u00e7\u00e3o hospitalar \u2013 Caso INCOR<\/a><\/h3>                <div class=\"td-editor-date\">\r\n                                        <span class=\"td-author-date\">\r\n                                                <span class=\"td-post-date\"><time class=\"entry-date updated td-module-date\" datetime=\"2022-11-03T14:07:53-03:00\" >03\/11\/2022<\/time><\/span>                    <\/span>\r\n                <\/div>\r\n            <\/div>\r\n\r\n        <\/div>\r\n\r\n        \n\t<\/div> <!-- .\/td-block-span4 -->\n\n\t<div class=\"td-block-span4\">\n\r\n        <div class=\"td_module_mx1 td_module_wrap td-animation-stack\">\r\n            <div class=\"td-module-thumb\"><a href=\"https:\/\/www.institutodeengenharia.org.br\/site\/2022\/11\/01\/indicacao-geografica-regiao-de-garca-cafe-da-especie-coffe-arabica-certificacao-de-procedencia\/\"  rel=\"bookmark\" class=\"td-image-wrap \" title=\"Indica\u00e7\u00e3o Geogr\u00e1fica &#8211; Regi\u00e3o de Gar\u00e7a &#8211; Caf\u00e9 da Esp\u00e9cie Coffe Ar\u00e1bica &#8211; Certifica\u00e7\u00e3o de Proced\u00eancia\" ><img loading=\"lazy\" decoding=\"async\" class=\"entry-thumb\" src=\"data:image\/png;base64,iVBORw0KGgoAAAANSUhEUgAAAWQAAADcAQMAAAB9O0nPAAAAA1BMVEWurq51dlI4AAAAAXRSTlMmkutdmwAAACBJREFUaN7twTEBAAAAwiD7p7bDbmAAAAAAAAAAAABAdieIAAGQh2mWAAAAAElFTkSuQmCC\" alt=\"\" title=\"Indica\u00e7\u00e3o Geogr\u00e1fica &#8211; Regi\u00e3o de Gar\u00e7a &#8211; Caf\u00e9 da Esp\u00e9cie Coffe Ar\u00e1bica &#8211; Certifica\u00e7\u00e3o de Proced\u00eancia\" data-type=\"image_tag\" data-img-url=\"https:\/\/www.institutodeengenharia.org.br\/site\/wp-content\/uploads\/2022\/10\/Design-sem-nome-2022-10-14T143047.319-356x220.png\"  width=\"356\" height=\"220\" \/><span class=\"td-video-play-ico\"><i class=\"td-icon-video-thumb-play\"><\/i><\/span><\/a><\/div>\r\n            <div class=\"td-module-meta-info\">\r\n                <h3 class=\"entry-title td-module-title\"><a href=\"https:\/\/www.institutodeengenharia.org.br\/site\/2022\/11\/01\/indicacao-geografica-regiao-de-garca-cafe-da-especie-coffe-arabica-certificacao-de-procedencia\/\"  rel=\"bookmark\" title=\"Indica\u00e7\u00e3o Geogr\u00e1fica &#8211; Regi\u00e3o de Gar\u00e7a &#8211; Caf\u00e9 da Esp\u00e9cie Coffe Ar\u00e1bica &#8211; Certifica\u00e7\u00e3o de Proced\u00eancia\">Indica\u00e7\u00e3o Geogr\u00e1fica &#8211; Regi\u00e3o de Gar\u00e7a &#8211; Caf\u00e9 da Esp\u00e9cie Coffe Ar\u00e1bica &#8211; Certifica\u00e7\u00e3o de Proced\u00eancia<\/a><\/h3>                <div class=\"td-editor-date\">\r\n                                        <span class=\"td-author-date\">\r\n                                                <span class=\"td-post-date\"><time class=\"entry-date updated td-module-date\" datetime=\"2022-11-01T09:59:11-03:00\" >01\/11\/2022<\/time><\/span>                    <\/span>\r\n                <\/div>\r\n            <\/div>\r\n\r\n        <\/div>\r\n\r\n        \n\t<\/div> <!-- .\/td-block-span4 --><\/div><!--.\/row-fluid-->\n\n\t<div class=\"td-block-row\">\n\n\t<div class=\"td-block-span4\">\n\r\n        <div class=\"td_module_mx1 td_module_wrap td-animation-stack\">\r\n            <div class=\"td-module-thumb\"><a href=\"https:\/\/www.institutodeengenharia.org.br\/site\/2022\/10\/27\/apresentacao-do-cnpem-centro-nacional-de-pesquisa-em-energia-e-materiais\/\"  rel=\"bookmark\" class=\"td-image-wrap \" title=\"Apresenta\u00e7\u00e3o do CNPEM (Centro Nacional de Pesquisa em Energia e Materiais)\" ><img loading=\"lazy\" decoding=\"async\" class=\"entry-thumb\" src=\"data:image\/png;base64,iVBORw0KGgoAAAANSUhEUgAAAWQAAADcAQMAAAB9O0nPAAAAA1BMVEWurq51dlI4AAAAAXRSTlMmkutdmwAAACBJREFUaN7twTEBAAAAwiD7p7bDbmAAAAAAAAAAAABAdieIAAGQh2mWAAAAAElFTkSuQmCC\" alt=\"\" title=\"Apresenta\u00e7\u00e3o do CNPEM (Centro Nacional de Pesquisa em Energia e Materiais)\" data-type=\"image_tag\" data-img-url=\"https:\/\/www.institutodeengenharia.org.br\/site\/wp-content\/uploads\/2022\/10\/Fonte-da-imagem-Site-CNPEM-356x220.jpg\"  width=\"356\" height=\"220\" \/><span class=\"td-video-play-ico\"><i class=\"td-icon-video-thumb-play\"><\/i><\/span><\/a><\/div>\r\n            <div class=\"td-module-meta-info\">\r\n                <h3 class=\"entry-title td-module-title\"><a href=\"https:\/\/www.institutodeengenharia.org.br\/site\/2022\/10\/27\/apresentacao-do-cnpem-centro-nacional-de-pesquisa-em-energia-e-materiais\/\"  rel=\"bookmark\" title=\"Apresenta\u00e7\u00e3o do CNPEM (Centro Nacional de Pesquisa em Energia e Materiais)\">Apresenta\u00e7\u00e3o do CNPEM (Centro Nacional de Pesquisa em Energia e Materiais)<\/a><\/h3>                <div class=\"td-editor-date\">\r\n                                        <span class=\"td-author-date\">\r\n                                                <span class=\"td-post-date\"><time class=\"entry-date updated td-module-date\" datetime=\"2022-10-27T11:35:01-03:00\" >27\/10\/2022<\/time><\/span>                    <\/span>\r\n                <\/div>\r\n            <\/div>\r\n\r\n        <\/div>\r\n\r\n        \n\t<\/div> <!-- .\/td-block-span4 -->\n\n\t<div class=\"td-block-span4\">\n\r\n        <div class=\"td_module_mx1 td_module_wrap td-animation-stack\">\r\n            <div class=\"td-module-thumb\"><a href=\"https:\/\/www.institutodeengenharia.org.br\/site\/2022\/10\/27\/a-importancia-do-controle-tecnologico-dos-materiais-na-execucao-das-obras-de-infraestrutura-aprendizados-com-as-obras-metroviarias-de-sao-paulo-rio-de-janeiro-salvador-e-fortaleza\/\"  rel=\"bookmark\" class=\"td-image-wrap \" title=\"A import\u00e2ncia do controle tecnol\u00f3gico dos materiais na execu\u00e7\u00e3o das obras de infraestrutura \u2013 Aprendizados com as obras metrovi\u00e1rias de S\u00e3o Paulo, Rio de Janeiro, Salvador e Fortaleza\" ><img loading=\"lazy\" decoding=\"async\" class=\"entry-thumb\" src=\"data:image\/png;base64,iVBORw0KGgoAAAANSUhEUgAAAWQAAADcAQMAAAB9O0nPAAAAA1BMVEWurq51dlI4AAAAAXRSTlMmkutdmwAAACBJREFUaN7twTEBAAAAwiD7p7bDbmAAAAAAAAAAAABAdieIAAGQh2mWAAAAAElFTkSuQmCC\" alt=\"\" title=\"A import\u00e2ncia do controle tecnol\u00f3gico dos materiais na execu\u00e7\u00e3o das obras de infraestrutura \u2013 Aprendizados com as obras metrovi\u00e1rias de S\u00e3o Paulo, Rio de Janeiro, Salvador e Fortaleza\" data-type=\"image_tag\" data-img-url=\"https:\/\/www.institutodeengenharia.org.br\/site\/wp-content\/uploads\/2022\/08\/Design-sem-nome-77-1-356x220.webp\"  width=\"356\" height=\"220\" \/><span class=\"td-video-play-ico\"><i class=\"td-icon-video-thumb-play\"><\/i><\/span><\/a><\/div>\r\n            <div class=\"td-module-meta-info\">\r\n                <h3 class=\"entry-title td-module-title\"><a href=\"https:\/\/www.institutodeengenharia.org.br\/site\/2022\/10\/27\/a-importancia-do-controle-tecnologico-dos-materiais-na-execucao-das-obras-de-infraestrutura-aprendizados-com-as-obras-metroviarias-de-sao-paulo-rio-de-janeiro-salvador-e-fortaleza\/\"  rel=\"bookmark\" title=\"A import\u00e2ncia do controle tecnol\u00f3gico dos materiais na execu\u00e7\u00e3o das obras de infraestrutura \u2013 Aprendizados com as obras metrovi\u00e1rias de S\u00e3o Paulo, Rio de Janeiro, Salvador e Fortaleza\">A import\u00e2ncia do controle tecnol\u00f3gico dos materiais na execu\u00e7\u00e3o das obras de infraestrutura \u2013 Aprendizados com as obras metrovi\u00e1rias de S\u00e3o Paulo, Rio de...<\/a><\/h3>                <div class=\"td-editor-date\">\r\n                                        <span class=\"td-author-date\">\r\n                                                <span class=\"td-post-date\"><time class=\"entry-date updated td-module-date\" datetime=\"2022-10-27T11:29:26-03:00\" >27\/10\/2022<\/time><\/span>                    <\/span>\r\n                <\/div>\r\n            <\/div>\r\n\r\n        <\/div>\r\n\r\n        \n\t<\/div> <!-- .\/td-block-span4 -->\n\n\t<div class=\"td-block-span4\">\n\r\n        <div class=\"td_module_mx1 td_module_wrap td-animation-stack\">\r\n            <div class=\"td-module-thumb\"><a href=\"https:\/\/www.institutodeengenharia.org.br\/site\/2022\/10\/24\/assista-a-gravacao-do-lancamento-da-publicacao-as-oportunidades-da-bioeconomia-brasileira-do-gt-amazonia-e-bioeconomia-nacional\/\"  rel=\"bookmark\" class=\"td-image-wrap \" title=\"Lan\u00e7amento da publica\u00e7\u00e3o &#8220;As oportunidades da bioeconomia brasileira\u201d do GT Amaz\u00f4nia e Bioeconomia Nacional\" ><img loading=\"lazy\" decoding=\"async\" class=\"entry-thumb\" src=\"data:image\/png;base64,iVBORw0KGgoAAAANSUhEUgAAAWQAAADcAQMAAAB9O0nPAAAAA1BMVEWurq51dlI4AAAAAXRSTlMmkutdmwAAACBJREFUaN7twTEBAAAAwiD7p7bDbmAAAAAAAAAAAABAdieIAAGQh2mWAAAAAElFTkSuQmCC\" alt=\"\" title=\"Lan\u00e7amento da publica\u00e7\u00e3o &#8220;As oportunidades da bioeconomia brasileira\u201d do GT Amaz\u00f4nia e Bioeconomia Nacional\" data-type=\"image_tag\" data-img-url=\"https:\/\/www.institutodeengenharia.org.br\/site\/wp-content\/uploads\/2022\/10\/Capa-Evento-GT-Amazonia-e-Bioeconomia-Nacional_page-0001-356x220.jpg\"  width=\"356\" height=\"220\" \/><span class=\"td-video-play-ico\"><i class=\"td-icon-video-thumb-play\"><\/i><\/span><\/a><\/div>\r\n            <div class=\"td-module-meta-info\">\r\n                <h3 class=\"entry-title td-module-title\"><a href=\"https:\/\/www.institutodeengenharia.org.br\/site\/2022\/10\/24\/assista-a-gravacao-do-lancamento-da-publicacao-as-oportunidades-da-bioeconomia-brasileira-do-gt-amazonia-e-bioeconomia-nacional\/\"  rel=\"bookmark\" title=\"Lan\u00e7amento da publica\u00e7\u00e3o &#8220;As oportunidades da bioeconomia brasileira\u201d do GT Amaz\u00f4nia e Bioeconomia Nacional\">Lan\u00e7amento da publica\u00e7\u00e3o &#8220;As oportunidades da bioeconomia brasileira\u201d do GT Amaz\u00f4nia e Bioeconomia Nacional<\/a><\/h3>                <div class=\"td-editor-date\">\r\n                                        <span class=\"td-author-date\">\r\n                                                <span class=\"td-post-date\"><time class=\"entry-date updated td-module-date\" datetime=\"2022-10-24T10:17:22-03:00\" >24\/10\/2022<\/time><\/span>                    <\/span>\r\n                <\/div>\r\n            <\/div>\r\n\r\n        <\/div>\r\n\r\n        \n\t<\/div> <!-- .\/td-block-span4 --><\/div><!--.\/row-fluid-->\n\n\t<div class=\"td-block-row\">\n\n\t<div class=\"td-block-span4\">\n\r\n        <div class=\"td_module_mx1 td_module_wrap td-animation-stack\">\r\n            <div class=\"td-module-thumb\"><a href=\"https:\/\/www.institutodeengenharia.org.br\/site\/2022\/10\/19\/assista-a-gravacao-do-evento\/\"  rel=\"bookmark\" class=\"td-image-wrap \" title=\"Simulador virtual para trabalhos em altura \u2013 NR 35\" ><img loading=\"lazy\" decoding=\"async\" class=\"entry-thumb\" src=\"data:image\/png;base64,iVBORw0KGgoAAAANSUhEUgAAAWQAAADcAQMAAAB9O0nPAAAAA1BMVEWurq51dlI4AAAAAXRSTlMmkutdmwAAACBJREFUaN7twTEBAAAAwiD7p7bDbmAAAAAAAAAAAABAdieIAAGQh2mWAAAAAElFTkSuQmCC\" alt=\"\" title=\"Simulador virtual para trabalhos em altura \u2013 NR 35\" data-type=\"image_tag\" data-img-url=\"https:\/\/www.institutodeengenharia.org.br\/site\/wp-content\/uploads\/2022\/06\/MicrosoftTeams-image-8-1-356x220.png\"  width=\"356\" height=\"220\" \/><span class=\"td-video-play-ico\"><i class=\"td-icon-video-thumb-play\"><\/i><\/span><\/a><\/div>\r\n            <div class=\"td-module-meta-info\">\r\n                <h3 class=\"entry-title td-module-title\"><a href=\"https:\/\/www.institutodeengenharia.org.br\/site\/2022\/10\/19\/assista-a-gravacao-do-evento\/\"  rel=\"bookmark\" title=\"Simulador virtual para trabalhos em altura \u2013 NR 35\">Simulador virtual para trabalhos em altura \u2013 NR 35<\/a><\/h3>                <div class=\"td-editor-date\">\r\n                                        <span class=\"td-author-date\">\r\n                                                <span class=\"td-post-date\"><time class=\"entry-date updated td-module-date\" datetime=\"2022-10-19T09:57:35-03:00\" >19\/10\/2022<\/time><\/span>                    <\/span>\r\n                <\/div>\r\n            <\/div>\r\n\r\n        <\/div>\r\n\r\n        \n\t<\/div> <!-- .\/td-block-span4 -->\n\n\t<div class=\"td-block-span4\">\n\r\n        <div class=\"td_module_mx1 td_module_wrap td-animation-stack\">\r\n            <div class=\"td-module-thumb\"><a href=\"https:\/\/www.institutodeengenharia.org.br\/site\/2022\/10\/14\/automacao-aplicada-a-sistemas-de-climatizacao\/\"  rel=\"bookmark\" class=\"td-image-wrap \" title=\"Automa\u00e7\u00e3o aplicada a sistemas de climatiza\u00e7\u00e3o\" ><img loading=\"lazy\" decoding=\"async\" class=\"entry-thumb\" src=\"data:image\/png;base64,iVBORw0KGgoAAAANSUhEUgAAAWQAAADcAQMAAAB9O0nPAAAAA1BMVEWurq51dlI4AAAAAXRSTlMmkutdmwAAACBJREFUaN7twTEBAAAAwiD7p7bDbmAAAAAAAAAAAABAdieIAAGQh2mWAAAAAElFTkSuQmCC\" alt=\"\" title=\"Automa\u00e7\u00e3o aplicada a sistemas de climatiza\u00e7\u00e3o\" data-type=\"image_tag\" data-img-url=\"https:\/\/www.institutodeengenharia.org.br\/site\/wp-content\/uploads\/2022\/10\/Design-sem-nome-60-356x220.jpg\"  width=\"356\" height=\"220\" \/><\/a><\/div>\r\n            <div class=\"td-module-meta-info\">\r\n                <h3 class=\"entry-title td-module-title\"><a href=\"https:\/\/www.institutodeengenharia.org.br\/site\/2022\/10\/14\/automacao-aplicada-a-sistemas-de-climatizacao\/\"  rel=\"bookmark\" title=\"Automa\u00e7\u00e3o aplicada a sistemas de climatiza\u00e7\u00e3o\">Automa\u00e7\u00e3o aplicada a sistemas de climatiza\u00e7\u00e3o<\/a><\/h3>                <div class=\"td-editor-date\">\r\n                                        <span class=\"td-author-date\">\r\n                                                <span class=\"td-post-date\"><time class=\"entry-date updated td-module-date\" datetime=\"2022-10-14T13:53:19-03:00\" >14\/10\/2022<\/time><\/span>                    <\/span>\r\n                <\/div>\r\n            <\/div>\r\n\r\n        <\/div>\r\n\r\n        \n\t<\/div> <!-- .\/td-block-span4 -->\n\n\t<div class=\"td-block-span4\">\n\r\n        <div class=\"td_module_mx1 td_module_wrap td-animation-stack\">\r\n            <div class=\"td-module-thumb\"><a href=\"https:\/\/www.institutodeengenharia.org.br\/site\/2022\/10\/14\/tecnologias-que-melhoram-a-produtividade-em-obras-de-infraestrutura\/\"  rel=\"bookmark\" class=\"td-image-wrap \" title=\"Tecnologias que melhoram a produtividade em obras de Infraestrutura\" ><img loading=\"lazy\" decoding=\"async\" class=\"entry-thumb\" src=\"data:image\/png;base64,iVBORw0KGgoAAAANSUhEUgAAAWQAAADcAQMAAAB9O0nPAAAAA1BMVEWurq51dlI4AAAAAXRSTlMmkutdmwAAACBJREFUaN7twTEBAAAAwiD7p7bDbmAAAAAAAAAAAABAdieIAAGQh2mWAAAAAElFTkSuQmCC\" alt=\"\" title=\"Tecnologias que melhoram a produtividade em obras de Infraestrutura\" data-type=\"image_tag\" data-img-url=\"https:\/\/www.institutodeengenharia.org.br\/site\/wp-content\/uploads\/2022\/06\/Design-sem-nome-44-356x220.png\"  width=\"356\" height=\"220\" \/><span class=\"td-video-play-ico\"><i class=\"td-icon-video-thumb-play\"><\/i><\/span><\/a><\/div>\r\n            <div class=\"td-module-meta-info\">\r\n                <h3 class=\"entry-title td-module-title\"><a href=\"https:\/\/www.institutodeengenharia.org.br\/site\/2022\/10\/14\/tecnologias-que-melhoram-a-produtividade-em-obras-de-infraestrutura\/\"  rel=\"bookmark\" title=\"Tecnologias que melhoram a produtividade em obras de Infraestrutura\">Tecnologias que melhoram a produtividade em obras de Infraestrutura<\/a><\/h3>                <div class=\"td-editor-date\">\r\n                                        <span class=\"td-author-date\">\r\n                                                <span class=\"td-post-date\"><time class=\"entry-date updated td-module-date\" datetime=\"2022-10-14T09:27:38-03:00\" >14\/10\/2022<\/time><\/span>                    <\/span>\r\n                <\/div>\r\n            <\/div>\r\n\r\n        <\/div>\r\n\r\n        \n\t<\/div> <!-- .\/td-block-span4 --><\/div><!--.\/row-fluid-->\n\n\t<div class=\"td-block-row\">\n\n\t<div class=\"td-block-span4\">\n\r\n        <div class=\"td_module_mx1 td_module_wrap td-animation-stack\">\r\n            <div class=\"td-module-thumb\"><a href=\"https:\/\/www.institutodeengenharia.org.br\/site\/2022\/10\/10\/assista-a-gravacao-do-evento-o-movimento-das-construcoes-sustentaveis-x-automacao-no-brasil\/\"  rel=\"bookmark\" class=\"td-image-wrap \" title=\"O movimento das constru\u00e7\u00f5es sustent\u00e1veis x automa\u00e7\u00e3o no Brasil\" ><img loading=\"lazy\" decoding=\"async\" class=\"entry-thumb\" src=\"data:image\/png;base64,iVBORw0KGgoAAAANSUhEUgAAAWQAAADcAQMAAAB9O0nPAAAAA1BMVEWurq51dlI4AAAAAXRSTlMmkutdmwAAACBJREFUaN7twTEBAAAAwiD7p7bDbmAAAAAAAAAAAABAdieIAAGQh2mWAAAAAElFTkSuQmCC\" alt=\"\" title=\"O movimento das constru\u00e7\u00f5es sustent\u00e1veis x automa\u00e7\u00e3o no Brasil\" data-type=\"image_tag\" data-img-url=\"https:\/\/www.institutodeengenharia.org.br\/site\/wp-content\/uploads\/2022\/08\/Design-sem-nome-74-356x220.jpg\"  width=\"356\" height=\"220\" \/><span class=\"td-video-play-ico\"><i class=\"td-icon-video-thumb-play\"><\/i><\/span><\/a><\/div>\r\n            <div class=\"td-module-meta-info\">\r\n                <h3 class=\"entry-title td-module-title\"><a href=\"https:\/\/www.institutodeengenharia.org.br\/site\/2022\/10\/10\/assista-a-gravacao-do-evento-o-movimento-das-construcoes-sustentaveis-x-automacao-no-brasil\/\"  rel=\"bookmark\" title=\"O movimento das constru\u00e7\u00f5es sustent\u00e1veis x automa\u00e7\u00e3o no Brasil\">O movimento das constru\u00e7\u00f5es sustent\u00e1veis x automa\u00e7\u00e3o no Brasil<\/a><\/h3>                <div class=\"td-editor-date\">\r\n                                        <span class=\"td-author-date\">\r\n                                                <span class=\"td-post-date\"><time class=\"entry-date updated td-module-date\" datetime=\"2022-10-10T09:53:41-03:00\" >10\/10\/2022<\/time><\/span>                    <\/span>\r\n                <\/div>\r\n            <\/div>\r\n\r\n        <\/div>\r\n\r\n        \n\t<\/div> <!-- .\/td-block-span4 -->\n\n\t<div class=\"td-block-span4\">\n\r\n        <div class=\"td_module_mx1 td_module_wrap td-animation-stack\">\r\n            <div class=\"td-module-thumb\"><a href=\"https:\/\/www.institutodeengenharia.org.br\/site\/2022\/10\/05\/marketing-digital-para-engenheiros\/\"  rel=\"bookmark\" class=\"td-image-wrap \" title=\"Marketing Digital para Engenheiros\" ><img loading=\"lazy\" decoding=\"async\" class=\"entry-thumb\" src=\"data:image\/png;base64,iVBORw0KGgoAAAANSUhEUgAAAWQAAADcAQMAAAB9O0nPAAAAA1BMVEWurq51dlI4AAAAAXRSTlMmkutdmwAAACBJREFUaN7twTEBAAAAwiD7p7bDbmAAAAAAAAAAAABAdieIAAGQh2mWAAAAAElFTkSuQmCC\" alt=\"\" title=\"Marketing Digital para Engenheiros\" data-type=\"image_tag\" data-img-url=\"https:\/\/www.institutodeengenharia.org.br\/site\/wp-content\/uploads\/2022\/07\/marketing-356x220.webp\"  width=\"356\" height=\"220\" \/><span class=\"td-video-play-ico\"><i class=\"td-icon-video-thumb-play\"><\/i><\/span><\/a><\/div>\r\n            <div class=\"td-module-meta-info\">\r\n                <h3 class=\"entry-title td-module-title\"><a href=\"https:\/\/www.institutodeengenharia.org.br\/site\/2022\/10\/05\/marketing-digital-para-engenheiros\/\"  rel=\"bookmark\" title=\"Marketing Digital para Engenheiros\">Marketing Digital para Engenheiros<\/a><\/h3>                <div class=\"td-editor-date\">\r\n                                        <span class=\"td-author-date\">\r\n                                                <span class=\"td-post-date\"><time class=\"entry-date updated td-module-date\" datetime=\"2022-10-05T11:02:42-03:00\" >05\/10\/2022<\/time><\/span>                    <\/span>\r\n                <\/div>\r\n            <\/div>\r\n\r\n        <\/div>\r\n\r\n        \n\t<\/div> <!-- .\/td-block-span4 -->\n\n\t<div class=\"td-block-span4\">\n\r\n        <div class=\"td_module_mx1 td_module_wrap td-animation-stack\">\r\n            <div class=\"td-module-thumb\"><a href=\"https:\/\/www.institutodeengenharia.org.br\/site\/2022\/10\/04\/apresentacao-do-pre-estudo-de-viabilidade-para-o-instituto-de-tecnologia-da-amazonia-amit\/\"  rel=\"bookmark\" class=\"td-image-wrap \" title=\"Apresenta\u00e7\u00e3o do Pr\u00e9-Estudo de Viabilidade para o Instituto de Tecnologia da Amaz\u00f4nia (AmIT)\" ><img loading=\"lazy\" decoding=\"async\" class=\"entry-thumb\" src=\"data:image\/png;base64,iVBORw0KGgoAAAANSUhEUgAAAWQAAADcAQMAAAB9O0nPAAAAA1BMVEWurq51dlI4AAAAAXRSTlMmkutdmwAAACBJREFUaN7twTEBAAAAwiD7p7bDbmAAAAAAAAAAAABAdieIAAGQh2mWAAAAAElFTkSuQmCC\" alt=\"\" title=\"Apresenta\u00e7\u00e3o do Pr\u00e9-Estudo de Viabilidade para o Instituto de Tecnologia da Amaz\u00f4nia (AmIT)\" data-type=\"image_tag\" data-img-url=\"https:\/\/www.institutodeengenharia.org.br\/site\/wp-content\/uploads\/2022\/09\/Design-sem-nome-2022-09-20T135541.893-356x220.png\"  width=\"356\" height=\"220\" \/><span class=\"td-video-play-ico\"><i class=\"td-icon-video-thumb-play\"><\/i><\/span><\/a><\/div>\r\n            <div class=\"td-module-meta-info\">\r\n                <h3 class=\"entry-title td-module-title\"><a href=\"https:\/\/www.institutodeengenharia.org.br\/site\/2022\/10\/04\/apresentacao-do-pre-estudo-de-viabilidade-para-o-instituto-de-tecnologia-da-amazonia-amit\/\"  rel=\"bookmark\" title=\"Apresenta\u00e7\u00e3o do Pr\u00e9-Estudo de Viabilidade para o Instituto de Tecnologia da Amaz\u00f4nia (AmIT)\">Apresenta\u00e7\u00e3o do Pr\u00e9-Estudo de Viabilidade para o Instituto de Tecnologia da Amaz\u00f4nia (AmIT)<\/a><\/h3>                <div class=\"td-editor-date\">\r\n                                        <span class=\"td-author-date\">\r\n                                                <span class=\"td-post-date\"><time class=\"entry-date updated td-module-date\" datetime=\"2022-10-04T15:05:25-03:00\" >04\/10\/2022<\/time><\/span>                    <\/span>\r\n                <\/div>\r\n            <\/div>\r\n\r\n        <\/div>\r\n\r\n        \n\t<\/div> <!-- .\/td-block-span4 --><\/div><!--.\/row-fluid-->\n\n\t<div class=\"td-block-row\">\n\n\t<div class=\"td-block-span4\">\n\r\n        <div class=\"td_module_mx1 td_module_wrap td-animation-stack\">\r\n            <div class=\"td-module-thumb\"><a href=\"https:\/\/www.institutodeengenharia.org.br\/site\/2022\/10\/04\/assista-a-gravacao-do-evento-transporte-aereo-por-cabo-cable-crane-vencendo-dificuldades-de-terreno-e-protegendo-meio-ambiente\/\"  rel=\"bookmark\" class=\"td-image-wrap \" title=\"Transporte a\u00e9reo por cabo (Cable Crane) &#8211;  Vencendo dificuldades de terreno e protegendo meio ambiente\" ><img loading=\"lazy\" decoding=\"async\" class=\"entry-thumb\" src=\"data:image\/png;base64,iVBORw0KGgoAAAANSUhEUgAAAWQAAADcAQMAAAB9O0nPAAAAA1BMVEWurq51dlI4AAAAAXRSTlMmkutdmwAAACBJREFUaN7twTEBAAAAwiD7p7bDbmAAAAAAAAAAAABAdieIAAGQh2mWAAAAAElFTkSuQmCC\" alt=\"\" title=\"Transporte a\u00e9reo por cabo (Cable Crane) &#8211;  Vencendo dificuldades de terreno e protegendo meio ambiente\" data-type=\"image_tag\" data-img-url=\"https:\/\/www.institutodeengenharia.org.br\/site\/wp-content\/uploads\/2022\/07\/MG_8549-002-356x220.jpg\"  width=\"356\" height=\"220\" \/><span class=\"td-video-play-ico\"><i class=\"td-icon-video-thumb-play\"><\/i><\/span><\/a><\/div>\r\n            <div class=\"td-module-meta-info\">\r\n                <h3 class=\"entry-title td-module-title\"><a href=\"https:\/\/www.institutodeengenharia.org.br\/site\/2022\/10\/04\/assista-a-gravacao-do-evento-transporte-aereo-por-cabo-cable-crane-vencendo-dificuldades-de-terreno-e-protegendo-meio-ambiente\/\"  rel=\"bookmark\" title=\"Transporte a\u00e9reo por cabo (Cable Crane) &#8211;  Vencendo dificuldades de terreno e protegendo meio ambiente\">Transporte a\u00e9reo por cabo (Cable Crane) &#8211;  Vencendo dificuldades de terreno e protegendo meio ambiente<\/a><\/h3>                <div class=\"td-editor-date\">\r\n                                        <span class=\"td-author-date\">\r\n                                                <span class=\"td-post-date\"><time class=\"entry-date updated td-module-date\" datetime=\"2022-10-04T14:13:55-03:00\" >04\/10\/2022<\/time><\/span>                    <\/span>\r\n                <\/div>\r\n            <\/div>\r\n\r\n        <\/div>\r\n\r\n        \n\t<\/div> <!-- .\/td-block-span4 -->\n\n\t<div class=\"td-block-span4\">\n\r\n        <div class=\"td_module_mx1 td_module_wrap td-animation-stack\">\r\n            <div class=\"td-module-thumb\"><a href=\"https:\/\/www.institutodeengenharia.org.br\/site\/2022\/10\/04\/o-processo-estrategico-de-mudanca-do-modelo-de-negocio-nas-empresas-de-arquitetura-engenharia-e-construcao\/\"  rel=\"bookmark\" class=\"td-image-wrap \" title=\"O processo estrat\u00e9gico de mudan\u00e7a do modelo de neg\u00f3cio nas empresas de arquitetura, engenharia e constru\u00e7\u00e3o\" ><img loading=\"lazy\" decoding=\"async\" class=\"entry-thumb\" src=\"data:image\/png;base64,iVBORw0KGgoAAAANSUhEUgAAAWQAAADcAQMAAAB9O0nPAAAAA1BMVEWurq51dlI4AAAAAXRSTlMmkutdmwAAACBJREFUaN7twTEBAAAAwiD7p7bDbmAAAAAAAAAAAABAdieIAAGQh2mWAAAAAElFTkSuQmCC\" alt=\"\" title=\"O processo estrat\u00e9gico de mudan\u00e7a do modelo de neg\u00f3cio nas empresas de arquitetura, engenharia e constru\u00e7\u00e3o\" data-type=\"image_tag\" data-img-url=\"https:\/\/www.institutodeengenharia.org.br\/site\/wp-content\/uploads\/2022\/07\/Design-sem-nome-64-356x220.png\"  width=\"356\" height=\"220\" \/><span class=\"td-video-play-ico\"><i class=\"td-icon-video-thumb-play\"><\/i><\/span><\/a><\/div>\r\n            <div class=\"td-module-meta-info\">\r\n                <h3 class=\"entry-title td-module-title\"><a href=\"https:\/\/www.institutodeengenharia.org.br\/site\/2022\/10\/04\/o-processo-estrategico-de-mudanca-do-modelo-de-negocio-nas-empresas-de-arquitetura-engenharia-e-construcao\/\"  rel=\"bookmark\" title=\"O processo estrat\u00e9gico de mudan\u00e7a do modelo de neg\u00f3cio nas empresas de arquitetura, engenharia e constru\u00e7\u00e3o\">O processo estrat\u00e9gico de mudan\u00e7a do modelo de neg\u00f3cio nas empresas de arquitetura, engenharia e constru\u00e7\u00e3o<\/a><\/h3>                <div class=\"td-editor-date\">\r\n                                        <span class=\"td-author-date\">\r\n                                                <span class=\"td-post-date\"><time class=\"entry-date updated td-module-date\" datetime=\"2022-10-04T09:44:43-03:00\" >04\/10\/2022<\/time><\/span>                    <\/span>\r\n                <\/div>\r\n            <\/div>\r\n\r\n        <\/div>\r\n\r\n        \n\t<\/div> <!-- .\/td-block-span4 -->\n\n\t<div class=\"td-block-span4\">\n\r\n        <div class=\"td_module_mx1 td_module_wrap td-animation-stack\">\r\n            <div class=\"td-module-thumb\"><a href=\"https:\/\/www.institutodeengenharia.org.br\/site\/2022\/09\/30\/assista-a-gravacao-do-evento-200-anos-de-independencia-engenharia-em-foco\/\"  rel=\"bookmark\" class=\"td-image-wrap \" title=\"200 Anos de Independ\u00eancia \u2013 Engenharia em Foco\" ><img loading=\"lazy\" decoding=\"async\" class=\"entry-thumb\" src=\"data:image\/png;base64,iVBORw0KGgoAAAANSUhEUgAAAWQAAADcAQMAAAB9O0nPAAAAA1BMVEWurq51dlI4AAAAAXRSTlMmkutdmwAAACBJREFUaN7twTEBAAAAwiD7p7bDbmAAAAAAAAAAAABAdieIAAGQh2mWAAAAAElFTkSuQmCC\" alt=\"\" title=\"200 Anos de Independ\u00eancia \u2013 Engenharia em Foco\" data-type=\"image_tag\" data-img-url=\"https:\/\/www.institutodeengenharia.org.br\/site\/wp-content\/uploads\/2022\/09\/selo-final-356x220.png\"  width=\"356\" height=\"220\" \/><span class=\"td-video-play-ico\"><i class=\"td-icon-video-thumb-play\"><\/i><\/span><\/a><\/div>\r\n            <div class=\"td-module-meta-info\">\r\n                <h3 class=\"entry-title td-module-title\"><a href=\"https:\/\/www.institutodeengenharia.org.br\/site\/2022\/09\/30\/assista-a-gravacao-do-evento-200-anos-de-independencia-engenharia-em-foco\/\"  rel=\"bookmark\" title=\"200 Anos de Independ\u00eancia \u2013 Engenharia em Foco\">200 Anos de Independ\u00eancia \u2013 Engenharia em Foco<\/a><\/h3>                <div class=\"td-editor-date\">\r\n                                        <span class=\"td-author-date\">\r\n                                                <span class=\"td-post-date\"><time class=\"entry-date updated td-module-date\" datetime=\"2022-09-30T15:34:29-03:00\" >30\/09\/2022<\/time><\/span>                    <\/span>\r\n                <\/div>\r\n            <\/div>\r\n\r\n        <\/div>\r\n\r\n        \n\t<\/div> <!-- .\/td-block-span4 --><\/div><!--.\/row-fluid-->\n\n\t<div class=\"td-block-row\">\n\n\t<div class=\"td-block-span4\">\n\r\n        <div class=\"td_module_mx1 td_module_wrap td-animation-stack\">\r\n            <div class=\"td-module-thumb\"><a href=\"https:\/\/www.institutodeengenharia.org.br\/site\/2022\/09\/29\/conversa-bim-com-o-ie-jovem\/\"  rel=\"bookmark\" class=\"td-image-wrap \" title=\"Conversa BIM com o IE Jovem\" ><img loading=\"lazy\" decoding=\"async\" class=\"entry-thumb\" src=\"data:image\/png;base64,iVBORw0KGgoAAAANSUhEUgAAAWQAAADcAQMAAAB9O0nPAAAAA1BMVEWurq51dlI4AAAAAXRSTlMmkutdmwAAACBJREFUaN7twTEBAAAAwiD7p7bDbmAAAAAAAAAAAABAdieIAAGQh2mWAAAAAElFTkSuQmCC\" alt=\"\" title=\"Conversa BIM com o IE Jovem\" data-type=\"image_tag\" data-img-url=\"https:\/\/www.institutodeengenharia.org.br\/site\/wp-content\/uploads\/2022\/05\/Design-sem-nome-34-356x220.png\"  width=\"356\" height=\"220\" \/><span class=\"td-video-play-ico\"><i class=\"td-icon-video-thumb-play\"><\/i><\/span><\/a><\/div>\r\n            <div class=\"td-module-meta-info\">\r\n                <h3 class=\"entry-title td-module-title\"><a href=\"https:\/\/www.institutodeengenharia.org.br\/site\/2022\/09\/29\/conversa-bim-com-o-ie-jovem\/\"  rel=\"bookmark\" title=\"Conversa BIM com o IE Jovem\">Conversa BIM com o IE Jovem<\/a><\/h3>                <div class=\"td-editor-date\">\r\n                                        <span class=\"td-author-date\">\r\n                                                <span class=\"td-post-date\"><time class=\"entry-date updated td-module-date\" datetime=\"2022-09-29T10:41:10-03:00\" >29\/09\/2022<\/time><\/span>                    <\/span>\r\n                <\/div>\r\n            <\/div>\r\n\r\n        <\/div>\r\n\r\n        \n\t<\/div> <!-- .\/td-block-span4 -->\n\n\t<div class=\"td-block-span4\">\n\r\n        <div class=\"td_module_mx1 td_module_wrap td-animation-stack\">\r\n            <div class=\"td-module-thumb\"><a href=\"https:\/\/www.institutodeengenharia.org.br\/site\/2022\/09\/28\/assista-a-gravacao-do-evento-engenharia-em-foco-200-anos-de-independencia\/\"  rel=\"bookmark\" class=\"td-image-wrap \" title=\"Vinheta de abertura do evento: 200 Anos de Independ\u00eancia &#8211; Engenharia em Foco\" ><img loading=\"lazy\" decoding=\"async\" class=\"entry-thumb\" src=\"data:image\/png;base64,iVBORw0KGgoAAAANSUhEUgAAAWQAAADcAQMAAAB9O0nPAAAAA1BMVEWurq51dlI4AAAAAXRSTlMmkutdmwAAACBJREFUaN7twTEBAAAAwiD7p7bDbmAAAAAAAAAAAABAdieIAAGQh2mWAAAAAElFTkSuQmCC\" alt=\"\" title=\"Vinheta de abertura do evento: 200 Anos de Independ\u00eancia &#8211; Engenharia em Foco\" data-type=\"image_tag\" data-img-url=\"https:\/\/www.institutodeengenharia.org.br\/site\/wp-content\/uploads\/2022\/09\/selo-final-356x220.png\"  width=\"356\" height=\"220\" \/><span class=\"td-video-play-ico\"><i class=\"td-icon-video-thumb-play\"><\/i><\/span><\/a><\/div>\r\n            <div class=\"td-module-meta-info\">\r\n                <h3 class=\"entry-title td-module-title\"><a href=\"https:\/\/www.institutodeengenharia.org.br\/site\/2022\/09\/28\/assista-a-gravacao-do-evento-engenharia-em-foco-200-anos-de-independencia\/\"  rel=\"bookmark\" title=\"Vinheta de abertura do evento: 200 Anos de Independ\u00eancia &#8211; Engenharia em Foco\">Vinheta de abertura do evento: 200 Anos de Independ\u00eancia &#8211; Engenharia em Foco<\/a><\/h3>                <div class=\"td-editor-date\">\r\n                                        <span class=\"td-author-date\">\r\n                                                <span class=\"td-post-date\"><time class=\"entry-date updated td-module-date\" datetime=\"2022-09-28T08:46:17-03:00\" >28\/09\/2022<\/time><\/span>                    <\/span>\r\n                <\/div>\r\n            <\/div>\r\n\r\n        <\/div>\r\n\r\n        \n\t<\/div> <!-- .\/td-block-span4 -->\n\n\t<div class=\"td-block-span4\">\n\r\n        <div class=\"td_module_mx1 td_module_wrap td-animation-stack\">\r\n            <div class=\"td-module-thumb\"><a href=\"https:\/\/www.institutodeengenharia.org.br\/site\/2022\/09\/26\/riscos-e-acoes-preventivas-no-planejamento-de-obras-subterraneas-urbanas-tuneis\/\"  rel=\"bookmark\" class=\"td-image-wrap \" title=\"Riscos e a\u00e7\u00f5es preventivas no planejamento de obras subterr\u00e2neas urbanas \u2013 T\u00faneis\" ><img loading=\"lazy\" decoding=\"async\" class=\"entry-thumb\" src=\"data:image\/png;base64,iVBORw0KGgoAAAANSUhEUgAAAWQAAADcAQMAAAB9O0nPAAAAA1BMVEWurq51dlI4AAAAAXRSTlMmkutdmwAAACBJREFUaN7twTEBAAAAwiD7p7bDbmAAAAAAAAAAAABAdieIAAGQh2mWAAAAAElFTkSuQmCC\" alt=\"\" title=\"Riscos e a\u00e7\u00f5es preventivas no planejamento de obras subterr\u00e2neas urbanas \u2013 T\u00faneis\" data-type=\"image_tag\" data-img-url=\"https:\/\/www.institutodeengenharia.org.br\/site\/wp-content\/uploads\/2022\/09\/Fonte-site-oficial-do-Porto-de-Sao-Sebastiao-5-356x220.png\"  width=\"356\" height=\"220\" \/><span class=\"td-video-play-ico\"><i class=\"td-icon-video-thumb-play\"><\/i><\/span><\/a><\/div>\r\n            <div class=\"td-module-meta-info\">\r\n                <h3 class=\"entry-title td-module-title\"><a href=\"https:\/\/www.institutodeengenharia.org.br\/site\/2022\/09\/26\/riscos-e-acoes-preventivas-no-planejamento-de-obras-subterraneas-urbanas-tuneis\/\"  rel=\"bookmark\" title=\"Riscos e a\u00e7\u00f5es preventivas no planejamento de obras subterr\u00e2neas urbanas \u2013 T\u00faneis\">Riscos e a\u00e7\u00f5es preventivas no planejamento de obras subterr\u00e2neas urbanas \u2013 T\u00faneis<\/a><\/h3>                <div class=\"td-editor-date\">\r\n                                        <span class=\"td-author-date\">\r\n                                                <span class=\"td-post-date\"><time class=\"entry-date updated td-module-date\" datetime=\"2022-09-26T12:02:41-03:00\" >26\/09\/2022<\/time><\/span>                    <\/span>\r\n                <\/div>\r\n            <\/div>\r\n\r\n        <\/div>\r\n\r\n        \n\t<\/div> <!-- .\/td-block-span4 --><\/div><!--.\/row-fluid-->\n\n\t<div class=\"td-block-row\">\n\n\t<div class=\"td-block-span4\">\n\r\n        <div class=\"td_module_mx1 td_module_wrap td-animation-stack\">\r\n            <div class=\"td-module-thumb\"><a href=\"https:\/\/www.institutodeengenharia.org.br\/site\/2022\/09\/16\/a-rodovia-dos-tamoios-projeto-construcao-e-operacao\/\"  rel=\"bookmark\" class=\"td-image-wrap \" title=\"Assista \u00e0 grava\u00e7\u00e3o do evento: A Rodovia dos Tamoios \u2013 Projeto, Constru\u00e7\u00e3o e Opera\u00e7\u00e3o\" ><img loading=\"lazy\" decoding=\"async\" class=\"entry-thumb\" src=\"data:image\/png;base64,iVBORw0KGgoAAAANSUhEUgAAAWQAAADcAQMAAAB9O0nPAAAAA1BMVEWurq51dlI4AAAAAXRSTlMmkutdmwAAACBJREFUaN7twTEBAAAAwiD7p7bDbmAAAAAAAAAAAABAdieIAAGQh2mWAAAAAElFTkSuQmCC\" alt=\"\" title=\"Assista \u00e0 grava\u00e7\u00e3o do evento: A Rodovia dos Tamoios \u2013 Projeto, Constru\u00e7\u00e3o e Opera\u00e7\u00e3o\" data-type=\"image_tag\" data-img-url=\"https:\/\/www.institutodeengenharia.org.br\/site\/wp-content\/uploads\/2022\/09\/fotoviaduto-scaled-1-356x220.jpg\"  width=\"356\" height=\"220\" \/><span class=\"td-video-play-ico\"><i class=\"td-icon-video-thumb-play\"><\/i><\/span><\/a><\/div>\r\n            <div class=\"td-module-meta-info\">\r\n                <h3 class=\"entry-title td-module-title\"><a href=\"https:\/\/www.institutodeengenharia.org.br\/site\/2022\/09\/16\/a-rodovia-dos-tamoios-projeto-construcao-e-operacao\/\"  rel=\"bookmark\" title=\"Assista \u00e0 grava\u00e7\u00e3o do evento: A Rodovia dos Tamoios \u2013 Projeto, Constru\u00e7\u00e3o e Opera\u00e7\u00e3o\">Assista \u00e0 grava\u00e7\u00e3o do evento: A Rodovia dos Tamoios \u2013 Projeto, Constru\u00e7\u00e3o e Opera\u00e7\u00e3o<\/a><\/h3>                <div class=\"td-editor-date\">\r\n                                        <span class=\"td-author-date\">\r\n                                                <span class=\"td-post-date\"><time class=\"entry-date updated td-module-date\" datetime=\"2022-09-16T08:31:24-03:00\" >16\/09\/2022<\/time><\/span>                    <\/span>\r\n                <\/div>\r\n            <\/div>\r\n\r\n        <\/div>\r\n\r\n        \n\t<\/div> <!-- .\/td-block-span4 -->\n\n\t<div class=\"td-block-span4\">\n\r\n        <div class=\"td_module_mx1 td_module_wrap td-animation-stack\">\r\n            <div class=\"td-module-thumb\"><a href=\"https:\/\/www.institutodeengenharia.org.br\/site\/2022\/08\/30\/encontro-com-candidatos-ao-governo-do-estado-de-sao-paulo-elvis-cezar\/\"  rel=\"bookmark\" class=\"td-image-wrap \" title=\"Encontro com Candidatos ao Governo do Estado de S\u00e3o Paulo &#8211; Elvis Cezar\" ><img loading=\"lazy\" decoding=\"async\" class=\"entry-thumb\" src=\"data:image\/png;base64,iVBORw0KGgoAAAANSUhEUgAAAWQAAADcAQMAAAB9O0nPAAAAA1BMVEWurq51dlI4AAAAAXRSTlMmkutdmwAAACBJREFUaN7twTEBAAAAwiD7p7bDbmAAAAAAAAAAAABAdieIAAGQh2mWAAAAAElFTkSuQmCC\" alt=\"\" title=\"Encontro com Candidatos ao Governo do Estado de S\u00e3o Paulo &#8211; Elvis Cezar\" data-type=\"image_tag\" data-img-url=\"https:\/\/www.institutodeengenharia.org.br\/site\/wp-content\/uploads\/2022\/08\/MicrosoftTeams-image_118x-356x220.png\"  width=\"356\" height=\"220\" \/><span class=\"td-video-play-ico\"><i class=\"td-icon-video-thumb-play\"><\/i><\/span><\/a><\/div>\r\n            <div class=\"td-module-meta-info\">\r\n                <h3 class=\"entry-title td-module-title\"><a href=\"https:\/\/www.institutodeengenharia.org.br\/site\/2022\/08\/30\/encontro-com-candidatos-ao-governo-do-estado-de-sao-paulo-elvis-cezar\/\"  rel=\"bookmark\" title=\"Encontro com Candidatos ao Governo do Estado de S\u00e3o Paulo &#8211; Elvis Cezar\">Encontro com Candidatos ao Governo do Estado de S\u00e3o Paulo &#8211; Elvis Cezar<\/a><\/h3>                <div class=\"td-editor-date\">\r\n                                        <span class=\"td-author-date\">\r\n                                                <span class=\"td-post-date\"><time class=\"entry-date updated td-module-date\" datetime=\"2022-08-30T11:06:03-03:00\" >30\/08\/2022<\/time><\/span>                    <\/span>\r\n                <\/div>\r\n            <\/div>\r\n\r\n        <\/div>\r\n\r\n        \n\t<\/div> <!-- .\/td-block-span4 -->\n\n\t<div class=\"td-block-span4\">\n\r\n        <div class=\"td_module_mx1 td_module_wrap td-animation-stack\">\r\n            <div class=\"td-module-thumb\"><a href=\"https:\/\/www.institutodeengenharia.org.br\/site\/2022\/08\/26\/encontro-com-candidatos-ao-governo-do-estado-de-sao-paulo-tarcisio-gomes-de-freitas\/\"  rel=\"bookmark\" class=\"td-image-wrap \" title=\"Encontro com Candidatos ao Governo do Estado de S\u00e3o Paulo &#8211; Tarc\u00edsio Gomes de Freitas\" ><img loading=\"lazy\" decoding=\"async\" class=\"entry-thumb\" src=\"data:image\/png;base64,iVBORw0KGgoAAAANSUhEUgAAAWQAAADcAQMAAAB9O0nPAAAAA1BMVEWurq51dlI4AAAAAXRSTlMmkutdmwAAACBJREFUaN7twTEBAAAAwiD7p7bDbmAAAAAAAAAAAABAdieIAAGQh2mWAAAAAElFTkSuQmCC\" alt=\"\" title=\"Encontro com Candidatos ao Governo do Estado de S\u00e3o Paulo &#8211; Tarc\u00edsio Gomes de Freitas\" data-type=\"image_tag\" data-img-url=\"https:\/\/www.institutodeengenharia.org.br\/site\/wp-content\/uploads\/2022\/08\/WhatsApp-Image-2022-08-16-at-12.34.27-356x220.jpeg\"  width=\"356\" height=\"220\" \/><span class=\"td-video-play-ico\"><i class=\"td-icon-video-thumb-play\"><\/i><\/span><\/a><\/div>\r\n            <div class=\"td-module-meta-info\">\r\n                <h3 class=\"entry-title td-module-title\"><a href=\"https:\/\/www.institutodeengenharia.org.br\/site\/2022\/08\/26\/encontro-com-candidatos-ao-governo-do-estado-de-sao-paulo-tarcisio-gomes-de-freitas\/\"  rel=\"bookmark\" title=\"Encontro com Candidatos ao Governo do Estado de S\u00e3o Paulo &#8211; Tarc\u00edsio Gomes de Freitas\">Encontro com Candidatos ao Governo do Estado de S\u00e3o Paulo &#8211; Tarc\u00edsio Gomes de Freitas<\/a><\/h3>                <div class=\"td-editor-date\">\r\n                                        <span class=\"td-author-date\">\r\n                                                <span class=\"td-post-date\"><time class=\"entry-date updated td-module-date\" datetime=\"2022-08-26T10:12:45-03:00\" >26\/08\/2022<\/time><\/span>                    <\/span>\r\n                <\/div>\r\n            <\/div>\r\n\r\n        <\/div>\r\n\r\n        \n\t<\/div> <!-- .\/td-block-span4 --><\/div><!--.\/row-fluid-->\n\n\t<div class=\"td-block-row\">\n\n\t<div class=\"td-block-span4\">\n\r\n        <div class=\"td_module_mx1 td_module_wrap td-animation-stack\">\r\n            <div class=\"td-module-thumb\"><a href=\"https:\/\/www.institutodeengenharia.org.br\/site\/2022\/08\/09\/contencoes-orientacoes-praticas-na-elaboracao-de-projetos\/\"  rel=\"bookmark\" class=\"td-image-wrap \" title=\"Conten\u00e7\u00f5es: Orienta\u00e7\u00f5es Pr\u00e1ticas na Elabora\u00e7\u00e3o de Projetos\" ><img loading=\"lazy\" decoding=\"async\" class=\"entry-thumb\" src=\"data:image\/png;base64,iVBORw0KGgoAAAANSUhEUgAAAWQAAADcAQMAAAB9O0nPAAAAA1BMVEWurq51dlI4AAAAAXRSTlMmkutdmwAAACBJREFUaN7twTEBAAAAwiD7p7bDbmAAAAAAAAAAAABAdieIAAGQh2mWAAAAAElFTkSuQmCC\" alt=\"\" title=\"Conten\u00e7\u00f5es: Orienta\u00e7\u00f5es Pr\u00e1ticas na Elabora\u00e7\u00e3o de Projetos\" data-type=\"image_tag\" data-img-url=\"https:\/\/www.institutodeengenharia.org.br\/site\/wp-content\/uploads\/2022\/07\/MicrosoftTeams-image-94-356x220.jpg\"  width=\"356\" height=\"220\" \/><span class=\"td-video-play-ico\"><i class=\"td-icon-video-thumb-play\"><\/i><\/span><\/a><\/div>\r\n            <div class=\"td-module-meta-info\">\r\n                <h3 class=\"entry-title td-module-title\"><a href=\"https:\/\/www.institutodeengenharia.org.br\/site\/2022\/08\/09\/contencoes-orientacoes-praticas-na-elaboracao-de-projetos\/\"  rel=\"bookmark\" title=\"Conten\u00e7\u00f5es: Orienta\u00e7\u00f5es Pr\u00e1ticas na Elabora\u00e7\u00e3o de Projetos\">Conten\u00e7\u00f5es: Orienta\u00e7\u00f5es Pr\u00e1ticas na Elabora\u00e7\u00e3o de Projetos<\/a><\/h3>                <div class=\"td-editor-date\">\r\n                                        <span class=\"td-author-date\">\r\n                                                <span class=\"td-post-date\"><time class=\"entry-date updated td-module-date\" datetime=\"2022-08-09T14:37:31-03:00\" >09\/08\/2022<\/time><\/span>                    <\/span>\r\n                <\/div>\r\n            <\/div>\r\n\r\n        <\/div>\r\n\r\n        \n\t<\/div> <!-- .\/td-block-span4 -->\n\n\t<div class=\"td-block-span4\">\n\r\n        <div class=\"td_module_mx1 td_module_wrap td-animation-stack\">\r\n            <div class=\"td-module-thumb\"><a href=\"https:\/\/www.institutodeengenharia.org.br\/site\/2022\/08\/09\/1o-debate-ie-abve-sobre-eletromobilidade\/\"  rel=\"bookmark\" class=\"td-image-wrap \" title=\"1\u00ba Debate IE\/ABVE sobre eletromobilidade\" ><img loading=\"lazy\" decoding=\"async\" class=\"entry-thumb\" src=\"data:image\/png;base64,iVBORw0KGgoAAAANSUhEUgAAAWQAAADcAQMAAAB9O0nPAAAAA1BMVEWurq51dlI4AAAAAXRSTlMmkutdmwAAACBJREFUaN7twTEBAAAAwiD7p7bDbmAAAAAAAAAAAABAdieIAAGQh2mWAAAAAElFTkSuQmCC\" alt=\"\" title=\"1\u00ba Debate IE\/ABVE sobre eletromobilidade\" data-type=\"image_tag\" data-img-url=\"https:\/\/www.institutodeengenharia.org.br\/site\/wp-content\/uploads\/2022\/06\/CABECALHO-356x220.png\"  width=\"356\" height=\"220\" \/><span class=\"td-video-play-ico\"><i class=\"td-icon-video-thumb-play\"><\/i><\/span><\/a><\/div>\r\n            <div class=\"td-module-meta-info\">\r\n                <h3 class=\"entry-title td-module-title\"><a href=\"https:\/\/www.institutodeengenharia.org.br\/site\/2022\/08\/09\/1o-debate-ie-abve-sobre-eletromobilidade\/\"  rel=\"bookmark\" title=\"1\u00ba Debate IE\/ABVE sobre eletromobilidade\">1\u00ba Debate IE\/ABVE sobre eletromobilidade<\/a><\/h3>                <div class=\"td-editor-date\">\r\n                                        <span class=\"td-author-date\">\r\n                                                <span class=\"td-post-date\"><time class=\"entry-date updated td-module-date\" datetime=\"2022-08-09T14:29:02-03:00\" >09\/08\/2022<\/time><\/span>                    <\/span>\r\n                <\/div>\r\n            <\/div>\r\n\r\n        <\/div>\r\n\r\n        \n\t<\/div> <!-- .\/td-block-span4 -->\n\n\t<div class=\"td-block-span4\">\n\r\n        <div class=\"td_module_mx1 td_module_wrap td-animation-stack\">\r\n            <div class=\"td-module-thumb\"><a href=\"https:\/\/www.institutodeengenharia.org.br\/site\/2022\/08\/08\/encontro-aberto-gt-amazonia-e-bioeconomia-2\/\"  rel=\"bookmark\" class=\"td-image-wrap \" title=\"Encontro aberto GT Amaz\u00f4nia e Bioeconomia\" ><img loading=\"lazy\" decoding=\"async\" class=\"entry-thumb\" src=\"data:image\/png;base64,iVBORw0KGgoAAAANSUhEUgAAAWQAAADcAQMAAAB9O0nPAAAAA1BMVEWurq51dlI4AAAAAXRSTlMmkutdmwAAACBJREFUaN7twTEBAAAAwiD7p7bDbmAAAAAAAAAAAABAdieIAAGQh2mWAAAAAElFTkSuQmCC\" alt=\"\" title=\"Encontro aberto GT Amaz\u00f4nia e Bioeconomia\" data-type=\"image_tag\" data-img-url=\"https:\/\/www.institutodeengenharia.org.br\/site\/wp-content\/uploads\/2022\/08\/rio-branco-ge71af2d7d_1920-1-356x220.webp\"  width=\"356\" height=\"220\" \/><span class=\"td-video-play-ico\"><i class=\"td-icon-video-thumb-play\"><\/i><\/span><\/a><\/div>\r\n            <div class=\"td-module-meta-info\">\r\n                <h3 class=\"entry-title td-module-title\"><a href=\"https:\/\/www.institutodeengenharia.org.br\/site\/2022\/08\/08\/encontro-aberto-gt-amazonia-e-bioeconomia-2\/\"  rel=\"bookmark\" title=\"Encontro aberto GT Amaz\u00f4nia e Bioeconomia\">Encontro aberto GT Amaz\u00f4nia e Bioeconomia<\/a><\/h3>                <div class=\"td-editor-date\">\r\n                                        <span class=\"td-author-date\">\r\n                                                <span class=\"td-post-date\"><time class=\"entry-date updated td-module-date\" datetime=\"2022-08-08T11:04:42-03:00\" >08\/08\/2022<\/time><\/span>                    <\/span>\r\n                <\/div>\r\n            <\/div>\r\n\r\n        <\/div>\r\n\r\n        \n\t<\/div> <!-- .\/td-block-span4 --><\/div><!--.\/row-fluid-->\n\n\t<div class=\"td-block-row\">\n\n\t<div class=\"td-block-span4\">\n\r\n        <div class=\"td_module_mx1 td_module_wrap td-animation-stack\">\r\n            <div class=\"td-module-thumb\"><a href=\"https:\/\/www.institutodeengenharia.org.br\/site\/2022\/08\/03\/governanca-corporativa-e-a-engenharia\/\"  rel=\"bookmark\" class=\"td-image-wrap \" title=\"Governan\u00e7a corporativa e a Engenharia\" ><img loading=\"lazy\" decoding=\"async\" class=\"entry-thumb\" src=\"data:image\/png;base64,iVBORw0KGgoAAAANSUhEUgAAAWQAAADcAQMAAAB9O0nPAAAAA1BMVEWurq51dlI4AAAAAXRSTlMmkutdmwAAACBJREFUaN7twTEBAAAAwiD7p7bDbmAAAAAAAAAAAABAdieIAAGQh2mWAAAAAElFTkSuQmCC\" alt=\"\" title=\"Governan\u00e7a corporativa e a Engenharia\" data-type=\"image_tag\" data-img-url=\"https:\/\/www.institutodeengenharia.org.br\/site\/wp-content\/uploads\/2022\/07\/Design-sem-nome-18m-356x220.jpg\"  width=\"356\" height=\"220\" \/><span class=\"td-video-play-ico\"><i class=\"td-icon-video-thumb-play\"><\/i><\/span><\/a><\/div>\r\n            <div class=\"td-module-meta-info\">\r\n                <h3 class=\"entry-title td-module-title\"><a href=\"https:\/\/www.institutodeengenharia.org.br\/site\/2022\/08\/03\/governanca-corporativa-e-a-engenharia\/\"  rel=\"bookmark\" title=\"Governan\u00e7a corporativa e a Engenharia\">Governan\u00e7a corporativa e a Engenharia<\/a><\/h3>                <div class=\"td-editor-date\">\r\n                                        <span class=\"td-author-date\">\r\n                                                <span class=\"td-post-date\"><time class=\"entry-date updated td-module-date\" datetime=\"2022-08-03T15:15:15-03:00\" >03\/08\/2022<\/time><\/span>                    <\/span>\r\n                <\/div>\r\n            <\/div>\r\n\r\n        <\/div>\r\n\r\n        \n\t<\/div> <!-- .\/td-block-span4 -->\n\n\t<div class=\"td-block-span4\">\n\r\n        <div class=\"td_module_mx1 td_module_wrap td-animation-stack\">\r\n            <div class=\"td-module-thumb\"><a href=\"https:\/\/www.institutodeengenharia.org.br\/site\/2022\/08\/02\/como-vencer-a-inflacao-com-meus-investimentos\/\"  rel=\"bookmark\" class=\"td-image-wrap \" title=\"Como vencer a infla\u00e7\u00e3o com meus investimentos?\" ><img loading=\"lazy\" decoding=\"async\" class=\"entry-thumb\" src=\"data:image\/png;base64,iVBORw0KGgoAAAANSUhEUgAAAWQAAADcAQMAAAB9O0nPAAAAA1BMVEWurq51dlI4AAAAAXRSTlMmkutdmwAAACBJREFUaN7twTEBAAAAwiD7p7bDbmAAAAAAAAAAAABAdieIAAGQh2mWAAAAAElFTkSuQmCC\" alt=\"\" title=\"Como vencer a infla\u00e7\u00e3o com meus investimentos?\" data-type=\"image_tag\" data-img-url=\"https:\/\/www.institutodeengenharia.org.br\/site\/wp-content\/uploads\/2022\/06\/Design-sem-nome-53-356x220.jpg\"  width=\"356\" height=\"220\" \/><span class=\"td-video-play-ico\"><i class=\"td-icon-video-thumb-play\"><\/i><\/span><\/a><\/div>\r\n            <div class=\"td-module-meta-info\">\r\n                <h3 class=\"entry-title td-module-title\"><a href=\"https:\/\/www.institutodeengenharia.org.br\/site\/2022\/08\/02\/como-vencer-a-inflacao-com-meus-investimentos\/\"  rel=\"bookmark\" title=\"Como vencer a infla\u00e7\u00e3o com meus investimentos?\">Como vencer a infla\u00e7\u00e3o com meus investimentos?<\/a><\/h3>                <div class=\"td-editor-date\">\r\n                                        <span class=\"td-author-date\">\r\n                                                <span class=\"td-post-date\"><time class=\"entry-date updated td-module-date\" datetime=\"2022-08-02T15:18:52-03:00\" >02\/08\/2022<\/time><\/span>                    <\/span>\r\n                <\/div>\r\n            <\/div>\r\n\r\n        <\/div>\r\n\r\n        \n\t<\/div> <!-- .\/td-block-span4 -->\n\n\t<div class=\"td-block-span4\">\n\r\n        <div class=\"td_module_mx1 td_module_wrap td-animation-stack\">\r\n            <div class=\"td-module-thumb\"><a href=\"https:\/\/www.institutodeengenharia.org.br\/site\/2022\/08\/02\/acessibilidade-e-patrimonio-arquitetonicos-e-possivel-conciliar-temas-tao-controversos\/\"  rel=\"bookmark\" class=\"td-image-wrap \" title=\"Acessibilidade e Patrim\u00f4nio Arquitet\u00f4nicos: \u00c9 poss\u00edvel conciliar temas t\u00e3o controversos?\" ><img loading=\"lazy\" decoding=\"async\" class=\"entry-thumb\" src=\"data:image\/png;base64,iVBORw0KGgoAAAANSUhEUgAAAWQAAADcAQMAAAB9O0nPAAAAA1BMVEWurq51dlI4AAAAAXRSTlMmkutdmwAAACBJREFUaN7twTEBAAAAwiD7p7bDbmAAAAAAAAAAAABAdieIAAGQh2mWAAAAAElFTkSuQmCC\" alt=\"\" title=\"Acessibilidade e Patrim\u00f4nio Arquitet\u00f4nicos: \u00c9 poss\u00edvel conciliar temas t\u00e3o controversos?\" data-type=\"image_tag\" data-img-url=\"https:\/\/www.institutodeengenharia.org.br\/site\/wp-content\/uploads\/2022\/08\/Design-sem-nome-17-356x220.jpg\"  width=\"356\" height=\"220\" \/><span class=\"td-video-play-ico\"><i class=\"td-icon-video-thumb-play\"><\/i><\/span><\/a><\/div>\r\n            <div class=\"td-module-meta-info\">\r\n                <h3 class=\"entry-title td-module-title\"><a href=\"https:\/\/www.institutodeengenharia.org.br\/site\/2022\/08\/02\/acessibilidade-e-patrimonio-arquitetonicos-e-possivel-conciliar-temas-tao-controversos\/\"  rel=\"bookmark\" title=\"Acessibilidade e Patrim\u00f4nio Arquitet\u00f4nicos: \u00c9 poss\u00edvel conciliar temas t\u00e3o controversos?\">Acessibilidade e Patrim\u00f4nio Arquitet\u00f4nicos: \u00c9 poss\u00edvel conciliar temas t\u00e3o controversos?<\/a><\/h3>                <div class=\"td-editor-date\">\r\n                                        <span class=\"td-author-date\">\r\n                                                <span class=\"td-post-date\"><time class=\"entry-date updated td-module-date\" datetime=\"2022-08-02T15:15:06-03:00\" >02\/08\/2022<\/time><\/span>                    <\/span>\r\n                <\/div>\r\n            <\/div>\r\n\r\n        <\/div>\r\n\r\n        \n\t<\/div> <!-- .\/td-block-span4 --><\/div><!--.\/row-fluid-->\n\n\t<div class=\"td-block-row\">\n\n\t<div class=\"td-block-span4\">\n\r\n        <div class=\"td_module_mx1 td_module_wrap td-animation-stack\">\r\n            <div class=\"td-module-thumb\"><a href=\"https:\/\/www.institutodeengenharia.org.br\/site\/2022\/08\/02\/longevidade-e-impacto-no-mercado-imobiliario\/\"  rel=\"bookmark\" class=\"td-image-wrap \" title=\"Longevidade e impacto no mercado imobili\u00e1rio\" ><img loading=\"lazy\" decoding=\"async\" class=\"entry-thumb\" src=\"data:image\/png;base64,iVBORw0KGgoAAAANSUhEUgAAAWQAAADcAQMAAAB9O0nPAAAAA1BMVEWurq51dlI4AAAAAXRSTlMmkutdmwAAACBJREFUaN7twTEBAAAAwiD7p7bDbmAAAAAAAAAAAABAdieIAAGQh2mWAAAAAElFTkSuQmCC\" alt=\"\" title=\"Longevidade e impacto no mercado imobili\u00e1rio\" data-type=\"image_tag\" data-img-url=\"https:\/\/www.institutodeengenharia.org.br\/site\/wp-content\/uploads\/2022\/08\/Design-sem-nome-12-1xx-356x220.jpg\"  width=\"356\" height=\"220\" \/><span class=\"td-video-play-ico\"><i class=\"td-icon-video-thumb-play\"><\/i><\/span><\/a><\/div>\r\n            <div class=\"td-module-meta-info\">\r\n                <h3 class=\"entry-title td-module-title\"><a href=\"https:\/\/www.institutodeengenharia.org.br\/site\/2022\/08\/02\/longevidade-e-impacto-no-mercado-imobiliario\/\"  rel=\"bookmark\" title=\"Longevidade e impacto no mercado imobili\u00e1rio\">Longevidade e impacto no mercado imobili\u00e1rio<\/a><\/h3>                <div class=\"td-editor-date\">\r\n                                        <span class=\"td-author-date\">\r\n                                                <span class=\"td-post-date\"><time class=\"entry-date updated td-module-date\" datetime=\"2022-08-02T15:04:31-03:00\" >02\/08\/2022<\/time><\/span>                    <\/span>\r\n                <\/div>\r\n            <\/div>\r\n\r\n        <\/div>\r\n\r\n        \n\t<\/div> <!-- .\/td-block-span4 -->\n\n\t<div class=\"td-block-span4\">\n\r\n        <div class=\"td_module_mx1 td_module_wrap td-animation-stack\">\r\n            <div class=\"td-module-thumb\"><a href=\"https:\/\/www.institutodeengenharia.org.br\/site\/2022\/07\/27\/ancoragens-quimicas-e-software-de-calculo-tecnologias-para-trazer-produtividade-e-inovacao-nas-fases-de-projeto-instalacao-e-comissionamento\/\"  rel=\"bookmark\" class=\"td-image-wrap \" title=\"Ancoragens Qu\u00edmicas e Software de C\u00e1lculo \u2013 Tecnologias para trazer produtividade e inova\u00e7\u00e3o nas fases de projeto, instala\u00e7\u00e3o e comissionamento\" ><img loading=\"lazy\" decoding=\"async\" class=\"entry-thumb\" src=\"data:image\/png;base64,iVBORw0KGgoAAAANSUhEUgAAAWQAAADcAQMAAAB9O0nPAAAAA1BMVEWurq51dlI4AAAAAXRSTlMmkutdmwAAACBJREFUaN7twTEBAAAAwiD7p7bDbmAAAAAAAAAAAABAdieIAAGQh2mWAAAAAElFTkSuQmCC\" alt=\"\" title=\"Ancoragens Qu\u00edmicas e Software de C\u00e1lculo \u2013 Tecnologias para trazer produtividade e inova\u00e7\u00e3o nas fases de projeto, instala\u00e7\u00e3o e comissionamento\" data-type=\"image_tag\" data-img-url=\"https:\/\/www.institutodeengenharia.org.br\/site\/wp-content\/uploads\/2022\/06\/Design-sem-nome-44-356x220.jpg\"  width=\"356\" height=\"220\" \/><span class=\"td-video-play-ico\"><i class=\"td-icon-video-thumb-play\"><\/i><\/span><\/a><\/div>\r\n            <div class=\"td-module-meta-info\">\r\n                <h3 class=\"entry-title td-module-title\"><a href=\"https:\/\/www.institutodeengenharia.org.br\/site\/2022\/07\/27\/ancoragens-quimicas-e-software-de-calculo-tecnologias-para-trazer-produtividade-e-inovacao-nas-fases-de-projeto-instalacao-e-comissionamento\/\"  rel=\"bookmark\" title=\"Ancoragens Qu\u00edmicas e Software de C\u00e1lculo \u2013 Tecnologias para trazer produtividade e inova\u00e7\u00e3o nas fases de projeto, instala\u00e7\u00e3o e comissionamento\">Ancoragens Qu\u00edmicas e Software de C\u00e1lculo \u2013 Tecnologias para trazer produtividade e inova\u00e7\u00e3o nas fases de projeto, instala\u00e7\u00e3o e comissionamento<\/a><\/h3>                <div class=\"td-editor-date\">\r\n                                        <span class=\"td-author-date\">\r\n                                                <span class=\"td-post-date\"><time class=\"entry-date updated td-module-date\" datetime=\"2022-07-27T11:24:33-03:00\" >27\/07\/2022<\/time><\/span>                    <\/span>\r\n                <\/div>\r\n            <\/div>\r\n\r\n        <\/div>\r\n\r\n        \n\t<\/div> <!-- .\/td-block-span4 -->\n\n\t<div class=\"td-block-span4\">\n\r\n        <div class=\"td_module_mx1 td_module_wrap td-animation-stack\">\r\n            <div class=\"td-module-thumb\"><a href=\"https:\/\/www.institutodeengenharia.org.br\/site\/2022\/07\/07\/assista-ao-documentario-de-comemoracao-aos-105-anos-do-instituto-de-engenharia\/\"  rel=\"bookmark\" class=\"td-image-wrap \" title=\"Document\u00e1rio de comemora\u00e7\u00e3o aos 105 anos do Instituto de Engenharia\" ><img loading=\"lazy\" decoding=\"async\" class=\"entry-thumb\" src=\"data:image\/png;base64,iVBORw0KGgoAAAANSUhEUgAAAWQAAADcAQMAAAB9O0nPAAAAA1BMVEWurq51dlI4AAAAAXRSTlMmkutdmwAAACBJREFUaN7twTEBAAAAwiD7p7bDbmAAAAAAAAAAAABAdieIAAGQh2mWAAAAAElFTkSuQmCC\" alt=\"\" title=\"Document\u00e1rio de comemora\u00e7\u00e3o aos 105 anos do Instituto de Engenharia\" data-type=\"image_tag\" data-img-url=\"https:\/\/www.institutodeengenharia.org.br\/site\/wp-content\/uploads\/2022\/07\/Design-sem-nome-65-356x220.png\"  width=\"356\" height=\"220\" \/><span class=\"td-video-play-ico\"><i class=\"td-icon-video-thumb-play\"><\/i><\/span><\/a><\/div>\r\n            <div class=\"td-module-meta-info\">\r\n                <h3 class=\"entry-title td-module-title\"><a href=\"https:\/\/www.institutodeengenharia.org.br\/site\/2022\/07\/07\/assista-ao-documentario-de-comemoracao-aos-105-anos-do-instituto-de-engenharia\/\"  rel=\"bookmark\" title=\"Document\u00e1rio de comemora\u00e7\u00e3o aos 105 anos do Instituto de Engenharia\">Document\u00e1rio de comemora\u00e7\u00e3o aos 105 anos do Instituto de Engenharia<\/a><\/h3>                <div class=\"td-editor-date\">\r\n                                        <span class=\"td-author-date\">\r\n                                                <span class=\"td-post-date\"><time class=\"entry-date updated td-module-date\" datetime=\"2022-07-07T13:08:53-03:00\" >07\/07\/2022<\/time><\/span>                    <\/span>\r\n                <\/div>\r\n            <\/div>\r\n\r\n        <\/div>\r\n\r\n        \n\t<\/div> <!-- .\/td-block-span4 --><\/div><!--.\/row-fluid-->\n\n\t<div class=\"td-block-row\">\n\n\t<div class=\"td-block-span4\">\n\r\n        <div class=\"td_module_mx1 td_module_wrap td-animation-stack\">\r\n            <div class=\"td-module-thumb\"><a href=\"https:\/\/www.institutodeengenharia.org.br\/site\/2022\/07\/07\/encontro-com-candidatos-felicio-ramuth\/\"  rel=\"bookmark\" class=\"td-image-wrap \" title=\"Encontro com Candidatos &#8211; Felicio Ramuth\" ><img loading=\"lazy\" decoding=\"async\" class=\"entry-thumb\" src=\"data:image\/png;base64,iVBORw0KGgoAAAANSUhEUgAAAWQAAADcAQMAAAB9O0nPAAAAA1BMVEWurq51dlI4AAAAAXRSTlMmkutdmwAAACBJREFUaN7twTEBAAAAwiD7p7bDbmAAAAAAAAAAAABAdieIAAGQh2mWAAAAAElFTkSuQmCC\" alt=\"\" title=\"Encontro com Candidatos &#8211; Felicio Ramuth\" data-type=\"image_tag\" data-img-url=\"https:\/\/www.institutodeengenharia.org.br\/site\/wp-content\/uploads\/2022\/06\/MicrosoftTeams-image-94-356x220.png\"  width=\"356\" height=\"220\" \/><span class=\"td-video-play-ico\"><i class=\"td-icon-video-thumb-play\"><\/i><\/span><\/a><\/div>\r\n            <div class=\"td-module-meta-info\">\r\n                <h3 class=\"entry-title td-module-title\"><a href=\"https:\/\/www.institutodeengenharia.org.br\/site\/2022\/07\/07\/encontro-com-candidatos-felicio-ramuth\/\"  rel=\"bookmark\" title=\"Encontro com Candidatos &#8211; Felicio Ramuth\">Encontro com Candidatos &#8211; Felicio Ramuth<\/a><\/h3>                <div class=\"td-editor-date\">\r\n                                        <span class=\"td-author-date\">\r\n                                                <span class=\"td-post-date\"><time class=\"entry-date updated td-module-date\" datetime=\"2022-07-07T10:52:26-03:00\" >07\/07\/2022<\/time><\/span>                    <\/span>\r\n                <\/div>\r\n            <\/div>\r\n\r\n        <\/div>\r\n\r\n        \n\t<\/div> <!-- .\/td-block-span4 -->\n\n\t<div class=\"td-block-span4\">\n\r\n        <div class=\"td_module_mx1 td_module_wrap td-animation-stack\">\r\n            <div class=\"td-module-thumb\"><a href=\"https:\/\/www.institutodeengenharia.org.br\/site\/2022\/07\/01\/encontro-aberto-gt-amazonia-e-bioeconomia-bioeconomia-da-sociobiodiversidade-no-estado-do-para\/\"  rel=\"bookmark\" class=\"td-image-wrap \" title=\"Encontro Aberto GT Amaz\u00f4nia e Bioeconomia \u2013 Bioeconomia da Sociobiodiversidade no Estado do Par\u00e1\" ><img loading=\"lazy\" decoding=\"async\" class=\"entry-thumb\" src=\"data:image\/png;base64,iVBORw0KGgoAAAANSUhEUgAAAWQAAADcAQMAAAB9O0nPAAAAA1BMVEWurq51dlI4AAAAAXRSTlMmkutdmwAAACBJREFUaN7twTEBAAAAwiD7p7bDbmAAAAAAAAAAAABAdieIAAGQh2mWAAAAAElFTkSuQmCC\" alt=\"\" title=\"Encontro Aberto GT Amaz\u00f4nia e Bioeconomia \u2013 Bioeconomia da Sociobiodiversidade no Estado do Par\u00e1\" data-type=\"image_tag\" data-img-url=\"https:\/\/www.institutodeengenharia.org.br\/site\/wp-content\/uploads\/2022\/04\/the-bosque-rodrigues-alves-g3ceb64712_1920-356x220.jpg\"  width=\"356\" height=\"220\" \/><\/a><\/div>\r\n            <div class=\"td-module-meta-info\">\r\n                <h3 class=\"entry-title td-module-title\"><a href=\"https:\/\/www.institutodeengenharia.org.br\/site\/2022\/07\/01\/encontro-aberto-gt-amazonia-e-bioeconomia-bioeconomia-da-sociobiodiversidade-no-estado-do-para\/\"  rel=\"bookmark\" title=\"Encontro Aberto GT Amaz\u00f4nia e Bioeconomia \u2013 Bioeconomia da Sociobiodiversidade no Estado do Par\u00e1\">Encontro Aberto GT Amaz\u00f4nia e Bioeconomia \u2013 Bioeconomia da Sociobiodiversidade no Estado do Par\u00e1<\/a><\/h3>                <div class=\"td-editor-date\">\r\n                                        <span class=\"td-author-date\">\r\n                                                <span class=\"td-post-date\"><time class=\"entry-date updated td-module-date\" datetime=\"2022-07-01T14:22:35-03:00\" >01\/07\/2022<\/time><\/span>                    <\/span>\r\n                <\/div>\r\n            <\/div>\r\n\r\n        <\/div>\r\n\r\n        \n\t<\/div> <!-- .\/td-block-span4 -->\n\n\t<div class=\"td-block-span4\">\n\r\n        <div class=\"td_module_mx1 td_module_wrap td-animation-stack\">\r\n            <div class=\"td-module-thumb\"><a href=\"https:\/\/www.institutodeengenharia.org.br\/site\/2022\/06\/29\/ciclo-de-formacao-uma-amazonia-para-o-futuro-bioeconomia-e-empreendedorismo-sustentavel\/\"  rel=\"bookmark\" class=\"td-image-wrap \" title=\"Ciclo de Forma\u00e7\u00e3o: Uma Amaz\u00f4nia para o Futuro \u2013 BIOECONOMIA E EMPREENDEDORISMO SUSTENT\u00c1VEL\" ><img loading=\"lazy\" decoding=\"async\" class=\"entry-thumb\" src=\"data:image\/png;base64,iVBORw0KGgoAAAANSUhEUgAAAWQAAADcAQMAAAB9O0nPAAAAA1BMVEWurq51dlI4AAAAAXRSTlMmkutdmwAAACBJREFUaN7twTEBAAAAwiD7p7bDbmAAAAAAAAAAAABAdieIAAGQh2mWAAAAAElFTkSuQmCC\" alt=\"\" title=\"Ciclo de Forma\u00e7\u00e3o: Uma Amaz\u00f4nia para o Futuro \u2013 BIOECONOMIA E EMPREENDEDORISMO SUSTENT\u00c1VEL\" data-type=\"image_tag\" data-img-url=\"https:\/\/www.institutodeengenharia.org.br\/site\/wp-content\/uploads\/2022\/06\/MicrosoftTeams-image-75-356x220.jpg\"  width=\"356\" height=\"220\" \/><\/a><\/div>\r\n            <div class=\"td-module-meta-info\">\r\n                <h3 class=\"entry-title td-module-title\"><a href=\"https:\/\/www.institutodeengenharia.org.br\/site\/2022\/06\/29\/ciclo-de-formacao-uma-amazonia-para-o-futuro-bioeconomia-e-empreendedorismo-sustentavel\/\"  rel=\"bookmark\" title=\"Ciclo de Forma\u00e7\u00e3o: Uma Amaz\u00f4nia para o Futuro \u2013 BIOECONOMIA E EMPREENDEDORISMO SUSTENT\u00c1VEL\">Ciclo de Forma\u00e7\u00e3o: Uma Amaz\u00f4nia para o Futuro \u2013 BIOECONOMIA E EMPREENDEDORISMO SUSTENT\u00c1VEL<\/a><\/h3>                <div class=\"td-editor-date\">\r\n                                        <span class=\"td-author-date\">\r\n                                                <span class=\"td-post-date\"><time class=\"entry-date updated td-module-date\" datetime=\"2022-06-29T14:37:47-03:00\" >29\/06\/2022<\/time><\/span>                    <\/span>\r\n                <\/div>\r\n            <\/div>\r\n\r\n        <\/div>\r\n\r\n        \n\t<\/div> <!-- .\/td-block-span4 --><\/div><!--.\/row-fluid-->\n\n\t<div class=\"td-block-row\">\n\n\t<div class=\"td-block-span4\">\n\r\n        <div class=\"td_module_mx1 td_module_wrap td-animation-stack\">\r\n            <div class=\"td-module-thumb\"><a href=\"https:\/\/www.institutodeengenharia.org.br\/site\/2022\/06\/27\/a-relevancia-do-amortecimento-em-estruturas-de-concreto-submetidas-a-diversas-acoes-dinamicas\/\"  rel=\"bookmark\" class=\"td-image-wrap \" title=\"A relev\u00e2ncia do amortecimento em estruturas de concreto submetidas a diversas a\u00e7\u00f5es din\u00e2micas\" ><img loading=\"lazy\" decoding=\"async\" class=\"entry-thumb\" src=\"data:image\/png;base64,iVBORw0KGgoAAAANSUhEUgAAAWQAAADcAQMAAAB9O0nPAAAAA1BMVEWurq51dlI4AAAAAXRSTlMmkutdmwAAACBJREFUaN7twTEBAAAAwiD7p7bDbmAAAAAAAAAAAABAdieIAAGQh2mWAAAAAElFTkSuQmCC\" alt=\"\" title=\"A relev\u00e2ncia do amortecimento em estruturas de concreto submetidas a diversas a\u00e7\u00f5es din\u00e2micas\" data-type=\"image_tag\" data-img-url=\"https:\/\/www.institutodeengenharia.org.br\/site\/wp-content\/uploads\/2022\/06\/Design-sem-nome-60-356x220.png\"  width=\"356\" height=\"220\" \/><span class=\"td-video-play-ico\"><i class=\"td-icon-video-thumb-play\"><\/i><\/span><\/a><\/div>\r\n            <div class=\"td-module-meta-info\">\r\n                <h3 class=\"entry-title td-module-title\"><a href=\"https:\/\/www.institutodeengenharia.org.br\/site\/2022\/06\/27\/a-relevancia-do-amortecimento-em-estruturas-de-concreto-submetidas-a-diversas-acoes-dinamicas\/\"  rel=\"bookmark\" title=\"A relev\u00e2ncia do amortecimento em estruturas de concreto submetidas a diversas a\u00e7\u00f5es din\u00e2micas\">A relev\u00e2ncia do amortecimento em estruturas de concreto submetidas a diversas a\u00e7\u00f5es din\u00e2micas<\/a><\/h3>                <div class=\"td-editor-date\">\r\n                                        <span class=\"td-author-date\">\r\n                                                <span class=\"td-post-date\"><time class=\"entry-date updated td-module-date\" datetime=\"2022-06-27T15:35:14-03:00\" >27\/06\/2022<\/time><\/span>                    <\/span>\r\n                <\/div>\r\n            <\/div>\r\n\r\n        <\/div>\r\n\r\n        \n\t<\/div> <!-- .\/td-block-span4 -->\n\n\t<div class=\"td-block-span4\">\n\r\n        <div class=\"td_module_mx1 td_module_wrap td-animation-stack\">\r\n            <div class=\"td-module-thumb\"><a href=\"https:\/\/www.institutodeengenharia.org.br\/site\/2022\/06\/27\/sistemas-construtivos-para-estruturas-de-concreto-moldado-in-loco-em-edificios\/\"  rel=\"bookmark\" class=\"td-image-wrap \" title=\"Sistemas Construtivos para estruturas de concreto moldado in-loco em Edif\u00edcios\" ><img loading=\"lazy\" decoding=\"async\" class=\"entry-thumb\" src=\"data:image\/png;base64,iVBORw0KGgoAAAANSUhEUgAAAWQAAADcAQMAAAB9O0nPAAAAA1BMVEWurq51dlI4AAAAAXRSTlMmkutdmwAAACBJREFUaN7twTEBAAAAwiD7p7bDbmAAAAAAAAAAAABAdieIAAGQh2mWAAAAAElFTkSuQmCC\" alt=\"\" title=\"Sistemas Construtivos para estruturas de concreto moldado in-loco em Edif\u00edcios\" data-type=\"image_tag\" data-img-url=\"https:\/\/www.institutodeengenharia.org.br\/site\/wp-content\/uploads\/2022\/06\/Design-sem-nome-46-356x220.png\"  width=\"356\" height=\"220\" \/><\/a><\/div>\r\n            <div class=\"td-module-meta-info\">\r\n                <h3 class=\"entry-title td-module-title\"><a href=\"https:\/\/www.institutodeengenharia.org.br\/site\/2022\/06\/27\/sistemas-construtivos-para-estruturas-de-concreto-moldado-in-loco-em-edificios\/\"  rel=\"bookmark\" title=\"Sistemas Construtivos para estruturas de concreto moldado in-loco em Edif\u00edcios\">Sistemas Construtivos para estruturas de concreto moldado in-loco em Edif\u00edcios<\/a><\/h3>                <div class=\"td-editor-date\">\r\n                                        <span class=\"td-author-date\">\r\n                                                <span class=\"td-post-date\"><time class=\"entry-date updated td-module-date\" datetime=\"2022-06-27T10:17:44-03:00\" >27\/06\/2022<\/time><\/span>                    <\/span>\r\n                <\/div>\r\n            <\/div>\r\n\r\n        <\/div>\r\n\r\n        \n\t<\/div> <!-- .\/td-block-span4 -->\n\n\t<div class=\"td-block-span4\">\n\r\n        <div class=\"td_module_mx1 td_module_wrap td-animation-stack\">\r\n            <div class=\"td-module-thumb\"><a href=\"https:\/\/www.institutodeengenharia.org.br\/site\/2022\/06\/20\/sextas-culturais-concerto-caleidoscopio-um-recital-de-solistas\/\"  rel=\"bookmark\" class=\"td-image-wrap \" title=\"Sextas Culturais &#8211; Concerto Caleidosc\u00f3pio \u2013 Um recital de solistas\" ><img loading=\"lazy\" decoding=\"async\" class=\"entry-thumb\" src=\"data:image\/png;base64,iVBORw0KGgoAAAANSUhEUgAAAWQAAADcAQMAAAB9O0nPAAAAA1BMVEWurq51dlI4AAAAAXRSTlMmkutdmwAAACBJREFUaN7twTEBAAAAwiD7p7bDbmAAAAAAAAAAAABAdieIAAGQh2mWAAAAAElFTkSuQmCC\" alt=\"\" title=\"Sextas Culturais &#8211; Concerto Caleidosc\u00f3pio \u2013 Um recital de solistas\" data-type=\"image_tag\" data-img-url=\"https:\/\/www.institutodeengenharia.org.br\/site\/wp-content\/uploads\/2022\/04\/movie-theater-gef589dd79_1920-356x220.jpg\"  width=\"356\" height=\"220\" \/><span class=\"td-video-play-ico\"><i class=\"td-icon-video-thumb-play\"><\/i><\/span><\/a><\/div>\r\n            <div class=\"td-module-meta-info\">\r\n                <h3 class=\"entry-title td-module-title\"><a href=\"https:\/\/www.institutodeengenharia.org.br\/site\/2022\/06\/20\/sextas-culturais-concerto-caleidoscopio-um-recital-de-solistas\/\"  rel=\"bookmark\" title=\"Sextas Culturais &#8211; Concerto Caleidosc\u00f3pio \u2013 Um recital de solistas\">Sextas Culturais &#8211; Concerto Caleidosc\u00f3pio \u2013 Um recital de solistas<\/a><\/h3>                <div class=\"td-editor-date\">\r\n                                        <span class=\"td-author-date\">\r\n                                                <span class=\"td-post-date\"><time class=\"entry-date updated td-module-date\" datetime=\"2022-06-20T10:13:22-03:00\" >20\/06\/2022<\/time><\/span>                    <\/span>\r\n                <\/div>\r\n            <\/div>\r\n\r\n        <\/div>\r\n\r\n        \n\t<\/div> <!-- .\/td-block-span4 --><\/div><!--.\/row-fluid-->\n\n\t<div class=\"td-block-row\">\n\n\t<div class=\"td-block-span4\">\n\r\n        <div class=\"td_module_mx1 td_module_wrap td-animation-stack\">\r\n            <div class=\"td-module-thumb\"><a href=\"https:\/\/www.institutodeengenharia.org.br\/site\/2022\/06\/10\/curso-de-engenharia-aeroespacial-na-poli\/\"  rel=\"bookmark\" class=\"td-image-wrap \" title=\"Curso de Engenharia Aeroespacial na Poli\" ><img loading=\"lazy\" decoding=\"async\" class=\"entry-thumb\" src=\"data:image\/png;base64,iVBORw0KGgoAAAANSUhEUgAAAWQAAADcAQMAAAB9O0nPAAAAA1BMVEWurq51dlI4AAAAAXRSTlMmkutdmwAAACBJREFUaN7twTEBAAAAwiD7p7bDbmAAAAAAAAAAAABAdieIAAGQh2mWAAAAAElFTkSuQmCC\" alt=\"\" title=\"Curso de Engenharia Aeroespacial na Poli\" data-type=\"image_tag\" data-img-url=\"https:\/\/www.institutodeengenharia.org.br\/site\/wp-content\/uploads\/2022\/05\/space-shuttle-ge8b647ebc_1280-356x220.png\"  width=\"356\" height=\"220\" \/><span class=\"td-video-play-ico\"><i class=\"td-icon-video-thumb-play\"><\/i><\/span><\/a><\/div>\r\n            <div class=\"td-module-meta-info\">\r\n                <h3 class=\"entry-title td-module-title\"><a href=\"https:\/\/www.institutodeengenharia.org.br\/site\/2022\/06\/10\/curso-de-engenharia-aeroespacial-na-poli\/\"  rel=\"bookmark\" title=\"Curso de Engenharia Aeroespacial na Poli\">Curso de Engenharia Aeroespacial na Poli<\/a><\/h3>                <div class=\"td-editor-date\">\r\n                                        <span class=\"td-author-date\">\r\n                                                <span class=\"td-post-date\"><time class=\"entry-date updated td-module-date\" datetime=\"2022-06-10T14:52:05-03:00\" >10\/06\/2022<\/time><\/span>                    <\/span>\r\n                <\/div>\r\n            <\/div>\r\n\r\n        <\/div>\r\n\r\n        \n\t<\/div> <!-- .\/td-block-span4 -->\n\n\t<div class=\"td-block-span4\">\n\r\n        <div class=\"td_module_mx1 td_module_wrap td-animation-stack\">\r\n            <div class=\"td-module-thumb\"><a href=\"https:\/\/www.institutodeengenharia.org.br\/site\/2022\/06\/08\/reducao-dos-impactos-ambientais-e-aumento-da-pontuacao-leed-atraves-de-melhorias-no-concreto-2\/\"  rel=\"bookmark\" class=\"td-image-wrap \" title=\"Redu\u00e7\u00e3o dos impactos ambientais e aumento da pontua\u00e7\u00e3o LEED atrav\u00e9s de melhorias no concreto\" ><img loading=\"lazy\" decoding=\"async\" class=\"entry-thumb\" src=\"data:image\/png;base64,iVBORw0KGgoAAAANSUhEUgAAAWQAAADcAQMAAAB9O0nPAAAAA1BMVEWurq51dlI4AAAAAXRSTlMmkutdmwAAACBJREFUaN7twTEBAAAAwiD7p7bDbmAAAAAAAAAAAABAdieIAAGQh2mWAAAAAElFTkSuQmCC\" alt=\"\" title=\"Redu\u00e7\u00e3o dos impactos ambientais e aumento da pontua\u00e7\u00e3o LEED atrav\u00e9s de melhorias no concreto\" data-type=\"image_tag\" data-img-url=\"https:\/\/www.institutodeengenharia.org.br\/site\/wp-content\/uploads\/2022\/06\/MicrosoftTeams-image-63-356x220.jpg\"  width=\"356\" height=\"220\" \/><span class=\"td-video-play-ico\"><i class=\"td-icon-video-thumb-play\"><\/i><\/span><\/a><\/div>\r\n            <div class=\"td-module-meta-info\">\r\n                <h3 class=\"entry-title td-module-title\"><a href=\"https:\/\/www.institutodeengenharia.org.br\/site\/2022\/06\/08\/reducao-dos-impactos-ambientais-e-aumento-da-pontuacao-leed-atraves-de-melhorias-no-concreto-2\/\"  rel=\"bookmark\" title=\"Redu\u00e7\u00e3o dos impactos ambientais e aumento da pontua\u00e7\u00e3o LEED atrav\u00e9s de melhorias no concreto\">Redu\u00e7\u00e3o dos impactos ambientais e aumento da pontua\u00e7\u00e3o LEED atrav\u00e9s de melhorias no concreto<\/a><\/h3>                <div class=\"td-editor-date\">\r\n                                        <span class=\"td-author-date\">\r\n                                                <span class=\"td-post-date\"><time class=\"entry-date updated td-module-date\" datetime=\"2022-06-08T11:29:07-03:00\" >08\/06\/2022<\/time><\/span>                    <\/span>\r\n                <\/div>\r\n            <\/div>\r\n\r\n        <\/div>\r\n\r\n        \n\t<\/div> <!-- .\/td-block-span4 -->\n\n\t<div class=\"td-block-span4\">\n\r\n        <div class=\"td_module_mx1 td_module_wrap td-animation-stack\">\r\n            <div class=\"td-module-thumb\"><a href=\"https:\/\/www.institutodeengenharia.org.br\/site\/2022\/06\/07\/emendas-mecanicas-de-barras-de-aco-em-estruturas-de-concreto-armado\/\"  rel=\"bookmark\" class=\"td-image-wrap \" title=\"Emendas mec\u00e2nicas de barras de a\u00e7o em estruturas de concreto armado\" ><img loading=\"lazy\" decoding=\"async\" class=\"entry-thumb\" src=\"data:image\/png;base64,iVBORw0KGgoAAAANSUhEUgAAAWQAAADcAQMAAAB9O0nPAAAAA1BMVEWurq51dlI4AAAAAXRSTlMmkutdmwAAACBJREFUaN7twTEBAAAAwiD7p7bDbmAAAAAAAAAAAABAdieIAAGQh2mWAAAAAElFTkSuQmCC\" alt=\"\" title=\"Emendas mec\u00e2nicas de barras de a\u00e7o em estruturas de concreto armado\" data-type=\"image_tag\" data-img-url=\"https:\/\/www.institutodeengenharia.org.br\/site\/wp-content\/uploads\/2022\/06\/Design-sem-nome-45-356x220.jpg\"  width=\"356\" height=\"220\" \/><span class=\"td-video-play-ico\"><i class=\"td-icon-video-thumb-play\"><\/i><\/span><\/a><\/div>\r\n            <div class=\"td-module-meta-info\">\r\n                <h3 class=\"entry-title td-module-title\"><a href=\"https:\/\/www.institutodeengenharia.org.br\/site\/2022\/06\/07\/emendas-mecanicas-de-barras-de-aco-em-estruturas-de-concreto-armado\/\"  rel=\"bookmark\" title=\"Emendas mec\u00e2nicas de barras de a\u00e7o em estruturas de concreto armado\">Emendas mec\u00e2nicas de barras de a\u00e7o em estruturas de concreto armado<\/a><\/h3>                <div class=\"td-editor-date\">\r\n                                        <span class=\"td-author-date\">\r\n                                                <span class=\"td-post-date\"><time class=\"entry-date updated td-module-date\" datetime=\"2022-06-07T12:58:11-03:00\" >07\/06\/2022<\/time><\/span>                    <\/span>\r\n                <\/div>\r\n            <\/div>\r\n\r\n        <\/div>\r\n\r\n        \n\t<\/div> <!-- .\/td-block-span4 --><\/div><!--.\/row-fluid-->\n\n\t<div class=\"td-block-row\">\n\n\t<div class=\"td-block-span4\">\n\r\n        <div class=\"td_module_mx1 td_module_wrap td-animation-stack\">\r\n            <div class=\"td-module-thumb\"><a href=\"https:\/\/www.institutodeengenharia.org.br\/site\/2022\/06\/02\/como-a-neurociencia-pode-nos-ajudar-a-melhorar-o-meio-ambiente\/\"  rel=\"bookmark\" class=\"td-image-wrap \" title=\"Como a neuroci\u00eancia pode nos ajudar a melhorar o meio ambiente?\" ><img loading=\"lazy\" decoding=\"async\" class=\"entry-thumb\" src=\"data:image\/png;base64,iVBORw0KGgoAAAANSUhEUgAAAWQAAADcAQMAAAB9O0nPAAAAA1BMVEWurq51dlI4AAAAAXRSTlMmkutdmwAAACBJREFUaN7twTEBAAAAwiD7p7bDbmAAAAAAAAAAAABAdieIAAGQh2mWAAAAAElFTkSuQmCC\" alt=\"\" title=\"Como a neuroci\u00eancia pode nos ajudar a melhorar o meio ambiente?\" data-type=\"image_tag\" data-img-url=\"https:\/\/www.institutodeengenharia.org.br\/site\/wp-content\/uploads\/2022\/05\/MicrosoftTeams-image-66-356x220.jpg\"  width=\"356\" height=\"220\" \/><span class=\"td-video-play-ico\"><i class=\"td-icon-video-thumb-play\"><\/i><\/span><\/a><\/div>\r\n            <div class=\"td-module-meta-info\">\r\n                <h3 class=\"entry-title td-module-title\"><a href=\"https:\/\/www.institutodeengenharia.org.br\/site\/2022\/06\/02\/como-a-neurociencia-pode-nos-ajudar-a-melhorar-o-meio-ambiente\/\"  rel=\"bookmark\" title=\"Como a neuroci\u00eancia pode nos ajudar a melhorar o meio ambiente?\">Como a neuroci\u00eancia pode nos ajudar a melhorar o meio ambiente?<\/a><\/h3>                <div class=\"td-editor-date\">\r\n                                        <span class=\"td-author-date\">\r\n                                                <span class=\"td-post-date\"><time class=\"entry-date updated td-module-date\" datetime=\"2022-06-02T16:20:56-03:00\" >02\/06\/2022<\/time><\/span>                    <\/span>\r\n                <\/div>\r\n            <\/div>\r\n\r\n        <\/div>\r\n\r\n        \n\t<\/div> <!-- .\/td-block-span4 -->\n\n\t<div class=\"td-block-span4\">\n\r\n        <div class=\"td_module_mx1 td_module_wrap td-animation-stack\">\r\n            <div class=\"td-module-thumb\"><a href=\"https:\/\/www.institutodeengenharia.org.br\/site\/2022\/06\/01\/tuneis-em-areas-urbanas\/\"  rel=\"bookmark\" class=\"td-image-wrap \" title=\"T\u00faneis em \u00e1reas urbanas\" ><img loading=\"lazy\" decoding=\"async\" class=\"entry-thumb\" src=\"data:image\/png;base64,iVBORw0KGgoAAAANSUhEUgAAAWQAAADcAQMAAAB9O0nPAAAAA1BMVEWurq51dlI4AAAAAXRSTlMmkutdmwAAACBJREFUaN7twTEBAAAAwiD7p7bDbmAAAAAAAAAAAABAdieIAAGQh2mWAAAAAElFTkSuQmCC\" alt=\"\" title=\"T\u00faneis em \u00e1reas urbanas\" data-type=\"image_tag\" data-img-url=\"https:\/\/www.institutodeengenharia.org.br\/site\/wp-content\/uploads\/2022\/06\/tunnel-g3d79cf5e8_1920-356x220.jpg\"  width=\"356\" height=\"220\" \/><\/a><\/div>\r\n            <div class=\"td-module-meta-info\">\r\n                <h3 class=\"entry-title td-module-title\"><a href=\"https:\/\/www.institutodeengenharia.org.br\/site\/2022\/06\/01\/tuneis-em-areas-urbanas\/\"  rel=\"bookmark\" title=\"T\u00faneis em \u00e1reas urbanas\">T\u00faneis em \u00e1reas urbanas<\/a><\/h3>                <div class=\"td-editor-date\">\r\n                                        <span class=\"td-author-date\">\r\n                                                <span class=\"td-post-date\"><time class=\"entry-date updated td-module-date\" datetime=\"2022-06-01T14:17:39-03:00\" >01\/06\/2022<\/time><\/span>                    <\/span>\r\n                <\/div>\r\n            <\/div>\r\n\r\n        <\/div>\r\n\r\n        \n\t<\/div> <!-- .\/td-block-span4 -->\n\n\t<div class=\"td-block-span4\">\n\r\n        <div class=\"td_module_mx1 td_module_wrap td-animation-stack\">\r\n            <div class=\"td-module-thumb\"><a href=\"https:\/\/www.institutodeengenharia.org.br\/site\/2022\/05\/30\/ciclo-de-formacao-a-necessidade-urgente-de-uma-nova-bioeconomia-de-floresta-em-pe\/\"  rel=\"bookmark\" class=\"td-image-wrap \" title=\"Ciclo de forma\u00e7\u00e3o \u2013 A necessidade urgente de uma nova bioeconomia de floresta em p\u00e9\" ><img loading=\"lazy\" decoding=\"async\" class=\"entry-thumb\" src=\"data:image\/png;base64,iVBORw0KGgoAAAANSUhEUgAAAWQAAADcAQMAAAB9O0nPAAAAA1BMVEWurq51dlI4AAAAAXRSTlMmkutdmwAAACBJREFUaN7twTEBAAAAwiD7p7bDbmAAAAAAAAAAAABAdieIAAGQh2mWAAAAAElFTkSuQmCC\" alt=\"\" title=\"Ciclo de forma\u00e7\u00e3o \u2013 A necessidade urgente de uma nova bioeconomia de floresta em p\u00e9\" data-type=\"image_tag\" data-img-url=\"https:\/\/www.institutodeengenharia.org.br\/site\/wp-content\/uploads\/2022\/05\/suspension-bridge-g7c81ec70a_1920-1-356x220.jpg\"  width=\"356\" height=\"220\" \/><span class=\"td-video-play-ico\"><i class=\"td-icon-video-thumb-play\"><\/i><\/span><\/a><\/div>\r\n            <div class=\"td-module-meta-info\">\r\n                <h3 class=\"entry-title td-module-title\"><a href=\"https:\/\/www.institutodeengenharia.org.br\/site\/2022\/05\/30\/ciclo-de-formacao-a-necessidade-urgente-de-uma-nova-bioeconomia-de-floresta-em-pe\/\"  rel=\"bookmark\" title=\"Ciclo de forma\u00e7\u00e3o \u2013 A necessidade urgente de uma nova bioeconomia de floresta em p\u00e9\">Ciclo de forma\u00e7\u00e3o \u2013 A necessidade urgente de uma nova bioeconomia de floresta em p\u00e9<\/a><\/h3>                <div class=\"td-editor-date\">\r\n                                        <span class=\"td-author-date\">\r\n                                                <span class=\"td-post-date\"><time class=\"entry-date updated td-module-date\" datetime=\"2022-05-30T10:14:35-03:00\" >30\/05\/2022<\/time><\/span>                    <\/span>\r\n                <\/div>\r\n            <\/div>\r\n\r\n        <\/div>\r\n\r\n        \n\t<\/div> <!-- .\/td-block-span4 --><\/div><!--.\/row-fluid-->\n\n\t<div class=\"td-block-row\">\n\n\t<div class=\"td-block-span4\">\n\r\n        <div class=\"td_module_mx1 td_module_wrap td-animation-stack\">\r\n            <div class=\"td-module-thumb\"><a href=\"https:\/\/www.institutodeengenharia.org.br\/site\/2022\/05\/25\/cuidados-no-projeto-execucao-e-adocao-de-edificios-altos\/\"  rel=\"bookmark\" class=\"td-image-wrap \" title=\"Cuidados no projeto, execu\u00e7\u00e3o e ado\u00e7\u00e3o de edif\u00edcios altos\" ><img loading=\"lazy\" decoding=\"async\" class=\"entry-thumb\" src=\"data:image\/png;base64,iVBORw0KGgoAAAANSUhEUgAAAWQAAADcAQMAAAB9O0nPAAAAA1BMVEWurq51dlI4AAAAAXRSTlMmkutdmwAAACBJREFUaN7twTEBAAAAwiD7p7bDbmAAAAAAAAAAAABAdieIAAGQh2mWAAAAAElFTkSuQmCC\" alt=\"\" title=\"Cuidados no projeto, execu\u00e7\u00e3o e ado\u00e7\u00e3o de edif\u00edcios altos\" data-type=\"image_tag\" data-img-url=\"https:\/\/www.institutodeengenharia.org.br\/site\/wp-content\/uploads\/2022\/05\/Design-sem-nome-27-356x220.png\"  width=\"356\" height=\"220\" \/><\/a><\/div>\r\n            <div class=\"td-module-meta-info\">\r\n                <h3 class=\"entry-title td-module-title\"><a href=\"https:\/\/www.institutodeengenharia.org.br\/site\/2022\/05\/25\/cuidados-no-projeto-execucao-e-adocao-de-edificios-altos\/\"  rel=\"bookmark\" title=\"Cuidados no projeto, execu\u00e7\u00e3o e ado\u00e7\u00e3o de edif\u00edcios altos\">Cuidados no projeto, execu\u00e7\u00e3o e ado\u00e7\u00e3o de edif\u00edcios altos<\/a><\/h3>                <div class=\"td-editor-date\">\r\n                                        <span class=\"td-author-date\">\r\n                                                <span class=\"td-post-date\"><time class=\"entry-date updated td-module-date\" datetime=\"2022-05-25T14:03:40-03:00\" >25\/05\/2022<\/time><\/span>                    <\/span>\r\n                <\/div>\r\n            <\/div>\r\n\r\n        <\/div>\r\n\r\n        \n\t<\/div> <!-- .\/td-block-span4 -->\n\n\t<div class=\"td-block-span4\">\n\r\n        <div class=\"td_module_mx1 td_module_wrap td-animation-stack\">\r\n            <div class=\"td-module-thumb\"><a href=\"https:\/\/www.institutodeengenharia.org.br\/site\/2022\/05\/17\/encontro-aberto-gt-amazonia-e-bioeconomia\/\"  rel=\"bookmark\" class=\"td-image-wrap \" title=\"Encontro Aberto GT Amaz\u00f4nia e Bioeconomia\" ><img loading=\"lazy\" decoding=\"async\" class=\"entry-thumb\" src=\"data:image\/png;base64,iVBORw0KGgoAAAANSUhEUgAAAWQAAADcAQMAAAB9O0nPAAAAA1BMVEWurq51dlI4AAAAAXRSTlMmkutdmwAAACBJREFUaN7twTEBAAAAwiD7p7bDbmAAAAAAAAAAAABAdieIAAGQh2mWAAAAAElFTkSuQmCC\" alt=\"\" title=\"Encontro Aberto GT Amaz\u00f4nia e Bioeconomia\" data-type=\"image_tag\" data-img-url=\"https:\/\/www.institutodeengenharia.org.br\/site\/wp-content\/uploads\/2022\/04\/MicrosoftTeams-image-62-1-356x220.png\"  width=\"356\" height=\"220\" \/><span class=\"td-video-play-ico\"><i class=\"td-icon-video-thumb-play\"><\/i><\/span><\/a><\/div>\r\n            <div class=\"td-module-meta-info\">\r\n                <h3 class=\"entry-title td-module-title\"><a href=\"https:\/\/www.institutodeengenharia.org.br\/site\/2022\/05\/17\/encontro-aberto-gt-amazonia-e-bioeconomia\/\"  rel=\"bookmark\" title=\"Encontro Aberto GT Amaz\u00f4nia e Bioeconomia\">Encontro Aberto GT Amaz\u00f4nia e Bioeconomia<\/a><\/h3>                <div class=\"td-editor-date\">\r\n                                        <span class=\"td-author-date\">\r\n                                                <span class=\"td-post-date\"><time class=\"entry-date updated td-module-date\" datetime=\"2022-05-17T11:09:22-03:00\" >17\/05\/2022<\/time><\/span>                    <\/span>\r\n                <\/div>\r\n            <\/div>\r\n\r\n        <\/div>\r\n\r\n        \n\t<\/div> <!-- .\/td-block-span4 -->\n\n\t<div class=\"td-block-span4\">\n\r\n        <div class=\"td_module_mx1 td_module_wrap td-animation-stack\">\r\n            <div class=\"td-module-thumb\"><a href=\"https:\/\/www.institutodeengenharia.org.br\/site\/2022\/05\/16\/palestra-retrofit-quando-fazer-e-quais-melhores-solucoes-para-esse-investimento-em-12-de-maio\/\"  rel=\"bookmark\" class=\"td-image-wrap \" title=\"Retrofit &#8211; Quando fazer e quais melhores solu\u00e7\u00f5es para esse investimento?\" ><img loading=\"lazy\" decoding=\"async\" class=\"entry-thumb\" src=\"data:image\/png;base64,iVBORw0KGgoAAAANSUhEUgAAAWQAAADcAQMAAAB9O0nPAAAAA1BMVEWurq51dlI4AAAAAXRSTlMmkutdmwAAACBJREFUaN7twTEBAAAAwiD7p7bDbmAAAAAAAAAAAABAdieIAAGQh2mWAAAAAElFTkSuQmCC\" alt=\"\" title=\"Retrofit &#8211; Quando fazer e quais melhores solu\u00e7\u00f5es para esse investimento?\" data-type=\"image_tag\" data-img-url=\"https:\/\/www.institutodeengenharia.org.br\/site\/wp-content\/uploads\/2022\/03\/WhatsApp-Image-2022-03-28-at-10.39.23-356x220.jpeg\"  width=\"356\" height=\"220\" \/><span class=\"td-video-play-ico\"><i class=\"td-icon-video-thumb-play\"><\/i><\/span><\/a><\/div>\r\n            <div class=\"td-module-meta-info\">\r\n                <h3 class=\"entry-title td-module-title\"><a href=\"https:\/\/www.institutodeengenharia.org.br\/site\/2022\/05\/16\/palestra-retrofit-quando-fazer-e-quais-melhores-solucoes-para-esse-investimento-em-12-de-maio\/\"  rel=\"bookmark\" title=\"Retrofit &#8211; Quando fazer e quais melhores solu\u00e7\u00f5es para esse investimento?\">Retrofit &#8211; Quando fazer e quais melhores solu\u00e7\u00f5es para esse investimento?<\/a><\/h3>                <div class=\"td-editor-date\">\r\n                                        <span class=\"td-author-date\">\r\n                                                <span class=\"td-post-date\"><time class=\"entry-date updated td-module-date\" datetime=\"2022-05-16T11:20:34-03:00\" >16\/05\/2022<\/time><\/span>                    <\/span>\r\n                <\/div>\r\n            <\/div>\r\n\r\n        <\/div>\r\n\r\n        \n\t<\/div> <!-- .\/td-block-span4 --><\/div><!--.\/row-fluid-->\n\n\t<div class=\"td-block-row\">\n\n\t<div class=\"td-block-span4\">\n\r\n        <div class=\"td_module_mx1 td_module_wrap td-animation-stack\">\r\n            <div class=\"td-module-thumb\"><a href=\"https:\/\/www.institutodeengenharia.org.br\/site\/2022\/05\/10\/reducao-dos-impactos-ambientais-e-aumento-da-pontuacao-leed-atraves-de-melhorias-no-concreto\/\"  rel=\"bookmark\" class=\"td-image-wrap \" title=\"Redu\u00e7\u00e3o dos impactos ambientais e aumento da pontua\u00e7\u00e3o LEED atrav\u00e9s de melhorias no concreto\" ><img loading=\"lazy\" decoding=\"async\" class=\"entry-thumb\" src=\"data:image\/png;base64,iVBORw0KGgoAAAANSUhEUgAAAWQAAADcAQMAAAB9O0nPAAAAA1BMVEWurq51dlI4AAAAAXRSTlMmkutdmwAAACBJREFUaN7twTEBAAAAwiD7p7bDbmAAAAAAAAAAAABAdieIAAGQh2mWAAAAAElFTkSuQmCC\" alt=\"\" title=\"Redu\u00e7\u00e3o dos impactos ambientais e aumento da pontua\u00e7\u00e3o LEED atrav\u00e9s de melhorias no concreto\" data-type=\"image_tag\" data-img-url=\"https:\/\/www.institutodeengenharia.org.br\/site\/wp-content\/uploads\/2022\/05\/MicrosoftTeams-image-63-356x220.jpg\"  width=\"356\" height=\"220\" \/><span class=\"td-video-play-ico\"><i class=\"td-icon-video-thumb-play\"><\/i><\/span><\/a><\/div>\r\n            <div class=\"td-module-meta-info\">\r\n                <h3 class=\"entry-title td-module-title\"><a href=\"https:\/\/www.institutodeengenharia.org.br\/site\/2022\/05\/10\/reducao-dos-impactos-ambientais-e-aumento-da-pontuacao-leed-atraves-de-melhorias-no-concreto\/\"  rel=\"bookmark\" title=\"Redu\u00e7\u00e3o dos impactos ambientais e aumento da pontua\u00e7\u00e3o LEED atrav\u00e9s de melhorias no concreto\">Redu\u00e7\u00e3o dos impactos ambientais e aumento da pontua\u00e7\u00e3o LEED atrav\u00e9s de melhorias no concreto<\/a><\/h3>                <div class=\"td-editor-date\">\r\n                                        <span class=\"td-author-date\">\r\n                                                <span class=\"td-post-date\"><time class=\"entry-date updated td-module-date\" datetime=\"2022-05-10T13:54:55-03:00\" >10\/05\/2022<\/time><\/span>                    <\/span>\r\n                <\/div>\r\n            <\/div>\r\n\r\n        <\/div>\r\n\r\n        \n\t<\/div> <!-- .\/td-block-span4 -->\n\n\t<div class=\"td-block-span4\">\n\r\n        <div class=\"td_module_mx1 td_module_wrap td-animation-stack\">\r\n            <div class=\"td-module-thumb\"><a href=\"https:\/\/www.institutodeengenharia.org.br\/site\/2022\/05\/06\/iluminacao-publica-e-telegestao-novas-tecnologias-e-aplicacao\/\"  rel=\"bookmark\" class=\"td-image-wrap \" title=\"Ilumina\u00e7\u00e3o P\u00fablica e Telegest\u00e3o &#8211; Novas tecnologias e aplica\u00e7\u00e3o\" ><img loading=\"lazy\" decoding=\"async\" class=\"entry-thumb\" src=\"data:image\/png;base64,iVBORw0KGgoAAAANSUhEUgAAAWQAAADcAQMAAAB9O0nPAAAAA1BMVEWurq51dlI4AAAAAXRSTlMmkutdmwAAACBJREFUaN7twTEBAAAAwiD7p7bDbmAAAAAAAAAAAABAdieIAAGQh2mWAAAAAElFTkSuQmCC\" alt=\"\" title=\"Ilumina\u00e7\u00e3o P\u00fablica e Telegest\u00e3o &#8211; Novas tecnologias e aplica\u00e7\u00e3o\" data-type=\"image_tag\" data-img-url=\"https:\/\/www.institutodeengenharia.org.br\/site\/wp-content\/uploads\/2022\/03\/street-lighting-ga4bcc0a0d_1280-356x220.jpg\"  width=\"356\" height=\"220\" \/><\/a><\/div>\r\n            <div class=\"td-module-meta-info\">\r\n                <h3 class=\"entry-title td-module-title\"><a href=\"https:\/\/www.institutodeengenharia.org.br\/site\/2022\/05\/06\/iluminacao-publica-e-telegestao-novas-tecnologias-e-aplicacao\/\"  rel=\"bookmark\" title=\"Ilumina\u00e7\u00e3o P\u00fablica e Telegest\u00e3o &#8211; Novas tecnologias e aplica\u00e7\u00e3o\">Ilumina\u00e7\u00e3o P\u00fablica e Telegest\u00e3o &#8211; Novas tecnologias e aplica\u00e7\u00e3o<\/a><\/h3>                <div class=\"td-editor-date\">\r\n                                        <span class=\"td-author-date\">\r\n                                                <span class=\"td-post-date\"><time class=\"entry-date updated td-module-date\" datetime=\"2022-05-06T10:43:13-03:00\" >06\/05\/2022<\/time><\/span>                    <\/span>\r\n                <\/div>\r\n            <\/div>\r\n\r\n        <\/div>\r\n\r\n        \n\t<\/div> <!-- .\/td-block-span4 -->\n\n\t<div class=\"td-block-span4\">\n\r\n        <div class=\"td_module_mx1 td_module_wrap td-animation-stack\">\r\n            <div class=\"td-module-thumb\"><a href=\"https:\/\/www.institutodeengenharia.org.br\/site\/2022\/04\/30\/livro-o-anel-de-giges-uma-fantasia-etica-por-eduardo-giannetti\/\"  rel=\"bookmark\" class=\"td-image-wrap \" title=\"Livro: O Anel de Giges \u2013 Uma fantasia \u00e9tica por Eduardo Giannetti\" ><img loading=\"lazy\" decoding=\"async\" class=\"entry-thumb\" src=\"data:image\/png;base64,iVBORw0KGgoAAAANSUhEUgAAAWQAAADcAQMAAAB9O0nPAAAAA1BMVEWurq51dlI4AAAAAXRSTlMmkutdmwAAACBJREFUaN7twTEBAAAAwiD7p7bDbmAAAAAAAAAAAABAdieIAAGQh2mWAAAAAElFTkSuQmCC\" alt=\"\" title=\"Livro: O Anel de Giges \u2013 Uma fantasia \u00e9tica por Eduardo Giannetti\" data-type=\"image_tag\" data-img-url=\"https:\/\/www.institutodeengenharia.org.br\/site\/wp-content\/uploads\/2022\/04\/Design-sem-nome-24-356x220.jpg\"  width=\"356\" height=\"220\" \/><span class=\"td-video-play-ico\"><i class=\"td-icon-video-thumb-play\"><\/i><\/span><\/a><\/div>\r\n            <div class=\"td-module-meta-info\">\r\n                <h3 class=\"entry-title td-module-title\"><a href=\"https:\/\/www.institutodeengenharia.org.br\/site\/2022\/04\/30\/livro-o-anel-de-giges-uma-fantasia-etica-por-eduardo-giannetti\/\"  rel=\"bookmark\" title=\"Livro: O Anel de Giges \u2013 Uma fantasia \u00e9tica por Eduardo Giannetti\">Livro: O Anel de Giges \u2013 Uma fantasia \u00e9tica por Eduardo Giannetti<\/a><\/h3>                <div class=\"td-editor-date\">\r\n                                        <span class=\"td-author-date\">\r\n                                                <span class=\"td-post-date\"><time class=\"entry-date updated td-module-date\" datetime=\"2022-04-30T11:50:02-03:00\" >30\/04\/2022<\/time><\/span>                    <\/span>\r\n                <\/div>\r\n            <\/div>\r\n\r\n        <\/div>\r\n\r\n        \n\t<\/div> <!-- .\/td-block-span4 --><\/div><!--.\/row-fluid-->\n\n\t<div class=\"td-block-row\">\n\n\t<div class=\"td-block-span4\">\n\r\n        <div class=\"td_module_mx1 td_module_wrap td-animation-stack\">\r\n            <div class=\"td-module-thumb\"><a href=\"https:\/\/www.institutodeengenharia.org.br\/site\/2022\/04\/29\/nr-32-seguranca-e-saude-no-trabalho-nos-servicos-de-saude\/\"  rel=\"bookmark\" class=\"td-image-wrap \" title=\"NR-32 \u2013 Seguran\u00e7a e sa\u00fade no trabalho nos servi\u00e7os de sa\u00fade\" ><img loading=\"lazy\" decoding=\"async\" class=\"entry-thumb\" src=\"data:image\/png;base64,iVBORw0KGgoAAAANSUhEUgAAAWQAAADcAQMAAAB9O0nPAAAAA1BMVEWurq51dlI4AAAAAXRSTlMmkutdmwAAACBJREFUaN7twTEBAAAAwiD7p7bDbmAAAAAAAAAAAABAdieIAAGQh2mWAAAAAElFTkSuQmCC\" alt=\"\" title=\"NR-32 \u2013 Seguran\u00e7a e sa\u00fade no trabalho nos servi\u00e7os de sa\u00fade\" data-type=\"image_tag\" data-img-url=\"https:\/\/www.institutodeengenharia.org.br\/site\/wp-content\/uploads\/2022\/04\/Design-sem-nome-12-356x220.jpg\"  width=\"356\" height=\"220\" \/><\/a><\/div>\r\n            <div class=\"td-module-meta-info\">\r\n                <h3 class=\"entry-title td-module-title\"><a href=\"https:\/\/www.institutodeengenharia.org.br\/site\/2022\/04\/29\/nr-32-seguranca-e-saude-no-trabalho-nos-servicos-de-saude\/\"  rel=\"bookmark\" title=\"NR-32 \u2013 Seguran\u00e7a e sa\u00fade no trabalho nos servi\u00e7os de sa\u00fade\">NR-32 \u2013 Seguran\u00e7a e sa\u00fade no trabalho nos servi\u00e7os de sa\u00fade<\/a><\/h3>                <div class=\"td-editor-date\">\r\n                                        <span class=\"td-author-date\">\r\n                                                <span class=\"td-post-date\"><time class=\"entry-date updated td-module-date\" datetime=\"2022-04-29T15:30:17-03:00\" >29\/04\/2022<\/time><\/span>                    <\/span>\r\n                <\/div>\r\n            <\/div>\r\n\r\n        <\/div>\r\n\r\n        \n\t<\/div> <!-- .\/td-block-span4 -->\n\n\t<div class=\"td-block-span4\">\n\r\n        <div class=\"td_module_mx1 td_module_wrap td-animation-stack\">\r\n            <div class=\"td-module-thumb\"><a href=\"https:\/\/www.institutodeengenharia.org.br\/site\/2022\/04\/25\/construcao-saudavel-uma-nova-realidade-no-brasil\/\"  rel=\"bookmark\" class=\"td-image-wrap \" title=\"Constru\u00e7\u00e3o saud\u00e1vel: Uma nova realidade no Brasil\" ><img loading=\"lazy\" decoding=\"async\" class=\"entry-thumb\" src=\"data:image\/png;base64,iVBORw0KGgoAAAANSUhEUgAAAWQAAADcAQMAAAB9O0nPAAAAA1BMVEWurq51dlI4AAAAAXRSTlMmkutdmwAAACBJREFUaN7twTEBAAAAwiD7p7bDbmAAAAAAAAAAAABAdieIAAGQh2mWAAAAAElFTkSuQmCC\" alt=\"\" title=\"Constru\u00e7\u00e3o saud\u00e1vel: Uma nova realidade no Brasil\" data-type=\"image_tag\" data-img-url=\"https:\/\/www.institutodeengenharia.org.br\/site\/wp-content\/uploads\/2018\/11\/meeting-2284501_1920-356x220.jpg\"  width=\"356\" height=\"220\" \/><\/a><\/div>\r\n            <div class=\"td-module-meta-info\">\r\n                <h3 class=\"entry-title td-module-title\"><a href=\"https:\/\/www.institutodeengenharia.org.br\/site\/2022\/04\/25\/construcao-saudavel-uma-nova-realidade-no-brasil\/\"  rel=\"bookmark\" title=\"Constru\u00e7\u00e3o saud\u00e1vel: Uma nova realidade no Brasil\">Constru\u00e7\u00e3o saud\u00e1vel: Uma nova realidade no Brasil<\/a><\/h3>                <div class=\"td-editor-date\">\r\n                                        <span class=\"td-author-date\">\r\n                                                <span class=\"td-post-date\"><time class=\"entry-date updated td-module-date\" datetime=\"2022-04-25T11:34:56-03:00\" >25\/04\/2022<\/time><\/span>                    <\/span>\r\n                <\/div>\r\n            <\/div>\r\n\r\n        <\/div>\r\n\r\n        \n\t<\/div> <!-- .\/td-block-span4 -->\n\n\t<div class=\"td-block-span4\">\n\r\n        <div class=\"td_module_mx1 td_module_wrap td-animation-stack\">\r\n            <div class=\"td-module-thumb\"><a href=\"https:\/\/www.institutodeengenharia.org.br\/site\/2022\/04\/25\/conforto-ambiental-em-ambientes-corporativos-desafios-e-economia-de-recursos-energeticos\/\"  rel=\"bookmark\" class=\"td-image-wrap \" title=\"Conforto ambiental em ambientes corporativos: Desafios e economia de recursos energ\u00e9ticos\" ><img loading=\"lazy\" decoding=\"async\" class=\"entry-thumb\" src=\"data:image\/png;base64,iVBORw0KGgoAAAANSUhEUgAAAWQAAADcAQMAAAB9O0nPAAAAA1BMVEWurq51dlI4AAAAAXRSTlMmkutdmwAAACBJREFUaN7twTEBAAAAwiD7p7bDbmAAAAAAAAAAAABAdieIAAGQh2mWAAAAAElFTkSuQmCC\" alt=\"\" title=\"Conforto ambiental em ambientes corporativos: Desafios e economia de recursos energ\u00e9ticos\" data-type=\"image_tag\" data-img-url=\"https:\/\/www.institutodeengenharia.org.br\/site\/wp-content\/uploads\/2022\/02\/inside-g342808d51_1280-356x220.jpg\"  width=\"356\" height=\"220\" \/><span class=\"td-video-play-ico\"><i class=\"td-icon-video-thumb-play\"><\/i><\/span><\/a><\/div>\r\n            <div class=\"td-module-meta-info\">\r\n                <h3 class=\"entry-title td-module-title\"><a href=\"https:\/\/www.institutodeengenharia.org.br\/site\/2022\/04\/25\/conforto-ambiental-em-ambientes-corporativos-desafios-e-economia-de-recursos-energeticos\/\"  rel=\"bookmark\" title=\"Conforto ambiental em ambientes corporativos: Desafios e economia de recursos energ\u00e9ticos\">Conforto ambiental em ambientes corporativos: Desafios e economia de recursos energ\u00e9ticos<\/a><\/h3>                <div class=\"td-editor-date\">\r\n                                        <span class=\"td-author-date\">\r\n                                                <span class=\"td-post-date\"><time class=\"entry-date updated td-module-date\" datetime=\"2022-04-25T11:30:34-03:00\" >25\/04\/2022<\/time><\/span>                    <\/span>\r\n                <\/div>\r\n            <\/div>\r\n\r\n        <\/div>\r\n\r\n        \n\t<\/div> <!-- .\/td-block-span4 --><\/div><!--.\/row-fluid-->\n\n\t<div class=\"td-block-row\">\n\n\t<div class=\"td-block-span4\">\n\r\n        <div class=\"td_module_mx1 td_module_wrap td-animation-stack\">\r\n            <div class=\"td-module-thumb\"><a href=\"https:\/\/www.institutodeengenharia.org.br\/site\/2022\/04\/25\/como-o-programa-de-mentoria-do-ie-pode-ajudar-no-desenvolvimento-de-carreiras-e-lideranca-humanizada-nas-empresas\/\"  rel=\"bookmark\" class=\"td-image-wrap \" title=\"Como o programa de Mentoria do IE pode ajudar no desenvolvimento de carreiras e lideran\u00e7a humanizada nas empresas\" ><img loading=\"lazy\" decoding=\"async\" class=\"entry-thumb\" src=\"data:image\/png;base64,iVBORw0KGgoAAAANSUhEUgAAAWQAAADcAQMAAAB9O0nPAAAAA1BMVEWurq51dlI4AAAAAXRSTlMmkutdmwAAACBJREFUaN7twTEBAAAAwiD7p7bDbmAAAAAAAAAAAABAdieIAAGQh2mWAAAAAElFTkSuQmCC\" alt=\"\" title=\"Como o programa de Mentoria do IE pode ajudar no desenvolvimento de carreiras e lideran\u00e7a humanizada nas empresas\" data-type=\"image_tag\" data-img-url=\"https:\/\/www.institutodeengenharia.org.br\/site\/wp-content\/uploads\/2020\/02\/dicas-mentoria1-356x220.jpg\"  width=\"356\" height=\"220\" \/><span class=\"td-video-play-ico\"><i class=\"td-icon-video-thumb-play\"><\/i><\/span><\/a><\/div>\r\n            <div class=\"td-module-meta-info\">\r\n                <h3 class=\"entry-title td-module-title\"><a href=\"https:\/\/www.institutodeengenharia.org.br\/site\/2022\/04\/25\/como-o-programa-de-mentoria-do-ie-pode-ajudar-no-desenvolvimento-de-carreiras-e-lideranca-humanizada-nas-empresas\/\"  rel=\"bookmark\" title=\"Como o programa de Mentoria do IE pode ajudar no desenvolvimento de carreiras e lideran\u00e7a humanizada nas empresas\">Como o programa de Mentoria do IE pode ajudar no desenvolvimento de carreiras e lideran\u00e7a humanizada nas empresas<\/a><\/h3>                <div class=\"td-editor-date\">\r\n                                        <span class=\"td-author-date\">\r\n                                                <span class=\"td-post-date\"><time class=\"entry-date updated td-module-date\" datetime=\"2022-04-25T11:30:20-03:00\" >25\/04\/2022<\/time><\/span>                    <\/span>\r\n                <\/div>\r\n            <\/div>\r\n\r\n        <\/div>\r\n\r\n        \n\t<\/div> <!-- .\/td-block-span4 -->\n\n\t<div class=\"td-block-span4\">\n\r\n        <div class=\"td_module_mx1 td_module_wrap td-animation-stack\">\r\n            <div class=\"td-module-thumb\"><a href=\"https:\/\/www.institutodeengenharia.org.br\/site\/2022\/04\/25\/seguranca-da-agua-para-abastecimento-publico\/\"  rel=\"bookmark\" class=\"td-image-wrap \" title=\"Seguran\u00e7a da \u00e1gua para abastecimento p\u00fablico\" ><img loading=\"lazy\" decoding=\"async\" class=\"entry-thumb\" src=\"data:image\/png;base64,iVBORw0KGgoAAAANSUhEUgAAAWQAAADcAQMAAAB9O0nPAAAAA1BMVEWurq51dlI4AAAAAXRSTlMmkutdmwAAACBJREFUaN7twTEBAAAAwiD7p7bDbmAAAAAAAAAAAABAdieIAAGQh2mWAAAAAElFTkSuQmCC\" alt=\"\" title=\"Seguran\u00e7a da \u00e1gua para abastecimento p\u00fablico\" data-type=\"image_tag\" data-img-url=\"https:\/\/www.institutodeengenharia.org.br\/site\/wp-content\/uploads\/2021\/10\/faucet-g6c7f56a67_1920-356x220.jpg\"  width=\"356\" height=\"220\" \/><\/a><\/div>\r\n            <div class=\"td-module-meta-info\">\r\n                <h3 class=\"entry-title td-module-title\"><a href=\"https:\/\/www.institutodeengenharia.org.br\/site\/2022\/04\/25\/seguranca-da-agua-para-abastecimento-publico\/\"  rel=\"bookmark\" title=\"Seguran\u00e7a da \u00e1gua para abastecimento p\u00fablico\">Seguran\u00e7a da \u00e1gua para abastecimento p\u00fablico<\/a><\/h3>                <div class=\"td-editor-date\">\r\n                                        <span class=\"td-author-date\">\r\n                                                <span class=\"td-post-date\"><time class=\"entry-date updated td-module-date\" datetime=\"2022-04-25T10:47:00-03:00\" >25\/04\/2022<\/time><\/span>                    <\/span>\r\n                <\/div>\r\n            <\/div>\r\n\r\n        <\/div>\r\n\r\n        \n\t<\/div> <!-- .\/td-block-span4 -->\n\n\t<div class=\"td-block-span4\">\n\r\n        <div class=\"td_module_mx1 td_module_wrap td-animation-stack\">\r\n            <div class=\"td-module-thumb\"><a href=\"https:\/\/www.institutodeengenharia.org.br\/site\/2022\/04\/25\/a-informatica-na-engenharia-estrutural-problemas-e-solucoes\/\"  rel=\"bookmark\" class=\"td-image-wrap \" title=\"A Inform\u00e1tica na Engenharia Estrutural: Problemas e Solu\u00e7\u00f5es\" ><img loading=\"lazy\" decoding=\"async\" class=\"entry-thumb\" src=\"data:image\/png;base64,iVBORw0KGgoAAAANSUhEUgAAAWQAAADcAQMAAAB9O0nPAAAAA1BMVEWurq51dlI4AAAAAXRSTlMmkutdmwAAACBJREFUaN7twTEBAAAAwiD7p7bDbmAAAAAAAAAAAABAdieIAAGQh2mWAAAAAElFTkSuQmCC\" alt=\"\" title=\"A Inform\u00e1tica na Engenharia Estrutural: Problemas e Solu\u00e7\u00f5es\" data-type=\"image_tag\" data-img-url=\"https:\/\/www.institutodeengenharia.org.br\/site\/wp-content\/uploads\/2021\/09\/MicrosoftTeams-image-19-356x220.png\"  width=\"356\" height=\"220\" \/><span class=\"td-video-play-ico\"><i class=\"td-icon-video-thumb-play\"><\/i><\/span><\/a><\/div>\r\n            <div class=\"td-module-meta-info\">\r\n                <h3 class=\"entry-title td-module-title\"><a href=\"https:\/\/www.institutodeengenharia.org.br\/site\/2022\/04\/25\/a-informatica-na-engenharia-estrutural-problemas-e-solucoes\/\"  rel=\"bookmark\" title=\"A Inform\u00e1tica na Engenharia Estrutural: Problemas e Solu\u00e7\u00f5es\">A Inform\u00e1tica na Engenharia Estrutural: Problemas e Solu\u00e7\u00f5es<\/a><\/h3>                <div class=\"td-editor-date\">\r\n                                        <span class=\"td-author-date\">\r\n                                                <span class=\"td-post-date\"><time class=\"entry-date updated td-module-date\" datetime=\"2022-04-25T10:33:15-03:00\" >25\/04\/2022<\/time><\/span>                    <\/span>\r\n                <\/div>\r\n            <\/div>\r\n\r\n        <\/div>\r\n\r\n        \n\t<\/div> <!-- .\/td-block-span4 --><\/div><!--.\/row-fluid-->\n\n\t<div class=\"td-block-row\">\n\n\t<div class=\"td-block-span4\">\n\r\n        <div class=\"td_module_mx1 td_module_wrap td-animation-stack\">\r\n            <div class=\"td-module-thumb\"><a href=\"https:\/\/www.institutodeengenharia.org.br\/site\/2022\/04\/25\/a-experiencia-com-a-faixa-azul-para-motos-em-sao-paulo\/\"  rel=\"bookmark\" class=\"td-image-wrap \" title=\"A experi\u00eancia com a Faixa Azul para motos em S\u00e3o Paulo\" ><img loading=\"lazy\" decoding=\"async\" class=\"entry-thumb\" src=\"data:image\/png;base64,iVBORw0KGgoAAAANSUhEUgAAAWQAAADcAQMAAAB9O0nPAAAAA1BMVEWurq51dlI4AAAAAXRSTlMmkutdmwAAACBJREFUaN7twTEBAAAAwiD7p7bDbmAAAAAAAAAAAABAdieIAAGQh2mWAAAAAElFTkSuQmCC\" alt=\"\" title=\"A experi\u00eancia com a Faixa Azul para motos em S\u00e3o Paulo\" data-type=\"image_tag\" data-img-url=\"https:\/\/www.institutodeengenharia.org.br\/site\/wp-content\/uploads\/2022\/02\/cet-356x220.jpg\"  width=\"356\" height=\"220\" \/><\/a><\/div>\r\n            <div class=\"td-module-meta-info\">\r\n                <h3 class=\"entry-title td-module-title\"><a href=\"https:\/\/www.institutodeengenharia.org.br\/site\/2022\/04\/25\/a-experiencia-com-a-faixa-azul-para-motos-em-sao-paulo\/\"  rel=\"bookmark\" title=\"A experi\u00eancia com a Faixa Azul para motos em S\u00e3o Paulo\">A experi\u00eancia com a Faixa Azul para motos em S\u00e3o Paulo<\/a><\/h3>                <div class=\"td-editor-date\">\r\n                                        <span class=\"td-author-date\">\r\n                                                <span class=\"td-post-date\"><time class=\"entry-date updated td-module-date\" datetime=\"2022-04-25T10:14:20-03:00\" >25\/04\/2022<\/time><\/span>                    <\/span>\r\n                <\/div>\r\n            <\/div>\r\n\r\n        <\/div>\r\n\r\n        \n\t<\/div> <!-- .\/td-block-span4 -->\n\n\t<div class=\"td-block-span4\">\n\r\n        <div class=\"td_module_mx1 td_module_wrap td-animation-stack\">\r\n            <div class=\"td-module-thumb\"><a href=\"https:\/\/www.institutodeengenharia.org.br\/site\/2022\/04\/18\/silos-de-concreto-analise-projeto-e-reabilitacao\/\"  rel=\"bookmark\" class=\"td-image-wrap \" title=\"Silos de concreto &#8211; An\u00e1lise, projeto e reabilita\u00e7\u00e3o\" ><img loading=\"lazy\" decoding=\"async\" class=\"entry-thumb\" src=\"data:image\/png;base64,iVBORw0KGgoAAAANSUhEUgAAAWQAAADcAQMAAAB9O0nPAAAAA1BMVEWurq51dlI4AAAAAXRSTlMmkutdmwAAACBJREFUaN7twTEBAAAAwiD7p7bDbmAAAAAAAAAAAABAdieIAAGQh2mWAAAAAElFTkSuQmCC\" alt=\"\" title=\"Silos de concreto &#8211; An\u00e1lise, projeto e reabilita\u00e7\u00e3o\" data-type=\"image_tag\" data-img-url=\"https:\/\/www.institutodeengenharia.org.br\/site\/wp-content\/uploads\/2022\/04\/Design-sem-nome-21-356x220.jpg\"  width=\"356\" height=\"220\" \/><span class=\"td-video-play-ico\"><i class=\"td-icon-video-thumb-play\"><\/i><\/span><\/a><\/div>\r\n            <div class=\"td-module-meta-info\">\r\n                <h3 class=\"entry-title td-module-title\"><a href=\"https:\/\/www.institutodeengenharia.org.br\/site\/2022\/04\/18\/silos-de-concreto-analise-projeto-e-reabilitacao\/\"  rel=\"bookmark\" title=\"Silos de concreto &#8211; An\u00e1lise, projeto e reabilita\u00e7\u00e3o\">Silos de concreto &#8211; An\u00e1lise, projeto e reabilita\u00e7\u00e3o<\/a><\/h3>                <div class=\"td-editor-date\">\r\n                                        <span class=\"td-author-date\">\r\n                                                <span class=\"td-post-date\"><time class=\"entry-date updated td-module-date\" datetime=\"2022-04-18T11:27:44-03:00\" >18\/04\/2022<\/time><\/span>                    <\/span>\r\n                <\/div>\r\n            <\/div>\r\n\r\n        <\/div>\r\n\r\n        \n\t<\/div> <!-- .\/td-block-span4 -->\n\n\t<div class=\"td-block-span4\">\n\r\n        <div class=\"td_module_mx1 td_module_wrap td-animation-stack\">\r\n            <div class=\"td-module-thumb\"><a href=\"https:\/\/www.institutodeengenharia.org.br\/site\/2022\/04\/07\/consolidacao-de-uma-base-de-conhecimento-para-estrategia-nacional-de-bioeconomia-esf\/\"  rel=\"bookmark\" class=\"td-image-wrap \" title=\"Consolida\u00e7\u00e3o de uma base de conhecimento para estrat\u00e9gia nacional de bioeconomia &#8211; ESF\" ><img loading=\"lazy\" decoding=\"async\" class=\"entry-thumb\" src=\"data:image\/png;base64,iVBORw0KGgoAAAANSUhEUgAAAWQAAADcAQMAAAB9O0nPAAAAA1BMVEWurq51dlI4AAAAAXRSTlMmkutdmwAAACBJREFUaN7twTEBAAAAwiD7p7bDbmAAAAAAAAAAAABAdieIAAGQh2mWAAAAAElFTkSuQmCC\" alt=\"\" title=\"Consolida\u00e7\u00e3o de uma base de conhecimento para estrat\u00e9gia nacional de bioeconomia &#8211; ESF\" data-type=\"image_tag\" data-img-url=\"https:\/\/www.institutodeengenharia.org.br\/site\/wp-content\/uploads\/2022\/04\/amazon-g41210a201_1920-1024x535-1-356x220.jpg\"  width=\"356\" height=\"220\" \/><span class=\"td-video-play-ico\"><i class=\"td-icon-video-thumb-play\"><\/i><\/span><\/a><\/div>\r\n            <div class=\"td-module-meta-info\">\r\n                <h3 class=\"entry-title td-module-title\"><a href=\"https:\/\/www.institutodeengenharia.org.br\/site\/2022\/04\/07\/consolidacao-de-uma-base-de-conhecimento-para-estrategia-nacional-de-bioeconomia-esf\/\"  rel=\"bookmark\" title=\"Consolida\u00e7\u00e3o de uma base de conhecimento para estrat\u00e9gia nacional de bioeconomia &#8211; ESF\">Consolida\u00e7\u00e3o de uma base de conhecimento para estrat\u00e9gia nacional de bioeconomia &#8211; ESF<\/a><\/h3>                <div class=\"td-editor-date\">\r\n                                        <span class=\"td-author-date\">\r\n                                                <span class=\"td-post-date\"><time class=\"entry-date updated td-module-date\" datetime=\"2022-04-07T14:57:45-03:00\" >07\/04\/2022<\/time><\/span>                    <\/span>\r\n                <\/div>\r\n            <\/div>\r\n\r\n        <\/div>\r\n\r\n        \n\t<\/div> <!-- .\/td-block-span4 --><\/div><!--.\/row-fluid-->\n\n\t<div class=\"td-block-row\">\n\n\t<div class=\"td-block-span4\">\n\r\n        <div class=\"td_module_mx1 td_module_wrap td-animation-stack\">\r\n            <div class=\"td-module-thumb\"><a href=\"https:\/\/www.institutodeengenharia.org.br\/site\/2022\/04\/05\/agora-bim\/\"  rel=\"bookmark\" class=\"td-image-wrap \" title=\"Agora Bim\" ><img loading=\"lazy\" decoding=\"async\" class=\"entry-thumb\" src=\"data:image\/png;base64,iVBORw0KGgoAAAANSUhEUgAAAWQAAADcAQMAAAB9O0nPAAAAA1BMVEWurq51dlI4AAAAAXRSTlMmkutdmwAAACBJREFUaN7twTEBAAAAwiD7p7bDbmAAAAAAAAAAAABAdieIAAGQh2mWAAAAAElFTkSuQmCC\" alt=\"\" title=\"Agora Bim\" data-type=\"image_tag\" data-img-url=\"https:\/\/www.institutodeengenharia.org.br\/site\/wp-content\/uploads\/2022\/03\/agorabim-356x220.png\"  width=\"356\" height=\"220\" \/><\/a><\/div>\r\n            <div class=\"td-module-meta-info\">\r\n                <h3 class=\"entry-title td-module-title\"><a href=\"https:\/\/www.institutodeengenharia.org.br\/site\/2022\/04\/05\/agora-bim\/\"  rel=\"bookmark\" title=\"Agora Bim\">Agora Bim<\/a><\/h3>                <div class=\"td-editor-date\">\r\n                                        <span class=\"td-author-date\">\r\n                                                <span class=\"td-post-date\"><time class=\"entry-date updated td-module-date\" datetime=\"2022-04-05T14:36:30-03:00\" >05\/04\/2022<\/time><\/span>                    <\/span>\r\n                <\/div>\r\n            <\/div>\r\n\r\n        <\/div>\r\n\r\n        \n\t<\/div> <!-- .\/td-block-span4 -->\n\n\t<div class=\"td-block-span4\">\n\r\n        <div class=\"td_module_mx1 td_module_wrap td-animation-stack\">\r\n            <div class=\"td-module-thumb\"><a href=\"https:\/\/www.institutodeengenharia.org.br\/site\/2022\/03\/30\/serie-de-eventos-brasil-e-o-futuro-da-bioeconomia-2\/\"  rel=\"bookmark\" class=\"td-image-wrap \" title=\"S\u00e9rie de eventos: Brasil e o Futuro da Bioeconomia\" ><img loading=\"lazy\" decoding=\"async\" class=\"entry-thumb\" src=\"data:image\/png;base64,iVBORw0KGgoAAAANSUhEUgAAAWQAAADcAQMAAAB9O0nPAAAAA1BMVEWurq51dlI4AAAAAXRSTlMmkutdmwAAACBJREFUaN7twTEBAAAAwiD7p7bDbmAAAAAAAAAAAABAdieIAAGQh2mWAAAAAElFTkSuQmCC\" alt=\"\" title=\"S\u00e9rie de eventos: Brasil e o Futuro da Bioeconomia\" data-type=\"image_tag\" data-img-url=\"https:\/\/www.institutodeengenharia.org.br\/site\/wp-content\/uploads\/2022\/03\/MicrosoftTeams-image-29-356x220.jpg\"  width=\"356\" height=\"220\" \/><\/a><\/div>\r\n            <div class=\"td-module-meta-info\">\r\n                <h3 class=\"entry-title td-module-title\"><a href=\"https:\/\/www.institutodeengenharia.org.br\/site\/2022\/03\/30\/serie-de-eventos-brasil-e-o-futuro-da-bioeconomia-2\/\"  rel=\"bookmark\" title=\"S\u00e9rie de eventos: Brasil e o Futuro da Bioeconomia\">S\u00e9rie de eventos: Brasil e o Futuro da Bioeconomia<\/a><\/h3>                <div class=\"td-editor-date\">\r\n                                        <span class=\"td-author-date\">\r\n                                                <span class=\"td-post-date\"><time class=\"entry-date updated td-module-date\" datetime=\"2022-03-30T09:00:05-03:00\" >30\/03\/2022<\/time><\/span>                    <\/span>\r\n                <\/div>\r\n            <\/div>\r\n\r\n        <\/div>\r\n\r\n        \n\t<\/div> <!-- .\/td-block-span4 -->\n\n\t<div class=\"td-block-span4\">\n\r\n        <div class=\"td_module_mx1 td_module_wrap td-animation-stack\">\r\n            <div class=\"td-module-thumb\"><a href=\"https:\/\/www.institutodeengenharia.org.br\/site\/2022\/03\/30\/requilibrio-economico-financeiro-de-contratos\/\"  rel=\"bookmark\" class=\"td-image-wrap \" title=\"Reequil\u00edbrio Econ\u00f4mico-Financeiro de Contratos\" ><img loading=\"lazy\" decoding=\"async\" class=\"entry-thumb\" src=\"data:image\/png;base64,iVBORw0KGgoAAAANSUhEUgAAAWQAAADcAQMAAAB9O0nPAAAAA1BMVEWurq51dlI4AAAAAXRSTlMmkutdmwAAACBJREFUaN7twTEBAAAAwiD7p7bDbmAAAAAAAAAAAABAdieIAAGQh2mWAAAAAElFTkSuQmCC\" alt=\"\" title=\"Reequil\u00edbrio Econ\u00f4mico-Financeiro de Contratos\" data-type=\"image_tag\" data-img-url=\"https:\/\/www.institutodeengenharia.org.br\/site\/wp-content\/uploads\/2022\/02\/Webinar-Reequilibrio-356x220.webp\"  width=\"356\" height=\"220\" \/><span class=\"td-video-play-ico\"><i class=\"td-icon-video-thumb-play\"><\/i><\/span><\/a><\/div>\r\n            <div class=\"td-module-meta-info\">\r\n                <h3 class=\"entry-title td-module-title\"><a href=\"https:\/\/www.institutodeengenharia.org.br\/site\/2022\/03\/30\/requilibrio-economico-financeiro-de-contratos\/\"  rel=\"bookmark\" title=\"Reequil\u00edbrio Econ\u00f4mico-Financeiro de Contratos\">Reequil\u00edbrio Econ\u00f4mico-Financeiro de Contratos<\/a><\/h3>                <div class=\"td-editor-date\">\r\n                                        <span class=\"td-author-date\">\r\n                                                <span class=\"td-post-date\"><time class=\"entry-date updated td-module-date\" datetime=\"2022-03-30T08:30:28-03:00\" >30\/03\/2022<\/time><\/span>                    <\/span>\r\n                <\/div>\r\n            <\/div>\r\n\r\n        <\/div>\r\n\r\n        \n\t<\/div> <!-- .\/td-block-span4 --><\/div><!--.\/row-fluid-->\n\n\t<div class=\"td-block-row\">\n\n\t<div class=\"td-block-span4\">\n\r\n        <div class=\"td_module_mx1 td_module_wrap td-animation-stack\">\r\n            <div class=\"td-module-thumb\"><a href=\"https:\/\/www.institutodeengenharia.org.br\/site\/2022\/03\/30\/visao-geral-das-novas-nrs\/\"  rel=\"bookmark\" class=\"td-image-wrap \" title=\"Vis\u00e3o Geral das Novas NRs\" ><img loading=\"lazy\" decoding=\"async\" class=\"entry-thumb\" src=\"data:image\/png;base64,iVBORw0KGgoAAAANSUhEUgAAAWQAAADcAQMAAAB9O0nPAAAAA1BMVEWurq51dlI4AAAAAXRSTlMmkutdmwAAACBJREFUaN7twTEBAAAAwiD7p7bDbmAAAAAAAAAAAABAdieIAAGQh2mWAAAAAElFTkSuQmCC\" alt=\"\" title=\"Vis\u00e3o Geral das Novas NRs\" data-type=\"image_tag\" data-img-url=\"https:\/\/www.institutodeengenharia.org.br\/site\/wp-content\/uploads\/2021\/08\/normas-regulamentadoras-356x220.jpg\"  width=\"356\" height=\"220\" \/><\/a><\/div>\r\n            <div class=\"td-module-meta-info\">\r\n                <h3 class=\"entry-title td-module-title\"><a href=\"https:\/\/www.institutodeengenharia.org.br\/site\/2022\/03\/30\/visao-geral-das-novas-nrs\/\"  rel=\"bookmark\" title=\"Vis\u00e3o Geral das Novas NRs\">Vis\u00e3o Geral das Novas NRs<\/a><\/h3>                <div class=\"td-editor-date\">\r\n                                        <span class=\"td-author-date\">\r\n                                                <span class=\"td-post-date\"><time class=\"entry-date updated td-module-date\" datetime=\"2022-03-30T07:41:48-03:00\" >30\/03\/2022<\/time><\/span>                    <\/span>\r\n                <\/div>\r\n            <\/div>\r\n\r\n        <\/div>\r\n\r\n        \n\t<\/div> <!-- .\/td-block-span4 -->\n\n\t<div class=\"td-block-span4\">\n\r\n        <div class=\"td_module_mx1 td_module_wrap td-animation-stack\">\r\n            <div class=\"td-module-thumb\"><a href=\"https:\/\/www.institutodeengenharia.org.br\/site\/2022\/03\/28\/paulo-ferreira-presidente-do-ie-visita-obras-de-restauracao-do-museu-da-independencia\/\"  rel=\"bookmark\" class=\"td-image-wrap \" title=\"Paulo Ferreira, presidente do IE, visita obras de restaura\u00e7\u00e3o do Museu da Independ\u00eancia\" ><img loading=\"lazy\" decoding=\"async\" class=\"entry-thumb\" src=\"data:image\/png;base64,iVBORw0KGgoAAAANSUhEUgAAAWQAAADcAQMAAAB9O0nPAAAAA1BMVEWurq51dlI4AAAAAXRSTlMmkutdmwAAACBJREFUaN7twTEBAAAAwiD7p7bDbmAAAAAAAAAAAABAdieIAAGQh2mWAAAAAElFTkSuQmCC\" alt=\"\" title=\"Paulo Ferreira, presidente do IE, visita obras de restaura\u00e7\u00e3o do Museu da Independ\u00eancia\" data-type=\"image_tag\" data-img-url=\"https:\/\/www.institutodeengenharia.org.br\/site\/wp-content\/uploads\/2022\/03\/VISITA-AS-OBRAS-DE-RESTAURACAO-do-Museu-da-Independencia-356x220.jpg\"  width=\"356\" height=\"220\" \/><span class=\"td-video-play-ico\"><i class=\"td-icon-video-thumb-play\"><\/i><\/span><\/a><\/div>\r\n            <div class=\"td-module-meta-info\">\r\n                <h3 class=\"entry-title td-module-title\"><a href=\"https:\/\/www.institutodeengenharia.org.br\/site\/2022\/03\/28\/paulo-ferreira-presidente-do-ie-visita-obras-de-restauracao-do-museu-da-independencia\/\"  rel=\"bookmark\" title=\"Paulo Ferreira, presidente do IE, visita obras de restaura\u00e7\u00e3o do Museu da Independ\u00eancia\">Paulo Ferreira, presidente do IE, visita obras de restaura\u00e7\u00e3o do Museu da Independ\u00eancia<\/a><\/h3>                <div class=\"td-editor-date\">\r\n                                        <span class=\"td-author-date\">\r\n                                                <span class=\"td-post-date\"><time class=\"entry-date updated td-module-date\" datetime=\"2022-03-28T15:25:33-03:00\" >28\/03\/2022<\/time><\/span>                    <\/span>\r\n                <\/div>\r\n            <\/div>\r\n\r\n        <\/div>\r\n\r\n        \n\t<\/div> <!-- .\/td-block-span4 -->\n\n\t<div class=\"td-block-span4\">\n\r\n        <div class=\"td_module_mx1 td_module_wrap td-animation-stack\">\r\n            <div class=\"td-module-thumb\"><a href=\"https:\/\/www.institutodeengenharia.org.br\/site\/2022\/03\/25\/ciclo-de-formacao-uma-amazonia-para-o-futuro-sustentabilidade-conceitos-e-sua-complexidade\/\"  rel=\"bookmark\" class=\"td-image-wrap \" title=\"Ciclo de Forma\u00e7\u00e3o: Uma Amaz\u00f4nia para o futuro \u2013 Sustentabilidade: Conceitos e sua complexidade\" ><img loading=\"lazy\" decoding=\"async\" class=\"entry-thumb\" src=\"data:image\/png;base64,iVBORw0KGgoAAAANSUhEUgAAAWQAAADcAQMAAAB9O0nPAAAAA1BMVEWurq51dlI4AAAAAXRSTlMmkutdmwAAACBJREFUaN7twTEBAAAAwiD7p7bDbmAAAAAAAAAAAABAdieIAAGQh2mWAAAAAElFTkSuQmCC\" alt=\"\" title=\"Ciclo de Forma\u00e7\u00e3o: Uma Amaz\u00f4nia para o futuro \u2013 Sustentabilidade: Conceitos e sua complexidade\" data-type=\"image_tag\" data-img-url=\"https:\/\/www.institutodeengenharia.org.br\/site\/wp-content\/uploads\/2022\/03\/A1A1415-3-356x220.webp\"  width=\"356\" height=\"220\" \/><\/a><\/div>\r\n            <div class=\"td-module-meta-info\">\r\n                <h3 class=\"entry-title td-module-title\"><a href=\"https:\/\/www.institutodeengenharia.org.br\/site\/2022\/03\/25\/ciclo-de-formacao-uma-amazonia-para-o-futuro-sustentabilidade-conceitos-e-sua-complexidade\/\"  rel=\"bookmark\" title=\"Ciclo de Forma\u00e7\u00e3o: Uma Amaz\u00f4nia para o futuro \u2013 Sustentabilidade: Conceitos e sua complexidade\">Ciclo de Forma\u00e7\u00e3o: Uma Amaz\u00f4nia para o futuro \u2013 Sustentabilidade: Conceitos e sua complexidade<\/a><\/h3>                <div class=\"td-editor-date\">\r\n                                        <span class=\"td-author-date\">\r\n                                                <span class=\"td-post-date\"><time class=\"entry-date updated td-module-date\" datetime=\"2022-03-25T14:54:28-03:00\" >25\/03\/2022<\/time><\/span>                    <\/span>\r\n                <\/div>\r\n            <\/div>\r\n\r\n        <\/div>\r\n\r\n        \n\t<\/div> <!-- .\/td-block-span4 --><\/div><!--.\/row-fluid-->\n\n\t<div class=\"td-block-row\">\n\n\t<div class=\"td-block-span4\">\n\r\n        <div class=\"td_module_mx1 td_module_wrap td-animation-stack\">\r\n            <div class=\"td-module-thumb\"><a href=\"https:\/\/www.institutodeengenharia.org.br\/site\/2022\/03\/16\/assista-o-depoimento-e-participe-voce-tambem\/\"  rel=\"bookmark\" class=\"td-image-wrap \" title=\"Assista ao depoimento e participe voc\u00ea tamb\u00e9m!\" ><img loading=\"lazy\" decoding=\"async\" class=\"entry-thumb\" src=\"data:image\/png;base64,iVBORw0KGgoAAAANSUhEUgAAAWQAAADcAQMAAAB9O0nPAAAAA1BMVEWurq51dlI4AAAAAXRSTlMmkutdmwAAACBJREFUaN7twTEBAAAAwiD7p7bDbmAAAAAAAAAAAABAdieIAAGQh2mWAAAAAElFTkSuQmCC\" alt=\"\" title=\"Assista ao depoimento e participe voc\u00ea tamb\u00e9m!\" data-type=\"image_tag\" data-img-url=\"https:\/\/www.institutodeengenharia.org.br\/site\/wp-content\/uploads\/2022\/03\/maxresdefault-356x220.jpg\"  width=\"356\" height=\"220\" \/><span class=\"td-video-play-ico\"><i class=\"td-icon-video-thumb-play\"><\/i><\/span><\/a><\/div>\r\n            <div class=\"td-module-meta-info\">\r\n                <h3 class=\"entry-title td-module-title\"><a href=\"https:\/\/www.institutodeengenharia.org.br\/site\/2022\/03\/16\/assista-o-depoimento-e-participe-voce-tambem\/\"  rel=\"bookmark\" title=\"Assista ao depoimento e participe voc\u00ea tamb\u00e9m!\">Assista ao depoimento e participe voc\u00ea tamb\u00e9m!<\/a><\/h3>                <div class=\"td-editor-date\">\r\n                                        <span class=\"td-author-date\">\r\n                                                <span class=\"td-post-date\"><time class=\"entry-date updated td-module-date\" datetime=\"2022-03-16T11:10:23-03:00\" >16\/03\/2022<\/time><\/span>                    <\/span>\r\n                <\/div>\r\n            <\/div>\r\n\r\n        <\/div>\r\n\r\n        \n\t<\/div> <!-- .\/td-block-span4 -->\n\n\t<div class=\"td-block-span4\">\n\r\n        <div class=\"td_module_mx1 td_module_wrap td-animation-stack\">\r\n            <div class=\"td-module-thumb\"><a href=\"https:\/\/www.institutodeengenharia.org.br\/site\/2022\/03\/14\/assista-ao-depoimento-e-participe-voce-tambem-3\/\"  rel=\"bookmark\" class=\"td-image-wrap \" title=\"Assista ao depoimento e participe voc\u00ea tamb\u00e9m!\" ><img loading=\"lazy\" decoding=\"async\" class=\"entry-thumb\" src=\"data:image\/png;base64,iVBORw0KGgoAAAANSUhEUgAAAWQAAADcAQMAAAB9O0nPAAAAA1BMVEWurq51dlI4AAAAAXRSTlMmkutdmwAAACBJREFUaN7twTEBAAAAwiD7p7bDbmAAAAAAAAAAAABAdieIAAGQh2mWAAAAAElFTkSuQmCC\" alt=\"\" title=\"Assista ao depoimento e participe voc\u00ea tamb\u00e9m!\" data-type=\"image_tag\" data-img-url=\"https:\/\/www.institutodeengenharia.org.br\/site\/wp-content\/uploads\/2022\/03\/Depoimentos-Dia-Internacional-da-Mulher-3-356x220.jpg\"  width=\"356\" height=\"220\" \/><span class=\"td-video-play-ico\"><i class=\"td-icon-video-thumb-play\"><\/i><\/span><\/a><\/div>\r\n            <div class=\"td-module-meta-info\">\r\n                <h3 class=\"entry-title td-module-title\"><a href=\"https:\/\/www.institutodeengenharia.org.br\/site\/2022\/03\/14\/assista-ao-depoimento-e-participe-voce-tambem-3\/\"  rel=\"bookmark\" title=\"Assista ao depoimento e participe voc\u00ea tamb\u00e9m!\">Assista ao depoimento e participe voc\u00ea tamb\u00e9m!<\/a><\/h3>                <div class=\"td-editor-date\">\r\n                                        <span class=\"td-author-date\">\r\n                                                <span class=\"td-post-date\"><time class=\"entry-date updated td-module-date\" datetime=\"2022-03-14T10:37:06-03:00\" >14\/03\/2022<\/time><\/span>                    <\/span>\r\n                <\/div>\r\n            <\/div>\r\n\r\n        <\/div>\r\n\r\n        \n\t<\/div> <!-- .\/td-block-span4 -->\n\n\t<div class=\"td-block-span4\">\n\r\n        <div class=\"td_module_mx1 td_module_wrap td-animation-stack\">\r\n            <div class=\"td-module-thumb\"><a href=\"https:\/\/www.institutodeengenharia.org.br\/site\/2022\/03\/10\/14-000-obras-paradas-no-brasil-como-afetam-o-desenvolvimento-nacional\/\"  rel=\"bookmark\" class=\"td-image-wrap \" title=\"14.000 Obras Paradas no Brasil, como afetam o desenvolvimento nacional\" ><img loading=\"lazy\" decoding=\"async\" class=\"entry-thumb\" src=\"data:image\/png;base64,iVBORw0KGgoAAAANSUhEUgAAAWQAAADcAQMAAAB9O0nPAAAAA1BMVEWurq51dlI4AAAAAXRSTlMmkutdmwAAACBJREFUaN7twTEBAAAAwiD7p7bDbmAAAAAAAAAAAABAdieIAAGQh2mWAAAAAElFTkSuQmCC\" alt=\"\" title=\"14.000 Obras Paradas no Brasil, como afetam o desenvolvimento nacional\" data-type=\"image_tag\" data-img-url=\"https:\/\/www.institutodeengenharia.org.br\/site\/wp-content\/uploads\/2022\/01\/construction-g3e87a3f63_1280-1-356x220.jpg\"  width=\"356\" height=\"220\" \/><\/a><\/div>\r\n            <div class=\"td-module-meta-info\">\r\n                <h3 class=\"entry-title td-module-title\"><a href=\"https:\/\/www.institutodeengenharia.org.br\/site\/2022\/03\/10\/14-000-obras-paradas-no-brasil-como-afetam-o-desenvolvimento-nacional\/\"  rel=\"bookmark\" title=\"14.000 Obras Paradas no Brasil, como afetam o desenvolvimento nacional\">14.000 Obras Paradas no Brasil, como afetam o desenvolvimento nacional<\/a><\/h3>                <div class=\"td-editor-date\">\r\n                                        <span class=\"td-author-date\">\r\n                                                <span class=\"td-post-date\"><time class=\"entry-date updated td-module-date\" datetime=\"2022-03-10T14:51:02-03:00\" >10\/03\/2022<\/time><\/span>                    <\/span>\r\n                <\/div>\r\n            <\/div>\r\n\r\n        <\/div>\r\n\r\n        \n\t<\/div> <!-- .\/td-block-span4 --><\/div><!--.\/row-fluid-->\n\n\t<div class=\"td-block-row\">\n\n\t<div class=\"td-block-span4\">\n\r\n        <div class=\"td_module_mx1 td_module_wrap td-animation-stack\">\r\n            <div class=\"td-module-thumb\"><a href=\"https:\/\/www.institutodeengenharia.org.br\/site\/2022\/03\/09\/assista-ao-depoimento-e-participe-voce-tambem-2\/\"  rel=\"bookmark\" class=\"td-image-wrap \" title=\"Assista ao depoimento e participe voc\u00ea tamb\u00e9m!\" ><img loading=\"lazy\" decoding=\"async\" class=\"entry-thumb\" src=\"data:image\/png;base64,iVBORw0KGgoAAAANSUhEUgAAAWQAAADcAQMAAAB9O0nPAAAAA1BMVEWurq51dlI4AAAAAXRSTlMmkutdmwAAACBJREFUaN7twTEBAAAAwiD7p7bDbmAAAAAAAAAAAABAdieIAAGQh2mWAAAAAElFTkSuQmCC\" alt=\"\" title=\"Assista ao depoimento e participe voc\u00ea tamb\u00e9m!\" data-type=\"image_tag\" data-img-url=\"https:\/\/www.institutodeengenharia.org.br\/site\/wp-content\/uploads\/2022\/03\/Depoimentos-Dia-Internacional-da-Mulher-2-356x220.jpg\"  width=\"356\" height=\"220\" \/><span class=\"td-video-play-ico\"><i class=\"td-icon-video-thumb-play\"><\/i><\/span><\/a><\/div>\r\n            <div class=\"td-module-meta-info\">\r\n                <h3 class=\"entry-title td-module-title\"><a href=\"https:\/\/www.institutodeengenharia.org.br\/site\/2022\/03\/09\/assista-ao-depoimento-e-participe-voce-tambem-2\/\"  rel=\"bookmark\" title=\"Assista ao depoimento e participe voc\u00ea tamb\u00e9m!\">Assista ao depoimento e participe voc\u00ea tamb\u00e9m!<\/a><\/h3>                <div class=\"td-editor-date\">\r\n                                        <span class=\"td-author-date\">\r\n                                                <span class=\"td-post-date\"><time class=\"entry-date updated td-module-date\" datetime=\"2022-03-09T15:05:22-03:00\" >09\/03\/2022<\/time><\/span>                    <\/span>\r\n                <\/div>\r\n            <\/div>\r\n\r\n        <\/div>\r\n\r\n        \n\t<\/div> <!-- .\/td-block-span4 -->\n\n\t<div class=\"td-block-span4\">\n\r\n        <div class=\"td_module_mx1 td_module_wrap td-animation-stack\">\r\n            <div class=\"td-module-thumb\"><a href=\"https:\/\/www.institutodeengenharia.org.br\/site\/2022\/03\/08\/pgr-pro-programa-de-gerenciamento-de-riscos-ocupacionais\/\"  rel=\"bookmark\" class=\"td-image-wrap \" title=\"PGR \u2013 PRO Programa de Gerenciamento de Riscos Ocupacionais\" ><img loading=\"lazy\" decoding=\"async\" class=\"entry-thumb\" src=\"data:image\/png;base64,iVBORw0KGgoAAAANSUhEUgAAAWQAAADcAQMAAAB9O0nPAAAAA1BMVEWurq51dlI4AAAAAXRSTlMmkutdmwAAACBJREFUaN7twTEBAAAAwiD7p7bDbmAAAAAAAAAAAABAdieIAAGQh2mWAAAAAElFTkSuQmCC\" alt=\"\" title=\"PGR \u2013 PRO Programa de Gerenciamento de Riscos Ocupacionais\" data-type=\"image_tag\" data-img-url=\"https:\/\/www.institutodeengenharia.org.br\/site\/wp-content\/uploads\/2022\/02\/Programa-GRO-PGR-NR-1-356x220.jpg\"  width=\"356\" height=\"220\" \/><\/a><\/div>\r\n            <div class=\"td-module-meta-info\">\r\n                <h3 class=\"entry-title td-module-title\"><a href=\"https:\/\/www.institutodeengenharia.org.br\/site\/2022\/03\/08\/pgr-pro-programa-de-gerenciamento-de-riscos-ocupacionais\/\"  rel=\"bookmark\" title=\"PGR \u2013 PRO Programa de Gerenciamento de Riscos Ocupacionais\">PGR \u2013 PRO Programa de Gerenciamento de Riscos Ocupacionais<\/a><\/h3>                <div class=\"td-editor-date\">\r\n                                        <span class=\"td-author-date\">\r\n                                                <span class=\"td-post-date\"><time class=\"entry-date updated td-module-date\" datetime=\"2022-03-08T14:43:05-03:00\" >08\/03\/2022<\/time><\/span>                    <\/span>\r\n                <\/div>\r\n            <\/div>\r\n\r\n        <\/div>\r\n\r\n        \n\t<\/div> <!-- .\/td-block-span4 -->\n\n\t<div class=\"td-block-span4\">\n\r\n        <div class=\"td_module_mx1 td_module_wrap td-animation-stack\">\r\n            <div class=\"td-module-thumb\"><a href=\"https:\/\/www.institutodeengenharia.org.br\/site\/2022\/03\/07\/assista-ao-depoimento-e-participe-voce-tambem\/\"  rel=\"bookmark\" class=\"td-image-wrap \" title=\"Assista ao depoimento e participe voc\u00ea tamb\u00e9m!\" ><img loading=\"lazy\" decoding=\"async\" class=\"entry-thumb\" src=\"data:image\/png;base64,iVBORw0KGgoAAAANSUhEUgAAAWQAAADcAQMAAAB9O0nPAAAAA1BMVEWurq51dlI4AAAAAXRSTlMmkutdmwAAACBJREFUaN7twTEBAAAAwiD7p7bDbmAAAAAAAAAAAABAdieIAAGQh2mWAAAAAElFTkSuQmCC\" alt=\"\" title=\"Assista ao depoimento e participe voc\u00ea tamb\u00e9m!\" data-type=\"image_tag\" data-img-url=\"https:\/\/www.institutodeengenharia.org.br\/site\/wp-content\/uploads\/2022\/03\/Depoimentos-Dia-Internacional-da-Mulher-1-356x220.jpg\"  width=\"356\" height=\"220\" \/><span class=\"td-video-play-ico\"><i class=\"td-icon-video-thumb-play\"><\/i><\/span><\/a><\/div>\r\n            <div class=\"td-module-meta-info\">\r\n                <h3 class=\"entry-title td-module-title\"><a href=\"https:\/\/www.institutodeengenharia.org.br\/site\/2022\/03\/07\/assista-ao-depoimento-e-participe-voce-tambem\/\"  rel=\"bookmark\" title=\"Assista ao depoimento e participe voc\u00ea tamb\u00e9m!\">Assista ao depoimento e participe voc\u00ea tamb\u00e9m!<\/a><\/h3>                <div class=\"td-editor-date\">\r\n                                        <span class=\"td-author-date\">\r\n                                                <span class=\"td-post-date\"><time class=\"entry-date updated td-module-date\" datetime=\"2022-03-07T14:38:39-03:00\" >07\/03\/2022<\/time><\/span>                    <\/span>\r\n                <\/div>\r\n            <\/div>\r\n\r\n        <\/div>\r\n\r\n        \n\t<\/div> <!-- .\/td-block-span4 --><\/div><!--.\/row-fluid-->\n\n\t<div class=\"td-block-row\">\n\n\t<div class=\"td-block-span4\">\n\r\n        <div class=\"td_module_mx1 td_module_wrap td-animation-stack\">\r\n            <div class=\"td-module-thumb\"><a href=\"https:\/\/www.institutodeengenharia.org.br\/site\/2022\/02\/22\/concretos-especiais-para-a-durabilidade-de-obras-de-saneamento-concretos-autocicatrizantes-antimicrobianos-e-revestimentos-geopolimericos-2\/\"  rel=\"bookmark\" class=\"td-image-wrap \" title=\"Concretos especiais para a durabilidade de obras de saneamento: Concretos autocicatrizantes, antimicrobianos e revestimentos geopolim\u00e9ricos\" ><img loading=\"lazy\" decoding=\"async\" class=\"entry-thumb\" src=\"data:image\/png;base64,iVBORw0KGgoAAAANSUhEUgAAAWQAAADcAQMAAAB9O0nPAAAAA1BMVEWurq51dlI4AAAAAXRSTlMmkutdmwAAACBJREFUaN7twTEBAAAAwiD7p7bDbmAAAAAAAAAAAABAdieIAAGQh2mWAAAAAElFTkSuQmCC\" alt=\"\" title=\"Concretos especiais para a durabilidade de obras de saneamento: Concretos autocicatrizantes, antimicrobianos e revestimentos geopolim\u00e9ricos\" data-type=\"image_tag\" data-img-url=\"https:\/\/www.institutodeengenharia.org.br\/site\/wp-content\/uploads\/2021\/10\/ARC1jp-356x220.jpg\"  width=\"356\" height=\"220\" \/><span class=\"td-video-play-ico\"><i class=\"td-icon-video-thumb-play\"><\/i><\/span><\/a><\/div>\r\n            <div class=\"td-module-meta-info\">\r\n                <h3 class=\"entry-title td-module-title\"><a href=\"https:\/\/www.institutodeengenharia.org.br\/site\/2022\/02\/22\/concretos-especiais-para-a-durabilidade-de-obras-de-saneamento-concretos-autocicatrizantes-antimicrobianos-e-revestimentos-geopolimericos-2\/\"  rel=\"bookmark\" title=\"Concretos especiais para a durabilidade de obras de saneamento: Concretos autocicatrizantes, antimicrobianos e revestimentos geopolim\u00e9ricos\">Concretos especiais para a durabilidade de obras de saneamento: Concretos autocicatrizantes, antimicrobianos e revestimentos geopolim\u00e9ricos<\/a><\/h3>                <div class=\"td-editor-date\">\r\n                                        <span class=\"td-author-date\">\r\n                                                <span class=\"td-post-date\"><time class=\"entry-date updated td-module-date\" datetime=\"2022-02-22T14:54:15-03:00\" >22\/02\/2022<\/time><\/span>                    <\/span>\r\n                <\/div>\r\n            <\/div>\r\n\r\n        <\/div>\r\n\r\n        \n\t<\/div> <!-- .\/td-block-span4 -->\n\n\t<div class=\"td-block-span4\">\n\r\n        <div class=\"td_module_mx1 td_module_wrap td-animation-stack\">\r\n            <div class=\"td-module-thumb\"><a href=\"https:\/\/www.institutodeengenharia.org.br\/site\/2022\/02\/22\/ciclo-de-formacao-uma-amazonia-para-o-futuro-historia-economica-da-amazonia\/\"  rel=\"bookmark\" class=\"td-image-wrap \" title=\"Ciclo de Forma\u00e7\u00e3o Uma Amaz\u00f4nia para o Futuro Hist\u00f3ria Econ\u00f4mica da Amaz\u00f4nia\" ><img loading=\"lazy\" decoding=\"async\" class=\"entry-thumb\" src=\"data:image\/png;base64,iVBORw0KGgoAAAANSUhEUgAAAWQAAADcAQMAAAB9O0nPAAAAA1BMVEWurq51dlI4AAAAAXRSTlMmkutdmwAAACBJREFUaN7twTEBAAAAwiD7p7bDbmAAAAAAAAAAAABAdieIAAGQh2mWAAAAAElFTkSuQmCC\" alt=\"\" title=\"Ciclo de Forma\u00e7\u00e3o Uma Amaz\u00f4nia para o Futuro Hist\u00f3ria Econ\u00f4mica da Amaz\u00f4nia\" data-type=\"image_tag\" data-img-url=\"https:\/\/www.institutodeengenharia.org.br\/site\/wp-content\/uploads\/2022\/02\/seringueira-356x220.webp\"  width=\"356\" height=\"220\" \/><\/a><\/div>\r\n            <div class=\"td-module-meta-info\">\r\n                <h3 class=\"entry-title td-module-title\"><a href=\"https:\/\/www.institutodeengenharia.org.br\/site\/2022\/02\/22\/ciclo-de-formacao-uma-amazonia-para-o-futuro-historia-economica-da-amazonia\/\"  rel=\"bookmark\" title=\"Ciclo de Forma\u00e7\u00e3o Uma Amaz\u00f4nia para o Futuro Hist\u00f3ria Econ\u00f4mica da Amaz\u00f4nia\">Ciclo de Forma\u00e7\u00e3o Uma Amaz\u00f4nia para o Futuro Hist\u00f3ria Econ\u00f4mica da Amaz\u00f4nia<\/a><\/h3>                <div class=\"td-editor-date\">\r\n                                        <span class=\"td-author-date\">\r\n                                                <span class=\"td-post-date\"><time class=\"entry-date updated td-module-date\" datetime=\"2022-02-22T11:37:18-03:00\" >22\/02\/2022<\/time><\/span>                    <\/span>\r\n                <\/div>\r\n            <\/div>\r\n\r\n        <\/div>\r\n\r\n        \n\t<\/div> <!-- .\/td-block-span4 -->\n\n\t<div class=\"td-block-span4\">\n\r\n        <div class=\"td_module_mx1 td_module_wrap td-animation-stack\">\r\n            <div class=\"td-module-thumb\"><a href=\"https:\/\/www.institutodeengenharia.org.br\/site\/2022\/02\/15\/algumas-obras-primas-da-arquitetura-moderna-brasileira-e-suas-estruturas-2\/\"  rel=\"bookmark\" class=\"td-image-wrap \" title=\"Algumas obras-primas da arquitetura moderna brasileira e suas estruturas\" ><img loading=\"lazy\" decoding=\"async\" class=\"entry-thumb\" src=\"data:image\/png;base64,iVBORw0KGgoAAAANSUhEUgAAAWQAAADcAQMAAAB9O0nPAAAAA1BMVEWurq51dlI4AAAAAXRSTlMmkutdmwAAACBJREFUaN7twTEBAAAAwiD7p7bDbmAAAAAAAAAAAABAdieIAAGQh2mWAAAAAElFTkSuQmCC\" alt=\"\" title=\"Algumas obras-primas da arquitetura moderna brasileira e suas estruturas\" data-type=\"image_tag\" data-img-url=\"https:\/\/www.institutodeengenharia.org.br\/site\/wp-content\/uploads\/2022\/02\/sddefault-356x220.jpg\"  width=\"356\" height=\"220\" \/><span class=\"td-video-play-ico\"><i class=\"td-icon-video-thumb-play\"><\/i><\/span><\/a><\/div>\r\n            <div class=\"td-module-meta-info\">\r\n                <h3 class=\"entry-title td-module-title\"><a href=\"https:\/\/www.institutodeengenharia.org.br\/site\/2022\/02\/15\/algumas-obras-primas-da-arquitetura-moderna-brasileira-e-suas-estruturas-2\/\"  rel=\"bookmark\" title=\"Algumas obras-primas da arquitetura moderna brasileira e suas estruturas\">Algumas obras-primas da arquitetura moderna brasileira e suas estruturas<\/a><\/h3>                <div class=\"td-editor-date\">\r\n                                        <span class=\"td-author-date\">\r\n                                                <span class=\"td-post-date\"><time class=\"entry-date updated td-module-date\" datetime=\"2022-02-15T12:18:10-03:00\" >15\/02\/2022<\/time><\/span>                    <\/span>\r\n                <\/div>\r\n            <\/div>\r\n\r\n        <\/div>\r\n\r\n        \n\t<\/div> <!-- .\/td-block-span4 --><\/div><!--.\/row-fluid-->\n\n\t<div class=\"td-block-row\">\n\n\t<div class=\"td-block-span4\">\n\r\n        <div class=\"td_module_mx1 td_module_wrap td-animation-stack\">\r\n            <div class=\"td-module-thumb\"><a href=\"https:\/\/www.institutodeengenharia.org.br\/site\/2022\/01\/24\/arquitetura-em-fachadas-elegancia-e-eficiencia-energetica-unidas-em-nova-tecnologia\/\"  rel=\"bookmark\" class=\"td-image-wrap \" title=\"Arquitetura em fachadas, eleg\u00e2ncia e efici\u00eancia energ\u00e9tica unidas em nova tecnologia\" ><img loading=\"lazy\" decoding=\"async\" class=\"entry-thumb\" src=\"data:image\/png;base64,iVBORw0KGgoAAAANSUhEUgAAAWQAAADcAQMAAAB9O0nPAAAAA1BMVEWurq51dlI4AAAAAXRSTlMmkutdmwAAACBJREFUaN7twTEBAAAAwiD7p7bDbmAAAAAAAAAAAABAdieIAAGQh2mWAAAAAElFTkSuQmCC\" alt=\"\" title=\"Arquitetura em fachadas, eleg\u00e2ncia e efici\u00eancia energ\u00e9tica unidas em nova tecnologia\" data-type=\"image_tag\" data-img-url=\"https:\/\/www.institutodeengenharia.org.br\/site\/wp-content\/uploads\/2021\/10\/buildings-g16068fcc2_1920-356x220.jpg\"  width=\"356\" height=\"220\" \/><span class=\"td-video-play-ico\"><i class=\"td-icon-video-thumb-play\"><\/i><\/span><\/a><\/div>\r\n            <div class=\"td-module-meta-info\">\r\n                <h3 class=\"entry-title td-module-title\"><a href=\"https:\/\/www.institutodeengenharia.org.br\/site\/2022\/01\/24\/arquitetura-em-fachadas-elegancia-e-eficiencia-energetica-unidas-em-nova-tecnologia\/\"  rel=\"bookmark\" title=\"Arquitetura em fachadas, eleg\u00e2ncia e efici\u00eancia energ\u00e9tica unidas em nova tecnologia\">Arquitetura em fachadas, eleg\u00e2ncia e efici\u00eancia energ\u00e9tica unidas em nova tecnologia<\/a><\/h3>                <div class=\"td-editor-date\">\r\n                                        <span class=\"td-author-date\">\r\n                                                <span class=\"td-post-date\"><time class=\"entry-date updated td-module-date\" datetime=\"2022-01-24T11:28:43-03:00\" >24\/01\/2022<\/time><\/span>                    <\/span>\r\n                <\/div>\r\n            <\/div>\r\n\r\n        <\/div>\r\n\r\n        \n\t<\/div> <!-- .\/td-block-span4 -->\n\n\t<div class=\"td-block-span4\">\n\r\n        <div class=\"td_module_mx1 td_module_wrap td-animation-stack\">\r\n            <div class=\"td-module-thumb\"><a href=\"https:\/\/www.institutodeengenharia.org.br\/site\/2022\/01\/18\/algumas-obras-primas-da-arquitetura-moderna-brasileira-e-suas-estruturas\/\"  rel=\"bookmark\" class=\"td-image-wrap \" title=\"Algumas obras-primas da arquitetura moderna brasileira e suas estruturas\" ><img loading=\"lazy\" decoding=\"async\" class=\"entry-thumb\" src=\"data:image\/png;base64,iVBORw0KGgoAAAANSUhEUgAAAWQAAADcAQMAAAB9O0nPAAAAA1BMVEWurq51dlI4AAAAAXRSTlMmkutdmwAAACBJREFUaN7twTEBAAAAwiD7p7bDbmAAAAAAAAAAAABAdieIAAGQh2mWAAAAAElFTkSuQmCC\" alt=\"\" title=\"Algumas obras-primas da arquitetura moderna brasileira e suas estruturas\" data-type=\"image_tag\" data-img-url=\"https:\/\/www.institutodeengenharia.org.br\/site\/wp-content\/uploads\/2021\/11\/brasilia-g79e2257f5_1920-356x220.jpg\"  width=\"356\" height=\"220\" \/><span class=\"td-video-play-ico\"><i class=\"td-icon-video-thumb-play\"><\/i><\/span><\/a><\/div>\r\n            <div class=\"td-module-meta-info\">\r\n                <h3 class=\"entry-title td-module-title\"><a href=\"https:\/\/www.institutodeengenharia.org.br\/site\/2022\/01\/18\/algumas-obras-primas-da-arquitetura-moderna-brasileira-e-suas-estruturas\/\"  rel=\"bookmark\" title=\"Algumas obras-primas da arquitetura moderna brasileira e suas estruturas\">Algumas obras-primas da arquitetura moderna brasileira e suas estruturas<\/a><\/h3>                <div class=\"td-editor-date\">\r\n                                        <span class=\"td-author-date\">\r\n                                                <span class=\"td-post-date\"><time class=\"entry-date updated td-module-date\" datetime=\"2022-01-18T10:40:49-03:00\" >18\/01\/2022<\/time><\/span>                    <\/span>\r\n                <\/div>\r\n            <\/div>\r\n\r\n        <\/div>\r\n\r\n        \n\t<\/div> <!-- .\/td-block-span4 -->\n\n\t<div class=\"td-block-span4\">\n\r\n        <div class=\"td_module_mx1 td_module_wrap td-animation-stack\">\r\n            <div class=\"td-module-thumb\"><a href=\"https:\/\/www.institutodeengenharia.org.br\/site\/2022\/01\/05\/dia-do-engenheiro-2\/\"  rel=\"bookmark\" class=\"td-image-wrap \" title=\"Assista \u00e0 grava\u00e7\u00e3o da Cerim\u00f4nia em celebra\u00e7\u00e3o ao Dia do Engenheiro\" ><img loading=\"lazy\" decoding=\"async\" class=\"entry-thumb\" src=\"data:image\/png;base64,iVBORw0KGgoAAAANSUhEUgAAAWQAAADcAQMAAAB9O0nPAAAAA1BMVEWurq51dlI4AAAAAXRSTlMmkutdmwAAACBJREFUaN7twTEBAAAAwiD7p7bDbmAAAAAAAAAAAABAdieIAAGQh2mWAAAAAElFTkSuQmCC\" alt=\"\" title=\"Assista \u00e0 grava\u00e7\u00e3o da Cerim\u00f4nia em celebra\u00e7\u00e3o ao Dia do Engenheiro\" data-type=\"image_tag\" data-img-url=\"https:\/\/www.institutodeengenharia.org.br\/site\/wp-content\/uploads\/2021\/12\/teaserdiaeng-356x220.png\"  width=\"356\" height=\"220\" \/><span class=\"td-video-play-ico\"><i class=\"td-icon-video-thumb-play\"><\/i><\/span><\/a><\/div>\r\n            <div class=\"td-module-meta-info\">\r\n                <h3 class=\"entry-title td-module-title\"><a href=\"https:\/\/www.institutodeengenharia.org.br\/site\/2022\/01\/05\/dia-do-engenheiro-2\/\"  rel=\"bookmark\" title=\"Assista \u00e0 grava\u00e7\u00e3o da Cerim\u00f4nia em celebra\u00e7\u00e3o ao Dia do Engenheiro\">Assista \u00e0 grava\u00e7\u00e3o da Cerim\u00f4nia em celebra\u00e7\u00e3o ao Dia do Engenheiro<\/a><\/h3>                <div class=\"td-editor-date\">\r\n                                        <span class=\"td-author-date\">\r\n                                                <span class=\"td-post-date\"><time class=\"entry-date updated td-module-date\" datetime=\"2022-01-05T09:50:02-03:00\" >05\/01\/2022<\/time><\/span>                    <\/span>\r\n                <\/div>\r\n            <\/div>\r\n\r\n        <\/div>\r\n\r\n        \n\t<\/div> <!-- .\/td-block-span4 --><\/div><!--.\/row-fluid-->\n\n\t<div class=\"td-block-row\">\n\n\t<div class=\"td-block-span4\">\n\r\n        <div class=\"td_module_mx1 td_module_wrap td-animation-stack\">\r\n            <div class=\"td-module-thumb\"><a href=\"https:\/\/www.institutodeengenharia.org.br\/site\/2022\/01\/04\/qual-e-o-futuro-da-engenharia-nas-metropoles-antigas\/\"  rel=\"bookmark\" class=\"td-image-wrap \" title=\"Qual \u00e9 o futuro da engenharia nas metr\u00f3poles antigas?\" ><img loading=\"lazy\" decoding=\"async\" class=\"entry-thumb\" src=\"data:image\/png;base64,iVBORw0KGgoAAAANSUhEUgAAAWQAAADcAQMAAAB9O0nPAAAAA1BMVEWurq51dlI4AAAAAXRSTlMmkutdmwAAACBJREFUaN7twTEBAAAAwiD7p7bDbmAAAAAAAAAAAABAdieIAAGQh2mWAAAAAElFTkSuQmCC\" alt=\"\" title=\"Qual \u00e9 o futuro da engenharia nas metr\u00f3poles antigas?\" data-type=\"image_tag\" data-img-url=\"https:\/\/www.institutodeengenharia.org.br\/site\/wp-content\/uploads\/2021\/06\/hard-hat-4274430_1920-1-1.webp\"  width=\"356\" height=\"141\" \/><span class=\"td-video-play-ico\"><i class=\"td-icon-video-thumb-play\"><\/i><\/span><\/a><\/div>\r\n            <div class=\"td-module-meta-info\">\r\n                <h3 class=\"entry-title td-module-title\"><a href=\"https:\/\/www.institutodeengenharia.org.br\/site\/2022\/01\/04\/qual-e-o-futuro-da-engenharia-nas-metropoles-antigas\/\"  rel=\"bookmark\" title=\"Qual \u00e9 o futuro da engenharia nas metr\u00f3poles antigas?\">Qual \u00e9 o futuro da engenharia nas metr\u00f3poles antigas?<\/a><\/h3>                <div class=\"td-editor-date\">\r\n                                        <span class=\"td-author-date\">\r\n                                                <span class=\"td-post-date\"><time class=\"entry-date updated td-module-date\" datetime=\"2022-01-04T10:40:04-03:00\" >04\/01\/2022<\/time><\/span>                    <\/span>\r\n                <\/div>\r\n            <\/div>\r\n\r\n        <\/div>\r\n\r\n        \n\t<\/div> <!-- .\/td-block-span4 -->\n\n\t<div class=\"td-block-span4\">\n\r\n        <div class=\"td_module_mx1 td_module_wrap td-animation-stack\">\r\n            <div class=\"td-module-thumb\"><a href=\"https:\/\/www.institutodeengenharia.org.br\/site\/2021\/12\/23\/desapropriacoes-a-complexidade-das-pericias-e-avaliacoes\/\"  rel=\"bookmark\" class=\"td-image-wrap \" title=\"Desapropria\u00e7\u00f5es:  A Complexidade das Per\u00edcias e Avalia\u00e7\u00f5es\" ><img loading=\"lazy\" decoding=\"async\" class=\"entry-thumb\" src=\"data:image\/png;base64,iVBORw0KGgoAAAANSUhEUgAAAWQAAADcAQMAAAB9O0nPAAAAA1BMVEWurq51dlI4AAAAAXRSTlMmkutdmwAAACBJREFUaN7twTEBAAAAwiD7p7bDbmAAAAAAAAAAAABAdieIAAGQh2mWAAAAAElFTkSuQmCC\" alt=\"\" title=\"Desapropria\u00e7\u00f5es:  A Complexidade das Per\u00edcias e Avalia\u00e7\u00f5es\" data-type=\"image_tag\" data-img-url=\"https:\/\/www.institutodeengenharia.org.br\/site\/wp-content\/uploads\/2021\/03\/postdesapropiacao-1.webp\"  width=\"351\" height=\"220\" \/><span class=\"td-video-play-ico\"><i class=\"td-icon-video-thumb-play\"><\/i><\/span><\/a><\/div>\r\n            <div class=\"td-module-meta-info\">\r\n                <h3 class=\"entry-title td-module-title\"><a href=\"https:\/\/www.institutodeengenharia.org.br\/site\/2021\/12\/23\/desapropriacoes-a-complexidade-das-pericias-e-avaliacoes\/\"  rel=\"bookmark\" title=\"Desapropria\u00e7\u00f5es:  A Complexidade das Per\u00edcias e Avalia\u00e7\u00f5es\">Desapropria\u00e7\u00f5es:  A Complexidade das Per\u00edcias e Avalia\u00e7\u00f5es<\/a><\/h3>                <div class=\"td-editor-date\">\r\n                                        <span class=\"td-author-date\">\r\n                                                <span class=\"td-post-date\"><time class=\"entry-date updated td-module-date\" datetime=\"2021-12-23T11:00:47-03:00\" >23\/12\/2021<\/time><\/span>                    <\/span>\r\n                <\/div>\r\n            <\/div>\r\n\r\n        <\/div>\r\n\r\n        \n\t<\/div> <!-- .\/td-block-span4 -->\n\n\t<div class=\"td-block-span4\">\n\r\n        <div class=\"td_module_mx1 td_module_wrap td-animation-stack\">\r\n            <div class=\"td-module-thumb\"><a href=\"https:\/\/www.institutodeengenharia.org.br\/site\/2021\/12\/20\/concretos-especiais-para-a-durabilidade-de-obras-de-saneamento-concretos-autocicatrizantes-antimicrobianos-e-revestimentos-geopolimericos\/\"  rel=\"bookmark\" class=\"td-image-wrap \" title=\"Concretos especiais para a durabilidade de obras de saneamento\" ><img loading=\"lazy\" decoding=\"async\" class=\"entry-thumb\" src=\"data:image\/png;base64,iVBORw0KGgoAAAANSUhEUgAAAWQAAADcAQMAAAB9O0nPAAAAA1BMVEWurq51dlI4AAAAAXRSTlMmkutdmwAAACBJREFUaN7twTEBAAAAwiD7p7bDbmAAAAAAAAAAAABAdieIAAGQh2mWAAAAAElFTkSuQmCC\" alt=\"\" title=\"Concretos especiais para a durabilidade de obras de saneamento\" data-type=\"image_tag\" data-img-url=\"https:\/\/www.institutodeengenharia.org.br\/site\/wp-content\/uploads\/2021\/10\/ARC1jp-356x220.jpg\"  width=\"356\" height=\"220\" \/><\/a><\/div>\r\n            <div class=\"td-module-meta-info\">\r\n                <h3 class=\"entry-title td-module-title\"><a href=\"https:\/\/www.institutodeengenharia.org.br\/site\/2021\/12\/20\/concretos-especiais-para-a-durabilidade-de-obras-de-saneamento-concretos-autocicatrizantes-antimicrobianos-e-revestimentos-geopolimericos\/\"  rel=\"bookmark\" title=\"Concretos especiais para a durabilidade de obras de saneamento\">Concretos especiais para a durabilidade de obras de saneamento<\/a><\/h3>                <div class=\"td-editor-date\">\r\n                                        <span class=\"td-author-date\">\r\n                                                <span class=\"td-post-date\"><time class=\"entry-date updated td-module-date\" datetime=\"2021-12-20T10:50:14-03:00\" >20\/12\/2021<\/time><\/span>                    <\/span>\r\n                <\/div>\r\n            <\/div>\r\n\r\n        <\/div>\r\n\r\n        \n\t<\/div> <!-- .\/td-block-span4 --><\/div><!--.\/row-fluid-->\n\n\t<div class=\"td-block-row\">\n\n\t<div class=\"td-block-span4\">\n\r\n        <div class=\"td_module_mx1 td_module_wrap td-animation-stack\">\r\n            <div class=\"td-module-thumb\"><a href=\"https:\/\/www.institutodeengenharia.org.br\/site\/2021\/12\/17\/o-voo-do-impossivel-a-historia-do-bandeirante-o-aviao-que-gerou-a-embraer\/\"  rel=\"bookmark\" class=\"td-image-wrap \" title=\"A hist\u00f3ria do bandeirante, o avi\u00e3o que gerou a Embraer &#8211; O voo do imposs\u00edvel\" ><img loading=\"lazy\" decoding=\"async\" class=\"entry-thumb\" src=\"data:image\/png;base64,iVBORw0KGgoAAAANSUhEUgAAAWQAAADcAQMAAAB9O0nPAAAAA1BMVEWurq51dlI4AAAAAXRSTlMmkutdmwAAACBJREFUaN7twTEBAAAAwiD7p7bDbmAAAAAAAAAAAABAdieIAAGQh2mWAAAAAElFTkSuQmCC\" alt=\"\" title=\"A hist\u00f3ria do bandeirante, o avi\u00e3o que gerou a Embraer &#8211; O voo do imposs\u00edvel\" data-type=\"image_tag\" data-img-url=\"https:\/\/www.institutodeengenharia.org.br\/site\/wp-content\/uploads\/2021\/01\/WhatsApp-Image-2021-01-06-at-17.54.51-e1610366607234-356x220.jpeg\"  width=\"356\" height=\"220\" \/><span class=\"td-video-play-ico\"><i class=\"td-icon-video-thumb-play\"><\/i><\/span><\/a><\/div>\r\n            <div class=\"td-module-meta-info\">\r\n                <h3 class=\"entry-title td-module-title\"><a href=\"https:\/\/www.institutodeengenharia.org.br\/site\/2021\/12\/17\/o-voo-do-impossivel-a-historia-do-bandeirante-o-aviao-que-gerou-a-embraer\/\"  rel=\"bookmark\" title=\"A hist\u00f3ria do bandeirante, o avi\u00e3o que gerou a Embraer &#8211; O voo do imposs\u00edvel\">A hist\u00f3ria do bandeirante, o avi\u00e3o que gerou a Embraer &#8211; O voo do imposs\u00edvel<\/a><\/h3>                <div class=\"td-editor-date\">\r\n                                        <span class=\"td-author-date\">\r\n                                                <span class=\"td-post-date\"><time class=\"entry-date updated td-module-date\" datetime=\"2021-12-17T16:00:01-03:00\" >17\/12\/2021<\/time><\/span>                    <\/span>\r\n                <\/div>\r\n            <\/div>\r\n\r\n        <\/div>\r\n\r\n        \n\t<\/div> <!-- .\/td-block-span4 -->\n\n\t<div class=\"td-block-span4\">\n\r\n        <div class=\"td_module_mx1 td_module_wrap td-animation-stack\">\r\n            <div class=\"td-module-thumb\"><a href=\"https:\/\/www.institutodeengenharia.org.br\/site\/2021\/12\/14\/teaser-do-documentario-em-comemoracao-aos-105-anos-do-ie\/\"  rel=\"bookmark\" class=\"td-image-wrap \" title=\"Teaser do document\u00e1rio em comemora\u00e7\u00e3o aos 105 anos do IE\" ><img loading=\"lazy\" decoding=\"async\" class=\"entry-thumb\" src=\"data:image\/png;base64,iVBORw0KGgoAAAANSUhEUgAAAWQAAADcAQMAAAB9O0nPAAAAA1BMVEWurq51dlI4AAAAAXRSTlMmkutdmwAAACBJREFUaN7twTEBAAAAwiD7p7bDbmAAAAAAAAAAAABAdieIAAGQh2mWAAAAAElFTkSuQmCC\" alt=\"\" title=\"Teaser do document\u00e1rio em comemora\u00e7\u00e3o aos 105 anos do IE\" data-type=\"image_tag\" data-img-url=\"https:\/\/www.institutodeengenharia.org.br\/site\/wp-content\/uploads\/2021\/11\/capateaser-356x220.png\"  width=\"356\" height=\"220\" \/><span class=\"td-video-play-ico\"><i class=\"td-icon-video-thumb-play\"><\/i><\/span><\/a><\/div>\r\n            <div class=\"td-module-meta-info\">\r\n                <h3 class=\"entry-title td-module-title\"><a href=\"https:\/\/www.institutodeengenharia.org.br\/site\/2021\/12\/14\/teaser-do-documentario-em-comemoracao-aos-105-anos-do-ie\/\"  rel=\"bookmark\" title=\"Teaser do document\u00e1rio em comemora\u00e7\u00e3o aos 105 anos do IE\">Teaser do document\u00e1rio em comemora\u00e7\u00e3o aos 105 anos do IE<\/a><\/h3>                <div class=\"td-editor-date\">\r\n                                        <span class=\"td-author-date\">\r\n                                                <span class=\"td-post-date\"><time class=\"entry-date updated td-module-date\" datetime=\"2021-12-14T11:10:41-03:00\" >14\/12\/2021<\/time><\/span>                    <\/span>\r\n                <\/div>\r\n            <\/div>\r\n\r\n        <\/div>\r\n\r\n        \n\t<\/div> <!-- .\/td-block-span4 -->\n\n\t<div class=\"td-block-span4\">\n\r\n        <div class=\"td_module_mx1 td_module_wrap td-animation-stack\">\r\n            <div class=\"td-module-thumb\"><a href=\"https:\/\/www.institutodeengenharia.org.br\/site\/2021\/11\/29\/avaliacao-de-imoveis-historico-e-momento-atual\/\"  rel=\"bookmark\" class=\"td-image-wrap \" title=\"Avalia\u00e7\u00e3o de Im\u00f3veis \u2013 Hist\u00f3rico e momento atual\" ><img loading=\"lazy\" decoding=\"async\" class=\"entry-thumb\" src=\"data:image\/png;base64,iVBORw0KGgoAAAANSUhEUgAAAWQAAADcAQMAAAB9O0nPAAAAA1BMVEWurq51dlI4AAAAAXRSTlMmkutdmwAAACBJREFUaN7twTEBAAAAwiD7p7bDbmAAAAAAAAAAAABAdieIAAGQh2mWAAAAAElFTkSuQmCC\" alt=\"\" title=\"Avalia\u00e7\u00e3o de Im\u00f3veis \u2013 Hist\u00f3rico e momento atual\" data-type=\"image_tag\" data-img-url=\"https:\/\/www.institutodeengenharia.org.br\/site\/wp-content\/uploads\/2021\/11\/MicrosoftTeams-image-32-356x220.jpg\"  width=\"356\" height=\"220\" \/><\/a><\/div>\r\n            <div class=\"td-module-meta-info\">\r\n                <h3 class=\"entry-title td-module-title\"><a href=\"https:\/\/www.institutodeengenharia.org.br\/site\/2021\/11\/29\/avaliacao-de-imoveis-historico-e-momento-atual\/\"  rel=\"bookmark\" title=\"Avalia\u00e7\u00e3o de Im\u00f3veis \u2013 Hist\u00f3rico e momento atual\">Avalia\u00e7\u00e3o de Im\u00f3veis \u2013 Hist\u00f3rico e momento atual<\/a><\/h3>                <div class=\"td-editor-date\">\r\n                                        <span class=\"td-author-date\">\r\n                                                <span class=\"td-post-date\"><time class=\"entry-date updated td-module-date\" datetime=\"2021-11-29T11:58:29-03:00\" >29\/11\/2021<\/time><\/span>                    <\/span>\r\n                <\/div>\r\n            <\/div>\r\n\r\n        <\/div>\r\n\r\n        \n\t<\/div> <!-- .\/td-block-span4 --><\/div><!--.\/row-fluid-->\n\n\t<div class=\"td-block-row\">\n\n\t<div class=\"td-block-span4\">\n\r\n        <div class=\"td_module_mx1 td_module_wrap td-animation-stack\">\r\n            <div class=\"td-module-thumb\"><a href=\"https:\/\/www.institutodeengenharia.org.br\/site\/2021\/11\/29\/porto-offshore-do-para-o-porto-de-aguas-profundas-para-o-arco-amazonico\/\"  rel=\"bookmark\" class=\"td-image-wrap \" title=\"Porto offshore do Par\u00e1: O porto de \u00e1guas profundas para o Arco Amaz\u00f4nico\" ><img loading=\"lazy\" decoding=\"async\" class=\"entry-thumb\" src=\"data:image\/png;base64,iVBORw0KGgoAAAANSUhEUgAAAWQAAADcAQMAAAB9O0nPAAAAA1BMVEWurq51dlI4AAAAAXRSTlMmkutdmwAAACBJREFUaN7twTEBAAAAwiD7p7bDbmAAAAAAAAAAAABAdieIAAGQh2mWAAAAAElFTkSuQmCC\" alt=\"\" title=\"Porto offshore do Par\u00e1: O porto de \u00e1guas profundas para o Arco Amaz\u00f4nico\" data-type=\"image_tag\" data-img-url=\"https:\/\/www.institutodeengenharia.org.br\/site\/wp-content\/uploads\/2021\/11\/vessel-gdd4ce3008_1920-356x220.jpg\"  width=\"356\" height=\"220\" \/><\/a><\/div>\r\n            <div class=\"td-module-meta-info\">\r\n                <h3 class=\"entry-title td-module-title\"><a href=\"https:\/\/www.institutodeengenharia.org.br\/site\/2021\/11\/29\/porto-offshore-do-para-o-porto-de-aguas-profundas-para-o-arco-amazonico\/\"  rel=\"bookmark\" title=\"Porto offshore do Par\u00e1: O porto de \u00e1guas profundas para o Arco Amaz\u00f4nico\">Porto offshore do Par\u00e1: O porto de \u00e1guas profundas para o Arco Amaz\u00f4nico<\/a><\/h3>                <div class=\"td-editor-date\">\r\n                                        <span class=\"td-author-date\">\r\n                                                <span class=\"td-post-date\"><time class=\"entry-date updated td-module-date\" datetime=\"2021-11-29T11:52:36-03:00\" >29\/11\/2021<\/time><\/span>                    <\/span>\r\n                <\/div>\r\n            <\/div>\r\n\r\n        <\/div>\r\n\r\n        \n\t<\/div> <!-- .\/td-block-span4 -->\n\n\t<div class=\"td-block-span4\">\n\r\n        <div class=\"td_module_mx1 td_module_wrap td-animation-stack\">\r\n            <div class=\"td-module-thumb\"><a href=\"https:\/\/www.institutodeengenharia.org.br\/site\/2021\/11\/22\/especificacao-integrada-de-fachada-agregando-desempenho-com-protecao-solar-dinamica\/\"  rel=\"bookmark\" class=\"td-image-wrap \" title=\"Especifica\u00e7\u00e3o Integrada de Fachada: Agregando Desempenho com prote\u00e7\u00e3o Solar Din\u00e2mica\" ><img loading=\"lazy\" decoding=\"async\" class=\"entry-thumb\" src=\"data:image\/png;base64,iVBORw0KGgoAAAANSUhEUgAAAWQAAADcAQMAAAB9O0nPAAAAA1BMVEWurq51dlI4AAAAAXRSTlMmkutdmwAAACBJREFUaN7twTEBAAAAwiD7p7bDbmAAAAAAAAAAAABAdieIAAGQh2mWAAAAAElFTkSuQmCC\" alt=\"\" title=\"Especifica\u00e7\u00e3o Integrada de Fachada: Agregando Desempenho com prote\u00e7\u00e3o Solar Din\u00e2mica\" data-type=\"image_tag\" data-img-url=\"https:\/\/www.institutodeengenharia.org.br\/site\/wp-content\/uploads\/2021\/11\/MicrosoftTeams-image-15-scaled-1-356x220.jpg\"  width=\"356\" height=\"220\" \/><span class=\"td-video-play-ico\"><i class=\"td-icon-video-thumb-play\"><\/i><\/span><\/a><\/div>\r\n            <div class=\"td-module-meta-info\">\r\n                <h3 class=\"entry-title td-module-title\"><a href=\"https:\/\/www.institutodeengenharia.org.br\/site\/2021\/11\/22\/especificacao-integrada-de-fachada-agregando-desempenho-com-protecao-solar-dinamica\/\"  rel=\"bookmark\" title=\"Especifica\u00e7\u00e3o Integrada de Fachada: Agregando Desempenho com prote\u00e7\u00e3o Solar Din\u00e2mica\">Especifica\u00e7\u00e3o Integrada de Fachada: Agregando Desempenho com prote\u00e7\u00e3o Solar Din\u00e2mica<\/a><\/h3>                <div class=\"td-editor-date\">\r\n                                        <span class=\"td-author-date\">\r\n                                                <span class=\"td-post-date\"><time class=\"entry-date updated td-module-date\" datetime=\"2021-11-22T13:51:36-03:00\" >22\/11\/2021<\/time><\/span>                    <\/span>\r\n                <\/div>\r\n            <\/div>\r\n\r\n        <\/div>\r\n\r\n        \n\t<\/div> <!-- .\/td-block-span4 -->\n\n\t<div class=\"td-block-span4\">\n\r\n        <div class=\"td_module_mx1 td_module_wrap td-animation-stack\">\r\n            <div class=\"td-module-thumb\"><a href=\"https:\/\/www.institutodeengenharia.org.br\/site\/2021\/11\/19\/expedicoes-amazonia-2021\/\"  rel=\"bookmark\" class=\"td-image-wrap \" title=\"Expedi\u00e7\u00f5es Amaz\u00f4nia 2021\" ><img loading=\"lazy\" decoding=\"async\" class=\"entry-thumb\" src=\"data:image\/png;base64,iVBORw0KGgoAAAANSUhEUgAAAWQAAADcAQMAAAB9O0nPAAAAA1BMVEWurq51dlI4AAAAAXRSTlMmkutdmwAAACBJREFUaN7twTEBAAAAwiD7p7bDbmAAAAAAAAAAAABAdieIAAGQh2mWAAAAAElFTkSuQmCC\" alt=\"\" title=\"Expedi\u00e7\u00f5es Amaz\u00f4nia 2021\" data-type=\"image_tag\" data-img-url=\"https:\/\/www.institutodeengenharia.org.br\/site\/wp-content\/uploads\/2021\/11\/rio-branco-ga34d8fa12_1920-1-356x220.jpg\"  width=\"356\" height=\"220\" \/><\/a><\/div>\r\n            <div class=\"td-module-meta-info\">\r\n                <h3 class=\"entry-title td-module-title\"><a href=\"https:\/\/www.institutodeengenharia.org.br\/site\/2021\/11\/19\/expedicoes-amazonia-2021\/\"  rel=\"bookmark\" title=\"Expedi\u00e7\u00f5es Amaz\u00f4nia 2021\">Expedi\u00e7\u00f5es Amaz\u00f4nia 2021<\/a><\/h3>                <div class=\"td-editor-date\">\r\n                                        <span class=\"td-author-date\">\r\n                                                <span class=\"td-post-date\"><time class=\"entry-date updated td-module-date\" datetime=\"2021-11-19T13:06:49-03:00\" >19\/11\/2021<\/time><\/span>                    <\/span>\r\n                <\/div>\r\n            <\/div>\r\n\r\n        <\/div>\r\n\r\n        \n\t<\/div> <!-- .\/td-block-span4 --><\/div><!--.\/row-fluid-->\n\n\t<div class=\"td-block-row\">\n\n\t<div class=\"td-block-span4\">\n\r\n        <div class=\"td_module_mx1 td_module_wrap td-animation-stack\">\r\n            <div class=\"td-module-thumb\"><a href=\"https:\/\/www.institutodeengenharia.org.br\/site\/2021\/11\/19\/assista-a-cerimonia-de-entrega-do-titulo-eminente-engenheiro-do-ano-2021\/\"  rel=\"bookmark\" class=\"td-image-wrap \" title=\"Assista \u00e0 grava\u00e7\u00e3o da cerim\u00f4nia de entrega do T\u00edtulo Eminente Engenheiro do Ano 2021\" ><img loading=\"lazy\" decoding=\"async\" class=\"entry-thumb\" src=\"data:image\/png;base64,iVBORw0KGgoAAAANSUhEUgAAAWQAAADcAQMAAAB9O0nPAAAAA1BMVEWurq51dlI4AAAAAXRSTlMmkutdmwAAACBJREFUaN7twTEBAAAAwiD7p7bDbmAAAAAAAAAAAABAdieIAAGQh2mWAAAAAElFTkSuQmCC\" alt=\"\" title=\"Assista \u00e0 grava\u00e7\u00e3o da cerim\u00f4nia de entrega do T\u00edtulo Eminente Engenheiro do Ano 2021\" data-type=\"image_tag\" data-img-url=\"https:\/\/www.institutodeengenharia.org.br\/site\/wp-content\/uploads\/2021\/11\/1304419654-11c1e41551dd5731fbd1f9c72290fbdb6fc59b780be0a14ee-356x220.jpg\"  width=\"356\" height=\"220\" \/><span class=\"td-video-play-ico\"><i class=\"td-icon-video-thumb-play\"><\/i><\/span><\/a><\/div>\r\n            <div class=\"td-module-meta-info\">\r\n                <h3 class=\"entry-title td-module-title\"><a href=\"https:\/\/www.institutodeengenharia.org.br\/site\/2021\/11\/19\/assista-a-cerimonia-de-entrega-do-titulo-eminente-engenheiro-do-ano-2021\/\"  rel=\"bookmark\" title=\"Assista \u00e0 grava\u00e7\u00e3o da cerim\u00f4nia de entrega do T\u00edtulo Eminente Engenheiro do Ano 2021\">Assista \u00e0 grava\u00e7\u00e3o da cerim\u00f4nia de entrega do T\u00edtulo Eminente Engenheiro do Ano 2021<\/a><\/h3>                <div class=\"td-editor-date\">\r\n                                        <span class=\"td-author-date\">\r\n                                                <span class=\"td-post-date\"><time class=\"entry-date updated td-module-date\" datetime=\"2021-11-19T12:02:20-03:00\" >19\/11\/2021<\/time><\/span>                    <\/span>\r\n                <\/div>\r\n            <\/div>\r\n\r\n        <\/div>\r\n\r\n        \n\t<\/div> <!-- .\/td-block-span4 -->\n\n\t<div class=\"td-block-span4\">\n\r\n        <div class=\"td_module_mx1 td_module_wrap td-animation-stack\">\r\n            <div class=\"td-module-thumb\"><a href=\"https:\/\/www.institutodeengenharia.org.br\/site\/2021\/11\/10\/sipais-simposio-internacional-uma-amazonia-inovadora-e-sustentavel-2\/\"  rel=\"bookmark\" class=\"td-image-wrap \" title=\"SIPAIS \u2013 Simp\u00f3sio Internacional: Uma Amaz\u00f4nia Inovadora e Sustent\u00e1vel\" ><img loading=\"lazy\" decoding=\"async\" class=\"entry-thumb\" src=\"data:image\/png;base64,iVBORw0KGgoAAAANSUhEUgAAAWQAAADcAQMAAAB9O0nPAAAAA1BMVEWurq51dlI4AAAAAXRSTlMmkutdmwAAACBJREFUaN7twTEBAAAAwiD7p7bDbmAAAAAAAAAAAABAdieIAAGQh2mWAAAAAElFTkSuQmCC\" alt=\"\" title=\"SIPAIS \u2013 Simp\u00f3sio Internacional: Uma Amaz\u00f4nia Inovadora e Sustent\u00e1vel\" data-type=\"image_tag\" data-img-url=\"https:\/\/www.institutodeengenharia.org.br\/site\/wp-content\/uploads\/2021\/08\/SIPAIS-1-1-356x220.webp\"  width=\"356\" height=\"220\" \/><span class=\"td-video-play-ico\"><i class=\"td-icon-video-thumb-play\"><\/i><\/span><\/a><\/div>\r\n            <div class=\"td-module-meta-info\">\r\n                <h3 class=\"entry-title td-module-title\"><a href=\"https:\/\/www.institutodeengenharia.org.br\/site\/2021\/11\/10\/sipais-simposio-internacional-uma-amazonia-inovadora-e-sustentavel-2\/\"  rel=\"bookmark\" title=\"SIPAIS \u2013 Simp\u00f3sio Internacional: Uma Amaz\u00f4nia Inovadora e Sustent\u00e1vel\">SIPAIS \u2013 Simp\u00f3sio Internacional: Uma Amaz\u00f4nia Inovadora e Sustent\u00e1vel<\/a><\/h3>                <div class=\"td-editor-date\">\r\n                                        <span class=\"td-author-date\">\r\n                                                <span class=\"td-post-date\"><time class=\"entry-date updated td-module-date\" datetime=\"2021-11-10T14:09:50-03:00\" >10\/11\/2021<\/time><\/span>                    <\/span>\r\n                <\/div>\r\n            <\/div>\r\n\r\n        <\/div>\r\n\r\n        \n\t<\/div> <!-- .\/td-block-span4 -->\n\n\t<div class=\"td-block-span4\">\n\r\n        <div class=\"td_module_mx1 td_module_wrap td-animation-stack\">\r\n            <div class=\"td-module-thumb\"><a href=\"https:\/\/www.institutodeengenharia.org.br\/site\/2021\/11\/04\/introducao-a-engenharia-uma-abordagem-baseada-em-ensino-por-competencias\/\"  rel=\"bookmark\" class=\"td-image-wrap \" title=\"Introdu\u00e7\u00e3o \u00e0 Engenharia: Uma abordagem baseada em ensino por compet\u00eancias\" ><img loading=\"lazy\" decoding=\"async\" class=\"entry-thumb\" src=\"data:image\/png;base64,iVBORw0KGgoAAAANSUhEUgAAAWQAAADcAQMAAAB9O0nPAAAAA1BMVEWurq51dlI4AAAAAXRSTlMmkutdmwAAACBJREFUaN7twTEBAAAAwiD7p7bDbmAAAAAAAAAAAABAdieIAAGQh2mWAAAAAElFTkSuQmCC\" alt=\"\" title=\"Introdu\u00e7\u00e3o \u00e0 Engenharia: Uma abordagem baseada em ensino por compet\u00eancias\" data-type=\"image_tag\" data-img-url=\"https:\/\/www.institutodeengenharia.org.br\/site\/wp-content\/uploads\/2021\/10\/5160V2VjjkL._SR600315_PIWhiteStripBottomLeft035_SCLZZZZZZZ_FMpng_BG255255255-356x220.jpg\"  width=\"356\" height=\"220\" \/><\/a><\/div>\r\n            <div class=\"td-module-meta-info\">\r\n                <h3 class=\"entry-title td-module-title\"><a href=\"https:\/\/www.institutodeengenharia.org.br\/site\/2021\/11\/04\/introducao-a-engenharia-uma-abordagem-baseada-em-ensino-por-competencias\/\"  rel=\"bookmark\" title=\"Introdu\u00e7\u00e3o \u00e0 Engenharia: Uma abordagem baseada em ensino por compet\u00eancias\">Introdu\u00e7\u00e3o \u00e0 Engenharia: Uma abordagem baseada em ensino por compet\u00eancias<\/a><\/h3>                <div class=\"td-editor-date\">\r\n                                        <span class=\"td-author-date\">\r\n                                                <span class=\"td-post-date\"><time class=\"entry-date updated td-module-date\" datetime=\"2021-11-04T11:31:28-03:00\" >04\/11\/2021<\/time><\/span>                    <\/span>\r\n                <\/div>\r\n            <\/div>\r\n\r\n        <\/div>\r\n\r\n        \n\t<\/div> <!-- .\/td-block-span4 --><\/div><!--.\/row-fluid-->\n\n\t<div class=\"td-block-row\">\n\n\t<div class=\"td-block-span4\">\n\r\n        <div class=\"td_module_mx1 td_module_wrap td-animation-stack\">\r\n            <div class=\"td-module-thumb\"><a href=\"https:\/\/www.institutodeengenharia.org.br\/site\/2021\/11\/04\/13o-edicao-do-concurso-ousadia-2\/\"  rel=\"bookmark\" class=\"td-image-wrap \" title=\"13\u00ba Edi\u00e7\u00e3o do Concurso Ousadia\" ><img loading=\"lazy\" decoding=\"async\" class=\"entry-thumb\" src=\"data:image\/png;base64,iVBORw0KGgoAAAANSUhEUgAAAWQAAADcAQMAAAB9O0nPAAAAA1BMVEWurq51dlI4AAAAAXRSTlMmkutdmwAAACBJREFUaN7twTEBAAAAwiD7p7bDbmAAAAAAAAAAAABAdieIAAGQh2mWAAAAAElFTkSuQmCC\" alt=\"\" title=\"13\u00ba Edi\u00e7\u00e3o do Concurso Ousadia\" data-type=\"image_tag\" data-img-url=\"https:\/\/www.institutodeengenharia.org.br\/site\/wp-content\/uploads\/2021\/11\/MicrosoftTeams-image-26-356x220.png\"  width=\"356\" height=\"220\" \/><\/a><\/div>\r\n            <div class=\"td-module-meta-info\">\r\n                <h3 class=\"entry-title td-module-title\"><a href=\"https:\/\/www.institutodeengenharia.org.br\/site\/2021\/11\/04\/13o-edicao-do-concurso-ousadia-2\/\"  rel=\"bookmark\" title=\"13\u00ba Edi\u00e7\u00e3o do Concurso Ousadia\">13\u00ba Edi\u00e7\u00e3o do Concurso Ousadia<\/a><\/h3>                <div class=\"td-editor-date\">\r\n                                        <span class=\"td-author-date\">\r\n                                                <span class=\"td-post-date\"><time class=\"entry-date updated td-module-date\" datetime=\"2021-11-04T11:24:23-03:00\" >04\/11\/2021<\/time><\/span>                    <\/span>\r\n                <\/div>\r\n            <\/div>\r\n\r\n        <\/div>\r\n\r\n        \n\t<\/div> <!-- .\/td-block-span4 -->\n\n\t<div class=\"td-block-span4\">\n\r\n        <div class=\"td_module_mx1 td_module_wrap td-animation-stack\">\r\n            <div class=\"td-module-thumb\"><a href=\"https:\/\/www.institutodeengenharia.org.br\/site\/2021\/11\/03\/minha-historia-com-o-ie-eduardo-lafraia\/\"  rel=\"bookmark\" class=\"td-image-wrap \" title=\"Minha hist\u00f3ria com o IE &#8211; Eduardo Lafraia\" ><img loading=\"lazy\" decoding=\"async\" class=\"entry-thumb\" src=\"data:image\/png;base64,iVBORw0KGgoAAAANSUhEUgAAAWQAAADcAQMAAAB9O0nPAAAAA1BMVEWurq51dlI4AAAAAXRSTlMmkutdmwAAACBJREFUaN7twTEBAAAAwiD7p7bDbmAAAAAAAAAAAABAdieIAAGQh2mWAAAAAElFTkSuQmCC\" alt=\"\" title=\"Minha hist\u00f3ria com o IE &#8211; Eduardo Lafraia\" data-type=\"image_tag\" data-img-url=\"https:\/\/www.institutodeengenharia.org.br\/site\/wp-content\/uploads\/2021\/07\/LAFRAIA-356x220.png\"  width=\"356\" height=\"220\" \/><span class=\"td-video-play-ico\"><i class=\"td-icon-video-thumb-play\"><\/i><\/span><\/a><\/div>\r\n            <div class=\"td-module-meta-info\">\r\n                <h3 class=\"entry-title td-module-title\"><a href=\"https:\/\/www.institutodeengenharia.org.br\/site\/2021\/11\/03\/minha-historia-com-o-ie-eduardo-lafraia\/\"  rel=\"bookmark\" title=\"Minha hist\u00f3ria com o IE &#8211; Eduardo Lafraia\">Minha hist\u00f3ria com o IE &#8211; Eduardo Lafraia<\/a><\/h3>                <div class=\"td-editor-date\">\r\n                                        <span class=\"td-author-date\">\r\n                                                <span class=\"td-post-date\"><time class=\"entry-date updated td-module-date\" datetime=\"2021-11-03T12:15:18-03:00\" >03\/11\/2021<\/time><\/span>                    <\/span>\r\n                <\/div>\r\n            <\/div>\r\n\r\n        <\/div>\r\n\r\n        \n\t<\/div> <!-- .\/td-block-span4 -->\n\n\t<div class=\"td-block-span4\">\n\r\n        <div class=\"td_module_mx1 td_module_wrap td-animation-stack\">\r\n            <div class=\"td-module-thumb\"><a href=\"https:\/\/www.institutodeengenharia.org.br\/site\/2021\/11\/03\/wind-farms-e-green-energy\/\"  rel=\"bookmark\" class=\"td-image-wrap \" title=\"Wind Farms e Green Energy\" ><img loading=\"lazy\" decoding=\"async\" class=\"entry-thumb\" src=\"data:image\/png;base64,iVBORw0KGgoAAAANSUhEUgAAAWQAAADcAQMAAAB9O0nPAAAAA1BMVEWurq51dlI4AAAAAXRSTlMmkutdmwAAACBJREFUaN7twTEBAAAAwiD7p7bDbmAAAAAAAAAAAABAdieIAAGQh2mWAAAAAElFTkSuQmCC\" alt=\"\" title=\"Wind Farms e Green Energy\" data-type=\"image_tag\" data-img-url=\"https:\/\/www.institutodeengenharia.org.br\/site\/wp-content\/uploads\/2021\/10\/windmills-g8e65614fa_1920-356x220.jpg\"  width=\"356\" height=\"220\" \/><\/a><\/div>\r\n            <div class=\"td-module-meta-info\">\r\n                <h3 class=\"entry-title td-module-title\"><a href=\"https:\/\/www.institutodeengenharia.org.br\/site\/2021\/11\/03\/wind-farms-e-green-energy\/\"  rel=\"bookmark\" title=\"Wind Farms e Green Energy\">Wind Farms e Green Energy<\/a><\/h3>                <div class=\"td-editor-date\">\r\n                                        <span class=\"td-author-date\">\r\n                                                <span class=\"td-post-date\"><time class=\"entry-date updated td-module-date\" datetime=\"2021-11-03T11:03:36-03:00\" >03\/11\/2021<\/time><\/span>                    <\/span>\r\n                <\/div>\r\n            <\/div>\r\n\r\n        <\/div>\r\n\r\n        \n\t<\/div> <!-- .\/td-block-span4 --><\/div><!--.\/row-fluid-->\n\n\t<div class=\"td-block-row\">\n\n\t<div class=\"td-block-span4\">\n\r\n        <div class=\"td_module_mx1 td_module_wrap td-animation-stack\">\r\n            <div class=\"td-module-thumb\"><a href=\"https:\/\/www.institutodeengenharia.org.br\/site\/2021\/10\/29\/ie-talks-engenharia-por-tras-do-ominichanel\/\"  rel=\"bookmark\" class=\"td-image-wrap \" title=\"IE Talks: Engenharia por tr\u00e1s do Ominichanel\" ><img loading=\"lazy\" decoding=\"async\" class=\"entry-thumb\" src=\"data:image\/png;base64,iVBORw0KGgoAAAANSUhEUgAAAWQAAADcAQMAAAB9O0nPAAAAA1BMVEWurq51dlI4AAAAAXRSTlMmkutdmwAAACBJREFUaN7twTEBAAAAwiD7p7bDbmAAAAAAAAAAAABAdieIAAGQh2mWAAAAAElFTkSuQmCC\" alt=\"\" title=\"IE Talks: Engenharia por tr\u00e1s do Ominichanel\" data-type=\"image_tag\" data-img-url=\"https:\/\/www.institutodeengenharia.org.br\/site\/wp-content\/uploads\/2021\/09\/woman-3509149_1920-356x220.jpg\"  width=\"356\" height=\"220\" \/><\/a><\/div>\r\n            <div class=\"td-module-meta-info\">\r\n                <h3 class=\"entry-title td-module-title\"><a href=\"https:\/\/www.institutodeengenharia.org.br\/site\/2021\/10\/29\/ie-talks-engenharia-por-tras-do-ominichanel\/\"  rel=\"bookmark\" title=\"IE Talks: Engenharia por tr\u00e1s do Ominichanel\">IE Talks: Engenharia por tr\u00e1s do Ominichanel<\/a><\/h3>                <div class=\"td-editor-date\">\r\n                                        <span class=\"td-author-date\">\r\n                                                <span class=\"td-post-date\"><time class=\"entry-date updated td-module-date\" datetime=\"2021-10-29T14:39:12-03:00\" >29\/10\/2021<\/time><\/span>                    <\/span>\r\n                <\/div>\r\n            <\/div>\r\n\r\n        <\/div>\r\n\r\n        \n\t<\/div> <!-- .\/td-block-span4 -->\n\n\t<div class=\"td-block-span4\">\n\r\n        <div class=\"td_module_mx1 td_module_wrap td-animation-stack\">\r\n            <div class=\"td-module-thumb\"><a href=\"https:\/\/www.institutodeengenharia.org.br\/site\/2021\/10\/28\/minha-historia-com-o-ie-monica-ferreira-do-amaral-porto\/\"  rel=\"bookmark\" class=\"td-image-wrap \" title=\"Minha hist\u00f3ria com o IE &#8211; Monica Ferreira do Amaral Porto\" ><img loading=\"lazy\" decoding=\"async\" class=\"entry-thumb\" src=\"data:image\/png;base64,iVBORw0KGgoAAAANSUhEUgAAAWQAAADcAQMAAAB9O0nPAAAAA1BMVEWurq51dlI4AAAAAXRSTlMmkutdmwAAACBJREFUaN7twTEBAAAAwiD7p7bDbmAAAAAAAAAAAABAdieIAAGQh2mWAAAAAElFTkSuQmCC\" alt=\"\" title=\"Minha hist\u00f3ria com o IE &#8211; Monica Ferreira do Amaral Porto\" data-type=\"image_tag\" data-img-url=\"https:\/\/www.institutodeengenharia.org.br\/site\/wp-content\/uploads\/2021\/10\/1191824670-db51cb6f5085b3615cbc9386d88d591bbdf8e52951a4a2751660e9ee90323418-d-356x220.jpg\"  width=\"356\" height=\"220\" \/><span class=\"td-video-play-ico\"><i class=\"td-icon-video-thumb-play\"><\/i><\/span><\/a><\/div>\r\n            <div class=\"td-module-meta-info\">\r\n                <h3 class=\"entry-title td-module-title\"><a href=\"https:\/\/www.institutodeengenharia.org.br\/site\/2021\/10\/28\/minha-historia-com-o-ie-monica-ferreira-do-amaral-porto\/\"  rel=\"bookmark\" title=\"Minha hist\u00f3ria com o IE &#8211; Monica Ferreira do Amaral Porto\">Minha hist\u00f3ria com o IE &#8211; Monica Ferreira do Amaral Porto<\/a><\/h3>                <div class=\"td-editor-date\">\r\n                                        <span class=\"td-author-date\">\r\n                                                <span class=\"td-post-date\"><time class=\"entry-date updated td-module-date\" datetime=\"2021-10-28T20:30:30-03:00\" >28\/10\/2021<\/time><\/span>                    <\/span>\r\n                <\/div>\r\n            <\/div>\r\n\r\n        <\/div>\r\n\r\n        \n\t<\/div> <!-- .\/td-block-span4 -->\n\n\t<div class=\"td-block-span4\">\n\r\n        <div class=\"td_module_mx1 td_module_wrap td-animation-stack\">\r\n            <div class=\"td-module-thumb\"><a href=\"https:\/\/www.institutodeengenharia.org.br\/site\/2021\/10\/27\/como-as-empresas-geram-e-sao-medidas-em-relacao-ao-valor-gerado-para-o-acionista\/\"  rel=\"bookmark\" class=\"td-image-wrap \" title=\"Como as empresas geram e s\u00e3o medidas em rela\u00e7\u00e3o ao valor gerado para o acionista\" ><img loading=\"lazy\" decoding=\"async\" class=\"entry-thumb\" src=\"data:image\/png;base64,iVBORw0KGgoAAAANSUhEUgAAAWQAAADcAQMAAAB9O0nPAAAAA1BMVEWurq51dlI4AAAAAXRSTlMmkutdmwAAACBJREFUaN7twTEBAAAAwiD7p7bDbmAAAAAAAAAAAABAdieIAAGQh2mWAAAAAElFTkSuQmCC\" alt=\"\" title=\"Como as empresas geram e s\u00e3o medidas em rela\u00e7\u00e3o ao valor gerado para o acionista\" data-type=\"image_tag\" data-img-url=\"https:\/\/www.institutodeengenharia.org.br\/site\/wp-content\/uploads\/2021\/10\/joshua-mayo-PNodyzJcccA-unsplash-356x220.jpg\"  width=\"356\" height=\"220\" \/><\/a><\/div>\r\n            <div class=\"td-module-meta-info\">\r\n                <h3 class=\"entry-title td-module-title\"><a href=\"https:\/\/www.institutodeengenharia.org.br\/site\/2021\/10\/27\/como-as-empresas-geram-e-sao-medidas-em-relacao-ao-valor-gerado-para-o-acionista\/\"  rel=\"bookmark\" title=\"Como as empresas geram e s\u00e3o medidas em rela\u00e7\u00e3o ao valor gerado para o acionista\">Como as empresas geram e s\u00e3o medidas em rela\u00e7\u00e3o ao valor gerado para o acionista<\/a><\/h3>                <div class=\"td-editor-date\">\r\n                                        <span class=\"td-author-date\">\r\n                                                <span class=\"td-post-date\"><time class=\"entry-date updated td-module-date\" datetime=\"2021-10-27T10:42:16-03:00\" >27\/10\/2021<\/time><\/span>                    <\/span>\r\n                <\/div>\r\n            <\/div>\r\n\r\n        <\/div>\r\n\r\n        \n\t<\/div> <!-- .\/td-block-span4 --><\/div><!--.\/row-fluid-->\n\n\t<div class=\"td-block-row\">\n\n\t<div class=\"td-block-span4\">\n\r\n        <div class=\"td_module_mx1 td_module_wrap td-animation-stack\">\r\n            <div class=\"td-module-thumb\"><a href=\"https:\/\/www.institutodeengenharia.org.br\/site\/2021\/10\/22\/a-importancia-da-navegacao-na-matriz-de-transporte-105-anos-do-ie\/\"  rel=\"bookmark\" class=\"td-image-wrap \" title=\"A import\u00e2ncia da navega\u00e7\u00e3o na matriz de transporte &#8211; 105 anos do IE\" ><img loading=\"lazy\" decoding=\"async\" class=\"entry-thumb\" src=\"data:image\/png;base64,iVBORw0KGgoAAAANSUhEUgAAAWQAAADcAQMAAAB9O0nPAAAAA1BMVEWurq51dlI4AAAAAXRSTlMmkutdmwAAACBJREFUaN7twTEBAAAAwiD7p7bDbmAAAAAAAAAAAABAdieIAAGQh2mWAAAAAElFTkSuQmCC\" alt=\"\" title=\"A import\u00e2ncia da navega\u00e7\u00e3o na matriz de transporte &#8211; 105 anos do IE\" data-type=\"image_tag\" data-img-url=\"https:\/\/www.institutodeengenharia.org.br\/site\/wp-content\/uploads\/2020\/12\/Hidrovias-356x220.jpg\"  width=\"356\" height=\"220\" \/><\/a><\/div>\r\n            <div class=\"td-module-meta-info\">\r\n                <h3 class=\"entry-title td-module-title\"><a href=\"https:\/\/www.institutodeengenharia.org.br\/site\/2021\/10\/22\/a-importancia-da-navegacao-na-matriz-de-transporte-105-anos-do-ie\/\"  rel=\"bookmark\" title=\"A import\u00e2ncia da navega\u00e7\u00e3o na matriz de transporte &#8211; 105 anos do IE\">A import\u00e2ncia da navega\u00e7\u00e3o na matriz de transporte &#8211; 105 anos do IE<\/a><\/h3>                <div class=\"td-editor-date\">\r\n                                        <span class=\"td-author-date\">\r\n                                                <span class=\"td-post-date\"><time class=\"entry-date updated td-module-date\" datetime=\"2021-10-22T14:40:21-03:00\" >22\/10\/2021<\/time><\/span>                    <\/span>\r\n                <\/div>\r\n            <\/div>\r\n\r\n        <\/div>\r\n\r\n        \n\t<\/div> <!-- .\/td-block-span4 -->\n\n\t<div class=\"td-block-span4\">\n\r\n        <div class=\"td_module_mx1 td_module_wrap td-animation-stack\">\r\n            <div class=\"td-module-thumb\"><a href=\"https:\/\/www.institutodeengenharia.org.br\/site\/2021\/10\/22\/governanca-metropolitana-dos-transportes-105-anos-do-ie\/\"  rel=\"bookmark\" class=\"td-image-wrap \" title=\"Governan\u00e7a Metropolitana dos Transportes &#8211; 105 anos do IE\" ><img loading=\"lazy\" decoding=\"async\" class=\"entry-thumb\" src=\"data:image\/png;base64,iVBORw0KGgoAAAANSUhEUgAAAWQAAADcAQMAAAB9O0nPAAAAA1BMVEWurq51dlI4AAAAAXRSTlMmkutdmwAAACBJREFUaN7twTEBAAAAwiD7p7bDbmAAAAAAAAAAAABAdieIAAGQh2mWAAAAAElFTkSuQmCC\" alt=\"\" title=\"Governan\u00e7a Metropolitana dos Transportes &#8211; 105 anos do IE\" data-type=\"image_tag\" data-img-url=\"https:\/\/www.institutodeengenharia.org.br\/site\/wp-content\/uploads\/2021\/09\/governanca-356x220.jpg\"  width=\"356\" height=\"220\" \/><\/a><\/div>\r\n            <div class=\"td-module-meta-info\">\r\n                <h3 class=\"entry-title td-module-title\"><a href=\"https:\/\/www.institutodeengenharia.org.br\/site\/2021\/10\/22\/governanca-metropolitana-dos-transportes-105-anos-do-ie\/\"  rel=\"bookmark\" title=\"Governan\u00e7a Metropolitana dos Transportes &#8211; 105 anos do IE\">Governan\u00e7a Metropolitana dos Transportes &#8211; 105 anos do IE<\/a><\/h3>                <div class=\"td-editor-date\">\r\n                                        <span class=\"td-author-date\">\r\n                                                <span class=\"td-post-date\"><time class=\"entry-date updated td-module-date\" datetime=\"2021-10-22T14:29:14-03:00\" >22\/10\/2021<\/time><\/span>                    <\/span>\r\n                <\/div>\r\n            <\/div>\r\n\r\n        <\/div>\r\n\r\n        \n\t<\/div> <!-- .\/td-block-span4 -->\n\n\t<div class=\"td-block-span4\">\n\r\n        <div class=\"td_module_mx1 td_module_wrap td-animation-stack\">\r\n            <div class=\"td-module-thumb\"><a href=\"https:\/\/www.institutodeengenharia.org.br\/site\/2021\/10\/22\/lancamento-da-cartilha-do-5g-105-anos-do-ie\/\"  rel=\"bookmark\" class=\"td-image-wrap \" title=\"Lan\u00e7amento da cartilha do 5G &#8211; 105 anos do IE\" ><img loading=\"lazy\" decoding=\"async\" class=\"entry-thumb\" src=\"data:image\/png;base64,iVBORw0KGgoAAAANSUhEUgAAAWQAAADcAQMAAAB9O0nPAAAAA1BMVEWurq51dlI4AAAAAXRSTlMmkutdmwAAACBJREFUaN7twTEBAAAAwiD7p7bDbmAAAAAAAAAAAABAdieIAAGQh2mWAAAAAElFTkSuQmCC\" alt=\"\" title=\"Lan\u00e7amento da cartilha do 5G &#8211; 105 anos do IE\" data-type=\"image_tag\" data-img-url=\"https:\/\/www.institutodeengenharia.org.br\/site\/wp-content\/uploads\/2021\/09\/IMAGEM-EVENTO-356x220.png\"  width=\"356\" height=\"220\" \/><\/a><\/div>\r\n            <div class=\"td-module-meta-info\">\r\n                <h3 class=\"entry-title td-module-title\"><a href=\"https:\/\/www.institutodeengenharia.org.br\/site\/2021\/10\/22\/lancamento-da-cartilha-do-5g-105-anos-do-ie\/\"  rel=\"bookmark\" title=\"Lan\u00e7amento da cartilha do 5G &#8211; 105 anos do IE\">Lan\u00e7amento da cartilha do 5G &#8211; 105 anos do IE<\/a><\/h3>                <div class=\"td-editor-date\">\r\n                                        <span class=\"td-author-date\">\r\n                                                <span class=\"td-post-date\"><time class=\"entry-date updated td-module-date\" datetime=\"2021-10-22T14:22:03-03:00\" >22\/10\/2021<\/time><\/span>                    <\/span>\r\n                <\/div>\r\n            <\/div>\r\n\r\n        <\/div>\r\n\r\n        \n\t<\/div> <!-- .\/td-block-span4 --><\/div><!--.\/row-fluid-->\n\n\t<div class=\"td-block-row\">\n\n\t<div class=\"td-block-span4\">\n\r\n        <div class=\"td_module_mx1 td_module_wrap td-animation-stack\">\r\n            <div class=\"td-module-thumb\"><a href=\"https:\/\/www.institutodeengenharia.org.br\/site\/2021\/10\/22\/passado-presente-e-futuro-da-amazonia-105-anos-do-ie\/\"  rel=\"bookmark\" class=\"td-image-wrap \" title=\"Passado, Presente e Futuro da Amaz\u00f4nia &#8211; 105 anos do IE\" ><img loading=\"lazy\" decoding=\"async\" class=\"entry-thumb\" src=\"data:image\/png;base64,iVBORw0KGgoAAAANSUhEUgAAAWQAAADcAQMAAAB9O0nPAAAAA1BMVEWurq51dlI4AAAAAXRSTlMmkutdmwAAACBJREFUaN7twTEBAAAAwiD7p7bDbmAAAAAAAAAAAABAdieIAAGQh2mWAAAAAElFTkSuQmCC\" alt=\"\" title=\"Passado, Presente e Futuro da Amaz\u00f4nia &#8211; 105 anos do IE\" data-type=\"image_tag\" data-img-url=\"https:\/\/www.institutodeengenharia.org.br\/site\/wp-content\/uploads\/2021\/09\/amazoniaebioeconomia-356x220.webp\"  width=\"356\" height=\"220\" \/><\/a><\/div>\r\n            <div class=\"td-module-meta-info\">\r\n                <h3 class=\"entry-title td-module-title\"><a href=\"https:\/\/www.institutodeengenharia.org.br\/site\/2021\/10\/22\/passado-presente-e-futuro-da-amazonia-105-anos-do-ie\/\"  rel=\"bookmark\" title=\"Passado, Presente e Futuro da Amaz\u00f4nia &#8211; 105 anos do IE\">Passado, Presente e Futuro da Amaz\u00f4nia &#8211; 105 anos do IE<\/a><\/h3>                <div class=\"td-editor-date\">\r\n                                        <span class=\"td-author-date\">\r\n                                                <span class=\"td-post-date\"><time class=\"entry-date updated td-module-date\" datetime=\"2021-10-22T13:59:23-03:00\" >22\/10\/2021<\/time><\/span>                    <\/span>\r\n                <\/div>\r\n            <\/div>\r\n\r\n        <\/div>\r\n\r\n        \n\t<\/div> <!-- .\/td-block-span4 -->\n\n\t<div class=\"td-block-span4\">\n\r\n        <div class=\"td_module_mx1 td_module_wrap td-animation-stack\">\r\n            <div class=\"td-module-thumb\"><a href=\"https:\/\/www.institutodeengenharia.org.br\/site\/2021\/10\/11\/mensagem-do-presidente-paulo-ferreira-pelos-105-anos-do-ie\/\"  rel=\"bookmark\" class=\"td-image-wrap \" title=\"Mensagem do presidente Paulo Ferreira pelos 105 anos do IE\" ><img loading=\"lazy\" decoding=\"async\" class=\"entry-thumb\" src=\"data:image\/png;base64,iVBORw0KGgoAAAANSUhEUgAAAWQAAADcAQMAAAB9O0nPAAAAA1BMVEWurq51dlI4AAAAAXRSTlMmkutdmwAAACBJREFUaN7twTEBAAAAwiD7p7bDbmAAAAAAAAAAAABAdieIAAGQh2mWAAAAAElFTkSuQmCC\" alt=\"\" title=\"Mensagem do presidente Paulo Ferreira pelos 105 anos do IE\" data-type=\"image_tag\" data-img-url=\"https:\/\/www.institutodeengenharia.org.br\/site\/wp-content\/uploads\/2021\/10\/1271565917-ef2c43fc16be775e334ebc6ea11512a99c12a43b5209c2092-356x220.jpg\"  width=\"356\" height=\"220\" \/><span class=\"td-video-play-ico\"><i class=\"td-icon-video-thumb-play\"><\/i><\/span><\/a><\/div>\r\n            <div class=\"td-module-meta-info\">\r\n                <h3 class=\"entry-title td-module-title\"><a href=\"https:\/\/www.institutodeengenharia.org.br\/site\/2021\/10\/11\/mensagem-do-presidente-paulo-ferreira-pelos-105-anos-do-ie\/\"  rel=\"bookmark\" title=\"Mensagem do presidente Paulo Ferreira pelos 105 anos do IE\">Mensagem do presidente Paulo Ferreira pelos 105 anos do IE<\/a><\/h3>                <div class=\"td-editor-date\">\r\n                                        <span class=\"td-author-date\">\r\n                                                <span class=\"td-post-date\"><time class=\"entry-date updated td-module-date\" datetime=\"2021-10-11T15:46:11-03:00\" >11\/10\/2021<\/time><\/span>                    <\/span>\r\n                <\/div>\r\n            <\/div>\r\n\r\n        <\/div>\r\n\r\n        \n\t<\/div> <!-- .\/td-block-span4 -->\n\n\t<div class=\"td-block-span4\">\n\r\n        <div class=\"td_module_mx1 td_module_wrap td-animation-stack\">\r\n            <div class=\"td-module-thumb\"><a href=\"https:\/\/www.institutodeengenharia.org.br\/site\/2021\/10\/07\/programa-de-manutencao-de-pontes-e-viadutos-acoes-e-desafios\/\"  rel=\"bookmark\" class=\"td-image-wrap \" title=\"Programa de Manuten\u00e7\u00e3o de Pontes e Viadutos &#8211; A\u00e7\u00f5es e Desafios\" ><img loading=\"lazy\" decoding=\"async\" class=\"entry-thumb\" src=\"data:image\/png;base64,iVBORw0KGgoAAAANSUhEUgAAAWQAAADcAQMAAAB9O0nPAAAAA1BMVEWurq51dlI4AAAAAXRSTlMmkutdmwAAACBJREFUaN7twTEBAAAAwiD7p7bDbmAAAAAAAAAAAABAdieIAAGQh2mWAAAAAElFTkSuQmCC\" alt=\"\" title=\"Programa de Manuten\u00e7\u00e3o de Pontes e Viadutos &#8211; A\u00e7\u00f5es e Desafios\" data-type=\"image_tag\" data-img-url=\"https:\/\/www.institutodeengenharia.org.br\/site\/wp-content\/uploads\/2021\/09\/Av-23-de-maio_-2007-Foto-Cecilia-Bastos-02-1-1-356x220.webp\"  width=\"356\" height=\"220\" \/><\/a><\/div>\r\n            <div class=\"td-module-meta-info\">\r\n                <h3 class=\"entry-title td-module-title\"><a href=\"https:\/\/www.institutodeengenharia.org.br\/site\/2021\/10\/07\/programa-de-manutencao-de-pontes-e-viadutos-acoes-e-desafios\/\"  rel=\"bookmark\" title=\"Programa de Manuten\u00e7\u00e3o de Pontes e Viadutos &#8211; A\u00e7\u00f5es e Desafios\">Programa de Manuten\u00e7\u00e3o de Pontes e Viadutos &#8211; A\u00e7\u00f5es e Desafios<\/a><\/h3>                <div class=\"td-editor-date\">\r\n                                        <span class=\"td-author-date\">\r\n                                                <span class=\"td-post-date\"><time class=\"entry-date updated td-module-date\" datetime=\"2021-10-07T14:50:11-03:00\" >07\/10\/2021<\/time><\/span>                    <\/span>\r\n                <\/div>\r\n            <\/div>\r\n\r\n        <\/div>\r\n\r\n        \n\t<\/div> <!-- .\/td-block-span4 --><\/div><!--.\/row-fluid-->\n\n\t<div class=\"td-block-row\">\n\n\t<div class=\"td-block-span4\">\n\r\n        <div class=\"td_module_mx1 td_module_wrap td-animation-stack\">\r\n            <div class=\"td-module-thumb\"><a href=\"https:\/\/www.institutodeengenharia.org.br\/site\/2021\/10\/06\/minha-historia-com-o-ie-jose-roberto-cardoso-105-anos-ie\/\"  rel=\"bookmark\" class=\"td-image-wrap \" title=\"Minha Hist\u00f3ria com o IE &#8211; Jos\u00e9 Roberto Cardoso. 105 Anos IE\" ><img loading=\"lazy\" decoding=\"async\" class=\"entry-thumb\" src=\"data:image\/png;base64,iVBORw0KGgoAAAANSUhEUgAAAWQAAADcAQMAAAB9O0nPAAAAA1BMVEWurq51dlI4AAAAAXRSTlMmkutdmwAAACBJREFUaN7twTEBAAAAwiD7p7bDbmAAAAAAAAAAAABAdieIAAGQh2mWAAAAAElFTkSuQmCC\" alt=\"\" title=\"Minha Hist\u00f3ria com o IE &#8211; Jos\u00e9 Roberto Cardoso. 105 Anos IE\" data-type=\"image_tag\" data-img-url=\"https:\/\/www.institutodeengenharia.org.br\/site\/wp-content\/uploads\/2021\/10\/1177017947-1d961481a2deac39fb5f0d8c2be59ad63f034d0c34292529cf0851510215f8c6-d-356x220.jpg\"  width=\"356\" height=\"220\" \/><span class=\"td-video-play-ico\"><i class=\"td-icon-video-thumb-play\"><\/i><\/span><\/a><\/div>\r\n            <div class=\"td-module-meta-info\">\r\n                <h3 class=\"entry-title td-module-title\"><a href=\"https:\/\/www.institutodeengenharia.org.br\/site\/2021\/10\/06\/minha-historia-com-o-ie-jose-roberto-cardoso-105-anos-ie\/\"  rel=\"bookmark\" title=\"Minha Hist\u00f3ria com o IE &#8211; Jos\u00e9 Roberto Cardoso. 105 Anos IE\">Minha Hist\u00f3ria com o IE &#8211; Jos\u00e9 Roberto Cardoso. 105 Anos IE<\/a><\/h3>                <div class=\"td-editor-date\">\r\n                                        <span class=\"td-author-date\">\r\n                                                <span class=\"td-post-date\"><time class=\"entry-date updated td-module-date\" datetime=\"2021-10-06T15:29:39-03:00\" >06\/10\/2021<\/time><\/span>                    <\/span>\r\n                <\/div>\r\n            <\/div>\r\n\r\n        <\/div>\r\n\r\n        \n\t<\/div> <!-- .\/td-block-span4 -->\n\n\t<div class=\"td-block-span4\">\n\r\n        <div class=\"td_module_mx1 td_module_wrap td-animation-stack\">\r\n            <div class=\"td-module-thumb\"><a href=\"https:\/\/www.institutodeengenharia.org.br\/site\/2021\/09\/29\/integridade-de-ativos-na-manutencao-industrial-seguranca-das-pessoas-e-confiabilidade-das-estruturas-e-equipamentos\/\"  rel=\"bookmark\" class=\"td-image-wrap \" title=\"Integridade de ativos na manuten\u00e7\u00e3o industrial: seguran\u00e7a das pessoas e confiabilidade das estruturas e equipamentos\" ><img loading=\"lazy\" decoding=\"async\" class=\"entry-thumb\" src=\"data:image\/png;base64,iVBORw0KGgoAAAANSUhEUgAAAWQAAADcAQMAAAB9O0nPAAAAA1BMVEWurq51dlI4AAAAAXRSTlMmkutdmwAAACBJREFUaN7twTEBAAAAwiD7p7bDbmAAAAAAAAAAAABAdieIAAGQh2mWAAAAAElFTkSuQmCC\" alt=\"\" title=\"Integridade de ativos na manuten\u00e7\u00e3o industrial: seguran\u00e7a das pessoas e confiabilidade das estruturas e equipamentos\" data-type=\"image_tag\" data-img-url=\"https:\/\/www.institutodeengenharia.org.br\/site\/wp-content\/uploads\/2021\/09\/worker-1895691_1920-356x220.jpg\"  width=\"356\" height=\"220\" \/><\/a><\/div>\r\n            <div class=\"td-module-meta-info\">\r\n                <h3 class=\"entry-title td-module-title\"><a href=\"https:\/\/www.institutodeengenharia.org.br\/site\/2021\/09\/29\/integridade-de-ativos-na-manutencao-industrial-seguranca-das-pessoas-e-confiabilidade-das-estruturas-e-equipamentos\/\"  rel=\"bookmark\" title=\"Integridade de ativos na manuten\u00e7\u00e3o industrial: seguran\u00e7a das pessoas e confiabilidade das estruturas e equipamentos\">Integridade de ativos na manuten\u00e7\u00e3o industrial: seguran\u00e7a das pessoas e confiabilidade das estruturas e equipamentos<\/a><\/h3>                <div class=\"td-editor-date\">\r\n                                        <span class=\"td-author-date\">\r\n                                                <span class=\"td-post-date\"><time class=\"entry-date updated td-module-date\" datetime=\"2021-09-29T11:11:05-03:00\" >29\/09\/2021<\/time><\/span>                    <\/span>\r\n                <\/div>\r\n            <\/div>\r\n\r\n        <\/div>\r\n\r\n        \n\t<\/div> <!-- .\/td-block-span4 -->\n\n\t<div class=\"td-block-span4\">\n\r\n        <div class=\"td_module_mx1 td_module_wrap td-animation-stack\">\r\n            <div class=\"td-module-thumb\"><a href=\"https:\/\/www.institutodeengenharia.org.br\/site\/2021\/09\/28\/israel-modelo-de-inovacao-e-sustentabilidade\/\"  rel=\"bookmark\" class=\"td-image-wrap \" title=\"Israel: modelo de inova\u00e7\u00e3o e sustentabilidade\" ><img loading=\"lazy\" decoding=\"async\" class=\"entry-thumb\" src=\"data:image\/png;base64,iVBORw0KGgoAAAANSUhEUgAAAWQAAADcAQMAAAB9O0nPAAAAA1BMVEWurq51dlI4AAAAAXRSTlMmkutdmwAAACBJREFUaN7twTEBAAAAwiD7p7bDbmAAAAAAAAAAAABAdieIAAGQh2mWAAAAAElFTkSuQmCC\" alt=\"\" title=\"Israel: modelo de inova\u00e7\u00e3o e sustentabilidade\" data-type=\"image_tag\" data-img-url=\"https:\/\/www.institutodeengenharia.org.br\/site\/wp-content\/uploads\/2021\/09\/flag-186476_1280-356x220.jpg\"  width=\"356\" height=\"220\" \/><\/a><\/div>\r\n            <div class=\"td-module-meta-info\">\r\n                <h3 class=\"entry-title td-module-title\"><a href=\"https:\/\/www.institutodeengenharia.org.br\/site\/2021\/09\/28\/israel-modelo-de-inovacao-e-sustentabilidade\/\"  rel=\"bookmark\" title=\"Israel: modelo de inova\u00e7\u00e3o e sustentabilidade\">Israel: modelo de inova\u00e7\u00e3o e sustentabilidade<\/a><\/h3>                <div class=\"td-editor-date\">\r\n                                        <span class=\"td-author-date\">\r\n                                                <span class=\"td-post-date\"><time class=\"entry-date updated td-module-date\" datetime=\"2021-09-28T11:04:32-03:00\" >28\/09\/2021<\/time><\/span>                    <\/span>\r\n                <\/div>\r\n            <\/div>\r\n\r\n        <\/div>\r\n\r\n        \n\t<\/div> <!-- .\/td-block-span4 --><\/div><!--.\/row-fluid-->\n\n\t<div class=\"td-block-row\">\n\n\t<div class=\"td-block-span4\">\n\r\n        <div class=\"td_module_mx1 td_module_wrap td-animation-stack\">\r\n            <div class=\"td-module-thumb\"><a href=\"https:\/\/www.institutodeengenharia.org.br\/site\/2021\/09\/23\/cuidados-na-producao-de-dormentes-monoblocos-de-concreto-protendido\/\"  rel=\"bookmark\" class=\"td-image-wrap \" title=\"Cuidados na produ\u00e7\u00e3o de dormentes monoblocos de concreto protendido\" ><img loading=\"lazy\" decoding=\"async\" class=\"entry-thumb\" src=\"data:image\/png;base64,iVBORw0KGgoAAAANSUhEUgAAAWQAAADcAQMAAAB9O0nPAAAAA1BMVEWurq51dlI4AAAAAXRSTlMmkutdmwAAACBJREFUaN7twTEBAAAAwiD7p7bDbmAAAAAAAAAAAABAdieIAAGQh2mWAAAAAElFTkSuQmCC\" alt=\"\" title=\"Cuidados na produ\u00e7\u00e3o de dormentes monoblocos de concreto protendido\" data-type=\"image_tag\" data-img-url=\"https:\/\/www.institutodeengenharia.org.br\/site\/wp-content\/uploads\/2021\/08\/MicrosoftTeams-image-13-356x220.jpg\"  width=\"356\" height=\"220\" \/><\/a><\/div>\r\n            <div class=\"td-module-meta-info\">\r\n                <h3 class=\"entry-title td-module-title\"><a href=\"https:\/\/www.institutodeengenharia.org.br\/site\/2021\/09\/23\/cuidados-na-producao-de-dormentes-monoblocos-de-concreto-protendido\/\"  rel=\"bookmark\" title=\"Cuidados na produ\u00e7\u00e3o de dormentes monoblocos de concreto protendido\">Cuidados na produ\u00e7\u00e3o de dormentes monoblocos de concreto protendido<\/a><\/h3>                <div class=\"td-editor-date\">\r\n                                        <span class=\"td-author-date\">\r\n                                                <span class=\"td-post-date\"><time class=\"entry-date updated td-module-date\" datetime=\"2021-09-23T14:10:11-03:00\" >23\/09\/2021<\/time><\/span>                    <\/span>\r\n                <\/div>\r\n            <\/div>\r\n\r\n        <\/div>\r\n\r\n        \n\t<\/div> <!-- .\/td-block-span4 -->\n\n\t<div class=\"td-block-span4\">\n\r\n        <div class=\"td_module_mx1 td_module_wrap td-animation-stack\">\r\n            <div class=\"td-module-thumb\"><a href=\"https:\/\/www.institutodeengenharia.org.br\/site\/2021\/09\/22\/automacao-predial-com-knx-caso-de-sucesso\/\"  rel=\"bookmark\" class=\"td-image-wrap \" title=\"Automa\u00e7\u00e3o predial com KNX \u2013 Caso de sucesso\" ><img loading=\"lazy\" decoding=\"async\" class=\"entry-thumb\" src=\"data:image\/png;base64,iVBORw0KGgoAAAANSUhEUgAAAWQAAADcAQMAAAB9O0nPAAAAA1BMVEWurq51dlI4AAAAAXRSTlMmkutdmwAAACBJREFUaN7twTEBAAAAwiD7p7bDbmAAAAAAAAAAAABAdieIAAGQh2mWAAAAAElFTkSuQmCC\" alt=\"\" title=\"Automa\u00e7\u00e3o predial com KNX \u2013 Caso de sucesso\" data-type=\"image_tag\" data-img-url=\"https:\/\/www.institutodeengenharia.org.br\/site\/wp-content\/uploads\/2021\/09\/MicrosoftTeams-image-16-356x220.jpg\"  width=\"356\" height=\"220\" \/><\/a><\/div>\r\n            <div class=\"td-module-meta-info\">\r\n                <h3 class=\"entry-title td-module-title\"><a href=\"https:\/\/www.institutodeengenharia.org.br\/site\/2021\/09\/22\/automacao-predial-com-knx-caso-de-sucesso\/\"  rel=\"bookmark\" title=\"Automa\u00e7\u00e3o predial com KNX \u2013 Caso de sucesso\">Automa\u00e7\u00e3o predial com KNX \u2013 Caso de sucesso<\/a><\/h3>                <div class=\"td-editor-date\">\r\n                                        <span class=\"td-author-date\">\r\n                                                <span class=\"td-post-date\"><time class=\"entry-date updated td-module-date\" datetime=\"2021-09-22T14:03:46-03:00\" >22\/09\/2021<\/time><\/span>                    <\/span>\r\n                <\/div>\r\n            <\/div>\r\n\r\n        <\/div>\r\n\r\n        \n\t<\/div> <!-- .\/td-block-span4 -->\n\n\t<div class=\"td-block-span4\">\n\r\n        <div class=\"td_module_mx1 td_module_wrap td-animation-stack\">\r\n            <div class=\"td-module-thumb\"><a href=\"https:\/\/www.institutodeengenharia.org.br\/site\/2021\/09\/13\/ie-talks-panorama-geral-da-gestao-de-carga-aerea-do-brasil\/\"  rel=\"bookmark\" class=\"td-image-wrap \" title=\"IE Talks: &#8211; Panorama Geral da Gest\u00e3o de Carga A\u00e9rea do Brasil\" ><img loading=\"lazy\" decoding=\"async\" class=\"entry-thumb\" src=\"data:image\/png;base64,iVBORw0KGgoAAAANSUhEUgAAAWQAAADcAQMAAAB9O0nPAAAAA1BMVEWurq51dlI4AAAAAXRSTlMmkutdmwAAACBJREFUaN7twTEBAAAAwiD7p7bDbmAAAAAAAAAAAABAdieIAAGQh2mWAAAAAElFTkSuQmCC\" alt=\"\" title=\"IE Talks: &#8211; Panorama Geral da Gest\u00e3o de Carga A\u00e9rea do Brasil\" data-type=\"image_tag\" data-img-url=\"https:\/\/www.institutodeengenharia.org.br\/site\/wp-content\/uploads\/2021\/08\/qatar-airways-3478969_1920-356x220.jpg\"  width=\"356\" height=\"220\" \/><\/a><\/div>\r\n            <div class=\"td-module-meta-info\">\r\n                <h3 class=\"entry-title td-module-title\"><a href=\"https:\/\/www.institutodeengenharia.org.br\/site\/2021\/09\/13\/ie-talks-panorama-geral-da-gestao-de-carga-aerea-do-brasil\/\"  rel=\"bookmark\" title=\"IE Talks: &#8211; Panorama Geral da Gest\u00e3o de Carga A\u00e9rea do Brasil\">IE Talks: &#8211; Panorama Geral da Gest\u00e3o de Carga A\u00e9rea do Brasil<\/a><\/h3>                <div class=\"td-editor-date\">\r\n                                        <span class=\"td-author-date\">\r\n                                                <span class=\"td-post-date\"><time class=\"entry-date updated td-module-date\" datetime=\"2021-09-13T10:30:53-03:00\" >13\/09\/2021<\/time><\/span>                    <\/span>\r\n                <\/div>\r\n            <\/div>\r\n\r\n        <\/div>\r\n\r\n        \n\t<\/div> <!-- .\/td-block-span4 --><\/div><!--.\/row-fluid-->\n\n\t<div class=\"td-block-row\">\n\n\t<div class=\"td-block-span4\">\n\r\n        <div class=\"td_module_mx1 td_module_wrap td-animation-stack\">\r\n            <div class=\"td-module-thumb\"><a href=\"https:\/\/www.institutodeengenharia.org.br\/site\/2021\/09\/10\/13o-edicao-do-concurso-ousadia\/\"  rel=\"bookmark\" class=\"td-image-wrap \" title=\"13\u00ba Edi\u00e7\u00e3o do Concurso Ousadia\" ><img loading=\"lazy\" decoding=\"async\" class=\"entry-thumb\" src=\"data:image\/png;base64,iVBORw0KGgoAAAANSUhEUgAAAWQAAADcAQMAAAB9O0nPAAAAA1BMVEWurq51dlI4AAAAAXRSTlMmkutdmwAAACBJREFUaN7twTEBAAAAwiD7p7bDbmAAAAAAAAAAAABAdieIAAGQh2mWAAAAAElFTkSuQmCC\" alt=\"\" title=\"13\u00ba Edi\u00e7\u00e3o do Concurso Ousadia\" data-type=\"image_tag\" data-img-url=\"https:\/\/www.institutodeengenharia.org.br\/site\/wp-content\/uploads\/2021\/08\/Projeto-Ousadia-2020-ECON-356x220.jpeg\"  width=\"356\" height=\"220\" \/><\/a><\/div>\r\n            <div class=\"td-module-meta-info\">\r\n                <h3 class=\"entry-title td-module-title\"><a href=\"https:\/\/www.institutodeengenharia.org.br\/site\/2021\/09\/10\/13o-edicao-do-concurso-ousadia\/\"  rel=\"bookmark\" title=\"13\u00ba Edi\u00e7\u00e3o do Concurso Ousadia\">13\u00ba Edi\u00e7\u00e3o do Concurso Ousadia<\/a><\/h3>                <div class=\"td-editor-date\">\r\n                                        <span class=\"td-author-date\">\r\n                                                <span class=\"td-post-date\"><time class=\"entry-date updated td-module-date\" datetime=\"2021-09-10T10:43:56-03:00\" >10\/09\/2021<\/time><\/span>                    <\/span>\r\n                <\/div>\r\n            <\/div>\r\n\r\n        <\/div>\r\n\r\n        \n\t<\/div> <!-- .\/td-block-span4 -->\n\n\t<div class=\"td-block-span4\">\n\r\n        <div class=\"td_module_mx1 td_module_wrap td-animation-stack\">\r\n            <div class=\"td-module-thumb\"><a href=\"https:\/\/www.institutodeengenharia.org.br\/site\/2021\/09\/03\/amazonia-e-bioeconomia\/\"  rel=\"bookmark\" class=\"td-image-wrap \" title=\"Amaz\u00f4nia e Bioeconomia\" ><img loading=\"lazy\" decoding=\"async\" class=\"entry-thumb\" src=\"data:image\/png;base64,iVBORw0KGgoAAAANSUhEUgAAAWQAAADcAQMAAAB9O0nPAAAAA1BMVEWurq51dlI4AAAAAXRSTlMmkutdmwAAACBJREFUaN7twTEBAAAAwiD7p7bDbmAAAAAAAAAAAABAdieIAAGQh2mWAAAAAElFTkSuQmCC\" alt=\"\" title=\"Amaz\u00f4nia e Bioeconomia\" data-type=\"image_tag\" data-img-url=\"https:\/\/www.institutodeengenharia.org.br\/site\/wp-content\/uploads\/2021\/09\/amazoniaebioeconomia-356x220.webp\"  width=\"356\" height=\"220\" \/><\/a><\/div>\r\n            <div class=\"td-module-meta-info\">\r\n                <h3 class=\"entry-title td-module-title\"><a href=\"https:\/\/www.institutodeengenharia.org.br\/site\/2021\/09\/03\/amazonia-e-bioeconomia\/\"  rel=\"bookmark\" title=\"Amaz\u00f4nia e Bioeconomia\">Amaz\u00f4nia e Bioeconomia<\/a><\/h3>                <div class=\"td-editor-date\">\r\n                                        <span class=\"td-author-date\">\r\n                                                <span class=\"td-post-date\"><time class=\"entry-date updated td-module-date\" datetime=\"2021-09-03T15:18:03-03:00\" >03\/09\/2021<\/time><\/span>                    <\/span>\r\n                <\/div>\r\n            <\/div>\r\n\r\n        <\/div>\r\n\r\n        \n\t<\/div> <!-- .\/td-block-span4 -->\n\n\t<div class=\"td-block-span4\">\n\r\n        <div class=\"td_module_mx1 td_module_wrap td-animation-stack\">\r\n            <div class=\"td-module-thumb\"><a href=\"https:\/\/www.institutodeengenharia.org.br\/site\/2021\/09\/02\/a-crise-energetica-no-brasil\/\"  rel=\"bookmark\" class=\"td-image-wrap \" title=\"A Crise Energ\u00e9tica no Brasil\" ><img loading=\"lazy\" decoding=\"async\" class=\"entry-thumb\" src=\"data:image\/png;base64,iVBORw0KGgoAAAANSUhEUgAAAWQAAADcAQMAAAB9O0nPAAAAA1BMVEWurq51dlI4AAAAAXRSTlMmkutdmwAAACBJREFUaN7twTEBAAAAwiD7p7bDbmAAAAAAAAAAAABAdieIAAGQh2mWAAAAAElFTkSuQmCC\" alt=\"\" title=\"A Crise Energ\u00e9tica no Brasil\" data-type=\"image_tag\" data-img-url=\"https:\/\/www.institutodeengenharia.org.br\/site\/wp-content\/uploads\/2021\/08\/hidreletrica-1-356x220.webp\"  width=\"356\" height=\"220\" \/><\/a><\/div>\r\n            <div class=\"td-module-meta-info\">\r\n                <h3 class=\"entry-title td-module-title\"><a href=\"https:\/\/www.institutodeengenharia.org.br\/site\/2021\/09\/02\/a-crise-energetica-no-brasil\/\"  rel=\"bookmark\" title=\"A Crise Energ\u00e9tica no Brasil\">A Crise Energ\u00e9tica no Brasil<\/a><\/h3>                <div class=\"td-editor-date\">\r\n                                        <span class=\"td-author-date\">\r\n                                                <span class=\"td-post-date\"><time class=\"entry-date updated td-module-date\" datetime=\"2021-09-02T10:46:45-03:00\" >02\/09\/2021<\/time><\/span>                    <\/span>\r\n                <\/div>\r\n            <\/div>\r\n\r\n        <\/div>\r\n\r\n        \n\t<\/div> <!-- .\/td-block-span4 --><\/div><!--.\/row-fluid-->\n\n\t<div class=\"td-block-row\">\n\n\t<div class=\"td-block-span4\">\n\r\n        <div class=\"td_module_mx1 td_module_wrap td-animation-stack\">\r\n            <div class=\"td-module-thumb\"><a href=\"https:\/\/www.institutodeengenharia.org.br\/site\/2021\/08\/27\/cenario-de-abastecimento-eletroenergetico-crise-hidrica\/\"  rel=\"bookmark\" class=\"td-image-wrap \" title=\"Cen\u00e1rio de abastecimento eletroenerg\u00e9tico \u2013 crise h\u00eddrica\" ><img loading=\"lazy\" decoding=\"async\" class=\"entry-thumb\" src=\"data:image\/png;base64,iVBORw0KGgoAAAANSUhEUgAAAWQAAADcAQMAAAB9O0nPAAAAA1BMVEWurq51dlI4AAAAAXRSTlMmkutdmwAAACBJREFUaN7twTEBAAAAwiD7p7bDbmAAAAAAAAAAAABAdieIAAGQh2mWAAAAAElFTkSuQmCC\" alt=\"\" title=\"Cen\u00e1rio de abastecimento eletroenerg\u00e9tico \u2013 crise h\u00eddrica\" data-type=\"image_tag\" data-img-url=\"https:\/\/www.institutodeengenharia.org.br\/site\/wp-content\/uploads\/2021\/08\/lavant-2976738_1920-356x220.jpg\"  width=\"356\" height=\"220\" \/><span class=\"td-video-play-ico\"><i class=\"td-icon-video-thumb-play\"><\/i><\/span><\/a><\/div>\r\n            <div class=\"td-module-meta-info\">\r\n                <h3 class=\"entry-title td-module-title\"><a href=\"https:\/\/www.institutodeengenharia.org.br\/site\/2021\/08\/27\/cenario-de-abastecimento-eletroenergetico-crise-hidrica\/\"  rel=\"bookmark\" title=\"Cen\u00e1rio de abastecimento eletroenerg\u00e9tico \u2013 crise h\u00eddrica\">Cen\u00e1rio de abastecimento eletroenerg\u00e9tico \u2013 crise h\u00eddrica<\/a><\/h3>                <div class=\"td-editor-date\">\r\n                                        <span class=\"td-author-date\">\r\n                                                <span class=\"td-post-date\"><time class=\"entry-date updated td-module-date\" datetime=\"2021-08-27T10:41:08-03:00\" >27\/08\/2021<\/time><\/span>                    <\/span>\r\n                <\/div>\r\n            <\/div>\r\n\r\n        <\/div>\r\n\r\n        \n\t<\/div> <!-- .\/td-block-span4 -->\n\n\t<div class=\"td-block-span4\">\n\r\n        <div class=\"td_module_mx1 td_module_wrap td-animation-stack\">\r\n            <div class=\"td-module-thumb\"><a href=\"https:\/\/www.institutodeengenharia.org.br\/site\/2021\/08\/26\/inovacoes-construtivas-e-tecnologicas-para-habitacoes-de-interesse-social\/\"  rel=\"bookmark\" class=\"td-image-wrap \" title=\"Inova\u00e7\u00f5es construtivas e tecnol\u00f3gicas para habita\u00e7\u00f5es de interesse social\" ><img loading=\"lazy\" decoding=\"async\" class=\"entry-thumb\" src=\"data:image\/png;base64,iVBORw0KGgoAAAANSUhEUgAAAWQAAADcAQMAAAB9O0nPAAAAA1BMVEWurq51dlI4AAAAAXRSTlMmkutdmwAAACBJREFUaN7twTEBAAAAwiD7p7bDbmAAAAAAAAAAAABAdieIAAGQh2mWAAAAAElFTkSuQmCC\" alt=\"\" title=\"Inova\u00e7\u00f5es construtivas e tecnol\u00f3gicas para habita\u00e7\u00f5es de interesse social\" data-type=\"image_tag\" data-img-url=\"https:\/\/www.institutodeengenharia.org.br\/site\/wp-content\/uploads\/2021\/08\/tolu-olubode-PlBsJ5MybGc-unsplash-356x220.jpg\"  width=\"356\" height=\"220\" \/><\/a><\/div>\r\n            <div class=\"td-module-meta-info\">\r\n                <h3 class=\"entry-title td-module-title\"><a href=\"https:\/\/www.institutodeengenharia.org.br\/site\/2021\/08\/26\/inovacoes-construtivas-e-tecnologicas-para-habitacoes-de-interesse-social\/\"  rel=\"bookmark\" title=\"Inova\u00e7\u00f5es construtivas e tecnol\u00f3gicas para habita\u00e7\u00f5es de interesse social\">Inova\u00e7\u00f5es construtivas e tecnol\u00f3gicas para habita\u00e7\u00f5es de interesse social<\/a><\/h3>                <div class=\"td-editor-date\">\r\n                                        <span class=\"td-author-date\">\r\n                                                <span class=\"td-post-date\"><time class=\"entry-date updated td-module-date\" datetime=\"2021-08-26T10:36:03-03:00\" >26\/08\/2021<\/time><\/span>                    <\/span>\r\n                <\/div>\r\n            <\/div>\r\n\r\n        <\/div>\r\n\r\n        \n\t<\/div> <!-- .\/td-block-span4 -->\n\n\t<div class=\"td-block-span4\">\n\r\n        <div class=\"td_module_mx1 td_module_wrap td-animation-stack\">\r\n            <div class=\"td-module-thumb\"><a href=\"https:\/\/www.institutodeengenharia.org.br\/site\/2021\/08\/25\/interface-entre-as-nr01-nr09-e-nr15\/\"  rel=\"bookmark\" class=\"td-image-wrap \" title=\"INTERFACE entre as NR01 \u2013 NR09 e NR15\" ><img loading=\"lazy\" decoding=\"async\" class=\"entry-thumb\" src=\"data:image\/png;base64,iVBORw0KGgoAAAANSUhEUgAAAWQAAADcAQMAAAB9O0nPAAAAA1BMVEWurq51dlI4AAAAAXRSTlMmkutdmwAAACBJREFUaN7twTEBAAAAwiD7p7bDbmAAAAAAAAAAAABAdieIAAGQh2mWAAAAAElFTkSuQmCC\" alt=\"\" title=\"INTERFACE entre as NR01 \u2013 NR09 e NR15\" data-type=\"image_tag\" data-img-url=\"https:\/\/www.institutodeengenharia.org.br\/site\/wp-content\/uploads\/2021\/08\/normas-regulamentadoras-356x220.jpg\"  width=\"356\" height=\"220\" \/><\/a><\/div>\r\n            <div class=\"td-module-meta-info\">\r\n                <h3 class=\"entry-title td-module-title\"><a href=\"https:\/\/www.institutodeengenharia.org.br\/site\/2021\/08\/25\/interface-entre-as-nr01-nr09-e-nr15\/\"  rel=\"bookmark\" title=\"INTERFACE entre as NR01 \u2013 NR09 e NR15\">INTERFACE entre as NR01 \u2013 NR09 e NR15<\/a><\/h3>                <div class=\"td-editor-date\">\r\n                                        <span class=\"td-author-date\">\r\n                                                <span class=\"td-post-date\"><time class=\"entry-date updated td-module-date\" datetime=\"2021-08-25T10:29:33-03:00\" >25\/08\/2021<\/time><\/span>                    <\/span>\r\n                <\/div>\r\n            <\/div>\r\n\r\n        <\/div>\r\n\r\n        \n\t<\/div> <!-- .\/td-block-span4 --><\/div><!--.\/row-fluid-->\n\n\t<div class=\"td-block-row\">\n\n\t<div class=\"td-block-span4\">\n\r\n        <div class=\"td_module_mx1 td_module_wrap td-animation-stack\">\r\n            <div class=\"td-module-thumb\"><a href=\"https:\/\/www.institutodeengenharia.org.br\/site\/2021\/08\/24\/licitacoes-de-obras-publicas-na-pratica\/\"  rel=\"bookmark\" class=\"td-image-wrap \" title=\"Licita\u00e7\u00f5es de obras p\u00fablicas na pr\u00e1tica\" ><img loading=\"lazy\" decoding=\"async\" class=\"entry-thumb\" src=\"data:image\/png;base64,iVBORw0KGgoAAAANSUhEUgAAAWQAAADcAQMAAAB9O0nPAAAAA1BMVEWurq51dlI4AAAAAXRSTlMmkutdmwAAACBJREFUaN7twTEBAAAAwiD7p7bDbmAAAAAAAAAAAABAdieIAAGQh2mWAAAAAElFTkSuQmCC\" alt=\"\" title=\"Licita\u00e7\u00f5es de obras p\u00fablicas na pr\u00e1tica\" data-type=\"image_tag\" data-img-url=\"https:\/\/www.institutodeengenharia.org.br\/site\/wp-content\/uploads\/2021\/07\/hammer-719061_1920-356x220.jpg\"  width=\"356\" height=\"220\" \/><\/a><\/div>\r\n            <div class=\"td-module-meta-info\">\r\n                <h3 class=\"entry-title td-module-title\"><a href=\"https:\/\/www.institutodeengenharia.org.br\/site\/2021\/08\/24\/licitacoes-de-obras-publicas-na-pratica\/\"  rel=\"bookmark\" title=\"Licita\u00e7\u00f5es de obras p\u00fablicas na pr\u00e1tica\">Licita\u00e7\u00f5es de obras p\u00fablicas na pr\u00e1tica<\/a><\/h3>                <div class=\"td-editor-date\">\r\n                                        <span class=\"td-author-date\">\r\n                                                <span class=\"td-post-date\"><time class=\"entry-date updated td-module-date\" datetime=\"2021-08-24T10:20:03-03:00\" >24\/08\/2021<\/time><\/span>                    <\/span>\r\n                <\/div>\r\n            <\/div>\r\n\r\n        <\/div>\r\n\r\n        \n\t<\/div> <!-- .\/td-block-span4 -->\n\n\t<div class=\"td-block-span4\">\n\r\n        <div class=\"td_module_mx1 td_module_wrap td-animation-stack\">\r\n            <div class=\"td-module-thumb\"><a href=\"https:\/\/www.institutodeengenharia.org.br\/site\/2021\/08\/19\/recuperacao-de-pch-com-problemas-de-junta-falha-implantacao-topografica-e-curva-chave\/\"  rel=\"bookmark\" class=\"td-image-wrap \" title=\"Recupera\u00e7\u00e3o de PCH com problemas de junta falha, implanta\u00e7\u00e3o topogr\u00e1fica e curva chave\" ><img loading=\"lazy\" decoding=\"async\" class=\"entry-thumb\" src=\"data:image\/png;base64,iVBORw0KGgoAAAANSUhEUgAAAWQAAADcAQMAAAB9O0nPAAAAA1BMVEWurq51dlI4AAAAAXRSTlMmkutdmwAAACBJREFUaN7twTEBAAAAwiD7p7bDbmAAAAAAAAAAAABAdieIAAGQh2mWAAAAAElFTkSuQmCC\" alt=\"\" title=\"Recupera\u00e7\u00e3o de PCH com problemas de junta falha, implanta\u00e7\u00e3o topogr\u00e1fica e curva chave\" data-type=\"image_tag\" data-img-url=\"https:\/\/www.institutodeengenharia.org.br\/site\/wp-content\/uploads\/2021\/07\/MicrosoftTeams-image-11-1-321x220.jpg\"  width=\"321\" height=\"220\" \/><\/a><\/div>\r\n            <div class=\"td-module-meta-info\">\r\n                <h3 class=\"entry-title td-module-title\"><a href=\"https:\/\/www.institutodeengenharia.org.br\/site\/2021\/08\/19\/recuperacao-de-pch-com-problemas-de-junta-falha-implantacao-topografica-e-curva-chave\/\"  rel=\"bookmark\" title=\"Recupera\u00e7\u00e3o de PCH com problemas de junta falha, implanta\u00e7\u00e3o topogr\u00e1fica e curva chave\">Recupera\u00e7\u00e3o de PCH com problemas de junta falha, implanta\u00e7\u00e3o topogr\u00e1fica e curva chave<\/a><\/h3>                <div class=\"td-editor-date\">\r\n                                        <span class=\"td-author-date\">\r\n                                                <span class=\"td-post-date\"><time class=\"entry-date updated td-module-date\" datetime=\"2021-08-19T11:55:27-03:00\" >19\/08\/2021<\/time><\/span>                    <\/span>\r\n                <\/div>\r\n            <\/div>\r\n\r\n        <\/div>\r\n\r\n        \n\t<\/div> <!-- .\/td-block-span4 -->\n\n\t<div class=\"td-block-span4\">\n\r\n        <div class=\"td_module_mx1 td_module_wrap td-animation-stack\">\r\n            <div class=\"td-module-thumb\"><a href=\"https:\/\/www.institutodeengenharia.org.br\/site\/2021\/08\/18\/lancamento-dos-novos-cadernos-de-drenagem-da-cidade-de-sao-paulo\/\"  rel=\"bookmark\" class=\"td-image-wrap \" title=\"Lan\u00e7amento dos Novos Cadernos de Drenagem da Cidade de S\u00e3o Paulo\" ><img loading=\"lazy\" decoding=\"async\" class=\"entry-thumb\" src=\"data:image\/png;base64,iVBORw0KGgoAAAANSUhEUgAAAWQAAADcAQMAAAB9O0nPAAAAA1BMVEWurq51dlI4AAAAAXRSTlMmkutdmwAAACBJREFUaN7twTEBAAAAwiD7p7bDbmAAAAAAAAAAAABAdieIAAGQh2mWAAAAAElFTkSuQmCC\" alt=\"\" title=\"Lan\u00e7amento dos Novos Cadernos de Drenagem da Cidade de S\u00e3o Paulo\" data-type=\"image_tag\" data-img-url=\"https:\/\/www.institutodeengenharia.org.br\/site\/wp-content\/uploads\/2021\/07\/WhatsApp-Image-2021-07-21-at-14.40.05-1.webp\"  width=\"281\" height=\"220\" \/><\/a><\/div>\r\n            <div class=\"td-module-meta-info\">\r\n                <h3 class=\"entry-title td-module-title\"><a href=\"https:\/\/www.institutodeengenharia.org.br\/site\/2021\/08\/18\/lancamento-dos-novos-cadernos-de-drenagem-da-cidade-de-sao-paulo\/\"  rel=\"bookmark\" title=\"Lan\u00e7amento dos Novos Cadernos de Drenagem da Cidade de S\u00e3o Paulo\">Lan\u00e7amento dos Novos Cadernos de Drenagem da Cidade de S\u00e3o Paulo<\/a><\/h3>                <div class=\"td-editor-date\">\r\n                                        <span class=\"td-author-date\">\r\n                                                <span class=\"td-post-date\"><time class=\"entry-date updated td-module-date\" datetime=\"2021-08-18T13:50:30-03:00\" >18\/08\/2021<\/time><\/span>                    <\/span>\r\n                <\/div>\r\n            <\/div>\r\n\r\n        <\/div>\r\n\r\n        \n\t<\/div> <!-- .\/td-block-span4 --><\/div><!--.\/row-fluid-->\n\n\t<div class=\"td-block-row\">\n\n\t<div class=\"td-block-span4\">\n\r\n        <div class=\"td_module_mx1 td_module_wrap td-animation-stack\">\r\n            <div class=\"td-module-thumb\"><a href=\"https:\/\/www.institutodeengenharia.org.br\/site\/2021\/08\/18\/nocoes-basicas-de-italiano\/\"  rel=\"bookmark\" class=\"td-image-wrap \" title=\"No\u00e7\u00f5es b\u00e1sicas de Italiano\" ><img loading=\"lazy\" decoding=\"async\" class=\"entry-thumb\" src=\"data:image\/png;base64,iVBORw0KGgoAAAANSUhEUgAAAWQAAADcAQMAAAB9O0nPAAAAA1BMVEWurq51dlI4AAAAAXRSTlMmkutdmwAAACBJREFUaN7twTEBAAAAwiD7p7bDbmAAAAAAAAAAAABAdieIAAGQh2mWAAAAAElFTkSuQmCC\" alt=\"\" title=\"No\u00e7\u00f5es b\u00e1sicas de Italiano\" data-type=\"image_tag\" data-img-url=\"https:\/\/www.institutodeengenharia.org.br\/site\/wp-content\/uploads\/2021\/07\/francesco-la-corte-CjdteZPDQ1w-unsplash-356x220.jpg\"  width=\"356\" height=\"220\" \/><\/a><\/div>\r\n            <div class=\"td-module-meta-info\">\r\n                <h3 class=\"entry-title td-module-title\"><a href=\"https:\/\/www.institutodeengenharia.org.br\/site\/2021\/08\/18\/nocoes-basicas-de-italiano\/\"  rel=\"bookmark\" title=\"No\u00e7\u00f5es b\u00e1sicas de Italiano\">No\u00e7\u00f5es b\u00e1sicas de Italiano<\/a><\/h3>                <div class=\"td-editor-date\">\r\n                                        <span class=\"td-author-date\">\r\n                                                <span class=\"td-post-date\"><time class=\"entry-date updated td-module-date\" datetime=\"2021-08-18T11:50:07-03:00\" >18\/08\/2021<\/time><\/span>                    <\/span>\r\n                <\/div>\r\n            <\/div>\r\n\r\n        <\/div>\r\n\r\n        \n\t<\/div> <!-- .\/td-block-span4 -->\n\n\t<div class=\"td-block-span4\">\n\r\n        <div class=\"td_module_mx1 td_module_wrap td-animation-stack\">\r\n            <div class=\"td-module-thumb\"><a href=\"https:\/\/www.institutodeengenharia.org.br\/site\/2021\/08\/16\/ie-talks-aplicacoes-de-macro-e-microssimulacao-na-mobilidade-urbana\/\"  rel=\"bookmark\" class=\"td-image-wrap \" title=\"IE Talks: Aplica\u00e7\u00f5es de Macro e Microssimula\u00e7\u00e3o na Mobilidade Urbana\" ><img loading=\"lazy\" decoding=\"async\" class=\"entry-thumb\" src=\"data:image\/png;base64,iVBORw0KGgoAAAANSUhEUgAAAWQAAADcAQMAAAB9O0nPAAAAA1BMVEWurq51dlI4AAAAAXRSTlMmkutdmwAAACBJREFUaN7twTEBAAAAwiD7p7bDbmAAAAAAAAAAAABAdieIAAGQh2mWAAAAAElFTkSuQmCC\" alt=\"\" title=\"IE Talks: Aplica\u00e7\u00f5es de Macro e Microssimula\u00e7\u00e3o na Mobilidade Urbana\" data-type=\"image_tag\" data-img-url=\"https:\/\/www.institutodeengenharia.org.br\/site\/wp-content\/uploads\/2021\/08\/traffic-3612474_1920-356x220.webp\"  width=\"356\" height=\"220\" \/><\/a><\/div>\r\n            <div class=\"td-module-meta-info\">\r\n                <h3 class=\"entry-title td-module-title\"><a href=\"https:\/\/www.institutodeengenharia.org.br\/site\/2021\/08\/16\/ie-talks-aplicacoes-de-macro-e-microssimulacao-na-mobilidade-urbana\/\"  rel=\"bookmark\" title=\"IE Talks: Aplica\u00e7\u00f5es de Macro e Microssimula\u00e7\u00e3o na Mobilidade Urbana\">IE Talks: Aplica\u00e7\u00f5es de Macro e Microssimula\u00e7\u00e3o na Mobilidade Urbana<\/a><\/h3>                <div class=\"td-editor-date\">\r\n                                        <span class=\"td-author-date\">\r\n                                                <span class=\"td-post-date\"><time class=\"entry-date updated td-module-date\" datetime=\"2021-08-16T11:10:31-03:00\" >16\/08\/2021<\/time><\/span>                    <\/span>\r\n                <\/div>\r\n            <\/div>\r\n\r\n        <\/div>\r\n\r\n        \n\t<\/div> <!-- .\/td-block-span4 -->\n\n\t<div class=\"td-block-span4\">\n\r\n        <div class=\"td_module_mx1 td_module_wrap td-animation-stack\">\r\n            <div class=\"td-module-thumb\"><a href=\"https:\/\/www.institutodeengenharia.org.br\/site\/2021\/08\/03\/cerimonia-de-descerramento-da-foto-em-homenagem-ao-ex-presidente-do-ie-eduardo-lafraia-2\/\"  rel=\"bookmark\" class=\"td-image-wrap \" title=\"Cerim\u00f4nia de descerramento da foto em homenagem ao ex-presidente do IE, Eduardo Lafraia\" ><img loading=\"lazy\" decoding=\"async\" class=\"entry-thumb\" src=\"data:image\/png;base64,iVBORw0KGgoAAAANSUhEUgAAAWQAAADcAQMAAAB9O0nPAAAAA1BMVEWurq51dlI4AAAAAXRSTlMmkutdmwAAACBJREFUaN7twTEBAAAAwiD7p7bDbmAAAAAAAAAAAABAdieIAAGQh2mWAAAAAElFTkSuQmCC\" alt=\"\" title=\"Cerim\u00f4nia de descerramento da foto em homenagem ao ex-presidente do IE, Eduardo Lafraia\" data-type=\"image_tag\" data-img-url=\"https:\/\/www.institutodeengenharia.org.br\/site\/wp-content\/uploads\/2021\/08\/descerramento-356x220.webp\"  width=\"356\" height=\"220\" \/><\/a><\/div>\r\n            <div class=\"td-module-meta-info\">\r\n                <h3 class=\"entry-title td-module-title\"><a href=\"https:\/\/www.institutodeengenharia.org.br\/site\/2021\/08\/03\/cerimonia-de-descerramento-da-foto-em-homenagem-ao-ex-presidente-do-ie-eduardo-lafraia-2\/\"  rel=\"bookmark\" title=\"Cerim\u00f4nia de descerramento da foto em homenagem ao ex-presidente do IE, Eduardo Lafraia\">Cerim\u00f4nia de descerramento da foto em homenagem ao ex-presidente do IE, Eduardo Lafraia<\/a><\/h3>                <div class=\"td-editor-date\">\r\n                                        <span class=\"td-author-date\">\r\n                                                <span class=\"td-post-date\"><time class=\"entry-date updated td-module-date\" datetime=\"2021-08-03T16:15:00-03:00\" >03\/08\/2021<\/time><\/span>                    <\/span>\r\n                <\/div>\r\n            <\/div>\r\n\r\n        <\/div>\r\n\r\n        \n\t<\/div> <!-- .\/td-block-span4 --><\/div><!--.\/row-fluid-->\n\n\t<div class=\"td-block-row\">\n\n\t<div class=\"td-block-span4\">\n\r\n        <div class=\"td_module_mx1 td_module_wrap td-animation-stack\">\r\n            <div class=\"td-module-thumb\"><a href=\"https:\/\/www.institutodeengenharia.org.br\/site\/2021\/08\/03\/vistoria-de-vizinhanca\/\"  rel=\"bookmark\" class=\"td-image-wrap \" title=\"Vistoria de Vizinhan\u00e7a\" ><img loading=\"lazy\" decoding=\"async\" class=\"entry-thumb\" src=\"data:image\/png;base64,iVBORw0KGgoAAAANSUhEUgAAAWQAAADcAQMAAAB9O0nPAAAAA1BMVEWurq51dlI4AAAAAXRSTlMmkutdmwAAACBJREFUaN7twTEBAAAAwiD7p7bDbmAAAAAAAAAAAABAdieIAAGQh2mWAAAAAElFTkSuQmCC\" alt=\"\" title=\"Vistoria de Vizinhan\u00e7a\" data-type=\"image_tag\" data-img-url=\"https:\/\/www.institutodeengenharia.org.br\/site\/wp-content\/uploads\/2021\/07\/palestravistoria-2.webp\"  width=\"356\" height=\"220\" \/><\/a><\/div>\r\n            <div class=\"td-module-meta-info\">\r\n                <h3 class=\"entry-title td-module-title\"><a href=\"https:\/\/www.institutodeengenharia.org.br\/site\/2021\/08\/03\/vistoria-de-vizinhanca\/\"  rel=\"bookmark\" title=\"Vistoria de Vizinhan\u00e7a\">Vistoria de Vizinhan\u00e7a<\/a><\/h3>                <div class=\"td-editor-date\">\r\n                                        <span class=\"td-author-date\">\r\n                                                <span class=\"td-post-date\"><time class=\"entry-date updated td-module-date\" datetime=\"2021-08-03T15:01:00-03:00\" >03\/08\/2021<\/time><\/span>                    <\/span>\r\n                <\/div>\r\n            <\/div>\r\n\r\n        <\/div>\r\n\r\n        \n\t<\/div> <!-- .\/td-block-span4 -->\n\n\t<div class=\"td-block-span4\">\n\r\n        <div class=\"td_module_mx1 td_module_wrap td-animation-stack\">\r\n            <div class=\"td-module-thumb\"><a href=\"https:\/\/www.institutodeengenharia.org.br\/site\/2021\/08\/02\/ie-talks-projeto-de-um-novo-acesso-para-barcarena-e-ilha-do-marajo\/\"  rel=\"bookmark\" class=\"td-image-wrap \" title=\"IE Talks: &#8211; Projeto de um novo acesso para Barcarena e Ilha do Maraj\u00f3\" ><img loading=\"lazy\" decoding=\"async\" class=\"entry-thumb\" src=\"data:image\/png;base64,iVBORw0KGgoAAAANSUhEUgAAAWQAAADcAQMAAAB9O0nPAAAAA1BMVEWurq51dlI4AAAAAXRSTlMmkutdmwAAACBJREFUaN7twTEBAAAAwiD7p7bDbmAAAAAAAAAAAABAdieIAAGQh2mWAAAAAElFTkSuQmCC\" alt=\"\" title=\"IE Talks: &#8211; Projeto de um novo acesso para Barcarena e Ilha do Maraj\u00f3\" data-type=\"image_tag\" data-img-url=\"https:\/\/www.institutodeengenharia.org.br\/site\/wp-content\/uploads\/2021\/07\/Imagem1-1.webp\"  width=\"356\" height=\"197\" \/><\/a><\/div>\r\n            <div class=\"td-module-meta-info\">\r\n                <h3 class=\"entry-title td-module-title\"><a href=\"https:\/\/www.institutodeengenharia.org.br\/site\/2021\/08\/02\/ie-talks-projeto-de-um-novo-acesso-para-barcarena-e-ilha-do-marajo\/\"  rel=\"bookmark\" title=\"IE Talks: &#8211; Projeto de um novo acesso para Barcarena e Ilha do Maraj\u00f3\">IE Talks: &#8211; Projeto de um novo acesso para Barcarena e Ilha do Maraj\u00f3<\/a><\/h3>                <div class=\"td-editor-date\">\r\n                                        <span class=\"td-author-date\">\r\n                                                <span class=\"td-post-date\"><time class=\"entry-date updated td-module-date\" datetime=\"2021-08-02T12:19:24-03:00\" >02\/08\/2021<\/time><\/span>                    <\/span>\r\n                <\/div>\r\n            <\/div>\r\n\r\n        <\/div>\r\n\r\n        \n\t<\/div> <!-- .\/td-block-span4 -->\n\n\t<div class=\"td-block-span4\">\n\r\n        <div class=\"td_module_mx1 td_module_wrap td-animation-stack\">\r\n            <div class=\"td-module-thumb\"><a href=\"https:\/\/www.institutodeengenharia.org.br\/site\/2021\/07\/29\/bim-no-calculo-estrutural\/\"  rel=\"bookmark\" class=\"td-image-wrap \" title=\"BIM no c\u00e1lculo estrutural\" ><img loading=\"lazy\" decoding=\"async\" class=\"entry-thumb\" src=\"data:image\/png;base64,iVBORw0KGgoAAAANSUhEUgAAAWQAAADcAQMAAAB9O0nPAAAAA1BMVEWurq51dlI4AAAAAXRSTlMmkutdmwAAACBJREFUaN7twTEBAAAAwiD7p7bDbmAAAAAAAAAAAABAdieIAAGQh2mWAAAAAElFTkSuQmCC\" alt=\"\" title=\"BIM no c\u00e1lculo estrutural\" data-type=\"image_tag\" data-img-url=\"https:\/\/www.institutodeengenharia.org.br\/site\/wp-content\/uploads\/2021\/07\/MicrosoftTeams-image-10-1.webp\"  width=\"356\" height=\"146\" \/><\/a><\/div>\r\n            <div class=\"td-module-meta-info\">\r\n                <h3 class=\"entry-title td-module-title\"><a href=\"https:\/\/www.institutodeengenharia.org.br\/site\/2021\/07\/29\/bim-no-calculo-estrutural\/\"  rel=\"bookmark\" title=\"BIM no c\u00e1lculo estrutural\">BIM no c\u00e1lculo estrutural<\/a><\/h3>                <div class=\"td-editor-date\">\r\n                                        <span class=\"td-author-date\">\r\n                                                <span class=\"td-post-date\"><time class=\"entry-date updated td-module-date\" datetime=\"2021-07-29T14:31:54-03:00\" >29\/07\/2021<\/time><\/span>                    <\/span>\r\n                <\/div>\r\n            <\/div>\r\n\r\n        <\/div>\r\n\r\n        \n\t<\/div> <!-- .\/td-block-span4 --><\/div><!--.\/row-fluid-->\n\n\t<div class=\"td-block-row\">\n\n\t<div class=\"td-block-span4\">\n\r\n        <div class=\"td_module_mx1 td_module_wrap td-animation-stack\">\r\n            <div class=\"td-module-thumb\"><a href=\"https:\/\/www.institutodeengenharia.org.br\/site\/2021\/07\/28\/a-revolucao-do-concreto-protendido\/\"  rel=\"bookmark\" class=\"td-image-wrap \" title=\"A revolu\u00e7\u00e3o do concreto protendido\" ><img loading=\"lazy\" decoding=\"async\" class=\"entry-thumb\" src=\"data:image\/png;base64,iVBORw0KGgoAAAANSUhEUgAAAWQAAADcAQMAAAB9O0nPAAAAA1BMVEWurq51dlI4AAAAAXRSTlMmkutdmwAAACBJREFUaN7twTEBAAAAwiD7p7bDbmAAAAAAAAAAAABAdieIAAGQh2mWAAAAAElFTkSuQmCC\" alt=\"\" title=\"A revolu\u00e7\u00e3o do concreto protendido\" data-type=\"image_tag\" data-img-url=\"https:\/\/www.institutodeengenharia.org.br\/site\/wp-content\/uploads\/2021\/07\/concreto-protendido-4-2.webp\"  width=\"356\" height=\"182\" \/><\/a><\/div>\r\n            <div class=\"td-module-meta-info\">\r\n                <h3 class=\"entry-title td-module-title\"><a href=\"https:\/\/www.institutodeengenharia.org.br\/site\/2021\/07\/28\/a-revolucao-do-concreto-protendido\/\"  rel=\"bookmark\" title=\"A revolu\u00e7\u00e3o do concreto protendido\">A revolu\u00e7\u00e3o do concreto protendido<\/a><\/h3>                <div class=\"td-editor-date\">\r\n                                        <span class=\"td-author-date\">\r\n                                                <span class=\"td-post-date\"><time class=\"entry-date updated td-module-date\" datetime=\"2021-07-28T14:26:29-03:00\" >28\/07\/2021<\/time><\/span>                    <\/span>\r\n                <\/div>\r\n            <\/div>\r\n\r\n        <\/div>\r\n\r\n        \n\t<\/div> <!-- .\/td-block-span4 -->\n\n\t<div class=\"td-block-span4\">\n\r\n        <div class=\"td_module_mx1 td_module_wrap td-animation-stack\">\r\n            <div class=\"td-module-thumb\"><a href=\"https:\/\/www.institutodeengenharia.org.br\/site\/2021\/07\/27\/parcelamento-do-solo-a-cidade-legal-e-a-cidade-real\/\"  rel=\"bookmark\" class=\"td-image-wrap \" title=\"Parcelamento do Solo \u2013 A cidade legal e a cidade real\" ><img loading=\"lazy\" decoding=\"async\" class=\"entry-thumb\" src=\"data:image\/png;base64,iVBORw0KGgoAAAANSUhEUgAAAWQAAADcAQMAAAB9O0nPAAAAA1BMVEWurq51dlI4AAAAAXRSTlMmkutdmwAAACBJREFUaN7twTEBAAAAwiD7p7bDbmAAAAAAAAAAAABAdieIAAGQh2mWAAAAAElFTkSuQmCC\" alt=\"\" title=\"Parcelamento do Solo \u2013 A cidade legal e a cidade real\" data-type=\"image_tag\" data-img-url=\"https:\/\/www.institutodeengenharia.org.br\/site\/wp-content\/uploads\/2021\/07\/MicrosoftTeams-image-7-1.webp\"  width=\"293\" height=\"220\" \/><\/a><\/div>\r\n            <div class=\"td-module-meta-info\">\r\n                <h3 class=\"entry-title td-module-title\"><a href=\"https:\/\/www.institutodeengenharia.org.br\/site\/2021\/07\/27\/parcelamento-do-solo-a-cidade-legal-e-a-cidade-real\/\"  rel=\"bookmark\" title=\"Parcelamento do Solo \u2013 A cidade legal e a cidade real\">Parcelamento do Solo \u2013 A cidade legal e a cidade real<\/a><\/h3>                <div class=\"td-editor-date\">\r\n                                        <span class=\"td-author-date\">\r\n                                                <span class=\"td-post-date\"><time class=\"entry-date updated td-module-date\" datetime=\"2021-07-27T10:24:56-03:00\" >27\/07\/2021<\/time><\/span>                    <\/span>\r\n                <\/div>\r\n            <\/div>\r\n\r\n        <\/div>\r\n\r\n        \n\t<\/div> <!-- .\/td-block-span4 -->\n\n\t<div class=\"td-block-span4\">\n\r\n        <div class=\"td_module_mx1 td_module_wrap td-animation-stack\">\r\n            <div class=\"td-module-thumb\"><a href=\"https:\/\/www.institutodeengenharia.org.br\/site\/2021\/07\/22\/uma-solucao-atual-para-torres-eolicas-pre-moldadas-e-protendidas\/\"  rel=\"bookmark\" class=\"td-image-wrap \" title=\"Uma solu\u00e7\u00e3o atual para torres e\u00f3licas pr\u00e9-moldadas e protendidas\" ><img loading=\"lazy\" decoding=\"async\" class=\"entry-thumb\" src=\"data:image\/png;base64,iVBORw0KGgoAAAANSUhEUgAAAWQAAADcAQMAAAB9O0nPAAAAA1BMVEWurq51dlI4AAAAAXRSTlMmkutdmwAAACBJREFUaN7twTEBAAAAwiD7p7bDbmAAAAAAAAAAAABAdieIAAGQh2mWAAAAAElFTkSuQmCC\" alt=\"\" title=\"Uma solu\u00e7\u00e3o atual para torres e\u00f3licas pr\u00e9-moldadas e protendidas\" data-type=\"image_tag\" data-img-url=\"https:\/\/www.institutodeengenharia.org.br\/site\/wp-content\/uploads\/2021\/07\/MicrosoftTeams-image-3-3.webp\"  width=\"356\" height=\"200\" \/><\/a><\/div>\r\n            <div class=\"td-module-meta-info\">\r\n                <h3 class=\"entry-title td-module-title\"><a href=\"https:\/\/www.institutodeengenharia.org.br\/site\/2021\/07\/22\/uma-solucao-atual-para-torres-eolicas-pre-moldadas-e-protendidas\/\"  rel=\"bookmark\" title=\"Uma solu\u00e7\u00e3o atual para torres e\u00f3licas pr\u00e9-moldadas e protendidas\">Uma solu\u00e7\u00e3o atual para torres e\u00f3licas pr\u00e9-moldadas e protendidas<\/a><\/h3>                <div class=\"td-editor-date\">\r\n                                        <span class=\"td-author-date\">\r\n                                                <span class=\"td-post-date\"><time class=\"entry-date updated td-module-date\" datetime=\"2021-07-22T14:02:49-03:00\" >22\/07\/2021<\/time><\/span>                    <\/span>\r\n                <\/div>\r\n            <\/div>\r\n\r\n        <\/div>\r\n\r\n        \n\t<\/div> <!-- .\/td-block-span4 --><\/div><!--.\/row-fluid-->\n\n\t<div class=\"td-block-row\">\n\n\t<div class=\"td-block-span4\">\n\r\n        <div class=\"td_module_mx1 td_module_wrap td-animation-stack\">\r\n            <div class=\"td-module-thumb\"><a href=\"https:\/\/www.institutodeengenharia.org.br\/site\/2021\/07\/21\/automacao-residencial\/\"  rel=\"bookmark\" class=\"td-image-wrap \" title=\"Automa\u00e7\u00e3o residencial\" ><img loading=\"lazy\" decoding=\"async\" class=\"entry-thumb\" src=\"data:image\/png;base64,iVBORw0KGgoAAAANSUhEUgAAAWQAAADcAQMAAAB9O0nPAAAAA1BMVEWurq51dlI4AAAAAXRSTlMmkutdmwAAACBJREFUaN7twTEBAAAAwiD7p7bDbmAAAAAAAAAAAABAdieIAAGQh2mWAAAAAElFTkSuQmCC\" alt=\"\" title=\"Automa\u00e7\u00e3o residencial\" data-type=\"image_tag\" data-img-url=\"https:\/\/www.institutodeengenharia.org.br\/site\/wp-content\/uploads\/2021\/05\/Automacao-residencial.webp\"  width=\"356\" height=\"151\" \/><\/a><\/div>\r\n            <div class=\"td-module-meta-info\">\r\n                <h3 class=\"entry-title td-module-title\"><a href=\"https:\/\/www.institutodeengenharia.org.br\/site\/2021\/07\/21\/automacao-residencial\/\"  rel=\"bookmark\" title=\"Automa\u00e7\u00e3o residencial\">Automa\u00e7\u00e3o residencial<\/a><\/h3>                <div class=\"td-editor-date\">\r\n                                        <span class=\"td-author-date\">\r\n                                                <span class=\"td-post-date\"><time class=\"entry-date updated td-module-date\" datetime=\"2021-07-21T10:44:53-03:00\" >21\/07\/2021<\/time><\/span>                    <\/span>\r\n                <\/div>\r\n            <\/div>\r\n\r\n        <\/div>\r\n\r\n        \n\t<\/div> <!-- .\/td-block-span4 -->\n\n\t<div class=\"td-block-span4\">\n\r\n        <div class=\"td_module_mx1 td_module_wrap td-animation-stack\">\r\n            <div class=\"td-module-thumb\"><a href=\"https:\/\/www.institutodeengenharia.org.br\/site\/2021\/07\/20\/elaboracao-de-laudos\/\"  rel=\"bookmark\" class=\"td-image-wrap \" title=\"Elabora\u00e7\u00e3o de laudos\" ><img loading=\"lazy\" decoding=\"async\" class=\"entry-thumb\" src=\"data:image\/png;base64,iVBORw0KGgoAAAANSUhEUgAAAWQAAADcAQMAAAB9O0nPAAAAA1BMVEWurq51dlI4AAAAAXRSTlMmkutdmwAAACBJREFUaN7twTEBAAAAwiD7p7bDbmAAAAAAAAAAAABAdieIAAGQh2mWAAAAAElFTkSuQmCC\" alt=\"\" title=\"Elabora\u00e7\u00e3o de laudos\" data-type=\"image_tag\" data-img-url=\"https:\/\/www.institutodeengenharia.org.br\/site\/wp-content\/uploads\/2021\/07\/entrepreneur-593378_1920-1-1024x683-1.webp\"  width=\"330\" height=\"220\" \/><span class=\"td-video-play-ico\"><i class=\"td-icon-video-thumb-play\"><\/i><\/span><\/a><\/div>\r\n            <div class=\"td-module-meta-info\">\r\n                <h3 class=\"entry-title td-module-title\"><a href=\"https:\/\/www.institutodeengenharia.org.br\/site\/2021\/07\/20\/elaboracao-de-laudos\/\"  rel=\"bookmark\" title=\"Elabora\u00e7\u00e3o de laudos\">Elabora\u00e7\u00e3o de laudos<\/a><\/h3>                <div class=\"td-editor-date\">\r\n                                        <span class=\"td-author-date\">\r\n                                                <span class=\"td-post-date\"><time class=\"entry-date updated td-module-date\" datetime=\"2021-07-20T10:34:34-03:00\" >20\/07\/2021<\/time><\/span>                    <\/span>\r\n                <\/div>\r\n            <\/div>\r\n\r\n        <\/div>\r\n\r\n        \n\t<\/div> <!-- .\/td-block-span4 -->\n\n\t<div class=\"td-block-span4\">\n\r\n        <div class=\"td_module_mx1 td_module_wrap td-animation-stack\">\r\n            <div class=\"td-module-thumb\"><a href=\"https:\/\/www.institutodeengenharia.org.br\/site\/2021\/07\/19\/ie-talks-shinkansen-o-tav-japones\/\"  rel=\"bookmark\" class=\"td-image-wrap \" title=\"IE Talks: &#8211; Shinkansen \u2013 O TAV japon\u00eas\" ><img loading=\"lazy\" decoding=\"async\" class=\"entry-thumb\" src=\"data:image\/png;base64,iVBORw0KGgoAAAANSUhEUgAAAWQAAADcAQMAAAB9O0nPAAAAA1BMVEWurq51dlI4AAAAAXRSTlMmkutdmwAAACBJREFUaN7twTEBAAAAwiD7p7bDbmAAAAAAAAAAAABAdieIAAGQh2mWAAAAAElFTkSuQmCC\" alt=\"\" title=\"IE Talks: &#8211; Shinkansen \u2013 O TAV japon\u00eas\" data-type=\"image_tag\" data-img-url=\"https:\/\/www.institutodeengenharia.org.br\/site\/wp-content\/uploads\/2021\/07\/WhatsApp-Image-2021-07-05-at-15.04.52-1-1.webp\"  width=\"356\" height=\"174\" \/><\/a><\/div>\r\n            <div class=\"td-module-meta-info\">\r\n                <h3 class=\"entry-title td-module-title\"><a href=\"https:\/\/www.institutodeengenharia.org.br\/site\/2021\/07\/19\/ie-talks-shinkansen-o-tav-japones\/\"  rel=\"bookmark\" title=\"IE Talks: &#8211; Shinkansen \u2013 O TAV japon\u00eas\">IE Talks: &#8211; Shinkansen \u2013 O TAV japon\u00eas<\/a><\/h3>                <div class=\"td-editor-date\">\r\n                                        <span class=\"td-author-date\">\r\n                                                <span class=\"td-post-date\"><time class=\"entry-date updated td-module-date\" datetime=\"2021-07-19T12:22:52-03:00\" >19\/07\/2021<\/time><\/span>                    <\/span>\r\n                <\/div>\r\n            <\/div>\r\n\r\n        <\/div>\r\n\r\n        \n\t<\/div> <!-- .\/td-block-span4 --><\/div><!--.\/row-fluid-->\n\n\t<div class=\"td-block-row\">\n\n\t<div class=\"td-block-span4\">\n\r\n        <div class=\"td_module_mx1 td_module_wrap td-animation-stack\">\r\n            <div class=\"td-module-thumb\"><a href=\"https:\/\/www.institutodeengenharia.org.br\/site\/2021\/07\/15\/projeto-estrutural-no-mundo-bim\/\"  rel=\"bookmark\" class=\"td-image-wrap \" title=\"Projeto Estrutural no mundo BIM\" ><img loading=\"lazy\" decoding=\"async\" class=\"entry-thumb\" src=\"data:image\/png;base64,iVBORw0KGgoAAAANSUhEUgAAAWQAAADcAQMAAAB9O0nPAAAAA1BMVEWurq51dlI4AAAAAXRSTlMmkutdmwAAACBJREFUaN7twTEBAAAAwiD7p7bDbmAAAAAAAAAAAABAdieIAAGQh2mWAAAAAElFTkSuQmCC\" alt=\"\" title=\"Projeto Estrutural no mundo BIM\" data-type=\"image_tag\" data-img-url=\"https:\/\/www.institutodeengenharia.org.br\/site\/wp-content\/uploads\/2021\/06\/evgeniy-surzhan-lVWozBOVY2M-unsplash-1.webp\"  width=\"356\" height=\"181\" \/><\/a><\/div>\r\n            <div class=\"td-module-meta-info\">\r\n                <h3 class=\"entry-title td-module-title\"><a href=\"https:\/\/www.institutodeengenharia.org.br\/site\/2021\/07\/15\/projeto-estrutural-no-mundo-bim\/\"  rel=\"bookmark\" title=\"Projeto Estrutural no mundo BIM\">Projeto Estrutural no mundo BIM<\/a><\/h3>                <div class=\"td-editor-date\">\r\n                                        <span class=\"td-author-date\">\r\n                                                <span class=\"td-post-date\"><time class=\"entry-date updated td-module-date\" datetime=\"2021-07-15T15:49:35-03:00\" >15\/07\/2021<\/time><\/span>                    <\/span>\r\n                <\/div>\r\n            <\/div>\r\n\r\n        <\/div>\r\n\r\n        \n\t<\/div> <!-- .\/td-block-span4 -->\n\n\t<div class=\"td-block-span4\">\n\r\n        <div class=\"td_module_mx1 td_module_wrap td-animation-stack\">\r\n            <div class=\"td-module-thumb\"><a href=\"https:\/\/www.institutodeengenharia.org.br\/site\/2021\/07\/14\/direito-para-engenheiros\/\"  rel=\"bookmark\" class=\"td-image-wrap \" title=\"Direito para Engenheiros\" ><img loading=\"lazy\" decoding=\"async\" class=\"entry-thumb\" src=\"data:image\/png;base64,iVBORw0KGgoAAAANSUhEUgAAAWQAAADcAQMAAAB9O0nPAAAAA1BMVEWurq51dlI4AAAAAXRSTlMmkutdmwAAACBJREFUaN7twTEBAAAAwiD7p7bDbmAAAAAAAAAAAABAdieIAAGQh2mWAAAAAElFTkSuQmCC\" alt=\"\" title=\"Direito para Engenheiros\" data-type=\"image_tag\" data-img-url=\"https:\/\/www.institutodeengenharia.org.br\/site\/wp-content\/uploads\/2021\/06\/planning-3536759_1920-1.webp\"  width=\"356\" height=\"197\" \/><\/a><\/div>\r\n            <div class=\"td-module-meta-info\">\r\n                <h3 class=\"entry-title td-module-title\"><a href=\"https:\/\/www.institutodeengenharia.org.br\/site\/2021\/07\/14\/direito-para-engenheiros\/\"  rel=\"bookmark\" title=\"Direito para Engenheiros\">Direito para Engenheiros<\/a><\/h3>                <div class=\"td-editor-date\">\r\n                                        <span class=\"td-author-date\">\r\n                                                <span class=\"td-post-date\"><time class=\"entry-date updated td-module-date\" datetime=\"2021-07-14T14:26:23-03:00\" >14\/07\/2021<\/time><\/span>                    <\/span>\r\n                <\/div>\r\n            <\/div>\r\n\r\n        <\/div>\r\n\r\n        \n\t<\/div> <!-- .\/td-block-span4 -->\n\n\t<div class=\"td-block-span4\">\n\r\n        <div class=\"td_module_mx1 td_module_wrap td-animation-stack\">\r\n            <div class=\"td-module-thumb\"><a href=\"https:\/\/www.institutodeengenharia.org.br\/site\/2021\/07\/08\/lancamento-do-plano-de-acao-de-transporte-e-logistica-para-a-macrometropole-paulista-pam-tl\/\"  rel=\"bookmark\" class=\"td-image-wrap \" title=\"Lan\u00e7amento do Plano de A\u00e7\u00e3o de Transporte e Log\u00edstica para a Macrometr\u00f3pole Paulista \u2013 PAM &#8211; TL\" ><img loading=\"lazy\" decoding=\"async\" class=\"entry-thumb\" src=\"data:image\/png;base64,iVBORw0KGgoAAAANSUhEUgAAAWQAAADcAQMAAAB9O0nPAAAAA1BMVEWurq51dlI4AAAAAXRSTlMmkutdmwAAACBJREFUaN7twTEBAAAAwiD7p7bDbmAAAAAAAAAAAABAdieIAAGQh2mWAAAAAElFTkSuQmCC\" alt=\"\" title=\"Lan\u00e7amento do Plano de A\u00e7\u00e3o de Transporte e Log\u00edstica para a Macrometr\u00f3pole Paulista \u2013 PAM &#8211; TL\" data-type=\"image_tag\" data-img-url=\"https:\/\/www.institutodeengenharia.org.br\/site\/wp-content\/uploads\/2021\/06\/MicrosoftTeams-image-17-1.webp\"  width=\"356\" height=\"88\" \/><\/a><\/div>\r\n            <div class=\"td-module-meta-info\">\r\n                <h3 class=\"entry-title td-module-title\"><a href=\"https:\/\/www.institutodeengenharia.org.br\/site\/2021\/07\/08\/lancamento-do-plano-de-acao-de-transporte-e-logistica-para-a-macrometropole-paulista-pam-tl\/\"  rel=\"bookmark\" title=\"Lan\u00e7amento do Plano de A\u00e7\u00e3o de Transporte e Log\u00edstica para a Macrometr\u00f3pole Paulista \u2013 PAM &#8211; TL\">Lan\u00e7amento do Plano de A\u00e7\u00e3o de Transporte e Log\u00edstica para a Macrometr\u00f3pole Paulista \u2013 PAM &#8211; TL<\/a><\/h3>                <div class=\"td-editor-date\">\r\n                                        <span class=\"td-author-date\">\r\n                                                <span class=\"td-post-date\"><time class=\"entry-date updated td-module-date\" datetime=\"2021-07-08T14:15:46-03:00\" >08\/07\/2021<\/time><\/span>                    <\/span>\r\n                <\/div>\r\n            <\/div>\r\n\r\n        <\/div>\r\n\r\n        \n\t<\/div> <!-- .\/td-block-span4 --><\/div><!--.\/row-fluid-->\n\n\t<div class=\"td-block-row\">\n\n\t<div class=\"td-block-span4\">\n\r\n        <div class=\"td_module_mx1 td_module_wrap td-animation-stack\">\r\n            <div class=\"td-module-thumb\"><a href=\"https:\/\/www.institutodeengenharia.org.br\/site\/2021\/07\/08\/como-lidar-com-a-autosabotagem-na-carreira\/\"  rel=\"bookmark\" class=\"td-image-wrap \" title=\"Como lidar com a autosabotagem na carreira\" ><img loading=\"lazy\" decoding=\"async\" class=\"entry-thumb\" src=\"data:image\/png;base64,iVBORw0KGgoAAAANSUhEUgAAAWQAAADcAQMAAAB9O0nPAAAAA1BMVEWurq51dlI4AAAAAXRSTlMmkutdmwAAACBJREFUaN7twTEBAAAAwiD7p7bDbmAAAAAAAAAAAABAdieIAAGQh2mWAAAAAElFTkSuQmCC\" alt=\"\" title=\"Como lidar com a autosabotagem na carreira\" data-type=\"image_tag\" data-img-url=\"https:\/\/www.institutodeengenharia.org.br\/site\/wp-content\/uploads\/2021\/07\/meeting.webp\"  width=\"314\" height=\"220\" \/><\/a><\/div>\r\n            <div class=\"td-module-meta-info\">\r\n                <h3 class=\"entry-title td-module-title\"><a href=\"https:\/\/www.institutodeengenharia.org.br\/site\/2021\/07\/08\/como-lidar-com-a-autosabotagem-na-carreira\/\"  rel=\"bookmark\" title=\"Como lidar com a autosabotagem na carreira\">Como lidar com a autosabotagem na carreira<\/a><\/h3>                <div class=\"td-editor-date\">\r\n                                        <span class=\"td-author-date\">\r\n                                                <span class=\"td-post-date\"><time class=\"entry-date updated td-module-date\" datetime=\"2021-07-08T12:33:14-03:00\" >08\/07\/2021<\/time><\/span>                    <\/span>\r\n                <\/div>\r\n            <\/div>\r\n\r\n        <\/div>\r\n\r\n        \n\t<\/div> <!-- .\/td-block-span4 -->\n\n\t<div class=\"td-block-span4\">\n\r\n        <div class=\"td_module_mx1 td_module_wrap td-animation-stack\">\r\n            <div class=\"td-module-thumb\"><a href=\"https:\/\/www.institutodeengenharia.org.br\/site\/2021\/07\/06\/reciclagem-de-residuos-de-construcao-civil\/\"  rel=\"bookmark\" class=\"td-image-wrap \" title=\"Reciclagem de res\u00edduos de constru\u00e7\u00e3o civil\" ><img loading=\"lazy\" decoding=\"async\" class=\"entry-thumb\" src=\"data:image\/png;base64,iVBORw0KGgoAAAANSUhEUgAAAWQAAADcAQMAAAB9O0nPAAAAA1BMVEWurq51dlI4AAAAAXRSTlMmkutdmwAAACBJREFUaN7twTEBAAAAwiD7p7bDbmAAAAAAAAAAAABAdieIAAGQh2mWAAAAAElFTkSuQmCC\" alt=\"\" title=\"Reciclagem de res\u00edduos de constru\u00e7\u00e3o civil\" data-type=\"image_tag\" data-img-url=\"https:\/\/www.institutodeengenharia.org.br\/site\/wp-content\/uploads\/2021\/06\/pawel-czerwinski-RkIsyD_AVvc-unsplash-1.webp\"  width=\"356\" height=\"204\" \/><\/a><\/div>\r\n            <div class=\"td-module-meta-info\">\r\n                <h3 class=\"entry-title td-module-title\"><a href=\"https:\/\/www.institutodeengenharia.org.br\/site\/2021\/07\/06\/reciclagem-de-residuos-de-construcao-civil\/\"  rel=\"bookmark\" title=\"Reciclagem de res\u00edduos de constru\u00e7\u00e3o civil\">Reciclagem de res\u00edduos de constru\u00e7\u00e3o civil<\/a><\/h3>                <div class=\"td-editor-date\">\r\n                                        <span class=\"td-author-date\">\r\n                                                <span class=\"td-post-date\"><time class=\"entry-date updated td-module-date\" datetime=\"2021-07-06T11:52:57-03:00\" >06\/07\/2021<\/time><\/span>                    <\/span>\r\n                <\/div>\r\n            <\/div>\r\n\r\n        <\/div>\r\n\r\n        \n\t<\/div> <!-- .\/td-block-span4 -->\n\n\t<div class=\"td-block-span4\">\n\r\n        <div class=\"td_module_mx1 td_module_wrap td-animation-stack\">\r\n            <div class=\"td-module-thumb\"><a href=\"https:\/\/www.institutodeengenharia.org.br\/site\/2021\/07\/05\/ie-talks-novas-tecnologias-e-processos-aplicados-aos-aeroportos-e-servicos-de-trafego-aereo\/\"  rel=\"bookmark\" class=\"td-image-wrap \" title=\"IE Talks: Novas Tecnologias e Processos Aplicados aos Aeroportos e Servi\u00e7os de Tr\u00e1fego A\u00e9reo\" ><img loading=\"lazy\" decoding=\"async\" class=\"entry-thumb\" src=\"data:image\/png;base64,iVBORw0KGgoAAAANSUhEUgAAAWQAAADcAQMAAAB9O0nPAAAAA1BMVEWurq51dlI4AAAAAXRSTlMmkutdmwAAACBJREFUaN7twTEBAAAAwiD7p7bDbmAAAAAAAAAAAABAdieIAAGQh2mWAAAAAElFTkSuQmCC\" alt=\"\" title=\"IE Talks: Novas Tecnologias e Processos Aplicados aos Aeroportos e Servi\u00e7os de Tr\u00e1fego A\u00e9reo\" data-type=\"image_tag\" data-img-url=\"https:\/\/www.institutodeengenharia.org.br\/site\/wp-content\/uploads\/2021\/06\/plane-513641_1920-1.webp\"  width=\"356\" height=\"203\" \/><\/a><\/div>\r\n            <div class=\"td-module-meta-info\">\r\n                <h3 class=\"entry-title td-module-title\"><a href=\"https:\/\/www.institutodeengenharia.org.br\/site\/2021\/07\/05\/ie-talks-novas-tecnologias-e-processos-aplicados-aos-aeroportos-e-servicos-de-trafego-aereo\/\"  rel=\"bookmark\" title=\"IE Talks: Novas Tecnologias e Processos Aplicados aos Aeroportos e Servi\u00e7os de Tr\u00e1fego A\u00e9reo\">IE Talks: Novas Tecnologias e Processos Aplicados aos Aeroportos e Servi\u00e7os de Tr\u00e1fego A\u00e9reo<\/a><\/h3>                <div class=\"td-editor-date\">\r\n                                        <span class=\"td-author-date\">\r\n                                                <span class=\"td-post-date\"><time class=\"entry-date updated td-module-date\" datetime=\"2021-07-05T13:54:53-03:00\" >05\/07\/2021<\/time><\/span>                    <\/span>\r\n                <\/div>\r\n            <\/div>\r\n\r\n        <\/div>\r\n\r\n        \n\t<\/div> <!-- .\/td-block-span4 --><\/div><!--.\/row-fluid-->\n\n\t<div class=\"td-block-row\">\n\n\t<div class=\"td-block-span4\">\n\r\n        <div class=\"td_module_mx1 td_module_wrap td-animation-stack\">\r\n            <div class=\"td-module-thumb\"><a href=\"https:\/\/www.institutodeengenharia.org.br\/site\/2021\/07\/05\/ie-talks-cenarios-complexos-com-fatores-concorrentes-um-documento-de-concepcao-aplicado-ao-caso-covid-19\/\"  rel=\"bookmark\" class=\"td-image-wrap \" title=\"IE Talks: &#8211; Cen\u00e1rios Complexos com Fatores Concorrentes &#8211; Um Documento de Concep\u00e7\u00e3o Aplicado ao Caso Covid-19\" ><img loading=\"lazy\" decoding=\"async\" class=\"entry-thumb\" src=\"data:image\/png;base64,iVBORw0KGgoAAAANSUhEUgAAAWQAAADcAQMAAAB9O0nPAAAAA1BMVEWurq51dlI4AAAAAXRSTlMmkutdmwAAACBJREFUaN7twTEBAAAAwiD7p7bDbmAAAAAAAAAAAABAdieIAAGQh2mWAAAAAElFTkSuQmCC\" alt=\"\" title=\"IE Talks: &#8211; Cen\u00e1rios Complexos com Fatores Concorrentes &#8211; Um Documento de Concep\u00e7\u00e3o Aplicado ao Caso Covid-19\" data-type=\"image_tag\" data-img-url=\"https:\/\/www.institutodeengenharia.org.br\/site\/wp-content\/uploads\/2021\/06\/virus-4937553_1920-1.webp\"  width=\"356\" height=\"154\" \/><\/a><\/div>\r\n            <div class=\"td-module-meta-info\">\r\n                <h3 class=\"entry-title td-module-title\"><a href=\"https:\/\/www.institutodeengenharia.org.br\/site\/2021\/07\/05\/ie-talks-cenarios-complexos-com-fatores-concorrentes-um-documento-de-concepcao-aplicado-ao-caso-covid-19\/\"  rel=\"bookmark\" title=\"IE Talks: &#8211; Cen\u00e1rios Complexos com Fatores Concorrentes &#8211; Um Documento de Concep\u00e7\u00e3o Aplicado ao Caso Covid-19\">IE Talks: &#8211; Cen\u00e1rios Complexos com Fatores Concorrentes &#8211; Um Documento de Concep\u00e7\u00e3o Aplicado ao Caso Covid-19<\/a><\/h3>                <div class=\"td-editor-date\">\r\n                                        <span class=\"td-author-date\">\r\n                                                <span class=\"td-post-date\"><time class=\"entry-date updated td-module-date\" datetime=\"2021-07-05T12:09:22-03:00\" >05\/07\/2021<\/time><\/span>                    <\/span>\r\n                <\/div>\r\n            <\/div>\r\n\r\n        <\/div>\r\n\r\n        \n\t<\/div> <!-- .\/td-block-span4 -->\n\n\t<div class=\"td-block-span4\">\n\r\n        <div class=\"td_module_mx1 td_module_wrap td-animation-stack\">\r\n            <div class=\"td-module-thumb\"><a href=\"https:\/\/www.institutodeengenharia.org.br\/site\/2021\/06\/24\/a-concepcao-estrutural-de-cascas\/\"  rel=\"bookmark\" class=\"td-image-wrap \" title=\"A concep\u00e7\u00e3o estrutural de cascas\" ><img loading=\"lazy\" decoding=\"async\" class=\"entry-thumb\" src=\"data:image\/png;base64,iVBORw0KGgoAAAANSUhEUgAAAWQAAADcAQMAAAB9O0nPAAAAA1BMVEWurq51dlI4AAAAAXRSTlMmkutdmwAAACBJREFUaN7twTEBAAAAwiD7p7bDbmAAAAAAAAAAAABAdieIAAGQh2mWAAAAAElFTkSuQmCC\" alt=\"\" title=\"A concep\u00e7\u00e3o estrutural de cascas\" data-type=\"image_tag\" data-img-url=\"https:\/\/www.institutodeengenharia.org.br\/site\/wp-content\/uploads\/2021\/06\/MicrosoftTeams-image-16-2.webp\"  width=\"342\" height=\"220\" \/><\/a><\/div>\r\n            <div class=\"td-module-meta-info\">\r\n                <h3 class=\"entry-title td-module-title\"><a href=\"https:\/\/www.institutodeengenharia.org.br\/site\/2021\/06\/24\/a-concepcao-estrutural-de-cascas\/\"  rel=\"bookmark\" title=\"A concep\u00e7\u00e3o estrutural de cascas\">A concep\u00e7\u00e3o estrutural de cascas<\/a><\/h3>                <div class=\"td-editor-date\">\r\n                                        <span class=\"td-author-date\">\r\n                                                <span class=\"td-post-date\"><time class=\"entry-date updated td-module-date\" datetime=\"2021-06-24T11:32:52-03:00\" >24\/06\/2021<\/time><\/span>                    <\/span>\r\n                <\/div>\r\n            <\/div>\r\n\r\n        <\/div>\r\n\r\n        \n\t<\/div> <!-- .\/td-block-span4 -->\n\n\t<div class=\"td-block-span4\">\n\r\n        <div class=\"td_module_mx1 td_module_wrap td-animation-stack\">\r\n            <div class=\"td-module-thumb\"><a href=\"https:\/\/www.institutodeengenharia.org.br\/site\/2021\/06\/21\/ie-talks-estruturas-tarifarias-com-subsidios-cruzadas-internos-em-servicos-de-agua-e-esgoto\/\"  rel=\"bookmark\" class=\"td-image-wrap \" title=\"IE Talks: Estruturas tarif\u00e1rias com subs\u00eddios cruzadas internos em servi\u00e7os de \u00e1gua e esgoto\" ><img loading=\"lazy\" decoding=\"async\" class=\"entry-thumb\" src=\"data:image\/png;base64,iVBORw0KGgoAAAANSUhEUgAAAWQAAADcAQMAAAB9O0nPAAAAA1BMVEWurq51dlI4AAAAAXRSTlMmkutdmwAAACBJREFUaN7twTEBAAAAwiD7p7bDbmAAAAAAAAAAAABAdieIAAGQh2mWAAAAAElFTkSuQmCC\" alt=\"\" title=\"IE Talks: Estruturas tarif\u00e1rias com subs\u00eddios cruzadas internos em servi\u00e7os de \u00e1gua e esgoto\" data-type=\"image_tag\" data-img-url=\"https:\/\/www.institutodeengenharia.org.br\/site\/wp-content\/uploads\/2021\/06\/gullideckel-3987120_1920-3.webp\"  width=\"356\" height=\"194\" \/><\/a><\/div>\r\n            <div class=\"td-module-meta-info\">\r\n                <h3 class=\"entry-title td-module-title\"><a href=\"https:\/\/www.institutodeengenharia.org.br\/site\/2021\/06\/21\/ie-talks-estruturas-tarifarias-com-subsidios-cruzadas-internos-em-servicos-de-agua-e-esgoto\/\"  rel=\"bookmark\" title=\"IE Talks: Estruturas tarif\u00e1rias com subs\u00eddios cruzadas internos em servi\u00e7os de \u00e1gua e esgoto\">IE Talks: Estruturas tarif\u00e1rias com subs\u00eddios cruzadas internos em servi\u00e7os de \u00e1gua e esgoto<\/a><\/h3>                <div class=\"td-editor-date\">\r\n                                        <span class=\"td-author-date\">\r\n                                                <span class=\"td-post-date\"><time class=\"entry-date updated td-module-date\" datetime=\"2021-06-21T12:05:22-03:00\" >21\/06\/2021<\/time><\/span>                    <\/span>\r\n                <\/div>\r\n            <\/div>\r\n\r\n        <\/div>\r\n\r\n        \n\t<\/div> <!-- .\/td-block-span4 --><\/div><!--.\/row-fluid-->\n\n\t<div class=\"td-block-row\">\n\n\t<div class=\"td-block-span4\">\n\r\n        <div class=\"td_module_mx1 td_module_wrap td-animation-stack\">\r\n            <div class=\"td-module-thumb\"><a href=\"https:\/\/www.institutodeengenharia.org.br\/site\/2021\/06\/17\/manutencao-e-instrumentacao-de-tuneis\/\"  rel=\"bookmark\" class=\"td-image-wrap \" title=\"Manuten\u00e7\u00e3o e Instrumenta\u00e7\u00e3o de t\u00faneis\" ><img loading=\"lazy\" decoding=\"async\" class=\"entry-thumb\" src=\"data:image\/png;base64,iVBORw0KGgoAAAANSUhEUgAAAWQAAADcAQMAAAB9O0nPAAAAA1BMVEWurq51dlI4AAAAAXRSTlMmkutdmwAAACBJREFUaN7twTEBAAAAwiD7p7bDbmAAAAAAAAAAAABAdieIAAGQh2mWAAAAAElFTkSuQmCC\" alt=\"\" title=\"Manuten\u00e7\u00e3o e Instrumenta\u00e7\u00e3o de t\u00faneis\" data-type=\"image_tag\" data-img-url=\"https:\/\/www.institutodeengenharia.org.br\/site\/wp-content\/uploads\/2021\/06\/tunnel-690513_1920-2.webp\"  width=\"330\" height=\"220\" \/><\/a><\/div>\r\n            <div class=\"td-module-meta-info\">\r\n                <h3 class=\"entry-title td-module-title\"><a href=\"https:\/\/www.institutodeengenharia.org.br\/site\/2021\/06\/17\/manutencao-e-instrumentacao-de-tuneis\/\"  rel=\"bookmark\" title=\"Manuten\u00e7\u00e3o e Instrumenta\u00e7\u00e3o de t\u00faneis\">Manuten\u00e7\u00e3o e Instrumenta\u00e7\u00e3o de t\u00faneis<\/a><\/h3>                <div class=\"td-editor-date\">\r\n                                        <span class=\"td-author-date\">\r\n                                                <span class=\"td-post-date\"><time class=\"entry-date updated td-module-date\" datetime=\"2021-06-17T13:00:00-03:00\" >17\/06\/2021<\/time><\/span>                    <\/span>\r\n                <\/div>\r\n            <\/div>\r\n\r\n        <\/div>\r\n\r\n        \n\t<\/div> <!-- .\/td-block-span4 -->\n\n\t<div class=\"td-block-span4\">\n\r\n        <div class=\"td_module_mx1 td_module_wrap td-animation-stack\">\r\n            <div class=\"td-module-thumb\"><a href=\"https:\/\/www.institutodeengenharia.org.br\/site\/2021\/06\/16\/o-atual-mercado-da-construcao-saudavel-no-brasil\/\"  rel=\"bookmark\" class=\"td-image-wrap \" title=\"O atual mercado da constru\u00e7\u00e3o saud\u00e1vel no Brasil\" ><img loading=\"lazy\" decoding=\"async\" class=\"entry-thumb\" src=\"data:image\/png;base64,iVBORw0KGgoAAAANSUhEUgAAAWQAAADcAQMAAAB9O0nPAAAAA1BMVEWurq51dlI4AAAAAXRSTlMmkutdmwAAACBJREFUaN7twTEBAAAAwiD7p7bDbmAAAAAAAAAAAABAdieIAAGQh2mWAAAAAElFTkSuQmCC\" alt=\"\" title=\"O atual mercado da constru\u00e7\u00e3o saud\u00e1vel no Brasil\" data-type=\"image_tag\" data-img-url=\"https:\/\/www.institutodeengenharia.org.br\/site\/wp-content\/uploads\/2021\/06\/MicrosoftTeams-image-16-2.webp\"  width=\"342\" height=\"220\" \/><\/a><\/div>\r\n            <div class=\"td-module-meta-info\">\r\n                <h3 class=\"entry-title td-module-title\"><a href=\"https:\/\/www.institutodeengenharia.org.br\/site\/2021\/06\/16\/o-atual-mercado-da-construcao-saudavel-no-brasil\/\"  rel=\"bookmark\" title=\"O atual mercado da constru\u00e7\u00e3o saud\u00e1vel no Brasil\">O atual mercado da constru\u00e7\u00e3o saud\u00e1vel no Brasil<\/a><\/h3>                <div class=\"td-editor-date\">\r\n                                        <span class=\"td-author-date\">\r\n                                                <span class=\"td-post-date\"><time class=\"entry-date updated td-module-date\" datetime=\"2021-06-16T12:53:29-03:00\" >16\/06\/2021<\/time><\/span>                    <\/span>\r\n                <\/div>\r\n            <\/div>\r\n\r\n        <\/div>\r\n\r\n        \n\t<\/div> <!-- .\/td-block-span4 -->\n\n\t<div class=\"td-block-span4\">\n\r\n        <div class=\"td_module_mx1 td_module_wrap td-animation-stack\">\r\n            <div class=\"td-module-thumb\"><a href=\"https:\/\/www.institutodeengenharia.org.br\/site\/2021\/06\/09\/ie-talks-a-ponte-do-abuna-e-a-integracao-da-amacro-ao-pacifico\/\"  rel=\"bookmark\" class=\"td-image-wrap \" title=\"IE Talks: A Ponte do Abun\u00e3 e a integra\u00e7\u00e3o da AMACRO ao Pac\u00edfico\" ><img loading=\"lazy\" decoding=\"async\" class=\"entry-thumb\" src=\"data:image\/png;base64,iVBORw0KGgoAAAANSUhEUgAAAWQAAADcAQMAAAB9O0nPAAAAA1BMVEWurq51dlI4AAAAAXRSTlMmkutdmwAAACBJREFUaN7twTEBAAAAwiD7p7bDbmAAAAAAAAAAAABAdieIAAGQh2mWAAAAAElFTkSuQmCC\" alt=\"\" title=\"IE Talks: A Ponte do Abun\u00e3 e a integra\u00e7\u00e3o da AMACRO ao Pac\u00edfico\" data-type=\"image_tag\" data-img-url=\"https:\/\/www.institutodeengenharia.org.br\/site\/wp-content\/uploads\/2021\/06\/MicrosoftTeams-image-15-1-1.webp\"  width=\"356\" height=\"163\" \/><\/a><\/div>\r\n            <div class=\"td-module-meta-info\">\r\n                <h3 class=\"entry-title td-module-title\"><a href=\"https:\/\/www.institutodeengenharia.org.br\/site\/2021\/06\/09\/ie-talks-a-ponte-do-abuna-e-a-integracao-da-amacro-ao-pacifico\/\"  rel=\"bookmark\" title=\"IE Talks: A Ponte do Abun\u00e3 e a integra\u00e7\u00e3o da AMACRO ao Pac\u00edfico\">IE Talks: A Ponte do Abun\u00e3 e a integra\u00e7\u00e3o da AMACRO ao Pac\u00edfico<\/a><\/h3>                <div class=\"td-editor-date\">\r\n                                        <span class=\"td-author-date\">\r\n                                                <span class=\"td-post-date\"><time class=\"entry-date updated td-module-date\" datetime=\"2021-06-09T15:45:16-03:00\" >09\/06\/2021<\/time><\/span>                    <\/span>\r\n                <\/div>\r\n            <\/div>\r\n\r\n        <\/div>\r\n\r\n        \n\t<\/div> <!-- .\/td-block-span4 --><\/div><!--.\/row-fluid-->\n\n\t<div class=\"td-block-row\">\n\n\t<div class=\"td-block-span4\">\n\r\n        <div class=\"td_module_mx1 td_module_wrap td-animation-stack\">\r\n            <div class=\"td-module-thumb\"><a href=\"https:\/\/www.institutodeengenharia.org.br\/site\/2021\/06\/08\/ie-talks-nem-negacionismo-nem-apocalipse-economia-do-meio-ambiente-uma-perspectiva-brasileira\/\"  rel=\"bookmark\" class=\"td-image-wrap \" title=\"IE Talks: NEM NEGACIONISMO, NEM APOCALIPSE &#8211; Economia do Meio Ambiente: Uma Perspectiva Brasileira\" ><img loading=\"lazy\" decoding=\"async\" class=\"entry-thumb\" src=\"data:image\/png;base64,iVBORw0KGgoAAAANSUhEUgAAAWQAAADcAQMAAAB9O0nPAAAAA1BMVEWurq51dlI4AAAAAXRSTlMmkutdmwAAACBJREFUaN7twTEBAAAAwiD7p7bDbmAAAAAAAAAAAABAdieIAAGQh2mWAAAAAElFTkSuQmCC\" alt=\"\" title=\"IE Talks: NEM NEGACIONISMO, NEM APOCALIPSE &#8211; Economia do Meio Ambiente: Uma Perspectiva Brasileira\" data-type=\"image_tag\" data-img-url=\"https:\/\/www.institutodeengenharia.org.br\/site\/wp-content\/uploads\/2021\/06\/water-lily-1592793_1920.webp\"  width=\"190\" height=\"220\" \/><\/a><\/div>\r\n            <div class=\"td-module-meta-info\">\r\n                <h3 class=\"entry-title td-module-title\"><a href=\"https:\/\/www.institutodeengenharia.org.br\/site\/2021\/06\/08\/ie-talks-nem-negacionismo-nem-apocalipse-economia-do-meio-ambiente-uma-perspectiva-brasileira\/\"  rel=\"bookmark\" title=\"IE Talks: NEM NEGACIONISMO, NEM APOCALIPSE &#8211; Economia do Meio Ambiente: Uma Perspectiva Brasileira\">IE Talks: NEM NEGACIONISMO, NEM APOCALIPSE &#8211; Economia do Meio Ambiente: Uma Perspectiva Brasileira<\/a><\/h3>                <div class=\"td-editor-date\">\r\n                                        <span class=\"td-author-date\">\r\n                                                <span class=\"td-post-date\"><time class=\"entry-date updated td-module-date\" datetime=\"2021-06-08T15:38:05-03:00\" >08\/06\/2021<\/time><\/span>                    <\/span>\r\n                <\/div>\r\n            <\/div>\r\n\r\n        <\/div>\r\n\r\n        \n\t<\/div> <!-- .\/td-block-span4 -->\n\n\t<div class=\"td-block-span4\">\n\r\n        <div class=\"td_module_mx1 td_module_wrap td-animation-stack\">\r\n            <div class=\"td-module-thumb\"><a href=\"https:\/\/www.institutodeengenharia.org.br\/site\/2021\/06\/07\/ie-talks-serie-experiencias-e-desafios-um-papo-com-diretores-regionais-a-resiliencia-a-inundacoes-em-toquio\/\"  rel=\"bookmark\" class=\"td-image-wrap \" title=\"IE Talks &#8211; S\u00e9rie: &#8220;A resili\u00eancia a inunda\u00e7\u00f5es em T\u00f3quio&#8221;\" ><img loading=\"lazy\" decoding=\"async\" class=\"entry-thumb\" src=\"data:image\/png;base64,iVBORw0KGgoAAAANSUhEUgAAAWQAAADcAQMAAAB9O0nPAAAAA1BMVEWurq51dlI4AAAAAXRSTlMmkutdmwAAACBJREFUaN7twTEBAAAAwiD7p7bDbmAAAAAAAAAAAABAdieIAAGQh2mWAAAAAElFTkSuQmCC\" alt=\"\" title=\"IE Talks &#8211; S\u00e9rie: &#8220;A resili\u00eancia a inunda\u00e7\u00f5es em T\u00f3quio&#8221;\" data-type=\"image_tag\" data-img-url=\"https:\/\/www.institutodeengenharia.org.br\/site\/wp-content\/uploads\/2021\/05\/japan-4524260_1920-356x220.jpg\"  width=\"356\" height=\"220\" \/><\/a><\/div>\r\n            <div class=\"td-module-meta-info\">\r\n                <h3 class=\"entry-title td-module-title\"><a href=\"https:\/\/www.institutodeengenharia.org.br\/site\/2021\/06\/07\/ie-talks-serie-experiencias-e-desafios-um-papo-com-diretores-regionais-a-resiliencia-a-inundacoes-em-toquio\/\"  rel=\"bookmark\" title=\"IE Talks &#8211; S\u00e9rie: &#8220;A resili\u00eancia a inunda\u00e7\u00f5es em T\u00f3quio&#8221;\">IE Talks &#8211; S\u00e9rie: &#8220;A resili\u00eancia a inunda\u00e7\u00f5es em T\u00f3quio&#8221;<\/a><\/h3>                <div class=\"td-editor-date\">\r\n                                        <span class=\"td-author-date\">\r\n                                                <span class=\"td-post-date\"><time class=\"entry-date updated td-module-date\" datetime=\"2021-06-07T10:51:48-03:00\" >07\/06\/2021<\/time><\/span>                    <\/span>\r\n                <\/div>\r\n            <\/div>\r\n\r\n        <\/div>\r\n\r\n        \n\t<\/div> <!-- .\/td-block-span4 -->\n\n\t<div class=\"td-block-span4\">\n\r\n        <div class=\"td_module_mx1 td_module_wrap td-animation-stack\">\r\n            <div class=\"td-module-thumb\"><a href=\"https:\/\/www.institutodeengenharia.org.br\/site\/2021\/06\/02\/o-que-e-preciso-fazer-para-vencer-a-dificuldade-para-aprender-ingles\/\"  rel=\"bookmark\" class=\"td-image-wrap \" title=\"O que \u00e9 preciso fazer para vencer a dificuldade para aprender ingl\u00eas\" ><img loading=\"lazy\" decoding=\"async\" class=\"entry-thumb\" src=\"data:image\/png;base64,iVBORw0KGgoAAAANSUhEUgAAAWQAAADcAQMAAAB9O0nPAAAAA1BMVEWurq51dlI4AAAAAXRSTlMmkutdmwAAACBJREFUaN7twTEBAAAAwiD7p7bDbmAAAAAAAAAAAABAdieIAAGQh2mWAAAAAElFTkSuQmCC\" alt=\"\" title=\"O que \u00e9 preciso fazer para vencer a dificuldade para aprender ingl\u00eas\" data-type=\"image_tag\" data-img-url=\"https:\/\/www.institutodeengenharia.org.br\/site\/wp-content\/uploads\/2021\/05\/english-2724442_1920-1.webp\"  width=\"342\" height=\"220\" \/><\/a><\/div>\r\n            <div class=\"td-module-meta-info\">\r\n                <h3 class=\"entry-title td-module-title\"><a href=\"https:\/\/www.institutodeengenharia.org.br\/site\/2021\/06\/02\/o-que-e-preciso-fazer-para-vencer-a-dificuldade-para-aprender-ingles\/\"  rel=\"bookmark\" title=\"O que \u00e9 preciso fazer para vencer a dificuldade para aprender ingl\u00eas\">O que \u00e9 preciso fazer para vencer a dificuldade para aprender ingl\u00eas<\/a><\/h3>                <div class=\"td-editor-date\">\r\n                                        <span class=\"td-author-date\">\r\n                                                <span class=\"td-post-date\"><time class=\"entry-date updated td-module-date\" datetime=\"2021-06-02T15:29:48-03:00\" >02\/06\/2021<\/time><\/span>                    <\/span>\r\n                <\/div>\r\n            <\/div>\r\n\r\n        <\/div>\r\n\r\n        \n\t<\/div> <!-- .\/td-block-span4 --><\/div><!--.\/row-fluid-->\n\n\t<div class=\"td-block-row\">\n\n\t<div class=\"td-block-span4\">\n\r\n        <div class=\"td_module_mx1 td_module_wrap td-animation-stack\">\r\n            <div class=\"td-module-thumb\"><a href=\"https:\/\/www.institutodeengenharia.org.br\/site\/2021\/05\/27\/sustentabilidade-e-eficiencia-energetica-nos-edificios-processo-de-etiquetagem-do-pbe-edifica-procel\/\"  rel=\"bookmark\" class=\"td-image-wrap \" title=\"Sustentabilidade e efici\u00eancia energ\u00e9tica nos edif\u00edcios: Processo de etiquetagem do PBE Edifica-PROCEL\" ><img loading=\"lazy\" decoding=\"async\" class=\"entry-thumb\" src=\"data:image\/png;base64,iVBORw0KGgoAAAANSUhEUgAAAWQAAADcAQMAAAB9O0nPAAAAA1BMVEWurq51dlI4AAAAAXRSTlMmkutdmwAAACBJREFUaN7twTEBAAAAwiD7p7bDbmAAAAAAAAAAAABAdieIAAGQh2mWAAAAAElFTkSuQmCC\" alt=\"\" title=\"Sustentabilidade e efici\u00eancia energ\u00e9tica nos edif\u00edcios: Processo de etiquetagem do PBE Edifica-PROCEL\" data-type=\"image_tag\" data-img-url=\"https:\/\/www.institutodeengenharia.org.br\/site\/wp-content\/uploads\/2021\/05\/Sustentabilidade-e-eficiencia-energetica-nos-edificios_Processo-de-etiquetagem-do-PBE-Edifica_PROCEL.webp\"  width=\"356\" height=\"156\" \/><\/a><\/div>\r\n            <div class=\"td-module-meta-info\">\r\n                <h3 class=\"entry-title td-module-title\"><a href=\"https:\/\/www.institutodeengenharia.org.br\/site\/2021\/05\/27\/sustentabilidade-e-eficiencia-energetica-nos-edificios-processo-de-etiquetagem-do-pbe-edifica-procel\/\"  rel=\"bookmark\" title=\"Sustentabilidade e efici\u00eancia energ\u00e9tica nos edif\u00edcios: Processo de etiquetagem do PBE Edifica-PROCEL\">Sustentabilidade e efici\u00eancia energ\u00e9tica nos edif\u00edcios: Processo de etiquetagem do PBE Edifica-PROCEL<\/a><\/h3>                <div class=\"td-editor-date\">\r\n                                        <span class=\"td-author-date\">\r\n                                                <span class=\"td-post-date\"><time class=\"entry-date updated td-module-date\" datetime=\"2021-05-27T14:29:56-03:00\" >27\/05\/2021<\/time><\/span>                    <\/span>\r\n                <\/div>\r\n            <\/div>\r\n\r\n        <\/div>\r\n\r\n        \n\t<\/div> <!-- .\/td-block-span4 -->\n\n\t<div class=\"td-block-span4\">\n\r\n        <div class=\"td_module_mx1 td_module_wrap td-animation-stack\">\r\n            <div class=\"td-module-thumb\"><a href=\"https:\/\/www.institutodeengenharia.org.br\/site\/2021\/05\/25\/protecao-radiologica-dos-trabalhadores-expostos-ao-risco-de-radiacoes-ionizantes\/\"  rel=\"bookmark\" class=\"td-image-wrap \" title=\"Prote\u00e7\u00e3o radiol\u00f3gica dos trabalhadores expostos ao risco de radia\u00e7\u00f5es ionizantes\" ><img loading=\"lazy\" decoding=\"async\" class=\"entry-thumb\" src=\"data:image\/png;base64,iVBORw0KGgoAAAANSUhEUgAAAWQAAADcAQMAAAB9O0nPAAAAA1BMVEWurq51dlI4AAAAAXRSTlMmkutdmwAAACBJREFUaN7twTEBAAAAwiD7p7bDbmAAAAAAAAAAAABAdieIAAGQh2mWAAAAAElFTkSuQmCC\" alt=\"\" title=\"Prote\u00e7\u00e3o radiol\u00f3gica dos trabalhadores expostos ao risco de radia\u00e7\u00f5es ionizantes\" data-type=\"image_tag\" data-img-url=\"https:\/\/www.institutodeengenharia.org.br\/site\/wp-content\/uploads\/2021\/05\/palestraradiacao-1-1.webp\"  width=\"273\" height=\"220\" \/><\/a><\/div>\r\n            <div class=\"td-module-meta-info\">\r\n                <h3 class=\"entry-title td-module-title\"><a href=\"https:\/\/www.institutodeengenharia.org.br\/site\/2021\/05\/25\/protecao-radiologica-dos-trabalhadores-expostos-ao-risco-de-radiacoes-ionizantes\/\"  rel=\"bookmark\" title=\"Prote\u00e7\u00e3o radiol\u00f3gica dos trabalhadores expostos ao risco de radia\u00e7\u00f5es ionizantes\">Prote\u00e7\u00e3o radiol\u00f3gica dos trabalhadores expostos ao risco de radia\u00e7\u00f5es ionizantes<\/a><\/h3>                <div class=\"td-editor-date\">\r\n                                        <span class=\"td-author-date\">\r\n                                                <span class=\"td-post-date\"><time class=\"entry-date updated td-module-date\" datetime=\"2021-05-25T14:24:36-03:00\" >25\/05\/2021<\/time><\/span>                    <\/span>\r\n                <\/div>\r\n            <\/div>\r\n\r\n        <\/div>\r\n\r\n        \n\t<\/div> <!-- .\/td-block-span4 -->\n\n\t<div class=\"td-block-span4\">\n\r\n        <div class=\"td_module_mx1 td_module_wrap td-animation-stack\">\r\n            <div class=\"td-module-thumb\"><a href=\"https:\/\/www.institutodeengenharia.org.br\/site\/2021\/05\/19\/nova-lei-de-licitacoes-14133-21-de-01-04-2021\/\"  rel=\"bookmark\" class=\"td-image-wrap \" title=\"Nova lei de licita\u00e7\u00f5es 14133\/21 de 01\/04\/2021\" ><img loading=\"lazy\" decoding=\"async\" class=\"entry-thumb\" src=\"data:image\/png;base64,iVBORw0KGgoAAAANSUhEUgAAAWQAAADcAQMAAAB9O0nPAAAAA1BMVEWurq51dlI4AAAAAXRSTlMmkutdmwAAACBJREFUaN7twTEBAAAAwiD7p7bDbmAAAAAAAAAAAABAdieIAAGQh2mWAAAAAElFTkSuQmCC\" alt=\"\" title=\"Nova lei de licita\u00e7\u00f5es 14133\/21 de 01\/04\/2021\" data-type=\"image_tag\" data-img-url=\"https:\/\/www.institutodeengenharia.org.br\/site\/wp-content\/uploads\/2021\/05\/hammer-620011_1920-1.webp\"  width=\"348\" height=\"220\" \/><\/a><\/div>\r\n            <div class=\"td-module-meta-info\">\r\n                <h3 class=\"entry-title td-module-title\"><a href=\"https:\/\/www.institutodeengenharia.org.br\/site\/2021\/05\/19\/nova-lei-de-licitacoes-14133-21-de-01-04-2021\/\"  rel=\"bookmark\" title=\"Nova lei de licita\u00e7\u00f5es 14133\/21 de 01\/04\/2021\">Nova lei de licita\u00e7\u00f5es 14133\/21 de 01\/04\/2021<\/a><\/h3>                <div class=\"td-editor-date\">\r\n                                        <span class=\"td-author-date\">\r\n                                                <span class=\"td-post-date\"><time class=\"entry-date updated td-module-date\" datetime=\"2021-05-19T16:23:40-03:00\" >19\/05\/2021<\/time><\/span>                    <\/span>\r\n                <\/div>\r\n            <\/div>\r\n\r\n        <\/div>\r\n\r\n        \n\t<\/div> <!-- .\/td-block-span4 --><\/div><!--.\/row-fluid-->\n\n\t<div class=\"td-block-row\">\n\n\t<div class=\"td-block-span4\">\n\r\n        <div class=\"td_module_mx1 td_module_wrap td-animation-stack\">\r\n            <div class=\"td-module-thumb\"><a href=\"https:\/\/www.institutodeengenharia.org.br\/site\/2021\/05\/18\/infraestrutura-de-recarga-de-veiculos-eletricos-em-edificios-tendencias-desafios-e-solucoes\/\"  rel=\"bookmark\" class=\"td-image-wrap \" title=\"Infraestrutura de recarga de ve\u00edculos el\u00e9tricos em edif\u00edcios, tend\u00eancias, desafios e solu\u00e7\u00f5es\" ><img loading=\"lazy\" decoding=\"async\" class=\"entry-thumb\" src=\"data:image\/png;base64,iVBORw0KGgoAAAANSUhEUgAAAWQAAADcAQMAAAB9O0nPAAAAA1BMVEWurq51dlI4AAAAAXRSTlMmkutdmwAAACBJREFUaN7twTEBAAAAwiD7p7bDbmAAAAAAAAAAAABAdieIAAGQh2mWAAAAAElFTkSuQmCC\" alt=\"\" title=\"Infraestrutura de recarga de ve\u00edculos el\u00e9tricos em edif\u00edcios, tend\u00eancias, desafios e solu\u00e7\u00f5es\" data-type=\"image_tag\" data-img-url=\"https:\/\/www.institutodeengenharia.org.br\/site\/wp-content\/uploads\/2021\/05\/PALESTRAELECRICUS-2.webp\"  width=\"356\" height=\"173\" \/><\/a><\/div>\r\n            <div class=\"td-module-meta-info\">\r\n                <h3 class=\"entry-title td-module-title\"><a href=\"https:\/\/www.institutodeengenharia.org.br\/site\/2021\/05\/18\/infraestrutura-de-recarga-de-veiculos-eletricos-em-edificios-tendencias-desafios-e-solucoes\/\"  rel=\"bookmark\" title=\"Infraestrutura de recarga de ve\u00edculos el\u00e9tricos em edif\u00edcios, tend\u00eancias, desafios e solu\u00e7\u00f5es\">Infraestrutura de recarga de ve\u00edculos el\u00e9tricos em edif\u00edcios, tend\u00eancias, desafios e solu\u00e7\u00f5es<\/a><\/h3>                <div class=\"td-editor-date\">\r\n                                        <span class=\"td-author-date\">\r\n                                                <span class=\"td-post-date\"><time class=\"entry-date updated td-module-date\" datetime=\"2021-05-18T16:28:36-03:00\" >18\/05\/2021<\/time><\/span>                    <\/span>\r\n                <\/div>\r\n            <\/div>\r\n\r\n        <\/div>\r\n\r\n        \n\t<\/div> <!-- .\/td-block-span4 -->\n\n\t<div class=\"td-block-span4\">\n\r\n        <div class=\"td_module_mx1 td_module_wrap td-animation-stack\">\r\n            <div class=\"td-module-thumb\"><a href=\"https:\/\/www.institutodeengenharia.org.br\/site\/2021\/05\/17\/ie-talks-serie-experiencias-e-desafios-um-papo-com-diretores-regionais-uma-aplicacao-pratica-no-uso-de-machine-learning-e-redes-neurais-com-cameras-inteligentes\/\"  rel=\"bookmark\" class=\"td-image-wrap \" title=\"IE Talks: S\u00e9rie: Experi\u00eancias e Desafios &#8211; Um Papo com Diretores Regionais &#8211; Uma Aplica\u00e7\u00e3o Pr\u00e1tica no uso de Machine Learning e Redes Neurais com C\u00e2meras Inteligentes\" ><img loading=\"lazy\" decoding=\"async\" class=\"entry-thumb\" src=\"data:image\/png;base64,iVBORw0KGgoAAAANSUhEUgAAAWQAAADcAQMAAAB9O0nPAAAAA1BMVEWurq51dlI4AAAAAXRSTlMmkutdmwAAACBJREFUaN7twTEBAAAAwiD7p7bDbmAAAAAAAAAAAABAdieIAAGQh2mWAAAAAElFTkSuQmCC\" alt=\"\" title=\"IE Talks: S\u00e9rie: Experi\u00eancias e Desafios &#8211; Um Papo com Diretores Regionais &#8211; Uma Aplica\u00e7\u00e3o Pr\u00e1tica no uso de Machine Learning e Redes Neurais com C\u00e2meras Inteligentes\" data-type=\"image_tag\" data-img-url=\"https:\/\/www.institutodeengenharia.org.br\/site\/wp-content\/uploads\/2021\/05\/camera-1124585_1920-1.webp\"  width=\"356\" height=\"206\" \/><\/a><\/div>\r\n            <div class=\"td-module-meta-info\">\r\n                <h3 class=\"entry-title td-module-title\"><a href=\"https:\/\/www.institutodeengenharia.org.br\/site\/2021\/05\/17\/ie-talks-serie-experiencias-e-desafios-um-papo-com-diretores-regionais-uma-aplicacao-pratica-no-uso-de-machine-learning-e-redes-neurais-com-cameras-inteligentes\/\"  rel=\"bookmark\" title=\"IE Talks: S\u00e9rie: Experi\u00eancias e Desafios &#8211; Um Papo com Diretores Regionais &#8211; Uma Aplica\u00e7\u00e3o Pr\u00e1tica no uso de Machine Learning e Redes Neurais com C\u00e2meras Inteligentes\">IE Talks: S\u00e9rie: Experi\u00eancias e Desafios &#8211; Um Papo com Diretores Regionais &#8211; Uma Aplica\u00e7\u00e3o Pr\u00e1tica no uso de Machine Learning e Redes Neurais...<\/a><\/h3>                <div class=\"td-editor-date\">\r\n                                        <span class=\"td-author-date\">\r\n                                                <span class=\"td-post-date\"><time class=\"entry-date updated td-module-date\" datetime=\"2021-05-17T15:45:51-03:00\" >17\/05\/2021<\/time><\/span>                    <\/span>\r\n                <\/div>\r\n            <\/div>\r\n\r\n        <\/div>\r\n\r\n        \n\t<\/div> <!-- .\/td-block-span4 -->\n\n\t<div class=\"td-block-span4\">\n\r\n        <div class=\"td_module_mx1 td_module_wrap td-animation-stack\">\r\n            <div class=\"td-module-thumb\"><a href=\"https:\/\/www.institutodeengenharia.org.br\/site\/2021\/05\/13\/topsoil-significado-e-diretrizes-para-o-uso-e-ocupacao-do-solo\/\"  rel=\"bookmark\" class=\"td-image-wrap \" title=\"Topsoil: Significado e Diretrizes para o uso e ocupa\u00e7\u00e3o do solo\" ><img loading=\"lazy\" decoding=\"async\" class=\"entry-thumb\" src=\"data:image\/png;base64,iVBORw0KGgoAAAANSUhEUgAAAWQAAADcAQMAAAB9O0nPAAAAA1BMVEWurq51dlI4AAAAAXRSTlMmkutdmwAAACBJREFUaN7twTEBAAAAwiD7p7bDbmAAAAAAAAAAAABAdieIAAGQh2mWAAAAAElFTkSuQmCC\" alt=\"\" title=\"Topsoil: Significado e Diretrizes para o uso e ocupa\u00e7\u00e3o do solo\" data-type=\"image_tag\" data-img-url=\"https:\/\/www.institutodeengenharia.org.br\/site\/wp-content\/uploads\/2021\/04\/topsoil-1.webp\"  width=\"356\" height=\"178\" \/><\/a><\/div>\r\n            <div class=\"td-module-meta-info\">\r\n                <h3 class=\"entry-title td-module-title\"><a href=\"https:\/\/www.institutodeengenharia.org.br\/site\/2021\/05\/13\/topsoil-significado-e-diretrizes-para-o-uso-e-ocupacao-do-solo\/\"  rel=\"bookmark\" title=\"Topsoil: Significado e Diretrizes para o uso e ocupa\u00e7\u00e3o do solo\">Topsoil: Significado e Diretrizes para o uso e ocupa\u00e7\u00e3o do solo<\/a><\/h3>                <div class=\"td-editor-date\">\r\n                                        <span class=\"td-author-date\">\r\n                                                <span class=\"td-post-date\"><time class=\"entry-date updated td-module-date\" datetime=\"2021-05-13T16:11:03-03:00\" >13\/05\/2021<\/time><\/span>                    <\/span>\r\n                <\/div>\r\n            <\/div>\r\n\r\n        <\/div>\r\n\r\n        \n\t<\/div> <!-- .\/td-block-span4 --><\/div><!--.\/row-fluid-->\n\n\t<div class=\"td-block-row\">\n\n\t<div class=\"td-block-span4\">\n\r\n        <div class=\"td_module_mx1 td_module_wrap td-animation-stack\">\r\n            <div class=\"td-module-thumb\"><a href=\"https:\/\/www.institutodeengenharia.org.br\/site\/2021\/05\/13\/agronegocio-natureza-e-sustentabilidade\/\"  rel=\"bookmark\" class=\"td-image-wrap \" title=\"Agroneg\u00f3cio, natureza e sustentabilidade\" ><img loading=\"lazy\" decoding=\"async\" class=\"entry-thumb\" src=\"data:image\/png;base64,iVBORw0KGgoAAAANSUhEUgAAAWQAAADcAQMAAAB9O0nPAAAAA1BMVEWurq51dlI4AAAAAXRSTlMmkutdmwAAACBJREFUaN7twTEBAAAAwiD7p7bDbmAAAAAAAAAAAABAdieIAAGQh2mWAAAAAElFTkSuQmCC\" alt=\"\" title=\"Agroneg\u00f3cio, natureza e sustentabilidade\" data-type=\"image_tag\" data-img-url=\"https:\/\/www.institutodeengenharia.org.br\/site\/wp-content\/uploads\/2021\/05\/vineyard-428041_1920-1.webp\"  width=\"356\" height=\"202\" \/><\/a><\/div>\r\n            <div class=\"td-module-meta-info\">\r\n                <h3 class=\"entry-title td-module-title\"><a href=\"https:\/\/www.institutodeengenharia.org.br\/site\/2021\/05\/13\/agronegocio-natureza-e-sustentabilidade\/\"  rel=\"bookmark\" title=\"Agroneg\u00f3cio, natureza e sustentabilidade\">Agroneg\u00f3cio, natureza e sustentabilidade<\/a><\/h3>                <div class=\"td-editor-date\">\r\n                                        <span class=\"td-author-date\">\r\n                                                <span class=\"td-post-date\"><time class=\"entry-date updated td-module-date\" datetime=\"2021-05-13T16:04:25-03:00\" >13\/05\/2021<\/time><\/span>                    <\/span>\r\n                <\/div>\r\n            <\/div>\r\n\r\n        <\/div>\r\n\r\n        \n\t<\/div> <!-- .\/td-block-span4 -->\n\n\t<div class=\"td-block-span4\">\n\r\n        <div class=\"td_module_mx1 td_module_wrap td-animation-stack\">\r\n            <div class=\"td-module-thumb\"><a href=\"https:\/\/www.institutodeengenharia.org.br\/site\/2021\/05\/13\/aco-como-elemento-estrutural-analise-e-identificacao-do-uso-apropriado\/\"  rel=\"bookmark\" class=\"td-image-wrap \" title=\"A\u00e7o como elemento estrutural \u2013 An\u00e1lise e identifica\u00e7\u00e3o do uso apropriado\" ><img loading=\"lazy\" decoding=\"async\" class=\"entry-thumb\" src=\"data:image\/png;base64,iVBORw0KGgoAAAANSUhEUgAAAWQAAADcAQMAAAB9O0nPAAAAA1BMVEWurq51dlI4AAAAAXRSTlMmkutdmwAAACBJREFUaN7twTEBAAAAwiD7p7bDbmAAAAAAAAAAAABAdieIAAGQh2mWAAAAAElFTkSuQmCC\" alt=\"\" title=\"A\u00e7o como elemento estrutural \u2013 An\u00e1lise e identifica\u00e7\u00e3o do uso apropriado\" data-type=\"image_tag\" data-img-url=\"https:\/\/www.institutodeengenharia.org.br\/site\/wp-content\/uploads\/2021\/05\/palestraaco-2-1.webp\"  width=\"356\" height=\"192\" \/><\/a><\/div>\r\n            <div class=\"td-module-meta-info\">\r\n                <h3 class=\"entry-title td-module-title\"><a href=\"https:\/\/www.institutodeengenharia.org.br\/site\/2021\/05\/13\/aco-como-elemento-estrutural-analise-e-identificacao-do-uso-apropriado\/\"  rel=\"bookmark\" title=\"A\u00e7o como elemento estrutural \u2013 An\u00e1lise e identifica\u00e7\u00e3o do uso apropriado\">A\u00e7o como elemento estrutural \u2013 An\u00e1lise e identifica\u00e7\u00e3o do uso apropriado<\/a><\/h3>                <div class=\"td-editor-date\">\r\n                                        <span class=\"td-author-date\">\r\n                                                <span class=\"td-post-date\"><time class=\"entry-date updated td-module-date\" datetime=\"2021-05-13T15:58:13-03:00\" >13\/05\/2021<\/time><\/span>                    <\/span>\r\n                <\/div>\r\n            <\/div>\r\n\r\n        <\/div>\r\n\r\n        \n\t<\/div> <!-- .\/td-block-span4 -->\n\n\t<div class=\"td-block-span4\">\n\r\n        <div class=\"td_module_mx1 td_module_wrap td-animation-stack\">\r\n            <div class=\"td-module-thumb\"><a href=\"https:\/\/www.institutodeengenharia.org.br\/site\/2021\/05\/07\/revisao-da-nbr-7187-projetos\/\"  rel=\"bookmark\" class=\"td-image-wrap \" title=\"Revis\u00e3o da NBR 7187 \u2013 Projetos\" ><img loading=\"lazy\" decoding=\"async\" class=\"entry-thumb\" src=\"data:image\/png;base64,iVBORw0KGgoAAAANSUhEUgAAAWQAAADcAQMAAAB9O0nPAAAAA1BMVEWurq51dlI4AAAAAXRSTlMmkutdmwAAACBJREFUaN7twTEBAAAAwiD7p7bDbmAAAAAAAAAAAABAdieIAAGQh2mWAAAAAElFTkSuQmCC\" alt=\"\" title=\"Revis\u00e3o da NBR 7187 \u2013 Projetos\" data-type=\"image_tag\" data-img-url=\"https:\/\/www.institutodeengenharia.org.br\/site\/wp-content\/uploads\/2021\/05\/palestranbr-2.webp\"  width=\"356\" height=\"196\" \/><\/a><\/div>\r\n            <div class=\"td-module-meta-info\">\r\n                <h3 class=\"entry-title td-module-title\"><a href=\"https:\/\/www.institutodeengenharia.org.br\/site\/2021\/05\/07\/revisao-da-nbr-7187-projetos\/\"  rel=\"bookmark\" title=\"Revis\u00e3o da NBR 7187 \u2013 Projetos\">Revis\u00e3o da NBR 7187 \u2013 Projetos<\/a><\/h3>                <div class=\"td-editor-date\">\r\n                                        <span class=\"td-author-date\">\r\n                                                <span class=\"td-post-date\"><time class=\"entry-date updated td-module-date\" datetime=\"2021-05-07T14:44:18-03:00\" >07\/05\/2021<\/time><\/span>                    <\/span>\r\n                <\/div>\r\n            <\/div>\r\n\r\n        <\/div>\r\n\r\n        \n\t<\/div> <!-- .\/td-block-span4 --><\/div><!--.\/row-fluid-->\n\n\t<div class=\"td-block-row\">\n\n\t<div class=\"td-block-span4\">\n\r\n        <div class=\"td_module_mx1 td_module_wrap td-animation-stack\">\r\n            <div class=\"td-module-thumb\"><a href=\"https:\/\/www.institutodeengenharia.org.br\/site\/2021\/05\/06\/inspecao-acreditada-de-projetos-e-obras-de-infraestrutura\/\"  rel=\"bookmark\" class=\"td-image-wrap \" title=\"Inspe\u00e7\u00e3o acreditada de projetos e obras de infraestrutura\" ><img loading=\"lazy\" decoding=\"async\" class=\"entry-thumb\" src=\"data:image\/png;base64,iVBORw0KGgoAAAANSUhEUgAAAWQAAADcAQMAAAB9O0nPAAAAA1BMVEWurq51dlI4AAAAAXRSTlMmkutdmwAAACBJREFUaN7twTEBAAAAwiD7p7bDbmAAAAAAAAAAAABAdieIAAGQh2mWAAAAAElFTkSuQmCC\" alt=\"\" title=\"Inspe\u00e7\u00e3o acreditada de projetos e obras de infraestrutura\" data-type=\"image_tag\" data-img-url=\"https:\/\/www.institutodeengenharia.org.br\/site\/wp-content\/uploads\/2021\/05\/palestrainspecao-1024x541-2.webp\"  width=\"356\" height=\"188\" \/><\/a><\/div>\r\n            <div class=\"td-module-meta-info\">\r\n                <h3 class=\"entry-title td-module-title\"><a href=\"https:\/\/www.institutodeengenharia.org.br\/site\/2021\/05\/06\/inspecao-acreditada-de-projetos-e-obras-de-infraestrutura\/\"  rel=\"bookmark\" title=\"Inspe\u00e7\u00e3o acreditada de projetos e obras de infraestrutura\">Inspe\u00e7\u00e3o acreditada de projetos e obras de infraestrutura<\/a><\/h3>                <div class=\"td-editor-date\">\r\n                                        <span class=\"td-author-date\">\r\n                                                <span class=\"td-post-date\"><time class=\"entry-date updated td-module-date\" datetime=\"2021-05-06T10:56:27-03:00\" >06\/05\/2021<\/time><\/span>                    <\/span>\r\n                <\/div>\r\n            <\/div>\r\n\r\n        <\/div>\r\n\r\n        \n\t<\/div> <!-- .\/td-block-span4 -->\n\n\t<div class=\"td-block-span4\">\n\r\n        <div class=\"td_module_mx1 td_module_wrap td-animation-stack\">\r\n            <div class=\"td-module-thumb\"><a href=\"https:\/\/www.institutodeengenharia.org.br\/site\/2021\/05\/03\/ie-talks-serie-experiencias-e-desafios-um-papo-com-diretores-regionais-mulheres-na-engenharia-lugar-de-mulher-e-onde-ela-quiser\/\"  rel=\"bookmark\" class=\"td-image-wrap \" title=\"IE Talks: S\u00e9rie: Experi\u00eancias e Desafios &#8211; Um Papo com Diretores Regionais &#8211; Mulheres na Engenharia: Lugar de Mulher \u00e9 onde Ela Quiser\" ><img loading=\"lazy\" decoding=\"async\" class=\"entry-thumb\" src=\"data:image\/png;base64,iVBORw0KGgoAAAANSUhEUgAAAWQAAADcAQMAAAB9O0nPAAAAA1BMVEWurq51dlI4AAAAAXRSTlMmkutdmwAAACBJREFUaN7twTEBAAAAwiD7p7bDbmAAAAAAAAAAAABAdieIAAGQh2mWAAAAAElFTkSuQmCC\" alt=\"\" title=\"IE Talks: S\u00e9rie: Experi\u00eancias e Desafios &#8211; Um Papo com Diretores Regionais &#8211; Mulheres na Engenharia: Lugar de Mulher \u00e9 onde Ela Quiser\" data-type=\"image_tag\" data-img-url=\"https:\/\/www.institutodeengenharia.org.br\/site\/wp-content\/uploads\/2021\/05\/livromulheresnaengenharia-1.webp\"  width=\"330\" height=\"220\" \/><\/a><\/div>\r\n            <div class=\"td-module-meta-info\">\r\n                <h3 class=\"entry-title td-module-title\"><a href=\"https:\/\/www.institutodeengenharia.org.br\/site\/2021\/05\/03\/ie-talks-serie-experiencias-e-desafios-um-papo-com-diretores-regionais-mulheres-na-engenharia-lugar-de-mulher-e-onde-ela-quiser\/\"  rel=\"bookmark\" title=\"IE Talks: S\u00e9rie: Experi\u00eancias e Desafios &#8211; Um Papo com Diretores Regionais &#8211; Mulheres na Engenharia: Lugar de Mulher \u00e9 onde Ela Quiser\">IE Talks: S\u00e9rie: Experi\u00eancias e Desafios &#8211; Um Papo com Diretores Regionais &#8211; Mulheres na Engenharia: Lugar de Mulher \u00e9 onde Ela Quiser<\/a><\/h3>                <div class=\"td-editor-date\">\r\n                                        <span class=\"td-author-date\">\r\n                                                <span class=\"td-post-date\"><time class=\"entry-date updated td-module-date\" datetime=\"2021-05-03T14:51:35-03:00\" >03\/05\/2021<\/time><\/span>                    <\/span>\r\n                <\/div>\r\n            <\/div>\r\n\r\n        <\/div>\r\n\r\n        \n\t<\/div> <!-- .\/td-block-span4 -->\n\n\t<div class=\"td-block-span4\">\n\r\n        <div class=\"td_module_mx1 td_module_wrap td-animation-stack\">\r\n            <div class=\"td-module-thumb\"><a href=\"https:\/\/www.institutodeengenharia.org.br\/site\/2021\/04\/29\/aplicacao-do-concreto-pre-moldado-em-pontes-de-vaos-pequenos-e-medios\/\"  rel=\"bookmark\" class=\"td-image-wrap \" title=\"Aplica\u00e7\u00e3o do concreto pr\u00e9-moldado em pontes de v\u00e3os pequenos e m\u00e9dios\" ><img loading=\"lazy\" decoding=\"async\" class=\"entry-thumb\" src=\"data:image\/png;base64,iVBORw0KGgoAAAANSUhEUgAAAWQAAADcAQMAAAB9O0nPAAAAA1BMVEWurq51dlI4AAAAAXRSTlMmkutdmwAAACBJREFUaN7twTEBAAAAwiD7p7bDbmAAAAAAAAAAAABAdieIAAGQh2mWAAAAAElFTkSuQmCC\" alt=\"\" title=\"Aplica\u00e7\u00e3o do concreto pr\u00e9-moldado em pontes de v\u00e3os pequenos e m\u00e9dios\" data-type=\"image_tag\" data-img-url=\"https:\/\/www.institutodeengenharia.org.br\/site\/wp-content\/uploads\/2021\/05\/MicrosoftTeams-image-7-1.webp\"  width=\"356\" height=\"159\" \/><\/a><\/div>\r\n            <div class=\"td-module-meta-info\">\r\n                <h3 class=\"entry-title td-module-title\"><a href=\"https:\/\/www.institutodeengenharia.org.br\/site\/2021\/04\/29\/aplicacao-do-concreto-pre-moldado-em-pontes-de-vaos-pequenos-e-medios\/\"  rel=\"bookmark\" title=\"Aplica\u00e7\u00e3o do concreto pr\u00e9-moldado em pontes de v\u00e3os pequenos e m\u00e9dios\">Aplica\u00e7\u00e3o do concreto pr\u00e9-moldado em pontes de v\u00e3os pequenos e m\u00e9dios<\/a><\/h3>                <div class=\"td-editor-date\">\r\n                                        <span class=\"td-author-date\">\r\n                                                <span class=\"td-post-date\"><time class=\"entry-date updated td-module-date\" datetime=\"2021-04-29T10:35:37-03:00\" >29\/04\/2021<\/time><\/span>                    <\/span>\r\n                <\/div>\r\n            <\/div>\r\n\r\n        <\/div>\r\n\r\n        \n\t<\/div> <!-- .\/td-block-span4 --><\/div><!--.\/row-fluid-->\n\n\t<div class=\"td-block-row\">\n\n\t<div class=\"td-block-span4\">\n\r\n        <div class=\"td_module_mx1 td_module_wrap td-animation-stack\">\r\n            <div class=\"td-module-thumb\"><a href=\"https:\/\/www.institutodeengenharia.org.br\/site\/2021\/04\/22\/impacto-na-eficiencia-energetica-no-desempenho-termico-de-edificacoes-habitacionais\/\"  rel=\"bookmark\" class=\"td-image-wrap \" title=\"Impacto na efici\u00eancia energ\u00e9tica no desempenho t\u00e9rmico de edifica\u00e7\u00f5es habitacionais\" ><img loading=\"lazy\" decoding=\"async\" class=\"entry-thumb\" src=\"data:image\/png;base64,iVBORw0KGgoAAAANSUhEUgAAAWQAAADcAQMAAAB9O0nPAAAAA1BMVEWurq51dlI4AAAAAXRSTlMmkutdmwAAACBJREFUaN7twTEBAAAAwiD7p7bDbmAAAAAAAAAAAABAdieIAAGQh2mWAAAAAElFTkSuQmCC\" alt=\"\" title=\"Impacto na efici\u00eancia energ\u00e9tica no desempenho t\u00e9rmico de edifica\u00e7\u00f5es habitacionais\" data-type=\"image_tag\" data-img-url=\"https:\/\/www.institutodeengenharia.org.br\/site\/wp-content\/uploads\/2021\/04\/Impacto-na-eficiencia-energetica-no-desempenho-termico-de-edificacoes-habitacionais-1.webp\"  width=\"356\" height=\"152\" \/><\/a><\/div>\r\n            <div class=\"td-module-meta-info\">\r\n                <h3 class=\"entry-title td-module-title\"><a href=\"https:\/\/www.institutodeengenharia.org.br\/site\/2021\/04\/22\/impacto-na-eficiencia-energetica-no-desempenho-termico-de-edificacoes-habitacionais\/\"  rel=\"bookmark\" title=\"Impacto na efici\u00eancia energ\u00e9tica no desempenho t\u00e9rmico de edifica\u00e7\u00f5es habitacionais\">Impacto na efici\u00eancia energ\u00e9tica no desempenho t\u00e9rmico de edifica\u00e7\u00f5es habitacionais<\/a><\/h3>                <div class=\"td-editor-date\">\r\n                                        <span class=\"td-author-date\">\r\n                                                <span class=\"td-post-date\"><time class=\"entry-date updated td-module-date\" datetime=\"2021-04-22T14:33:18-03:00\" >22\/04\/2021<\/time><\/span>                    <\/span>\r\n                <\/div>\r\n            <\/div>\r\n\r\n        <\/div>\r\n\r\n        \n\t<\/div> <!-- .\/td-block-span4 -->\n\n\t<div class=\"td-block-span4\">\n\r\n        <div class=\"td_module_mx1 td_module_wrap td-animation-stack\">\r\n            <div class=\"td-module-thumb\"><a href=\"https:\/\/www.institutodeengenharia.org.br\/site\/2021\/04\/19\/ie-talks-serie-experiencias-e-desafios-um-papo-com-diretores-regionais-a-mobilidade-urbana-em-toquio\/\"  rel=\"bookmark\" class=\"td-image-wrap \" title=\"IE Talks: S\u00e9rie: Experi\u00eancias e Desafios &#8211; Um Papo com Diretores Regionais &#8211; A Mobilidade Urbana em T\u00f3quio\" ><img loading=\"lazy\" decoding=\"async\" class=\"entry-thumb\" src=\"data:image\/png;base64,iVBORw0KGgoAAAANSUhEUgAAAWQAAADcAQMAAAB9O0nPAAAAA1BMVEWurq51dlI4AAAAAXRSTlMmkutdmwAAACBJREFUaN7twTEBAAAAwiD7p7bDbmAAAAAAAAAAAABAdieIAAGQh2mWAAAAAElFTkSuQmCC\" alt=\"\" title=\"IE Talks: S\u00e9rie: Experi\u00eancias e Desafios &#8211; Um Papo com Diretores Regionais &#8211; A Mobilidade Urbana em T\u00f3quio\" data-type=\"image_tag\" data-img-url=\"https:\/\/www.institutodeengenharia.org.br\/site\/wp-content\/uploads\/2021\/04\/palestratoquio-2-356x220.jpg\"  width=\"356\" height=\"220\" \/><\/a><\/div>\r\n            <div class=\"td-module-meta-info\">\r\n                <h3 class=\"entry-title td-module-title\"><a href=\"https:\/\/www.institutodeengenharia.org.br\/site\/2021\/04\/19\/ie-talks-serie-experiencias-e-desafios-um-papo-com-diretores-regionais-a-mobilidade-urbana-em-toquio\/\"  rel=\"bookmark\" title=\"IE Talks: S\u00e9rie: Experi\u00eancias e Desafios &#8211; Um Papo com Diretores Regionais &#8211; A Mobilidade Urbana em T\u00f3quio\">IE Talks: S\u00e9rie: Experi\u00eancias e Desafios &#8211; Um Papo com Diretores Regionais &#8211; A Mobilidade Urbana em T\u00f3quio<\/a><\/h3>                <div class=\"td-editor-date\">\r\n                                        <span class=\"td-author-date\">\r\n                                                <span class=\"td-post-date\"><time class=\"entry-date updated td-module-date\" datetime=\"2021-04-19T11:01:16-03:00\" >19\/04\/2021<\/time><\/span>                    <\/span>\r\n                <\/div>\r\n            <\/div>\r\n\r\n        <\/div>\r\n\r\n        \n\t<\/div> <!-- .\/td-block-span4 -->\n\n\t<div class=\"td-block-span4\">\n\r\n        <div class=\"td_module_mx1 td_module_wrap td-animation-stack\">\r\n            <div class=\"td-module-thumb\"><a href=\"https:\/\/www.institutodeengenharia.org.br\/site\/2021\/04\/15\/como-se-preparar-para-abrir-e-ter-sucesso-no-seu-negocio\/\"  rel=\"bookmark\" class=\"td-image-wrap \" title=\"Como se preparar para abrir e ter sucesso no seu neg\u00f3cio!\" ><img loading=\"lazy\" decoding=\"async\" class=\"entry-thumb\" src=\"data:image\/png;base64,iVBORw0KGgoAAAANSUhEUgAAAWQAAADcAQMAAAB9O0nPAAAAA1BMVEWurq51dlI4AAAAAXRSTlMmkutdmwAAACBJREFUaN7twTEBAAAAwiD7p7bDbmAAAAAAAAAAAABAdieIAAGQh2mWAAAAAElFTkSuQmCC\" alt=\"\" title=\"Como se preparar para abrir e ter sucesso no seu neg\u00f3cio!\" data-type=\"image_tag\" data-img-url=\"https:\/\/www.institutodeengenharia.org.br\/site\/wp-content\/uploads\/2021\/04\/entrepreneur-1340649_1920-2.webp\"  width=\"356\" height=\"214\" \/><\/a><\/div>\r\n            <div class=\"td-module-meta-info\">\r\n                <h3 class=\"entry-title td-module-title\"><a href=\"https:\/\/www.institutodeengenharia.org.br\/site\/2021\/04\/15\/como-se-preparar-para-abrir-e-ter-sucesso-no-seu-negocio\/\"  rel=\"bookmark\" title=\"Como se preparar para abrir e ter sucesso no seu neg\u00f3cio!\">Como se preparar para abrir e ter sucesso no seu neg\u00f3cio!<\/a><\/h3>                <div class=\"td-editor-date\">\r\n                                        <span class=\"td-author-date\">\r\n                                                <span class=\"td-post-date\"><time class=\"entry-date updated td-module-date\" datetime=\"2021-04-15T14:41:06-03:00\" >15\/04\/2021<\/time><\/span>                    <\/span>\r\n                <\/div>\r\n            <\/div>\r\n\r\n        <\/div>\r\n\r\n        \n\t<\/div> <!-- .\/td-block-span4 --><\/div><!--.\/row-fluid-->\n\n\t<div class=\"td-block-row\">\n\n\t<div class=\"td-block-span4\">\n\r\n        <div class=\"td_module_mx1 td_module_wrap td-animation-stack\">\r\n            <div class=\"td-module-thumb\"><a href=\"https:\/\/www.institutodeengenharia.org.br\/site\/2021\/04\/15\/bloqueio-de-energia-novos-caminhos-lototo-lock-out\/\"  rel=\"bookmark\" class=\"td-image-wrap \" title=\"Bloqueio de energia, novos caminhos (Lototo &#8211; Lock out)\" ><img loading=\"lazy\" decoding=\"async\" class=\"entry-thumb\" src=\"data:image\/png;base64,iVBORw0KGgoAAAANSUhEUgAAAWQAAADcAQMAAAB9O0nPAAAAA1BMVEWurq51dlI4AAAAAXRSTlMmkutdmwAAACBJREFUaN7twTEBAAAAwiD7p7bDbmAAAAAAAAAAAABAdieIAAGQh2mWAAAAAElFTkSuQmCC\" alt=\"\" title=\"Bloqueio de energia, novos caminhos (Lototo &#8211; Lock out)\" data-type=\"image_tag\" data-img-url=\"https:\/\/www.institutodeengenharia.org.br\/site\/wp-content\/uploads\/2021\/04\/MicrosoftTeams-image-8-1.webp\"  width=\"356\" height=\"186\" \/><\/a><\/div>\r\n            <div class=\"td-module-meta-info\">\r\n                <h3 class=\"entry-title td-module-title\"><a href=\"https:\/\/www.institutodeengenharia.org.br\/site\/2021\/04\/15\/bloqueio-de-energia-novos-caminhos-lototo-lock-out\/\"  rel=\"bookmark\" title=\"Bloqueio de energia, novos caminhos (Lototo &#8211; Lock out)\">Bloqueio de energia, novos caminhos (Lototo &#8211; Lock out)<\/a><\/h3>                <div class=\"td-editor-date\">\r\n                                        <span class=\"td-author-date\">\r\n                                                <span class=\"td-post-date\"><time class=\"entry-date updated td-module-date\" datetime=\"2021-04-15T14:32:53-03:00\" >15\/04\/2021<\/time><\/span>                    <\/span>\r\n                <\/div>\r\n            <\/div>\r\n\r\n        <\/div>\r\n\r\n        \n\t<\/div> <!-- .\/td-block-span4 -->\n\n\t<div class=\"td-block-span4\">\n\r\n        <div class=\"td_module_mx1 td_module_wrap td-animation-stack\">\r\n            <div class=\"td-module-thumb\"><a href=\"https:\/\/www.institutodeengenharia.org.br\/site\/2021\/04\/15\/mudancas-no-ctb-lei-14-071-20\/\"  rel=\"bookmark\" class=\"td-image-wrap \" title=\"Mudan\u00e7as no CTB &#8211; Lei 14.071\/20\" ><img loading=\"lazy\" decoding=\"async\" class=\"entry-thumb\" src=\"data:image\/png;base64,iVBORw0KGgoAAAANSUhEUgAAAWQAAADcAQMAAAB9O0nPAAAAA1BMVEWurq51dlI4AAAAAXRSTlMmkutdmwAAACBJREFUaN7twTEBAAAAwiD7p7bDbmAAAAAAAAAAAABAdieIAAGQh2mWAAAAAElFTkSuQmCC\" alt=\"\" title=\"Mudan\u00e7as no CTB &#8211; Lei 14.071\/20\" data-type=\"image_tag\" data-img-url=\"https:\/\/www.institutodeengenharia.org.br\/site\/wp-content\/uploads\/2021\/04\/palestraleiss-1.webp\"  width=\"356\" height=\"198\" \/><\/a><\/div>\r\n            <div class=\"td-module-meta-info\">\r\n                <h3 class=\"entry-title td-module-title\"><a href=\"https:\/\/www.institutodeengenharia.org.br\/site\/2021\/04\/15\/mudancas-no-ctb-lei-14-071-20\/\"  rel=\"bookmark\" title=\"Mudan\u00e7as no CTB &#8211; Lei 14.071\/20\">Mudan\u00e7as no CTB &#8211; Lei 14.071\/20<\/a><\/h3>                <div class=\"td-editor-date\">\r\n                                        <span class=\"td-author-date\">\r\n                                                <span class=\"td-post-date\"><time class=\"entry-date updated td-module-date\" datetime=\"2021-04-15T10:26:00-03:00\" >15\/04\/2021<\/time><\/span>                    <\/span>\r\n                <\/div>\r\n            <\/div>\r\n\r\n        <\/div>\r\n\r\n        \n\t<\/div> <!-- .\/td-block-span4 -->\n\n\t<div class=\"td-block-span4\">\n\r\n        <div class=\"td_module_mx1 td_module_wrap td-animation-stack\">\r\n            <div class=\"td-module-thumb\"><a href=\"https:\/\/www.institutodeengenharia.org.br\/site\/2021\/04\/13\/ie-talks-serie-livro-informacao-viva-conhecimento-aplicado-gestao-de-pessoas-nas-organizacoes\/\"  rel=\"bookmark\" class=\"td-image-wrap \" title=\"IE TALKS: S\u00e9rie: &#8220;Livro &#8211; Informa\u00e7\u00e3o viva, conhecimento aplicado&#8221; Gest\u00e3o de pessoas nas organiza\u00e7\u00f5es\" ><img loading=\"lazy\" decoding=\"async\" class=\"entry-thumb\" src=\"data:image\/png;base64,iVBORw0KGgoAAAANSUhEUgAAAWQAAADcAQMAAAB9O0nPAAAAA1BMVEWurq51dlI4AAAAAXRSTlMmkutdmwAAACBJREFUaN7twTEBAAAAwiD7p7bDbmAAAAAAAAAAAABAdieIAAGQh2mWAAAAAElFTkSuQmCC\" alt=\"\" title=\"IE TALKS: S\u00e9rie: &#8220;Livro &#8211; Informa\u00e7\u00e3o viva, conhecimento aplicado&#8221; Gest\u00e3o de pessoas nas organiza\u00e7\u00f5es\" data-type=\"image_tag\" data-img-url=\"https:\/\/www.institutodeengenharia.org.br\/site\/wp-content\/uploads\/2021\/04\/livrogestao-1-1.webp\"  width=\"342\" height=\"220\" \/><\/a><\/div>\r\n            <div class=\"td-module-meta-info\">\r\n                <h3 class=\"entry-title td-module-title\"><a href=\"https:\/\/www.institutodeengenharia.org.br\/site\/2021\/04\/13\/ie-talks-serie-livro-informacao-viva-conhecimento-aplicado-gestao-de-pessoas-nas-organizacoes\/\"  rel=\"bookmark\" title=\"IE TALKS: S\u00e9rie: &#8220;Livro &#8211; Informa\u00e7\u00e3o viva, conhecimento aplicado&#8221; Gest\u00e3o de pessoas nas organiza\u00e7\u00f5es\">IE TALKS: S\u00e9rie: &#8220;Livro &#8211; Informa\u00e7\u00e3o viva, conhecimento aplicado&#8221; Gest\u00e3o de pessoas nas organiza\u00e7\u00f5es<\/a><\/h3>                <div class=\"td-editor-date\">\r\n                                        <span class=\"td-author-date\">\r\n                                                <span class=\"td-post-date\"><time class=\"entry-date updated td-module-date\" datetime=\"2021-04-13T10:30:39-03:00\" >13\/04\/2021<\/time><\/span>                    <\/span>\r\n                <\/div>\r\n            <\/div>\r\n\r\n        <\/div>\r\n\r\n        \n\t<\/div> <!-- .\/td-block-span4 --><\/div><!--.\/row-fluid-->\n\n\t<div class=\"td-block-row\">\n\n\t<div class=\"td-block-span4\">\n\r\n        <div class=\"td_module_mx1 td_module_wrap td-animation-stack\">\r\n            <div class=\"td-module-thumb\"><a href=\"https:\/\/www.institutodeengenharia.org.br\/site\/2021\/03\/31\/inteligencia-artificial-aplicada-na-gestao-de-energia-e-processos-na-industria\/\"  rel=\"bookmark\" class=\"td-image-wrap \" title=\"Intelig\u00eancia artificial aplicada na gest\u00e3o de energia e processos na ind\u00fastria\" ><img loading=\"lazy\" decoding=\"async\" class=\"entry-thumb\" src=\"data:image\/png;base64,iVBORw0KGgoAAAANSUhEUgAAAWQAAADcAQMAAAB9O0nPAAAAA1BMVEWurq51dlI4AAAAAXRSTlMmkutdmwAAACBJREFUaN7twTEBAAAAwiD7p7bDbmAAAAAAAAAAAABAdieIAAGQh2mWAAAAAElFTkSuQmCC\" alt=\"\" title=\"Intelig\u00eancia artificial aplicada na gest\u00e3o de energia e processos na ind\u00fastria\" data-type=\"image_tag\" data-img-url=\"https:\/\/www.institutodeengenharia.org.br\/site\/wp-content\/uploads\/2021\/04\/binary-1536646_1920-1.webp\"  width=\"356\" height=\"195\" \/><\/a><\/div>\r\n            <div class=\"td-module-meta-info\">\r\n                <h3 class=\"entry-title td-module-title\"><a href=\"https:\/\/www.institutodeengenharia.org.br\/site\/2021\/03\/31\/inteligencia-artificial-aplicada-na-gestao-de-energia-e-processos-na-industria\/\"  rel=\"bookmark\" title=\"Intelig\u00eancia artificial aplicada na gest\u00e3o de energia e processos na ind\u00fastria\">Intelig\u00eancia artificial aplicada na gest\u00e3o de energia e processos na ind\u00fastria<\/a><\/h3>                <div class=\"td-editor-date\">\r\n                                        <span class=\"td-author-date\">\r\n                                                <span class=\"td-post-date\"><time class=\"entry-date updated td-module-date\" datetime=\"2021-03-31T14:15:41-03:00\" >31\/03\/2021<\/time><\/span>                    <\/span>\r\n                <\/div>\r\n            <\/div>\r\n\r\n        <\/div>\r\n\r\n        \n\t<\/div> <!-- .\/td-block-span4 -->\n\n\t<div class=\"td-block-span4\">\n\r\n        <div class=\"td_module_mx1 td_module_wrap td-animation-stack\">\r\n            <div class=\"td-module-thumb\"><a href=\"https:\/\/www.institutodeengenharia.org.br\/site\/2021\/03\/25\/qualidade-do-ar-e-a-saude-dos-usuarios-de-espacos-internos\/\"  rel=\"bookmark\" class=\"td-image-wrap \" title=\"Qualidade do ar e a sa\u00fade dos usu\u00e1rios de espa\u00e7os internos\" ><img loading=\"lazy\" decoding=\"async\" class=\"entry-thumb\" src=\"data:image\/png;base64,iVBORw0KGgoAAAANSUhEUgAAAWQAAADcAQMAAAB9O0nPAAAAA1BMVEWurq51dlI4AAAAAXRSTlMmkutdmwAAACBJREFUaN7twTEBAAAAwiD7p7bDbmAAAAAAAAAAAABAdieIAAGQh2mWAAAAAElFTkSuQmCC\" alt=\"\" title=\"Qualidade do ar e a sa\u00fade dos usu\u00e1rios de espa\u00e7os internos\" data-type=\"image_tag\" data-img-url=\"https:\/\/www.institutodeengenharia.org.br\/site\/wp-content\/uploads\/2021\/03\/Qualidade-do-ar-e-a-saude-dos-usuarios-de-espacos-internos-1-2.webp\"  width=\"356\" height=\"151\" \/><\/a><\/div>\r\n            <div class=\"td-module-meta-info\">\r\n                <h3 class=\"entry-title td-module-title\"><a href=\"https:\/\/www.institutodeengenharia.org.br\/site\/2021\/03\/25\/qualidade-do-ar-e-a-saude-dos-usuarios-de-espacos-internos\/\"  rel=\"bookmark\" title=\"Qualidade do ar e a sa\u00fade dos usu\u00e1rios de espa\u00e7os internos\">Qualidade do ar e a sa\u00fade dos usu\u00e1rios de espa\u00e7os internos<\/a><\/h3>                <div class=\"td-editor-date\">\r\n                                        <span class=\"td-author-date\">\r\n                                                <span class=\"td-post-date\"><time class=\"entry-date updated td-module-date\" datetime=\"2021-03-25T15:00:22-03:00\" >25\/03\/2021<\/time><\/span>                    <\/span>\r\n                <\/div>\r\n            <\/div>\r\n\r\n        <\/div>\r\n\r\n        \n\t<\/div> <!-- .\/td-block-span4 -->\n\n\t<div class=\"td-block-span4\">\n\r\n        <div class=\"td_module_mx1 td_module_wrap td-animation-stack\">\r\n            <div class=\"td-module-thumb\"><a href=\"https:\/\/www.institutodeengenharia.org.br\/site\/2021\/03\/25\/reforco-de-estruturas-utilizando-protensao-externa\/\"  rel=\"bookmark\" class=\"td-image-wrap \" title=\"Refor\u00e7o de estruturas utilizando protens\u00e3o externa\" ><img loading=\"lazy\" decoding=\"async\" class=\"entry-thumb\" src=\"data:image\/png;base64,iVBORw0KGgoAAAANSUhEUgAAAWQAAADcAQMAAAB9O0nPAAAAA1BMVEWurq51dlI4AAAAAXRSTlMmkutdmwAAACBJREFUaN7twTEBAAAAwiD7p7bDbmAAAAAAAAAAAABAdieIAAGQh2mWAAAAAElFTkSuQmCC\" alt=\"\" title=\"Refor\u00e7o de estruturas utilizando protens\u00e3o externa\" data-type=\"image_tag\" data-img-url=\"https:\/\/www.institutodeengenharia.org.br\/site\/wp-content\/uploads\/2021\/03\/reforcoestruturas-1.webp\"  width=\"341\" height=\"220\" \/><\/a><\/div>\r\n            <div class=\"td-module-meta-info\">\r\n                <h3 class=\"entry-title td-module-title\"><a href=\"https:\/\/www.institutodeengenharia.org.br\/site\/2021\/03\/25\/reforco-de-estruturas-utilizando-protensao-externa\/\"  rel=\"bookmark\" title=\"Refor\u00e7o de estruturas utilizando protens\u00e3o externa\">Refor\u00e7o de estruturas utilizando protens\u00e3o externa<\/a><\/h3>                <div class=\"td-editor-date\">\r\n                                        <span class=\"td-author-date\">\r\n                                                <span class=\"td-post-date\"><time class=\"entry-date updated td-module-date\" datetime=\"2021-03-25T14:56:04-03:00\" >25\/03\/2021<\/time><\/span>                    <\/span>\r\n                <\/div>\r\n            <\/div>\r\n\r\n        <\/div>\r\n\r\n        \n\t<\/div> <!-- .\/td-block-span4 --><\/div><!--.\/row-fluid-->\n\n\t<div class=\"td-block-row\">\n\n\t<div class=\"td-block-span4\">\n\r\n        <div class=\"td_module_mx1 td_module_wrap td-animation-stack\">\r\n            <div class=\"td-module-thumb\"><a href=\"https:\/\/www.institutodeengenharia.org.br\/site\/2021\/03\/25\/dimensionamento-para-ventilacao-de-espacos-confinados\/\"  rel=\"bookmark\" class=\"td-image-wrap \" title=\"Dimensionamento para Ventila\u00e7\u00e3o de Espa\u00e7os Confinados\" ><img loading=\"lazy\" decoding=\"async\" class=\"entry-thumb\" src=\"data:image\/png;base64,iVBORw0KGgoAAAANSUhEUgAAAWQAAADcAQMAAAB9O0nPAAAAA1BMVEWurq51dlI4AAAAAXRSTlMmkutdmwAAACBJREFUaN7twTEBAAAAwiD7p7bDbmAAAAAAAAAAAABAdieIAAGQh2mWAAAAAElFTkSuQmCC\" alt=\"\" title=\"Dimensionamento para Ventila\u00e7\u00e3o de Espa\u00e7os Confinados\" data-type=\"image_tag\" data-img-url=\"https:\/\/www.institutodeengenharia.org.br\/site\/wp-content\/uploads\/2021\/03\/ventiladortv.webp\"  width=\"356\" height=\"199\" \/><\/a><\/div>\r\n            <div class=\"td-module-meta-info\">\r\n                <h3 class=\"entry-title td-module-title\"><a href=\"https:\/\/www.institutodeengenharia.org.br\/site\/2021\/03\/25\/dimensionamento-para-ventilacao-de-espacos-confinados\/\"  rel=\"bookmark\" title=\"Dimensionamento para Ventila\u00e7\u00e3o de Espa\u00e7os Confinados\">Dimensionamento para Ventila\u00e7\u00e3o de Espa\u00e7os Confinados<\/a><\/h3>                <div class=\"td-editor-date\">\r\n                                        <span class=\"td-author-date\">\r\n                                                <span class=\"td-post-date\"><time class=\"entry-date updated td-module-date\" datetime=\"2021-03-25T14:46:36-03:00\" >25\/03\/2021<\/time><\/span>                    <\/span>\r\n                <\/div>\r\n            <\/div>\r\n\r\n        <\/div>\r\n\r\n        \n\t<\/div> <!-- .\/td-block-span4 -->\n\n\t<div class=\"td-block-span4\">\n\r\n        <div class=\"td_module_mx1 td_module_wrap td-animation-stack\">\r\n            <div class=\"td-module-thumb\"><a href=\"https:\/\/www.institutodeengenharia.org.br\/site\/2021\/03\/23\/ie-talks-panorama-de-rupturas-geotecnicas-e-gestao-de-risco\/\"  rel=\"bookmark\" class=\"td-image-wrap \" title=\"IE TALKS: Panorama de Rupturas Geot\u00e9cnicas e Gest\u00e3o de Risco\" ><img loading=\"lazy\" decoding=\"async\" class=\"entry-thumb\" src=\"data:image\/png;base64,iVBORw0KGgoAAAANSUhEUgAAAWQAAADcAQMAAAB9O0nPAAAAA1BMVEWurq51dlI4AAAAAXRSTlMmkutdmwAAACBJREFUaN7twTEBAAAAwiD7p7bDbmAAAAAAAAAAAABAdieIAAGQh2mWAAAAAElFTkSuQmCC\" alt=\"\" title=\"IE TALKS: Panorama de Rupturas Geot\u00e9cnicas e Gest\u00e3o de Risco\" data-type=\"image_tag\" data-img-url=\"https:\/\/www.institutodeengenharia.org.br\/site\/wp-content\/uploads\/2021\/03\/panorama-.jpg\"  width=\"333\" height=\"197\" \/><\/a><\/div>\r\n            <div class=\"td-module-meta-info\">\r\n                <h3 class=\"entry-title td-module-title\"><a href=\"https:\/\/www.institutodeengenharia.org.br\/site\/2021\/03\/23\/ie-talks-panorama-de-rupturas-geotecnicas-e-gestao-de-risco\/\"  rel=\"bookmark\" title=\"IE TALKS: Panorama de Rupturas Geot\u00e9cnicas e Gest\u00e3o de Risco\">IE TALKS: Panorama de Rupturas Geot\u00e9cnicas e Gest\u00e3o de Risco<\/a><\/h3>                <div class=\"td-editor-date\">\r\n                                        <span class=\"td-author-date\">\r\n                                                <span class=\"td-post-date\"><time class=\"entry-date updated td-module-date\" datetime=\"2021-03-23T17:00:38-03:00\" >23\/03\/2021<\/time><\/span>                    <\/span>\r\n                <\/div>\r\n            <\/div>\r\n\r\n        <\/div>\r\n\r\n        \n\t<\/div> <!-- .\/td-block-span4 -->\n\n\t<div class=\"td-block-span4\">\n\r\n        <div class=\"td_module_mx1 td_module_wrap td-animation-stack\">\r\n            <div class=\"td-module-thumb\"><a href=\"https:\/\/www.institutodeengenharia.org.br\/site\/2021\/03\/23\/lancamento-caderno-especial-amazonia-e-bioeconomia-2\/\"  rel=\"bookmark\" class=\"td-image-wrap \" title=\"Lan\u00e7amento Caderno Especial: Amaz\u00f4nia e Bioeconomia\" ><img loading=\"lazy\" decoding=\"async\" class=\"entry-thumb\" src=\"data:image\/png;base64,iVBORw0KGgoAAAANSUhEUgAAAWQAAADcAQMAAAB9O0nPAAAAA1BMVEWurq51dlI4AAAAAXRSTlMmkutdmwAAACBJREFUaN7twTEBAAAAwiD7p7bDbmAAAAAAAAAAAABAdieIAAGQh2mWAAAAAElFTkSuQmCC\" alt=\"\" title=\"Lan\u00e7amento Caderno Especial: Amaz\u00f4nia e Bioeconomia\" data-type=\"image_tag\" data-img-url=\"https:\/\/www.institutodeengenharia.org.br\/site\/wp-content\/uploads\/2021\/03\/materiadanosamazonia-1-2.webp\"  width=\"356\" height=\"188\" \/><\/a><\/div>\r\n            <div class=\"td-module-meta-info\">\r\n                <h3 class=\"entry-title td-module-title\"><a href=\"https:\/\/www.institutodeengenharia.org.br\/site\/2021\/03\/23\/lancamento-caderno-especial-amazonia-e-bioeconomia-2\/\"  rel=\"bookmark\" title=\"Lan\u00e7amento Caderno Especial: Amaz\u00f4nia e Bioeconomia\">Lan\u00e7amento Caderno Especial: Amaz\u00f4nia e Bioeconomia<\/a><\/h3>                <div class=\"td-editor-date\">\r\n                                        <span class=\"td-author-date\">\r\n                                                <span class=\"td-post-date\"><time class=\"entry-date updated td-module-date\" datetime=\"2021-03-23T16:02:48-03:00\" >23\/03\/2021<\/time><\/span>                    <\/span>\r\n                <\/div>\r\n            <\/div>\r\n\r\n        <\/div>\r\n\r\n        \n\t<\/div> <!-- .\/td-block-span4 --><\/div><!--.\/row-fluid-->\n\n\t<div class=\"td-block-row\">\n\n\t<div class=\"td-block-span4\">\n\r\n        <div class=\"td_module_mx1 td_module_wrap td-animation-stack\">\r\n            <div class=\"td-module-thumb\"><a href=\"https:\/\/www.institutodeengenharia.org.br\/site\/2021\/03\/18\/por-que-vazam-com-frequencia-reservatorios-e-piscinas-de-concreto-armado\/\"  rel=\"bookmark\" class=\"td-image-wrap \" title=\"Por que vazam com frequ\u00eancia reservat\u00f3rios e piscinas de concreto armado?\" ><img loading=\"lazy\" decoding=\"async\" class=\"entry-thumb\" src=\"data:image\/png;base64,iVBORw0KGgoAAAANSUhEUgAAAWQAAADcAQMAAAB9O0nPAAAAA1BMVEWurq51dlI4AAAAAXRSTlMmkutdmwAAACBJREFUaN7twTEBAAAAwiD7p7bDbmAAAAAAAAAAAABAdieIAAGQh2mWAAAAAElFTkSuQmCC\" alt=\"\" title=\"Por que vazam com frequ\u00eancia reservat\u00f3rios e piscinas de concreto armado?\" data-type=\"image_tag\" data-img-url=\"https:\/\/www.institutodeengenharia.org.br\/site\/wp-content\/uploads\/2021\/03\/Por-que-vazam-com-frequencia-reservatorios-e-piscinas-de-concreto-armado-2.webp\"  width=\"356\" height=\"150\" \/><\/a><\/div>\r\n            <div class=\"td-module-meta-info\">\r\n                <h3 class=\"entry-title td-module-title\"><a href=\"https:\/\/www.institutodeengenharia.org.br\/site\/2021\/03\/18\/por-que-vazam-com-frequencia-reservatorios-e-piscinas-de-concreto-armado\/\"  rel=\"bookmark\" title=\"Por que vazam com frequ\u00eancia reservat\u00f3rios e piscinas de concreto armado?\">Por que vazam com frequ\u00eancia reservat\u00f3rios e piscinas de concreto armado?<\/a><\/h3>                <div class=\"td-editor-date\">\r\n                                        <span class=\"td-author-date\">\r\n                                                <span class=\"td-post-date\"><time class=\"entry-date updated td-module-date\" datetime=\"2021-03-18T14:31:05-03:00\" >18\/03\/2021<\/time><\/span>                    <\/span>\r\n                <\/div>\r\n            <\/div>\r\n\r\n        <\/div>\r\n\r\n        \n\t<\/div> <!-- .\/td-block-span4 -->\n\n\t<div class=\"td-block-span4\">\n\r\n        <div class=\"td_module_mx1 td_module_wrap td-animation-stack\">\r\n            <div class=\"td-module-thumb\"><a href=\"https:\/\/www.institutodeengenharia.org.br\/site\/2021\/03\/16\/ie-talks-ana-maria-primavesi-historias-de-vida-e-agroecologia\/\"  rel=\"bookmark\" class=\"td-image-wrap \" title=\"IE TALKS: Ana Maria Primavesi &#8211; Hist\u00f3rias de vida e agroecologia\" ><img loading=\"lazy\" decoding=\"async\" class=\"entry-thumb\" src=\"data:image\/png;base64,iVBORw0KGgoAAAANSUhEUgAAAWQAAADcAQMAAAB9O0nPAAAAA1BMVEWurq51dlI4AAAAAXRSTlMmkutdmwAAACBJREFUaN7twTEBAAAAwiD7p7bDbmAAAAAAAAAAAABAdieIAAGQh2mWAAAAAElFTkSuQmCC\" alt=\"\" title=\"IE TALKS: Ana Maria Primavesi &#8211; Hist\u00f3rias de vida e agroecologia\" data-type=\"image_tag\" data-img-url=\"https:\/\/www.institutodeengenharia.org.br\/site\/wp-content\/uploads\/2021\/03\/IE-Talks_Ana-Maria-Primavesi-historias-de-vida-e-agroecologia-356x220.jpg\"  width=\"356\" height=\"220\" \/><\/a><\/div>\r\n            <div class=\"td-module-meta-info\">\r\n                <h3 class=\"entry-title td-module-title\"><a href=\"https:\/\/www.institutodeengenharia.org.br\/site\/2021\/03\/16\/ie-talks-ana-maria-primavesi-historias-de-vida-e-agroecologia\/\"  rel=\"bookmark\" title=\"IE TALKS: Ana Maria Primavesi &#8211; Hist\u00f3rias de vida e agroecologia\">IE TALKS: Ana Maria Primavesi &#8211; Hist\u00f3rias de vida e agroecologia<\/a><\/h3>                <div class=\"td-editor-date\">\r\n                                        <span class=\"td-author-date\">\r\n                                                <span class=\"td-post-date\"><time class=\"entry-date updated td-module-date\" datetime=\"2021-03-16T15:55:17-03:00\" >16\/03\/2021<\/time><\/span>                    <\/span>\r\n                <\/div>\r\n            <\/div>\r\n\r\n        <\/div>\r\n\r\n        \n\t<\/div> <!-- .\/td-block-span4 -->\n\n\t<div class=\"td-block-span4\">\n\r\n        <div class=\"td_module_mx1 td_module_wrap td-animation-stack\">\r\n            <div class=\"td-module-thumb\"><a href=\"https:\/\/www.institutodeengenharia.org.br\/site\/2021\/03\/16\/lancamento-do-livro-manual-de-engenharia-diagnostica-2a-edicao\/\"  rel=\"bookmark\" class=\"td-image-wrap \" title=\"Lan\u00e7amento do livro Manual de Engenharia Diagn\u00f3stica (2\u00aa Edi\u00e7\u00e3o)\" ><img loading=\"lazy\" decoding=\"async\" class=\"entry-thumb\" src=\"data:image\/png;base64,iVBORw0KGgoAAAANSUhEUgAAAWQAAADcAQMAAAB9O0nPAAAAA1BMVEWurq51dlI4AAAAAXRSTlMmkutdmwAAACBJREFUaN7twTEBAAAAwiD7p7bDbmAAAAAAAAAAAABAdieIAAGQh2mWAAAAAElFTkSuQmCC\" alt=\"\" title=\"Lan\u00e7amento do livro Manual de Engenharia Diagn\u00f3stica (2\u00aa Edi\u00e7\u00e3o)\" data-type=\"image_tag\" data-img-url=\"https:\/\/www.institutodeengenharia.org.br\/site\/wp-content\/uploads\/2021\/03\/manual-de-engenharia-diagnostica-356x220.jpg\"  width=\"356\" height=\"220\" \/><\/a><\/div>\r\n            <div class=\"td-module-meta-info\">\r\n                <h3 class=\"entry-title td-module-title\"><a href=\"https:\/\/www.institutodeengenharia.org.br\/site\/2021\/03\/16\/lancamento-do-livro-manual-de-engenharia-diagnostica-2a-edicao\/\"  rel=\"bookmark\" title=\"Lan\u00e7amento do livro Manual de Engenharia Diagn\u00f3stica (2\u00aa Edi\u00e7\u00e3o)\">Lan\u00e7amento do livro Manual de Engenharia Diagn\u00f3stica (2\u00aa Edi\u00e7\u00e3o)<\/a><\/h3>                <div class=\"td-editor-date\">\r\n                                        <span class=\"td-author-date\">\r\n                                                <span class=\"td-post-date\"><time class=\"entry-date updated td-module-date\" datetime=\"2021-03-16T14:19:15-03:00\" >16\/03\/2021<\/time><\/span>                    <\/span>\r\n                <\/div>\r\n            <\/div>\r\n\r\n        <\/div>\r\n\r\n        \n\t<\/div> <!-- .\/td-block-span4 --><\/div><!--.\/row-fluid-->\n\n\t<div class=\"td-block-row\">\n\n\t<div class=\"td-block-span4\">\n\r\n        <div class=\"td_module_mx1 td_module_wrap td-animation-stack\">\r\n            <div class=\"td-module-thumb\"><a href=\"https:\/\/www.institutodeengenharia.org.br\/site\/2021\/03\/11\/seminario-projeto-rio-pinheiros-dois-anos-depois-tarde\/\"  rel=\"bookmark\" class=\"td-image-wrap \" title=\"Semin\u00e1rio: Projeto Rio Pinheiros \u2013 dois anos depois (Tarde)\" ><img loading=\"lazy\" decoding=\"async\" class=\"entry-thumb\" src=\"data:image\/png;base64,iVBORw0KGgoAAAANSUhEUgAAAWQAAADcAQMAAAB9O0nPAAAAA1BMVEWurq51dlI4AAAAAXRSTlMmkutdmwAAACBJREFUaN7twTEBAAAAwiD7p7bDbmAAAAAAAAAAAABAdieIAAGQh2mWAAAAAElFTkSuQmCC\" alt=\"\" title=\"Semin\u00e1rio: Projeto Rio Pinheiros \u2013 dois anos depois (Tarde)\" data-type=\"image_tag\" data-img-url=\"https:\/\/www.institutodeengenharia.org.br\/site\/wp-content\/uploads\/2021\/03\/iStock-186232464-e1613667485107-696x373-1-356x220.jpg\"  width=\"356\" height=\"220\" \/><\/a><\/div>\r\n            <div class=\"td-module-meta-info\">\r\n                <h3 class=\"entry-title td-module-title\"><a href=\"https:\/\/www.institutodeengenharia.org.br\/site\/2021\/03\/11\/seminario-projeto-rio-pinheiros-dois-anos-depois-tarde\/\"  rel=\"bookmark\" title=\"Semin\u00e1rio: Projeto Rio Pinheiros \u2013 dois anos depois (Tarde)\">Semin\u00e1rio: Projeto Rio Pinheiros \u2013 dois anos depois (Tarde)<\/a><\/h3>                <div class=\"td-editor-date\">\r\n                                        <span class=\"td-author-date\">\r\n                                                <span class=\"td-post-date\"><time class=\"entry-date updated td-module-date\" datetime=\"2021-03-11T11:56:03-03:00\" >11\/03\/2021<\/time><\/span>                    <\/span>\r\n                <\/div>\r\n            <\/div>\r\n\r\n        <\/div>\r\n\r\n        \n\t<\/div> <!-- .\/td-block-span4 -->\n\n\t<div class=\"td-block-span4\">\n\r\n        <div class=\"td_module_mx1 td_module_wrap td-animation-stack\">\r\n            <div class=\"td-module-thumb\"><a href=\"https:\/\/www.institutodeengenharia.org.br\/site\/2021\/03\/11\/seminario-projeto-rio-pinheiros-dois-anos-depois\/\"  rel=\"bookmark\" class=\"td-image-wrap \" title=\"Semin\u00e1rio: Projeto Rio Pinheiros \u2013 dois anos depois\" ><img loading=\"lazy\" decoding=\"async\" class=\"entry-thumb\" src=\"data:image\/png;base64,iVBORw0KGgoAAAANSUhEUgAAAWQAAADcAQMAAAB9O0nPAAAAA1BMVEWurq51dlI4AAAAAXRSTlMmkutdmwAAACBJREFUaN7twTEBAAAAwiD7p7bDbmAAAAAAAAAAAABAdieIAAGQh2mWAAAAAElFTkSuQmCC\" alt=\"\" title=\"Semin\u00e1rio: Projeto Rio Pinheiros \u2013 dois anos depois\" data-type=\"image_tag\" data-img-url=\"https:\/\/www.institutodeengenharia.org.br\/site\/wp-content\/uploads\/2021\/03\/iStock-186232464-e1613667485107-696x373-1-356x220.jpg\"  width=\"356\" height=\"220\" \/><\/a><\/div>\r\n            <div class=\"td-module-meta-info\">\r\n                <h3 class=\"entry-title td-module-title\"><a href=\"https:\/\/www.institutodeengenharia.org.br\/site\/2021\/03\/11\/seminario-projeto-rio-pinheiros-dois-anos-depois\/\"  rel=\"bookmark\" title=\"Semin\u00e1rio: Projeto Rio Pinheiros \u2013 dois anos depois\">Semin\u00e1rio: Projeto Rio Pinheiros \u2013 dois anos depois<\/a><\/h3>                <div class=\"td-editor-date\">\r\n                                        <span class=\"td-author-date\">\r\n                                                <span class=\"td-post-date\"><time class=\"entry-date updated td-module-date\" datetime=\"2021-03-11T10:00:57-03:00\" >11\/03\/2021<\/time><\/span>                    <\/span>\r\n                <\/div>\r\n            <\/div>\r\n\r\n        <\/div>\r\n\r\n        \n\t<\/div> <!-- .\/td-block-span4 -->\n\n\t<div class=\"td-block-span4\">\n\r\n        <div class=\"td_module_mx1 td_module_wrap td-animation-stack\">\r\n            <div class=\"td-module-thumb\"><a href=\"https:\/\/www.institutodeengenharia.org.br\/site\/2021\/03\/08\/reuniao-especial-dia-internacional-da-mulher\/\"  rel=\"bookmark\" class=\"td-image-wrap \" title=\"Reuni\u00e3o Especial: Dia Internacional da Mulher\" ><img loading=\"lazy\" decoding=\"async\" class=\"entry-thumb\" src=\"data:image\/png;base64,iVBORw0KGgoAAAANSUhEUgAAAWQAAADcAQMAAAB9O0nPAAAAA1BMVEWurq51dlI4AAAAAXRSTlMmkutdmwAAACBJREFUaN7twTEBAAAAwiD7p7bDbmAAAAAAAAAAAABAdieIAAGQh2mWAAAAAElFTkSuQmCC\" alt=\"\" title=\"Reuni\u00e3o Especial: Dia Internacional da Mulher\" data-type=\"image_tag\" data-img-url=\"https:\/\/www.institutodeengenharia.org.br\/site\/wp-content\/uploads\/2020\/08\/reuni\u00e3o-mulheres-na-engenharia-356x220.jpg\"  width=\"356\" height=\"220\" \/><\/a><\/div>\r\n            <div class=\"td-module-meta-info\">\r\n                <h3 class=\"entry-title td-module-title\"><a href=\"https:\/\/www.institutodeengenharia.org.br\/site\/2021\/03\/08\/reuniao-especial-dia-internacional-da-mulher\/\"  rel=\"bookmark\" title=\"Reuni\u00e3o Especial: Dia Internacional da Mulher\">Reuni\u00e3o Especial: Dia Internacional da Mulher<\/a><\/h3>                <div class=\"td-editor-date\">\r\n                                        <span class=\"td-author-date\">\r\n                                                <span class=\"td-post-date\"><time class=\"entry-date updated td-module-date\" datetime=\"2021-03-08T13:38:48-03:00\" >08\/03\/2021<\/time><\/span>                    <\/span>\r\n                <\/div>\r\n            <\/div>\r\n\r\n        <\/div>\r\n\r\n        \n\t<\/div> <!-- .\/td-block-span4 --><\/div><!--.\/row-fluid-->\n\n\t<div class=\"td-block-row\">\n\n\t<div class=\"td-block-span4\">\n\r\n        <div class=\"td_module_mx1 td_module_wrap td-animation-stack\">\r\n            <div class=\"td-module-thumb\"><a href=\"https:\/\/www.institutodeengenharia.org.br\/site\/2021\/03\/04\/homenagem-a-joao-octaviano-machado-neto-2\/\"  rel=\"bookmark\" class=\"td-image-wrap \" title=\"Homenagem a Jo\u00e3o Octaviano Machado Neto\" ><img loading=\"lazy\" decoding=\"async\" class=\"entry-thumb\" src=\"data:image\/png;base64,iVBORw0KGgoAAAANSUhEUgAAAWQAAADcAQMAAAB9O0nPAAAAA1BMVEWurq51dlI4AAAAAXRSTlMmkutdmwAAACBJREFUaN7twTEBAAAAwiD7p7bDbmAAAAAAAAAAAABAdieIAAGQh2mWAAAAAElFTkSuQmCC\" alt=\"\" title=\"Homenagem a Jo\u00e3o Octaviano Machado Neto\" data-type=\"image_tag\" data-img-url=\"https:\/\/www.institutodeengenharia.org.br\/site\/wp-content\/uploads\/2021\/03\/JO-356x220.png\"  width=\"356\" height=\"220\" \/><\/a><\/div>\r\n            <div class=\"td-module-meta-info\">\r\n                <h3 class=\"entry-title td-module-title\"><a href=\"https:\/\/www.institutodeengenharia.org.br\/site\/2021\/03\/04\/homenagem-a-joao-octaviano-machado-neto-2\/\"  rel=\"bookmark\" title=\"Homenagem a Jo\u00e3o Octaviano Machado Neto\">Homenagem a Jo\u00e3o Octaviano Machado Neto<\/a><\/h3>                <div class=\"td-editor-date\">\r\n                                        <span class=\"td-author-date\">\r\n                                                <span class=\"td-post-date\"><time class=\"entry-date updated td-module-date\" datetime=\"2021-03-04T15:30:31-03:00\" >04\/03\/2021<\/time><\/span>                    <\/span>\r\n                <\/div>\r\n            <\/div>\r\n\r\n        <\/div>\r\n\r\n        \n\t<\/div> <!-- .\/td-block-span4 -->\n\n\t<div class=\"td-block-span4\">\n\r\n        <div class=\"td_module_mx1 td_module_wrap td-animation-stack\">\r\n            <div class=\"td-module-thumb\"><a href=\"https:\/\/www.institutodeengenharia.org.br\/site\/2021\/03\/02\/ie-talks-portos-e-terminais-maritimos-do-brasil\/\"  rel=\"bookmark\" class=\"td-image-wrap \" title=\"IE Talks: Portos e Terminais Mar\u00edtimos do Brasil\" ><img loading=\"lazy\" decoding=\"async\" class=\"entry-thumb\" src=\"data:image\/png;base64,iVBORw0KGgoAAAANSUhEUgAAAWQAAADcAQMAAAB9O0nPAAAAA1BMVEWurq51dlI4AAAAAXRSTlMmkutdmwAAACBJREFUaN7twTEBAAAAwiD7p7bDbmAAAAAAAAAAAABAdieIAAGQh2mWAAAAAElFTkSuQmCC\" alt=\"\" title=\"IE Talks: Portos e Terminais Mar\u00edtimos do Brasil\" data-type=\"image_tag\" data-img-url=\"https:\/\/www.institutodeengenharia.org.br\/site\/wp-content\/uploads\/2021\/03\/portos-e-terminais-do-br-1.webp\"  width=\"323\" height=\"220\" \/><\/a><\/div>\r\n            <div class=\"td-module-meta-info\">\r\n                <h3 class=\"entry-title td-module-title\"><a href=\"https:\/\/www.institutodeengenharia.org.br\/site\/2021\/03\/02\/ie-talks-portos-e-terminais-maritimos-do-brasil\/\"  rel=\"bookmark\" title=\"IE Talks: Portos e Terminais Mar\u00edtimos do Brasil\">IE Talks: Portos e Terminais Mar\u00edtimos do Brasil<\/a><\/h3>                <div class=\"td-editor-date\">\r\n                                        <span class=\"td-author-date\">\r\n                                                <span class=\"td-post-date\"><time class=\"entry-date updated td-module-date\" datetime=\"2021-03-02T13:31:46-03:00\" >02\/03\/2021<\/time><\/span>                    <\/span>\r\n                <\/div>\r\n            <\/div>\r\n\r\n        <\/div>\r\n\r\n        \n\t<\/div> <!-- .\/td-block-span4 -->\n\n\t<div class=\"td-block-span4\">\n\r\n        <div class=\"td_module_mx1 td_module_wrap td-animation-stack\">\r\n            <div class=\"td-module-thumb\"><a href=\"https:\/\/www.institutodeengenharia.org.br\/site\/2021\/03\/02\/ie-talks-divisoes-tecnicas-livro-compliance-a-excelencia-na-pratica\/\"  rel=\"bookmark\" class=\"td-image-wrap \" title=\"IE TALKS: Divis\u00f5es T\u00e9cnicas &#8211; Livro Compliance \u2013 A Excel\u00eancia na Pr\u00e1tica\" ><img loading=\"lazy\" decoding=\"async\" class=\"entry-thumb\" src=\"data:image\/png;base64,iVBORw0KGgoAAAANSUhEUgAAAWQAAADcAQMAAAB9O0nPAAAAA1BMVEWurq51dlI4AAAAAXRSTlMmkutdmwAAACBJREFUaN7twTEBAAAAwiD7p7bDbmAAAAAAAAAAAABAdieIAAGQh2mWAAAAAElFTkSuQmCC\" alt=\"\" title=\"IE TALKS: Divis\u00f5es T\u00e9cnicas &#8211; Livro Compliance \u2013 A Excel\u00eancia na Pr\u00e1tica\" data-type=\"image_tag\" data-img-url=\"https:\/\/www.institutodeengenharia.org.br\/site\/wp-content\/uploads\/2021\/03\/Compliance-\u2013-A-Excelencia-na-Pratica.webp\"  width=\"356\" height=\"178\" \/><\/a><\/div>\r\n            <div class=\"td-module-meta-info\">\r\n                <h3 class=\"entry-title td-module-title\"><a href=\"https:\/\/www.institutodeengenharia.org.br\/site\/2021\/03\/02\/ie-talks-divisoes-tecnicas-livro-compliance-a-excelencia-na-pratica\/\"  rel=\"bookmark\" title=\"IE TALKS: Divis\u00f5es T\u00e9cnicas &#8211; Livro Compliance \u2013 A Excel\u00eancia na Pr\u00e1tica\">IE TALKS: Divis\u00f5es T\u00e9cnicas &#8211; Livro Compliance \u2013 A Excel\u00eancia na Pr\u00e1tica<\/a><\/h3>                <div class=\"td-editor-date\">\r\n                                        <span class=\"td-author-date\">\r\n                                                <span class=\"td-post-date\"><time class=\"entry-date updated td-module-date\" datetime=\"2021-03-02T12:33:13-03:00\" >02\/03\/2021<\/time><\/span>                    <\/span>\r\n                <\/div>\r\n            <\/div>\r\n\r\n        <\/div>\r\n\r\n        \n\t<\/div> <!-- .\/td-block-span4 --><\/div><!--.\/row-fluid-->\n\n\t<div class=\"td-block-row\">\n\n\t<div class=\"td-block-span4\">\n\r\n        <div class=\"td_module_mx1 td_module_wrap td-animation-stack\">\r\n            <div class=\"td-module-thumb\"><a href=\"https:\/\/www.institutodeengenharia.org.br\/site\/2021\/02\/25\/os-problemas-de-drenagem-em-obras-lineares\/\"  rel=\"bookmark\" class=\"td-image-wrap \" title=\"Os problemas de drenagem em obras lineares\" ><img loading=\"lazy\" decoding=\"async\" class=\"entry-thumb\" src=\"data:image\/png;base64,iVBORw0KGgoAAAANSUhEUgAAAWQAAADcAQMAAAB9O0nPAAAAA1BMVEWurq51dlI4AAAAAXRSTlMmkutdmwAAACBJREFUaN7twTEBAAAAwiD7p7bDbmAAAAAAAAAAAABAdieIAAGQh2mWAAAAAElFTkSuQmCC\" alt=\"\" title=\"Os problemas de drenagem em obras lineares\" data-type=\"image_tag\" data-img-url=\"https:\/\/www.institutodeengenharia.org.br\/site\/wp-content\/uploads\/2021\/02\/alagamento-e1613397451373-356x220.jpg\"  width=\"356\" height=\"220\" \/><\/a><\/div>\r\n            <div class=\"td-module-meta-info\">\r\n                <h3 class=\"entry-title td-module-title\"><a href=\"https:\/\/www.institutodeengenharia.org.br\/site\/2021\/02\/25\/os-problemas-de-drenagem-em-obras-lineares\/\"  rel=\"bookmark\" title=\"Os problemas de drenagem em obras lineares\">Os problemas de drenagem em obras lineares<\/a><\/h3>                <div class=\"td-editor-date\">\r\n                                        <span class=\"td-author-date\">\r\n                                                <span class=\"td-post-date\"><time class=\"entry-date updated td-module-date\" datetime=\"2021-02-25T18:00:28-03:00\" >25\/02\/2021<\/time><\/span>                    <\/span>\r\n                <\/div>\r\n            <\/div>\r\n\r\n        <\/div>\r\n\r\n        \n\t<\/div> <!-- .\/td-block-span4 -->\n\n\t<div class=\"td-block-span4\">\n\r\n        <div class=\"td_module_mx1 td_module_wrap td-animation-stack\">\r\n            <div class=\"td-module-thumb\"><a href=\"https:\/\/www.institutodeengenharia.org.br\/site\/2021\/02\/23\/con-viver-em-equipe\/\"  rel=\"bookmark\" class=\"td-image-wrap \" title=\"Con-viver em equipe\" ><img loading=\"lazy\" decoding=\"async\" class=\"entry-thumb\" src=\"data:image\/png;base64,iVBORw0KGgoAAAANSUhEUgAAAWQAAADcAQMAAAB9O0nPAAAAA1BMVEWurq51dlI4AAAAAXRSTlMmkutdmwAAACBJREFUaN7twTEBAAAAwiD7p7bDbmAAAAAAAAAAAABAdieIAAGQh2mWAAAAAElFTkSuQmCC\" alt=\"\" title=\"Con-viver em equipe\" data-type=\"image_tag\" data-img-url=\"https:\/\/www.institutodeengenharia.org.br\/site\/wp-content\/uploads\/2021\/02\/con-viver-em-equipe-356x220.jpg\"  width=\"356\" height=\"220\" \/><\/a><\/div>\r\n            <div class=\"td-module-meta-info\">\r\n                <h3 class=\"entry-title td-module-title\"><a href=\"https:\/\/www.institutodeengenharia.org.br\/site\/2021\/02\/23\/con-viver-em-equipe\/\"  rel=\"bookmark\" title=\"Con-viver em equipe\">Con-viver em equipe<\/a><\/h3>                <div class=\"td-editor-date\">\r\n                                        <span class=\"td-author-date\">\r\n                                                <span class=\"td-post-date\"><time class=\"entry-date updated td-module-date\" datetime=\"2021-02-23T17:00:12-03:00\" >23\/02\/2021<\/time><\/span>                    <\/span>\r\n                <\/div>\r\n            <\/div>\r\n\r\n        <\/div>\r\n\r\n        \n\t<\/div> <!-- .\/td-block-span4 -->\n\n\t<div class=\"td-block-span4\">\n\r\n        <div class=\"td_module_mx1 td_module_wrap td-animation-stack\">\r\n            <div class=\"td-module-thumb\"><a href=\"https:\/\/www.institutodeengenharia.org.br\/site\/2021\/02\/19\/simulacao-computacional-para-avaliacao-de-desempenho-termico-e-eficiencia-energetica-em-edificacoes\/\"  rel=\"bookmark\" class=\"td-image-wrap \" title=\"Simula\u00e7\u00e3o computacional para avalia\u00e7\u00e3o de desempenho t\u00e9rmico e efici\u00eancia energ\u00e9tica em edifica\u00e7\u00f5es\" ><img loading=\"lazy\" decoding=\"async\" class=\"entry-thumb\" src=\"data:image\/png;base64,iVBORw0KGgoAAAANSUhEUgAAAWQAAADcAQMAAAB9O0nPAAAAA1BMVEWurq51dlI4AAAAAXRSTlMmkutdmwAAACBJREFUaN7twTEBAAAAwiD7p7bDbmAAAAAAAAAAAABAdieIAAGQh2mWAAAAAElFTkSuQmCC\" alt=\"\" title=\"Simula\u00e7\u00e3o computacional para avalia\u00e7\u00e3o de desempenho t\u00e9rmico e efici\u00eancia energ\u00e9tica em edifica\u00e7\u00f5es\" data-type=\"image_tag\" data-img-url=\"https:\/\/www.institutodeengenharia.org.br\/site\/wp-content\/uploads\/2021\/02\/inercia-termica16566-356x220.jpg\"  width=\"356\" height=\"220\" \/><\/a><\/div>\r\n            <div class=\"td-module-meta-info\">\r\n                <h3 class=\"entry-title td-module-title\"><a href=\"https:\/\/www.institutodeengenharia.org.br\/site\/2021\/02\/19\/simulacao-computacional-para-avaliacao-de-desempenho-termico-e-eficiencia-energetica-em-edificacoes\/\"  rel=\"bookmark\" title=\"Simula\u00e7\u00e3o computacional para avalia\u00e7\u00e3o de desempenho t\u00e9rmico e efici\u00eancia energ\u00e9tica em edifica\u00e7\u00f5es\">Simula\u00e7\u00e3o computacional para avalia\u00e7\u00e3o de desempenho t\u00e9rmico e efici\u00eancia energ\u00e9tica em edifica\u00e7\u00f5es<\/a><\/h3>                <div class=\"td-editor-date\">\r\n                                        <span class=\"td-author-date\">\r\n                                                <span class=\"td-post-date\"><time class=\"entry-date updated td-module-date\" datetime=\"2021-02-19T19:00:59-03:00\" >19\/02\/2021<\/time><\/span>                    <\/span>\r\n                <\/div>\r\n            <\/div>\r\n\r\n        <\/div>\r\n\r\n        \n\t<\/div> <!-- .\/td-block-span4 --><\/div><!--.\/row-fluid-->\n\n\t<div class=\"td-block-row\">\n\n\t<div class=\"td-block-span4\">\n\r\n        <div class=\"td_module_mx1 td_module_wrap td-animation-stack\">\r\n            <div class=\"td-module-thumb\"><a href=\"https:\/\/www.institutodeengenharia.org.br\/site\/2021\/02\/11\/trilhando-carreira-no-mundo-de-facilities-e-ti-inspirar-oportunidades-na-area-fm\/\"  rel=\"bookmark\" class=\"td-image-wrap \" title=\"Trilhando Carreira no Mundo de Facilities e TI \u2013 Inspirar oportunidades na \u00e1rea FM\" ><img loading=\"lazy\" decoding=\"async\" class=\"entry-thumb\" src=\"data:image\/png;base64,iVBORw0KGgoAAAANSUhEUgAAAWQAAADcAQMAAAB9O0nPAAAAA1BMVEWurq51dlI4AAAAAXRSTlMmkutdmwAAACBJREFUaN7twTEBAAAAwiD7p7bDbmAAAAAAAAAAAABAdieIAAGQh2mWAAAAAElFTkSuQmCC\" alt=\"\" title=\"Trilhando Carreira no Mundo de Facilities e TI \u2013 Inspirar oportunidades na \u00e1rea FM\" data-type=\"image_tag\" data-img-url=\"https:\/\/www.institutodeengenharia.org.br\/site\/wp-content\/uploads\/2021\/02\/Facilities-dia-da-mulher-e1612464718489-356x220.jpg\"  width=\"356\" height=\"220\" \/><\/a><\/div>\r\n            <div class=\"td-module-meta-info\">\r\n                <h3 class=\"entry-title td-module-title\"><a href=\"https:\/\/www.institutodeengenharia.org.br\/site\/2021\/02\/11\/trilhando-carreira-no-mundo-de-facilities-e-ti-inspirar-oportunidades-na-area-fm\/\"  rel=\"bookmark\" title=\"Trilhando Carreira no Mundo de Facilities e TI \u2013 Inspirar oportunidades na \u00e1rea FM\">Trilhando Carreira no Mundo de Facilities e TI \u2013 Inspirar oportunidades na \u00e1rea FM<\/a><\/h3>                <div class=\"td-editor-date\">\r\n                                        <span class=\"td-author-date\">\r\n                                                <span class=\"td-post-date\"><time class=\"entry-date updated td-module-date\" datetime=\"2021-02-11T19:00:29-03:00\" >11\/02\/2021<\/time><\/span>                    <\/span>\r\n                <\/div>\r\n            <\/div>\r\n\r\n        <\/div>\r\n\r\n        \n\t<\/div> <!-- .\/td-block-span4 -->\n\n\t<div class=\"td-block-span4\">\n\r\n        <div class=\"td_module_mx1 td_module_wrap td-animation-stack\">\r\n            <div class=\"td-module-thumb\"><a href=\"https:\/\/www.institutodeengenharia.org.br\/site\/2021\/02\/09\/novo-mundo-rural\/\"  rel=\"bookmark\" class=\"td-image-wrap \" title=\"Novo mundo rural\" ><img loading=\"lazy\" decoding=\"async\" class=\"entry-thumb\" src=\"data:image\/png;base64,iVBORw0KGgoAAAANSUhEUgAAAWQAAADcAQMAAAB9O0nPAAAAA1BMVEWurq51dlI4AAAAAXRSTlMmkutdmwAAACBJREFUaN7twTEBAAAAwiD7p7bDbmAAAAAAAAAAAABAdieIAAGQh2mWAAAAAElFTkSuQmCC\" alt=\"\" title=\"Novo mundo rural\" data-type=\"image_tag\" data-img-url=\"https:\/\/www.institutodeengenharia.org.br\/site\/wp-content\/uploads\/2021\/02\/novo-mundo-rural-356x220.jpg\"  width=\"356\" height=\"220\" \/><\/a><\/div>\r\n            <div class=\"td-module-meta-info\">\r\n                <h3 class=\"entry-title td-module-title\"><a href=\"https:\/\/www.institutodeengenharia.org.br\/site\/2021\/02\/09\/novo-mundo-rural\/\"  rel=\"bookmark\" title=\"Novo mundo rural\">Novo mundo rural<\/a><\/h3>                <div class=\"td-editor-date\">\r\n                                        <span class=\"td-author-date\">\r\n                                                <span class=\"td-post-date\"><time class=\"entry-date updated td-module-date\" datetime=\"2021-02-09T10:50:56-03:00\" >09\/02\/2021<\/time><\/span>                    <\/span>\r\n                <\/div>\r\n            <\/div>\r\n\r\n        <\/div>\r\n\r\n        \n\t<\/div> <!-- .\/td-block-span4 -->\n\n\t<div class=\"td-block-span4\">\n\r\n        <div class=\"td_module_mx1 td_module_wrap td-animation-stack\">\r\n            <div class=\"td-module-thumb\"><a href=\"https:\/\/www.institutodeengenharia.org.br\/site\/2021\/02\/02\/proptech-4-0-novas-tecnologias-para-edificacoes-4-0-com-foco-em-eficiencia-sustentabilidade-e-gestao\/\"  rel=\"bookmark\" class=\"td-image-wrap \" title=\"PROPTECH 4.0 \u2013 Novas Tecnologias para edifica\u00e7\u00f5es 4.0 com foco em efici\u00eancia, sustentabilidade e gest\u00e3o\" ><img loading=\"lazy\" decoding=\"async\" class=\"entry-thumb\" src=\"data:image\/png;base64,iVBORw0KGgoAAAANSUhEUgAAAWQAAADcAQMAAAB9O0nPAAAAA1BMVEWurq51dlI4AAAAAXRSTlMmkutdmwAAACBJREFUaN7twTEBAAAAwiD7p7bDbmAAAAAAAAAAAABAdieIAAGQh2mWAAAAAElFTkSuQmCC\" alt=\"\" title=\"PROPTECH 4.0 \u2013 Novas Tecnologias para edifica\u00e7\u00f5es 4.0 com foco em efici\u00eancia, sustentabilidade e gest\u00e3o\" data-type=\"image_tag\" data-img-url=\"https:\/\/www.institutodeengenharia.org.br\/site\/wp-content\/uploads\/2021\/01\/london-3-1-e1611844184360-356x220.jpg\"  width=\"356\" height=\"220\" \/><\/a><\/div>\r\n            <div class=\"td-module-meta-info\">\r\n                <h3 class=\"entry-title td-module-title\"><a href=\"https:\/\/www.institutodeengenharia.org.br\/site\/2021\/02\/02\/proptech-4-0-novas-tecnologias-para-edificacoes-4-0-com-foco-em-eficiencia-sustentabilidade-e-gestao\/\"  rel=\"bookmark\" title=\"PROPTECH 4.0 \u2013 Novas Tecnologias para edifica\u00e7\u00f5es 4.0 com foco em efici\u00eancia, sustentabilidade e gest\u00e3o\">PROPTECH 4.0 \u2013 Novas Tecnologias para edifica\u00e7\u00f5es 4.0 com foco em efici\u00eancia, sustentabilidade e gest\u00e3o<\/a><\/h3>                <div class=\"td-editor-date\">\r\n                                        <span class=\"td-author-date\">\r\n                                                <span class=\"td-post-date\"><time class=\"entry-date updated td-module-date\" datetime=\"2021-02-02T19:00:29-03:00\" >02\/02\/2021<\/time><\/span>                    <\/span>\r\n                <\/div>\r\n            <\/div>\r\n\r\n        <\/div>\r\n\r\n        \n\t<\/div> <!-- .\/td-block-span4 --><\/div><!--.\/row-fluid-->\n\n\t<div class=\"td-block-row\">\n\n\t<div class=\"td-block-span4\">\n\r\n        <div class=\"td_module_mx1 td_module_wrap td-animation-stack\">\r\n            <div class=\"td-module-thumb\"><a href=\"https:\/\/www.institutodeengenharia.org.br\/site\/2021\/02\/02\/ate-onde-a-vista-alcanca-inteligencia-estrategica\/\"  rel=\"bookmark\" class=\"td-image-wrap \" title=\"At\u00e9 onde a vista alcan\u00e7a \u2013 Intelig\u00eancia Estrat\u00e9gica\" ><img loading=\"lazy\" decoding=\"async\" class=\"entry-thumb\" src=\"data:image\/png;base64,iVBORw0KGgoAAAANSUhEUgAAAWQAAADcAQMAAAB9O0nPAAAAA1BMVEWurq51dlI4AAAAAXRSTlMmkutdmwAAACBJREFUaN7twTEBAAAAwiD7p7bDbmAAAAAAAAAAAABAdieIAAGQh2mWAAAAAElFTkSuQmCC\" alt=\"\" title=\"At\u00e9 onde a vista alcan\u00e7a \u2013 Intelig\u00eancia Estrat\u00e9gica\" data-type=\"image_tag\" data-img-url=\"https:\/\/www.institutodeengenharia.org.br\/site\/wp-content\/uploads\/2021\/02\/ate-onde-a-vista-alcanca-1-696x385-1-356x220.jpg\"  width=\"356\" height=\"220\" \/><\/a><\/div>\r\n            <div class=\"td-module-meta-info\">\r\n                <h3 class=\"entry-title td-module-title\"><a href=\"https:\/\/www.institutodeengenharia.org.br\/site\/2021\/02\/02\/ate-onde-a-vista-alcanca-inteligencia-estrategica\/\"  rel=\"bookmark\" title=\"At\u00e9 onde a vista alcan\u00e7a \u2013 Intelig\u00eancia Estrat\u00e9gica\">At\u00e9 onde a vista alcan\u00e7a \u2013 Intelig\u00eancia Estrat\u00e9gica<\/a><\/h3>                <div class=\"td-editor-date\">\r\n                                        <span class=\"td-author-date\">\r\n                                                <span class=\"td-post-date\"><time class=\"entry-date updated td-module-date\" datetime=\"2021-02-02T15:31:32-03:00\" >02\/02\/2021<\/time><\/span>                    <\/span>\r\n                <\/div>\r\n            <\/div>\r\n\r\n        <\/div>\r\n\r\n        \n\t<\/div> <!-- .\/td-block-span4 -->\n\n\t<div class=\"td-block-span4\">\n\r\n        <div class=\"td_module_mx1 td_module_wrap td-animation-stack\">\r\n            <div class=\"td-module-thumb\"><a href=\"https:\/\/www.institutodeengenharia.org.br\/site\/2021\/01\/26\/mobilidade-urbana-conceito-e-planejamento-no-ambiente-brasileiro\/\"  rel=\"bookmark\" class=\"td-image-wrap \" title=\"Mobilidade urbana: conceito e planejamento no ambiente brasileiro\" ><img loading=\"lazy\" decoding=\"async\" class=\"entry-thumb\" src=\"data:image\/png;base64,iVBORw0KGgoAAAANSUhEUgAAAWQAAADcAQMAAAB9O0nPAAAAA1BMVEWurq51dlI4AAAAAXRSTlMmkutdmwAAACBJREFUaN7twTEBAAAAwiD7p7bDbmAAAAAAAAAAAABAdieIAAGQh2mWAAAAAElFTkSuQmCC\" alt=\"\" title=\"Mobilidade urbana: conceito e planejamento no ambiente brasileiro\" data-type=\"image_tag\" data-img-url=\"https:\/\/www.institutodeengenharia.org.br\/site\/wp-content\/uploads\/2021\/01\/mobilidade-urbana-conceito-e-planejamento-no-ambiente-brasileiro-356x220.jpg\"  width=\"356\" height=\"220\" \/><\/a><\/div>\r\n            <div class=\"td-module-meta-info\">\r\n                <h3 class=\"entry-title td-module-title\"><a href=\"https:\/\/www.institutodeengenharia.org.br\/site\/2021\/01\/26\/mobilidade-urbana-conceito-e-planejamento-no-ambiente-brasileiro\/\"  rel=\"bookmark\" title=\"Mobilidade urbana: conceito e planejamento no ambiente brasileiro\">Mobilidade urbana: conceito e planejamento no ambiente brasileiro<\/a><\/h3>                <div class=\"td-editor-date\">\r\n                                        <span class=\"td-author-date\">\r\n                                                <span class=\"td-post-date\"><time class=\"entry-date updated td-module-date\" datetime=\"2021-01-26T17:00:15-03:00\" >26\/01\/2021<\/time><\/span>                    <\/span>\r\n                <\/div>\r\n            <\/div>\r\n\r\n        <\/div>\r\n\r\n        \n\t<\/div> <!-- .\/td-block-span4 -->\n\n\t<div class=\"td-block-span4\">\n\r\n        <div class=\"td_module_mx1 td_module_wrap td-animation-stack\">\r\n            <div class=\"td-module-thumb\"><a href=\"https:\/\/www.institutodeengenharia.org.br\/site\/2021\/01\/21\/os-desafios-das-universidades-na-pos-pandemia\/\"  rel=\"bookmark\" class=\"td-image-wrap \" title=\"Os desafios das universidades na p\u00f3s-pandemia\" ><img loading=\"lazy\" decoding=\"async\" class=\"entry-thumb\" src=\"data:image\/png;base64,iVBORw0KGgoAAAANSUhEUgAAAWQAAADcAQMAAAB9O0nPAAAAA1BMVEWurq51dlI4AAAAAXRSTlMmkutdmwAAACBJREFUaN7twTEBAAAAwiD7p7bDbmAAAAAAAAAAAABAdieIAAGQh2mWAAAAAElFTkSuQmCC\" alt=\"\" title=\"Os desafios das universidades na p\u00f3s-pandemia\" data-type=\"image_tag\" data-img-url=\"https:\/\/www.institutodeengenharia.org.br\/site\/wp-content\/uploads\/2021\/02\/Os-desafios-das-universidades-na-pos-pandemia-356x220.jpg\"  width=\"356\" height=\"220\" \/><\/a><\/div>\r\n            <div class=\"td-module-meta-info\">\r\n                <h3 class=\"entry-title td-module-title\"><a href=\"https:\/\/www.institutodeengenharia.org.br\/site\/2021\/01\/21\/os-desafios-das-universidades-na-pos-pandemia\/\"  rel=\"bookmark\" title=\"Os desafios das universidades na p\u00f3s-pandemia\">Os desafios das universidades na p\u00f3s-pandemia<\/a><\/h3>                <div class=\"td-editor-date\">\r\n                                        <span class=\"td-author-date\">\r\n                                                <span class=\"td-post-date\"><time class=\"entry-date updated td-module-date\" datetime=\"2021-01-21T13:55:12-03:00\" >21\/01\/2021<\/time><\/span>                    <\/span>\r\n                <\/div>\r\n            <\/div>\r\n\r\n        <\/div>\r\n\r\n        \n\t<\/div> <!-- .\/td-block-span4 --><\/div><!--.\/row-fluid-->\n\n\t<div class=\"td-block-row\">\n\n\t<div class=\"td-block-span4\">\n\r\n        <div class=\"td_module_mx1 td_module_wrap td-animation-stack\">\r\n            <div class=\"td-module-thumb\"><a href=\"https:\/\/www.institutodeengenharia.org.br\/site\/2021\/01\/19\/iris-integrac%cc%a7a%cc%83o-de-renovaveis-intermitentes\/\"  rel=\"bookmark\" class=\"td-image-wrap \" title=\"Iris-Integrac\u0327a\u0303o de renova\u0301veis intermitentes\" ><img loading=\"lazy\" decoding=\"async\" class=\"entry-thumb\" src=\"data:image\/png;base64,iVBORw0KGgoAAAANSUhEUgAAAWQAAADcAQMAAAB9O0nPAAAAA1BMVEWurq51dlI4AAAAAXRSTlMmkutdmwAAACBJREFUaN7twTEBAAAAwiD7p7bDbmAAAAAAAAAAAABAdieIAAGQh2mWAAAAAElFTkSuQmCC\" alt=\"\" title=\"Iris-Integrac\u0327a\u0303o de renova\u0301veis intermitentes\" data-type=\"image_tag\" data-img-url=\"https:\/\/www.institutodeengenharia.org.br\/site\/wp-content\/uploads\/2021\/02\/iris-696x369-1-356x220.jpg\"  width=\"356\" height=\"220\" \/><\/a><\/div>\r\n            <div class=\"td-module-meta-info\">\r\n                <h3 class=\"entry-title td-module-title\"><a href=\"https:\/\/www.institutodeengenharia.org.br\/site\/2021\/01\/19\/iris-integrac%cc%a7a%cc%83o-de-renovaveis-intermitentes\/\"  rel=\"bookmark\" title=\"Iris-Integrac\u0327a\u0303o de renova\u0301veis intermitentes\">Iris-Integrac\u0327a\u0303o de renova\u0301veis intermitentes<\/a><\/h3>                <div class=\"td-editor-date\">\r\n                                        <span class=\"td-author-date\">\r\n                                                <span class=\"td-post-date\"><time class=\"entry-date updated td-module-date\" datetime=\"2021-01-19T14:08:38-03:00\" >19\/01\/2021<\/time><\/span>                    <\/span>\r\n                <\/div>\r\n            <\/div>\r\n\r\n        <\/div>\r\n\r\n        \n\t<\/div> <!-- .\/td-block-span4 -->\n\n\t<div class=\"td-block-span4\">\n\r\n        <div class=\"td_module_mx1 td_module_wrap td-animation-stack\">\r\n            <div class=\"td-module-thumb\"><a href=\"https:\/\/www.institutodeengenharia.org.br\/site\/2020\/12\/17\/fundamentos-da-patologia-das-construcoes\/\"  rel=\"bookmark\" class=\"td-image-wrap \" title=\"Fundamentos da Patologia das Constru\u00e7\u00f5es\" ><img loading=\"lazy\" decoding=\"async\" class=\"entry-thumb\" src=\"data:image\/png;base64,iVBORw0KGgoAAAANSUhEUgAAAWQAAADcAQMAAAB9O0nPAAAAA1BMVEWurq51dlI4AAAAAXRSTlMmkutdmwAAACBJREFUaN7twTEBAAAAwiD7p7bDbmAAAAAAAAAAAABAdieIAAGQh2mWAAAAAElFTkSuQmCC\" alt=\"\" title=\"Fundamentos da Patologia das Constru\u00e7\u00f5es\" data-type=\"image_tag\" data-img-url=\"https:\/\/www.institutodeengenharia.org.br\/site\/wp-content\/uploads\/2021\/01\/parede-356x220.jpg\"  width=\"356\" height=\"220\" \/><\/a><\/div>\r\n            <div class=\"td-module-meta-info\">\r\n                <h3 class=\"entry-title td-module-title\"><a href=\"https:\/\/www.institutodeengenharia.org.br\/site\/2020\/12\/17\/fundamentos-da-patologia-das-construcoes\/\"  rel=\"bookmark\" title=\"Fundamentos da Patologia das Constru\u00e7\u00f5es\">Fundamentos da Patologia das Constru\u00e7\u00f5es<\/a><\/h3>                <div class=\"td-editor-date\">\r\n                                        <span class=\"td-author-date\">\r\n                                                <span class=\"td-post-date\"><time class=\"entry-date updated td-module-date\" datetime=\"2020-12-17T19:30:01-03:00\" >17\/12\/2020<\/time><\/span>                    <\/span>\r\n                <\/div>\r\n            <\/div>\r\n\r\n        <\/div>\r\n\r\n        \n\t<\/div> <!-- .\/td-block-span4 -->\n\n\t<div class=\"td-block-span4\">\n\r\n        <div class=\"td_module_mx1 td_module_wrap td-animation-stack\">\r\n            <div class=\"td-module-thumb\"><a href=\"https:\/\/www.institutodeengenharia.org.br\/site\/2020\/12\/16\/comemoracao-do-dia-do-engenheiro-2020\/\"  rel=\"bookmark\" class=\"td-image-wrap \" title=\"Comemora\u00e7\u00e3o do Dia do Engenheiro 2020\" ><img loading=\"lazy\" decoding=\"async\" class=\"entry-thumb\" src=\"data:image\/png;base64,iVBORw0KGgoAAAANSUhEUgAAAWQAAADcAQMAAAB9O0nPAAAAA1BMVEWurq51dlI4AAAAAXRSTlMmkutdmwAAACBJREFUaN7twTEBAAAAwiD7p7bDbmAAAAAAAAAAAABAdieIAAGQh2mWAAAAAElFTkSuQmCC\" alt=\"\" title=\"Comemora\u00e7\u00e3o do Dia do Engenheiro 2020\" data-type=\"image_tag\" data-img-url=\"https:\/\/www.institutodeengenharia.org.br\/site\/wp-content\/uploads\/2020\/12\/cerimonia-do-dia-do-engenheiro-356x220.jpg\"  width=\"356\" height=\"220\" \/><\/a><\/div>\r\n            <div class=\"td-module-meta-info\">\r\n                <h3 class=\"entry-title td-module-title\"><a href=\"https:\/\/www.institutodeengenharia.org.br\/site\/2020\/12\/16\/comemoracao-do-dia-do-engenheiro-2020\/\"  rel=\"bookmark\" title=\"Comemora\u00e7\u00e3o do Dia do Engenheiro 2020\">Comemora\u00e7\u00e3o do Dia do Engenheiro 2020<\/a><\/h3>                <div class=\"td-editor-date\">\r\n                                        <span class=\"td-author-date\">\r\n                                                <span class=\"td-post-date\"><time class=\"entry-date updated td-module-date\" datetime=\"2020-12-16T11:07:18-03:00\" >16\/12\/2020<\/time><\/span>                    <\/span>\r\n                <\/div>\r\n            <\/div>\r\n\r\n        <\/div>\r\n\r\n        \n\t<\/div> <!-- .\/td-block-span4 --><\/div><!--.\/row-fluid-->\n\n\t<div class=\"td-block-row\">\n\n\t<div class=\"td-block-span4\">\n\r\n        <div class=\"td_module_mx1 td_module_wrap td-animation-stack\">\r\n            <div class=\"td-module-thumb\"><a href=\"https:\/\/www.institutodeengenharia.org.br\/site\/2020\/12\/07\/encerramento-dialogos-hidroviaveis-2020\/\"  rel=\"bookmark\" class=\"td-image-wrap \" title=\"Encerramento &#8211; Di\u00e1logos Hidrovi\u00e1veis 2020\" ><img loading=\"lazy\" decoding=\"async\" class=\"entry-thumb\" src=\"data:image\/png;base64,iVBORw0KGgoAAAANSUhEUgAAAWQAAADcAQMAAAB9O0nPAAAAA1BMVEWurq51dlI4AAAAAXRSTlMmkutdmwAAACBJREFUaN7twTEBAAAAwiD7p7bDbmAAAAAAAAAAAABAdieIAAGQh2mWAAAAAElFTkSuQmCC\" alt=\"\" title=\"Encerramento &#8211; Di\u00e1logos Hidrovi\u00e1veis 2020\" data-type=\"image_tag\" data-img-url=\"https:\/\/www.institutodeengenharia.org.br\/site\/wp-content\/uploads\/2021\/01\/Encerramento-356x220.jpg\"  width=\"356\" height=\"220\" \/><\/a><\/div>\r\n            <div class=\"td-module-meta-info\">\r\n                <h3 class=\"entry-title td-module-title\"><a href=\"https:\/\/www.institutodeengenharia.org.br\/site\/2020\/12\/07\/encerramento-dialogos-hidroviaveis-2020\/\"  rel=\"bookmark\" title=\"Encerramento &#8211; Di\u00e1logos Hidrovi\u00e1veis 2020\">Encerramento &#8211; Di\u00e1logos Hidrovi\u00e1veis 2020<\/a><\/h3>                <div class=\"td-editor-date\">\r\n                                        <span class=\"td-author-date\">\r\n                                                <span class=\"td-post-date\"><time class=\"entry-date updated td-module-date\" datetime=\"2020-12-07T16:00:20-03:00\" >07\/12\/2020<\/time><\/span>                    <\/span>\r\n                <\/div>\r\n            <\/div>\r\n\r\n        <\/div>\r\n\r\n        \n\t<\/div> <!-- .\/td-block-span4 -->\n\n\t<div class=\"td-block-span4\">\n\r\n        <div class=\"td_module_mx1 td_module_wrap td-animation-stack\">\r\n            <div class=\"td-module-thumb\"><a href=\"https:\/\/www.institutodeengenharia.org.br\/site\/2020\/12\/03\/o-discurso-pericial-e-o-discurso-do-magistrado\/\"  rel=\"bookmark\" class=\"td-image-wrap \" title=\"O discurso pericial e o discurso do magistrado\" ><img loading=\"lazy\" decoding=\"async\" class=\"entry-thumb\" src=\"data:image\/png;base64,iVBORw0KGgoAAAANSUhEUgAAAWQAAADcAQMAAAB9O0nPAAAAA1BMVEWurq51dlI4AAAAAXRSTlMmkutdmwAAACBJREFUaN7twTEBAAAAwiD7p7bDbmAAAAAAAAAAAABAdieIAAGQh2mWAAAAAElFTkSuQmCC\" alt=\"\" title=\"O discurso pericial e o discurso do magistrado\" data-type=\"image_tag\" data-img-url=\"https:\/\/www.institutodeengenharia.org.br\/site\/wp-content\/uploads\/2020\/11\/discurso-scaled-1-e1606402941485-356x220.jpg\"  width=\"356\" height=\"220\" \/><\/a><\/div>\r\n            <div class=\"td-module-meta-info\">\r\n                <h3 class=\"entry-title td-module-title\"><a href=\"https:\/\/www.institutodeengenharia.org.br\/site\/2020\/12\/03\/o-discurso-pericial-e-o-discurso-do-magistrado\/\"  rel=\"bookmark\" title=\"O discurso pericial e o discurso do magistrado\">O discurso pericial e o discurso do magistrado<\/a><\/h3>                <div class=\"td-editor-date\">\r\n                                        <span class=\"td-author-date\">\r\n                                                <span class=\"td-post-date\"><time class=\"entry-date updated td-module-date\" datetime=\"2020-12-03T18:00:51-03:00\" >03\/12\/2020<\/time><\/span>                    <\/span>\r\n                <\/div>\r\n            <\/div>\r\n\r\n        <\/div>\r\n\r\n        \n\t<\/div> <!-- .\/td-block-span4 -->\n\n\t<div class=\"td-block-span4\">\n\r\n        <div class=\"td_module_mx1 td_module_wrap td-animation-stack\">\r\n            <div class=\"td-module-thumb\"><a href=\"https:\/\/www.institutodeengenharia.org.br\/site\/2020\/12\/02\/conversando-sobre-desapropriacao\/\"  rel=\"bookmark\" class=\"td-image-wrap \" title=\"Conversando sobre Desapropria\u00e7\u00e3o\" ><img loading=\"lazy\" decoding=\"async\" class=\"entry-thumb\" src=\"data:image\/png;base64,iVBORw0KGgoAAAANSUhEUgAAAWQAAADcAQMAAAB9O0nPAAAAA1BMVEWurq51dlI4AAAAAXRSTlMmkutdmwAAACBJREFUaN7twTEBAAAAwiD7p7bDbmAAAAAAAAAAAABAdieIAAGQh2mWAAAAAElFTkSuQmCC\" alt=\"\" title=\"Conversando sobre Desapropria\u00e7\u00e3o\" data-type=\"image_tag\" data-img-url=\"https:\/\/www.institutodeengenharia.org.br\/site\/wp-content\/uploads\/2021\/01\/post_convencer_proprietario_alugar-825x510-1-356x220.jpg\"  width=\"356\" height=\"220\" \/><span class=\"td-video-play-ico\"><i class=\"td-icon-video-thumb-play\"><\/i><\/span><\/a><\/div>\r\n            <div class=\"td-module-meta-info\">\r\n                <h3 class=\"entry-title td-module-title\"><a href=\"https:\/\/www.institutodeengenharia.org.br\/site\/2020\/12\/02\/conversando-sobre-desapropriacao\/\"  rel=\"bookmark\" title=\"Conversando sobre Desapropria\u00e7\u00e3o\">Conversando sobre Desapropria\u00e7\u00e3o<\/a><\/h3>                <div class=\"td-editor-date\">\r\n                                        <span class=\"td-author-date\">\r\n                                                <span class=\"td-post-date\"><time class=\"entry-date updated td-module-date\" datetime=\"2020-12-02T18:00:13-03:00\" >02\/12\/2020<\/time><\/span>                    <\/span>\r\n                <\/div>\r\n            <\/div>\r\n\r\n        <\/div>\r\n\r\n        \n\t<\/div> <!-- .\/td-block-span4 --><\/div><!--.\/row-fluid-->\n\n\t<div class=\"td-block-row\">\n\n\t<div class=\"td-block-span4\">\n\r\n        <div class=\"td_module_mx1 td_module_wrap td-animation-stack\">\r\n            <div class=\"td-module-thumb\"><a href=\"https:\/\/www.institutodeengenharia.org.br\/site\/2020\/11\/30\/o-turismo-fluvial-estruturado-como-motor-de-desenvolvimento-urbano-social-e-economico\/\"  rel=\"bookmark\" class=\"td-image-wrap \" title=\"O turismo fluvial estruturado como motor de desenvolvimento urbano social e econ\u00f4mico\" ><img loading=\"lazy\" decoding=\"async\" class=\"entry-thumb\" src=\"data:image\/png;base64,iVBORw0KGgoAAAANSUhEUgAAAWQAAADcAQMAAAB9O0nPAAAAA1BMVEWurq51dlI4AAAAAXRSTlMmkutdmwAAACBJREFUaN7twTEBAAAAwiD7p7bDbmAAAAAAAAAAAABAdieIAAGQh2mWAAAAAElFTkSuQmCC\" alt=\"\" title=\"O turismo fluvial estruturado como motor de desenvolvimento urbano social e econ\u00f4mico\" data-type=\"image_tag\" data-img-url=\"https:\/\/www.institutodeengenharia.org.br\/site\/wp-content\/uploads\/2021\/01\/O-turismo-fluvial-estruturado-como-motor-de-desenvolvimento-urbano-social-e-economico-1-356x220.jpg\"  width=\"356\" height=\"220\" \/><\/a><\/div>\r\n            <div class=\"td-module-meta-info\">\r\n                <h3 class=\"entry-title td-module-title\"><a href=\"https:\/\/www.institutodeengenharia.org.br\/site\/2020\/11\/30\/o-turismo-fluvial-estruturado-como-motor-de-desenvolvimento-urbano-social-e-economico\/\"  rel=\"bookmark\" title=\"O turismo fluvial estruturado como motor de desenvolvimento urbano social e econ\u00f4mico\">O turismo fluvial estruturado como motor de desenvolvimento urbano social e econ\u00f4mico<\/a><\/h3>                <div class=\"td-editor-date\">\r\n                                        <span class=\"td-author-date\">\r\n                                                <span class=\"td-post-date\"><time class=\"entry-date updated td-module-date\" datetime=\"2020-11-30T15:30:03-03:00\" >30\/11\/2020<\/time><\/span>                    <\/span>\r\n                <\/div>\r\n            <\/div>\r\n\r\n        <\/div>\r\n\r\n        \n\t<\/div> <!-- .\/td-block-span4 -->\n\n\t<div class=\"td-block-span4\">\n\r\n        <div class=\"td_module_mx1 td_module_wrap td-animation-stack\">\r\n            <div class=\"td-module-thumb\"><a href=\"https:\/\/www.institutodeengenharia.org.br\/site\/2020\/11\/26\/aplicacao-da-confiabilidade-estrutural-na-avaliacao-da-seguranca-de-estruturas\/\"  rel=\"bookmark\" class=\"td-image-wrap \" title=\"Aplica\u00e7\u00e3o da confiabilidade estrutural na avalia\u00e7\u00e3o da seguran\u00e7a de estruturas\" ><img loading=\"lazy\" decoding=\"async\" class=\"entry-thumb\" src=\"data:image\/png;base64,iVBORw0KGgoAAAANSUhEUgAAAWQAAADcAQMAAAB9O0nPAAAAA1BMVEWurq51dlI4AAAAAXRSTlMmkutdmwAAACBJREFUaN7twTEBAAAAwiD7p7bDbmAAAAAAAAAAAABAdieIAAGQh2mWAAAAAElFTkSuQmCC\" alt=\"\" title=\"Aplica\u00e7\u00e3o da confiabilidade estrutural na avalia\u00e7\u00e3o da seguran\u00e7a de estruturas\" data-type=\"image_tag\" data-img-url=\"https:\/\/www.institutodeengenharia.org.br\/site\/wp-content\/uploads\/2020\/12\/4618607_orig-356x220.jpg\"  width=\"356\" height=\"220\" \/><\/a><\/div>\r\n            <div class=\"td-module-meta-info\">\r\n                <h3 class=\"entry-title td-module-title\"><a href=\"https:\/\/www.institutodeengenharia.org.br\/site\/2020\/11\/26\/aplicacao-da-confiabilidade-estrutural-na-avaliacao-da-seguranca-de-estruturas\/\"  rel=\"bookmark\" title=\"Aplica\u00e7\u00e3o da confiabilidade estrutural na avalia\u00e7\u00e3o da seguran\u00e7a de estruturas\">Aplica\u00e7\u00e3o da confiabilidade estrutural na avalia\u00e7\u00e3o da seguran\u00e7a de estruturas<\/a><\/h3>                <div class=\"td-editor-date\">\r\n                                        <span class=\"td-author-date\">\r\n                                                <span class=\"td-post-date\"><time class=\"entry-date updated td-module-date\" datetime=\"2020-11-26T20:00:28-03:00\" >26\/11\/2020<\/time><\/span>                    <\/span>\r\n                <\/div>\r\n            <\/div>\r\n\r\n        <\/div>\r\n\r\n        \n\t<\/div> <!-- .\/td-block-span4 -->\n\n\t<div class=\"td-block-span4\">\n\r\n        <div class=\"td_module_mx1 td_module_wrap td-animation-stack\">\r\n            <div class=\"td-module-thumb\"><a href=\"https:\/\/www.institutodeengenharia.org.br\/site\/2020\/11\/26\/dia-de-mentoria-o-que-o-programa-de-mentoria-do-ie-pode-fazer-por-voce-e-ou-sua-empresa\/\"  rel=\"bookmark\" class=\"td-image-wrap \" title=\"Dia de Mentoria \u2013 O que o programa de Mentoria do IE pode fazer por voc\u00ea e\/ou sua empresa?\" ><img loading=\"lazy\" decoding=\"async\" class=\"entry-thumb\" src=\"data:image\/png;base64,iVBORw0KGgoAAAANSUhEUgAAAWQAAADcAQMAAAB9O0nPAAAAA1BMVEWurq51dlI4AAAAAXRSTlMmkutdmwAAACBJREFUaN7twTEBAAAAwiD7p7bDbmAAAAAAAAAAAABAdieIAAGQh2mWAAAAAElFTkSuQmCC\" alt=\"\" title=\"Dia de Mentoria \u2013 O que o programa de Mentoria do IE pode fazer por voc\u00ea e\/ou sua empresa?\" data-type=\"image_tag\" data-img-url=\"https:\/\/www.institutodeengenharia.org.br\/site\/wp-content\/uploads\/2021\/01\/mentoria-356x220.jpg\"  width=\"356\" height=\"220\" \/><\/a><\/div>\r\n            <div class=\"td-module-meta-info\">\r\n                <h3 class=\"entry-title td-module-title\"><a href=\"https:\/\/www.institutodeengenharia.org.br\/site\/2020\/11\/26\/dia-de-mentoria-o-que-o-programa-de-mentoria-do-ie-pode-fazer-por-voce-e-ou-sua-empresa\/\"  rel=\"bookmark\" title=\"Dia de Mentoria \u2013 O que o programa de Mentoria do IE pode fazer por voc\u00ea e\/ou sua empresa?\">Dia de Mentoria \u2013 O que o programa de Mentoria do IE pode fazer por voc\u00ea e\/ou sua empresa?<\/a><\/h3>                <div class=\"td-editor-date\">\r\n                                        <span class=\"td-author-date\">\r\n                                                <span class=\"td-post-date\"><time class=\"entry-date updated td-module-date\" datetime=\"2020-11-26T10:00:25-03:00\" >26\/11\/2020<\/time><\/span>                    <\/span>\r\n                <\/div>\r\n            <\/div>\r\n\r\n        <\/div>\r\n\r\n        \n\t<\/div> <!-- .\/td-block-span4 --><\/div><!--.\/row-fluid-->\n\n\t<div class=\"td-block-row\">\n\n\t<div class=\"td-block-span4\">\n\r\n        <div class=\"td_module_mx1 td_module_wrap td-animation-stack\">\r\n            <div class=\"td-module-thumb\"><a href=\"https:\/\/www.institutodeengenharia.org.br\/site\/2020\/11\/25\/o-mundo-em-2030-quais-serao-as-macrotendencias-mundiais\/\"  rel=\"bookmark\" class=\"td-image-wrap \" title=\"O mundo em 2030: Quais ser\u00e3o as macrotend\u00eancias mundiais?\" ><img loading=\"lazy\" decoding=\"async\" class=\"entry-thumb\" src=\"data:image\/png;base64,iVBORw0KGgoAAAANSUhEUgAAAWQAAADcAQMAAAB9O0nPAAAAA1BMVEWurq51dlI4AAAAAXRSTlMmkutdmwAAACBJREFUaN7twTEBAAAAwiD7p7bDbmAAAAAAAAAAAABAdieIAAGQh2mWAAAAAElFTkSuQmCC\" alt=\"\" title=\"O mundo em 2030: Quais ser\u00e3o as macrotend\u00eancias mundiais?\" data-type=\"image_tag\" data-img-url=\"https:\/\/www.institutodeengenharia.org.br\/site\/wp-content\/uploads\/2020\/11\/tecnologias-que-vao-mudar-o-mundo-ate-2030-1-1-356x220.png\"  width=\"356\" height=\"220\" \/><\/a><\/div>\r\n            <div class=\"td-module-meta-info\">\r\n                <h3 class=\"entry-title td-module-title\"><a href=\"https:\/\/www.institutodeengenharia.org.br\/site\/2020\/11\/25\/o-mundo-em-2030-quais-serao-as-macrotendencias-mundiais\/\"  rel=\"bookmark\" title=\"O mundo em 2030: Quais ser\u00e3o as macrotend\u00eancias mundiais?\">O mundo em 2030: Quais ser\u00e3o as macrotend\u00eancias mundiais?<\/a><\/h3>                <div class=\"td-editor-date\">\r\n                                        <span class=\"td-author-date\">\r\n                                                <span class=\"td-post-date\"><time class=\"entry-date updated td-module-date\" datetime=\"2020-11-25T15:00:22-03:00\" >25\/11\/2020<\/time><\/span>                    <\/span>\r\n                <\/div>\r\n            <\/div>\r\n\r\n        <\/div>\r\n\r\n        \n\t<\/div> <!-- .\/td-block-span4 -->\n\n\t<div class=\"td-block-span4\">\n\r\n        <div class=\"td_module_mx1 td_module_wrap td-animation-stack\">\r\n            <div class=\"td-module-thumb\"><a href=\"https:\/\/www.institutodeengenharia.org.br\/site\/2020\/11\/25\/webinar-da-cma-ie-a-resolucao-de-disputas-atraves-de-dab-dispute-adjudication-board-vantagens-e-desvantagens-na-visao-dos-engenheiros-e-advogados\/\"  rel=\"bookmark\" class=\"td-image-wrap \" title=\"Webinar da CMA-IE: A resolu\u00e7\u00e3o de disputas atrav\u00e9s de DAB (Dispute Adjudication Board) \u2013 Vantagens e Desvantagens na vis\u00e3o dos Engenheiros e Advogados\" ><img loading=\"lazy\" decoding=\"async\" class=\"entry-thumb\" src=\"data:image\/png;base64,iVBORw0KGgoAAAANSUhEUgAAAWQAAADcAQMAAAB9O0nPAAAAA1BMVEWurq51dlI4AAAAAXRSTlMmkutdmwAAACBJREFUaN7twTEBAAAAwiD7p7bDbmAAAAAAAAAAAABAdieIAAGQh2mWAAAAAElFTkSuQmCC\" alt=\"\" title=\"Webinar da CMA-IE: A resolu\u00e7\u00e3o de disputas atrav\u00e9s de DAB (Dispute Adjudication Board) \u2013 Vantagens e Desvantagens na vis\u00e3o dos Engenheiros e Advogados\" data-type=\"image_tag\" data-img-url=\"https:\/\/www.institutodeengenharia.org.br\/site\/wp-content\/uploads\/2020\/11\/adult-3327336_1280-1024x682-1-e1605206428851-356x220.jpg\"  width=\"356\" height=\"220\" \/><\/a><\/div>\r\n            <div class=\"td-module-meta-info\">\r\n                <h3 class=\"entry-title td-module-title\"><a href=\"https:\/\/www.institutodeengenharia.org.br\/site\/2020\/11\/25\/webinar-da-cma-ie-a-resolucao-de-disputas-atraves-de-dab-dispute-adjudication-board-vantagens-e-desvantagens-na-visao-dos-engenheiros-e-advogados\/\"  rel=\"bookmark\" title=\"Webinar da CMA-IE: A resolu\u00e7\u00e3o de disputas atrav\u00e9s de DAB (Dispute Adjudication Board) \u2013 Vantagens e Desvantagens na vis\u00e3o dos Engenheiros e Advogados\">Webinar da CMA-IE: A resolu\u00e7\u00e3o de disputas atrav\u00e9s de DAB (Dispute Adjudication Board) \u2013 Vantagens e Desvantagens na vis\u00e3o dos Engenheiros e Advogados<\/a><\/h3>                <div class=\"td-editor-date\">\r\n                                        <span class=\"td-author-date\">\r\n                                                <span class=\"td-post-date\"><time class=\"entry-date updated td-module-date\" datetime=\"2020-11-25T10:00:44-03:00\" >25\/11\/2020<\/time><\/span>                    <\/span>\r\n                <\/div>\r\n            <\/div>\r\n\r\n        <\/div>\r\n\r\n        \n\t<\/div> <!-- .\/td-block-span4 -->\n\n\t<div class=\"td-block-span4\">\n\r\n        <div class=\"td_module_mx1 td_module_wrap td-animation-stack\">\r\n            <div class=\"td-module-thumb\"><a href=\"https:\/\/www.institutodeengenharia.org.br\/site\/2020\/11\/23\/cidades-e-desenvolvimento-urbano-social-e-economico-estruturado-pela-hidrovia\/\"  rel=\"bookmark\" class=\"td-image-wrap \" title=\"Cidades e desenvolvimento urbano, social e econ\u00f4mico estruturado pela Hidrovia\" ><img loading=\"lazy\" decoding=\"async\" class=\"entry-thumb\" src=\"data:image\/png;base64,iVBORw0KGgoAAAANSUhEUgAAAWQAAADcAQMAAAB9O0nPAAAAA1BMVEWurq51dlI4AAAAAXRSTlMmkutdmwAAACBJREFUaN7twTEBAAAAwiD7p7bDbmAAAAAAAAAAAABAdieIAAGQh2mWAAAAAElFTkSuQmCC\" alt=\"\" title=\"Cidades e desenvolvimento urbano, social e econ\u00f4mico estruturado pela Hidrovia\" data-type=\"image_tag\" data-img-url=\"https:\/\/www.institutodeengenharia.org.br\/site\/wp-content\/uploads\/2020\/09\/Cidades-e-desenvolvimento-urbano-social-e-economico-estruturado-pela-Hidrovia-356x220.jpg\"  width=\"356\" height=\"220\" \/><\/a><\/div>\r\n            <div class=\"td-module-meta-info\">\r\n                <h3 class=\"entry-title td-module-title\"><a href=\"https:\/\/www.institutodeengenharia.org.br\/site\/2020\/11\/23\/cidades-e-desenvolvimento-urbano-social-e-economico-estruturado-pela-hidrovia\/\"  rel=\"bookmark\" title=\"Cidades e desenvolvimento urbano, social e econ\u00f4mico estruturado pela Hidrovia\">Cidades e desenvolvimento urbano, social e econ\u00f4mico estruturado pela Hidrovia<\/a><\/h3>                <div class=\"td-editor-date\">\r\n                                        <span class=\"td-author-date\">\r\n                                                <span class=\"td-post-date\"><time class=\"entry-date updated td-module-date\" datetime=\"2020-11-23T15:30:28-03:00\" >23\/11\/2020<\/time><\/span>                    <\/span>\r\n                <\/div>\r\n            <\/div>\r\n\r\n        <\/div>\r\n\r\n        \n\t<\/div> <!-- .\/td-block-span4 --><\/div><!--.\/row-fluid-->\n\n\t<div class=\"td-block-row\">\n\n\t<div class=\"td-block-span4\">\n\r\n        <div class=\"td_module_mx1 td_module_wrap td-animation-stack\">\r\n            <div class=\"td-module-thumb\"><a href=\"https:\/\/www.institutodeengenharia.org.br\/site\/2020\/11\/20\/ie-talks-desafios-de-uma-sociedade-5-0-para-o-brasil\/\"  rel=\"bookmark\" class=\"td-image-wrap \" title=\"IE Talks: Desafios de uma Sociedade 5.0 para o Brasil\" ><img loading=\"lazy\" decoding=\"async\" class=\"entry-thumb\" src=\"data:image\/png;base64,iVBORw0KGgoAAAANSUhEUgAAAWQAAADcAQMAAAB9O0nPAAAAA1BMVEWurq51dlI4AAAAAXRSTlMmkutdmwAAACBJREFUaN7twTEBAAAAwiD7p7bDbmAAAAAAAAAAAABAdieIAAGQh2mWAAAAAElFTkSuQmCC\" alt=\"\" title=\"IE Talks: Desafios de uma Sociedade 5.0 para o Brasil\" data-type=\"image_tag\" data-img-url=\"https:\/\/www.institutodeengenharia.org.br\/site\/wp-content\/uploads\/2021\/01\/Sociedade5.0-356x220.jpeg\"  width=\"356\" height=\"220\" \/><\/a><\/div>\r\n            <div class=\"td-module-meta-info\">\r\n                <h3 class=\"entry-title td-module-title\"><a href=\"https:\/\/www.institutodeengenharia.org.br\/site\/2020\/11\/20\/ie-talks-desafios-de-uma-sociedade-5-0-para-o-brasil\/\"  rel=\"bookmark\" title=\"IE Talks: Desafios de uma Sociedade 5.0 para o Brasil\">IE Talks: Desafios de uma Sociedade 5.0 para o Brasil<\/a><\/h3>                <div class=\"td-editor-date\">\r\n                                        <span class=\"td-author-date\">\r\n                                                <span class=\"td-post-date\"><time class=\"entry-date updated td-module-date\" datetime=\"2020-11-20T10:00:50-03:00\" >20\/11\/2020<\/time><\/span>                    <\/span>\r\n                <\/div>\r\n            <\/div>\r\n\r\n        <\/div>\r\n\r\n        \n\t<\/div> <!-- .\/td-block-span4 -->\n\n\t<div class=\"td-block-span4\">\n\r\n        <div class=\"td_module_mx1 td_module_wrap td-animation-stack\">\r\n            <div class=\"td-module-thumb\"><a href=\"https:\/\/www.institutodeengenharia.org.br\/site\/2020\/11\/19\/estruturas-de-concreto-no-saneamento-o-foco-e-a-durabilidade\/\"  rel=\"bookmark\" class=\"td-image-wrap \" title=\"Estruturas de concreto no saneamento: O foco \u00e9 a durabilidade\" ><img loading=\"lazy\" decoding=\"async\" class=\"entry-thumb\" src=\"data:image\/png;base64,iVBORw0KGgoAAAANSUhEUgAAAWQAAADcAQMAAAB9O0nPAAAAA1BMVEWurq51dlI4AAAAAXRSTlMmkutdmwAAACBJREFUaN7twTEBAAAAwiD7p7bDbmAAAAAAAAAAAABAdieIAAGQh2mWAAAAAElFTkSuQmCC\" alt=\"\" title=\"Estruturas de concreto no saneamento: O foco \u00e9 a durabilidade\" data-type=\"image_tag\" data-img-url=\"https:\/\/www.institutodeengenharia.org.br\/site\/wp-content\/uploads\/2020\/11\/untitled-356x220.png\"  width=\"356\" height=\"220\" \/><\/a><\/div>\r\n            <div class=\"td-module-meta-info\">\r\n                <h3 class=\"entry-title td-module-title\"><a href=\"https:\/\/www.institutodeengenharia.org.br\/site\/2020\/11\/19\/estruturas-de-concreto-no-saneamento-o-foco-e-a-durabilidade\/\"  rel=\"bookmark\" title=\"Estruturas de concreto no saneamento: O foco \u00e9 a durabilidade\">Estruturas de concreto no saneamento: O foco \u00e9 a durabilidade<\/a><\/h3>                <div class=\"td-editor-date\">\r\n                                        <span class=\"td-author-date\">\r\n                                                <span class=\"td-post-date\"><time class=\"entry-date updated td-module-date\" datetime=\"2020-11-19T19:30:13-03:00\" >19\/11\/2020<\/time><\/span>                    <\/span>\r\n                <\/div>\r\n            <\/div>\r\n\r\n        <\/div>\r\n\r\n        \n\t<\/div> <!-- .\/td-block-span4 -->\n\n\t<div class=\"td-block-span4\">\n\r\n        <div class=\"td_module_mx1 td_module_wrap td-animation-stack\">\r\n            <div class=\"td-module-thumb\"><a href=\"https:\/\/www.institutodeengenharia.org.br\/site\/2020\/11\/19\/fundo-patrimonial-amigos-da-poli\/\"  rel=\"bookmark\" class=\"td-image-wrap \" title=\"Fundo Patrimonial Amigos da Poli\" ><img loading=\"lazy\" decoding=\"async\" class=\"entry-thumb\" src=\"data:image\/png;base64,iVBORw0KGgoAAAANSUhEUgAAAWQAAADcAQMAAAB9O0nPAAAAA1BMVEWurq51dlI4AAAAAXRSTlMmkutdmwAAACBJREFUaN7twTEBAAAAwiD7p7bDbmAAAAAAAAAAAABAdieIAAGQh2mWAAAAAElFTkSuQmCC\" alt=\"\" title=\"Fundo Patrimonial Amigos da Poli\" data-type=\"image_tag\" data-img-url=\"https:\/\/www.institutodeengenharia.org.br\/site\/wp-content\/uploads\/2020\/11\/engenharia-civil-em-2018-1-356x220.jpg\"  width=\"356\" height=\"220\" \/><\/a><\/div>\r\n            <div class=\"td-module-meta-info\">\r\n                <h3 class=\"entry-title td-module-title\"><a href=\"https:\/\/www.institutodeengenharia.org.br\/site\/2020\/11\/19\/fundo-patrimonial-amigos-da-poli\/\"  rel=\"bookmark\" title=\"Fundo Patrimonial Amigos da Poli\">Fundo Patrimonial Amigos da Poli<\/a><\/h3>                <div class=\"td-editor-date\">\r\n                                        <span class=\"td-author-date\">\r\n                                                <span class=\"td-post-date\"><time class=\"entry-date updated td-module-date\" datetime=\"2020-11-19T18:00:28-03:00\" >19\/11\/2020<\/time><\/span>                    <\/span>\r\n                <\/div>\r\n            <\/div>\r\n\r\n        <\/div>\r\n\r\n        \n\t<\/div> <!-- .\/td-block-span4 --><\/div><!--.\/row-fluid-->\n\n\t<div class=\"td-block-row\">\n\n\t<div class=\"td-block-span4\">\n\r\n        <div class=\"td_module_mx1 td_module_wrap td-animation-stack\">\r\n            <div class=\"td-module-thumb\"><a href=\"https:\/\/www.institutodeengenharia.org.br\/site\/2020\/11\/16\/desafios-dos-corredores-logisticos-dos-rios-madeira-tapajos-e-tocantins\/\"  rel=\"bookmark\" class=\"td-image-wrap \" title=\"Desafios dos Corredores Log\u00edsticos dos Rios Madeira, Tapaj\u00f3s e Tocantins\" ><img loading=\"lazy\" decoding=\"async\" class=\"entry-thumb\" src=\"data:image\/png;base64,iVBORw0KGgoAAAANSUhEUgAAAWQAAADcAQMAAAB9O0nPAAAAA1BMVEWurq51dlI4AAAAAXRSTlMmkutdmwAAACBJREFUaN7twTEBAAAAwiD7p7bDbmAAAAAAAAAAAABAdieIAAGQh2mWAAAAAElFTkSuQmCC\" alt=\"\" title=\"Desafios dos Corredores Log\u00edsticos dos Rios Madeira, Tapaj\u00f3s e Tocantins\" data-type=\"image_tag\" data-img-url=\"https:\/\/www.institutodeengenharia.org.br\/site\/wp-content\/uploads\/2020\/11\/Desafios-dos-Corredores-Logisticos-dos-Rios-Madeira-Tapajos-e-Tocantins-356x220.jpg\"  width=\"356\" height=\"220\" \/><\/a><\/div>\r\n            <div class=\"td-module-meta-info\">\r\n                <h3 class=\"entry-title td-module-title\"><a href=\"https:\/\/www.institutodeengenharia.org.br\/site\/2020\/11\/16\/desafios-dos-corredores-logisticos-dos-rios-madeira-tapajos-e-tocantins\/\"  rel=\"bookmark\" title=\"Desafios dos Corredores Log\u00edsticos dos Rios Madeira, Tapaj\u00f3s e Tocantins\">Desafios dos Corredores Log\u00edsticos dos Rios Madeira, Tapaj\u00f3s e Tocantins<\/a><\/h3>                <div class=\"td-editor-date\">\r\n                                        <span class=\"td-author-date\">\r\n                                                <span class=\"td-post-date\"><time class=\"entry-date updated td-module-date\" datetime=\"2020-11-16T15:30:48-03:00\" >16\/11\/2020<\/time><\/span>                    <\/span>\r\n                <\/div>\r\n            <\/div>\r\n\r\n        <\/div>\r\n\r\n        \n\t<\/div> <!-- .\/td-block-span4 -->\n\n\t<div class=\"td-block-span4\">\n\r\n        <div class=\"td_module_mx1 td_module_wrap td-animation-stack\">\r\n            <div class=\"td-module-thumb\"><a href=\"https:\/\/www.institutodeengenharia.org.br\/site\/2020\/11\/13\/etiquetagem-pbe-edifica-procel\/\"  rel=\"bookmark\" class=\"td-image-wrap \" title=\"Etiquetagem PBE Edifica &#8211; PROCEL\" ><img loading=\"lazy\" decoding=\"async\" class=\"entry-thumb\" src=\"data:image\/png;base64,iVBORw0KGgoAAAANSUhEUgAAAWQAAADcAQMAAAB9O0nPAAAAA1BMVEWurq51dlI4AAAAAXRSTlMmkutdmwAAACBJREFUaN7twTEBAAAAwiD7p7bDbmAAAAAAAAAAAABAdieIAAGQh2mWAAAAAElFTkSuQmCC\" alt=\"\" title=\"Etiquetagem PBE Edifica &#8211; PROCEL\" data-type=\"image_tag\" data-img-url=\"https:\/\/www.institutodeengenharia.org.br\/site\/wp-content\/uploads\/2020\/11\/etiqueta-ENCE-356x220.jpg\"  width=\"356\" height=\"220\" \/><\/a><\/div>\r\n            <div class=\"td-module-meta-info\">\r\n                <h3 class=\"entry-title td-module-title\"><a href=\"https:\/\/www.institutodeengenharia.org.br\/site\/2020\/11\/13\/etiquetagem-pbe-edifica-procel\/\"  rel=\"bookmark\" title=\"Etiquetagem PBE Edifica &#8211; PROCEL\">Etiquetagem PBE Edifica &#8211; PROCEL<\/a><\/h3>                <div class=\"td-editor-date\">\r\n                                        <span class=\"td-author-date\">\r\n                                                <span class=\"td-post-date\"><time class=\"entry-date updated td-module-date\" datetime=\"2020-11-13T19:00:18-03:00\" >13\/11\/2020<\/time><\/span>                    <\/span>\r\n                <\/div>\r\n            <\/div>\r\n\r\n        <\/div>\r\n\r\n        \n\t<\/div> <!-- .\/td-block-span4 -->\n\n\t<div class=\"td-block-span4\">\n\r\n        <div class=\"td_module_mx1 td_module_wrap td-animation-stack\">\r\n            <div class=\"td-module-thumb\"><a href=\"https:\/\/www.institutodeengenharia.org.br\/site\/2020\/11\/13\/tecnologias-de-seguranca-comando-e-controle-em-navegacao\/\"  rel=\"bookmark\" class=\"td-image-wrap \" title=\"Tecnologias de Seguran\u00e7a, Comando e Controle em Navega\u00e7\u00e3o\" ><img loading=\"lazy\" decoding=\"async\" class=\"entry-thumb\" src=\"data:image\/png;base64,iVBORw0KGgoAAAANSUhEUgAAAWQAAADcAQMAAAB9O0nPAAAAA1BMVEWurq51dlI4AAAAAXRSTlMmkutdmwAAACBJREFUaN7twTEBAAAAwiD7p7bDbmAAAAAAAAAAAABAdieIAAGQh2mWAAAAAElFTkSuQmCC\" alt=\"\" title=\"Tecnologias de Seguran\u00e7a, Comando e Controle em Navega\u00e7\u00e3o\" data-type=\"image_tag\" data-img-url=\"https:\/\/www.institutodeengenharia.org.br\/site\/wp-content\/uploads\/2021\/01\/00001000-356x220.jpg\"  width=\"356\" height=\"220\" \/><\/a><\/div>\r\n            <div class=\"td-module-meta-info\">\r\n                <h3 class=\"entry-title td-module-title\"><a href=\"https:\/\/www.institutodeengenharia.org.br\/site\/2020\/11\/13\/tecnologias-de-seguranca-comando-e-controle-em-navegacao\/\"  rel=\"bookmark\" title=\"Tecnologias de Seguran\u00e7a, Comando e Controle em Navega\u00e7\u00e3o\">Tecnologias de Seguran\u00e7a, Comando e Controle em Navega\u00e7\u00e3o<\/a><\/h3>                <div class=\"td-editor-date\">\r\n                                        <span class=\"td-author-date\">\r\n                                                <span class=\"td-post-date\"><time class=\"entry-date updated td-module-date\" datetime=\"2020-11-13T10:00:18-03:00\" >13\/11\/2020<\/time><\/span>                    <\/span>\r\n                <\/div>\r\n            <\/div>\r\n\r\n        <\/div>\r\n\r\n        \n\t<\/div> <!-- .\/td-block-span4 --><\/div><!--.\/row-fluid-->\n\n\t<div class=\"td-block-row\">\n\n\t<div class=\"td-block-span4\">\n\r\n        <div class=\"td_module_mx1 td_module_wrap td-animation-stack\">\r\n            <div class=\"td-module-thumb\"><a href=\"https:\/\/www.institutodeengenharia.org.br\/site\/2020\/11\/12\/ancoragens-quimicas-tecnologia-para-trazer-qualidade-e-produtividade-em-sua-aplicacao\/\"  rel=\"bookmark\" class=\"td-image-wrap \" title=\"Ancoragens Qu\u00edmicas: Tecnologia para trazer qualidade e produtividade em sua aplica\u00e7\u00e3o\" ><img loading=\"lazy\" decoding=\"async\" class=\"entry-thumb\" src=\"data:image\/png;base64,iVBORw0KGgoAAAANSUhEUgAAAWQAAADcAQMAAAB9O0nPAAAAA1BMVEWurq51dlI4AAAAAXRSTlMmkutdmwAAACBJREFUaN7twTEBAAAAwiD7p7bDbmAAAAAAAAAAAABAdieIAAGQh2mWAAAAAElFTkSuQmCC\" alt=\"\" title=\"Ancoragens Qu\u00edmicas: Tecnologia para trazer qualidade e produtividade em sua aplica\u00e7\u00e3o\" data-type=\"image_tag\" data-img-url=\"https:\/\/www.institutodeengenharia.org.br\/site\/wp-content\/uploads\/2020\/11\/01-356x220.png\"  width=\"356\" height=\"220\" \/><\/a><\/div>\r\n            <div class=\"td-module-meta-info\">\r\n                <h3 class=\"entry-title td-module-title\"><a href=\"https:\/\/www.institutodeengenharia.org.br\/site\/2020\/11\/12\/ancoragens-quimicas-tecnologia-para-trazer-qualidade-e-produtividade-em-sua-aplicacao\/\"  rel=\"bookmark\" title=\"Ancoragens Qu\u00edmicas: Tecnologia para trazer qualidade e produtividade em sua aplica\u00e7\u00e3o\">Ancoragens Qu\u00edmicas: Tecnologia para trazer qualidade e produtividade em sua aplica\u00e7\u00e3o<\/a><\/h3>                <div class=\"td-editor-date\">\r\n                                        <span class=\"td-author-date\">\r\n                                                <span class=\"td-post-date\"><time class=\"entry-date updated td-module-date\" datetime=\"2020-11-12T19:00:02-03:00\" >12\/11\/2020<\/time><\/span>                    <\/span>\r\n                <\/div>\r\n            <\/div>\r\n\r\n        <\/div>\r\n\r\n        \n\t<\/div> <!-- .\/td-block-span4 -->\n\n\t<div class=\"td-block-span4\">\n\r\n        <div class=\"td_module_mx1 td_module_wrap td-animation-stack\">\r\n            <div class=\"td-module-thumb\"><a href=\"https:\/\/www.institutodeengenharia.org.br\/site\/2020\/11\/11\/diretrizes-para-universalizacao-do-saneamento-oportunidades-para-os-fornecedores\/\"  rel=\"bookmark\" class=\"td-image-wrap \" title=\"Diretrizes para Universaliza\u00e7\u00e3o do Saneamento: Oportunidades para os fornecedores\" ><img loading=\"lazy\" decoding=\"async\" class=\"entry-thumb\" src=\"data:image\/png;base64,iVBORw0KGgoAAAANSUhEUgAAAWQAAADcAQMAAAB9O0nPAAAAA1BMVEWurq51dlI4AAAAAXRSTlMmkutdmwAAACBJREFUaN7twTEBAAAAwiD7p7bDbmAAAAAAAAAAAABAdieIAAGQh2mWAAAAAElFTkSuQmCC\" alt=\"\" title=\"Diretrizes para Universaliza\u00e7\u00e3o do Saneamento: Oportunidades para os fornecedores\" data-type=\"image_tag\" data-img-url=\"https:\/\/www.institutodeengenharia.org.br\/site\/wp-content\/uploads\/2021\/01\/torneira-pingando-economia--356x220.jpg\"  width=\"356\" height=\"220\" \/><\/a><\/div>\r\n            <div class=\"td-module-meta-info\">\r\n                <h3 class=\"entry-title td-module-title\"><a href=\"https:\/\/www.institutodeengenharia.org.br\/site\/2020\/11\/11\/diretrizes-para-universalizacao-do-saneamento-oportunidades-para-os-fornecedores\/\"  rel=\"bookmark\" title=\"Diretrizes para Universaliza\u00e7\u00e3o do Saneamento: Oportunidades para os fornecedores\">Diretrizes para Universaliza\u00e7\u00e3o do Saneamento: Oportunidades para os fornecedores<\/a><\/h3>                <div class=\"td-editor-date\">\r\n                                        <span class=\"td-author-date\">\r\n                                                <span class=\"td-post-date\"><time class=\"entry-date updated td-module-date\" datetime=\"2020-11-11T18:00:31-03:00\" >11\/11\/2020<\/time><\/span>                    <\/span>\r\n                <\/div>\r\n            <\/div>\r\n\r\n        <\/div>\r\n\r\n        \n\t<\/div> <!-- .\/td-block-span4 -->\n\n\t<div class=\"td-block-span4\">\n\r\n        <div class=\"td_module_mx1 td_module_wrap td-animation-stack\">\r\n            <div class=\"td-module-thumb\"><a href=\"https:\/\/www.institutodeengenharia.org.br\/site\/2020\/11\/09\/desafios-para-perenidade-do-corredor-logistico-dos-rios-parana-e-tiete-ao-porto-de-santos\/\"  rel=\"bookmark\" class=\"td-image-wrap \" title=\"Desafios para Perenidade do Corredor Log\u00edstico dos Rios Paran\u00e1 e Tiet\u00ea ao Porto de Santos\" ><img loading=\"lazy\" decoding=\"async\" class=\"entry-thumb\" src=\"data:image\/png;base64,iVBORw0KGgoAAAANSUhEUgAAAWQAAADcAQMAAAB9O0nPAAAAA1BMVEWurq51dlI4AAAAAXRSTlMmkutdmwAAACBJREFUaN7twTEBAAAAwiD7p7bDbmAAAAAAAAAAAABAdieIAAGQh2mWAAAAAElFTkSuQmCC\" alt=\"\" title=\"Desafios para Perenidade do Corredor Log\u00edstico dos Rios Paran\u00e1 e Tiet\u00ea ao Porto de Santos\" data-type=\"image_tag\" data-img-url=\"https:\/\/www.institutodeengenharia.org.br\/site\/wp-content\/uploads\/2020\/11\/Desafios-para-Perenidade-do-Corredor-Logistico-dos-Rios-Parana-e-Tiete-ao-Porto-de-Santos-356x220.jpg\"  width=\"356\" height=\"220\" \/><\/a><\/div>\r\n            <div class=\"td-module-meta-info\">\r\n                <h3 class=\"entry-title td-module-title\"><a href=\"https:\/\/www.institutodeengenharia.org.br\/site\/2020\/11\/09\/desafios-para-perenidade-do-corredor-logistico-dos-rios-parana-e-tiete-ao-porto-de-santos\/\"  rel=\"bookmark\" title=\"Desafios para Perenidade do Corredor Log\u00edstico dos Rios Paran\u00e1 e Tiet\u00ea ao Porto de Santos\">Desafios para Perenidade do Corredor Log\u00edstico dos Rios Paran\u00e1 e Tiet\u00ea ao Porto de Santos<\/a><\/h3>                <div class=\"td-editor-date\">\r\n                                        <span class=\"td-author-date\">\r\n                                                <span class=\"td-post-date\"><time class=\"entry-date updated td-module-date\" datetime=\"2020-11-09T15:30:49-03:00\" >09\/11\/2020<\/time><\/span>                    <\/span>\r\n                <\/div>\r\n            <\/div>\r\n\r\n        <\/div>\r\n\r\n        \n\t<\/div> <!-- .\/td-block-span4 --><\/div><!--.\/row-fluid-->\n\n\t<div class=\"td-block-row\">\n\n\t<div class=\"td-block-span4\">\n\r\n        <div class=\"td_module_mx1 td_module_wrap td-animation-stack\">\r\n            <div class=\"td-module-thumb\"><a href=\"https:\/\/www.institutodeengenharia.org.br\/site\/2020\/11\/06\/uma-visao-de-administracao-humanizada-de-negocios-inovadores-e-competitivos-para-os-engenheiros-e-administradores\/\"  rel=\"bookmark\" class=\"td-image-wrap \" title=\"Uma Vis\u00e3o de Administra\u00e7\u00e3o Humanizada de Neg\u00f3cios Inovadores e Competitivos para os Engenheiros e Administradores\" ><img loading=\"lazy\" decoding=\"async\" class=\"entry-thumb\" src=\"data:image\/png;base64,iVBORw0KGgoAAAANSUhEUgAAAWQAAADcAQMAAAB9O0nPAAAAA1BMVEWurq51dlI4AAAAAXRSTlMmkutdmwAAACBJREFUaN7twTEBAAAAwiD7p7bDbmAAAAAAAAAAAABAdieIAAGQh2mWAAAAAElFTkSuQmCC\" alt=\"\" title=\"Uma Vis\u00e3o de Administra\u00e7\u00e3o Humanizada de Neg\u00f3cios Inovadores e Competitivos para os Engenheiros e Administradores\" data-type=\"image_tag\" data-img-url=\"https:\/\/www.institutodeengenharia.org.br\/site\/wp-content\/uploads\/2021\/01\/3-356x220.jpg\"  width=\"356\" height=\"220\" \/><\/a><\/div>\r\n            <div class=\"td-module-meta-info\">\r\n                <h3 class=\"entry-title td-module-title\"><a href=\"https:\/\/www.institutodeengenharia.org.br\/site\/2020\/11\/06\/uma-visao-de-administracao-humanizada-de-negocios-inovadores-e-competitivos-para-os-engenheiros-e-administradores\/\"  rel=\"bookmark\" title=\"Uma Vis\u00e3o de Administra\u00e7\u00e3o Humanizada de Neg\u00f3cios Inovadores e Competitivos para os Engenheiros e Administradores\">Uma Vis\u00e3o de Administra\u00e7\u00e3o Humanizada de Neg\u00f3cios Inovadores e Competitivos para os Engenheiros e Administradores<\/a><\/h3>                <div class=\"td-editor-date\">\r\n                                        <span class=\"td-author-date\">\r\n                                                <span class=\"td-post-date\"><time class=\"entry-date updated td-module-date\" datetime=\"2020-11-06T10:00:21-03:00\" >06\/11\/2020<\/time><\/span>                    <\/span>\r\n                <\/div>\r\n            <\/div>\r\n\r\n        <\/div>\r\n\r\n        \n\t<\/div> <!-- .\/td-block-span4 -->\n\n\t<div class=\"td-block-span4\">\n\r\n        <div class=\"td_module_mx1 td_module_wrap td-animation-stack\">\r\n            <div class=\"td-module-thumb\"><a href=\"https:\/\/www.institutodeengenharia.org.br\/site\/2020\/11\/04\/nosso-momento-bim-qualidade-do-modelo-e-colaboracao\/\"  rel=\"bookmark\" class=\"td-image-wrap \" title=\"Nosso momento BIM \u2013 Qualidade do modelo e colabora\u00e7\u00e3o\" ><img loading=\"lazy\" decoding=\"async\" class=\"entry-thumb\" src=\"data:image\/png;base64,iVBORw0KGgoAAAANSUhEUgAAAWQAAADcAQMAAAB9O0nPAAAAA1BMVEWurq51dlI4AAAAAXRSTlMmkutdmwAAACBJREFUaN7twTEBAAAAwiD7p7bDbmAAAAAAAAAAAABAdieIAAGQh2mWAAAAAElFTkSuQmCC\" alt=\"\" title=\"Nosso momento BIM \u2013 Qualidade do modelo e colabora\u00e7\u00e3o\" data-type=\"image_tag\" data-img-url=\"https:\/\/www.institutodeengenharia.org.br\/site\/wp-content\/uploads\/2020\/10\/iStock-168386317-e1603979264958-356x220.jpg\"  width=\"356\" height=\"220\" \/><\/a><\/div>\r\n            <div class=\"td-module-meta-info\">\r\n                <h3 class=\"entry-title td-module-title\"><a href=\"https:\/\/www.institutodeengenharia.org.br\/site\/2020\/11\/04\/nosso-momento-bim-qualidade-do-modelo-e-colaboracao\/\"  rel=\"bookmark\" title=\"Nosso momento BIM \u2013 Qualidade do modelo e colabora\u00e7\u00e3o\">Nosso momento BIM \u2013 Qualidade do modelo e colabora\u00e7\u00e3o<\/a><\/h3>                <div class=\"td-editor-date\">\r\n                                        <span class=\"td-author-date\">\r\n                                                <span class=\"td-post-date\"><time class=\"entry-date updated td-module-date\" datetime=\"2020-11-04T19:00:30-03:00\" >04\/11\/2020<\/time><\/span>                    <\/span>\r\n                <\/div>\r\n            <\/div>\r\n\r\n        <\/div>\r\n\r\n        \n\t<\/div> <!-- .\/td-block-span4 -->\n\n\t<div class=\"td-block-span4\">\n\r\n        <div class=\"td_module_mx1 td_module_wrap td-animation-stack\">\r\n            <div class=\"td-module-thumb\"><a href=\"https:\/\/www.institutodeengenharia.org.br\/site\/2020\/11\/01\/73928\/\"  rel=\"bookmark\" class=\"td-image-wrap \" title=\"Estruturas Tarif\u00e1rias com subs\u00eddios cruzados internos em Servi\u00e7os de \u00c1gua e Esgotos\" ><img loading=\"lazy\" decoding=\"async\" class=\"entry-thumb\" src=\"data:image\/png;base64,iVBORw0KGgoAAAANSUhEUgAAAWQAAADcAQMAAAB9O0nPAAAAA1BMVEWurq51dlI4AAAAAXRSTlMmkutdmwAAACBJREFUaN7twTEBAAAAwiD7p7bDbmAAAAAAAAAAAABAdieIAAGQh2mWAAAAAElFTkSuQmCC\" alt=\"\" title=\"Estruturas Tarif\u00e1rias com subs\u00eddios cruzados internos em Servi\u00e7os de \u00c1gua e Esgotos\" data-type=\"image_tag\" data-img-url=\"https:\/\/www.institutodeengenharia.org.br\/site\/wp-content\/uploads\/2021\/01\/drain-325234_1920-356x220.jpg\"  width=\"356\" height=\"220\" \/><\/a><\/div>\r\n            <div class=\"td-module-meta-info\">\r\n                <h3 class=\"entry-title td-module-title\"><a href=\"https:\/\/www.institutodeengenharia.org.br\/site\/2020\/11\/01\/73928\/\"  rel=\"bookmark\" title=\"Estruturas Tarif\u00e1rias com subs\u00eddios cruzados internos em Servi\u00e7os de \u00c1gua e Esgotos\">Estruturas Tarif\u00e1rias com subs\u00eddios cruzados internos em Servi\u00e7os de \u00c1gua e Esgotos<\/a><\/h3>                <div class=\"td-editor-date\">\r\n                                        <span class=\"td-author-date\">\r\n                                                <span class=\"td-post-date\"><time class=\"entry-date updated td-module-date\" datetime=\"2020-11-01T09:00:06-03:00\" >01\/11\/2020<\/time><\/span>                    <\/span>\r\n                <\/div>\r\n            <\/div>\r\n\r\n        <\/div>\r\n\r\n        \n\t<\/div> <!-- .\/td-block-span4 --><\/div><!--.\/row-fluid-->\n\n\t<div class=\"td-block-row\">\n\n\t<div class=\"td-block-span4\">\n\r\n        <div class=\"td_module_mx1 td_module_wrap td-animation-stack\">\r\n            <div class=\"td-module-thumb\"><a href=\"https:\/\/www.institutodeengenharia.org.br\/site\/2020\/10\/30\/desafios-na-navegacao-interior-oportunidades-e-solucoes\/\"  rel=\"bookmark\" class=\"td-image-wrap \" title=\"Desafios na navega\u00e7\u00e3o interior &#8211; Oportunidades e Solu\u00e7\u00f5es\" ><img loading=\"lazy\" decoding=\"async\" class=\"entry-thumb\" src=\"data:image\/png;base64,iVBORw0KGgoAAAANSUhEUgAAAWQAAADcAQMAAAB9O0nPAAAAA1BMVEWurq51dlI4AAAAAXRSTlMmkutdmwAAACBJREFUaN7twTEBAAAAwiD7p7bDbmAAAAAAAAAAAABAdieIAAGQh2mWAAAAAElFTkSuQmCC\" alt=\"\" title=\"Desafios na navega\u00e7\u00e3o interior &#8211; Oportunidades e Solu\u00e7\u00f5es\" data-type=\"image_tag\" data-img-url=\"https:\/\/www.institutodeengenharia.org.br\/site\/wp-content\/uploads\/2020\/12\/Desafios-na-navegacao-interior-Oportunidades-e-Solucoes-1-356x220.jpg\"  width=\"356\" height=\"220\" \/><\/a><\/div>\r\n            <div class=\"td-module-meta-info\">\r\n                <h3 class=\"entry-title td-module-title\"><a href=\"https:\/\/www.institutodeengenharia.org.br\/site\/2020\/10\/30\/desafios-na-navegacao-interior-oportunidades-e-solucoes\/\"  rel=\"bookmark\" title=\"Desafios na navega\u00e7\u00e3o interior &#8211; Oportunidades e Solu\u00e7\u00f5es\">Desafios na navega\u00e7\u00e3o interior &#8211; Oportunidades e Solu\u00e7\u00f5es<\/a><\/h3>                <div class=\"td-editor-date\">\r\n                                        <span class=\"td-author-date\">\r\n                                                <span class=\"td-post-date\"><time class=\"entry-date updated td-module-date\" datetime=\"2020-10-30T10:00:08-03:00\" >30\/10\/2020<\/time><\/span>                    <\/span>\r\n                <\/div>\r\n            <\/div>\r\n\r\n        <\/div>\r\n\r\n        \n\t<\/div> <!-- .\/td-block-span4 -->\n\n\t<div class=\"td-block-span4\">\n\r\n        <div class=\"td_module_mx1 td_module_wrap td-animation-stack\">\r\n            <div class=\"td-module-thumb\"><a href=\"https:\/\/www.institutodeengenharia.org.br\/site\/2020\/10\/29\/entrega-do-titulo-de-eminente-engenheiro-do-ano-2020\/\"  rel=\"bookmark\" class=\"td-image-wrap \" title=\"Entrega do t\u00edtulo de Eminente Engenheiro do Ano 2020\" ><img loading=\"lazy\" decoding=\"async\" class=\"entry-thumb\" src=\"data:image\/png;base64,iVBORw0KGgoAAAANSUhEUgAAAWQAAADcAQMAAAB9O0nPAAAAA1BMVEWurq51dlI4AAAAAXRSTlMmkutdmwAAACBJREFUaN7twTEBAAAAwiD7p7bDbmAAAAAAAAAAAABAdieIAAGQh2mWAAAAAElFTkSuQmCC\" alt=\"\" title=\"Entrega do t\u00edtulo de Eminente Engenheiro do Ano 2020\" data-type=\"image_tag\" data-img-url=\"https:\/\/www.institutodeengenharia.org.br\/site\/wp-content\/uploads\/2020\/10\/WhatsApp-Image-2020-10-29-at-20.12.40-356x220.jpeg\"  width=\"356\" height=\"220\" \/><\/a><\/div>\r\n            <div class=\"td-module-meta-info\">\r\n                <h3 class=\"entry-title td-module-title\"><a href=\"https:\/\/www.institutodeengenharia.org.br\/site\/2020\/10\/29\/entrega-do-titulo-de-eminente-engenheiro-do-ano-2020\/\"  rel=\"bookmark\" title=\"Entrega do t\u00edtulo de Eminente Engenheiro do Ano 2020\">Entrega do t\u00edtulo de Eminente Engenheiro do Ano 2020<\/a><\/h3>                <div class=\"td-editor-date\">\r\n                                        <span class=\"td-author-date\">\r\n                                                <span class=\"td-post-date\"><time class=\"entry-date updated td-module-date\" datetime=\"2020-10-29T19:00:12-03:00\" >29\/10\/2020<\/time><\/span>                    <\/span>\r\n                <\/div>\r\n            <\/div>\r\n\r\n        <\/div>\r\n\r\n        \n\t<\/div> <!-- .\/td-block-span4 -->\n\n\t<div class=\"td-block-span4\">\n\r\n        <div class=\"td_module_mx1 td_module_wrap td-animation-stack\">\r\n            <div class=\"td-module-thumb\"><a href=\"https:\/\/www.institutodeengenharia.org.br\/site\/2020\/10\/29\/3o-encontro-internacional-operacao-dos-meios-de-pagamento-em-transportes-europeus\/\"  rel=\"bookmark\" class=\"td-image-wrap \" title=\"3\u00ba Encontro Internacional \u2013 Opera\u00e7\u00e3o dos Meios de Pagamento em Transportes Europeus\" ><img loading=\"lazy\" decoding=\"async\" class=\"entry-thumb\" src=\"data:image\/png;base64,iVBORw0KGgoAAAANSUhEUgAAAWQAAADcAQMAAAB9O0nPAAAAA1BMVEWurq51dlI4AAAAAXRSTlMmkutdmwAAACBJREFUaN7twTEBAAAAwiD7p7bDbmAAAAAAAAAAAABAdieIAAGQh2mWAAAAAElFTkSuQmCC\" alt=\"\" title=\"3\u00ba Encontro Internacional \u2013 Opera\u00e7\u00e3o dos Meios de Pagamento em Transportes Europeus\" data-type=\"image_tag\" data-img-url=\"https:\/\/www.institutodeengenharia.org.br\/site\/wp-content\/uploads\/2020\/10\/Como-Funcionam-os-Transportes-de-Lisboa-356x220.jpg\"  width=\"356\" height=\"220\" \/><\/a><\/div>\r\n            <div class=\"td-module-meta-info\">\r\n                <h3 class=\"entry-title td-module-title\"><a href=\"https:\/\/www.institutodeengenharia.org.br\/site\/2020\/10\/29\/3o-encontro-internacional-operacao-dos-meios-de-pagamento-em-transportes-europeus\/\"  rel=\"bookmark\" title=\"3\u00ba Encontro Internacional \u2013 Opera\u00e7\u00e3o dos Meios de Pagamento em Transportes Europeus\">3\u00ba Encontro Internacional \u2013 Opera\u00e7\u00e3o dos Meios de Pagamento em Transportes Europeus<\/a><\/h3>                <div class=\"td-editor-date\">\r\n                                        <span class=\"td-author-date\">\r\n                                                <span class=\"td-post-date\"><time class=\"entry-date updated td-module-date\" datetime=\"2020-10-29T10:45:31-03:00\" >29\/10\/2020<\/time><\/span>                    <\/span>\r\n                <\/div>\r\n            <\/div>\r\n\r\n        <\/div>\r\n\r\n        \n\t<\/div> <!-- .\/td-block-span4 --><\/div><!--.\/row-fluid-->\n\n\t<div class=\"td-block-row\">\n\n\t<div class=\"td-block-span4\">\n\r\n        <div class=\"td_module_mx1 td_module_wrap td-animation-stack\">\r\n            <div class=\"td-module-thumb\"><a href=\"https:\/\/www.institutodeengenharia.org.br\/site\/2020\/10\/26\/inovacao-e-tecnologias-para-navegacao-e-seguranca-em-hidrovias\/\"  rel=\"bookmark\" class=\"td-image-wrap \" title=\"Inova\u00e7\u00e3o e Tecnologias para Navega\u00e7\u00e3o e Seguran\u00e7a em Hidrovias\" ><img loading=\"lazy\" decoding=\"async\" class=\"entry-thumb\" src=\"data:image\/png;base64,iVBORw0KGgoAAAANSUhEUgAAAWQAAADcAQMAAAB9O0nPAAAAA1BMVEWurq51dlI4AAAAAXRSTlMmkutdmwAAACBJREFUaN7twTEBAAAAwiD7p7bDbmAAAAAAAAAAAABAdieIAAGQh2mWAAAAAElFTkSuQmCC\" alt=\"\" title=\"Inova\u00e7\u00e3o e Tecnologias para Navega\u00e7\u00e3o e Seguran\u00e7a em Hidrovias\" data-type=\"image_tag\" data-img-url=\"https:\/\/www.institutodeengenharia.org.br\/site\/wp-content\/uploads\/2020\/10\/Inovacao-e-Tecnologias-para-Navegacao-e-Seguranca-em-Hidrovias-356x220.jpg\"  width=\"356\" height=\"220\" \/><\/a><\/div>\r\n            <div class=\"td-module-meta-info\">\r\n                <h3 class=\"entry-title td-module-title\"><a href=\"https:\/\/www.institutodeengenharia.org.br\/site\/2020\/10\/26\/inovacao-e-tecnologias-para-navegacao-e-seguranca-em-hidrovias\/\"  rel=\"bookmark\" title=\"Inova\u00e7\u00e3o e Tecnologias para Navega\u00e7\u00e3o e Seguran\u00e7a em Hidrovias\">Inova\u00e7\u00e3o e Tecnologias para Navega\u00e7\u00e3o e Seguran\u00e7a em Hidrovias<\/a><\/h3>                <div class=\"td-editor-date\">\r\n                                        <span class=\"td-author-date\">\r\n                                                <span class=\"td-post-date\"><time class=\"entry-date updated td-module-date\" datetime=\"2020-10-26T15:30:04-03:00\" >26\/10\/2020<\/time><\/span>                    <\/span>\r\n                <\/div>\r\n            <\/div>\r\n\r\n        <\/div>\r\n\r\n        \n\t<\/div> <!-- .\/td-block-span4 -->\n\n\t<div class=\"td-block-span4\">\n\r\n        <div class=\"td_module_mx1 td_module_wrap td-animation-stack\">\r\n            <div class=\"td-module-thumb\"><a href=\"https:\/\/www.institutodeengenharia.org.br\/site\/2020\/10\/23\/desafios-profissionais-e-a-importancia-de-uma-visao-sistemica-no-mercado-de-trabalho\/\"  rel=\"bookmark\" class=\"td-image-wrap \" title=\"Desafios profissionais e a import\u00e2ncia de uma vis\u00e3o sist\u00eamica no mercado de trabalho\" ><img loading=\"lazy\" decoding=\"async\" class=\"entry-thumb\" src=\"data:image\/png;base64,iVBORw0KGgoAAAANSUhEUgAAAWQAAADcAQMAAAB9O0nPAAAAA1BMVEWurq51dlI4AAAAAXRSTlMmkutdmwAAACBJREFUaN7twTEBAAAAwiD7p7bDbmAAAAAAAAAAAABAdieIAAGQh2mWAAAAAElFTkSuQmCC\" alt=\"\" title=\"Desafios profissionais e a import\u00e2ncia de uma vis\u00e3o sist\u00eamica no mercado de trabalho\" data-type=\"image_tag\" data-img-url=\"https:\/\/www.institutodeengenharia.org.br\/site\/wp-content\/uploads\/2020\/11\/Desafios-profissionais-e-a-importancia-de-uma-visao-sistemica-no-mercado-de-trabalho-356x220.jpg\"  width=\"356\" height=\"220\" \/><\/a><\/div>\r\n            <div class=\"td-module-meta-info\">\r\n                <h3 class=\"entry-title td-module-title\"><a href=\"https:\/\/www.institutodeengenharia.org.br\/site\/2020\/10\/23\/desafios-profissionais-e-a-importancia-de-uma-visao-sistemica-no-mercado-de-trabalho\/\"  rel=\"bookmark\" title=\"Desafios profissionais e a import\u00e2ncia de uma vis\u00e3o sist\u00eamica no mercado de trabalho\">Desafios profissionais e a import\u00e2ncia de uma vis\u00e3o sist\u00eamica no mercado de trabalho<\/a><\/h3>                <div class=\"td-editor-date\">\r\n                                        <span class=\"td-author-date\">\r\n                                                <span class=\"td-post-date\"><time class=\"entry-date updated td-module-date\" datetime=\"2020-10-23T10:30:09-03:00\" >23\/10\/2020<\/time><\/span>                    <\/span>\r\n                <\/div>\r\n            <\/div>\r\n\r\n        <\/div>\r\n\r\n        \n\t<\/div> <!-- .\/td-block-span4 -->\n\n\t<div class=\"td-block-span4\">\n\r\n        <div class=\"td_module_mx1 td_module_wrap td-animation-stack\">\r\n            <div class=\"td-module-thumb\"><a href=\"https:\/\/www.institutodeengenharia.org.br\/site\/2020\/10\/21\/tecnicas-de-redacao-de-laudo\/\"  rel=\"bookmark\" class=\"td-image-wrap \" title=\"T\u00e9cnicas de Reda\u00e7\u00e3o de Laudo\" ><img loading=\"lazy\" decoding=\"async\" class=\"entry-thumb\" src=\"data:image\/png;base64,iVBORw0KGgoAAAANSUhEUgAAAWQAAADcAQMAAAB9O0nPAAAAA1BMVEWurq51dlI4AAAAAXRSTlMmkutdmwAAACBJREFUaN7twTEBAAAAwiD7p7bDbmAAAAAAAAAAAABAdieIAAGQh2mWAAAAAElFTkSuQmCC\" alt=\"\" title=\"T\u00e9cnicas de Reda\u00e7\u00e3o de Laudo\" data-type=\"image_tag\" data-img-url=\"https:\/\/www.institutodeengenharia.org.br\/site\/wp-content\/uploads\/2020\/10\/Como-montar-um-Escritorio-de-Engenharia-e1602179934434-356x220.jpg\"  width=\"356\" height=\"220\" \/><\/a><\/div>\r\n            <div class=\"td-module-meta-info\">\r\n                <h3 class=\"entry-title td-module-title\"><a href=\"https:\/\/www.institutodeengenharia.org.br\/site\/2020\/10\/21\/tecnicas-de-redacao-de-laudo\/\"  rel=\"bookmark\" title=\"T\u00e9cnicas de Reda\u00e7\u00e3o de Laudo\">T\u00e9cnicas de Reda\u00e7\u00e3o de Laudo<\/a><\/h3>                <div class=\"td-editor-date\">\r\n                                        <span class=\"td-author-date\">\r\n                                                <span class=\"td-post-date\"><time class=\"entry-date updated td-module-date\" datetime=\"2020-10-21T18:00:34-03:00\" >21\/10\/2020<\/time><\/span>                    <\/span>\r\n                <\/div>\r\n            <\/div>\r\n\r\n        <\/div>\r\n\r\n        \n\t<\/div> <!-- .\/td-block-span4 --><\/div><!--.\/row-fluid-->\n\n\t<div class=\"td-block-row\">\n\n\t<div class=\"td-block-span4\">\n\r\n        <div class=\"td_module_mx1 td_module_wrap td-animation-stack\">\r\n            <div class=\"td-module-thumb\"><a href=\"https:\/\/www.institutodeengenharia.org.br\/site\/2020\/10\/19\/emissao-de-fundos-verde-green-bonds-oportunidades-de-financiamento-para-sistemas-hidroviarios\/\"  rel=\"bookmark\" class=\"td-image-wrap \" title=\"Emiss\u00e3o de Fundos Verde \u201cGreen Bonds\u201d &#8211; Oportunidades de Financiamento para Sistemas Hidrovi\u00e1rios\" ><img loading=\"lazy\" decoding=\"async\" class=\"entry-thumb\" src=\"data:image\/png;base64,iVBORw0KGgoAAAANSUhEUgAAAWQAAADcAQMAAAB9O0nPAAAAA1BMVEWurq51dlI4AAAAAXRSTlMmkutdmwAAACBJREFUaN7twTEBAAAAwiD7p7bDbmAAAAAAAAAAAABAdieIAAGQh2mWAAAAAElFTkSuQmCC\" alt=\"\" title=\"Emiss\u00e3o de Fundos Verde \u201cGreen Bonds\u201d &#8211; Oportunidades de Financiamento para Sistemas Hidrovi\u00e1rios\" data-type=\"image_tag\" data-img-url=\"https:\/\/www.institutodeengenharia.org.br\/site\/wp-content\/uploads\/2020\/11\/Emissao-de-Fundos-Verde-Green-Bonds-Oportunidades-de-Financiamento-para-Sistemas-Hidroviarios-356x220.jpg\"  width=\"356\" height=\"220\" \/><\/a><\/div>\r\n            <div class=\"td-module-meta-info\">\r\n                <h3 class=\"entry-title td-module-title\"><a href=\"https:\/\/www.institutodeengenharia.org.br\/site\/2020\/10\/19\/emissao-de-fundos-verde-green-bonds-oportunidades-de-financiamento-para-sistemas-hidroviarios\/\"  rel=\"bookmark\" title=\"Emiss\u00e3o de Fundos Verde \u201cGreen Bonds\u201d &#8211; Oportunidades de Financiamento para Sistemas Hidrovi\u00e1rios\">Emiss\u00e3o de Fundos Verde \u201cGreen Bonds\u201d &#8211; Oportunidades de Financiamento para Sistemas Hidrovi\u00e1rios<\/a><\/h3>                <div class=\"td-editor-date\">\r\n                                        <span class=\"td-author-date\">\r\n                                                <span class=\"td-post-date\"><time class=\"entry-date updated td-module-date\" datetime=\"2020-10-19T15:30:40-03:00\" >19\/10\/2020<\/time><\/span>                    <\/span>\r\n                <\/div>\r\n            <\/div>\r\n\r\n        <\/div>\r\n\r\n        \n\t<\/div> <!-- .\/td-block-span4 -->\n\n\t<div class=\"td-block-span4\">\n\r\n        <div class=\"td_module_mx1 td_module_wrap td-animation-stack\">\r\n            <div class=\"td-module-thumb\"><a href=\"https:\/\/www.institutodeengenharia.org.br\/site\/2020\/10\/16\/engenharia-biomedica-e-os-desafios-de-uma-medicina-robotica\/\"  rel=\"bookmark\" class=\"td-image-wrap \" title=\"Engenharia Biom\u00e9dica e os desafios de uma medicina rob\u00f3tica\" ><img loading=\"lazy\" decoding=\"async\" class=\"entry-thumb\" src=\"data:image\/png;base64,iVBORw0KGgoAAAANSUhEUgAAAWQAAADcAQMAAAB9O0nPAAAAA1BMVEWurq51dlI4AAAAAXRSTlMmkutdmwAAACBJREFUaN7twTEBAAAAwiD7p7bDbmAAAAAAAAAAAABAdieIAAGQh2mWAAAAAElFTkSuQmCC\" alt=\"\" title=\"Engenharia Biom\u00e9dica e os desafios de uma medicina rob\u00f3tica\" data-type=\"image_tag\" data-img-url=\"https:\/\/www.institutodeengenharia.org.br\/site\/wp-content\/uploads\/2020\/11\/Engenharia-Biomedica-e-os-desafios-de-uma-medicina-robotica-356x220.jpg\"  width=\"356\" height=\"220\" \/><\/a><\/div>\r\n            <div class=\"td-module-meta-info\">\r\n                <h3 class=\"entry-title td-module-title\"><a href=\"https:\/\/www.institutodeengenharia.org.br\/site\/2020\/10\/16\/engenharia-biomedica-e-os-desafios-de-uma-medicina-robotica\/\"  rel=\"bookmark\" title=\"Engenharia Biom\u00e9dica e os desafios de uma medicina rob\u00f3tica\">Engenharia Biom\u00e9dica e os desafios de uma medicina rob\u00f3tica<\/a><\/h3>                <div class=\"td-editor-date\">\r\n                                        <span class=\"td-author-date\">\r\n                                                <span class=\"td-post-date\"><time class=\"entry-date updated td-module-date\" datetime=\"2020-10-16T10:00:02-03:00\" >16\/10\/2020<\/time><\/span>                    <\/span>\r\n                <\/div>\r\n            <\/div>\r\n\r\n        <\/div>\r\n\r\n        \n\t<\/div> <!-- .\/td-block-span4 -->\n\n\t<div class=\"td-block-span4\">\n\r\n        <div class=\"td_module_mx1 td_module_wrap td-animation-stack\">\r\n            <div class=\"td-module-thumb\"><a href=\"https:\/\/www.institutodeengenharia.org.br\/site\/2020\/10\/15\/robos-colaborativos-cobots-desmistificando-a-seguranca-novos-paradigmas\/\"  rel=\"bookmark\" class=\"td-image-wrap \" title=\"Rob\u00f4s colaborativos &#8211; Cobots: Desmistificando a seguran\u00e7a \u2013 novos paradigmas\" ><img loading=\"lazy\" decoding=\"async\" class=\"entry-thumb\" src=\"data:image\/png;base64,iVBORw0KGgoAAAANSUhEUgAAAWQAAADcAQMAAAB9O0nPAAAAA1BMVEWurq51dlI4AAAAAXRSTlMmkutdmwAAACBJREFUaN7twTEBAAAAwiD7p7bDbmAAAAAAAAAAAABAdieIAAGQh2mWAAAAAElFTkSuQmCC\" alt=\"\" title=\"Rob\u00f4s colaborativos &#8211; Cobots: Desmistificando a seguran\u00e7a \u2013 novos paradigmas\" data-type=\"image_tag\" data-img-url=\"https:\/\/www.institutodeengenharia.org.br\/site\/wp-content\/uploads\/2020\/10\/cobots-industria-de-alimentos-cresce-e-setor-reforca-automacao-aa1e-356x220.jpg\"  width=\"356\" height=\"220\" \/><\/a><\/div>\r\n            <div class=\"td-module-meta-info\">\r\n                <h3 class=\"entry-title td-module-title\"><a href=\"https:\/\/www.institutodeengenharia.org.br\/site\/2020\/10\/15\/robos-colaborativos-cobots-desmistificando-a-seguranca-novos-paradigmas\/\"  rel=\"bookmark\" title=\"Rob\u00f4s colaborativos &#8211; Cobots: Desmistificando a seguran\u00e7a \u2013 novos paradigmas\">Rob\u00f4s colaborativos &#8211; Cobots: Desmistificando a seguran\u00e7a \u2013 novos paradigmas<\/a><\/h3>                <div class=\"td-editor-date\">\r\n                                        <span class=\"td-author-date\">\r\n                                                <span class=\"td-post-date\"><time class=\"entry-date updated td-module-date\" datetime=\"2020-10-15T19:00:26-03:00\" >15\/10\/2020<\/time><\/span>                    <\/span>\r\n                <\/div>\r\n            <\/div>\r\n\r\n        <\/div>\r\n\r\n        \n\t<\/div> <!-- .\/td-block-span4 --><\/div><!--.\/row-fluid-->\n\n\t<div class=\"td-block-row\">\n\n\t<div class=\"td-block-span4\">\n\r\n        <div class=\"td_module_mx1 td_module_wrap td-animation-stack\">\r\n            <div class=\"td-module-thumb\"><a href=\"https:\/\/www.institutodeengenharia.org.br\/site\/2020\/10\/14\/protecao-contra-choques-eletricos\/\"  rel=\"bookmark\" class=\"td-image-wrap \" title=\"Prote\u00e7\u00e3o contra choques el\u00e9tricos\" ><img loading=\"lazy\" decoding=\"async\" class=\"entry-thumb\" src=\"data:image\/png;base64,iVBORw0KGgoAAAANSUhEUgAAAWQAAADcAQMAAAB9O0nPAAAAA1BMVEWurq51dlI4AAAAAXRSTlMmkutdmwAAACBJREFUaN7twTEBAAAAwiD7p7bDbmAAAAAAAAAAAABAdieIAAGQh2mWAAAAAElFTkSuQmCC\" alt=\"\" title=\"Prote\u00e7\u00e3o contra choques el\u00e9tricos\" data-type=\"image_tag\" data-img-url=\"https:\/\/www.institutodeengenharia.org.br\/site\/wp-content\/uploads\/2020\/10\/choque-eletrico-primeiros-socorros-356x220.jpg\"  width=\"356\" height=\"220\" \/><\/a><\/div>\r\n            <div class=\"td-module-meta-info\">\r\n                <h3 class=\"entry-title td-module-title\"><a href=\"https:\/\/www.institutodeengenharia.org.br\/site\/2020\/10\/14\/protecao-contra-choques-eletricos\/\"  rel=\"bookmark\" title=\"Prote\u00e7\u00e3o contra choques el\u00e9tricos\">Prote\u00e7\u00e3o contra choques el\u00e9tricos<\/a><\/h3>                <div class=\"td-editor-date\">\r\n                                        <span class=\"td-author-date\">\r\n                                                <span class=\"td-post-date\"><time class=\"entry-date updated td-module-date\" datetime=\"2020-10-14T18:00:08-03:00\" >14\/10\/2020<\/time><\/span>                    <\/span>\r\n                <\/div>\r\n            <\/div>\r\n\r\n        <\/div>\r\n\r\n        \n\t<\/div> <!-- .\/td-block-span4 -->\n\n\t<div class=\"td-block-span4\">\n\r\n        <div class=\"td_module_mx1 td_module_wrap td-animation-stack\">\r\n            <div class=\"td-module-thumb\"><a href=\"https:\/\/www.institutodeengenharia.org.br\/site\/2020\/10\/09\/desmitificando-queimadas-e-incendios-nos-cenarios-ambientais-e-agricolas\/\"  rel=\"bookmark\" class=\"td-image-wrap \" title=\"Desmitificando queimadas e inc\u00eandios nos cen\u00e1rios ambientais e agr\u00edcolas\" ><img loading=\"lazy\" decoding=\"async\" class=\"entry-thumb\" src=\"data:image\/png;base64,iVBORw0KGgoAAAANSUhEUgAAAWQAAADcAQMAAAB9O0nPAAAAA1BMVEWurq51dlI4AAAAAXRSTlMmkutdmwAAACBJREFUaN7twTEBAAAAwiD7p7bDbmAAAAAAAAAAAABAdieIAAGQh2mWAAAAAElFTkSuQmCC\" alt=\"\" title=\"Desmitificando queimadas e inc\u00eandios nos cen\u00e1rios ambientais e agr\u00edcolas\" data-type=\"image_tag\" data-img-url=\"https:\/\/www.institutodeengenharia.org.br\/site\/wp-content\/uploads\/2020\/10\/auriane-50-356x220.jpg\"  width=\"356\" height=\"220\" \/><\/a><\/div>\r\n            <div class=\"td-module-meta-info\">\r\n                <h3 class=\"entry-title td-module-title\"><a href=\"https:\/\/www.institutodeengenharia.org.br\/site\/2020\/10\/09\/desmitificando-queimadas-e-incendios-nos-cenarios-ambientais-e-agricolas\/\"  rel=\"bookmark\" title=\"Desmitificando queimadas e inc\u00eandios nos cen\u00e1rios ambientais e agr\u00edcolas\">Desmitificando queimadas e inc\u00eandios nos cen\u00e1rios ambientais e agr\u00edcolas<\/a><\/h3>                <div class=\"td-editor-date\">\r\n                                        <span class=\"td-author-date\">\r\n                                                <span class=\"td-post-date\"><time class=\"entry-date updated td-module-date\" datetime=\"2020-10-09T10:00:35-03:00\" >09\/10\/2020<\/time><\/span>                    <\/span>\r\n                <\/div>\r\n            <\/div>\r\n\r\n        <\/div>\r\n\r\n        \n\t<\/div> <!-- .\/td-block-span4 -->\n\n\t<div class=\"td-block-span4\">\n\r\n        <div class=\"td_module_mx1 td_module_wrap td-animation-stack\">\r\n            <div class=\"td-module-thumb\"><a href=\"https:\/\/www.institutodeengenharia.org.br\/site\/2020\/10\/08\/o-uso-da-madeira-engenheirada-nas-construcoes\/\"  rel=\"bookmark\" class=\"td-image-wrap \" title=\"O uso da madeira engenheirada nas constru\u00e7\u00f5es\" ><img loading=\"lazy\" decoding=\"async\" class=\"entry-thumb\" src=\"data:image\/png;base64,iVBORw0KGgoAAAANSUhEUgAAAWQAAADcAQMAAAB9O0nPAAAAA1BMVEWurq51dlI4AAAAAXRSTlMmkutdmwAAACBJREFUaN7twTEBAAAAwiD7p7bDbmAAAAAAAAAAAABAdieIAAGQh2mWAAAAAElFTkSuQmCC\" alt=\"\" title=\"O uso da madeira engenheirada nas constru\u00e7\u00f5es\" data-type=\"image_tag\" data-img-url=\"https:\/\/www.institutodeengenharia.org.br\/site\/wp-content\/uploads\/2020\/10\/iguatemi-Fortaleza-356x220.jpg\"  width=\"356\" height=\"220\" \/><\/a><\/div>\r\n            <div class=\"td-module-meta-info\">\r\n                <h3 class=\"entry-title td-module-title\"><a href=\"https:\/\/www.institutodeengenharia.org.br\/site\/2020\/10\/08\/o-uso-da-madeira-engenheirada-nas-construcoes\/\"  rel=\"bookmark\" title=\"O uso da madeira engenheirada nas constru\u00e7\u00f5es\">O uso da madeira engenheirada nas constru\u00e7\u00f5es<\/a><\/h3>                <div class=\"td-editor-date\">\r\n                                        <span class=\"td-author-date\">\r\n                                                <span class=\"td-post-date\"><time class=\"entry-date updated td-module-date\" datetime=\"2020-10-08T19:30:20-03:00\" >08\/10\/2020<\/time><\/span>                    <\/span>\r\n                <\/div>\r\n            <\/div>\r\n\r\n        <\/div>\r\n\r\n        \n\t<\/div> <!-- .\/td-block-span4 --><\/div><!--.\/row-fluid-->\n\n\t<div class=\"td-block-row\">\n\n\t<div class=\"td-block-span4\">\n\r\n        <div class=\"td_module_mx1 td_module_wrap td-animation-stack\">\r\n            <div class=\"td-module-thumb\"><a href=\"https:\/\/www.institutodeengenharia.org.br\/site\/2020\/10\/07\/planejamento-energetico-sinapse-insercao-da-variavel-ambiental-na-expansao-da-oferta-de-energia-eletrica\/\"  rel=\"bookmark\" class=\"td-image-wrap \" title=\"Planejamento Energ\u00e9tico \u2013 SINAPSE: Inser\u00e7\u00e3o da vari\u00e1vel ambiental na expans\u00e3o da oferta de energia el\u00e9trica\" ><img loading=\"lazy\" decoding=\"async\" class=\"entry-thumb\" src=\"data:image\/png;base64,iVBORw0KGgoAAAANSUhEUgAAAWQAAADcAQMAAAB9O0nPAAAAA1BMVEWurq51dlI4AAAAAXRSTlMmkutdmwAAACBJREFUaN7twTEBAAAAwiD7p7bDbmAAAAAAAAAAAABAdieIAAGQh2mWAAAAAElFTkSuQmCC\" alt=\"\" title=\"Planejamento Energ\u00e9tico \u2013 SINAPSE: Inser\u00e7\u00e3o da vari\u00e1vel ambiental na expans\u00e3o da oferta de energia el\u00e9trica\" data-type=\"image_tag\" data-img-url=\"https:\/\/www.institutodeengenharia.org.br\/site\/wp-content\/uploads\/2020\/10\/09B60736FA4061BB7545F55786D9633A5AF4_energia-356x220.jpg\"  width=\"356\" height=\"220\" \/><\/a><\/div>\r\n            <div class=\"td-module-meta-info\">\r\n                <h3 class=\"entry-title td-module-title\"><a href=\"https:\/\/www.institutodeengenharia.org.br\/site\/2020\/10\/07\/planejamento-energetico-sinapse-insercao-da-variavel-ambiental-na-expansao-da-oferta-de-energia-eletrica\/\"  rel=\"bookmark\" title=\"Planejamento Energ\u00e9tico \u2013 SINAPSE: Inser\u00e7\u00e3o da vari\u00e1vel ambiental na expans\u00e3o da oferta de energia el\u00e9trica\">Planejamento Energ\u00e9tico \u2013 SINAPSE: Inser\u00e7\u00e3o da vari\u00e1vel ambiental na expans\u00e3o da oferta de energia el\u00e9trica<\/a><\/h3>                <div class=\"td-editor-date\">\r\n                                        <span class=\"td-author-date\">\r\n                                                <span class=\"td-post-date\"><time class=\"entry-date updated td-module-date\" datetime=\"2020-10-07T15:00:22-03:00\" >07\/10\/2020<\/time><\/span>                    <\/span>\r\n                <\/div>\r\n            <\/div>\r\n\r\n        <\/div>\r\n\r\n        \n\t<\/div> <!-- .\/td-block-span4 -->\n\n\t<div class=\"td-block-span4\">\n\r\n        <div class=\"td_module_mx1 td_module_wrap td-animation-stack\">\r\n            <div class=\"td-module-thumb\"><a href=\"https:\/\/www.institutodeengenharia.org.br\/site\/2020\/10\/05\/navegacao-na-amazonia-desafios-na-seguranca-para-o-transporte-de-cargas-e-passageiros\/\"  rel=\"bookmark\" class=\"td-image-wrap \" title=\"Navega\u00e7\u00e3o na Amaz\u00f4nia &#8211; Desafios na Seguran\u00e7a para o Transporte de Cargas e Passageiros\" ><img loading=\"lazy\" decoding=\"async\" class=\"entry-thumb\" src=\"data:image\/png;base64,iVBORw0KGgoAAAANSUhEUgAAAWQAAADcAQMAAAB9O0nPAAAAA1BMVEWurq51dlI4AAAAAXRSTlMmkutdmwAAACBJREFUaN7twTEBAAAAwiD7p7bDbmAAAAAAAAAAAABAdieIAAGQh2mWAAAAAElFTkSuQmCC\" alt=\"\" title=\"Navega\u00e7\u00e3o na Amaz\u00f4nia &#8211; Desafios na Seguran\u00e7a para o Transporte de Cargas e Passageiros\" data-type=\"image_tag\" data-img-url=\"https:\/\/www.institutodeengenharia.org.br\/site\/wp-content\/uploads\/2020\/11\/Navegacao-na-Amazonia-Desafios-na-Seguranca-para-o-Transporte-de-Cargas-e-Passageiros-356x220.jpg\"  width=\"356\" height=\"220\" \/><\/a><\/div>\r\n            <div class=\"td-module-meta-info\">\r\n                <h3 class=\"entry-title td-module-title\"><a href=\"https:\/\/www.institutodeengenharia.org.br\/site\/2020\/10\/05\/navegacao-na-amazonia-desafios-na-seguranca-para-o-transporte-de-cargas-e-passageiros\/\"  rel=\"bookmark\" title=\"Navega\u00e7\u00e3o na Amaz\u00f4nia &#8211; Desafios na Seguran\u00e7a para o Transporte de Cargas e Passageiros\">Navega\u00e7\u00e3o na Amaz\u00f4nia &#8211; Desafios na Seguran\u00e7a para o Transporte de Cargas e Passageiros<\/a><\/h3>                <div class=\"td-editor-date\">\r\n                                        <span class=\"td-author-date\">\r\n                                                <span class=\"td-post-date\"><time class=\"entry-date updated td-module-date\" datetime=\"2020-10-05T15:30:50-03:00\" >05\/10\/2020<\/time><\/span>                    <\/span>\r\n                <\/div>\r\n            <\/div>\r\n\r\n        <\/div>\r\n\r\n        \n\t<\/div> <!-- .\/td-block-span4 -->\n\n\t<div class=\"td-block-span4\">\n\r\n        <div class=\"td_module_mx1 td_module_wrap td-animation-stack\">\r\n            <div class=\"td-module-thumb\"><a href=\"https:\/\/www.institutodeengenharia.org.br\/site\/2020\/10\/02\/acoes-de-uma-engenharia-benfeitora\/\"  rel=\"bookmark\" class=\"td-image-wrap \" title=\"A\u00e7\u00f5es de uma Engenharia benfeitora\" ><img loading=\"lazy\" decoding=\"async\" class=\"entry-thumb\" src=\"data:image\/png;base64,iVBORw0KGgoAAAANSUhEUgAAAWQAAADcAQMAAAB9O0nPAAAAA1BMVEWurq51dlI4AAAAAXRSTlMmkutdmwAAACBJREFUaN7twTEBAAAAwiD7p7bDbmAAAAAAAAAAAABAdieIAAGQh2mWAAAAAElFTkSuQmCC\" alt=\"\" title=\"A\u00e7\u00f5es de uma Engenharia benfeitora\" data-type=\"image_tag\" data-img-url=\"https:\/\/www.institutodeengenharia.org.br\/site\/wp-content\/uploads\/2020\/11\/Acoes-de-uma-Engenharia-benfeitora-tv-356x220.jpg\"  width=\"356\" height=\"220\" \/><\/a><\/div>\r\n            <div class=\"td-module-meta-info\">\r\n                <h3 class=\"entry-title td-module-title\"><a href=\"https:\/\/www.institutodeengenharia.org.br\/site\/2020\/10\/02\/acoes-de-uma-engenharia-benfeitora\/\"  rel=\"bookmark\" title=\"A\u00e7\u00f5es de uma Engenharia benfeitora\">A\u00e7\u00f5es de uma Engenharia benfeitora<\/a><\/h3>                <div class=\"td-editor-date\">\r\n                                        <span class=\"td-author-date\">\r\n                                                <span class=\"td-post-date\"><time class=\"entry-date updated td-module-date\" datetime=\"2020-10-02T10:00:51-03:00\" >02\/10\/2020<\/time><\/span>                    <\/span>\r\n                <\/div>\r\n            <\/div>\r\n\r\n        <\/div>\r\n\r\n        \n\t<\/div> <!-- .\/td-block-span4 --><\/div><!--.\/row-fluid-->\n\n\t<div class=\"td-block-row\">\n\n\t<div class=\"td-block-span4\">\n\r\n        <div class=\"td_module_mx1 td_module_wrap td-animation-stack\">\r\n            <div class=\"td-module-thumb\"><a href=\"https:\/\/www.institutodeengenharia.org.br\/site\/2020\/09\/29\/descarte-de-mascaras-de-uso-obrigatorio-em-tempos-da-pandemia-de-covid-19\/\"  rel=\"bookmark\" class=\"td-image-wrap \" title=\"Descarte de m\u00e1scaras de uso obrigat\u00f3rio em tempos da pandemia de Covid-19\" ><img loading=\"lazy\" decoding=\"async\" class=\"entry-thumb\" src=\"data:image\/png;base64,iVBORw0KGgoAAAANSUhEUgAAAWQAAADcAQMAAAB9O0nPAAAAA1BMVEWurq51dlI4AAAAAXRSTlMmkutdmwAAACBJREFUaN7twTEBAAAAwiD7p7bDbmAAAAAAAAAAAABAdieIAAGQh2mWAAAAAElFTkSuQmCC\" alt=\"\" title=\"Descarte de m\u00e1scaras de uso obrigat\u00f3rio em tempos da pandemia de Covid-19\" data-type=\"image_tag\" data-img-url=\"https:\/\/www.institutodeengenharia.org.br\/site\/wp-content\/uploads\/2020\/09\/Como-fazer-o-descarte-das-m\u00e1scaras-de-prote\u00e7\u00e3o-356x220.jpg\"  width=\"356\" height=\"220\" \/><\/a><\/div>\r\n            <div class=\"td-module-meta-info\">\r\n                <h3 class=\"entry-title td-module-title\"><a href=\"https:\/\/www.institutodeengenharia.org.br\/site\/2020\/09\/29\/descarte-de-mascaras-de-uso-obrigatorio-em-tempos-da-pandemia-de-covid-19\/\"  rel=\"bookmark\" title=\"Descarte de m\u00e1scaras de uso obrigat\u00f3rio em tempos da pandemia de Covid-19\">Descarte de m\u00e1scaras de uso obrigat\u00f3rio em tempos da pandemia de Covid-19<\/a><\/h3>                <div class=\"td-editor-date\">\r\n                                        <span class=\"td-author-date\">\r\n                                                <span class=\"td-post-date\"><time class=\"entry-date updated td-module-date\" datetime=\"2020-09-29T19:30:49-03:00\" >29\/09\/2020<\/time><\/span>                    <\/span>\r\n                <\/div>\r\n            <\/div>\r\n\r\n        <\/div>\r\n\r\n        \n\t<\/div> <!-- .\/td-block-span4 -->\n\n\t<div class=\"td-block-span4\">\n\r\n        <div class=\"td_module_mx1 td_module_wrap td-animation-stack\">\r\n            <div class=\"td-module-thumb\"><a href=\"https:\/\/www.institutodeengenharia.org.br\/site\/2020\/09\/28\/diretrizes-para-o-saneamento-como-chegar-a-universalizacao-2\/\"  rel=\"bookmark\" class=\"td-image-wrap \" title=\"Diretrizes para o saneamento \u2013 Como chegar \u00e0 universaliza\u00e7\u00e3o\" ><img loading=\"lazy\" decoding=\"async\" class=\"entry-thumb\" src=\"data:image\/png;base64,iVBORw0KGgoAAAANSUhEUgAAAWQAAADcAQMAAAB9O0nPAAAAA1BMVEWurq51dlI4AAAAAXRSTlMmkutdmwAAACBJREFUaN7twTEBAAAAwiD7p7bDbmAAAAAAAAAAAABAdieIAAGQh2mWAAAAAElFTkSuQmCC\" alt=\"\" title=\"Diretrizes para o saneamento \u2013 Como chegar \u00e0 universaliza\u00e7\u00e3o\" data-type=\"image_tag\" data-img-url=\"https:\/\/www.institutodeengenharia.org.br\/site\/wp-content\/uploads\/2020\/09\/0coqf5nagzjl25fiyqtf1tg5l-356x220.jpg\"  width=\"356\" height=\"220\" \/><\/a><\/div>\r\n            <div class=\"td-module-meta-info\">\r\n                <h3 class=\"entry-title td-module-title\"><a href=\"https:\/\/www.institutodeengenharia.org.br\/site\/2020\/09\/28\/diretrizes-para-o-saneamento-como-chegar-a-universalizacao-2\/\"  rel=\"bookmark\" title=\"Diretrizes para o saneamento \u2013 Como chegar \u00e0 universaliza\u00e7\u00e3o\">Diretrizes para o saneamento \u2013 Como chegar \u00e0 universaliza\u00e7\u00e3o<\/a><\/h3>                <div class=\"td-editor-date\">\r\n                                        <span class=\"td-author-date\">\r\n                                                <span class=\"td-post-date\"><time class=\"entry-date updated td-module-date\" datetime=\"2020-09-28T19:00:52-03:00\" >28\/09\/2020<\/time><\/span>                    <\/span>\r\n                <\/div>\r\n            <\/div>\r\n\r\n        <\/div>\r\n\r\n        \n\t<\/div> <!-- .\/td-block-span4 -->\n\n\t<div class=\"td-block-span4\">\n\r\n        <div class=\"td_module_mx1 td_module_wrap td-animation-stack\">\r\n            <div class=\"td-module-thumb\"><a href=\"https:\/\/www.institutodeengenharia.org.br\/site\/2020\/09\/28\/gestao-e-planejamento-no-uso-multiplo-das-aguas-com-enfase-na-navegacao-interior\/\"  rel=\"bookmark\" class=\"td-image-wrap \" title=\"Gest\u00e3o e Planejamento no Uso M\u00faltiplo das \u00c1guas com \u00canfase na Navega\u00e7\u00e3o Interior\" ><img loading=\"lazy\" decoding=\"async\" class=\"entry-thumb\" src=\"data:image\/png;base64,iVBORw0KGgoAAAANSUhEUgAAAWQAAADcAQMAAAB9O0nPAAAAA1BMVEWurq51dlI4AAAAAXRSTlMmkutdmwAAACBJREFUaN7twTEBAAAAwiD7p7bDbmAAAAAAAAAAAABAdieIAAGQh2mWAAAAAElFTkSuQmCC\" alt=\"\" title=\"Gest\u00e3o e Planejamento no Uso M\u00faltiplo das \u00c1guas com \u00canfase na Navega\u00e7\u00e3o Interior\" data-type=\"image_tag\" data-img-url=\"https:\/\/www.institutodeengenharia.org.br\/site\/wp-content\/uploads\/2020\/10\/Gestao-e-Planejamento-no-Uso-Multiplo-das-Aguas-com-Enfase-na-Navegacao-Interior-356x220.jpg\"  width=\"356\" height=\"220\" \/><\/a><\/div>\r\n            <div class=\"td-module-meta-info\">\r\n                <h3 class=\"entry-title td-module-title\"><a href=\"https:\/\/www.institutodeengenharia.org.br\/site\/2020\/09\/28\/gestao-e-planejamento-no-uso-multiplo-das-aguas-com-enfase-na-navegacao-interior\/\"  rel=\"bookmark\" title=\"Gest\u00e3o e Planejamento no Uso M\u00faltiplo das \u00c1guas com \u00canfase na Navega\u00e7\u00e3o Interior\">Gest\u00e3o e Planejamento no Uso M\u00faltiplo das \u00c1guas com \u00canfase na Navega\u00e7\u00e3o Interior<\/a><\/h3>                <div class=\"td-editor-date\">\r\n                                        <span class=\"td-author-date\">\r\n                                                <span class=\"td-post-date\"><time class=\"entry-date updated td-module-date\" datetime=\"2020-09-28T15:30:26-03:00\" >28\/09\/2020<\/time><\/span>                    <\/span>\r\n                <\/div>\r\n            <\/div>\r\n\r\n        <\/div>\r\n\r\n        \n\t<\/div> <!-- .\/td-block-span4 --><\/div><!--.\/row-fluid-->\n\n\t<div class=\"td-block-row\">\n\n\t<div class=\"td-block-span4\">\n\r\n        <div class=\"td_module_mx1 td_module_wrap td-animation-stack\">\r\n            <div class=\"td-module-thumb\"><a href=\"https:\/\/www.institutodeengenharia.org.br\/site\/2020\/09\/24\/2o-encontro-internacional-lideranca-chilena-na-implantacao-de-transporte-limpo\/\"  rel=\"bookmark\" class=\"td-image-wrap \" title=\"2\u00ba Encontro Internacional &#8211; Lideran\u00e7a Chilena na Implanta\u00e7\u00e3o de Transporte Limpo\" ><img loading=\"lazy\" decoding=\"async\" class=\"entry-thumb\" src=\"data:image\/png;base64,iVBORw0KGgoAAAANSUhEUgAAAWQAAADcAQMAAAB9O0nPAAAAA1BMVEWurq51dlI4AAAAAXRSTlMmkutdmwAAACBJREFUaN7twTEBAAAAwiD7p7bDbmAAAAAAAAAAAABAdieIAAGQh2mWAAAAAElFTkSuQmCC\" alt=\"\" title=\"2\u00ba Encontro Internacional &#8211; Lideran\u00e7a Chilena na Implanta\u00e7\u00e3o de Transporte Limpo\" data-type=\"image_tag\" data-img-url=\"https:\/\/www.institutodeengenharia.org.br\/site\/wp-content\/uploads\/2020\/09\/caio-chile2-356x220.jpg\"  width=\"356\" height=\"220\" \/><\/a><\/div>\r\n            <div class=\"td-module-meta-info\">\r\n                <h3 class=\"entry-title td-module-title\"><a href=\"https:\/\/www.institutodeengenharia.org.br\/site\/2020\/09\/24\/2o-encontro-internacional-lideranca-chilena-na-implantacao-de-transporte-limpo\/\"  rel=\"bookmark\" title=\"2\u00ba Encontro Internacional &#8211; Lideran\u00e7a Chilena na Implanta\u00e7\u00e3o de Transporte Limpo\">2\u00ba Encontro Internacional &#8211; Lideran\u00e7a Chilena na Implanta\u00e7\u00e3o de Transporte Limpo<\/a><\/h3>                <div class=\"td-editor-date\">\r\n                                        <span class=\"td-author-date\">\r\n                                                <span class=\"td-post-date\"><time class=\"entry-date updated td-module-date\" datetime=\"2020-09-24T09:00:26-03:00\" >24\/09\/2020<\/time><\/span>                    <\/span>\r\n                <\/div>\r\n            <\/div>\r\n\r\n        <\/div>\r\n\r\n        \n\t<\/div> <!-- .\/td-block-span4 -->\n\n\t<div class=\"td-block-span4\">\n\r\n        <div class=\"td_module_mx1 td_module_wrap td-animation-stack\">\r\n            <div class=\"td-module-thumb\"><a href=\"https:\/\/www.institutodeengenharia.org.br\/site\/2020\/09\/21\/afrmm-impactos-no-desenvolvimento-e-na-seguranca-da-navegacao-interior-de-passageiros-e-cargas\/\"  rel=\"bookmark\" class=\"td-image-wrap \" title=\"AFRMM &#8211; Impactos no Desenvolvimento e na Seguran\u00e7a da Navega\u00e7\u00e3o Interior de Passageiros e Cargas\" ><img loading=\"lazy\" decoding=\"async\" class=\"entry-thumb\" src=\"data:image\/png;base64,iVBORw0KGgoAAAANSUhEUgAAAWQAAADcAQMAAAB9O0nPAAAAA1BMVEWurq51dlI4AAAAAXRSTlMmkutdmwAAACBJREFUaN7twTEBAAAAwiD7p7bDbmAAAAAAAAAAAABAdieIAAGQh2mWAAAAAElFTkSuQmCC\" alt=\"\" title=\"AFRMM &#8211; Impactos no Desenvolvimento e na Seguran\u00e7a da Navega\u00e7\u00e3o Interior de Passageiros e Cargas\" data-type=\"image_tag\" data-img-url=\"https:\/\/www.institutodeengenharia.org.br\/site\/wp-content\/uploads\/2020\/10\/AFRMM-Impactos-no-Desenvolvimento-e-na-Seguranca-da-Navegacao-Interior-de-Passageiros-e-Cargas-356x220.jpg\"  width=\"356\" height=\"220\" \/><\/a><\/div>\r\n            <div class=\"td-module-meta-info\">\r\n                <h3 class=\"entry-title td-module-title\"><a href=\"https:\/\/www.institutodeengenharia.org.br\/site\/2020\/09\/21\/afrmm-impactos-no-desenvolvimento-e-na-seguranca-da-navegacao-interior-de-passageiros-e-cargas\/\"  rel=\"bookmark\" title=\"AFRMM &#8211; Impactos no Desenvolvimento e na Seguran\u00e7a da Navega\u00e7\u00e3o Interior de Passageiros e Cargas\">AFRMM &#8211; Impactos no Desenvolvimento e na Seguran\u00e7a da Navega\u00e7\u00e3o Interior de Passageiros e Cargas<\/a><\/h3>                <div class=\"td-editor-date\">\r\n                                        <span class=\"td-author-date\">\r\n                                                <span class=\"td-post-date\"><time class=\"entry-date updated td-module-date\" datetime=\"2020-09-21T15:30:52-03:00\" >21\/09\/2020<\/time><\/span>                    <\/span>\r\n                <\/div>\r\n            <\/div>\r\n\r\n        <\/div>\r\n\r\n        \n\t<\/div> <!-- .\/td-block-span4 -->\n\n\t<div class=\"td-block-span4\">\n\r\n        <div class=\"td_module_mx1 td_module_wrap td-animation-stack\">\r\n            <div class=\"td-module-thumb\"><a href=\"https:\/\/www.institutodeengenharia.org.br\/site\/2020\/09\/18\/amazonia-desafios-de-uma-engenharia-verde-potencial-hidroviario\/\"  rel=\"bookmark\" class=\"td-image-wrap \" title=\"Amaz\u00f4nia \u2013 desafios de uma Engenharia verde: Potencial Hidrovi\u00e1rio\" ><img loading=\"lazy\" decoding=\"async\" class=\"entry-thumb\" src=\"data:image\/png;base64,iVBORw0KGgoAAAANSUhEUgAAAWQAAADcAQMAAAB9O0nPAAAAA1BMVEWurq51dlI4AAAAAXRSTlMmkutdmwAAACBJREFUaN7twTEBAAAAwiD7p7bDbmAAAAAAAAAAAABAdieIAAGQh2mWAAAAAElFTkSuQmCC\" alt=\"\" title=\"Amaz\u00f4nia \u2013 desafios de uma Engenharia verde: Potencial Hidrovi\u00e1rio\" data-type=\"image_tag\" data-img-url=\"https:\/\/www.institutodeengenharia.org.br\/site\/wp-content\/uploads\/2020\/09\/amazonia-356x220.jpg\"  width=\"356\" height=\"220\" \/><\/a><\/div>\r\n            <div class=\"td-module-meta-info\">\r\n                <h3 class=\"entry-title td-module-title\"><a href=\"https:\/\/www.institutodeengenharia.org.br\/site\/2020\/09\/18\/amazonia-desafios-de-uma-engenharia-verde-potencial-hidroviario\/\"  rel=\"bookmark\" title=\"Amaz\u00f4nia \u2013 desafios de uma Engenharia verde: Potencial Hidrovi\u00e1rio\">Amaz\u00f4nia \u2013 desafios de uma Engenharia verde: Potencial Hidrovi\u00e1rio<\/a><\/h3>                <div class=\"td-editor-date\">\r\n                                        <span class=\"td-author-date\">\r\n                                                <span class=\"td-post-date\"><time class=\"entry-date updated td-module-date\" datetime=\"2020-09-18T10:00:44-03:00\" >18\/09\/2020<\/time><\/span>                    <\/span>\r\n                <\/div>\r\n            <\/div>\r\n\r\n        <\/div>\r\n\r\n        \n\t<\/div> <!-- .\/td-block-span4 --><\/div><!--.\/row-fluid-->\n\n\t<div class=\"td-block-row\">\n\n\t<div class=\"td-block-span4\">\n\r\n        <div class=\"td_module_mx1 td_module_wrap td-animation-stack\">\r\n            <div class=\"td-module-thumb\"><a href=\"https:\/\/www.institutodeengenharia.org.br\/site\/2020\/09\/16\/webinar-cma-ie-curador-especial-na-arbitragem-quando-a-requerida-nao-comparece\/\"  rel=\"bookmark\" class=\"td-image-wrap \" title=\"Webinar CMA-IE: Curador Especial na Arbitragem &#8211; Quando a requerida n\u00e3o comparece\" ><img loading=\"lazy\" decoding=\"async\" class=\"entry-thumb\" src=\"data:image\/png;base64,iVBORw0KGgoAAAANSUhEUgAAAWQAAADcAQMAAAB9O0nPAAAAA1BMVEWurq51dlI4AAAAAXRSTlMmkutdmwAAACBJREFUaN7twTEBAAAAwiD7p7bDbmAAAAAAAAAAAABAdieIAAGQh2mWAAAAAElFTkSuQmCC\" alt=\"\" title=\"Webinar CMA-IE: Curador Especial na Arbitragem &#8211; Quando a requerida n\u00e3o comparece\" data-type=\"image_tag\" data-img-url=\"https:\/\/www.institutodeengenharia.org.br\/site\/wp-content\/uploads\/2020\/08\/5804_3431-356x220.jpg\"  width=\"356\" height=\"220\" \/><\/a><\/div>\r\n            <div class=\"td-module-meta-info\">\r\n                <h3 class=\"entry-title td-module-title\"><a href=\"https:\/\/www.institutodeengenharia.org.br\/site\/2020\/09\/16\/webinar-cma-ie-curador-especial-na-arbitragem-quando-a-requerida-nao-comparece\/\"  rel=\"bookmark\" title=\"Webinar CMA-IE: Curador Especial na Arbitragem &#8211; Quando a requerida n\u00e3o comparece\">Webinar CMA-IE: Curador Especial na Arbitragem &#8211; Quando a requerida n\u00e3o comparece<\/a><\/h3>                <div class=\"td-editor-date\">\r\n                                        <span class=\"td-author-date\">\r\n                                                <span class=\"td-post-date\"><time class=\"entry-date updated td-module-date\" datetime=\"2020-09-16T10:00:40-03:00\" >16\/09\/2020<\/time><\/span>                    <\/span>\r\n                <\/div>\r\n            <\/div>\r\n\r\n        <\/div>\r\n\r\n        \n\t<\/div> <!-- .\/td-block-span4 -->\n\n\t<div class=\"td-block-span4\">\n\r\n        <div class=\"td_module_mx1 td_module_wrap td-animation-stack\">\r\n            <div class=\"td-module-thumb\"><a href=\"https:\/\/www.institutodeengenharia.org.br\/site\/2020\/09\/15\/nosso-momento-bim-quantitativos-bim\/\"  rel=\"bookmark\" class=\"td-image-wrap \" title=\"Nosso momento BIM \u2013 Quantitativos BIM\" ><img loading=\"lazy\" decoding=\"async\" class=\"entry-thumb\" src=\"data:image\/png;base64,iVBORw0KGgoAAAANSUhEUgAAAWQAAADcAQMAAAB9O0nPAAAAA1BMVEWurq51dlI4AAAAAXRSTlMmkutdmwAAACBJREFUaN7twTEBAAAAwiD7p7bDbmAAAAAAAAAAAABAdieIAAGQh2mWAAAAAElFTkSuQmCC\" alt=\"\" title=\"Nosso momento BIM \u2013 Quantitativos BIM\" data-type=\"image_tag\" data-img-url=\"https:\/\/www.institutodeengenharia.org.br\/site\/wp-content\/uploads\/2020\/10\/Nosso-momento-BIM-\u2013-Quantitativos-BIM2-356x220.jpg\"  width=\"356\" height=\"220\" \/><\/a><\/div>\r\n            <div class=\"td-module-meta-info\">\r\n                <h3 class=\"entry-title td-module-title\"><a href=\"https:\/\/www.institutodeengenharia.org.br\/site\/2020\/09\/15\/nosso-momento-bim-quantitativos-bim\/\"  rel=\"bookmark\" title=\"Nosso momento BIM \u2013 Quantitativos BIM\">Nosso momento BIM \u2013 Quantitativos BIM<\/a><\/h3>                <div class=\"td-editor-date\">\r\n                                        <span class=\"td-author-date\">\r\n                                                <span class=\"td-post-date\"><time class=\"entry-date updated td-module-date\" datetime=\"2020-09-15T19:00:04-03:00\" >15\/09\/2020<\/time><\/span>                    <\/span>\r\n                <\/div>\r\n            <\/div>\r\n\r\n        <\/div>\r\n\r\n        \n\t<\/div> <!-- .\/td-block-span4 -->\n\n\t<div class=\"td-block-span4\">\n\r\n        <div class=\"td_module_mx1 td_module_wrap td-animation-stack\">\r\n            <div class=\"td-module-thumb\"><a href=\"https:\/\/www.institutodeengenharia.org.br\/site\/2020\/09\/15\/hidrovia-retomada-do-crescimento\/\"  rel=\"bookmark\" class=\"td-image-wrap \" title=\"Hidrovia &#8211; Retomada do Crescimento\" ><img loading=\"lazy\" decoding=\"async\" class=\"entry-thumb\" src=\"data:image\/png;base64,iVBORw0KGgoAAAANSUhEUgAAAWQAAADcAQMAAAB9O0nPAAAAA1BMVEWurq51dlI4AAAAAXRSTlMmkutdmwAAACBJREFUaN7twTEBAAAAwiD7p7bDbmAAAAAAAAAAAABAdieIAAGQh2mWAAAAAElFTkSuQmCC\" alt=\"\" title=\"Hidrovia &#8211; Retomada do Crescimento\" data-type=\"image_tag\" data-img-url=\"https:\/\/www.institutodeengenharia.org.br\/site\/wp-content\/uploads\/2020\/09\/Hidrovia-Retomada-do-Crescimentofoto-1-356x220.png\"  width=\"356\" height=\"220\" \/><\/a><\/div>\r\n            <div class=\"td-module-meta-info\">\r\n                <h3 class=\"entry-title td-module-title\"><a href=\"https:\/\/www.institutodeengenharia.org.br\/site\/2020\/09\/15\/hidrovia-retomada-do-crescimento\/\"  rel=\"bookmark\" title=\"Hidrovia &#8211; Retomada do Crescimento\">Hidrovia &#8211; Retomada do Crescimento<\/a><\/h3>                <div class=\"td-editor-date\">\r\n                                        <span class=\"td-author-date\">\r\n                                                <span class=\"td-post-date\"><time class=\"entry-date updated td-module-date\" datetime=\"2020-09-15T11:30:33-03:00\" >15\/09\/2020<\/time><\/span>                    <\/span>\r\n                <\/div>\r\n            <\/div>\r\n\r\n        <\/div>\r\n\r\n        \n\t<\/div> <!-- .\/td-block-span4 --><\/div><!--.\/row-fluid-->\n\n\t<div class=\"td-block-row\">\n\n\t<div class=\"td-block-span4\">\n\r\n        <div class=\"td_module_mx1 td_module_wrap td-animation-stack\">\r\n            <div class=\"td-module-thumb\"><a href=\"https:\/\/www.institutodeengenharia.org.br\/site\/2020\/09\/11\/projeto-sinapse-matriz-energetica-e-aprimoramento-da-sistematica-de-insercao-ambiental-no-planejamento-da-expansao-do-sistema-eletrico\/\"  rel=\"bookmark\" class=\"td-image-wrap \" title=\"Projeto Sinapse &#8211; Matriz Energ\u00e9tica e Aprimoramento da Sistem\u00e1tica de Inser\u00e7\u00e3o Ambiental no Planejamento da Expans\u00e3o do Sistema El\u00e9trico\" ><img loading=\"lazy\" decoding=\"async\" class=\"entry-thumb\" src=\"data:image\/png;base64,iVBORw0KGgoAAAANSUhEUgAAAWQAAADcAQMAAAB9O0nPAAAAA1BMVEWurq51dlI4AAAAAXRSTlMmkutdmwAAACBJREFUaN7twTEBAAAAwiD7p7bDbmAAAAAAAAAAAABAdieIAAGQh2mWAAAAAElFTkSuQmCC\" alt=\"\" title=\"Projeto Sinapse &#8211; Matriz Energ\u00e9tica e Aprimoramento da Sistem\u00e1tica de Inser\u00e7\u00e3o Ambiental no Planejamento da Expans\u00e3o do Sistema El\u00e9trico\" data-type=\"image_tag\" data-img-url=\"https:\/\/www.institutodeengenharia.org.br\/site\/wp-content\/uploads\/2020\/09\/energia-el\u00e9trica-356x220.jpg\"  width=\"356\" height=\"220\" \/><\/a><\/div>\r\n            <div class=\"td-module-meta-info\">\r\n                <h3 class=\"entry-title td-module-title\"><a href=\"https:\/\/www.institutodeengenharia.org.br\/site\/2020\/09\/11\/projeto-sinapse-matriz-energetica-e-aprimoramento-da-sistematica-de-insercao-ambiental-no-planejamento-da-expansao-do-sistema-eletrico\/\"  rel=\"bookmark\" title=\"Projeto Sinapse &#8211; Matriz Energ\u00e9tica e Aprimoramento da Sistem\u00e1tica de Inser\u00e7\u00e3o Ambiental no Planejamento da Expans\u00e3o do Sistema El\u00e9trico\">Projeto Sinapse &#8211; Matriz Energ\u00e9tica e Aprimoramento da Sistem\u00e1tica de Inser\u00e7\u00e3o Ambiental no Planejamento da Expans\u00e3o do Sistema El\u00e9trico<\/a><\/h3>                <div class=\"td-editor-date\">\r\n                                        <span class=\"td-author-date\">\r\n                                                <span class=\"td-post-date\"><time class=\"entry-date updated td-module-date\" datetime=\"2020-09-11T10:00:39-03:00\" >11\/09\/2020<\/time><\/span>                    <\/span>\r\n                <\/div>\r\n            <\/div>\r\n\r\n        <\/div>\r\n\r\n        \n\t<\/div> <!-- .\/td-block-span4 -->\n\n\t<div class=\"td-block-span4\">\n\r\n        <div class=\"td_module_mx1 td_module_wrap td-animation-stack\">\r\n            <div class=\"td-module-thumb\"><a href=\"https:\/\/www.institutodeengenharia.org.br\/site\/2020\/09\/10\/projeto-de-pontes-de-aco-e-pontes-mistas-aco-concreto-procedimentos-e-pesquisas\/\"  rel=\"bookmark\" class=\"td-image-wrap \" title=\"Projeto de Pontes de A\u00e7o e Pontes Mistas (a\u00e7o + concreto) &#8211; Procedimentos e pesquisas\" ><img loading=\"lazy\" decoding=\"async\" class=\"entry-thumb\" src=\"data:image\/png;base64,iVBORw0KGgoAAAANSUhEUgAAAWQAAADcAQMAAAB9O0nPAAAAA1BMVEWurq51dlI4AAAAAXRSTlMmkutdmwAAACBJREFUaN7twTEBAAAAwiD7p7bDbmAAAAAAAAAAAABAdieIAAGQh2mWAAAAAElFTkSuQmCC\" alt=\"\" title=\"Projeto de Pontes de A\u00e7o e Pontes Mistas (a\u00e7o + concreto) &#8211; Procedimentos e pesquisas\" data-type=\"image_tag\" data-img-url=\"https:\/\/www.institutodeengenharia.org.br\/site\/wp-content\/uploads\/2020\/09\/ponte-mista-concluida-de-aco-concreto-25-metros-zona-rural-bahia-003_69d1da00-356x220.jpg\"  width=\"356\" height=\"220\" \/><\/a><\/div>\r\n            <div class=\"td-module-meta-info\">\r\n                <h3 class=\"entry-title td-module-title\"><a href=\"https:\/\/www.institutodeengenharia.org.br\/site\/2020\/09\/10\/projeto-de-pontes-de-aco-e-pontes-mistas-aco-concreto-procedimentos-e-pesquisas\/\"  rel=\"bookmark\" title=\"Projeto de Pontes de A\u00e7o e Pontes Mistas (a\u00e7o + concreto) &#8211; Procedimentos e pesquisas\">Projeto de Pontes de A\u00e7o e Pontes Mistas (a\u00e7o + concreto) &#8211; Procedimentos e pesquisas<\/a><\/h3>                <div class=\"td-editor-date\">\r\n                                        <span class=\"td-author-date\">\r\n                                                <span class=\"td-post-date\"><time class=\"entry-date updated td-module-date\" datetime=\"2020-09-10T20:00:25-03:00\" >10\/09\/2020<\/time><\/span>                    <\/span>\r\n                <\/div>\r\n            <\/div>\r\n\r\n        <\/div>\r\n\r\n        \n\t<\/div> <!-- .\/td-block-span4 -->\n\n\t<div class=\"td-block-span4\">\n\r\n        <div class=\"td_module_mx1 td_module_wrap td-animation-stack\">\r\n            <div class=\"td-module-thumb\"><a href=\"https:\/\/www.institutodeengenharia.org.br\/site\/2020\/09\/09\/principais-erros-em-projetos-e-instalacoes-de-pressurizacao-de-escadas-e-controle-da-movimentacao-da-fumaca-em-edificacoes\/\"  rel=\"bookmark\" class=\"td-image-wrap \" title=\"Principais erros em projetos e instala\u00e7\u00f5es de \u201cpressuriza\u00e7\u00e3o de escadas\u201d e \u201ccontrole da movimenta\u00e7\u00e3o da fuma\u00e7a em edifica\u00e7\u00f5es\u201d\" ><img loading=\"lazy\" decoding=\"async\" class=\"entry-thumb\" src=\"data:image\/png;base64,iVBORw0KGgoAAAANSUhEUgAAAWQAAADcAQMAAAB9O0nPAAAAA1BMVEWurq51dlI4AAAAAXRSTlMmkutdmwAAACBJREFUaN7twTEBAAAAwiD7p7bDbmAAAAAAAAAAAABAdieIAAGQh2mWAAAAAElFTkSuQmCC\" alt=\"\" title=\"Principais erros em projetos e instala\u00e7\u00f5es de \u201cpressuriza\u00e7\u00e3o de escadas\u201d e \u201ccontrole da movimenta\u00e7\u00e3o da fuma\u00e7a em edifica\u00e7\u00f5es\u201d\" data-type=\"image_tag\" data-img-url=\"https:\/\/www.institutodeengenharia.org.br\/site\/wp-content\/uploads\/2020\/09\/shutterstock_242929111-356x220.jpg\"  width=\"356\" height=\"220\" \/><\/a><\/div>\r\n            <div class=\"td-module-meta-info\">\r\n                <h3 class=\"entry-title td-module-title\"><a href=\"https:\/\/www.institutodeengenharia.org.br\/site\/2020\/09\/09\/principais-erros-em-projetos-e-instalacoes-de-pressurizacao-de-escadas-e-controle-da-movimentacao-da-fumaca-em-edificacoes\/\"  rel=\"bookmark\" title=\"Principais erros em projetos e instala\u00e7\u00f5es de \u201cpressuriza\u00e7\u00e3o de escadas\u201d e \u201ccontrole da movimenta\u00e7\u00e3o da fuma\u00e7a em edifica\u00e7\u00f5es\u201d\">Principais erros em projetos e instala\u00e7\u00f5es de \u201cpressuriza\u00e7\u00e3o de escadas\u201d e \u201ccontrole da movimenta\u00e7\u00e3o da fuma\u00e7a em edifica\u00e7\u00f5es\u201d<\/a><\/h3>                <div class=\"td-editor-date\">\r\n                                        <span class=\"td-author-date\">\r\n                                                <span class=\"td-post-date\"><time class=\"entry-date updated td-module-date\" datetime=\"2020-09-09T17:00:11-03:00\" >09\/09\/2020<\/time><\/span>                    <\/span>\r\n                <\/div>\r\n            <\/div>\r\n\r\n        <\/div>\r\n\r\n        \n\t<\/div> <!-- .\/td-block-span4 --><\/div><!--.\/row-fluid-->\n\n\t<div class=\"td-block-row\">\n\n\t<div class=\"td-block-span4\">\n\r\n        <div class=\"td_module_mx1 td_module_wrap td-animation-stack\">\r\n            <div class=\"td-module-thumb\"><a href=\"https:\/\/www.institutodeengenharia.org.br\/site\/2020\/09\/03\/eficiencia-energetica-no-uso-da-energia-controle-de-demanda-e-de-fator-de-potencia-na-presenca-de-harmonicas\/\"  rel=\"bookmark\" class=\"td-image-wrap \" title=\"Efici\u00eancia Energ\u00e9tica no Uso da Energia: Controle de Demanda e de Fator de Pot\u00eancia na presen\u00e7a de harm\u00f4nicas\" ><img loading=\"lazy\" decoding=\"async\" class=\"entry-thumb\" src=\"data:image\/png;base64,iVBORw0KGgoAAAANSUhEUgAAAWQAAADcAQMAAAB9O0nPAAAAA1BMVEWurq51dlI4AAAAAXRSTlMmkutdmwAAACBJREFUaN7twTEBAAAAwiD7p7bDbmAAAAAAAAAAAABAdieIAAGQh2mWAAAAAElFTkSuQmCC\" alt=\"\" title=\"Efici\u00eancia Energ\u00e9tica no Uso da Energia: Controle de Demanda e de Fator de Pot\u00eancia na presen\u00e7a de harm\u00f4nicas\" data-type=\"image_tag\" data-img-url=\"https:\/\/www.institutodeengenharia.org.br\/site\/wp-content\/uploads\/2020\/09\/eficiencia-energetica-356x220.png\"  width=\"356\" height=\"220\" \/><\/a><\/div>\r\n            <div class=\"td-module-meta-info\">\r\n                <h3 class=\"entry-title td-module-title\"><a href=\"https:\/\/www.institutodeengenharia.org.br\/site\/2020\/09\/03\/eficiencia-energetica-no-uso-da-energia-controle-de-demanda-e-de-fator-de-potencia-na-presenca-de-harmonicas\/\"  rel=\"bookmark\" title=\"Efici\u00eancia Energ\u00e9tica no Uso da Energia: Controle de Demanda e de Fator de Pot\u00eancia na presen\u00e7a de harm\u00f4nicas\">Efici\u00eancia Energ\u00e9tica no Uso da Energia: Controle de Demanda e de Fator de Pot\u00eancia na presen\u00e7a de harm\u00f4nicas<\/a><\/h3>                <div class=\"td-editor-date\">\r\n                                        <span class=\"td-author-date\">\r\n                                                <span class=\"td-post-date\"><time class=\"entry-date updated td-module-date\" datetime=\"2020-09-03T18:00:00-03:00\" >03\/09\/2020<\/time><\/span>                    <\/span>\r\n                <\/div>\r\n            <\/div>\r\n\r\n        <\/div>\r\n\r\n        \n\t<\/div> <!-- .\/td-block-span4 -->\n\n\t<div class=\"td-block-span4\">\n\r\n        <div class=\"td_module_mx1 td_module_wrap td-animation-stack\">\r\n            <div class=\"td-module-thumb\"><a href=\"https:\/\/www.institutodeengenharia.org.br\/site\/2020\/09\/02\/orcamento-de-obras-em-pericias-de-engenharia\/\"  rel=\"bookmark\" class=\"td-image-wrap \" title=\"Or\u00e7amento de Obras em Per\u00edcias de Engenharia\" ><img loading=\"lazy\" decoding=\"async\" class=\"entry-thumb\" src=\"data:image\/png;base64,iVBORw0KGgoAAAANSUhEUgAAAWQAAADcAQMAAAB9O0nPAAAAA1BMVEWurq51dlI4AAAAAXRSTlMmkutdmwAAACBJREFUaN7twTEBAAAAwiD7p7bDbmAAAAAAAAAAAABAdieIAAGQh2mWAAAAAElFTkSuQmCC\" alt=\"\" title=\"Or\u00e7amento de Obras em Per\u00edcias de Engenharia\" data-type=\"image_tag\" data-img-url=\"https:\/\/www.institutodeengenharia.org.br\/site\/wp-content\/uploads\/2020\/09\/rotomix_1607-356x220.jpg\"  width=\"356\" height=\"220\" \/><\/a><\/div>\r\n            <div class=\"td-module-meta-info\">\r\n                <h3 class=\"entry-title td-module-title\"><a href=\"https:\/\/www.institutodeengenharia.org.br\/site\/2020\/09\/02\/orcamento-de-obras-em-pericias-de-engenharia\/\"  rel=\"bookmark\" title=\"Or\u00e7amento de Obras em Per\u00edcias de Engenharia\">Or\u00e7amento de Obras em Per\u00edcias de Engenharia<\/a><\/h3>                <div class=\"td-editor-date\">\r\n                                        <span class=\"td-author-date\">\r\n                                                <span class=\"td-post-date\"><time class=\"entry-date updated td-module-date\" datetime=\"2020-09-02T18:29:33-03:00\" >02\/09\/2020<\/time><\/span>                    <\/span>\r\n                <\/div>\r\n            <\/div>\r\n\r\n        <\/div>\r\n\r\n        \n\t<\/div> <!-- .\/td-block-span4 -->\n\n\t<div class=\"td-block-span4\">\n\r\n        <div class=\"td_module_mx1 td_module_wrap td-animation-stack\">\r\n            <div class=\"td-module-thumb\"><a href=\"https:\/\/www.institutodeengenharia.org.br\/site\/2020\/08\/28\/sistemas-preditivos-de-manutencao-metroferroviarios-engenheirando-seguranca-e-inteligencia-de-forma-inovativa\/\"  rel=\"bookmark\" class=\"td-image-wrap \" title=\"Sistemas Preditivos de Manuten\u00e7\u00e3o Metroferrovi\u00e1rios \u2013 Engenheirando Seguran\u00e7a e Intelig\u00eancia de forma Inovativa\" ><img loading=\"lazy\" decoding=\"async\" class=\"entry-thumb\" src=\"data:image\/png;base64,iVBORw0KGgoAAAANSUhEUgAAAWQAAADcAQMAAAB9O0nPAAAAA1BMVEWurq51dlI4AAAAAXRSTlMmkutdmwAAACBJREFUaN7twTEBAAAAwiD7p7bDbmAAAAAAAAAAAABAdieIAAGQh2mWAAAAAElFTkSuQmCC\" alt=\"\" title=\"Sistemas Preditivos de Manuten\u00e7\u00e3o Metroferrovi\u00e1rios \u2013 Engenheirando Seguran\u00e7a e Intelig\u00eancia de forma Inovativa\" data-type=\"image_tag\" data-img-url=\"https:\/\/www.institutodeengenharia.org.br\/site\/wp-content\/uploads\/2020\/09\/Sistemas-Preditivos-de-Manuten\u00e7\u00e3o-Metroferrovi\u00e1rios-\u2013-Engenheirando-Seguran\u00e7a-e-Intelig\u00eancia-de-forma-Inovativa-356x220.jpg\"  width=\"356\" height=\"220\" \/><\/a><\/div>\r\n            <div class=\"td-module-meta-info\">\r\n                <h3 class=\"entry-title td-module-title\"><a href=\"https:\/\/www.institutodeengenharia.org.br\/site\/2020\/08\/28\/sistemas-preditivos-de-manutencao-metroferroviarios-engenheirando-seguranca-e-inteligencia-de-forma-inovativa\/\"  rel=\"bookmark\" title=\"Sistemas Preditivos de Manuten\u00e7\u00e3o Metroferrovi\u00e1rios \u2013 Engenheirando Seguran\u00e7a e Intelig\u00eancia de forma Inovativa\">Sistemas Preditivos de Manuten\u00e7\u00e3o Metroferrovi\u00e1rios \u2013 Engenheirando Seguran\u00e7a e Intelig\u00eancia de forma Inovativa<\/a><\/h3>                <div class=\"td-editor-date\">\r\n                                        <span class=\"td-author-date\">\r\n                                                <span class=\"td-post-date\"><time class=\"entry-date updated td-module-date\" datetime=\"2020-08-28T10:26:17-03:00\" >28\/08\/2020<\/time><\/span>                    <\/span>\r\n                <\/div>\r\n            <\/div>\r\n\r\n        <\/div>\r\n\r\n        \n\t<\/div> <!-- .\/td-block-span4 --><\/div><!--.\/row-fluid-->\n\n\t<div class=\"td-block-row\">\n\n\t<div class=\"td-block-span4\">\n\r\n        <div class=\"td_module_mx1 td_module_wrap td-animation-stack\">\r\n            <div class=\"td-module-thumb\"><a href=\"https:\/\/www.institutodeengenharia.org.br\/site\/2020\/08\/27\/qualidade-das-estruturas-pre-moldadas-de-concreto\/\"  rel=\"bookmark\" class=\"td-image-wrap \" title=\"Qualidade das Estruturas pr\u00e9-moldadas de Concreto\" ><img loading=\"lazy\" decoding=\"async\" class=\"entry-thumb\" src=\"data:image\/png;base64,iVBORw0KGgoAAAANSUhEUgAAAWQAAADcAQMAAAB9O0nPAAAAA1BMVEWurq51dlI4AAAAAXRSTlMmkutdmwAAACBJREFUaN7twTEBAAAAwiD7p7bDbmAAAAAAAAAAAABAdieIAAGQh2mWAAAAAElFTkSuQmCC\" alt=\"\" title=\"Qualidade das Estruturas pr\u00e9-moldadas de Concreto\" data-type=\"image_tag\" data-img-url=\"https:\/\/www.institutodeengenharia.org.br\/site\/wp-content\/uploads\/2020\/08\/estrutura-pre-moldada-concreto-preco-2-1-356x220.png\"  width=\"356\" height=\"220\" \/><\/a><\/div>\r\n            <div class=\"td-module-meta-info\">\r\n                <h3 class=\"entry-title td-module-title\"><a href=\"https:\/\/www.institutodeengenharia.org.br\/site\/2020\/08\/27\/qualidade-das-estruturas-pre-moldadas-de-concreto\/\"  rel=\"bookmark\" title=\"Qualidade das Estruturas pr\u00e9-moldadas de Concreto\">Qualidade das Estruturas pr\u00e9-moldadas de Concreto<\/a><\/h3>                <div class=\"td-editor-date\">\r\n                                        <span class=\"td-author-date\">\r\n                                                <span class=\"td-post-date\"><time class=\"entry-date updated td-module-date\" datetime=\"2020-08-27T19:00:24-03:00\" >27\/08\/2020<\/time><\/span>                    <\/span>\r\n                <\/div>\r\n            <\/div>\r\n\r\n        <\/div>\r\n\r\n        \n\t<\/div> <!-- .\/td-block-span4 -->\n\n\t<div class=\"td-block-span4\">\n\r\n        <div class=\"td_module_mx1 td_module_wrap td-animation-stack\">\r\n            <div class=\"td-module-thumb\"><a href=\"https:\/\/www.institutodeengenharia.org.br\/site\/2020\/08\/25\/casa-de-eps-isopor-uma-abordagem-pratica-e-objetiva-sobre-o-processo-de-construcao-e-os-impactos-ambientais-em-relacao-a-alvenaria-convencional\/\"  rel=\"bookmark\" class=\"td-image-wrap \" title=\"Casa de EPS (Isopor) &#8211; Uma abordagem pr\u00e1tica e objetiva sobre o processo de constru\u00e7\u00e3o e os impactos ambientais em rela\u00e7\u00e3o \u00e0 alvenaria convencional\" ><img loading=\"lazy\" decoding=\"async\" class=\"entry-thumb\" src=\"data:image\/png;base64,iVBORw0KGgoAAAANSUhEUgAAAWQAAADcAQMAAAB9O0nPAAAAA1BMVEWurq51dlI4AAAAAXRSTlMmkutdmwAAACBJREFUaN7twTEBAAAAwiD7p7bDbmAAAAAAAAAAAABAdieIAAGQh2mWAAAAAElFTkSuQmCC\" alt=\"\" title=\"Casa de EPS (Isopor) &#8211; Uma abordagem pr\u00e1tica e objetiva sobre o processo de constru\u00e7\u00e3o e os impactos ambientais em rela\u00e7\u00e3o \u00e0 alvenaria convencional\" data-type=\"image_tag\" data-img-url=\"https:\/\/www.institutodeengenharia.org.br\/site\/wp-content\/uploads\/2020\/08\/42bfbea03cce865b2f6f3be1a87895b7_XL-356x220.jpg\"  width=\"356\" height=\"220\" \/><\/a><\/div>\r\n            <div class=\"td-module-meta-info\">\r\n                <h3 class=\"entry-title td-module-title\"><a href=\"https:\/\/www.institutodeengenharia.org.br\/site\/2020\/08\/25\/casa-de-eps-isopor-uma-abordagem-pratica-e-objetiva-sobre-o-processo-de-construcao-e-os-impactos-ambientais-em-relacao-a-alvenaria-convencional\/\"  rel=\"bookmark\" title=\"Casa de EPS (Isopor) &#8211; Uma abordagem pr\u00e1tica e objetiva sobre o processo de constru\u00e7\u00e3o e os impactos ambientais em rela\u00e7\u00e3o \u00e0 alvenaria convencional\">Casa de EPS (Isopor) &#8211; Uma abordagem pr\u00e1tica e objetiva sobre o processo de constru\u00e7\u00e3o e os impactos ambientais em rela\u00e7\u00e3o \u00e0 alvenaria convencional<\/a><\/h3>                <div class=\"td-editor-date\">\r\n                                        <span class=\"td-author-date\">\r\n                                                <span class=\"td-post-date\"><time class=\"entry-date updated td-module-date\" datetime=\"2020-08-25T19:30:53-03:00\" >25\/08\/2020<\/time><\/span>                    <\/span>\r\n                <\/div>\r\n            <\/div>\r\n\r\n        <\/div>\r\n\r\n        \n\t<\/div> <!-- .\/td-block-span4 -->\n\n\t<div class=\"td-block-span4\">\n\r\n        <div class=\"td_module_mx1 td_module_wrap td-animation-stack\">\r\n            <div class=\"td-module-thumb\"><a href=\"https:\/\/www.institutodeengenharia.org.br\/site\/2020\/08\/21\/mindset-empresarial-na-transformacao-resiliente-engenheirando-uma-estrategia-para-a-existencia-de-empresas\/\"  rel=\"bookmark\" class=\"td-image-wrap \" title=\"Mindset Empresarial na Transforma\u00e7\u00e3o Resiliente &#8211; Engenheirando uma estrat\u00e9gia para a exist\u00eancia de empresas\" ><img loading=\"lazy\" decoding=\"async\" class=\"entry-thumb\" src=\"data:image\/png;base64,iVBORw0KGgoAAAANSUhEUgAAAWQAAADcAQMAAAB9O0nPAAAAA1BMVEWurq51dlI4AAAAAXRSTlMmkutdmwAAACBJREFUaN7twTEBAAAAwiD7p7bDbmAAAAAAAAAAAABAdieIAAGQh2mWAAAAAElFTkSuQmCC\" alt=\"\" title=\"Mindset Empresarial na Transforma\u00e7\u00e3o Resiliente &#8211; Engenheirando uma estrat\u00e9gia para a exist\u00eancia de empresas\" data-type=\"image_tag\" data-img-url=\"https:\/\/www.institutodeengenharia.org.br\/site\/wp-content\/uploads\/2020\/08\/tvMindset-Empresarial-na-Transforma\u00e7\u00e3o-Resiliente-Engenheirando-uma-estrat\u00e9gia-para-a-exist\u00eancia-de-empresas-356x220.jpg\"  width=\"356\" height=\"220\" \/><\/a><\/div>\r\n            <div class=\"td-module-meta-info\">\r\n                <h3 class=\"entry-title td-module-title\"><a href=\"https:\/\/www.institutodeengenharia.org.br\/site\/2020\/08\/21\/mindset-empresarial-na-transformacao-resiliente-engenheirando-uma-estrategia-para-a-existencia-de-empresas\/\"  rel=\"bookmark\" title=\"Mindset Empresarial na Transforma\u00e7\u00e3o Resiliente &#8211; Engenheirando uma estrat\u00e9gia para a exist\u00eancia de empresas\">Mindset Empresarial na Transforma\u00e7\u00e3o Resiliente &#8211; Engenheirando uma estrat\u00e9gia para a exist\u00eancia de empresas<\/a><\/h3>                <div class=\"td-editor-date\">\r\n                                        <span class=\"td-author-date\">\r\n                                                <span class=\"td-post-date\"><time class=\"entry-date updated td-module-date\" datetime=\"2020-08-21T10:03:42-03:00\" >21\/08\/2020<\/time><\/span>                    <\/span>\r\n                <\/div>\r\n            <\/div>\r\n\r\n        <\/div>\r\n\r\n        \n\t<\/div> <!-- .\/td-block-span4 --><\/div><!--.\/row-fluid-->\n\n\t<div class=\"td-block-row\">\n\n\t<div class=\"td-block-span4\">\n\r\n        <div class=\"td_module_mx1 td_module_wrap td-animation-stack\">\r\n            <div class=\"td-module-thumb\"><a href=\"https:\/\/www.institutodeengenharia.org.br\/site\/2020\/08\/20\/a-funcao-do-perito-judicial-e-do-assistente-tecnico\/\"  rel=\"bookmark\" class=\"td-image-wrap \" title=\"A Fun\u00e7\u00e3o do Perito Judicial e do Assistente T\u00e9cnico\" ><img loading=\"lazy\" decoding=\"async\" class=\"entry-thumb\" src=\"data:image\/png;base64,iVBORw0KGgoAAAANSUhEUgAAAWQAAADcAQMAAAB9O0nPAAAAA1BMVEWurq51dlI4AAAAAXRSTlMmkutdmwAAACBJREFUaN7twTEBAAAAwiD7p7bDbmAAAAAAAAAAAABAdieIAAGQh2mWAAAAAElFTkSuQmCC\" alt=\"\" title=\"A Fun\u00e7\u00e3o do Perito Judicial e do Assistente T\u00e9cnico\" data-type=\"image_tag\" data-img-url=\"https:\/\/www.institutodeengenharia.org.br\/site\/wp-content\/uploads\/2020\/08\/192520-OXNZ2Q-274-1024x576-356x220.jpg\"  width=\"356\" height=\"220\" \/><\/a><\/div>\r\n            <div class=\"td-module-meta-info\">\r\n                <h3 class=\"entry-title td-module-title\"><a href=\"https:\/\/www.institutodeengenharia.org.br\/site\/2020\/08\/20\/a-funcao-do-perito-judicial-e-do-assistente-tecnico\/\"  rel=\"bookmark\" title=\"A Fun\u00e7\u00e3o do Perito Judicial e do Assistente T\u00e9cnico\">A Fun\u00e7\u00e3o do Perito Judicial e do Assistente T\u00e9cnico<\/a><\/h3>                <div class=\"td-editor-date\">\r\n                                        <span class=\"td-author-date\">\r\n                                                <span class=\"td-post-date\"><time class=\"entry-date updated td-module-date\" datetime=\"2020-08-20T18:00:25-03:00\" >20\/08\/2020<\/time><\/span>                    <\/span>\r\n                <\/div>\r\n            <\/div>\r\n\r\n        <\/div>\r\n\r\n        \n\t<\/div> <!-- .\/td-block-span4 -->\n\n\t<div class=\"td-block-span4\">\n\r\n        <div class=\"td_module_mx1 td_module_wrap td-animation-stack\">\r\n            <div class=\"td-module-thumb\"><a href=\"https:\/\/www.institutodeengenharia.org.br\/site\/2020\/08\/18\/nosso-momento-bim-bim-no-setor-publico\/\"  rel=\"bookmark\" class=\"td-image-wrap \" title=\"Nosso Momento BIM &#8211; BIM no Setor P\u00fablico\" ><img loading=\"lazy\" decoding=\"async\" class=\"entry-thumb\" src=\"data:image\/png;base64,iVBORw0KGgoAAAANSUhEUgAAAWQAAADcAQMAAAB9O0nPAAAAA1BMVEWurq51dlI4AAAAAXRSTlMmkutdmwAAACBJREFUaN7twTEBAAAAwiD7p7bDbmAAAAAAAAAAAABAdieIAAGQh2mWAAAAAElFTkSuQmCC\" alt=\"\" title=\"Nosso Momento BIM &#8211; BIM no Setor P\u00fablico\" data-type=\"image_tag\" data-img-url=\"https:\/\/www.institutodeengenharia.org.br\/site\/wp-content\/uploads\/2020\/08\/bim-356x220.jpg\"  width=\"356\" height=\"220\" \/><\/a><\/div>\r\n            <div class=\"td-module-meta-info\">\r\n                <h3 class=\"entry-title td-module-title\"><a href=\"https:\/\/www.institutodeengenharia.org.br\/site\/2020\/08\/18\/nosso-momento-bim-bim-no-setor-publico\/\"  rel=\"bookmark\" title=\"Nosso Momento BIM &#8211; BIM no Setor P\u00fablico\">Nosso Momento BIM &#8211; BIM no Setor P\u00fablico<\/a><\/h3>                <div class=\"td-editor-date\">\r\n                                        <span class=\"td-author-date\">\r\n                                                <span class=\"td-post-date\"><time class=\"entry-date updated td-module-date\" datetime=\"2020-08-18T19:00:41-03:00\" >18\/08\/2020<\/time><\/span>                    <\/span>\r\n                <\/div>\r\n            <\/div>\r\n\r\n        <\/div>\r\n\r\n        \n\t<\/div> <!-- .\/td-block-span4 -->\n\n\t<div class=\"td-block-span4\">\n\r\n        <div class=\"td_module_mx1 td_module_wrap td-animation-stack\">\r\n            <div class=\"td-module-thumb\"><a href=\"https:\/\/www.institutodeengenharia.org.br\/site\/2020\/08\/18\/energia-solar-fotovoltaica-pos-pandemia-no-brasil-e-no-mundo\/\"  rel=\"bookmark\" class=\"td-image-wrap \" title=\"Energia solar fotovoltaica p\u00f3s-pandemia no Brasil e no mundo\" ><img loading=\"lazy\" decoding=\"async\" class=\"entry-thumb\" src=\"data:image\/png;base64,iVBORw0KGgoAAAANSUhEUgAAAWQAAADcAQMAAAB9O0nPAAAAA1BMVEWurq51dlI4AAAAAXRSTlMmkutdmwAAACBJREFUaN7twTEBAAAAwiD7p7bDbmAAAAAAAAAAAABAdieIAAGQh2mWAAAAAElFTkSuQmCC\" alt=\"\" title=\"Energia solar fotovoltaica p\u00f3s-pandemia no Brasil e no mundo\" data-type=\"image_tag\" data-img-url=\"https:\/\/www.institutodeengenharia.org.br\/site\/wp-content\/uploads\/2020\/09\/placa-post-770x500-356x220.png\"  width=\"356\" height=\"220\" \/><\/a><\/div>\r\n            <div class=\"td-module-meta-info\">\r\n                <h3 class=\"entry-title td-module-title\"><a href=\"https:\/\/www.institutodeengenharia.org.br\/site\/2020\/08\/18\/energia-solar-fotovoltaica-pos-pandemia-no-brasil-e-no-mundo\/\"  rel=\"bookmark\" title=\"Energia solar fotovoltaica p\u00f3s-pandemia no Brasil e no mundo\">Energia solar fotovoltaica p\u00f3s-pandemia no Brasil e no mundo<\/a><\/h3>                <div class=\"td-editor-date\">\r\n                                        <span class=\"td-author-date\">\r\n                                                <span class=\"td-post-date\"><time class=\"entry-date updated td-module-date\" datetime=\"2020-08-18T15:00:07-03:00\" >18\/08\/2020<\/time><\/span>                    <\/span>\r\n                <\/div>\r\n            <\/div>\r\n\r\n        <\/div>\r\n\r\n        \n\t<\/div> <!-- .\/td-block-span4 --><\/div><!--.\/row-fluid-->\n\n\t<div class=\"td-block-row\">\n\n\t<div class=\"td-block-span4\">\n\r\n        <div class=\"td_module_mx1 td_module_wrap td-animation-stack\">\r\n            <div class=\"td-module-thumb\"><a href=\"https:\/\/www.institutodeengenharia.org.br\/site\/2020\/08\/14\/oportunidades-de-investimentos-em-ppps-e-concessoes-importancia-de-uma-boa-engenharia\/\"  rel=\"bookmark\" class=\"td-image-wrap \" title=\"Oportunidades de investimentos em PPPs e Concess\u00f5es: Import\u00e2ncia de uma boa Engenharia\" ><img loading=\"lazy\" decoding=\"async\" class=\"entry-thumb\" src=\"data:image\/png;base64,iVBORw0KGgoAAAANSUhEUgAAAWQAAADcAQMAAAB9O0nPAAAAA1BMVEWurq51dlI4AAAAAXRSTlMmkutdmwAAACBJREFUaN7twTEBAAAAwiD7p7bDbmAAAAAAAAAAAABAdieIAAGQh2mWAAAAAElFTkSuQmCC\" alt=\"\" title=\"Oportunidades de investimentos em PPPs e Concess\u00f5es: Import\u00e2ncia de uma boa Engenharia\" data-type=\"image_tag\" data-img-url=\"https:\/\/www.institutodeengenharia.org.br\/site\/wp-content\/uploads\/2020\/08\/Oportunidades-de-investimentos-em-PPPs-e-Concess\u00f5es_Import\u00e2ncia-de-uma-boa-Engenhari-356x220.jpg\"  width=\"356\" height=\"220\" \/><\/a><\/div>\r\n            <div class=\"td-module-meta-info\">\r\n                <h3 class=\"entry-title td-module-title\"><a href=\"https:\/\/www.institutodeengenharia.org.br\/site\/2020\/08\/14\/oportunidades-de-investimentos-em-ppps-e-concessoes-importancia-de-uma-boa-engenharia\/\"  rel=\"bookmark\" title=\"Oportunidades de investimentos em PPPs e Concess\u00f5es: Import\u00e2ncia de uma boa Engenharia\">Oportunidades de investimentos em PPPs e Concess\u00f5es: Import\u00e2ncia de uma boa Engenharia<\/a><\/h3>                <div class=\"td-editor-date\">\r\n                                        <span class=\"td-author-date\">\r\n                                                <span class=\"td-post-date\"><time class=\"entry-date updated td-module-date\" datetime=\"2020-08-14T10:36:59-03:00\" >14\/08\/2020<\/time><\/span>                    <\/span>\r\n                <\/div>\r\n            <\/div>\r\n\r\n        <\/div>\r\n\r\n        \n\t<\/div> <!-- .\/td-block-span4 -->\n\n\t<div class=\"td-block-span4\">\n\r\n        <div class=\"td_module_mx1 td_module_wrap td-animation-stack\">\r\n            <div class=\"td-module-thumb\"><a href=\"https:\/\/www.institutodeengenharia.org.br\/site\/2020\/08\/13\/projetos-de-pipe-racks-em-estruturas-de-concreto\/\"  rel=\"bookmark\" class=\"td-image-wrap \" title=\"Projetos de Pipe-Racks em estruturas de concreto\" ><img loading=\"lazy\" decoding=\"async\" class=\"entry-thumb\" src=\"data:image\/png;base64,iVBORw0KGgoAAAANSUhEUgAAAWQAAADcAQMAAAB9O0nPAAAAA1BMVEWurq51dlI4AAAAAXRSTlMmkutdmwAAACBJREFUaN7twTEBAAAAwiD7p7bDbmAAAAAAAAAAAABAdieIAAGQh2mWAAAAAElFTkSuQmCC\" alt=\"\" title=\"Projetos de Pipe-Racks em estruturas de concreto\" data-type=\"image_tag\" data-img-url=\"https:\/\/www.institutodeengenharia.org.br\/site\/wp-content\/uploads\/2020\/09\/untitled-356x220.png\"  width=\"356\" height=\"220\" \/><\/a><\/div>\r\n            <div class=\"td-module-meta-info\">\r\n                <h3 class=\"entry-title td-module-title\"><a href=\"https:\/\/www.institutodeengenharia.org.br\/site\/2020\/08\/13\/projetos-de-pipe-racks-em-estruturas-de-concreto\/\"  rel=\"bookmark\" title=\"Projetos de Pipe-Racks em estruturas de concreto\">Projetos de Pipe-Racks em estruturas de concreto<\/a><\/h3>                <div class=\"td-editor-date\">\r\n                                        <span class=\"td-author-date\">\r\n                                                <span class=\"td-post-date\"><time class=\"entry-date updated td-module-date\" datetime=\"2020-08-13T20:00:31-03:00\" >13\/08\/2020<\/time><\/span>                    <\/span>\r\n                <\/div>\r\n            <\/div>\r\n\r\n        <\/div>\r\n\r\n        \n\t<\/div> <!-- .\/td-block-span4 -->\n\n\t<div class=\"td-block-span4\">\n\r\n        <div class=\"td_module_mx1 td_module_wrap td-animation-stack\">\r\n            <div class=\"td-module-thumb\"><a href=\"https:\/\/www.institutodeengenharia.org.br\/site\/2020\/08\/13\/patologia-das-instalacoes-eletricas-de-baixa-tensao\/\"  rel=\"bookmark\" class=\"td-image-wrap \" title=\"Patologia das instala\u00e7\u00f5es el\u00e9tricas de baixa tens\u00e3o\" ><img loading=\"lazy\" decoding=\"async\" class=\"entry-thumb\" src=\"data:image\/png;base64,iVBORw0KGgoAAAANSUhEUgAAAWQAAADcAQMAAAB9O0nPAAAAA1BMVEWurq51dlI4AAAAAXRSTlMmkutdmwAAACBJREFUaN7twTEBAAAAwiD7p7bDbmAAAAAAAAAAAABAdieIAAGQh2mWAAAAAElFTkSuQmCC\" alt=\"\" title=\"Patologia das instala\u00e7\u00f5es el\u00e9tricas de baixa tens\u00e3o\" data-type=\"image_tag\" data-img-url=\"https:\/\/www.institutodeengenharia.org.br\/site\/wp-content\/uploads\/2020\/09\/6b26712a6c82-o00x204n66tbukpyzutymjv5q5gzxkmk7s5kxjepqo-356x220.jpg\"  width=\"356\" height=\"220\" \/><\/a><\/div>\r\n            <div class=\"td-module-meta-info\">\r\n                <h3 class=\"entry-title td-module-title\"><a href=\"https:\/\/www.institutodeengenharia.org.br\/site\/2020\/08\/13\/patologia-das-instalacoes-eletricas-de-baixa-tensao\/\"  rel=\"bookmark\" title=\"Patologia das instala\u00e7\u00f5es el\u00e9tricas de baixa tens\u00e3o\">Patologia das instala\u00e7\u00f5es el\u00e9tricas de baixa tens\u00e3o<\/a><\/h3>                <div class=\"td-editor-date\">\r\n                                        <span class=\"td-author-date\">\r\n                                                <span class=\"td-post-date\"><time class=\"entry-date updated td-module-date\" datetime=\"2020-08-13T18:00:18-03:00\" >13\/08\/2020<\/time><\/span>                    <\/span>\r\n                <\/div>\r\n            <\/div>\r\n\r\n        <\/div>\r\n\r\n        \n\t<\/div> <!-- .\/td-block-span4 --><\/div><!--.\/row-fluid-->\n\n\t<div class=\"td-block-row\">\n\n\t<div class=\"td-block-span4\">\n\r\n        <div class=\"td_module_mx1 td_module_wrap td-animation-stack\">\r\n            <div class=\"td-module-thumb\"><a href=\"https:\/\/www.institutodeengenharia.org.br\/site\/2020\/08\/07\/green-bonds-na-infraestrutura-uma-visao-para-engenheirar\/\"  rel=\"bookmark\" class=\"td-image-wrap \" title=\"Green Bonds na Infraestrutura &#8211; uma Vis\u00e3o para Engenheirar?\" ><img loading=\"lazy\" decoding=\"async\" class=\"entry-thumb\" src=\"data:image\/png;base64,iVBORw0KGgoAAAANSUhEUgAAAWQAAADcAQMAAAB9O0nPAAAAA1BMVEWurq51dlI4AAAAAXRSTlMmkutdmwAAACBJREFUaN7twTEBAAAAwiD7p7bDbmAAAAAAAAAAAABAdieIAAGQh2mWAAAAAElFTkSuQmCC\" alt=\"\" title=\"Green Bonds na Infraestrutura &#8211; uma Vis\u00e3o para Engenheirar?\" data-type=\"image_tag\" data-img-url=\"https:\/\/www.institutodeengenharia.org.br\/site\/wp-content\/uploads\/2020\/08\/green-bonds-356x220.jpg\"  width=\"356\" height=\"220\" \/><\/a><\/div>\r\n            <div class=\"td-module-meta-info\">\r\n                <h3 class=\"entry-title td-module-title\"><a href=\"https:\/\/www.institutodeengenharia.org.br\/site\/2020\/08\/07\/green-bonds-na-infraestrutura-uma-visao-para-engenheirar\/\"  rel=\"bookmark\" title=\"Green Bonds na Infraestrutura &#8211; uma Vis\u00e3o para Engenheirar?\">Green Bonds na Infraestrutura &#8211; uma Vis\u00e3o para Engenheirar?<\/a><\/h3>                <div class=\"td-editor-date\">\r\n                                        <span class=\"td-author-date\">\r\n                                                <span class=\"td-post-date\"><time class=\"entry-date updated td-module-date\" datetime=\"2020-08-07T10:31:43-03:00\" >07\/08\/2020<\/time><\/span>                    <\/span>\r\n                <\/div>\r\n            <\/div>\r\n\r\n        <\/div>\r\n\r\n        \n\t<\/div> <!-- .\/td-block-span4 -->\n\n\t<div class=\"td-block-span4\">\n\r\n        <div class=\"td_module_mx1 td_module_wrap td-animation-stack\">\r\n            <div class=\"td-module-thumb\"><a href=\"https:\/\/www.institutodeengenharia.org.br\/site\/2020\/08\/03\/carreira-e-trabalho-nos-dias-atuais\/\"  rel=\"bookmark\" class=\"td-image-wrap \" title=\"Carreira e trabalho nos dias atuais\" ><img loading=\"lazy\" decoding=\"async\" class=\"entry-thumb\" src=\"data:image\/png;base64,iVBORw0KGgoAAAANSUhEUgAAAWQAAADcAQMAAAB9O0nPAAAAA1BMVEWurq51dlI4AAAAAXRSTlMmkutdmwAAACBJREFUaN7twTEBAAAAwiD7p7bDbmAAAAAAAAAAAABAdieIAAGQh2mWAAAAAElFTkSuQmCC\" alt=\"\" title=\"Carreira e trabalho nos dias atuais\" data-type=\"image_tag\" data-img-url=\"https:\/\/www.institutodeengenharia.org.br\/site\/wp-content\/uploads\/2020\/07\/gestao-de-carreira-o-que-e-como-fazer-7-dicas-730x487-356x220.jpg\"  width=\"356\" height=\"220\" \/><\/a><\/div>\r\n            <div class=\"td-module-meta-info\">\r\n                <h3 class=\"entry-title td-module-title\"><a href=\"https:\/\/www.institutodeengenharia.org.br\/site\/2020\/08\/03\/carreira-e-trabalho-nos-dias-atuais\/\"  rel=\"bookmark\" title=\"Carreira e trabalho nos dias atuais\">Carreira e trabalho nos dias atuais<\/a><\/h3>                <div class=\"td-editor-date\">\r\n                                        <span class=\"td-author-date\">\r\n                                                <span class=\"td-post-date\"><time class=\"entry-date updated td-module-date\" datetime=\"2020-08-03T15:22:13-03:00\" >03\/08\/2020<\/time><\/span>                    <\/span>\r\n                <\/div>\r\n            <\/div>\r\n\r\n        <\/div>\r\n\r\n        \n\t<\/div> <!-- .\/td-block-span4 -->\n\n\t<div class=\"td-block-span4\">\n\r\n        <div class=\"td_module_mx1 td_module_wrap td-animation-stack\">\r\n            <div class=\"td-module-thumb\"><a href=\"https:\/\/www.institutodeengenharia.org.br\/site\/2020\/08\/03\/dia-de-mentoria-como-construir-uma-carreira-consistente\/\"  rel=\"bookmark\" class=\"td-image-wrap \" title=\"Dia de Mentoria &#8211; Como construir uma carreira consistente\" ><img loading=\"lazy\" decoding=\"async\" class=\"entry-thumb\" src=\"data:image\/png;base64,iVBORw0KGgoAAAANSUhEUgAAAWQAAADcAQMAAAB9O0nPAAAAA1BMVEWurq51dlI4AAAAAXRSTlMmkutdmwAAACBJREFUaN7twTEBAAAAwiD7p7bDbmAAAAAAAAAAAABAdieIAAGQh2mWAAAAAElFTkSuQmCC\" alt=\"\" title=\"Dia de Mentoria &#8211; Como construir uma carreira consistente\" data-type=\"image_tag\" data-img-url=\"https:\/\/www.institutodeengenharia.org.br\/site\/wp-content\/uploads\/2020\/07\/carreira-de-sucesso-356x220.jpg\"  width=\"356\" height=\"220\" \/><\/a><\/div>\r\n            <div class=\"td-module-meta-info\">\r\n                <h3 class=\"entry-title td-module-title\"><a href=\"https:\/\/www.institutodeengenharia.org.br\/site\/2020\/08\/03\/dia-de-mentoria-como-construir-uma-carreira-consistente\/\"  rel=\"bookmark\" title=\"Dia de Mentoria &#8211; Como construir uma carreira consistente\">Dia de Mentoria &#8211; Como construir uma carreira consistente<\/a><\/h3>                <div class=\"td-editor-date\">\r\n                                        <span class=\"td-author-date\">\r\n                                                <span class=\"td-post-date\"><time class=\"entry-date updated td-module-date\" datetime=\"2020-08-03T10:25:12-03:00\" >03\/08\/2020<\/time><\/span>                    <\/span>\r\n                <\/div>\r\n            <\/div>\r\n\r\n        <\/div>\r\n\r\n        \n\t<\/div> <!-- .\/td-block-span4 --><\/div><!--.\/row-fluid-->\n\n\t<div class=\"td-block-row\">\n\n\t<div class=\"td-block-span4\">\n\r\n        <div class=\"td_module_mx1 td_module_wrap td-animation-stack\">\r\n            <div class=\"td-module-thumb\"><a href=\"https:\/\/www.institutodeengenharia.org.br\/site\/2020\/07\/31\/fatos-e-mitos-do-agro-brasileiro-engenheirar-ou-praticar\/\"  rel=\"bookmark\" class=\"td-image-wrap \" title=\"Fatos e Mitos do Agro Brasileiro &#8211; Engenheirar ou praticar?\" ><img loading=\"lazy\" decoding=\"async\" class=\"entry-thumb\" src=\"data:image\/png;base64,iVBORw0KGgoAAAANSUhEUgAAAWQAAADcAQMAAAB9O0nPAAAAA1BMVEWurq51dlI4AAAAAXRSTlMmkutdmwAAACBJREFUaN7twTEBAAAAwiD7p7bDbmAAAAAAAAAAAABAdieIAAGQh2mWAAAAAElFTkSuQmCC\" alt=\"\" title=\"Fatos e Mitos do Agro Brasileiro &#8211; Engenheirar ou praticar?\" data-type=\"image_tag\" data-img-url=\"https:\/\/www.institutodeengenharia.org.br\/site\/wp-content\/uploads\/2020\/08\/Fatos-e-Mitos-do-Agro-Brasileiro_-Engenheirar-ou-praticar-356x220.jpg\"  width=\"356\" height=\"220\" \/><\/a><\/div>\r\n            <div class=\"td-module-meta-info\">\r\n                <h3 class=\"entry-title td-module-title\"><a href=\"https:\/\/www.institutodeengenharia.org.br\/site\/2020\/07\/31\/fatos-e-mitos-do-agro-brasileiro-engenheirar-ou-praticar\/\"  rel=\"bookmark\" title=\"Fatos e Mitos do Agro Brasileiro &#8211; Engenheirar ou praticar?\">Fatos e Mitos do Agro Brasileiro &#8211; Engenheirar ou praticar?<\/a><\/h3>                <div class=\"td-editor-date\">\r\n                                        <span class=\"td-author-date\">\r\n                                                <span class=\"td-post-date\"><time class=\"entry-date updated td-module-date\" datetime=\"2020-07-31T10:00:02-03:00\" >31\/07\/2020<\/time><\/span>                    <\/span>\r\n                <\/div>\r\n            <\/div>\r\n\r\n        <\/div>\r\n\r\n        \n\t<\/div> <!-- .\/td-block-span4 -->\n\n\t<div class=\"td-block-span4\">\n\r\n        <div class=\"td_module_mx1 td_module_wrap td-animation-stack\">\r\n            <div class=\"td-module-thumb\"><a href=\"https:\/\/www.institutodeengenharia.org.br\/site\/2020\/07\/30\/utilizacao-de-uhpc-em-pontes-norte-americanas\/\"  rel=\"bookmark\" class=\"td-image-wrap \" title=\"Utiliza\u00e7\u00e3o de UHPC em Pontes norte-americanas\" ><img loading=\"lazy\" decoding=\"async\" class=\"entry-thumb\" src=\"data:image\/png;base64,iVBORw0KGgoAAAANSUhEUgAAAWQAAADcAQMAAAB9O0nPAAAAA1BMVEWurq51dlI4AAAAAXRSTlMmkutdmwAAACBJREFUaN7twTEBAAAAwiD7p7bDbmAAAAAAAAAAAABAdieIAAGQh2mWAAAAAElFTkSuQmCC\" alt=\"\" title=\"Utiliza\u00e7\u00e3o de UHPC em Pontes norte-americanas\" data-type=\"image_tag\" data-img-url=\"https:\/\/www.institutodeengenharia.org.br\/site\/wp-content\/uploads\/2020\/08\/brooklyn-bridge-356x220.jpg\"  width=\"356\" height=\"220\" \/><\/a><\/div>\r\n            <div class=\"td-module-meta-info\">\r\n                <h3 class=\"entry-title td-module-title\"><a href=\"https:\/\/www.institutodeengenharia.org.br\/site\/2020\/07\/30\/utilizacao-de-uhpc-em-pontes-norte-americanas\/\"  rel=\"bookmark\" title=\"Utiliza\u00e7\u00e3o de UHPC em Pontes norte-americanas\">Utiliza\u00e7\u00e3o de UHPC em Pontes norte-americanas<\/a><\/h3>                <div class=\"td-editor-date\">\r\n                                        <span class=\"td-author-date\">\r\n                                                <span class=\"td-post-date\"><time class=\"entry-date updated td-module-date\" datetime=\"2020-07-30T20:13:38-03:00\" >30\/07\/2020<\/time><\/span>                    <\/span>\r\n                <\/div>\r\n            <\/div>\r\n\r\n        <\/div>\r\n\r\n        \n\t<\/div> <!-- .\/td-block-span4 -->\n\n\t<div class=\"td-block-span4\">\n\r\n        <div class=\"td_module_mx1 td_module_wrap td-animation-stack\">\r\n            <div class=\"td-module-thumb\"><a href=\"https:\/\/www.institutodeengenharia.org.br\/site\/2020\/07\/30\/saude-da-familia-em-tempos-de-pandemia-a-visao-do-adolescente-sobre-a-aula-virtual\/\"  rel=\"bookmark\" class=\"td-image-wrap \" title=\"Sa\u00fade da Fam\u00edlia em Tempos de Pandemia &#8211; A vis\u00e3o do adolescente sobre a aula virtual\" ><img loading=\"lazy\" decoding=\"async\" class=\"entry-thumb\" src=\"data:image\/png;base64,iVBORw0KGgoAAAANSUhEUgAAAWQAAADcAQMAAAB9O0nPAAAAA1BMVEWurq51dlI4AAAAAXRSTlMmkutdmwAAACBJREFUaN7twTEBAAAAwiD7p7bDbmAAAAAAAAAAAABAdieIAAGQh2mWAAAAAElFTkSuQmCC\" alt=\"\" title=\"Sa\u00fade da Fam\u00edlia em Tempos de Pandemia &#8211; A vis\u00e3o do adolescente sobre a aula virtual\" data-type=\"image_tag\" data-img-url=\"https:\/\/www.institutodeengenharia.org.br\/site\/wp-content\/uploads\/2020\/05\/tv-computador-crianca-20132910-original3-356x220.jpeg\"  width=\"356\" height=\"220\" \/><\/a><\/div>\r\n            <div class=\"td-module-meta-info\">\r\n                <h3 class=\"entry-title td-module-title\"><a href=\"https:\/\/www.institutodeengenharia.org.br\/site\/2020\/07\/30\/saude-da-familia-em-tempos-de-pandemia-a-visao-do-adolescente-sobre-a-aula-virtual\/\"  rel=\"bookmark\" title=\"Sa\u00fade da Fam\u00edlia em Tempos de Pandemia &#8211; A vis\u00e3o do adolescente sobre a aula virtual\">Sa\u00fade da Fam\u00edlia em Tempos de Pandemia &#8211; A vis\u00e3o do adolescente sobre a aula virtual<\/a><\/h3>                <div class=\"td-editor-date\">\r\n                                        <span class=\"td-author-date\">\r\n                                                <span class=\"td-post-date\"><time class=\"entry-date updated td-module-date\" datetime=\"2020-07-30T19:18:00-03:00\" >30\/07\/2020<\/time><\/span>                    <\/span>\r\n                <\/div>\r\n            <\/div>\r\n\r\n        <\/div>\r\n\r\n        \n\t<\/div> <!-- .\/td-block-span4 --><\/div><!--.\/row-fluid-->\n\n\t<div class=\"td-block-row\">\n\n\t<div class=\"td-block-span4\">\n\r\n        <div class=\"td_module_mx1 td_module_wrap td-animation-stack\">\r\n            <div class=\"td-module-thumb\"><a href=\"https:\/\/www.institutodeengenharia.org.br\/site\/2020\/07\/28\/os-caminhos-da-pericia-de-engenharia\/\"  rel=\"bookmark\" class=\"td-image-wrap \" title=\"Os caminhos da Per\u00edcia de Engenharia\" ><img loading=\"lazy\" decoding=\"async\" class=\"entry-thumb\" src=\"data:image\/png;base64,iVBORw0KGgoAAAANSUhEUgAAAWQAAADcAQMAAAB9O0nPAAAAA1BMVEWurq51dlI4AAAAAXRSTlMmkutdmwAAACBJREFUaN7twTEBAAAAwiD7p7bDbmAAAAAAAAAAAABAdieIAAGQh2mWAAAAAElFTkSuQmCC\" alt=\"\" title=\"Os caminhos da Per\u00edcia de Engenharia\" data-type=\"image_tag\" data-img-url=\"https:\/\/www.institutodeengenharia.org.br\/site\/wp-content\/uploads\/2020\/07\/per\u00edcia-engenharia-356x220.jpg\"  width=\"356\" height=\"220\" \/><\/a><\/div>\r\n            <div class=\"td-module-meta-info\">\r\n                <h3 class=\"entry-title td-module-title\"><a href=\"https:\/\/www.institutodeengenharia.org.br\/site\/2020\/07\/28\/os-caminhos-da-pericia-de-engenharia\/\"  rel=\"bookmark\" title=\"Os caminhos da Per\u00edcia de Engenharia\">Os caminhos da Per\u00edcia de Engenharia<\/a><\/h3>                <div class=\"td-editor-date\">\r\n                                        <span class=\"td-author-date\">\r\n                                                <span class=\"td-post-date\"><time class=\"entry-date updated td-module-date\" datetime=\"2020-07-28T17:20:37-03:00\" >28\/07\/2020<\/time><\/span>                    <\/span>\r\n                <\/div>\r\n            <\/div>\r\n\r\n        <\/div>\r\n\r\n        \n\t<\/div> <!-- .\/td-block-span4 -->\n\n\t<div class=\"td-block-span4\">\n\r\n        <div class=\"td_module_mx1 td_module_wrap td-animation-stack\">\r\n            <div class=\"td-module-thumb\"><a href=\"https:\/\/www.institutodeengenharia.org.br\/site\/2020\/07\/24\/empresas-startups-desafios-em-financas-e-politicas-para-engenheirar\/\"  rel=\"bookmark\" class=\"td-image-wrap \" title=\"Empresas (startups) &#8211; Desafios em Finan\u00e7as e Pol\u00edticas para Engenheirar\" ><img loading=\"lazy\" decoding=\"async\" class=\"entry-thumb\" src=\"data:image\/png;base64,iVBORw0KGgoAAAANSUhEUgAAAWQAAADcAQMAAAB9O0nPAAAAA1BMVEWurq51dlI4AAAAAXRSTlMmkutdmwAAACBJREFUaN7twTEBAAAAwiD7p7bDbmAAAAAAAAAAAABAdieIAAGQh2mWAAAAAElFTkSuQmCC\" alt=\"\" title=\"Empresas (startups) &#8211; Desafios em Finan\u00e7as e Pol\u00edticas para Engenheirar\" data-type=\"image_tag\" data-img-url=\"https:\/\/www.institutodeengenharia.org.br\/site\/wp-content\/uploads\/2020\/07\/Empresas-startups_Desafios-em-Finan\u00e7as-e-Pol\u00edticas-para-Engenheirar-356x220.jpg\"  width=\"356\" height=\"220\" \/><\/a><\/div>\r\n            <div class=\"td-module-meta-info\">\r\n                <h3 class=\"entry-title td-module-title\"><a href=\"https:\/\/www.institutodeengenharia.org.br\/site\/2020\/07\/24\/empresas-startups-desafios-em-financas-e-politicas-para-engenheirar\/\"  rel=\"bookmark\" title=\"Empresas (startups) &#8211; Desafios em Finan\u00e7as e Pol\u00edticas para Engenheirar\">Empresas (startups) &#8211; Desafios em Finan\u00e7as e Pol\u00edticas para Engenheirar<\/a><\/h3>                <div class=\"td-editor-date\">\r\n                                        <span class=\"td-author-date\">\r\n                                                <span class=\"td-post-date\"><time class=\"entry-date updated td-module-date\" datetime=\"2020-07-24T10:00:21-03:00\" >24\/07\/2020<\/time><\/span>                    <\/span>\r\n                <\/div>\r\n            <\/div>\r\n\r\n        <\/div>\r\n\r\n        \n\t<\/div> <!-- .\/td-block-span4 -->\n\n\t<div class=\"td-block-span4\">\n\r\n        <div class=\"td_module_mx1 td_module_wrap td-animation-stack\">\r\n            <div class=\"td-module-thumb\"><a href=\"https:\/\/www.institutodeengenharia.org.br\/site\/2020\/07\/23\/preservacao-ambiental-sustentabilidade-e-residuos-plasticos-em-ambiente-aquatico\/\"  rel=\"bookmark\" class=\"td-image-wrap \" title=\"Preserva\u00e7\u00e3o ambiental, sustentabilidade e res\u00edduos pl\u00e1sticos em ambiente aqu\u00e1tico\" ><img loading=\"lazy\" decoding=\"async\" class=\"entry-thumb\" src=\"data:image\/png;base64,iVBORw0KGgoAAAANSUhEUgAAAWQAAADcAQMAAAB9O0nPAAAAA1BMVEWurq51dlI4AAAAAXRSTlMmkutdmwAAACBJREFUaN7twTEBAAAAwiD7p7bDbmAAAAAAAAAAAABAdieIAAGQh2mWAAAAAElFTkSuQmCC\" alt=\"\" title=\"Preserva\u00e7\u00e3o ambiental, sustentabilidade e res\u00edduos pl\u00e1sticos em ambiente aqu\u00e1tico\" data-type=\"image_tag\" data-img-url=\"https:\/\/www.institutodeengenharia.org.br\/site\/wp-content\/uploads\/2020\/07\/Preserva\u00e7\u00e3o-Meio-Ambiente-356x220.jpg\"  width=\"356\" height=\"220\" \/><\/a><\/div>\r\n            <div class=\"td-module-meta-info\">\r\n                <h3 class=\"entry-title td-module-title\"><a href=\"https:\/\/www.institutodeengenharia.org.br\/site\/2020\/07\/23\/preservacao-ambiental-sustentabilidade-e-residuos-plasticos-em-ambiente-aquatico\/\"  rel=\"bookmark\" title=\"Preserva\u00e7\u00e3o ambiental, sustentabilidade e res\u00edduos pl\u00e1sticos em ambiente aqu\u00e1tico\">Preserva\u00e7\u00e3o ambiental, sustentabilidade e res\u00edduos pl\u00e1sticos em ambiente aqu\u00e1tico<\/a><\/h3>                <div class=\"td-editor-date\">\r\n                                        <span class=\"td-author-date\">\r\n                                                <span class=\"td-post-date\"><time class=\"entry-date updated td-module-date\" datetime=\"2020-07-23T19:30:27-03:00\" >23\/07\/2020<\/time><\/span>                    <\/span>\r\n                <\/div>\r\n            <\/div>\r\n\r\n        <\/div>\r\n\r\n        \n\t<\/div> <!-- .\/td-block-span4 --><\/div><!--.\/row-fluid-->\n\n\t<div class=\"td-block-row\">\n\n\t<div class=\"td-block-span4\">\n\r\n        <div class=\"td_module_mx1 td_module_wrap td-animation-stack\">\r\n            <div class=\"td-module-thumb\"><a href=\"https:\/\/www.institutodeengenharia.org.br\/site\/2020\/07\/23\/o-novo-normal-para-as-aquisicoes-na-construcao-civil-rompendo-a-barreira-do-tradicionalismo\/\"  rel=\"bookmark\" class=\"td-image-wrap \" title=\"O &#8220;novo normal&#8221; para as aquisi\u00e7\u00f5es na Constru\u00e7\u00e3o Civil: Rompendo a barreira do tradicionalismo\" ><img loading=\"lazy\" decoding=\"async\" class=\"entry-thumb\" src=\"data:image\/png;base64,iVBORw0KGgoAAAANSUhEUgAAAWQAAADcAQMAAAB9O0nPAAAAA1BMVEWurq51dlI4AAAAAXRSTlMmkutdmwAAACBJREFUaN7twTEBAAAAwiD7p7bDbmAAAAAAAAAAAABAdieIAAGQh2mWAAAAAElFTkSuQmCC\" alt=\"\" title=\"O &#8220;novo normal&#8221; para as aquisi\u00e7\u00f5es na Constru\u00e7\u00e3o Civil: Rompendo a barreira do tradicionalismo\" data-type=\"image_tag\" data-img-url=\"https:\/\/www.institutodeengenharia.org.br\/site\/wp-content\/uploads\/2020\/07\/shutterstock_647070460-356x220.jpg\"  width=\"356\" height=\"220\" \/><\/a><\/div>\r\n            <div class=\"td-module-meta-info\">\r\n                <h3 class=\"entry-title td-module-title\"><a href=\"https:\/\/www.institutodeengenharia.org.br\/site\/2020\/07\/23\/o-novo-normal-para-as-aquisicoes-na-construcao-civil-rompendo-a-barreira-do-tradicionalismo\/\"  rel=\"bookmark\" title=\"O &#8220;novo normal&#8221; para as aquisi\u00e7\u00f5es na Constru\u00e7\u00e3o Civil: Rompendo a barreira do tradicionalismo\">O &#8220;novo normal&#8221; para as aquisi\u00e7\u00f5es na Constru\u00e7\u00e3o Civil: Rompendo a barreira do tradicionalismo<\/a><\/h3>                <div class=\"td-editor-date\">\r\n                                        <span class=\"td-author-date\">\r\n                                                <span class=\"td-post-date\"><time class=\"entry-date updated td-module-date\" datetime=\"2020-07-23T17:44:42-03:00\" >23\/07\/2020<\/time><\/span>                    <\/span>\r\n                <\/div>\r\n            <\/div>\r\n\r\n        <\/div>\r\n\r\n        \n\t<\/div> <!-- .\/td-block-span4 -->\n\n\t<div class=\"td-block-span4\">\n\r\n        <div class=\"td_module_mx1 td_module_wrap td-animation-stack\">\r\n            <div class=\"td-module-thumb\"><a href=\"https:\/\/www.institutodeengenharia.org.br\/site\/2020\/07\/22\/diretrizes-para-o-saneamento-como-chegar-a-universalizacao\/\"  rel=\"bookmark\" class=\"td-image-wrap \" title=\"Diretrizes para o Saneamento \u2013 Como chegar \u00e0 Universaliza\u00e7\u00e3o\" ><img loading=\"lazy\" decoding=\"async\" class=\"entry-thumb\" src=\"data:image\/png;base64,iVBORw0KGgoAAAANSUhEUgAAAWQAAADcAQMAAAB9O0nPAAAAA1BMVEWurq51dlI4AAAAAXRSTlMmkutdmwAAACBJREFUaN7twTEBAAAAwiD7p7bDbmAAAAAAAAAAAABAdieIAAGQh2mWAAAAAElFTkSuQmCC\" alt=\"\" title=\"Diretrizes para o Saneamento \u2013 Como chegar \u00e0 Universaliza\u00e7\u00e3o\" data-type=\"image_tag\" data-img-url=\"https:\/\/www.institutodeengenharia.org.br\/site\/wp-content\/uploads\/2020\/07\/original-d8ec12a069ba933c087e56aa85751800-356x220.jpg\"  width=\"356\" height=\"220\" \/><\/a><\/div>\r\n            <div class=\"td-module-meta-info\">\r\n                <h3 class=\"entry-title td-module-title\"><a href=\"https:\/\/www.institutodeengenharia.org.br\/site\/2020\/07\/22\/diretrizes-para-o-saneamento-como-chegar-a-universalizacao\/\"  rel=\"bookmark\" title=\"Diretrizes para o Saneamento \u2013 Como chegar \u00e0 Universaliza\u00e7\u00e3o\">Diretrizes para o Saneamento \u2013 Como chegar \u00e0 Universaliza\u00e7\u00e3o<\/a><\/h3>                <div class=\"td-editor-date\">\r\n                                        <span class=\"td-author-date\">\r\n                                                <span class=\"td-post-date\"><time class=\"entry-date updated td-module-date\" datetime=\"2020-07-22T11:35:18-03:00\" >22\/07\/2020<\/time><\/span>                    <\/span>\r\n                <\/div>\r\n            <\/div>\r\n\r\n        <\/div>\r\n\r\n        \n\t<\/div> <!-- .\/td-block-span4 -->\n\n\t<div class=\"td-block-span4\">\n\r\n        <div class=\"td_module_mx1 td_module_wrap td-animation-stack\">\r\n            <div class=\"td-module-thumb\"><a href=\"https:\/\/www.institutodeengenharia.org.br\/site\/2020\/07\/21\/nosso-momento-bim-bim-na-construcao\/\"  rel=\"bookmark\" class=\"td-image-wrap \" title=\"Nosso Momento BIM \u2013 BIM na Constru\u00e7\u00e3o\" ><img loading=\"lazy\" decoding=\"async\" class=\"entry-thumb\" src=\"data:image\/png;base64,iVBORw0KGgoAAAANSUhEUgAAAWQAAADcAQMAAAB9O0nPAAAAA1BMVEWurq51dlI4AAAAAXRSTlMmkutdmwAAACBJREFUaN7twTEBAAAAwiD7p7bDbmAAAAAAAAAAAABAdieIAAGQh2mWAAAAAElFTkSuQmCC\" alt=\"\" title=\"Nosso Momento BIM \u2013 BIM na Constru\u00e7\u00e3o\" data-type=\"image_tag\" data-img-url=\"https:\/\/www.institutodeengenharia.org.br\/site\/wp-content\/uploads\/2020\/08\/679d43677e6d0d556a899019b0966abe27e86378-356x220.jpeg\"  width=\"356\" height=\"220\" \/><\/a><\/div>\r\n            <div class=\"td-module-meta-info\">\r\n                <h3 class=\"entry-title td-module-title\"><a href=\"https:\/\/www.institutodeengenharia.org.br\/site\/2020\/07\/21\/nosso-momento-bim-bim-na-construcao\/\"  rel=\"bookmark\" title=\"Nosso Momento BIM \u2013 BIM na Constru\u00e7\u00e3o\">Nosso Momento BIM \u2013 BIM na Constru\u00e7\u00e3o<\/a><\/h3>                <div class=\"td-editor-date\">\r\n                                        <span class=\"td-author-date\">\r\n                                                <span class=\"td-post-date\"><time class=\"entry-date updated td-module-date\" datetime=\"2020-07-21T19:29:58-03:00\" >21\/07\/2020<\/time><\/span>                    <\/span>\r\n                <\/div>\r\n            <\/div>\r\n\r\n        <\/div>\r\n\r\n        \n\t<\/div> <!-- .\/td-block-span4 --><\/div><!--.\/row-fluid-->\n\n\t<div class=\"td-block-row\">\n\n\t<div class=\"td-block-span4\">\n\r\n        <div class=\"td_module_mx1 td_module_wrap td-animation-stack\">\r\n            <div class=\"td-module-thumb\"><a href=\"https:\/\/www.institutodeengenharia.org.br\/site\/2020\/07\/17\/engenharia-de-transformacao-e-criacao-da-presenca-digital-dos-negocios\/\"  rel=\"bookmark\" class=\"td-image-wrap \" title=\"Engenharia de Transforma\u00e7\u00e3o e cria\u00e7\u00e3o da presen\u00e7a digital dos neg\u00f3cios\" ><img loading=\"lazy\" decoding=\"async\" class=\"entry-thumb\" src=\"data:image\/png;base64,iVBORw0KGgoAAAANSUhEUgAAAWQAAADcAQMAAAB9O0nPAAAAA1BMVEWurq51dlI4AAAAAXRSTlMmkutdmwAAACBJREFUaN7twTEBAAAAwiD7p7bDbmAAAAAAAAAAAABAdieIAAGQh2mWAAAAAElFTkSuQmCC\" alt=\"\" title=\"Engenharia de Transforma\u00e7\u00e3o e cria\u00e7\u00e3o da presen\u00e7a digital dos neg\u00f3cios\" data-type=\"image_tag\" data-img-url=\"https:\/\/www.institutodeengenharia.org.br\/site\/wp-content\/uploads\/2020\/07\/Engenharia-de-Transforma\u00e7\u00e3o-e-cria\u00e7\u00e3o-da-presen\u00e7a-digital-dos-neg\u00f3cios-356x220.jpg\"  width=\"356\" height=\"220\" \/><\/a><\/div>\r\n            <div class=\"td-module-meta-info\">\r\n                <h3 class=\"entry-title td-module-title\"><a href=\"https:\/\/www.institutodeengenharia.org.br\/site\/2020\/07\/17\/engenharia-de-transformacao-e-criacao-da-presenca-digital-dos-negocios\/\"  rel=\"bookmark\" title=\"Engenharia de Transforma\u00e7\u00e3o e cria\u00e7\u00e3o da presen\u00e7a digital dos neg\u00f3cios\">Engenharia de Transforma\u00e7\u00e3o e cria\u00e7\u00e3o da presen\u00e7a digital dos neg\u00f3cios<\/a><\/h3>                <div class=\"td-editor-date\">\r\n                                        <span class=\"td-author-date\">\r\n                                                <span class=\"td-post-date\"><time class=\"entry-date updated td-module-date\" datetime=\"2020-07-17T10:00:52-03:00\" >17\/07\/2020<\/time><\/span>                    <\/span>\r\n                <\/div>\r\n            <\/div>\r\n\r\n        <\/div>\r\n\r\n        \n\t<\/div> <!-- .\/td-block-span4 -->\n\n\t<div class=\"td-block-span4\">\n\r\n        <div class=\"td_module_mx1 td_module_wrap td-animation-stack\">\r\n            <div class=\"td-module-thumb\"><a href=\"https:\/\/www.institutodeengenharia.org.br\/site\/2020\/07\/15\/inteligencia-emocional-e-competencias-empreendedoras\/\"  rel=\"bookmark\" class=\"td-image-wrap \" title=\"Intelig\u00eancia Emocional e compet\u00eancias empreendedoras\" ><img loading=\"lazy\" decoding=\"async\" class=\"entry-thumb\" src=\"data:image\/png;base64,iVBORw0KGgoAAAANSUhEUgAAAWQAAADcAQMAAAB9O0nPAAAAA1BMVEWurq51dlI4AAAAAXRSTlMmkutdmwAAACBJREFUaN7twTEBAAAAwiD7p7bDbmAAAAAAAAAAAABAdieIAAGQh2mWAAAAAElFTkSuQmCC\" alt=\"\" title=\"Intelig\u00eancia Emocional e compet\u00eancias empreendedoras\" data-type=\"image_tag\" data-img-url=\"https:\/\/www.institutodeengenharia.org.br\/site\/wp-content\/uploads\/2020\/08\/inteligencia_emocional-356x220.jpg\"  width=\"356\" height=\"220\" \/><\/a><\/div>\r\n            <div class=\"td-module-meta-info\">\r\n                <h3 class=\"entry-title td-module-title\"><a href=\"https:\/\/www.institutodeengenharia.org.br\/site\/2020\/07\/15\/inteligencia-emocional-e-competencias-empreendedoras\/\"  rel=\"bookmark\" title=\"Intelig\u00eancia Emocional e compet\u00eancias empreendedoras\">Intelig\u00eancia Emocional e compet\u00eancias empreendedoras<\/a><\/h3>                <div class=\"td-editor-date\">\r\n                                        <span class=\"td-author-date\">\r\n                                                <span class=\"td-post-date\"><time class=\"entry-date updated td-module-date\" datetime=\"2020-07-15T20:17:58-03:00\" >15\/07\/2020<\/time><\/span>                    <\/span>\r\n                <\/div>\r\n            <\/div>\r\n\r\n        <\/div>\r\n\r\n        \n\t<\/div> <!-- .\/td-block-span4 -->\n\n\t<div class=\"td-block-span4\">\n\r\n        <div class=\"td_module_mx1 td_module_wrap td-animation-stack\">\r\n            <div class=\"td-module-thumb\"><a href=\"https:\/\/www.institutodeengenharia.org.br\/site\/2020\/07\/15\/encontro-internacional-retorno-seguro-das-pessoas-aos-transportes-publicos\/\"  rel=\"bookmark\" class=\"td-image-wrap \" title=\"Encontro Internacional &#8211; Retorno seguro das pessoas aos Transportes P\u00fablicos\" ><img loading=\"lazy\" decoding=\"async\" class=\"entry-thumb\" src=\"data:image\/png;base64,iVBORw0KGgoAAAANSUhEUgAAAWQAAADcAQMAAAB9O0nPAAAAA1BMVEWurq51dlI4AAAAAXRSTlMmkutdmwAAACBJREFUaN7twTEBAAAAwiD7p7bDbmAAAAAAAAAAAABAdieIAAGQh2mWAAAAAElFTkSuQmCC\" alt=\"\" title=\"Encontro Internacional &#8211; Retorno seguro das pessoas aos Transportes P\u00fablicos\" data-type=\"image_tag\" data-img-url=\"https:\/\/www.institutodeengenharia.org.br\/site\/wp-content\/uploads\/2020\/07\/transporte-356x220.jpg\"  width=\"356\" height=\"220\" \/><\/a><\/div>\r\n            <div class=\"td-module-meta-info\">\r\n                <h3 class=\"entry-title td-module-title\"><a href=\"https:\/\/www.institutodeengenharia.org.br\/site\/2020\/07\/15\/encontro-internacional-retorno-seguro-das-pessoas-aos-transportes-publicos\/\"  rel=\"bookmark\" title=\"Encontro Internacional &#8211; Retorno seguro das pessoas aos Transportes P\u00fablicos\">Encontro Internacional &#8211; Retorno seguro das pessoas aos Transportes P\u00fablicos<\/a><\/h3>                <div class=\"td-editor-date\">\r\n                                        <span class=\"td-author-date\">\r\n                                                <span class=\"td-post-date\"><time class=\"entry-date updated td-module-date\" datetime=\"2020-07-15T17:00:23-03:00\" >15\/07\/2020<\/time><\/span>                    <\/span>\r\n                <\/div>\r\n            <\/div>\r\n\r\n        <\/div>\r\n\r\n        \n\t<\/div> <!-- .\/td-block-span4 --><\/div><!--.\/row-fluid-->\n\n\t<div class=\"td-block-row\">\n\n\t<div class=\"td-block-span4\">\n\r\n        <div class=\"td_module_mx1 td_module_wrap td-animation-stack\">\r\n            <div class=\"td-module-thumb\"><a href=\"https:\/\/www.institutodeengenharia.org.br\/site\/2020\/07\/13\/4o-workshop-petroleo-gas-uma-visao-de-baixa-emissao\/\"  rel=\"bookmark\" class=\"td-image-wrap \" title=\"4\u00ba Workshop Petr\u00f3leo &#038; G\u00e1s &#8211; Uma vis\u00e3o de baixa emiss\u00e3o\" ><img loading=\"lazy\" decoding=\"async\" class=\"entry-thumb\" src=\"data:image\/png;base64,iVBORw0KGgoAAAANSUhEUgAAAWQAAADcAQMAAAB9O0nPAAAAA1BMVEWurq51dlI4AAAAAXRSTlMmkutdmwAAACBJREFUaN7twTEBAAAAwiD7p7bDbmAAAAAAAAAAAABAdieIAAGQh2mWAAAAAElFTkSuQmCC\" alt=\"\" title=\"4\u00ba Workshop Petr\u00f3leo &#038; G\u00e1s &#8211; Uma vis\u00e3o de baixa emiss\u00e3o\" data-type=\"image_tag\" data-img-url=\"https:\/\/www.institutodeengenharia.org.br\/site\/wp-content\/uploads\/2020\/06\/petr\u00f3leo-e-g\u00e1s-1-356x220.jpg\"  width=\"356\" height=\"220\" \/><\/a><\/div>\r\n            <div class=\"td-module-meta-info\">\r\n                <h3 class=\"entry-title td-module-title\"><a href=\"https:\/\/www.institutodeengenharia.org.br\/site\/2020\/07\/13\/4o-workshop-petroleo-gas-uma-visao-de-baixa-emissao\/\"  rel=\"bookmark\" title=\"4\u00ba Workshop Petr\u00f3leo &#038; G\u00e1s &#8211; Uma vis\u00e3o de baixa emiss\u00e3o\">4\u00ba Workshop Petr\u00f3leo &#038; G\u00e1s &#8211; Uma vis\u00e3o de baixa emiss\u00e3o<\/a><\/h3>                <div class=\"td-editor-date\">\r\n                                        <span class=\"td-author-date\">\r\n                                                <span class=\"td-post-date\"><time class=\"entry-date updated td-module-date\" datetime=\"2020-07-13T10:00:44-03:00\" >13\/07\/2020<\/time><\/span>                    <\/span>\r\n                <\/div>\r\n            <\/div>\r\n\r\n        <\/div>\r\n\r\n        \n\t<\/div> <!-- .\/td-block-span4 -->\n\n\t<div class=\"td-block-span4\">\n\r\n        <div class=\"td_module_mx1 td_module_wrap td-animation-stack\">\r\n            <div class=\"td-module-thumb\"><a href=\"https:\/\/www.institutodeengenharia.org.br\/site\/2020\/07\/09\/sustentabilidade-nos-materiais-de-construcao\/\"  rel=\"bookmark\" class=\"td-image-wrap \" title=\"Sustentabilidade nos materiais de constru\u00e7\u00e3o\" ><img loading=\"lazy\" decoding=\"async\" class=\"entry-thumb\" src=\"data:image\/png;base64,iVBORw0KGgoAAAANSUhEUgAAAWQAAADcAQMAAAB9O0nPAAAAA1BMVEWurq51dlI4AAAAAXRSTlMmkutdmwAAACBJREFUaN7twTEBAAAAwiD7p7bDbmAAAAAAAAAAAABAdieIAAGQh2mWAAAAAElFTkSuQmCC\" alt=\"\" title=\"Sustentabilidade nos materiais de constru\u00e7\u00e3o\" data-type=\"image_tag\" data-img-url=\"https:\/\/www.institutodeengenharia.org.br\/site\/wp-content\/uploads\/2020\/08\/Sustentabilidade-na-constru\u00e7\u00e3o-civil_benef\u00edcios-ambientais-e-econ\u00f4micos-356x220.png\"  width=\"356\" height=\"220\" \/><\/a><\/div>\r\n            <div class=\"td-module-meta-info\">\r\n                <h3 class=\"entry-title td-module-title\"><a href=\"https:\/\/www.institutodeengenharia.org.br\/site\/2020\/07\/09\/sustentabilidade-nos-materiais-de-construcao\/\"  rel=\"bookmark\" title=\"Sustentabilidade nos materiais de constru\u00e7\u00e3o\">Sustentabilidade nos materiais de constru\u00e7\u00e3o<\/a><\/h3>                <div class=\"td-editor-date\">\r\n                                        <span class=\"td-author-date\">\r\n                                                <span class=\"td-post-date\"><time class=\"entry-date updated td-module-date\" datetime=\"2020-07-09T17:07:05-03:00\" >09\/07\/2020<\/time><\/span>                    <\/span>\r\n                <\/div>\r\n            <\/div>\r\n\r\n        <\/div>\r\n\r\n        \n\t<\/div> <!-- .\/td-block-span4 -->\n\n\t<div class=\"td-block-span4\">\n\r\n        <div class=\"td_module_mx1 td_module_wrap td-animation-stack\">\r\n            <div class=\"td-module-thumb\"><a href=\"https:\/\/www.institutodeengenharia.org.br\/site\/2020\/07\/07\/pex-em-bim-na-pratica-biblioteca-inteligente-amanco-wavin\/\"  rel=\"bookmark\" class=\"td-image-wrap \" title=\"PEX em BIM na pr\u00e1tica &#8211; Biblioteca Inteligente Amanco Wavin\" ><img loading=\"lazy\" decoding=\"async\" class=\"entry-thumb\" src=\"data:image\/png;base64,iVBORw0KGgoAAAANSUhEUgAAAWQAAADcAQMAAAB9O0nPAAAAA1BMVEWurq51dlI4AAAAAXRSTlMmkutdmwAAACBJREFUaN7twTEBAAAAwiD7p7bDbmAAAAAAAAAAAABAdieIAAGQh2mWAAAAAElFTkSuQmCC\" alt=\"\" title=\"PEX em BIM na pr\u00e1tica &#8211; Biblioteca Inteligente Amanco Wavin\" data-type=\"image_tag\" data-img-url=\"https:\/\/www.institutodeengenharia.org.br\/site\/wp-content\/uploads\/2020\/07\/BIM_klein-1-356x220.jpg\"  width=\"356\" height=\"220\" \/><\/a><\/div>\r\n            <div class=\"td-module-meta-info\">\r\n                <h3 class=\"entry-title td-module-title\"><a href=\"https:\/\/www.institutodeengenharia.org.br\/site\/2020\/07\/07\/pex-em-bim-na-pratica-biblioteca-inteligente-amanco-wavin\/\"  rel=\"bookmark\" title=\"PEX em BIM na pr\u00e1tica &#8211; Biblioteca Inteligente Amanco Wavin\">PEX em BIM na pr\u00e1tica &#8211; Biblioteca Inteligente Amanco Wavin<\/a><\/h3>                <div class=\"td-editor-date\">\r\n                                        <span class=\"td-author-date\">\r\n                                                <span class=\"td-post-date\"><time class=\"entry-date updated td-module-date\" datetime=\"2020-07-07T18:52:45-03:00\" >07\/07\/2020<\/time><\/span>                    <\/span>\r\n                <\/div>\r\n            <\/div>\r\n\r\n        <\/div>\r\n\r\n        \n\t<\/div> <!-- .\/td-block-span4 --><\/div><!--.\/row-fluid-->\n\n\t<div class=\"td-block-row\">\n\n\t<div class=\"td-block-span4\">\n\r\n        <div class=\"td_module_mx1 td_module_wrap td-animation-stack\">\r\n            <div class=\"td-module-thumb\"><a href=\"https:\/\/www.institutodeengenharia.org.br\/site\/2020\/07\/06\/lancamento-do-caderno-diretrizes-para-universalizacao-do-saneamento-no-brasil\/\"  rel=\"bookmark\" class=\"td-image-wrap \" title=\"Lan\u00e7amento do caderno Diretrizes para Universaliza\u00e7\u00e3o do Saneamento no Brasil\" ><img loading=\"lazy\" decoding=\"async\" class=\"entry-thumb\" src=\"data:image\/png;base64,iVBORw0KGgoAAAANSUhEUgAAAWQAAADcAQMAAAB9O0nPAAAAA1BMVEWurq51dlI4AAAAAXRSTlMmkutdmwAAACBJREFUaN7twTEBAAAAwiD7p7bDbmAAAAAAAAAAAABAdieIAAGQh2mWAAAAAElFTkSuQmCC\" alt=\"\" title=\"Lan\u00e7amento do caderno Diretrizes para Universaliza\u00e7\u00e3o do Saneamento no Brasil\" data-type=\"image_tag\" data-img-url=\"https:\/\/www.institutodeengenharia.org.br\/site\/wp-content\/uploads\/2020\/06\/mao-de-crianca-com-agua-da-torneira_33836-50-356x220.jpg\"  width=\"356\" height=\"220\" \/><\/a><\/div>\r\n            <div class=\"td-module-meta-info\">\r\n                <h3 class=\"entry-title td-module-title\"><a href=\"https:\/\/www.institutodeengenharia.org.br\/site\/2020\/07\/06\/lancamento-do-caderno-diretrizes-para-universalizacao-do-saneamento-no-brasil\/\"  rel=\"bookmark\" title=\"Lan\u00e7amento do caderno Diretrizes para Universaliza\u00e7\u00e3o do Saneamento no Brasil\">Lan\u00e7amento do caderno Diretrizes para Universaliza\u00e7\u00e3o do Saneamento no Brasil<\/a><\/h3>                <div class=\"td-editor-date\">\r\n                                        <span class=\"td-author-date\">\r\n                                                <span class=\"td-post-date\"><time class=\"entry-date updated td-module-date\" datetime=\"2020-07-06T16:30:13-03:00\" >06\/07\/2020<\/time><\/span>                    <\/span>\r\n                <\/div>\r\n            <\/div>\r\n\r\n        <\/div>\r\n\r\n        \n\t<\/div> <!-- .\/td-block-span4 -->\n\n\t<div class=\"td-block-span4\">\n\r\n        <div class=\"td_module_mx1 td_module_wrap td-animation-stack\">\r\n            <div class=\"td-module-thumb\"><a href=\"https:\/\/www.institutodeengenharia.org.br\/site\/2020\/07\/01\/seguro-de-riscos-de-engenharia\/\"  rel=\"bookmark\" class=\"td-image-wrap \" title=\"Seguro de riscos de Engenharia\" ><img loading=\"lazy\" decoding=\"async\" class=\"entry-thumb\" src=\"data:image\/png;base64,iVBORw0KGgoAAAANSUhEUgAAAWQAAADcAQMAAAB9O0nPAAAAA1BMVEWurq51dlI4AAAAAXRSTlMmkutdmwAAACBJREFUaN7twTEBAAAAwiD7p7bDbmAAAAAAAAAAAABAdieIAAGQh2mWAAAAAElFTkSuQmCC\" alt=\"\" title=\"Seguro de riscos de Engenharia\" data-type=\"image_tag\" data-img-url=\"https:\/\/www.institutodeengenharia.org.br\/site\/wp-content\/uploads\/2020\/06\/engenharia-356x220.jpg\"  width=\"356\" height=\"220\" \/><\/a><\/div>\r\n            <div class=\"td-module-meta-info\">\r\n                <h3 class=\"entry-title td-module-title\"><a href=\"https:\/\/www.institutodeengenharia.org.br\/site\/2020\/07\/01\/seguro-de-riscos-de-engenharia\/\"  rel=\"bookmark\" title=\"Seguro de riscos de Engenharia\">Seguro de riscos de Engenharia<\/a><\/h3>                <div class=\"td-editor-date\">\r\n                                        <span class=\"td-author-date\">\r\n                                                <span class=\"td-post-date\"><time class=\"entry-date updated td-module-date\" datetime=\"2020-07-01T17:50:35-03:00\" >01\/07\/2020<\/time><\/span>                    <\/span>\r\n                <\/div>\r\n            <\/div>\r\n\r\n        <\/div>\r\n\r\n        \n\t<\/div> <!-- .\/td-block-span4 -->\n\n\t<div class=\"td-block-span4\">\n\r\n        <div class=\"td_module_mx1 td_module_wrap td-animation-stack\">\r\n            <div class=\"td-module-thumb\"><a href=\"https:\/\/www.institutodeengenharia.org.br\/site\/2020\/07\/01\/patologia-das-instalacoes-hidraulicas-prediais\/\"  rel=\"bookmark\" class=\"td-image-wrap \" title=\"Patologia das Instala\u00e7\u00f5es Hidr\u00e1ulicas Prediais\" ><img loading=\"lazy\" decoding=\"async\" class=\"entry-thumb\" src=\"data:image\/png;base64,iVBORw0KGgoAAAANSUhEUgAAAWQAAADcAQMAAAB9O0nPAAAAA1BMVEWurq51dlI4AAAAAXRSTlMmkutdmwAAACBJREFUaN7twTEBAAAAwiD7p7bDbmAAAAAAAAAAAABAdieIAAGQh2mWAAAAAElFTkSuQmCC\" alt=\"\" title=\"Patologia das Instala\u00e7\u00f5es Hidr\u00e1ulicas Prediais\" data-type=\"image_tag\" data-img-url=\"https:\/\/www.institutodeengenharia.org.br\/site\/wp-content\/uploads\/2020\/07\/Tools-and-materials-for-repiping-plumbing-lines-356x220.jpg\"  width=\"356\" height=\"220\" \/><\/a><\/div>\r\n            <div class=\"td-module-meta-info\">\r\n                <h3 class=\"entry-title td-module-title\"><a href=\"https:\/\/www.institutodeengenharia.org.br\/site\/2020\/07\/01\/patologia-das-instalacoes-hidraulicas-prediais\/\"  rel=\"bookmark\" title=\"Patologia das Instala\u00e7\u00f5es Hidr\u00e1ulicas Prediais\">Patologia das Instala\u00e7\u00f5es Hidr\u00e1ulicas Prediais<\/a><\/h3>                <div class=\"td-editor-date\">\r\n                                        <span class=\"td-author-date\">\r\n                                                <span class=\"td-post-date\"><time class=\"entry-date updated td-module-date\" datetime=\"2020-07-01T17:43:25-03:00\" >01\/07\/2020<\/time><\/span>                    <\/span>\r\n                <\/div>\r\n            <\/div>\r\n\r\n        <\/div>\r\n\r\n        \n\t<\/div> <!-- .\/td-block-span4 --><\/div><!--.\/row-fluid-->\n\n\t<div class=\"td-block-row\">\n\n\t<div class=\"td-block-span4\">\n\r\n        <div class=\"td_module_mx1 td_module_wrap td-animation-stack\">\r\n            <div class=\"td-module-thumb\"><a href=\"https:\/\/www.institutodeengenharia.org.br\/site\/2020\/06\/30\/evolucao-digital-na-entrega-de-projetos\/\"  rel=\"bookmark\" class=\"td-image-wrap \" title=\"Evolu\u00e7\u00e3o digital na entrega de projetos\" ><img loading=\"lazy\" decoding=\"async\" class=\"entry-thumb\" src=\"data:image\/png;base64,iVBORw0KGgoAAAANSUhEUgAAAWQAAADcAQMAAAB9O0nPAAAAA1BMVEWurq51dlI4AAAAAXRSTlMmkutdmwAAACBJREFUaN7twTEBAAAAwiD7p7bDbmAAAAAAAAAAAABAdieIAAGQh2mWAAAAAElFTkSuQmCC\" alt=\"\" title=\"Evolu\u00e7\u00e3o digital na entrega de projetos\" data-type=\"image_tag\" data-img-url=\"https:\/\/www.institutodeengenharia.org.br\/site\/wp-content\/uploads\/2020\/05\/evolucao-digital-transformacao-digital-1140x694-356x220.jpg\"  width=\"356\" height=\"220\" \/><\/a><\/div>\r\n            <div class=\"td-module-meta-info\">\r\n                <h3 class=\"entry-title td-module-title\"><a href=\"https:\/\/www.institutodeengenharia.org.br\/site\/2020\/06\/30\/evolucao-digital-na-entrega-de-projetos\/\"  rel=\"bookmark\" title=\"Evolu\u00e7\u00e3o digital na entrega de projetos\">Evolu\u00e7\u00e3o digital na entrega de projetos<\/a><\/h3>                <div class=\"td-editor-date\">\r\n                                        <span class=\"td-author-date\">\r\n                                                <span class=\"td-post-date\"><time class=\"entry-date updated td-module-date\" datetime=\"2020-06-30T19:39:50-03:00\" >30\/06\/2020<\/time><\/span>                    <\/span>\r\n                <\/div>\r\n            <\/div>\r\n\r\n        <\/div>\r\n\r\n        \n\t<\/div> <!-- .\/td-block-span4 -->\n\n\t<div class=\"td-block-span4\">\n\r\n        <div class=\"td_module_mx1 td_module_wrap td-animation-stack\">\r\n            <div class=\"td-module-thumb\"><a href=\"https:\/\/www.institutodeengenharia.org.br\/site\/2020\/06\/29\/como-a-digitalizacao-impacta-os-negocios-em-momentos-de-crise\/\"  rel=\"bookmark\" class=\"td-image-wrap \" title=\"Como a digitaliza\u00e7\u00e3o impacta os neg\u00f3cios em momentos de crise\" ><img loading=\"lazy\" decoding=\"async\" class=\"entry-thumb\" src=\"data:image\/png;base64,iVBORw0KGgoAAAANSUhEUgAAAWQAAADcAQMAAAB9O0nPAAAAA1BMVEWurq51dlI4AAAAAXRSTlMmkutdmwAAACBJREFUaN7twTEBAAAAwiD7p7bDbmAAAAAAAAAAAABAdieIAAGQh2mWAAAAAElFTkSuQmCC\" alt=\"\" title=\"Como a digitaliza\u00e7\u00e3o impacta os neg\u00f3cios em momentos de crise\" data-type=\"image_tag\" data-img-url=\"https:\/\/www.institutodeengenharia.org.br\/site\/wp-content\/uploads\/2020\/07\/digitaliza\u00e7\u00e3o_-356x220.jpg\"  width=\"356\" height=\"220\" \/><\/a><\/div>\r\n            <div class=\"td-module-meta-info\">\r\n                <h3 class=\"entry-title td-module-title\"><a href=\"https:\/\/www.institutodeengenharia.org.br\/site\/2020\/06\/29\/como-a-digitalizacao-impacta-os-negocios-em-momentos-de-crise\/\"  rel=\"bookmark\" title=\"Como a digitaliza\u00e7\u00e3o impacta os neg\u00f3cios em momentos de crise\">Como a digitaliza\u00e7\u00e3o impacta os neg\u00f3cios em momentos de crise<\/a><\/h3>                <div class=\"td-editor-date\">\r\n                                        <span class=\"td-author-date\">\r\n                                                <span class=\"td-post-date\"><time class=\"entry-date updated td-module-date\" datetime=\"2020-06-29T10:00:02-03:00\" >29\/06\/2020<\/time><\/span>                    <\/span>\r\n                <\/div>\r\n            <\/div>\r\n\r\n        <\/div>\r\n\r\n        \n\t<\/div> <!-- .\/td-block-span4 -->\n\n\t<div class=\"td-block-span4\">\n\r\n        <div class=\"td_module_mx1 td_module_wrap td-animation-stack\">\r\n            <div class=\"td-module-thumb\"><a href=\"https:\/\/www.institutodeengenharia.org.br\/site\/2020\/06\/26\/intervencoes-em-pontes-historicas-europeias\/\"  rel=\"bookmark\" class=\"td-image-wrap \" title=\"Interven\u00e7\u00f5es em pontes hist\u00f3ricas europeias\" ><img loading=\"lazy\" decoding=\"async\" class=\"entry-thumb\" src=\"data:image\/png;base64,iVBORw0KGgoAAAANSUhEUgAAAWQAAADcAQMAAAB9O0nPAAAAA1BMVEWurq51dlI4AAAAAXRSTlMmkutdmwAAACBJREFUaN7twTEBAAAAwiD7p7bDbmAAAAAAAAAAAABAdieIAAGQh2mWAAAAAElFTkSuQmCC\" alt=\"\" title=\"Interven\u00e7\u00f5es em pontes hist\u00f3ricas europeias\" data-type=\"image_tag\" data-img-url=\"https:\/\/www.institutodeengenharia.org.br\/site\/wp-content\/uploads\/2020\/06\/1-356x220.jpg\"  width=\"356\" height=\"220\" \/><\/a><\/div>\r\n            <div class=\"td-module-meta-info\">\r\n                <h3 class=\"entry-title td-module-title\"><a href=\"https:\/\/www.institutodeengenharia.org.br\/site\/2020\/06\/26\/intervencoes-em-pontes-historicas-europeias\/\"  rel=\"bookmark\" title=\"Interven\u00e7\u00f5es em pontes hist\u00f3ricas europeias\">Interven\u00e7\u00f5es em pontes hist\u00f3ricas europeias<\/a><\/h3>                <div class=\"td-editor-date\">\r\n                                        <span class=\"td-author-date\">\r\n                                                <span class=\"td-post-date\"><time class=\"entry-date updated td-module-date\" datetime=\"2020-06-26T14:35:19-03:00\" >26\/06\/2020<\/time><\/span>                    <\/span>\r\n                <\/div>\r\n            <\/div>\r\n\r\n        <\/div>\r\n\r\n        \n\t<\/div> <!-- .\/td-block-span4 --><\/div><!--.\/row-fluid-->\n\n\t<div class=\"td-block-row\">\n\n\t<div class=\"td-block-span4\">\n\r\n        <div class=\"td_module_mx1 td_module_wrap td-animation-stack\">\r\n            <div class=\"td-module-thumb\"><a href=\"https:\/\/www.institutodeengenharia.org.br\/site\/2020\/06\/26\/brasil-no-caminho-de-uma-nova-sociedade\/\"  rel=\"bookmark\" class=\"td-image-wrap \" title=\"Brasil no caminho de uma nova sociedade\" ><img loading=\"lazy\" decoding=\"async\" class=\"entry-thumb\" src=\"data:image\/png;base64,iVBORw0KGgoAAAANSUhEUgAAAWQAAADcAQMAAAB9O0nPAAAAA1BMVEWurq51dlI4AAAAAXRSTlMmkutdmwAAACBJREFUaN7twTEBAAAAwiD7p7bDbmAAAAAAAAAAAABAdieIAAGQh2mWAAAAAElFTkSuQmCC\" alt=\"\" title=\"Brasil no caminho de uma nova sociedade\" data-type=\"image_tag\" data-img-url=\"https:\/\/www.institutodeengenharia.org.br\/site\/wp-content\/uploads\/2020\/06\/sociedades-356x220.jpg\"  width=\"356\" height=\"220\" \/><\/a><\/div>\r\n            <div class=\"td-module-meta-info\">\r\n                <h3 class=\"entry-title td-module-title\"><a href=\"https:\/\/www.institutodeengenharia.org.br\/site\/2020\/06\/26\/brasil-no-caminho-de-uma-nova-sociedade\/\"  rel=\"bookmark\" title=\"Brasil no caminho de uma nova sociedade\">Brasil no caminho de uma nova sociedade<\/a><\/h3>                <div class=\"td-editor-date\">\r\n                                        <span class=\"td-author-date\">\r\n                                                <span class=\"td-post-date\"><time class=\"entry-date updated td-module-date\" datetime=\"2020-06-26T10:00:18-03:00\" >26\/06\/2020<\/time><\/span>                    <\/span>\r\n                <\/div>\r\n            <\/div>\r\n\r\n        <\/div>\r\n\r\n        \n\t<\/div> <!-- .\/td-block-span4 -->\n\n\t<div class=\"td-block-span4\">\n\r\n        <div class=\"td_module_mx1 td_module_wrap td-animation-stack\">\r\n            <div class=\"td-module-thumb\"><a href=\"https:\/\/www.institutodeengenharia.org.br\/site\/2020\/06\/24\/inspecao-de-vasos-de-pressao-e-caldeiras-nr-13-a-capacitacao-do-p-h\/\"  rel=\"bookmark\" class=\"td-image-wrap \" title=\"Inspe\u00e7\u00e3o de vasos de press\u00e3o e caldeiras \u2013 NR-13: A capacita\u00e7\u00e3o do P.H.\" ><img loading=\"lazy\" decoding=\"async\" class=\"entry-thumb\" src=\"data:image\/png;base64,iVBORw0KGgoAAAANSUhEUgAAAWQAAADcAQMAAAB9O0nPAAAAA1BMVEWurq51dlI4AAAAAXRSTlMmkutdmwAAACBJREFUaN7twTEBAAAAwiD7p7bDbmAAAAAAAAAAAABAdieIAAGQh2mWAAAAAElFTkSuQmCC\" alt=\"\" title=\"Inspe\u00e7\u00e3o de vasos de press\u00e3o e caldeiras \u2013 NR-13: A capacita\u00e7\u00e3o do P.H.\" data-type=\"image_tag\" data-img-url=\"https:\/\/www.institutodeengenharia.org.br\/site\/wp-content\/uploads\/2020\/06\/ed400562edd9d39528163ed135a86bd3-356x220.jpg\"  width=\"356\" height=\"220\" \/><\/a><\/div>\r\n            <div class=\"td-module-meta-info\">\r\n                <h3 class=\"entry-title td-module-title\"><a href=\"https:\/\/www.institutodeengenharia.org.br\/site\/2020\/06\/24\/inspecao-de-vasos-de-pressao-e-caldeiras-nr-13-a-capacitacao-do-p-h\/\"  rel=\"bookmark\" title=\"Inspe\u00e7\u00e3o de vasos de press\u00e3o e caldeiras \u2013 NR-13: A capacita\u00e7\u00e3o do P.H.\">Inspe\u00e7\u00e3o de vasos de press\u00e3o e caldeiras \u2013 NR-13: A capacita\u00e7\u00e3o do P.H.<\/a><\/h3>                <div class=\"td-editor-date\">\r\n                                        <span class=\"td-author-date\">\r\n                                                <span class=\"td-post-date\"><time class=\"entry-date updated td-module-date\" datetime=\"2020-06-24T17:31:29-03:00\" >24\/06\/2020<\/time><\/span>                    <\/span>\r\n                <\/div>\r\n            <\/div>\r\n\r\n        <\/div>\r\n\r\n        \n\t<\/div> <!-- .\/td-block-span4 -->\n\n\t<div class=\"td-block-span4\">\n\r\n        <div class=\"td_module_mx1 td_module_wrap td-animation-stack\">\r\n            <div class=\"td-module-thumb\"><a href=\"https:\/\/www.institutodeengenharia.org.br\/site\/2020\/06\/24\/expectativas-da-mobilidade-eletrica-para-o-novo-normal\/\"  rel=\"bookmark\" class=\"td-image-wrap \" title=\"Expectativas da Mobilidade El\u00e9trica para o novo normal\" ><img loading=\"lazy\" decoding=\"async\" class=\"entry-thumb\" src=\"data:image\/png;base64,iVBORw0KGgoAAAANSUhEUgAAAWQAAADcAQMAAAB9O0nPAAAAA1BMVEWurq51dlI4AAAAAXRSTlMmkutdmwAAACBJREFUaN7twTEBAAAAwiD7p7bDbmAAAAAAAAAAAABAdieIAAGQh2mWAAAAAElFTkSuQmCC\" alt=\"\" title=\"Expectativas da Mobilidade El\u00e9trica para o novo normal\" data-type=\"image_tag\" data-img-url=\"https:\/\/www.institutodeengenharia.org.br\/site\/wp-content\/uploads\/2020\/06\/mobilidade-eletrica-356x220.jpg\"  width=\"356\" height=\"220\" \/><\/a><\/div>\r\n            <div class=\"td-module-meta-info\">\r\n                <h3 class=\"entry-title td-module-title\"><a href=\"https:\/\/www.institutodeengenharia.org.br\/site\/2020\/06\/24\/expectativas-da-mobilidade-eletrica-para-o-novo-normal\/\"  rel=\"bookmark\" title=\"Expectativas da Mobilidade El\u00e9trica para o novo normal\">Expectativas da Mobilidade El\u00e9trica para o novo normal<\/a><\/h3>                <div class=\"td-editor-date\">\r\n                                        <span class=\"td-author-date\">\r\n                                                <span class=\"td-post-date\"><time class=\"entry-date updated td-module-date\" datetime=\"2020-06-24T10:17:52-03:00\" >24\/06\/2020<\/time><\/span>                    <\/span>\r\n                <\/div>\r\n            <\/div>\r\n\r\n        <\/div>\r\n\r\n        \n\t<\/div> <!-- .\/td-block-span4 --><\/div><!--.\/row-fluid-->\n\n\t<div class=\"td-block-row\">\n\n\t<div class=\"td-block-span4\">\n\r\n        <div class=\"td_module_mx1 td_module_wrap td-animation-stack\">\r\n            <div class=\"td-module-thumb\"><a href=\"https:\/\/www.institutodeengenharia.org.br\/site\/2020\/06\/23\/veiculos-automotores-avaliacoes-e-pericias\/\"  rel=\"bookmark\" class=\"td-image-wrap \" title=\"Ve\u00edculos Automotores: Avalia\u00e7\u00f5es e Per\u00edcias\" ><img loading=\"lazy\" decoding=\"async\" class=\"entry-thumb\" src=\"data:image\/png;base64,iVBORw0KGgoAAAANSUhEUgAAAWQAAADcAQMAAAB9O0nPAAAAA1BMVEWurq51dlI4AAAAAXRSTlMmkutdmwAAACBJREFUaN7twTEBAAAAwiD7p7bDbmAAAAAAAAAAAABAdieIAAGQh2mWAAAAAElFTkSuQmCC\" alt=\"\" title=\"Ve\u00edculos Automotores: Avalia\u00e7\u00f5es e Per\u00edcias\" data-type=\"image_tag\" data-img-url=\"https:\/\/www.institutodeengenharia.org.br\/site\/wp-content\/uploads\/2020\/07\/motor-carro-png-2-356x220.png\"  width=\"356\" height=\"220\" \/><\/a><\/div>\r\n            <div class=\"td-module-meta-info\">\r\n                <h3 class=\"entry-title td-module-title\"><a href=\"https:\/\/www.institutodeengenharia.org.br\/site\/2020\/06\/23\/veiculos-automotores-avaliacoes-e-pericias\/\"  rel=\"bookmark\" title=\"Ve\u00edculos Automotores: Avalia\u00e7\u00f5es e Per\u00edcias\">Ve\u00edculos Automotores: Avalia\u00e7\u00f5es e Per\u00edcias<\/a><\/h3>                <div class=\"td-editor-date\">\r\n                                        <span class=\"td-author-date\">\r\n                                                <span class=\"td-post-date\"><time class=\"entry-date updated td-module-date\" datetime=\"2020-06-23T19:24:45-03:00\" >23\/06\/2020<\/time><\/span>                    <\/span>\r\n                <\/div>\r\n            <\/div>\r\n\r\n        <\/div>\r\n\r\n        \n\t<\/div> <!-- .\/td-block-span4 -->\n\n\t<div class=\"td-block-span4\">\n\r\n        <div class=\"td_module_mx1 td_module_wrap td-animation-stack\">\r\n            <div class=\"td-module-thumb\"><a href=\"https:\/\/www.institutodeengenharia.org.br\/site\/2020\/06\/23\/passado-presente-e-futuro-da-engenharia-2\/\"  rel=\"bookmark\" class=\"td-image-wrap \" title=\"Passado, Presente e Futuro da Engenharia\" ><img loading=\"lazy\" decoding=\"async\" class=\"entry-thumb\" src=\"data:image\/png;base64,iVBORw0KGgoAAAANSUhEUgAAAWQAAADcAQMAAAB9O0nPAAAAA1BMVEWurq51dlI4AAAAAXRSTlMmkutdmwAAACBJREFUaN7twTEBAAAAwiD7p7bDbmAAAAAAAAAAAABAdieIAAGQh2mWAAAAAElFTkSuQmCC\" alt=\"\" title=\"Passado, Presente e Futuro da Engenharia\" data-type=\"image_tag\" data-img-url=\"https:\/\/www.institutodeengenharia.org.br\/site\/wp-content\/uploads\/2020\/02\/fabrizio-verrecchia-Ai7sV3SSMIQ-unsplash-356x220.jpg\"  width=\"356\" height=\"220\" \/><\/a><\/div>\r\n            <div class=\"td-module-meta-info\">\r\n                <h3 class=\"entry-title td-module-title\"><a href=\"https:\/\/www.institutodeengenharia.org.br\/site\/2020\/06\/23\/passado-presente-e-futuro-da-engenharia-2\/\"  rel=\"bookmark\" title=\"Passado, Presente e Futuro da Engenharia\">Passado, Presente e Futuro da Engenharia<\/a><\/h3>                <div class=\"td-editor-date\">\r\n                                        <span class=\"td-author-date\">\r\n                                                <span class=\"td-post-date\"><time class=\"entry-date updated td-module-date\" datetime=\"2020-06-23T11:41:11-03:00\" >23\/06\/2020<\/time><\/span>                    <\/span>\r\n                <\/div>\r\n            <\/div>\r\n\r\n        <\/div>\r\n\r\n        \n\t<\/div> <!-- .\/td-block-span4 -->\n\n\t<div class=\"td-block-span4\">\n\r\n        <div class=\"td_module_mx1 td_module_wrap td-animation-stack\">\r\n            <div class=\"td-module-thumb\"><a href=\"https:\/\/www.institutodeengenharia.org.br\/site\/2020\/06\/22\/novas-tecnologias-de-nanotecnologia-em-epi\/\"  rel=\"bookmark\" class=\"td-image-wrap \" title=\"Novas tecnologias de nanotecnologia em EPI\" ><img loading=\"lazy\" decoding=\"async\" class=\"entry-thumb\" src=\"data:image\/png;base64,iVBORw0KGgoAAAANSUhEUgAAAWQAAADcAQMAAAB9O0nPAAAAA1BMVEWurq51dlI4AAAAAXRSTlMmkutdmwAAACBJREFUaN7twTEBAAAAwiD7p7bDbmAAAAAAAAAAAABAdieIAAGQh2mWAAAAAElFTkSuQmCC\" alt=\"\" title=\"Novas tecnologias de nanotecnologia em EPI\" data-type=\"image_tag\" data-img-url=\"https:\/\/www.institutodeengenharia.org.br\/site\/wp-content\/uploads\/2020\/06\/epis-356x220.jpg\"  width=\"356\" height=\"220\" \/><\/a><\/div>\r\n            <div class=\"td-module-meta-info\">\r\n                <h3 class=\"entry-title td-module-title\"><a href=\"https:\/\/www.institutodeengenharia.org.br\/site\/2020\/06\/22\/novas-tecnologias-de-nanotecnologia-em-epi\/\"  rel=\"bookmark\" title=\"Novas tecnologias de nanotecnologia em EPI\">Novas tecnologias de nanotecnologia em EPI<\/a><\/h3>                <div class=\"td-editor-date\">\r\n                                        <span class=\"td-author-date\">\r\n                                                <span class=\"td-post-date\"><time class=\"entry-date updated td-module-date\" datetime=\"2020-06-22T10:18:36-03:00\" >22\/06\/2020<\/time><\/span>                    <\/span>\r\n                <\/div>\r\n            <\/div>\r\n\r\n        <\/div>\r\n\r\n        \n\t<\/div> <!-- .\/td-block-span4 --><\/div><!--.\/row-fluid-->\n\n\t<div class=\"td-block-row\">\n\n\t<div class=\"td-block-span4\">\n\r\n        <div class=\"td_module_mx1 td_module_wrap td-animation-stack\">\r\n            <div class=\"td-module-thumb\"><a href=\"https:\/\/www.institutodeengenharia.org.br\/site\/2020\/06\/19\/baterias-estacionarias-em-microgeracao-e-renovaveis\/\"  rel=\"bookmark\" class=\"td-image-wrap \" title=\"Baterias Estacion\u00e1rias em microgera\u00e7\u00e3o e renov\u00e1veis\" ><img loading=\"lazy\" decoding=\"async\" class=\"entry-thumb\" src=\"data:image\/png;base64,iVBORw0KGgoAAAANSUhEUgAAAWQAAADcAQMAAAB9O0nPAAAAA1BMVEWurq51dlI4AAAAAXRSTlMmkutdmwAAACBJREFUaN7twTEBAAAAwiD7p7bDbmAAAAAAAAAAAABAdieIAAGQh2mWAAAAAElFTkSuQmCC\" alt=\"\" title=\"Baterias Estacion\u00e1rias em microgera\u00e7\u00e3o e renov\u00e1veis\" data-type=\"image_tag\" data-img-url=\"https:\/\/www.institutodeengenharia.org.br\/site\/wp-content\/uploads\/2020\/06\/baterias-estacion\u00e1rias-356x220.jpg\"  width=\"356\" height=\"220\" \/><\/a><\/div>\r\n            <div class=\"td-module-meta-info\">\r\n                <h3 class=\"entry-title td-module-title\"><a href=\"https:\/\/www.institutodeengenharia.org.br\/site\/2020\/06\/19\/baterias-estacionarias-em-microgeracao-e-renovaveis\/\"  rel=\"bookmark\" title=\"Baterias Estacion\u00e1rias em microgera\u00e7\u00e3o e renov\u00e1veis\">Baterias Estacion\u00e1rias em microgera\u00e7\u00e3o e renov\u00e1veis<\/a><\/h3>                <div class=\"td-editor-date\">\r\n                                        <span class=\"td-author-date\">\r\n                                                <span class=\"td-post-date\"><time class=\"entry-date updated td-module-date\" datetime=\"2020-06-19T10:07:18-03:00\" >19\/06\/2020<\/time><\/span>                    <\/span>\r\n                <\/div>\r\n            <\/div>\r\n\r\n        <\/div>\r\n\r\n        \n\t<\/div> <!-- .\/td-block-span4 -->\n\n\t<div class=\"td-block-span4\">\n\r\n        <div class=\"td_module_mx1 td_module_wrap td-animation-stack\">\r\n            <div class=\"td-module-thumb\"><a href=\"https:\/\/www.institutodeengenharia.org.br\/site\/2020\/06\/17\/cenarios-para-o-escoamento-de-producao-pelos-portos-do-nordeste-do-brasil-desafios-e-aprendizados\/\"  rel=\"bookmark\" class=\"td-image-wrap \" title=\"Cen\u00e1rios para o escoamento de produ\u00e7\u00e3o pelos Portos do Nordeste do Brasil &#8211; Desafios e aprendizados\" ><img loading=\"lazy\" decoding=\"async\" class=\"entry-thumb\" src=\"data:image\/png;base64,iVBORw0KGgoAAAANSUhEUgAAAWQAAADcAQMAAAB9O0nPAAAAA1BMVEWurq51dlI4AAAAAXRSTlMmkutdmwAAACBJREFUaN7twTEBAAAAwiD7p7bDbmAAAAAAAAAAAABAdieIAAGQh2mWAAAAAElFTkSuQmCC\" alt=\"\" title=\"Cen\u00e1rios para o escoamento de produ\u00e7\u00e3o pelos Portos do Nordeste do Brasil &#8211; Desafios e aprendizados\" data-type=\"image_tag\" data-img-url=\"https:\/\/www.institutodeengenharia.org.br\/site\/wp-content\/uploads\/2020\/06\/portoss-356x220.jpg\"  width=\"356\" height=\"220\" \/><\/a><\/div>\r\n            <div class=\"td-module-meta-info\">\r\n                <h3 class=\"entry-title td-module-title\"><a href=\"https:\/\/www.institutodeengenharia.org.br\/site\/2020\/06\/17\/cenarios-para-o-escoamento-de-producao-pelos-portos-do-nordeste-do-brasil-desafios-e-aprendizados\/\"  rel=\"bookmark\" title=\"Cen\u00e1rios para o escoamento de produ\u00e7\u00e3o pelos Portos do Nordeste do Brasil &#8211; Desafios e aprendizados\">Cen\u00e1rios para o escoamento de produ\u00e7\u00e3o pelos Portos do Nordeste do Brasil &#8211; Desafios e aprendizados<\/a><\/h3>                <div class=\"td-editor-date\">\r\n                                        <span class=\"td-author-date\">\r\n                                                <span class=\"td-post-date\"><time class=\"entry-date updated td-module-date\" datetime=\"2020-06-17T10:32:05-03:00\" >17\/06\/2020<\/time><\/span>                    <\/span>\r\n                <\/div>\r\n            <\/div>\r\n\r\n        <\/div>\r\n\r\n        \n\t<\/div> <!-- .\/td-block-span4 -->\n\n\t<div class=\"td-block-span4\">\n\r\n        <div class=\"td_module_mx1 td_module_wrap td-animation-stack\">\r\n            <div class=\"td-module-thumb\"><a href=\"https:\/\/www.institutodeengenharia.org.br\/site\/2020\/06\/16\/ipnoie-norma-de-inspecao-predial-da-abnt\/\"  rel=\"bookmark\" class=\"td-image-wrap \" title=\"#IPnoIE &#8211; Norma de Inspe\u00e7\u00e3o Predial da ABNT\" ><img loading=\"lazy\" decoding=\"async\" class=\"entry-thumb\" src=\"data:image\/png;base64,iVBORw0KGgoAAAANSUhEUgAAAWQAAADcAQMAAAB9O0nPAAAAA1BMVEWurq51dlI4AAAAAXRSTlMmkutdmwAAACBJREFUaN7twTEBAAAAwiD7p7bDbmAAAAAAAAAAAABAdieIAAGQh2mWAAAAAElFTkSuQmCC\" alt=\"\" title=\"#IPnoIE &#8211; Norma de Inspe\u00e7\u00e3o Predial da ABNT\" data-type=\"image_tag\" data-img-url=\"https:\/\/www.institutodeengenharia.org.br\/site\/wp-content\/uploads\/2020\/06\/Laudo-de-Inspec\u0327a\u0303o-Predial-356x220.jpg\"  width=\"356\" height=\"220\" \/><\/a><\/div>\r\n            <div class=\"td-module-meta-info\">\r\n                <h3 class=\"entry-title td-module-title\"><a href=\"https:\/\/www.institutodeengenharia.org.br\/site\/2020\/06\/16\/ipnoie-norma-de-inspecao-predial-da-abnt\/\"  rel=\"bookmark\" title=\"#IPnoIE &#8211; Norma de Inspe\u00e7\u00e3o Predial da ABNT\">#IPnoIE &#8211; Norma de Inspe\u00e7\u00e3o Predial da ABNT<\/a><\/h3>                <div class=\"td-editor-date\">\r\n                                        <span class=\"td-author-date\">\r\n                                                <span class=\"td-post-date\"><time class=\"entry-date updated td-module-date\" datetime=\"2020-06-16T19:03:07-03:00\" >16\/06\/2020<\/time><\/span>                    <\/span>\r\n                <\/div>\r\n            <\/div>\r\n\r\n        <\/div>\r\n\r\n        \n\t<\/div> <!-- .\/td-block-span4 --><\/div><!--.\/row-fluid-->\n\n\t<div class=\"td-block-row\">\n\n\t<div class=\"td-block-span4\">\n\r\n        <div class=\"td_module_mx1 td_module_wrap td-animation-stack\">\r\n            <div class=\"td-module-thumb\"><a href=\"https:\/\/www.institutodeengenharia.org.br\/site\/2020\/06\/15\/corredor-bioceanico-e-as-expectativas-para-a-america-latina\/\"  rel=\"bookmark\" class=\"td-image-wrap \" title=\"Corredor bioce\u00e2nico e as expectativas para a Am\u00e9rica Latina\" ><img loading=\"lazy\" decoding=\"async\" class=\"entry-thumb\" src=\"data:image\/png;base64,iVBORw0KGgoAAAANSUhEUgAAAWQAAADcAQMAAAB9O0nPAAAAA1BMVEWurq51dlI4AAAAAXRSTlMmkutdmwAAACBJREFUaN7twTEBAAAAwiD7p7bDbmAAAAAAAAAAAABAdieIAAGQh2mWAAAAAElFTkSuQmCC\" alt=\"\" title=\"Corredor bioce\u00e2nico e as expectativas para a Am\u00e9rica Latina\" data-type=\"image_tag\" data-img-url=\"https:\/\/www.institutodeengenharia.org.br\/site\/wp-content\/uploads\/2020\/06\/corredor-bio-356x220.jpg\"  width=\"356\" height=\"220\" \/><\/a><\/div>\r\n            <div class=\"td-module-meta-info\">\r\n                <h3 class=\"entry-title td-module-title\"><a href=\"https:\/\/www.institutodeengenharia.org.br\/site\/2020\/06\/15\/corredor-bioceanico-e-as-expectativas-para-a-america-latina\/\"  rel=\"bookmark\" title=\"Corredor bioce\u00e2nico e as expectativas para a Am\u00e9rica Latina\">Corredor bioce\u00e2nico e as expectativas para a Am\u00e9rica Latina<\/a><\/h3>                <div class=\"td-editor-date\">\r\n                                        <span class=\"td-author-date\">\r\n                                                <span class=\"td-post-date\"><time class=\"entry-date updated td-module-date\" datetime=\"2020-06-15T10:21:10-03:00\" >15\/06\/2020<\/time><\/span>                    <\/span>\r\n                <\/div>\r\n            <\/div>\r\n\r\n        <\/div>\r\n\r\n        \n\t<\/div> <!-- .\/td-block-span4 -->\n\n\t<div class=\"td-block-span4\">\n\r\n        <div class=\"td_module_mx1 td_module_wrap td-animation-stack\">\r\n            <div class=\"td-module-thumb\"><a href=\"https:\/\/www.institutodeengenharia.org.br\/site\/2020\/06\/12\/impressao-da-retomada-da-macroeconomia-e-a-politica-de-desenvolvimento-do-brasil\/\"  rel=\"bookmark\" class=\"td-image-wrap \" title=\"Impress\u00e3o da retomada da (macro)Economia e a Pol\u00edtica de Desenvolvimento do Brasil\" ><img loading=\"lazy\" decoding=\"async\" class=\"entry-thumb\" src=\"data:image\/png;base64,iVBORw0KGgoAAAANSUhEUgAAAWQAAADcAQMAAAB9O0nPAAAAA1BMVEWurq51dlI4AAAAAXRSTlMmkutdmwAAACBJREFUaN7twTEBAAAAwiD7p7bDbmAAAAAAAAAAAABAdieIAAGQh2mWAAAAAElFTkSuQmCC\" alt=\"\" title=\"Impress\u00e3o da retomada da (macro)Economia e a Pol\u00edtica de Desenvolvimento do Brasil\" data-type=\"image_tag\" data-img-url=\"https:\/\/www.institutodeengenharia.org.br\/site\/wp-content\/uploads\/2020\/06\/economia-no-brasil-356x220.jpg\"  width=\"356\" height=\"220\" \/><\/a><\/div>\r\n            <div class=\"td-module-meta-info\">\r\n                <h3 class=\"entry-title td-module-title\"><a href=\"https:\/\/www.institutodeengenharia.org.br\/site\/2020\/06\/12\/impressao-da-retomada-da-macroeconomia-e-a-politica-de-desenvolvimento-do-brasil\/\"  rel=\"bookmark\" title=\"Impress\u00e3o da retomada da (macro)Economia e a Pol\u00edtica de Desenvolvimento do Brasil\">Impress\u00e3o da retomada da (macro)Economia e a Pol\u00edtica de Desenvolvimento do Brasil<\/a><\/h3>                <div class=\"td-editor-date\">\r\n                                        <span class=\"td-author-date\">\r\n                                                <span class=\"td-post-date\"><time class=\"entry-date updated td-module-date\" datetime=\"2020-06-12T10:00:31-03:00\" >12\/06\/2020<\/time><\/span>                    <\/span>\r\n                <\/div>\r\n            <\/div>\r\n\r\n        <\/div>\r\n\r\n        \n\t<\/div> <!-- .\/td-block-span4 -->\n\n\t<div class=\"td-block-span4\">\n\r\n        <div class=\"td_module_mx1 td_module_wrap td-animation-stack\">\r\n            <div class=\"td-module-thumb\"><a href=\"https:\/\/www.institutodeengenharia.org.br\/site\/2020\/06\/10\/curso-de-ingles-para-viagens\/\"  rel=\"bookmark\" class=\"td-image-wrap \" title=\"Curso de ingl\u00eas para viagens\" ><img loading=\"lazy\" decoding=\"async\" class=\"entry-thumb\" src=\"data:image\/png;base64,iVBORw0KGgoAAAANSUhEUgAAAWQAAADcAQMAAAB9O0nPAAAAA1BMVEWurq51dlI4AAAAAXRSTlMmkutdmwAAACBJREFUaN7twTEBAAAAwiD7p7bDbmAAAAAAAAAAAABAdieIAAGQh2mWAAAAAElFTkSuQmCC\" alt=\"\" title=\"Curso de ingl\u00eas para viagens\" data-type=\"image_tag\" data-img-url=\"https:\/\/www.institutodeengenharia.org.br\/site\/wp-content\/uploads\/2020\/05\/viajar-356x220.jpg\"  width=\"356\" height=\"220\" \/><\/a><\/div>\r\n            <div class=\"td-module-meta-info\">\r\n                <h3 class=\"entry-title td-module-title\"><a href=\"https:\/\/www.institutodeengenharia.org.br\/site\/2020\/06\/10\/curso-de-ingles-para-viagens\/\"  rel=\"bookmark\" title=\"Curso de ingl\u00eas para viagens\">Curso de ingl\u00eas para viagens<\/a><\/h3>                <div class=\"td-editor-date\">\r\n                                        <span class=\"td-author-date\">\r\n                                                <span class=\"td-post-date\"><time class=\"entry-date updated td-module-date\" datetime=\"2020-06-10T19:00:03-03:00\" >10\/06\/2020<\/time><\/span>                    <\/span>\r\n                <\/div>\r\n            <\/div>\r\n\r\n        <\/div>\r\n\r\n        \n\t<\/div> <!-- .\/td-block-span4 --><\/div><!--.\/row-fluid-->\n\n\t<div class=\"td-block-row\">\n\n\t<div class=\"td-block-span4\">\n\r\n        <div class=\"td_module_mx1 td_module_wrap td-animation-stack\">\r\n            <div class=\"td-module-thumb\"><a href=\"https:\/\/www.institutodeengenharia.org.br\/site\/2020\/06\/10\/riscos-e-cenario-economico-do-brasil\/\"  rel=\"bookmark\" class=\"td-image-wrap \" title=\"Riscos e cen\u00e1rio Econ\u00f4mico do Brasil\" ><img loading=\"lazy\" decoding=\"async\" class=\"entry-thumb\" src=\"data:image\/png;base64,iVBORw0KGgoAAAANSUhEUgAAAWQAAADcAQMAAAB9O0nPAAAAA1BMVEWurq51dlI4AAAAAXRSTlMmkutdmwAAACBJREFUaN7twTEBAAAAwiD7p7bDbmAAAAAAAAAAAABAdieIAAGQh2mWAAAAAElFTkSuQmCC\" alt=\"\" title=\"Riscos e cen\u00e1rio Econ\u00f4mico do Brasil\" data-type=\"image_tag\" data-img-url=\"https:\/\/www.institutodeengenharia.org.br\/site\/wp-content\/uploads\/2020\/06\/economia-real-bandeira-do-brasil-bandeira-pib-inflacao-investimentos-moedas-1512135300069_v2_1920x1280-356x220.jpg\"  width=\"356\" height=\"220\" \/><\/a><\/div>\r\n            <div class=\"td-module-meta-info\">\r\n                <h3 class=\"entry-title td-module-title\"><a href=\"https:\/\/www.institutodeengenharia.org.br\/site\/2020\/06\/10\/riscos-e-cenario-economico-do-brasil\/\"  rel=\"bookmark\" title=\"Riscos e cen\u00e1rio Econ\u00f4mico do Brasil\">Riscos e cen\u00e1rio Econ\u00f4mico do Brasil<\/a><\/h3>                <div class=\"td-editor-date\">\r\n                                        <span class=\"td-author-date\">\r\n                                                <span class=\"td-post-date\"><time class=\"entry-date updated td-module-date\" datetime=\"2020-06-10T17:55:22-03:00\" >10\/06\/2020<\/time><\/span>                    <\/span>\r\n                <\/div>\r\n            <\/div>\r\n\r\n        <\/div>\r\n\r\n        \n\t<\/div> <!-- .\/td-block-span4 -->\n\n\t<div class=\"td-block-span4\">\n\r\n        <div class=\"td_module_mx1 td_module_wrap td-animation-stack\">\r\n            <div class=\"td-module-thumb\"><a href=\"https:\/\/www.institutodeengenharia.org.br\/site\/2020\/06\/10\/agronegocio-no-mundo-oportunidades-pos-crise-covid-19\/\"  rel=\"bookmark\" class=\"td-image-wrap \" title=\"Agroneg\u00f3cio no Mundo &#8211; Oportunidades p\u00f3s-crise Covid-19\" ><img loading=\"lazy\" decoding=\"async\" class=\"entry-thumb\" src=\"data:image\/png;base64,iVBORw0KGgoAAAANSUhEUgAAAWQAAADcAQMAAAB9O0nPAAAAA1BMVEWurq51dlI4AAAAAXRSTlMmkutdmwAAACBJREFUaN7twTEBAAAAwiD7p7bDbmAAAAAAAAAAAABAdieIAAGQh2mWAAAAAElFTkSuQmCC\" alt=\"\" title=\"Agroneg\u00f3cio no Mundo &#8211; Oportunidades p\u00f3s-crise Covid-19\" data-type=\"image_tag\" data-img-url=\"https:\/\/www.institutodeengenharia.org.br\/site\/wp-content\/uploads\/2020\/06\/agronegocio-356x220.jpg\"  width=\"356\" height=\"220\" \/><\/a><\/div>\r\n            <div class=\"td-module-meta-info\">\r\n                <h3 class=\"entry-title td-module-title\"><a href=\"https:\/\/www.institutodeengenharia.org.br\/site\/2020\/06\/10\/agronegocio-no-mundo-oportunidades-pos-crise-covid-19\/\"  rel=\"bookmark\" title=\"Agroneg\u00f3cio no Mundo &#8211; Oportunidades p\u00f3s-crise Covid-19\">Agroneg\u00f3cio no Mundo &#8211; Oportunidades p\u00f3s-crise Covid-19<\/a><\/h3>                <div class=\"td-editor-date\">\r\n                                        <span class=\"td-author-date\">\r\n                                                <span class=\"td-post-date\"><time class=\"entry-date updated td-module-date\" datetime=\"2020-06-10T15:40:59-03:00\" >10\/06\/2020<\/time><\/span>                    <\/span>\r\n                <\/div>\r\n            <\/div>\r\n\r\n        <\/div>\r\n\r\n        \n\t<\/div> <!-- .\/td-block-span4 -->\n\n\t<div class=\"td-block-span4\">\n\r\n        <div class=\"td_module_mx1 td_module_wrap td-animation-stack\">\r\n            <div class=\"td-module-thumb\"><a href=\"https:\/\/www.institutodeengenharia.org.br\/site\/2020\/06\/10\/infraestrutura-ferroviaria-desafios-e-oportunidades-pos-crise\/\"  rel=\"bookmark\" class=\"td-image-wrap \" title=\"Infraestrutura Ferrovi\u00e1ria &#8211; Desafios e Oportunidades p\u00f3s-crise\" ><img loading=\"lazy\" decoding=\"async\" class=\"entry-thumb\" src=\"data:image\/png;base64,iVBORw0KGgoAAAANSUhEUgAAAWQAAADcAQMAAAB9O0nPAAAAA1BMVEWurq51dlI4AAAAAXRSTlMmkutdmwAAACBJREFUaN7twTEBAAAAwiD7p7bDbmAAAAAAAAAAAABAdieIAAGQh2mWAAAAAElFTkSuQmCC\" alt=\"\" title=\"Infraestrutura Ferrovi\u00e1ria &#8211; Desafios e Oportunidades p\u00f3s-crise\" data-type=\"image_tag\" data-img-url=\"https:\/\/www.institutodeengenharia.org.br\/site\/wp-content\/uploads\/2020\/06\/infra-ferrovi\u00e1ria-356x220.jpg\"  width=\"356\" height=\"220\" \/><\/a><\/div>\r\n            <div class=\"td-module-meta-info\">\r\n                <h3 class=\"entry-title td-module-title\"><a href=\"https:\/\/www.institutodeengenharia.org.br\/site\/2020\/06\/10\/infraestrutura-ferroviaria-desafios-e-oportunidades-pos-crise\/\"  rel=\"bookmark\" title=\"Infraestrutura Ferrovi\u00e1ria &#8211; Desafios e Oportunidades p\u00f3s-crise\">Infraestrutura Ferrovi\u00e1ria &#8211; Desafios e Oportunidades p\u00f3s-crise<\/a><\/h3>                <div class=\"td-editor-date\">\r\n                                        <span class=\"td-author-date\">\r\n                                                <span class=\"td-post-date\"><time class=\"entry-date updated td-module-date\" datetime=\"2020-06-10T10:01:37-03:00\" >10\/06\/2020<\/time><\/span>                    <\/span>\r\n                <\/div>\r\n            <\/div>\r\n\r\n        <\/div>\r\n\r\n        \n\t<\/div> <!-- .\/td-block-span4 --><\/div><!--.\/row-fluid-->\n\n\t<div class=\"td-block-row\">\n\n\t<div class=\"td-block-span4\">\n\r\n        <div class=\"td_module_mx1 td_module_wrap td-animation-stack\">\r\n            <div class=\"td-module-thumb\"><a href=\"https:\/\/www.institutodeengenharia.org.br\/site\/2020\/06\/09\/mulherengenharia-como-a-participacao-feminina-transforma\/\"  rel=\"bookmark\" class=\"td-image-wrap \" title=\"Mulher+Engenharia: Como a participa\u00e7\u00e3o feminina transforma\" ><img loading=\"lazy\" decoding=\"async\" class=\"entry-thumb\" src=\"data:image\/png;base64,iVBORw0KGgoAAAANSUhEUgAAAWQAAADcAQMAAAB9O0nPAAAAA1BMVEWurq51dlI4AAAAAXRSTlMmkutdmwAAACBJREFUaN7twTEBAAAAwiD7p7bDbmAAAAAAAAAAAABAdieIAAGQh2mWAAAAAElFTkSuQmCC\" alt=\"\" title=\"Mulher+Engenharia: Como a participa\u00e7\u00e3o feminina transforma\" data-type=\"image_tag\" data-img-url=\"https:\/\/www.institutodeengenharia.org.br\/site\/wp-content\/uploads\/2020\/06\/eng-356x220.jpg\"  width=\"356\" height=\"220\" \/><\/a><\/div>\r\n            <div class=\"td-module-meta-info\">\r\n                <h3 class=\"entry-title td-module-title\"><a href=\"https:\/\/www.institutodeengenharia.org.br\/site\/2020\/06\/09\/mulherengenharia-como-a-participacao-feminina-transforma\/\"  rel=\"bookmark\" title=\"Mulher+Engenharia: Como a participa\u00e7\u00e3o feminina transforma\">Mulher+Engenharia: Como a participa\u00e7\u00e3o feminina transforma<\/a><\/h3>                <div class=\"td-editor-date\">\r\n                                        <span class=\"td-author-date\">\r\n                                                <span class=\"td-post-date\"><time class=\"entry-date updated td-module-date\" datetime=\"2020-06-09T17:50:13-03:00\" >09\/06\/2020<\/time><\/span>                    <\/span>\r\n                <\/div>\r\n            <\/div>\r\n\r\n        <\/div>\r\n\r\n        \n\t<\/div> <!-- .\/td-block-span4 -->\n\n\t<div class=\"td-block-span4\">\n\r\n        <div class=\"td_module_mx1 td_module_wrap td-animation-stack\">\r\n            <div class=\"td-module-thumb\"><a href=\"https:\/\/www.institutodeengenharia.org.br\/site\/2020\/06\/08\/oportunidades-da-digitalizacao-no-brasil-pos-crise\/\"  rel=\"bookmark\" class=\"td-image-wrap \" title=\"Oportunidades da Digitaliza\u00e7\u00e3o no Brasil p\u00f3s-crise\" ><img loading=\"lazy\" decoding=\"async\" class=\"entry-thumb\" src=\"data:image\/png;base64,iVBORw0KGgoAAAANSUhEUgAAAWQAAADcAQMAAAB9O0nPAAAAA1BMVEWurq51dlI4AAAAAXRSTlMmkutdmwAAACBJREFUaN7twTEBAAAAwiD7p7bDbmAAAAAAAAAAAABAdieIAAGQh2mWAAAAAElFTkSuQmCC\" alt=\"\" title=\"Oportunidades da Digitaliza\u00e7\u00e3o no Brasil p\u00f3s-crise\" data-type=\"image_tag\" data-img-url=\"https:\/\/www.institutodeengenharia.org.br\/site\/wp-content\/uploads\/2020\/06\/digitalizar-356x220.jpg\"  width=\"356\" height=\"220\" \/><\/a><\/div>\r\n            <div class=\"td-module-meta-info\">\r\n                <h3 class=\"entry-title td-module-title\"><a href=\"https:\/\/www.institutodeengenharia.org.br\/site\/2020\/06\/08\/oportunidades-da-digitalizacao-no-brasil-pos-crise\/\"  rel=\"bookmark\" title=\"Oportunidades da Digitaliza\u00e7\u00e3o no Brasil p\u00f3s-crise\">Oportunidades da Digitaliza\u00e7\u00e3o no Brasil p\u00f3s-crise<\/a><\/h3>                <div class=\"td-editor-date\">\r\n                                        <span class=\"td-author-date\">\r\n                                                <span class=\"td-post-date\"><time class=\"entry-date updated td-module-date\" datetime=\"2020-06-08T15:02:39-03:00\" >08\/06\/2020<\/time><\/span>                    <\/span>\r\n                <\/div>\r\n            <\/div>\r\n\r\n        <\/div>\r\n\r\n        \n\t<\/div> <!-- .\/td-block-span4 -->\n\n\t<div class=\"td-block-span4\">\n\r\n        <div class=\"td_module_mx1 td_module_wrap td-animation-stack\">\r\n            <div class=\"td-module-thumb\"><a href=\"https:\/\/www.institutodeengenharia.org.br\/site\/2020\/06\/08\/seguranca-dos-alimentos-com-uso-de-radiacao-ionizante\/\"  rel=\"bookmark\" class=\"td-image-wrap \" title=\"Seguran\u00e7a dos Alimentos com uso de Radia\u00e7\u00e3o Ionizante\" ><img loading=\"lazy\" decoding=\"async\" class=\"entry-thumb\" src=\"data:image\/png;base64,iVBORw0KGgoAAAANSUhEUgAAAWQAAADcAQMAAAB9O0nPAAAAA1BMVEWurq51dlI4AAAAAXRSTlMmkutdmwAAACBJREFUaN7twTEBAAAAwiD7p7bDbmAAAAAAAAAAAABAdieIAAGQh2mWAAAAAElFTkSuQmCC\" alt=\"\" title=\"Seguran\u00e7a dos Alimentos com uso de Radia\u00e7\u00e3o Ionizante\" data-type=\"image_tag\" data-img-url=\"https:\/\/www.institutodeengenharia.org.br\/site\/wp-content\/uploads\/2020\/06\/seguran\u00e7a-dos-alimentos-356x220.jpg\"  width=\"356\" height=\"220\" \/><\/a><\/div>\r\n            <div class=\"td-module-meta-info\">\r\n                <h3 class=\"entry-title td-module-title\"><a href=\"https:\/\/www.institutodeengenharia.org.br\/site\/2020\/06\/08\/seguranca-dos-alimentos-com-uso-de-radiacao-ionizante\/\"  rel=\"bookmark\" title=\"Seguran\u00e7a dos Alimentos com uso de Radia\u00e7\u00e3o Ionizante\">Seguran\u00e7a dos Alimentos com uso de Radia\u00e7\u00e3o Ionizante<\/a><\/h3>                <div class=\"td-editor-date\">\r\n                                        <span class=\"td-author-date\">\r\n                                                <span class=\"td-post-date\"><time class=\"entry-date updated td-module-date\" datetime=\"2020-06-08T10:16:59-03:00\" >08\/06\/2020<\/time><\/span>                    <\/span>\r\n                <\/div>\r\n            <\/div>\r\n\r\n        <\/div>\r\n\r\n        \n\t<\/div> <!-- .\/td-block-span4 --><\/div><!--.\/row-fluid-->\n\n\t<div class=\"td-block-row\">\n\n\t<div class=\"td-block-span4\">\n\r\n        <div class=\"td_module_mx1 td_module_wrap td-animation-stack\">\r\n            <div class=\"td-module-thumb\"><a href=\"https:\/\/www.institutodeengenharia.org.br\/site\/2020\/06\/03\/tecnologias-o-que-se-esperar-depois-do-5g\/\"  rel=\"bookmark\" class=\"td-image-wrap \" title=\"Tecnologias &#8211; O que se esperar depois do 5G\" ><img loading=\"lazy\" decoding=\"async\" class=\"entry-thumb\" src=\"data:image\/png;base64,iVBORw0KGgoAAAANSUhEUgAAAWQAAADcAQMAAAB9O0nPAAAAA1BMVEWurq51dlI4AAAAAXRSTlMmkutdmwAAACBJREFUaN7twTEBAAAAwiD7p7bDbmAAAAAAAAAAAABAdieIAAGQh2mWAAAAAElFTkSuQmCC\" alt=\"\" title=\"Tecnologias &#8211; O que se esperar depois do 5G\" data-type=\"image_tag\" data-img-url=\"https:\/\/www.institutodeengenharia.org.br\/site\/wp-content\/uploads\/2020\/06\/5g_-356x220.jpg\"  width=\"356\" height=\"220\" \/><\/a><\/div>\r\n            <div class=\"td-module-meta-info\">\r\n                <h3 class=\"entry-title td-module-title\"><a href=\"https:\/\/www.institutodeengenharia.org.br\/site\/2020\/06\/03\/tecnologias-o-que-se-esperar-depois-do-5g\/\"  rel=\"bookmark\" title=\"Tecnologias &#8211; O que se esperar depois do 5G\">Tecnologias &#8211; O que se esperar depois do 5G<\/a><\/h3>                <div class=\"td-editor-date\">\r\n                                        <span class=\"td-author-date\">\r\n                                                <span class=\"td-post-date\"><time class=\"entry-date updated td-module-date\" datetime=\"2020-06-03T10:11:50-03:00\" >03\/06\/2020<\/time><\/span>                    <\/span>\r\n                <\/div>\r\n            <\/div>\r\n\r\n        <\/div>\r\n\r\n        \n\t<\/div> <!-- .\/td-block-span4 -->\n\n\t<div class=\"td-block-span4\">\n\r\n        <div class=\"td_module_mx1 td_module_wrap td-animation-stack\">\r\n            <div class=\"td-module-thumb\"><a href=\"https:\/\/www.institutodeengenharia.org.br\/site\/2020\/06\/02\/visao-geral-sobre-projetos-de-edificios-altos\/\"  rel=\"bookmark\" class=\"td-image-wrap \" title=\"Vis\u00e3o geral sobre projetos de edif\u00edcios altos\" ><img loading=\"lazy\" decoding=\"async\" class=\"entry-thumb\" src=\"data:image\/png;base64,iVBORw0KGgoAAAANSUhEUgAAAWQAAADcAQMAAAB9O0nPAAAAA1BMVEWurq51dlI4AAAAAXRSTlMmkutdmwAAACBJREFUaN7twTEBAAAAwiD7p7bDbmAAAAAAAAAAAABAdieIAAGQh2mWAAAAAElFTkSuQmCC\" alt=\"\" title=\"Vis\u00e3o geral sobre projetos de edif\u00edcios altos\" data-type=\"image_tag\" data-img-url=\"https:\/\/www.institutodeengenharia.org.br\/site\/wp-content\/uploads\/2020\/05\/Ping-An-Financial-Centre-356x220.jpg\"  width=\"356\" height=\"220\" \/><\/a><\/div>\r\n            <div class=\"td-module-meta-info\">\r\n                <h3 class=\"entry-title td-module-title\"><a href=\"https:\/\/www.institutodeengenharia.org.br\/site\/2020\/06\/02\/visao-geral-sobre-projetos-de-edificios-altos\/\"  rel=\"bookmark\" title=\"Vis\u00e3o geral sobre projetos de edif\u00edcios altos\">Vis\u00e3o geral sobre projetos de edif\u00edcios altos<\/a><\/h3>                <div class=\"td-editor-date\">\r\n                                        <span class=\"td-author-date\">\r\n                                                <span class=\"td-post-date\"><time class=\"entry-date updated td-module-date\" datetime=\"2020-06-02T20:46:05-03:00\" >02\/06\/2020<\/time><\/span>                    <\/span>\r\n                <\/div>\r\n            <\/div>\r\n\r\n        <\/div>\r\n\r\n        \n\t<\/div> <!-- .\/td-block-span4 -->\n\n\t<div class=\"td-block-span4\">\n\r\n        <div class=\"td_module_mx1 td_module_wrap td-animation-stack\">\r\n            <div class=\"td-module-thumb\"><a href=\"https:\/\/www.institutodeengenharia.org.br\/site\/2020\/06\/01\/compliance-na-industria-de-alimentos-no-brasil-pos-crise\/\"  rel=\"bookmark\" class=\"td-image-wrap \" title=\"Compliance na Ind\u00fastria de Alimentos no Brasil p\u00f3s-crise\" ><img loading=\"lazy\" decoding=\"async\" class=\"entry-thumb\" src=\"data:image\/png;base64,iVBORw0KGgoAAAANSUhEUgAAAWQAAADcAQMAAAB9O0nPAAAAA1BMVEWurq51dlI4AAAAAXRSTlMmkutdmwAAACBJREFUaN7twTEBAAAAwiD7p7bDbmAAAAAAAAAAAABAdieIAAGQh2mWAAAAAElFTkSuQmCC\" alt=\"\" title=\"Compliance na Ind\u00fastria de Alimentos no Brasil p\u00f3s-crise\" data-type=\"image_tag\" data-img-url=\"https:\/\/www.institutodeengenharia.org.br\/site\/wp-content\/uploads\/2020\/06\/ind.-alimento-356x220.jpg\"  width=\"356\" height=\"220\" \/><\/a><\/div>\r\n            <div class=\"td-module-meta-info\">\r\n                <h3 class=\"entry-title td-module-title\"><a href=\"https:\/\/www.institutodeengenharia.org.br\/site\/2020\/06\/01\/compliance-na-industria-de-alimentos-no-brasil-pos-crise\/\"  rel=\"bookmark\" title=\"Compliance na Ind\u00fastria de Alimentos no Brasil p\u00f3s-crise\">Compliance na Ind\u00fastria de Alimentos no Brasil p\u00f3s-crise<\/a><\/h3>                <div class=\"td-editor-date\">\r\n                                        <span class=\"td-author-date\">\r\n                                                <span class=\"td-post-date\"><time class=\"entry-date updated td-module-date\" datetime=\"2020-06-01T15:26:18-03:00\" >01\/06\/2020<\/time><\/span>                    <\/span>\r\n                <\/div>\r\n            <\/div>\r\n\r\n        <\/div>\r\n\r\n        \n\t<\/div> <!-- .\/td-block-span4 --><\/div><!--.\/row-fluid-->\n\n\t<div class=\"td-block-row\">\n\n\t<div class=\"td-block-span4\">\n\r\n        <div class=\"td_module_mx1 td_module_wrap td-animation-stack\">\r\n            <div class=\"td-module-thumb\"><a href=\"https:\/\/www.institutodeengenharia.org.br\/site\/2020\/06\/01\/society-5-0-novos-desafios-pos-crise\/\"  rel=\"bookmark\" class=\"td-image-wrap \" title=\"Society 5.0 : Novos desafios p\u00f3s-crise\" ><img loading=\"lazy\" decoding=\"async\" class=\"entry-thumb\" src=\"data:image\/png;base64,iVBORw0KGgoAAAANSUhEUgAAAWQAAADcAQMAAAB9O0nPAAAAA1BMVEWurq51dlI4AAAAAXRSTlMmkutdmwAAACBJREFUaN7twTEBAAAAwiD7p7bDbmAAAAAAAAAAAABAdieIAAGQh2mWAAAAAElFTkSuQmCC\" alt=\"\" title=\"Society 5.0 : Novos desafios p\u00f3s-crise\" data-type=\"image_tag\" data-img-url=\"https:\/\/www.institutodeengenharia.org.br\/site\/wp-content\/uploads\/2020\/06\/society-5.0-356x220.jpg\"  width=\"356\" height=\"220\" \/><\/a><\/div>\r\n            <div class=\"td-module-meta-info\">\r\n                <h3 class=\"entry-title td-module-title\"><a href=\"https:\/\/www.institutodeengenharia.org.br\/site\/2020\/06\/01\/society-5-0-novos-desafios-pos-crise\/\"  rel=\"bookmark\" title=\"Society 5.0 : Novos desafios p\u00f3s-crise\">Society 5.0 : Novos desafios p\u00f3s-crise<\/a><\/h3>                <div class=\"td-editor-date\">\r\n                                        <span class=\"td-author-date\">\r\n                                                <span class=\"td-post-date\"><time class=\"entry-date updated td-module-date\" datetime=\"2020-06-01T10:16:49-03:00\" >01\/06\/2020<\/time><\/span>                    <\/span>\r\n                <\/div>\r\n            <\/div>\r\n\r\n        <\/div>\r\n\r\n        \n\t<\/div> <!-- .\/td-block-span4 -->\n\n\t<div class=\"td-block-span4\">\n\r\n        <div class=\"td_module_mx1 td_module_wrap td-animation-stack\">\r\n            <div class=\"td-module-thumb\"><a href=\"https:\/\/www.institutodeengenharia.org.br\/site\/2020\/05\/29\/producao-por-reator-de-plasma-de-h2-e-grafeno-aplicacoes-h2-na-geracao-de-energia-limpa\/\"  rel=\"bookmark\" class=\"td-image-wrap \" title=\"Produ\u00e7\u00e3o por Reator de Plasma de H2 e Grafeno \u2013 Aplica\u00e7\u00f5es H2 na gera\u00e7\u00e3o de Energia limpa\" ><img loading=\"lazy\" decoding=\"async\" class=\"entry-thumb\" src=\"data:image\/png;base64,iVBORw0KGgoAAAANSUhEUgAAAWQAAADcAQMAAAB9O0nPAAAAA1BMVEWurq51dlI4AAAAAXRSTlMmkutdmwAAACBJREFUaN7twTEBAAAAwiD7p7bDbmAAAAAAAAAAAABAdieIAAGQh2mWAAAAAElFTkSuQmCC\" alt=\"\" title=\"Produ\u00e7\u00e3o por Reator de Plasma de H2 e Grafeno \u2013 Aplica\u00e7\u00f5es H2 na gera\u00e7\u00e3o de Energia limpa\" data-type=\"image_tag\" data-img-url=\"https:\/\/www.institutodeengenharia.org.br\/site\/wp-content\/uploads\/2020\/06\/energia-limpa-356x220.jpg\"  width=\"356\" height=\"220\" \/><\/a><\/div>\r\n            <div class=\"td-module-meta-info\">\r\n                <h3 class=\"entry-title td-module-title\"><a href=\"https:\/\/www.institutodeengenharia.org.br\/site\/2020\/05\/29\/producao-por-reator-de-plasma-de-h2-e-grafeno-aplicacoes-h2-na-geracao-de-energia-limpa\/\"  rel=\"bookmark\" title=\"Produ\u00e7\u00e3o por Reator de Plasma de H2 e Grafeno \u2013 Aplica\u00e7\u00f5es H2 na gera\u00e7\u00e3o de Energia limpa\">Produ\u00e7\u00e3o por Reator de Plasma de H2 e Grafeno \u2013 Aplica\u00e7\u00f5es H2 na gera\u00e7\u00e3o de Energia limpa<\/a><\/h3>                <div class=\"td-editor-date\">\r\n                                        <span class=\"td-author-date\">\r\n                                                <span class=\"td-post-date\"><time class=\"entry-date updated td-module-date\" datetime=\"2020-05-29T10:09:54-03:00\" >29\/05\/2020<\/time><\/span>                    <\/span>\r\n                <\/div>\r\n            <\/div>\r\n\r\n        <\/div>\r\n\r\n        \n\t<\/div> <!-- .\/td-block-span4 -->\n\n\t<div class=\"td-block-span4\">\n\r\n        <div class=\"td_module_mx1 td_module_wrap td-animation-stack\">\r\n            <div class=\"td-module-thumb\"><a href=\"https:\/\/www.institutodeengenharia.org.br\/site\/2020\/05\/28\/a-caminhabilidade-dos-pedestres-calcadas-seguras-e-confortaveis-existem\/\"  rel=\"bookmark\" class=\"td-image-wrap \" title=\"A caminhabilidade dos pedestres: Cal\u00e7adas seguras e confort\u00e1veis existem?\" ><img loading=\"lazy\" decoding=\"async\" class=\"entry-thumb\" src=\"data:image\/png;base64,iVBORw0KGgoAAAANSUhEUgAAAWQAAADcAQMAAAB9O0nPAAAAA1BMVEWurq51dlI4AAAAAXRSTlMmkutdmwAAACBJREFUaN7twTEBAAAAwiD7p7bDbmAAAAAAAAAAAABAdieIAAGQh2mWAAAAAElFTkSuQmCC\" alt=\"\" title=\"A caminhabilidade dos pedestres: Cal\u00e7adas seguras e confort\u00e1veis existem?\" data-type=\"image_tag\" data-img-url=\"https:\/\/www.institutodeengenharia.org.br\/site\/wp-content\/uploads\/2020\/05\/post-pedestre-transito-356x220.jpg\"  width=\"356\" height=\"220\" \/><\/a><\/div>\r\n            <div class=\"td-module-meta-info\">\r\n                <h3 class=\"entry-title td-module-title\"><a href=\"https:\/\/www.institutodeengenharia.org.br\/site\/2020\/05\/28\/a-caminhabilidade-dos-pedestres-calcadas-seguras-e-confortaveis-existem\/\"  rel=\"bookmark\" title=\"A caminhabilidade dos pedestres: Cal\u00e7adas seguras e confort\u00e1veis existem?\">A caminhabilidade dos pedestres: Cal\u00e7adas seguras e confort\u00e1veis existem?<\/a><\/h3>                <div class=\"td-editor-date\">\r\n                                        <span class=\"td-author-date\">\r\n                                                <span class=\"td-post-date\"><time class=\"entry-date updated td-module-date\" datetime=\"2020-05-28T16:38:46-03:00\" >28\/05\/2020<\/time><\/span>                    <\/span>\r\n                <\/div>\r\n            <\/div>\r\n\r\n        <\/div>\r\n\r\n        \n\t<\/div> <!-- .\/td-block-span4 --><\/div><!--.\/row-fluid-->\n\n\t<div class=\"td-block-row\">\n\n\t<div class=\"td-block-span4\">\n\r\n        <div class=\"td_module_mx1 td_module_wrap td-animation-stack\">\r\n            <div class=\"td-module-thumb\"><a href=\"https:\/\/www.institutodeengenharia.org.br\/site\/2020\/05\/27\/manifestacoes-patologicas-em-revestimentos-de-fachadas\/\"  rel=\"bookmark\" class=\"td-image-wrap \" title=\"Manifesta\u00e7\u00f5es patol\u00f3gicas em revestimentos de fachadas\" ><img loading=\"lazy\" decoding=\"async\" class=\"entry-thumb\" src=\"data:image\/png;base64,iVBORw0KGgoAAAANSUhEUgAAAWQAAADcAQMAAAB9O0nPAAAAA1BMVEWurq51dlI4AAAAAXRSTlMmkutdmwAAACBJREFUaN7twTEBAAAAwiD7p7bDbmAAAAAAAAAAAABAdieIAAGQh2mWAAAAAElFTkSuQmCC\" alt=\"\" title=\"Manifesta\u00e7\u00f5es patol\u00f3gicas em revestimentos de fachadas\" data-type=\"image_tag\" data-img-url=\"https:\/\/www.institutodeengenharia.org.br\/site\/wp-content\/uploads\/2020\/05\/problemas-com-fissuras-em-paredes-e-pisos-de-concreto-356x220.jpg\"  width=\"356\" height=\"220\" \/><\/a><\/div>\r\n            <div class=\"td-module-meta-info\">\r\n                <h3 class=\"entry-title td-module-title\"><a href=\"https:\/\/www.institutodeengenharia.org.br\/site\/2020\/05\/27\/manifestacoes-patologicas-em-revestimentos-de-fachadas\/\"  rel=\"bookmark\" title=\"Manifesta\u00e7\u00f5es patol\u00f3gicas em revestimentos de fachadas\">Manifesta\u00e7\u00f5es patol\u00f3gicas em revestimentos de fachadas<\/a><\/h3>                <div class=\"td-editor-date\">\r\n                                        <span class=\"td-author-date\">\r\n                                                <span class=\"td-post-date\"><time class=\"entry-date updated td-module-date\" datetime=\"2020-05-27T19:34:22-03:00\" >27\/05\/2020<\/time><\/span>                    <\/span>\r\n                <\/div>\r\n            <\/div>\r\n\r\n        <\/div>\r\n\r\n        \n\t<\/div> <!-- .\/td-block-span4 -->\n\n\t<div class=\"td-block-span4\">\n\r\n        <div class=\"td_module_mx1 td_module_wrap td-animation-stack\">\r\n            <div class=\"td-module-thumb\"><a href=\"https:\/\/www.institutodeengenharia.org.br\/site\/2020\/05\/25\/como-se-preparar-para-um-novo-normal-profissional\/\"  rel=\"bookmark\" class=\"td-image-wrap \" title=\"Como se preparar para um novo normal profissional\" ><img loading=\"lazy\" decoding=\"async\" class=\"entry-thumb\" src=\"data:image\/png;base64,iVBORw0KGgoAAAANSUhEUgAAAWQAAADcAQMAAAB9O0nPAAAAA1BMVEWurq51dlI4AAAAAXRSTlMmkutdmwAAACBJREFUaN7twTEBAAAAwiD7p7bDbmAAAAAAAAAAAABAdieIAAGQh2mWAAAAAElFTkSuQmCC\" alt=\"\" title=\"Como se preparar para um novo normal profissional\" data-type=\"image_tag\" data-img-url=\"https:\/\/www.institutodeengenharia.org.br\/site\/wp-content\/uploads\/2020\/05\/profissioanl-356x220.jpg\"  width=\"356\" height=\"220\" \/><\/a><\/div>\r\n            <div class=\"td-module-meta-info\">\r\n                <h3 class=\"entry-title td-module-title\"><a href=\"https:\/\/www.institutodeengenharia.org.br\/site\/2020\/05\/25\/como-se-preparar-para-um-novo-normal-profissional\/\"  rel=\"bookmark\" title=\"Como se preparar para um novo normal profissional\">Como se preparar para um novo normal profissional<\/a><\/h3>                <div class=\"td-editor-date\">\r\n                                        <span class=\"td-author-date\">\r\n                                                <span class=\"td-post-date\"><time class=\"entry-date updated td-module-date\" datetime=\"2020-05-25T15:37:16-03:00\" >25\/05\/2020<\/time><\/span>                    <\/span>\r\n                <\/div>\r\n            <\/div>\r\n\r\n        <\/div>\r\n\r\n        \n\t<\/div> <!-- .\/td-block-span4 -->\n\n\t<div class=\"td-block-span4\">\n\r\n        <div class=\"td_module_mx1 td_module_wrap td-animation-stack\">\r\n            <div class=\"td-module-thumb\"><a href=\"https:\/\/www.institutodeengenharia.org.br\/site\/2020\/05\/25\/aplicacao-de-materiais-com-grafeno-um-novo-mundo-nano\/\"  rel=\"bookmark\" class=\"td-image-wrap \" title=\"Aplica\u00e7\u00e3o de materiais com Grafeno \u2013 Um novo mundo nano\" ><img loading=\"lazy\" decoding=\"async\" class=\"entry-thumb\" src=\"data:image\/png;base64,iVBORw0KGgoAAAANSUhEUgAAAWQAAADcAQMAAAB9O0nPAAAAA1BMVEWurq51dlI4AAAAAXRSTlMmkutdmwAAACBJREFUaN7twTEBAAAAwiD7p7bDbmAAAAAAAAAAAABAdieIAAGQh2mWAAAAAElFTkSuQmCC\" alt=\"\" title=\"Aplica\u00e7\u00e3o de materiais com Grafeno \u2013 Um novo mundo nano\" data-type=\"image_tag\" data-img-url=\"https:\/\/www.institutodeengenharia.org.br\/site\/wp-content\/uploads\/2020\/05\/grafeno_-356x220.jpg\"  width=\"356\" height=\"220\" \/><\/a><\/div>\r\n            <div class=\"td-module-meta-info\">\r\n                <h3 class=\"entry-title td-module-title\"><a href=\"https:\/\/www.institutodeengenharia.org.br\/site\/2020\/05\/25\/aplicacao-de-materiais-com-grafeno-um-novo-mundo-nano\/\"  rel=\"bookmark\" title=\"Aplica\u00e7\u00e3o de materiais com Grafeno \u2013 Um novo mundo nano\">Aplica\u00e7\u00e3o de materiais com Grafeno \u2013 Um novo mundo nano<\/a><\/h3>                <div class=\"td-editor-date\">\r\n                                        <span class=\"td-author-date\">\r\n                                                <span class=\"td-post-date\"><time class=\"entry-date updated td-module-date\" datetime=\"2020-05-25T10:18:06-03:00\" >25\/05\/2020<\/time><\/span>                    <\/span>\r\n                <\/div>\r\n            <\/div>\r\n\r\n        <\/div>\r\n\r\n        \n\t<\/div> <!-- .\/td-block-span4 --><\/div><!--.\/row-fluid-->\n\n\t<div class=\"td-block-row\">\n\n\t<div class=\"td-block-span4\">\n\r\n        <div class=\"td_module_mx1 td_module_wrap td-animation-stack\">\r\n            <div class=\"td-module-thumb\"><a href=\"https:\/\/www.institutodeengenharia.org.br\/site\/2020\/05\/22\/uma-visao-do-setor-do-agronegocio-em-momentos-de-covid-19-oportunidades-e-perspectivas\/\"  rel=\"bookmark\" class=\"td-image-wrap \" title=\"Uma vis\u00e3o do setor do Agroneg\u00f3cio em Momentos de Covid-19: Oportunidades e Perspectivas\" ><img loading=\"lazy\" decoding=\"async\" class=\"entry-thumb\" src=\"data:image\/png;base64,iVBORw0KGgoAAAANSUhEUgAAAWQAAADcAQMAAAB9O0nPAAAAA1BMVEWurq51dlI4AAAAAXRSTlMmkutdmwAAACBJREFUaN7twTEBAAAAwiD7p7bDbmAAAAAAAAAAAABAdieIAAGQh2mWAAAAAElFTkSuQmCC\" alt=\"\" title=\"Uma vis\u00e3o do setor do Agroneg\u00f3cio em Momentos de Covid-19: Oportunidades e Perspectivas\" data-type=\"image_tag\" data-img-url=\"https:\/\/www.institutodeengenharia.org.br\/site\/wp-content\/uploads\/2020\/05\/agrosss-356x220.jpg\"  width=\"356\" height=\"220\" \/><\/a><\/div>\r\n            <div class=\"td-module-meta-info\">\r\n                <h3 class=\"entry-title td-module-title\"><a href=\"https:\/\/www.institutodeengenharia.org.br\/site\/2020\/05\/22\/uma-visao-do-setor-do-agronegocio-em-momentos-de-covid-19-oportunidades-e-perspectivas\/\"  rel=\"bookmark\" title=\"Uma vis\u00e3o do setor do Agroneg\u00f3cio em Momentos de Covid-19: Oportunidades e Perspectivas\">Uma vis\u00e3o do setor do Agroneg\u00f3cio em Momentos de Covid-19: Oportunidades e Perspectivas<\/a><\/h3>                <div class=\"td-editor-date\">\r\n                                        <span class=\"td-author-date\">\r\n                                                <span class=\"td-post-date\"><time class=\"entry-date updated td-module-date\" datetime=\"2020-05-22T17:08:43-03:00\" >22\/05\/2020<\/time><\/span>                    <\/span>\r\n                <\/div>\r\n            <\/div>\r\n\r\n        <\/div>\r\n\r\n        \n\t<\/div> <!-- .\/td-block-span4 -->\n\n\t<div class=\"td-block-span4\">\n\r\n        <div class=\"td_module_mx1 td_module_wrap td-animation-stack\">\r\n            <div class=\"td-module-thumb\"><a href=\"https:\/\/www.institutodeengenharia.org.br\/site\/2020\/05\/21\/tecnologia-5g\/\"  rel=\"bookmark\" class=\"td-image-wrap \" title=\"Tecnologia 5G\" ><img loading=\"lazy\" decoding=\"async\" class=\"entry-thumb\" src=\"data:image\/png;base64,iVBORw0KGgoAAAANSUhEUgAAAWQAAADcAQMAAAB9O0nPAAAAA1BMVEWurq51dlI4AAAAAXRSTlMmkutdmwAAACBJREFUaN7twTEBAAAAwiD7p7bDbmAAAAAAAAAAAABAdieIAAGQh2mWAAAAAElFTkSuQmCC\" alt=\"\" title=\"Tecnologia 5G\" data-type=\"image_tag\" data-img-url=\"https:\/\/www.institutodeengenharia.org.br\/site\/wp-content\/uploads\/2020\/03\/original-677d93374d44642e967163476ea3a749-356x220.jpg\"  width=\"356\" height=\"220\" \/><\/a><\/div>\r\n            <div class=\"td-module-meta-info\">\r\n                <h3 class=\"entry-title td-module-title\"><a href=\"https:\/\/www.institutodeengenharia.org.br\/site\/2020\/05\/21\/tecnologia-5g\/\"  rel=\"bookmark\" title=\"Tecnologia 5G\">Tecnologia 5G<\/a><\/h3>                <div class=\"td-editor-date\">\r\n                                        <span class=\"td-author-date\">\r\n                                                <span class=\"td-post-date\"><time class=\"entry-date updated td-module-date\" datetime=\"2020-05-21T19:30:18-03:00\" >21\/05\/2020<\/time><\/span>                    <\/span>\r\n                <\/div>\r\n            <\/div>\r\n\r\n        <\/div>\r\n\r\n        \n\t<\/div> <!-- .\/td-block-span4 -->\n\n\t<div class=\"td-block-span4\">\n\r\n        <div class=\"td_module_mx1 td_module_wrap td-animation-stack\">\r\n            <div class=\"td-module-thumb\"><a href=\"https:\/\/www.institutodeengenharia.org.br\/site\/2020\/05\/20\/avaliacao-de-imoveis-urbanos-metodologias-e-normas-tecnicas\/\"  rel=\"bookmark\" class=\"td-image-wrap \" title=\"Avalia\u00e7\u00e3o de im\u00f3veis urbanos \u2013 Metodologias e normas t\u00e9cnicas\" ><img loading=\"lazy\" decoding=\"async\" class=\"entry-thumb\" src=\"data:image\/png;base64,iVBORw0KGgoAAAANSUhEUgAAAWQAAADcAQMAAAB9O0nPAAAAA1BMVEWurq51dlI4AAAAAXRSTlMmkutdmwAAACBJREFUaN7twTEBAAAAwiD7p7bDbmAAAAAAAAAAAABAdieIAAGQh2mWAAAAAElFTkSuQmCC\" alt=\"\" title=\"Avalia\u00e7\u00e3o de im\u00f3veis urbanos \u2013 Metodologias e normas t\u00e9cnicas\" data-type=\"image_tag\" data-img-url=\"https:\/\/www.institutodeengenharia.org.br\/site\/wp-content\/uploads\/2020\/05\/imagem-356x220.jpg\"  width=\"356\" height=\"220\" \/><\/a><\/div>\r\n            <div class=\"td-module-meta-info\">\r\n                <h3 class=\"entry-title td-module-title\"><a href=\"https:\/\/www.institutodeengenharia.org.br\/site\/2020\/05\/20\/avaliacao-de-imoveis-urbanos-metodologias-e-normas-tecnicas\/\"  rel=\"bookmark\" title=\"Avalia\u00e7\u00e3o de im\u00f3veis urbanos \u2013 Metodologias e normas t\u00e9cnicas\">Avalia\u00e7\u00e3o de im\u00f3veis urbanos \u2013 Metodologias e normas t\u00e9cnicas<\/a><\/h3>                <div class=\"td-editor-date\">\r\n                                        <span class=\"td-author-date\">\r\n                                                <span class=\"td-post-date\"><time class=\"entry-date updated td-module-date\" datetime=\"2020-05-20T19:14:01-03:00\" >20\/05\/2020<\/time><\/span>                    <\/span>\r\n                <\/div>\r\n            <\/div>\r\n\r\n        <\/div>\r\n\r\n        \n\t<\/div> <!-- .\/td-block-span4 --><\/div><!--.\/row-fluid-->\n\n\t<div class=\"td-block-row\">\n\n\t<div class=\"td-block-span4\">\n\r\n        <div class=\"td_module_mx1 td_module_wrap td-animation-stack\">\r\n            <div class=\"td-module-thumb\"><a href=\"https:\/\/www.institutodeengenharia.org.br\/site\/2020\/05\/20\/competencias-dos-profissionais-do-agora\/\"  rel=\"bookmark\" class=\"td-image-wrap \" title=\"Compet\u00eancias dos profissionais do agora\" ><img loading=\"lazy\" decoding=\"async\" class=\"entry-thumb\" src=\"data:image\/png;base64,iVBORw0KGgoAAAANSUhEUgAAAWQAAADcAQMAAAB9O0nPAAAAA1BMVEWurq51dlI4AAAAAXRSTlMmkutdmwAAACBJREFUaN7twTEBAAAAwiD7p7bDbmAAAAAAAAAAAABAdieIAAGQh2mWAAAAAElFTkSuQmCC\" alt=\"\" title=\"Compet\u00eancias dos profissionais do agora\" data-type=\"image_tag\" data-img-url=\"https:\/\/www.institutodeengenharia.org.br\/site\/wp-content\/uploads\/2020\/05\/profissional-2-356x220.jpg\"  width=\"356\" height=\"220\" \/><\/a><\/div>\r\n            <div class=\"td-module-meta-info\">\r\n                <h3 class=\"entry-title td-module-title\"><a href=\"https:\/\/www.institutodeengenharia.org.br\/site\/2020\/05\/20\/competencias-dos-profissionais-do-agora\/\"  rel=\"bookmark\" title=\"Compet\u00eancias dos profissionais do agora\">Compet\u00eancias dos profissionais do agora<\/a><\/h3>                <div class=\"td-editor-date\">\r\n                                        <span class=\"td-author-date\">\r\n                                                <span class=\"td-post-date\"><time class=\"entry-date updated td-module-date\" datetime=\"2020-05-20T15:17:25-03:00\" >20\/05\/2020<\/time><\/span>                    <\/span>\r\n                <\/div>\r\n            <\/div>\r\n\r\n        <\/div>\r\n\r\n        \n\t<\/div> <!-- .\/td-block-span4 -->\n\n\t<div class=\"td-block-span4\">\n\r\n        <div class=\"td_module_mx1 td_module_wrap td-animation-stack\">\r\n            <div class=\"td-module-thumb\"><a href=\"https:\/\/www.institutodeengenharia.org.br\/site\/2020\/05\/20\/economia-e-agronegocio-uma-visao-pos-crise\/\"  rel=\"bookmark\" class=\"td-image-wrap \" title=\"Economia e Agroneg\u00f3cio: Uma vis\u00e3o p\u00f3s-crise\" ><img loading=\"lazy\" decoding=\"async\" class=\"entry-thumb\" src=\"data:image\/png;base64,iVBORw0KGgoAAAANSUhEUgAAAWQAAADcAQMAAAB9O0nPAAAAA1BMVEWurq51dlI4AAAAAXRSTlMmkutdmwAAACBJREFUaN7twTEBAAAAwiD7p7bDbmAAAAAAAAAAAABAdieIAAGQh2mWAAAAAElFTkSuQmCC\" alt=\"\" title=\"Economia e Agroneg\u00f3cio: Uma vis\u00e3o p\u00f3s-crise\" data-type=\"image_tag\" data-img-url=\"https:\/\/www.institutodeengenharia.org.br\/site\/wp-content\/uploads\/2020\/05\/econo-e-agro-356x220.jpg\"  width=\"356\" height=\"220\" \/><\/a><\/div>\r\n            <div class=\"td-module-meta-info\">\r\n                <h3 class=\"entry-title td-module-title\"><a href=\"https:\/\/www.institutodeengenharia.org.br\/site\/2020\/05\/20\/economia-e-agronegocio-uma-visao-pos-crise\/\"  rel=\"bookmark\" title=\"Economia e Agroneg\u00f3cio: Uma vis\u00e3o p\u00f3s-crise\">Economia e Agroneg\u00f3cio: Uma vis\u00e3o p\u00f3s-crise<\/a><\/h3>                <div class=\"td-editor-date\">\r\n                                        <span class=\"td-author-date\">\r\n                                                <span class=\"td-post-date\"><time class=\"entry-date updated td-module-date\" datetime=\"2020-05-20T10:00:55-03:00\" >20\/05\/2020<\/time><\/span>                    <\/span>\r\n                <\/div>\r\n            <\/div>\r\n\r\n        <\/div>\r\n\r\n        \n\t<\/div> <!-- .\/td-block-span4 -->\n\n\t<div class=\"td-block-span4\">\n\r\n        <div class=\"td_module_mx1 td_module_wrap td-animation-stack\">\r\n            <div class=\"td-module-thumb\"><a href=\"https:\/\/www.institutodeengenharia.org.br\/site\/2020\/05\/19\/nosso-momento-bim-implementacao-bim\/\"  rel=\"bookmark\" class=\"td-image-wrap \" title=\"Nosso Momento BIM &#8211; Implementa\u00e7\u00e3o BIM\" ><img loading=\"lazy\" decoding=\"async\" class=\"entry-thumb\" src=\"data:image\/png;base64,iVBORw0KGgoAAAANSUhEUgAAAWQAAADcAQMAAAB9O0nPAAAAA1BMVEWurq51dlI4AAAAAXRSTlMmkutdmwAAACBJREFUaN7twTEBAAAAwiD7p7bDbmAAAAAAAAAAAABAdieIAAGQh2mWAAAAAElFTkSuQmCC\" alt=\"\" title=\"Nosso Momento BIM &#8211; Implementa\u00e7\u00e3o BIM\" data-type=\"image_tag\" data-img-url=\"https:\/\/www.institutodeengenharia.org.br\/site\/wp-content\/uploads\/2020\/03\/nosso-bim-1-356x220.jpg\"  width=\"356\" height=\"220\" \/><\/a><\/div>\r\n            <div class=\"td-module-meta-info\">\r\n                <h3 class=\"entry-title td-module-title\"><a href=\"https:\/\/www.institutodeengenharia.org.br\/site\/2020\/05\/19\/nosso-momento-bim-implementacao-bim\/\"  rel=\"bookmark\" title=\"Nosso Momento BIM &#8211; Implementa\u00e7\u00e3o BIM\">Nosso Momento BIM &#8211; Implementa\u00e7\u00e3o BIM<\/a><\/h3>                <div class=\"td-editor-date\">\r\n                                        <span class=\"td-author-date\">\r\n                                                <span class=\"td-post-date\"><time class=\"entry-date updated td-module-date\" datetime=\"2020-05-19T19:09:41-03:00\" >19\/05\/2020<\/time><\/span>                    <\/span>\r\n                <\/div>\r\n            <\/div>\r\n\r\n        <\/div>\r\n\r\n        \n\t<\/div> <!-- .\/td-block-span4 --><\/div><!--.\/row-fluid-->\n\n\t<div class=\"td-block-row\">\n\n\t<div class=\"td-block-span4\">\n\r\n        <div class=\"td_module_mx1 td_module_wrap td-animation-stack\">\r\n            <div class=\"td-module-thumb\"><a href=\"https:\/\/www.institutodeengenharia.org.br\/site\/2020\/05\/19\/impermeabilizacao-frente-a-norma-de-desempenho-abnt-nbr-155752013\/\"  rel=\"bookmark\" class=\"td-image-wrap \" title=\"Impermeabiliza\u00e7\u00e3o frente \u00e0 Norma de Desempenho &#8211; ABNT NBR 15575:2013\" ><img loading=\"lazy\" decoding=\"async\" class=\"entry-thumb\" src=\"data:image\/png;base64,iVBORw0KGgoAAAANSUhEUgAAAWQAAADcAQMAAAB9O0nPAAAAA1BMVEWurq51dlI4AAAAAXRSTlMmkutdmwAAACBJREFUaN7twTEBAAAAwiD7p7bDbmAAAAAAAAAAAABAdieIAAGQh2mWAAAAAElFTkSuQmCC\" alt=\"\" title=\"Impermeabiliza\u00e7\u00e3o frente \u00e0 Norma de Desempenho &#8211; ABNT NBR 15575:2013\" data-type=\"image_tag\" data-img-url=\"https:\/\/www.institutodeengenharia.org.br\/site\/wp-content\/uploads\/2020\/05\/Norma-de-Desempenho-Capa-356x220.jpg\"  width=\"356\" height=\"220\" \/><\/a><\/div>\r\n            <div class=\"td-module-meta-info\">\r\n                <h3 class=\"entry-title td-module-title\"><a href=\"https:\/\/www.institutodeengenharia.org.br\/site\/2020\/05\/19\/impermeabilizacao-frente-a-norma-de-desempenho-abnt-nbr-155752013\/\"  rel=\"bookmark\" title=\"Impermeabiliza\u00e7\u00e3o frente \u00e0 Norma de Desempenho &#8211; ABNT NBR 15575:2013\">Impermeabiliza\u00e7\u00e3o frente \u00e0 Norma de Desempenho &#8211; ABNT NBR 15575:2013<\/a><\/h3>                <div class=\"td-editor-date\">\r\n                                        <span class=\"td-author-date\">\r\n                                                <span class=\"td-post-date\"><time class=\"entry-date updated td-module-date\" datetime=\"2020-05-19T16:05:26-03:00\" >19\/05\/2020<\/time><\/span>                    <\/span>\r\n                <\/div>\r\n            <\/div>\r\n\r\n        <\/div>\r\n\r\n        \n\t<\/div> <!-- .\/td-block-span4 -->\n\n\t<div class=\"td-block-span4\">\n\r\n        <div class=\"td_module_mx1 td_module_wrap td-animation-stack\">\r\n            <div class=\"td-module-thumb\"><a href=\"https:\/\/www.institutodeengenharia.org.br\/site\/2020\/05\/18\/tendencias-tecnologicas-no-setor-automotivo\/\"  rel=\"bookmark\" class=\"td-image-wrap \" title=\"Tend\u00eancias Tecnol\u00f3gicas no Setor Automotivo\" ><img loading=\"lazy\" decoding=\"async\" class=\"entry-thumb\" src=\"data:image\/png;base64,iVBORw0KGgoAAAANSUhEUgAAAWQAAADcAQMAAAB9O0nPAAAAA1BMVEWurq51dlI4AAAAAXRSTlMmkutdmwAAACBJREFUaN7twTEBAAAAwiD7p7bDbmAAAAAAAAAAAABAdieIAAGQh2mWAAAAAElFTkSuQmCC\" alt=\"\" title=\"Tend\u00eancias Tecnol\u00f3gicas no Setor Automotivo\" data-type=\"image_tag\" data-img-url=\"https:\/\/www.institutodeengenharia.org.br\/site\/wp-content\/uploads\/2020\/05\/automa\u00e7\u00e3o-tecnologia-356x220.jpg\"  width=\"356\" height=\"220\" \/><\/a><\/div>\r\n            <div class=\"td-module-meta-info\">\r\n                <h3 class=\"entry-title td-module-title\"><a href=\"https:\/\/www.institutodeengenharia.org.br\/site\/2020\/05\/18\/tendencias-tecnologicas-no-setor-automotivo\/\"  rel=\"bookmark\" title=\"Tend\u00eancias Tecnol\u00f3gicas no Setor Automotivo\">Tend\u00eancias Tecnol\u00f3gicas no Setor Automotivo<\/a><\/h3>                <div class=\"td-editor-date\">\r\n                                        <span class=\"td-author-date\">\r\n                                                <span class=\"td-post-date\"><time class=\"entry-date updated td-module-date\" datetime=\"2020-05-18T15:06:30-03:00\" >18\/05\/2020<\/time><\/span>                    <\/span>\r\n                <\/div>\r\n            <\/div>\r\n\r\n        <\/div>\r\n\r\n        \n\t<\/div> <!-- .\/td-block-span4 -->\n\n\t<div class=\"td-block-span4\">\n\r\n        <div class=\"td_module_mx1 td_module_wrap td-animation-stack\">\r\n            <div class=\"td-module-thumb\"><a href=\"https:\/\/www.institutodeengenharia.org.br\/site\/2020\/05\/18\/liderando-e-aprendendo-na-crise-novas-realidades\/\"  rel=\"bookmark\" class=\"td-image-wrap \" title=\"Liderando e aprendendo na crise: Novas realidades\" ><img loading=\"lazy\" decoding=\"async\" class=\"entry-thumb\" src=\"data:image\/png;base64,iVBORw0KGgoAAAANSUhEUgAAAWQAAADcAQMAAAB9O0nPAAAAA1BMVEWurq51dlI4AAAAAXRSTlMmkutdmwAAACBJREFUaN7twTEBAAAAwiD7p7bDbmAAAAAAAAAAAABAdieIAAGQh2mWAAAAAElFTkSuQmCC\" alt=\"\" title=\"Liderando e aprendendo na crise: Novas realidades\" data-type=\"image_tag\" data-img-url=\"https:\/\/www.institutodeengenharia.org.br\/site\/wp-content\/uploads\/2020\/05\/lideran\u00e7a-na-crise-356x220.jpg\"  width=\"356\" height=\"220\" \/><\/a><\/div>\r\n            <div class=\"td-module-meta-info\">\r\n                <h3 class=\"entry-title td-module-title\"><a href=\"https:\/\/www.institutodeengenharia.org.br\/site\/2020\/05\/18\/liderando-e-aprendendo-na-crise-novas-realidades\/\"  rel=\"bookmark\" title=\"Liderando e aprendendo na crise: Novas realidades\">Liderando e aprendendo na crise: Novas realidades<\/a><\/h3>                <div class=\"td-editor-date\">\r\n                                        <span class=\"td-author-date\">\r\n                                                <span class=\"td-post-date\"><time class=\"entry-date updated td-module-date\" datetime=\"2020-05-18T10:34:01-03:00\" >18\/05\/2020<\/time><\/span>                    <\/span>\r\n                <\/div>\r\n            <\/div>\r\n\r\n        <\/div>\r\n\r\n        \n\t<\/div> <!-- .\/td-block-span4 --><\/div><!--.\/row-fluid-->\n\n\t<div class=\"td-block-row\">\n\n\t<div class=\"td-block-span4\">\n\r\n        <div class=\"td_module_mx1 td_module_wrap td-animation-stack\">\r\n            <div class=\"td-module-thumb\"><a href=\"https:\/\/www.institutodeengenharia.org.br\/site\/2020\/05\/15\/brasil-pos-crise-oportunidades-e-cenarios-para-o-saneamento\/\"  rel=\"bookmark\" class=\"td-image-wrap \" title=\"Brasil p\u00f3s-crise: oportunidades e cen\u00e1rios para o Saneamento\" ><img loading=\"lazy\" decoding=\"async\" class=\"entry-thumb\" src=\"data:image\/png;base64,iVBORw0KGgoAAAANSUhEUgAAAWQAAADcAQMAAAB9O0nPAAAAA1BMVEWurq51dlI4AAAAAXRSTlMmkutdmwAAACBJREFUaN7twTEBAAAAwiD7p7bDbmAAAAAAAAAAAABAdieIAAGQh2mWAAAAAElFTkSuQmCC\" alt=\"\" title=\"Brasil p\u00f3s-crise: oportunidades e cen\u00e1rios para o Saneamento\" data-type=\"image_tag\" data-img-url=\"https:\/\/www.institutodeengenharia.org.br\/site\/wp-content\/uploads\/2020\/05\/saneamentos-356x220.jpg\"  width=\"356\" height=\"220\" \/><\/a><\/div>\r\n            <div class=\"td-module-meta-info\">\r\n                <h3 class=\"entry-title td-module-title\"><a href=\"https:\/\/www.institutodeengenharia.org.br\/site\/2020\/05\/15\/brasil-pos-crise-oportunidades-e-cenarios-para-o-saneamento\/\"  rel=\"bookmark\" title=\"Brasil p\u00f3s-crise: oportunidades e cen\u00e1rios para o Saneamento\">Brasil p\u00f3s-crise: oportunidades e cen\u00e1rios para o Saneamento<\/a><\/h3>                <div class=\"td-editor-date\">\r\n                                        <span class=\"td-author-date\">\r\n                                                <span class=\"td-post-date\"><time class=\"entry-date updated td-module-date\" datetime=\"2020-05-15T14:34:12-03:00\" >15\/05\/2020<\/time><\/span>                    <\/span>\r\n                <\/div>\r\n            <\/div>\r\n\r\n        <\/div>\r\n\r\n        \n\t<\/div> <!-- .\/td-block-span4 -->\n\n\t<div class=\"td-block-span4\">\n\r\n        <div class=\"td_module_mx1 td_module_wrap td-animation-stack\">\r\n            <div class=\"td-module-thumb\"><a href=\"https:\/\/www.institutodeengenharia.org.br\/site\/2020\/05\/15\/impressoes-da-classe-jornalistica-com-respeito-a-novas-tecnologias-de-midia-e-perfil-da-sociedade-uma-nova-normalidade\/\"  rel=\"bookmark\" class=\"td-image-wrap \" title=\"Impress\u00f5es da classe jornal\u00edstica com respeito a novas tecnologias de m\u00eddia e perfil da sociedade &#8211; Uma nova normalidade\" ><img loading=\"lazy\" decoding=\"async\" class=\"entry-thumb\" src=\"data:image\/png;base64,iVBORw0KGgoAAAANSUhEUgAAAWQAAADcAQMAAAB9O0nPAAAAA1BMVEWurq51dlI4AAAAAXRSTlMmkutdmwAAACBJREFUaN7twTEBAAAAwiD7p7bDbmAAAAAAAAAAAABAdieIAAGQh2mWAAAAAElFTkSuQmCC\" alt=\"\" title=\"Impress\u00f5es da classe jornal\u00edstica com respeito a novas tecnologias de m\u00eddia e perfil da sociedade &#8211; Uma nova normalidade\" data-type=\"image_tag\" data-img-url=\"https:\/\/www.institutodeengenharia.org.br\/site\/wp-content\/uploads\/2020\/05\/jornalismo-e-tec.-356x220.jpg\"  width=\"356\" height=\"220\" \/><\/a><\/div>\r\n            <div class=\"td-module-meta-info\">\r\n                <h3 class=\"entry-title td-module-title\"><a href=\"https:\/\/www.institutodeengenharia.org.br\/site\/2020\/05\/15\/impressoes-da-classe-jornalistica-com-respeito-a-novas-tecnologias-de-midia-e-perfil-da-sociedade-uma-nova-normalidade\/\"  rel=\"bookmark\" title=\"Impress\u00f5es da classe jornal\u00edstica com respeito a novas tecnologias de m\u00eddia e perfil da sociedade &#8211; Uma nova normalidade\">Impress\u00f5es da classe jornal\u00edstica com respeito a novas tecnologias de m\u00eddia e perfil da sociedade &#8211; Uma nova normalidade<\/a><\/h3>                <div class=\"td-editor-date\">\r\n                                        <span class=\"td-author-date\">\r\n                                                <span class=\"td-post-date\"><time class=\"entry-date updated td-module-date\" datetime=\"2020-05-15T10:36:51-03:00\" >15\/05\/2020<\/time><\/span>                    <\/span>\r\n                <\/div>\r\n            <\/div>\r\n\r\n        <\/div>\r\n\r\n        \n\t<\/div> <!-- .\/td-block-span4 -->\n\n\t<div class=\"td-block-span4\">\n\r\n        <div class=\"td_module_mx1 td_module_wrap td-animation-stack\">\r\n            <div class=\"td-module-thumb\"><a href=\"https:\/\/www.institutodeengenharia.org.br\/site\/2020\/05\/14\/impactos-do-covid-19-no-setor-eletrico-brasileiro\/\"  rel=\"bookmark\" class=\"td-image-wrap \" title=\"Impactos do Covid-19 no setor el\u00e9trico brasileiro\" ><img loading=\"lazy\" decoding=\"async\" class=\"entry-thumb\" src=\"data:image\/png;base64,iVBORw0KGgoAAAANSUhEUgAAAWQAAADcAQMAAAB9O0nPAAAAA1BMVEWurq51dlI4AAAAAXRSTlMmkutdmwAAACBJREFUaN7twTEBAAAAwiD7p7bDbmAAAAAAAAAAAABAdieIAAGQh2mWAAAAAElFTkSuQmCC\" alt=\"\" title=\"Impactos do Covid-19 no setor el\u00e9trico brasileiro\" data-type=\"image_tag\" data-img-url=\"https:\/\/www.institutodeengenharia.org.br\/site\/wp-content\/uploads\/2020\/05\/169528-a-evolucao-do-setor-eletrico-brasileiro-810x540-810x540-356x220.jpg\"  width=\"356\" height=\"220\" \/><\/a><\/div>\r\n            <div class=\"td-module-meta-info\">\r\n                <h3 class=\"entry-title td-module-title\"><a href=\"https:\/\/www.institutodeengenharia.org.br\/site\/2020\/05\/14\/impactos-do-covid-19-no-setor-eletrico-brasileiro\/\"  rel=\"bookmark\" title=\"Impactos do Covid-19 no setor el\u00e9trico brasileiro\">Impactos do Covid-19 no setor el\u00e9trico brasileiro<\/a><\/h3>                <div class=\"td-editor-date\">\r\n                                        <span class=\"td-author-date\">\r\n                                                <span class=\"td-post-date\"><time class=\"entry-date updated td-module-date\" datetime=\"2020-05-14T16:00:28-03:00\" >14\/05\/2020<\/time><\/span>                    <\/span>\r\n                <\/div>\r\n            <\/div>\r\n\r\n        <\/div>\r\n\r\n        \n\t<\/div> <!-- .\/td-block-span4 --><\/div><!--.\/row-fluid-->\n\n\t<div class=\"td-block-row\">\n\n\t<div class=\"td-block-span4\">\n\r\n        <div class=\"td_module_mx1 td_module_wrap td-animation-stack\">\r\n            <div class=\"td-module-thumb\"><a href=\"https:\/\/www.institutodeengenharia.org.br\/site\/2020\/05\/12\/pericias-em-condominio-a-atuacao-da-engenharia-diagnostica\/\"  rel=\"bookmark\" class=\"td-image-wrap \" title=\"Per\u00edcias em condom\u00ednio \u2013 A atua\u00e7\u00e3o da Engenharia Diagn\u00f3stica\" ><img loading=\"lazy\" decoding=\"async\" class=\"entry-thumb\" src=\"data:image\/png;base64,iVBORw0KGgoAAAANSUhEUgAAAWQAAADcAQMAAAB9O0nPAAAAA1BMVEWurq51dlI4AAAAAXRSTlMmkutdmwAAACBJREFUaN7twTEBAAAAwiD7p7bDbmAAAAAAAAAAAABAdieIAAGQh2mWAAAAAElFTkSuQmCC\" alt=\"\" title=\"Per\u00edcias em condom\u00ednio \u2013 A atua\u00e7\u00e3o da Engenharia Diagn\u00f3stica\" data-type=\"image_tag\" data-img-url=\"https:\/\/www.institutodeengenharia.org.br\/site\/wp-content\/uploads\/2020\/04\/QUALIENGE_Texto_01_1135258877-970x550-356x220.jpg\"  width=\"356\" height=\"220\" \/><\/a><\/div>\r\n            <div class=\"td-module-meta-info\">\r\n                <h3 class=\"entry-title td-module-title\"><a href=\"https:\/\/www.institutodeengenharia.org.br\/site\/2020\/05\/12\/pericias-em-condominio-a-atuacao-da-engenharia-diagnostica\/\"  rel=\"bookmark\" title=\"Per\u00edcias em condom\u00ednio \u2013 A atua\u00e7\u00e3o da Engenharia Diagn\u00f3stica\">Per\u00edcias em condom\u00ednio \u2013 A atua\u00e7\u00e3o da Engenharia Diagn\u00f3stica<\/a><\/h3>                <div class=\"td-editor-date\">\r\n                                        <span class=\"td-author-date\">\r\n                                                <span class=\"td-post-date\"><time class=\"entry-date updated td-module-date\" datetime=\"2020-05-12T09:57:48-03:00\" >12\/05\/2020<\/time><\/span>                    <\/span>\r\n                <\/div>\r\n            <\/div>\r\n\r\n        <\/div>\r\n\r\n        \n\t<\/div> <!-- .\/td-block-span4 -->\n\n\t<div class=\"td-block-span4\">\n\r\n        <div class=\"td_module_mx1 td_module_wrap td-animation-stack\">\r\n            <div class=\"td-module-thumb\"><a href=\"https:\/\/www.institutodeengenharia.org.br\/site\/2020\/05\/11\/introducao-a-eletronica-flexivel\/\"  rel=\"bookmark\" class=\"td-image-wrap \" title=\"Introdu\u00e7\u00e3o \u00e0 eletr\u00f4nica flex\u00edvel\" ><img loading=\"lazy\" decoding=\"async\" class=\"entry-thumb\" src=\"data:image\/png;base64,iVBORw0KGgoAAAANSUhEUgAAAWQAAADcAQMAAAB9O0nPAAAAA1BMVEWurq51dlI4AAAAAXRSTlMmkutdmwAAACBJREFUaN7twTEBAAAAwiD7p7bDbmAAAAAAAAAAAABAdieIAAGQh2mWAAAAAElFTkSuQmCC\" alt=\"\" title=\"Introdu\u00e7\u00e3o \u00e0 eletr\u00f4nica flex\u00edvel\" data-type=\"image_tag\" data-img-url=\"https:\/\/www.institutodeengenharia.org.br\/site\/wp-content\/uploads\/2020\/03\/Fa\u00e7a-Circuito-Impresso-Flex\u00edvel-usando-Tinta-Condutiva-e1375537123708-356x220.jpg\"  width=\"356\" height=\"220\" \/><\/a><\/div>\r\n            <div class=\"td-module-meta-info\">\r\n                <h3 class=\"entry-title td-module-title\"><a href=\"https:\/\/www.institutodeengenharia.org.br\/site\/2020\/05\/11\/introducao-a-eletronica-flexivel\/\"  rel=\"bookmark\" title=\"Introdu\u00e7\u00e3o \u00e0 eletr\u00f4nica flex\u00edvel\">Introdu\u00e7\u00e3o \u00e0 eletr\u00f4nica flex\u00edvel<\/a><\/h3>                <div class=\"td-editor-date\">\r\n                                        <span class=\"td-author-date\">\r\n                                                <span class=\"td-post-date\"><time class=\"entry-date updated td-module-date\" datetime=\"2020-05-11T19:00:23-03:00\" >11\/05\/2020<\/time><\/span>                    <\/span>\r\n                <\/div>\r\n            <\/div>\r\n\r\n        <\/div>\r\n\r\n        \n\t<\/div> <!-- .\/td-block-span4 -->\n\n\t<div class=\"td-block-span4\">\n\r\n        <div class=\"td_module_mx1 td_module_wrap td-animation-stack\">\r\n            <div class=\"td-module-thumb\"><a href=\"https:\/\/www.institutodeengenharia.org.br\/site\/2020\/05\/11\/cenarios-de-uma-logistica-brasileira-integrada\/\"  rel=\"bookmark\" class=\"td-image-wrap \" title=\"Cen\u00e1rios de uma log\u00edstica brasileira integrada\" ><img loading=\"lazy\" decoding=\"async\" class=\"entry-thumb\" src=\"data:image\/png;base64,iVBORw0KGgoAAAANSUhEUgAAAWQAAADcAQMAAAB9O0nPAAAAA1BMVEWurq51dlI4AAAAAXRSTlMmkutdmwAAACBJREFUaN7twTEBAAAAwiD7p7bDbmAAAAAAAAAAAABAdieIAAGQh2mWAAAAAElFTkSuQmCC\" alt=\"\" title=\"Cen\u00e1rios de uma log\u00edstica brasileira integrada\" data-type=\"image_tag\" data-img-url=\"https:\/\/www.institutodeengenharia.org.br\/site\/wp-content\/uploads\/2020\/05\/log2-356x220.jpg\"  width=\"356\" height=\"220\" \/><\/a><\/div>\r\n            <div class=\"td-module-meta-info\">\r\n                <h3 class=\"entry-title td-module-title\"><a href=\"https:\/\/www.institutodeengenharia.org.br\/site\/2020\/05\/11\/cenarios-de-uma-logistica-brasileira-integrada\/\"  rel=\"bookmark\" title=\"Cen\u00e1rios de uma log\u00edstica brasileira integrada\">Cen\u00e1rios de uma log\u00edstica brasileira integrada<\/a><\/h3>                <div class=\"td-editor-date\">\r\n                                        <span class=\"td-author-date\">\r\n                                                <span class=\"td-post-date\"><time class=\"entry-date updated td-module-date\" datetime=\"2020-05-11T17:13:13-03:00\" >11\/05\/2020<\/time><\/span>                    <\/span>\r\n                <\/div>\r\n            <\/div>\r\n\r\n        <\/div>\r\n\r\n        \n\t<\/div> <!-- .\/td-block-span4 --><\/div><!--.\/row-fluid-->\n\n\t<div class=\"td-block-row\">\n\n\t<div class=\"td-block-span4\">\n\r\n        <div class=\"td_module_mx1 td_module_wrap td-animation-stack\">\r\n            <div class=\"td-module-thumb\"><a href=\"https:\/\/www.institutodeengenharia.org.br\/site\/2020\/05\/11\/influencia-da-pandemia-do-covid-19-na-comercializacao-de-energia\/\"  rel=\"bookmark\" class=\"td-image-wrap \" title=\"Influ\u00eancia da pandemia do Covid-19 na comercializa\u00e7\u00e3o de Energia\" ><img loading=\"lazy\" decoding=\"async\" class=\"entry-thumb\" src=\"data:image\/png;base64,iVBORw0KGgoAAAANSUhEUgAAAWQAAADcAQMAAAB9O0nPAAAAA1BMVEWurq51dlI4AAAAAXRSTlMmkutdmwAAACBJREFUaN7twTEBAAAAwiD7p7bDbmAAAAAAAAAAAABAdieIAAGQh2mWAAAAAElFTkSuQmCC\" alt=\"\" title=\"Influ\u00eancia da pandemia do Covid-19 na comercializa\u00e7\u00e3o de Energia\" data-type=\"image_tag\" data-img-url=\"https:\/\/www.institutodeengenharia.org.br\/site\/wp-content\/uploads\/2020\/05\/din1140-energia1-356x220.jpg\"  width=\"356\" height=\"220\" \/><\/a><\/div>\r\n            <div class=\"td-module-meta-info\">\r\n                <h3 class=\"entry-title td-module-title\"><a href=\"https:\/\/www.institutodeengenharia.org.br\/site\/2020\/05\/11\/influencia-da-pandemia-do-covid-19-na-comercializacao-de-energia\/\"  rel=\"bookmark\" title=\"Influ\u00eancia da pandemia do Covid-19 na comercializa\u00e7\u00e3o de Energia\">Influ\u00eancia da pandemia do Covid-19 na comercializa\u00e7\u00e3o de Energia<\/a><\/h3>                <div class=\"td-editor-date\">\r\n                                        <span class=\"td-author-date\">\r\n                                                <span class=\"td-post-date\"><time class=\"entry-date updated td-module-date\" datetime=\"2020-05-11T11:03:58-03:00\" >11\/05\/2020<\/time><\/span>                    <\/span>\r\n                <\/div>\r\n            <\/div>\r\n\r\n        <\/div>\r\n\r\n        \n\t<\/div> <!-- .\/td-block-span4 -->\n\n\t<div class=\"td-block-span4\">\n\r\n        <div class=\"td_module_mx1 td_module_wrap td-animation-stack\">\r\n            <div class=\"td-module-thumb\"><a href=\"https:\/\/www.institutodeengenharia.org.br\/site\/2020\/05\/11\/impressoes-da-classe-juridica-com-respeito-a-contratos-e-seus-efeitos-economicos\/\"  rel=\"bookmark\" class=\"td-image-wrap \" title=\"Impress\u00f5es da classe jur\u00eddica com respeito a contratos e seus efeitos econ\u00f4micos\" ><img loading=\"lazy\" decoding=\"async\" class=\"entry-thumb\" src=\"data:image\/png;base64,iVBORw0KGgoAAAANSUhEUgAAAWQAAADcAQMAAAB9O0nPAAAAA1BMVEWurq51dlI4AAAAAXRSTlMmkutdmwAAACBJREFUaN7twTEBAAAAwiD7p7bDbmAAAAAAAAAAAABAdieIAAGQh2mWAAAAAElFTkSuQmCC\" alt=\"\" title=\"Impress\u00f5es da classe jur\u00eddica com respeito a contratos e seus efeitos econ\u00f4micos\" data-type=\"image_tag\" data-img-url=\"https:\/\/www.institutodeengenharia.org.br\/site\/wp-content\/uploads\/2020\/05\/classe-juridica-356x220.jpg\"  width=\"356\" height=\"220\" \/><\/a><\/div>\r\n            <div class=\"td-module-meta-info\">\r\n                <h3 class=\"entry-title td-module-title\"><a href=\"https:\/\/www.institutodeengenharia.org.br\/site\/2020\/05\/11\/impressoes-da-classe-juridica-com-respeito-a-contratos-e-seus-efeitos-economicos\/\"  rel=\"bookmark\" title=\"Impress\u00f5es da classe jur\u00eddica com respeito a contratos e seus efeitos econ\u00f4micos\">Impress\u00f5es da classe jur\u00eddica com respeito a contratos e seus efeitos econ\u00f4micos<\/a><\/h3>                <div class=\"td-editor-date\">\r\n                                        <span class=\"td-author-date\">\r\n                                                <span class=\"td-post-date\"><time class=\"entry-date updated td-module-date\" datetime=\"2020-05-11T10:36:22-03:00\" >11\/05\/2020<\/time><\/span>                    <\/span>\r\n                <\/div>\r\n            <\/div>\r\n\r\n        <\/div>\r\n\r\n        \n\t<\/div> <!-- .\/td-block-span4 -->\n\n\t<div class=\"td-block-span4\">\n\r\n        <div class=\"td_module_mx1 td_module_wrap td-animation-stack\">\r\n            <div class=\"td-module-thumb\"><a href=\"https:\/\/www.institutodeengenharia.org.br\/site\/2020\/05\/08\/visao-do-setor-hidroviario-e-portuario-em-momentos-de-covid-19-oportunidades-e-perspectivas\/\"  rel=\"bookmark\" class=\"td-image-wrap \" title=\"Vis\u00e3o do setor hidrovi\u00e1rio e portu\u00e1rio em momentos de Covid-19: Oportunidades e Perspectivas\" ><img loading=\"lazy\" decoding=\"async\" class=\"entry-thumb\" src=\"data:image\/png;base64,iVBORw0KGgoAAAANSUhEUgAAAWQAAADcAQMAAAB9O0nPAAAAA1BMVEWurq51dlI4AAAAAXRSTlMmkutdmwAAACBJREFUaN7twTEBAAAAwiD7p7bDbmAAAAAAAAAAAABAdieIAAGQh2mWAAAAAElFTkSuQmCC\" alt=\"\" title=\"Vis\u00e3o do setor hidrovi\u00e1rio e portu\u00e1rio em momentos de Covid-19: Oportunidades e Perspectivas\" data-type=\"image_tag\" data-img-url=\"https:\/\/www.institutodeengenharia.org.br\/site\/wp-content\/uploads\/2020\/05\/Setor-hidrovias-356x220.jpg\"  width=\"356\" height=\"220\" \/><\/a><\/div>\r\n            <div class=\"td-module-meta-info\">\r\n                <h3 class=\"entry-title td-module-title\"><a href=\"https:\/\/www.institutodeengenharia.org.br\/site\/2020\/05\/08\/visao-do-setor-hidroviario-e-portuario-em-momentos-de-covid-19-oportunidades-e-perspectivas\/\"  rel=\"bookmark\" title=\"Vis\u00e3o do setor hidrovi\u00e1rio e portu\u00e1rio em momentos de Covid-19: Oportunidades e Perspectivas\">Vis\u00e3o do setor hidrovi\u00e1rio e portu\u00e1rio em momentos de Covid-19: Oportunidades e Perspectivas<\/a><\/h3>                <div class=\"td-editor-date\">\r\n                                        <span class=\"td-author-date\">\r\n                                                <span class=\"td-post-date\"><time class=\"entry-date updated td-module-date\" datetime=\"2020-05-08T09:52:53-03:00\" >08\/05\/2020<\/time><\/span>                    <\/span>\r\n                <\/div>\r\n            <\/div>\r\n\r\n        <\/div>\r\n\r\n        \n\t<\/div> <!-- .\/td-block-span4 --><\/div><!--.\/row-fluid-->\n\n\t<div class=\"td-block-row\">\n\n\t<div class=\"td-block-span4\">\n\r\n        <div class=\"td_module_mx1 td_module_wrap td-animation-stack\">\r\n            <div class=\"td-module-thumb\"><a href=\"https:\/\/www.institutodeengenharia.org.br\/site\/2020\/05\/07\/avaliacoes-para-credito-imobiliario\/\"  rel=\"bookmark\" class=\"td-image-wrap \" title=\"Avalia\u00e7\u00f5es para cr\u00e9dito imobili\u00e1rio\" ><img loading=\"lazy\" decoding=\"async\" class=\"entry-thumb\" src=\"data:image\/png;base64,iVBORw0KGgoAAAANSUhEUgAAAWQAAADcAQMAAAB9O0nPAAAAA1BMVEWurq51dlI4AAAAAXRSTlMmkutdmwAAACBJREFUaN7twTEBAAAAwiD7p7bDbmAAAAAAAAAAAABAdieIAAGQh2mWAAAAAElFTkSuQmCC\" alt=\"\" title=\"Avalia\u00e7\u00f5es para cr\u00e9dito imobili\u00e1rio\" data-type=\"image_tag\" data-img-url=\"https:\/\/www.institutodeengenharia.org.br\/site\/wp-content\/uploads\/2020\/04\/sd_1007_samba-356x220.jpg\"  width=\"356\" height=\"220\" \/><\/a><\/div>\r\n            <div class=\"td-module-meta-info\">\r\n                <h3 class=\"entry-title td-module-title\"><a href=\"https:\/\/www.institutodeengenharia.org.br\/site\/2020\/05\/07\/avaliacoes-para-credito-imobiliario\/\"  rel=\"bookmark\" title=\"Avalia\u00e7\u00f5es para cr\u00e9dito imobili\u00e1rio\">Avalia\u00e7\u00f5es para cr\u00e9dito imobili\u00e1rio<\/a><\/h3>                <div class=\"td-editor-date\">\r\n                                        <span class=\"td-author-date\">\r\n                                                <span class=\"td-post-date\"><time class=\"entry-date updated td-module-date\" datetime=\"2020-05-07T10:05:46-03:00\" >07\/05\/2020<\/time><\/span>                    <\/span>\r\n                <\/div>\r\n            <\/div>\r\n\r\n        <\/div>\r\n\r\n        \n\t<\/div> <!-- .\/td-block-span4 -->\n\n\t<div class=\"td-block-span4\">\n\r\n        <div class=\"td_module_mx1 td_module_wrap td-animation-stack\">\r\n            <div class=\"td-module-thumb\"><a href=\"https:\/\/www.institutodeengenharia.org.br\/site\/2020\/05\/06\/a-gestao-e-governanca-com-inovacao-e-qualidade-em-empresas-no-momento-pos-crise-o-que-esperar\/\"  rel=\"bookmark\" class=\"td-image-wrap \" title=\"A gest\u00e3o e governan\u00e7a com inova\u00e7\u00e3o e qualidade em empresas no momento p\u00f3s-crise: O que esperar?\" ><img loading=\"lazy\" decoding=\"async\" class=\"entry-thumb\" src=\"data:image\/png;base64,iVBORw0KGgoAAAANSUhEUgAAAWQAAADcAQMAAAB9O0nPAAAAA1BMVEWurq51dlI4AAAAAXRSTlMmkutdmwAAACBJREFUaN7twTEBAAAAwiD7p7bDbmAAAAAAAAAAAABAdieIAAGQh2mWAAAAAElFTkSuQmCC\" alt=\"\" title=\"A gest\u00e3o e governan\u00e7a com inova\u00e7\u00e3o e qualidade em empresas no momento p\u00f3s-crise: O que esperar?\" data-type=\"image_tag\" data-img-url=\"https:\/\/www.institutodeengenharia.org.br\/site\/wp-content\/uploads\/2020\/05\/inova\u00e7\u00e3o-356x220.jpg\"  width=\"356\" height=\"220\" \/><\/a><\/div>\r\n            <div class=\"td-module-meta-info\">\r\n                <h3 class=\"entry-title td-module-title\"><a href=\"https:\/\/www.institutodeengenharia.org.br\/site\/2020\/05\/06\/a-gestao-e-governanca-com-inovacao-e-qualidade-em-empresas-no-momento-pos-crise-o-que-esperar\/\"  rel=\"bookmark\" title=\"A gest\u00e3o e governan\u00e7a com inova\u00e7\u00e3o e qualidade em empresas no momento p\u00f3s-crise: O que esperar?\">A gest\u00e3o e governan\u00e7a com inova\u00e7\u00e3o e qualidade em empresas no momento p\u00f3s-crise: O que esperar?<\/a><\/h3>                <div class=\"td-editor-date\">\r\n                                        <span class=\"td-author-date\">\r\n                                                <span class=\"td-post-date\"><time class=\"entry-date updated td-module-date\" datetime=\"2020-05-06T18:11:57-03:00\" >06\/05\/2020<\/time><\/span>                    <\/span>\r\n                <\/div>\r\n            <\/div>\r\n\r\n        <\/div>\r\n\r\n        \n\t<\/div> <!-- .\/td-block-span4 -->\n\n\t<div class=\"td-block-span4\">\n\r\n        <div class=\"td_module_mx1 td_module_wrap td-animation-stack\">\r\n            <div class=\"td-module-thumb\"><a href=\"https:\/\/www.institutodeengenharia.org.br\/site\/2020\/05\/06\/declaracao-de-estocolmo-decada-de-acao-da-seguranca-no-transito-e-paralelos-com-cenarios-pos-covid-19\/\"  rel=\"bookmark\" class=\"td-image-wrap \" title=\"Declara\u00e7\u00e3o de Estocolmo: D\u00e9cada de a\u00e7\u00e3o da Seguran\u00e7a no Tr\u00e2nsito e paralelos com cen\u00e1rios P\u00f3s-Covid-19\" ><img loading=\"lazy\" decoding=\"async\" class=\"entry-thumb\" src=\"data:image\/png;base64,iVBORw0KGgoAAAANSUhEUgAAAWQAAADcAQMAAAB9O0nPAAAAA1BMVEWurq51dlI4AAAAAXRSTlMmkutdmwAAACBJREFUaN7twTEBAAAAwiD7p7bDbmAAAAAAAAAAAABAdieIAAGQh2mWAAAAAElFTkSuQmCC\" alt=\"\" title=\"Declara\u00e7\u00e3o de Estocolmo: D\u00e9cada de a\u00e7\u00e3o da Seguran\u00e7a no Tr\u00e2nsito e paralelos com cen\u00e1rios P\u00f3s-Covid-19\" data-type=\"image_tag\" data-img-url=\"https:\/\/www.institutodeengenharia.org.br\/site\/wp-content\/uploads\/2020\/05\/seguran\u00e7a-no-tran-356x220.jpg\"  width=\"356\" height=\"220\" \/><\/a><\/div>\r\n            <div class=\"td-module-meta-info\">\r\n                <h3 class=\"entry-title td-module-title\"><a href=\"https:\/\/www.institutodeengenharia.org.br\/site\/2020\/05\/06\/declaracao-de-estocolmo-decada-de-acao-da-seguranca-no-transito-e-paralelos-com-cenarios-pos-covid-19\/\"  rel=\"bookmark\" title=\"Declara\u00e7\u00e3o de Estocolmo: D\u00e9cada de a\u00e7\u00e3o da Seguran\u00e7a no Tr\u00e2nsito e paralelos com cen\u00e1rios P\u00f3s-Covid-19\">Declara\u00e7\u00e3o de Estocolmo: D\u00e9cada de a\u00e7\u00e3o da Seguran\u00e7a no Tr\u00e2nsito e paralelos com cen\u00e1rios P\u00f3s-Covid-19<\/a><\/h3>                <div class=\"td-editor-date\">\r\n                                        <span class=\"td-author-date\">\r\n                                                <span class=\"td-post-date\"><time class=\"entry-date updated td-module-date\" datetime=\"2020-05-06T15:49:27-03:00\" >06\/05\/2020<\/time><\/span>                    <\/span>\r\n                <\/div>\r\n            <\/div>\r\n\r\n        <\/div>\r\n\r\n        \n\t<\/div> <!-- .\/td-block-span4 --><\/div><!--.\/row-fluid-->\n\n\t<div class=\"td-block-row\">\n\n\t<div class=\"td-block-span4\">\n\r\n        <div class=\"td_module_mx1 td_module_wrap td-animation-stack\">\r\n            <div class=\"td-module-thumb\"><a href=\"https:\/\/www.institutodeengenharia.org.br\/site\/2020\/05\/06\/agropecuaria-impactos-e-superacao-na-crise\/\"  rel=\"bookmark\" class=\"td-image-wrap \" title=\"Agropecu\u00e1ria: Impactos e supera\u00e7\u00e3o na crise\" ><img loading=\"lazy\" decoding=\"async\" class=\"entry-thumb\" src=\"data:image\/png;base64,iVBORw0KGgoAAAANSUhEUgAAAWQAAADcAQMAAAB9O0nPAAAAA1BMVEWurq51dlI4AAAAAXRSTlMmkutdmwAAACBJREFUaN7twTEBAAAAwiD7p7bDbmAAAAAAAAAAAABAdieIAAGQh2mWAAAAAElFTkSuQmCC\" alt=\"\" title=\"Agropecu\u00e1ria: Impactos e supera\u00e7\u00e3o na crise\" data-type=\"image_tag\" data-img-url=\"https:\/\/www.institutodeengenharia.org.br\/site\/wp-content\/uploads\/2020\/05\/agropecu\u00e1ria-356x220.jpg\"  width=\"356\" height=\"220\" \/><\/a><\/div>\r\n            <div class=\"td-module-meta-info\">\r\n                <h3 class=\"entry-title td-module-title\"><a href=\"https:\/\/www.institutodeengenharia.org.br\/site\/2020\/05\/06\/agropecuaria-impactos-e-superacao-na-crise\/\"  rel=\"bookmark\" title=\"Agropecu\u00e1ria: Impactos e supera\u00e7\u00e3o na crise\">Agropecu\u00e1ria: Impactos e supera\u00e7\u00e3o na crise<\/a><\/h3>                <div class=\"td-editor-date\">\r\n                                        <span class=\"td-author-date\">\r\n                                                <span class=\"td-post-date\"><time class=\"entry-date updated td-module-date\" datetime=\"2020-05-06T10:35:35-03:00\" >06\/05\/2020<\/time><\/span>                    <\/span>\r\n                <\/div>\r\n            <\/div>\r\n\r\n        <\/div>\r\n\r\n        \n\t<\/div> <!-- .\/td-block-span4 -->\n\n\t<div class=\"td-block-span4\">\n\r\n        <div class=\"td_module_mx1 td_module_wrap td-animation-stack\">\r\n            <div class=\"td-module-thumb\"><a href=\"https:\/\/www.institutodeengenharia.org.br\/site\/2020\/05\/06\/compliance-estrategia-para-a-sua-empresa-se-manter-no-mercado\/\"  rel=\"bookmark\" class=\"td-image-wrap \" title=\"Compliance: Estrat\u00e9gia para a sua empresa se manter no mercado\" ><img loading=\"lazy\" decoding=\"async\" class=\"entry-thumb\" src=\"data:image\/png;base64,iVBORw0KGgoAAAANSUhEUgAAAWQAAADcAQMAAAB9O0nPAAAAA1BMVEWurq51dlI4AAAAAXRSTlMmkutdmwAAACBJREFUaN7twTEBAAAAwiD7p7bDbmAAAAAAAAAAAABAdieIAAGQh2mWAAAAAElFTkSuQmCC\" alt=\"\" title=\"Compliance: Estrat\u00e9gia para a sua empresa se manter no mercado\" data-type=\"image_tag\" data-img-url=\"https:\/\/www.institutodeengenharia.org.br\/site\/wp-content\/uploads\/2020\/04\/acordo-de-socios-empresa-familiar-356x220.png\"  width=\"356\" height=\"220\" \/><\/a><\/div>\r\n            <div class=\"td-module-meta-info\">\r\n                <h3 class=\"entry-title td-module-title\"><a href=\"https:\/\/www.institutodeengenharia.org.br\/site\/2020\/05\/06\/compliance-estrategia-para-a-sua-empresa-se-manter-no-mercado\/\"  rel=\"bookmark\" title=\"Compliance: Estrat\u00e9gia para a sua empresa se manter no mercado\">Compliance: Estrat\u00e9gia para a sua empresa se manter no mercado<\/a><\/h3>                <div class=\"td-editor-date\">\r\n                                        <span class=\"td-author-date\">\r\n                                                <span class=\"td-post-date\"><time class=\"entry-date updated td-module-date\" datetime=\"2020-05-06T10:08:28-03:00\" >06\/05\/2020<\/time><\/span>                    <\/span>\r\n                <\/div>\r\n            <\/div>\r\n\r\n        <\/div>\r\n\r\n        \n\t<\/div> <!-- .\/td-block-span4 -->\n\n\t<div class=\"td-block-span4\">\n\r\n        <div class=\"td_module_mx1 td_module_wrap td-animation-stack\">\r\n            <div class=\"td-module-thumb\"><a href=\"https:\/\/www.institutodeengenharia.org.br\/site\/2020\/05\/04\/como-a-transformacao-digital-apoiara-o-retorno-das-atividades-organizacionais\/\"  rel=\"bookmark\" class=\"td-image-wrap \" title=\"Como a transforma\u00e7\u00e3o digital apoiar\u00e1 o retorno das atividades organizacionais\" ><img loading=\"lazy\" decoding=\"async\" class=\"entry-thumb\" src=\"data:image\/png;base64,iVBORw0KGgoAAAANSUhEUgAAAWQAAADcAQMAAAB9O0nPAAAAA1BMVEWurq51dlI4AAAAAXRSTlMmkutdmwAAACBJREFUaN7twTEBAAAAwiD7p7bDbmAAAAAAAAAAAABAdieIAAGQh2mWAAAAAElFTkSuQmCC\" alt=\"\" title=\"Como a transforma\u00e7\u00e3o digital apoiar\u00e1 o retorno das atividades organizacionais\" data-type=\"image_tag\" data-img-url=\"https:\/\/www.institutodeengenharia.org.br\/site\/wp-content\/uploads\/2020\/05\/transforma\u00e7\u00e3o-digi-356x220.jpg\"  width=\"356\" height=\"220\" \/><\/a><\/div>\r\n            <div class=\"td-module-meta-info\">\r\n                <h3 class=\"entry-title td-module-title\"><a href=\"https:\/\/www.institutodeengenharia.org.br\/site\/2020\/05\/04\/como-a-transformacao-digital-apoiara-o-retorno-das-atividades-organizacionais\/\"  rel=\"bookmark\" title=\"Como a transforma\u00e7\u00e3o digital apoiar\u00e1 o retorno das atividades organizacionais\">Como a transforma\u00e7\u00e3o digital apoiar\u00e1 o retorno das atividades organizacionais<\/a><\/h3>                <div class=\"td-editor-date\">\r\n                                        <span class=\"td-author-date\">\r\n                                                <span class=\"td-post-date\"><time class=\"entry-date updated td-module-date\" datetime=\"2020-05-04T15:36:06-03:00\" >04\/05\/2020<\/time><\/span>                    <\/span>\r\n                <\/div>\r\n            <\/div>\r\n\r\n        <\/div>\r\n\r\n        \n\t<\/div> <!-- .\/td-block-span4 --><\/div><!--.\/row-fluid-->\n\n\t<div class=\"td-block-row\">\n\n\t<div class=\"td-block-span4\">\n\r\n        <div class=\"td_module_mx1 td_module_wrap td-animation-stack\">\r\n            <div class=\"td-module-thumb\"><a href=\"https:\/\/www.institutodeengenharia.org.br\/site\/2020\/05\/04\/desafios-do-transporte-publico-depois-da-pandemia\/\"  rel=\"bookmark\" class=\"td-image-wrap \" title=\"Desafios do transporte p\u00fablico depois da pandemia\" ><img loading=\"lazy\" decoding=\"async\" class=\"entry-thumb\" src=\"data:image\/png;base64,iVBORw0KGgoAAAANSUhEUgAAAWQAAADcAQMAAAB9O0nPAAAAA1BMVEWurq51dlI4AAAAAXRSTlMmkutdmwAAACBJREFUaN7twTEBAAAAwiD7p7bDbmAAAAAAAAAAAABAdieIAAGQh2mWAAAAAElFTkSuQmCC\" alt=\"\" title=\"Desafios do transporte p\u00fablico depois da pandemia\" data-type=\"image_tag\" data-img-url=\"https:\/\/www.institutodeengenharia.org.br\/site\/wp-content\/uploads\/2020\/05\/public-transport-356x220.jpg\"  width=\"356\" height=\"220\" \/><\/a><\/div>\r\n            <div class=\"td-module-meta-info\">\r\n                <h3 class=\"entry-title td-module-title\"><a href=\"https:\/\/www.institutodeengenharia.org.br\/site\/2020\/05\/04\/desafios-do-transporte-publico-depois-da-pandemia\/\"  rel=\"bookmark\" title=\"Desafios do transporte p\u00fablico depois da pandemia\">Desafios do transporte p\u00fablico depois da pandemia<\/a><\/h3>                <div class=\"td-editor-date\">\r\n                                        <span class=\"td-author-date\">\r\n                                                <span class=\"td-post-date\"><time class=\"entry-date updated td-module-date\" datetime=\"2020-05-04T10:39:23-03:00\" >04\/05\/2020<\/time><\/span>                    <\/span>\r\n                <\/div>\r\n            <\/div>\r\n\r\n        <\/div>\r\n\r\n        \n\t<\/div> <!-- .\/td-block-span4 -->\n\n\t<div class=\"td-block-span4\">\n\r\n        <div class=\"td_module_mx1 td_module_wrap td-animation-stack\">\r\n            <div class=\"td-module-thumb\"><a href=\"https:\/\/www.institutodeengenharia.org.br\/site\/2020\/05\/04\/licoes-aprendidas-com-a-pandemia-modificacao-mental\/\"  rel=\"bookmark\" class=\"td-image-wrap \" title=\"Li\u00e7\u00f5es aprendidas com a pandemia: Modifica\u00e7\u00e3o Mental\" ><img loading=\"lazy\" decoding=\"async\" class=\"entry-thumb\" src=\"data:image\/png;base64,iVBORw0KGgoAAAANSUhEUgAAAWQAAADcAQMAAAB9O0nPAAAAA1BMVEWurq51dlI4AAAAAXRSTlMmkutdmwAAACBJREFUaN7twTEBAAAAwiD7p7bDbmAAAAAAAAAAAABAdieIAAGQh2mWAAAAAElFTkSuQmCC\" alt=\"\" title=\"Li\u00e7\u00f5es aprendidas com a pandemia: Modifica\u00e7\u00e3o Mental\" data-type=\"image_tag\" data-img-url=\"https:\/\/www.institutodeengenharia.org.br\/site\/wp-content\/uploads\/2020\/05\/modifica\u00e7\u00e3o-mental-356x220.jpg\"  width=\"356\" height=\"220\" \/><\/a><\/div>\r\n            <div class=\"td-module-meta-info\">\r\n                <h3 class=\"entry-title td-module-title\"><a href=\"https:\/\/www.institutodeengenharia.org.br\/site\/2020\/05\/04\/licoes-aprendidas-com-a-pandemia-modificacao-mental\/\"  rel=\"bookmark\" title=\"Li\u00e7\u00f5es aprendidas com a pandemia: Modifica\u00e7\u00e3o Mental\">Li\u00e7\u00f5es aprendidas com a pandemia: Modifica\u00e7\u00e3o Mental<\/a><\/h3>                <div class=\"td-editor-date\">\r\n                                        <span class=\"td-author-date\">\r\n                                                <span class=\"td-post-date\"><time class=\"entry-date updated td-module-date\" datetime=\"2020-05-04T10:36:33-03:00\" >04\/05\/2020<\/time><\/span>                    <\/span>\r\n                <\/div>\r\n            <\/div>\r\n\r\n        <\/div>\r\n\r\n        \n\t<\/div> <!-- .\/td-block-span4 -->\n\n\t<div class=\"td-block-span4\">\n\r\n        <div class=\"td_module_mx1 td_module_wrap td-animation-stack\">\r\n            <div class=\"td-module-thumb\"><a href=\"https:\/\/www.institutodeengenharia.org.br\/site\/2020\/05\/04\/modelos-de-simulacao-e-a-mobilidade-urbana-no-pos-crise\/\"  rel=\"bookmark\" class=\"td-image-wrap \" title=\"Modelos de simula\u00e7\u00e3o e a Mobilidade Urbana no p\u00f3s-crise\" ><img loading=\"lazy\" decoding=\"async\" class=\"entry-thumb\" src=\"data:image\/png;base64,iVBORw0KGgoAAAANSUhEUgAAAWQAAADcAQMAAAB9O0nPAAAAA1BMVEWurq51dlI4AAAAAXRSTlMmkutdmwAAACBJREFUaN7twTEBAAAAwiD7p7bDbmAAAAAAAAAAAABAdieIAAGQh2mWAAAAAElFTkSuQmCC\" alt=\"\" title=\"Modelos de simula\u00e7\u00e3o e a Mobilidade Urbana no p\u00f3s-crise\" data-type=\"image_tag\" data-img-url=\"https:\/\/www.institutodeengenharia.org.br\/site\/wp-content\/uploads\/2020\/04\/como-drone-funciona-1-356x220.jpg\"  width=\"356\" height=\"220\" \/><\/a><\/div>\r\n            <div class=\"td-module-meta-info\">\r\n                <h3 class=\"entry-title td-module-title\"><a href=\"https:\/\/www.institutodeengenharia.org.br\/site\/2020\/05\/04\/modelos-de-simulacao-e-a-mobilidade-urbana-no-pos-crise\/\"  rel=\"bookmark\" title=\"Modelos de simula\u00e7\u00e3o e a Mobilidade Urbana no p\u00f3s-crise\">Modelos de simula\u00e7\u00e3o e a Mobilidade Urbana no p\u00f3s-crise<\/a><\/h3>                <div class=\"td-editor-date\">\r\n                                        <span class=\"td-author-date\">\r\n                                                <span class=\"td-post-date\"><time class=\"entry-date updated td-module-date\" datetime=\"2020-05-04T10:11:13-03:00\" >04\/05\/2020<\/time><\/span>                    <\/span>\r\n                <\/div>\r\n            <\/div>\r\n\r\n        <\/div>\r\n\r\n        \n\t<\/div> <!-- .\/td-block-span4 --><\/div><!--.\/row-fluid-->\n\n\t<div class=\"td-block-row\">\n\n\t<div class=\"td-block-span4\">\n\r\n        <div class=\"td_module_mx1 td_module_wrap td-animation-stack\">\r\n            <div class=\"td-module-thumb\"><a href=\"https:\/\/www.institutodeengenharia.org.br\/site\/2020\/04\/29\/licoes-aprendidas-com-a-pandemia-do-covid-19-sob-a-otica-da-confiabilidade\/\"  rel=\"bookmark\" class=\"td-image-wrap \" title=\"Li\u00e7\u00f5es aprendidas com a pandemia do Covid-19 sob a \u00f3tica da confiabilidade\" ><img loading=\"lazy\" decoding=\"async\" class=\"entry-thumb\" src=\"data:image\/png;base64,iVBORw0KGgoAAAANSUhEUgAAAWQAAADcAQMAAAB9O0nPAAAAA1BMVEWurq51dlI4AAAAAXRSTlMmkutdmwAAACBJREFUaN7twTEBAAAAwiD7p7bDbmAAAAAAAAAAAABAdieIAAGQh2mWAAAAAElFTkSuQmCC\" alt=\"\" title=\"Li\u00e7\u00f5es aprendidas com a pandemia do Covid-19 sob a \u00f3tica da confiabilidade\" data-type=\"image_tag\" data-img-url=\"https:\/\/www.institutodeengenharia.org.br\/site\/wp-content\/uploads\/2020\/04\/li\u00e7\u00f5es-356x220.jpg\"  width=\"356\" height=\"220\" \/><\/a><\/div>\r\n            <div class=\"td-module-meta-info\">\r\n                <h3 class=\"entry-title td-module-title\"><a href=\"https:\/\/www.institutodeengenharia.org.br\/site\/2020\/04\/29\/licoes-aprendidas-com-a-pandemia-do-covid-19-sob-a-otica-da-confiabilidade\/\"  rel=\"bookmark\" title=\"Li\u00e7\u00f5es aprendidas com a pandemia do Covid-19 sob a \u00f3tica da confiabilidade\">Li\u00e7\u00f5es aprendidas com a pandemia do Covid-19 sob a \u00f3tica da confiabilidade<\/a><\/h3>                <div class=\"td-editor-date\">\r\n                                        <span class=\"td-author-date\">\r\n                                                <span class=\"td-post-date\"><time class=\"entry-date updated td-module-date\" datetime=\"2020-04-29T14:39:21-03:00\" >29\/04\/2020<\/time><\/span>                    <\/span>\r\n                <\/div>\r\n            <\/div>\r\n\r\n        <\/div>\r\n\r\n        \n\t<\/div> <!-- .\/td-block-span4 -->\n\n\t<div class=\"td-block-span4\">\n\r\n        <div class=\"td_module_mx1 td_module_wrap td-animation-stack\">\r\n            <div class=\"td-module-thumb\"><a href=\"https:\/\/www.institutodeengenharia.org.br\/site\/2020\/04\/29\/educacao-e-pesquisa-universitaria-desafios-na-crise\/\"  rel=\"bookmark\" class=\"td-image-wrap \" title=\"Educa\u00e7\u00e3o e pesquisa universit\u00e1ria: Desafios na crise\" ><img loading=\"lazy\" decoding=\"async\" class=\"entry-thumb\" src=\"data:image\/png;base64,iVBORw0KGgoAAAANSUhEUgAAAWQAAADcAQMAAAB9O0nPAAAAA1BMVEWurq51dlI4AAAAAXRSTlMmkutdmwAAACBJREFUaN7twTEBAAAAwiD7p7bDbmAAAAAAAAAAAABAdieIAAGQh2mWAAAAAElFTkSuQmCC\" alt=\"\" title=\"Educa\u00e7\u00e3o e pesquisa universit\u00e1ria: Desafios na crise\" data-type=\"image_tag\" data-img-url=\"https:\/\/www.institutodeengenharia.org.br\/site\/wp-content\/uploads\/2020\/04\/educa\u00e7\u00e3o-1-356x220.jpg\"  width=\"356\" height=\"220\" \/><\/a><\/div>\r\n            <div class=\"td-module-meta-info\">\r\n                <h3 class=\"entry-title td-module-title\"><a href=\"https:\/\/www.institutodeengenharia.org.br\/site\/2020\/04\/29\/educacao-e-pesquisa-universitaria-desafios-na-crise\/\"  rel=\"bookmark\" title=\"Educa\u00e7\u00e3o e pesquisa universit\u00e1ria: Desafios na crise\">Educa\u00e7\u00e3o e pesquisa universit\u00e1ria: Desafios na crise<\/a><\/h3>                <div class=\"td-editor-date\">\r\n                                        <span class=\"td-author-date\">\r\n                                                <span class=\"td-post-date\"><time class=\"entry-date updated td-module-date\" datetime=\"2020-04-29T10:24:43-03:00\" >29\/04\/2020<\/time><\/span>                    <\/span>\r\n                <\/div>\r\n            <\/div>\r\n\r\n        <\/div>\r\n\r\n        \n\t<\/div> <!-- .\/td-block-span4 -->\n\n\t<div class=\"td-block-span4\">\n\r\n        <div class=\"td_module_mx1 td_module_wrap td-animation-stack\">\r\n            <div class=\"td-module-thumb\"><a href=\"https:\/\/www.institutodeengenharia.org.br\/site\/2020\/04\/28\/ensaios-avancados-no-diagnostico-e-terapia-de-manifestacoes-patologicas-em-revestimentos\/\"  rel=\"bookmark\" class=\"td-image-wrap \" title=\"Ensaios avan\u00e7ados no diagn\u00f3stico e terapia de manifesta\u00e7\u00f5es patol\u00f3gicas em revestimentos\" ><img loading=\"lazy\" decoding=\"async\" class=\"entry-thumb\" src=\"data:image\/png;base64,iVBORw0KGgoAAAANSUhEUgAAAWQAAADcAQMAAAB9O0nPAAAAA1BMVEWurq51dlI4AAAAAXRSTlMmkutdmwAAACBJREFUaN7twTEBAAAAwiD7p7bDbmAAAAAAAAAAAABAdieIAAGQh2mWAAAAAElFTkSuQmCC\" alt=\"\" title=\"Ensaios avan\u00e7ados no diagn\u00f3stico e terapia de manifesta\u00e7\u00f5es patol\u00f3gicas em revestimentos\" data-type=\"image_tag\" data-img-url=\"https:\/\/www.institutodeengenharia.org.br\/site\/wp-content\/uploads\/2020\/03\/Novo_Layout-11-1-356x220.jpg\"  width=\"356\" height=\"220\" \/><\/a><\/div>\r\n            <div class=\"td-module-meta-info\">\r\n                <h3 class=\"entry-title td-module-title\"><a href=\"https:\/\/www.institutodeengenharia.org.br\/site\/2020\/04\/28\/ensaios-avancados-no-diagnostico-e-terapia-de-manifestacoes-patologicas-em-revestimentos\/\"  rel=\"bookmark\" title=\"Ensaios avan\u00e7ados no diagn\u00f3stico e terapia de manifesta\u00e7\u00f5es patol\u00f3gicas em revestimentos\">Ensaios avan\u00e7ados no diagn\u00f3stico e terapia de manifesta\u00e7\u00f5es patol\u00f3gicas em revestimentos<\/a><\/h3>                <div class=\"td-editor-date\">\r\n                                        <span class=\"td-author-date\">\r\n                                                <span class=\"td-post-date\"><time class=\"entry-date updated td-module-date\" datetime=\"2020-04-28T17:40:46-03:00\" >28\/04\/2020<\/time><\/span>                    <\/span>\r\n                <\/div>\r\n            <\/div>\r\n\r\n        <\/div>\r\n\r\n        \n\t<\/div> <!-- .\/td-block-span4 --><\/div><!--.\/row-fluid-->\n\n\t<div class=\"td-block-row\">\n\n\t<div class=\"td-block-span4\">\n\r\n        <div class=\"td_module_mx1 td_module_wrap td-animation-stack\">\r\n            <div class=\"td-module-thumb\"><a href=\"https:\/\/www.institutodeengenharia.org.br\/site\/2020\/04\/28\/nosso-momento-bim-2\/\"  rel=\"bookmark\" class=\"td-image-wrap \" title=\"Nosso Momento BIM\" ><img loading=\"lazy\" decoding=\"async\" class=\"entry-thumb\" src=\"data:image\/png;base64,iVBORw0KGgoAAAANSUhEUgAAAWQAAADcAQMAAAB9O0nPAAAAA1BMVEWurq51dlI4AAAAAXRSTlMmkutdmwAAACBJREFUaN7twTEBAAAAwiD7p7bDbmAAAAAAAAAAAABAdieIAAGQh2mWAAAAAElFTkSuQmCC\" alt=\"\" title=\"Nosso Momento BIM\" data-type=\"image_tag\" data-img-url=\"https:\/\/www.institutodeengenharia.org.br\/site\/wp-content\/uploads\/2020\/03\/nosso-bim-1-356x220.jpg\"  width=\"356\" height=\"220\" \/><\/a><\/div>\r\n            <div class=\"td-module-meta-info\">\r\n                <h3 class=\"entry-title td-module-title\"><a href=\"https:\/\/www.institutodeengenharia.org.br\/site\/2020\/04\/28\/nosso-momento-bim-2\/\"  rel=\"bookmark\" title=\"Nosso Momento BIM\">Nosso Momento BIM<\/a><\/h3>                <div class=\"td-editor-date\">\r\n                                        <span class=\"td-author-date\">\r\n                                                <span class=\"td-post-date\"><time class=\"entry-date updated td-module-date\" datetime=\"2020-04-28T11:40:00-03:00\" >28\/04\/2020<\/time><\/span>                    <\/span>\r\n                <\/div>\r\n            <\/div>\r\n\r\n        <\/div>\r\n\r\n        \n\t<\/div> <!-- .\/td-block-span4 -->\n\n\t<div class=\"td-block-span4\">\n\r\n        <div class=\"td_module_mx1 td_module_wrap td-animation-stack\">\r\n            <div class=\"td-module-thumb\"><a href=\"https:\/\/www.institutodeengenharia.org.br\/site\/2020\/04\/27\/cidades-os-desafios-e-oportunidades-pos-pandemia\/\"  rel=\"bookmark\" class=\"td-image-wrap \" title=\"Cidades: Os desafios e oportunidades p\u00f3s-pandemia\" ><img loading=\"lazy\" decoding=\"async\" class=\"entry-thumb\" src=\"data:image\/png;base64,iVBORw0KGgoAAAANSUhEUgAAAWQAAADcAQMAAAB9O0nPAAAAA1BMVEWurq51dlI4AAAAAXRSTlMmkutdmwAAACBJREFUaN7twTEBAAAAwiD7p7bDbmAAAAAAAAAAAABAdieIAAGQh2mWAAAAAElFTkSuQmCC\" alt=\"\" title=\"Cidades: Os desafios e oportunidades p\u00f3s-pandemia\" data-type=\"image_tag\" data-img-url=\"https:\/\/www.institutodeengenharia.org.br\/site\/wp-content\/uploads\/2020\/04\/cidade-356x220.jpg\"  width=\"356\" height=\"220\" \/><\/a><\/div>\r\n            <div class=\"td-module-meta-info\">\r\n                <h3 class=\"entry-title td-module-title\"><a href=\"https:\/\/www.institutodeengenharia.org.br\/site\/2020\/04\/27\/cidades-os-desafios-e-oportunidades-pos-pandemia\/\"  rel=\"bookmark\" title=\"Cidades: Os desafios e oportunidades p\u00f3s-pandemia\">Cidades: Os desafios e oportunidades p\u00f3s-pandemia<\/a><\/h3>                <div class=\"td-editor-date\">\r\n                                        <span class=\"td-author-date\">\r\n                                                <span class=\"td-post-date\"><time class=\"entry-date updated td-module-date\" datetime=\"2020-04-27T14:23:15-03:00\" >27\/04\/2020<\/time><\/span>                    <\/span>\r\n                <\/div>\r\n            <\/div>\r\n\r\n        <\/div>\r\n\r\n        \n\t<\/div> <!-- .\/td-block-span4 -->\n\n\t<div class=\"td-block-span4\">\n\r\n        <div class=\"td_module_mx1 td_module_wrap td-animation-stack\">\r\n            <div class=\"td-module-thumb\"><a href=\"https:\/\/www.institutodeengenharia.org.br\/site\/2020\/04\/27\/o-que-pode-ser-feito-para-a-mobilidade-urbana-das-cidades-enfrentar-situacoes-graves-de-pandemias\/\"  rel=\"bookmark\" class=\"td-image-wrap \" title=\"O que pode ser feito para a Mobilidade Urbana das cidades enfrentar situa\u00e7\u00f5es graves de pandemias\" ><img loading=\"lazy\" decoding=\"async\" class=\"entry-thumb\" src=\"data:image\/png;base64,iVBORw0KGgoAAAANSUhEUgAAAWQAAADcAQMAAAB9O0nPAAAAA1BMVEWurq51dlI4AAAAAXRSTlMmkutdmwAAACBJREFUaN7twTEBAAAAwiD7p7bDbmAAAAAAAAAAAABAdieIAAGQh2mWAAAAAElFTkSuQmCC\" alt=\"\" title=\"O que pode ser feito para a Mobilidade Urbana das cidades enfrentar situa\u00e7\u00f5es graves de pandemias\" data-type=\"image_tag\" data-img-url=\"https:\/\/www.institutodeengenharia.org.br\/site\/wp-content\/uploads\/2020\/04\/transportes-356x220.jpg\"  width=\"356\" height=\"220\" \/><\/a><\/div>\r\n            <div class=\"td-module-meta-info\">\r\n                <h3 class=\"entry-title td-module-title\"><a href=\"https:\/\/www.institutodeengenharia.org.br\/site\/2020\/04\/27\/o-que-pode-ser-feito-para-a-mobilidade-urbana-das-cidades-enfrentar-situacoes-graves-de-pandemias\/\"  rel=\"bookmark\" title=\"O que pode ser feito para a Mobilidade Urbana das cidades enfrentar situa\u00e7\u00f5es graves de pandemias\">O que pode ser feito para a Mobilidade Urbana das cidades enfrentar situa\u00e7\u00f5es graves de pandemias<\/a><\/h3>                <div class=\"td-editor-date\">\r\n                                        <span class=\"td-author-date\">\r\n                                                <span class=\"td-post-date\"><time class=\"entry-date updated td-module-date\" datetime=\"2020-04-27T10:21:40-03:00\" >27\/04\/2020<\/time><\/span>                    <\/span>\r\n                <\/div>\r\n            <\/div>\r\n\r\n        <\/div>\r\n\r\n        \n\t<\/div> <!-- .\/td-block-span4 --><\/div><!--.\/row-fluid-->\n\n\t<div class=\"td-block-row\">\n\n\t<div class=\"td-block-span4\">\n\r\n        <div class=\"td_module_mx1 td_module_wrap td-animation-stack\">\r\n            <div class=\"td-module-thumb\"><a href=\"https:\/\/www.institutodeengenharia.org.br\/site\/2020\/04\/24\/a-mobilidade-urbana-depois-da-crise\/\"  rel=\"bookmark\" class=\"td-image-wrap \" title=\"A Mobilidade Urbana depois da crise\" ><img loading=\"lazy\" decoding=\"async\" class=\"entry-thumb\" src=\"data:image\/png;base64,iVBORw0KGgoAAAANSUhEUgAAAWQAAADcAQMAAAB9O0nPAAAAA1BMVEWurq51dlI4AAAAAXRSTlMmkutdmwAAACBJREFUaN7twTEBAAAAwiD7p7bDbmAAAAAAAAAAAABAdieIAAGQh2mWAAAAAElFTkSuQmCC\" alt=\"\" title=\"A Mobilidade Urbana depois da crise\" data-type=\"image_tag\" data-img-url=\"https:\/\/www.institutodeengenharia.org.br\/site\/wp-content\/uploads\/2020\/04\/mobilidade-356x220.jpg\"  width=\"356\" height=\"220\" \/><\/a><\/div>\r\n            <div class=\"td-module-meta-info\">\r\n                <h3 class=\"entry-title td-module-title\"><a href=\"https:\/\/www.institutodeengenharia.org.br\/site\/2020\/04\/24\/a-mobilidade-urbana-depois-da-crise\/\"  rel=\"bookmark\" title=\"A Mobilidade Urbana depois da crise\">A Mobilidade Urbana depois da crise<\/a><\/h3>                <div class=\"td-editor-date\">\r\n                                        <span class=\"td-author-date\">\r\n                                                <span class=\"td-post-date\"><time class=\"entry-date updated td-module-date\" datetime=\"2020-04-24T10:19:56-03:00\" >24\/04\/2020<\/time><\/span>                    <\/span>\r\n                <\/div>\r\n            <\/div>\r\n\r\n        <\/div>\r\n\r\n        \n\t<\/div> <!-- .\/td-block-span4 -->\n\n\t<div class=\"td-block-span4\">\n\r\n        <div class=\"td_module_mx1 td_module_wrap td-animation-stack\">\r\n            <div class=\"td-module-thumb\"><a href=\"https:\/\/www.institutodeengenharia.org.br\/site\/2020\/04\/23\/contaminacoes-possiveis-por-agentes-patogenicos-em-edificacoes-atraves-de-ar-condicionado-e-outros-meios\/\"  rel=\"bookmark\" class=\"td-image-wrap \" title=\"Contamina\u00e7\u00f5es poss\u00edveis por agentes patog\u00eanicos em edifica\u00e7\u00f5es atrav\u00e9s de ar condicionado e outros meios\" ><img loading=\"lazy\" decoding=\"async\" class=\"entry-thumb\" src=\"data:image\/png;base64,iVBORw0KGgoAAAANSUhEUgAAAWQAAADcAQMAAAB9O0nPAAAAA1BMVEWurq51dlI4AAAAAXRSTlMmkutdmwAAACBJREFUaN7twTEBAAAAwiD7p7bDbmAAAAAAAAAAAABAdieIAAGQh2mWAAAAAElFTkSuQmCC\" alt=\"\" title=\"Contamina\u00e7\u00f5es poss\u00edveis por agentes patog\u00eanicos em edifica\u00e7\u00f5es atrav\u00e9s de ar condicionado e outros meios\" data-type=\"image_tag\" data-img-url=\"https:\/\/www.institutodeengenharia.org.br\/site\/wp-content\/uploads\/2020\/04\/Bacterias-1024x768-1-356x220.jpg\"  width=\"356\" height=\"220\" \/><\/a><\/div>\r\n            <div class=\"td-module-meta-info\">\r\n                <h3 class=\"entry-title td-module-title\"><a href=\"https:\/\/www.institutodeengenharia.org.br\/site\/2020\/04\/23\/contaminacoes-possiveis-por-agentes-patogenicos-em-edificacoes-atraves-de-ar-condicionado-e-outros-meios\/\"  rel=\"bookmark\" title=\"Contamina\u00e7\u00f5es poss\u00edveis por agentes patog\u00eanicos em edifica\u00e7\u00f5es atrav\u00e9s de ar condicionado e outros meios\">Contamina\u00e7\u00f5es poss\u00edveis por agentes patog\u00eanicos em edifica\u00e7\u00f5es atrav\u00e9s de ar condicionado e outros meios<\/a><\/h3>                <div class=\"td-editor-date\">\r\n                                        <span class=\"td-author-date\">\r\n                                                <span class=\"td-post-date\"><time class=\"entry-date updated td-module-date\" datetime=\"2020-04-23T17:37:38-03:00\" >23\/04\/2020<\/time><\/span>                    <\/span>\r\n                <\/div>\r\n            <\/div>\r\n\r\n        <\/div>\r\n\r\n        \n\t<\/div> <!-- .\/td-block-span4 -->\n\n\t<div class=\"td-block-span4\">\n\r\n        <div class=\"td_module_mx1 td_module_wrap td-animation-stack\">\r\n            <div class=\"td-module-thumb\"><a href=\"https:\/\/www.institutodeengenharia.org.br\/site\/2020\/04\/22\/big-data-inteligencia-artificial\/\"  rel=\"bookmark\" class=\"td-image-wrap \" title=\"Big Data &#038; Intelig\u00eancia Artificial\" ><img loading=\"lazy\" decoding=\"async\" class=\"entry-thumb\" src=\"data:image\/png;base64,iVBORw0KGgoAAAANSUhEUgAAAWQAAADcAQMAAAB9O0nPAAAAA1BMVEWurq51dlI4AAAAAXRSTlMmkutdmwAAACBJREFUaN7twTEBAAAAwiD7p7bDbmAAAAAAAAAAAABAdieIAAGQh2mWAAAAAElFTkSuQmCC\" alt=\"\" title=\"Big Data &#038; Intelig\u00eancia Artificial\" data-type=\"image_tag\" data-img-url=\"https:\/\/www.institutodeengenharia.org.br\/site\/wp-content\/uploads\/2020\/04\/big-data-356x220.jpg\"  width=\"356\" height=\"220\" \/><\/a><\/div>\r\n            <div class=\"td-module-meta-info\">\r\n                <h3 class=\"entry-title td-module-title\"><a href=\"https:\/\/www.institutodeengenharia.org.br\/site\/2020\/04\/22\/big-data-inteligencia-artificial\/\"  rel=\"bookmark\" title=\"Big Data &#038; Intelig\u00eancia Artificial\">Big Data &#038; Intelig\u00eancia Artificial<\/a><\/h3>                <div class=\"td-editor-date\">\r\n                                        <span class=\"td-author-date\">\r\n                                                <span class=\"td-post-date\"><time class=\"entry-date updated td-module-date\" datetime=\"2020-04-22T18:18:12-03:00\" >22\/04\/2020<\/time><\/span>                    <\/span>\r\n                <\/div>\r\n            <\/div>\r\n\r\n        <\/div>\r\n\r\n        \n\t<\/div> <!-- .\/td-block-span4 --><\/div><!--.\/row-fluid-->\n\n\t<div class=\"td-block-row\">\n\n\t<div class=\"td-block-span4\">\n\r\n        <div class=\"td_module_mx1 td_module_wrap td-animation-stack\">\r\n            <div class=\"td-module-thumb\"><a href=\"https:\/\/www.institutodeengenharia.org.br\/site\/2020\/04\/22\/home-office-crise-ou-oportunidade\/\"  rel=\"bookmark\" class=\"td-image-wrap \" title=\"Home Office: crise ou oportunidade\" ><img loading=\"lazy\" decoding=\"async\" class=\"entry-thumb\" src=\"data:image\/png;base64,iVBORw0KGgoAAAANSUhEUgAAAWQAAADcAQMAAAB9O0nPAAAAA1BMVEWurq51dlI4AAAAAXRSTlMmkutdmwAAACBJREFUaN7twTEBAAAAwiD7p7bDbmAAAAAAAAAAAABAdieIAAGQh2mWAAAAAElFTkSuQmCC\" alt=\"\" title=\"Home Office: crise ou oportunidade\" data-type=\"image_tag\" data-img-url=\"https:\/\/www.institutodeengenharia.org.br\/site\/wp-content\/uploads\/2020\/04\/home-office-1-356x220.jpg\"  width=\"356\" height=\"220\" \/><\/a><\/div>\r\n            <div class=\"td-module-meta-info\">\r\n                <h3 class=\"entry-title td-module-title\"><a href=\"https:\/\/www.institutodeengenharia.org.br\/site\/2020\/04\/22\/home-office-crise-ou-oportunidade\/\"  rel=\"bookmark\" title=\"Home Office: crise ou oportunidade\">Home Office: crise ou oportunidade<\/a><\/h3>                <div class=\"td-editor-date\">\r\n                                        <span class=\"td-author-date\">\r\n                                                <span class=\"td-post-date\"><time class=\"entry-date updated td-module-date\" datetime=\"2020-04-22T14:16:17-03:00\" >22\/04\/2020<\/time><\/span>                    <\/span>\r\n                <\/div>\r\n            <\/div>\r\n\r\n        <\/div>\r\n\r\n        \n\t<\/div> <!-- .\/td-block-span4 -->\n\n\t<div class=\"td-block-span4\">\n\r\n        <div class=\"td_module_mx1 td_module_wrap td-animation-stack\">\r\n            <div class=\"td-module-thumb\"><a href=\"https:\/\/www.institutodeengenharia.org.br\/site\/2020\/04\/22\/o-novo-momento-da-educacao\/\"  rel=\"bookmark\" class=\"td-image-wrap \" title=\"O novo momento da Educa\u00e7\u00e3o\" ><img loading=\"lazy\" decoding=\"async\" class=\"entry-thumb\" src=\"data:image\/png;base64,iVBORw0KGgoAAAANSUhEUgAAAWQAAADcAQMAAAB9O0nPAAAAA1BMVEWurq51dlI4AAAAAXRSTlMmkutdmwAAACBJREFUaN7twTEBAAAAwiD7p7bDbmAAAAAAAAAAAABAdieIAAGQh2mWAAAAAElFTkSuQmCC\" alt=\"\" title=\"O novo momento da Educa\u00e7\u00e3o\" data-type=\"image_tag\" data-img-url=\"https:\/\/www.institutodeengenharia.org.br\/site\/wp-content\/uploads\/2020\/04\/educa\u00e7\u00e3o-356x220.jpg\"  width=\"356\" height=\"220\" \/><\/a><\/div>\r\n            <div class=\"td-module-meta-info\">\r\n                <h3 class=\"entry-title td-module-title\"><a href=\"https:\/\/www.institutodeengenharia.org.br\/site\/2020\/04\/22\/o-novo-momento-da-educacao\/\"  rel=\"bookmark\" title=\"O novo momento da Educa\u00e7\u00e3o\">O novo momento da Educa\u00e7\u00e3o<\/a><\/h3>                <div class=\"td-editor-date\">\r\n                                        <span class=\"td-author-date\">\r\n                                                <span class=\"td-post-date\"><time class=\"entry-date updated td-module-date\" datetime=\"2020-04-22T10:14:55-03:00\" >22\/04\/2020<\/time><\/span>                    <\/span>\r\n                <\/div>\r\n            <\/div>\r\n\r\n        <\/div>\r\n\r\n        \n\t<\/div> <!-- .\/td-block-span4 -->\n\n\t<div class=\"td-block-span4\">\n\r\n        <div class=\"td_module_mx1 td_module_wrap td-animation-stack\">\r\n            <div class=\"td-module-thumb\"><a href=\"https:\/\/www.institutodeengenharia.org.br\/site\/2020\/04\/20\/licoes-aprendidas-pos-crise-no-legislativo-municipal\/\"  rel=\"bookmark\" class=\"td-image-wrap \" title=\"Li\u00e7\u00f5es aprendidas p\u00f3s-crise no Legislativo Municipal\" ><img loading=\"lazy\" decoding=\"async\" class=\"entry-thumb\" src=\"data:image\/png;base64,iVBORw0KGgoAAAANSUhEUgAAAWQAAADcAQMAAAB9O0nPAAAAA1BMVEWurq51dlI4AAAAAXRSTlMmkutdmwAAACBJREFUaN7twTEBAAAAwiD7p7bDbmAAAAAAAAAAAABAdieIAAGQh2mWAAAAAElFTkSuQmCC\" alt=\"\" title=\"Li\u00e7\u00f5es aprendidas p\u00f3s-crise no Legislativo Municipal\" data-type=\"image_tag\" data-img-url=\"https:\/\/www.institutodeengenharia.org.br\/site\/wp-content\/uploads\/2020\/04\/assembleia-356x220.jpg\"  width=\"356\" height=\"220\" \/><\/a><\/div>\r\n            <div class=\"td-module-meta-info\">\r\n                <h3 class=\"entry-title td-module-title\"><a href=\"https:\/\/www.institutodeengenharia.org.br\/site\/2020\/04\/20\/licoes-aprendidas-pos-crise-no-legislativo-municipal\/\"  rel=\"bookmark\" title=\"Li\u00e7\u00f5es aprendidas p\u00f3s-crise no Legislativo Municipal\">Li\u00e7\u00f5es aprendidas p\u00f3s-crise no Legislativo Municipal<\/a><\/h3>                <div class=\"td-editor-date\">\r\n                                        <span class=\"td-author-date\">\r\n                                                <span class=\"td-post-date\"><time class=\"entry-date updated td-module-date\" datetime=\"2020-04-20T14:13:08-03:00\" >20\/04\/2020<\/time><\/span>                    <\/span>\r\n                <\/div>\r\n            <\/div>\r\n\r\n        <\/div>\r\n\r\n        \n\t<\/div> <!-- .\/td-block-span4 --><\/div><!--.\/row-fluid-->\n\n\t<div class=\"td-block-row\">\n\n\t<div class=\"td-block-span4\">\n\r\n        <div class=\"td_module_mx1 td_module_wrap td-animation-stack\">\r\n            <div class=\"td-module-thumb\"><a href=\"https:\/\/www.institutodeengenharia.org.br\/site\/2020\/04\/20\/recuperacao-da-economia-oportunidades-e-desafios\/\"  rel=\"bookmark\" class=\"td-image-wrap \" title=\"Recupera\u00e7\u00e3o da Economia: oportunidades e desafios\" ><img loading=\"lazy\" decoding=\"async\" class=\"entry-thumb\" src=\"data:image\/png;base64,iVBORw0KGgoAAAANSUhEUgAAAWQAAADcAQMAAAB9O0nPAAAAA1BMVEWurq51dlI4AAAAAXRSTlMmkutdmwAAACBJREFUaN7twTEBAAAAwiD7p7bDbmAAAAAAAAAAAABAdieIAAGQh2mWAAAAAElFTkSuQmCC\" alt=\"\" title=\"Recupera\u00e7\u00e3o da Economia: oportunidades e desafios\" data-type=\"image_tag\" data-img-url=\"https:\/\/www.institutodeengenharia.org.br\/site\/wp-content\/uploads\/2020\/04\/recupera\u00e7\u00e3o-356x220.jpg\"  width=\"356\" height=\"220\" \/><\/a><\/div>\r\n            <div class=\"td-module-meta-info\">\r\n                <h3 class=\"entry-title td-module-title\"><a href=\"https:\/\/www.institutodeengenharia.org.br\/site\/2020\/04\/20\/recuperacao-da-economia-oportunidades-e-desafios\/\"  rel=\"bookmark\" title=\"Recupera\u00e7\u00e3o da Economia: oportunidades e desafios\">Recupera\u00e7\u00e3o da Economia: oportunidades e desafios<\/a><\/h3>                <div class=\"td-editor-date\">\r\n                                        <span class=\"td-author-date\">\r\n                                                <span class=\"td-post-date\"><time class=\"entry-date updated td-module-date\" datetime=\"2020-04-20T10:11:12-03:00\" >20\/04\/2020<\/time><\/span>                    <\/span>\r\n                <\/div>\r\n            <\/div>\r\n\r\n        <\/div>\r\n\r\n        \n\t<\/div> <!-- .\/td-block-span4 -->\n\n\t<div class=\"td-block-span4\">\n\r\n        <div class=\"td_module_mx1 td_module_wrap td-animation-stack\">\r\n            <div class=\"td-module-thumb\"><a href=\"https:\/\/www.institutodeengenharia.org.br\/site\/2020\/04\/17\/telemedicina-disrupcao-e-crencas-no-atendimento\/\"  rel=\"bookmark\" class=\"td-image-wrap \" title=\"Telemedicina, disrup\u00e7\u00e3o e cren\u00e7as no atendimento\" ><img loading=\"lazy\" decoding=\"async\" class=\"entry-thumb\" src=\"data:image\/png;base64,iVBORw0KGgoAAAANSUhEUgAAAWQAAADcAQMAAAB9O0nPAAAAA1BMVEWurq51dlI4AAAAAXRSTlMmkutdmwAAACBJREFUaN7twTEBAAAAwiD7p7bDbmAAAAAAAAAAAABAdieIAAGQh2mWAAAAAElFTkSuQmCC\" alt=\"\" title=\"Telemedicina, disrup\u00e7\u00e3o e cren\u00e7as no atendimento\" data-type=\"image_tag\" data-img-url=\"https:\/\/www.institutodeengenharia.org.br\/site\/wp-content\/uploads\/2020\/04\/telemedicinas-356x220.jpg\"  width=\"356\" height=\"220\" \/><\/a><\/div>\r\n            <div class=\"td-module-meta-info\">\r\n                <h3 class=\"entry-title td-module-title\"><a href=\"https:\/\/www.institutodeengenharia.org.br\/site\/2020\/04\/17\/telemedicina-disrupcao-e-crencas-no-atendimento\/\"  rel=\"bookmark\" title=\"Telemedicina, disrup\u00e7\u00e3o e cren\u00e7as no atendimento\">Telemedicina, disrup\u00e7\u00e3o e cren\u00e7as no atendimento<\/a><\/h3>                <div class=\"td-editor-date\">\r\n                                        <span class=\"td-author-date\">\r\n                                                <span class=\"td-post-date\"><time class=\"entry-date updated td-module-date\" datetime=\"2020-04-17T14:09:17-03:00\" >17\/04\/2020<\/time><\/span>                    <\/span>\r\n                <\/div>\r\n            <\/div>\r\n\r\n        <\/div>\r\n\r\n        \n\t<\/div> <!-- .\/td-block-span4 -->\n\n\t<div class=\"td-block-span4\">\n\r\n        <div class=\"td_module_mx1 td_module_wrap td-animation-stack\">\r\n            <div class=\"td-module-thumb\"><a href=\"https:\/\/www.institutodeengenharia.org.br\/site\/2020\/04\/17\/impactos-e-expectativas-na-micro-e-macro-economia-pos-crise\/\"  rel=\"bookmark\" class=\"td-image-wrap \" title=\"Impactos e expectativas na micro e macro Economia p\u00f3s-crise\" ><img loading=\"lazy\" decoding=\"async\" class=\"entry-thumb\" src=\"data:image\/png;base64,iVBORw0KGgoAAAANSUhEUgAAAWQAAADcAQMAAAB9O0nPAAAAA1BMVEWurq51dlI4AAAAAXRSTlMmkutdmwAAACBJREFUaN7twTEBAAAAwiD7p7bDbmAAAAAAAAAAAABAdieIAAGQh2mWAAAAAElFTkSuQmCC\" alt=\"\" title=\"Impactos e expectativas na micro e macro Economia p\u00f3s-crise\" data-type=\"image_tag\" data-img-url=\"https:\/\/www.institutodeengenharia.org.br\/site\/wp-content\/uploads\/2020\/04\/economia-356x220.jpg\"  width=\"356\" height=\"220\" \/><\/a><\/div>\r\n            <div class=\"td-module-meta-info\">\r\n                <h3 class=\"entry-title td-module-title\"><a href=\"https:\/\/www.institutodeengenharia.org.br\/site\/2020\/04\/17\/impactos-e-expectativas-na-micro-e-macro-economia-pos-crise\/\"  rel=\"bookmark\" title=\"Impactos e expectativas na micro e macro Economia p\u00f3s-crise\">Impactos e expectativas na micro e macro Economia p\u00f3s-crise<\/a><\/h3>                <div class=\"td-editor-date\">\r\n                                        <span class=\"td-author-date\">\r\n                                                <span class=\"td-post-date\"><time class=\"entry-date updated td-module-date\" datetime=\"2020-04-17T10:06:57-03:00\" >17\/04\/2020<\/time><\/span>                    <\/span>\r\n                <\/div>\r\n            <\/div>\r\n\r\n        <\/div>\r\n\r\n        \n\t<\/div> <!-- .\/td-block-span4 --><\/div><!--.\/row-fluid-->\n\n\t<div class=\"td-block-row\">\n\n\t<div class=\"td-block-span4\">\n\r\n        <div class=\"td_module_mx1 td_module_wrap td-animation-stack\">\r\n            <div class=\"td-module-thumb\"><a href=\"https:\/\/www.institutodeengenharia.org.br\/site\/2020\/04\/16\/aplicacoes-do-tirante-auto-injetavel-em-contencoes-e-tratamentos-de-emboques-de-tuneis-case-cortina-em-auto-injetavel-com-tirantes-e-micro-estacas\/\"  rel=\"bookmark\" class=\"td-image-wrap \" title=\"Aplica\u00e7\u00f5es do tirante auto injet\u00e1vel em conten\u00e7\u00f5es e tratamentos de emboques de t\u00faneis | Case: Cortina em auto injet\u00e1vel, com tirantes e micro estacas\" ><img loading=\"lazy\" decoding=\"async\" class=\"entry-thumb\" src=\"data:image\/png;base64,iVBORw0KGgoAAAANSUhEUgAAAWQAAADcAQMAAAB9O0nPAAAAA1BMVEWurq51dlI4AAAAAXRSTlMmkutdmwAAACBJREFUaN7twTEBAAAAwiD7p7bDbmAAAAAAAAAAAABAdieIAAGQh2mWAAAAAElFTkSuQmCC\" alt=\"\" title=\"Aplica\u00e7\u00f5es do tirante auto injet\u00e1vel em conten\u00e7\u00f5es e tratamentos de emboques de t\u00faneis | Case: Cortina em auto injet\u00e1vel, com tirantes e micro estacas\" data-type=\"image_tag\" data-img-url=\"https:\/\/www.institutodeengenharia.org.br\/site\/wp-content\/uploads\/2020\/04\/dsi-underground-brazil-barras-dywidag-grp-01_4cef545c22-356x220.jpg\"  width=\"356\" height=\"220\" \/><\/a><\/div>\r\n            <div class=\"td-module-meta-info\">\r\n                <h3 class=\"entry-title td-module-title\"><a href=\"https:\/\/www.institutodeengenharia.org.br\/site\/2020\/04\/16\/aplicacoes-do-tirante-auto-injetavel-em-contencoes-e-tratamentos-de-emboques-de-tuneis-case-cortina-em-auto-injetavel-com-tirantes-e-micro-estacas\/\"  rel=\"bookmark\" title=\"Aplica\u00e7\u00f5es do tirante auto injet\u00e1vel em conten\u00e7\u00f5es e tratamentos de emboques de t\u00faneis | Case: Cortina em auto injet\u00e1vel, com tirantes e micro estacas\">Aplica\u00e7\u00f5es do tirante auto injet\u00e1vel em conten\u00e7\u00f5es e tratamentos de emboques de t\u00faneis | Case: Cortina em auto injet\u00e1vel, com tirantes e micro estacas<\/a><\/h3>                <div class=\"td-editor-date\">\r\n                                        <span class=\"td-author-date\">\r\n                                                <span class=\"td-post-date\"><time class=\"entry-date updated td-module-date\" datetime=\"2020-04-16T16:06:58-03:00\" >16\/04\/2020<\/time><\/span>                    <\/span>\r\n                <\/div>\r\n            <\/div>\r\n\r\n        <\/div>\r\n\r\n        \n\t<\/div> <!-- .\/td-block-span4 -->\n\n\t<div class=\"td-block-span4\">\n\r\n        <div class=\"td_module_mx1 td_module_wrap td-animation-stack\">\r\n            <div class=\"td-module-thumb\"><a href=\"https:\/\/www.institutodeengenharia.org.br\/site\/2020\/04\/16\/webinar-cenarios-do-setor-de-oleo-gas-e-energia-sinergias-entre-os-mercados-privado-e-publico\/\"  rel=\"bookmark\" class=\"td-image-wrap \" title=\"Webinar Cen\u00e1rios do Setor de \u00d3leo, G\u00e1s e Energia &#8211; Sinergias entre os mercados privado e p\u00fablico\" ><img loading=\"lazy\" decoding=\"async\" class=\"entry-thumb\" src=\"data:image\/png;base64,iVBORw0KGgoAAAANSUhEUgAAAWQAAADcAQMAAAB9O0nPAAAAA1BMVEWurq51dlI4AAAAAXRSTlMmkutdmwAAACBJREFUaN7twTEBAAAAwiD7p7bDbmAAAAAAAAAAAABAdieIAAGQh2mWAAAAAElFTkSuQmCC\" alt=\"\" title=\"Webinar Cen\u00e1rios do Setor de \u00d3leo, G\u00e1s e Energia &#8211; Sinergias entre os mercados privado e p\u00fablico\" data-type=\"image_tag\" data-img-url=\"https:\/\/www.institutodeengenharia.org.br\/site\/wp-content\/uploads\/2021\/05\/petroleo.webp\"  width=\"293\" height=\"220\" \/><\/a><\/div>\r\n            <div class=\"td-module-meta-info\">\r\n                <h3 class=\"entry-title td-module-title\"><a href=\"https:\/\/www.institutodeengenharia.org.br\/site\/2020\/04\/16\/webinar-cenarios-do-setor-de-oleo-gas-e-energia-sinergias-entre-os-mercados-privado-e-publico\/\"  rel=\"bookmark\" title=\"Webinar Cen\u00e1rios do Setor de \u00d3leo, G\u00e1s e Energia &#8211; Sinergias entre os mercados privado e p\u00fablico\">Webinar Cen\u00e1rios do Setor de \u00d3leo, G\u00e1s e Energia &#8211; Sinergias entre os mercados privado e p\u00fablico<\/a><\/h3>                <div class=\"td-editor-date\">\r\n                                        <span class=\"td-author-date\">\r\n                                                <span class=\"td-post-date\"><time class=\"entry-date updated td-module-date\" datetime=\"2020-04-16T10:21:46-03:00\" >16\/04\/2020<\/time><\/span>                    <\/span>\r\n                <\/div>\r\n            <\/div>\r\n\r\n        <\/div>\r\n\r\n        \n\t<\/div> <!-- .\/td-block-span4 -->\n\n\t<div class=\"td-block-span4\">\n\r\n        <div class=\"td_module_mx1 td_module_wrap td-animation-stack\">\r\n            <div class=\"td-module-thumb\"><a href=\"https:\/\/www.institutodeengenharia.org.br\/site\/2020\/04\/15\/covid-19-e-a-economia\/\"  rel=\"bookmark\" class=\"td-image-wrap \" title=\"Covid-19 e a Economia\" ><img loading=\"lazy\" decoding=\"async\" class=\"entry-thumb\" src=\"data:image\/png;base64,iVBORw0KGgoAAAANSUhEUgAAAWQAAADcAQMAAAB9O0nPAAAAA1BMVEWurq51dlI4AAAAAXRSTlMmkutdmwAAACBJREFUaN7twTEBAAAAwiD7p7bDbmAAAAAAAAAAAABAdieIAAGQh2mWAAAAAElFTkSuQmCC\" alt=\"\" title=\"Covid-19 e a Economia\" data-type=\"image_tag\" data-img-url=\"https:\/\/www.institutodeengenharia.org.br\/site\/wp-content\/uploads\/2020\/04\/infla\u00e7\u00e3o-356x220.jpg\"  width=\"356\" height=\"220\" \/><\/a><\/div>\r\n            <div class=\"td-module-meta-info\">\r\n                <h3 class=\"entry-title td-module-title\"><a href=\"https:\/\/www.institutodeengenharia.org.br\/site\/2020\/04\/15\/covid-19-e-a-economia\/\"  rel=\"bookmark\" title=\"Covid-19 e a Economia\">Covid-19 e a Economia<\/a><\/h3>                <div class=\"td-editor-date\">\r\n                                        <span class=\"td-author-date\">\r\n                                                <span class=\"td-post-date\"><time class=\"entry-date updated td-module-date\" datetime=\"2020-04-15T18:04:47-03:00\" >15\/04\/2020<\/time><\/span>                    <\/span>\r\n                <\/div>\r\n            <\/div>\r\n\r\n        <\/div>\r\n\r\n        \n\t<\/div> <!-- .\/td-block-span4 --><\/div><!--.\/row-fluid-->\n\n\t<div class=\"td-block-row\">\n\n\t<div class=\"td-block-span4\">\n\r\n        <div class=\"td_module_mx1 td_module_wrap td-animation-stack\">\r\n            <div class=\"td-module-thumb\"><a href=\"https:\/\/www.institutodeengenharia.org.br\/site\/2020\/04\/15\/como-e-ser-engenheiro-civil-na-franca\/\"  rel=\"bookmark\" class=\"td-image-wrap \" title=\"Como \u00e9 ser engenheiro civil na Fran\u00e7a?\" ><img loading=\"lazy\" decoding=\"async\" class=\"entry-thumb\" src=\"data:image\/png;base64,iVBORw0KGgoAAAANSUhEUgAAAWQAAADcAQMAAAB9O0nPAAAAA1BMVEWurq51dlI4AAAAAXRSTlMmkutdmwAAACBJREFUaN7twTEBAAAAwiD7p7bDbmAAAAAAAAAAAABAdieIAAGQh2mWAAAAAElFTkSuQmCC\" alt=\"\" title=\"Como \u00e9 ser engenheiro civil na Fran\u00e7a?\" data-type=\"image_tag\" data-img-url=\"https:\/\/www.institutodeengenharia.org.br\/site\/wp-content\/uploads\/2020\/03\/engenharia-fran\u00e7a-356x220.jpg\"  width=\"356\" height=\"220\" \/><\/a><\/div>\r\n            <div class=\"td-module-meta-info\">\r\n                <h3 class=\"entry-title td-module-title\"><a href=\"https:\/\/www.institutodeengenharia.org.br\/site\/2020\/04\/15\/como-e-ser-engenheiro-civil-na-franca\/\"  rel=\"bookmark\" title=\"Como \u00e9 ser engenheiro civil na Fran\u00e7a?\">Como \u00e9 ser engenheiro civil na Fran\u00e7a?<\/a><\/h3>                <div class=\"td-editor-date\">\r\n                                        <span class=\"td-author-date\">\r\n                                                <span class=\"td-post-date\"><time class=\"entry-date updated td-module-date\" datetime=\"2020-04-15T16:02:38-03:00\" >15\/04\/2020<\/time><\/span>                    <\/span>\r\n                <\/div>\r\n            <\/div>\r\n\r\n        <\/div>\r\n\r\n        \n\t<\/div> <!-- .\/td-block-span4 -->\n\n\t<div class=\"td-block-span4\">\n\r\n        <div class=\"td_module_mx1 td_module_wrap td-animation-stack\">\r\n            <div class=\"td-module-thumb\"><a href=\"https:\/\/www.institutodeengenharia.org.br\/site\/2020\/04\/15\/protecao-e-seguranca-em-epocas-de-crise\/\"  rel=\"bookmark\" class=\"td-image-wrap \" title=\"Prote\u00e7\u00e3o e seguran\u00e7a em \u00e9pocas de crise\" ><img loading=\"lazy\" decoding=\"async\" class=\"entry-thumb\" src=\"data:image\/png;base64,iVBORw0KGgoAAAANSUhEUgAAAWQAAADcAQMAAAB9O0nPAAAAA1BMVEWurq51dlI4AAAAAXRSTlMmkutdmwAAACBJREFUaN7twTEBAAAAwiD7p7bDbmAAAAAAAAAAAABAdieIAAGQh2mWAAAAAElFTkSuQmCC\" alt=\"\" title=\"Prote\u00e7\u00e3o e seguran\u00e7a em \u00e9pocas de crise\" data-type=\"image_tag\" data-img-url=\"https:\/\/www.institutodeengenharia.org.br\/site\/wp-content\/uploads\/2020\/04\/policia-356x220.jpg\"  width=\"356\" height=\"220\" \/><\/a><\/div>\r\n            <div class=\"td-module-meta-info\">\r\n                <h3 class=\"entry-title td-module-title\"><a href=\"https:\/\/www.institutodeengenharia.org.br\/site\/2020\/04\/15\/protecao-e-seguranca-em-epocas-de-crise\/\"  rel=\"bookmark\" title=\"Prote\u00e7\u00e3o e seguran\u00e7a em \u00e9pocas de crise\">Prote\u00e7\u00e3o e seguran\u00e7a em \u00e9pocas de crise<\/a><\/h3>                <div class=\"td-editor-date\">\r\n                                        <span class=\"td-author-date\">\r\n                                                <span class=\"td-post-date\"><time class=\"entry-date updated td-module-date\" datetime=\"2020-04-15T14:02:45-03:00\" >15\/04\/2020<\/time><\/span>                    <\/span>\r\n                <\/div>\r\n            <\/div>\r\n\r\n        <\/div>\r\n\r\n        \n\t<\/div> <!-- .\/td-block-span4 -->\n\n\t<div class=\"td-block-span4\">\n\r\n        <div class=\"td_module_mx1 td_module_wrap td-animation-stack\">\r\n            <div class=\"td-module-thumb\"><a href=\"https:\/\/www.institutodeengenharia.org.br\/site\/2020\/04\/15\/praticas-sociais-num-momento-de-isolamento\/\"  rel=\"bookmark\" class=\"td-image-wrap \" title=\"Pr\u00e1ticas sociais num momento de isolamento\" ><img loading=\"lazy\" decoding=\"async\" class=\"entry-thumb\" src=\"data:image\/png;base64,iVBORw0KGgoAAAANSUhEUgAAAWQAAADcAQMAAAB9O0nPAAAAA1BMVEWurq51dlI4AAAAAXRSTlMmkutdmwAAACBJREFUaN7twTEBAAAAwiD7p7bDbmAAAAAAAAAAAABAdieIAAGQh2mWAAAAAElFTkSuQmCC\" alt=\"\" title=\"Pr\u00e1ticas sociais num momento de isolamento\" data-type=\"image_tag\" data-img-url=\"https:\/\/www.institutodeengenharia.org.br\/site\/wp-content\/uploads\/2020\/04\/casa-356x220.jpg\"  width=\"356\" height=\"220\" \/><\/a><\/div>\r\n            <div class=\"td-module-meta-info\">\r\n                <h3 class=\"entry-title td-module-title\"><a href=\"https:\/\/www.institutodeengenharia.org.br\/site\/2020\/04\/15\/praticas-sociais-num-momento-de-isolamento\/\"  rel=\"bookmark\" title=\"Pr\u00e1ticas sociais num momento de isolamento\">Pr\u00e1ticas sociais num momento de isolamento<\/a><\/h3>                <div class=\"td-editor-date\">\r\n                                        <span class=\"td-author-date\">\r\n                                                <span class=\"td-post-date\"><time class=\"entry-date updated td-module-date\" datetime=\"2020-04-15T10:00:37-03:00\" >15\/04\/2020<\/time><\/span>                    <\/span>\r\n                <\/div>\r\n            <\/div>\r\n\r\n        <\/div>\r\n\r\n        \n\t<\/div> <!-- .\/td-block-span4 --><\/div><!--.\/row-fluid-->\n\n\t<div class=\"td-block-row\">\n\n\t<div class=\"td-block-span4\">\n\r\n        <div class=\"td_module_mx1 td_module_wrap td-animation-stack\">\r\n            <div class=\"td-module-thumb\"><a href=\"https:\/\/www.institutodeengenharia.org.br\/site\/2020\/04\/13\/compliance\/\"  rel=\"bookmark\" class=\"td-image-wrap \" title=\"Compliance\" ><img loading=\"lazy\" decoding=\"async\" class=\"entry-thumb\" src=\"data:image\/png;base64,iVBORw0KGgoAAAANSUhEUgAAAWQAAADcAQMAAAB9O0nPAAAAA1BMVEWurq51dlI4AAAAAXRSTlMmkutdmwAAACBJREFUaN7twTEBAAAAwiD7p7bDbmAAAAAAAAAAAABAdieIAAGQh2mWAAAAAElFTkSuQmCC\" alt=\"\" title=\"Compliance\" data-type=\"image_tag\" data-img-url=\"https:\/\/www.institutodeengenharia.org.br\/site\/wp-content\/uploads\/2020\/04\/compliance-356x220.jpg\"  width=\"356\" height=\"220\" \/><\/a><\/div>\r\n            <div class=\"td-module-meta-info\">\r\n                <h3 class=\"entry-title td-module-title\"><a href=\"https:\/\/www.institutodeengenharia.org.br\/site\/2020\/04\/13\/compliance\/\"  rel=\"bookmark\" title=\"Compliance\">Compliance<\/a><\/h3>                <div class=\"td-editor-date\">\r\n                                        <span class=\"td-author-date\">\r\n                                                <span class=\"td-post-date\"><time class=\"entry-date updated td-module-date\" datetime=\"2020-04-13T18:58:43-03:00\" >13\/04\/2020<\/time><\/span>                    <\/span>\r\n                <\/div>\r\n            <\/div>\r\n\r\n        <\/div>\r\n\r\n        \n\t<\/div> <!-- .\/td-block-span4 -->\n\n\t<div class=\"td-block-span4\">\n\r\n        <div class=\"td_module_mx1 td_module_wrap td-animation-stack\">\r\n            <div class=\"td-module-thumb\"><a href=\"https:\/\/www.institutodeengenharia.org.br\/site\/2020\/04\/13\/os-impactos-causados-pelo-covid-19-nos-eua\/\"  rel=\"bookmark\" class=\"td-image-wrap \" title=\"Os impactos causados pelo Covid-19 nos EUA\" ><img loading=\"lazy\" decoding=\"async\" class=\"entry-thumb\" src=\"data:image\/png;base64,iVBORw0KGgoAAAANSUhEUgAAAWQAAADcAQMAAAB9O0nPAAAAA1BMVEWurq51dlI4AAAAAXRSTlMmkutdmwAAACBJREFUaN7twTEBAAAAwiD7p7bDbmAAAAAAAAAAAABAdieIAAGQh2mWAAAAAElFTkSuQmCC\" alt=\"\" title=\"Os impactos causados pelo Covid-19 nos EUA\" data-type=\"image_tag\" data-img-url=\"https:\/\/www.institutodeengenharia.org.br\/site\/wp-content\/uploads\/2020\/04\/d\u00f3lar-356x220.jpg\"  width=\"356\" height=\"220\" \/><\/a><\/div>\r\n            <div class=\"td-module-meta-info\">\r\n                <h3 class=\"entry-title td-module-title\"><a href=\"https:\/\/www.institutodeengenharia.org.br\/site\/2020\/04\/13\/os-impactos-causados-pelo-covid-19-nos-eua\/\"  rel=\"bookmark\" title=\"Os impactos causados pelo Covid-19 nos EUA\">Os impactos causados pelo Covid-19 nos EUA<\/a><\/h3>                <div class=\"td-editor-date\">\r\n                                        <span class=\"td-author-date\">\r\n                                                <span class=\"td-post-date\"><time class=\"entry-date updated td-module-date\" datetime=\"2020-04-13T14:56:50-03:00\" >13\/04\/2020<\/time><\/span>                    <\/span>\r\n                <\/div>\r\n            <\/div>\r\n\r\n        <\/div>\r\n\r\n        \n\t<\/div> <!-- .\/td-block-span4 -->\n\n\t<div class=\"td-block-span4\">\n\r\n        <div class=\"td_module_mx1 td_module_wrap td-animation-stack\">\r\n            <div class=\"td-module-thumb\"><a href=\"https:\/\/www.institutodeengenharia.org.br\/site\/2020\/04\/13\/acoes-4c-para-fortalecer-as-empresas-pos-crise-e-torna-las-sustentaveis-no-longo-prazo\/\"  rel=\"bookmark\" class=\"td-image-wrap \" title=\"A\u00e7\u00f5es 4C para fortalecer as empresas p\u00f3s-crise e torna-las sustent\u00e1veis no longo prazo\" ><img loading=\"lazy\" decoding=\"async\" class=\"entry-thumb\" src=\"data:image\/png;base64,iVBORw0KGgoAAAANSUhEUgAAAWQAAADcAQMAAAB9O0nPAAAAA1BMVEWurq51dlI4AAAAAXRSTlMmkutdmwAAACBJREFUaN7twTEBAAAAwiD7p7bDbmAAAAAAAAAAAABAdieIAAGQh2mWAAAAAElFTkSuQmCC\" alt=\"\" title=\"A\u00e7\u00f5es 4C para fortalecer as empresas p\u00f3s-crise e torna-las sustent\u00e1veis no longo prazo\" data-type=\"image_tag\" data-img-url=\"https:\/\/www.institutodeengenharia.org.br\/site\/wp-content\/uploads\/2020\/04\/teste-356x220.jpg\"  width=\"356\" height=\"220\" \/><\/a><\/div>\r\n            <div class=\"td-module-meta-info\">\r\n                <h3 class=\"entry-title td-module-title\"><a href=\"https:\/\/www.institutodeengenharia.org.br\/site\/2020\/04\/13\/acoes-4c-para-fortalecer-as-empresas-pos-crise-e-torna-las-sustentaveis-no-longo-prazo\/\"  rel=\"bookmark\" title=\"A\u00e7\u00f5es 4C para fortalecer as empresas p\u00f3s-crise e torna-las sustent\u00e1veis no longo prazo\">A\u00e7\u00f5es 4C para fortalecer as empresas p\u00f3s-crise e torna-las sustent\u00e1veis no longo prazo<\/a><\/h3>                <div class=\"td-editor-date\">\r\n                                        <span class=\"td-author-date\">\r\n                                                <span class=\"td-post-date\"><time class=\"entry-date updated td-module-date\" datetime=\"2020-04-13T11:50:22-03:00\" >13\/04\/2020<\/time><\/span>                    <\/span>\r\n                <\/div>\r\n            <\/div>\r\n\r\n        <\/div>\r\n\r\n        \n\t<\/div> <!-- .\/td-block-span4 --><\/div><!--.\/row-fluid-->\n\n\t<div class=\"td-block-row\">\n\n\t<div class=\"td-block-span4\">\n\r\n        <div class=\"td_module_mx1 td_module_wrap td-animation-stack\">\r\n            <div class=\"td-module-thumb\"><a href=\"https:\/\/www.institutodeengenharia.org.br\/site\/2020\/04\/07\/projetos-em-automacao-e-eficiencia-energetica\/\"  rel=\"bookmark\" class=\"td-image-wrap \" title=\"Projetos em Automa\u00e7\u00e3o e Efici\u00eancia Energ\u00e9tica\" ><img loading=\"lazy\" decoding=\"async\" class=\"entry-thumb\" src=\"data:image\/png;base64,iVBORw0KGgoAAAANSUhEUgAAAWQAAADcAQMAAAB9O0nPAAAAA1BMVEWurq51dlI4AAAAAXRSTlMmkutdmwAAACBJREFUaN7twTEBAAAAwiD7p7bDbmAAAAAAAAAAAABAdieIAAGQh2mWAAAAAElFTkSuQmCC\" alt=\"\" title=\"Projetos em Automa\u00e7\u00e3o e Efici\u00eancia Energ\u00e9tica\" data-type=\"image_tag\" data-img-url=\"https:\/\/www.institutodeengenharia.org.br\/site\/wp-content\/uploads\/2020\/04\/inteligencia-356x220.jpg\"  width=\"356\" height=\"220\" \/><\/a><\/div>\r\n            <div class=\"td-module-meta-info\">\r\n                <h3 class=\"entry-title td-module-title\"><a href=\"https:\/\/www.institutodeengenharia.org.br\/site\/2020\/04\/07\/projetos-em-automacao-e-eficiencia-energetica\/\"  rel=\"bookmark\" title=\"Projetos em Automa\u00e7\u00e3o e Efici\u00eancia Energ\u00e9tica\">Projetos em Automa\u00e7\u00e3o e Efici\u00eancia Energ\u00e9tica<\/a><\/h3>                <div class=\"td-editor-date\">\r\n                                        <span class=\"td-author-date\">\r\n                                                <span class=\"td-post-date\"><time class=\"entry-date updated td-module-date\" datetime=\"2020-04-07T15:14:02-03:00\" >07\/04\/2020<\/time><\/span>                    <\/span>\r\n                <\/div>\r\n            <\/div>\r\n\r\n        <\/div>\r\n\r\n        \n\t<\/div> <!-- .\/td-block-span4 -->\n\n\t<div class=\"td-block-span4\">\n\r\n        <div class=\"td_module_mx1 td_module_wrap td-animation-stack\">\r\n            <div class=\"td-module-thumb\"><a href=\"https:\/\/www.institutodeengenharia.org.br\/site\/2020\/03\/17\/nosso-momento-bim-dialogo\/\"  rel=\"bookmark\" class=\"td-image-wrap \" title=\"Nosso Momento BIM &#8211; Di\u00e1logo\" ><img loading=\"lazy\" decoding=\"async\" class=\"entry-thumb\" src=\"data:image\/png;base64,iVBORw0KGgoAAAANSUhEUgAAAWQAAADcAQMAAAB9O0nPAAAAA1BMVEWurq51dlI4AAAAAXRSTlMmkutdmwAAACBJREFUaN7twTEBAAAAwiD7p7bDbmAAAAAAAAAAAABAdieIAAGQh2mWAAAAAElFTkSuQmCC\" alt=\"\" title=\"Nosso Momento BIM &#8211; Di\u00e1logo\" data-type=\"image_tag\" data-img-url=\"https:\/\/www.institutodeengenharia.org.br\/site\/wp-content\/uploads\/2020\/03\/di\u00e1logo-nosso-momento-bim-356x220.jpg\"  width=\"356\" height=\"220\" \/><\/a><\/div>\r\n            <div class=\"td-module-meta-info\">\r\n                <h3 class=\"entry-title td-module-title\"><a href=\"https:\/\/www.institutodeengenharia.org.br\/site\/2020\/03\/17\/nosso-momento-bim-dialogo\/\"  rel=\"bookmark\" title=\"Nosso Momento BIM &#8211; Di\u00e1logo\">Nosso Momento BIM &#8211; Di\u00e1logo<\/a><\/h3>                <div class=\"td-editor-date\">\r\n                                        <span class=\"td-author-date\">\r\n                                                <span class=\"td-post-date\"><time class=\"entry-date updated td-module-date\" datetime=\"2020-03-17T11:10:22-03:00\" >17\/03\/2020<\/time><\/span>                    <\/span>\r\n                <\/div>\r\n            <\/div>\r\n\r\n        <\/div>\r\n\r\n        \n\t<\/div> <!-- .\/td-block-span4 -->\n\n\t<div class=\"td-block-span4\">\n\r\n        <div class=\"td_module_mx1 td_module_wrap td-animation-stack\">\r\n            <div class=\"td-module-thumb\"><a href=\"https:\/\/www.institutodeengenharia.org.br\/site\/2020\/03\/12\/determinacao-de-comprimento-de-fundacoes-existentes-com-ensaios-geofisicos-novas-tendencias\/\"  rel=\"bookmark\" class=\"td-image-wrap \" title=\"Determina\u00e7\u00e3o de comprimento de funda\u00e7\u00f5es existentes com ensaios geof\u00edsicos \u2013 Novas tend\u00eancias\" ><img loading=\"lazy\" decoding=\"async\" class=\"entry-thumb\" src=\"data:image\/png;base64,iVBORw0KGgoAAAANSUhEUgAAAWQAAADcAQMAAAB9O0nPAAAAA1BMVEWurq51dlI4AAAAAXRSTlMmkutdmwAAACBJREFUaN7twTEBAAAAwiD7p7bDbmAAAAAAAAAAAABAdieIAAGQh2mWAAAAAElFTkSuQmCC\" alt=\"\" title=\"Determina\u00e7\u00e3o de comprimento de funda\u00e7\u00f5es existentes com ensaios geof\u00edsicos \u2013 Novas tend\u00eancias\" data-type=\"image_tag\" data-img-url=\"https:\/\/www.institutodeengenharia.org.br\/site\/wp-content\/uploads\/2020\/03\/bloco-fundacao-356x220.jpg\"  width=\"356\" height=\"220\" \/><\/a><\/div>\r\n            <div class=\"td-module-meta-info\">\r\n                <h3 class=\"entry-title td-module-title\"><a href=\"https:\/\/www.institutodeengenharia.org.br\/site\/2020\/03\/12\/determinacao-de-comprimento-de-fundacoes-existentes-com-ensaios-geofisicos-novas-tendencias\/\"  rel=\"bookmark\" title=\"Determina\u00e7\u00e3o de comprimento de funda\u00e7\u00f5es existentes com ensaios geof\u00edsicos \u2013 Novas tend\u00eancias\">Determina\u00e7\u00e3o de comprimento de funda\u00e7\u00f5es existentes com ensaios geof\u00edsicos \u2013 Novas tend\u00eancias<\/a><\/h3>                <div class=\"td-editor-date\">\r\n                                        <span class=\"td-author-date\">\r\n                                                <span class=\"td-post-date\"><time class=\"entry-date updated td-module-date\" datetime=\"2020-03-12T17:51:29-03:00\" >12\/03\/2020<\/time><\/span>                    <\/span>\r\n                <\/div>\r\n            <\/div>\r\n\r\n        <\/div>\r\n\r\n        \n\t<\/div> <!-- .\/td-block-span4 --><\/div><!--.\/row-fluid-->\n\n\t<div class=\"td-block-row\">\n\n\t<div class=\"td-block-span4\">\n\r\n        <div class=\"td_module_mx1 td_module_wrap td-animation-stack\">\r\n            <div class=\"td-module-thumb\"><a href=\"https:\/\/www.institutodeengenharia.org.br\/site\/2020\/03\/11\/projeto-arca-doe-parte-de-seu-imposto-de-renda-para-esta-causa\/\"  rel=\"bookmark\" class=\"td-image-wrap \" title=\"Projeto ARCA &#8211; Em 2020, doe parte de seu imposto de renda para esta causa\" ><img loading=\"lazy\" decoding=\"async\" class=\"entry-thumb\" src=\"data:image\/png;base64,iVBORw0KGgoAAAANSUhEUgAAAWQAAADcAQMAAAB9O0nPAAAAA1BMVEWurq51dlI4AAAAAXRSTlMmkutdmwAAACBJREFUaN7twTEBAAAAwiD7p7bDbmAAAAAAAAAAAABAdieIAAGQh2mWAAAAAElFTkSuQmCC\" alt=\"\" title=\"Projeto ARCA &#8211; Em 2020, doe parte de seu imposto de renda para esta causa\" data-type=\"image_tag\" data-img-url=\"https:\/\/www.institutodeengenharia.org.br\/site\/wp-content\/uploads\/2019\/12\/ARCA-356x220.jpg\"  width=\"356\" height=\"220\" \/><\/a><\/div>\r\n            <div class=\"td-module-meta-info\">\r\n                <h3 class=\"entry-title td-module-title\"><a href=\"https:\/\/www.institutodeengenharia.org.br\/site\/2020\/03\/11\/projeto-arca-doe-parte-de-seu-imposto-de-renda-para-esta-causa\/\"  rel=\"bookmark\" title=\"Projeto ARCA &#8211; Em 2020, doe parte de seu imposto de renda para esta causa\">Projeto ARCA &#8211; Em 2020, doe parte de seu imposto de renda para esta causa<\/a><\/h3>                <div class=\"td-editor-date\">\r\n                                        <span class=\"td-author-date\">\r\n                                                <span class=\"td-post-date\"><time class=\"entry-date updated td-module-date\" datetime=\"2020-03-11T09:50:26-03:00\" >11\/03\/2020<\/time><\/span>                    <\/span>\r\n                <\/div>\r\n            <\/div>\r\n\r\n        <\/div>\r\n\r\n        \n\t<\/div> <!-- .\/td-block-span4 -->\n\n\t<div class=\"td-block-span4\">\n\r\n        <div class=\"td_module_mx1 td_module_wrap td-animation-stack\">\r\n            <div class=\"td-module-thumb\"><a href=\"https:\/\/www.institutodeengenharia.org.br\/site\/2020\/02\/06\/sustentabilidade-aplicada-a-energia-dos-materiais-uma-avaliacao-dos-compositos-cimenticeos\/\"  rel=\"bookmark\" class=\"td-image-wrap \" title=\"Sustentabilidade aplicada \u00e0 energia dos materiais \u2013 Uma avalia\u00e7\u00e3o dos comp\u00f3sitos ciment\u00edceos\" ><img loading=\"lazy\" decoding=\"async\" class=\"entry-thumb\" src=\"data:image\/png;base64,iVBORw0KGgoAAAANSUhEUgAAAWQAAADcAQMAAAB9O0nPAAAAA1BMVEWurq51dlI4AAAAAXRSTlMmkutdmwAAACBJREFUaN7twTEBAAAAwiD7p7bDbmAAAAAAAAAAAABAdieIAAGQh2mWAAAAAElFTkSuQmCC\" alt=\"\" title=\"Sustentabilidade aplicada \u00e0 energia dos materiais \u2013 Uma avalia\u00e7\u00e3o dos comp\u00f3sitos ciment\u00edceos\" data-type=\"image_tag\" data-img-url=\"https:\/\/www.institutodeengenharia.org.br\/site\/wp-content\/uploads\/2019\/10\/green-building-356x220.jpg\"  width=\"356\" height=\"220\" \/><\/a><\/div>\r\n            <div class=\"td-module-meta-info\">\r\n                <h3 class=\"entry-title td-module-title\"><a href=\"https:\/\/www.institutodeengenharia.org.br\/site\/2020\/02\/06\/sustentabilidade-aplicada-a-energia-dos-materiais-uma-avaliacao-dos-compositos-cimenticeos\/\"  rel=\"bookmark\" title=\"Sustentabilidade aplicada \u00e0 energia dos materiais \u2013 Uma avalia\u00e7\u00e3o dos comp\u00f3sitos ciment\u00edceos\">Sustentabilidade aplicada \u00e0 energia dos materiais \u2013 Uma avalia\u00e7\u00e3o dos comp\u00f3sitos ciment\u00edceos<\/a><\/h3>                <div class=\"td-editor-date\">\r\n                                        <span class=\"td-author-date\">\r\n                                                <span class=\"td-post-date\"><time class=\"entry-date updated td-module-date\" datetime=\"2020-02-06T16:04:36-03:00\" >06\/02\/2020<\/time><\/span>                    <\/span>\r\n                <\/div>\r\n            <\/div>\r\n\r\n        <\/div>\r\n\r\n        \n\t<\/div> <!-- .\/td-block-span4 -->\n\n\t<div class=\"td-block-span4\">\n\r\n        <div class=\"td_module_mx1 td_module_wrap td-animation-stack\">\r\n            <div class=\"td-module-thumb\"><a href=\"https:\/\/www.institutodeengenharia.org.br\/site\/2020\/02\/06\/concretagens-especiais-com-enfoque-no-problema-termico\/\"  rel=\"bookmark\" class=\"td-image-wrap \" title=\"Concretagens especiais com enfoque no problema t\u00e9rmico\" ><img loading=\"lazy\" decoding=\"async\" class=\"entry-thumb\" src=\"data:image\/png;base64,iVBORw0KGgoAAAANSUhEUgAAAWQAAADcAQMAAAB9O0nPAAAAA1BMVEWurq51dlI4AAAAAXRSTlMmkutdmwAAACBJREFUaN7twTEBAAAAwiD7p7bDbmAAAAAAAAAAAABAdieIAAGQh2mWAAAAAElFTkSuQmCC\" alt=\"\" title=\"Concretagens especiais com enfoque no problema t\u00e9rmico\" data-type=\"image_tag\" data-img-url=\"https:\/\/www.institutodeengenharia.org.br\/site\/wp-content\/uploads\/2020\/02\/concreto-no-frio-356x220.jpg\"  width=\"356\" height=\"220\" \/><\/a><\/div>\r\n            <div class=\"td-module-meta-info\">\r\n                <h3 class=\"entry-title td-module-title\"><a href=\"https:\/\/www.institutodeengenharia.org.br\/site\/2020\/02\/06\/concretagens-especiais-com-enfoque-no-problema-termico\/\"  rel=\"bookmark\" title=\"Concretagens especiais com enfoque no problema t\u00e9rmico\">Concretagens especiais com enfoque no problema t\u00e9rmico<\/a><\/h3>                <div class=\"td-editor-date\">\r\n                                        <span class=\"td-author-date\">\r\n                                                <span class=\"td-post-date\"><time class=\"entry-date updated td-module-date\" datetime=\"2020-02-06T13:56:02-03:00\" >06\/02\/2020<\/time><\/span>                    <\/span>\r\n                <\/div>\r\n            <\/div>\r\n\r\n        <\/div>\r\n\r\n        \n\t<\/div> <!-- .\/td-block-span4 --><\/div><!--.\/row-fluid-->\n\n\t<div class=\"td-block-row\">\n\n\t<div class=\"td-block-span4\">\n\r\n        <div class=\"td_module_mx1 td_module_wrap td-animation-stack\">\r\n            <div class=\"td-module-thumb\"><a href=\"https:\/\/www.institutodeengenharia.org.br\/site\/2019\/12\/17\/dia-de-mentoria-avaliando-a-conduta-empreendedora-2\/\"  rel=\"bookmark\" class=\"td-image-wrap \" title=\"Dia de Mentoria \u2013 Avaliando a conduta empreendedora\" ><img loading=\"lazy\" decoding=\"async\" class=\"entry-thumb\" src=\"data:image\/png;base64,iVBORw0KGgoAAAANSUhEUgAAAWQAAADcAQMAAAB9O0nPAAAAA1BMVEWurq51dlI4AAAAAXRSTlMmkutdmwAAACBJREFUaN7twTEBAAAAwiD7p7bDbmAAAAAAAAAAAABAdieIAAGQh2mWAAAAAElFTkSuQmCC\" alt=\"\" title=\"Dia de Mentoria \u2013 Avaliando a conduta empreendedora\" data-type=\"image_tag\" data-img-url=\"https:\/\/www.institutodeengenharia.org.br\/site\/wp-content\/uploads\/2019\/12\/277198-empreendedorismo-juridico-por-que-e-preciso-pensar-nesse-assunto-1100x825-356x220.jpg\"  width=\"356\" height=\"220\" \/><\/a><\/div>\r\n            <div class=\"td-module-meta-info\">\r\n                <h3 class=\"entry-title td-module-title\"><a href=\"https:\/\/www.institutodeengenharia.org.br\/site\/2019\/12\/17\/dia-de-mentoria-avaliando-a-conduta-empreendedora-2\/\"  rel=\"bookmark\" title=\"Dia de Mentoria \u2013 Avaliando a conduta empreendedora\">Dia de Mentoria \u2013 Avaliando a conduta empreendedora<\/a><\/h3>                <div class=\"td-editor-date\">\r\n                                        <span class=\"td-author-date\">\r\n                                                <span class=\"td-post-date\"><time class=\"entry-date updated td-module-date\" datetime=\"2019-12-17T11:46:53-03:00\" >17\/12\/2019<\/time><\/span>                    <\/span>\r\n                <\/div>\r\n            <\/div>\r\n\r\n        <\/div>\r\n\r\n        \n\t<\/div> <!-- .\/td-block-span4 -->\n\n\t<div class=\"td-block-span4\">\n\r\n        <div class=\"td_module_mx1 td_module_wrap td-animation-stack\">\r\n            <div class=\"td-module-thumb\"><a href=\"https:\/\/www.institutodeengenharia.org.br\/site\/2019\/12\/11\/comportamento-dos-lideres-das-empresas-no-brasil\/\"  rel=\"bookmark\" class=\"td-image-wrap \" title=\"Comportamento dos L\u00edderes das Empresas no Brasil\" ><img loading=\"lazy\" decoding=\"async\" class=\"entry-thumb\" src=\"data:image\/png;base64,iVBORw0KGgoAAAANSUhEUgAAAWQAAADcAQMAAAB9O0nPAAAAA1BMVEWurq51dlI4AAAAAXRSTlMmkutdmwAAACBJREFUaN7twTEBAAAAwiD7p7bDbmAAAAAAAAAAAABAdieIAAGQh2mWAAAAAElFTkSuQmCC\" alt=\"\" title=\"Comportamento dos L\u00edderes das Empresas no Brasil\" data-type=\"image_tag\" data-img-url=\"https:\/\/www.institutodeengenharia.org.br\/site\/wp-content\/uploads\/2019\/11\/gerente-356x220.jpg\"  width=\"356\" height=\"220\" \/><\/a><\/div>\r\n            <div class=\"td-module-meta-info\">\r\n                <h3 class=\"entry-title td-module-title\"><a href=\"https:\/\/www.institutodeengenharia.org.br\/site\/2019\/12\/11\/comportamento-dos-lideres-das-empresas-no-brasil\/\"  rel=\"bookmark\" title=\"Comportamento dos L\u00edderes das Empresas no Brasil\">Comportamento dos L\u00edderes das Empresas no Brasil<\/a><\/h3>                <div class=\"td-editor-date\">\r\n                                        <span class=\"td-author-date\">\r\n                                                <span class=\"td-post-date\"><time class=\"entry-date updated td-module-date\" datetime=\"2019-12-11T16:24:26-03:00\" >11\/12\/2019<\/time><\/span>                    <\/span>\r\n                <\/div>\r\n            <\/div>\r\n\r\n        <\/div>\r\n\r\n        \n\t<\/div> <!-- .\/td-block-span4 -->\n\n\t<div class=\"td-block-span4\">\n\r\n        <div class=\"td_module_mx1 td_module_wrap td-animation-stack\">\r\n            <div class=\"td-module-thumb\"><a href=\"https:\/\/www.institutodeengenharia.org.br\/site\/2019\/12\/11\/comemoracao-do-dia-do-engenheiro-2019\/\"  rel=\"bookmark\" class=\"td-image-wrap \" title=\"Comemora\u00e7\u00e3o do Dia do Engenheiro 2019\" ><img loading=\"lazy\" decoding=\"async\" class=\"entry-thumb\" src=\"data:image\/png;base64,iVBORw0KGgoAAAANSUhEUgAAAWQAAADcAQMAAAB9O0nPAAAAA1BMVEWurq51dlI4AAAAAXRSTlMmkutdmwAAACBJREFUaN7twTEBAAAAwiD7p7bDbmAAAAAAAAAAAABAdieIAAGQh2mWAAAAAElFTkSuQmCC\" alt=\"\" title=\"Comemora\u00e7\u00e3o do Dia do Engenheiro 2019\" data-type=\"image_tag\" data-img-url=\"https:\/\/www.institutodeengenharia.org.br\/site\/wp-content\/uploads\/2020\/01\/49208521643_65cb656a3b_o-356x220.jpg\"  width=\"356\" height=\"220\" \/><\/a><\/div>\r\n            <div class=\"td-module-meta-info\">\r\n                <h3 class=\"entry-title td-module-title\"><a href=\"https:\/\/www.institutodeengenharia.org.br\/site\/2019\/12\/11\/comemoracao-do-dia-do-engenheiro-2019\/\"  rel=\"bookmark\" title=\"Comemora\u00e7\u00e3o do Dia do Engenheiro 2019\">Comemora\u00e7\u00e3o do Dia do Engenheiro 2019<\/a><\/h3>                <div class=\"td-editor-date\">\r\n                                        <span class=\"td-author-date\">\r\n                                                <span class=\"td-post-date\"><time class=\"entry-date updated td-module-date\" datetime=\"2019-12-11T10:07:04-03:00\" >11\/12\/2019<\/time><\/span>                    <\/span>\r\n                <\/div>\r\n            <\/div>\r\n\r\n        <\/div>\r\n\r\n        \n\t<\/div> <!-- .\/td-block-span4 --><\/div><!--.\/row-fluid-->\n\n\t<div class=\"td-block-row\">\n\n\t<div class=\"td-block-span4\">\n\r\n        <div class=\"td_module_mx1 td_module_wrap td-animation-stack\">\r\n            <div class=\"td-module-thumb\"><a href=\"https:\/\/www.institutodeengenharia.org.br\/site\/2019\/12\/06\/seguranca-e-saude-no-trabalho\/\"  rel=\"bookmark\" class=\"td-image-wrap \" title=\"Seguran\u00e7a e Sa\u00fade no Trabalho\" ><img loading=\"lazy\" decoding=\"async\" class=\"entry-thumb\" src=\"data:image\/png;base64,iVBORw0KGgoAAAANSUhEUgAAAWQAAADcAQMAAAB9O0nPAAAAA1BMVEWurq51dlI4AAAAAXRSTlMmkutdmwAAACBJREFUaN7twTEBAAAAwiD7p7bDbmAAAAAAAAAAAABAdieIAAGQh2mWAAAAAElFTkSuQmCC\" alt=\"\" title=\"Seguran\u00e7a e Sa\u00fade no Trabalho\" data-type=\"image_tag\" data-img-url=\"https:\/\/www.institutodeengenharia.org.br\/site\/wp-content\/uploads\/2020\/01\/ENG-SEGTRAB-356x220.jpg\"  width=\"356\" height=\"220\" \/><\/a><\/div>\r\n            <div class=\"td-module-meta-info\">\r\n                <h3 class=\"entry-title td-module-title\"><a href=\"https:\/\/www.institutodeengenharia.org.br\/site\/2019\/12\/06\/seguranca-e-saude-no-trabalho\/\"  rel=\"bookmark\" title=\"Seguran\u00e7a e Sa\u00fade no Trabalho\">Seguran\u00e7a e Sa\u00fade no Trabalho<\/a><\/h3>                <div class=\"td-editor-date\">\r\n                                        <span class=\"td-author-date\">\r\n                                                <span class=\"td-post-date\"><time class=\"entry-date updated td-module-date\" datetime=\"2019-12-06T09:57:13-03:00\" >06\/12\/2019<\/time><\/span>                    <\/span>\r\n                <\/div>\r\n            <\/div>\r\n\r\n        <\/div>\r\n\r\n        \n\t<\/div> <!-- .\/td-block-span4 -->\n\n\t<div class=\"td-block-span4\">\n\r\n        <div class=\"td_module_mx1 td_module_wrap td-animation-stack\">\r\n            <div class=\"td-module-thumb\"><a href=\"https:\/\/www.institutodeengenharia.org.br\/site\/2019\/12\/05\/cidades-sustentaveis-e-a-engenharia-dos-residuos-solidos\/\"  rel=\"bookmark\" class=\"td-image-wrap \" title=\"Cidades sustent\u00e1veis e a engenharia dos res\u00edduos s\u00f3lidos\" ><img loading=\"lazy\" decoding=\"async\" class=\"entry-thumb\" src=\"data:image\/png;base64,iVBORw0KGgoAAAANSUhEUgAAAWQAAADcAQMAAAB9O0nPAAAAA1BMVEWurq51dlI4AAAAAXRSTlMmkutdmwAAACBJREFUaN7twTEBAAAAwiD7p7bDbmAAAAAAAAAAAABAdieIAAGQh2mWAAAAAElFTkSuQmCC\" alt=\"\" title=\"Cidades sustent\u00e1veis e a engenharia dos res\u00edduos s\u00f3lidos\" data-type=\"image_tag\" data-img-url=\"https:\/\/www.institutodeengenharia.org.br\/site\/wp-content\/uploads\/2019\/11\/Entenda-como-a-pol\u00edtica-de-res\u00edduos-s\u00f3lidos-abre-portas-para-a-ind\u00fastria-da-reciclagem-de-pl\u00e1stico-356x220.png\"  width=\"356\" height=\"220\" \/><\/a><\/div>\r\n            <div class=\"td-module-meta-info\">\r\n                <h3 class=\"entry-title td-module-title\"><a href=\"https:\/\/www.institutodeengenharia.org.br\/site\/2019\/12\/05\/cidades-sustentaveis-e-a-engenharia-dos-residuos-solidos\/\"  rel=\"bookmark\" title=\"Cidades sustent\u00e1veis e a engenharia dos res\u00edduos s\u00f3lidos\">Cidades sustent\u00e1veis e a engenharia dos res\u00edduos s\u00f3lidos<\/a><\/h3>                <div class=\"td-editor-date\">\r\n                                        <span class=\"td-author-date\">\r\n                                                <span class=\"td-post-date\"><time class=\"entry-date updated td-module-date\" datetime=\"2019-12-05T09:41:40-03:00\" >05\/12\/2019<\/time><\/span>                    <\/span>\r\n                <\/div>\r\n            <\/div>\r\n\r\n        <\/div>\r\n\r\n        \n\t<\/div> <!-- .\/td-block-span4 -->\n\n\t<div class=\"td-block-span4\">\n\r\n        <div class=\"td_module_mx1 td_module_wrap td-animation-stack\">\r\n            <div class=\"td-module-thumb\"><a href=\"https:\/\/www.institutodeengenharia.org.br\/site\/2019\/12\/04\/otimizacao-da-gestao-de-fiscalizacao-do-trabalho-no-brasil\/\"  rel=\"bookmark\" class=\"td-image-wrap \" title=\"Otimiza\u00e7\u00e3o da gest\u00e3o de fiscaliza\u00e7\u00e3o do trabalho no Brasil\" ><img loading=\"lazy\" decoding=\"async\" class=\"entry-thumb\" src=\"data:image\/png;base64,iVBORw0KGgoAAAANSUhEUgAAAWQAAADcAQMAAAB9O0nPAAAAA1BMVEWurq51dlI4AAAAAXRSTlMmkutdmwAAACBJREFUaN7twTEBAAAAwiD7p7bDbmAAAAAAAAAAAABAdieIAAGQh2mWAAAAAElFTkSuQmCC\" alt=\"\" title=\"Otimiza\u00e7\u00e3o da gest\u00e3o de fiscaliza\u00e7\u00e3o do trabalho no Brasil\" data-type=\"image_tag\" data-img-url=\"https:\/\/www.institutodeengenharia.org.br\/site\/wp-content\/uploads\/2019\/12\/302289-revisor-thiago-entrega-ate-2907-as-0900-analise-de-criticidade-de-equipamentos-o-que-e-na-manutencao-356x220.jpg\"  width=\"356\" height=\"220\" \/><\/a><\/div>\r\n            <div class=\"td-module-meta-info\">\r\n                <h3 class=\"entry-title td-module-title\"><a href=\"https:\/\/www.institutodeengenharia.org.br\/site\/2019\/12\/04\/otimizacao-da-gestao-de-fiscalizacao-do-trabalho-no-brasil\/\"  rel=\"bookmark\" title=\"Otimiza\u00e7\u00e3o da gest\u00e3o de fiscaliza\u00e7\u00e3o do trabalho no Brasil\">Otimiza\u00e7\u00e3o da gest\u00e3o de fiscaliza\u00e7\u00e3o do trabalho no Brasil<\/a><\/h3>                <div class=\"td-editor-date\">\r\n                                        <span class=\"td-author-date\">\r\n                                                <span class=\"td-post-date\"><time class=\"entry-date updated td-module-date\" datetime=\"2019-12-04T09:51:58-03:00\" >04\/12\/2019<\/time><\/span>                    <\/span>\r\n                <\/div>\r\n            <\/div>\r\n\r\n        <\/div>\r\n\r\n        \n\t<\/div> <!-- .\/td-block-span4 --><\/div><!--.\/row-fluid-->\n\n\t<div class=\"td-block-row\">\n\n\t<div class=\"td-block-span4\">\n\r\n        <div class=\"td_module_mx1 td_module_wrap td-animation-stack\">\r\n            <div class=\"td-module-thumb\"><a href=\"https:\/\/www.institutodeengenharia.org.br\/site\/2019\/12\/04\/tunnel-day-2019\/\"  rel=\"bookmark\" class=\"td-image-wrap \" title=\"TUNNEL DAY 2019\" ><img loading=\"lazy\" decoding=\"async\" class=\"entry-thumb\" src=\"data:image\/png;base64,iVBORw0KGgoAAAANSUhEUgAAAWQAAADcAQMAAAB9O0nPAAAAA1BMVEWurq51dlI4AAAAAXRSTlMmkutdmwAAACBJREFUaN7twTEBAAAAwiD7p7bDbmAAAAAAAAAAAABAdieIAAGQh2mWAAAAAElFTkSuQmCC\" alt=\"\" title=\"TUNNEL DAY 2019\" data-type=\"image_tag\" data-img-url=\"https:\/\/www.institutodeengenharia.org.br\/site\/wp-content\/uploads\/2019\/12\/images-4-356x220.jpg\"  width=\"356\" height=\"220\" \/><\/a><\/div>\r\n            <div class=\"td-module-meta-info\">\r\n                <h3 class=\"entry-title td-module-title\"><a href=\"https:\/\/www.institutodeengenharia.org.br\/site\/2019\/12\/04\/tunnel-day-2019\/\"  rel=\"bookmark\" title=\"TUNNEL DAY 2019\">TUNNEL DAY 2019<\/a><\/h3>                <div class=\"td-editor-date\">\r\n                                        <span class=\"td-author-date\">\r\n                                                <span class=\"td-post-date\"><time class=\"entry-date updated td-module-date\" datetime=\"2019-12-04T08:52:34-03:00\" >04\/12\/2019<\/time><\/span>                    <\/span>\r\n                <\/div>\r\n            <\/div>\r\n\r\n        <\/div>\r\n\r\n        \n\t<\/div> <!-- .\/td-block-span4 -->\n\n\t<div class=\"td-block-span4\">\n\r\n        <div class=\"td_module_mx1 td_module_wrap td-animation-stack\">\r\n            <div class=\"td-module-thumb\"><a href=\"https:\/\/www.institutodeengenharia.org.br\/site\/2019\/11\/21\/engenharia-diagnostica-aplicada-ao-patrimonio-edificado\/\"  rel=\"bookmark\" class=\"td-image-wrap \" title=\"Engenharia diagn\u00f3stica aplicada ao patrim\u00f4nio edificado\" ><img loading=\"lazy\" decoding=\"async\" class=\"entry-thumb\" src=\"data:image\/png;base64,iVBORw0KGgoAAAANSUhEUgAAAWQAAADcAQMAAAB9O0nPAAAAA1BMVEWurq51dlI4AAAAAXRSTlMmkutdmwAAACBJREFUaN7twTEBAAAAwiD7p7bDbmAAAAAAAAAAAABAdieIAAGQh2mWAAAAAElFTkSuQmCC\" alt=\"\" title=\"Engenharia diagn\u00f3stica aplicada ao patrim\u00f4nio edificado\" data-type=\"image_tag\" data-img-url=\"https:\/\/www.institutodeengenharia.org.br\/site\/wp-content\/uploads\/2019\/09\/Reforma-Igreja-Matriz-FM-14-03-2017-10-1200x630-356x220.jpg\"  width=\"356\" height=\"220\" \/><span class=\"td-video-play-ico\"><i class=\"td-icon-video-thumb-play\"><\/i><\/span><\/a><\/div>\r\n            <div class=\"td-module-meta-info\">\r\n                <h3 class=\"entry-title td-module-title\"><a href=\"https:\/\/www.institutodeengenharia.org.br\/site\/2019\/11\/21\/engenharia-diagnostica-aplicada-ao-patrimonio-edificado\/\"  rel=\"bookmark\" title=\"Engenharia diagn\u00f3stica aplicada ao patrim\u00f4nio edificado\">Engenharia diagn\u00f3stica aplicada ao patrim\u00f4nio edificado<\/a><\/h3>                <div class=\"td-editor-date\">\r\n                                        <span class=\"td-author-date\">\r\n                                                <span class=\"td-post-date\"><time class=\"entry-date updated td-module-date\" datetime=\"2019-11-21T09:05:13-03:00\" >21\/11\/2019<\/time><\/span>                    <\/span>\r\n                <\/div>\r\n            <\/div>\r\n\r\n        <\/div>\r\n\r\n        \n\t<\/div> <!-- .\/td-block-span4 -->\n\n\t<div class=\"td-block-span4\">\n\r\n        <div class=\"td_module_mx1 td_module_wrap td-animation-stack\">\r\n            <div class=\"td-module-thumb\"><a href=\"https:\/\/www.institutodeengenharia.org.br\/site\/2019\/11\/19\/workshop-governanca-metropolitana\/\"  rel=\"bookmark\" class=\"td-image-wrap \" title=\"Workshop Governan\u00e7a Metropolitana\" ><img loading=\"lazy\" decoding=\"async\" class=\"entry-thumb\" src=\"data:image\/png;base64,iVBORw0KGgoAAAANSUhEUgAAAWQAAADcAQMAAAB9O0nPAAAAA1BMVEWurq51dlI4AAAAAXRSTlMmkutdmwAAACBJREFUaN7twTEBAAAAwiD7p7bDbmAAAAAAAAAAAABAdieIAAGQh2mWAAAAAElFTkSuQmCC\" alt=\"\" title=\"Workshop Governan\u00e7a Metropolitana\" data-type=\"image_tag\" data-img-url=\"https:\/\/www.institutodeengenharia.org.br\/site\/wp-content\/uploads\/2019\/11\/lei-de-mobilidade-urbana-redesenhando-as-cidades1-356x220.jpg\"  width=\"356\" height=\"220\" \/><\/a><\/div>\r\n            <div class=\"td-module-meta-info\">\r\n                <h3 class=\"entry-title td-module-title\"><a href=\"https:\/\/www.institutodeengenharia.org.br\/site\/2019\/11\/19\/workshop-governanca-metropolitana\/\"  rel=\"bookmark\" title=\"Workshop Governan\u00e7a Metropolitana\">Workshop Governan\u00e7a Metropolitana<\/a><\/h3>                <div class=\"td-editor-date\">\r\n                                        <span class=\"td-author-date\">\r\n                                                <span class=\"td-post-date\"><time class=\"entry-date updated td-module-date\" datetime=\"2019-11-19T09:28:14-03:00\" >19\/11\/2019<\/time><\/span>                    <\/span>\r\n                <\/div>\r\n            <\/div>\r\n\r\n        <\/div>\r\n\r\n        \n\t<\/div> <!-- .\/td-block-span4 --><\/div><!--.\/row-fluid-->\n\n\t<div class=\"td-block-row\">\n\n\t<div class=\"td-block-span4\">\n\r\n        <div class=\"td_module_mx1 td_module_wrap td-animation-stack\">\r\n            <div class=\"td-module-thumb\"><a href=\"https:\/\/www.institutodeengenharia.org.br\/site\/2019\/11\/12\/mulheres-em-gestao-facilities\/\"  rel=\"bookmark\" class=\"td-image-wrap \" title=\"Mulheres em Gest\u00e3o \u2013 Facilities\" ><img loading=\"lazy\" decoding=\"async\" class=\"entry-thumb\" src=\"data:image\/png;base64,iVBORw0KGgoAAAANSUhEUgAAAWQAAADcAQMAAAB9O0nPAAAAA1BMVEWurq51dlI4AAAAAXRSTlMmkutdmwAAACBJREFUaN7twTEBAAAAwiD7p7bDbmAAAAAAAAAAAABAdieIAAGQh2mWAAAAAElFTkSuQmCC\" alt=\"\" title=\"Mulheres em Gest\u00e3o \u2013 Facilities\" data-type=\"image_tag\" data-img-url=\"https:\/\/www.institutodeengenharia.org.br\/site\/wp-content\/uploads\/2019\/11\/kissclipart-facilities-management-icons-clipart-facility-manag-746535418a82e657-356x220.png\"  width=\"356\" height=\"220\" \/><\/a><\/div>\r\n            <div class=\"td-module-meta-info\">\r\n                <h3 class=\"entry-title td-module-title\"><a href=\"https:\/\/www.institutodeengenharia.org.br\/site\/2019\/11\/12\/mulheres-em-gestao-facilities\/\"  rel=\"bookmark\" title=\"Mulheres em Gest\u00e3o \u2013 Facilities\">Mulheres em Gest\u00e3o \u2013 Facilities<\/a><\/h3>                <div class=\"td-editor-date\">\r\n                                        <span class=\"td-author-date\">\r\n                                                <span class=\"td-post-date\"><time class=\"entry-date updated td-module-date\" datetime=\"2019-11-12T09:33:14-03:00\" >12\/11\/2019<\/time><\/span>                    <\/span>\r\n                <\/div>\r\n            <\/div>\r\n\r\n        <\/div>\r\n\r\n        \n\t<\/div> <!-- .\/td-block-span4 -->\n\n\t<div class=\"td-block-span4\">\n\r\n        <div class=\"td_module_mx1 td_module_wrap td-animation-stack\">\r\n            <div class=\"td-module-thumb\"><a href=\"https:\/\/www.institutodeengenharia.org.br\/site\/2019\/10\/31\/obras-inteligentes-retrofit-e-construcoes-sustentaveis\/\"  rel=\"bookmark\" class=\"td-image-wrap \" title=\"Obras inteligentes \u2013 Retrofit e constru\u00e7\u00f5es sustent\u00e1veis\" ><img loading=\"lazy\" decoding=\"async\" class=\"entry-thumb\" src=\"data:image\/png;base64,iVBORw0KGgoAAAANSUhEUgAAAWQAAADcAQMAAAB9O0nPAAAAA1BMVEWurq51dlI4AAAAAXRSTlMmkutdmwAAACBJREFUaN7twTEBAAAAwiD7p7bDbmAAAAAAAAAAAABAdieIAAGQh2mWAAAAAElFTkSuQmCC\" alt=\"\" title=\"Obras inteligentes \u2013 Retrofit e constru\u00e7\u00f5es sustent\u00e1veis\" data-type=\"image_tag\" data-img-url=\"https:\/\/www.institutodeengenharia.org.br\/site\/wp-content\/uploads\/2019\/10\/50-650-retrofit-revitalizacao-edificios-antigos-356x220.jpg\"  width=\"356\" height=\"220\" \/><\/a><\/div>\r\n            <div class=\"td-module-meta-info\">\r\n                <h3 class=\"entry-title td-module-title\"><a href=\"https:\/\/www.institutodeengenharia.org.br\/site\/2019\/10\/31\/obras-inteligentes-retrofit-e-construcoes-sustentaveis\/\"  rel=\"bookmark\" title=\"Obras inteligentes \u2013 Retrofit e constru\u00e7\u00f5es sustent\u00e1veis\">Obras inteligentes \u2013 Retrofit e constru\u00e7\u00f5es sustent\u00e1veis<\/a><\/h3>                <div class=\"td-editor-date\">\r\n                                        <span class=\"td-author-date\">\r\n                                                <span class=\"td-post-date\"><time class=\"entry-date updated td-module-date\" datetime=\"2019-10-31T15:19:31-03:00\" >31\/10\/2019<\/time><\/span>                    <\/span>\r\n                <\/div>\r\n            <\/div>\r\n\r\n        <\/div>\r\n\r\n        \n\t<\/div> <!-- .\/td-block-span4 -->\n\n\t<div class=\"td-block-span4\">\n\r\n        <div class=\"td_module_mx1 td_module_wrap td-animation-stack\">\r\n            <div class=\"td-module-thumb\"><a href=\"https:\/\/www.institutodeengenharia.org.br\/site\/2019\/10\/31\/os-novos-conceitos-da-nr-12-serie-os-gargalos-da-seguranca-e-da-saude-do-trabalho-no-brasil\/\"  rel=\"bookmark\" class=\"td-image-wrap \" title=\"Os novos conceitos da NR-12 \u2013 S\u00e9rie: Os gargalos da seguran\u00e7a e da sa\u00fade do trabalho no Brasil\" ><img loading=\"lazy\" decoding=\"async\" class=\"entry-thumb\" src=\"data:image\/png;base64,iVBORw0KGgoAAAANSUhEUgAAAWQAAADcAQMAAAB9O0nPAAAAA1BMVEWurq51dlI4AAAAAXRSTlMmkutdmwAAACBJREFUaN7twTEBAAAAwiD7p7bDbmAAAAAAAAAAAABAdieIAAGQh2mWAAAAAElFTkSuQmCC\" alt=\"\" title=\"Os novos conceitos da NR-12 \u2013 S\u00e9rie: Os gargalos da seguran\u00e7a e da sa\u00fade do trabalho no Brasil\" data-type=\"image_tag\" data-img-url=\"https:\/\/www.institutodeengenharia.org.br\/site\/wp-content\/uploads\/2019\/09\/e22e682a3707cf126fb9de17adf605ca-1-356x220.png\"  width=\"356\" height=\"220\" \/><\/a><\/div>\r\n            <div class=\"td-module-meta-info\">\r\n                <h3 class=\"entry-title td-module-title\"><a href=\"https:\/\/www.institutodeengenharia.org.br\/site\/2019\/10\/31\/os-novos-conceitos-da-nr-12-serie-os-gargalos-da-seguranca-e-da-saude-do-trabalho-no-brasil\/\"  rel=\"bookmark\" title=\"Os novos conceitos da NR-12 \u2013 S\u00e9rie: Os gargalos da seguran\u00e7a e da sa\u00fade do trabalho no Brasil\">Os novos conceitos da NR-12 \u2013 S\u00e9rie: Os gargalos da seguran\u00e7a e da sa\u00fade do trabalho no Brasil<\/a><\/h3>                <div class=\"td-editor-date\">\r\n                                        <span class=\"td-author-date\">\r\n                                                <span class=\"td-post-date\"><time class=\"entry-date updated td-module-date\" datetime=\"2019-10-31T10:21:18-03:00\" >31\/10\/2019<\/time><\/span>                    <\/span>\r\n                <\/div>\r\n            <\/div>\r\n\r\n        <\/div>\r\n\r\n        \n\t<\/div> <!-- .\/td-block-span4 --><\/div><!--.\/row-fluid-->\n\n\t<div class=\"td-block-row\">\n\n\t<div class=\"td-block-span4\">\n\r\n        <div class=\"td_module_mx1 td_module_wrap td-animation-stack\">\r\n            <div class=\"td-module-thumb\"><a href=\"https:\/\/www.institutodeengenharia.org.br\/site\/2019\/10\/28\/dia-de-mentoria-acelerando-carreiras\/\"  rel=\"bookmark\" class=\"td-image-wrap \" title=\"Dia de Mentoria &#8211; Acelerando Carreiras\" ><img loading=\"lazy\" decoding=\"async\" class=\"entry-thumb\" src=\"data:image\/png;base64,iVBORw0KGgoAAAANSUhEUgAAAWQAAADcAQMAAAB9O0nPAAAAA1BMVEWurq51dlI4AAAAAXRSTlMmkutdmwAAACBJREFUaN7twTEBAAAAwiD7p7bDbmAAAAAAAAAAAABAdieIAAGQh2mWAAAAAElFTkSuQmCC\" alt=\"\" title=\"Dia de Mentoria &#8211; Acelerando Carreiras\" data-type=\"image_tag\" data-img-url=\"https:\/\/www.institutodeengenharia.org.br\/site\/wp-content\/uploads\/2019\/09\/Planejamento-Estrategico-Jornal140-356x220.jpg\"  width=\"356\" height=\"220\" \/><\/a><\/div>\r\n            <div class=\"td-module-meta-info\">\r\n                <h3 class=\"entry-title td-module-title\"><a href=\"https:\/\/www.institutodeengenharia.org.br\/site\/2019\/10\/28\/dia-de-mentoria-acelerando-carreiras\/\"  rel=\"bookmark\" title=\"Dia de Mentoria &#8211; Acelerando Carreiras\">Dia de Mentoria &#8211; Acelerando Carreiras<\/a><\/h3>                <div class=\"td-editor-date\">\r\n                                        <span class=\"td-author-date\">\r\n                                                <span class=\"td-post-date\"><time class=\"entry-date updated td-module-date\" datetime=\"2019-10-28T15:46:45-03:00\" >28\/10\/2019<\/time><\/span>                    <\/span>\r\n                <\/div>\r\n            <\/div>\r\n\r\n        <\/div>\r\n\r\n        \n\t<\/div> <!-- .\/td-block-span4 -->\n\n\t<div class=\"td-block-span4\">\n\r\n        <div class=\"td_module_mx1 td_module_wrap td-animation-stack\">\r\n            <div class=\"td-module-thumb\"><a href=\"https:\/\/www.institutodeengenharia.org.br\/site\/2019\/10\/28\/video-institucional-2019\/\"  rel=\"bookmark\" class=\"td-image-wrap \" title=\"V\u00eddeo Institucional\" ><img loading=\"lazy\" decoding=\"async\" class=\"entry-thumb\" src=\"data:image\/png;base64,iVBORw0KGgoAAAANSUhEUgAAAWQAAADcAQMAAAB9O0nPAAAAA1BMVEWurq51dlI4AAAAAXRSTlMmkutdmwAAACBJREFUaN7twTEBAAAAwiD7p7bDbmAAAAAAAAAAAABAdieIAAGQh2mWAAAAAElFTkSuQmCC\" alt=\"\" title=\"V\u00eddeo Institucional\" data-type=\"image_tag\" data-img-url=\"https:\/\/www.institutodeengenharia.org.br\/site\/wp-content\/uploads\/2019\/10\/VIDEO-IE-356x220.jpg\"  width=\"356\" height=\"220\" \/><\/a><\/div>\r\n            <div class=\"td-module-meta-info\">\r\n                <h3 class=\"entry-title td-module-title\"><a href=\"https:\/\/www.institutodeengenharia.org.br\/site\/2019\/10\/28\/video-institucional-2019\/\"  rel=\"bookmark\" title=\"V\u00eddeo Institucional\">V\u00eddeo Institucional<\/a><\/h3>                <div class=\"td-editor-date\">\r\n                                        <span class=\"td-author-date\">\r\n                                                <span class=\"td-post-date\"><time class=\"entry-date updated td-module-date\" datetime=\"2019-10-28T10:37:32-03:00\" >28\/10\/2019<\/time><\/span>                    <\/span>\r\n                <\/div>\r\n            <\/div>\r\n\r\n        <\/div>\r\n\r\n        \n\t<\/div> <!-- .\/td-block-span4 -->\n\n\t<div class=\"td-block-span4\">\n\r\n        <div class=\"td_module_mx1 td_module_wrap td-animation-stack\">\r\n            <div class=\"td-module-thumb\"><a href=\"https:\/\/www.institutodeengenharia.org.br\/site\/2019\/10\/16\/entrega-do-titulo-de-eminente-engenheiro-do-ano-2019\/\"  rel=\"bookmark\" class=\"td-image-wrap \" title=\"Entrega do t\u00edtulo de Eminente Engenheiro do Ano 2019\" ><img loading=\"lazy\" decoding=\"async\" class=\"entry-thumb\" src=\"data:image\/png;base64,iVBORw0KGgoAAAANSUhEUgAAAWQAAADcAQMAAAB9O0nPAAAAA1BMVEWurq51dlI4AAAAAXRSTlMmkutdmwAAACBJREFUaN7twTEBAAAAwiD7p7bDbmAAAAAAAAAAAABAdieIAAGQh2mWAAAAAElFTkSuQmCC\" alt=\"\" title=\"Entrega do t\u00edtulo de Eminente Engenheiro do Ano 2019\" data-type=\"image_tag\" data-img-url=\"https:\/\/www.institutodeengenharia.org.br\/site\/wp-content\/uploads\/2019\/10\/48913954982_62a73036cc_o-356x220.jpg\"  width=\"356\" height=\"220\" \/><\/a><\/div>\r\n            <div class=\"td-module-meta-info\">\r\n                <h3 class=\"entry-title td-module-title\"><a href=\"https:\/\/www.institutodeengenharia.org.br\/site\/2019\/10\/16\/entrega-do-titulo-de-eminente-engenheiro-do-ano-2019\/\"  rel=\"bookmark\" title=\"Entrega do t\u00edtulo de Eminente Engenheiro do Ano 2019\">Entrega do t\u00edtulo de Eminente Engenheiro do Ano 2019<\/a><\/h3>                <div class=\"td-editor-date\">\r\n                                        <span class=\"td-author-date\">\r\n                                                <span class=\"td-post-date\"><time class=\"entry-date updated td-module-date\" datetime=\"2019-10-16T12:50:32-03:00\" >16\/10\/2019<\/time><\/span>                    <\/span>\r\n                <\/div>\r\n            <\/div>\r\n\r\n        <\/div>\r\n\r\n        \n\t<\/div> <!-- .\/td-block-span4 --><\/div><!--.\/row-fluid-->\n\n\t<div class=\"td-block-row\">\n\n\t<div class=\"td-block-span4\">\n\r\n        <div class=\"td_module_mx1 td_module_wrap td-animation-stack\">\r\n            <div class=\"td-module-thumb\"><a href=\"https:\/\/www.institutodeengenharia.org.br\/site\/2019\/10\/15\/2o-workshop-petroleo-e-gas-desenvolvimento-do-novo-mercado-de-gas-natural\/\"  rel=\"bookmark\" class=\"td-image-wrap \" title=\"2\u00ba Workshop Petr\u00f3leo e G\u00e1s &#8211; Desenvolvimento do novo mercado de g\u00e1s natural\" ><img loading=\"lazy\" decoding=\"async\" class=\"entry-thumb\" src=\"data:image\/png;base64,iVBORw0KGgoAAAANSUhEUgAAAWQAAADcAQMAAAB9O0nPAAAAA1BMVEWurq51dlI4AAAAAXRSTlMmkutdmwAAACBJREFUaN7twTEBAAAAwiD7p7bDbmAAAAAAAAAAAABAdieIAAGQh2mWAAAAAElFTkSuQmCC\" alt=\"\" title=\"2\u00ba Workshop Petr\u00f3leo e G\u00e1s &#8211; Desenvolvimento do novo mercado de g\u00e1s natural\" data-type=\"image_tag\" data-img-url=\"https:\/\/www.institutodeengenharia.org.br\/site\/wp-content\/uploads\/2019\/10\/1-gas-natural-1-356x220.jpg\"  width=\"356\" height=\"220\" \/><\/a><\/div>\r\n            <div class=\"td-module-meta-info\">\r\n                <h3 class=\"entry-title td-module-title\"><a href=\"https:\/\/www.institutodeengenharia.org.br\/site\/2019\/10\/15\/2o-workshop-petroleo-e-gas-desenvolvimento-do-novo-mercado-de-gas-natural\/\"  rel=\"bookmark\" title=\"2\u00ba Workshop Petr\u00f3leo e G\u00e1s &#8211; Desenvolvimento do novo mercado de g\u00e1s natural\">2\u00ba Workshop Petr\u00f3leo e G\u00e1s &#8211; Desenvolvimento do novo mercado de g\u00e1s natural<\/a><\/h3>                <div class=\"td-editor-date\">\r\n                                        <span class=\"td-author-date\">\r\n                                                <span class=\"td-post-date\"><time class=\"entry-date updated td-module-date\" datetime=\"2019-10-15T15:59:59-03:00\" >15\/10\/2019<\/time><\/span>                    <\/span>\r\n                <\/div>\r\n            <\/div>\r\n\r\n        <\/div>\r\n\r\n        \n\t<\/div> <!-- .\/td-block-span4 -->\n\n\t<div class=\"td-block-span4\">\n\r\n        <div class=\"td_module_mx1 td_module_wrap td-animation-stack\">\r\n            <div class=\"td-module-thumb\"><a href=\"https:\/\/www.institutodeengenharia.org.br\/site\/2019\/09\/23\/cidade-matarazzo\/\"  rel=\"bookmark\" class=\"td-image-wrap \" title=\"Cidade Matarazzo\" ><img loading=\"lazy\" decoding=\"async\" class=\"entry-thumb\" src=\"data:image\/png;base64,iVBORw0KGgoAAAANSUhEUgAAAWQAAADcAQMAAAB9O0nPAAAAA1BMVEWurq51dlI4AAAAAXRSTlMmkutdmwAAACBJREFUaN7twTEBAAAAwiD7p7bDbmAAAAAAAAAAAABAdieIAAGQh2mWAAAAAElFTkSuQmCC\" alt=\"\" title=\"Cidade Matarazzo\" data-type=\"image_tag\" data-img-url=\"https:\/\/www.institutodeengenharia.org.br\/site\/wp-content\/uploads\/2019\/09\/cidade-matarazzo-complexo-imobiliario-d-356x220.jpg\"  width=\"356\" height=\"220\" \/><\/a><\/div>\r\n            <div class=\"td-module-meta-info\">\r\n                <h3 class=\"entry-title td-module-title\"><a href=\"https:\/\/www.institutodeengenharia.org.br\/site\/2019\/09\/23\/cidade-matarazzo\/\"  rel=\"bookmark\" title=\"Cidade Matarazzo\">Cidade Matarazzo<\/a><\/h3>                <div class=\"td-editor-date\">\r\n                                        <span class=\"td-author-date\">\r\n                                                <span class=\"td-post-date\"><time class=\"entry-date updated td-module-date\" datetime=\"2019-09-23T15:32:40-03:00\" >23\/09\/2019<\/time><\/span>                    <\/span>\r\n                <\/div>\r\n            <\/div>\r\n\r\n        <\/div>\r\n\r\n        \n\t<\/div> <!-- .\/td-block-span4 -->\n\n\t<div class=\"td-block-span4\">\n\r\n        <div class=\"td_module_mx1 td_module_wrap td-animation-stack\">\r\n            <div class=\"td-module-thumb\"><a href=\"https:\/\/www.institutodeengenharia.org.br\/site\/2019\/09\/19\/seguranca-das-estruturas-controle-de-aceitacao-da-resistencia-a-compressao-do-concreto-comparativo-normas-abnt-aci-e-en\/\"  rel=\"bookmark\" class=\"td-image-wrap \" title=\"Seguran\u00e7a das estruturas: Controle de aceita\u00e7\u00e3o da resist\u00eancia \u00e0 compress\u00e3o do concreto \u2013 Comparativo normas ABNT, ACI e EN\" ><img loading=\"lazy\" decoding=\"async\" class=\"entry-thumb\" src=\"data:image\/png;base64,iVBORw0KGgoAAAANSUhEUgAAAWQAAADcAQMAAAB9O0nPAAAAA1BMVEWurq51dlI4AAAAAXRSTlMmkutdmwAAACBJREFUaN7twTEBAAAAwiD7p7bDbmAAAAAAAAAAAABAdieIAAGQh2mWAAAAAElFTkSuQmCC\" alt=\"\" title=\"Seguran\u00e7a das estruturas: Controle de aceita\u00e7\u00e3o da resist\u00eancia \u00e0 compress\u00e3o do concreto \u2013 Comparativo normas ABNT, ACI e EN\" data-type=\"image_tag\" data-img-url=\"https:\/\/www.institutodeengenharia.org.br\/site\/wp-content\/uploads\/2019\/09\/Estrutura-de-Concreto-1-356x220.jpg\"  width=\"356\" height=\"220\" \/><\/a><\/div>\r\n            <div class=\"td-module-meta-info\">\r\n                <h3 class=\"entry-title td-module-title\"><a href=\"https:\/\/www.institutodeengenharia.org.br\/site\/2019\/09\/19\/seguranca-das-estruturas-controle-de-aceitacao-da-resistencia-a-compressao-do-concreto-comparativo-normas-abnt-aci-e-en\/\"  rel=\"bookmark\" title=\"Seguran\u00e7a das estruturas: Controle de aceita\u00e7\u00e3o da resist\u00eancia \u00e0 compress\u00e3o do concreto \u2013 Comparativo normas ABNT, ACI e EN\">Seguran\u00e7a das estruturas: Controle de aceita\u00e7\u00e3o da resist\u00eancia \u00e0 compress\u00e3o do concreto \u2013 Comparativo normas ABNT, ACI e EN<\/a><\/h3>                <div class=\"td-editor-date\">\r\n                                        <span class=\"td-author-date\">\r\n                                                <span class=\"td-post-date\"><time class=\"entry-date updated td-module-date\" datetime=\"2019-09-19T09:07:18-03:00\" >19\/09\/2019<\/time><\/span>                    <\/span>\r\n                <\/div>\r\n            <\/div>\r\n\r\n        <\/div>\r\n\r\n        \n\t<\/div> <!-- .\/td-block-span4 --><\/div><!--.\/row-fluid-->\n\n\t<div class=\"td-block-row\">\n\n\t<div class=\"td-block-span4\">\n\r\n        <div class=\"td_module_mx1 td_module_wrap td-animation-stack\">\r\n            <div class=\"td-module-thumb\"><a href=\"https:\/\/www.institutodeengenharia.org.br\/site\/2019\/09\/12\/dia-da-mentoria-palestra-empreendedorismo\/\"  rel=\"bookmark\" class=\"td-image-wrap \" title=\"Dia de Mentoria \u2013 Empreendedorismo\" ><img loading=\"lazy\" decoding=\"async\" class=\"entry-thumb\" src=\"data:image\/png;base64,iVBORw0KGgoAAAANSUhEUgAAAWQAAADcAQMAAAB9O0nPAAAAA1BMVEWurq51dlI4AAAAAXRSTlMmkutdmwAAACBJREFUaN7twTEBAAAAwiD7p7bDbmAAAAAAAAAAAABAdieIAAGQh2mWAAAAAElFTkSuQmCC\" alt=\"\" title=\"Dia de Mentoria \u2013 Empreendedorismo\" data-type=\"image_tag\" data-img-url=\"https:\/\/www.institutodeengenharia.org.br\/site\/wp-content\/uploads\/2019\/11\/onlineterpercaya.com_Tips-Jitu-Cara-Usaha-Online-1-356x220.jpg\"  width=\"356\" height=\"220\" \/><\/a><\/div>\r\n            <div class=\"td-module-meta-info\">\r\n                <h3 class=\"entry-title td-module-title\"><a href=\"https:\/\/www.institutodeengenharia.org.br\/site\/2019\/09\/12\/dia-da-mentoria-palestra-empreendedorismo\/\"  rel=\"bookmark\" title=\"Dia de Mentoria \u2013 Empreendedorismo\">Dia de Mentoria \u2013 Empreendedorismo<\/a><\/h3>                <div class=\"td-editor-date\">\r\n                                        <span class=\"td-author-date\">\r\n                                                <span class=\"td-post-date\"><time class=\"entry-date updated td-module-date\" datetime=\"2019-09-12T15:11:14-03:00\" >12\/09\/2019<\/time><\/span>                    <\/span>\r\n                <\/div>\r\n            <\/div>\r\n\r\n        <\/div>\r\n\r\n        \n\t<\/div> <!-- .\/td-block-span4 -->\n\n\t<div class=\"td-block-span4\">\n\r\n        <div class=\"td_module_mx1 td_module_wrap td-animation-stack\">\r\n            <div class=\"td-module-thumb\"><a href=\"https:\/\/www.institutodeengenharia.org.br\/site\/2019\/09\/12\/inspecao-e-avaliacao-de-pontes-e-viadutos-metalicos\/\"  rel=\"bookmark\" class=\"td-image-wrap \" title=\"Inspe\u00e7\u00e3o e avalia\u00e7\u00e3o de pontes e viadutos met\u00e1licos\" ><img loading=\"lazy\" decoding=\"async\" class=\"entry-thumb\" src=\"data:image\/png;base64,iVBORw0KGgoAAAANSUhEUgAAAWQAAADcAQMAAAB9O0nPAAAAA1BMVEWurq51dlI4AAAAAXRSTlMmkutdmwAAACBJREFUaN7twTEBAAAAwiD7p7bDbmAAAAAAAAAAAABAdieIAAGQh2mWAAAAAElFTkSuQmCC\" alt=\"\" title=\"Inspe\u00e7\u00e3o e avalia\u00e7\u00e3o de pontes e viadutos met\u00e1licos\" data-type=\"image_tag\" data-img-url=\"https:\/\/www.institutodeengenharia.org.br\/site\/wp-content\/uploads\/2019\/08\/150835232559e7a14516336_1508352325_3x2_md-356x220.jpg\"  width=\"356\" height=\"220\" \/><\/a><\/div>\r\n            <div class=\"td-module-meta-info\">\r\n                <h3 class=\"entry-title td-module-title\"><a href=\"https:\/\/www.institutodeengenharia.org.br\/site\/2019\/09\/12\/inspecao-e-avaliacao-de-pontes-e-viadutos-metalicos\/\"  rel=\"bookmark\" title=\"Inspe\u00e7\u00e3o e avalia\u00e7\u00e3o de pontes e viadutos met\u00e1licos\">Inspe\u00e7\u00e3o e avalia\u00e7\u00e3o de pontes e viadutos met\u00e1licos<\/a><\/h3>                <div class=\"td-editor-date\">\r\n                                        <span class=\"td-author-date\">\r\n                                                <span class=\"td-post-date\"><time class=\"entry-date updated td-module-date\" datetime=\"2019-09-12T12:18:00-03:00\" >12\/09\/2019<\/time><\/span>                    <\/span>\r\n                <\/div>\r\n            <\/div>\r\n\r\n        <\/div>\r\n\r\n        \n\t<\/div> <!-- .\/td-block-span4 -->\n\n\t<div class=\"td-block-span4\">\n\r\n        <div class=\"td_module_mx1 td_module_wrap td-animation-stack\">\r\n            <div class=\"td-module-thumb\"><a href=\"https:\/\/www.institutodeengenharia.org.br\/site\/2019\/08\/29\/apresentacao-de-programa-para-dimensionamento-de-paredes-em-alvenaria-murfor\/\"  rel=\"bookmark\" class=\"td-image-wrap \" title=\"Apresenta\u00e7\u00e3o de programa para dimensionamento de paredes em alvenaria \u2013 Murfor\u00ae\" ><img loading=\"lazy\" decoding=\"async\" class=\"entry-thumb\" src=\"data:image\/png;base64,iVBORw0KGgoAAAANSUhEUgAAAWQAAADcAQMAAAB9O0nPAAAAA1BMVEWurq51dlI4AAAAAXRSTlMmkutdmwAAACBJREFUaN7twTEBAAAAwiD7p7bDbmAAAAAAAAAAAABAdieIAAGQh2mWAAAAAElFTkSuQmCC\" alt=\"\" title=\"Apresenta\u00e7\u00e3o de programa para dimensionamento de paredes em alvenaria \u2013 Murfor\u00ae\" data-type=\"image_tag\" data-img-url=\"https:\/\/www.institutodeengenharia.org.br\/site\/wp-content\/uploads\/2019\/08\/\u043c\u04444-356x220.jpg\"  width=\"356\" height=\"220\" \/><\/a><\/div>\r\n            <div class=\"td-module-meta-info\">\r\n                <h3 class=\"entry-title td-module-title\"><a href=\"https:\/\/www.institutodeengenharia.org.br\/site\/2019\/08\/29\/apresentacao-de-programa-para-dimensionamento-de-paredes-em-alvenaria-murfor\/\"  rel=\"bookmark\" title=\"Apresenta\u00e7\u00e3o de programa para dimensionamento de paredes em alvenaria \u2013 Murfor\u00ae\">Apresenta\u00e7\u00e3o de programa para dimensionamento de paredes em alvenaria \u2013 Murfor\u00ae<\/a><\/h3>                <div class=\"td-editor-date\">\r\n                                        <span class=\"td-author-date\">\r\n                                                <span class=\"td-post-date\"><time class=\"entry-date updated td-module-date\" datetime=\"2019-08-29T10:55:38-03:00\" >29\/08\/2019<\/time><\/span>                    <\/span>\r\n                <\/div>\r\n            <\/div>\r\n\r\n        <\/div>\r\n\r\n        \n\t<\/div> <!-- .\/td-block-span4 --><\/div><!--.\/row-fluid-->\n\n\t<div class=\"td-block-row\">\n\n\t<div class=\"td-block-span4\">\n\r\n        <div class=\"td_module_mx1 td_module_wrap td-animation-stack\">\r\n            <div class=\"td-module-thumb\"><a href=\"https:\/\/www.institutodeengenharia.org.br\/site\/2019\/08\/27\/a-importancia-das-hidrovias-no-brasil-por-que-elas-nao-deslancham\/\"  rel=\"bookmark\" class=\"td-image-wrap \" title=\"A Import\u00e2ncia das Hidrovias no Brasil &#8211; Por que elas n\u00e3o deslancham?\" ><img loading=\"lazy\" decoding=\"async\" class=\"entry-thumb\" src=\"data:image\/png;base64,iVBORw0KGgoAAAANSUhEUgAAAWQAAADcAQMAAAB9O0nPAAAAA1BMVEWurq51dlI4AAAAAXRSTlMmkutdmwAAACBJREFUaN7twTEBAAAAwiD7p7bDbmAAAAAAAAAAAABAdieIAAGQh2mWAAAAAElFTkSuQmCC\" alt=\"\" title=\"A Import\u00e2ncia das Hidrovias no Brasil &#8211; Por que elas n\u00e3o deslancham?\" data-type=\"image_tag\" data-img-url=\"https:\/\/www.institutodeengenharia.org.br\/site\/wp-content\/uploads\/2019\/07\/Hidrovias-356x220.jpg\"  width=\"356\" height=\"220\" \/><\/a><\/div>\r\n            <div class=\"td-module-meta-info\">\r\n                <h3 class=\"entry-title td-module-title\"><a href=\"https:\/\/www.institutodeengenharia.org.br\/site\/2019\/08\/27\/a-importancia-das-hidrovias-no-brasil-por-que-elas-nao-deslancham\/\"  rel=\"bookmark\" title=\"A Import\u00e2ncia das Hidrovias no Brasil &#8211; Por que elas n\u00e3o deslancham?\">A Import\u00e2ncia das Hidrovias no Brasil &#8211; Por que elas n\u00e3o deslancham?<\/a><\/h3>                <div class=\"td-editor-date\">\r\n                                        <span class=\"td-author-date\">\r\n                                                <span class=\"td-post-date\"><time class=\"entry-date updated td-module-date\" datetime=\"2019-08-27T10:51:29-03:00\" >27\/08\/2019<\/time><\/span>                    <\/span>\r\n                <\/div>\r\n            <\/div>\r\n\r\n        <\/div>\r\n\r\n        \n\t<\/div> <!-- .\/td-block-span4 -->\n\n\t<div class=\"td-block-span4\">\n\r\n        <div class=\"td_module_mx1 td_module_wrap td-animation-stack\">\r\n            <div class=\"td-module-thumb\"><a href=\"https:\/\/www.institutodeengenharia.org.br\/site\/2019\/08\/26\/workshop-petroleo-e-gas\/\"  rel=\"bookmark\" class=\"td-image-wrap \" title=\"Workshop Petr\u00f3leo e G\u00e1s &#8211; Como o Estado de S\u00e3o Paulo pode colaborar\" ><img loading=\"lazy\" decoding=\"async\" class=\"entry-thumb\" src=\"data:image\/png;base64,iVBORw0KGgoAAAANSUhEUgAAAWQAAADcAQMAAAB9O0nPAAAAA1BMVEWurq51dlI4AAAAAXRSTlMmkutdmwAAACBJREFUaN7twTEBAAAAwiD7p7bDbmAAAAAAAAAAAABAdieIAAGQh2mWAAAAAElFTkSuQmCC\" alt=\"\" title=\"Workshop Petr\u00f3leo e G\u00e1s &#8211; Como o Estado de S\u00e3o Paulo pode colaborar\" data-type=\"image_tag\" data-img-url=\"https:\/\/www.institutodeengenharia.org.br\/site\/wp-content\/uploads\/2019\/08\/petroleo-356x220.jpg\"  width=\"356\" height=\"220\" \/><\/a><\/div>\r\n            <div class=\"td-module-meta-info\">\r\n                <h3 class=\"entry-title td-module-title\"><a href=\"https:\/\/www.institutodeengenharia.org.br\/site\/2019\/08\/26\/workshop-petroleo-e-gas\/\"  rel=\"bookmark\" title=\"Workshop Petr\u00f3leo e G\u00e1s &#8211; Como o Estado de S\u00e3o Paulo pode colaborar\">Workshop Petr\u00f3leo e G\u00e1s &#8211; Como o Estado de S\u00e3o Paulo pode colaborar<\/a><\/h3>                <div class=\"td-editor-date\">\r\n                                        <span class=\"td-author-date\">\r\n                                                <span class=\"td-post-date\"><time class=\"entry-date updated td-module-date\" datetime=\"2019-08-26T10:54:59-03:00\" >26\/08\/2019<\/time><\/span>                    <\/span>\r\n                <\/div>\r\n            <\/div>\r\n\r\n        <\/div>\r\n\r\n        \n\t<\/div> <!-- .\/td-block-span4 -->\n\n\t<div class=\"td-block-span4\">\n\r\n        <div class=\"td_module_mx1 td_module_wrap td-animation-stack\">\r\n            <div class=\"td-module-thumb\"><a href=\"https:\/\/www.institutodeengenharia.org.br\/site\/2019\/08\/13\/descomplicando-o-lean-construction\/\"  rel=\"bookmark\" class=\"td-image-wrap \" title=\"Descomplicando o Lean Construction\" ><img loading=\"lazy\" decoding=\"async\" class=\"entry-thumb\" src=\"data:image\/png;base64,iVBORw0KGgoAAAANSUhEUgAAAWQAAADcAQMAAAB9O0nPAAAAA1BMVEWurq51dlI4AAAAAXRSTlMmkutdmwAAACBJREFUaN7twTEBAAAAwiD7p7bDbmAAAAAAAAAAAABAdieIAAGQh2mWAAAAAElFTkSuQmCC\" alt=\"\" title=\"Descomplicando o Lean Construction\" data-type=\"image_tag\" data-img-url=\"https:\/\/www.institutodeengenharia.org.br\/site\/wp-content\/uploads\/2019\/08\/lean-356x220.png\"  width=\"356\" height=\"220\" \/><\/a><\/div>\r\n            <div class=\"td-module-meta-info\">\r\n                <h3 class=\"entry-title td-module-title\"><a href=\"https:\/\/www.institutodeengenharia.org.br\/site\/2019\/08\/13\/descomplicando-o-lean-construction\/\"  rel=\"bookmark\" title=\"Descomplicando o Lean Construction\">Descomplicando o Lean Construction<\/a><\/h3>                <div class=\"td-editor-date\">\r\n                                        <span class=\"td-author-date\">\r\n                                                <span class=\"td-post-date\"><time class=\"entry-date updated td-module-date\" datetime=\"2019-08-13T09:31:07-03:00\" >13\/08\/2019<\/time><\/span>                    <\/span>\r\n                <\/div>\r\n            <\/div>\r\n\r\n        <\/div>\r\n\r\n        \n\t<\/div> <!-- .\/td-block-span4 --><\/div><!--.\/row-fluid-->\n\n\t<div class=\"td-block-row\">\n\n\t<div class=\"td-block-span4\">\n\r\n        <div class=\"td_module_mx1 td_module_wrap td-animation-stack\">\r\n            <div class=\"td-module-thumb\"><a href=\"https:\/\/www.institutodeengenharia.org.br\/site\/2019\/07\/05\/simposio-a-energia-nuclear-no-brasil\/\"  rel=\"bookmark\" class=\"td-image-wrap \" title=\"Simp\u00f3sio \u2013 A Energia Nuclear no Brasil\" ><img loading=\"lazy\" decoding=\"async\" class=\"entry-thumb\" src=\"data:image\/png;base64,iVBORw0KGgoAAAANSUhEUgAAAWQAAADcAQMAAAB9O0nPAAAAA1BMVEWurq51dlI4AAAAAXRSTlMmkutdmwAAACBJREFUaN7twTEBAAAAwiD7p7bDbmAAAAAAAAAAAABAdieIAAGQh2mWAAAAAElFTkSuQmCC\" alt=\"\" title=\"Simp\u00f3sio \u2013 A Energia Nuclear no Brasil\" data-type=\"image_tag\" data-img-url=\"https:\/\/www.institutodeengenharia.org.br\/site\/wp-content\/uploads\/2019\/05\/Usina-Nuclear-iStock-e1563471812104-356x220.jpg\"  width=\"356\" height=\"220\" \/><\/a><\/div>\r\n            <div class=\"td-module-meta-info\">\r\n                <h3 class=\"entry-title td-module-title\"><a href=\"https:\/\/www.institutodeengenharia.org.br\/site\/2019\/07\/05\/simposio-a-energia-nuclear-no-brasil\/\"  rel=\"bookmark\" title=\"Simp\u00f3sio \u2013 A Energia Nuclear no Brasil\">Simp\u00f3sio \u2013 A Energia Nuclear no Brasil<\/a><\/h3>                <div class=\"td-editor-date\">\r\n                                        <span class=\"td-author-date\">\r\n                                                <span class=\"td-post-date\"><time class=\"entry-date updated td-module-date\" datetime=\"2019-07-05T09:37:18-03:00\" >05\/07\/2019<\/time><\/span>                    <\/span>\r\n                <\/div>\r\n            <\/div>\r\n\r\n        <\/div>\r\n\r\n        \n\t<\/div> <!-- .\/td-block-span4 -->\n\n\t<div class=\"td-block-span4\">\n\r\n        <div class=\"td_module_mx1 td_module_wrap td-animation-stack\">\r\n            <div class=\"td-module-thumb\"><a href=\"https:\/\/www.institutodeengenharia.org.br\/site\/2019\/07\/01\/workshop-aeromovel-2\/\"  rel=\"bookmark\" class=\"td-image-wrap \" title=\"Workshop Aerom\u00f3vel\" ><img loading=\"lazy\" decoding=\"async\" class=\"entry-thumb\" src=\"data:image\/png;base64,iVBORw0KGgoAAAANSUhEUgAAAWQAAADcAQMAAAB9O0nPAAAAA1BMVEWurq51dlI4AAAAAXRSTlMmkutdmwAAACBJREFUaN7twTEBAAAAwiD7p7bDbmAAAAAAAAAAAABAdieIAAGQh2mWAAAAAElFTkSuQmCC\" alt=\"\" title=\"Workshop Aerom\u00f3vel\" data-type=\"image_tag\" data-img-url=\"https:\/\/www.institutodeengenharia.org.br\/site\/wp-content\/uploads\/2019\/06\/377e7eda95bafa46a9e52c5f7a76708f-356x220.jpg\"  width=\"356\" height=\"220\" \/><\/a><\/div>\r\n            <div class=\"td-module-meta-info\">\r\n                <h3 class=\"entry-title td-module-title\"><a href=\"https:\/\/www.institutodeengenharia.org.br\/site\/2019\/07\/01\/workshop-aeromovel-2\/\"  rel=\"bookmark\" title=\"Workshop Aerom\u00f3vel\">Workshop Aerom\u00f3vel<\/a><\/h3>                <div class=\"td-editor-date\">\r\n                                        <span class=\"td-author-date\">\r\n                                                <span class=\"td-post-date\"><time class=\"entry-date updated td-module-date\" datetime=\"2019-07-01T10:39:28-03:00\" >01\/07\/2019<\/time><\/span>                    <\/span>\r\n                <\/div>\r\n            <\/div>\r\n\r\n        <\/div>\r\n\r\n        \n\t<\/div> <!-- .\/td-block-span4 -->\n\n\t<div class=\"td-block-span4\">\n\r\n        <div class=\"td_module_mx1 td_module_wrap td-animation-stack\">\r\n            <div class=\"td-module-thumb\"><a href=\"https:\/\/www.institutodeengenharia.org.br\/site\/2019\/06\/24\/novas-tecnologias-para-o-agronegocio-uso-da-tecnologia-blockchain-e-internet-das-coisas-iot-na-pratica-2\/\"  rel=\"bookmark\" class=\"td-image-wrap \" title=\"Novas tecnologias para o agroneg\u00f3cio: Uso da tecnologia blockchain e internet das coisas (IoT) na pr\u00e1tica\" ><img loading=\"lazy\" decoding=\"async\" class=\"entry-thumb\" src=\"data:image\/png;base64,iVBORw0KGgoAAAANSUhEUgAAAWQAAADcAQMAAAB9O0nPAAAAA1BMVEWurq51dlI4AAAAAXRSTlMmkutdmwAAACBJREFUaN7twTEBAAAAwiD7p7bDbmAAAAAAAAAAAABAdieIAAGQh2mWAAAAAElFTkSuQmCC\" alt=\"\" title=\"Novas tecnologias para o agroneg\u00f3cio: Uso da tecnologia blockchain e internet das coisas (IoT) na pr\u00e1tica\" data-type=\"image_tag\" data-img-url=\"https:\/\/www.institutodeengenharia.org.br\/site\/wp-content\/uploads\/2019\/06\/Economia-Digital-Tecnologias-no-agroneg\u00f3cio-1024x694-356x220.jpg\"  width=\"356\" height=\"220\" \/><\/a><\/div>\r\n            <div class=\"td-module-meta-info\">\r\n                <h3 class=\"entry-title td-module-title\"><a href=\"https:\/\/www.institutodeengenharia.org.br\/site\/2019\/06\/24\/novas-tecnologias-para-o-agronegocio-uso-da-tecnologia-blockchain-e-internet-das-coisas-iot-na-pratica-2\/\"  rel=\"bookmark\" title=\"Novas tecnologias para o agroneg\u00f3cio: Uso da tecnologia blockchain e internet das coisas (IoT) na pr\u00e1tica\">Novas tecnologias para o agroneg\u00f3cio: Uso da tecnologia blockchain e internet das coisas (IoT) na pr\u00e1tica<\/a><\/h3>                <div class=\"td-editor-date\">\r\n                                        <span class=\"td-author-date\">\r\n                                                <span class=\"td-post-date\"><time class=\"entry-date updated td-module-date\" datetime=\"2019-06-24T16:37:38-03:00\" >24\/06\/2019<\/time><\/span>                    <\/span>\r\n                <\/div>\r\n            <\/div>\r\n\r\n        <\/div>\r\n\r\n        \n\t<\/div> <!-- .\/td-block-span4 --><\/div><!--.\/row-fluid-->\n\n\t<div class=\"td-block-row\">\n\n\t<div class=\"td-block-span4\">\n\r\n        <div class=\"td_module_mx1 td_module_wrap td-animation-stack\">\r\n            <div class=\"td-module-thumb\"><a href=\"https:\/\/www.institutodeengenharia.org.br\/site\/2019\/06\/24\/novas-tecnologias-para-o-agronegocio-suporte-a-decisao-de-plantar-e-o-monitoramento-a-irrigacao-e-a-hora-da-colheita\/\"  rel=\"bookmark\" class=\"td-image-wrap \" title=\"Novas Tecnologias para o agroneg\u00f3cio: Suporte \u00e0 decis\u00e3o de plantar e o monitoramento \u00e0 irriga\u00e7\u00e3o e a hora da colheita\" ><img loading=\"lazy\" decoding=\"async\" class=\"entry-thumb\" src=\"data:image\/png;base64,iVBORw0KGgoAAAANSUhEUgAAAWQAAADcAQMAAAB9O0nPAAAAA1BMVEWurq51dlI4AAAAAXRSTlMmkutdmwAAACBJREFUaN7twTEBAAAAwiD7p7bDbmAAAAAAAAAAAABAdieIAAGQh2mWAAAAAElFTkSuQmCC\" alt=\"\" title=\"Novas Tecnologias para o agroneg\u00f3cio: Suporte \u00e0 decis\u00e3o de plantar e o monitoramento \u00e0 irriga\u00e7\u00e3o e a hora da colheita\" data-type=\"image_tag\" data-img-url=\"https:\/\/www.institutodeengenharia.org.br\/site\/wp-content\/uploads\/2019\/06\/agtechs-356x220.jpg\"  width=\"356\" height=\"220\" \/><\/a><\/div>\r\n            <div class=\"td-module-meta-info\">\r\n                <h3 class=\"entry-title td-module-title\"><a href=\"https:\/\/www.institutodeengenharia.org.br\/site\/2019\/06\/24\/novas-tecnologias-para-o-agronegocio-suporte-a-decisao-de-plantar-e-o-monitoramento-a-irrigacao-e-a-hora-da-colheita\/\"  rel=\"bookmark\" title=\"Novas Tecnologias para o agroneg\u00f3cio: Suporte \u00e0 decis\u00e3o de plantar e o monitoramento \u00e0 irriga\u00e7\u00e3o e a hora da colheita\">Novas Tecnologias para o agroneg\u00f3cio: Suporte \u00e0 decis\u00e3o de plantar e o monitoramento \u00e0 irriga\u00e7\u00e3o e a hora da colheita<\/a><\/h3>                <div class=\"td-editor-date\">\r\n                                        <span class=\"td-author-date\">\r\n                                                <span class=\"td-post-date\"><time class=\"entry-date updated td-module-date\" datetime=\"2019-06-24T16:35:46-03:00\" >24\/06\/2019<\/time><\/span>                    <\/span>\r\n                <\/div>\r\n            <\/div>\r\n\r\n        <\/div>\r\n\r\n        \n\t<\/div> <!-- .\/td-block-span4 -->\n\n\t<div class=\"td-block-span4\">\n\r\n        <div class=\"td_module_mx1 td_module_wrap td-animation-stack\">\r\n            <div class=\"td-module-thumb\"><a href=\"https:\/\/www.institutodeengenharia.org.br\/site\/2019\/06\/13\/recuperacao-e-troca-dos-cabos-da-ponte-pensil-de-sao-vicente\/\"  rel=\"bookmark\" class=\"td-image-wrap \" title=\"Recupera\u00e7\u00e3o e troca dos cabos da Ponte P\u00eansil de S\u00e3o Vicente\" ><img loading=\"lazy\" decoding=\"async\" class=\"entry-thumb\" src=\"data:image\/png;base64,iVBORw0KGgoAAAANSUhEUgAAAWQAAADcAQMAAAB9O0nPAAAAA1BMVEWurq51dlI4AAAAAXRSTlMmkutdmwAAACBJREFUaN7twTEBAAAAwiD7p7bDbmAAAAAAAAAAAABAdieIAAGQh2mWAAAAAElFTkSuQmCC\" alt=\"\" title=\"Recupera\u00e7\u00e3o e troca dos cabos da Ponte P\u00eansil de S\u00e3o Vicente\" data-type=\"image_tag\" data-img-url=\"https:\/\/www.institutodeengenharia.org.br\/site\/wp-content\/uploads\/2019\/05\/Ponte-Pensil-356x220.jpg\"  width=\"356\" height=\"220\" \/><\/a><\/div>\r\n            <div class=\"td-module-meta-info\">\r\n                <h3 class=\"entry-title td-module-title\"><a href=\"https:\/\/www.institutodeengenharia.org.br\/site\/2019\/06\/13\/recuperacao-e-troca-dos-cabos-da-ponte-pensil-de-sao-vicente\/\"  rel=\"bookmark\" title=\"Recupera\u00e7\u00e3o e troca dos cabos da Ponte P\u00eansil de S\u00e3o Vicente\">Recupera\u00e7\u00e3o e troca dos cabos da Ponte P\u00eansil de S\u00e3o Vicente<\/a><\/h3>                <div class=\"td-editor-date\">\r\n                                        <span class=\"td-author-date\">\r\n                                                <span class=\"td-post-date\"><time class=\"entry-date updated td-module-date\" datetime=\"2019-06-13T16:30:01-03:00\" >13\/06\/2019<\/time><\/span>                    <\/span>\r\n                <\/div>\r\n            <\/div>\r\n\r\n        <\/div>\r\n\r\n        \n\t<\/div> <!-- .\/td-block-span4 -->\n\n\t<div class=\"td-block-span4\">\n\r\n        <div class=\"td_module_mx1 td_module_wrap td-animation-stack\">\r\n            <div class=\"td-module-thumb\"><a href=\"https:\/\/www.institutodeengenharia.org.br\/site\/2019\/06\/12\/dialogos-na-cma-ie-design-de-mecanismos-de-resolucao-de-conflitos-e-seus-impactos-na-obra\/\"  rel=\"bookmark\" class=\"td-image-wrap \" title=\"Di\u00e1logos na CMA-IE \u2013 Design de mecanismos de resolu\u00e7\u00e3o de conflitos e seus impactos na obra\" ><img loading=\"lazy\" decoding=\"async\" class=\"entry-thumb\" src=\"data:image\/png;base64,iVBORw0KGgoAAAANSUhEUgAAAWQAAADcAQMAAAB9O0nPAAAAA1BMVEWurq51dlI4AAAAAXRSTlMmkutdmwAAACBJREFUaN7twTEBAAAAwiD7p7bDbmAAAAAAAAAAAABAdieIAAGQh2mWAAAAAElFTkSuQmCC\" alt=\"\" title=\"Di\u00e1logos na CMA-IE \u2013 Design de mecanismos de resolu\u00e7\u00e3o de conflitos e seus impactos na obra\" data-type=\"image_tag\" data-img-url=\"https:\/\/www.institutodeengenharia.org.br\/site\/wp-content\/uploads\/2019\/06\/Hands-on-Conference-Table-1mb-1024x683-356x220.jpg\"  width=\"356\" height=\"220\" \/><\/a><\/div>\r\n            <div class=\"td-module-meta-info\">\r\n                <h3 class=\"entry-title td-module-title\"><a href=\"https:\/\/www.institutodeengenharia.org.br\/site\/2019\/06\/12\/dialogos-na-cma-ie-design-de-mecanismos-de-resolucao-de-conflitos-e-seus-impactos-na-obra\/\"  rel=\"bookmark\" title=\"Di\u00e1logos na CMA-IE \u2013 Design de mecanismos de resolu\u00e7\u00e3o de conflitos e seus impactos na obra\">Di\u00e1logos na CMA-IE \u2013 Design de mecanismos de resolu\u00e7\u00e3o de conflitos e seus impactos na obra<\/a><\/h3>                <div class=\"td-editor-date\">\r\n                                        <span class=\"td-author-date\">\r\n                                                <span class=\"td-post-date\"><time class=\"entry-date updated td-module-date\" datetime=\"2019-06-12T16:29:48-03:00\" >12\/06\/2019<\/time><\/span>                    <\/span>\r\n                <\/div>\r\n            <\/div>\r\n\r\n        <\/div>\r\n\r\n        \n\t<\/div> <!-- .\/td-block-span4 --><\/div><!--.\/row-fluid-->\n\n\t<div class=\"td-block-row\">\n\n\t<div class=\"td-block-span4\">\n\r\n        <div class=\"td_module_mx1 td_module_wrap td-animation-stack\">\r\n            <div class=\"td-module-thumb\"><a href=\"https:\/\/www.institutodeengenharia.org.br\/site\/2019\/06\/11\/ecos-wtc-2019-congresso-mundial-de-tuneis\/\"  rel=\"bookmark\" class=\"td-image-wrap \" title=\"ECOS WTC 2019 \u2013 Congresso Mundial de T\u00faneis\" ><img loading=\"lazy\" decoding=\"async\" class=\"entry-thumb\" src=\"data:image\/png;base64,iVBORw0KGgoAAAANSUhEUgAAAWQAAADcAQMAAAB9O0nPAAAAA1BMVEWurq51dlI4AAAAAXRSTlMmkutdmwAAACBJREFUaN7twTEBAAAAwiD7p7bDbmAAAAAAAAAAAABAdieIAAGQh2mWAAAAAElFTkSuQmCC\" alt=\"\" title=\"ECOS WTC 2019 \u2013 Congresso Mundial de T\u00faneis\" data-type=\"image_tag\" data-img-url=\"https:\/\/www.institutodeengenharia.org.br\/site\/wp-content\/uploads\/2019\/07\/train-1285288_1280-356x220.jpg\"  width=\"356\" height=\"220\" \/><\/a><\/div>\r\n            <div class=\"td-module-meta-info\">\r\n                <h3 class=\"entry-title td-module-title\"><a href=\"https:\/\/www.institutodeengenharia.org.br\/site\/2019\/06\/11\/ecos-wtc-2019-congresso-mundial-de-tuneis\/\"  rel=\"bookmark\" title=\"ECOS WTC 2019 \u2013 Congresso Mundial de T\u00faneis\">ECOS WTC 2019 \u2013 Congresso Mundial de T\u00faneis<\/a><\/h3>                <div class=\"td-editor-date\">\r\n                                        <span class=\"td-author-date\">\r\n                                                <span class=\"td-post-date\"><time class=\"entry-date updated td-module-date\" datetime=\"2019-06-11T11:01:04-03:00\" >11\/06\/2019<\/time><\/span>                    <\/span>\r\n                <\/div>\r\n            <\/div>\r\n\r\n        <\/div>\r\n\r\n        \n\t<\/div> <!-- .\/td-block-span4 -->\n\n\t<div class=\"td-block-span4\">\n\r\n        <div class=\"td_module_mx1 td_module_wrap td-animation-stack\">\r\n            <div class=\"td-module-thumb\"><a href=\"https:\/\/www.institutodeengenharia.org.br\/site\/2019\/05\/23\/estruturas-em-light-steel-framing\/\"  rel=\"bookmark\" class=\"td-image-wrap \" title=\"Estruturas em light steel framing\" ><img loading=\"lazy\" decoding=\"async\" class=\"entry-thumb\" src=\"data:image\/png;base64,iVBORw0KGgoAAAANSUhEUgAAAWQAAADcAQMAAAB9O0nPAAAAA1BMVEWurq51dlI4AAAAAXRSTlMmkutdmwAAACBJREFUaN7twTEBAAAAwiD7p7bDbmAAAAAAAAAAAABAdieIAAGQh2mWAAAAAElFTkSuQmCC\" alt=\"\" title=\"Estruturas em light steel framing\" data-type=\"image_tag\" data-img-url=\"https:\/\/www.institutodeengenharia.org.br\/site\/wp-content\/uploads\/2019\/05\/steel_bimbon00-356x220.jpg\"  width=\"356\" height=\"220\" \/><\/a><\/div>\r\n            <div class=\"td-module-meta-info\">\r\n                <h3 class=\"entry-title td-module-title\"><a href=\"https:\/\/www.institutodeengenharia.org.br\/site\/2019\/05\/23\/estruturas-em-light-steel-framing\/\"  rel=\"bookmark\" title=\"Estruturas em light steel framing\">Estruturas em light steel framing<\/a><\/h3>                <div class=\"td-editor-date\">\r\n                                        <span class=\"td-author-date\">\r\n                                                <span class=\"td-post-date\"><time class=\"entry-date updated td-module-date\" datetime=\"2019-05-23T13:53:23-03:00\" >23\/05\/2019<\/time><\/span>                    <\/span>\r\n                <\/div>\r\n            <\/div>\r\n\r\n        <\/div>\r\n\r\n        \n\t<\/div> <!-- .\/td-block-span4 -->\n\n\t<div class=\"td-block-span4\">\n\r\n        <div class=\"td_module_mx1 td_module_wrap td-animation-stack\">\r\n            <div class=\"td-module-thumb\"><a href=\"https:\/\/www.institutodeengenharia.org.br\/site\/2019\/05\/21\/1o-seminario-internacional-manutencao-do-patrimonio-publico\/\"  rel=\"bookmark\" class=\"td-image-wrap \" title=\"1\u00ba Semin\u00e1rio Internacional \u2013 Manuten\u00e7\u00e3o do Patrim\u00f4nio P\u00fablico\" ><img loading=\"lazy\" decoding=\"async\" class=\"entry-thumb\" src=\"data:image\/png;base64,iVBORw0KGgoAAAANSUhEUgAAAWQAAADcAQMAAAB9O0nPAAAAA1BMVEWurq51dlI4AAAAAXRSTlMmkutdmwAAACBJREFUaN7twTEBAAAAwiD7p7bDbmAAAAAAAAAAAABAdieIAAGQh2mWAAAAAElFTkSuQmCC\" alt=\"\" title=\"1\u00ba Semin\u00e1rio Internacional \u2013 Manuten\u00e7\u00e3o do Patrim\u00f4nio P\u00fablico\" data-type=\"image_tag\" data-img-url=\"https:\/\/www.institutodeengenharia.org.br\/site\/wp-content\/uploads\/2019\/04\/28-356x220.jpg\"  width=\"356\" height=\"220\" \/><\/a><\/div>\r\n            <div class=\"td-module-meta-info\">\r\n                <h3 class=\"entry-title td-module-title\"><a href=\"https:\/\/www.institutodeengenharia.org.br\/site\/2019\/05\/21\/1o-seminario-internacional-manutencao-do-patrimonio-publico\/\"  rel=\"bookmark\" title=\"1\u00ba Semin\u00e1rio Internacional \u2013 Manuten\u00e7\u00e3o do Patrim\u00f4nio P\u00fablico\">1\u00ba Semin\u00e1rio Internacional \u2013 Manuten\u00e7\u00e3o do Patrim\u00f4nio P\u00fablico<\/a><\/h3>                <div class=\"td-editor-date\">\r\n                                        <span class=\"td-author-date\">\r\n                                                <span class=\"td-post-date\"><time class=\"entry-date updated td-module-date\" datetime=\"2019-05-21T10:56:46-03:00\" >21\/05\/2019<\/time><\/span>                    <\/span>\r\n                <\/div>\r\n            <\/div>\r\n\r\n        <\/div>\r\n\r\n        \n\t<\/div> <!-- .\/td-block-span4 --><\/div><!--.\/row-fluid-->\n\n\t<div class=\"td-block-row\">\n\n\t<div class=\"td-block-span4\">\n\r\n        <div class=\"td_module_mx1 td_module_wrap td-animation-stack\">\r\n            <div class=\"td-module-thumb\"><a href=\"https:\/\/www.institutodeengenharia.org.br\/site\/2019\/05\/09\/lajes-aliviadas-sistemas-bubbledeck-e-cobiax\/\"  rel=\"bookmark\" class=\"td-image-wrap \" title=\"Lajes aliviadas \u2013 Sistemas bubbledeck e cobiax\" ><img loading=\"lazy\" decoding=\"async\" class=\"entry-thumb\" src=\"data:image\/png;base64,iVBORw0KGgoAAAANSUhEUgAAAWQAAADcAQMAAAB9O0nPAAAAA1BMVEWurq51dlI4AAAAAXRSTlMmkutdmwAAACBJREFUaN7twTEBAAAAwiD7p7bDbmAAAAAAAAAAAABAdieIAAGQh2mWAAAAAElFTkSuQmCC\" alt=\"\" title=\"Lajes aliviadas \u2013 Sistemas bubbledeck e cobiax\" data-type=\"image_tag\" data-img-url=\"https:\/\/www.institutodeengenharia.org.br\/site\/wp-content\/uploads\/2019\/05\/big_DSC00038-356x220.jpg\"  width=\"356\" height=\"220\" \/><\/a><\/div>\r\n            <div class=\"td-module-meta-info\">\r\n                <h3 class=\"entry-title td-module-title\"><a href=\"https:\/\/www.institutodeengenharia.org.br\/site\/2019\/05\/09\/lajes-aliviadas-sistemas-bubbledeck-e-cobiax\/\"  rel=\"bookmark\" title=\"Lajes aliviadas \u2013 Sistemas bubbledeck e cobiax\">Lajes aliviadas \u2013 Sistemas bubbledeck e cobiax<\/a><\/h3>                <div class=\"td-editor-date\">\r\n                                        <span class=\"td-author-date\">\r\n                                                <span class=\"td-post-date\"><time class=\"entry-date updated td-module-date\" datetime=\"2019-05-09T09:11:30-03:00\" >09\/05\/2019<\/time><\/span>                    <\/span>\r\n                <\/div>\r\n            <\/div>\r\n\r\n        <\/div>\r\n\r\n        \n\t<\/div> <!-- .\/td-block-span4 -->\n\n\t<div class=\"td-block-span4\">\n\r\n        <div class=\"td_module_mx1 td_module_wrap td-animation-stack\">\r\n            <div class=\"td-module-thumb\"><a href=\"https:\/\/www.institutodeengenharia.org.br\/site\/2019\/05\/02\/riscos-sismicos-e-normalizacao-tecnica-no-brasil\/\"  rel=\"bookmark\" class=\"td-image-wrap \" title=\"Riscos s\u00edsmicos e normaliza\u00e7\u00e3o t\u00e9cnica no Brasil\" ><img loading=\"lazy\" decoding=\"async\" class=\"entry-thumb\" src=\"data:image\/png;base64,iVBORw0KGgoAAAANSUhEUgAAAWQAAADcAQMAAAB9O0nPAAAAA1BMVEWurq51dlI4AAAAAXRSTlMmkutdmwAAACBJREFUaN7twTEBAAAAwiD7p7bDbmAAAAAAAAAAAABAdieIAAGQh2mWAAAAAElFTkSuQmCC\" alt=\"\" title=\"Riscos s\u00edsmicos e normaliza\u00e7\u00e3o t\u00e9cnica no Brasil\" data-type=\"image_tag\" data-img-url=\"https:\/\/www.institutodeengenharia.org.br\/site\/wp-content\/uploads\/2019\/04\/ceris-alia-se-santa-casa-misericordia-lisboa-na-sensibilizacao-risco-sismico-356x220.jpg\"  width=\"356\" height=\"220\" \/><\/a><\/div>\r\n            <div class=\"td-module-meta-info\">\r\n                <h3 class=\"entry-title td-module-title\"><a href=\"https:\/\/www.institutodeengenharia.org.br\/site\/2019\/05\/02\/riscos-sismicos-e-normalizacao-tecnica-no-brasil\/\"  rel=\"bookmark\" title=\"Riscos s\u00edsmicos e normaliza\u00e7\u00e3o t\u00e9cnica no Brasil\">Riscos s\u00edsmicos e normaliza\u00e7\u00e3o t\u00e9cnica no Brasil<\/a><\/h3>                <div class=\"td-editor-date\">\r\n                                        <span class=\"td-author-date\">\r\n                                                <span class=\"td-post-date\"><time class=\"entry-date updated td-module-date\" datetime=\"2019-05-02T09:23:38-03:00\" >02\/05\/2019<\/time><\/span>                    <\/span>\r\n                <\/div>\r\n            <\/div>\r\n\r\n        <\/div>\r\n\r\n        \n\t<\/div> <!-- .\/td-block-span4 -->\n\n\t<div class=\"td-block-span4\">\n\r\n        <div class=\"td_module_mx1 td_module_wrap td-animation-stack\">\r\n            <div class=\"td-module-thumb\"><a href=\"https:\/\/www.institutodeengenharia.org.br\/site\/2019\/04\/24\/dia-da-mentoria-da-digitalizacao-ao-digital-2\/\"  rel=\"bookmark\" class=\"td-image-wrap \" title=\"Dia de Mentoria \u2013 Da Digitaliza\u00e7\u00e3o ao Digital\" ><img loading=\"lazy\" decoding=\"async\" class=\"entry-thumb\" src=\"data:image\/png;base64,iVBORw0KGgoAAAANSUhEUgAAAWQAAADcAQMAAAB9O0nPAAAAA1BMVEWurq51dlI4AAAAAXRSTlMmkutdmwAAACBJREFUaN7twTEBAAAAwiD7p7bDbmAAAAAAAAAAAABAdieIAAGQh2mWAAAAAElFTkSuQmCC\" alt=\"\" title=\"Dia de Mentoria \u2013 Da Digitaliza\u00e7\u00e3o ao Digital\" data-type=\"image_tag\" data-img-url=\"https:\/\/www.institutodeengenharia.org.br\/site\/wp-content\/uploads\/2019\/09\/criatividade-e-conectividade-356x220.jpg\"  width=\"356\" height=\"220\" \/><\/a><\/div>\r\n            <div class=\"td-module-meta-info\">\r\n                <h3 class=\"entry-title td-module-title\"><a href=\"https:\/\/www.institutodeengenharia.org.br\/site\/2019\/04\/24\/dia-da-mentoria-da-digitalizacao-ao-digital-2\/\"  rel=\"bookmark\" title=\"Dia de Mentoria \u2013 Da Digitaliza\u00e7\u00e3o ao Digital\">Dia de Mentoria \u2013 Da Digitaliza\u00e7\u00e3o ao Digital<\/a><\/h3>                <div class=\"td-editor-date\">\r\n                                        <span class=\"td-author-date\">\r\n                                                <span class=\"td-post-date\"><time class=\"entry-date updated td-module-date\" datetime=\"2019-04-24T13:49:37-03:00\" >24\/04\/2019<\/time><\/span>                    <\/span>\r\n                <\/div>\r\n            <\/div>\r\n\r\n        <\/div>\r\n\r\n        \n\t<\/div> <!-- .\/td-block-span4 --><\/div><!--.\/row-fluid-->\n\n\t<div class=\"td-block-row\">\n\n\t<div class=\"td-block-span4\">\n\r\n        <div class=\"td_module_mx1 td_module_wrap td-animation-stack\">\r\n            <div class=\"td-module-thumb\"><a href=\"https:\/\/www.institutodeengenharia.org.br\/site\/2019\/04\/04\/a-nova-norma-brasileira-de-vento-principais-alteracoes-da-nbr-6123\/\"  rel=\"bookmark\" class=\"td-image-wrap \" title=\"A nova norma brasileira de vento: principais altera\u00e7\u00f5es da NBR-6123\" ><img loading=\"lazy\" decoding=\"async\" class=\"entry-thumb\" src=\"data:image\/png;base64,iVBORw0KGgoAAAANSUhEUgAAAWQAAADcAQMAAAB9O0nPAAAAA1BMVEWurq51dlI4AAAAAXRSTlMmkutdmwAAACBJREFUaN7twTEBAAAAwiD7p7bDbmAAAAAAAAAAAABAdieIAAGQh2mWAAAAAElFTkSuQmCC\" alt=\"\" title=\"A nova norma brasileira de vento: principais altera\u00e7\u00f5es da NBR-6123\" data-type=\"image_tag\" data-img-url=\"https:\/\/www.institutodeengenharia.org.br\/site\/wp-content\/uploads\/2019\/03\/Vento-1-356x220.jpg\"  width=\"356\" height=\"220\" \/><\/a><\/div>\r\n            <div class=\"td-module-meta-info\">\r\n                <h3 class=\"entry-title td-module-title\"><a href=\"https:\/\/www.institutodeengenharia.org.br\/site\/2019\/04\/04\/a-nova-norma-brasileira-de-vento-principais-alteracoes-da-nbr-6123\/\"  rel=\"bookmark\" title=\"A nova norma brasileira de vento: principais altera\u00e7\u00f5es da NBR-6123\">A nova norma brasileira de vento: principais altera\u00e7\u00f5es da NBR-6123<\/a><\/h3>                <div class=\"td-editor-date\">\r\n                                        <span class=\"td-author-date\">\r\n                                                <span class=\"td-post-date\"><time class=\"entry-date updated td-module-date\" datetime=\"2019-04-04T15:54:05-03:00\" >04\/04\/2019<\/time><\/span>                    <\/span>\r\n                <\/div>\r\n            <\/div>\r\n\r\n        <\/div>\r\n\r\n        \n\t<\/div> <!-- .\/td-block-span4 -->\n\n\t<div class=\"td-block-span4\">\n\r\n        <div class=\"td_module_mx1 td_module_wrap td-animation-stack\">\r\n            <div class=\"td-module-thumb\"><a href=\"https:\/\/www.institutodeengenharia.org.br\/site\/2019\/03\/21\/passado-presente-e-futuro-da-engenharia\/\"  rel=\"bookmark\" class=\"td-image-wrap \" title=\"Passado, Presente e Futuro da Engenharia\" ><img loading=\"lazy\" decoding=\"async\" class=\"entry-thumb\" src=\"data:image\/png;base64,iVBORw0KGgoAAAANSUhEUgAAAWQAAADcAQMAAAB9O0nPAAAAA1BMVEWurq51dlI4AAAAAXRSTlMmkutdmwAAACBJREFUaN7twTEBAAAAwiD7p7bDbmAAAAAAAAAAAABAdieIAAGQh2mWAAAAAElFTkSuQmCC\" alt=\"\" title=\"Passado, Presente e Futuro da Engenharia\" data-type=\"image_tag\" data-img-url=\"https:\/\/www.institutodeengenharia.org.br\/site\/wp-content\/uploads\/2019\/02\/clock-2050857_1920-356x220.jpg\"  width=\"356\" height=\"220\" \/><\/a><\/div>\r\n            <div class=\"td-module-meta-info\">\r\n                <h3 class=\"entry-title td-module-title\"><a href=\"https:\/\/www.institutodeengenharia.org.br\/site\/2019\/03\/21\/passado-presente-e-futuro-da-engenharia\/\"  rel=\"bookmark\" title=\"Passado, Presente e Futuro da Engenharia\">Passado, Presente e Futuro da Engenharia<\/a><\/h3>                <div class=\"td-editor-date\">\r\n                                        <span class=\"td-author-date\">\r\n                                                <span class=\"td-post-date\"><time class=\"entry-date updated td-module-date\" datetime=\"2019-03-21T09:23:33-03:00\" >21\/03\/2019<\/time><\/span>                    <\/span>\r\n                <\/div>\r\n            <\/div>\r\n\r\n        <\/div>\r\n\r\n        \n\t<\/div> <!-- .\/td-block-span4 -->\n\n\t<div class=\"td-block-span4\">\n\r\n        <div class=\"td_module_mx1 td_module_wrap td-animation-stack\">\r\n            <div class=\"td-module-thumb\"><a href=\"https:\/\/www.institutodeengenharia.org.br\/site\/2019\/03\/14\/desempenho-de-revestimento-contrafogo-em-elementos-de-concreto-armado\/\"  rel=\"bookmark\" class=\"td-image-wrap \" title=\"Desempenho de revestimento contrafogo em elementos de concreto armado\" ><img loading=\"lazy\" decoding=\"async\" class=\"entry-thumb\" src=\"data:image\/png;base64,iVBORw0KGgoAAAANSUhEUgAAAWQAAADcAQMAAAB9O0nPAAAAA1BMVEWurq51dlI4AAAAAXRSTlMmkutdmwAAACBJREFUaN7twTEBAAAAwiD7p7bDbmAAAAAAAAAAAABAdieIAAGQh2mWAAAAAElFTkSuQmCC\" alt=\"\" title=\"Desempenho de revestimento contrafogo em elementos de concreto armado\" data-type=\"image_tag\" data-img-url=\"https:\/\/www.institutodeengenharia.org.br\/site\/wp-content\/uploads\/2019\/02\/incendio-predio-receita-federal-356x220.jpg\"  width=\"356\" height=\"220\" \/><\/a><\/div>\r\n            <div class=\"td-module-meta-info\">\r\n                <h3 class=\"entry-title td-module-title\"><a href=\"https:\/\/www.institutodeengenharia.org.br\/site\/2019\/03\/14\/desempenho-de-revestimento-contrafogo-em-elementos-de-concreto-armado\/\"  rel=\"bookmark\" title=\"Desempenho de revestimento contrafogo em elementos de concreto armado\">Desempenho de revestimento contrafogo em elementos de concreto armado<\/a><\/h3>                <div class=\"td-editor-date\">\r\n                                        <span class=\"td-author-date\">\r\n                                                <span class=\"td-post-date\"><time class=\"entry-date updated td-module-date\" datetime=\"2019-03-14T13:47:29-03:00\" >14\/03\/2019<\/time><\/span>                    <\/span>\r\n                <\/div>\r\n            <\/div>\r\n\r\n        <\/div>\r\n\r\n        \n\t<\/div> <!-- .\/td-block-span4 --><\/div><!--.\/row-fluid-->\n\n\t<div class=\"td-block-row\">\n\n\t<div class=\"td-block-span4\">\n\r\n        <div class=\"td_module_mx1 td_module_wrap td-animation-stack\">\r\n            <div class=\"td-module-thumb\"><a href=\"https:\/\/www.institutodeengenharia.org.br\/site\/2019\/03\/14\/momento-atual-da-engenharia-brasileira-2019\/\"  rel=\"bookmark\" class=\"td-image-wrap \" title=\"Momento atual da Engenharia Brasileira 2019\" ><img loading=\"lazy\" decoding=\"async\" class=\"entry-thumb\" src=\"data:image\/png;base64,iVBORw0KGgoAAAANSUhEUgAAAWQAAADcAQMAAAB9O0nPAAAAA1BMVEWurq51dlI4AAAAAXRSTlMmkutdmwAAACBJREFUaN7twTEBAAAAwiD7p7bDbmAAAAAAAAAAAABAdieIAAGQh2mWAAAAAElFTkSuQmCC\" alt=\"\" title=\"Momento atual da Engenharia Brasileira 2019\" data-type=\"image_tag\" data-img-url=\"https:\/\/www.institutodeengenharia.org.br\/site\/wp-content\/uploads\/2019\/02\/brasil-brumadinho-20190125-0004-356x220.jpg\"  width=\"356\" height=\"220\" \/><\/a><\/div>\r\n            <div class=\"td-module-meta-info\">\r\n                <h3 class=\"entry-title td-module-title\"><a href=\"https:\/\/www.institutodeengenharia.org.br\/site\/2019\/03\/14\/momento-atual-da-engenharia-brasileira-2019\/\"  rel=\"bookmark\" title=\"Momento atual da Engenharia Brasileira 2019\">Momento atual da Engenharia Brasileira 2019<\/a><\/h3>                <div class=\"td-editor-date\">\r\n                                        <span class=\"td-author-date\">\r\n                                                <span class=\"td-post-date\"><time class=\"entry-date updated td-module-date\" datetime=\"2019-03-14T09:06:29-03:00\" >14\/03\/2019<\/time><\/span>                    <\/span>\r\n                <\/div>\r\n            <\/div>\r\n\r\n        <\/div>\r\n\r\n        \n\t<\/div> <!-- .\/td-block-span4 -->\n\n\t<div class=\"td-block-span4\">\n\r\n        <div class=\"td_module_mx1 td_module_wrap td-animation-stack\">\r\n            <div class=\"td-module-thumb\"><a href=\"https:\/\/www.institutodeengenharia.org.br\/site\/2019\/02\/21\/os-gargalos-da-seguranca-e-da-saude-do-trabalho-no-brasil\/\"  rel=\"bookmark\" class=\"td-image-wrap \" title=\"Os gargalos da Seguran\u00e7a e da Sa\u00fade do Trabalho no Brasil\" ><img loading=\"lazy\" decoding=\"async\" class=\"entry-thumb\" src=\"data:image\/png;base64,iVBORw0KGgoAAAANSUhEUgAAAWQAAADcAQMAAAB9O0nPAAAAA1BMVEWurq51dlI4AAAAAXRSTlMmkutdmwAAACBJREFUaN7twTEBAAAAwiD7p7bDbmAAAAAAAAAAAABAdieIAAGQh2mWAAAAAElFTkSuQmCC\" alt=\"\" title=\"Os gargalos da Seguran\u00e7a e da Sa\u00fade do Trabalho no Brasil\" data-type=\"image_tag\" data-img-url=\"https:\/\/www.institutodeengenharia.org.br\/site\/wp-content\/uploads\/2018\/12\/epi-equipamento-seguranca-equipro-02z-356x220.jpg\"  width=\"356\" height=\"220\" \/><\/a><\/div>\r\n            <div class=\"td-module-meta-info\">\r\n                <h3 class=\"entry-title td-module-title\"><a href=\"https:\/\/www.institutodeengenharia.org.br\/site\/2019\/02\/21\/os-gargalos-da-seguranca-e-da-saude-do-trabalho-no-brasil\/\"  rel=\"bookmark\" title=\"Os gargalos da Seguran\u00e7a e da Sa\u00fade do Trabalho no Brasil\">Os gargalos da Seguran\u00e7a e da Sa\u00fade do Trabalho no Brasil<\/a><\/h3>                <div class=\"td-editor-date\">\r\n                                        <span class=\"td-author-date\">\r\n                                                <span class=\"td-post-date\"><time class=\"entry-date updated td-module-date\" datetime=\"2019-02-21T09:22:21-03:00\" >21\/02\/2019<\/time><\/span>                    <\/span>\r\n                <\/div>\r\n            <\/div>\r\n\r\n        <\/div>\r\n\r\n        \n\t<\/div> <!-- .\/td-block-span4 -->\n\n\t<div class=\"td-block-span4\">\n\r\n        <div class=\"td_module_mx1 td_module_wrap td-animation-stack\">\r\n            <div class=\"td-module-thumb\"><a href=\"https:\/\/www.institutodeengenharia.org.br\/site\/2019\/02\/21\/ensaios-nao-destrutivos-em-estruturas-em-concreto-aplicacao-e-metodos-de-ensaio\/\"  rel=\"bookmark\" class=\"td-image-wrap \" title=\"Ensaios n\u00e3o destrutivos em estruturas em concreto \u2013 aplica\u00e7\u00e3o e m\u00e9todos de ensaio\" ><img loading=\"lazy\" decoding=\"async\" class=\"entry-thumb\" src=\"data:image\/png;base64,iVBORw0KGgoAAAANSUhEUgAAAWQAAADcAQMAAAB9O0nPAAAAA1BMVEWurq51dlI4AAAAAXRSTlMmkutdmwAAACBJREFUaN7twTEBAAAAwiD7p7bDbmAAAAAAAAAAAABAdieIAAGQh2mWAAAAAElFTkSuQmCC\" alt=\"\" title=\"Ensaios n\u00e3o destrutivos em estruturas em concreto \u2013 aplica\u00e7\u00e3o e m\u00e9todos de ensaio\" data-type=\"image_tag\" data-img-url=\"https:\/\/www.institutodeengenharia.org.br\/site\/wp-content\/uploads\/2019\/03\/Novo_Layout-6-356x220.jpg\"  width=\"356\" height=\"220\" \/><\/a><\/div>\r\n            <div class=\"td-module-meta-info\">\r\n                <h3 class=\"entry-title td-module-title\"><a href=\"https:\/\/www.institutodeengenharia.org.br\/site\/2019\/02\/21\/ensaios-nao-destrutivos-em-estruturas-em-concreto-aplicacao-e-metodos-de-ensaio\/\"  rel=\"bookmark\" title=\"Ensaios n\u00e3o destrutivos em estruturas em concreto \u2013 aplica\u00e7\u00e3o e m\u00e9todos de ensaio\">Ensaios n\u00e3o destrutivos em estruturas em concreto \u2013 aplica\u00e7\u00e3o e m\u00e9todos de ensaio<\/a><\/h3>                <div class=\"td-editor-date\">\r\n                                        <span class=\"td-author-date\">\r\n                                                <span class=\"td-post-date\"><time class=\"entry-date updated td-module-date\" datetime=\"2019-02-21T09:16:20-03:00\" >21\/02\/2019<\/time><\/span>                    <\/span>\r\n                <\/div>\r\n            <\/div>\r\n\r\n        <\/div>\r\n\r\n        \n\t<\/div> <!-- .\/td-block-span4 --><\/div><!--.\/row-fluid-->\n\n\t<div class=\"td-block-row\">\n\n\t<div class=\"td-block-span4\">\n\r\n        <div class=\"td_module_mx1 td_module_wrap td-animation-stack\">\r\n            <div class=\"td-module-thumb\"><a href=\"https:\/\/www.institutodeengenharia.org.br\/site\/2019\/02\/07\/avaliacao-pratica-na-engenharia-estrutural-de-grandes-coberturas-dos-resultados-de-ensaio-em-tunel-de-vento\/\"  rel=\"bookmark\" class=\"td-image-wrap \" title=\"Avalia\u00e7\u00e3o pr\u00e1tica na engenharia estrutural de grandes coberturas dos resultados de ensaio em t\u00fanel de vento\" ><img loading=\"lazy\" decoding=\"async\" class=\"entry-thumb\" src=\"data:image\/png;base64,iVBORw0KGgoAAAANSUhEUgAAAWQAAADcAQMAAAB9O0nPAAAAA1BMVEWurq51dlI4AAAAAXRSTlMmkutdmwAAACBJREFUaN7twTEBAAAAwiD7p7bDbmAAAAAAAAAAAABAdieIAAGQh2mWAAAAAElFTkSuQmCC\" alt=\"\" title=\"Avalia\u00e7\u00e3o pr\u00e1tica na engenharia estrutural de grandes coberturas dos resultados de ensaio em t\u00fanel de vento\" data-type=\"image_tag\" data-img-url=\"https:\/\/www.institutodeengenharia.org.br\/site\/wp-content\/uploads\/2019\/01\/manhattan-336708_1920-356x220.jpg\"  width=\"356\" height=\"220\" \/><\/a><\/div>\r\n            <div class=\"td-module-meta-info\">\r\n                <h3 class=\"entry-title td-module-title\"><a href=\"https:\/\/www.institutodeengenharia.org.br\/site\/2019\/02\/07\/avaliacao-pratica-na-engenharia-estrutural-de-grandes-coberturas-dos-resultados-de-ensaio-em-tunel-de-vento\/\"  rel=\"bookmark\" title=\"Avalia\u00e7\u00e3o pr\u00e1tica na engenharia estrutural de grandes coberturas dos resultados de ensaio em t\u00fanel de vento\">Avalia\u00e7\u00e3o pr\u00e1tica na engenharia estrutural de grandes coberturas dos resultados de ensaio em t\u00fanel de vento<\/a><\/h3>                <div class=\"td-editor-date\">\r\n                                        <span class=\"td-author-date\">\r\n                                                <span class=\"td-post-date\"><time class=\"entry-date updated td-module-date\" datetime=\"2019-02-07T12:15:27-02:00\" >07\/02\/2019<\/time><\/span>                    <\/span>\r\n                <\/div>\r\n            <\/div>\r\n\r\n        <\/div>\r\n\r\n        \n\t<\/div> <!-- .\/td-block-span4 -->\n\n\t<div class=\"td-block-span4\">\n\r\n        <div class=\"td_module_mx1 td_module_wrap td-animation-stack\">\r\n            <div class=\"td-module-thumb\"><a href=\"https:\/\/www.institutodeengenharia.org.br\/site\/2018\/12\/12\/balanco-da-realizacao-e-resultados-da-pesquisa-origem-e-destino-2017\/\"  rel=\"bookmark\" class=\"td-image-wrap \" title=\"Balan\u00e7o da realiza\u00e7\u00e3o e resultados da Pesquisa Origem e Destino 2017\" ><img loading=\"lazy\" decoding=\"async\" class=\"entry-thumb\" src=\"data:image\/png;base64,iVBORw0KGgoAAAANSUhEUgAAAWQAAADcAQMAAAB9O0nPAAAAA1BMVEWurq51dlI4AAAAAXRSTlMmkutdmwAAACBJREFUaN7twTEBAAAAwiD7p7bDbmAAAAAAAAAAAABAdieIAAGQh2mWAAAAAElFTkSuQmCC\" alt=\"\" title=\"Balan\u00e7o da realiza\u00e7\u00e3o e resultados da Pesquisa Origem e Destino 2017\" data-type=\"image_tag\" data-img-url=\"https:\/\/www.institutodeengenharia.org.br\/site\/wp-content\/uploads\/2018\/12\/Slide1-1-990x557-356x220.jpg\"  width=\"356\" height=\"220\" \/><\/a><\/div>\r\n            <div class=\"td-module-meta-info\">\r\n                <h3 class=\"entry-title td-module-title\"><a href=\"https:\/\/www.institutodeengenharia.org.br\/site\/2018\/12\/12\/balanco-da-realizacao-e-resultados-da-pesquisa-origem-e-destino-2017\/\"  rel=\"bookmark\" title=\"Balan\u00e7o da realiza\u00e7\u00e3o e resultados da Pesquisa Origem e Destino 2017\">Balan\u00e7o da realiza\u00e7\u00e3o e resultados da Pesquisa Origem e Destino 2017<\/a><\/h3>                <div class=\"td-editor-date\">\r\n                                        <span class=\"td-author-date\">\r\n                                                <span class=\"td-post-date\"><time class=\"entry-date updated td-module-date\" datetime=\"2018-12-12T11:43:25-02:00\" >12\/12\/2018<\/time><\/span>                    <\/span>\r\n                <\/div>\r\n            <\/div>\r\n\r\n        <\/div>\r\n\r\n        \n\t<\/div> <!-- .\/td-block-span4 -->\n\n\t<div class=\"td-block-span4\">\n\r\n        <div class=\"td_module_mx1 td_module_wrap td-animation-stack\">\r\n            <div class=\"td-module-thumb\"><a href=\"https:\/\/www.institutodeengenharia.org.br\/site\/2018\/12\/11\/comemoracao-do-dia-do-engenheiro\/\"  rel=\"bookmark\" class=\"td-image-wrap \" title=\"Comemora\u00e7\u00e3o do Dia do Engenheiro 2018\" ><img loading=\"lazy\" decoding=\"async\" class=\"entry-thumb\" src=\"data:image\/png;base64,iVBORw0KGgoAAAANSUhEUgAAAWQAAADcAQMAAAB9O0nPAAAAA1BMVEWurq51dlI4AAAAAXRSTlMmkutdmwAAACBJREFUaN7twTEBAAAAwiD7p7bDbmAAAAAAAAAAAABAdieIAAGQh2mWAAAAAElFTkSuQmCC\" alt=\"\" title=\"Comemora\u00e7\u00e3o do Dia do Engenheiro 2018\" data-type=\"image_tag\" data-img-url=\"https:\/\/www.institutodeengenharia.org.br\/site\/wp-content\/uploads\/2018\/12\/45376565765_21cf3f1207_k-356x220.jpg\"  width=\"356\" height=\"220\" \/><\/a><\/div>\r\n            <div class=\"td-module-meta-info\">\r\n                <h3 class=\"entry-title td-module-title\"><a href=\"https:\/\/www.institutodeengenharia.org.br\/site\/2018\/12\/11\/comemoracao-do-dia-do-engenheiro\/\"  rel=\"bookmark\" title=\"Comemora\u00e7\u00e3o do Dia do Engenheiro 2018\">Comemora\u00e7\u00e3o do Dia do Engenheiro 2018<\/a><\/h3>                <div class=\"td-editor-date\">\r\n                                        <span class=\"td-author-date\">\r\n                                                <span class=\"td-post-date\"><time class=\"entry-date updated td-module-date\" datetime=\"2018-12-11T08:59:46-02:00\" >11\/12\/2018<\/time><\/span>                    <\/span>\r\n                <\/div>\r\n            <\/div>\r\n\r\n        <\/div>\r\n\r\n        \n\t<\/div> <!-- .\/td-block-span4 --><\/div><!--.\/row-fluid-->\n\n\t<div class=\"td-block-row\">\n\n\t<div class=\"td-block-span4\">\n\r\n        <div class=\"td_module_mx1 td_module_wrap td-animation-stack\">\r\n            <div class=\"td-module-thumb\"><a href=\"https:\/\/www.institutodeengenharia.org.br\/site\/2018\/12\/06\/inibidores-de-corrosao-para-novas-construcoes-recuperacoes-e-aplicacoes-especiais\/\"  rel=\"bookmark\" class=\"td-image-wrap \" title=\"Inibidores de Corros\u00e3o para novas Constru\u00e7\u00f5es, Recupera\u00e7\u00f5es e Aplica\u00e7\u00f5es Especiais\" ><img loading=\"lazy\" decoding=\"async\" class=\"entry-thumb\" src=\"data:image\/png;base64,iVBORw0KGgoAAAANSUhEUgAAAWQAAADcAQMAAAB9O0nPAAAAA1BMVEWurq51dlI4AAAAAXRSTlMmkutdmwAAACBJREFUaN7twTEBAAAAwiD7p7bDbmAAAAAAAAAAAABAdieIAAGQh2mWAAAAAElFTkSuQmCC\" alt=\"\" title=\"Inibidores de Corros\u00e3o para novas Constru\u00e7\u00f5es, Recupera\u00e7\u00f5es e Aplica\u00e7\u00f5es Especiais\" data-type=\"image_tag\" data-img-url=\"https:\/\/www.institutodeengenharia.org.br\/site\/wp-content\/uploads\/2018\/11\/Puente-oxidado-ITE-356x220.jpg\"  width=\"356\" height=\"220\" \/><\/a><\/div>\r\n            <div class=\"td-module-meta-info\">\r\n                <h3 class=\"entry-title td-module-title\"><a href=\"https:\/\/www.institutodeengenharia.org.br\/site\/2018\/12\/06\/inibidores-de-corrosao-para-novas-construcoes-recuperacoes-e-aplicacoes-especiais\/\"  rel=\"bookmark\" title=\"Inibidores de Corros\u00e3o para novas Constru\u00e7\u00f5es, Recupera\u00e7\u00f5es e Aplica\u00e7\u00f5es Especiais\">Inibidores de Corros\u00e3o para novas Constru\u00e7\u00f5es, Recupera\u00e7\u00f5es e Aplica\u00e7\u00f5es Especiais<\/a><\/h3>                <div class=\"td-editor-date\">\r\n                                        <span class=\"td-author-date\">\r\n                                                <span class=\"td-post-date\"><time class=\"entry-date updated td-module-date\" datetime=\"2018-12-06T09:41:34-02:00\" >06\/12\/2018<\/time><\/span>                    <\/span>\r\n                <\/div>\r\n            <\/div>\r\n\r\n        <\/div>\r\n\r\n        \n\t<\/div> <!-- .\/td-block-span4 -->\n\n\t<div class=\"td-block-span4\">\n\r\n        <div class=\"td_module_mx1 td_module_wrap td-animation-stack\">\r\n            <div class=\"td-module-thumb\"><a href=\"https:\/\/www.institutodeengenharia.org.br\/site\/2018\/12\/06\/irap-programa-internacional-de-avaliacao-de-rodovias\/\"  rel=\"bookmark\" class=\"td-image-wrap \" title=\"iRAP \u2013 Programa Internacional de Avalia\u00e7\u00e3o de Rodovias\" ><img loading=\"lazy\" decoding=\"async\" class=\"entry-thumb\" src=\"data:image\/png;base64,iVBORw0KGgoAAAANSUhEUgAAAWQAAADcAQMAAAB9O0nPAAAAA1BMVEWurq51dlI4AAAAAXRSTlMmkutdmwAAACBJREFUaN7twTEBAAAAwiD7p7bDbmAAAAAAAAAAAABAdieIAAGQh2mWAAAAAElFTkSuQmCC\" alt=\"\" title=\"iRAP \u2013 Programa Internacional de Avalia\u00e7\u00e3o de Rodovias\" data-type=\"image_tag\" data-img-url=\"https:\/\/www.institutodeengenharia.org.br\/site\/wp-content\/uploads\/2018\/12\/interstate-1149592_1920-356x220.jpg\"  width=\"356\" height=\"220\" \/><\/a><\/div>\r\n            <div class=\"td-module-meta-info\">\r\n                <h3 class=\"entry-title td-module-title\"><a href=\"https:\/\/www.institutodeengenharia.org.br\/site\/2018\/12\/06\/irap-programa-internacional-de-avaliacao-de-rodovias\/\"  rel=\"bookmark\" title=\"iRAP \u2013 Programa Internacional de Avalia\u00e7\u00e3o de Rodovias\">iRAP \u2013 Programa Internacional de Avalia\u00e7\u00e3o de Rodovias<\/a><\/h3>                <div class=\"td-editor-date\">\r\n                                        <span class=\"td-author-date\">\r\n                                                <span class=\"td-post-date\"><time class=\"entry-date updated td-module-date\" datetime=\"2018-12-06T09:17:42-02:00\" >06\/12\/2018<\/time><\/span>                    <\/span>\r\n                <\/div>\r\n            <\/div>\r\n\r\n        <\/div>\r\n\r\n        \n\t<\/div> <!-- .\/td-block-span4 -->\n\n\t<div class=\"td-block-span4\">\n\r\n        <div class=\"td_module_mx1 td_module_wrap td-animation-stack\">\r\n            <div class=\"td-module-thumb\"><a href=\"https:\/\/www.institutodeengenharia.org.br\/site\/2018\/12\/04\/ii-tunnel-day-2018-concreto-projetado-em-obras-subterraneas\/\"  rel=\"bookmark\" class=\"td-image-wrap \" title=\"TUNNEL DAY 2018\" ><img loading=\"lazy\" decoding=\"async\" class=\"entry-thumb\" src=\"data:image\/png;base64,iVBORw0KGgoAAAANSUhEUgAAAWQAAADcAQMAAAB9O0nPAAAAA1BMVEWurq51dlI4AAAAAXRSTlMmkutdmwAAACBJREFUaN7twTEBAAAAwiD7p7bDbmAAAAAAAAAAAABAdieIAAGQh2mWAAAAAElFTkSuQmCC\" alt=\"\" title=\"TUNNEL DAY 2018\" data-type=\"image_tag\" data-img-url=\"https:\/\/www.institutodeengenharia.org.br\/site\/wp-content\/uploads\/2018\/12\/tunnel-2325753_1920-356x220.jpg\"  width=\"356\" height=\"220\" \/><\/a><\/div>\r\n            <div class=\"td-module-meta-info\">\r\n                <h3 class=\"entry-title td-module-title\"><a href=\"https:\/\/www.institutodeengenharia.org.br\/site\/2018\/12\/04\/ii-tunnel-day-2018-concreto-projetado-em-obras-subterraneas\/\"  rel=\"bookmark\" title=\"TUNNEL DAY 2018\">TUNNEL DAY 2018<\/a><\/h3>                <div class=\"td-editor-date\">\r\n                                        <span class=\"td-author-date\">\r\n                                                <span class=\"td-post-date\"><time class=\"entry-date updated td-module-date\" datetime=\"2018-12-04T14:09:21-02:00\" >04\/12\/2018<\/time><\/span>                    <\/span>\r\n                <\/div>\r\n            <\/div>\r\n\r\n        <\/div>\r\n\r\n        \n\t<\/div> <!-- .\/td-block-span4 --><\/div><!--.\/row-fluid-->\n\n\t<div class=\"td-block-row\">\n\n\t<div class=\"td-block-span4\">\n\r\n        <div class=\"td_module_mx1 td_module_wrap td-animation-stack\">\r\n            <div class=\"td-module-thumb\"><a href=\"https:\/\/www.institutodeengenharia.org.br\/site\/2018\/11\/22\/nova-ponte-do-guaiba\/\"  rel=\"bookmark\" class=\"td-image-wrap \" title=\"Nova Ponte do Gua\u00edba\" ><img loading=\"lazy\" decoding=\"async\" class=\"entry-thumb\" src=\"data:image\/png;base64,iVBORw0KGgoAAAANSUhEUgAAAWQAAADcAQMAAAB9O0nPAAAAA1BMVEWurq51dlI4AAAAAXRSTlMmkutdmwAAACBJREFUaN7twTEBAAAAwiD7p7bDbmAAAAAAAAAAAABAdieIAAGQh2mWAAAAAElFTkSuQmCC\" alt=\"\" title=\"Nova Ponte do Gua\u00edba\" data-type=\"image_tag\" data-img-url=\"https:\/\/www.institutodeengenharia.org.br\/site\/wp-content\/uploads\/2018\/11\/ponte-guaiba-356x220.jpg\"  width=\"356\" height=\"220\" \/><\/a><\/div>\r\n            <div class=\"td-module-meta-info\">\r\n                <h3 class=\"entry-title td-module-title\"><a href=\"https:\/\/www.institutodeengenharia.org.br\/site\/2018\/11\/22\/nova-ponte-do-guaiba\/\"  rel=\"bookmark\" title=\"Nova Ponte do Gua\u00edba\">Nova Ponte do Gua\u00edba<\/a><\/h3>                <div class=\"td-editor-date\">\r\n                                        <span class=\"td-author-date\">\r\n                                                <span class=\"td-post-date\"><time class=\"entry-date updated td-module-date\" datetime=\"2018-11-22T12:19:39-02:00\" >22\/11\/2018<\/time><\/span>                    <\/span>\r\n                <\/div>\r\n            <\/div>\r\n\r\n        <\/div>\r\n\r\n        \n\t<\/div> <!-- .\/td-block-span4 -->\n\n\t<div class=\"td-block-span4\">\n\r\n        <div class=\"td_module_mx1 td_module_wrap td-animation-stack\">\r\n            <div class=\"td-module-thumb\"><a href=\"https:\/\/www.institutodeengenharia.org.br\/site\/2018\/11\/12\/seminario-por-um-mar-limpo\/\"  rel=\"bookmark\" class=\"td-image-wrap \" title=\"Semin\u00e1rio Por um Mar Limpo\" ><img loading=\"lazy\" decoding=\"async\" class=\"entry-thumb\" src=\"data:image\/png;base64,iVBORw0KGgoAAAANSUhEUgAAAWQAAADcAQMAAAB9O0nPAAAAA1BMVEWurq51dlI4AAAAAXRSTlMmkutdmwAAACBJREFUaN7twTEBAAAAwiD7p7bDbmAAAAAAAAAAAABAdieIAAGQh2mWAAAAAElFTkSuQmCC\" alt=\"\" title=\"Semin\u00e1rio Por um Mar Limpo\" data-type=\"image_tag\" data-img-url=\"https:\/\/www.institutodeengenharia.org.br\/site\/wp-content\/uploads\/2018\/09\/mar-limpo-356x220.jpg\"  width=\"356\" height=\"220\" \/><\/a><\/div>\r\n            <div class=\"td-module-meta-info\">\r\n                <h3 class=\"entry-title td-module-title\"><a href=\"https:\/\/www.institutodeengenharia.org.br\/site\/2018\/11\/12\/seminario-por-um-mar-limpo\/\"  rel=\"bookmark\" title=\"Semin\u00e1rio Por um Mar Limpo\">Semin\u00e1rio Por um Mar Limpo<\/a><\/h3>                <div class=\"td-editor-date\">\r\n                                        <span class=\"td-author-date\">\r\n                                                <span class=\"td-post-date\"><time class=\"entry-date updated td-module-date\" datetime=\"2018-11-12T12:01:12-02:00\" >12\/11\/2018<\/time><\/span>                    <\/span>\r\n                <\/div>\r\n            <\/div>\r\n\r\n        <\/div>\r\n\r\n        \n\t<\/div> <!-- .\/td-block-span4 -->\n\n\t<div class=\"td-block-span4\">\n\r\n        <div class=\"td_module_mx1 td_module_wrap td-animation-stack\">\r\n            <div class=\"td-module-thumb\"><a href=\"https:\/\/www.institutodeengenharia.org.br\/site\/2018\/11\/08\/forum-de-debates-gestao-da-manutencao-asfaltica-na-cidade-de-sao-paulo\/\"  rel=\"bookmark\" class=\"td-image-wrap \" title=\"F\u00f3rum de Debates \u2013 Gest\u00e3o da Manuten\u00e7\u00e3o Asf\u00e1ltica na cidade de S\u00e3o Paulo\" ><img loading=\"lazy\" decoding=\"async\" class=\"entry-thumb\" src=\"data:image\/png;base64,iVBORw0KGgoAAAANSUhEUgAAAWQAAADcAQMAAAB9O0nPAAAAA1BMVEWurq51dlI4AAAAAXRSTlMmkutdmwAAACBJREFUaN7twTEBAAAAwiD7p7bDbmAAAAAAAAAAAABAdieIAAGQh2mWAAAAAElFTkSuQmCC\" alt=\"\" title=\"F\u00f3rum de Debates \u2013 Gest\u00e3o da Manuten\u00e7\u00e3o Asf\u00e1ltica na cidade de S\u00e3o Paulo\" data-type=\"image_tag\" data-img-url=\"https:\/\/www.institutodeengenharia.org.br\/site\/wp-content\/uploads\/2018\/09\/highway-1209547_1920-356x220.jpg\"  width=\"356\" height=\"220\" \/><\/a><\/div>\r\n            <div class=\"td-module-meta-info\">\r\n                <h3 class=\"entry-title td-module-title\"><a href=\"https:\/\/www.institutodeengenharia.org.br\/site\/2018\/11\/08\/forum-de-debates-gestao-da-manutencao-asfaltica-na-cidade-de-sao-paulo\/\"  rel=\"bookmark\" title=\"F\u00f3rum de Debates \u2013 Gest\u00e3o da Manuten\u00e7\u00e3o Asf\u00e1ltica na cidade de S\u00e3o Paulo\">F\u00f3rum de Debates \u2013 Gest\u00e3o da Manuten\u00e7\u00e3o Asf\u00e1ltica na cidade de S\u00e3o Paulo<\/a><\/h3>                <div class=\"td-editor-date\">\r\n                                        <span class=\"td-author-date\">\r\n                                                <span class=\"td-post-date\"><time class=\"entry-date updated td-module-date\" datetime=\"2018-11-08T12:12:05-02:00\" >08\/11\/2018<\/time><\/span>                    <\/span>\r\n                <\/div>\r\n            <\/div>\r\n\r\n        <\/div>\r\n\r\n        \n\t<\/div> <!-- .\/td-block-span4 --><\/div><!--.\/row-fluid-->\n\n\t<div class=\"td-block-row\">\n\n\t<div class=\"td-block-span4\">\n\r\n        <div class=\"td_module_mx1 td_module_wrap td-animation-stack\">\r\n            <div class=\"td-module-thumb\"><a href=\"https:\/\/www.institutodeengenharia.org.br\/site\/2018\/11\/08\/fachadas-patologias-produtos-e-projetos\/\"  rel=\"bookmark\" class=\"td-image-wrap \" title=\"Fachadas: Patologias, Produtos e Projetos\" ><img loading=\"lazy\" decoding=\"async\" class=\"entry-thumb\" src=\"data:image\/png;base64,iVBORw0KGgoAAAANSUhEUgAAAWQAAADcAQMAAAB9O0nPAAAAA1BMVEWurq51dlI4AAAAAXRSTlMmkutdmwAAACBJREFUaN7twTEBAAAAwiD7p7bDbmAAAAAAAAAAAABAdieIAAGQh2mWAAAAAElFTkSuQmCC\" alt=\"\" title=\"Fachadas: Patologias, Produtos e Projetos\" data-type=\"image_tag\" data-img-url=\"https:\/\/www.institutodeengenharia.org.br\/site\/wp-content\/uploads\/2018\/10\/architecture-2256489_1920-356x220.jpg\"  width=\"356\" height=\"220\" \/><\/a><\/div>\r\n            <div class=\"td-module-meta-info\">\r\n                <h3 class=\"entry-title td-module-title\"><a href=\"https:\/\/www.institutodeengenharia.org.br\/site\/2018\/11\/08\/fachadas-patologias-produtos-e-projetos\/\"  rel=\"bookmark\" title=\"Fachadas: Patologias, Produtos e Projetos\">Fachadas: Patologias, Produtos e Projetos<\/a><\/h3>                <div class=\"td-editor-date\">\r\n                                        <span class=\"td-author-date\">\r\n                                                <span class=\"td-post-date\"><time class=\"entry-date updated td-module-date\" datetime=\"2018-11-08T10:11:26-02:00\" >08\/11\/2018<\/time><\/span>                    <\/span>\r\n                <\/div>\r\n            <\/div>\r\n\r\n        <\/div>\r\n\r\n        \n\t<\/div> <!-- .\/td-block-span4 -->\n\n\t<div class=\"td-block-span4\">\n\r\n        <div class=\"td_module_mx1 td_module_wrap td-animation-stack\">\r\n            <div class=\"td-module-thumb\"><a href=\"https:\/\/www.institutodeengenharia.org.br\/site\/2018\/11\/07\/tecnicas-de-otimizacao-de-empreendimentos-de-construcao-civil-habitacional\/\"  rel=\"bookmark\" class=\"td-image-wrap \" title=\"T\u00e9cnicas de otimiza\u00e7\u00e3o de empreendimentos de constru\u00e7\u00e3o civil habitacional\" ><img loading=\"lazy\" decoding=\"async\" class=\"entry-thumb\" src=\"data:image\/png;base64,iVBORw0KGgoAAAANSUhEUgAAAWQAAADcAQMAAAB9O0nPAAAAA1BMVEWurq51dlI4AAAAAXRSTlMmkutdmwAAACBJREFUaN7twTEBAAAAwiD7p7bDbmAAAAAAAAAAAABAdieIAAGQh2mWAAAAAElFTkSuQmCC\" alt=\"\" title=\"T\u00e9cnicas de otimiza\u00e7\u00e3o de empreendimentos de constru\u00e7\u00e3o civil habitacional\" data-type=\"image_tag\" data-img-url=\"https:\/\/www.institutodeengenharia.org.br\/site\/wp-content\/uploads\/2018\/10\/construcao-356x220.jpg\"  width=\"356\" height=\"220\" \/><\/a><\/div>\r\n            <div class=\"td-module-meta-info\">\r\n                <h3 class=\"entry-title td-module-title\"><a href=\"https:\/\/www.institutodeengenharia.org.br\/site\/2018\/11\/07\/tecnicas-de-otimizacao-de-empreendimentos-de-construcao-civil-habitacional\/\"  rel=\"bookmark\" title=\"T\u00e9cnicas de otimiza\u00e7\u00e3o de empreendimentos de constru\u00e7\u00e3o civil habitacional\">T\u00e9cnicas de otimiza\u00e7\u00e3o de empreendimentos de constru\u00e7\u00e3o civil habitacional<\/a><\/h3>                <div class=\"td-editor-date\">\r\n                                        <span class=\"td-author-date\">\r\n                                                <span class=\"td-post-date\"><time class=\"entry-date updated td-module-date\" datetime=\"2018-11-07T09:19:54-02:00\" >07\/11\/2018<\/time><\/span>                    <\/span>\r\n                <\/div>\r\n            <\/div>\r\n\r\n        <\/div>\r\n\r\n        \n\t<\/div> <!-- .\/td-block-span4 -->\n\n\t<div class=\"td-block-span4\">\n\r\n        <div class=\"td_module_mx1 td_module_wrap td-animation-stack\">\r\n            <div class=\"td-module-thumb\"><a href=\"https:\/\/www.institutodeengenharia.org.br\/site\/2018\/10\/23\/entrega-do-titulo-de-eminente-engenheiro-do-ano-2018\/\"  rel=\"bookmark\" class=\"td-image-wrap \" title=\"Entrega do t\u00edtulo de Eminente Engenheiro do Ano 2018\" ><img loading=\"lazy\" decoding=\"async\" class=\"entry-thumb\" src=\"data:image\/png;base64,iVBORw0KGgoAAAANSUhEUgAAAWQAAADcAQMAAAB9O0nPAAAAA1BMVEWurq51dlI4AAAAAXRSTlMmkutdmwAAACBJREFUaN7twTEBAAAAwiD7p7bDbmAAAAAAAAAAAABAdieIAAGQh2mWAAAAAElFTkSuQmCC\" alt=\"\" title=\"Entrega do t\u00edtulo de Eminente Engenheiro do Ano 2018\" data-type=\"image_tag\" data-img-url=\"https:\/\/www.institutodeengenharia.org.br\/site\/wp-content\/uploads\/2018\/11\/45489894162_6ec8ae9000_k-356x220.jpg\"  width=\"356\" height=\"220\" \/><\/a><\/div>\r\n            <div class=\"td-module-meta-info\">\r\n                <h3 class=\"entry-title td-module-title\"><a href=\"https:\/\/www.institutodeengenharia.org.br\/site\/2018\/10\/23\/entrega-do-titulo-de-eminente-engenheiro-do-ano-2018\/\"  rel=\"bookmark\" title=\"Entrega do t\u00edtulo de Eminente Engenheiro do Ano 2018\">Entrega do t\u00edtulo de Eminente Engenheiro do Ano 2018<\/a><\/h3>                <div class=\"td-editor-date\">\r\n                                        <span class=\"td-author-date\">\r\n                                                <span class=\"td-post-date\"><time class=\"entry-date updated td-module-date\" datetime=\"2018-10-23T09:44:10-03:00\" >23\/10\/2018<\/time><\/span>                    <\/span>\r\n                <\/div>\r\n            <\/div>\r\n\r\n        <\/div>\r\n\r\n        \n\t<\/div> <!-- .\/td-block-span4 --><\/div><!--.\/row-fluid-->\n\n\t<div class=\"td-block-row\">\n\n\t<div class=\"td-block-span4\">\n\r\n        <div class=\"td_module_mx1 td_module_wrap td-animation-stack\">\r\n            <div class=\"td-module-thumb\"><a href=\"https:\/\/www.institutodeengenharia.org.br\/site\/2018\/10\/18\/projeto-da-arena-corinthians\/\"  rel=\"bookmark\" class=\"td-image-wrap \" title=\"Projeto da Arena Corinthians\" ><img loading=\"lazy\" decoding=\"async\" class=\"entry-thumb\" src=\"data:image\/png;base64,iVBORw0KGgoAAAANSUhEUgAAAWQAAADcAQMAAAB9O0nPAAAAA1BMVEWurq51dlI4AAAAAXRSTlMmkutdmwAAACBJREFUaN7twTEBAAAAwiD7p7bDbmAAAAAAAAAAAABAdieIAAGQh2mWAAAAAElFTkSuQmCC\" alt=\"\" title=\"Projeto da Arena Corinthians\" data-type=\"image_tag\" data-img-url=\"https:\/\/www.institutodeengenharia.org.br\/site\/wp-content\/uploads\/2018\/10\/arena_corinthians-356x220.jpg\"  width=\"356\" height=\"220\" \/><\/a><\/div>\r\n            <div class=\"td-module-meta-info\">\r\n                <h3 class=\"entry-title td-module-title\"><a href=\"https:\/\/www.institutodeengenharia.org.br\/site\/2018\/10\/18\/projeto-da-arena-corinthians\/\"  rel=\"bookmark\" title=\"Projeto da Arena Corinthians\">Projeto da Arena Corinthians<\/a><\/h3>                <div class=\"td-editor-date\">\r\n                                        <span class=\"td-author-date\">\r\n                                                <span class=\"td-post-date\"><time class=\"entry-date updated td-module-date\" datetime=\"2018-10-18T11:34:21-03:00\" >18\/10\/2018<\/time><\/span>                    <\/span>\r\n                <\/div>\r\n            <\/div>\r\n\r\n        <\/div>\r\n\r\n        \n\t<\/div> <!-- .\/td-block-span4 -->\n\n\t<div class=\"td-block-span4\">\n\r\n        <div class=\"td_module_mx1 td_module_wrap td-animation-stack\">\r\n            <div class=\"td-module-thumb\"><a href=\"https:\/\/www.institutodeengenharia.org.br\/site\/2018\/10\/17\/lajes-verdes-e-incentivos-fiscais-como-instrumento-para-sustentabilidade-urbana-estudo-de-caso\/\"  rel=\"bookmark\" class=\"td-image-wrap \" title=\"Lajes Verdes e Incentivos Fiscais como instrumento para sustentabilidade urbana \u2013 Estudo de Caso\" ><img loading=\"lazy\" decoding=\"async\" class=\"entry-thumb\" src=\"data:image\/png;base64,iVBORw0KGgoAAAANSUhEUgAAAWQAAADcAQMAAAB9O0nPAAAAA1BMVEWurq51dlI4AAAAAXRSTlMmkutdmwAAACBJREFUaN7twTEBAAAAwiD7p7bDbmAAAAAAAAAAAABAdieIAAGQh2mWAAAAAElFTkSuQmCC\" alt=\"\" title=\"Lajes Verdes e Incentivos Fiscais como instrumento para sustentabilidade urbana \u2013 Estudo de Caso\" data-type=\"image_tag\" data-img-url=\"https:\/\/www.institutodeengenharia.org.br\/site\/wp-content\/uploads\/2018\/10\/environmental-awareness-679668_1280-1-356x220.jpg\"  width=\"356\" height=\"220\" \/><\/a><\/div>\r\n            <div class=\"td-module-meta-info\">\r\n                <h3 class=\"entry-title td-module-title\"><a href=\"https:\/\/www.institutodeengenharia.org.br\/site\/2018\/10\/17\/lajes-verdes-e-incentivos-fiscais-como-instrumento-para-sustentabilidade-urbana-estudo-de-caso\/\"  rel=\"bookmark\" title=\"Lajes Verdes e Incentivos Fiscais como instrumento para sustentabilidade urbana \u2013 Estudo de Caso\">Lajes Verdes e Incentivos Fiscais como instrumento para sustentabilidade urbana \u2013 Estudo de Caso<\/a><\/h3>                <div class=\"td-editor-date\">\r\n                                        <span class=\"td-author-date\">\r\n                                                <span class=\"td-post-date\"><time class=\"entry-date updated td-module-date\" datetime=\"2018-10-17T11:13:29-03:00\" >17\/10\/2018<\/time><\/span>                    <\/span>\r\n                <\/div>\r\n            <\/div>\r\n\r\n        <\/div>\r\n\r\n        \n\t<\/div> <!-- .\/td-block-span4 -->\n\n\t<div class=\"td-block-span4\">\n\r\n        <div class=\"td_module_mx1 td_module_wrap td-animation-stack\">\r\n            <div class=\"td-module-thumb\"><a href=\"https:\/\/www.institutodeengenharia.org.br\/site\/2018\/10\/04\/analise-dos-efeitos-de-carga-em-pontes-brasileiras-comparando-o-modelo-de-carga-movel-com-dados-de-pesagem-em-movimento-wim\/\"  rel=\"bookmark\" class=\"td-image-wrap \" title=\"An\u00e1lise dos Efeitos de Carga em pontes brasileiras comparando o modelo de Carga M\u00f3vel com dados de Pesagem em Movimento (WIM)\" ><img loading=\"lazy\" decoding=\"async\" class=\"entry-thumb\" src=\"data:image\/png;base64,iVBORw0KGgoAAAANSUhEUgAAAWQAAADcAQMAAAB9O0nPAAAAA1BMVEWurq51dlI4AAAAAXRSTlMmkutdmwAAACBJREFUaN7twTEBAAAAwiD7p7bDbmAAAAAAAAAAAABAdieIAAGQh2mWAAAAAElFTkSuQmCC\" alt=\"\" title=\"An\u00e1lise dos Efeitos de Carga em pontes brasileiras comparando o modelo de Carga M\u00f3vel com dados de Pesagem em Movimento (WIM)\" data-type=\"image_tag\" data-img-url=\"https:\/\/www.institutodeengenharia.org.br\/site\/wp-content\/uploads\/2018\/10\/shutterstock_111267044-356x220.jpg\"  width=\"356\" height=\"220\" \/><\/a><\/div>\r\n            <div class=\"td-module-meta-info\">\r\n                <h3 class=\"entry-title td-module-title\"><a href=\"https:\/\/www.institutodeengenharia.org.br\/site\/2018\/10\/04\/analise-dos-efeitos-de-carga-em-pontes-brasileiras-comparando-o-modelo-de-carga-movel-com-dados-de-pesagem-em-movimento-wim\/\"  rel=\"bookmark\" title=\"An\u00e1lise dos Efeitos de Carga em pontes brasileiras comparando o modelo de Carga M\u00f3vel com dados de Pesagem em Movimento (WIM)\">An\u00e1lise dos Efeitos de Carga em pontes brasileiras comparando o modelo de Carga M\u00f3vel com dados de Pesagem em Movimento (WIM)<\/a><\/h3>                <div class=\"td-editor-date\">\r\n                                        <span class=\"td-author-date\">\r\n                                                <span class=\"td-post-date\"><time class=\"entry-date updated td-module-date\" datetime=\"2018-10-04T09:48:10-03:00\" >04\/10\/2018<\/time><\/span>                    <\/span>\r\n                <\/div>\r\n            <\/div>\r\n\r\n        <\/div>\r\n\r\n        \n\t<\/div> <!-- .\/td-block-span4 --><\/div><!--.\/row-fluid-->\n\n\t<div class=\"td-block-row\">\n\n\t<div class=\"td-block-span4\">\n\r\n        <div class=\"td_module_mx1 td_module_wrap td-animation-stack\">\r\n            <div class=\"td-module-thumb\"><a href=\"https:\/\/www.institutodeengenharia.org.br\/site\/2018\/09\/19\/pos-evento-3o-seminario-iot-novas-tecnologias-aplicadas-ao-agronegocio-agricultura-4-0\/\"  rel=\"bookmark\" class=\"td-image-wrap \" title=\"3\u00ba Semin\u00e1rio IoT \u2013 Novas Tecnologias Aplicadas ao Agroneg\u00f3cio \u2013 Agricultura 4.0\" ><img loading=\"lazy\" decoding=\"async\" class=\"entry-thumb\" src=\"data:image\/png;base64,iVBORw0KGgoAAAANSUhEUgAAAWQAAADcAQMAAAB9O0nPAAAAA1BMVEWurq51dlI4AAAAAXRSTlMmkutdmwAAACBJREFUaN7twTEBAAAAwiD7p7bDbmAAAAAAAAAAAABAdieIAAGQh2mWAAAAAElFTkSuQmCC\" alt=\"\" title=\"3\u00ba Semin\u00e1rio IoT \u2013 Novas Tecnologias Aplicadas ao Agroneg\u00f3cio \u2013 Agricultura 4.0\" data-type=\"image_tag\" data-img-url=\"https:\/\/www.institutodeengenharia.org.br\/site\/wp-content\/uploads\/2018\/09\/051017-1-356x220.jpg\"  width=\"356\" height=\"220\" \/><\/a><\/div>\r\n            <div class=\"td-module-meta-info\">\r\n                <h3 class=\"entry-title td-module-title\"><a href=\"https:\/\/www.institutodeengenharia.org.br\/site\/2018\/09\/19\/pos-evento-3o-seminario-iot-novas-tecnologias-aplicadas-ao-agronegocio-agricultura-4-0\/\"  rel=\"bookmark\" title=\"3\u00ba Semin\u00e1rio IoT \u2013 Novas Tecnologias Aplicadas ao Agroneg\u00f3cio \u2013 Agricultura 4.0\">3\u00ba Semin\u00e1rio IoT \u2013 Novas Tecnologias Aplicadas ao Agroneg\u00f3cio \u2013 Agricultura 4.0<\/a><\/h3>                <div class=\"td-editor-date\">\r\n                                        <span class=\"td-author-date\">\r\n                                                <span class=\"td-post-date\"><time class=\"entry-date updated td-module-date\" datetime=\"2018-09-19T10:02:52-03:00\" >19\/09\/2018<\/time><\/span>                    <\/span>\r\n                <\/div>\r\n            <\/div>\r\n\r\n        <\/div>\r\n\r\n        \n\t<\/div> <!-- .\/td-block-span4 -->\n\n\t<div class=\"td-block-span4\">\n\r\n        <div class=\"td_module_mx1 td_module_wrap td-animation-stack\">\r\n            <div class=\"td-module-thumb\"><a href=\"https:\/\/www.institutodeengenharia.org.br\/site\/2018\/09\/13\/pos-evento-desastres-decorrentes-de-incendio-em-edificios\/\"  rel=\"bookmark\" class=\"td-image-wrap \" title=\"Desastres decorrentes de inc\u00eandio em edif\u00edcios\" ><img loading=\"lazy\" decoding=\"async\" class=\"entry-thumb\" src=\"data:image\/png;base64,iVBORw0KGgoAAAANSUhEUgAAAWQAAADcAQMAAAB9O0nPAAAAA1BMVEWurq51dlI4AAAAAXRSTlMmkutdmwAAACBJREFUaN7twTEBAAAAwiD7p7bDbmAAAAAAAAAAAABAdieIAAGQh2mWAAAAAElFTkSuQmCC\" alt=\"\" title=\"Desastres decorrentes de inc\u00eandio em edif\u00edcios\" data-type=\"image_tag\" data-img-url=\"https:\/\/www.institutodeengenharia.org.br\/site\/wp-content\/uploads\/2018\/09\/5a0f6fed2d0f7-356x220.jpeg\"  width=\"356\" height=\"220\" \/><\/a><\/div>\r\n            <div class=\"td-module-meta-info\">\r\n                <h3 class=\"entry-title td-module-title\"><a href=\"https:\/\/www.institutodeengenharia.org.br\/site\/2018\/09\/13\/pos-evento-desastres-decorrentes-de-incendio-em-edificios\/\"  rel=\"bookmark\" title=\"Desastres decorrentes de inc\u00eandio em edif\u00edcios\">Desastres decorrentes de inc\u00eandio em edif\u00edcios<\/a><\/h3>                <div class=\"td-editor-date\">\r\n                                        <span class=\"td-author-date\">\r\n                                                <span class=\"td-post-date\"><time class=\"entry-date updated td-module-date\" datetime=\"2018-09-13T15:34:05-03:00\" >13\/09\/2018<\/time><\/span>                    <\/span>\r\n                <\/div>\r\n            <\/div>\r\n\r\n        <\/div>\r\n\r\n        \n\t<\/div> <!-- .\/td-block-span4 -->\n\n\t<div class=\"td-block-span4\">\n\r\n        <div class=\"td_module_mx1 td_module_wrap td-animation-stack\">\r\n            <div class=\"td-module-thumb\"><a href=\"https:\/\/www.institutodeengenharia.org.br\/site\/2018\/09\/11\/pos-evento-seminario-acidentes-prediais-licoes-aprendidas\/\"  rel=\"bookmark\" class=\"td-image-wrap \" title=\"Semin\u00e1rio Acidentes Prediais &#8211; Li\u00e7\u00f5es Aprendidas\" ><img loading=\"lazy\" decoding=\"async\" class=\"entry-thumb\" src=\"data:image\/png;base64,iVBORw0KGgoAAAANSUhEUgAAAWQAAADcAQMAAAB9O0nPAAAAA1BMVEWurq51dlI4AAAAAXRSTlMmkutdmwAAACBJREFUaN7twTEBAAAAwiD7p7bDbmAAAAAAAAAAAABAdieIAAGQh2mWAAAAAElFTkSuQmCC\" alt=\"\" title=\"Semin\u00e1rio Acidentes Prediais &#8211; Li\u00e7\u00f5es Aprendidas\" data-type=\"image_tag\" data-img-url=\"https:\/\/www.institutodeengenharia.org.br\/site\/wp-content\/uploads\/2018\/09\/new-york-690868_640-356x220.jpg\"  width=\"356\" height=\"220\" \/><\/a><\/div>\r\n            <div class=\"td-module-meta-info\">\r\n                <h3 class=\"entry-title td-module-title\"><a href=\"https:\/\/www.institutodeengenharia.org.br\/site\/2018\/09\/11\/pos-evento-seminario-acidentes-prediais-licoes-aprendidas\/\"  rel=\"bookmark\" title=\"Semin\u00e1rio Acidentes Prediais &#8211; Li\u00e7\u00f5es Aprendidas\">Semin\u00e1rio Acidentes Prediais &#8211; Li\u00e7\u00f5es Aprendidas<\/a><\/h3>                <div class=\"td-editor-date\">\r\n                                        <span class=\"td-author-date\">\r\n                                                <span class=\"td-post-date\"><time class=\"entry-date updated td-module-date\" datetime=\"2018-09-11T09:36:49-03:00\" >11\/09\/2018<\/time><\/span>                    <\/span>\r\n                <\/div>\r\n            <\/div>\r\n\r\n        <\/div>\r\n\r\n        \n\t<\/div> <!-- .\/td-block-span4 --><\/div><!--.\/row-fluid-->\n\n\t<div class=\"td-block-row\">\n\n\t<div class=\"td-block-span4\">\n\r\n        <div class=\"td_module_mx1 td_module_wrap td-animation-stack\">\r\n            <div class=\"td-module-thumb\"><a href=\"https:\/\/www.institutodeengenharia.org.br\/site\/2018\/08\/30\/pos-evento-norma-de-cargas-abnt-nbr-6120-a-evolucao-da-revisao-da-norma\/\"  rel=\"bookmark\" class=\"td-image-wrap \" title=\"Norma de Cargas ABNT NBR 6120 &#8211; A evolu\u00e7\u00e3o da revis\u00e3o da norma\" ><img loading=\"lazy\" decoding=\"async\" class=\"entry-thumb\" src=\"data:image\/png;base64,iVBORw0KGgoAAAANSUhEUgAAAWQAAADcAQMAAAB9O0nPAAAAA1BMVEWurq51dlI4AAAAAXRSTlMmkutdmwAAACBJREFUaN7twTEBAAAAwiD7p7bDbmAAAAAAAAAAAABAdieIAAGQh2mWAAAAAElFTkSuQmCC\" alt=\"\" title=\"Norma de Cargas ABNT NBR 6120 &#8211; A evolu\u00e7\u00e3o da revis\u00e3o da norma\" data-type=\"image_tag\" data-img-url=\"https:\/\/www.institutodeengenharia.org.br\/site\/wp-content\/uploads\/2018\/08\/books-690219_640-1-356x220.jpg\"  width=\"356\" height=\"220\" \/><\/a><\/div>\r\n            <div class=\"td-module-meta-info\">\r\n                <h3 class=\"entry-title td-module-title\"><a href=\"https:\/\/www.institutodeengenharia.org.br\/site\/2018\/08\/30\/pos-evento-norma-de-cargas-abnt-nbr-6120-a-evolucao-da-revisao-da-norma\/\"  rel=\"bookmark\" title=\"Norma de Cargas ABNT NBR 6120 &#8211; A evolu\u00e7\u00e3o da revis\u00e3o da norma\">Norma de Cargas ABNT NBR 6120 &#8211; A evolu\u00e7\u00e3o da revis\u00e3o da norma<\/a><\/h3>                <div class=\"td-editor-date\">\r\n                                        <span class=\"td-author-date\">\r\n                                                <span class=\"td-post-date\"><time class=\"entry-date updated td-module-date\" datetime=\"2018-08-30T09:49:27-03:00\" >30\/08\/2018<\/time><\/span>                    <\/span>\r\n                <\/div>\r\n            <\/div>\r\n\r\n        <\/div>\r\n\r\n        \n\t<\/div> <!-- .\/td-block-span4 -->\n\n\t<div class=\"td-block-span4\">\n\r\n        <div class=\"td_module_mx1 td_module_wrap td-animation-stack\">\r\n            <div class=\"td-module-thumb\"><a href=\"https:\/\/www.institutodeengenharia.org.br\/site\/2018\/08\/28\/ie-debate-divida-publica\/\"  rel=\"bookmark\" class=\"td-image-wrap \" title=\"IE Debate &#8211; D\u00edvida P\u00fablica\" ><img loading=\"lazy\" decoding=\"async\" class=\"entry-thumb\" src=\"data:image\/png;base64,iVBORw0KGgoAAAANSUhEUgAAAWQAAADcAQMAAAB9O0nPAAAAA1BMVEWurq51dlI4AAAAAXRSTlMmkutdmwAAACBJREFUaN7twTEBAAAAwiD7p7bDbmAAAAAAAAAAAABAdieIAAGQh2mWAAAAAElFTkSuQmCC\" alt=\"\" title=\"IE Debate &#8211; D\u00edvida P\u00fablica\" data-type=\"image_tag\" data-img-url=\"https:\/\/www.institutodeengenharia.org.br\/site\/wp-content\/uploads\/2023\/08\/eficiencia-356x220.png\"  width=\"356\" height=\"220\" \/><span class=\"td-video-play-ico\"><i class=\"td-icon-video-thumb-play\"><\/i><\/span><\/a><\/div>\r\n            <div class=\"td-module-meta-info\">\r\n                <h3 class=\"entry-title td-module-title\"><a href=\"https:\/\/www.institutodeengenharia.org.br\/site\/2018\/08\/28\/ie-debate-divida-publica\/\"  rel=\"bookmark\" title=\"IE Debate &#8211; D\u00edvida P\u00fablica\">IE Debate &#8211; D\u00edvida P\u00fablica<\/a><\/h3>                <div class=\"td-editor-date\">\r\n                                        <span class=\"td-author-date\">\r\n                                                <span class=\"td-post-date\"><time class=\"entry-date updated td-module-date\" datetime=\"2018-08-28T14:21:57-03:00\" >28\/08\/2018<\/time><\/span>                    <\/span>\r\n                <\/div>\r\n            <\/div>\r\n\r\n        <\/div>\r\n\r\n        \n\t<\/div> <!-- .\/td-block-span4 -->\n\n\t<div class=\"td-block-span4\">\n\r\n        <div class=\"td_module_mx1 td_module_wrap td-animation-stack\">\r\n            <div class=\"td-module-thumb\"><a href=\"https:\/\/www.institutodeengenharia.org.br\/site\/2018\/08\/28\/ie-debate-ciencia-tecnologia-e-inovacao-no-brasil\/\"  rel=\"bookmark\" class=\"td-image-wrap \" title=\"IE Debate &#8211; Ci\u00eancia, Tecnologia e Inova\u00e7\u00e3o no Brasil\" ><img loading=\"lazy\" decoding=\"async\" class=\"entry-thumb\" src=\"data:image\/png;base64,iVBORw0KGgoAAAANSUhEUgAAAWQAAADcAQMAAAB9O0nPAAAAA1BMVEWurq51dlI4AAAAAXRSTlMmkutdmwAAACBJREFUaN7twTEBAAAAwiD7p7bDbmAAAAAAAAAAAABAdieIAAGQh2mWAAAAAElFTkSuQmCC\" alt=\"\" title=\"IE Debate &#8211; Ci\u00eancia, Tecnologia e Inova\u00e7\u00e3o no Brasil\" data-type=\"image_tag\" data-img-url=\"https:\/\/www.institutodeengenharia.org.br\/site\/wp-content\/uploads\/2023\/08\/eficiencia-356x220.png\"  width=\"356\" height=\"220\" \/><span class=\"td-video-play-ico\"><i class=\"td-icon-video-thumb-play\"><\/i><\/span><\/a><\/div>\r\n            <div class=\"td-module-meta-info\">\r\n                <h3 class=\"entry-title td-module-title\"><a href=\"https:\/\/www.institutodeengenharia.org.br\/site\/2018\/08\/28\/ie-debate-ciencia-tecnologia-e-inovacao-no-brasil\/\"  rel=\"bookmark\" title=\"IE Debate &#8211; Ci\u00eancia, Tecnologia e Inova\u00e7\u00e3o no Brasil\">IE Debate &#8211; Ci\u00eancia, Tecnologia e Inova\u00e7\u00e3o no Brasil<\/a><\/h3>                <div class=\"td-editor-date\">\r\n                                        <span class=\"td-author-date\">\r\n                                                <span class=\"td-post-date\"><time class=\"entry-date updated td-module-date\" datetime=\"2018-08-28T14:20:37-03:00\" >28\/08\/2018<\/time><\/span>                    <\/span>\r\n                <\/div>\r\n            <\/div>\r\n\r\n        <\/div>\r\n\r\n        \n\t<\/div> <!-- .\/td-block-span4 --><\/div><!--.\/row-fluid-->\n\n\t<div class=\"td-block-row\">\n\n\t<div class=\"td-block-span4\">\n\r\n        <div class=\"td_module_mx1 td_module_wrap td-animation-stack\">\r\n            <div class=\"td-module-thumb\"><a href=\"https:\/\/www.institutodeengenharia.org.br\/site\/2018\/08\/28\/ie-debate-reforma-da-previdencia\/\"  rel=\"bookmark\" class=\"td-image-wrap \" title=\"IE Debate &#8211; Reforma da Previd\u00eancia\" ><img loading=\"lazy\" decoding=\"async\" class=\"entry-thumb\" src=\"data:image\/png;base64,iVBORw0KGgoAAAANSUhEUgAAAWQAAADcAQMAAAB9O0nPAAAAA1BMVEWurq51dlI4AAAAAXRSTlMmkutdmwAAACBJREFUaN7twTEBAAAAwiD7p7bDbmAAAAAAAAAAAABAdieIAAGQh2mWAAAAAElFTkSuQmCC\" alt=\"\" title=\"IE Debate &#8211; Reforma da Previd\u00eancia\" data-type=\"image_tag\" data-img-url=\"https:\/\/www.institutodeengenharia.org.br\/site\/wp-content\/uploads\/2023\/08\/eficiencia-356x220.png\"  width=\"356\" height=\"220\" \/><span class=\"td-video-play-ico\"><i class=\"td-icon-video-thumb-play\"><\/i><\/span><\/a><\/div>\r\n            <div class=\"td-module-meta-info\">\r\n                <h3 class=\"entry-title td-module-title\"><a href=\"https:\/\/www.institutodeengenharia.org.br\/site\/2018\/08\/28\/ie-debate-reforma-da-previdencia\/\"  rel=\"bookmark\" title=\"IE Debate &#8211; Reforma da Previd\u00eancia\">IE Debate &#8211; Reforma da Previd\u00eancia<\/a><\/h3>                <div class=\"td-editor-date\">\r\n                                        <span class=\"td-author-date\">\r\n                                                <span class=\"td-post-date\"><time class=\"entry-date updated td-module-date\" datetime=\"2018-08-28T14:19:07-03:00\" >28\/08\/2018<\/time><\/span>                    <\/span>\r\n                <\/div>\r\n            <\/div>\r\n\r\n        <\/div>\r\n\r\n        \n\t<\/div> <!-- .\/td-block-span4 -->\n\n\t<div class=\"td-block-span4\">\n\r\n        <div class=\"td_module_mx1 td_module_wrap td-animation-stack\">\r\n            <div class=\"td-module-thumb\"><a href=\"https:\/\/www.institutodeengenharia.org.br\/site\/2018\/08\/28\/ie-debate-lei-das-estatais\/\"  rel=\"bookmark\" class=\"td-image-wrap \" title=\"IE Debate &#8211; Lei das Estatais\" ><img loading=\"lazy\" decoding=\"async\" class=\"entry-thumb\" src=\"data:image\/png;base64,iVBORw0KGgoAAAANSUhEUgAAAWQAAADcAQMAAAB9O0nPAAAAA1BMVEWurq51dlI4AAAAAXRSTlMmkutdmwAAACBJREFUaN7twTEBAAAAwiD7p7bDbmAAAAAAAAAAAABAdieIAAGQh2mWAAAAAElFTkSuQmCC\" alt=\"\" title=\"IE Debate &#8211; Lei das Estatais\" data-type=\"image_tag\" data-img-url=\"https:\/\/www.institutodeengenharia.org.br\/site\/wp-content\/uploads\/2023\/08\/eficiencia-356x220.png\"  width=\"356\" height=\"220\" \/><span class=\"td-video-play-ico\"><i class=\"td-icon-video-thumb-play\"><\/i><\/span><\/a><\/div>\r\n            <div class=\"td-module-meta-info\">\r\n                <h3 class=\"entry-title td-module-title\"><a href=\"https:\/\/www.institutodeengenharia.org.br\/site\/2018\/08\/28\/ie-debate-lei-das-estatais\/\"  rel=\"bookmark\" title=\"IE Debate &#8211; Lei das Estatais\">IE Debate &#8211; Lei das Estatais<\/a><\/h3>                <div class=\"td-editor-date\">\r\n                                        <span class=\"td-author-date\">\r\n                                                <span class=\"td-post-date\"><time class=\"entry-date updated td-module-date\" datetime=\"2018-08-28T14:17:33-03:00\" >28\/08\/2018<\/time><\/span>                    <\/span>\r\n                <\/div>\r\n            <\/div>\r\n\r\n        <\/div>\r\n\r\n        \n\t<\/div> <!-- .\/td-block-span4 -->\n\n\t<div class=\"td-block-span4\">\n\r\n        <div class=\"td_module_mx1 td_module_wrap td-animation-stack\">\r\n            <div class=\"td-module-thumb\"><a href=\"https:\/\/www.institutodeengenharia.org.br\/site\/2018\/08\/28\/ie-debate-eficiencia-do-estado-brasileiro\/\"  rel=\"bookmark\" class=\"td-image-wrap \" title=\"IE Debate &#8211; Efici\u00eancia do Estado Brasileiro\" ><img loading=\"lazy\" decoding=\"async\" class=\"entry-thumb\" src=\"data:image\/png;base64,iVBORw0KGgoAAAANSUhEUgAAAWQAAADcAQMAAAB9O0nPAAAAA1BMVEWurq51dlI4AAAAAXRSTlMmkutdmwAAACBJREFUaN7twTEBAAAAwiD7p7bDbmAAAAAAAAAAAABAdieIAAGQh2mWAAAAAElFTkSuQmCC\" alt=\"\" title=\"IE Debate &#8211; Efici\u00eancia do Estado Brasileiro\" data-type=\"image_tag\" data-img-url=\"https:\/\/www.institutodeengenharia.org.br\/site\/wp-content\/uploads\/2023\/08\/eficiencia-356x220.png\"  width=\"356\" height=\"220\" \/><span class=\"td-video-play-ico\"><i class=\"td-icon-video-thumb-play\"><\/i><\/span><\/a><\/div>\r\n            <div class=\"td-module-meta-info\">\r\n                <h3 class=\"entry-title td-module-title\"><a href=\"https:\/\/www.institutodeengenharia.org.br\/site\/2018\/08\/28\/ie-debate-eficiencia-do-estado-brasileiro\/\"  rel=\"bookmark\" title=\"IE Debate &#8211; Efici\u00eancia do Estado Brasileiro\">IE Debate &#8211; Efici\u00eancia do Estado Brasileiro<\/a><\/h3>                <div class=\"td-editor-date\">\r\n                                        <span class=\"td-author-date\">\r\n                                                <span class=\"td-post-date\"><time class=\"entry-date updated td-module-date\" datetime=\"2018-08-28T14:14:38-03:00\" >28\/08\/2018<\/time><\/span>                    <\/span>\r\n                <\/div>\r\n            <\/div>\r\n\r\n        <\/div>\r\n\r\n        \n\t<\/div> <!-- .\/td-block-span4 --><\/div><!--.\/row-fluid-->\n\n\t<div class=\"td-block-row\">\n\n\t<div class=\"td-block-span4\">\n\r\n        <div class=\"td_module_mx1 td_module_wrap td-animation-stack\">\r\n            <div class=\"td-module-thumb\"><a href=\"https:\/\/www.institutodeengenharia.org.br\/site\/2018\/08\/28\/ie-debate-investimentos-em-infraestrutura\/\"  rel=\"bookmark\" class=\"td-image-wrap \" title=\"IE Debate &#8211; Investimentos em Infraestrutura\" ><img loading=\"lazy\" decoding=\"async\" class=\"entry-thumb\" src=\"data:image\/png;base64,iVBORw0KGgoAAAANSUhEUgAAAWQAAADcAQMAAAB9O0nPAAAAA1BMVEWurq51dlI4AAAAAXRSTlMmkutdmwAAACBJREFUaN7twTEBAAAAwiD7p7bDbmAAAAAAAAAAAABAdieIAAGQh2mWAAAAAElFTkSuQmCC\" alt=\"\" title=\"IE Debate &#8211; Investimentos em Infraestrutura\" data-type=\"image_tag\" data-img-url=\"https:\/\/www.institutodeengenharia.org.br\/site\/wp-content\/uploads\/2023\/08\/eficiencia-356x220.png\"  width=\"356\" height=\"220\" \/><span class=\"td-video-play-ico\"><i class=\"td-icon-video-thumb-play\"><\/i><\/span><\/a><\/div>\r\n            <div class=\"td-module-meta-info\">\r\n                <h3 class=\"entry-title td-module-title\"><a href=\"https:\/\/www.institutodeengenharia.org.br\/site\/2018\/08\/28\/ie-debate-investimentos-em-infraestrutura\/\"  rel=\"bookmark\" title=\"IE Debate &#8211; Investimentos em Infraestrutura\">IE Debate &#8211; Investimentos em Infraestrutura<\/a><\/h3>                <div class=\"td-editor-date\">\r\n                                        <span class=\"td-author-date\">\r\n                                                <span class=\"td-post-date\"><time class=\"entry-date updated td-module-date\" datetime=\"2018-08-28T14:07:47-03:00\" >28\/08\/2018<\/time><\/span>                    <\/span>\r\n                <\/div>\r\n            <\/div>\r\n\r\n        <\/div>\r\n\r\n        \n\t<\/div> <!-- .\/td-block-span4 -->\n\n\t<div class=\"td-block-span4\">\n\r\n        <div class=\"td_module_mx1 td_module_wrap td-animation-stack\">\r\n            <div class=\"td-module-thumb\"><a href=\"https:\/\/www.institutodeengenharia.org.br\/site\/2018\/08\/28\/pos-evento-inovacoes-metroviarias-missao-tecnica-bim-em-londres-e-paris\/\"  rel=\"bookmark\" class=\"td-image-wrap \" title=\"Inova\u00e7\u00f5es Metrovi\u00e1rias \u2013 Miss\u00e3o t\u00e9cnica BIM em Londres e Paris\" ><img loading=\"lazy\" decoding=\"async\" class=\"entry-thumb\" src=\"data:image\/png;base64,iVBORw0KGgoAAAANSUhEUgAAAWQAAADcAQMAAAB9O0nPAAAAA1BMVEWurq51dlI4AAAAAXRSTlMmkutdmwAAACBJREFUaN7twTEBAAAAwiD7p7bDbmAAAAAAAAAAAABAdieIAAGQh2mWAAAAAElFTkSuQmCC\" alt=\"\" title=\"Inova\u00e7\u00f5es Metrovi\u00e1rias \u2013 Miss\u00e3o t\u00e9cnica BIM em Londres e Paris\" data-type=\"image_tag\" data-img-url=\"https:\/\/www.institutodeengenharia.org.br\/site\/wp-content\/uploads\/2018\/08\/maxresdefault-2-356x220.jpg\"  width=\"356\" height=\"220\" \/><\/a><\/div>\r\n            <div class=\"td-module-meta-info\">\r\n                <h3 class=\"entry-title td-module-title\"><a href=\"https:\/\/www.institutodeengenharia.org.br\/site\/2018\/08\/28\/pos-evento-inovacoes-metroviarias-missao-tecnica-bim-em-londres-e-paris\/\"  rel=\"bookmark\" title=\"Inova\u00e7\u00f5es Metrovi\u00e1rias \u2013 Miss\u00e3o t\u00e9cnica BIM em Londres e Paris\">Inova\u00e7\u00f5es Metrovi\u00e1rias \u2013 Miss\u00e3o t\u00e9cnica BIM em Londres e Paris<\/a><\/h3>                <div class=\"td-editor-date\">\r\n                                        <span class=\"td-author-date\">\r\n                                                <span class=\"td-post-date\"><time class=\"entry-date updated td-module-date\" datetime=\"2018-08-28T09:55:35-03:00\" >28\/08\/2018<\/time><\/span>                    <\/span>\r\n                <\/div>\r\n            <\/div>\r\n\r\n        <\/div>\r\n\r\n        \n\t<\/div> <!-- .\/td-block-span4 -->\n\n\t<div class=\"td-block-span4\">\n\r\n        <div class=\"td_module_mx1 td_module_wrap td-animation-stack\">\r\n            <div class=\"td-module-thumb\"><a href=\"https:\/\/www.institutodeengenharia.org.br\/site\/2018\/08\/25\/desafios-para-educacao-brasileira\/\"  rel=\"bookmark\" class=\"td-image-wrap \" title=\"Desafios para educa\u00e7\u00e3o brasileira\" ><img loading=\"lazy\" decoding=\"async\" class=\"entry-thumb\" src=\"data:image\/png;base64,iVBORw0KGgoAAAANSUhEUgAAAWQAAADcAQMAAAB9O0nPAAAAA1BMVEWurq51dlI4AAAAAXRSTlMmkutdmwAAACBJREFUaN7twTEBAAAAwiD7p7bDbmAAAAAAAAAAAABAdieIAAGQh2mWAAAAAElFTkSuQmCC\" alt=\"\" title=\"Desafios para educa\u00e7\u00e3o brasileira\" data-type=\"image_tag\" data-img-url=\"https:\/\/www.institutodeengenharia.org.br\/site\/wp-content\/uploads\/2023\/08\/debstr-1-356x220.png\"  width=\"356\" height=\"220\" \/><\/a><\/div>\r\n            <div class=\"td-module-meta-info\">\r\n                <h3 class=\"entry-title td-module-title\"><a href=\"https:\/\/www.institutodeengenharia.org.br\/site\/2018\/08\/25\/desafios-para-educacao-brasileira\/\"  rel=\"bookmark\" title=\"Desafios para educa\u00e7\u00e3o brasileira\">Desafios para educa\u00e7\u00e3o brasileira<\/a><\/h3>                <div class=\"td-editor-date\">\r\n                                        <span class=\"td-author-date\">\r\n                                                <span class=\"td-post-date\"><time class=\"entry-date updated td-module-date\" datetime=\"2018-08-25T09:18:26-03:00\" >25\/08\/2018<\/time><\/span>                    <\/span>\r\n                <\/div>\r\n            <\/div>\r\n\r\n        <\/div>\r\n\r\n        \n\t<\/div> <!-- .\/td-block-span4 --><\/div><!--.\/row-fluid-->\n\n\t<div class=\"td-block-row\">\n\n\t<div class=\"td-block-span4\">\n\r\n        <div class=\"td_module_mx1 td_module_wrap td-animation-stack\">\r\n            <div class=\"td-module-thumb\"><a href=\"https:\/\/www.institutodeengenharia.org.br\/site\/2018\/07\/12\/pos-evento-homenagem-ao-professor-alberto-henriques-teixeira\/\"  rel=\"bookmark\" class=\"td-image-wrap \" title=\"Homenagem ao Professor Alberto Henriques Teixeira\" ><img loading=\"lazy\" decoding=\"async\" class=\"entry-thumb\" src=\"data:image\/png;base64,iVBORw0KGgoAAAANSUhEUgAAAWQAAADcAQMAAAB9O0nPAAAAA1BMVEWurq51dlI4AAAAAXRSTlMmkutdmwAAACBJREFUaN7twTEBAAAAwiD7p7bDbmAAAAAAAAAAAABAdieIAAGQh2mWAAAAAElFTkSuQmCC\" alt=\"\" title=\"Homenagem ao Professor Alberto Henriques Teixeira\" data-type=\"image_tag\" data-img-url=\"https:\/\/www.institutodeengenharia.org.br\/site\/wp-content\/uploads\/2018\/07\/Nossahomenagem...-2-356x220.jpg\"  width=\"356\" height=\"220\" \/><\/a><\/div>\r\n            <div class=\"td-module-meta-info\">\r\n                <h3 class=\"entry-title td-module-title\"><a href=\"https:\/\/www.institutodeengenharia.org.br\/site\/2018\/07\/12\/pos-evento-homenagem-ao-professor-alberto-henriques-teixeira\/\"  rel=\"bookmark\" title=\"Homenagem ao Professor Alberto Henriques Teixeira\">Homenagem ao Professor Alberto Henriques Teixeira<\/a><\/h3>                <div class=\"td-editor-date\">\r\n                                        <span class=\"td-author-date\">\r\n                                                <span class=\"td-post-date\"><time class=\"entry-date updated td-module-date\" datetime=\"2018-07-12T11:21:13-03:00\" >12\/07\/2018<\/time><\/span>                    <\/span>\r\n                <\/div>\r\n            <\/div>\r\n\r\n        <\/div>\r\n\r\n        \n\t<\/div> <!-- .\/td-block-span4 -->\n\n\t<div class=\"td-block-span4\">\n\r\n        <div class=\"td_module_mx1 td_module_wrap td-animation-stack\">\r\n            <div class=\"td-module-thumb\"><a href=\"https:\/\/www.institutodeengenharia.org.br\/site\/2018\/07\/09\/revolucao-constitucionalista-de-32\/\"  rel=\"bookmark\" class=\"td-image-wrap \" title=\"Revolu\u00e7\u00e3o Constitucionalista de 32\" ><img loading=\"lazy\" decoding=\"async\" class=\"entry-thumb\" src=\"data:image\/png;base64,iVBORw0KGgoAAAANSUhEUgAAAWQAAADcAQMAAAB9O0nPAAAAA1BMVEWurq51dlI4AAAAAXRSTlMmkutdmwAAACBJREFUaN7twTEBAAAAwiD7p7bDbmAAAAAAAAAAAABAdieIAAGQh2mWAAAAAElFTkSuQmCC\" alt=\"\" title=\"Revolu\u00e7\u00e3o Constitucionalista de 32\" data-type=\"image_tag\" data-img-url=\"https:\/\/www.institutodeengenharia.org.br\/site\/wp-content\/uploads\/2021\/08\/video-356x220.webp\"  width=\"356\" height=\"220\" \/><\/a><\/div>\r\n            <div class=\"td-module-meta-info\">\r\n                <h3 class=\"entry-title td-module-title\"><a href=\"https:\/\/www.institutodeengenharia.org.br\/site\/2018\/07\/09\/revolucao-constitucionalista-de-32\/\"  rel=\"bookmark\" title=\"Revolu\u00e7\u00e3o Constitucionalista de 32\">Revolu\u00e7\u00e3o Constitucionalista de 32<\/a><\/h3>                <div class=\"td-editor-date\">\r\n                                        <span class=\"td-author-date\">\r\n                                                <span class=\"td-post-date\"><time class=\"entry-date updated td-module-date\" datetime=\"2018-07-09T16:35:00-03:00\" >09\/07\/2018<\/time><\/span>                    <\/span>\r\n                <\/div>\r\n            <\/div>\r\n\r\n        <\/div>\r\n\r\n        \n\t<\/div> <!-- .\/td-block-span4 -->\n\n\t<div class=\"td-block-span4\">\n\r\n        <div class=\"td_module_mx1 td_module_wrap td-animation-stack\">\r\n            <div class=\"td-module-thumb\"><a href=\"https:\/\/www.institutodeengenharia.org.br\/site\/2018\/06\/21\/pos-evento-o-bim-no-projeto-estrutural\/\"  rel=\"bookmark\" class=\"td-image-wrap \" title=\"O BIM no projeto estrutural\" ><img loading=\"lazy\" decoding=\"async\" class=\"entry-thumb\" src=\"data:image\/png;base64,iVBORw0KGgoAAAANSUhEUgAAAWQAAADcAQMAAAB9O0nPAAAAA1BMVEWurq51dlI4AAAAAXRSTlMmkutdmwAAACBJREFUaN7twTEBAAAAwiD7p7bDbmAAAAAAAAAAAABAdieIAAGQh2mWAAAAAElFTkSuQmCC\" alt=\"\" title=\"O BIM no projeto estrutural\" data-type=\"image_tag\" data-img-url=\"https:\/\/www.institutodeengenharia.org.br\/site\/wp-content\/uploads\/2018\/06\/bim-356x220.jpg\"  width=\"356\" height=\"220\" \/><\/a><\/div>\r\n            <div class=\"td-module-meta-info\">\r\n                <h3 class=\"entry-title td-module-title\"><a href=\"https:\/\/www.institutodeengenharia.org.br\/site\/2018\/06\/21\/pos-evento-o-bim-no-projeto-estrutural\/\"  rel=\"bookmark\" title=\"O BIM no projeto estrutural\">O BIM no projeto estrutural<\/a><\/h3>                <div class=\"td-editor-date\">\r\n                                        <span class=\"td-author-date\">\r\n                                                <span class=\"td-post-date\"><time class=\"entry-date updated td-module-date\" datetime=\"2018-06-21T11:31:37-03:00\" >21\/06\/2018<\/time><\/span>                    <\/span>\r\n                <\/div>\r\n            <\/div>\r\n\r\n        <\/div>\r\n\r\n        \n\t<\/div> <!-- .\/td-block-span4 --><\/div><!--.\/row-fluid-->\n\n\t<div class=\"td-block-row\">\n\n\t<div class=\"td-block-span4\">\n\r\n        <div class=\"td_module_mx1 td_module_wrap td-animation-stack\">\r\n            <div class=\"td-module-thumb\"><a href=\"https:\/\/www.institutodeengenharia.org.br\/site\/2018\/06\/20\/pos-evento-1o-dia-da-mentoria-a-servico-da-engenharia-o-que-esta-por-tras-da-tecnologia-da-mobilidade-urbana\/\"  rel=\"bookmark\" class=\"td-image-wrap \" title=\"Dia de Mentoria \u2013 O que est\u00e1 por tr\u00e1s da tecnologia da mobilidade urbana\" ><img loading=\"lazy\" decoding=\"async\" class=\"entry-thumb\" src=\"data:image\/png;base64,iVBORw0KGgoAAAANSUhEUgAAAWQAAADcAQMAAAB9O0nPAAAAA1BMVEWurq51dlI4AAAAAXRSTlMmkutdmwAAACBJREFUaN7twTEBAAAAwiD7p7bDbmAAAAAAAAAAAABAdieIAAGQh2mWAAAAAElFTkSuQmCC\" alt=\"\" title=\"Dia de Mentoria \u2013 O que est\u00e1 por tr\u00e1s da tecnologia da mobilidade urbana\" data-type=\"image_tag\" data-img-url=\"https:\/\/www.institutodeengenharia.org.br\/site\/wp-content\/uploads\/2019\/11\/1_wsEarHH8olfF76XRqNny7w-356x220.png\"  width=\"356\" height=\"220\" \/><\/a><\/div>\r\n            <div class=\"td-module-meta-info\">\r\n                <h3 class=\"entry-title td-module-title\"><a href=\"https:\/\/www.institutodeengenharia.org.br\/site\/2018\/06\/20\/pos-evento-1o-dia-da-mentoria-a-servico-da-engenharia-o-que-esta-por-tras-da-tecnologia-da-mobilidade-urbana\/\"  rel=\"bookmark\" title=\"Dia de Mentoria \u2013 O que est\u00e1 por tr\u00e1s da tecnologia da mobilidade urbana\">Dia de Mentoria \u2013 O que est\u00e1 por tr\u00e1s da tecnologia da mobilidade urbana<\/a><\/h3>                <div class=\"td-editor-date\">\r\n                                        <span class=\"td-author-date\">\r\n                                                <span class=\"td-post-date\"><time class=\"entry-date updated td-module-date\" datetime=\"2018-06-20T11:34:21-03:00\" >20\/06\/2018<\/time><\/span>                    <\/span>\r\n                <\/div>\r\n            <\/div>\r\n\r\n        <\/div>\r\n\r\n        \n\t<\/div> <!-- .\/td-block-span4 -->\n\n\t<div class=\"td-block-span4\">\n\r\n        <div class=\"td_module_mx1 td_module_wrap td-animation-stack\">\r\n            <div class=\"td-module-thumb\"><a href=\"https:\/\/www.institutodeengenharia.org.br\/site\/2017\/10\/28\/entrega-do-titulo-de-eminente-engenheiro-do-ano-2017\/\"  rel=\"bookmark\" class=\"td-image-wrap \" title=\"Entrega do t\u00edtulo de Eminente Engenheiro do Ano 2017\" ><img loading=\"lazy\" decoding=\"async\" class=\"entry-thumb\" src=\"data:image\/png;base64,iVBORw0KGgoAAAANSUhEUgAAAWQAAADcAQMAAAB9O0nPAAAAA1BMVEWurq51dlI4AAAAAXRSTlMmkutdmwAAACBJREFUaN7twTEBAAAAwiD7p7bDbmAAAAAAAAAAAABAdieIAAGQh2mWAAAAAElFTkSuQmCC\" alt=\"\" title=\"Entrega do t\u00edtulo de Eminente Engenheiro do Ano 2017\" data-type=\"image_tag\" data-img-url=\"https:\/\/www.institutodeengenharia.org.br\/site\/wp-content\/uploads\/2021\/09\/51504032265_bbcc65c15f_o-356x220.webp\"  width=\"356\" height=\"220\" \/><\/a><\/div>\r\n            <div class=\"td-module-meta-info\">\r\n                <h3 class=\"entry-title td-module-title\"><a href=\"https:\/\/www.institutodeengenharia.org.br\/site\/2017\/10\/28\/entrega-do-titulo-de-eminente-engenheiro-do-ano-2017\/\"  rel=\"bookmark\" title=\"Entrega do t\u00edtulo de Eminente Engenheiro do Ano 2017\">Entrega do t\u00edtulo de Eminente Engenheiro do Ano 2017<\/a><\/h3>                <div class=\"td-editor-date\">\r\n                                        <span class=\"td-author-date\">\r\n                                                <span class=\"td-post-date\"><time class=\"entry-date updated td-module-date\" datetime=\"2017-10-28T10:40:37-02:00\" >28\/10\/2017<\/time><\/span>                    <\/span>\r\n                <\/div>\r\n            <\/div>\r\n\r\n        <\/div>\r\n\r\n        \n\t<\/div> <!-- .\/td-block-span4 --><\/div><!--.\/row-fluid--><\/div><\/div> <!-- .\/block --><div class=\"clearfix\"><\/div><\/div><\/div><\/div><\/div><div id=\"tdi_23\" class=\"tdc-row stretch_row_content td-stretch-content\"><div class=\"vc_row tdi_24  wpb_row td-pb-row\" >\n<style scoped>\n\/* custom css - generated by TagDiv Composer *\/\n\n\/* custom css - generated by TagDiv Composer *\/\n.tdi_24,\r\n                .tdi_24 .tdc-columns{\r\n                    min-height: 0;\r\n                }.tdi_24,\r\n\t\t\t\t.tdi_24 .tdc-columns{\r\n\t\t\t\t    display: block;\r\n\t\t\t\t}.tdi_24 .tdc-columns{\r\n\t\t\t\t    width: 100%;\r\n\t\t\t\t}.tdi_24:before,\r\n\t\t\t\t.tdi_24:after{\r\n\t\t\t\t    display: table;\r\n\t\t\t\t}\n<\/style><div class=\"vc_column tdi_26  wpb_column vc_column_container tdc-column td-pb-span12\">\n<style scoped>\n\/* custom css - generated by TagDiv Composer *\/\n\n\/* custom css - generated by TagDiv Composer *\/\n.tdi_26{\r\n                    vertical-align: baseline;\r\n                }.tdi_26 > .wpb_wrapper,\r\n\t\t\t\t.tdi_26 > .wpb_wrapper > .tdc-elements{\r\n\t\t\t\t    display: block;\r\n\t\t\t\t}.tdi_26 > .wpb_wrapper > .tdc-elements{\r\n\t\t\t\t    width: 100%;\r\n\t\t\t\t}.tdi_26 > .wpb_wrapper > .vc_row_inner{\r\n\t\t\t\t    width: auto;\r\n\t\t\t\t}.tdi_26 > .wpb_wrapper{\r\n\t\t\t\t    width: auto;\r\n\t\t\t\t    height: auto;\r\n\t\t\t\t}\n<\/style><div class=\"wpb_wrapper\" ><div class=\"wpb_wrapper td_block_empty_space td_block_wrap vc_empty_space tdi_28 \"  style=\"height: 89px\"><\/div><div class=\"tdm_block td_block_wrap tdm_block_hero tdi_29 tdm-content-horiz-left tdm-content-vert-center td-pb-border-top td_block_template_1 tdm_white_text  tdm-mobile-full td-fix-index\"  data-td-block-uid=\"tdi_29\" >\n<style>\n\/* custom css - generated by TagDiv Composer *\/\n.tdm_block_hero{\r\n                  -webkit-transform: translateZ(0);\r\n                  transform: translateZ(0);\r\n                }.tdm_block_hero:after{\r\n                  content: '';\r\n                  position: absolute;\r\n                  top: 0;\r\n                  left: 0;\r\n                  width: 100%;\r\n                  height: 100%;\r\n                  z-index: -1;\r\n                }.tdm_block_hero .td-block-row{\r\n                  position: relative;\r\n                  height: 600px;\r\n                }.tdm_block_hero.tdm-full-height .td-block-row{\r\n                  height: 100vh !important;\r\n                }.tdm_block_hero .tdm-text-wrap{\r\n                  margin: 40px 0;\r\n                }.tdm_block_hero .tdm-descr{\r\n                  margin-bottom: 0;\r\n                }.tdm_block_hero .tdm-buttons-wrap{\r\n                  margin: 31px -10px 0;\r\n                }.tdm_block_hero .tds-button{\r\n                  display: inline-block;\r\n                  margin-bottom: 10px;\r\n                }.tdm_block_hero .td-block-span12{\r\n                  position: absolute;\r\n                  top: 0;\r\n                  left: 0;\r\n                  width: 100%;\r\n                }.tdm_block_hero .tdm-title{\r\n                  margin-top: 0;\r\n                }.tdm_block_hero.tdm-content-vert-center .td-block-span12{\r\n                  top: 50%;\r\n                  -webkit-transform: translateY(-50%);\r\n                  transform: translateY(-50%);\r\n                }.tdm_block_hero.tdm-content-vert-bottom .td-block-span12{\r\n                  top: auto;\r\n                  bottom: 0;\r\n                }.tdm_block_hero .tdm-btn{\r\n                  margin-left: 10px;\r\n                  margin-right: 10px;\r\n                }.tdm_block_hero .tdm-btn:not(.tds-button2){\r\n                  -webkit-transform: none;\r\n                  transform: none;\r\n                }.tdi_29 .td-block-width{\r\n                    max-width: tdm-width-1200;\r\n                }.tdi_29 .td-block-row{\r\n                    height: 300px;\r\n                }.tdi_29:before{\r\n\t\t\t\t\tcontent: '';\r\n                    position: absolute;\r\n                    top: 0;\r\n                    left: 0;\r\n                    width: 100%;\r\n                    height: 100%;\r\n\t\t\t\t\tbackground-image: url(https:\/\/www.institutodeengenharia.org.br\/site\/wp-content\/uploads\/2018\/03\/azul-fundo.png);\r\n                    background-repeat: no-repeat;\r\n                    background-size: cover;\r\n                    background-position: center center;\r\n                    z-index: -1;\r\n\t\t\t\t\r\n\t\t\t\t\tbackground-position: top;\r\n\t\t\t\t}@media (max-width: 767px) {\r\n                  .tdm_block_hero .td-block-row .tdm-col {\r\n                    float: none;\r\n                  }\r\n                }\n<\/style><div class=\"td-block-width\"><div class=\"td-block-row\"><div class=\"td-block-span12 tdm-col\"><div class=\"tdm-text-wrap tdm-text-padding\"><div class=\"tds-title tds-title1 td-fix-index tdi_30 \"><h3 class=\"tdm-title tdm-title-bg\">Sobre o IE<\/h3><\/div><p class=\"tdm-descr\">Fundado em 1916, o Instituto de Engenharia \u00e9 uma sociedade civil sem fins lucrativos e refer\u00eancia de confiabilidade. Seu quadro de associados \u00e9 constitu\u00eddo por personalidades importantes da engenharia, firmando-se como uma das mais conceituadas entidades do ramo no Brasil.\n\nEm sua sede, no bairro de Vila Mariana, em S\u00e3o Paulo, s\u00e3o realizados diversos eventos, cursos, palestras e organizadas visitas t\u00e9cnicas com o objetivo de promover a troca de informa\u00e7\u00f5es e o desenvolvimento da qualidade e da credibilidade dos profissionais, a valoriza\u00e7\u00e3o da engenharia e o avan\u00e7o cient\u00edfico e tecnol\u00f3gico do Pa\u00eds.<\/p><\/div><\/div><\/div><\/div><\/div><\/div><\/div><\/div><\/div><\/div><\/div>","protected":false},"excerpt":{"rendered":"","protected":false},"author":13,"featured_media":0,"parent":0,"menu_order":0,"comment_status":"closed","ping_status":"closed","template":"","meta":{"footnotes":""},"class_list":["post-37762","page","type-page","status-publish"],"yoast_head":"<!-- This site is optimized with the Yoast SEO plugin v27.2 - https:\/\/yoast.com\/product\/yoast-seo-wordpress\/ -->\n<title>TV Engenharia - Instituto de Engenharia<\/title>\n<meta name=\"description\" content=\"Din\u00e2mica e moderna, a TV Engenharia oferece v\u00eddeos de palestras e semin\u00e1rios logo ap\u00f3s os eventos realizados pelo Instituto de Engenharia. Os v\u00eddeos ser\u00e3o acompanhados em sua maioria pelo material t\u00e9cnico dos eventos, fotos e demais informa\u00e7\u00f5es.\" \/>\n<meta name=\"robots\" content=\"index, follow, max-snippet:-1, max-image-preview:large, max-video-preview:-1\" \/>\n<link rel=\"canonical\" href=\"https:\/\/www.institutodeengenharia.org.br\/site\/tv-engenharia\/\" \/>\n<meta property=\"og:locale\" content=\"pt_BR\" \/>\n<meta property=\"og:type\" content=\"article\" \/>\n<meta property=\"og:title\" content=\"TV Engenharia\" \/>\n<meta property=\"og:description\" content=\"Din\u00e2mica e moderna, a TV Engenharia oferece v\u00eddeos de palestras e semin\u00e1rios logo ap\u00f3s os eventos realizados pelo Instituto de Engenharia. Os v\u00eddeos ser\u00e3o acompanhados em sua maioria pelo material t\u00e9cnico dos eventos, fotos e demais informa\u00e7\u00f5es.\" \/>\n<meta property=\"og:url\" content=\"https:\/\/www.institutodeengenharia.org.br\/site\/tv-engenharia\/\" \/>\n<meta property=\"og:site_name\" content=\"Instituto de Engenharia\" \/>\n<meta property=\"article:publisher\" content=\"https:\/\/www.facebook.com\/institutodeengenharia\" \/>\n<meta property=\"article:modified_time\" content=\"2026-02-13T15:23:29+00:00\" \/>\n<meta property=\"og:image\" content=\"https:\/\/www.institutodeengenharia.org.br\/site\/wp-content\/uploads\/2019\/08\/tv_engenharia.jpg\" \/>\n\t<meta property=\"og:image:width\" content=\"1280\" \/>\n\t<meta property=\"og:image:height\" content=\"853\" \/>\n\t<meta property=\"og:image:type\" content=\"image\/jpeg\" \/>\n<meta name=\"twitter:card\" content=\"summary_large_image\" \/>\n<meta name=\"twitter:title\" content=\"TV Engenharia\" \/>\n<meta name=\"twitter:description\" content=\"Din\u00e2mica e moderna, a TV Engenharia oferece v\u00eddeos de palestras e semin\u00e1rios logo ap\u00f3s os eventos realizados pelo Instituto de Engenharia. Os v\u00eddeos ser\u00e3o acompanhados em sua maioria pelo material t\u00e9cnico dos eventos, fotos e demais informa\u00e7\u00f5es.\" \/>\n<meta name=\"twitter:image\" content=\"https:\/\/www.institutodeengenharia.org.br\/site\/wp-content\/uploads\/2019\/08\/tv_engenharia.jpg\" \/>\n<meta name=\"twitter:site\" content=\"@iengenharia\" \/>\n<meta name=\"twitter:label1\" content=\"Est. tempo de leitura\" \/>\n\t<meta name=\"twitter:data1\" content=\"1 minuto\" \/>\n<script type=\"application\/ld+json\" class=\"yoast-schema-graph\">{\"@context\":\"https:\/\/schema.org\",\"@graph\":[{\"@type\":\"WebPage\",\"@id\":\"https:\/\/www.institutodeengenharia.org.br\/site\/tv-engenharia\/\",\"url\":\"https:\/\/www.institutodeengenharia.org.br\/site\/tv-engenharia\/\",\"name\":\"TV Engenharia - Instituto de Engenharia\",\"isPartOf\":{\"@id\":\"https:\/\/www.institutodeengenharia.org.br\/site\/#website\"},\"datePublished\":\"2018-09-17T18:32:54+00:00\",\"dateModified\":\"2026-02-13T15:23:29+00:00\",\"description\":\"Din\u00e2mica e moderna, a TV Engenharia oferece v\u00eddeos de palestras e semin\u00e1rios logo ap\u00f3s os eventos realizados pelo Instituto de Engenharia. Os v\u00eddeos ser\u00e3o acompanhados em sua maioria pelo material t\u00e9cnico dos eventos, fotos e demais informa\u00e7\u00f5es.\",\"breadcrumb\":{\"@id\":\"https:\/\/www.institutodeengenharia.org.br\/site\/tv-engenharia\/#breadcrumb\"},\"inLanguage\":\"pt-BR\",\"potentialAction\":[{\"@type\":\"ReadAction\",\"target\":[\"https:\/\/www.institutodeengenharia.org.br\/site\/tv-engenharia\/\"]}]},{\"@type\":\"BreadcrumbList\",\"@id\":\"https:\/\/www.institutodeengenharia.org.br\/site\/tv-engenharia\/#breadcrumb\",\"itemListElement\":[{\"@type\":\"ListItem\",\"position\":1,\"name\":\"In\u00edcio\",\"item\":\"https:\/\/www.institutodeengenharia.org.br\/site\/\"},{\"@type\":\"ListItem\",\"position\":2,\"name\":\"TV Engenharia\"}]},{\"@type\":\"WebSite\",\"@id\":\"https:\/\/www.institutodeengenharia.org.br\/site\/#website\",\"url\":\"https:\/\/www.institutodeengenharia.org.br\/site\/\",\"name\":\"Instituto de Engenharia\",\"description\":\"O Instituto de Engenharia promove a Engenharia em benef\u00edcio do desenvolvimento e da qualidade de vida da sociedade.\",\"publisher\":{\"@id\":\"https:\/\/www.institutodeengenharia.org.br\/site\/#organization\"},\"potentialAction\":[{\"@type\":\"SearchAction\",\"target\":{\"@type\":\"EntryPoint\",\"urlTemplate\":\"https:\/\/www.institutodeengenharia.org.br\/site\/?s={search_term_string}\"},\"query-input\":{\"@type\":\"PropertyValueSpecification\",\"valueRequired\":true,\"valueName\":\"search_term_string\"}}],\"inLanguage\":\"pt-BR\"},{\"@type\":\"Organization\",\"@id\":\"https:\/\/www.institutodeengenharia.org.br\/site\/#organization\",\"name\":\"Instituto de Engenharia\",\"url\":\"https:\/\/www.institutodeengenharia.org.br\/site\/\",\"logo\":{\"@type\":\"ImageObject\",\"inLanguage\":\"pt-BR\",\"@id\":\"https:\/\/www.institutodeengenharia.org.br\/site\/#\/schema\/logo\/image\/\",\"url\":\"https:\/\/www.institutodeengenharia.org.br\/site\/wp-content\/uploads\/2019\/03\/logo-novo-IE2018-1.jpg\",\"contentUrl\":\"https:\/\/www.institutodeengenharia.org.br\/site\/wp-content\/uploads\/2019\/03\/logo-novo-IE2018-1.jpg\",\"width\":1486,\"height\":1879,\"caption\":\"Instituto de Engenharia\"},\"image\":{\"@id\":\"https:\/\/www.institutodeengenharia.org.br\/site\/#\/schema\/logo\/image\/\"},\"sameAs\":[\"https:\/\/www.facebook.com\/institutodeengenharia\",\"https:\/\/x.com\/iengenharia\",\"https:\/\/www.instagram.com\/institutodeengenharia\/\",\"https:\/\/www.linkedin.com\/company\/instituto-de-engenharia\/\",\"https:\/\/www.youtube.com\/channel\/UCXiCAlsSMe977vamW915HxA\"]}]}<\/script>\n<!-- \/ Yoast SEO plugin. -->","yoast_head_json":{"title":"TV Engenharia - Instituto de Engenharia","description":"Din\u00e2mica e moderna, a TV Engenharia oferece v\u00eddeos de palestras e semin\u00e1rios logo ap\u00f3s os eventos realizados pelo Instituto de Engenharia. Os v\u00eddeos ser\u00e3o acompanhados em sua maioria pelo material t\u00e9cnico dos eventos, fotos e demais informa\u00e7\u00f5es.","robots":{"index":"index","follow":"follow","max-snippet":"max-snippet:-1","max-image-preview":"max-image-preview:large","max-video-preview":"max-video-preview:-1"},"canonical":"https:\/\/www.institutodeengenharia.org.br\/site\/tv-engenharia\/","og_locale":"pt_BR","og_type":"article","og_title":"TV Engenharia","og_description":"Din\u00e2mica e moderna, a TV Engenharia oferece v\u00eddeos de palestras e semin\u00e1rios logo ap\u00f3s os eventos realizados pelo Instituto de Engenharia. Os v\u00eddeos ser\u00e3o acompanhados em sua maioria pelo material t\u00e9cnico dos eventos, fotos e demais informa\u00e7\u00f5es.","og_url":"https:\/\/www.institutodeengenharia.org.br\/site\/tv-engenharia\/","og_site_name":"Instituto de Engenharia","article_publisher":"https:\/\/www.facebook.com\/institutodeengenharia","article_modified_time":"2026-02-13T15:23:29+00:00","og_image":[{"width":1280,"height":853,"url":"https:\/\/www.institutodeengenharia.org.br\/site\/wp-content\/uploads\/2019\/08\/tv_engenharia.jpg","type":"image\/jpeg"}],"twitter_card":"summary_large_image","twitter_title":"TV Engenharia","twitter_description":"Din\u00e2mica e moderna, a TV Engenharia oferece v\u00eddeos de palestras e semin\u00e1rios logo ap\u00f3s os eventos realizados pelo Instituto de Engenharia. Os v\u00eddeos ser\u00e3o acompanhados em sua maioria pelo material t\u00e9cnico dos eventos, fotos e demais informa\u00e7\u00f5es.","twitter_image":"https:\/\/www.institutodeengenharia.org.br\/site\/wp-content\/uploads\/2019\/08\/tv_engenharia.jpg","twitter_site":"@iengenharia","twitter_misc":{"Est. tempo de leitura":"1 minuto"},"schema":{"@context":"https:\/\/schema.org","@graph":[{"@type":"WebPage","@id":"https:\/\/www.institutodeengenharia.org.br\/site\/tv-engenharia\/","url":"https:\/\/www.institutodeengenharia.org.br\/site\/tv-engenharia\/","name":"TV Engenharia - Instituto de Engenharia","isPartOf":{"@id":"https:\/\/www.institutodeengenharia.org.br\/site\/#website"},"datePublished":"2018-09-17T18:32:54+00:00","dateModified":"2026-02-13T15:23:29+00:00","description":"Din\u00e2mica e moderna, a TV Engenharia oferece v\u00eddeos de palestras e semin\u00e1rios logo ap\u00f3s os eventos realizados pelo Instituto de Engenharia. Os v\u00eddeos ser\u00e3o acompanhados em sua maioria pelo material t\u00e9cnico dos eventos, fotos e demais informa\u00e7\u00f5es.","breadcrumb":{"@id":"https:\/\/www.institutodeengenharia.org.br\/site\/tv-engenharia\/#breadcrumb"},"inLanguage":"pt-BR","potentialAction":[{"@type":"ReadAction","target":["https:\/\/www.institutodeengenharia.org.br\/site\/tv-engenharia\/"]}]},{"@type":"BreadcrumbList","@id":"https:\/\/www.institutodeengenharia.org.br\/site\/tv-engenharia\/#breadcrumb","itemListElement":[{"@type":"ListItem","position":1,"name":"In\u00edcio","item":"https:\/\/www.institutodeengenharia.org.br\/site\/"},{"@type":"ListItem","position":2,"name":"TV Engenharia"}]},{"@type":"WebSite","@id":"https:\/\/www.institutodeengenharia.org.br\/site\/#website","url":"https:\/\/www.institutodeengenharia.org.br\/site\/","name":"Instituto de Engenharia","description":"O Instituto de Engenharia promove a Engenharia em benef\u00edcio do desenvolvimento e da qualidade de vida da sociedade.","publisher":{"@id":"https:\/\/www.institutodeengenharia.org.br\/site\/#organization"},"potentialAction":[{"@type":"SearchAction","target":{"@type":"EntryPoint","urlTemplate":"https:\/\/www.institutodeengenharia.org.br\/site\/?s={search_term_string}"},"query-input":{"@type":"PropertyValueSpecification","valueRequired":true,"valueName":"search_term_string"}}],"inLanguage":"pt-BR"},{"@type":"Organization","@id":"https:\/\/www.institutodeengenharia.org.br\/site\/#organization","name":"Instituto de Engenharia","url":"https:\/\/www.institutodeengenharia.org.br\/site\/","logo":{"@type":"ImageObject","inLanguage":"pt-BR","@id":"https:\/\/www.institutodeengenharia.org.br\/site\/#\/schema\/logo\/image\/","url":"https:\/\/www.institutodeengenharia.org.br\/site\/wp-content\/uploads\/2019\/03\/logo-novo-IE2018-1.jpg","contentUrl":"https:\/\/www.institutodeengenharia.org.br\/site\/wp-content\/uploads\/2019\/03\/logo-novo-IE2018-1.jpg","width":1486,"height":1879,"caption":"Instituto de Engenharia"},"image":{"@id":"https:\/\/www.institutodeengenharia.org.br\/site\/#\/schema\/logo\/image\/"},"sameAs":["https:\/\/www.facebook.com\/institutodeengenharia","https:\/\/x.com\/iengenharia","https:\/\/www.instagram.com\/institutodeengenharia\/","https:\/\/www.linkedin.com\/company\/instituto-de-engenharia\/","https:\/\/www.youtube.com\/channel\/UCXiCAlsSMe977vamW915HxA"]}]}},"_links":{"self":[{"href":"https:\/\/www.institutodeengenharia.org.br\/site\/wp-json\/wp\/v2\/pages\/37762","targetHints":{"allow":["GET"]}}],"collection":[{"href":"https:\/\/www.institutodeengenharia.org.br\/site\/wp-json\/wp\/v2\/pages"}],"about":[{"href":"https:\/\/www.institutodeengenharia.org.br\/site\/wp-json\/wp\/v2\/types\/page"}],"author":[{"embeddable":true,"href":"https:\/\/www.institutodeengenharia.org.br\/site\/wp-json\/wp\/v2\/users\/13"}],"replies":[{"embeddable":true,"href":"https:\/\/www.institutodeengenharia.org.br\/site\/wp-json\/wp\/v2\/comments?post=37762"}],"version-history":[{"count":23,"href":"https:\/\/www.institutodeengenharia.org.br\/site\/wp-json\/wp\/v2\/pages\/37762\/revisions"}],"predecessor-version":[{"id":125427,"href":"https:\/\/www.institutodeengenharia.org.br\/site\/wp-json\/wp\/v2\/pages\/37762\/revisions\/125427"}],"wp:attachment":[{"href":"https:\/\/www.institutodeengenharia.org.br\/site\/wp-json\/wp\/v2\/media?parent=37762"}],"curies":[{"name":"wp","href":"https:\/\/api.w.org\/{rel}","templated":true}]}}