{"id":125870,"date":"2025-01-28T11:20:09","date_gmt":"2025-01-28T14:20:09","guid":{"rendered":"https:\/\/www.institutodeengenharia.org.br\/site\/?page_id=125870"},"modified":"2025-03-20T16:18:44","modified_gmt":"2025-03-20T19:18:44","slug":"eleicoes-gerais-2025","status":"publish","type":"page","link":"https:\/\/www.institutodeengenharia.org.br\/site\/eleicoes-gerais-2025\/","title":{"rendered":"Elei\u00e7\u00f5es Gerais 2025"},"content":{"rendered":"<div id=\"tdi_1\" class=\"tdc-zone\"><div class=\"tdc_zone tdi_2  wpb_row td-pb-row\"  >\n<style scoped>\n\/* custom css - generated by TagDiv Composer *\/\n\n\/* custom css - generated by TagDiv Composer *\/\n.tdi_2{\r\n                    min-height: 0;\r\n                }\n<\/style><div id=\"tdi_3\" class=\"tdc-row\"><div class=\"vc_row tdi_4  wpb_row td-pb-row tdc-row-content-vert-bottom\" >\n<style scoped>\n\/* custom css - generated by TagDiv Composer *\/\n\n\/* custom css - generated by TagDiv Composer *\/\n.tdi_4,\r\n                .tdi_4 .tdc-columns{\r\n                    min-height: 0;\r\n                }.tdi_4:before{\r\n                    display: block;\r\n                    width: 100vw; \r\n                    height: 100%;\r\n                    position: absolute;\r\n                    left: 50%;\r\n                    transform: translateX(-50%);\r\n                    box-shadow: none;\r\n                    z-index: 20;\r\n                    pointer-events: none;\r\n                    top: 0;\r\n                }.tdi_4,\r\n\t\t\t\t.tdi_4 .tdc-columns{\r\n\t\t\t\t    display: block;\r\n\t\t\t\t}.tdi_4 .tdc-columns{\r\n\t\t\t\t    width: 100%;\r\n\t\t\t\t}.tdi_4:before,\r\n\t\t\t\t.tdi_4:after{\r\n\t\t\t\t    display: table;\r\n\t\t\t\t}@media (min-width: 768px) {\r\n\t                .tdi_4 {\r\n\t                    margin-left: -30px;\r\n\t                    margin-right: -30px;\r\n\t                }\r\n\t                .tdi_4 .tdc-row-video-background-error,\r\n\t                .tdi_4 > .vc_column,\r\n\t                .tdi_4 > .tdc-columns > .vc_column {\r\n\t                    padding-left: 30px;\r\n\t                    padding-right: 30px;\r\n\t                }\r\n                }@media (min-width: 767px) {\r\n                    .tdi_4.tdc-row-content-vert-center,\r\n                    .tdi_4.tdc-row-content-vert-center .tdc-columns {\r\n                        display: flex;\r\n                        align-items: center;\r\n                        flex: 1;\r\n                    }\r\n                    .tdi_4.tdc-row-content-vert-bottom,\r\n                    .tdi_4.tdc-row-content-vert-bottom .tdc-columns {\r\n                        display: flex;\r\n                        align-items: flex-end;\r\n                        flex: 1;\r\n                    }\r\n                    .tdi_4.tdc-row-content-vert-center .td_block_wrap {\r\n                        vertical-align: middle;\r\n                    }\r\n                    .tdi_4.tdc-row-content-vert-bottom .td_block_wrap {\r\n                        vertical-align: bottom;\r\n                    }\r\n                }\n<\/style><div class=\"vc_column tdi_6  wpb_column vc_column_container tdc-column td-pb-span12\">\n<style scoped>\n\/* custom css - generated by TagDiv Composer *\/\n\n\/* custom css - generated by TagDiv Composer *\/\n.tdi_6{\r\n                    vertical-align: baseline;\r\n                }.tdi_6 > .wpb_wrapper,\r\n\t\t\t\t.tdi_6 > .wpb_wrapper > .tdc-elements{\r\n\t\t\t\t    display: block;\r\n\t\t\t\t}.tdi_6 > .wpb_wrapper > .tdc-elements{\r\n\t\t\t\t    width: 100%;\r\n\t\t\t\t}.tdi_6 > .wpb_wrapper > .vc_row_inner{\r\n\t\t\t\t    width: auto;\r\n\t\t\t\t}.tdi_6 > .wpb_wrapper{\r\n\t\t\t\t    width: auto;\r\n\t\t\t\t    height: auto;\r\n\t\t\t\t}\n<\/style><div class=\"wpb_wrapper\" ><div class=\"tdm_block td_block_wrap tdm_block_image_info_box tdi_7 tdm-content-horiz-center tdm-content-vert-bottom td-image-info-box-style-2 td-pb-border-top td_block_template_1 tdm-mobile-full\"  data-td-block-uid=\"tdi_7\" >\n<style>\n\/* custom css - generated by TagDiv Composer *\/\n.tdm_block_image_info_box .tdm-col{\r\n                  width: 100%;\r\n                }.tdm_block_image_info_box .tdm-image-wrap{\r\n                  overflow: hidden;\r\n                  position: relative;\r\n                  color: #fff;\r\n                }.tdm_block_image_info_box .tdm-image-box{\r\n                  height: 300px;\r\n                  display: block;\r\n                  background-size: cover;\r\n                  background-position: center;\r\n                }.tdm_block_image_info_box .tdm-image-box:before{\r\n                  content: '';\r\n                  -webkit-transition: all 0.3s;\r\n                  transition: all 0.3s;\r\n                  width: 100%;\r\n                  height: 100%;\r\n                  position: absolute;\r\n                  top: 0;\r\n                  left: 0;\r\n                }.tdm_block_image_info_box .tdm-title-md{\r\n                  font-weight: 600;\r\n                  color: #fff;\r\n                  margin: 0;\r\n                }.tdm_block_image_info_box .tdm-image-description{\r\n                  position: absolute;\r\n                  top: 0 !important;\r\n                  padding: 6% 7%;\r\n                  width: 100%;\r\n                  pointer-events: none;\r\n                }.tdm_block_image_info_box .tdm-image-description p{\r\n                  font-family: var(--td_default_google_font_2, 'Roboto', sans-serif);\r\n                  font-size: 16px;\r\n                  line-height: 24px;\r\n                }.tdm_block_image_info_box .tdm-image-description p:last-of-type{\r\n                  margin-bottom: 0;\r\n                }.tdm_block_image_info_box .tdm-image-meta{\r\n                  -webkit-transition: all 0.3s;\r\n                  transition: all 0.3s;\r\n                  position: absolute;\r\n                  margin-right: 30px;\r\n                  margin-top: 15px;\r\n                }.tdm_block_image_info_box .tds-button{\r\n                  margin-top: 25px;\r\n                  pointer-events: all;\r\n                }.tdm_block_image_info_box .tdm-image-border{\r\n                  position: absolute;\r\n                  bottom: 0;\r\n                  width: 100%;\r\n                  z-index: 1;\r\n                }.tdm_block_image_info_box .tdm-image-border span{\r\n                  display: inline-block;\r\n                  width: 33.3333%;\r\n                  float: left;\r\n                  height: 4px;\r\n                }.tdm_block_image_info_box .tdm-image-border .tdm-image-border0{\r\n                  opacity: 0.8;\r\n                }.tdm_block_image_info_box .tdm-image-border .tdm-image-border1{\r\n                  opacity: 0.6;\r\n                }.tdm_block_image_info_box .tdm-image-border .tdm-image-border2{\r\n                  opacity: 0.4;\r\n                }.tdm_block_image_info_box.td-image-info-box-style-1.tdm-content-vert-center .tdm-image-description{\r\n                  top: 50% !important;\r\n                  transform: translateY(-50%);\r\n                }.tdm_block_image_info_box.td-image-info-box-style-1.tdm-content-vert-bottom .tdm-image-description{\r\n                  top: auto !important;\r\n                  bottom: 0;\r\n                }.tdm_block_image_info_box.td-image-info-box-style-1 .tdm-image-description{\r\n                  display: table;\r\n                }.tdm_block_image_info_box.td-image-info-box-style-1 .tdm-image-meta{\r\n                  position: relative;\r\n                  margin-right: 0;\r\n                }.tdm_block_image_info_box.td-image-info-box-style-2 .tdm-image-meta{\r\n                  bottom: 20px;\r\n                }.tdm_block_image_info_box.td-image-info-box-style-2 .tdm-image-description{\r\n                  bottom: 0;\r\n                }.tdm_block_image_info_box.td-image-info-box-style-2 .tds-button{\r\n                  position: absolute;\r\n                  margin-top: 40px;\r\n                  width: 100%;\r\n                }.tdm_block_image_info_box.td-image-info-box-style-2 .tdm-image-wrap:hover.tdm-btn-sm-used .tdm-image-meta{\r\n                  -webkit-transform: translateY(-45px);\r\n                  transform: translateY(-45px);\r\n                }.tdm_block_image_info_box.td-image-info-box-style-2 .tdm-image-wrap:hover.tdm-btn-sm-used .tds-button{\r\n                  margin-top: 10px;\r\n                }.tdm_block_image_info_box.td-image-info-box-style-2 .tdm-image-wrap:hover.tdm-btn-md-used .tdm-image-meta{\r\n                  -webkit-transform: translateY(-65px);\r\n                  transform: translateY(-65px);\r\n                }.tdm_block_image_info_box.td-image-info-box-style-2 .tdm-image-wrap:hover.tdm-btn-md-used .tds-button{\r\n                  margin-top: 14px;\r\n                }.tdm_block_image_info_box.td-image-info-box-style-2 .tdm-image-wrap:hover.tdm-btn-lg-used .tdm-image-meta{\r\n                  -webkit-transform: translateY(-87px);\r\n                  transform: translateY(-87px);\r\n                }.tdm_block_image_info_box.td-image-info-box-style-2 .tdm-image-wrap:hover.tdm-btn-lg-used .tds-button{\r\n                  margin-top: 23px;\r\n                }.tdm_block_image_info_box.td-image-info-box-style-2 .tdm-image-wrap:hover.tdm-btn-xlg-used .tdm-image-meta{\r\n                  -webkit-transform: translateY(-112px);\r\n                  transform: translateY(-112px);\r\n                }.tdm_block_image_info_box.td-image-info-box-style-2 .tdm-image-wrap:hover.tdm-btn-xlg-used .tds-button{\r\n                  margin-top: 23px;\r\n                }.tdm_block_image_info_box.td-image-info-box-style-2.tdm-content-horiz-center .tdm-image-meta{\r\n                  left: 7%;\r\n                  right: 7%;\r\n                  margin-right: 0;\r\n                }.tdm_block_image_info_box.td-image-info-box-style-2.tdm-content-horiz-center .tds-button{\r\n                  left: 50%;\r\n                  -webkit-transform: translateX(-50%);\r\n                  transform: translateX(-50%);\r\n                }.tdm_block_image_info_box.td-image-info-box-style-2.tdm-content-horiz-right .tdm-image-meta{\r\n                  right: 7%;\r\n                  margin-right: 0;\r\n                  margin-left: 20px;\r\n                }.tdm_block_image_info_box.td-image-info-box-style-2.tdm-content-horiz-right .tds-button{\r\n                  right: 0;\r\n                }.tdi_7 .tdm-image-box{\r\n                    height: 620px;\r\n                }@media (max-width: 767px) {\r\n                  .tdm_block_image_info_box .tdm-image-description {\r\n                    padding: 20px;\r\n                  }\r\n                }@media (min-width: 1019px) and (max-width: 1140px) {\r\n                  .tdm_block_image_info_box .tdm-image-description p {\r\n                    font-size: 14px;\r\n                    line-height: 20px;\r\n                  }\r\n                }@media (min-width: 768px) and (max-width: 1018px) {\r\n                  .tdm_block_image_info_box .tdm-image-description p {\r\n                    font-size: 14px;\r\n                    line-height: 20px;\r\n                  }\r\n                }\n<\/style><div class=\"td-block-width\"><div class=\"td-block-row\"><div class=\"td-block-span12 tdm-col\"><div class=\"tdm-image-wrap \"><div class=\"tdm-image-border\"><span class=\"tdm-image-border0\"><\/span><span class=\"tdm-image-border1\"><\/span><span class=\"tdm-image-border2\"><\/span><\/div><div class=\"tdm-image-box\" style=\"background-image: url('https:\/\/www.institutodeengenharia.org.br\/site\/wp-content\/uploads\/2025\/02\/Eleicoes-Gerais-2025-2-1.png');\" ><\/div><div class=\"tdm-image-description\"><h3 class=\"tdm-title-md\"><\/h3><div class=\"tdm-image-meta\"><p><\/p><\/div><\/div><\/div><\/div><div class=\"clearfix\"><\/div><\/div><\/div><\/div><div class=\"tdm_block td_block_wrap tdm_block_inline_text tdi_8 td-pb-border-top td_block_template_1\"  data-td-block-uid=\"tdi_8\" >\n<style>\n\/* custom css - generated by TagDiv Composer *\/\n.tdm_block.tdm_block_inline_text{\r\n                  margin-bottom: 0;\r\n                  vertical-align: top;\r\n                }.tdm_block.tdm_block_inline_text .tdm-descr{\r\n                  margin-bottom: 0;\r\n                  -webkit-transform: translateZ(0);\r\n                  transform: translateZ(0);\r\n                }.tdc-row-content-vert-center .tdm-inline-text-yes{\r\n                  vertical-align: middle;\r\n                }.tdc-row-content-vert-bottom .tdm-inline-text-yes{\r\n                  vertical-align: bottom;\r\n                }.tdi_8{\r\n                    text-align: center !important;\r\n                    margin-right: auto; \r\n                    margin-left: auto;\r\n                }\n<\/style><p class=\"tdm-descr\"><b>Conhe\u00e7a os candidatos para renova\u00e7\u00e3o dos membros que ocupam os seguintes cargos dos \u00f3rg\u00e3os dirigentes do<br> Instituto de Engenharia:<\/b>\n<br>\nPresidente do Instituto de Engenharia; Vice-presidente de Administra\u00e7\u00e3o e Finan\u00e7as; Vice-presidente de Atividades T\u00e9cnicas; Vice-presidente de Rela\u00e7\u00f5es Externas e Vice-presidente de Assuntos Internos\n<br>Primeiro diretor-secret\u00e1rio; Segundo diretor-secret\u00e1rio; \nPrimeiro diretor-financeiro; Segundo diretor-financeiro; 15 (quinze) conselheiros do Conselho Deliberativo; tr\u00eas conselheiros do Conselho Fiscal e tr\u00eas suplentes do Conselho Fiscal\n<br><b> As Elei\u00e7\u00f5es Gerais acontecem no per\u00edodo de 17 a 24 de mar\u00e7o, at\u00e9 as 20h, quando a urna ser\u00e1 fechada para apura\u00e7\u00e3o.<\/p><\/div><\/div><\/div><\/div><\/div><div id=\"tdi_9\" class=\"tdc-row\"><div class=\"vc_row tdi_10  wpb_row td-pb-row\" >\n<style scoped>\n\/* custom css - generated by TagDiv Composer *\/\n\n\/* custom css - generated by TagDiv Composer *\/\n.tdi_10,\r\n                .tdi_10 .tdc-columns{\r\n                    min-height: 0;\r\n                }.tdi_10,\r\n\t\t\t\t.tdi_10 .tdc-columns{\r\n\t\t\t\t    display: block;\r\n\t\t\t\t}.tdi_10 .tdc-columns{\r\n\t\t\t\t    width: 100%;\r\n\t\t\t\t}.tdi_10:before,\r\n\t\t\t\t.tdi_10:after{\r\n\t\t\t\t    display: table;\r\n\t\t\t\t}\n<\/style><div class=\"vc_column tdi_12  wpb_column vc_column_container tdc-column td-pb-span12\">\n<style scoped>\n\/* custom css - generated by TagDiv Composer *\/\n\n\/* custom css - generated by TagDiv Composer *\/\n.tdi_12{\r\n                    vertical-align: baseline;\r\n                }.tdi_12 > .wpb_wrapper,\r\n\t\t\t\t.tdi_12 > .wpb_wrapper > .tdc-elements{\r\n\t\t\t\t    display: block;\r\n\t\t\t\t}.tdi_12 > .wpb_wrapper > .tdc-elements{\r\n\t\t\t\t    width: 100%;\r\n\t\t\t\t}.tdi_12 > .wpb_wrapper > .vc_row_inner{\r\n\t\t\t\t    width: auto;\r\n\t\t\t\t}.tdi_12 > .wpb_wrapper{\r\n\t\t\t\t    width: auto;\r\n\t\t\t\t    height: auto;\r\n\t\t\t\t}\n<\/style><div class=\"wpb_wrapper\" ><div class=\"wpb_wrapper td_block_separator td_block_wrap vc_separator tdi_14  td_separator_solid td_separator_center\"><span style=\"border-color:#EBEBEB;border-width:1px;width:100%;\"><\/span>\n<style scoped>\n\/* custom css - generated by TagDiv Composer *\/\n\n\/* custom css - generated by TagDiv Composer *\/\n.td_block_separator{\r\n                  width: 100%;\r\n                  align-items: center;\r\n                  margin-bottom: 38px;\r\n                  padding-bottom: 10px;\r\n                }.td_block_separator span{\r\n                  position: relative;\r\n                  display: block;\r\n                  margin: 0 auto;\r\n                  width: 100%;\r\n                  height: 1px;\r\n                  border-top: 1px solid #EBEBEB;\r\n                }.td_separator_align_left span{\r\n                  margin-left: 0;\r\n                }.td_separator_align_right span{\r\n                  margin-right: 0;\r\n                }.td_separator_dashed span{\r\n                  border-top-style: dashed;\r\n                }.td_separator_dotted span{\r\n                  border-top-style: dotted;\r\n                }.td_separator_double span{\r\n                  height: 3px;\r\n                  border-bottom: 1px solid #EBEBEB;\r\n                }.td_separator_shadow > span{\r\n                  position: relative;\r\n                  height: 20px;\r\n                  overflow: hidden;\r\n                  border: 0;\r\n                  color: #EBEBEB;\r\n                }.td_separator_shadow > span > span{\r\n                  position: absolute;\r\n                  top: -30px;\r\n                  left: 0;\r\n                  right: 0;\r\n                  margin: 0 auto;\r\n                  height: 13px;\r\n                  width: 98%;\r\n                  border-radius: 100%;\r\n                }html :where([style*='border-width']){\r\n                    border-style: none;\r\n                }\n<\/style><\/div><div class=\"tdm_block td_block_wrap tdm_block_column_title tdi_15 tdm-content-horiz-left td-pb-border-top td_block_template_1\"  data-td-block-uid=\"tdi_15\" >\n<style>\n\/* custom css - generated by TagDiv Composer *\/\n.tdm_block_column_title{\r\n                  margin-bottom: 0;\r\n                  display: inline-block;\r\n                  width: 100%;\r\n                }\n<\/style><div class=\"td-block-row\"><div class=\"td-block-span12 tdm-col\"><div class=\"tds-title tds-title1 td-fix-index tdi_16 \"><h3 class=\"tdm-title tdm-title-md\"><u>Conhe\u00e7a os cargos e candidatos (as)<u><\/h3><\/div><\/div><\/div><\/div><div class=\"wpb_wrapper td_block_wrap vc_raw_html tdi_18 \"><div class=\"td-fix-index\"><a href=\"#presidente\">Presidente<\/a><br> \r\n<a href=\"#vice-presidente-adm-fin\">Vice-presidente da Administra\u00e7\u00e3o e Finan\u00e7as<\/a><br> \r\n<a href=\"#vice-presidente-atv-tec\">Vice-presidente de Atividades T\u00e9cnicas<\/a><br>\r\n<a href=\"#vice-presidente-rel-ext\">Vice-presidente de Rela\u00e7\u00f5es Externas<\/a><br>\r\n<a href=\"#vice-presidente-assu-inter\">Vice-presidente de Assuntos Internos<\/a><br>\r\n<a href=\"#primeiro-diretor-secretario\">Primeiro diretor-secret\u00e1rio<\/a><br>\r\n<a href=\"#segundo-diretor-secretario\">Segundo diretor-secret\u00e1rio<\/a><br>\r\n<a href=\"#primeiro-diretor-financeiro\">Primeiro diretor-financeiro<\/a><br>\r\n<a href=\"#segundo-diretor-financeiro\">Segundo diretor-financeiro<\/a><br>\r\n<a href=\"#conselho-deliberativo\">Conselho Deliberativo<\/a><br>\r\n<a href=\"#conselho-fiscal\">Conselho Fiscal<\/a><br>\r\n<a href=\"#suplente-do-conselho-fiscal\">Suplente do Conselho Fiscal<\/a><\/div><\/div><div class=\"wpb_wrapper td_block_wrap vc_raw_html tdi_20 \"><div class=\"td-fix-index\"><div id=\"presidente\"><\/div><\/div><\/div><div class=\"td_block_wrap td_block_title tdi_21 td-pb-border-top td_block_template_13 td-fix-index\"  data-td-block-uid=\"tdi_21\" >\n<style>\n.td_block_template_13.widget > ul > li {\r\n                margin-left: 0 !important;\r\n            }\r\n            .global-block-template-13 .td-comments-title span {\r\n                margin-left: 0 !important;\r\n                font-size: 20px;\r\n            }\r\n            @media (max-width: 767px) {\r\n                .global-block-template-13 .td-comments-title span {\r\n                    font-size: 15px;\r\n                }\r\n            }\r\n            .td_block_template_13 .td-related-title a {\r\n                margin-right: 20px;\r\n                font-size: 20px;\r\n            }\r\n            @media (max-width: 767px) {\r\n                .td_block_template_13 .td-related-title a {\r\n                    font-size: 15px;\r\n                }\r\n            }\r\n            .td_block_template_13 .td-related-title .td-cur-simple-item {\r\n                color: var(--td_theme_color, #4db2ec);\r\n            }\r\n            .td_block_template_13 .td-related-title > a.td-related-right {\r\n                margin-left: 0 !important;\r\n            }\r\n            .td_block_template_13 .td-block-title {\r\n                font-size: 26px;\r\n                font-weight: 800;\r\n                margin-bottom: 26px;\r\n                line-height: 26px !important;\r\n                padding: 0;\r\n                letter-spacing: -0.6px;\r\n                margin-top: 36px;\r\n                transform: translateZ(0);\r\n                -webkit-transform: translateZ(0);\r\n                text-align: left;\r\n            }\r\n            .td_block_template_13 .td-block-title a {\r\n                color: #111;\r\n            }\r\n            @media (max-width: 1018px) {\r\n                .td_block_template_13 .td-block-title {\r\n                    font-size: 22px;\r\n                    margin-bottom: 16px;\r\n                    margin-top: 26px;\r\n                }\r\n            }\r\n            @media (max-width: 767px) {\r\n                .td_block_template_13 .td-block-title {\r\n                    margin-top: 26px !important;\r\n                    margin-bottom: 16px !important;\r\n                }\r\n            }\r\n            .td_block_template_13 .td-block-title > a,\r\n            .td_block_template_13 .td-block-title > span {\r\n                margin-left: 12px;\r\n                color: var(--td_text_header_color, #111);\r\n            }\r\n            @media (max-width: 767px) {\r\n                .td_block_template_13 .td-block-title > a,\r\n                .td_block_template_13 .td-block-title > span {\r\n                    margin-left: 12px !important;\r\n                }\r\n            }\r\n            .td_block_template_13 .td-subcat-filter {\r\n                line-height: 1;\r\n                display: table;\r\n            }\r\n            .td_block_template_13 .td-subcat-dropdown .td-subcat-more {\r\n                margin-bottom: 8px !important;\r\n                margin-top: 7px;\r\n            }\r\n            .td_block_template_13 .td-pulldown-category {\r\n                font-family: var(--td_default_google_font_2, 'Roboto', sans-serif);\r\n                font-size: 14px;\r\n                line-height: 26px !important;\r\n                color: #444;\r\n                font-weight: 500;\r\n                position: absolute;\r\n                right: 0;\r\n                bottom: -2px;\r\n                top: 0;\r\n                margin: auto 0;\r\n                display: table;\r\n            }\r\n            .td_block_template_13 .td-pulldown-category span {\r\n                display: inline-block;\r\n                -webkit-transition: transform 0.5s ease;\r\n                transition: transform 0.5s ease;\r\n            }\r\n            @media (max-width: @responsive_p_phone_max) {\r\n                .td_block_template_13 .td-pulldown-category span {\r\n                    display: none;\r\n                }\r\n            }\r\n            .td_block_template_13 .td-pulldown-category i {\r\n                font-size: 10px;\r\n                margin-left: 10px;\r\n            }\r\n            .td_block_template_13 .td-pulldown-category:hover {\r\n                opacity: 0.9;\r\n            }\r\n            .td_block_template_13 .td-pulldown-category:hover span {\r\n                transform: translate3d(-6px, 0, 0);\r\n                -webkit-transform: translate3d(-6px, 0, 0);\r\n            }\r\n            .td_block_template_13 .td-block-subtitle {\r\n                font-size: 90px;\r\n                text-transform: uppercase;\r\n                position: absolute;\r\n                left: -4px;\r\n                z-index: -1;\r\n                bottom: -20px;\r\n                white-space: nowrap;\r\n                color: #f3f3f3;\r\n                line-height: 1;\r\n            }\r\n            @media (min-width: 768px) and (max-width: 1018px) {\r\n                .td_block_template_13 .td-block-subtitle {\r\n                    font-size: 70px;\r\n                    bottom: -15px;\r\n                }\r\n            }\r\n            @media (max-width: 767px) {\r\n                .td_block_template_13 .td-block-subtitle {\r\n                    font-size: 60px;\r\n                    bottom: -12px;\r\n                }\r\n            }\r\n            .td_block_template_13 .td-title-align {\r\n                margin-top: 0 !important;\r\n            }\r\n            .td_block_template_13 .td-title-align  > a,\r\n            .td_block_template_13 .td-title-align > span {\r\n                margin-left: 0 !important;\r\n            }\r\n            @media (min-width: 768px) and (max-width: 1018px) {\r\n                .td-pb-span4 .td_block_template_13 .td-pulldown-category span {\r\n                    display: none;\r\n                }\r\n            }\r\n            @media (min-width: 768px) {\r\n                .td-pb-span4 .td_block_template_13 .td-block-subtitle {\r\n                    display: none;\r\n                }\r\n            }\r\n            .td-pb-span4 .td_block_template_13 .td-block-title {\r\n                margin-top: 0;\r\n            }\r\n            .td-pb-span4 .td_block_template_13 .td-block-title * > {\r\n                margin-left: 0;\r\n            }\r\n            .td-pb-span12 .td_block_template_13 .td-block-title {\r\n                margin-bottom: 40px;\r\n            }\r\n            @media (min-width: 768px) and (max-width: 1018px) {\r\n                .td-pb-span12 .td_block_template_13 .td-block-title {\r\n                    margin-bottom: 26px;\r\n                }\r\n            }\n<\/style><div class=\"td-block-title-wrap\"><h4 class=\"td-block-title td-title-align\"><span>\u25aa\ufe0fPresidente <\/span><div class=\"td-block-subtitle\"><\/div><\/h4><\/div><\/div><div class=\"wpb_wrapper td_block_empty_space td_block_wrap vc_empty_space tdi_23 \"  style=\"height: 32px\"><\/div><div class=\"tdm_block td_block_wrap tdm_block_food_menu tdi_24 td-pb-border-top td_block_template_1\"  data-td-block-uid=\"tdi_24\" >\n<style>\n\/* custom css - generated by TagDiv Composer *\/\n.tdm_block_food_menu .tdm-food-menu-wrap{\r\n                  display: table;\r\n                  width: 100%;\r\n                }.tdm_block_food_menu .tdm-food-menu-wrap:after{\r\n                  content: '';\r\n                  display: table;\r\n                  clear: both;\r\n                }.tdm_block_food_menu .tdm-food-menu-image{\r\n                  background-repeat: no-repeat;\r\n                  background-size: cover;\r\n                  background-position: center center;\r\n                }.tdm_block_food_menu .tdm-food-menu-details{\r\n                  display: table-cell;\r\n                }.tdm_block_food_menu .tdm-title,\r\n                .tdm_block_food_menu .tdm-food-menu-price{\r\n                  display: inline-block;\r\n                }.tdm_block_food_menu .tdm-food-menu-title-wrap{\r\n                  margin: -1px 0 3px;\r\n                }.tdm_block_food_menu .tdm-title{\r\n                  width: 80%;\r\n                  margin: 0;\r\n                  font-size: 20px;\r\n                  line-height: 20px;\r\n                }.tdm_block_food_menu .tdm-food-menu-price{\r\n                  width: 20%;\r\n                  font-family: Verdana, BlinkMacSystemFont, -apple-system, \"Segoe UI\", Roboto, Oxygen, Ubuntu, Cantarell, \"Open Sans\", \"Helvetica Neue\", sans-serif;\r\n                  font-size: 16px;\r\n                  font-weight: 600;\r\n                  text-align: right;\r\n                }.tdm_block_food_menu .tdm-descr{\r\n                  margin-bottom: 0;\r\n                  font-size: 14px;\r\n                  line-height: 20px;\r\n                  color: #a5a5a5;\r\n                }@media (max-width: 767px) {\r\n                  .tdm_block_food_menu .tdm-title {\r\n                    font-size: 18px;\r\n                    line-height: 18px;\r\n                  }\r\n                }@media (max-width: 767px) {\r\n                  .tdm_block_food_menu .tdm-food-menu-price {\r\n                    font-size: 15px;\r\n                  }\r\n                }\n<\/style>\n<style>\n\/* custom css - generated by TagDiv Composer *\/\n.tdi_25 .tdm-food-menu-image{\r\n\t\t\t\t\twidth: 120px;\r\n\t\t\t\t\theight: 120px;\r\n\t\t\t\t}.tdi_25 .tdm-food-menu-image-wrap{\r\n\t\t\t\t    padding-right: 22px;\r\n\t\t\t\t    display: table-cell;\r\n\t\t\t\t\twidth: 120px;\r\n\t\t\t\t}.tdi_25 .tdm-food-menu-details{\r\n\t\t\t\t\tvertical-align: middle;\r\n\t\t\t\t}\n<\/style><div class=\"tdm-food-menu-wrap tdi_25 td-fix-index\"><div class=\"tdm-food-menu-image-wrap\"><div class=\"tdm-food-menu-image\" style=\"background-image: url(https:\/\/www.institutodeengenharia.org.br\/site\/wp-content\/uploads\/2023\/03\/jardim_aprovada.png);\"><\/div><\/div><div class=\"tdm-food-menu-details\"><div class=\"tdm-food-menu-title-wrap\"><h3 class=\"tdm-title tdm-title-sm\">Jos\u00e9 Eduardo Frasca Poyares Jardim<\/h3><div class=\"tdm-food-menu-price\"><span class=\"tdm-food-menu-currency\"><\/span><\/div><\/div><div class=\"tdm-descr\">Engenheiro Civil, pela Escola Polit\u00e9cnica da USP. No Instituto de Engenharia \u00e9 presidente do  Conselho Deliberativo e membro do Conselho Consultivo e, presidente da Casa na gest\u00e3o 2023\/2024. Diretor do DECONCIC\/FIESP\u2013 Departamento da Ind\u00fastria da Constru\u00e7\u00e3o e Minera\u00e7\u00e3o (representante do Instituto de Engenharia no DECONCIC - FIESP); na Associa\u00e7\u00e3o Comercial de S\u00e3o Paulo (ACSP) \u00e9 membro do Conselho Consultivo; e no Grupo Reformar para Mudar representa o Instituto de Engenharia. Desenvolveu atividades na Constru\u00e7\u00e3o Civil \u2013 estradas, terraplenagem, pavimenta\u00e7\u00e3o, obras de concreto armado e protendido, barragem, constru\u00e7\u00e3o e manuten\u00e7\u00e3o de dutos para petr\u00f3leo, g\u00e1s e biocombust\u00edveis. Perfura\u00e7\u00e3o Direcional Dirigida para instala\u00e7\u00e3o de dutos para \u00f3leo, g\u00e1s, \u00e1gua, esgoto e energia el\u00e9trica, com \u00eanfase para obras offshore de aproxima\u00e7\u00e3o de praia. Explora\u00e7\u00e3o de petr\u00f3leo e g\u00e1s, incluindo perfura\u00e7\u00e3o e manuten\u00e7\u00e3o de po\u00e7os de petr\u00f3leo. Foi s\u00f3cio-fundador da empresa Intech Engenharia Ltda., exercendo as fun\u00e7\u00f5es de diretor-superintendente e presidente da empresa (1998\u20132017); foi s\u00f3cio-fundador da empresa Cluster de Bioenergia S.A., da qual \u00e9 atualmente presidente do Conselho de Administra\u00e7\u00e3o, e s\u00f3cio-fundador da empresa Starfish Oil & Gas S.A., da qual foi diretor e presidente do Conselho de Administra\u00e7\u00e3o (1998 - 2010). Foi acionista e membro do Conselho de Administra\u00e7\u00e3o da empresa Imobel Participa\u00e7\u00f5es Societ\u00e1rias S.A., com atividades em empreendimentos imobili\u00e1rios. Na Azevedo & Travassos S.A. exerceu diversas atividades, desde abril de 1966 at\u00e9 maio de 1996, entre elas diretor, vice-presidente da Diretoria e vice-presidente do Conselho de Administra\u00e7\u00e3o. Exerceu atividades na empresa Azevedo & Travassos Petr\u00f3leo S.A., desde sua funda\u00e7\u00e3o em dezembro de 1982, da qual foi diretor-superintendente at\u00e9 julho de 1996. A empresa foi a primeira companhia privada brasileira a executar prospec\u00e7\u00e3o de petr\u00f3leo em Contratos de Risco no Brasil. Foi diretor-presidente da Associa\u00e7\u00e3o Brasileira dos Perfuradores de Petr\u00f3leo (ABRAPET), de maio de 1989 at\u00e9 dezembro de 2018; presidente da Society of Petroleum Engineers (SPE) - Se\u00e7\u00e3o Brasil, por duas gest\u00f5es, vice-presidente da ABDIB (1995-2015) e s\u00f3cio da ABEMI, entre outras associa\u00e7\u00f5es.<\/div><\/div><\/div><\/div><div class=\"wpb_wrapper td_block_wrap vc_raw_html tdi_27 \"><div class=\"td-fix-index\"><div id=\"vice-presidente-adm-fin\"><\/div><\/div><\/div><div class=\"td_block_wrap td_block_title tdi_28 td-pb-border-top td_block_template_13 td-fix-index\"  data-td-block-uid=\"tdi_28\" ><div class=\"td-block-title-wrap\"><h4 class=\"td-block-title td-title-align\"><span>\u25aa\ufe0f Vice-presid\u00eancia de Administra\u00e7\u00e3o e Finan\u00e7as<\/span><div class=\"td-block-subtitle\"><\/div><\/h4><\/div><\/div><div class=\"tdm_block td_block_wrap tdm_block_food_menu tdi_29 td-pb-border-top td_block_template_1\"  data-td-block-uid=\"tdi_29\" >\n<style>\n\/* custom css - generated by TagDiv Composer *\/\n.tdi_30 .tdm-food-menu-image{\r\n\t\t\t\t\twidth: 120px;\r\n\t\t\t\t\theight: 120px;\r\n\t\t\t\t}.tdi_30 .tdm-food-menu-image-wrap{\r\n\t\t\t\t    padding-right: 22px;\r\n\t\t\t\t    display: table-cell;\r\n\t\t\t\t\twidth: 120px;\r\n\t\t\t\t}.tdi_30 .tdm-food-menu-details{\r\n\t\t\t\t\tvertical-align: middle;\r\n\t\t\t\t}\n<\/style><div class=\"tdm-food-menu-wrap tdi_30 td-fix-index\"><div class=\"tdm-food-menu-image-wrap\"><div class=\"tdm-food-menu-image\" style=\"background-image: url(https:\/\/www.institutodeengenharia.org.br\/site\/wp-content\/uploads\/2025\/03\/imagem.png);\"><\/div><\/div><div class=\"tdm-food-menu-details\"><div class=\"tdm-food-menu-title-wrap\"><h3 class=\"tdm-title tdm-title-sm\">Miriana Pereira Marques<\/h3><div class=\"tdm-food-menu-price\"><span class=\"tdm-food-menu-currency\"><\/span><\/div><\/div><div class=\"tdm-descr\">Engenheira Civil formada h\u00e1 mais de 30 anos pela FEFAAP, e especialista em Avalia\u00e7\u00f5es e Per\u00edcias pela Universidade 9 de Julho. \u00c9 respons\u00e1vel t\u00e9cnica da Marques & Marques Engenharia Avalia\u00e7\u00f5es e Per\u00edcias, tendo como foco principal a realiza\u00e7\u00e3o de Relat\u00f3rios T\u00e9cnicos de Vistoria de Vizinhan\u00e7a para grandes obras de infraestrutura no Estado de S\u00e3o Paulo \u2013 Metr\u00f4, Rodoanel, Contorno da Tamoios e Descida da Serra, entre outros. Na vida acad\u00eamica foi professora de Maci\u00e7os e Obras de Terra, Transportes e Mec\u00e2nica dos Solos na FEFAAP, professora convidada nos cursos de p\u00f3s-gradua\u00e7\u00e3o de Avalia\u00e7\u00f5es e Per\u00edcias da FAAP e IBEC. Na \u00e1rea Judicial atua como assistente t\u00e9cnico do Metr\u00f4, foi assistente t\u00e9cnica da DERSA e \u00e9 perita na 6\u00ba Vara C\u00edvel do F\u00f3rum de Jundia\u00ed. Na \u00e1rea p\u00fablica foi supervisora T\u00e9cnica de Planejamento Urbano na Subprefeitura do Butant\u00e3 e assessora da Superintend\u00eancia de Obras na Siurb, na gest\u00e3o do prefeito Gilberto Kassab. No Instituto de Engenharia, foi diretora de Opera\u00e7\u00e3o da vice-presid\u00eancia de Atividades T\u00e9cnicas, membro dos Conselhos Consultivo e Deliberativo, membro do Grupo Mulheres e Mentoria, vice-diretora da Divis\u00e3o T\u00e9cnica de Avalia\u00e7\u00f5es e Per\u00edcias. Foi vice-presidente de Atividades T\u00e9cnicas, vice-presidente de Assuntos Internos, diretora-secret\u00e1ria da Diretoria Executiva, secret\u00e1ria da Divis\u00e3o T\u00e9cnica de Avalia\u00e7\u00f5es e Per\u00edcias e vice-coordenadora da Divis\u00e3o T\u00e9cnica de Gerenciamento e Empreendimento. Nos \u00faltimos anos, foi vice-presidente de Administra\u00e7\u00e3o e Finan\u00e7as. \n\n<br \/><br \/><a href=\"\nhttps:\/\/www.institutodeengenharia.org.br\/site\/wp-content\/uploads\/2025\/03\/minha-carta-mpm-2025.pdf\">Clique aqui e conhe\u00e7a as propostas<\/a>\n<\/div><\/div><\/div><\/div><div class=\"wpb_wrapper td_block_wrap vc_raw_html tdi_32 \"><div class=\"td-fix-index\"><div id=\"vice-presidente-atv-tec\"><\/div><\/div><\/div><div class=\"td_block_wrap td_block_title tdi_33 td-pb-border-top td_block_template_13 td-fix-index\"  data-td-block-uid=\"tdi_33\" ><div class=\"td-block-title-wrap\"><h4 class=\"td-block-title td-title-align\"><span>\u25aa\ufe0f Vice-presid\u00eancia de Atividades T\u00e9cnicas <\/span><div class=\"td-block-subtitle\"><\/div><\/h4><\/div><\/div><div class=\"tdm_block td_block_wrap tdm_block_food_menu tdi_34 td-pb-border-top td_block_template_1\"  data-td-block-uid=\"tdi_34\" >\n<style>\n\/* custom css - generated by TagDiv Composer *\/\n.tdi_35 .tdm-food-menu-image{\r\n\t\t\t\t\twidth: 120px;\r\n\t\t\t\t\theight: 120px;\r\n\t\t\t\t}.tdi_35 .tdm-food-menu-image-wrap{\r\n\t\t\t\t    padding-right: 22px;\r\n\t\t\t\t    display: table-cell;\r\n\t\t\t\t\twidth: 120px;\r\n\t\t\t\t}.tdi_35 .tdm-food-menu-details{\r\n\t\t\t\t\tvertical-align: middle;\r\n\t\t\t\t}\n<\/style><div class=\"tdm-food-menu-wrap tdi_35 td-fix-index\"><div class=\"tdm-food-menu-image-wrap\"><div class=\"tdm-food-menu-image\" style=\"background-image: url(https:\/\/www.institutodeengenharia.org.br\/site\/wp-content\/uploads\/2023\/03\/cabral.png);\"><\/div><\/div><div class=\"tdm-food-menu-details\"><div class=\"tdm-food-menu-title-wrap\"><h3 class=\"tdm-title tdm-title-sm\">Jer\u00f4nimo Cabral Pereira Fagundes Neto<\/h3><div class=\"tdm-food-menu-price\"><span class=\"tdm-food-menu-currency\"><\/span><\/div><\/div><div class=\"tdm-descr\">Engenheiro Civil - Escola de Engenharia de Lins, 1980 e Administrador de Empresas - Universidade Mackenzie, 1992; P\u00f3s-graduado: Avalia\u00e7\u00f5es e Per\u00edcias de Engenharia pela FAAP, 2002; Mestre em Habita\u00e7\u00e3o \u2013 IPT, 2007; Perito Judicial na regi\u00e3o Metropolitana-S\u00e3o Paulo e Assistente T\u00e9cnico no Sul-Sudeste, desde 1987; Membro do corpo docente \/ ex-docente em cursos de p\u00f3s-gradua\u00e7\u00e3o: Per\u00edcias de Engenharia e Avalia\u00e7\u00f5es; Engenharia Diagn\u00f3stica em Edifica\u00e7\u00f5es, em conv\u00eanios com entidades diversas: UFSC, UNIP-INBEC, FAAP, UNISANTA, CoreNet; Professor do curso de Administra\u00e7\u00e3o Condominial e S\u00edndico Profissional FECAP; Autor e Coautor de livros e artigos t\u00e9cnicos al\u00e9m de Palestrante e ministrador de cursos, nos temas: Inspe\u00e7\u00e3o e Manuten\u00e7\u00e3o Predial; Engenharia Diagn\u00f3stica em Edifica\u00e7\u00f5es (precursor da doutrina); Per\u00edcias em Edifica\u00e7\u00f5es; Representante do Instituto de Engenharia na ABNT na elabora\u00e7\u00e3o da Norma em diversas Comiss\u00f5es; Medalha H\u00e9lio de Caires: XIV COBREAP \u2013 Salvador \u2013 BA \u2013 2007 - T\u00edtulo: Per\u00edcias em Fachadas de Edifica\u00e7\u00f5es \u2013 Pintura; S\u00f3cio-fundador da J. Cabral Per\u00edcias de Engenharia e Avalia\u00e7\u00f5es, 2006.<\/div><\/div><\/div><\/div><div class=\"wpb_wrapper td_block_wrap vc_raw_html tdi_37 \"><div class=\"td-fix-index\"><div id=\"vice-presidente-rel-ext\"><\/div><\/div><\/div><div class=\"td_block_wrap td_block_title tdi_38 td-pb-border-top td_block_template_13 td-fix-index\"  data-td-block-uid=\"tdi_38\" ><div class=\"td-block-title-wrap\"><h4 class=\"td-block-title td-title-align\"><span>\u25aa\ufe0f Vice-presid\u00eancia de Rela\u00e7\u00f5es Externas <\/span><div class=\"td-block-subtitle\"><\/div><\/h4><\/div><\/div><div class=\"tdm_block td_block_wrap tdm_block_food_menu tdi_39 td-pb-border-top td_block_template_1\"  data-td-block-uid=\"tdi_39\" >\n<style>\n\/* custom css - generated by TagDiv Composer *\/\n.tdi_40 .tdm-food-menu-image{\r\n\t\t\t\t\twidth: 120px;\r\n\t\t\t\t\theight: 120px;\r\n\t\t\t\t}.tdi_40 .tdm-food-menu-image-wrap{\r\n\t\t\t\t    padding-right: 22px;\r\n\t\t\t\t    display: table-cell;\r\n\t\t\t\t\twidth: 120px;\r\n\t\t\t\t}.tdi_40 .tdm-food-menu-details{\r\n\t\t\t\t\tvertical-align: middle;\r\n\t\t\t\t}\n<\/style><div class=\"tdm-food-menu-wrap tdi_40 td-fix-index\"><div class=\"tdm-food-menu-image-wrap\"><div class=\"tdm-food-menu-image\" style=\"background-image: url(https:\/\/www.institutodeengenharia.org.br\/site\/wp-content\/uploads\/2023\/03\/IVAN-IE.jpg);\"><\/div><\/div><div class=\"tdm-food-menu-details\"><div class=\"tdm-food-menu-title-wrap\"><h3 class=\"tdm-title tdm-title-sm\">Ivan Metran Whately<\/h3><div class=\"tdm-food-menu-price\"><span class=\"tdm-food-menu-currency\"><\/span><\/div><\/div><div class=\"tdm-descr\">H\u00e1 mais de 40 anos associado ao Instituto de Engenharia, atuou como Vice-Presidente de Atividades T\u00e9cnicas na \u00faltima Diretoria Executiva, tendo tamb\u00e9m atuado como  1\u00ba Secret\u00e1rio por quatro anos. Foi por 6 anos Diretor do Departamento de Mobilidade e Log\u00edstica e atuou por cinco anos como coordenador da Divis\u00e3o T\u00e9cnica de Transportes Metropolitanos. Por dois per\u00edodos de quatro anos fez parte do Conselho Deliberativo, e atuou no Conselho Consultivo. Participa, ainda, do Conselho Editorial e de Pauta da Revista Engenharia. Sempre desenvolveu atividades volunt\u00e1rias, e como confrade, participa das degusta\u00e7\u00f5es da SocIEt\u00e0 - grupo de associados amigos do vinho no Instituto de Engenharia.  Formado em Engenharia Civil pela FAAP, em 1974; Arquitetura pela universidade Presbiteriana Mackenzie, em 1967; com cursos de extens\u00e3o e est\u00e1gios profissionais no Brasil e na Fran\u00e7a, nas especializa\u00e7\u00f5es de Engenharia de Tr\u00e1fego e Transporte e Planejamento de Transporte. Atuou em empresas privadas e p\u00fablicas. Atualmente, \u00e9 consultor de Planejamento de Transporte, foi assessor da Diretoria do Metr\u00f4-SP (2013-2019), foi assessor Especial do SMT (2010-2013), foi gerente de Projetos e Obras da EMTU (2007-2013), foi superintendente do DAEE (1995-1997) e foi diretor de Projetos e diretor-presidente da CPOS (1997-2005). Foi Presidente da Comiss\u00e3o Pr\u00f3-Centro e diretor do DTP da PMSP. Al\u00e9m disso, foi consultor da OEA no Uruguai; diretor de Projetos de Engenharia do FUNDUSP; dirigente da Assessoria T\u00e9cnica da Secretaria dos Neg\u00f3cios Metropolitanos; Assessor T\u00e9cnico da Secretaria de Estado dos Transportes, diretor do Departamento de Projetos da SEEBLA - Servi\u00e7os de Engenharia, onde coordenou projetos em cidades brasileiras, Chile, Venezuela e Col\u00f4mbia.<\/div><\/div><\/div><\/div><div class=\"wpb_wrapper td_block_wrap vc_raw_html tdi_42 \"><div class=\"td-fix-index\"><div id=\"vice-presidente-assu-inter\"><\/div><\/div><\/div><div class=\"td_block_wrap td_block_title tdi_43 td-pb-border-top td_block_template_13 td-fix-index\"  data-td-block-uid=\"tdi_43\" ><div class=\"td-block-title-wrap\"><h4 class=\"td-block-title td-title-align\"><span>\u25aa\ufe0f Vice-presid\u00eancia de Assuntos Internos<\/span><div class=\"td-block-subtitle\"><\/div><\/h4><\/div><\/div><div class=\"tdm_block td_block_wrap tdm_block_food_menu tdi_44 td-pb-border-top td_block_template_1\"  data-td-block-uid=\"tdi_44\" >\n<style>\n\/* custom css - generated by TagDiv Composer *\/\n.tdi_45 .tdm-food-menu-image{\r\n\t\t\t\t\twidth: 120px;\r\n\t\t\t\t\theight: 120px;\r\n\t\t\t\t}.tdi_45 .tdm-food-menu-image-wrap{\r\n\t\t\t\t    padding-right: 22px;\r\n\t\t\t\t    display: table-cell;\r\n\t\t\t\t\twidth: 120px;\r\n\t\t\t\t}.tdi_45 .tdm-food-menu-details{\r\n\t\t\t\t\tvertical-align: middle;\r\n\t\t\t\t}\n<\/style><div class=\"tdm-food-menu-wrap tdi_45 td-fix-index\"><div class=\"tdm-food-menu-image-wrap\"><div class=\"tdm-food-menu-image\" style=\"background-image: url(https:\/\/www.institutodeengenharia.org.br\/site\/wp-content\/uploads\/2023\/03\/Foto-Lawrence-business-2.jpg);\"><\/div><\/div><div class=\"tdm-food-menu-details\"><div class=\"tdm-food-menu-title-wrap\"><h3 class=\"tdm-title tdm-title-sm\">Lawrence Chung Koo<\/h3><div class=\"tdm-food-menu-price\"><span class=\"tdm-food-menu-currency\"><\/span><\/div><\/div><div class=\"tdm-descr\">Engenheiro Mec\u00e2nico pelo ITA com Doutorado em Comunica\u00e7\u00e3o e Semi\u00f3tica pela PUC\/SP e p\u00f3s-doutorado em Ci\u00eancia da Comunica\u00e7\u00e3o pela ECA\/USP e p\u00f3s- doutorando em IA pela PUC\/SP. P\u00f3s-graduado em Marketing pelo The Wharton School e FGV, Engenharia de Sistemas pela IBM\/PUC-RJ e conselheiro de Administra\u00e7\u00e3o pelo IBGC, entre outras forma\u00e7\u00f5es acad\u00eamicas e especializa\u00e7\u00f5es.\n\nNa sua trajet\u00f3ria profissional possui mais de 53 anos de experi\u00eancia nas \u00e1reas de Tecnologia, Gest\u00e3o, Governan\u00e7a, Semi\u00f3tica e Comunica\u00e7\u00e3o\n\nTrabalhou por 24 anos na IBM, como engenheiro de Sistemas, consultor, gerente de Suporte T\u00e9cnico, executivo de Marketing \/Venda e 12 anos como seu parceiro estrat\u00e9gico. Atuou no Instituto de Engenharia como conselheiro Deliberativo e Consultivo e, atualmente, \u00e9 vice- presidente Rela\u00e7\u00f5es Externas. Foi consultor do Banco Mundial na secretaria da Fazenda de S\u00e3o Paulo e, atualmente, \u00e9 professor e membro de NDE \u2013 Administra\u00e7\u00e3o da Faculdade Dunamis, pesquisador de Intelig\u00eancia Artificial e Novas Tecnologias. Divide o seu tempo entre a mentoria a ecossistema Cultura Empreendedora, Conselheiro de Administra\u00e7\u00e3o da Ignitions Inc, membro do grupo de pesquisa em Transforma\u00e7\u00e3o Organizacional, Sociedade 5.0 ESG em GEAPE\/CRA , IE do Futuro e outros projetos disruptivos de empreendedores. No momento, a sua principal \u00e1rea de interesse \u00e9 atua\u00e7\u00e3o na estrat\u00e9gia das empresas\/institui\u00e7\u00f5es em vista das novas tecnologias, como computa\u00e7\u00e3o qu\u00e2ntica etc, intera\u00e7\u00e3o entre Universidades, inova\u00e7\u00f5es estruturais da sociedade, em especial, a educa\u00e7\u00e3o e competitividade Brasil.\n\nAlguns dos cargos j\u00e1 exercidos;\n\nCoordenador e professor do MBA Atl\u00e2ntico Internacional - Universidade Cat\u00f3lica do Porto Portugal \u2013 Univers. Cat\u00f3lica de Angola \/ PUCSP Brasil\n\nConselheiro e mentor do Accurate Advice \u2013 Acelerador de Startup\n\nAssessor especial da Reitoria para Planejamento Estrat\u00e9gico PUC\/SP\n\nPr\u00f3-reitor de Planejamento, Desenvolvimento e Gest\u00e3o da PUC\/SP, e\n\npr\u00f3-reitor de Educa\u00e7\u00e3o Continuada da Universidade Bandeirantes \u2013 UNIBAN, entre outros\n\nhttps:\/\/www. linkedin.com\/in\/lawrence-chung-koo-18618b\/<\/div><\/div><\/div><\/div><div class=\"wpb_wrapper td_block_wrap vc_raw_html tdi_47 \"><div class=\"td-fix-index\"><div id=\"primeiro-diretor-secretario\"><\/div><\/div><\/div><div class=\"td_block_wrap td_block_title tdi_48 td-pb-border-top td_block_template_13 td-fix-index\"  data-td-block-uid=\"tdi_48\" ><div class=\"td-block-title-wrap\"><h4 class=\"td-block-title td-title-align\"><span>\u25aa\ufe0f Primeira Diretora-Secret\u00e1ria<\/span><div class=\"td-block-subtitle\"><\/div><\/h4><\/div><\/div><div class=\"tdm_block td_block_wrap tdm_block_food_menu tdi_49 td-pb-border-top td_block_template_1\"  data-td-block-uid=\"tdi_49\" >\n<style>\n\/* custom css - generated by TagDiv Composer *\/\n.tdi_50 .tdm-food-menu-image{\r\n\t\t\t\t\twidth: 120px;\r\n\t\t\t\t\theight: 120px;\r\n\t\t\t\t}.tdi_50 .tdm-food-menu-image-wrap{\r\n\t\t\t\t    padding-right: 22px;\r\n\t\t\t\t    display: table-cell;\r\n\t\t\t\t\twidth: 120px;\r\n\t\t\t\t}.tdi_50 .tdm-food-menu-details{\r\n\t\t\t\t\tvertical-align: middle;\r\n\t\t\t\t}\n<\/style><div class=\"tdm-food-menu-wrap tdi_50 td-fix-index\"><div class=\"tdm-food-menu-image-wrap\"><div class=\"tdm-food-menu-image\" style=\"background-image: url(https:\/\/www.institutodeengenharia.org.br\/site\/wp-content\/uploads\/2023\/02\/ENY.png);\"><\/div><\/div><div class=\"tdm-food-menu-details\"><div class=\"tdm-food-menu-title-wrap\"><h3 class=\"tdm-title tdm-title-sm\">Eny Kaori Uono Sanchez<\/h3><div class=\"tdm-food-menu-price\"><span class=\"tdm-food-menu-currency\"><\/span><\/div><\/div><div class=\"tdm-descr\">Formada em Engenharia Civil pela FAAP, p\u00f3s-graduada em Avalia\u00e7\u00e3o de Im\u00f3veis e possui cursos de extens\u00e3o voltados para Avalia\u00e7\u00e3o e Per\u00edcias. Diplomada em pelo Instituto de Engenharia \u201cMelhor Avalia\u00e7\u00e3o Qualitativa para a divis\u00e3o T\u00e9cnica de Geom\u00e1tica\u201d por dois anos consecutivos - 2023 e 2024.  Foi membro do Conselho Deliberativo do Instituto de Engenharia, vice-diretora de Cursos do Instituto de Engenharia (2019 at\u00e9 2022) e 2\u00aa diretora- secret\u00e1ria na diretoria-executiva (2023-2024). Representou o Instituto de Engenharia na cola\u00e7\u00e3o de grau dos alunos da Engenharia de Alimentos a- UNICAMP 2023. Respons\u00e1vel t\u00e9cnica da empresa Uono Sanchez Engenharia, respons\u00e1vel pela emiss\u00e3o de 23 mil e 700 laudos de avalia\u00e7\u00e3o banc\u00e1ria no ano de 2024 para os principais bancos do Pa\u00eds.<\/div><\/div><\/div><\/div><div class=\"wpb_wrapper td_block_wrap vc_raw_html tdi_52 \"><div class=\"td-fix-index\"><div id=\"segundo-diretor-secretario\"><\/div><\/div><\/div><div class=\"td_block_wrap td_block_title tdi_53 td-pb-border-top td_block_template_13 td-fix-index\"  data-td-block-uid=\"tdi_53\" ><div class=\"td-block-title-wrap\"><h4 class=\"td-block-title td-title-align\"><span>\u25aa\ufe0f Segundo Diretor-Secret\u00e1rio<\/span><div class=\"td-block-subtitle\"><\/div><\/h4><\/div><\/div><div class=\"tdm_block td_block_wrap tdm_block_food_menu tdi_54 td-pb-border-top td_block_template_1\"  data-td-block-uid=\"tdi_54\" >\n<style>\n\/* custom css - generated by TagDiv Composer *\/\n.tdi_55 .tdm-food-menu-image{\r\n\t\t\t\t\twidth: 120px;\r\n\t\t\t\t\theight: 120px;\r\n\t\t\t\t}.tdi_55 .tdm-food-menu-image-wrap{\r\n\t\t\t\t    padding-right: 22px;\r\n\t\t\t\t    display: table-cell;\r\n\t\t\t\t\twidth: 120px;\r\n\t\t\t\t}.tdi_55 .tdm-food-menu-details{\r\n\t\t\t\t\tvertical-align: middle;\r\n\t\t\t\t}\n<\/style><div class=\"tdm-food-menu-wrap tdi_55 td-fix-index\"><div class=\"tdm-food-menu-image-wrap\"><div class=\"tdm-food-menu-image\" style=\"background-image: url(https:\/\/www.institutodeengenharia.org.br\/site\/wp-content\/uploads\/2023\/03\/fernando.png);\"><\/div><\/div><div class=\"tdm-food-menu-details\"><div class=\"tdm-food-menu-title-wrap\"><h3 class=\"tdm-title tdm-title-sm\">Fernando Jos\u00e9 de Campos Marsiglia<\/h3><div class=\"tdm-food-menu-price\"><span class=\"tdm-food-menu-currency\"><\/span><\/div><\/div><div class=\"tdm-descr\">\nEngenheiro Civil, pela Faculdade de Engenharia da Universidade de Mogi das Cruzes (1975). Administra\u00e7\u00e3o - especializa\u00e7\u00e3o, pela Funda\u00e7\u00e3o \u00c1lvares Penteado. Sistemas Administrativos para Empresa de Constru\u00e7\u00e3o Civil, pela Escola Polit\u00e9cnica da USP. Administra\u00e7\u00e3o de Empresas, pela Funda\u00e7\u00e3o Universidade Estadual de Londrina (parcial). MBA Executivo em Gest\u00e3o de Projeto - UNIP (2012\/2013 - parcial). Tecnologia de Concreto - Centro Tecnol\u00f3gico da Constru\u00e7\u00e3o - Falc\u00e3o Bauer \u2013 SP. Pr\u00e9- Moldados de Concreto - Instituto Brasileiro de Concretos . Avalia\u00e7\u00e3o de Pavimentos e Projetos de Refor\u00e7o \u2013 Ass. Brasileira de Pavimenta\u00e7\u00e3o. Avalia\u00e7\u00e3o e Per\u00edcias de Engenharia, pelo Inst. Brasileiro de Aval. e Per\u00edcias de Engenharia. Constru\u00e7\u00f5es Industriais, Comerciais e P\u00fablicas com Uso de Estruturas Met\u00e1licas \u2013 Associa\u00e7\u00e3o Brasileira da Constru\u00e7\u00e3o Met\u00e1lica. Excel; Tron-Orc, MS Project; Totys RM; ERPs CSI, SAN e Winmaster. No Instituto de Engenharia participou do Departamento de Engenharia de Mobilidade e Log\u00edstica e foi coordenador da divis\u00e3o de Transporte Metropolitano. Atualmente, \u00e9 secret\u00e1rio do Departamento de Desenvolvimento Urbano e Regional.<\/div><\/div><\/div><\/div><div class=\"wpb_wrapper td_block_wrap vc_raw_html tdi_57 \"><div class=\"td-fix-index\"><div id=\"primeiro-diretor-financeiro\"><\/div><\/div><\/div><div class=\"td_block_wrap td_block_title tdi_58 td-pb-border-top td_block_template_13 td-fix-index\"  data-td-block-uid=\"tdi_58\" ><div class=\"td-block-title-wrap\"><h4 class=\"td-block-title td-title-align\"><span>\u25aa\ufe0f Primeiro Diretor-Financeiro<\/span><div class=\"td-block-subtitle\"><\/div><\/h4><\/div><\/div><div class=\"tdm_block td_block_wrap tdm_block_food_menu tdi_59 td-pb-border-top td_block_template_1\"  data-td-block-uid=\"tdi_59\" >\n<style>\n\/* custom css - generated by TagDiv Composer *\/\n.tdi_60 .tdm-food-menu-image{\r\n\t\t\t\t\twidth: 120px;\r\n\t\t\t\t\theight: 120px;\r\n\t\t\t\t}.tdi_60 .tdm-food-menu-image-wrap{\r\n\t\t\t\t    padding-right: 22px;\r\n\t\t\t\t    display: table-cell;\r\n\t\t\t\t\twidth: 120px;\r\n\t\t\t\t}.tdi_60 .tdm-food-menu-details{\r\n\t\t\t\t\tvertical-align: middle;\r\n\t\t\t\t}\n<\/style><div class=\"tdm-food-menu-wrap tdi_60 td-fix-index\"><div class=\"tdm-food-menu-image-wrap\"><div class=\"tdm-food-menu-image\" style=\"background-image: url(https:\/\/www.institutodeengenharia.org.br\/site\/wp-content\/uploads\/2025\/03\/Foto-Elcio-1-1.jpg);\"><\/div><\/div><div class=\"tdm-food-menu-details\"><div class=\"tdm-food-menu-title-wrap\"><h3 class=\"tdm-title tdm-title-sm\">Elcio Kazuaki Niwa<\/h3><div class=\"tdm-food-menu-price\"><span class=\"tdm-food-menu-currency\"><\/span><\/div><\/div><div class=\"tdm-descr\">Engenheiro Civil, formado na Poli-USP (2010), com experi\u00eancia em Projetos e Manuten\u00e7\u00e3o infraestrutura de ferrovi\u00e1rio, hidrovi\u00e1rio e aproveitamento de uso m\u00faltiplo de energia e \u00e1gua. P\u00f3s-graduado pelo PECE-USP em Infraestrutura de Via Permanente em 2014. Mestrando em Engenharia e Gest\u00e3o Industrial na Universidade Lus\u00f3fona Lisboa (2024). Aplicando conhecimento em elabora\u00e7\u00f5es e editais para contrata\u00e7\u00e3o de Manuten\u00e7\u00e3o ferrovi\u00e1ria de obras de arte especiais e sistemas de super e infraestrutura para vias em lastro e em laje para ferrovias de passageiros. Associado ao CBT (Comit\u00ea Brasileiro de T\u00faneis) e ABMS (Associa\u00e7\u00e3o Brasileira de Mechanics dos solos). Associado \u00e0 AEEFSJ desde 2013 (Associa\u00e7\u00e3o dos Engenheiro da Estrada de Ferro), atuou como conselheiro no per\u00edodo de 2015-2016. Associado ao SEESP, atuou como delegado durante per\u00edodo de 2018 a 2021. Atuante como consultor nos munic\u00edpios de S\u00e3o Paulo, principalmente subprefeitura S\u00e9, e de Jundia\u00ed e Regi\u00e3o desde 2024. Determinado em desenvolver o Brasil por meio sustent\u00e1vel nesta gera\u00e7\u00e3o. Vis\u00e3o de um futuro comum com demais gera\u00e7\u00f5es. Possui interesse em buscar inova\u00e7\u00e3o em engenharia. Entusiasta da melhoria da sociedade pela educa\u00e7\u00e3o em prol de a\u00e7\u00f5es coletivas e registros sistem\u00e1ticos e organizados.\n\n<br \/><br \/><a href=\"https:\/\/www.institutodeengenharia.org.br\/site\/wp-content\/uploads\/2025\/03\/propostas-ELCIO-2025.pdf\" target=\"_blank\">Clique aqui e conhe\u00e7a as propostas<\/a>\n<\/div><\/div><\/div><\/div><div class=\"wpb_wrapper td_block_wrap vc_raw_html tdi_62 \"><div class=\"td-fix-index\"><div id=\"segundo-diretor-financeiro\"><\/div><\/div><\/div><div class=\"td_block_wrap td_block_title tdi_63 td-pb-border-top td_block_template_13 td-fix-index\"  data-td-block-uid=\"tdi_63\" ><div class=\"td-block-title-wrap\"><h4 class=\"td-block-title td-title-align\"><span>\u25aa\ufe0f Segundo Diretor-Financeiro<\/span><div class=\"td-block-subtitle\"><\/div><\/h4><\/div><\/div><div class=\"tdm_block td_block_wrap tdm_block_food_menu tdi_64 td-pb-border-top td_block_template_1\"  data-td-block-uid=\"tdi_64\" >\n<style>\n\/* custom css - generated by TagDiv Composer *\/\n.tdi_65 .tdm-food-menu-image{\r\n\t\t\t\t\twidth: 120px;\r\n\t\t\t\t\theight: 120px;\r\n\t\t\t\t}.tdi_65 .tdm-food-menu-image-wrap{\r\n\t\t\t\t    padding-right: 22px;\r\n\t\t\t\t    display: table-cell;\r\n\t\t\t\t\twidth: 120px;\r\n\t\t\t\t}.tdi_65 .tdm-food-menu-details{\r\n\t\t\t\t\tvertical-align: middle;\r\n\t\t\t\t}\n<\/style><div class=\"tdm-food-menu-wrap tdi_65 td-fix-index\"><div class=\"tdm-food-menu-image-wrap\"><div class=\"tdm-food-menu-image\" style=\"background-image: url(https:\/\/www.institutodeengenharia.org.br\/site\/wp-content\/uploads\/2023\/02\/Foto-IE-scaled.jpg);\"><\/div><\/div><div class=\"tdm-food-menu-details\"><div class=\"tdm-food-menu-title-wrap\"><h3 class=\"tdm-title tdm-title-sm\">Constanzio Facci Ticeu<\/h3><div class=\"tdm-food-menu-price\"><span class=\"tdm-food-menu-currency\"><\/span><\/div><\/div><div class=\"tdm-descr\">Tecn\u00f3logo em Constru\u00e7\u00e3o (Unesp), Graduado em Engenharia Civil (Universidade Santa Cecilia) P\u00f3s-Gradua\u00e7\u00e3o em Engenharia de Seguran\u00e7a do Trabalho (Uninove), Planejamento e Gest\u00e3o da Produ\u00e7\u00e3o - Lean Constructioin (Logical Systems), Edif\u00edcio de Alta Tecnologia (Liceu e Arte e Oficio de S\u00e3o Paulo) e Planejamento de Empreendimentos (FGV). Vivencia em execu\u00e7\u00e3o de obras de Saneamento B\u00e1sicos junto as Prefeituras, execu\u00e7\u00e3o de obras de infraestruturas na \u00e1rea de telefonia, banc\u00e1rias, execu\u00e7\u00e3o de pr\u00e9dios industriais, comerciais e residenciais de alto padr\u00e3o. Diretor t\u00e9cnica da empresa \u201cCFT BUIDING GERENCIAMENTO DE OBRAS\u201d prestando servi\u00e7os de Gerenciamento Operacional e Gerenciamento de Manuten\u00e7\u00e3o Predial nos seguimentos: Banc\u00e1rios, Aerovi\u00e1rios e Comerciais. Atualmente no Instituto de Engenharia, ocupa o cargo de Vice-Diretor do Departamento de Gest\u00e3o e Objetivos, membro das Divis\u00f5es T\u00e9cnicas.<\/div><\/div><\/div><\/div><div class=\"wpb_wrapper td_block_wrap vc_raw_html tdi_67 \"><div class=\"td-fix-index\"><div id=\"conselho-deliberativo\"><\/div><\/div><\/div><div class=\"td_block_wrap td_block_title tdi_68 td-pb-border-top td_block_template_13 td-fix-index\"  data-td-block-uid=\"tdi_68\" ><div class=\"td-block-title-wrap\"><h4 class=\"td-block-title td-title-align\"><span>\u25aa\ufe0f Conselho Deliberativo<\/span><div class=\"td-block-subtitle\"><\/div><\/h4><\/div><\/div><div class=\"tdm_block td_block_wrap tdm_block_food_menu tdi_69 td-pb-border-top td_block_template_1\"  data-td-block-uid=\"tdi_69\" >\n<style>\n\/* custom css - generated by TagDiv Composer *\/\n.tdi_70 .tdm-food-menu-image{\r\n\t\t\t\t\twidth: 120px;\r\n\t\t\t\t\theight: 120px;\r\n\t\t\t\t}.tdi_70 .tdm-food-menu-image-wrap{\r\n\t\t\t\t    padding-right: 22px;\r\n\t\t\t\t    display: table-cell;\r\n\t\t\t\t\twidth: 120px;\r\n\t\t\t\t}.tdi_70 .tdm-food-menu-details{\r\n\t\t\t\t\tvertical-align: middle;\r\n\t\t\t\t}\n<\/style><div class=\"tdm-food-menu-wrap tdi_70 td-fix-index\"><div class=\"tdm-food-menu-image-wrap\"><div class=\"tdm-food-menu-image\" style=\"background-image: url(https:\/\/www.institutodeengenharia.org.br\/site\/wp-content\/uploads\/2025\/03\/Adalberto-Febeliano.jpg);\"><\/div><\/div><div class=\"tdm-food-menu-details\"><div class=\"tdm-food-menu-title-wrap\"><h3 class=\"tdm-title tdm-title-sm\">Adalberto Febeliano da Costa Filho<\/h3><div class=\"tdm-food-menu-price\"><span class=\"tdm-food-menu-currency\"><\/span><\/div><\/div><div class=\"tdm-descr\">Engenheiro e Mestre em Transporte A\u00e9reo pelo ITA. P\u00f3s-graduado em Administra\u00e7\u00e3o pela FGV-SP e em Log\u00edstica pela Escola Superior de Defesa, lecionou em cursos de Avia\u00e7\u00e3o Civil e tem mais de 30 anos de experi\u00eancia nos mercados Aeroespacial, de Avia\u00e7\u00e3o e de Transporte A\u00e9reo. Trabalhou na Mesbla Avia\u00e7\u00e3o, L\u00edder T\u00e1xi A\u00e9reo e GE Celma. Foi diretor-executivo da ABAG - Associa\u00e7\u00e3o Brasileira de Avia\u00e7\u00e3o Geral, fundador e diretor de Rela\u00e7\u00f5es Institucionais da Azul Linhas A\u00e9reas e fundador e diretor-presidente da MODERN S.A. \u00c9 vice-presidente de Planejamento Estrat\u00e9gico e ESG da Synerjet, al\u00e9m de diretor do DEINFRA da FIESP e membro do Conselho Fiscal do Instituto de Engenharia.\n\n<br \/><br \/><a href=\"https:\/\/www.institutodeengenharia.org.br\/site\/wp-content\/uploads\/2025\/03\/Proposta-de-trabalho-para-Conselho-do-IE-250312AF.pdf\">Clique aqui e conhe\u00e7a as propostas<\/a>\n<\/div><\/div><\/div><\/div><div class=\"tdm_block td_block_wrap tdm_block_food_menu tdi_71 td-pb-border-top td_block_template_1\"  data-td-block-uid=\"tdi_71\" >\n<style>\n\/* custom css - generated by TagDiv Composer *\/\n.tdi_72 .tdm-food-menu-image{\r\n\t\t\t\t\twidth: 120px;\r\n\t\t\t\t\theight: 120px;\r\n\t\t\t\t}.tdi_72 .tdm-food-menu-image-wrap{\r\n\t\t\t\t    padding-right: 22px;\r\n\t\t\t\t    display: table-cell;\r\n\t\t\t\t\twidth: 120px;\r\n\t\t\t\t}.tdi_72 .tdm-food-menu-details{\r\n\t\t\t\t\tvertical-align: middle;\r\n\t\t\t\t}\n<\/style><div class=\"tdm-food-menu-wrap tdi_72 td-fix-index\"><div class=\"tdm-food-menu-image-wrap\"><div class=\"tdm-food-menu-image\" style=\"background-image: url(https:\/\/www.institutodeengenharia.org.br\/site\/wp-content\/uploads\/2025\/02\/alfredo-mario-savelli.png);\"><\/div><\/div><div class=\"tdm-food-menu-details\"><div class=\"tdm-food-menu-title-wrap\"><h3 class=\"tdm-title tdm-title-sm\">Alfredo Mario Savelli<\/h3><div class=\"tdm-food-menu-price\"><span class=\"tdm-food-menu-currency\"><\/span><\/div><\/div><div class=\"tdm-descr\">Membro da Academia Nacional de Engenharia desde 1994.\nMestre em Engenharia Civil pela Escola Polit\u00e9cnica da Universidade S\u00e3o Paulo. Disserta\u00e7\u00e3o: Subs\u00eddios para implementa\u00e7\u00e3o de parceria p\u00fablico privada PPP - 2003. \nDoutor em Arquitetura e Urbanismo pela Universidade Presbiteriana Mackenzie. Tese: Estrat\u00e9gia para o aperfei\u00e7oamento dos mecanismos extra tribut\u00e1rios voltados a melhoria urban\u00edstica no Munic\u00edpio de S\u00e3o Paulo \u2013 2009.\n\nAtividade P\u00fablica: \nPresidente do Instituto de Engenharia IE \u2013 1993\/97. \nSecret\u00e1rio das Administra\u00e7\u00f5es Regionais da PMSP \u2013 1997\/98.\nSecret\u00e1rio de Vias P\u00fablicas da PMSP \u2013 1998\/99.\nSecret\u00e1rio de Servi\u00e7os e Obras da PMSP \u2013 1998\/99.\nPresidente da EMURB Empresa Municipal de Urbaniza\u00e7\u00e3o PMSP \u2013 1998\/99\n- Magist\u00e9rio (Plataforma Lates \u2013 CNPQ)\nProfessor Titular disciplina Planejamento e T\u00e9cnicas de Constru\u00e7\u00e3o Pesada pela Escola de Engenharia da Universidade Presbiteriana Mackenzie -1966 a 2019.\nProfessor Titular disciplina Urbanismo da Escola de Engenharia da Universidade Presbiteriana Mackenzie - 2011 a 2018.\n\nAtividade Profissional:\nEngenheiro Civil pela Escola de Engenharia da Universidade Presbiteriana Mackenzie \u2013 1960.\nEngenheiro Industrial pela Escola de Engenharia da Universidade Presbiteriana Mackenzie \u2013 1960.\nExecutor de pontes, viadutos, portos, hidrel\u00e9tricas, rodovias, metr\u00f4, edifica\u00e7\u00f5es, saneamento, conjuntos habitacionais, obras industriais - 1960\/ 86.\nSuperintendente da Auditoria T\u00e9cnica na constru\u00e7\u00e3o da Ponte Rio Niter\u00f3i- 1970.\nEngenheiro Superintendente das obras das esta\u00e7\u00f5es: Jabaquara, Concei\u00e7\u00e3o, S\u00e3o Judas, Sa\u00fade, Vila Mariana, Ana Rosa, Vergueiro e S\u00e3o Joaquim e seis mil metros de t\u00faneis Linha Azul do Metr\u00f4 de S\u00e3o Paulo \u2013 1971\/72 (acervo t\u00e9cnico CREA - SP)\nExecutor de projetos de edifica\u00e7\u00f5es, pontes, viadutos, rodovias, metr\u00f4, saneamento de 1986 a 1997 e de 2000 a 2024 (acervo t\u00e9cnico CREA-SP).\n\n<br \/><br \/><a href=\"https:\/\/www.institutodeengenharia.org.br\/site\/wp-content\/uploads\/2025\/03\/Savelli_PROPOSTA-IE-Marco-2025.pdf\" target=\"_blank\">Clique aqui e conhe\u00e7a as propostas<\/a>\n\n\n\n\n<\/div><\/div><\/div><\/div><div class=\"tdm_block td_block_wrap tdm_block_food_menu tdi_73 td-pb-border-top td_block_template_1\"  data-td-block-uid=\"tdi_73\" >\n<style>\n\/* custom css - generated by TagDiv Composer *\/\n.tdi_74 .tdm-food-menu-image{\r\n\t\t\t\t\twidth: 120px;\r\n\t\t\t\t\theight: 120px;\r\n\t\t\t\t}.tdi_74 .tdm-food-menu-image-wrap{\r\n\t\t\t\t    padding-right: 22px;\r\n\t\t\t\t    display: table-cell;\r\n\t\t\t\t\twidth: 120px;\r\n\t\t\t\t}.tdi_74 .tdm-food-menu-details{\r\n\t\t\t\t\tvertical-align: middle;\r\n\t\t\t\t}\n<\/style><div class=\"tdm-food-menu-wrap tdi_74 td-fix-index\"><div class=\"tdm-food-menu-image-wrap\"><div class=\"tdm-food-menu-image\" style=\"background-image: url(https:\/\/www.institutodeengenharia.org.br\/site\/wp-content\/uploads\/2025\/02\/alfredo-petrilli.png);\"><\/div><\/div><div class=\"tdm-food-menu-details\"><div class=\"tdm-food-menu-title-wrap\"><h3 class=\"tdm-title tdm-title-sm\">Alfredo Petrilli Junior<\/h3><div class=\"tdm-food-menu-price\"><span class=\"tdm-food-menu-currency\"><\/span><\/div><\/div><div class=\"tdm-descr\">Nascido em S\u00e3o Carlos, S\u00e3o Paulo, engenheiro Civil formado na Escola de Engenharia da Universidade Mackenzie, em 1975.\nNo Mackenzie tamb\u00e9m foi graduado em Administra\u00e7\u00e3o e engenheiro de Seguran\u00e7a do Trabalho.\nNa Sociedade de Concreto Armado Centrifugado do Brasil (SCAC) trabalhou durante sete anos. Foi diretor-acionista da Araguaia Construtora Brasileira de Rodovias, durante 23 anos, tendo executado diversas obras de Infraestrutura. Para a PMSP, SABESP, DER-SP, diversas prefeituras do interior, pavimenta\u00e7\u00e3o asf\u00e1ltica e saneamento.\nParticipou em diversas entidades, como  APEOP, SINICESP,  Instituto de Engenharia.\nAtualmente, \u00e9 diretor da A.Petrilli  Consultoria Ltda, diversas obras de Engenharia.\n\n\n<\/div><\/div><\/div><\/div><div class=\"tdm_block td_block_wrap tdm_block_food_menu tdi_75 td-pb-border-top td_block_template_1\"  data-td-block-uid=\"tdi_75\" >\n<style>\n\/* custom css - generated by TagDiv Composer *\/\n.tdi_76 .tdm-food-menu-image{\r\n\t\t\t\t\twidth: 120px;\r\n\t\t\t\t\theight: 120px;\r\n\t\t\t\t}.tdi_76 .tdm-food-menu-image-wrap{\r\n\t\t\t\t    padding-right: 22px;\r\n\t\t\t\t    display: table-cell;\r\n\t\t\t\t\twidth: 120px;\r\n\t\t\t\t}.tdi_76 .tdm-food-menu-details{\r\n\t\t\t\t\tvertical-align: middle;\r\n\t\t\t\t}\n<\/style><div class=\"tdm-food-menu-wrap tdi_76 td-fix-index\"><div class=\"tdm-food-menu-image-wrap\"><div class=\"tdm-food-menu-image\" style=\"background-image: url(https:\/\/www.institutodeengenharia.org.br\/site\/wp-content\/uploads\/2025\/03\/foto-cor-1_page-0001.jpg);\"><\/div><\/div><div class=\"tdm-food-menu-details\"><div class=\"tdm-food-menu-title-wrap\"><h3 class=\"tdm-title tdm-title-sm\">Alu\u00edzio Guimar\u00e3es Cupertino<\/h3><div class=\"tdm-food-menu-price\"><span class=\"tdm-food-menu-currency\"><\/span><\/div><\/div><div class=\"tdm-descr\">Engenheiro Mec\u00e2nico EESC USP (1964). Cursos - CEAG \u2013 FGV; 1\u00aa Semana de Engenharia de Produ\u00e7\u00e3o \u2013 EPUSP; Aplica\u00e7\u00e3o da Comput Eletr\u00f4n na Engenharia Rodovi\u00e1ria \u2013 IPR; Sistema Administrat. para Empresas de Constru\u00e7\u00e3o Civil \u2013 EPUSP\/IPT; Programa de Desenvolvimento Gerencial \u2013 FGV. No exterior, Caterpillar \u2013 PEORIA\/USA; Power and Industrial Division \u2013 GM\/Inglaterra; Terex  \u2013 GM\/Esc\u00f3cia\nExperi\u00eancia profissional - Azevedo & Travassos de 1965 a 2019, de rec\u00e9m-formado a vice-presidente; presidente do SINICESP - dois mandatos (Sindicato da Ind\u00fastria da Constru\u00e7\u00e3o Pesada); vice-presidente da CBIC - dois mandatos, e membro do Conselho \u2013 SINICESP.\n\n\n<\/div><\/div><\/div><\/div><div class=\"tdm_block td_block_wrap tdm_block_food_menu tdi_77 td-pb-border-top td_block_template_1\"  data-td-block-uid=\"tdi_77\" >\n<style>\n\/* custom css - generated by TagDiv Composer *\/\n.tdi_78 .tdm-food-menu-image{\r\n\t\t\t\t\twidth: 130px;\r\n\t\t\t\t\theight: 130px;\r\n\t\t\t\t}.tdi_78 .tdm-food-menu-image-wrap{\r\n\t\t\t\t    padding-right: 22px;\r\n\t\t\t\t    display: table-cell;\r\n\t\t\t\t\twidth: 130px;\r\n\t\t\t\t}.tdi_78 .tdm-food-menu-details{\r\n\t\t\t\t\tvertical-align: middle;\r\n\t\t\t\t}\n<\/style><div class=\"tdm-food-menu-wrap tdi_78 td-fix-index\"><div class=\"tdm-food-menu-image-wrap\"><div class=\"tdm-food-menu-image\" style=\"background-image: url(https:\/\/www.institutodeengenharia.org.br\/site\/wp-content\/uploads\/2025\/03\/Foto-NGI-07022019A.jpg);\"><\/div><\/div><div class=\"tdm-food-menu-details\"><div class=\"tdm-food-menu-title-wrap\"><h3 class=\"tdm-title tdm-title-sm\">Am\u00e2ndio Martins<\/h3><div class=\"tdm-food-menu-price\"><span class=\"tdm-food-menu-currency\"><\/span><\/div><\/div><div class=\"tdm-descr\">Engenheiro civil pela FAAP, desde 1983. \u00c9 professor da Escola Superior de Gest\u00e3o e Contas e Assessor da Presid\u00eancia do Tribunal de Contas do Munic\u00edpio de S\u00e3o Paulo. Efetivo na carreira da Prefeitura Municipal de S\u00e3o Paulo desde 1992 onde exerceu o cargo de Subprefeito da Lapa, Prefeito Regional do Ipiranga e Secret\u00e1rio-Adjunto da Secretaria Municipal de Esportes e Lazer. No Instituto de Engenharia, ocupou a diretoria Social do Acampamento, de F\u00f3rum de Debates e de Eventos; Vice-Presidente de Assuntos Internos e de Rela\u00e7\u00f5es Externas; e membro do Conselho Deliberativo em diversas ocasi\u00f5es. \u00c9 membro vital\u00edcio do seu Conselho Consultivo. Criou a Diretoria Jovem. Foi agraciado com o pr\u00eamio de Melhor Trabalho do Ano analisando temas de interesse do setor p\u00fablico nos anos de 2014 e 2016. Exerceu a presid\u00eancia da Associa\u00e7\u00e3o de Engenheiros e Arquitetos do Ipiranga (aeaip). \u00c9 um dos fundadores da Associa\u00e7\u00e3o de Engenheiros Esp\u00edritas do Estado de S\u00e3o Paulo (Aseespi).\n<\/div><\/div><\/div><\/div><div class=\"tdm_block td_block_wrap tdm_block_food_menu tdi_79 td-pb-border-top td_block_template_1\"  data-td-block-uid=\"tdi_79\" >\n<style>\n\/* custom css - generated by TagDiv Composer *\/\n.tdi_80 .tdm-food-menu-image{\r\n\t\t\t\t\twidth: 125px;\r\n\t\t\t\t\theight: 125px;\r\n\t\t\t\t}.tdi_80 .tdm-food-menu-image-wrap{\r\n\t\t\t\t    padding-right: 22px;\r\n\t\t\t\t    display: table-cell;\r\n\t\t\t\t\twidth: 125px;\r\n\t\t\t\t}.tdi_80 .tdm-food-menu-details{\r\n\t\t\t\t\tvertical-align: middle;\r\n\t\t\t\t}\n<\/style><div class=\"tdm-food-menu-wrap tdi_80 td-fix-index\"><div class=\"tdm-food-menu-image-wrap\"><div class=\"tdm-food-menu-image\" style=\"background-image: url(https:\/\/www.institutodeengenharia.org.br\/site\/wp-content\/uploads\/2025\/03\/angelo-zanini-2025.png);\"><\/div><\/div><div class=\"tdm-food-menu-details\"><div class=\"tdm-food-menu-title-wrap\"><h3 class=\"tdm-title tdm-title-sm\">Angelo Sebasti\u00e3o Zanini<\/h3><div class=\"tdm-food-menu-price\"><span class=\"tdm-food-menu-currency\"><\/span><\/div><\/div><div class=\"tdm-descr\">Doutor e Mestre em Engenharia (ITA) (1993 e 1999). Engenhario El\u00e9trica pela E. E. Mau\u00e1 (1984) e v\u00e1rios cursos de extens\u00e3o, aperfei\u00e7oamento e eventos. Empreendedor, co-fundou e administrou empresas de inova\u00e7\u00e3o: Sumus (www.sumus.com.br), SCUA (www.scua.com.br), Geovista (www.geovista.com.br) e Intelicity (inteli.city). S\u00f3lida experi\u00eancia como gestor acad\u00eamico, como diretor da Fac. de Engenharia e Computa\u00e7\u00e3o da Univ. S\u00e3o Judas e atualmente coordenador do curso de Eng. de Computa\u00e7\u00e3o do Instituto Mau\u00e1 de Tecnologia e do N\u00facleo de Empreendedorismo.\n\nFoi diretor para assuntos acad\u00eamicos do IE para qualidade no ensino de engenharia. Conselheiro do CREA-SP por dois mandatos e membro da Comiss\u00e3o de Especialistas MEC\/INEP \u2013 ENADE 2017 e 2023.\n\nhttp:\/\/lattes.cnpq. br\/489907963058247\n\nLinkedin - linkedin.com\/in\/anzanini\n\n\n<br \/><br \/><a href=\"https:\/\/www.institutodeengenharia.org.br\/site\/wp-content\/uploads\/2025\/03\/propostas-zanini.pdf\" target=\"_blank\">Clique aqui e conhe\u00e7a as propostas<\/a>\n\n\n<\/div><\/div><\/div><\/div><div class=\"tdm_block td_block_wrap tdm_block_food_menu tdi_81 td-pb-border-top td_block_template_1\"  data-td-block-uid=\"tdi_81\" >\n<style>\n\/* custom css - generated by TagDiv Composer *\/\n.tdi_82 .tdm-food-menu-image{\r\n\t\t\t\t\twidth: 120px;\r\n\t\t\t\t\theight: 120px;\r\n\t\t\t\t}.tdi_82 .tdm-food-menu-image-wrap{\r\n\t\t\t\t    padding-right: 22px;\r\n\t\t\t\t    display: table-cell;\r\n\t\t\t\t\twidth: 120px;\r\n\t\t\t\t}.tdi_82 .tdm-food-menu-details{\r\n\t\t\t\t\tvertical-align: middle;\r\n\t\t\t\t}\n<\/style><div class=\"tdm-food-menu-wrap tdi_82 td-fix-index\"><div class=\"tdm-food-menu-image-wrap\"><div class=\"tdm-food-menu-image\" style=\"background-image: url(https:\/\/www.institutodeengenharia.org.br\/site\/wp-content\/uploads\/2023\/02\/CPMN-PHOTO.png);\"><\/div><\/div><div class=\"tdm-food-menu-details\"><div class=\"tdm-food-menu-title-wrap\"><h3 class=\"tdm-title tdm-title-sm\">Carlos Pereira de Magalh\u00e3es Neto <\/h3><div class=\"tdm-food-menu-price\"><span class=\"tdm-food-menu-currency\"><\/span><\/div><\/div><div class=\"tdm-descr\">Engenheiro Civil (Mackenzie) e s\u00f3cio-remido do IE. Foi professor de C\u00e1lculo de Estruturas de Concreto \u2013 assistente \u2013 no Mackenzie e, na FAAP, titular\/adjunto. P\u00f3s-graduado (Escola Superior de Guerra). Trabalhou em diversos cargos em: Escr. Arthur Luiz Pitta, Engevix, Internacio nal de Engenharia, Camargo Corr\u00eaa, Odebrecht, SKANSKA e Macken zie. Atualmente, \u00e9 assessor-T\u00e9cnico do Gabinete da Secretaria de Esportes do Governo Estadual. Participa\u00e7\u00f5es em diversos projetos e obras de infraestrutura, tais como aeroportos de Cumbica, Gale\u00e3o e S\u00e3o Luiz; Porto de Santos e S\u00e3o Luiz; Metr\u00f4s de SP, Porto Alegre, Belo Horizonte e Salvador; Usinas hidro e termoel\u00e9tricas de Tucuru\u00ed, Angra dos Reis, Chapec\u00f3, Belo Monte, Serop\u00e9dica etc. Participa\u00e7\u00f5es em diversos projetos industriais, tais como: Continental de Pneus (na Alemanha), Veracel, Degus-sa, Hexal, Ford, Hyundai, Unilever, Trw, Pirelli etc. Respons\u00e1vel t\u00e9cnico da obra da Arena Corinthians, como representante do clube junto \u00e0 CNO.<\/div><\/div><\/div><\/div><div class=\"tdm_block td_block_wrap tdm_block_food_menu tdi_83 td-pb-border-top td_block_template_1\"  data-td-block-uid=\"tdi_83\" >\n<style>\n\/* custom css - generated by TagDiv Composer *\/\n.tdi_84 .tdm-food-menu-image{\r\n\t\t\t\t\twidth: 120px;\r\n\t\t\t\t\theight: 120px;\r\n\t\t\t\t}.tdi_84 .tdm-food-menu-image-wrap{\r\n\t\t\t\t    padding-right: 22px;\r\n\t\t\t\t    display: table-cell;\r\n\t\t\t\t\twidth: 120px;\r\n\t\t\t\t}.tdi_84 .tdm-food-menu-details{\r\n\t\t\t\t\tvertical-align: middle;\r\n\t\t\t\t}\n<\/style><div class=\"tdm-food-menu-wrap tdi_84 td-fix-index\"><div class=\"tdm-food-menu-image-wrap\"><div class=\"tdm-food-menu-image\" style=\"background-image: url(https:\/\/www.institutodeengenharia.org.br\/site\/wp-content\/uploads\/2020\/02\/flavia_cruz.jpg);\"><\/div><\/div><div class=\"tdm-food-menu-details\"><div class=\"tdm-food-menu-title-wrap\"><h3 class=\"tdm-title tdm-title-sm\">Fl\u00e1via Bartkevicius Cruz\n<\/h3><div class=\"tdm-food-menu-price\"><span class=\"tdm-food-menu-currency\"><\/span><\/div><\/div><div class=\"tdm-descr\">Engenheira Eletricista-Eletr\u00f4nica pela Escola de Engenharia Mau\u00e1, Especializa\u00e7\u00e3o em Engenharia Ferrovi\u00e1ria e Metroferrovi\u00e1ria pela mesma escola. Possui tamb\u00e9m especializa\u00e7\u00e3o Empreendedorismo e Inova\u00e7\u00e3o nas Engenharias (parceria UNESP\/CREA\/UNIVESP). Atua no IE desde 2015, foi Coordenadora da Divis\u00e3o T\u00e9cnica de Telecomunica\u00e7\u00f5es at\u00e9 2024, tendo sido a respons\u00e1vel pela realiza\u00e7\u00e3o de tr\u00eas Semin\u00e1rios referentes \u00e0 Internet das Coisas nos anos de 2016 (A Revolu\u00e7\u00e3o das Coisas), 2017 (Ind\u00fastria 4.0) e 2018 (Agricultura 4.0). Al\u00e9m de palestras sobre Intelig\u00eancia Artificial e Eletr\u00f4nica. Foi a respons\u00e1vel pela cria\u00e7\u00e3o do Grupo de Mulheres do IE (COMET \u2013 Comit\u00ea para Valoriza\u00e7\u00e3o das Mulheres na Engenharia e Tecnologia), grupo que tem atra\u00eddo mais associadas para o Instituto e respons\u00e1vel pela realiza\u00e7\u00e3o nos anos de 2019 e 2020 do evento \u201cPassado, Presente e Futuro da Engenharia\u201d, al\u00e9m da participa\u00e7\u00e3o em Semanas de Engenharia das Escolas de Engenharia apresentando o Instituto e da participa\u00e7\u00e3o na Jornada de Engenharia, Carreiras e Profiss\u00f5es com foco na atra\u00e7\u00e3o de mais jovens e mulheres para o IE. Nos quatro \u00faltimos anos, como vice-presidente de Assuntos Internos fechou acordos de parcerias com os concession\u00e1rios do Beach Tennis (o day use gratuito para s\u00f3cios nas sextas-feiras no per\u00edodo da tarde e noite) e Restaurante. (desconto para o associado no consumo). Em sua gest\u00e3o, em parceria com a vice-presid\u00eancia de Atividades T\u00e9cnicas, manteve a realiza\u00e7\u00e3o das reuni\u00f5es de Happy Hour, do Grupo de Mulheres e o grupo de Jovens do IE, al\u00e9m de ter criado o Programa IE Solid\u00e1rio no sentido de auxiliar no combate \u00e0 fome em nosso pa\u00eds, mostrando assim tamb\u00e9m a responsabilidade social do Instituto.<\/div><\/div><\/div><\/div><div class=\"tdm_block td_block_wrap tdm_block_food_menu tdi_85 td-pb-border-top td_block_template_1\"  data-td-block-uid=\"tdi_85\" >\n<style>\n\/* custom css - generated by TagDiv Composer *\/\n.tdi_86 .tdm-food-menu-image{\r\n\t\t\t\t\twidth: 120px;\r\n\t\t\t\t\theight: 120px;\r\n\t\t\t\t}.tdi_86 .tdm-food-menu-image-wrap{\r\n\t\t\t\t    padding-right: 22px;\r\n\t\t\t\t    display: table-cell;\r\n\t\t\t\t\twidth: 120px;\r\n\t\t\t\t}.tdi_86 .tdm-food-menu-details{\r\n\t\t\t\t\tvertical-align: middle;\r\n\t\t\t\t}\n<\/style><div class=\"tdm-food-menu-wrap tdi_86 td-fix-index\"><div class=\"tdm-food-menu-image-wrap\"><div class=\"tdm-food-menu-image\" style=\"background-image: url(https:\/\/www.institutodeengenharia.org.br\/site\/wp-content\/uploads\/2023\/02\/IMG_4842.jpg);\"><\/div><\/div><div class=\"tdm-food-menu-details\"><div class=\"tdm-food-menu-title-wrap\"><h3 class=\"tdm-title tdm-title-sm\"><div id=\"georgepauluspereiradias\"><\/div>\nGeorge Paulus Dias<\/h3><div class=\"tdm-food-menu-price\"><span class=\"tdm-food-menu-currency\"><\/span><\/div><\/div><div class=\"tdm-descr\">Iniciou sua carreira na Engenharia como consultor nas \u00e1reas de Gest\u00e3o da Cadeia de Suprimentos e de Gerenciamento de Empreendimentos. Atua como empres\u00e1rio na \u00e1rea de Intelig\u00eancia Artificial e de Software. Empreende o sistema aprendizado com jogos de empresas salaVIVA.com.br e o software de gerenciamento de projetos GP3.com.br.\nT\u00e9cnico em Eletr\u00f4nica pelo Liceu de Artes e Of\u00edcios e engenheiro de Produ\u00e7\u00e3o pela POLI\u2011USP. Certified in Production and Inventory Management (CPIM) pela APICS - Association for Operations Management. Paralelamente \u00e0 carreira de empreendedor, acumula 20 anos de experi\u00eancia como docente em cursos de gradua\u00e7\u00e3o e p\u00f3s-gradua\u00e7\u00e3o.\nPelo Instituto de Engenharia atua como vice-coordenador da DT de Inova\u00e7\u00e3o para Economia do Conhecimento e Educa\u00e7\u00e3o e coordenador do GT de Bioeconomia Nacional\n\n<\/div><\/div><\/div><\/div><div class=\"tdm_block td_block_wrap tdm_block_food_menu tdi_87 td-pb-border-top td_block_template_1\"  data-td-block-uid=\"tdi_87\" >\n<style>\n\/* custom css - generated by TagDiv Composer *\/\n.tdi_88 .tdm-food-menu-image{\r\n\t\t\t\t\twidth: 120px;\r\n\t\t\t\t\theight: 120px;\r\n\t\t\t\t}.tdi_88 .tdm-food-menu-image-wrap{\r\n\t\t\t\t    padding-right: 22px;\r\n\t\t\t\t    display: table-cell;\r\n\t\t\t\t\twidth: 120px;\r\n\t\t\t\t}.tdi_88 .tdm-food-menu-details{\r\n\t\t\t\t\tvertical-align: middle;\r\n\t\t\t\t}\n<\/style><div class=\"tdm-food-menu-wrap tdi_88 td-fix-index\"><div class=\"tdm-food-menu-image-wrap\"><div class=\"tdm-food-menu-image\" style=\"background-image: url(https:\/\/www.institutodeengenharia.org.br\/site\/wp-content\/uploads\/2025\/02\/habib-1.jpeg);\"><\/div><\/div><div class=\"tdm-food-menu-details\"><div class=\"tdm-food-menu-title-wrap\"><h3 class=\"tdm-title tdm-title-sm\">Habib Georges J. Neto<\/h3><div class=\"tdm-food-menu-price\"><span class=\"tdm-food-menu-currency\"><\/span><\/div><\/div><div class=\"tdm-descr\">Engenheiro Civil, formado pela UFPR, mestrando em Engenharia Civil na Universidade S\u00e3o Judas Tadeus e s\u00f3cio do Prof. Roberto Kochen na empresa GeoCompany. S\u00f3cio do Instituto de Engenharia desde 2009, tendo servido ao IE como Vice-Diretor de Infraestrutura, Coordenador da divis\u00e3o de Geotecnia, 2\u00ba Diretor Secret\u00e1rio na Diretoria Executiva, Conselheiro Deliberativo e Consultivo. \u00c9 tamb\u00e9m s\u00f3cio da ABMS e do CBT.\n\n\n<br \/><br \/><a href=\"https:\/\/www.institutodeengenharia.org.br\/site\/wp-content\/uploads\/2025\/02\/Prezados-colegas-do-Instituto-de-Engenharia.pdf\" target=\"_blank\">Clique aqui e conhe\u00e7a as propostas<\/a><\/div><\/div><\/div><\/div><div class=\"tdm_block td_block_wrap tdm_block_food_menu tdi_89 td-pb-border-top td_block_template_1\"  data-td-block-uid=\"tdi_89\" >\n<style>\n\/* custom css - generated by TagDiv Composer *\/\n.tdi_90 .tdm-food-menu-image{\r\n\t\t\t\t\twidth: 120px;\r\n\t\t\t\t\theight: 120px;\r\n\t\t\t\t}.tdi_90 .tdm-food-menu-image-wrap{\r\n\t\t\t\t    padding-right: 22px;\r\n\t\t\t\t    display: table-cell;\r\n\t\t\t\t\twidth: 120px;\r\n\t\t\t\t}.tdi_90 .tdm-food-menu-details{\r\n\t\t\t\t\tvertical-align: middle;\r\n\t\t\t\t}\n<\/style><div class=\"tdm-food-menu-wrap tdi_90 td-fix-index\"><div class=\"tdm-food-menu-image-wrap\"><div class=\"tdm-food-menu-image\" style=\"background-image: url(https:\/\/www.institutodeengenharia.org.br\/site\/wp-content\/uploads\/2025\/03\/foto-dr.jpg);\"><\/div><\/div><div class=\"tdm-food-menu-details\"><div class=\"tdm-food-menu-title-wrap\"><h3 class=\"tdm-title tdm-title-sm\">Luiz Felipe Proost de Souza<\/h3><div class=\"tdm-food-menu-price\"><span class=\"tdm-food-menu-currency\"><\/span><\/div><\/div><div class=\"tdm-descr\">Engenheiro Civil (E.E.Mackenzie 1970), Agrimensor e de Seguran\u00e7a do Trabalho, Administrador (F.E.A. Mackenzie), p\u00f3s- graduado em Gest\u00e3o Ambiental (USP), Mestre em Saneamento Ambiental (Mackenzie), Membro dos Conselhos Deliberativo e Consultivo do Instituto de Engenharia. Professor das Escolas de Engenharia Mackenzie, S\u00e3o Judas, Santa Cec\u00edlia, FAAP. Engenheiro consultor e perito judicial. Diretor da Proost Engenharia de Avalia\u00e7\u00f5es. Ex-presidente do CDE. Exerceu por quatro mandatos como conselheiro do CREA\/SP, atual vice-presidente do Conselho Consultivo e cronista da Revista Engenharia do IE.\n\n\n\n<br \/><br \/><a href=\"https:\/\/www.institutodeengenharia.org.br\/site\/wp-content\/uploads\/2025\/03\/PROPOSTA-DO-CANDIDATO-ENG.pdf\">Clique aqui e conhe\u00e7a as propostas<\/a><\/div><\/div><\/div><\/div><div class=\"tdm_block td_block_wrap tdm_block_food_menu tdi_91 td-pb-border-top td_block_template_1\"  data-td-block-uid=\"tdi_91\" >\n<style>\n\/* custom css - generated by TagDiv Composer *\/\n.tdi_92 .tdm-food-menu-image{\r\n\t\t\t\t\twidth: 120px;\r\n\t\t\t\t\theight: 120px;\r\n\t\t\t\t\r\n\t\t\t\t\tborder-radius: 30;\r\n\t\t\t\t}.tdi_92 .tdm-food-menu-image-wrap{\r\n\t\t\t\t    padding-right: 30px;\r\n\t\t\t\t    display: table-cell;\r\n\t\t\t\t\twidth: 120px;\r\n\t\t\t\t}.tdi_92 .tdm-food-menu-details{\r\n\t\t\t\t\tvertical-align: middle;\r\n\t\t\t\t}\n<\/style><div class=\"tdm-food-menu-wrap tdi_92 td-fix-index\"><div class=\"tdm-food-menu-image-wrap\"><div class=\"tdm-food-menu-image\" style=\"background-image: url(https:\/\/www.institutodeengenharia.org.br\/site\/wp-content\/uploads\/2025\/02\/marcelosilva-scaled.jpg);\"><\/div><\/div><div class=\"tdm-food-menu-details\"><div class=\"tdm-food-menu-title-wrap\"><h3 class=\"tdm-title tdm-title-sm\">Marcelo Stachow Machado da Silva<\/h3><div class=\"tdm-food-menu-price\"><span class=\"tdm-food-menu-currency\"><\/span><\/div><\/div><div class=\"tdm-descr\">Engenheiro Civil pela Universidade Federal da Bahia; conclus\u00e3o 1988, MBA em Gest\u00e3o Empresarial pela Funda\u00e7\u00e3o Get\u00falio Vargas (FGV)\nConselheiro da Rodovia dos Tamoios e Timbauba Fruticultura; diretor DKM Consultoria ; assessor da Presid\u00eancia QGSA; diretor-presidente da Concession\u00e1ria TAMOIOS-dezembro de 2014 a abril 2023; presidente do Conselho de Administra\u00e7\u00e3o da CRT \u2013 Concession\u00e1ria Rio-Teres\u00f3polis 2016 a 2018; diretor da ABCR 2016 a 2018; diretor-presidente da VIAPAR de janeiro 2009 a dezembro de 2014. \nLarga experi\u00eancia em Constru\u00e7\u00e3o Pesada, principalmente de rodovias no Brasil e na Am\u00e9rica Latina em grandes empreiteiras brasileiras, e 25 anos de experi\u00eancia em concess\u00f5es de rodovias no Brasil.\n\n\n<\/div><\/div><\/div><\/div><div class=\"tdm_block td_block_wrap tdm_block_food_menu tdi_93 td-pb-border-top td_block_template_1\"  data-td-block-uid=\"tdi_93\" >\n<style>\n\/* custom css - generated by TagDiv Composer *\/\n.tdi_94 .tdm-food-menu-image{\r\n\t\t\t\t\twidth: 120px;\r\n\t\t\t\t\theight: 120px;\r\n\t\t\t\t}.tdi_94 .tdm-food-menu-image-wrap{\r\n\t\t\t\t    padding-right: 22px;\r\n\t\t\t\t    display: table-cell;\r\n\t\t\t\t\twidth: 120px;\r\n\t\t\t\t}.tdi_94 .tdm-food-menu-details{\r\n\t\t\t\t\tvertical-align: middle;\r\n\t\t\t\t}\n<\/style><div class=\"tdm-food-menu-wrap tdi_94 td-fix-index\"><div class=\"tdm-food-menu-image-wrap\"><div class=\"tdm-food-menu-image\" style=\"background-image: url(https:\/\/www.institutodeengenharia.org.br\/site\/wp-content\/uploads\/2025\/02\/Massimo-Giavina.jpeg);\"><\/div><\/div><div class=\"tdm-food-menu-details\"><div class=\"tdm-food-menu-title-wrap\"><h3 class=\"tdm-title tdm-title-sm\">Massimo Andrea Giavina Bianchi<\/h3><div class=\"tdm-food-menu-price\"><span class=\"tdm-food-menu-currency\"><\/span><\/div><\/div><div class=\"tdm-descr\">Engenheiro pela Escola Polit\u00e9cnica de Mil\u00e3o - It\u00e1lia \u2013 1971, P\u00f3s-gradua\u00e7\u00e3o na Funda\u00e7\u00e3o Get\u00falio Vargas \u2013 1980, T\u00e9cnicas de Negocia\u00e7\u00e3o - IREFOP Fran\u00e7a - 1986\nFoi presidente e ropriet\u00e1rio da Trans Sistemas de Transportes Ltda. (T\u2019TRANS); exerceu os cargos de presidente da Gec Alstom Transporte do Brasil e vice-presidente da CMW Equipamentos S.A; atuou em diversas empresas de consultoria, entre elas:  Enerconsult, Figueiredo Ferraz, Engevix etc. Atua h\u00e1 mais de 50 anos no setor de Transportes Metroferrovi\u00e1rios.\nParticipou em v\u00e1rios projetos, como consultor e\/ou fornecedor, do setor Metroferrovi\u00e1rio, entre os quais:\nBrasil: Metr\u00f4s de S\u00e3o Paulo, Rio de Janeiro e Bras\u00edlia, CPTM e CENTRAL.  CVRD (Caraj\u00e1s), Ferrovia do A\u00e7o, Demetr\u00f4, Trensurb, Metrorec, etc; Argentina: Metrovias; Chile: Metr\u00f4 de Santiago.\nRealizou v\u00e1rias palestras e artigos publicados no Brasil e no exterior sobre      log\u00edstica de transporte e setor Metroferrovi\u00e1rio brasileiro.\nPrimeiro vice-presidente do SIMEFRE; membro do Conselho Superior de Infraestrutura da FIESP; membro do Conselho Superior do SESI\/SP, desde 2012; foi membro do CAP - Conselho de Autoridade Portu\u00e1ria do Porto de Santos; foi presidente da ABIFER, no per\u00edodo de 1995 a 1998; foi Membro da Junta Consultiva da ALAF, representando a Ind\u00fastria Brasileira.\n\n\n<\/div><\/div><\/div><\/div><div class=\"tdm_block td_block_wrap tdm_block_food_menu tdi_95 td-pb-border-top td_block_template_1\"  data-td-block-uid=\"tdi_95\" >\n<style>\n\/* custom css - generated by TagDiv Composer *\/\n.tdi_96 .tdm-food-menu-image{\r\n\t\t\t\t\twidth: 120px;\r\n\t\t\t\t\theight: 120px;\r\n\t\t\t\t}.tdi_96 .tdm-food-menu-image-wrap{\r\n\t\t\t\t    padding-right: 22px;\r\n\t\t\t\t    display: table-cell;\r\n\t\t\t\t\twidth: 120px;\r\n\t\t\t\t}.tdi_96 .tdm-food-menu-details{\r\n\t\t\t\t\tvertical-align: middle;\r\n\t\t\t\t}\n<\/style><div class=\"tdm-food-menu-wrap tdi_96 td-fix-index\"><div class=\"tdm-food-menu-image-wrap\"><div class=\"tdm-food-menu-image\" style=\"background-image: url(https:\/\/www.institutodeengenharia.org.br\/site\/wp-content\/uploads\/2023\/02\/Natalia-Linhares.jpeg);\"><\/div><\/div><div class=\"tdm-food-menu-details\"><div class=\"tdm-food-menu-title-wrap\"><h3 class=\"tdm-title tdm-title-sm\">Nat\u00e1lia Linhares<\/h3><div class=\"tdm-food-menu-price\"><span class=\"tdm-food-menu-currency\"><\/span><\/div><\/div><div class=\"tdm-descr\">Engenheira Civil Especialista em Patologia nas Obras Civis\n\nTecn\u00f3loga em Constru\u00e7\u00e3o Civil modalidade Edif\u00edcios pela FATEC-SP\n\nP\u00f3s-graduanda em Sistemas Estruturais\n\nExtens\u00e3o em Deteriora\u00e7\u00e3o em Estruturas de Concreto por Rea\u00e7\u00f5es Expansivas e Intera\u00e7\u00f5es F\u00edsicas; Projeto de Durabilidade e T\u00e9cnicas de Avalia\u00e7\u00e3o, Reabilita\u00e7\u00e3o e Monitoramento em Estruturas de Concreto Armado; Ensaios Diagn\u00f3sticos: t\u00e9cnicas executivas, amostrais, an\u00e1lise e interpreta\u00e7\u00e3o de resultados; Pr\u00e1tica em Laborat\u00f3rio da UFBA em Projeto de Durabilidade e T\u00e9cnicas de Avalia\u00e7\u00e3o, Reabilita\u00e7\u00e3o e Monitoramento em Estruturas de Concreto Armado\n\nInspetor I em Estruturas de Concreto \u2013 IBRACON \u2013 2019\/2024 \u2013 PC09Q110005\n\nInspetor II em Estrutura de Concreto \u2013 IBRACON \u2013 2025\/2030 \u2013 PC09Q120008\n\nCoautora do livro Manual de Engenharia Diagn\u00f3stica 2\u00aaed \u2013 Cap\u00edtulo Patologia em Estruturas de Concreto\n\nProfessora de p\u00f3s-gradua\u00e7\u00e3o em Patologia das Constru\u00e7\u00f5es na IPOS Instituto de Especializa\u00e7\u00e3o, Universidade Estadual de Londrina e EBP\u00d3S Escola de P\u00f3s Gradua\u00e7\u00e3o\n\nMembro da Divis\u00e3o T\u00e9cnica de Engenharia Diagn\u00f3stica do Instituto de Engenharia de S\u00e3o Paulo\n\nConselheira Diretiva do Instituto de Engenharia de S\u00e3o Paulo\n\nMembro da Associa\u00e7\u00e3o Brasileira de Patologia das Constru\u00e7\u00f5es \u2013 ALCONPAT\n\nMembro do Instituto Brasileiro do Concreto \u2013 IBRACON<\/div><\/div><\/div><\/div><div class=\"tdm_block td_block_wrap tdm_block_food_menu tdi_97 td-pb-border-top td_block_template_1\"  data-td-block-uid=\"tdi_97\" >\n<style>\n\/* custom css - generated by TagDiv Composer *\/\n.tdi_98 .tdm-food-menu-image{\r\n\t\t\t\t\twidth: 120px;\r\n\t\t\t\t\theight: 120px;\r\n\t\t\t\t}.tdi_98 .tdm-food-menu-image-wrap{\r\n\t\t\t\t    padding-right: 22px;\r\n\t\t\t\t    display: table-cell;\r\n\t\t\t\t\twidth: 120px;\r\n\t\t\t\t}.tdi_98 .tdm-food-menu-details{\r\n\t\t\t\t\tvertical-align: middle;\r\n\t\t\t\t}\n<\/style><div class=\"tdm-food-menu-wrap tdi_98 td-fix-index\"><div class=\"tdm-food-menu-image-wrap\"><div class=\"tdm-food-menu-image\" style=\"background-image: url(https:\/\/www.institutodeengenharia.org.br\/site\/wp-content\/uploads\/2025\/01\/watanabe.png);\"><\/div><\/div><div class=\"tdm-food-menu-details\"><div class=\"tdm-food-menu-title-wrap\"><h3 class=\"tdm-title tdm-title-sm\">Roberto Massaru Watanabe<\/h3><div class=\"tdm-food-menu-price\"><span class=\"tdm-food-menu-currency\"><\/span><\/div><\/div><div class=\"tdm-descr\">Engenheiro Civil \u2013 EPUSP\/1972.\nEmpresas: THEMAG 72-84; HIDROCONSULT 76; IPT \u2013 N\u00facleo de Computa\u00e7\u00e3o Eletr\u00f4nica 85-89 - Laborat\u00f3rio de Constru\u00e7\u00e3o Civil 90-93; SABESP 2009 Concursado; TRT 15\u00aa Regi\u00e3o - Projetos e Obras \u2013 Concursado de 2015 a 2021-Aposentadoria Compuls\u00f3ria.\nCorretor de Seguros habilitado pela SUSEP \u2013 Todos os Ramos.\nProfessor de p\u00f3s-gradua\u00e7\u00e3o em Engenharia de Seguran\u00e7a na UNICAMP por 19 anos.\nTRABALHOS:\nEstudo de alternativas para a aplica\u00e7\u00e3o de computadores no tra\u00e7ado da Rodovia dos Imigrantes, trecho da Baixada Santista, THEMAG 1972.\nPlanejamento das Obras Civis e Montagens Sistemas de Abastecimento de \u00c1gua e  Sistema de Disposi\u00e7\u00e3o Final dos Efluentes L\u00edquidos da f\u00e1brica de celulose - ARACRUZ 1976.\nEstudo da estabilidade da Barragem de Terra MD de Ilha Solteira - CESP 1973. Aplica\u00e7\u00e3o pioneira do M\u00e9todo dos Elementos Finitos Tridimensionais, pelo ineditismo o estudo foi apresentado no IX Congresso Brasileiro de Grandes Barragens, 1974 Rio de Janeiro.\nEstudo de Tens\u00f5es nos Pilares dos Vertedouros e nas Tomadas d\u2019\u00c1gua, T\u00fanel de Adu\u00e7\u00e3o da Hidrel\u00e9trica de Ilha Solteira, CESP 1973.\nVistoria T\u00e9cnica em sinistros de rompimento de adutoras e redes de distribui\u00e7\u00e3o da SABESP na Capital e cidades do interior. Mais de 400 casos.\nVerifica\u00e7\u00e3o de Tens\u00f5es em protendidos Trecho Oeste do Rodoanel M\u00e1rio Covas - Serete 71, software pioneiro de C\u00e1lculo de Tens\u00f5es e Deforma\u00e7\u00f5es e tra\u00e7ado dos cabos em Plotter no computador IBM-1130.\nVerifica\u00e7\u00e3o de Tens\u00f5es em protendidos Rodovia dos Imigrantes, trecho da Baixada Santista - THEMAG 1974, software de C\u00e1lculo de Tens\u00f5es e Deforma\u00e7\u00f5es aplica\u00e7\u00e3o nas pontes sobre os rios Casqueiro e Cascalho.\nSimula\u00e7\u00e3o do transporte por rodovia, ferrovia e hidrovia do cimento para ITAIP\u00da - IECO-ELC 1974. Software que otimizava, m\u00eas a m\u00eas, as quantidades de cimento (m\u00e9dia de 50.000 toneladas por m\u00eas) de 138 f\u00e1bricas.\nConsultoria e Orienta\u00e7\u00e3o T\u00e9cnica em pavimenta\u00e7\u00e3o rodovi\u00e1ria para a Pav. Sta Izabel no recapeamento da Rodovia dos Trabalhadores 97-99.\nRepresentante do IPT perante a Secretaria da C&T para o desenvolvimento da Rede de C&T do Estado de S\u00e3o Paulo. Objetivando a integra\u00e7\u00e3o das redes da USP, UNICAMP e UNESP - IPT 86-88.\nRepresentante do IPT perante o MCT p\/ cria\u00e7\u00e3o da BRISA, entidade que congregava fabricantes e grandes usu\u00e1rios para a implanta\u00e7\u00e3o dos padr\u00f5es OSI no Brasil. IPT, 87-90. Na BRISA foi o primeiro Diretor T\u00e9cnico como representante do IPT quando trabalhou na implanta\u00e7\u00e3o do Primeiro N\u00d3 da INTERNET no Brasil, mais precisamente na FAPESP.\nEstudo das redes mundiais BITNET e ARPANET. Detalhamento para a INTERNET, na \u00e9poca uma rede interna das for\u00e7as armadas dos EUA (US-ARMY). IPT 87-90.\nMembro da comiss\u00e3o de licita\u00e7\u00f5es publicas par a constru\u00e7\u00e3o da Hidrel\u00e9trica de TUCURU\u00cd e do Sistema de Transmiss\u00e3o Associado. ELETRONORTE 80-82.\nElabora\u00e7\u00e3o de Edital para Licita\u00e7\u00e3o P\u00fablica, recebimento, abertura de propostas e julgamento para execu\u00e7\u00e3o de Projetos, Obras e Fiscaliza\u00e7\u00e3o de obras dos F\u00f3runs Trabalhistas em Ribeir\u00e3o Preto, Itapetininga e Fernand\u00f3polis. TRT-15 2015-2021.\nAtendimento de Desastres de deslizamento de encostas, rompimento de adutoras e coletor tronco e outros sinistros de porte. Estudo sobre seguran\u00e7a \u00e0 popula\u00e7\u00e3o em conjunto com Defesas Civis e Concession\u00e1rias em fun\u00e7\u00e3o de sinistros ocorridos em Osasco, Carapicu\u00edba, Barueri, Jandira, Campo Limpo Paulista, Tabo\u00e3o da Serra, Cotia, S\u00e3o Paulo, Itatiba, Ferraz de Vasconcelos, Caieiras, Bragan\u00e7a Paulista e Paul\u00ednia.\nCurso sobre Escorregamento de Taludes e Deslizamento de Encostas para Defesas Civis como a de Itatiba\/SP e Contagem\/MG.\nCURSOS:\nIrradia\u00e7\u00e3o de Alimentos TNA-5777 de p\u00f3s-gradua\u00e7\u00e3o IPEN\/USP 2023.\nAplica\u00e7\u00e3o de Fontes Intensas de Radia\u00e7\u00e3o TNA-5744 p\u00f3s-gradua\u00e7\u00e3o IPEN\/USP 2023.\nRiscos Ambientais TNA-5766 IPEN\/USP 2023.\nReda\u00e7\u00e3o Cient\u00edfica TNM-5836 p\u00f3s-gradua\u00e7\u00e3o IPEN\/USP 2023.\nT\u00e9cnicas Avan\u00e7adas de Difra\u00e7\u00e3o TNM-5716 p\u00f3s-gradua\u00e7\u00e3o no IPEN\/USP 2023.\n\n\n<\/div><\/div><\/div><\/div><div class=\"tdm_block td_block_wrap tdm_block_food_menu tdi_99 td-pb-border-top td_block_template_1\"  data-td-block-uid=\"tdi_99\" >\n<style>\n\/* custom css - generated by TagDiv Composer *\/\n.tdi_100 .tdm-food-menu-image{\r\n\t\t\t\t\twidth: 120px;\r\n\t\t\t\t\theight: 120px;\r\n\t\t\t\t}.tdi_100 .tdm-food-menu-image-wrap{\r\n\t\t\t\t    padding-right: 22px;\r\n\t\t\t\t    display: table-cell;\r\n\t\t\t\t\twidth: 120px;\r\n\t\t\t\t}.tdi_100 .tdm-food-menu-details{\r\n\t\t\t\t\tvertical-align: middle;\r\n\t\t\t\t}\n<\/style><div class=\"tdm-food-menu-wrap tdi_100 td-fix-index\"><div class=\"tdm-food-menu-image-wrap\"><div class=\"tdm-food-menu-image\" style=\"background-image: url(https:\/\/www.institutodeengenharia.org.br\/site\/wp-content\/uploads\/2025\/02\/Foto3x4_Valter-Boulos.jpg);\"><\/div><\/div><div class=\"tdm-food-menu-details\"><div class=\"tdm-food-menu-title-wrap\"><h3 class=\"tdm-title tdm-title-sm\">Valter Boulos<\/h3><div class=\"tdm-food-menu-price\"><span class=\"tdm-food-menu-currency\"><\/span><\/div><\/div><div class=\"tdm-descr\">Engenheiro Civil pela Escola Polit\u00e9cnica da Universidade de S\u00e3o Paulo,\n1969. S\u00f3cio-diretor da Planservi Engenharia Ltda\n\n\n<\/div><\/div><\/div><\/div><div class=\"tdm_block td_block_wrap tdm_block_food_menu tdi_101 td-pb-border-top td_block_template_1\"  data-td-block-uid=\"tdi_101\" >\n<style>\n\/* custom css - generated by TagDiv Composer *\/\n.tdi_102 .tdm-food-menu-image{\r\n\t\t\t\t\twidth: 125px;\r\n\t\t\t\t\theight: 125px;\r\n\t\t\t\t}.tdi_102 .tdm-food-menu-image-wrap{\r\n\t\t\t\t    padding-right: 22px;\r\n\t\t\t\t    display: table-cell;\r\n\t\t\t\t\twidth: 125px;\r\n\t\t\t\t}.tdi_102 .tdm-food-menu-details{\r\n\t\t\t\t\tvertical-align: middle;\r\n\t\t\t\t}\n<\/style><div class=\"tdm-food-menu-wrap tdi_102 td-fix-index\"><div class=\"tdm-food-menu-image-wrap\"><div class=\"tdm-food-menu-image\" style=\"background-image: url(https:\/\/www.institutodeengenharia.org.br\/site\/wp-content\/uploads\/2025\/03\/img-20250219-wa0092_1xT1ufBs.jpg);\"><\/div><\/div><div class=\"tdm-food-menu-details\"><div class=\"tdm-food-menu-title-wrap\"><h3 class=\"tdm-title tdm-title-sm\">Vinicius Silva Caruso<\/h3><div class=\"tdm-food-menu-price\"><span class=\"tdm-food-menu-currency\"><\/span><\/div><\/div><div class=\"tdm-descr\">Engenheiro Civil pela Universidade Presbiteriana Mackenzie e Mestre em Engenharia Civil pela UNICAMP. Trabalha no Tribunal de Contas do Munic\u00edpio de S\u00e3o Paulo e foi assessor da Diretoria na SP Regula, atuando na regula\u00e7\u00e3o de saneamento e res\u00edduos s\u00f3lidos na cidade. Conselheiro do CREA-SP (2023-2025), tamb\u00e9m integra o Conselho Consultivo do Instituto de Engenharia. Teve experi\u00eancias na iniciativa privada em concess\u00f5es rodovi\u00e1rias, projetos de Engenharia, constru\u00e7\u00e3o civil e gerenciamento de obras.  \n\n <br \/><br \/><a href=\"https:\/\/www.institutodeengenharia.org.br\/site\/wp-content\/uploads\/2025\/03\/proposta-vinicius-caruso.pdf\" target=\"_blank\">Clique aqui e conhe\u00e7a as propostas<\/a>\n\n\n<\/div><\/div><\/div><\/div><div class=\"wpb_wrapper td_block_wrap vc_raw_html tdi_104 \"><div class=\"td-fix-index\"><div id=\"conselho-fiscal\"><\/div><\/div><\/div><div class=\"td_block_wrap td_block_title tdi_105 td-pb-border-top td_block_template_13 td-fix-index\"  data-td-block-uid=\"tdi_105\" ><div class=\"td-block-title-wrap\"><h4 class=\"td-block-title td-title-align\"><span>\u25aa\ufe0f Conselho Fiscal<\/span><div class=\"td-block-subtitle\"><\/div><\/h4><\/div><\/div><div class=\"tdm_block td_block_wrap tdm_block_food_menu tdi_106 td-pb-border-top td_block_template_1\"  data-td-block-uid=\"tdi_106\" >\n<style>\n\/* custom css - generated by TagDiv Composer *\/\n.tdi_107 .tdm-food-menu-image{\r\n\t\t\t\t\twidth: 120px;\r\n\t\t\t\t\theight: 120px;\r\n\t\t\t\t}.tdi_107 .tdm-food-menu-image-wrap{\r\n\t\t\t\t    padding-right: 22px;\r\n\t\t\t\t    display: table-cell;\r\n\t\t\t\t\twidth: 120px;\r\n\t\t\t\t}.tdi_107 .tdm-food-menu-details{\r\n\t\t\t\t\tvertical-align: middle;\r\n\t\t\t\t}\n<\/style><div class=\"tdm-food-menu-wrap tdi_107 td-fix-index\"><div class=\"tdm-food-menu-image-wrap\"><div class=\"tdm-food-menu-image\" style=\"background-image: url(https:\/\/www.institutodeengenharia.org.br\/site\/wp-content\/uploads\/2023\/02\/IMG_0161-scaled.jpg);\"><\/div><\/div><div class=\"tdm-food-menu-details\"><div class=\"tdm-food-menu-title-wrap\"><h3 class=\"tdm-title tdm-title-sm\">Aristeu Zensaburro Nakamura<\/h3><div class=\"tdm-food-menu-price\"><span class=\"tdm-food-menu-currency\"><\/span><\/div><\/div><div class=\"tdm-descr\">Engenheiro Civil pela Escola de Engenharia da Universidade Mackenzie ( 1977). No Instituto de Engenharia faz parte do Departamento de Desenvolvimento de Gest\u00e3o e Objetivos , coordenador da Divis\u00e3o de Geom\u00e1tica. Trabalhou nas empresas SCAC \u2013 Sociedade Concreto Armado Centrifugado do Brasil. Projetos, or\u00e7amentos e constru\u00e7\u00e3o: estacas, postes, estruturas pr\u00e9-moldadas em concreto armado centrifugado. Galp\u00f5es Industriais, passarelas e pontes; CPM \u2013 Concreto Pr\u00e9-Moldado. Projetos e or\u00e7amentos: estruturas pr\u00e9-moldadas para galp\u00f5es industriais, passarelas e pontes. Engemarketing. Representa\u00e7\u00f5es comerciais nas \u00e1reas de inform\u00e1tica, m\u00e1rmores e granitos e estruturas pr\u00e9-moldadas. Prefeitura do Munic\u00edpio de S\u00e3o Paulo Secretaria de Gest\u00e3o - SEGES Coordenadoria de Gest\u00e3o do Patrim\u00f4nio Imobili\u00e1rio \u2013 CGPATRI Diretor de Divis\u00e3o T\u00e9cnica \u2013 CGPATRI\/DIPI. Atualmente \u00e9 aposentado na Prefeitura do Munic\u00edpio de S\u00e3o Paulo e empres\u00e1rio.\n\n<\/div><\/div><\/div><\/div><div class=\"tdm_block td_block_wrap tdm_block_food_menu tdi_108 td-pb-border-top td_block_template_1\"  data-td-block-uid=\"tdi_108\" >\n<style>\n\/* custom css - generated by TagDiv Composer *\/\n.tdi_109 .tdm-food-menu-image{\r\n\t\t\t\t\twidth: 120px;\r\n\t\t\t\t\theight: 120px;\r\n\t\t\t\t}.tdi_109 .tdm-food-menu-image-wrap{\r\n\t\t\t\t    padding-right: 22px;\r\n\t\t\t\t    display: table-cell;\r\n\t\t\t\t\twidth: 120px;\r\n\t\t\t\t}.tdi_109 .tdm-food-menu-details{\r\n\t\t\t\t\tvertical-align: middle;\r\n\t\t\t\t}\n<\/style><div class=\"tdm-food-menu-wrap tdi_109 td-fix-index\"><div class=\"tdm-food-menu-image-wrap\"><div class=\"tdm-food-menu-image\" style=\"background-image: url(https:\/\/www.institutodeengenharia.org.br\/site\/wp-content\/uploads\/2023\/02\/Foto_Marcos_Augusto_T_Fontealba_2023_Resolucao_300_DPI.jpg);\"><\/div><\/div><div class=\"tdm-food-menu-details\"><div class=\"tdm-food-menu-title-wrap\"><h3 class=\"tdm-title tdm-title-sm\">Marcos Augusto Toassa Fontealba<\/h3><div class=\"tdm-food-menu-price\"><span class=\"tdm-food-menu-currency\"><\/span><\/div><\/div><div class=\"tdm-descr\">Engenheiro Mec\u00e2nico. Concluiu o Curso em Dezembro de 2013, no Centro Universit\u00e1rio Anhanguera Educacional de S\u00e3o Paulo. Membro do IE - Instituto de Engenharia desde Fevereiro de 2014. Possu\u00ed P\u00f3s-gradua\u00e7\u00e3o - Latu Sensu, nos seguintes cursos: P\u00f3s-Gradua\u00e7\u00e3o em Engenharia Metroferrovi\u00e1ria e Engenharia Ferrovi\u00e1ria; MBA - Gest\u00e3o em Engenharia de Produ\u00e7\u00e3o; P\u00f3s-Gradua\u00e7\u00e3o em Doc\u00eancia no Ensino Superior; P\u00f3s-Gradua\u00e7\u00e3o em EST - Engenharia de Seguran\u00e7a no Trabalho. Atualmente encontra-se trabalhando no Governo do Estado de Mato Grosso - SINFRA\/MT, na Cidade de Cuiab\u00e1\/MT.<\/div><\/div><\/div><\/div><div class=\"tdm_block td_block_wrap tdm_block_food_menu tdi_110 td-pb-border-top td_block_template_1\"  data-td-block-uid=\"tdi_110\" >\n<style>\n\/* custom css - generated by TagDiv Composer *\/\n.tdi_111 .tdm-food-menu-image{\r\n\t\t\t\t\twidth: 120px;\r\n\t\t\t\t\theight: 120px;\r\n\t\t\t\t}.tdi_111 .tdm-food-menu-image-wrap{\r\n\t\t\t\t    padding-right: 22px;\r\n\t\t\t\t    display: table-cell;\r\n\t\t\t\t\twidth: 120px;\r\n\t\t\t\t}.tdi_111 .tdm-food-menu-details{\r\n\t\t\t\t\tvertical-align: middle;\r\n\t\t\t\t}\n<\/style><div class=\"tdm-food-menu-wrap tdi_111 td-fix-index\"><div class=\"tdm-food-menu-image-wrap\"><div class=\"tdm-food-menu-image\" style=\"background-image: url(https:\/\/www.institutodeengenharia.org.br\/site\/wp-content\/uploads\/2023\/03\/miguel-morataenviada-por-ele.png);\"><\/div><\/div><div class=\"tdm-food-menu-details\"><div class=\"tdm-food-menu-title-wrap\"><h3 class=\"tdm-title tdm-title-sm\">Miguel Tadeu Campos Morata<\/h3><div class=\"tdm-food-menu-price\"><span class=\"tdm-food-menu-currency\"><\/span><\/div><\/div><div class=\"tdm-descr\">Engenheiro Qu\u00edmico \u2013 P\u00f3s -graduado em Gest\u00e3o Ambiental; Bacharel em Direito                      \nMatriculado no Instituto Brasileiro de Avalia\u00e7\u00f5es e Per\u00edcias de Engenharia de S\u00e3o Paulo \u2013 IBAPE - SP Sob n\u00ba 1.430. \nMatriculado no Matriculado na Ordem dos Peritos Do Brasil \u2013 OPERB, Sob n\u00ba 15.061\/SP.  \nMatriculado no Instituto de Engenharia de S\u00e3o Paulo \u2013 I. ENGENHARIA - SP, Sob n\u00ba 30.742. \n\u00c1reas de Atua\u00e7\u00e3o: \u00c1rea Qu\u00edmica: Projetos de Engenharia, Ind\u00fastria Qu\u00edmica, Petr\u00f3leo, Petroqu\u00edmica, Combust\u00edveis, Tintas, Fertilizantes, e Biodiesel, Pl\u00e1sticos, Pol\u00edmeros, Papel e Celulose, Armazenamento Movimenta\u00e7\u00e3o e Transporte de Combust\u00edveis, e demais de Produtos Perigosos.\n\u00c1rea Farmac\u00eautica: Instala\u00e7\u00f5es Industriais, Controle de Mat\u00e9rias Primas, de Processos Qu\u00edmicos Industriais de Produ\u00e7\u00e3o, Identifica\u00e7\u00e3o de Produtos, Investiga\u00e7\u00e3o de Princ\u00edpios Ativos, Acondicionamento, Armazenamento.\nInd\u00fastrias Aliment\u00edcias: Controle de Qualidade de Mat\u00e9rias Primas, e Produtos Acabados, Aditivos e Aditiva\u00e7\u00f5es, Conservantes, Equipamentos Industriais, Avalia\u00e7\u00e3o de Processos Industriais de Produ\u00e7\u00e3o, Controle Microbiol\u00f3gico.\n\u00c1rea Ambiental: Investiga\u00e7\u00f5es e Avalia\u00e7\u00f5es de Passivos Ambientais, SGA - Sistemas de Gest\u00e3o Ambiental, ISO 14.001, An\u00e1lise de Riscos, Avalia\u00e7\u00f5es de Impactos Ambientais, Compensa\u00e7\u00f5es Ambientais, Remedia\u00e7\u00f5es Ambientais, Tratamentos de \u00c1guas e Esgotos. Tratamentos e Destina\u00e7\u00f5es de Res\u00edduos. CADRI. Defesas T\u00e9cnico Administrativas junto \u00e0 \u00d3rg\u00e3os Fiscalizadores.\n\u00c1rea Tribut\u00e1ria: Engenharia Aduaneira, Identifica\u00e7\u00e3o e Classifica\u00e7\u00e3o de Produtos Qu\u00edmicos para \u00c1rea Tribut\u00e1ria. IPI, ICMS, etc. E-mail: migueltadeu@uol.com.br.\n\n<\/div><\/div><\/div><\/div><div class=\"wpb_wrapper td_block_wrap vc_raw_html tdi_113 \"><div class=\"td-fix-index\"><div id=\"suplente-do-conselho-fiscal\"><\/div><\/div><\/div><div class=\"td_block_wrap td_block_title tdi_114 td-pb-border-top td_block_template_13 td-fix-index\"  data-td-block-uid=\"tdi_114\" ><div class=\"td-block-title-wrap\"><h4 class=\"td-block-title td-title-align\"><span>\u25aa\ufe0f Suplente do Conselho Fiscal<\/span><div class=\"td-block-subtitle\"><\/div><\/h4><\/div><\/div><div class=\"tdm_block td_block_wrap tdm_block_food_menu tdi_115 td-pb-border-top td_block_template_1\"  data-td-block-uid=\"tdi_115\" >\n<style>\n\/* custom css - generated by TagDiv Composer *\/\n.tdi_116 .tdm-food-menu-image{\r\n\t\t\t\t\twidth: 120px;\r\n\t\t\t\t\theight: 120px;\r\n\t\t\t\t}.tdi_116 .tdm-food-menu-image-wrap{\r\n\t\t\t\t    padding-right: 22px;\r\n\t\t\t\t    display: table-cell;\r\n\t\t\t\t\twidth: 120px;\r\n\t\t\t\t}.tdi_116 .tdm-food-menu-details{\r\n\t\t\t\t\tvertical-align: middle;\r\n\t\t\t\t}\n<\/style><div class=\"tdm-food-menu-wrap tdi_116 td-fix-index\"><div class=\"tdm-food-menu-image-wrap\"><div class=\"tdm-food-menu-image\" style=\"background-image: url(https:\/\/www.institutodeengenharia.org.br\/site\/wp-content\/uploads\/2025\/02\/AUREA-01.jpg);\"><\/div><\/div><div class=\"tdm-food-menu-details\"><div class=\"tdm-food-menu-title-wrap\"><h3 class=\"tdm-title tdm-title-sm\"><div id=\"aureavendramin\"><\/div>\nAurea Lucia Vendramin Georgi<\/h3><div class=\"tdm-food-menu-price\"><span class=\"tdm-food-menu-currency\"><\/span><\/div><\/div><div class=\"tdm-descr\">Desde 1998, atua como engenheira Civil, Arquiteta e Urbanista, liderando dois escrit\u00f3rios no Paran\u00e1 e em S\u00e3o Paulo. \u00c9 coordenadora em diversos Departamentos no Instituto de Engenharia, curadora do projeto \"Pr\u00e9dio Eficiente\", na AURESIDE, e membro ativo em comit\u00eas t\u00e9cnicos no Brasil. Possui P\u00f3s-doutorado em Efici\u00eancia Energ\u00e9tica e Energia Renov\u00e1vel, Doutorado em Engenharia e Ci\u00eancias dos Materiais, pela UFPR. Al\u00e9m disso, leciona em programas de p\u00f3s-gradua\u00e7\u00e3o e foi conferencista em eventos internacionais, em Singapura e Pequim.<\/div><\/div><\/div><\/div><\/div><\/div><\/div><\/div><div id=\"tdi_117\" class=\"tdc-row stretch_row_content td-stretch-content\"><div class=\"vc_row tdi_118  wpb_row td-pb-row\" >\n<style scoped>\n\/* custom css - generated by TagDiv Composer *\/\n\n\/* custom css - generated by TagDiv Composer *\/\n.tdi_118,\r\n                .tdi_118 .tdc-columns{\r\n                    min-height: 0;\r\n                }.tdi_118,\r\n\t\t\t\t.tdi_118 .tdc-columns{\r\n\t\t\t\t    display: block;\r\n\t\t\t\t}.tdi_118 .tdc-columns{\r\n\t\t\t\t    width: 100%;\r\n\t\t\t\t}.tdi_118:before,\r\n\t\t\t\t.tdi_118:after{\r\n\t\t\t\t    display: table;\r\n\t\t\t\t}\n<\/style><div class=\"vc_column tdi_120  wpb_column vc_column_container tdc-column td-pb-span12\">\n<style scoped>\n\/* custom css - generated by TagDiv Composer *\/\n\n\/* custom css - generated by TagDiv Composer *\/\n.tdi_120{\r\n                    vertical-align: baseline;\r\n                }.tdi_120 > .wpb_wrapper,\r\n\t\t\t\t.tdi_120 > .wpb_wrapper > .tdc-elements{\r\n\t\t\t\t    display: block;\r\n\t\t\t\t}.tdi_120 > .wpb_wrapper > .tdc-elements{\r\n\t\t\t\t    width: 100%;\r\n\t\t\t\t}.tdi_120 > .wpb_wrapper > .vc_row_inner{\r\n\t\t\t\t    width: auto;\r\n\t\t\t\t}.tdi_120 > .wpb_wrapper{\r\n\t\t\t\t    width: auto;\r\n\t\t\t\t    height: auto;\r\n\t\t\t\t}\n<\/style><div class=\"wpb_wrapper\" ><div class=\"wpb_wrapper td_block_empty_space td_block_wrap vc_empty_space tdi_122 \"  style=\"height: 32px\"><\/div><div class=\"tdm_block td_block_wrap tdm_block_hero tdi_123 tdm-content-horiz-left tdm-content-vert-center td-pb-border-top td_block_template_1 tdm_white_text  tdm-mobile-full td-fix-index\"  data-td-block-uid=\"tdi_123\" >\n<style>\n\/* custom css - generated by TagDiv Composer *\/\n.tdm_block_hero{\r\n                  -webkit-transform: translateZ(0);\r\n                  transform: translateZ(0);\r\n                }.tdm_block_hero:after{\r\n                  content: '';\r\n                  position: absolute;\r\n                  top: 0;\r\n                  left: 0;\r\n                  width: 100%;\r\n                  height: 100%;\r\n                  z-index: -1;\r\n                }.tdm_block_hero .td-block-row{\r\n                  position: relative;\r\n                  height: 600px;\r\n                }.tdm_block_hero.tdm-full-height .td-block-row{\r\n                  height: 100vh !important;\r\n                }.tdm_block_hero .tdm-text-wrap{\r\n                  margin: 40px 0;\r\n                }.tdm_block_hero .tdm-descr{\r\n                  margin-bottom: 0;\r\n                }.tdm_block_hero .tdm-buttons-wrap{\r\n                  margin: 31px -10px 0;\r\n                }.tdm_block_hero .tds-button{\r\n                  display: inline-block;\r\n                  margin-bottom: 10px;\r\n                }.tdm_block_hero .td-block-span12{\r\n                  position: absolute;\r\n                  top: 0;\r\n                  left: 0;\r\n                  width: 100%;\r\n                }.tdm_block_hero .tdm-title{\r\n                  margin-top: 0;\r\n                }.tdm_block_hero.tdm-content-vert-center .td-block-span12{\r\n                  top: 50%;\r\n                  -webkit-transform: translateY(-50%);\r\n                  transform: translateY(-50%);\r\n                }.tdm_block_hero.tdm-content-vert-bottom .td-block-span12{\r\n                  top: auto;\r\n                  bottom: 0;\r\n                }.tdm_block_hero .tdm-btn{\r\n                  margin-left: 10px;\r\n                  margin-right: 10px;\r\n                }.tdm_block_hero .tdm-btn:not(.tds-button2){\r\n                  -webkit-transform: none;\r\n                  transform: none;\r\n                }.tdi_123 .td-block-width{\r\n                    max-width: tdm-width-1200;\r\n                }.tdi_123 .td-block-row{\r\n                    height: 300px;\r\n                }.tdi_123:before{\r\n\t\t\t\t\tcontent: '';\r\n                    position: absolute;\r\n                    top: 0;\r\n                    left: 0;\r\n                    width: 100%;\r\n                    height: 100%;\r\n\t\t\t\t\tbackground-image: url(https:\/\/www.institutodeengenharia.org.br\/site\/wp-content\/uploads\/2018\/03\/azul-fundo.png);\r\n                    background-repeat: no-repeat;\r\n                    background-size: cover;\r\n                    background-position: center center;\r\n                    z-index: -1;\r\n\t\t\t\t\r\n\t\t\t\t\tbackground-position: top;\r\n\t\t\t\t}@media (max-width: 767px) {\r\n                  .tdm_block_hero .td-block-row .tdm-col {\r\n                    float: none;\r\n                  }\r\n                }\n<\/style><div class=\"td-block-width\"><div class=\"td-block-row\"><div class=\"td-block-span12 tdm-col\"><div class=\"tdm-text-wrap tdm-text-padding\"><div class=\"tds-title tds-title1 td-fix-index tdi_124 \"><h3 class=\"tdm-title tdm-title-bg\">Sobre o IE<\/h3><\/div><p class=\"tdm-descr\">Fundado em 1916, o Instituto de Engenharia \u00e9 uma sociedade civil sem fins lucrativos e refer\u00eancia de confiabilidade. Seu quadro de associados \u00e9 constitu\u00eddo por personalidades importantes da engenharia, firmando-se como uma das mais conceituadas entidades do ramo no Brasil.\n\nEm sua sede, no bairro de Vila Mariana, em S\u00e3o Paulo, s\u00e3o realizados diversos eventos, cursos, palestras e organizadas visitas t\u00e9cnicas com o objetivo de promover a troca de informa\u00e7\u00f5es e o desenvolvimento da qualidade e da credibilidade dos profissionais, a valoriza\u00e7\u00e3o da engenharia e o avan\u00e7o cient\u00edfico e tecnol\u00f3gico do Pa\u00eds.<\/p><\/div><\/div><\/div><\/div><\/div><\/div><\/div><\/div><\/div><\/div><\/div>","protected":false},"excerpt":{"rendered":"","protected":false},"author":14,"featured_media":0,"parent":0,"menu_order":0,"comment_status":"closed","ping_status":"closed","template":"","meta":{"footnotes":""},"class_list":["post-125870","page","type-page","status-publish"],"yoast_head":"<!-- This site is optimized with the Yoast SEO plugin v27.2 - https:\/\/yoast.com\/product\/yoast-seo-wordpress\/ -->\n<title>Elei\u00e7\u00f5es Gerais 2025 - Instituto de Engenharia<\/title>\n<meta name=\"robots\" content=\"index, follow, max-snippet:-1, max-image-preview:large, max-video-preview:-1\" \/>\n<link rel=\"canonical\" href=\"https:\/\/www.institutodeengenharia.org.br\/site\/eleicoes-gerais-2025\/\" \/>\n<meta property=\"og:locale\" content=\"pt_BR\" \/>\n<meta property=\"og:type\" content=\"article\" \/>\n<meta property=\"og:title\" content=\"Elei\u00e7\u00f5es Gerais 2025 - Instituto de Engenharia\" \/>\n<meta property=\"og:url\" content=\"https:\/\/www.institutodeengenharia.org.br\/site\/eleicoes-gerais-2025\/\" \/>\n<meta property=\"og:site_name\" content=\"Instituto de Engenharia\" \/>\n<meta property=\"article:publisher\" content=\"https:\/\/www.facebook.com\/institutodeengenharia\" \/>\n<meta property=\"article:modified_time\" content=\"2025-03-20T19:18:44+00:00\" \/>\n<meta name=\"twitter:card\" content=\"summary_large_image\" \/>\n<meta name=\"twitter:site\" content=\"@iengenharia\" \/>\n<meta name=\"twitter:label1\" content=\"Est. tempo de leitura\" \/>\n\t<meta name=\"twitter:data1\" content=\"2 minutos\" \/>\n<script type=\"application\/ld+json\" class=\"yoast-schema-graph\">{\"@context\":\"https:\/\/schema.org\",\"@graph\":[{\"@type\":\"WebPage\",\"@id\":\"https:\/\/www.institutodeengenharia.org.br\/site\/eleicoes-gerais-2025\/\",\"url\":\"https:\/\/www.institutodeengenharia.org.br\/site\/eleicoes-gerais-2025\/\",\"name\":\"Elei\u00e7\u00f5es Gerais 2025 - Instituto de Engenharia\",\"isPartOf\":{\"@id\":\"https:\/\/www.institutodeengenharia.org.br\/site\/#website\"},\"datePublished\":\"2025-01-28T14:20:09+00:00\",\"dateModified\":\"2025-03-20T19:18:44+00:00\",\"breadcrumb\":{\"@id\":\"https:\/\/www.institutodeengenharia.org.br\/site\/eleicoes-gerais-2025\/#breadcrumb\"},\"inLanguage\":\"pt-BR\",\"potentialAction\":[{\"@type\":\"ReadAction\",\"target\":[\"https:\/\/www.institutodeengenharia.org.br\/site\/eleicoes-gerais-2025\/\"]}]},{\"@type\":\"BreadcrumbList\",\"@id\":\"https:\/\/www.institutodeengenharia.org.br\/site\/eleicoes-gerais-2025\/#breadcrumb\",\"itemListElement\":[{\"@type\":\"ListItem\",\"position\":1,\"name\":\"In\u00edcio\",\"item\":\"https:\/\/www.institutodeengenharia.org.br\/site\/\"},{\"@type\":\"ListItem\",\"position\":2,\"name\":\"Elei\u00e7\u00f5es Gerais 2025\"}]},{\"@type\":\"WebSite\",\"@id\":\"https:\/\/www.institutodeengenharia.org.br\/site\/#website\",\"url\":\"https:\/\/www.institutodeengenharia.org.br\/site\/\",\"name\":\"Instituto de Engenharia\",\"description\":\"O Instituto de Engenharia promove a Engenharia em benef\u00edcio do desenvolvimento e da qualidade de vida da sociedade.\",\"publisher\":{\"@id\":\"https:\/\/www.institutodeengenharia.org.br\/site\/#organization\"},\"potentialAction\":[{\"@type\":\"SearchAction\",\"target\":{\"@type\":\"EntryPoint\",\"urlTemplate\":\"https:\/\/www.institutodeengenharia.org.br\/site\/?s={search_term_string}\"},\"query-input\":{\"@type\":\"PropertyValueSpecification\",\"valueRequired\":true,\"valueName\":\"search_term_string\"}}],\"inLanguage\":\"pt-BR\"},{\"@type\":\"Organization\",\"@id\":\"https:\/\/www.institutodeengenharia.org.br\/site\/#organization\",\"name\":\"Instituto de Engenharia\",\"url\":\"https:\/\/www.institutodeengenharia.org.br\/site\/\",\"logo\":{\"@type\":\"ImageObject\",\"inLanguage\":\"pt-BR\",\"@id\":\"https:\/\/www.institutodeengenharia.org.br\/site\/#\/schema\/logo\/image\/\",\"url\":\"https:\/\/www.institutodeengenharia.org.br\/site\/wp-content\/uploads\/2019\/03\/logo-novo-IE2018-1.jpg\",\"contentUrl\":\"https:\/\/www.institutodeengenharia.org.br\/site\/wp-content\/uploads\/2019\/03\/logo-novo-IE2018-1.jpg\",\"width\":1486,\"height\":1879,\"caption\":\"Instituto de Engenharia\"},\"image\":{\"@id\":\"https:\/\/www.institutodeengenharia.org.br\/site\/#\/schema\/logo\/image\/\"},\"sameAs\":[\"https:\/\/www.facebook.com\/institutodeengenharia\",\"https:\/\/x.com\/iengenharia\",\"https:\/\/www.instagram.com\/institutodeengenharia\/\",\"https:\/\/www.linkedin.com\/company\/instituto-de-engenharia\/\",\"https:\/\/www.youtube.com\/channel\/UCXiCAlsSMe977vamW915HxA\"]}]}<\/script>\n<!-- \/ Yoast SEO plugin. -->","yoast_head_json":{"title":"Elei\u00e7\u00f5es Gerais 2025 - Instituto de Engenharia","robots":{"index":"index","follow":"follow","max-snippet":"max-snippet:-1","max-image-preview":"max-image-preview:large","max-video-preview":"max-video-preview:-1"},"canonical":"https:\/\/www.institutodeengenharia.org.br\/site\/eleicoes-gerais-2025\/","og_locale":"pt_BR","og_type":"article","og_title":"Elei\u00e7\u00f5es Gerais 2025 - Instituto de Engenharia","og_url":"https:\/\/www.institutodeengenharia.org.br\/site\/eleicoes-gerais-2025\/","og_site_name":"Instituto de Engenharia","article_publisher":"https:\/\/www.facebook.com\/institutodeengenharia","article_modified_time":"2025-03-20T19:18:44+00:00","twitter_card":"summary_large_image","twitter_site":"@iengenharia","twitter_misc":{"Est. tempo de leitura":"2 minutos"},"schema":{"@context":"https:\/\/schema.org","@graph":[{"@type":"WebPage","@id":"https:\/\/www.institutodeengenharia.org.br\/site\/eleicoes-gerais-2025\/","url":"https:\/\/www.institutodeengenharia.org.br\/site\/eleicoes-gerais-2025\/","name":"Elei\u00e7\u00f5es Gerais 2025 - Instituto de Engenharia","isPartOf":{"@id":"https:\/\/www.institutodeengenharia.org.br\/site\/#website"},"datePublished":"2025-01-28T14:20:09+00:00","dateModified":"2025-03-20T19:18:44+00:00","breadcrumb":{"@id":"https:\/\/www.institutodeengenharia.org.br\/site\/eleicoes-gerais-2025\/#breadcrumb"},"inLanguage":"pt-BR","potentialAction":[{"@type":"ReadAction","target":["https:\/\/www.institutodeengenharia.org.br\/site\/eleicoes-gerais-2025\/"]}]},{"@type":"BreadcrumbList","@id":"https:\/\/www.institutodeengenharia.org.br\/site\/eleicoes-gerais-2025\/#breadcrumb","itemListElement":[{"@type":"ListItem","position":1,"name":"In\u00edcio","item":"https:\/\/www.institutodeengenharia.org.br\/site\/"},{"@type":"ListItem","position":2,"name":"Elei\u00e7\u00f5es Gerais 2025"}]},{"@type":"WebSite","@id":"https:\/\/www.institutodeengenharia.org.br\/site\/#website","url":"https:\/\/www.institutodeengenharia.org.br\/site\/","name":"Instituto de Engenharia","description":"O Instituto de Engenharia promove a Engenharia em benef\u00edcio do desenvolvimento e da qualidade de vida da sociedade.","publisher":{"@id":"https:\/\/www.institutodeengenharia.org.br\/site\/#organization"},"potentialAction":[{"@type":"SearchAction","target":{"@type":"EntryPoint","urlTemplate":"https:\/\/www.institutodeengenharia.org.br\/site\/?s={search_term_string}"},"query-input":{"@type":"PropertyValueSpecification","valueRequired":true,"valueName":"search_term_string"}}],"inLanguage":"pt-BR"},{"@type":"Organization","@id":"https:\/\/www.institutodeengenharia.org.br\/site\/#organization","name":"Instituto de Engenharia","url":"https:\/\/www.institutodeengenharia.org.br\/site\/","logo":{"@type":"ImageObject","inLanguage":"pt-BR","@id":"https:\/\/www.institutodeengenharia.org.br\/site\/#\/schema\/logo\/image\/","url":"https:\/\/www.institutodeengenharia.org.br\/site\/wp-content\/uploads\/2019\/03\/logo-novo-IE2018-1.jpg","contentUrl":"https:\/\/www.institutodeengenharia.org.br\/site\/wp-content\/uploads\/2019\/03\/logo-novo-IE2018-1.jpg","width":1486,"height":1879,"caption":"Instituto de Engenharia"},"image":{"@id":"https:\/\/www.institutodeengenharia.org.br\/site\/#\/schema\/logo\/image\/"},"sameAs":["https:\/\/www.facebook.com\/institutodeengenharia","https:\/\/x.com\/iengenharia","https:\/\/www.instagram.com\/institutodeengenharia\/","https:\/\/www.linkedin.com\/company\/instituto-de-engenharia\/","https:\/\/www.youtube.com\/channel\/UCXiCAlsSMe977vamW915HxA"]}]}},"_links":{"self":[{"href":"https:\/\/www.institutodeengenharia.org.br\/site\/wp-json\/wp\/v2\/pages\/125870","targetHints":{"allow":["GET"]}}],"collection":[{"href":"https:\/\/www.institutodeengenharia.org.br\/site\/wp-json\/wp\/v2\/pages"}],"about":[{"href":"https:\/\/www.institutodeengenharia.org.br\/site\/wp-json\/wp\/v2\/types\/page"}],"author":[{"embeddable":true,"href":"https:\/\/www.institutodeengenharia.org.br\/site\/wp-json\/wp\/v2\/users\/14"}],"replies":[{"embeddable":true,"href":"https:\/\/www.institutodeengenharia.org.br\/site\/wp-json\/wp\/v2\/comments?post=125870"}],"version-history":[{"count":76,"href":"https:\/\/www.institutodeengenharia.org.br\/site\/wp-json\/wp\/v2\/pages\/125870\/revisions"}],"predecessor-version":[{"id":127469,"href":"https:\/\/www.institutodeengenharia.org.br\/site\/wp-json\/wp\/v2\/pages\/125870\/revisions\/127469"}],"wp:attachment":[{"href":"https:\/\/www.institutodeengenharia.org.br\/site\/wp-json\/wp\/v2\/media?parent=125870"}],"curies":[{"name":"wp","href":"https:\/\/api.w.org\/{rel}","templated":true}]}}