{"id":121982,"date":"2024-07-19T10:42:58","date_gmt":"2024-07-19T13:42:58","guid":{"rendered":"https:\/\/www.institutodeengenharia.org.br\/site\/?page_id=121982"},"modified":"2024-08-06T10:47:08","modified_gmt":"2024-08-06T13:47:08","slug":"eventos-palestras-e-aulas-abertas-de-bioeconomia","status":"publish","type":"page","link":"https:\/\/www.institutodeengenharia.org.br\/site\/eventos-palestras-e-aulas-abertas-de-bioeconomia\/","title":{"rendered":"Eventos palestras e aulas abertas de bioeconomia"},"content":{"rendered":"<div id=\"tdi_1\" class=\"tdc-zone\"><div class=\"tdc_zone tdi_2  wpb_row td-pb-row\"  >\n<style scoped>\n\/* custom css - generated by TagDiv Composer *\/\n\n\/* custom css - generated by TagDiv Composer *\/\n.tdi_2{\r\n                    min-height: 0;\r\n                }\n<\/style><div id=\"tdi_3\" class=\"tdc-row\"><div class=\"vc_row tdi_4  wpb_row td-pb-row\" >\n<style scoped>\n\/* custom css - generated by TagDiv Composer *\/\n\n\/* custom css - generated by TagDiv Composer *\/\n.tdi_4,\r\n                .tdi_4 .tdc-columns{\r\n                    min-height: 0;\r\n                }.tdi_4,\r\n\t\t\t\t.tdi_4 .tdc-columns{\r\n\t\t\t\t    display: block;\r\n\t\t\t\t}.tdi_4 .tdc-columns{\r\n\t\t\t\t    width: 100%;\r\n\t\t\t\t}.tdi_4:before,\r\n\t\t\t\t.tdi_4:after{\r\n\t\t\t\t    display: table;\r\n\t\t\t\t}\n<\/style><div class=\"vc_column tdi_6  wpb_column vc_column_container tdc-column td-pb-span12\">\n<style scoped>\n\/* custom css - generated by TagDiv Composer *\/\n\n\/* custom css - generated by TagDiv Composer *\/\n.tdi_6{\r\n                    vertical-align: baseline;\r\n                }.tdi_6 > .wpb_wrapper,\r\n\t\t\t\t.tdi_6 > .wpb_wrapper > .tdc-elements{\r\n\t\t\t\t    display: block;\r\n\t\t\t\t}.tdi_6 > .wpb_wrapper > .tdc-elements{\r\n\t\t\t\t    width: 100%;\r\n\t\t\t\t}.tdi_6 > .wpb_wrapper > .vc_row_inner{\r\n\t\t\t\t    width: auto;\r\n\t\t\t\t}.tdi_6 > .wpb_wrapper{\r\n\t\t\t\t    width: auto;\r\n\t\t\t\t    height: auto;\r\n\t\t\t\t}\n<\/style><div class=\"wpb_wrapper\" ><\/div><\/div><\/div><\/div><div id=\"tdi_7\" class=\"tdc-row\"><div class=\"vc_row tdi_8  wpb_row td-pb-row\" >\n<style scoped>\n\/* custom css - generated by TagDiv Composer *\/\n\n\/* custom css - generated by TagDiv Composer *\/\n.tdi_8,\r\n                .tdi_8 .tdc-columns{\r\n                    min-height: 0;\r\n                }.tdi_8,\r\n\t\t\t\t.tdi_8 .tdc-columns{\r\n\t\t\t\t    display: block;\r\n\t\t\t\t}.tdi_8 .tdc-columns{\r\n\t\t\t\t    width: 100%;\r\n\t\t\t\t}.tdi_8:before,\r\n\t\t\t\t.tdi_8:after{\r\n\t\t\t\t    display: table;\r\n\t\t\t\t}\n<\/style><div class=\"vc_column tdi_10  wpb_column vc_column_container tdc-column td-pb-span12\">\n<style scoped>\n\/* custom css - generated by TagDiv Composer *\/\n\n\/* custom css - generated by TagDiv Composer *\/\n.tdi_10{\r\n                    vertical-align: baseline;\r\n                }.tdi_10 > .wpb_wrapper,\r\n\t\t\t\t.tdi_10 > .wpb_wrapper > .tdc-elements{\r\n\t\t\t\t    display: block;\r\n\t\t\t\t}.tdi_10 > .wpb_wrapper > .tdc-elements{\r\n\t\t\t\t    width: 100%;\r\n\t\t\t\t}.tdi_10 > .wpb_wrapper > .vc_row_inner{\r\n\t\t\t\t    width: auto;\r\n\t\t\t\t}.tdi_10 > .wpb_wrapper{\r\n\t\t\t\t    width: auto;\r\n\t\t\t\t    height: auto;\r\n\t\t\t\t}\n<\/style><div class=\"wpb_wrapper\" ><div class=\"td_block_wrap td_block_title tdi_11 td-pb-border-top td_block_template_13 td-fix-index\"  data-td-block-uid=\"tdi_11\" >\n<style>\n.td_block_template_13.widget > ul > li {\r\n                margin-left: 0 !important;\r\n            }\r\n            .global-block-template-13 .td-comments-title span {\r\n                margin-left: 0 !important;\r\n                font-size: 20px;\r\n            }\r\n            @media (max-width: 767px) {\r\n                .global-block-template-13 .td-comments-title span {\r\n                    font-size: 15px;\r\n                }\r\n            }\r\n            .td_block_template_13 .td-related-title a {\r\n                margin-right: 20px;\r\n                font-size: 20px;\r\n            }\r\n            @media (max-width: 767px) {\r\n                .td_block_template_13 .td-related-title a {\r\n                    font-size: 15px;\r\n                }\r\n            }\r\n            .td_block_template_13 .td-related-title .td-cur-simple-item {\r\n                color: var(--td_theme_color, #4db2ec);\r\n            }\r\n            .td_block_template_13 .td-related-title > a.td-related-right {\r\n                margin-left: 0 !important;\r\n            }\r\n            .td_block_template_13 .td-block-title {\r\n                font-size: 26px;\r\n                font-weight: 800;\r\n                margin-bottom: 26px;\r\n                line-height: 26px !important;\r\n                padding: 0;\r\n                letter-spacing: -0.6px;\r\n                margin-top: 36px;\r\n                transform: translateZ(0);\r\n                -webkit-transform: translateZ(0);\r\n                text-align: left;\r\n            }\r\n            .td_block_template_13 .td-block-title a {\r\n                color: #111;\r\n            }\r\n            @media (max-width: 1018px) {\r\n                .td_block_template_13 .td-block-title {\r\n                    font-size: 22px;\r\n                    margin-bottom: 16px;\r\n                    margin-top: 26px;\r\n                }\r\n            }\r\n            @media (max-width: 767px) {\r\n                .td_block_template_13 .td-block-title {\r\n                    margin-top: 26px !important;\r\n                    margin-bottom: 16px !important;\r\n                }\r\n            }\r\n            .td_block_template_13 .td-block-title > a,\r\n            .td_block_template_13 .td-block-title > span {\r\n                margin-left: 12px;\r\n                color: var(--td_text_header_color, #111);\r\n            }\r\n            @media (max-width: 767px) {\r\n                .td_block_template_13 .td-block-title > a,\r\n                .td_block_template_13 .td-block-title > span {\r\n                    margin-left: 12px !important;\r\n                }\r\n            }\r\n            .td_block_template_13 .td-subcat-filter {\r\n                line-height: 1;\r\n                display: table;\r\n            }\r\n            .td_block_template_13 .td-subcat-dropdown .td-subcat-more {\r\n                margin-bottom: 8px !important;\r\n                margin-top: 7px;\r\n            }\r\n            .td_block_template_13 .td-pulldown-category {\r\n                font-family: var(--td_default_google_font_2, 'Roboto', sans-serif);\r\n                font-size: 14px;\r\n                line-height: 26px !important;\r\n                color: #444;\r\n                font-weight: 500;\r\n                position: absolute;\r\n                right: 0;\r\n                bottom: -2px;\r\n                top: 0;\r\n                margin: auto 0;\r\n                display: table;\r\n            }\r\n            .td_block_template_13 .td-pulldown-category span {\r\n                display: inline-block;\r\n                -webkit-transition: transform 0.5s ease;\r\n                transition: transform 0.5s ease;\r\n            }\r\n            @media (max-width: @responsive_p_phone_max) {\r\n                .td_block_template_13 .td-pulldown-category span {\r\n                    display: none;\r\n                }\r\n            }\r\n            .td_block_template_13 .td-pulldown-category i {\r\n                font-size: 10px;\r\n                margin-left: 10px;\r\n            }\r\n            .td_block_template_13 .td-pulldown-category:hover {\r\n                opacity: 0.9;\r\n            }\r\n            .td_block_template_13 .td-pulldown-category:hover span {\r\n                transform: translate3d(-6px, 0, 0);\r\n                -webkit-transform: translate3d(-6px, 0, 0);\r\n            }\r\n            .td_block_template_13 .td-block-subtitle {\r\n                font-size: 90px;\r\n                text-transform: uppercase;\r\n                position: absolute;\r\n                left: -4px;\r\n                z-index: -1;\r\n                bottom: -20px;\r\n                white-space: nowrap;\r\n                color: #f3f3f3;\r\n                line-height: 1;\r\n            }\r\n            @media (min-width: 768px) and (max-width: 1018px) {\r\n                .td_block_template_13 .td-block-subtitle {\r\n                    font-size: 70px;\r\n                    bottom: -15px;\r\n                }\r\n            }\r\n            @media (max-width: 767px) {\r\n                .td_block_template_13 .td-block-subtitle {\r\n                    font-size: 60px;\r\n                    bottom: -12px;\r\n                }\r\n            }\r\n            .td_block_template_13 .td-title-align {\r\n                margin-top: 0 !important;\r\n            }\r\n            .td_block_template_13 .td-title-align  > a,\r\n            .td_block_template_13 .td-title-align > span {\r\n                margin-left: 0 !important;\r\n            }\r\n            @media (min-width: 768px) and (max-width: 1018px) {\r\n                .td-pb-span4 .td_block_template_13 .td-pulldown-category span {\r\n                    display: none;\r\n                }\r\n            }\r\n            @media (min-width: 768px) {\r\n                .td-pb-span4 .td_block_template_13 .td-block-subtitle {\r\n                    display: none;\r\n                }\r\n            }\r\n            .td-pb-span4 .td_block_template_13 .td-block-title {\r\n                margin-top: 0;\r\n            }\r\n            .td-pb-span4 .td_block_template_13 .td-block-title * > {\r\n                margin-left: 0;\r\n            }\r\n            .td-pb-span12 .td_block_template_13 .td-block-title {\r\n                margin-bottom: 40px;\r\n            }\r\n            @media (min-width: 768px) and (max-width: 1018px) {\r\n                .td-pb-span12 .td_block_template_13 .td-block-title {\r\n                    margin-bottom: 26px;\r\n                }\r\n            }\n<\/style>\n<style>\n\/* custom css - generated by TagDiv Composer *\/\nbody .tdi_11 .td-block-title a,\r\n\t\t\t\tbody .tdi_11 .td-block-title span{\r\n\t\t\t\t\tfont-weight:700 !important;text-transform:uppercase !important;\r\n\t\t\t\t}body .tdi_11 .td-block-title{\r\n\t\t\t\t\ttext-align: center;\r\n\t\t\t\t}body .tdi_11.td_block_template_4 .td-block-title > *:before,\r\n\t\t\t\tbody .tdi_11.td_block_template_17 .td-block-title:after,\r\n\t\t\t\tbody .tdi_11.td_block_template_13 .td-block-subtitle,\r\n\t\t\t\tbody .tdi_11.td_block_template_9 .td-block-title:after{\r\n\t\t\t\t    right: 0;\r\n\t\t\t\t    left: 0;\r\n\t\t\t\t}body .tdi_11.td_block_template_5 .td-block-title > *{\r\n\t\t\t\t    border-width: 0 0 0 4px;\r\n\t\t\t\t}body .tdi_11.td_block_template_8 .td-block-title > *{\r\n\t\t\t\t\tpadding-left: 20px;\r\n\t\t\t\t\tpadding-right: 20px;\r\n\t\t\t\t}body .tdi_11.td_block_template_12 .td-block-title{\r\n\t\t\t\t\tjustify-content: center;\r\n\t\t\t\t}\n<\/style><div class=\"td-block-title-wrap\"><h4 class=\"td-block-title td-title-align\"><span>Eventos palestras e aulas abertas de bioeconomia<\/span><div class=\"td-block-subtitle\"><\/div><\/h4><\/div><\/div><\/div><\/div><\/div><\/div><div id=\"tdi_12\" class=\"tdc-row\"><div class=\"vc_row tdi_13  wpb_row td-pb-row\" >\n<style scoped>\n\/* custom css - generated by TagDiv Composer *\/\n\n\/* custom css - generated by TagDiv Composer *\/\n.tdi_13,\r\n                .tdi_13 .tdc-columns{\r\n                    min-height: 0;\r\n                }.tdi_13,\r\n\t\t\t\t.tdi_13 .tdc-columns{\r\n\t\t\t\t    display: block;\r\n\t\t\t\t}.tdi_13 .tdc-columns{\r\n\t\t\t\t    width: 100%;\r\n\t\t\t\t}.tdi_13:before,\r\n\t\t\t\t.tdi_13:after{\r\n\t\t\t\t    display: table;\r\n\t\t\t\t}\n<\/style><div class=\"vc_column tdi_15  wpb_column vc_column_container tdc-column td-pb-span12\">\n<style scoped>\n\/* custom css - generated by TagDiv Composer *\/\n\n\/* custom css - generated by TagDiv Composer *\/\n.tdi_15{\r\n                    vertical-align: baseline;\r\n                }.tdi_15 > .wpb_wrapper,\r\n\t\t\t\t.tdi_15 > .wpb_wrapper > .tdc-elements{\r\n\t\t\t\t    display: block;\r\n\t\t\t\t}.tdi_15 > .wpb_wrapper > .tdc-elements{\r\n\t\t\t\t    width: 100%;\r\n\t\t\t\t}.tdi_15 > .wpb_wrapper > .vc_row_inner{\r\n\t\t\t\t    width: auto;\r\n\t\t\t\t}.tdi_15 > .wpb_wrapper{\r\n\t\t\t\t    width: auto;\r\n\t\t\t\t    height: auto;\r\n\t\t\t\t}\n<\/style><div class=\"wpb_wrapper\" ><div class=\"wpb_wrapper td_block_wrap vc_raw_html tdi_17 \">\n<style scoped>\n\/* custom css - generated by TagDiv Composer *\/\n\n\/* inline tdc_css att - generated by TagDiv Composer *\/\n\n.tdi_17{\njustify-content:center !important;\ntext-align:center !important;\n}\n\n<\/style><div class=\"td-fix-index\"><!DOCTYPE html>\n<html lang=\"pt-BR\">\n<head>\n    <meta charset=\"UTF-8\">\n    <meta name=\"viewport\" content=\"width=device-width, initial-scale=1.0\">\n    <title>Tabela de Palestrantes e Eventos<\/title>\n    <style>\n        .tabela-palestrantes {\n            width: 100%;\n            max-width: 744px;\n            border-collapse: collapse;\n            font-family: Arial, sans-serif;\n            font-size: 14px;\n        }\n        .tabela-palestrantes th, .tabela-palestrantes td {\n            border: 1px solid #ddd;\n            padding: 8px;\n            text-align: left;\n        }\n        .tabela-palestrantes th {\n            background-color: #f2f2f2;\n            font-weight: bold;\n        }\n        .tabela-palestrantes tr:nth-child(even) {\n            background-color: #f9f9f9;\n        }\n        .tabela-palestrantes tr:hover {\n            background-color: #f5f5f5;\n        }\n        .tabela-palestrantes a {\n            color: #0066cc;\n            text-decoration: none;\n        }\n        .tabela-palestrantes a:hover {\n            text-decoration: underline;\n        }\n        .nome-instituicao {\n            display: block;\n        }\n        .instituicao {\n            font-size: 12px;\n            color: #666;\n        }\n        @media screen and (max-width: 600px) {\n            .tabela-palestrantes, .tabela-palestrantes thead, .tabela-palestrantes tbody, .tabela-palestrantes th, .tabela-palestrantes td, .tabela-palestrantes tr {\n                display: block;\n            }\n            .tabela-palestrantes thead tr {\n                position: absolute;\n                top: -9999px;\n                left: -9999px;\n            }\n            .tabela-palestrantes tr {\n                border: 1px solid #ccc;\n                margin-bottom: 10px;\n            }\n            .tabela-palestrantes td {\n                border: none;\n                position: relative;\n                padding-left: 50%;\n            }\n            .tabela-palestrantes td:before {\n                position: absolute;\n                top: 6px;\n                left: 6px;\n                width: 45%;\n                padding-right: 10px;\n                white-space: nowrap;\n                content: attr(data-label);\n                font-weight: bold;\n            }\n        }\n    <\/style>\n<\/head>\n<body>\n    <table class=\"tabela-palestrantes\">\n        <thead>\n            <tr>\n                <th>Nome e Institui\u00e7\u00e3o<\/th>\n                <th>T\u00edtulo do Evento<\/th>\n                <th>Data<\/th>\n            <\/tr>\n        <\/thead>\n        <tbody>\n            <tr>\n                <td data-label=\"Nome e Institui\u00e7\u00e3o\" rowspan=\"2\">\n                    <span class=\"nome-instituicao\">Adalberto Luis Val<\/span>\n                    <span class=\"instituicao\">(INPA)<\/span>\n                <\/td>\n                <td data-label=\"T\u00edtulo do Evento\"><a href=\"https:\/\/www.institutodeengenharia.org.br\/site\/2022\/10\/04\/apresentacao-do-pre-estudo-de-viabilidade-para-o-instituto-de-tecnologia-da-amazonia-amit\/\">Apresenta\u00e7\u00e3o do pr\u00e9-estudo de viabilidade para o Instituto de Tecnologia da Amaz\u00f4nia (AMIT)<\/a><\/td>\n                <td data-label=\"Data\">04\/10\/22<\/td>\n            <\/tr>\n            <tr>\n                <td data-label=\"T\u00edtulo do Evento\"><a href=\"https:\/\/www.institutodeengenharia.org.br\/site\/wp-content\/uploads\/2022\/10\/Amazonia-e-Bioeconomia-Sustentada-em-Ciencia-Tecnologia-e-Inovacao.pdf\">Amaz\u00f4nia e Bioeconomia Sustentada em Ci\u00eancia, Tecnologia e Inova\u00e7\u00e3o<\/a><\/td>\n                <td data-label=\"Data\">23\/03\/21<\/td>\n            <\/tr>\n            <tr>\n                <td data-label=\"Nome e Institui\u00e7\u00e3o\"  rowspan=\"2\">\n                    <span class=\"nome-instituicao\">Adriana Marwell<\/span>\n                    <span class=\"instituicao\">(Grupo Farmabrasil)<\/span>\n                <\/td>\n                <td data-label=\"T\u00edtulo do Evento\"><a href=\"https:\/\/www.institutodeengenharia.org.br\/site\/2022\/03\/30\/serie-de-eventos-brasil-e-o-futuro-da-bioeconomia-2\/\">S\u00e9rie de eventos Brasil e o futuro da Bioeconomia - Sa\u00fade do Amanh\u00e3<\/a><\/td>\n                <td data-label=\"Data\">17\/03\/22<\/td>\n            <\/tr>\n            <tr>\n                <td data-label=\"T\u00edtulo do Evento\"><a href=\"https:\/\/www.institutodeengenharia.org.br\/site\/wp-content\/uploads\/2022\/10\/IE-As-oportunidades-da-Bioeconomia-final.pdf\">As Oportunidades da Bioeconomia Brasileira<\/a><\/td>\n                <td data-label=\"Data\">24\/10\/22<\/td>\n            <\/tr>\n            <tr>\n                <td data-label=\"Nome e Institui\u00e7\u00e3o\" rowspan=\"2\">\n                    <span class=\"nome-instituicao\">Adriano Venturieri<\/span>\n                    <span class=\"instituicao\">(Embrapa)<\/span>\n                <\/td>\n                <td data-label=\"T\u00edtulo do Evento\"><a href=\"https:\/\/www.institutodeengenharia.org.br\/site\/2022\/05\/17\/encontro-aberto-gt-amazonia-e-bioeconomia\/\">Encontro Aberto GT Amaz\u00f4nia e Bioeconomia com Adriano Venturieri<\/a><\/td>\n                <td data-label=\"Data\">03\/05\/22<\/td>\n            <\/tr>\n            <tr>\n                <td data-label=\"T\u00edtulo do Evento\"><a href=\"https:\/\/www.institutodeengenharia.org.br\/site\/wp-content\/uploads\/2022\/10\/IE-As-oportunidades-da-Bioeconomia-final.pdf\">As Oportunidades da Bioeconomia Brasileira<\/a><\/td>\n                <td data-label=\"Data\">24\/10\/22<\/td>\n            <\/tr>\n            <tr>\n                <td data-label=\"Nome e Institui\u00e7\u00e3o\" rowspan=\"2\">\n                    <span class=\"nome-instituicao\">Alexandre Alonso<\/span>\n                    <span class=\"instituicao\">(Embrapa)<\/span>\n                <\/td>\n                <td data-label=\"T\u00edtulo do Evento\"><a href=\"https:\/\/www.institutodeengenharia.org.br\/site\/2022\/03\/30\/serie-de-eventos-brasil-e-o-futuro-da-bioeconomia-2\/\">S\u00e9rie de eventos Brasil e o futuro da Bioeconomia - Energia do Amanh\u00e3<\/a><\/td>\n                <td data-label=\"Data\">16\/03\/22<\/td>\n            <\/tr>\n            <tr>\n                <td data-label=\"T\u00edtulo do Evento\"><a href=\"https:\/\/www.institutodeengenharia.org.br\/site\/wp-content\/uploads\/2022\/10\/IE-As-oportunidades-da-Bioeconomia-final.pdf\">As Oportunidades da Bioeconomia Brasileira<\/a><\/td>\n                <td data-label=\"Data\">24\/10\/22<\/td>\n            <\/tr>\n            <tr>\n                <td data-label=\"Nome e Institui\u00e7\u00e3o\">\n                    <span class=\"nome-instituicao\">Alexandre Saraiva<\/span>\n                    <span class=\"instituicao\">(Delegado de Pol\u00edcia Federal)<\/span>\n                <\/td>\n                <td data-label=\"T\u00edtulo do Evento\"><a href=\"https:\/\/www.institutodeengenharia.org.br\/site\/2021\/10\/22\/passado-presente-e-futuro-da-amazonia-105-anos-do-ie\/\">Passado, Presente e Futuro da Amaz\u00f4nia - 105 anos do IE<\/a><\/td>\n                <td data-label=\"Data\">13\/10\/21<\/td>\n            <\/tr>\n            <tr>\n                <td data-label=\"Nome e Institui\u00e7\u00e3o\" rowspan=\"3\">\n                    <span class=\"nome-instituicao\">Ana Margarida Castro Euler<\/span>\n                    <span class=\"instituicao\">(Embrapa)<\/span>\n                <\/td>\n                <td data-label=\"T\u00edtulo do Evento\"><a href=\"https:\/\/www.institutodeengenharia.org.br\/site\/2021\/03\/23\/lancamento-caderno-especial-amazonia-e-bioeconomia-2\/\">Lan\u00e7amento do caderno especial: Amaz\u00f4nia e Bioeconomia<\/a><\/td>\n                <td data-label=\"Data\">23\/03\/21<\/td>\n            <\/tr>\n            <tr>\n                <td data-label=\"T\u00edtulo do Evento\"><a href=\"https:\/\/www.institutodeengenharia.org.br\/site\/2023\/05\/31\/a-sociobiodiversidade-amazonica-em-busca-de-mercados-internacionais\/\">A Sociobiodiversidade Amaz\u00f4nica em busca de mercados internacionais<\/a><\/td>\n                <td data-label=\"Data\">09\/05\/23<\/td>\n            <\/tr>\n            <tr>\n                <td data-label=\"T\u00edtulo do Evento\"><a href=\"https:\/\/www.institutodeengenharia.org.br\/site\/wp-content\/uploads\/2022\/10\/Amazonia-e-Bioeconomia-Sustentada-em-Ciencia-Tecnologia-e-Inovacao.pdf\">Amaz\u00f4nia e Bioeconomia Sustentada em Ci\u00eancia, Tecnologia e Inova\u00e7\u00e3o<\/a><\/td>\n                <td data-label=\"Data\">23\/03\/21<\/td>\n            <\/tr>\n            <tr>\n                <td data-label=\"Nome e Institui\u00e7\u00e3o\">\n                    <span class=\"nome-instituicao\">Andrea Waichman<\/span>\n                    <span class=\"instituicao\">(UFAM)<\/span>\n                <\/td>\n                <td data-label=\"T\u00edtulo do Evento\"><a href=\"https:\/\/www.institutodeengenharia.org.br\/site\/2022\/03\/25\/ciclo-de-formacao-uma-amazonia-para-o-futuro-sustentabilidade-conceitos-e-sua-complexidade\/\">Ciclo de forma\u00e7\u00e3o: Uma Amaz\u00f4nia para o Futuro - Sustentabilidade: Conceitos e sua complexidade<\/a><\/td>\n                <td data-label=\"Data\">25\/03\/22<\/td>\n            <\/tr>\n            <tr>\n                <td data-label=\"Nome e Institui\u00e7\u00e3o\">\n                    <span class=\"nome-instituicao\">Bruna Ciasca<\/span>\n                    <span class=\"instituicao\">(TNC)<\/span>\n                <\/td>\n                <td data-label=\"T\u00edtulo do Evento\"><a href=\"https:\/\/www.institutodeengenharia.org.br\/site\/2022\/07\/01\/encontro-aberto-gt-amazonia-e-bioeconomia-bioeconomia-da-sociobiodiversidade-no-estado-do-para\/\">Encontro Aberto GT Amaz\u00f4nia e Bioeconomia - Bioeconomia da Sociobiodiversidade no Estado do Par\u00e1<\/a><\/td>\n                <td data-label=\"Data\">21\/06\/22<\/td>\n            <\/tr>\n            <tr>\n                <td data-label=\"Nome e Institui\u00e7\u00e3o\">\n                    <span class=\"nome-instituicao\">Bruno Nunes<\/span>\n                    <span class=\"instituicao\">(MCTI)<\/span>\n                <\/td>\n                <td data-label=\"T\u00edtulo do Evento\"><a href=\"https:\/\/www.institutodeengenharia.org.br\/site\/2022\/10\/24\/assista-a-gravacao-do-lancamento-da-publicacao-as-oportunidades-da-bioeconomia-brasileira-do-gt-amazonia-e-bioeconomia-nacional\/\">Lan\u00e7amento da publica\u00e7\u00e3o \"As oportunidades da bioeconomia brasileira\" do GT Amaz\u00f4nia e Bioeconomia Nacional<\/a><\/td>\n                <td data-label=\"Data\">24\/10\/22<\/td>\n            <\/tr>\n            <tr>\n                <td data-label=\"Nome e Institui\u00e7\u00e3o\" rowspan=\"2\">\n                    <span class=\"nome-instituicao\">Camille Bendahan Bemerguy<\/span>\n                    <span class=\"instituicao\">(SEMAS)<\/span>\n                <\/td>\n                <td data-label=\"T\u00edtulo do Evento\"><a href=\"https:\/\/www.institutodeengenharia.org.br\/site\/2022\/03\/30\/serie-de-eventos-brasil-e-o-futuro-da-bioeconomia-2\/\">S\u00e9rie de eventos Brasil e o futuro da Bioeconomia - Pol\u00edticas P\u00fablicas<\/a><\/td>\n                <td data-label=\"Data\">18\/03\/22<\/td>\n            <\/tr>\n            <tr>\n                <td data-label=\"T\u00edtulo do Evento\"><a href=\"https:\/\/www.institutodeengenharia.org.br\/site\/wp-content\/uploads\/2022\/10\/IE-As-oportunidades-da-Bioeconomia-final.pdf\">As Oportunidades da Bioeconomia Brasileira<\/a><\/td>\n                <td data-label=\"Data\">24\/10\/22<\/td>\n            <\/tr>\n            <tr>\n                <td data-label=\"Nome e Institui\u00e7\u00e3o\">\n                    <span class=\"nome-instituicao\">Carlos Brito Cruz<\/span>\n                    <span class=\"instituicao\">(Elsevier Research Networks)<\/span>\n                <\/td>\n                <td data-label=\"T\u00edtulo do Evento\"><a href=\"https:\/\/www.institutodeengenharia.org.br\/site\/wp-content\/uploads\/2022\/10\/Amazonia-e-Bioeconomia-Sustentada-em-Ciencia-Tecnologia-e-Inovacao.pdf\">Amaz\u00f4nia e Bioeconomia Sustentada em Ci\u00eancia, Tecnologia e Inova\u00e7\u00e3o<\/a><\/td>\n                <td data-label=\"Data\">23\/03\/21<\/td>\n            <\/tr>\n            <tr>\n                <td data-label=\"Nome e Institui\u00e7\u00e3o\" rowspan=\"4\">\n                    <span class=\"nome-instituicao\">Carlos Afonso Nobre<\/span>\n                    <span class=\"instituicao\">(Amaz\u00f4nia 4.0)<\/span>\n                <\/td>\n                <td data-label=\"T\u00edtulo do Evento\"><a href=\"https:\/\/www.institutodeengenharia.org.br\/site\/2021\/03\/23\/lancamento-caderno-especial-amazonia-e-bioeconomia-2\/\">Lan\u00e7amento do caderno especial: Amaz\u00f4nia e Bioeconomia<\/a><\/td>\n                <td data-label=\"Data\">23\/03\/21<\/td>\n            <\/tr>\n            <tr>\n                <td data-label=\"T\u00edtulo do Evento\"><a href=\"https:\/\/www.institutodeengenharia.org.br\/site\/wp-content\/uploads\/2022\/10\/Amazonia-e-Bioeconomia-Sustentada-em-Ciencia-Tecnologia-e-Inovacao.pdf\">Amaz\u00f4nia e Bioeconomia Sustentada em Ci\u00eancia, Tecnologia e Inova\u00e7\u00e3o<\/a><\/td>\n                <td data-label=\"Data\">23\/03\/21<\/td>\n            <\/tr>\n            <tr>\n                <td data-label=\"T\u00edtulo do Evento\"><a href=\"https:\/\/www.institutodeengenharia.org.br\/site\/2021\/10\/22\/passado-presente-e-futuro-da-amazonia-105-anos-do-ie\/\">Passado, Presente e Futuro da Amaz\u00f4nia - 105 anos do IE<\/a><\/td>\n                <td data-label=\"Data\">13\/10\/21<\/td>\n            <\/tr>\n            <tr>\n                <td data-label=\"T\u00edtulo do Evento\"><a href=\"https:\/\/www.institutodeengenharia.org.br\/site\/2022\/05\/30\/ciclo-de-formacao-a-necessidade-urgente-de-uma-nova-bioeconomia-de-floresta-em-pe\/\">Ciclo de forma\u00e7\u00e3o - Uma Amaz\u00f4nia para o Futuro: A necessidade de uma nova Bioeconomia de Floresta em P\u00e9<\/a><\/td>\n                <td data-label=\"Data\">16\/05\/22<\/td>\n            <\/tr>\n            <tr>\n                <td data-label=\"Nome e Institui\u00e7\u00e3o\">\n                    <span class=\"nome-instituicao\">Cristina Leme Lopes<\/span>\n                    <span class=\"instituicao\">(CPI\/PUC-Rio)<\/span>\n                <\/td>\n                <td data-label=\"T\u00edtulo do Evento\"><a href=\"https:\/\/www.institutodeengenharia.org.br\/site\/2023\/03\/07\/assista-abaixo-a-gravacao-do-encontro-bioeconomia-na-amazonia-e-codigo-florestal\/\">Bioeconomia na Amaz\u00f4nia e C\u00f3digo Florestal<\/a><\/td>\n                <td data-label=\"Data\">07\/02\/23<\/td>\n            <\/tr>\n            <tr>\n                <td data-label=\"Nome e Institui\u00e7\u00e3o\">\n                    <span class=\"nome-instituicao\">Denis Minev Bemol<\/span>\n                    <span class=\"instituicao\">(Bemol)<\/span>\n                <\/td>\n                <td data-label=\"T\u00edtulo do Evento\"><a href=\"https:\/\/www.institutodeengenharia.org.br\/site\/2022\/06\/29\/ciclo-de-formacao-uma-amazonia-para-o-futuro-bioeconomia-e-empreendedorismo-sustentavel\/\">Ciclo de forma\u00e7\u00e3o: Uma Amaz\u00f4nia para o Futuro - Bioeconomia e Empreendedorismo Sustent\u00e1vel<\/a><\/td>\n\t\t\t\t<td data-label=\"Data\">07\/06\/22<\/td>\n            <\/tr>\n            <tr>\n                <td data-label=\"Nome e Institui\u00e7\u00e3o\">\n                    <span class=\"nome-instituicao\">Eduardo Gianetti<\/span>\n                    <span class=\"instituicao\">(ABL)<\/span>\n                <\/td>\n                <td data-label=\"T\u00edtulo do Evento\"><a href=\"https:\/\/www.institutodeengenharia.org.br\/site\/2022\/04\/30\/livro-o-anel-de-giges-uma-fantasia-etica-por-eduardo-giannetti\/\">Livros: O Anel de Giges: Uma fantasia \u00e9tica e Tr\u00f3picos Ut\u00f3picos: uma perspectiva brasileira da crise civilizat\u00f3ria<\/a><\/td>\n                <td data-label=\"Data\">25\/04\/22<\/td>\n            <\/tr>\n            <tr>\n                <td data-label=\"Nome e Institui\u00e7\u00e3o\">\n                    <span class=\"nome-instituicao\">Eduardo Roxo<\/span>\n                    <span class=\"instituicao\">(ATINA)<\/span>\n                <\/td>\n                <td data-label=\"T\u00edtulo do Evento\"><a href=\"https:\/\/www.institutodeengenharia.org.br\/site\/2022\/11\/22\/por-que-essa-abundancia-nao-se-traduz-em-prosperidade\/\">Por que essa abund\u00e2ncia n\u00e3o se traduz em prosperidade?<\/a><\/td>\n                <td data-label=\"Data\">22\/11\/22<\/td>\n            <\/tr>\n            <tr>\n                <td data-label=\"Nome e Institui\u00e7\u00e3o\" rowspan=\"2\">\n                    <span class=\"nome-instituicao\">Eug\u00eanio Pantoja<\/span>\n                    <span class=\"instituicao\">(IPAM)<\/span>\n                <\/td>\n                <td data-label=\"T\u00edtulo do Evento\"><a href=\"https:\/\/www.institutodeengenharia.org.br\/site\/2022\/03\/30\/serie-de-eventos-brasil-e-o-futuro-da-bioeconomia-2\/\">S\u00e9rie de eventos Brasil e o futuro da Bioeconomia - Pol\u00edticas P\u00fablicas<\/a><\/td>\n                <td data-label=\"Data\">18\/03\/22<\/td>\n            <\/tr>\n            <tr>\n                <td data-label=\"T\u00edtulo do Evento\"><a href=\"https:\/\/www.institutodeengenharia.org.br\/site\/wp-content\/uploads\/2022\/10\/IE-As-oportunidades-da-Bioeconomia-final.pdf\">As Oportunidades da Bioeconomia Brasileira<\/a><\/td>\n                <td data-label=\"Data\">24\/10\/22<\/td>\n            <\/tr>\n            <tr>\n                <td data-label=\"Nome e Institui\u00e7\u00e3o\">\n                    <span class=\"nome-instituicao\">Guilherme Ary Ploski<\/span>\n                    <span class=\"instituicao\">(Instituto de Estudos Avan\u00e7ados da USP)<\/span>\n                <\/td>\n                <td data-label=\"T\u00edtulo do Evento\"><a href=\"https:\/\/www.institutodeengenharia.org.br\/site\/wp-content\/uploads\/2022\/10\/Amazonia-e-Bioeconomia-Sustentada-em-Ciencia-Tecnologia-e-Inovacao.pdf\">Amaz\u00f4nia e Bioeconomia Sustentada em Ci\u00eancia, Tecnologia e Inova\u00e7\u00e3o<\/a><\/td>\n                <td data-label=\"Data\">23\/03\/21<\/td>\n            <\/tr>\n            <tr>\n                <td data-label=\"Nome e Institui\u00e7\u00e3o\">\n                    <span class=\"nome-instituicao\">Inai\u00ea Santos<\/span>\n                    <span class=\"instituicao\">(Instituto Arapya\u00fa)<\/span>\n                <\/td>\n                <td data-label=\"T\u00edtulo do Evento\"><a href=\"https:\/\/www.institutodeengenharia.org.br\/site\/2022\/08\/08\/encontro-aberto-gt-amazonia-e-bioeconomia-2\/\">Encontro Aberto GT Amaz\u00f4nia e Bioeconomia com Inai\u00ea Takaes Santos<\/a><\/td>\n                <td data-label=\"Data\">07\/06\/22<\/td>\n            <\/tr>\n            <tr>\n                <td data-label=\"Nome e Institui\u00e7\u00e3o\">\n                    <span class=\"nome-instituicao\">Iris Ferreira Rodrigues<\/span>\n                    <span class=\"instituicao\">(CONAFER)<\/span>\n                <\/td>\n                <td data-label=\"T\u00edtulo do Evento\"><a href=\"https:\/\/www.institutodeengenharia.org.br\/site\/2022\/11\/08\/bioeconomia-na-conafer\/\">Bioeconomia na CONAFER<\/a><\/td>\n                <td data-label=\"Data\">08\/11\/22<\/td>\n            <\/tr>\n            <tr>\n                <td data-label=\"Nome e Institui\u00e7\u00e3o\" rowspan=\"2\">\n                    <span class=\"nome-instituicao\">Jo\u00e3o Tezza Neto<\/span>\n                    <span class=\"instituicao\">(Academia Amaz\u00f4nia Ensina)<\/span>\n                <\/td>\n                <td data-label=\"T\u00edtulo do Evento\"><a href=\"https:\/\/www.institutodeengenharia.org.br\/site\/2021\/11\/19\/expedicoes-amazonia-2021\/\">Expedi\u00e7\u00f5es Amaz\u00f4nia 2021<\/a><\/td>\n                <td data-label=\"Data\">11\/11\/21<\/td>\n            <\/tr>\n            <tr>\n                <td data-label=\"T\u00edtulo do Evento\"><a href=\"https:\/\/www.institutodeengenharia.org.br\/site\/2022\/02\/22\/ciclo-de-formacao-uma-amazonia-para-o-futuro-historia-economica-da-amazonia\/\">Ciclo de forma\u00e7\u00e3o: Uma Amaz\u00f4nia para o Futuro - Hist\u00f3ria Econ\u00f4mica da Amaz\u00f4nia<\/a><\/td>\n                <td data-label=\"Data\">22\/02\/22<\/td>\n            <\/tr>\n            <tr>\n                <td data-label=\"Nome e Institui\u00e7\u00e3o\">\n                    <span class=\"nome-instituicao\">Laura Lamonica<\/span>\n                    <span class=\"instituicao\">(Coaliz\u00e3o)<\/span>\n                <\/td>\n                <td data-label=\"T\u00edtulo do Evento\"><a href=\"https:\/\/www.institutodeengenharia.org.br\/site\/2023\/03\/09\/coalizao-clima-floresta-e-agricultura\/\">Coaliz\u00e3o Brasil Clima, Floresta e Agricultura<\/a><\/td>\n                <td data-label=\"Data\">24\/01\/23<\/td>\n            <\/tr>\n            <tr>\n                <td data-label=\"Nome e Institui\u00e7\u00e3o\">\n                    <span class=\"nome-instituicao\">M\u00e1rcio Souza<\/span>\n                    <span class=\"instituicao\">(Academia Amazonense de Letras)<\/span>\n                <\/td>\n                <td data-label=\"T\u00edtulo do Evento\"><a href=\"https:\/\/www.institutodeengenharia.org.br\/site\/2021\/10\/22\/passado-presente-e-futuro-da-amazonia-105-anos-do-ie\/\">Passado, Presente e Futuro da Amaz\u00f4nia - 105 anos do IE<\/a><\/td>\n                <td data-label=\"Data\">13\/10\/21<\/td>\n            <\/tr>\n            <tr>\n                <td data-label=\"Nome e Institui\u00e7\u00e3o\">\n                    <span class=\"nome-instituicao\">Marco Pellegatti<\/span>\n                    <span class=\"instituicao\">(Hypertext)<\/span>\n                <\/td>\n                <td data-label=\"T\u00edtulo do Evento\"><a href=\"https:\/\/www.institutodeengenharia.org.br\/site\/events\/premio-banco-da-amazonia-de-empreendedorismo-consciente\">Encontro Aberto GT Amaz\u00f4nia e Bioeconomia com Marco Pellegatti<\/a><\/td>\n                <td data-label=\"Data\">17\/05\/22<\/td>\n            <\/tr>\n            <tr>\n                <td data-label=\"Nome e Institui\u00e7\u00e3o\">\n                    <span class=\"nome-instituicao\">Maria Eugenia Tezza<\/span>\n                    <span class=\"instituicao\">(Academia Amaz\u00f4nia Ensina)<\/span>\n                <\/td>\n                <td data-label=\"T\u00edtulo do Evento\"><a href=\"https:\/\/www.institutodeengenharia.org.br\/site\/2021\/11\/19\/expedicoes-amazonia-2021\/\">Expedi\u00e7\u00f5es Amaz\u00f4nia 2021<\/a><\/td>\n                <td data-label=\"Data\">11\/11\/21<\/td>\n            <\/tr>\n            <tr>\n                <td data-label=\"Nome e Institui\u00e7\u00e3o\">\n                    <span class=\"nome-instituicao\">Mario Ernesto Humberg<\/span>\n                    <span class=\"instituicao\">(PNBE)<\/span>\n                <\/td>\n                <td data-label=\"T\u00edtulo do Evento\"><a href=\"https:\/\/www.institutodeengenharia.org.br\/site\/wp-content\/uploads\/2022\/10\/Amazonia-e-Bioeconomia-Sustentada-em-Ciencia-Tecnologia-e-Inovacao.pdf\">Amaz\u00f4nia e Bioeconomia Sustentada em Ci\u00eancia, Tecnologia e Inova\u00e7\u00e3o<\/a><\/td>\n                <td data-label=\"Data\">23\/03\/21<\/td>\n            <\/tr>\n            <tr>\n                <td data-label=\"Nome e Institui\u00e7\u00e3o\">\n                    <span class=\"nome-instituicao\">Maur\u00edcio Bastos<\/span>\n                    <span class=\"instituicao\"><\/span>\n                <\/td>\n                <td data-label=\"T\u00edtulo do Evento\"><a href=\"https:\/\/www.institutodeengenharia.org.br\/site\/wp-content\/uploads\/2022\/10\/Amazonia-e-Bioeconomia-Sustentada-em-Ciencia-Tecnologia-e-Inovacao.pdf\">Aula aberta: boas pr\u00e1ticas de aplica\u00e7\u00e3o do M\u00e9todo Delphi<\/a><\/td>\n                <td data-label=\"Data\">23\/03\/21<\/td>\n            <\/tr>\n            <tr>\n                <td data-label=\"Nome e Institui\u00e7\u00e3o\" rowspan=\"3\">\n                    <span class=\"nome-instituicao\">Ricardo Abramovay<\/span>\n                    <span class=\"instituicao\">(USP)<\/span>\n                <\/td>\n                <td data-label=\"T\u00edtulo do Evento\"><a href=\"https:\/\/www.institutodeengenharia.org.br\/site\/2022\/03\/30\/serie-de-eventos-brasil-e-o-futuro-da-bioeconomia-2\/\">S\u00e9rie de eventos Brasil e o futuro da Bioeconomia - Bioeconomia e \u00c9tica<\/a><\/td>\n                <td data-label=\"Data\">14\/03\/22<\/td>\n            <\/tr>\n            <tr>\n                <td data-label=\"T\u00edtulo do Evento\"><a href=\"https:\/\/www.institutodeengenharia.org.br\/site\/wp-content\/uploads\/2022\/10\/IE-As-oportunidades-da-Bioeconomia-final.pdf\">As Oportunidades da Bioeconomia Brasileira<\/a><\/td>\n                <td data-label=\"Data\">24\/10\/22<\/td>\n            <\/tr>\n            <tr>\n                <td data-label=\"T\u00edtulo do Evento\"><a href=\"https:\/\/www.institutodeengenharia.org.br\/site\/2023\/04\/14\/grupo-de-leitura-livro-infraestrutura-para-o-desenvolvimento-sustentavel-da-amazonia-de-ricardo-abramovay\/\">Grupo de Leitura - Livro \"Infraestrutura para o Desenvolvimento Sustent\u00e1vel da Amaz\u00f4nia\", de Ricardo Abramovay<\/a><\/td>\n                <td data-label=\"Data\">29\/03\/23<\/td>\n            <\/tr>\n            <tr>\n                <td data-label=\"Nome e Institui\u00e7\u00e3o\">\n                    <span class=\"nome-instituicao\">Ricardo Kenzo<\/span>\n                    <span class=\"instituicao\">(Instituto de Engenharia)<\/span>\n                <\/td>\n                <td data-label=\"T\u00edtulo do Evento\"><a href=\"https:\/\/www.institutodeengenharia.org.br\/site\/wp-content\/uploads\/2022\/10\/Amazonia-e-Bioeconomia-Sustentada-em-Ciencia-Tecnologia-e-Inovacao.pdf\">Amaz\u00f4nia e Bioeconomia Sustentada em Ci\u00eancia, Tecnologia e Inova\u00e7\u00e3o<\/a><\/td>\n                <td data-label=\"Data\">23\/03\/21<\/td>\n            <\/tr>\n            <tr>\n                <td data-label=\"Nome e Institui\u00e7\u00e3o\" rowspan=\"2\">\n                    <span class=\"nome-instituicao\">Roberto Rodrigues<\/span>\n                    <span class=\"instituicao\">(FGV)<\/span>\n                <\/td>\n                <td data-label=\"T\u00edtulo do Evento\"><a href=\"https:\/\/www.institutodeengenharia.org.br\/site\/2022\/03\/30\/serie-de-eventos-brasil-e-o-futuro-da-bioeconomia-2\/\">S\u00e9rie de eventos Brasil e o futuro da Bioeconomia - Agricultura do Amanh\u00e3<\/a><\/td>\n                <td data-label=\"Data\">15\/03\/22<\/td>\n            <\/tr>\n            <tr>\n                <td data-label=\"T\u00edtulo do Evento\"><a href=\"https:\/\/www.institutodeengenharia.org.br\/site\/wp-content\/uploads\/2022\/10\/IE-As-oportunidades-da-Bioeconomia-final.pdf\">As Oportunidades da Bioeconomia Brasileira<\/a><\/td>\n                <td data-label=\"Data\">24\/10\/22<\/td>\n            <\/tr>\n            <tr>\n                <td data-label=\"Nome e Institui\u00e7\u00e3o\">\n                    <span class=\"nome-instituicao\">Tatiana Schor<\/span>\n                    <span class=\"instituicao\">(SEDECTI\/AM)<\/span>\n                <\/td>\n                <td data-label=\"T\u00edtulo do Evento\"><a href=\"https:\/\/www.institutodeengenharia.org.br\/site\/wp-content\/uploads\/2022\/10\/Amazonia-e-Bioeconomia-Sustentada-em-Ciencia-Tecnologia-e-Inovacao.pdf\">Amaz\u00f4nia e Bioeconomia Sustentada em Ci\u00eancia, Tecnologia e Inova\u00e7\u00e3o<\/a><\/td>\n                <td data-label=\"Data\">23\/03\/21<\/td>\n            <\/tr>\n            <tr>\n                <td data-label=\"Nome e Institui\u00e7\u00e3o\">\n                    <span class=\"nome-instituicao\">Vahan Agopyan<\/span>\n                    <span class=\"instituicao\">(USP)<\/span>\n                <\/td>\n                <td data-label=\"T\u00edtulo do Evento\"><a href=\"https:\/\/www.institutodeengenharia.org.br\/site\/wp-content\/uploads\/2022\/10\/Amazonia-e-Bioeconomia-Sustentada-em-Ciencia-Tecnologia-e-Inovacao.pdf\">Amaz\u00f4nia e Bioeconomia Sustentada em Ci\u00eancia, Tecnologia e Inova\u00e7\u00e3o<\/a><\/td>\n                <td data-label=\"Data\">23\/03\/21<\/td>\n            <\/tr>\n            <tr>\n                <td data-label=\"Nome e Institui\u00e7\u00e3o\">\n                    <span class=\"nome-instituicao\">Victor Brecheret Filho<\/span>\n                    <span class=\"instituicao\">(Instituto de Engenharia)<\/span>\n                <\/td>\n                <td data-label=\"T\u00edtulo do Evento\"><a href=\"https:\/\/www.institutodeengenharia.org.br\/site\/wp-content\/uploads\/2022\/10\/Amazonia-e-Bioeconomia-Sustentada-em-Ciencia-Tecnologia-e-Inovacao.pdf\">Amaz\u00f4nia e Bioeconomia Sustentada em Ci\u00eancia, Tecnologia e Inova\u00e7\u00e3o<\/a><\/td>\n                <td data-label=\"Data\">23\/03\/21<\/td>\n            <\/tr>\n            <tr>\n                <td data-label=\"Nome e Institui\u00e7\u00e3o\">\n                    <span class=\"nome-instituicao\">Victor Phanebecker<\/span>\n                    <span class=\"instituicao\">(Engenheiros Sem Fronteiras)<\/span>\n                <\/td>\n                <td data-label=\"T\u00edtulo do Evento\"><a href=\"https:\/\/www.institutodeengenharia.org.br\/site\/2022\/04\/07\/consolidacao-de-uma-base-de-conhecimento-para-estrategia-nacional-de-bioeconomia-esf\/\">Consolida\u00e7\u00e3o de uma base de conhecimento para estrat\u00e9gia nacional de Bioeconomia - ESF<\/a><\/td>\n                <td data-label=\"Data\">30\/03\/22<\/td>\n            <\/tr>\n            <tr>\n                <td data-label=\"Nome e Institui\u00e7\u00e3o\" rowspan=\"2\">\n                    <span class=\"nome-instituicao\">Walkym\u00e1rio Lemos<\/span>\n                    <span class=\"instituicao\">(EMBRAPA)<\/span>\n                <\/td>\n                <td data-label=\"T\u00edtulo do Evento\"><a href=\"https:\/\/www.institutodeengenharia.org.br\/site\/2022\/03\/30\/serie-de-eventos-brasil-e-o-futuro-da-bioeconomia-2\/\">S\u00e9rie de eventos Brasil e o futuro da Bioeconomia - Agricultura do Amanh\u00e3<\/a><\/td>\n                <td data-label=\"Data\">15\/03\/22<\/td>\n            <\/tr>\n            <tr>\n                <td data-label=\"T\u00edtulo do Evento\"><a href=\"https:\/\/www.institutodeengenharia.org.br\/site\/wp-content\/uploads\/2022\/10\/IE-As-oportunidades-da-Bioeconomia-final.pdf\">As Oportunidades da Bioeconomia Brasileira<\/a><\/td>\n                <td data-label=\"Data\">24\/10\/22<\/td>\n            <\/tr>\n        <\/tbody>\n    <\/table>\n<\/body>\n<\/html><\/div><\/div><\/div><\/div><\/div><\/div><\/div><\/div>","protected":false},"excerpt":{"rendered":"","protected":false},"author":14,"featured_media":0,"parent":0,"menu_order":0,"comment_status":"closed","ping_status":"closed","template":"","meta":{"footnotes":""},"class_list":["post-121982","page","type-page","status-publish"],"yoast_head":"<!-- This site is optimized with the Yoast SEO plugin v27.2 - https:\/\/yoast.com\/product\/yoast-seo-wordpress\/ -->\n<title>Eventos palestras e aulas abertas de bioeconomia - Instituto de Engenharia<\/title>\n<meta name=\"robots\" content=\"index, follow, max-snippet:-1, max-image-preview:large, max-video-preview:-1\" \/>\n<link rel=\"canonical\" href=\"https:\/\/www.institutodeengenharia.org.br\/site\/eventos-palestras-e-aulas-abertas-de-bioeconomia\/\" \/>\n<meta property=\"og:locale\" content=\"pt_BR\" \/>\n<meta property=\"og:type\" content=\"article\" \/>\n<meta property=\"og:title\" content=\"Eventos palestras e aulas abertas de bioeconomia - Instituto de Engenharia\" \/>\n<meta property=\"og:url\" content=\"https:\/\/www.institutodeengenharia.org.br\/site\/eventos-palestras-e-aulas-abertas-de-bioeconomia\/\" \/>\n<meta property=\"og:site_name\" content=\"Instituto de Engenharia\" \/>\n<meta property=\"article:publisher\" content=\"https:\/\/www.facebook.com\/institutodeengenharia\" \/>\n<meta property=\"article:modified_time\" content=\"2024-08-06T13:47:08+00:00\" \/>\n<meta name=\"twitter:card\" content=\"summary_large_image\" \/>\n<meta name=\"twitter:site\" content=\"@iengenharia\" \/>\n<meta name=\"twitter:label1\" content=\"Est. tempo de leitura\" \/>\n\t<meta name=\"twitter:data1\" content=\"1 minuto\" \/>\n<script type=\"application\/ld+json\" class=\"yoast-schema-graph\">{\"@context\":\"https:\/\/schema.org\",\"@graph\":[{\"@type\":\"WebPage\",\"@id\":\"https:\/\/www.institutodeengenharia.org.br\/site\/eventos-palestras-e-aulas-abertas-de-bioeconomia\/\",\"url\":\"https:\/\/www.institutodeengenharia.org.br\/site\/eventos-palestras-e-aulas-abertas-de-bioeconomia\/\",\"name\":\"Eventos palestras e aulas abertas de bioeconomia - Instituto de Engenharia\",\"isPartOf\":{\"@id\":\"https:\/\/www.institutodeengenharia.org.br\/site\/#website\"},\"datePublished\":\"2024-07-19T13:42:58+00:00\",\"dateModified\":\"2024-08-06T13:47:08+00:00\",\"breadcrumb\":{\"@id\":\"https:\/\/www.institutodeengenharia.org.br\/site\/eventos-palestras-e-aulas-abertas-de-bioeconomia\/#breadcrumb\"},\"inLanguage\":\"pt-BR\",\"potentialAction\":[{\"@type\":\"ReadAction\",\"target\":[\"https:\/\/www.institutodeengenharia.org.br\/site\/eventos-palestras-e-aulas-abertas-de-bioeconomia\/\"]}]},{\"@type\":\"BreadcrumbList\",\"@id\":\"https:\/\/www.institutodeengenharia.org.br\/site\/eventos-palestras-e-aulas-abertas-de-bioeconomia\/#breadcrumb\",\"itemListElement\":[{\"@type\":\"ListItem\",\"position\":1,\"name\":\"In\u00edcio\",\"item\":\"https:\/\/www.institutodeengenharia.org.br\/site\/\"},{\"@type\":\"ListItem\",\"position\":2,\"name\":\"Eventos palestras e aulas abertas de bioeconomia\"}]},{\"@type\":\"WebSite\",\"@id\":\"https:\/\/www.institutodeengenharia.org.br\/site\/#website\",\"url\":\"https:\/\/www.institutodeengenharia.org.br\/site\/\",\"name\":\"Instituto de Engenharia\",\"description\":\"O Instituto de Engenharia promove a Engenharia em benef\u00edcio do desenvolvimento e da qualidade de vida da sociedade.\",\"publisher\":{\"@id\":\"https:\/\/www.institutodeengenharia.org.br\/site\/#organization\"},\"potentialAction\":[{\"@type\":\"SearchAction\",\"target\":{\"@type\":\"EntryPoint\",\"urlTemplate\":\"https:\/\/www.institutodeengenharia.org.br\/site\/?s={search_term_string}\"},\"query-input\":{\"@type\":\"PropertyValueSpecification\",\"valueRequired\":true,\"valueName\":\"search_term_string\"}}],\"inLanguage\":\"pt-BR\"},{\"@type\":\"Organization\",\"@id\":\"https:\/\/www.institutodeengenharia.org.br\/site\/#organization\",\"name\":\"Instituto de Engenharia\",\"url\":\"https:\/\/www.institutodeengenharia.org.br\/site\/\",\"logo\":{\"@type\":\"ImageObject\",\"inLanguage\":\"pt-BR\",\"@id\":\"https:\/\/www.institutodeengenharia.org.br\/site\/#\/schema\/logo\/image\/\",\"url\":\"https:\/\/www.institutodeengenharia.org.br\/site\/wp-content\/uploads\/2019\/03\/logo-novo-IE2018-1.jpg\",\"contentUrl\":\"https:\/\/www.institutodeengenharia.org.br\/site\/wp-content\/uploads\/2019\/03\/logo-novo-IE2018-1.jpg\",\"width\":1486,\"height\":1879,\"caption\":\"Instituto de Engenharia\"},\"image\":{\"@id\":\"https:\/\/www.institutodeengenharia.org.br\/site\/#\/schema\/logo\/image\/\"},\"sameAs\":[\"https:\/\/www.facebook.com\/institutodeengenharia\",\"https:\/\/x.com\/iengenharia\",\"https:\/\/www.instagram.com\/institutodeengenharia\/\",\"https:\/\/www.linkedin.com\/company\/instituto-de-engenharia\/\",\"https:\/\/www.youtube.com\/channel\/UCXiCAlsSMe977vamW915HxA\"]}]}<\/script>\n<!-- \/ Yoast SEO plugin. -->","yoast_head_json":{"title":"Eventos palestras e aulas abertas de bioeconomia - Instituto de Engenharia","robots":{"index":"index","follow":"follow","max-snippet":"max-snippet:-1","max-image-preview":"max-image-preview:large","max-video-preview":"max-video-preview:-1"},"canonical":"https:\/\/www.institutodeengenharia.org.br\/site\/eventos-palestras-e-aulas-abertas-de-bioeconomia\/","og_locale":"pt_BR","og_type":"article","og_title":"Eventos palestras e aulas abertas de bioeconomia - Instituto de Engenharia","og_url":"https:\/\/www.institutodeengenharia.org.br\/site\/eventos-palestras-e-aulas-abertas-de-bioeconomia\/","og_site_name":"Instituto de Engenharia","article_publisher":"https:\/\/www.facebook.com\/institutodeengenharia","article_modified_time":"2024-08-06T13:47:08+00:00","twitter_card":"summary_large_image","twitter_site":"@iengenharia","twitter_misc":{"Est. tempo de leitura":"1 minuto"},"schema":{"@context":"https:\/\/schema.org","@graph":[{"@type":"WebPage","@id":"https:\/\/www.institutodeengenharia.org.br\/site\/eventos-palestras-e-aulas-abertas-de-bioeconomia\/","url":"https:\/\/www.institutodeengenharia.org.br\/site\/eventos-palestras-e-aulas-abertas-de-bioeconomia\/","name":"Eventos palestras e aulas abertas de bioeconomia - Instituto de Engenharia","isPartOf":{"@id":"https:\/\/www.institutodeengenharia.org.br\/site\/#website"},"datePublished":"2024-07-19T13:42:58+00:00","dateModified":"2024-08-06T13:47:08+00:00","breadcrumb":{"@id":"https:\/\/www.institutodeengenharia.org.br\/site\/eventos-palestras-e-aulas-abertas-de-bioeconomia\/#breadcrumb"},"inLanguage":"pt-BR","potentialAction":[{"@type":"ReadAction","target":["https:\/\/www.institutodeengenharia.org.br\/site\/eventos-palestras-e-aulas-abertas-de-bioeconomia\/"]}]},{"@type":"BreadcrumbList","@id":"https:\/\/www.institutodeengenharia.org.br\/site\/eventos-palestras-e-aulas-abertas-de-bioeconomia\/#breadcrumb","itemListElement":[{"@type":"ListItem","position":1,"name":"In\u00edcio","item":"https:\/\/www.institutodeengenharia.org.br\/site\/"},{"@type":"ListItem","position":2,"name":"Eventos palestras e aulas abertas de bioeconomia"}]},{"@type":"WebSite","@id":"https:\/\/www.institutodeengenharia.org.br\/site\/#website","url":"https:\/\/www.institutodeengenharia.org.br\/site\/","name":"Instituto de Engenharia","description":"O Instituto de Engenharia promove a Engenharia em benef\u00edcio do desenvolvimento e da qualidade de vida da sociedade.","publisher":{"@id":"https:\/\/www.institutodeengenharia.org.br\/site\/#organization"},"potentialAction":[{"@type":"SearchAction","target":{"@type":"EntryPoint","urlTemplate":"https:\/\/www.institutodeengenharia.org.br\/site\/?s={search_term_string}"},"query-input":{"@type":"PropertyValueSpecification","valueRequired":true,"valueName":"search_term_string"}}],"inLanguage":"pt-BR"},{"@type":"Organization","@id":"https:\/\/www.institutodeengenharia.org.br\/site\/#organization","name":"Instituto de Engenharia","url":"https:\/\/www.institutodeengenharia.org.br\/site\/","logo":{"@type":"ImageObject","inLanguage":"pt-BR","@id":"https:\/\/www.institutodeengenharia.org.br\/site\/#\/schema\/logo\/image\/","url":"https:\/\/www.institutodeengenharia.org.br\/site\/wp-content\/uploads\/2019\/03\/logo-novo-IE2018-1.jpg","contentUrl":"https:\/\/www.institutodeengenharia.org.br\/site\/wp-content\/uploads\/2019\/03\/logo-novo-IE2018-1.jpg","width":1486,"height":1879,"caption":"Instituto de Engenharia"},"image":{"@id":"https:\/\/www.institutodeengenharia.org.br\/site\/#\/schema\/logo\/image\/"},"sameAs":["https:\/\/www.facebook.com\/institutodeengenharia","https:\/\/x.com\/iengenharia","https:\/\/www.instagram.com\/institutodeengenharia\/","https:\/\/www.linkedin.com\/company\/instituto-de-engenharia\/","https:\/\/www.youtube.com\/channel\/UCXiCAlsSMe977vamW915HxA"]}]}},"_links":{"self":[{"href":"https:\/\/www.institutodeengenharia.org.br\/site\/wp-json\/wp\/v2\/pages\/121982","targetHints":{"allow":["GET"]}}],"collection":[{"href":"https:\/\/www.institutodeengenharia.org.br\/site\/wp-json\/wp\/v2\/pages"}],"about":[{"href":"https:\/\/www.institutodeengenharia.org.br\/site\/wp-json\/wp\/v2\/types\/page"}],"author":[{"embeddable":true,"href":"https:\/\/www.institutodeengenharia.org.br\/site\/wp-json\/wp\/v2\/users\/14"}],"replies":[{"embeddable":true,"href":"https:\/\/www.institutodeengenharia.org.br\/site\/wp-json\/wp\/v2\/comments?post=121982"}],"version-history":[{"count":9,"href":"https:\/\/www.institutodeengenharia.org.br\/site\/wp-json\/wp\/v2\/pages\/121982\/revisions"}],"predecessor-version":[{"id":122575,"href":"https:\/\/www.institutodeengenharia.org.br\/site\/wp-json\/wp\/v2\/pages\/121982\/revisions\/122575"}],"wp:attachment":[{"href":"https:\/\/www.institutodeengenharia.org.br\/site\/wp-json\/wp\/v2\/media?parent=121982"}],"curies":[{"name":"wp","href":"https:\/\/api.w.org\/{rel}","templated":true}]}}