{"id":92449,"date":"2022-05-03T14:30:19","date_gmt":"2022-05-03T17:30:19","guid":{"rendered":"https:\/\/www.institutodeengenharia.org.br\/site\/?post_type=ajde_events&#038;p=92449"},"modified":"2022-07-04T15:29:32","modified_gmt":"2022-07-04T18:29:32","slug":"premio-banco-da-amazonia-de-empreendedorismo-consciente","status":"publish","type":"ajde_events","link":"https:\/\/www.institutodeengenharia.org.br\/site\/events\/premio-banco-da-amazonia-de-empreendedorismo-consciente\/","title":{"rendered":"Encontro aberto GT Amaz\u00f4nia e Bioeconomia"},"content":{"rendered":"<p><strong>Tema:<\/strong><\/p>\n<p>Pr\u00eamio Banco da Amaz\u00f4nia de Empreendedorismo Consciente.<\/p>\n<p><strong>Abordagem:\u00a0<\/strong><\/p>\n<p>Apresenta\u00e7\u00e3o do caso de realiza\u00e7\u00e3o de um concurso internacional para a cria\u00e7\u00e3o de propostas para um desenvolvimento sustent\u00e1vel e inclusivo na regi\u00e3o amaz\u00f4nica. O que motivou o Pr\u00eamio, como ele foi realizado e os resultados obtidos.<\/p>\n<p><strong>P\u00fablico-alvo:<\/strong><\/p>\n<p>Profissionais de engenharia, professores e estudantes.<\/p>\n<p><strong>Convidado:\u00a0<\/strong><\/p>\n<p><img loading=\"lazy\" decoding=\"async\" class=\"alignnone size-full wp-image-92451\" src=\"https:\/\/www.institutodeengenharia.org.br\/site\/wp-content\/uploads\/2022\/05\/1605206964660.jpg\" alt=\"\" width=\"200\" height=\"200\" srcset=\"https:\/\/www.institutodeengenharia.org.br\/site\/wp-content\/uploads\/2022\/05\/1605206964660.jpg 200w, https:\/\/www.institutodeengenharia.org.br\/site\/wp-content\/uploads\/2022\/05\/1605206964660-150x150.jpg 150w, https:\/\/www.institutodeengenharia.org.br\/site\/wp-content\/uploads\/2022\/05\/1605206964660-100x100.jpg 100w\" sizes=\"auto, (max-width: 200px) 100vw, 200px\" \/><\/p>\n<p><strong>Marco Pellegatti<\/strong><\/p>\n<p>S\u00f3cio da Hypertext Consultoria, Treinamento e Pesquisa e consultor associado da Amana-Key. Tem atuado nas \u00e1reas de consultoria, pesquisa e treinamento em gest\u00e3o desde 1988 em projetos de prospec\u00e7\u00e3o do futuro, planejamento estrat\u00e9gico, desenvolvimento organizacional e cultural para empresas, institui\u00e7\u00f5es governamentais e n\u00e3o governamentais. Formado em administra\u00e7\u00e3o de empresas pela Universidade de S\u00e3o Paulo e p\u00f3s-graduado (full time MBA) pela Kellogg School of Management. Certificado pela NetForm International para mapeamento e an\u00e1lise de redes sociais e facilitador credenciado dos simuladores de neg\u00f3cios e gest\u00e3o Celemi, empresa especializada em gamifica\u00e7\u00e3o da aprendizagem.<\/p>\n<p><strong>Moderadores<\/strong><\/p>\n<p><strong><img loading=\"lazy\" decoding=\"async\" class=\"alignnone wp-image-77772\" src=\"https:\/\/www.institutodeengenharia.org.br\/site\/wp-content\/uploads\/2021\/02\/George-Paulus.jpg\" alt=\"\" width=\"190\" height=\"190\" srcset=\"https:\/\/www.institutodeengenharia.org.br\/site\/wp-content\/uploads\/2021\/02\/George-Paulus.jpg 597w, https:\/\/www.institutodeengenharia.org.br\/site\/wp-content\/uploads\/2021\/02\/George-Paulus-300x300.jpg 300w, https:\/\/www.institutodeengenharia.org.br\/site\/wp-content\/uploads\/2021\/02\/George-Paulus-150x150.jpg 150w, https:\/\/www.institutodeengenharia.org.br\/site\/wp-content\/uploads\/2021\/02\/George-Paulus-420x420.jpg 420w, https:\/\/www.institutodeengenharia.org.br\/site\/wp-content\/uploads\/2021\/02\/George-Paulus-100x100.jpg 100w\" sizes=\"auto, (max-width: 190px) 100vw, 190px\" \/><\/strong><\/p>\n<p><strong>George Paulus<\/strong><\/p>\n<p><span lang=\"PT-BR\">Nascido no Br\u00e1s, criado no Tatuap\u00e9 e juventino da Mooca. Engenheiro de Produ\u00e7\u00e3o (Poli-USP), mestre na \u00e1rea de Log\u00edstica e doutor pela mesma escola. T\u00e9cnico em Eletr\u00f4nica (LAOSP). Iniciou sua carreira na Engenharia como consultor nas \u00e1reas de gest\u00e3o da cadeia de suprimentos e de gest\u00e3o de projetos. Atua como empreendedor na \u00e1rea de internet e software, desde 1999. Empreendeu o sistema aprendizado com jogos de empresas salaVIVA e o software online de gerenciamento de projetos GP3. Paralelamente \u00e0 carreira de empreendedor, acumulou 20 anos de experi\u00eancia como docente em cursos de gradua\u00e7\u00e3o e p\u00f3s-gradua\u00e7\u00e3o pela Funda\u00e7\u00e3o Vanzolini e Insper. Foi diretor de Comunica\u00e7\u00e3o do Instituto de Engenharia nas gest\u00f5es 2017-21, onde tamb\u00e9m coordenou o projeto do Associado Digital e atualmente coordena o GT Amaz\u00f4nia e Bioeconomia.<\/span><\/p>\n<div><strong><img loading=\"lazy\" decoding=\"async\" class=\"alignnone wp-image-93169\" src=\"https:\/\/www.institutodeengenharia.org.br\/site\/wp-content\/uploads\/2022\/05\/WhatsApp-Image-2022-03-24-at-15.06.34.jpeg\" alt=\"\" width=\"176\" height=\"176\" srcset=\"https:\/\/www.institutodeengenharia.org.br\/site\/wp-content\/uploads\/2022\/05\/WhatsApp-Image-2022-03-24-at-15.06.34.jpeg 640w, https:\/\/www.institutodeengenharia.org.br\/site\/wp-content\/uploads\/2022\/05\/WhatsApp-Image-2022-03-24-at-15.06.34-300x300.jpeg 300w, https:\/\/www.institutodeengenharia.org.br\/site\/wp-content\/uploads\/2022\/05\/WhatsApp-Image-2022-03-24-at-15.06.34-150x150.jpeg 150w, https:\/\/www.institutodeengenharia.org.br\/site\/wp-content\/uploads\/2022\/05\/WhatsApp-Image-2022-03-24-at-15.06.34-420x420.jpeg 420w, https:\/\/www.institutodeengenharia.org.br\/site\/wp-content\/uploads\/2022\/05\/WhatsApp-Image-2022-03-24-at-15.06.34-600x600.jpeg 600w, https:\/\/www.institutodeengenharia.org.br\/site\/wp-content\/uploads\/2022\/05\/WhatsApp-Image-2022-03-24-at-15.06.34-100x100.jpeg 100w\" sizes=\"auto, (max-width: 176px) 100vw, 176px\" \/><\/strong><\/div>\n<div><strong>K\u00e1ssia Regina Bazzo<\/strong><\/div>\n<div><\/div>\n<div>\n<div>Engenheira Sanitarista e Ambiental pela Universidade Federal de Pelotas e Mestra em Engenharia de Recursos H\u00eddricos pela Universidade Federal do Paran\u00e1. Seis anos de experi\u00eancia em projetos relacionados \u00e0 gest\u00e3o da \u00e1gua, com foco nos instrumentos da Pol\u00edtica Nacional de Recursos H\u00eddricos, meio ambiente e sustentabilidade no meio acad\u00eamico, para \u00f3rg\u00e3os p\u00fablicos e privado e mais recentemente na sociedade civil organizada. Atualmente coordena projeto de bioeconomia no GT Amaz\u00f4nia e Bioeconomia.<\/div>\n<\/div>\n<p>&nbsp;<\/p>\n<p><strong>Realiza\u00e7\u00e3o:<\/strong><\/p>\n<p>Presid\u00eancia Instituto de Engenharia<\/p>\n<p><strong>Organiza\u00e7\u00e3o:<\/strong><\/p>\n<p>GT Amaz\u00f4nia e Bioeconomia<\/p>\n<p><strong>Apoio Institucional:<\/strong><\/p>\n<p><img loading=\"lazy\" decoding=\"async\" class=\"alignnone wp-image-77696\" src=\"https:\/\/www.institutodeengenharia.org.br\/site\/wp-content\/uploads\/2021\/02\/crea.jpg\" alt=\"\" width=\"140\" height=\"98\" srcset=\"https:\/\/www.institutodeengenharia.org.br\/site\/wp-content\/uploads\/2021\/02\/crea.jpg 448w, https:\/\/www.institutodeengenharia.org.br\/site\/wp-content\/uploads\/2021\/02\/crea-300x211.jpg 300w, https:\/\/www.institutodeengenharia.org.br\/site\/wp-content\/uploads\/2021\/02\/crea-100x70.jpg 100w\" sizes=\"auto, (max-width: 140px) 100vw, 140px\" \/><\/p>\n<p><strong>Apoio \u00e0 forma\u00e7\u00e3o:\u00a0<\/strong><\/p>\n<p>Espa\u00e7o aberto ao CREA-SP, objetivando o aperfei\u00e7oamento dos profissionais e o aprimoramento da fiscaliza\u00e7\u00e3o das \u00e1reas abrangidas pelo Sistema Confea\/CREAs, al\u00e9m de promover a conscientiza\u00e7\u00e3o da sociedade quanto \u00e0 necessidade e obrigatoriedade de contratar um profissional devidamente habilitado.<\/p>\n<div style=\"width: 696px;\" class=\"wp-video\"><video class=\"wp-video-shortcode\" id=\"video-92449-1\" width=\"696\" height=\"394\" preload=\"metadata\" controls=\"controls\"><source type=\"video\/mp4\" src=\"https:\/\/www.institutodeengenharia.org.br\/site\/wp-content\/uploads\/2021\/03\/WhatsApp-Video-2020-08-10-at-12.02.02-1.mp4?_=1\" \/><a href=\"https:\/\/www.institutodeengenharia.org.br\/site\/wp-content\/uploads\/2021\/03\/WhatsApp-Video-2020-08-10-at-12.02.02-1.mp4\">https:\/\/www.institutodeengenharia.org.br\/site\/wp-content\/uploads\/2021\/03\/WhatsApp-Video-2020-08-10-at-12.02.02-1.mp4<\/a><\/video><\/div>\n<p>&nbsp;<\/p>\n","protected":false},"author":13,"featured_media":92453,"menu_order":0,"comment_status":"open","ping_status":"closed","template":"","meta":[],"tags":[],"event_type":[146,1253,1070,147],"event_type_2":[],"class_list":{"0":"post-92449","1":"ajde_events","2":"type-ajde_events","3":"status-publish","4":"has-post-thumbnail","6":"event_location-evento-on-line","7":"event_organizer-gt-amazonia-e-bioeconomia","8":"event_type-agenda","9":"event_type-amazonia-bioeconomia","10":"event_type-encontros","11":"event_type-geral"},"yoast_head":"<!-- This site is optimized with the Yoast SEO plugin v27.2 - https:\/\/yoast.com\/product\/yoast-seo-wordpress\/ -->\n<title>Encontro aberto GT Amaz\u00f4nia e Bioeconomia - Instituto de Engenharia<\/title>\n<meta name=\"robots\" content=\"index, follow, max-snippet:-1, max-image-preview:large, max-video-preview:-1\" \/>\n<link rel=\"canonical\" href=\"https:\/\/www.institutodeengenharia.org.br\/site\/events\/premio-banco-da-amazonia-de-empreendedorismo-consciente\/\" \/>\n<meta property=\"og:locale\" content=\"pt_BR\" \/>\n<meta property=\"og:type\" content=\"article\" \/>\n<meta property=\"og:title\" content=\"Pr\u00eamio Banco da Amaz\u00f4nia de Empreendedorismo Consciente\" \/>\n<meta property=\"og:description\" content=\"Apresenta\u00e7\u00e3o do caso de realiza\u00e7\u00e3o de um concurso internacional para a cria\u00e7\u00e3o de propostas para um desenvolvimento sustent\u00e1vel e inclusivo na regi\u00e3o amaz\u00f4nica. O que motivou o Pr\u00eamio, como ele foi realizado e os resultados obtidos.\" \/>\n<meta property=\"og:url\" content=\"https:\/\/www.institutodeengenharia.org.br\/site\/events\/premio-banco-da-amazonia-de-empreendedorismo-consciente\/\" \/>\n<meta property=\"og:site_name\" content=\"Instituto de Engenharia\" \/>\n<meta property=\"article:publisher\" content=\"https:\/\/www.facebook.com\/institutodeengenharia\" \/>\n<meta property=\"article:modified_time\" content=\"2022-07-04T18:29:32+00:00\" \/>\n<meta property=\"og:image\" content=\"https:\/\/www.institutodeengenharia.org.br\/site\/wp-content\/uploads\/2022\/05\/lily-g07808d2e2_1920.jpg\" \/>\n\t<meta property=\"og:image:width\" content=\"1920\" \/>\n\t<meta property=\"og:image:height\" content=\"1106\" \/>\n\t<meta property=\"og:image:type\" content=\"image\/jpeg\" \/>\n<meta name=\"twitter:card\" content=\"summary_large_image\" \/>\n<meta name=\"twitter:title\" content=\"Pr\u00eamio Banco da Amaz\u00f4nia de Empreendedorismo Consciente\" \/>\n<meta name=\"twitter:description\" content=\"Apresenta\u00e7\u00e3o do caso de realiza\u00e7\u00e3o de um concurso internacional para a cria\u00e7\u00e3o de propostas para um desenvolvimento sustent\u00e1vel e inclusivo na regi\u00e3o amaz\u00f4nica. O que motivou o Pr\u00eamio, como ele foi realizado e os resultados obtidos.\" \/>\n<meta name=\"twitter:image\" content=\"https:\/\/www.institutodeengenharia.org.br\/site\/wp-content\/uploads\/2022\/05\/lily-g07808d2e2_1920.jpg\" \/>\n<meta name=\"twitter:site\" content=\"@iengenharia\" \/>\n<meta name=\"twitter:label1\" content=\"Est. tempo de leitura\" \/>\n\t<meta name=\"twitter:data1\" content=\"4 minutos\" \/>\n<script type=\"application\/ld+json\" class=\"yoast-schema-graph\">{\"@context\":\"https:\/\/schema.org\",\"@graph\":[{\"@type\":\"WebPage\",\"@id\":\"https:\/\/www.institutodeengenharia.org.br\/site\/events\/premio-banco-da-amazonia-de-empreendedorismo-consciente\/\",\"url\":\"https:\/\/www.institutodeengenharia.org.br\/site\/events\/premio-banco-da-amazonia-de-empreendedorismo-consciente\/\",\"name\":\"Encontro aberto GT Amaz\u00f4nia e Bioeconomia - Instituto de Engenharia\",\"isPartOf\":{\"@id\":\"https:\/\/www.institutodeengenharia.org.br\/site\/#website\"},\"primaryImageOfPage\":{\"@id\":\"https:\/\/www.institutodeengenharia.org.br\/site\/events\/premio-banco-da-amazonia-de-empreendedorismo-consciente\/#primaryimage\"},\"image\":{\"@id\":\"https:\/\/www.institutodeengenharia.org.br\/site\/events\/premio-banco-da-amazonia-de-empreendedorismo-consciente\/#primaryimage\"},\"thumbnailUrl\":\"https:\/\/www.institutodeengenharia.org.br\/site\/wp-content\/uploads\/2022\/05\/lily-g07808d2e2_1920.jpg\",\"datePublished\":\"2022-05-03T17:30:19+00:00\",\"dateModified\":\"2022-07-04T18:29:32+00:00\",\"breadcrumb\":{\"@id\":\"https:\/\/www.institutodeengenharia.org.br\/site\/events\/premio-banco-da-amazonia-de-empreendedorismo-consciente\/#breadcrumb\"},\"inLanguage\":\"pt-BR\",\"potentialAction\":[{\"@type\":\"ReadAction\",\"target\":[\"https:\/\/www.institutodeengenharia.org.br\/site\/events\/premio-banco-da-amazonia-de-empreendedorismo-consciente\/\"]}]},{\"@type\":\"ImageObject\",\"inLanguage\":\"pt-BR\",\"@id\":\"https:\/\/www.institutodeengenharia.org.br\/site\/events\/premio-banco-da-amazonia-de-empreendedorismo-consciente\/#primaryimage\",\"url\":\"https:\/\/www.institutodeengenharia.org.br\/site\/wp-content\/uploads\/2022\/05\/lily-g07808d2e2_1920.jpg\",\"contentUrl\":\"https:\/\/www.institutodeengenharia.org.br\/site\/wp-content\/uploads\/2022\/05\/lily-g07808d2e2_1920.jpg\",\"width\":1920,\"height\":1106},{\"@type\":\"BreadcrumbList\",\"@id\":\"https:\/\/www.institutodeengenharia.org.br\/site\/events\/premio-banco-da-amazonia-de-empreendedorismo-consciente\/#breadcrumb\",\"itemListElement\":[{\"@type\":\"ListItem\",\"position\":1,\"name\":\"In\u00edcio\",\"item\":\"https:\/\/www.institutodeengenharia.org.br\/site\/\"},{\"@type\":\"ListItem\",\"position\":2,\"name\":\"Eventos\",\"item\":\"https:\/\/www.institutodeengenharia.org.br\/site\/events\/\"},{\"@type\":\"ListItem\",\"position\":3,\"name\":\"Encontro aberto GT Amaz\u00f4nia e Bioeconomia\"}]},{\"@type\":\"WebSite\",\"@id\":\"https:\/\/www.institutodeengenharia.org.br\/site\/#website\",\"url\":\"https:\/\/www.institutodeengenharia.org.br\/site\/\",\"name\":\"Instituto de Engenharia\",\"description\":\"O Instituto de Engenharia promove a Engenharia em benef\u00edcio do desenvolvimento e da qualidade de vida da sociedade.\",\"publisher\":{\"@id\":\"https:\/\/www.institutodeengenharia.org.br\/site\/#organization\"},\"potentialAction\":[{\"@type\":\"SearchAction\",\"target\":{\"@type\":\"EntryPoint\",\"urlTemplate\":\"https:\/\/www.institutodeengenharia.org.br\/site\/?s={search_term_string}\"},\"query-input\":{\"@type\":\"PropertyValueSpecification\",\"valueRequired\":true,\"valueName\":\"search_term_string\"}}],\"inLanguage\":\"pt-BR\"},{\"@type\":\"Organization\",\"@id\":\"https:\/\/www.institutodeengenharia.org.br\/site\/#organization\",\"name\":\"Instituto de Engenharia\",\"url\":\"https:\/\/www.institutodeengenharia.org.br\/site\/\",\"logo\":{\"@type\":\"ImageObject\",\"inLanguage\":\"pt-BR\",\"@id\":\"https:\/\/www.institutodeengenharia.org.br\/site\/#\/schema\/logo\/image\/\",\"url\":\"https:\/\/www.institutodeengenharia.org.br\/site\/wp-content\/uploads\/2019\/03\/logo-novo-IE2018-1.jpg\",\"contentUrl\":\"https:\/\/www.institutodeengenharia.org.br\/site\/wp-content\/uploads\/2019\/03\/logo-novo-IE2018-1.jpg\",\"width\":1486,\"height\":1879,\"caption\":\"Instituto de Engenharia\"},\"image\":{\"@id\":\"https:\/\/www.institutodeengenharia.org.br\/site\/#\/schema\/logo\/image\/\"},\"sameAs\":[\"https:\/\/www.facebook.com\/institutodeengenharia\",\"https:\/\/x.com\/iengenharia\",\"https:\/\/www.instagram.com\/institutodeengenharia\/\",\"https:\/\/www.linkedin.com\/company\/instituto-de-engenharia\/\",\"https:\/\/www.youtube.com\/channel\/UCXiCAlsSMe977vamW915HxA\"]}]}<\/script>\n<!-- \/ Yoast SEO plugin. -->","yoast_head_json":{"title":"Encontro aberto GT Amaz\u00f4nia e Bioeconomia - Instituto de Engenharia","robots":{"index":"index","follow":"follow","max-snippet":"max-snippet:-1","max-image-preview":"max-image-preview:large","max-video-preview":"max-video-preview:-1"},"canonical":"https:\/\/www.institutodeengenharia.org.br\/site\/events\/premio-banco-da-amazonia-de-empreendedorismo-consciente\/","og_locale":"pt_BR","og_type":"article","og_title":"Pr\u00eamio Banco da Amaz\u00f4nia de Empreendedorismo Consciente","og_description":"Apresenta\u00e7\u00e3o do caso de realiza\u00e7\u00e3o de um concurso internacional para a cria\u00e7\u00e3o de propostas para um desenvolvimento sustent\u00e1vel e inclusivo na regi\u00e3o amaz\u00f4nica. O que motivou o Pr\u00eamio, como ele foi realizado e os resultados obtidos.","og_url":"https:\/\/www.institutodeengenharia.org.br\/site\/events\/premio-banco-da-amazonia-de-empreendedorismo-consciente\/","og_site_name":"Instituto de Engenharia","article_publisher":"https:\/\/www.facebook.com\/institutodeengenharia","article_modified_time":"2022-07-04T18:29:32+00:00","og_image":[{"width":1920,"height":1106,"url":"https:\/\/www.institutodeengenharia.org.br\/site\/wp-content\/uploads\/2022\/05\/lily-g07808d2e2_1920.jpg","type":"image\/jpeg"}],"twitter_card":"summary_large_image","twitter_title":"Pr\u00eamio Banco da Amaz\u00f4nia de Empreendedorismo Consciente","twitter_description":"Apresenta\u00e7\u00e3o do caso de realiza\u00e7\u00e3o de um concurso internacional para a cria\u00e7\u00e3o de propostas para um desenvolvimento sustent\u00e1vel e inclusivo na regi\u00e3o amaz\u00f4nica. O que motivou o Pr\u00eamio, como ele foi realizado e os resultados obtidos.","twitter_image":"https:\/\/www.institutodeengenharia.org.br\/site\/wp-content\/uploads\/2022\/05\/lily-g07808d2e2_1920.jpg","twitter_site":"@iengenharia","twitter_misc":{"Est. tempo de leitura":"4 minutos"},"schema":{"@context":"https:\/\/schema.org","@graph":[{"@type":"WebPage","@id":"https:\/\/www.institutodeengenharia.org.br\/site\/events\/premio-banco-da-amazonia-de-empreendedorismo-consciente\/","url":"https:\/\/www.institutodeengenharia.org.br\/site\/events\/premio-banco-da-amazonia-de-empreendedorismo-consciente\/","name":"Encontro aberto GT Amaz\u00f4nia e Bioeconomia - Instituto de Engenharia","isPartOf":{"@id":"https:\/\/www.institutodeengenharia.org.br\/site\/#website"},"primaryImageOfPage":{"@id":"https:\/\/www.institutodeengenharia.org.br\/site\/events\/premio-banco-da-amazonia-de-empreendedorismo-consciente\/#primaryimage"},"image":{"@id":"https:\/\/www.institutodeengenharia.org.br\/site\/events\/premio-banco-da-amazonia-de-empreendedorismo-consciente\/#primaryimage"},"thumbnailUrl":"https:\/\/www.institutodeengenharia.org.br\/site\/wp-content\/uploads\/2022\/05\/lily-g07808d2e2_1920.jpg","datePublished":"2022-05-03T17:30:19+00:00","dateModified":"2022-07-04T18:29:32+00:00","breadcrumb":{"@id":"https:\/\/www.institutodeengenharia.org.br\/site\/events\/premio-banco-da-amazonia-de-empreendedorismo-consciente\/#breadcrumb"},"inLanguage":"pt-BR","potentialAction":[{"@type":"ReadAction","target":["https:\/\/www.institutodeengenharia.org.br\/site\/events\/premio-banco-da-amazonia-de-empreendedorismo-consciente\/"]}]},{"@type":"ImageObject","inLanguage":"pt-BR","@id":"https:\/\/www.institutodeengenharia.org.br\/site\/events\/premio-banco-da-amazonia-de-empreendedorismo-consciente\/#primaryimage","url":"https:\/\/www.institutodeengenharia.org.br\/site\/wp-content\/uploads\/2022\/05\/lily-g07808d2e2_1920.jpg","contentUrl":"https:\/\/www.institutodeengenharia.org.br\/site\/wp-content\/uploads\/2022\/05\/lily-g07808d2e2_1920.jpg","width":1920,"height":1106},{"@type":"BreadcrumbList","@id":"https:\/\/www.institutodeengenharia.org.br\/site\/events\/premio-banco-da-amazonia-de-empreendedorismo-consciente\/#breadcrumb","itemListElement":[{"@type":"ListItem","position":1,"name":"In\u00edcio","item":"https:\/\/www.institutodeengenharia.org.br\/site\/"},{"@type":"ListItem","position":2,"name":"Eventos","item":"https:\/\/www.institutodeengenharia.org.br\/site\/events\/"},{"@type":"ListItem","position":3,"name":"Encontro aberto GT Amaz\u00f4nia e Bioeconomia"}]},{"@type":"WebSite","@id":"https:\/\/www.institutodeengenharia.org.br\/site\/#website","url":"https:\/\/www.institutodeengenharia.org.br\/site\/","name":"Instituto de Engenharia","description":"O Instituto de Engenharia promove a Engenharia em benef\u00edcio do desenvolvimento e da qualidade de vida da sociedade.","publisher":{"@id":"https:\/\/www.institutodeengenharia.org.br\/site\/#organization"},"potentialAction":[{"@type":"SearchAction","target":{"@type":"EntryPoint","urlTemplate":"https:\/\/www.institutodeengenharia.org.br\/site\/?s={search_term_string}"},"query-input":{"@type":"PropertyValueSpecification","valueRequired":true,"valueName":"search_term_string"}}],"inLanguage":"pt-BR"},{"@type":"Organization","@id":"https:\/\/www.institutodeengenharia.org.br\/site\/#organization","name":"Instituto de Engenharia","url":"https:\/\/www.institutodeengenharia.org.br\/site\/","logo":{"@type":"ImageObject","inLanguage":"pt-BR","@id":"https:\/\/www.institutodeengenharia.org.br\/site\/#\/schema\/logo\/image\/","url":"https:\/\/www.institutodeengenharia.org.br\/site\/wp-content\/uploads\/2019\/03\/logo-novo-IE2018-1.jpg","contentUrl":"https:\/\/www.institutodeengenharia.org.br\/site\/wp-content\/uploads\/2019\/03\/logo-novo-IE2018-1.jpg","width":1486,"height":1879,"caption":"Instituto de Engenharia"},"image":{"@id":"https:\/\/www.institutodeengenharia.org.br\/site\/#\/schema\/logo\/image\/"},"sameAs":["https:\/\/www.facebook.com\/institutodeengenharia","https:\/\/x.com\/iengenharia","https:\/\/www.instagram.com\/institutodeengenharia\/","https:\/\/www.linkedin.com\/company\/instituto-de-engenharia\/","https:\/\/www.youtube.com\/channel\/UCXiCAlsSMe977vamW915HxA"]}]}},"_links":{"self":[{"href":"https:\/\/www.institutodeengenharia.org.br\/site\/wp-json\/wp\/v2\/ajde_events\/92449","targetHints":{"allow":["GET"]}}],"collection":[{"href":"https:\/\/www.institutodeengenharia.org.br\/site\/wp-json\/wp\/v2\/ajde_events"}],"about":[{"href":"https:\/\/www.institutodeengenharia.org.br\/site\/wp-json\/wp\/v2\/types\/ajde_events"}],"author":[{"embeddable":true,"href":"https:\/\/www.institutodeengenharia.org.br\/site\/wp-json\/wp\/v2\/users\/13"}],"replies":[{"embeddable":true,"href":"https:\/\/www.institutodeengenharia.org.br\/site\/wp-json\/wp\/v2\/comments?post=92449"}],"wp:featuredmedia":[{"embeddable":true,"href":"https:\/\/www.institutodeengenharia.org.br\/site\/wp-json\/wp\/v2\/media\/92453"}],"wp:attachment":[{"href":"https:\/\/www.institutodeengenharia.org.br\/site\/wp-json\/wp\/v2\/media?parent=92449"}],"wp:term":[{"taxonomy":"post_tag","embeddable":true,"href":"https:\/\/www.institutodeengenharia.org.br\/site\/wp-json\/wp\/v2\/tags?post=92449"},{"taxonomy":"event_type","embeddable":true,"href":"https:\/\/www.institutodeengenharia.org.br\/site\/wp-json\/wp\/v2\/event_type?post=92449"},{"taxonomy":"event_type_2","embeddable":true,"href":"https:\/\/www.institutodeengenharia.org.br\/site\/wp-json\/wp\/v2\/event_type_2?post=92449"}],"curies":[{"name":"wp","href":"https:\/\/api.w.org\/{rel}","templated":true}]}}