{"id":85603,"date":"2021-09-17T10:45:56","date_gmt":"2021-09-17T13:45:56","guid":{"rendered":"https:\/\/www.institutodeengenharia.org.br\/site\/events\/governanca-metropolitana-dos-transportes\/"},"modified":"2021-10-22T14:36:31","modified_gmt":"2021-10-22T17:36:31","slug":"governanca-metropolitana-dos-transportes","status":"publish","type":"ajde_events","link":"https:\/\/www.institutodeengenharia.org.br\/site\/events\/governanca-metropolitana-dos-transportes\/","title":{"rendered":"Governan\u00e7a Metropolitana dos Transportes &#8211; 105 anos IE"},"content":{"rendered":"<p><a href=\"https:\/\/www.institutodeengenharia.org.br\/site\/2021\/10\/22\/governanca-metropolitana-dos-transportes-105-anos-do-ie\/\"><img loading=\"lazy\" decoding=\"async\" class=\"wp-image-63985 aligncenter\" src=\"https:\/\/www.institutodeengenharia.org.br\/site\/wp-content\/uploads\/2020\/04\/clique-e-assista-\u00e0-grava\u00e7\u00e3o-do-evento.jpg\" alt=\"\" width=\"226\" height=\"90\" \/><\/a><\/p>\n<p><a href=\"https:\/\/www.institutodeengenharia.org.br\/site\/2021\/10\/14\/material-tecnico-governanca-metropolitana-dos-transportes-105-anos-ie\/\"><img loading=\"lazy\" decoding=\"async\" class=\" wp-image-63986 aligncenter\" src=\"https:\/\/www.institutodeengenharia.org.br\/site\/wp-content\/uploads\/2020\/04\/clique-e-confira-o-material-t\u00e9cnico.jpg\" alt=\"\" width=\"214\" height=\"87\" srcset=\"https:\/\/www.institutodeengenharia.org.br\/site\/wp-content\/uploads\/2020\/04\/clique-e-confira-o-material-t\u00e9cnico.jpg 447w, https:\/\/www.institutodeengenharia.org.br\/site\/wp-content\/uploads\/2020\/04\/clique-e-confira-o-material-t\u00e9cnico-300x121.jpg 300w\" sizes=\"auto, (max-width: 214px) 100vw, 214px\" \/><\/a><\/p>\n<p><strong>Quer fazer parte do Instituto de Engenharia? Confira nossas vantagens:<\/strong><\/p>\n<p><a href=\"https:\/\/www.institutodeengenharia.org.br\/home\/#pricing\" target=\"_blank\" rel=\"noopener\"><img loading=\"lazy\" decoding=\"async\" class=\"wp-image-64426 td-animation-stack-type0-2 aligncenter\" src=\"https:\/\/www.institutodeengenharia.org.br\/site\/wp-content\/uploads\/2019\/11\/associe-se.jpg\" alt=\"\" width=\"207\" height=\"80\" srcset=\"https:\/\/www.institutodeengenharia.org.br\/site\/wp-content\/uploads\/2019\/11\/associe-se.jpg 409w, https:\/\/www.institutodeengenharia.org.br\/site\/wp-content\/uploads\/2019\/11\/associe-se-300x117.jpg 300w\" sizes=\"auto, (max-width: 207px) 100vw, 207px\" \/><\/a><\/p>\n<p><span style=\"vertical-align: inherit;\"><span style=\"vertical-align: inherit;\">Como parte das comemora\u00e7\u00f5es dos 105 anos do Instituto de Engenharia, realizaremos, de 13 a 15 de outubro, uma s\u00e9rie de palestras sobre os cadernos especiais.<\/span><\/span><\/p>\n<p><span style=\"vertical-align: inherit;\"><span style=\"vertical-align: inherit;\">Dia 14 \u00e9 uma vez do tema <\/span><\/span><a href=\"https:\/\/www.institutodeengenharia.org.br\/site\/governancametropolitanatransportes\/\"><span style=\"vertical-align: inherit;\"><span style=\"vertical-align: inherit;\"> Governan\u00e7a Metropolitana dos Transportes<\/span><\/span><\/a><span style=\"vertical-align: inherit;\"><span style=\"vertical-align: inherit;\"> .<\/span><\/span><\/p>\n<p><strong><span style=\"vertical-align: inherit;\"><span style=\"vertical-align: inherit;\">Abordagem:<\/span><\/span><\/strong><\/p>\n<p><span style=\"vertical-align: inherit;\"><span style=\"vertical-align: inherit;\">Milh\u00f5es de viagens realizadas todos os dias, com origem \/ destino em um dos 39 munic\u00edpios da Regi\u00e3o Metropolitana de S\u00e3o Paulo. <\/span><span style=\"vertical-align: inherit;\">Milh\u00f5es de passageiros transportados num dos maiores aglomerados urbanos do mundo, em que cada cidade e o Estado t\u00eam sistemas distintos de transportes. <\/span><span style=\"vertical-align: inherit;\">Um sistema em que convivem \u00f4nibus urbanos e intermunicipais, trens e metr\u00f4, que compartilham ruas e avenidas com uma frota gigantesca de ve\u00edculos leves e pesados, sem contar ciclistas e pedestres. <\/span><span style=\"vertical-align: inherit;\">Como organizar esse cen\u00e1rio de forma a garantir, no futuro, uma mobilidade de qualidade em toda a Regi\u00e3o?<\/span><\/span><\/p>\n<p><span style=\"vertical-align: inherit;\"><span style=\"vertical-align: inherit;\">Fechar essa conta com saldo positivo vai depender de muita Engenharia, para buscar solu\u00e7\u00f5es coordenadas e integradoras que suceder a circula\u00e7\u00e3o de todos os componentes dessa equa\u00e7\u00e3o, sem os atuais desencontros de planejamento e gest\u00e3o que explodem em transporte p\u00fablico ineficiente, todos percorrer de milhas de congestionamentos os dias, acidentes, problemas log\u00edsticos e tarif\u00e1rios.<\/span><\/span><\/p>\n<p><span style=\"vertical-align: inherit;\"><span style=\"vertical-align: inherit;\">Cumprindo seu compromisso de \u201cpromover a Engenharia em desenvolvimento e da qualidade de vida da sociedade\u201d, o Instituto de Engenharia se empenhou em discutir e desenvolver sua proposta t\u00e9cnica de Governan\u00e7a Metropolitana dos Transportes, que apresenta neste documento. <\/span><span style=\"vertical-align: inherit;\">S\u00e3o engenheiros exercendo uma cidadania para propor uma gest\u00e3o de transportes para a Regi\u00e3o Metropolitana como um todo, que garanta o direito de ir e vir com dignidade para milh\u00f5es de pessoas.<\/span><\/span><\/p>\n<p><strong><span style=\"vertical-align: inherit;\"><span style=\"vertical-align: inherit;\">P\u00fablico-alvo:<\/span><\/span><\/strong><\/p>\n<p><span style=\"vertical-align: inherit;\"><span style=\"vertical-align: inherit;\">Projetistas, Construtoras, Escolas de Engenharia, Engenheiros, Arquitetos e Estudantes.<\/span><\/span><\/p>\n<p>&nbsp;<\/p>\n<p style=\"text-align: center;\"><em><strong><span style=\"vertical-align: inherit;\"><span style=\"vertical-align: inherit;\">Conhe\u00e7a os participantes:<\/span><\/span><\/strong><\/em><\/p>\n<p><img loading=\"lazy\" decoding=\"async\" class=\"alignnone wp-image-82005 alignleft\" src=\"https:\/\/www.institutodeengenharia.org.br\/site\/wp-content\/uploads\/2021\/06\/alberto-198x300.png\" alt=\"\" width=\"170\" height=\"258\" srcset=\"https:\/\/www.institutodeengenharia.org.br\/site\/wp-content\/uploads\/2021\/06\/alberto-198x300.png 198w, https:\/\/www.institutodeengenharia.org.br\/site\/wp-content\/uploads\/2021\/06\/alberto-277x420.png 277w, https:\/\/www.institutodeengenharia.org.br\/site\/wp-content\/uploads\/2021\/06\/alberto.png 303w\" sizes=\"auto, (max-width: 170px) 100vw, 170px\" \/><\/p>\n<p style=\"text-align: left;\"><strong><span style=\"vertical-align: inherit;\"><span style=\"vertical-align: inherit;\">Alberto Epifani &#8211; Coordenador da DT. <\/span><span style=\"vertical-align: inherit;\">de urbaniza\u00e7\u00e3o<\/span><\/span><\/strong><\/p>\n<p style=\"text-align: left;\"><span style=\"vertical-align: inherit;\"><span style=\"vertical-align: inherit;\">Arquiteto e Urbanismo, pela Faculdade de Arquitetura e Urbanismo da Universidade de S\u00e3o Paulo, com cursos de especializa\u00e7\u00e3o em Transporte Coletivo por \u00d4nibus, Movimentos Sociais Urbanos e Urbaniza\u00e7\u00e3o e Treinamento B\u00e1sico de Administra\u00e7\u00e3o &#8211; TBA. <\/span><span style=\"vertical-align: inherit;\">Na Companhia do Metropolitano de S\u00e3o Paulo &#8211; METR\u00d4, atuou como Analista de Projetos, Coordenador de Monitora\u00e7\u00e3o do Sistema de Transporte P\u00fablico de Passageiros e de Pesquisas Operacionais, da Diretoria de Planejamento, Chefe de Departamento do Sistema Operacional, Gerente do Sistema de Transporte, Chefe da Assessoria para Integra\u00e7\u00e3o do Sistema Metropolitano, Gerente de Planejamento e Integra\u00e7\u00e3o de Transporte Metropolitano e Diretor de Planejamento e Expans\u00e3o dos Transportes Metropolitanos. <\/span><span style=\"vertical-align: inherit;\">Diretor de Planejamento da Companhia Paulista de Trens Metropolitanos &#8211; CPTM.<\/span><\/span><\/p>\n<p><img loading=\"lazy\" decoding=\"async\" class=\"alignnone wp-image-82743 alignright\" src=\"https:\/\/www.institutodeengenharia.org.br\/site\/wp-content\/uploads\/2021\/07\/flaminio-250x300.jpg\" alt=\"\" width=\"176\" height=\"211\" srcset=\"https:\/\/www.institutodeengenharia.org.br\/site\/wp-content\/uploads\/2021\/07\/flaminio-250x300.jpg 250w, https:\/\/www.institutodeengenharia.org.br\/site\/wp-content\/uploads\/2021\/07\/flaminio.jpg 312w\" sizes=\"auto, (max-width: 176px) 100vw, 176px\" \/><\/p>\n<p style=\"text-align: right;\"><strong><span style=\"vertical-align: inherit;\"><span style=\"vertical-align: inherit;\">Flam\u00ednio Fichmann &#8211; Coordenador da DT. <\/span><span style=\"vertical-align: inherit;\">de Mobilidade e Log\u00edstica Urbana<\/span><\/span><\/strong><\/p>\n<p style=\"text-align: right;\"><span style=\"vertical-align: inherit;\"><span style=\"vertical-align: inherit;\">Graduado em Arquitetura e Urbanismo pela Universidade Mackenzie com especializa\u00e7\u00e3o na FGV. <\/span><span style=\"vertical-align: inherit;\">Trabalhou na administra\u00e7\u00e3o p\u00fablica por 14 anos (CET e EMTU \/ SP). <\/span><span style=\"vertical-align: inherit;\">Atua como consultor h\u00e1 28 anos, s\u00f3cio e diretor da Projeto 34 &#8211; Arquitetura e Engenharia, empresa que executou in\u00fameros planos e projetos no Brasil e exterior, de rodovias, BRTs, metr\u00f4s, trens e atividades relacionadas a mobilidade urbana junto para \u00f3rg\u00e3os p\u00fablicos e empresas particulares. <\/span><span style=\"vertical-align: inherit;\">\u00c9 Coordenador da Divis\u00e3o T\u00e9cnica de Transporte Metropolitano do IE e Diretor de Mobilidade da Associa\u00e7\u00e3o Brasileira de Ve\u00edculos El\u00e9tricos &#8211; ABVE. <\/span><span style=\"vertical-align: inherit;\">Foi consultor da Socicam e do INST &#8211; Instituto Nacional de Seguran\u00e7a no Tr\u00e2nsito; <\/span><span style=\"vertical-align: inherit;\">Diretor da ONG Bairro Vivo, Presidente do Comit\u00ea de Tr\u00e2nsito da Ag\u00eancia Brasil de Seguran\u00e7a &#8211; ABS,<\/span><\/span><\/p>\n<p><img loading=\"lazy\" decoding=\"async\" class=\"alignnone wp-image-43624 alignleft\" src=\"https:\/\/www.institutodeengenharia.org.br\/site\/wp-content\/uploads\/2019\/08\/ivan1-300x225.jpg\" alt=\"\" width=\"251\" height=\"188\" srcset=\"https:\/\/www.institutodeengenharia.org.br\/site\/wp-content\/uploads\/2019\/08\/ivan1-300x225.jpg 300w, https:\/\/www.institutodeengenharia.org.br\/site\/wp-content\/uploads\/2019\/08\/ivan1-80x60.jpg 80w, https:\/\/www.institutodeengenharia.org.br\/site\/wp-content\/uploads\/2019\/08\/ivan1-265x198.jpg 265w, https:\/\/www.institutodeengenharia.org.br\/site\/wp-content\/uploads\/2019\/08\/ivan1.jpg 314w\" sizes=\"auto, (max-width: 251px) 100vw, 251px\" \/><\/p>\n<p style=\"text-align: left;\"><strong><span style=\"vertical-align: inherit;\"><span style=\"vertical-align: inherit;\">Ivan Metran Whately- Vice-Presidente de Atividades T\u00e9cnicas<\/span><\/span><\/strong><\/p>\n<p style=\"text-align: left;\"><span style=\"vertical-align: inherit;\"><span style=\"vertical-align: inherit;\">No Instituto de Engenharia h\u00e1 40 anos, atuou como 1\u00ba Secret\u00e1rio da Diretoria Executiva nos \u00faltimos quatro anos. <\/span><span style=\"vertical-align: inherit;\">H\u00e1 seis anos \u00e9 diretor do Departamento de Mobilidade e Log\u00edstica e atuou por cinco anos como coordenador da Divis\u00e3o T\u00e9cnica de Transportes Metropolitanos. <\/span><span style=\"vertical-align: inherit;\">Por dois per\u00edodos de quatro anos fez parte do Conselho Deliberativo. <\/span><span style=\"vertical-align: inherit;\">Atualmente \u00e9 VP de Atividades T\u00e9cnicas e Atua no Conselho Consultivo. <\/span><span style=\"vertical-align: inherit;\">Participa do Conselho Editorial e de Pauta da Revista Engenharia. <\/span><span style=\"vertical-align: inherit;\">Sempre atividades volunt\u00e1rias, e como confrade, participa das degusta\u00e7\u00f5es da SocIEt\u00e0 &#8211; grupo de associados amigos do vinho no Instituto de Engenharia. <\/span><span style=\"vertical-align: inherit;\">Formado em Engenharia Civil pela FAAP, em 1974; <\/span><span style=\"vertical-align: inherit;\">Arquitetura pela universidade Presbiteriana Mackenzie, em 1967; <\/span><span style=\"vertical-align: inherit;\">com cursos de extens\u00e3o e est\u00e1gios profissionais no Brasil e na Fran\u00e7a, <\/span><span style=\"vertical-align: inherit;\">nas especializa\u00e7\u00f5es de Engenharia de Tr\u00e1fego e Transporte e Planejamento de Transporte. <\/span><span style=\"vertical-align: inherit;\">Atuou em empresas privadas e p\u00fablicas. <\/span><span style=\"vertical-align: inherit;\">Atualmente \u00e9 consultor de Planejamento de Transporte, j\u00e1 foi assessor da Diretoria do Metr\u00f4-SP (2013-2019), foi assessor Especial do SMT (2010-2013), foi gerente de Projetos e Obras da EMTU (2007-2013), foi superintendente do DAEE (1995-1997) e foi diretor de Projetos e diretor-presidente da CPOS (1997-2005). <\/span><span style=\"vertical-align: inherit;\">Foi Presidente da Comiss\u00e3o Pr\u00f3-Centro e diretor do DTP da PMSP. <\/span><span style=\"vertical-align: inherit;\">Al\u00e9m disso, foi consultor da OEA no Uruguai; <\/span><span style=\"vertical-align: inherit;\">Diretor de Projetos de Engenharia do FUNDUSP; <\/span><span style=\"vertical-align: inherit;\">dirigente da Assessoria T\u00e9cnica da Secretaria dos Neg\u00f3cios Metropolitanos; <\/span><span style=\"vertical-align: inherit;\">assessor T\u00e9cnico da Secretaria de Estado dos Transportes, diretor do Departamento de Projetos da SEEBLA &#8211; Servi\u00e7os de Engenharia, onde coordenou projetos em cidades brasileiras, Chile,<\/span><\/span><\/p>\n<p><img loading=\"lazy\" decoding=\"async\" class=\"alignnone wp-image-36879 alignright\" src=\"https:\/\/www.institutodeengenharia.org.br\/site\/wp-content\/uploads\/2018\/06\/Foto-Portella-1-e1596726677492-249x300.jpg\" alt=\"\" width=\"179\" height=\"215\" srcset=\"https:\/\/www.institutodeengenharia.org.br\/site\/wp-content\/uploads\/2018\/06\/Foto-Portella-1-e1596726677492-249x300.jpg 249w, https:\/\/www.institutodeengenharia.org.br\/site\/wp-content\/uploads\/2018\/06\/Foto-Portella-1-e1596726677492-768x926.jpg 768w, https:\/\/www.institutodeengenharia.org.br\/site\/wp-content\/uploads\/2018\/06\/Foto-Portella-1-e1596726677492-696x839.jpg 696w, https:\/\/www.institutodeengenharia.org.br\/site\/wp-content\/uploads\/2018\/06\/Foto-Portella-1-e1596726677492-348x420.jpg 348w, https:\/\/www.institutodeengenharia.org.br\/site\/wp-content\/uploads\/2018\/06\/Foto-Portella-1-e1596726677492-600x723.jpg 600w, https:\/\/www.institutodeengenharia.org.br\/site\/wp-content\/uploads\/2018\/06\/Foto-Portella-1-e1596726677492.jpg 812w\" sizes=\"auto, (max-width: 179px) 100vw, 179px\" \/><\/p>\n<p style=\"text-align: right;\"><strong>Luiz Fernando Portella &#8211; Diretor do Departamento de Desenvolvimento Urbano e Regional<\/strong><\/p>\n<p style=\"text-align: right;\">Formado h\u00e1 45 anos em engenharia mec\u00e2nica pela Faculdade de Engenharia Industrial, com tr\u00eas p\u00f3s em: An\u00e1lise de Sistemas Computacionais (Datamec), Administra\u00e7\u00e3o de Empresas (FGV) e Marketing Industrial e Estrat\u00e9gico (MAU\u00c1\/STANFORD).<\/p>\n<p style=\"text-align: right;\">Atuou com o C-Level nas empresas: Exxon, Maquinas Piratininga, Alfa-Laval,\u00a0 General Eletric e RATP\/Tecnologia (Fran\u00e7a). Atualmente, \u00e9 s\u00f3cio na NBO Participa\u00e7\u00f5es &amp; Servi\u00e7os .<\/p>\n<p style=\"text-align: right;\">Desde 1973 atuou em grandes obras de infraestrutura, passando por atividades industriais no desenvolvimento de equipamentos para todo seguimento da ind\u00fastria de base e industrial. Atuou fortemente no desenvolvimento de neg\u00f3cios na \u00e1rea de infraestrutura e transportes, onde atua at\u00e9 hoje transferindo tecnologia em ITS (Intelligent Transportation Systems) &amp; Meios de Pagamentos dedicados ao transporte e log\u00edstica.<\/p>\n<p style=\"text-align: right;\">Sua atua\u00e7\u00e3o internacional teve inicio em 1979 na Su\u00e9cia, onde residiu trabalhando e continua atuando at\u00e9 hoje na \u00e1rea de mobilidade na Europa, EUA e Am\u00e9rica Latina.<\/p>\n<p style=\"text-align: right;\">\u00c9 membro da UITP (International Association of Public Transportation) onde coordena dois GT\u2019s (MaaS &amp; Tiketing). Atua com CCO da CNA (Calypso Networks Associacion) para Am\u00e9rica Latina, esta Conselheiro Consultivo do Instituto de Engenharia. Como associado ao IE h\u00e1 mais de 35 anos, participou da cria\u00e7\u00e3o da DIV. de Marketing na Engenharia, promoveu junto ao IE o \u201cPrograma Nacional de Qualidade &amp; Produtividade\u201d, caderno de \u201cGovernan\u00e7a Metropolitana\u201d e por ultimo criou o programa de \u201cMentoria a Servi\u00e7o da Engenharia\u201d que esta em andamento.<\/p>\n<p style=\"text-align: right;\">Como Mentor tem tido a oportunidade de mentorar v\u00e1rios jovens e seniores no Brasil e fora do Brasil e com isso, poder \u201cusar\u201d sua maturidade para transferir conhecimento e principalmente despertar em cada um o seu pr\u00f3prio potencial, al\u00e9m de\u00a0 motivar seu pr\u00f3prio desenvolvimento e principalmente\u00a0 defender a qualidade da Engenharia Brasileira. No programa de Mentoria do Instituto de Engenharia, onde coordena uma equipe de 6 Mentores formados na Escola de Mentores, j\u00e1 foram abordados mais de 870 pessoas e empresas que puderam ter contato com o programa de Mentoria.<\/p>\n<p>&nbsp;<\/p>\n<p><img loading=\"lazy\" decoding=\"async\" class=\"alignnone wp-image-37233 alignleft\" src=\"https:\/\/www.institutodeengenharia.org.br\/site\/wp-content\/uploads\/2018\/08\/miriana.jpg\" alt=\"\" width=\"185\" height=\"242\" \/><\/p>\n<p style=\"text-align: left;\"><strong>Eng.\u00aa Miriana Marques \u2013 Diretora Operacional<\/strong><\/p>\n<p style=\"text-align: left;\"><span style=\"vertical-align: inherit;\"><span style=\"vertical-align: inherit;\">Engenheira Civil formada h\u00e1 31 anos pela FEFAAP, e especialista em Avalia\u00e7\u00f5es e Per\u00edcias pela Universidade 9 de Julho. <\/span><span style=\"vertical-align: inherit;\">\u00c9 respons\u00e1vel t\u00e9cnica da Marques &amp; Marques Engenharia Avalia\u00e7\u00f5es e Per\u00edcias, tendo como foco principal a realiza\u00e7\u00e3o de Relat\u00f3rios T\u00e9cnicos de Vistoria de Vizinhan\u00e7a para grandes obras de infraestrutura no Estado de S\u00e3o Paulo &#8211; Metr\u00f4, Rodoanel, Contorno da Tamoios, Descida da Serra, entre outros . <\/span><span style=\"vertical-align: inherit;\">Na vida acad\u00eamica foi professora de Maci\u00e7os e Obras de Terra, Transportes e Mec\u00e2nica dos Solos na FEFAAP, professora convidada nos cursos de p\u00f3s-gradua\u00e7\u00e3o de Avalia\u00e7\u00f5es e Per\u00edcias da FAAP e IBEC. <\/span><span style=\"vertical-align: inherit;\">Na \u00e1rea judicial atua como assistente t\u00e9cnico do Metr\u00f4, foi assistente t\u00e9cnica da DERSA e \u00e9 perita na 6\u00ba Vara C\u00edvel do F\u00f3rum de Jundia\u00ed. <\/span><span style=\"vertical-align: inherit;\">Na \u00e1rea p\u00fablica foi supervisora \u200b\u200bT\u00e9cnica de Planejamento Urbano na Subprefeitura do Butant\u00e3 e assessora da Superintend\u00eancia de Obras na Siurb, na gest\u00e3o do prefeito Gilberto Kassab. <\/span><span style=\"vertical-align: inherit;\">No Instituto de Engenharia, \u00e9 diretora de programa\u00e7\u00e3o junto \u00e0 Vice Presidencia de Atividades T\u00e9cnicas, membro do Conselho Deliberativo e Consultivo, membro da C\u00e2mara de Media\u00e7\u00e3o e Arbitragem, membro do Grupo Mulheres e Mentoria, vice-diretora da Divis\u00e3o T\u00e9cnica de Avalia\u00e7\u00f5es e Per\u00edcias e secret\u00e1ria da Divis\u00e3o T\u00e9cnica de Novas Tecnologias. <\/span><span style=\"vertical-align: inherit;\">Agraciada com o Pr\u00eamio de Melhor Trabalho T\u00e9cnico do Ano analisando temas ligados ao exerc\u00edcio da profiss\u00e3o &#8211; \u201cVistoria Cautelar\u201d, \u201cIm\u00f3veis Tombados\u201d, \u201cCal\u00e7adas\u201d e \u201cAs Maravilhas da Engenharia\u201d. <\/span><span style=\"vertical-align: inherit;\">\u00e9 diretora de programa\u00e7\u00e3o junto \u00e0 Vice-Presid\u00eancia de Atividades T\u00e9cnicas, membro do Conselho Deliberativo e Consultivo, membro da C\u00e2mara de Media\u00e7\u00e3o e Arbitragem, membro do Grupo Mulheres e Mentoria, vice-diretora da Divis\u00e3o T\u00e9cnica de Avalia\u00e7\u00f5es e Per\u00edcias e secret\u00e1ria da Divis\u00e3o T\u00e9cnica de Novas Tecnologias. <\/span><span style=\"vertical-align: inherit;\">Agraciada com o Pr\u00eamio de Melhor Trabalho T\u00e9cnico do Ano analisando temas ligados ao exerc\u00edcio da profiss\u00e3o &#8211; \u201cVistoria Cautelar\u201d, \u201cIm\u00f3veis Tombados\u201d, \u201cCal\u00e7adas\u201d e \u201cAs Maravilhas da Engenharia\u201d. <\/span><span style=\"vertical-align: inherit;\">\u00e9 diretora de programa\u00e7\u00e3o junto \u00e0 Vice-Presid\u00eancia de Atividades T\u00e9cnicas, membro do Conselho Deliberativo e Consultivo, membro da C\u00e2mara de Media\u00e7\u00e3o e Arbitragem, membro do Grupo Mulheres e Mentoria, vice-diretora da Divis\u00e3o T\u00e9cnica de Avalia\u00e7\u00f5es e Per\u00edcias e secret\u00e1ria da Divis\u00e3o T\u00e9cnica de Novas Tecnologias. <\/span><span style=\"vertical-align: inherit;\">Agraciada com o Pr\u00eamio de Melhor Trabalho T\u00e9cnico do Ano analisando temas ligados ao exerc\u00edcio da profiss\u00e3o &#8211; \u201cVistoria Cautelar\u201d, \u201cIm\u00f3veis Tombados\u201d, \u201cCal\u00e7adas\u201d e \u201cAs Maravilhas da Engenharia\u201d.<\/span><\/span><\/p>\n<p><span style=\"vertical-align: inherit;\"><span style=\"vertical-align: inherit;\">Fa\u00e7a j\u00e1 sua inscri\u00e7\u00e3o para esta e as demais palestras:<\/span><\/span><\/p>\n<p><a href=\"https:\/\/www.institutodeengenharia.org.br\/site\/events\/amazonia-e-bioeconomia\/\"><span style=\"vertical-align: inherit;\"><span style=\"vertical-align: inherit;\">Passado, Presente e Futuro da Amaz\u00f4nia <\/span><\/span><\/a><br \/>\n<a href=\"https:\/\/www.institutodeengenharia.org.br\/site\/events\/palestra-de-lancamento-da-cartilha-5g\/\"><span style=\"vertical-align: inherit;\"><span style=\"vertical-align: inherit;\">5G <\/span><\/span><\/a><br \/>\n<a href=\"https:\/\/www.institutodeengenharia.org.br\/site\/events\/hidrovias-do-brasil\/\"><span style=\"vertical-align: inherit;\"><span style=\"vertical-align: inherit;\">A Import\u00e2ncia da Navega\u00e7\u00e3o na Matriz de Transporte<\/span><\/span><\/a><\/p>\n<p><strong><span style=\"vertical-align: inherit;\"><span style=\"vertical-align: inherit;\">Apoio Institucional:<\/span><\/span><\/strong><\/p>\n<p><img loading=\"lazy\" decoding=\"async\" class=\"alignnone wp-image-77696\" src=\"https:\/\/www.institutodeengenharia.org.br\/site\/wp-content\/uploads\/2021\/02\/crea.jpg\" alt=\"\" width=\"142\" height=\"100\" srcset=\"https:\/\/www.institutodeengenharia.org.br\/site\/wp-content\/uploads\/2021\/02\/crea.jpg 448w, https:\/\/www.institutodeengenharia.org.br\/site\/wp-content\/uploads\/2021\/02\/crea-300x211.jpg 300w, https:\/\/www.institutodeengenharia.org.br\/site\/wp-content\/uploads\/2021\/02\/crea-100x70.jpg 100w\" sizes=\"auto, (max-width: 142px) 100vw, 142px\" \/><\/p>\n<p><strong><span style=\"vertical-align: inherit;\"><span style=\"vertical-align: inherit;\">Apoio \u00e0 forma\u00e7\u00e3o:\u00a0<\/span><\/span><\/strong><\/p>\n<p><span style=\"vertical-align: inherit;\"><span style=\"vertical-align: inherit;\">Espa\u00e7o aberto ao CREA-SP, objetivando o aperfei\u00e7oamento dos profissionais e o aprimoramento da fiscaliza\u00e7\u00e3o das \u00e1reas abrangidas pelo Sistema Confea \/ CREAs, al\u00e9m de promover a conscientiza\u00e7\u00e3o da sociedade quanto \u00e0 necessidade e obrigatoriedade de contratar um profissional devidamente habilitado.<\/span><\/span><\/p>\n<div style=\"width: 696px;\" class=\"wp-video\"><video class=\"wp-video-shortcode\" id=\"video-85603-1\" width=\"696\" height=\"394\" preload=\"metadata\" controls=\"controls\"><source type=\"video\/mp4\" src=\"https:\/\/www.institutodeengenharia.org.br\/site\/wp-content\/uploads\/2021\/03\/WhatsApp-Video-2020-08-10-at-12.02.02-1.mp4?_=1\" \/><a href=\"https:\/\/www.institutodeengenharia.org.br\/site\/wp-content\/uploads\/2021\/03\/WhatsApp-Video-2020-08-10-at-12.02.02-1.mp4\">https:\/\/www.institutodeengenharia.org.br\/site\/wp-content\/uploads\/2021\/03\/WhatsApp-Video-2020-08-10-at-12.02.02-1.mp4<\/a><\/video><\/div>\n<p>&nbsp;<\/p>\n","protected":false},"author":2,"featured_media":85604,"menu_order":0,"comment_status":"open","ping_status":"closed","template":"","meta":[],"tags":[],"event_type":[146,147,145],"event_type_2":[],"class_list":{"0":"post-85603","1":"ajde_events","2":"type-ajde_events","3":"status-publish","4":"has-post-thumbnail","6":"event_location-evento-on-line","7":"event_organizer-departamento-desenvolvimento-urbano-e-regional-divisao-tecnica-mobilidade-e-logistica-urbana-divisao-tecnica-urbanizacao","8":"event_type-agenda","9":"event_type-geral","10":"event_type-palestras"},"yoast_head":"<!-- This site is optimized with the Yoast SEO plugin v27.2 - https:\/\/yoast.com\/product\/yoast-seo-wordpress\/ -->\n<title>Governan\u00e7a Metropolitana dos Transportes - 105 anos IE - Instituto de Engenharia<\/title>\n<meta name=\"description\" content=\"governan\u00e7a, metropolitana, transportes, governan\u00e7a metropolitana dos transportes, engenharia, passageiros, urbano\" \/>\n<meta name=\"robots\" content=\"index, follow, max-snippet:-1, max-image-preview:large, max-video-preview:-1\" \/>\n<link rel=\"canonical\" href=\"https:\/\/www.institutodeengenharia.org.br\/site\/events\/governanca-metropolitana-dos-transportes\/\" \/>\n<meta property=\"og:locale\" content=\"pt_BR\" \/>\n<meta property=\"og:type\" content=\"article\" \/>\n<meta property=\"og:title\" content=\"Governan\u00e7a Metropolitana dos Transportes - 105 anos IE\" \/>\n<meta property=\"og:description\" content=\"Como parte das comemora\u00e7\u00f5es do 105 anos do Instituto de Engenharia\" \/>\n<meta property=\"og:url\" content=\"https:\/\/www.institutodeengenharia.org.br\/site\/events\/governanca-metropolitana-dos-transportes\/\" \/>\n<meta property=\"og:site_name\" content=\"Instituto de Engenharia\" \/>\n<meta property=\"article:publisher\" content=\"https:\/\/www.facebook.com\/institutodeengenharia\" \/>\n<meta property=\"article:modified_time\" content=\"2021-10-22T17:36:31+00:00\" \/>\n<meta property=\"og:image\" content=\"https:\/\/www.institutodeengenharia.org.br\/site\/wp-content\/uploads\/2021\/09\/governanca.jpg\" \/>\n\t<meta property=\"og:image:width\" content=\"1880\" \/>\n\t<meta property=\"og:image:height\" content=\"1056\" \/>\n\t<meta property=\"og:image:type\" content=\"image\/jpeg\" \/>\n<meta name=\"twitter:card\" content=\"summary_large_image\" \/>\n<meta name=\"twitter:title\" content=\"Governan\u00e7a Metropolitana dos Transportes - 105 anos IE\" \/>\n<meta name=\"twitter:description\" content=\"Como parte das comemora\u00e7\u00f5es do 105 anos do Instituto de Engenharia\" \/>\n<meta name=\"twitter:image\" content=\"https:\/\/www.institutodeengenharia.org.br\/site\/wp-content\/uploads\/2021\/09\/governanca.jpg\" \/>\n<meta name=\"twitter:site\" content=\"@iengenharia\" \/>\n<meta name=\"twitter:label1\" content=\"Est. tempo de leitura\" \/>\n\t<meta name=\"twitter:data1\" content=\"9 minutos\" \/>\n<script type=\"application\/ld+json\" class=\"yoast-schema-graph\">{\"@context\":\"https:\/\/schema.org\",\"@graph\":[{\"@type\":\"WebPage\",\"@id\":\"https:\/\/www.institutodeengenharia.org.br\/site\/events\/governanca-metropolitana-dos-transportes\/\",\"url\":\"https:\/\/www.institutodeengenharia.org.br\/site\/events\/governanca-metropolitana-dos-transportes\/\",\"name\":\"Governan\u00e7a Metropolitana dos Transportes - 105 anos IE - Instituto de Engenharia\",\"isPartOf\":{\"@id\":\"https:\/\/www.institutodeengenharia.org.br\/site\/#website\"},\"primaryImageOfPage\":{\"@id\":\"https:\/\/www.institutodeengenharia.org.br\/site\/events\/governanca-metropolitana-dos-transportes\/#primaryimage\"},\"image\":{\"@id\":\"https:\/\/www.institutodeengenharia.org.br\/site\/events\/governanca-metropolitana-dos-transportes\/#primaryimage\"},\"thumbnailUrl\":\"https:\/\/www.institutodeengenharia.org.br\/site\/wp-content\/uploads\/2021\/09\/governanca.jpg\",\"datePublished\":\"2021-09-17T13:45:56+00:00\",\"dateModified\":\"2021-10-22T17:36:31+00:00\",\"description\":\"governan\u00e7a, metropolitana, transportes, governan\u00e7a metropolitana dos transportes, engenharia, passageiros, urbano\",\"breadcrumb\":{\"@id\":\"https:\/\/www.institutodeengenharia.org.br\/site\/events\/governanca-metropolitana-dos-transportes\/#breadcrumb\"},\"inLanguage\":\"pt-BR\",\"potentialAction\":[{\"@type\":\"ReadAction\",\"target\":[\"https:\/\/www.institutodeengenharia.org.br\/site\/events\/governanca-metropolitana-dos-transportes\/\"]}]},{\"@type\":\"ImageObject\",\"inLanguage\":\"pt-BR\",\"@id\":\"https:\/\/www.institutodeengenharia.org.br\/site\/events\/governanca-metropolitana-dos-transportes\/#primaryimage\",\"url\":\"https:\/\/www.institutodeengenharia.org.br\/site\/wp-content\/uploads\/2021\/09\/governanca.jpg\",\"contentUrl\":\"https:\/\/www.institutodeengenharia.org.br\/site\/wp-content\/uploads\/2021\/09\/governanca.jpg\",\"width\":1880,\"height\":1056},{\"@type\":\"BreadcrumbList\",\"@id\":\"https:\/\/www.institutodeengenharia.org.br\/site\/events\/governanca-metropolitana-dos-transportes\/#breadcrumb\",\"itemListElement\":[{\"@type\":\"ListItem\",\"position\":1,\"name\":\"In\u00edcio\",\"item\":\"https:\/\/www.institutodeengenharia.org.br\/site\/\"},{\"@type\":\"ListItem\",\"position\":2,\"name\":\"Eventos\",\"item\":\"https:\/\/www.institutodeengenharia.org.br\/site\/events\/\"},{\"@type\":\"ListItem\",\"position\":3,\"name\":\"Governan\u00e7a Metropolitana dos Transportes &#8211; 105 anos IE\"}]},{\"@type\":\"WebSite\",\"@id\":\"https:\/\/www.institutodeengenharia.org.br\/site\/#website\",\"url\":\"https:\/\/www.institutodeengenharia.org.br\/site\/\",\"name\":\"Instituto de Engenharia\",\"description\":\"O Instituto de Engenharia promove a Engenharia em benef\u00edcio do desenvolvimento e da qualidade de vida da sociedade.\",\"publisher\":{\"@id\":\"https:\/\/www.institutodeengenharia.org.br\/site\/#organization\"},\"potentialAction\":[{\"@type\":\"SearchAction\",\"target\":{\"@type\":\"EntryPoint\",\"urlTemplate\":\"https:\/\/www.institutodeengenharia.org.br\/site\/?s={search_term_string}\"},\"query-input\":{\"@type\":\"PropertyValueSpecification\",\"valueRequired\":true,\"valueName\":\"search_term_string\"}}],\"inLanguage\":\"pt-BR\"},{\"@type\":\"Organization\",\"@id\":\"https:\/\/www.institutodeengenharia.org.br\/site\/#organization\",\"name\":\"Instituto de Engenharia\",\"url\":\"https:\/\/www.institutodeengenharia.org.br\/site\/\",\"logo\":{\"@type\":\"ImageObject\",\"inLanguage\":\"pt-BR\",\"@id\":\"https:\/\/www.institutodeengenharia.org.br\/site\/#\/schema\/logo\/image\/\",\"url\":\"https:\/\/www.institutodeengenharia.org.br\/site\/wp-content\/uploads\/2019\/03\/logo-novo-IE2018-1.jpg\",\"contentUrl\":\"https:\/\/www.institutodeengenharia.org.br\/site\/wp-content\/uploads\/2019\/03\/logo-novo-IE2018-1.jpg\",\"width\":1486,\"height\":1879,\"caption\":\"Instituto de Engenharia\"},\"image\":{\"@id\":\"https:\/\/www.institutodeengenharia.org.br\/site\/#\/schema\/logo\/image\/\"},\"sameAs\":[\"https:\/\/www.facebook.com\/institutodeengenharia\",\"https:\/\/x.com\/iengenharia\",\"https:\/\/www.instagram.com\/institutodeengenharia\/\",\"https:\/\/www.linkedin.com\/company\/instituto-de-engenharia\/\",\"https:\/\/www.youtube.com\/channel\/UCXiCAlsSMe977vamW915HxA\"]}]}<\/script>\n<!-- \/ Yoast SEO plugin. -->","yoast_head_json":{"title":"Governan\u00e7a Metropolitana dos Transportes - 105 anos IE - Instituto de Engenharia","description":"governan\u00e7a, metropolitana, transportes, governan\u00e7a metropolitana dos transportes, engenharia, passageiros, urbano","robots":{"index":"index","follow":"follow","max-snippet":"max-snippet:-1","max-image-preview":"max-image-preview:large","max-video-preview":"max-video-preview:-1"},"canonical":"https:\/\/www.institutodeengenharia.org.br\/site\/events\/governanca-metropolitana-dos-transportes\/","og_locale":"pt_BR","og_type":"article","og_title":"Governan\u00e7a Metropolitana dos Transportes - 105 anos IE","og_description":"Como parte das comemora\u00e7\u00f5es do 105 anos do Instituto de Engenharia","og_url":"https:\/\/www.institutodeengenharia.org.br\/site\/events\/governanca-metropolitana-dos-transportes\/","og_site_name":"Instituto de Engenharia","article_publisher":"https:\/\/www.facebook.com\/institutodeengenharia","article_modified_time":"2021-10-22T17:36:31+00:00","og_image":[{"width":1880,"height":1056,"url":"https:\/\/www.institutodeengenharia.org.br\/site\/wp-content\/uploads\/2021\/09\/governanca.jpg","type":"image\/jpeg"}],"twitter_card":"summary_large_image","twitter_title":"Governan\u00e7a Metropolitana dos Transportes - 105 anos IE","twitter_description":"Como parte das comemora\u00e7\u00f5es do 105 anos do Instituto de Engenharia","twitter_image":"https:\/\/www.institutodeengenharia.org.br\/site\/wp-content\/uploads\/2021\/09\/governanca.jpg","twitter_site":"@iengenharia","twitter_misc":{"Est. tempo de leitura":"9 minutos"},"schema":{"@context":"https:\/\/schema.org","@graph":[{"@type":"WebPage","@id":"https:\/\/www.institutodeengenharia.org.br\/site\/events\/governanca-metropolitana-dos-transportes\/","url":"https:\/\/www.institutodeengenharia.org.br\/site\/events\/governanca-metropolitana-dos-transportes\/","name":"Governan\u00e7a Metropolitana dos Transportes - 105 anos IE - Instituto de Engenharia","isPartOf":{"@id":"https:\/\/www.institutodeengenharia.org.br\/site\/#website"},"primaryImageOfPage":{"@id":"https:\/\/www.institutodeengenharia.org.br\/site\/events\/governanca-metropolitana-dos-transportes\/#primaryimage"},"image":{"@id":"https:\/\/www.institutodeengenharia.org.br\/site\/events\/governanca-metropolitana-dos-transportes\/#primaryimage"},"thumbnailUrl":"https:\/\/www.institutodeengenharia.org.br\/site\/wp-content\/uploads\/2021\/09\/governanca.jpg","datePublished":"2021-09-17T13:45:56+00:00","dateModified":"2021-10-22T17:36:31+00:00","description":"governan\u00e7a, metropolitana, transportes, governan\u00e7a metropolitana dos transportes, engenharia, passageiros, urbano","breadcrumb":{"@id":"https:\/\/www.institutodeengenharia.org.br\/site\/events\/governanca-metropolitana-dos-transportes\/#breadcrumb"},"inLanguage":"pt-BR","potentialAction":[{"@type":"ReadAction","target":["https:\/\/www.institutodeengenharia.org.br\/site\/events\/governanca-metropolitana-dos-transportes\/"]}]},{"@type":"ImageObject","inLanguage":"pt-BR","@id":"https:\/\/www.institutodeengenharia.org.br\/site\/events\/governanca-metropolitana-dos-transportes\/#primaryimage","url":"https:\/\/www.institutodeengenharia.org.br\/site\/wp-content\/uploads\/2021\/09\/governanca.jpg","contentUrl":"https:\/\/www.institutodeengenharia.org.br\/site\/wp-content\/uploads\/2021\/09\/governanca.jpg","width":1880,"height":1056},{"@type":"BreadcrumbList","@id":"https:\/\/www.institutodeengenharia.org.br\/site\/events\/governanca-metropolitana-dos-transportes\/#breadcrumb","itemListElement":[{"@type":"ListItem","position":1,"name":"In\u00edcio","item":"https:\/\/www.institutodeengenharia.org.br\/site\/"},{"@type":"ListItem","position":2,"name":"Eventos","item":"https:\/\/www.institutodeengenharia.org.br\/site\/events\/"},{"@type":"ListItem","position":3,"name":"Governan\u00e7a Metropolitana dos Transportes &#8211; 105 anos IE"}]},{"@type":"WebSite","@id":"https:\/\/www.institutodeengenharia.org.br\/site\/#website","url":"https:\/\/www.institutodeengenharia.org.br\/site\/","name":"Instituto de Engenharia","description":"O Instituto de Engenharia promove a Engenharia em benef\u00edcio do desenvolvimento e da qualidade de vida da sociedade.","publisher":{"@id":"https:\/\/www.institutodeengenharia.org.br\/site\/#organization"},"potentialAction":[{"@type":"SearchAction","target":{"@type":"EntryPoint","urlTemplate":"https:\/\/www.institutodeengenharia.org.br\/site\/?s={search_term_string}"},"query-input":{"@type":"PropertyValueSpecification","valueRequired":true,"valueName":"search_term_string"}}],"inLanguage":"pt-BR"},{"@type":"Organization","@id":"https:\/\/www.institutodeengenharia.org.br\/site\/#organization","name":"Instituto de Engenharia","url":"https:\/\/www.institutodeengenharia.org.br\/site\/","logo":{"@type":"ImageObject","inLanguage":"pt-BR","@id":"https:\/\/www.institutodeengenharia.org.br\/site\/#\/schema\/logo\/image\/","url":"https:\/\/www.institutodeengenharia.org.br\/site\/wp-content\/uploads\/2019\/03\/logo-novo-IE2018-1.jpg","contentUrl":"https:\/\/www.institutodeengenharia.org.br\/site\/wp-content\/uploads\/2019\/03\/logo-novo-IE2018-1.jpg","width":1486,"height":1879,"caption":"Instituto de Engenharia"},"image":{"@id":"https:\/\/www.institutodeengenharia.org.br\/site\/#\/schema\/logo\/image\/"},"sameAs":["https:\/\/www.facebook.com\/institutodeengenharia","https:\/\/x.com\/iengenharia","https:\/\/www.instagram.com\/institutodeengenharia\/","https:\/\/www.linkedin.com\/company\/instituto-de-engenharia\/","https:\/\/www.youtube.com\/channel\/UCXiCAlsSMe977vamW915HxA"]}]}},"_links":{"self":[{"href":"https:\/\/www.institutodeengenharia.org.br\/site\/wp-json\/wp\/v2\/ajde_events\/85603","targetHints":{"allow":["GET"]}}],"collection":[{"href":"https:\/\/www.institutodeengenharia.org.br\/site\/wp-json\/wp\/v2\/ajde_events"}],"about":[{"href":"https:\/\/www.institutodeengenharia.org.br\/site\/wp-json\/wp\/v2\/types\/ajde_events"}],"author":[{"embeddable":true,"href":"https:\/\/www.institutodeengenharia.org.br\/site\/wp-json\/wp\/v2\/users\/2"}],"replies":[{"embeddable":true,"href":"https:\/\/www.institutodeengenharia.org.br\/site\/wp-json\/wp\/v2\/comments?post=85603"}],"wp:featuredmedia":[{"embeddable":true,"href":"https:\/\/www.institutodeengenharia.org.br\/site\/wp-json\/wp\/v2\/media\/85604"}],"wp:attachment":[{"href":"https:\/\/www.institutodeengenharia.org.br\/site\/wp-json\/wp\/v2\/media?parent=85603"}],"wp:term":[{"taxonomy":"post_tag","embeddable":true,"href":"https:\/\/www.institutodeengenharia.org.br\/site\/wp-json\/wp\/v2\/tags?post=85603"},{"taxonomy":"event_type","embeddable":true,"href":"https:\/\/www.institutodeengenharia.org.br\/site\/wp-json\/wp\/v2\/event_type?post=85603"},{"taxonomy":"event_type_2","embeddable":true,"href":"https:\/\/www.institutodeengenharia.org.br\/site\/wp-json\/wp\/v2\/event_type_2?post=85603"}],"curies":[{"name":"wp","href":"https:\/\/api.w.org\/{rel}","templated":true}]}}