{"id":85601,"date":"2021-09-17T10:25:24","date_gmt":"2021-09-17T13:25:24","guid":{"rendered":"https:\/\/www.institutodeengenharia.org.br\/site\/events\/amazonia-e-bioeconomia\/"},"modified":"2022-07-04T15:09:42","modified_gmt":"2022-07-04T18:09:42","slug":"amazonia-e-bioeconomia","status":"publish","type":"ajde_events","link":"https:\/\/www.institutodeengenharia.org.br\/site\/events\/amazonia-e-bioeconomia\/","title":{"rendered":"Passado, Presente e Futuro da Amaz\u00f4nia \u2013 105 anos do IE"},"content":{"rendered":"<p><a href=\"https:\/\/www.institutodeengenharia.org.br\/site\/2021\/10\/22\/passado-presente-e-futuro-da-amazonia-105-anos-do-ie\/\"><img loading=\"lazy\" decoding=\"async\" class=\"wp-image-63985 aligncenter td-animation-stack-type0-2\" src=\"https:\/\/www.institutodeengenharia.org.br\/site\/wp-content\/uploads\/2020\/04\/clique-e-assista-%C3%A0-grava%C3%A7%C3%A3o-do-evento.jpg\" alt=\"\" width=\"196\" height=\"78\" \/><\/a><\/p>\n<p><strong>Quer fazer parte do Instituto de Engenharia? Confira nossas vantagens:<\/strong><\/p>\n<p><a href=\"https:\/\/www.institutodeengenharia.org.br\/home\/#pricing\" target=\"_blank\" rel=\"noopener\"><img loading=\"lazy\" decoding=\"async\" class=\"wp-image-64426 td-animation-stack-type0-2 aligncenter\" src=\"https:\/\/www.institutodeengenharia.org.br\/site\/wp-content\/uploads\/2019\/11\/associe-se.jpg\" alt=\"\" width=\"207\" height=\"80\" srcset=\"https:\/\/www.institutodeengenharia.org.br\/site\/wp-content\/uploads\/2019\/11\/associe-se.jpg 409w, https:\/\/www.institutodeengenharia.org.br\/site\/wp-content\/uploads\/2019\/11\/associe-se-300x117.jpg 300w\" sizes=\"auto, (max-width: 207px) 100vw, 207px\" \/><\/a><\/p>\n<p><span style=\"vertical-align: inherit;\"><span style=\"vertical-align: inherit;\">Como parte das comemora\u00e7\u00f5es dos 105 anos do Instituto de Engenharia, realizaremos, de 13 a 15 de outubro, uma s\u00e9rie de palestras sobre os cadernos especiais.<\/span><\/span><\/p>\n<p><span style=\"vertical-align: inherit;\"><span style=\"vertical-align: inherit;\">Dia 13 \u00e9 uma vez do tema &#8221; <\/span><\/span><a href=\"https:\/\/www.institutodeengenharia.org.br\/site\/amazonia-e-bioeconomia\/\"><span style=\"vertical-align: inherit;\"><span style=\"vertical-align: inherit;\">Amaz\u00f4nia e Bioeconomia &#8211; Sustentada em Ci\u00eancia, Tecnologia e Inova\u00e7\u00e3o<\/span><\/span><\/a><span style=\"vertical-align: inherit;\"><span style=\"vertical-align: inherit;\"> &#8220;.<\/span><\/span><\/p>\n<p><span style=\"vertical-align: inherit;\"><span style=\"vertical-align: inherit;\">O tema traz para discuss\u00e3o as oportunidades e desafios do Brasil na Bioeconomia e as mudan\u00e7as clim\u00e1ticas, \u00e1reas em que j\u00e1 existem exemplos de sucesso, agrupamento da colabora\u00e7\u00e3o entre institui\u00e7\u00f5es, governo e iniciativa privada. <\/span><span style=\"vertical-align: inherit;\">O Pa\u00eds precisa investir mais em Educa\u00e7\u00e3o, Ci\u00eancia e Tecnologia e oferecer um ambiente de neg\u00f3cios est\u00e1vel e internacionalmente competitiva, para poder se apropriar de seu mais significativo diferencial: ter a biodiversidade do planeta, parte menciona dela, na Amaz\u00f4nia.<\/span><\/span><\/p>\n<p style=\"text-align: center;\"><em><strong><span style=\"vertical-align: inherit;\"><span style=\"vertical-align: inherit;\">Palestrantes:<\/span><\/span><\/strong><\/em><\/p>\n<p><img loading=\"lazy\" decoding=\"async\" class=\"alignnone wp-image-85758 alignleft\" src=\"https:\/\/www.institutodeengenharia.org.br\/site\/wp-content\/uploads\/2021\/09\/alexandre.jpg\" alt=\"\" width=\"231\" height=\"231\" srcset=\"https:\/\/www.institutodeengenharia.org.br\/site\/wp-content\/uploads\/2021\/09\/alexandre.jpg 276w, https:\/\/www.institutodeengenharia.org.br\/site\/wp-content\/uploads\/2021\/09\/alexandre-150x150.jpg 150w, https:\/\/www.institutodeengenharia.org.br\/site\/wp-content\/uploads\/2021\/09\/alexandre-100x100.jpg 100w\" sizes=\"auto, (max-width: 231px) 100vw, 231px\" \/><\/p>\n<p style=\"text-align: left;\"><strong><span style=\"vertical-align: inherit;\"><span style=\"vertical-align: inherit;\">Alexandre Silva Saraiva<\/span><\/span><\/strong><\/p>\n<p style=\"text-align: left;\"><span style=\"vertical-align: inherit;\"><span style=\"vertical-align: inherit;\">\u00c9 Delegado de Pol\u00edcia Federal, Doutor em Ci\u00eancias Ambientais e Sustentabilidade da Amaz\u00f4nia no PPGCASA da Universidade Federal do Amazonas (UFAM), p\u00f3s-graduado em Gest\u00e3o de Organiza\u00e7\u00f5es de Seguran\u00e7a P\u00fablica pelo Instituto de Pesquisas do Rio de Janeiro &#8211; Universidade C\u00e2ndido Mendes e Escola de Pol\u00edticas P\u00fablicas e Governo e graduado em Direito pela Universidade Federal Fluminense. <\/span><span style=\"vertical-align: inherit;\">Foi Coordenador da Comiss\u00e3o Estadual de Seguran\u00e7a nos Portos, Terminais e Vias Naveg\u00e1veis \u200b\u200bno Estado do Amazonas (Cesportos \/ AM). <\/span><span style=\"vertical-align: inherit;\">Foi tamb\u00e9m, por dez anos, Superintendente Regional da Pol\u00edcia Federal nos Estados de Roraima, Maranh\u00e3o e Amazonas. <\/span><span style=\"vertical-align: inherit;\">Faz parte do rol de professores da Academia Nacional de Pol\u00edcia (PF) na disciplina Crimes Ambientais. <\/span><span style=\"vertical-align: inherit;\">Coordenou diversas opera\u00e7\u00f5es da PF entre as quais se destacam: Ox\u00f3ssi, Iscariotes, Euterpe, Arquimedes e Handroanthus.<\/span><\/span><\/p>\n<p><img loading=\"lazy\" decoding=\"async\" class=\"alignnone wp-image-71417 alignright\" src=\"https:\/\/www.institutodeengenharia.org.br\/site\/wp-content\/uploads\/2020\/10\/carlos_nobre-e1615489315505-278x300.jpg\" alt=\"\" width=\"204\" height=\"220\" srcset=\"https:\/\/www.institutodeengenharia.org.br\/site\/wp-content\/uploads\/2020\/10\/carlos_nobre-e1615489315505-278x300.jpg 278w, https:\/\/www.institutodeengenharia.org.br\/site\/wp-content\/uploads\/2020\/10\/carlos_nobre-e1615489315505-768x829.jpg 768w, https:\/\/www.institutodeengenharia.org.br\/site\/wp-content\/uploads\/2020\/10\/carlos_nobre-e1615489315505-696x751.jpg 696w, https:\/\/www.institutodeengenharia.org.br\/site\/wp-content\/uploads\/2020\/10\/carlos_nobre-e1615489315505-389x420.jpg 389w, https:\/\/www.institutodeengenharia.org.br\/site\/wp-content\/uploads\/2020\/10\/carlos_nobre-e1615489315505-600x648.jpg 600w, https:\/\/www.institutodeengenharia.org.br\/site\/wp-content\/uploads\/2020\/10\/carlos_nobre-e1615489315505.jpg 934w\" sizes=\"auto, (max-width: 204px) 100vw, 204px\" \/><\/p>\n<p style=\"text-align: right;\"><strong>Carlos Nobre<\/strong><\/p>\n<p style=\"text-align: right;\">Cientista, pesquisador e professor, Nobre \u00e9 refer\u00eancia de pesquisa em meio ambiente, em especial em florestas tropicais, como a Amaz\u00f4nia. Teve participa\u00e7\u00e3o importante no relat\u00f3rio de mudan\u00e7as clim\u00e1ticas que recebeu o Pr\u00eamio Nobel da Paz em 2007.<\/p>\n<p style=\"text-align: right;\">Graduado em Engenharia Eletr\u00f4nica pelo Instituto Tecnol\u00f3gico da Aeron\u00e1utica \u2013 ITA, doutorado pelo Instituto de Tecnologia de Massachusetts \u2013 MIT, atualmente \u00e9 pesquisador s\u00eanior do Instituto de Estudos Avan\u00e7ados da Universidade de S\u00e3o Paulo (USP), e coordena o projeto Amaz\u00f4nia 4.0, iniciativa destinada a transformar a floresta em um centro tecnol\u00f3gico e de empreendedorismo sustent\u00e1vel.<\/p>\n<p>&nbsp;<\/p>\n<p>&nbsp;<\/p>\n<p><img loading=\"lazy\" decoding=\"async\" class=\"wp-image-85757 alignleft\" src=\"https:\/\/www.institutodeengenharia.org.br\/site\/wp-content\/uploads\/2021\/09\/marciosouza.jpg\" alt=\"\" width=\"254\" height=\"239\" \/><\/p>\n<p style=\"text-align: left;\"><strong>M\u00e1rcio Souza<\/strong><\/p>\n<p style=\"text-align: left;\">\u00c9 romancista, dramaturgo, ensa\u00edsta, contista e diretor de cinema. \u00c9 membro da Academia Amazonense de Letras, foi professor assistente na Universidade de Berkeley e escritor residente nas universidades de Stanford, Austin e Dartmouth. Sua obra se destaca pela busca constante em desvendar a Amaz\u00f4nia. Autor de v\u00e1rios livros, entre eles Mad Maria, Galvez Imperador do Acre e sua obra mais recente Hist\u00f3ria da Amaz\u00f4nia: Do per\u00edodo pr\u00e9-colombiano aos desafios do s\u00e9culo XXI.<\/p>\n<p style=\"text-align: center;\"><em><strong>Moderador:<\/strong><\/em><\/p>\n<p><img loading=\"lazy\" decoding=\"async\" class=\"alignnone wp-image-77772 alignleft\" src=\"https:\/\/www.institutodeengenharia.org.br\/site\/wp-content\/uploads\/2021\/02\/George-Paulus.jpg\" alt=\"\" width=\"163\" height=\"163\" srcset=\"https:\/\/www.institutodeengenharia.org.br\/site\/wp-content\/uploads\/2021\/02\/George-Paulus.jpg 597w, https:\/\/www.institutodeengenharia.org.br\/site\/wp-content\/uploads\/2021\/02\/George-Paulus-300x300.jpg 300w, https:\/\/www.institutodeengenharia.org.br\/site\/wp-content\/uploads\/2021\/02\/George-Paulus-150x150.jpg 150w, https:\/\/www.institutodeengenharia.org.br\/site\/wp-content\/uploads\/2021\/02\/George-Paulus-420x420.jpg 420w, https:\/\/www.institutodeengenharia.org.br\/site\/wp-content\/uploads\/2021\/02\/George-Paulus-100x100.jpg 100w\" sizes=\"auto, (max-width: 163px) 100vw, 163px\" \/><\/p>\n<p style=\"text-align: left;\"><strong>Eng. George Paulus <\/strong><\/p>\n<p style=\"text-align: left;\">Coordena o Grupo de Trabalho \u201cAmazonia e Bioeconomia\u201d e \u00e9 Conselheiro do Instituto de Engenharia.<\/p>\n<p>&nbsp;<\/p>\n<p>&nbsp;<\/p>\n<p><strong>Fa\u00e7a j\u00e1 sua inscri\u00e7\u00e3o para esta e as demais palestras:<\/strong><\/p>\n<p><a href=\"https:\/\/www.institutodeengenharia.org.br\/site\/events\/hidrovias-do-brasil\/\">A Import\u00e2ncia da Navega\u00e7\u00e3o na Matriz de Transporte <\/a><br \/>\n<a href=\"https:\/\/www.institutodeengenharia.org.br\/site\/events\/palestra-de-lancamento-da-cartilha-5g\/\">5G<\/a><br \/>\n<a href=\"https:\/\/www.institutodeengenharia.org.br\/site\/events\/governanca-metropolitana-dos-transportes\/\">Governan\u00e7a Metropolitana dos Transportes<\/a><\/p>\n<p><strong>Apoio Institucional:<\/strong><\/p>\n<p><img loading=\"lazy\" decoding=\"async\" class=\"alignnone wp-image-77696\" src=\"https:\/\/www.institutodeengenharia.org.br\/site\/wp-content\/uploads\/2021\/02\/crea.jpg\" alt=\"\" width=\"142\" height=\"100\" srcset=\"https:\/\/www.institutodeengenharia.org.br\/site\/wp-content\/uploads\/2021\/02\/crea.jpg 448w, https:\/\/www.institutodeengenharia.org.br\/site\/wp-content\/uploads\/2021\/02\/crea-300x211.jpg 300w, https:\/\/www.institutodeengenharia.org.br\/site\/wp-content\/uploads\/2021\/02\/crea-100x70.jpg 100w\" sizes=\"auto, (max-width: 142px) 100vw, 142px\" \/><\/p>\n<p><strong>Apoio \u00e0 forma\u00e7\u00e3o:\u00a0<\/strong><\/p>\n<p><span style=\"vertical-align: inherit;\"><span style=\"vertical-align: inherit;\">Espa\u00e7o aberto ao CREA-SP, objetivando o aperfei\u00e7oamento dos profissionais e o aprimoramento da fiscaliza\u00e7\u00e3o das \u00e1reas abrangidas pelo Sistema Confea \/ CREAs, al\u00e9m de promover a conscientiza\u00e7\u00e3o da sociedade quanto \u00e0 necessidade e obrigatoriedade de contratar um profissional devidamente habilitado.<\/span><\/span><\/p>\n<div style=\"width: 696px;\" class=\"wp-video\"><video class=\"wp-video-shortcode\" id=\"video-85601-1\" width=\"696\" height=\"394\" preload=\"metadata\" controls=\"controls\"><source type=\"video\/mp4\" src=\"https:\/\/www.institutodeengenharia.org.br\/site\/wp-content\/uploads\/2021\/03\/WhatsApp-Video-2020-08-10-at-12.02.02-1.mp4?_=1\" \/><a href=\"https:\/\/www.institutodeengenharia.org.br\/site\/wp-content\/uploads\/2021\/03\/WhatsApp-Video-2020-08-10-at-12.02.02-1.mp4\">https:\/\/www.institutodeengenharia.org.br\/site\/wp-content\/uploads\/2021\/03\/WhatsApp-Video-2020-08-10-at-12.02.02-1.mp4<\/a><\/video><\/div>\n<p>&nbsp;<\/p>\n","protected":false},"author":2,"featured_media":85602,"menu_order":0,"comment_status":"open","ping_status":"closed","template":"","meta":[],"tags":[],"event_type":[146,1253,147,145],"event_type_2":[],"class_list":{"0":"post-85601","1":"ajde_events","2":"type-ajde_events","3":"status-publish","4":"has-post-thumbnail","6":"event_location-evento-on-line","7":"event_type-agenda","8":"event_type-amazonia-bioeconomia","9":"event_type-geral","10":"event_type-palestras"},"yoast_head":"<!-- This site is optimized with the Yoast SEO plugin v27.2 - https:\/\/yoast.com\/product\/yoast-seo-wordpress\/ -->\n<title>Passado, Presente e Futuro da Amaz\u00f4nia \u2013 105 anos do IE - Instituto de Engenharia<\/title>\n<meta name=\"description\" content=\"amaz\u00f4nia, amaz\u00f4nia e bioeconomia, bioeconomia, amaz\u00f4nia e a bioeconomia, brasil na bioeconomia, biodiversidade do planeta\" \/>\n<meta name=\"robots\" content=\"index, follow, max-snippet:-1, max-image-preview:large, max-video-preview:-1\" \/>\n<link rel=\"canonical\" href=\"https:\/\/www.institutodeengenharia.org.br\/site\/events\/amazonia-e-bioeconomia\/\" \/>\n<meta property=\"og:locale\" content=\"pt_BR\" \/>\n<meta property=\"og:type\" content=\"article\" \/>\n<meta property=\"og:title\" content=\"Amaz\u00f4nia e Bioeconomia - 105 anos IE\" \/>\n<meta property=\"og:description\" content=\"Como parte das comemora\u00e7\u00f5es do 105 anos do Instituto de Engenharia\" \/>\n<meta property=\"og:url\" content=\"https:\/\/www.institutodeengenharia.org.br\/site\/events\/amazonia-e-bioeconomia\/\" \/>\n<meta property=\"og:site_name\" content=\"Instituto de Engenharia\" \/>\n<meta property=\"article:publisher\" content=\"https:\/\/www.facebook.com\/institutodeengenharia\" \/>\n<meta property=\"article:modified_time\" content=\"2022-07-04T18:09:42+00:00\" \/>\n<meta property=\"og:image\" content=\"https:\/\/www.institutodeengenharia.org.br\/site\/wp-content\/uploads\/2021\/09\/amazonia.png\" \/>\n\t<meta property=\"og:image:width\" content=\"1245\" \/>\n\t<meta property=\"og:image:height\" content=\"577\" \/>\n\t<meta property=\"og:image:type\" content=\"image\/png\" \/>\n<meta name=\"twitter:card\" content=\"summary_large_image\" \/>\n<meta name=\"twitter:title\" content=\"Amaz\u00f4nia e Bioeconomia - 105 anos IE\" \/>\n<meta name=\"twitter:description\" content=\"Como parte das comemora\u00e7\u00f5es do 105 anos do Instituto de Engenharia\" \/>\n<meta name=\"twitter:image\" content=\"https:\/\/www.institutodeengenharia.org.br\/site\/wp-content\/uploads\/2021\/09\/amazonia.png\" \/>\n<meta name=\"twitter:site\" content=\"@iengenharia\" \/>\n<meta name=\"twitter:label1\" content=\"Est. tempo de leitura\" \/>\n\t<meta name=\"twitter:data1\" content=\"4 minutos\" \/>\n<script type=\"application\/ld+json\" class=\"yoast-schema-graph\">{\"@context\":\"https:\/\/schema.org\",\"@graph\":[{\"@type\":\"WebPage\",\"@id\":\"https:\/\/www.institutodeengenharia.org.br\/site\/events\/amazonia-e-bioeconomia\/\",\"url\":\"https:\/\/www.institutodeengenharia.org.br\/site\/events\/amazonia-e-bioeconomia\/\",\"name\":\"Passado, Presente e Futuro da Amaz\u00f4nia \u2013 105 anos do IE - Instituto de Engenharia\",\"isPartOf\":{\"@id\":\"https:\/\/www.institutodeengenharia.org.br\/site\/#website\"},\"primaryImageOfPage\":{\"@id\":\"https:\/\/www.institutodeengenharia.org.br\/site\/events\/amazonia-e-bioeconomia\/#primaryimage\"},\"image\":{\"@id\":\"https:\/\/www.institutodeengenharia.org.br\/site\/events\/amazonia-e-bioeconomia\/#primaryimage\"},\"thumbnailUrl\":\"https:\/\/www.institutodeengenharia.org.br\/site\/wp-content\/uploads\/2021\/09\/amazonia.png\",\"datePublished\":\"2021-09-17T13:25:24+00:00\",\"dateModified\":\"2022-07-04T18:09:42+00:00\",\"description\":\"amaz\u00f4nia, amaz\u00f4nia e bioeconomia, bioeconomia, amaz\u00f4nia e a bioeconomia, brasil na bioeconomia, biodiversidade do planeta\",\"breadcrumb\":{\"@id\":\"https:\/\/www.institutodeengenharia.org.br\/site\/events\/amazonia-e-bioeconomia\/#breadcrumb\"},\"inLanguage\":\"pt-BR\",\"potentialAction\":[{\"@type\":\"ReadAction\",\"target\":[\"https:\/\/www.institutodeengenharia.org.br\/site\/events\/amazonia-e-bioeconomia\/\"]}]},{\"@type\":\"ImageObject\",\"inLanguage\":\"pt-BR\",\"@id\":\"https:\/\/www.institutodeengenharia.org.br\/site\/events\/amazonia-e-bioeconomia\/#primaryimage\",\"url\":\"https:\/\/www.institutodeengenharia.org.br\/site\/wp-content\/uploads\/2021\/09\/amazonia.png\",\"contentUrl\":\"https:\/\/www.institutodeengenharia.org.br\/site\/wp-content\/uploads\/2021\/09\/amazonia.png\",\"width\":1245,\"height\":577},{\"@type\":\"BreadcrumbList\",\"@id\":\"https:\/\/www.institutodeengenharia.org.br\/site\/events\/amazonia-e-bioeconomia\/#breadcrumb\",\"itemListElement\":[{\"@type\":\"ListItem\",\"position\":1,\"name\":\"In\u00edcio\",\"item\":\"https:\/\/www.institutodeengenharia.org.br\/site\/\"},{\"@type\":\"ListItem\",\"position\":2,\"name\":\"Eventos\",\"item\":\"https:\/\/www.institutodeengenharia.org.br\/site\/events\/\"},{\"@type\":\"ListItem\",\"position\":3,\"name\":\"Passado, Presente e Futuro da Amaz\u00f4nia \u2013 105 anos do IE\"}]},{\"@type\":\"WebSite\",\"@id\":\"https:\/\/www.institutodeengenharia.org.br\/site\/#website\",\"url\":\"https:\/\/www.institutodeengenharia.org.br\/site\/\",\"name\":\"Instituto de Engenharia\",\"description\":\"O Instituto de Engenharia promove a Engenharia em benef\u00edcio do desenvolvimento e da qualidade de vida da sociedade.\",\"publisher\":{\"@id\":\"https:\/\/www.institutodeengenharia.org.br\/site\/#organization\"},\"potentialAction\":[{\"@type\":\"SearchAction\",\"target\":{\"@type\":\"EntryPoint\",\"urlTemplate\":\"https:\/\/www.institutodeengenharia.org.br\/site\/?s={search_term_string}\"},\"query-input\":{\"@type\":\"PropertyValueSpecification\",\"valueRequired\":true,\"valueName\":\"search_term_string\"}}],\"inLanguage\":\"pt-BR\"},{\"@type\":\"Organization\",\"@id\":\"https:\/\/www.institutodeengenharia.org.br\/site\/#organization\",\"name\":\"Instituto de Engenharia\",\"url\":\"https:\/\/www.institutodeengenharia.org.br\/site\/\",\"logo\":{\"@type\":\"ImageObject\",\"inLanguage\":\"pt-BR\",\"@id\":\"https:\/\/www.institutodeengenharia.org.br\/site\/#\/schema\/logo\/image\/\",\"url\":\"https:\/\/www.institutodeengenharia.org.br\/site\/wp-content\/uploads\/2019\/03\/logo-novo-IE2018-1.jpg\",\"contentUrl\":\"https:\/\/www.institutodeengenharia.org.br\/site\/wp-content\/uploads\/2019\/03\/logo-novo-IE2018-1.jpg\",\"width\":1486,\"height\":1879,\"caption\":\"Instituto de Engenharia\"},\"image\":{\"@id\":\"https:\/\/www.institutodeengenharia.org.br\/site\/#\/schema\/logo\/image\/\"},\"sameAs\":[\"https:\/\/www.facebook.com\/institutodeengenharia\",\"https:\/\/x.com\/iengenharia\",\"https:\/\/www.instagram.com\/institutodeengenharia\/\",\"https:\/\/www.linkedin.com\/company\/instituto-de-engenharia\/\",\"https:\/\/www.youtube.com\/channel\/UCXiCAlsSMe977vamW915HxA\"]}]}<\/script>\n<!-- \/ Yoast SEO plugin. -->","yoast_head_json":{"title":"Passado, Presente e Futuro da Amaz\u00f4nia \u2013 105 anos do IE - Instituto de Engenharia","description":"amaz\u00f4nia, amaz\u00f4nia e bioeconomia, bioeconomia, amaz\u00f4nia e a bioeconomia, brasil na bioeconomia, biodiversidade do planeta","robots":{"index":"index","follow":"follow","max-snippet":"max-snippet:-1","max-image-preview":"max-image-preview:large","max-video-preview":"max-video-preview:-1"},"canonical":"https:\/\/www.institutodeengenharia.org.br\/site\/events\/amazonia-e-bioeconomia\/","og_locale":"pt_BR","og_type":"article","og_title":"Amaz\u00f4nia e Bioeconomia - 105 anos IE","og_description":"Como parte das comemora\u00e7\u00f5es do 105 anos do Instituto de Engenharia","og_url":"https:\/\/www.institutodeengenharia.org.br\/site\/events\/amazonia-e-bioeconomia\/","og_site_name":"Instituto de Engenharia","article_publisher":"https:\/\/www.facebook.com\/institutodeengenharia","article_modified_time":"2022-07-04T18:09:42+00:00","og_image":[{"width":1245,"height":577,"url":"https:\/\/www.institutodeengenharia.org.br\/site\/wp-content\/uploads\/2021\/09\/amazonia.png","type":"image\/png"}],"twitter_card":"summary_large_image","twitter_title":"Amaz\u00f4nia e Bioeconomia - 105 anos IE","twitter_description":"Como parte das comemora\u00e7\u00f5es do 105 anos do Instituto de Engenharia","twitter_image":"https:\/\/www.institutodeengenharia.org.br\/site\/wp-content\/uploads\/2021\/09\/amazonia.png","twitter_site":"@iengenharia","twitter_misc":{"Est. tempo de leitura":"4 minutos"},"schema":{"@context":"https:\/\/schema.org","@graph":[{"@type":"WebPage","@id":"https:\/\/www.institutodeengenharia.org.br\/site\/events\/amazonia-e-bioeconomia\/","url":"https:\/\/www.institutodeengenharia.org.br\/site\/events\/amazonia-e-bioeconomia\/","name":"Passado, Presente e Futuro da Amaz\u00f4nia \u2013 105 anos do IE - Instituto de Engenharia","isPartOf":{"@id":"https:\/\/www.institutodeengenharia.org.br\/site\/#website"},"primaryImageOfPage":{"@id":"https:\/\/www.institutodeengenharia.org.br\/site\/events\/amazonia-e-bioeconomia\/#primaryimage"},"image":{"@id":"https:\/\/www.institutodeengenharia.org.br\/site\/events\/amazonia-e-bioeconomia\/#primaryimage"},"thumbnailUrl":"https:\/\/www.institutodeengenharia.org.br\/site\/wp-content\/uploads\/2021\/09\/amazonia.png","datePublished":"2021-09-17T13:25:24+00:00","dateModified":"2022-07-04T18:09:42+00:00","description":"amaz\u00f4nia, amaz\u00f4nia e bioeconomia, bioeconomia, amaz\u00f4nia e a bioeconomia, brasil na bioeconomia, biodiversidade do planeta","breadcrumb":{"@id":"https:\/\/www.institutodeengenharia.org.br\/site\/events\/amazonia-e-bioeconomia\/#breadcrumb"},"inLanguage":"pt-BR","potentialAction":[{"@type":"ReadAction","target":["https:\/\/www.institutodeengenharia.org.br\/site\/events\/amazonia-e-bioeconomia\/"]}]},{"@type":"ImageObject","inLanguage":"pt-BR","@id":"https:\/\/www.institutodeengenharia.org.br\/site\/events\/amazonia-e-bioeconomia\/#primaryimage","url":"https:\/\/www.institutodeengenharia.org.br\/site\/wp-content\/uploads\/2021\/09\/amazonia.png","contentUrl":"https:\/\/www.institutodeengenharia.org.br\/site\/wp-content\/uploads\/2021\/09\/amazonia.png","width":1245,"height":577},{"@type":"BreadcrumbList","@id":"https:\/\/www.institutodeengenharia.org.br\/site\/events\/amazonia-e-bioeconomia\/#breadcrumb","itemListElement":[{"@type":"ListItem","position":1,"name":"In\u00edcio","item":"https:\/\/www.institutodeengenharia.org.br\/site\/"},{"@type":"ListItem","position":2,"name":"Eventos","item":"https:\/\/www.institutodeengenharia.org.br\/site\/events\/"},{"@type":"ListItem","position":3,"name":"Passado, Presente e Futuro da Amaz\u00f4nia \u2013 105 anos do IE"}]},{"@type":"WebSite","@id":"https:\/\/www.institutodeengenharia.org.br\/site\/#website","url":"https:\/\/www.institutodeengenharia.org.br\/site\/","name":"Instituto de Engenharia","description":"O Instituto de Engenharia promove a Engenharia em benef\u00edcio do desenvolvimento e da qualidade de vida da sociedade.","publisher":{"@id":"https:\/\/www.institutodeengenharia.org.br\/site\/#organization"},"potentialAction":[{"@type":"SearchAction","target":{"@type":"EntryPoint","urlTemplate":"https:\/\/www.institutodeengenharia.org.br\/site\/?s={search_term_string}"},"query-input":{"@type":"PropertyValueSpecification","valueRequired":true,"valueName":"search_term_string"}}],"inLanguage":"pt-BR"},{"@type":"Organization","@id":"https:\/\/www.institutodeengenharia.org.br\/site\/#organization","name":"Instituto de Engenharia","url":"https:\/\/www.institutodeengenharia.org.br\/site\/","logo":{"@type":"ImageObject","inLanguage":"pt-BR","@id":"https:\/\/www.institutodeengenharia.org.br\/site\/#\/schema\/logo\/image\/","url":"https:\/\/www.institutodeengenharia.org.br\/site\/wp-content\/uploads\/2019\/03\/logo-novo-IE2018-1.jpg","contentUrl":"https:\/\/www.institutodeengenharia.org.br\/site\/wp-content\/uploads\/2019\/03\/logo-novo-IE2018-1.jpg","width":1486,"height":1879,"caption":"Instituto de Engenharia"},"image":{"@id":"https:\/\/www.institutodeengenharia.org.br\/site\/#\/schema\/logo\/image\/"},"sameAs":["https:\/\/www.facebook.com\/institutodeengenharia","https:\/\/x.com\/iengenharia","https:\/\/www.instagram.com\/institutodeengenharia\/","https:\/\/www.linkedin.com\/company\/instituto-de-engenharia\/","https:\/\/www.youtube.com\/channel\/UCXiCAlsSMe977vamW915HxA"]}]}},"_links":{"self":[{"href":"https:\/\/www.institutodeengenharia.org.br\/site\/wp-json\/wp\/v2\/ajde_events\/85601","targetHints":{"allow":["GET"]}}],"collection":[{"href":"https:\/\/www.institutodeengenharia.org.br\/site\/wp-json\/wp\/v2\/ajde_events"}],"about":[{"href":"https:\/\/www.institutodeengenharia.org.br\/site\/wp-json\/wp\/v2\/types\/ajde_events"}],"author":[{"embeddable":true,"href":"https:\/\/www.institutodeengenharia.org.br\/site\/wp-json\/wp\/v2\/users\/2"}],"replies":[{"embeddable":true,"href":"https:\/\/www.institutodeengenharia.org.br\/site\/wp-json\/wp\/v2\/comments?post=85601"}],"wp:featuredmedia":[{"embeddable":true,"href":"https:\/\/www.institutodeengenharia.org.br\/site\/wp-json\/wp\/v2\/media\/85602"}],"wp:attachment":[{"href":"https:\/\/www.institutodeengenharia.org.br\/site\/wp-json\/wp\/v2\/media?parent=85601"}],"wp:term":[{"taxonomy":"post_tag","embeddable":true,"href":"https:\/\/www.institutodeengenharia.org.br\/site\/wp-json\/wp\/v2\/tags?post=85601"},{"taxonomy":"event_type","embeddable":true,"href":"https:\/\/www.institutodeengenharia.org.br\/site\/wp-json\/wp\/v2\/event_type?post=85601"},{"taxonomy":"event_type_2","embeddable":true,"href":"https:\/\/www.institutodeengenharia.org.br\/site\/wp-json\/wp\/v2\/event_type_2?post=85601"}],"curies":[{"name":"wp","href":"https:\/\/api.w.org\/{rel}","templated":true}]}}