{"id":85587,"date":"2021-09-16T14:57:45","date_gmt":"2021-09-16T17:57:45","guid":{"rendered":"https:\/\/www.institutodeengenharia.org.br\/site\/events\/hidrovias-do-brasil\/"},"modified":"2021-10-22T15:15:52","modified_gmt":"2021-10-22T18:15:52","slug":"a-importancia-da-navegacao-na-matriz-de-transporte","status":"publish","type":"ajde_events","link":"https:\/\/www.institutodeengenharia.org.br\/site\/events\/a-importancia-da-navegacao-na-matriz-de-transporte\/","title":{"rendered":"A Import\u00e2ncia da Navega\u00e7\u00e3o na Matriz de Transporte  &#8211; 105 anos IE"},"content":{"rendered":"<p><a href=\"https:\/\/www.institutodeengenharia.org.br\/site\/2021\/10\/22\/a-importancia-da-navegacao-na-matriz-de-transporte-105-anos-do-ie\/\"><img loading=\"lazy\" decoding=\"async\" class=\"wp-image-63985 aligncenter td-animation-stack-type0-2\" src=\"https:\/\/www.institutodeengenharia.org.br\/site\/wp-content\/uploads\/2020\/04\/clique-e-assista-%C3%A0-grava%C3%A7%C3%A3o-do-evento.jpg\" alt=\"\" width=\"196\" height=\"78\" \/><\/a><\/p>\n<p><strong>Quer fazer parte do Instituto de Engenharia? Confira nossas vantagens:<\/strong><\/p>\n<p><a href=\"https:\/\/www.institutodeengenharia.org.br\/home\/#pricing\" target=\"_blank\" rel=\"noopener\"><img loading=\"lazy\" decoding=\"async\" class=\"wp-image-64426 td-animation-stack-type0-2 aligncenter\" src=\"https:\/\/www.institutodeengenharia.org.br\/site\/wp-content\/uploads\/2019\/11\/associe-se.jpg\" alt=\"\" width=\"207\" height=\"80\" srcset=\"https:\/\/www.institutodeengenharia.org.br\/site\/wp-content\/uploads\/2019\/11\/associe-se.jpg 409w, https:\/\/www.institutodeengenharia.org.br\/site\/wp-content\/uploads\/2019\/11\/associe-se-300x117.jpg 300w\" sizes=\"auto, (max-width: 207px) 100vw, 207px\" \/><\/a><\/p>\n<p>&nbsp;<\/p>\n<p>Como parte das comemora\u00e7\u00f5es dos 105 anos do Instituto de Engenharia, realizaremos, de 13 a 15 de outubro, uma s\u00e9rie de palestras sobre os cadernos especiais.<\/p>\n<p>Dia 15 \u00e9 a vez do tema &#8216;A Import\u00e2ncia da Navega\u00e7\u00e3o na Matriz de Transporte&#8221;, como parte do caderno\u00a0 &#8220;<b><a href=\"https:\/\/www.institutodeengenharia.org.br\/site\/hidroviacomovetordedesenvolvimento\/\">A Hidrovia como vetor de Desenvolvimento e de Integra\u00e7\u00e3o Multimodal do Brasil e da Am\u00e9rica do Sul<\/a>&#8220;<\/b><\/p>\n<p>As hidrovias respondem, hoje, por cerca de 13% do transporte de cargas no Brasil, enquanto em algumas regi\u00f5es da Europa alcan\u00e7a em torno de 40%. Aumentar essa participa\u00e7\u00e3o trar\u00e1 ao Pa\u00eds ganhos econ\u00f4micos, ambientais e de desenvolvimento regional, j\u00e1 comprovados por outros pa\u00edses. E vai ser preciso muita Engenharia, com atua\u00e7\u00e3o nas \u00e1reas de log\u00edstica, moderniza\u00e7\u00e3o da frota, constru\u00e7\u00e3o de eclusas e muito mais, para concretizar essa mudan\u00e7a.<\/p>\n<p>Agora, trabalha para ver essa proposta concretizada em a\u00e7\u00f5es que, ao investir na amplia\u00e7\u00e3o de um transporte hidrovi\u00e1rio moderno, com integra\u00e7\u00f5es ferrovi\u00e1rias e rodovi\u00e1rias, viabilizem o escoamento eficiente da produ\u00e7\u00e3o, com redu\u00e7\u00e3o nos custos do transporte e no impacto socioambiental, para que o Brasil possa atender ao aumento de demanda que o futuro lhe reserva.<\/p>\n<p><strong>Palestrante<\/strong><\/p>\n<p><img loading=\"lazy\" decoding=\"async\" class=\"alignnone wp-image-86417\" src=\"https:\/\/www.institutodeengenharia.org.br\/site\/wp-content\/uploads\/2021\/09\/Mariana-scaled.jpg\" alt=\"\" width=\"180\" height=\"270\" srcset=\"https:\/\/www.institutodeengenharia.org.br\/site\/wp-content\/uploads\/2021\/09\/Mariana-scaled.jpg 1709w, https:\/\/www.institutodeengenharia.org.br\/site\/wp-content\/uploads\/2021\/09\/Mariana-200x300.jpg 200w, https:\/\/www.institutodeengenharia.org.br\/site\/wp-content\/uploads\/2021\/09\/Mariana-684x1024.jpg 684w, https:\/\/www.institutodeengenharia.org.br\/site\/wp-content\/uploads\/2021\/09\/Mariana-768x1150.jpg 768w, https:\/\/www.institutodeengenharia.org.br\/site\/wp-content\/uploads\/2021\/09\/Mariana-1025x1536.jpg 1025w, https:\/\/www.institutodeengenharia.org.br\/site\/wp-content\/uploads\/2021\/09\/Mariana-1367x2048.jpg 1367w, https:\/\/www.institutodeengenharia.org.br\/site\/wp-content\/uploads\/2021\/09\/Mariana-696x1043.jpg 696w, https:\/\/www.institutodeengenharia.org.br\/site\/wp-content\/uploads\/2021\/09\/Mariana-1068x1600.jpg 1068w, https:\/\/www.institutodeengenharia.org.br\/site\/wp-content\/uploads\/2021\/09\/Mariana-1920x2876.jpg 1920w, https:\/\/www.institutodeengenharia.org.br\/site\/wp-content\/uploads\/2021\/09\/Mariana-280x420.jpg 280w, https:\/\/www.institutodeengenharia.org.br\/site\/wp-content\/uploads\/2021\/09\/Mariana-600x899.jpg 600w\" sizes=\"auto, (max-width: 180px) 100vw, 180px\" \/><\/p>\n<p><strong>Dra. Mariana Yoshioka &#8211; Diretora de Engenharia, Inova\u00e7\u00e3o, Manuten\u00e7\u00e3o e Planejamento Operacional da Hidrovias do Brasil S.A.<\/strong><br \/>\n<strong><br \/>\nDebatedor<\/strong><\/p>\n<p><img loading=\"lazy\" decoding=\"async\" class=\"wp-image-86067 alignleft\" src=\"https:\/\/www.institutodeengenharia.org.br\/site\/wp-content\/uploads\/2021\/09\/adalbertoy.png\" alt=\"\" width=\"223\" height=\"205\" srcset=\"https:\/\/www.institutodeengenharia.org.br\/site\/wp-content\/uploads\/2021\/09\/adalbertoy.png 745w, https:\/\/www.institutodeengenharia.org.br\/site\/wp-content\/uploads\/2021\/09\/adalbertoy-300x275.png 300w, https:\/\/www.institutodeengenharia.org.br\/site\/wp-content\/uploads\/2021\/09\/adalbertoy-696x639.png 696w, https:\/\/www.institutodeengenharia.org.br\/site\/wp-content\/uploads\/2021\/09\/adalbertoy-457x420.png 457w, https:\/\/www.institutodeengenharia.org.br\/site\/wp-content\/uploads\/2021\/09\/adalbertoy-600x551.png 600w\" sizes=\"auto, (max-width: 223px) 100vw, 223px\" \/><\/p>\n<p>&nbsp;<\/p>\n<p>&nbsp;<\/p>\n<p>&nbsp;<\/p>\n<p>&nbsp;<\/p>\n<p>&nbsp;<\/p>\n<p><strong>Dr. Adalberto Tokarski &#8211; Diretor da ANTAQ<\/strong><\/p>\n<p><strong>Fa\u00e7a j\u00e1 sua inscri\u00e7\u00e3o para esta e as demais palestras:<\/strong><\/p>\n<p><a href=\"https:\/\/www.institutodeengenharia.org.br\/site\/events\/amazonia-e-bioeconomia\/\">Passado, Presente e Futuro da Amaz\u00f4nia<\/a><br \/>\n<a href=\"https:\/\/www.institutodeengenharia.org.br\/site\/events\/palestra-de-lancamento-da-cartilha-5g\/\">5G<\/a><br \/>\n<a href=\"https:\/\/www.institutodeengenharia.org.br\/site\/events\/governanca-metropolitana-dos-transportes\/\">Governan\u00e7a Metropolitana dos Transportes<\/a><\/p>\n<p><strong>Apoio Institucional:<\/strong><\/p>\n<p><img loading=\"lazy\" decoding=\"async\" class=\"alignnone wp-image-77696\" src=\"https:\/\/www.institutodeengenharia.org.br\/site\/wp-content\/uploads\/2021\/02\/crea.jpg\" alt=\"\" width=\"142\" height=\"100\" srcset=\"https:\/\/www.institutodeengenharia.org.br\/site\/wp-content\/uploads\/2021\/02\/crea.jpg 448w, https:\/\/www.institutodeengenharia.org.br\/site\/wp-content\/uploads\/2021\/02\/crea-300x211.jpg 300w, https:\/\/www.institutodeengenharia.org.br\/site\/wp-content\/uploads\/2021\/02\/crea-100x70.jpg 100w\" sizes=\"auto, (max-width: 142px) 100vw, 142px\" \/><\/p>\n<p><strong>Apoio \u00e0 forma\u00e7\u00e3o:\u00a0<\/strong><\/p>\n<p>Espa\u00e7o aberto ao CREA-SP, objetivando o aperfei\u00e7oamento dos profissionais e o aprimoramento da fiscaliza\u00e7\u00e3o das \u00e1reas abrangidas pelo Sistema Confea\/CREAs, al\u00e9m de promover a conscientiza\u00e7\u00e3o da sociedade quanto \u00e0 necessidade e obrigatoriedade de contratar um profissional devidamente habilitado.<\/p>\n<div style=\"width: 696px;\" class=\"wp-video\"><video class=\"wp-video-shortcode\" id=\"video-85587-1\" width=\"696\" height=\"394\" preload=\"metadata\" controls=\"controls\"><source type=\"video\/mp4\" src=\"https:\/\/www.institutodeengenharia.org.br\/site\/wp-content\/uploads\/2021\/03\/WhatsApp-Video-2020-08-10-at-12.02.02-1.mp4?_=1\" \/><a href=\"https:\/\/www.institutodeengenharia.org.br\/site\/wp-content\/uploads\/2021\/03\/WhatsApp-Video-2020-08-10-at-12.02.02-1.mp4\">https:\/\/www.institutodeengenharia.org.br\/site\/wp-content\/uploads\/2021\/03\/WhatsApp-Video-2020-08-10-at-12.02.02-1.mp4<\/a><\/video><\/div>\n<p>&nbsp;<\/p>\n","protected":false},"author":2,"featured_media":73427,"menu_order":0,"comment_status":"open","ping_status":"closed","template":"","meta":[],"tags":[],"event_type":[146,147,145],"event_type_2":[],"class_list":{"0":"post-85587","1":"ajde_events","2":"type-ajde_events","3":"status-publish","4":"has-post-thumbnail","6":"event_location-evento-on-line","7":"event_type-agenda","8":"event_type-geral","9":"event_type-palestras"},"yoast_head":"<!-- This site is optimized with the Yoast SEO plugin v27.2 - https:\/\/yoast.com\/product\/yoast-seo-wordpress\/ -->\n<title>A Import\u00e2ncia da Navega\u00e7\u00e3o na Matriz de Transporte - 105 anos IE - Instituto de Engenharia<\/title>\n<meta name=\"description\" content=\"hidrovias, hidrovias do brasil, palestra on-line, a hidrovia como vetor do desenvolvimento, brasil, hidrovias brasil\" \/>\n<meta name=\"robots\" content=\"index, follow, max-snippet:-1, max-image-preview:large, max-video-preview:-1\" \/>\n<link rel=\"canonical\" href=\"https:\/\/www.institutodeengenharia.org.br\/site\/events\/a-importancia-da-navegacao-na-matriz-de-transporte\/\" \/>\n<meta property=\"og:locale\" content=\"pt_BR\" \/>\n<meta property=\"og:type\" content=\"article\" \/>\n<meta property=\"og:title\" content=\"A Import\u00e2ncia da Navega\u00e7\u00e3o na Matriz de Transporte\" \/>\n<meta property=\"og:description\" content=\"Como parte das comemora\u00e7\u00f5es do 105 anos do Instituto de Engenharia\" \/>\n<meta property=\"og:url\" content=\"https:\/\/www.institutodeengenharia.org.br\/site\/events\/a-importancia-da-navegacao-na-matriz-de-transporte\/\" \/>\n<meta property=\"og:site_name\" content=\"Instituto de Engenharia\" \/>\n<meta property=\"article:publisher\" content=\"https:\/\/www.facebook.com\/institutodeengenharia\" \/>\n<meta property=\"article:modified_time\" content=\"2021-10-22T18:15:52+00:00\" \/>\n<meta property=\"og:image\" content=\"https:\/\/www.institutodeengenharia.org.br\/site\/wp-content\/uploads\/2020\/12\/Hidrovias.jpg\" \/>\n\t<meta property=\"og:image:width\" content=\"571\" \/>\n\t<meta property=\"og:image:height\" content=\"416\" \/>\n\t<meta property=\"og:image:type\" content=\"image\/jpeg\" \/>\n<meta name=\"twitter:card\" content=\"summary_large_image\" \/>\n<meta name=\"twitter:title\" content=\"Hidrovias do Brasil\" \/>\n<meta name=\"twitter:description\" content=\"Como parte das comemora\u00e7\u00f5es do 105 anos do Instituto de Engenharia\" \/>\n<meta name=\"twitter:image\" content=\"https:\/\/www.institutodeengenharia.org.br\/site\/wp-content\/uploads\/2020\/12\/Hidrovias.jpg\" \/>\n<meta name=\"twitter:site\" content=\"@iengenharia\" \/>\n<meta name=\"twitter:label1\" content=\"Est. tempo de leitura\" \/>\n\t<meta name=\"twitter:data1\" content=\"3 minutos\" \/>\n<script type=\"application\/ld+json\" class=\"yoast-schema-graph\">{\"@context\":\"https:\/\/schema.org\",\"@graph\":[{\"@type\":\"WebPage\",\"@id\":\"https:\/\/www.institutodeengenharia.org.br\/site\/events\/a-importancia-da-navegacao-na-matriz-de-transporte\/\",\"url\":\"https:\/\/www.institutodeengenharia.org.br\/site\/events\/a-importancia-da-navegacao-na-matriz-de-transporte\/\",\"name\":\"A Import\u00e2ncia da Navega\u00e7\u00e3o na Matriz de Transporte - 105 anos IE - Instituto de Engenharia\",\"isPartOf\":{\"@id\":\"https:\/\/www.institutodeengenharia.org.br\/site\/#website\"},\"primaryImageOfPage\":{\"@id\":\"https:\/\/www.institutodeengenharia.org.br\/site\/events\/a-importancia-da-navegacao-na-matriz-de-transporte\/#primaryimage\"},\"image\":{\"@id\":\"https:\/\/www.institutodeengenharia.org.br\/site\/events\/a-importancia-da-navegacao-na-matriz-de-transporte\/#primaryimage\"},\"thumbnailUrl\":\"https:\/\/www.institutodeengenharia.org.br\/site\/wp-content\/uploads\/2020\/12\/Hidrovias.jpg\",\"datePublished\":\"2021-09-16T17:57:45+00:00\",\"dateModified\":\"2021-10-22T18:15:52+00:00\",\"description\":\"hidrovias, hidrovias do brasil, palestra on-line, a hidrovia como vetor do desenvolvimento, brasil, hidrovias brasil\",\"breadcrumb\":{\"@id\":\"https:\/\/www.institutodeengenharia.org.br\/site\/events\/a-importancia-da-navegacao-na-matriz-de-transporte\/#breadcrumb\"},\"inLanguage\":\"pt-BR\",\"potentialAction\":[{\"@type\":\"ReadAction\",\"target\":[\"https:\/\/www.institutodeengenharia.org.br\/site\/events\/a-importancia-da-navegacao-na-matriz-de-transporte\/\"]}]},{\"@type\":\"ImageObject\",\"inLanguage\":\"pt-BR\",\"@id\":\"https:\/\/www.institutodeengenharia.org.br\/site\/events\/a-importancia-da-navegacao-na-matriz-de-transporte\/#primaryimage\",\"url\":\"https:\/\/www.institutodeengenharia.org.br\/site\/wp-content\/uploads\/2020\/12\/Hidrovias.jpg\",\"contentUrl\":\"https:\/\/www.institutodeengenharia.org.br\/site\/wp-content\/uploads\/2020\/12\/Hidrovias.jpg\",\"width\":571,\"height\":416},{\"@type\":\"BreadcrumbList\",\"@id\":\"https:\/\/www.institutodeengenharia.org.br\/site\/events\/a-importancia-da-navegacao-na-matriz-de-transporte\/#breadcrumb\",\"itemListElement\":[{\"@type\":\"ListItem\",\"position\":1,\"name\":\"In\u00edcio\",\"item\":\"https:\/\/www.institutodeengenharia.org.br\/site\/\"},{\"@type\":\"ListItem\",\"position\":2,\"name\":\"Eventos\",\"item\":\"https:\/\/www.institutodeengenharia.org.br\/site\/events\/\"},{\"@type\":\"ListItem\",\"position\":3,\"name\":\"A Import\u00e2ncia da Navega\u00e7\u00e3o na Matriz de Transporte &#8211; 105 anos IE\"}]},{\"@type\":\"WebSite\",\"@id\":\"https:\/\/www.institutodeengenharia.org.br\/site\/#website\",\"url\":\"https:\/\/www.institutodeengenharia.org.br\/site\/\",\"name\":\"Instituto de Engenharia\",\"description\":\"O Instituto de Engenharia promove a Engenharia em benef\u00edcio do desenvolvimento e da qualidade de vida da sociedade.\",\"publisher\":{\"@id\":\"https:\/\/www.institutodeengenharia.org.br\/site\/#organization\"},\"potentialAction\":[{\"@type\":\"SearchAction\",\"target\":{\"@type\":\"EntryPoint\",\"urlTemplate\":\"https:\/\/www.institutodeengenharia.org.br\/site\/?s={search_term_string}\"},\"query-input\":{\"@type\":\"PropertyValueSpecification\",\"valueRequired\":true,\"valueName\":\"search_term_string\"}}],\"inLanguage\":\"pt-BR\"},{\"@type\":\"Organization\",\"@id\":\"https:\/\/www.institutodeengenharia.org.br\/site\/#organization\",\"name\":\"Instituto de Engenharia\",\"url\":\"https:\/\/www.institutodeengenharia.org.br\/site\/\",\"logo\":{\"@type\":\"ImageObject\",\"inLanguage\":\"pt-BR\",\"@id\":\"https:\/\/www.institutodeengenharia.org.br\/site\/#\/schema\/logo\/image\/\",\"url\":\"https:\/\/www.institutodeengenharia.org.br\/site\/wp-content\/uploads\/2019\/03\/logo-novo-IE2018-1.jpg\",\"contentUrl\":\"https:\/\/www.institutodeengenharia.org.br\/site\/wp-content\/uploads\/2019\/03\/logo-novo-IE2018-1.jpg\",\"width\":1486,\"height\":1879,\"caption\":\"Instituto de Engenharia\"},\"image\":{\"@id\":\"https:\/\/www.institutodeengenharia.org.br\/site\/#\/schema\/logo\/image\/\"},\"sameAs\":[\"https:\/\/www.facebook.com\/institutodeengenharia\",\"https:\/\/x.com\/iengenharia\",\"https:\/\/www.instagram.com\/institutodeengenharia\/\",\"https:\/\/www.linkedin.com\/company\/instituto-de-engenharia\/\",\"https:\/\/www.youtube.com\/channel\/UCXiCAlsSMe977vamW915HxA\"]}]}<\/script>\n<!-- \/ Yoast SEO plugin. -->","yoast_head_json":{"title":"A Import\u00e2ncia da Navega\u00e7\u00e3o na Matriz de Transporte - 105 anos IE - Instituto de Engenharia","description":"hidrovias, hidrovias do brasil, palestra on-line, a hidrovia como vetor do desenvolvimento, brasil, hidrovias brasil","robots":{"index":"index","follow":"follow","max-snippet":"max-snippet:-1","max-image-preview":"max-image-preview:large","max-video-preview":"max-video-preview:-1"},"canonical":"https:\/\/www.institutodeengenharia.org.br\/site\/events\/a-importancia-da-navegacao-na-matriz-de-transporte\/","og_locale":"pt_BR","og_type":"article","og_title":"A Import\u00e2ncia da Navega\u00e7\u00e3o na Matriz de Transporte","og_description":"Como parte das comemora\u00e7\u00f5es do 105 anos do Instituto de Engenharia","og_url":"https:\/\/www.institutodeengenharia.org.br\/site\/events\/a-importancia-da-navegacao-na-matriz-de-transporte\/","og_site_name":"Instituto de Engenharia","article_publisher":"https:\/\/www.facebook.com\/institutodeengenharia","article_modified_time":"2021-10-22T18:15:52+00:00","og_image":[{"width":571,"height":416,"url":"https:\/\/www.institutodeengenharia.org.br\/site\/wp-content\/uploads\/2020\/12\/Hidrovias.jpg","type":"image\/jpeg"}],"twitter_card":"summary_large_image","twitter_title":"Hidrovias do Brasil","twitter_description":"Como parte das comemora\u00e7\u00f5es do 105 anos do Instituto de Engenharia","twitter_image":"https:\/\/www.institutodeengenharia.org.br\/site\/wp-content\/uploads\/2020\/12\/Hidrovias.jpg","twitter_site":"@iengenharia","twitter_misc":{"Est. tempo de leitura":"3 minutos"},"schema":{"@context":"https:\/\/schema.org","@graph":[{"@type":"WebPage","@id":"https:\/\/www.institutodeengenharia.org.br\/site\/events\/a-importancia-da-navegacao-na-matriz-de-transporte\/","url":"https:\/\/www.institutodeengenharia.org.br\/site\/events\/a-importancia-da-navegacao-na-matriz-de-transporte\/","name":"A Import\u00e2ncia da Navega\u00e7\u00e3o na Matriz de Transporte - 105 anos IE - Instituto de Engenharia","isPartOf":{"@id":"https:\/\/www.institutodeengenharia.org.br\/site\/#website"},"primaryImageOfPage":{"@id":"https:\/\/www.institutodeengenharia.org.br\/site\/events\/a-importancia-da-navegacao-na-matriz-de-transporte\/#primaryimage"},"image":{"@id":"https:\/\/www.institutodeengenharia.org.br\/site\/events\/a-importancia-da-navegacao-na-matriz-de-transporte\/#primaryimage"},"thumbnailUrl":"https:\/\/www.institutodeengenharia.org.br\/site\/wp-content\/uploads\/2020\/12\/Hidrovias.jpg","datePublished":"2021-09-16T17:57:45+00:00","dateModified":"2021-10-22T18:15:52+00:00","description":"hidrovias, hidrovias do brasil, palestra on-line, a hidrovia como vetor do desenvolvimento, brasil, hidrovias brasil","breadcrumb":{"@id":"https:\/\/www.institutodeengenharia.org.br\/site\/events\/a-importancia-da-navegacao-na-matriz-de-transporte\/#breadcrumb"},"inLanguage":"pt-BR","potentialAction":[{"@type":"ReadAction","target":["https:\/\/www.institutodeengenharia.org.br\/site\/events\/a-importancia-da-navegacao-na-matriz-de-transporte\/"]}]},{"@type":"ImageObject","inLanguage":"pt-BR","@id":"https:\/\/www.institutodeengenharia.org.br\/site\/events\/a-importancia-da-navegacao-na-matriz-de-transporte\/#primaryimage","url":"https:\/\/www.institutodeengenharia.org.br\/site\/wp-content\/uploads\/2020\/12\/Hidrovias.jpg","contentUrl":"https:\/\/www.institutodeengenharia.org.br\/site\/wp-content\/uploads\/2020\/12\/Hidrovias.jpg","width":571,"height":416},{"@type":"BreadcrumbList","@id":"https:\/\/www.institutodeengenharia.org.br\/site\/events\/a-importancia-da-navegacao-na-matriz-de-transporte\/#breadcrumb","itemListElement":[{"@type":"ListItem","position":1,"name":"In\u00edcio","item":"https:\/\/www.institutodeengenharia.org.br\/site\/"},{"@type":"ListItem","position":2,"name":"Eventos","item":"https:\/\/www.institutodeengenharia.org.br\/site\/events\/"},{"@type":"ListItem","position":3,"name":"A Import\u00e2ncia da Navega\u00e7\u00e3o na Matriz de Transporte &#8211; 105 anos IE"}]},{"@type":"WebSite","@id":"https:\/\/www.institutodeengenharia.org.br\/site\/#website","url":"https:\/\/www.institutodeengenharia.org.br\/site\/","name":"Instituto de Engenharia","description":"O Instituto de Engenharia promove a Engenharia em benef\u00edcio do desenvolvimento e da qualidade de vida da sociedade.","publisher":{"@id":"https:\/\/www.institutodeengenharia.org.br\/site\/#organization"},"potentialAction":[{"@type":"SearchAction","target":{"@type":"EntryPoint","urlTemplate":"https:\/\/www.institutodeengenharia.org.br\/site\/?s={search_term_string}"},"query-input":{"@type":"PropertyValueSpecification","valueRequired":true,"valueName":"search_term_string"}}],"inLanguage":"pt-BR"},{"@type":"Organization","@id":"https:\/\/www.institutodeengenharia.org.br\/site\/#organization","name":"Instituto de Engenharia","url":"https:\/\/www.institutodeengenharia.org.br\/site\/","logo":{"@type":"ImageObject","inLanguage":"pt-BR","@id":"https:\/\/www.institutodeengenharia.org.br\/site\/#\/schema\/logo\/image\/","url":"https:\/\/www.institutodeengenharia.org.br\/site\/wp-content\/uploads\/2019\/03\/logo-novo-IE2018-1.jpg","contentUrl":"https:\/\/www.institutodeengenharia.org.br\/site\/wp-content\/uploads\/2019\/03\/logo-novo-IE2018-1.jpg","width":1486,"height":1879,"caption":"Instituto de Engenharia"},"image":{"@id":"https:\/\/www.institutodeengenharia.org.br\/site\/#\/schema\/logo\/image\/"},"sameAs":["https:\/\/www.facebook.com\/institutodeengenharia","https:\/\/x.com\/iengenharia","https:\/\/www.instagram.com\/institutodeengenharia\/","https:\/\/www.linkedin.com\/company\/instituto-de-engenharia\/","https:\/\/www.youtube.com\/channel\/UCXiCAlsSMe977vamW915HxA"]}]}},"_links":{"self":[{"href":"https:\/\/www.institutodeengenharia.org.br\/site\/wp-json\/wp\/v2\/ajde_events\/85587","targetHints":{"allow":["GET"]}}],"collection":[{"href":"https:\/\/www.institutodeengenharia.org.br\/site\/wp-json\/wp\/v2\/ajde_events"}],"about":[{"href":"https:\/\/www.institutodeengenharia.org.br\/site\/wp-json\/wp\/v2\/types\/ajde_events"}],"author":[{"embeddable":true,"href":"https:\/\/www.institutodeengenharia.org.br\/site\/wp-json\/wp\/v2\/users\/2"}],"replies":[{"embeddable":true,"href":"https:\/\/www.institutodeengenharia.org.br\/site\/wp-json\/wp\/v2\/comments?post=85587"}],"wp:featuredmedia":[{"embeddable":true,"href":"https:\/\/www.institutodeengenharia.org.br\/site\/wp-json\/wp\/v2\/media\/73427"}],"wp:attachment":[{"href":"https:\/\/www.institutodeengenharia.org.br\/site\/wp-json\/wp\/v2\/media?parent=85587"}],"wp:term":[{"taxonomy":"post_tag","embeddable":true,"href":"https:\/\/www.institutodeengenharia.org.br\/site\/wp-json\/wp\/v2\/tags?post=85587"},{"taxonomy":"event_type","embeddable":true,"href":"https:\/\/www.institutodeengenharia.org.br\/site\/wp-json\/wp\/v2\/event_type?post=85587"},{"taxonomy":"event_type_2","embeddable":true,"href":"https:\/\/www.institutodeengenharia.org.br\/site\/wp-json\/wp\/v2\/event_type_2?post=85587"}],"curies":[{"name":"wp","href":"https:\/\/api.w.org\/{rel}","templated":true}]}}