{"id":85572,"date":"2021-09-16T14:27:11","date_gmt":"2021-09-16T17:27:11","guid":{"rendered":"https:\/\/www.institutodeengenharia.org.br\/site\/?post_type=ajde_events&#038;p=85572"},"modified":"2021-10-22T14:23:09","modified_gmt":"2021-10-22T17:23:09","slug":"palestra-de-lancamento-da-cartilha-5g","status":"publish","type":"ajde_events","link":"https:\/\/www.institutodeengenharia.org.br\/site\/events\/palestra-de-lancamento-da-cartilha-5g\/","title":{"rendered":"Palestra de Lan\u00e7amento da Cartilha 5G &#8211; 105 anos IE"},"content":{"rendered":"<p><a href=\"https:\/\/www.institutodeengenharia.org.br\/site\/2021\/10\/22\/lancamento-da-cartilha-do-5g-105-anos-do-ie\/\"><img loading=\"lazy\" decoding=\"async\" class=\"wp-image-63985 aligncenter td-animation-stack-type0-2\" src=\"https:\/\/www.institutodeengenharia.org.br\/site\/wp-content\/uploads\/2020\/04\/clique-e-assista-%C3%A0-grava%C3%A7%C3%A3o-do-evento.jpg\" alt=\"\" width=\"196\" height=\"78\" \/><\/a><\/p>\n<p><strong>Quer fazer parte do Instituto de Engenharia? Confira nossas vantagens:<\/strong><\/p>\n<p><a href=\"https:\/\/www.institutodeengenharia.org.br\/home\/#pricing\" target=\"_blank\" rel=\"noopener\"><img loading=\"lazy\" decoding=\"async\" class=\"wp-image-64426 td-animation-stack-type0-2 aligncenter\" src=\"https:\/\/www.institutodeengenharia.org.br\/site\/wp-content\/uploads\/2019\/11\/associe-se.jpg\" alt=\"\" width=\"207\" height=\"80\" srcset=\"https:\/\/www.institutodeengenharia.org.br\/site\/wp-content\/uploads\/2019\/11\/associe-se.jpg 409w, https:\/\/www.institutodeengenharia.org.br\/site\/wp-content\/uploads\/2019\/11\/associe-se-300x117.jpg 300w\" sizes=\"auto, (max-width: 207px) 100vw, 207px\" \/><\/a><\/p>\n<p>&nbsp;<\/p>\n<p>Como parte das comemora\u00e7\u00f5es do 105 anos do Instituto de Engenharia, celebrado em\u00a0 outubro, ser\u00e1 lan\u00e7ada a Cartilha 5G, com palestra on-line, quando ser\u00e3o abordados os temas o que \u00e9 a tecnologia 5G, seus benef\u00edcios e desafios para sua instala\u00e7\u00e3o no territ\u00f3rio nacional.<\/p>\n<p><strong>Abordagem:<\/strong><\/p>\n<p>A palestra constar\u00e1 de uma breve explica\u00e7\u00e3o sobre o que \u00e9 a tecnologia 5G, seus benef\u00edcios e desafios para sua instala\u00e7\u00e3o no territ\u00f3rio nacional, al\u00e9m de explica\u00e7\u00e3o sobre os objetivos e trabalho envolvido no desenvolvimento da Cartilha 5G.<\/p>\n<p><strong>P\u00fablico-alvo:<\/strong><\/p>\n<p>Engenheiros, estudantes de engenharia e demais interessados em tecnologia.<\/p>\n<p style=\"text-align: center;\"><em><b>Conhe\u00e7a os participantes:<\/b><\/em><\/p>\n<p style=\"text-align: right;\"><strong>Adilson Jos\u00e9 do Amaral<\/strong><\/p>\n<p style=\"text-align: right;\">Engenheiro Eletricista \u2013 Eletr\u00f4nico pela ESCOLA DE ENGENHARIA MAU\u00c1, ano 1973. Participou nos cursos, a n\u00edvel de P\u00f3s-Gradua\u00e7\u00e3o, de Comunica\u00e7\u00e3o de Dados do INATEL (2000 a 2001) e Arquitetura de Redes de Computadores do Laborat\u00f3rio de Arquitetura e Redes de Computadores (LARC) da EPUSP (2002 a 2003).<\/p>\n<p style=\"text-align: right;\">Atualmente se dedica a \u00e1rea da Tecnologia da Informa\u00e7\u00e3o (TI), Projetos de Instala\u00e7\u00f5es El\u00e9tricas e de Prote\u00e7\u00e3o de Descargas Atmosf\u00e9ricas (PDA).<\/p>\n<p style=\"text-align: right;\">Trabalhou na Telecomunica\u00e7\u00f5es do Paran\u00e1 S\/A de 1974 a 1999, sendo que na \u00c1rea de Opera\u00e7\u00f5es, atuou em Energia e Climatiza\u00e7\u00e3o, Transmiss\u00e3o, Administrativa, Financeira, Comercial e, com \u00eanfase, Comuta\u00e7\u00e3o, Rede Externa, incluindo Projeto e Constru\u00e7\u00e3o, e Comunica\u00e7\u00e3o de Dados.<\/p>\n<p style=\"text-align: left;\"><strong><img loading=\"lazy\" decoding=\"async\" class=\" wp-image-86054 alignleft\" src=\"https:\/\/www.institutodeengenharia.org.br\/site\/wp-content\/uploads\/2021\/09\/alessandrolaneve.jpg\" alt=\"\" width=\"157\" height=\"209\" srcset=\"https:\/\/www.institutodeengenharia.org.br\/site\/wp-content\/uploads\/2021\/09\/alessandrolaneve.jpg 388w, https:\/\/www.institutodeengenharia.org.br\/site\/wp-content\/uploads\/2021\/09\/alessandrolaneve-225x300.jpg 225w, https:\/\/www.institutodeengenharia.org.br\/site\/wp-content\/uploads\/2021\/09\/alessandrolaneve-315x420.jpg 315w\" sizes=\"auto, (max-width: 157px) 100vw, 157px\" \/>Alessandro La Neve<\/strong><\/p>\n<p style=\"text-align: left;\">Engenheiro Eletricista, op\u00e7\u00e3o eletr\u00f4nica, pela Faculdade de Engenharia Industrial, 1973. Mestre em Engenharia El\u00e9trica \u2013 \u00c1rea: Sistemas Digitais, pela Escola Polit\u00e9cnica da USP, 1980. Doutor em Engenharia El\u00e9trica, \u00e1rea de sistemas digitais, pela Escola Polit\u00e9cnica da USP, 1982. P\u00f3s-Doutorado em Engenharia El\u00e9trica, no LSI da Escola Polit\u00e9cnica da USP, desenvolvendo estudos em Arquiteturas de Computadores de Alto Desempenho ,1983-1985.<\/p>\n<p style=\"text-align: left;\">Pesquisador do LSI- Laborat\u00f3rio de Sistemas Integr\u00e1veis \/ EPUSP, de 1976 at\u00e9 1985<\/p>\n<p style=\"text-align: left;\">Professor da FEI, de 1974 at\u00e9 2019.<\/p>\n<p style=\"text-align: left;\">Pesquisador e coordenador do PA, Projeto Automa\u00e7\u00e3o, do Instituto de Pesquisas e Estudos Industriais &#8211; IPEI, da FCA, de 1978 at\u00e9 1983.<\/p>\n<p style=\"text-align: left;\">Coordenador do curso de p\u00f3s-gradua\u00e7\u00e3o na FEI, Mestrado em Engenharia El\u00e9trica, de 1982 at\u00e9 1992.<\/p>\n<p style=\"text-align: left;\">Professor Titular do Departamento de Engenharia El\u00e9trica da FEI desde 01\/03\/86.<\/p>\n<p style=\"text-align: left;\">Coordenador do Centro de Computa\u00e7\u00e3o Integrada &#8211; CCI de 1992 a julho de 1995.<\/p>\n<p style=\"text-align: left;\">Vice-Diretor Acad\u00eamico da FEI de 1995 a 2001.<\/p>\n<p style=\"text-align: left;\">Secret\u00e1rio Geral Extraordin\u00e1rio do Centro Universit\u00e1rio da FEI, de 2002 2019. Coordenador do Vestibular da FEI 1995 a 2019.<\/p>\n<p style=\"text-align: left;\">Coordenador do Setor de Est\u00e1gios da FEI de 1995 a 2019.<\/p>\n<p><img loading=\"lazy\" decoding=\"async\" class=\"alignnone wp-image-85852 alignright\" src=\"https:\/\/www.institutodeengenharia.org.br\/site\/wp-content\/uploads\/2021\/09\/flavia-200x300.jpg\" alt=\"\" width=\"158\" height=\"237\" srcset=\"https:\/\/www.institutodeengenharia.org.br\/site\/wp-content\/uploads\/2021\/09\/flavia-200x300.jpg 200w, https:\/\/www.institutodeengenharia.org.br\/site\/wp-content\/uploads\/2021\/09\/flavia.jpg 201w\" sizes=\"auto, (max-width: 158px) 100vw, 158px\" \/><\/p>\n<p style=\"text-align: right;\"><strong>Flavia Bartkevicius Cruz<\/strong><\/p>\n<p style=\"text-align: right;\">Engenheira Eletricista-Eletr\u00f4nica pela Escola de Engenharia Mau\u00e1, Especializa\u00e7\u00e3o em Engenharia Ferrovi\u00e1ria e Metroferrovi\u00e1ria. Especialista em Empreendedorismo e Inova\u00e7\u00e3o Tecnol\u00f3gica nas Engenharias (parceria UNESP\/CREA\/UNIVESP). Atua como consultora na parte de infraestrutura de telecom.<\/p>\n<p style=\"text-align: right;\">Atua no IE desde 2015 como Coordenadora da Divis\u00e3o T\u00e9cnica de Telecomunica\u00e7\u00f5es.<\/p>\n<p style=\"text-align: right;\">Respons\u00e1vel pela cria\u00e7\u00e3o do Grupo de Mulheres do IE (COMET \u2013 Comit\u00ea para Valoriza\u00e7\u00e3o das Mulheres na Engenharia e Tecnologia),<\/p>\n<p style=\"text-align: right;\">Em mar\u00e7o de 2021 foi eleita vice-presidente de Assuntos Internos do Instituto de Engenharia.<\/p>\n<p><img loading=\"lazy\" decoding=\"async\" class=\"alignnone wp-image-85853 alignleft\" src=\"https:\/\/www.institutodeengenharia.org.br\/site\/wp-content\/uploads\/2021\/09\/marcosl.png\" alt=\"\" width=\"241\" height=\"159\" \/><\/p>\n<p style=\"text-align: left;\"><strong>Marcos Agenor Lazarini<\/strong><\/p>\n<p style=\"text-align: left;\">Eng. Eletricista com ampla experi\u00eancia em Telecomunica\u00e7\u00f5es e TI tendo atuado por mais de 30 anos nas \u00e1reas de Sistemas Celulares, Redes \u00d3ticas, Transmiss\u00e3o e Comuta\u00e7\u00e3o de Voz e Dados. Sendo executivo de produtos e neg\u00f3cios em empresas nacionais e experi\u00eancia internacional para o mercado Brasileiro e Am\u00e9rica Latina. \u00c9 consultor para a transforma\u00e7\u00e3o digital e desenvolvimento de produtos e mercado para<em> Internet das Coisas.<\/em><\/p>\n<p>&nbsp;<\/p>\n<p style=\"text-align: center;\"><strong>Fa\u00e7a j\u00e1 sua inscri\u00e7\u00e3o para esta e as demais palestras:<\/strong><\/p>\n<p><a href=\"https:\/\/www.institutodeengenharia.org.br\/site\/events\/amazonia-e-bioeconomia\/\">Passado, Presente e Futuro da Amaz\u00f4nia\u00a0<\/a><br \/>\n<a href=\"https:\/\/www.institutodeengenharia.org.br\/site\/events\/hidrovias-do-brasil\/\">A Import\u00e2ncia da Navega\u00e7\u00e3o na Matriz de Transporte l<\/a><br \/>\n<a href=\"https:\/\/www.institutodeengenharia.org.br\/site\/events\/governanca-metropolitana-dos-transportes\/\">Governan\u00e7a Metropolitana dos Transportes<\/a><\/p>\n<p><strong>Realiza\u00e7\u00e3o:<\/strong><\/p>\n<p><strong>Eng. Ivan Metran Whately<\/strong> \u2013 Vice-Presidente de Atividades T\u00e9cnicas<\/p>\n<p><strong>Eng. Al\u00e9ssio Bento Borelli<\/strong> \u2013 Diretor do Departamento de Desenvolvimento de Tecnologia, Ind\u00fastria, Energia e Telecomunica\u00e7\u00f5es<\/p>\n<p><strong>Apoio Institucional:<\/strong><\/p>\n<p><img loading=\"lazy\" decoding=\"async\" class=\"alignnone wp-image-77696\" src=\"https:\/\/www.institutodeengenharia.org.br\/site\/wp-content\/uploads\/2021\/02\/crea.jpg\" alt=\"\" width=\"142\" height=\"100\" srcset=\"https:\/\/www.institutodeengenharia.org.br\/site\/wp-content\/uploads\/2021\/02\/crea.jpg 448w, https:\/\/www.institutodeengenharia.org.br\/site\/wp-content\/uploads\/2021\/02\/crea-300x211.jpg 300w, https:\/\/www.institutodeengenharia.org.br\/site\/wp-content\/uploads\/2021\/02\/crea-100x70.jpg 100w\" sizes=\"auto, (max-width: 142px) 100vw, 142px\" \/><\/p>\n<p><strong>Apoio \u00e0 forma\u00e7\u00e3o:\u00a0<\/strong><\/p>\n<p>Espa\u00e7o aberto ao CREA-SP, objetivando o aperfei\u00e7oamento dos profissionais e o aprimoramento da fiscaliza\u00e7\u00e3o das \u00e1reas abrangidas pelo Sistema Confea\/CREAs, al\u00e9m de promover a conscientiza\u00e7\u00e3o da sociedade quanto \u00e0 necessidade e obrigatoriedade de contratar um profissional devidamente habilitado.<\/p>\n<div style=\"width: 696px;\" class=\"wp-video\"><video class=\"wp-video-shortcode\" id=\"video-85572-1\" width=\"696\" height=\"394\" preload=\"metadata\" controls=\"controls\"><source type=\"video\/mp4\" src=\"https:\/\/www.institutodeengenharia.org.br\/site\/wp-content\/uploads\/2021\/03\/WhatsApp-Video-2020-08-10-at-12.02.02-1.mp4?_=1\" \/><a href=\"https:\/\/www.institutodeengenharia.org.br\/site\/wp-content\/uploads\/2021\/03\/WhatsApp-Video-2020-08-10-at-12.02.02-1.mp4\">https:\/\/www.institutodeengenharia.org.br\/site\/wp-content\/uploads\/2021\/03\/WhatsApp-Video-2020-08-10-at-12.02.02-1.mp4<\/a><\/video><\/div>\n<p>&nbsp;<\/p>\n","protected":false},"author":2,"featured_media":85583,"menu_order":0,"comment_status":"open","ping_status":"closed","template":"","meta":[],"tags":[],"event_type":[146,147,145],"event_type_2":[],"class_list":{"0":"post-85572","1":"ajde_events","2":"type-ajde_events","3":"status-publish","4":"has-post-thumbnail","6":"event_location-evento-on-line","7":"event_organizer-departamento-desenvolvimento-de-tecnologia-industria-energia-e-telecomunicacoes-divisao-tecnica-telecomunicacoes-e-conectividade","8":"event_type-agenda","9":"event_type-geral","10":"event_type-palestras"},"yoast_head":"<!-- This site is optimized with the Yoast SEO plugin v27.2 - https:\/\/yoast.com\/product\/yoast-seo-wordpress\/ -->\n<title>Palestra de Lan\u00e7amento da Cartilha 5G - 105 anos IE - Instituto de Engenharia<\/title>\n<meta name=\"description\" content=\"5G, internet, lan\u00e7amento, engenharia, instituto de engenharia, tecnologias, tecnologia 5g, cartilha 5g, palestra on-line\" \/>\n<meta name=\"robots\" content=\"index, follow, max-snippet:-1, max-image-preview:large, max-video-preview:-1\" \/>\n<link rel=\"canonical\" href=\"https:\/\/www.institutodeengenharia.org.br\/site\/events\/palestra-de-lancamento-da-cartilha-5g\/\" \/>\n<meta property=\"og:locale\" content=\"pt_BR\" \/>\n<meta property=\"og:type\" content=\"article\" \/>\n<meta property=\"og:title\" content=\"Palestra de lan\u00e7amento da Cartilha 5G\" \/>\n<meta property=\"og:description\" content=\"Como parte das comemora\u00e7\u00f5es do 105 anos do Instituto de Engenharia\" \/>\n<meta property=\"og:url\" content=\"https:\/\/www.institutodeengenharia.org.br\/site\/events\/palestra-de-lancamento-da-cartilha-5g\/\" \/>\n<meta property=\"og:site_name\" content=\"Instituto de Engenharia\" \/>\n<meta property=\"article:publisher\" content=\"https:\/\/www.facebook.com\/institutodeengenharia\" \/>\n<meta property=\"article:modified_time\" content=\"2021-10-22T17:23:09+00:00\" \/>\n<meta property=\"og:image\" content=\"https:\/\/www.institutodeengenharia.org.br\/site\/wp-content\/uploads\/2021\/09\/IMAGEM-EVENTO.png\" \/>\n\t<meta property=\"og:image:width\" content=\"990\" \/>\n\t<meta property=\"og:image:height\" content=\"523\" \/>\n\t<meta property=\"og:image:type\" content=\"image\/png\" \/>\n<meta name=\"twitter:card\" content=\"summary_large_image\" \/>\n<meta name=\"twitter:title\" content=\"Palestra de lan\u00e7amento da Cartilha 5G\" \/>\n<meta name=\"twitter:description\" content=\"Como parte das comemora\u00e7\u00f5es do 105 anos do Instituto de Engenharia\" \/>\n<meta name=\"twitter:image\" content=\"https:\/\/www.institutodeengenharia.org.br\/site\/wp-content\/uploads\/2021\/09\/IMAGEM-EVENTO.png\" \/>\n<meta name=\"twitter:site\" content=\"@iengenharia\" \/>\n<meta name=\"twitter:label1\" content=\"Est. tempo de leitura\" \/>\n\t<meta name=\"twitter:data1\" content=\"5 minutos\" \/>\n<script type=\"application\/ld+json\" class=\"yoast-schema-graph\">{\"@context\":\"https:\/\/schema.org\",\"@graph\":[{\"@type\":\"WebPage\",\"@id\":\"https:\/\/www.institutodeengenharia.org.br\/site\/events\/palestra-de-lancamento-da-cartilha-5g\/\",\"url\":\"https:\/\/www.institutodeengenharia.org.br\/site\/events\/palestra-de-lancamento-da-cartilha-5g\/\",\"name\":\"Palestra de Lan\u00e7amento da Cartilha 5G - 105 anos IE - Instituto de Engenharia\",\"isPartOf\":{\"@id\":\"https:\/\/www.institutodeengenharia.org.br\/site\/#website\"},\"primaryImageOfPage\":{\"@id\":\"https:\/\/www.institutodeengenharia.org.br\/site\/events\/palestra-de-lancamento-da-cartilha-5g\/#primaryimage\"},\"image\":{\"@id\":\"https:\/\/www.institutodeengenharia.org.br\/site\/events\/palestra-de-lancamento-da-cartilha-5g\/#primaryimage\"},\"thumbnailUrl\":\"https:\/\/www.institutodeengenharia.org.br\/site\/wp-content\/uploads\/2021\/09\/IMAGEM-EVENTO.png\",\"datePublished\":\"2021-09-16T17:27:11+00:00\",\"dateModified\":\"2021-10-22T17:23:09+00:00\",\"description\":\"5G, internet, lan\u00e7amento, engenharia, instituto de engenharia, tecnologias, tecnologia 5g, cartilha 5g, palestra on-line\",\"breadcrumb\":{\"@id\":\"https:\/\/www.institutodeengenharia.org.br\/site\/events\/palestra-de-lancamento-da-cartilha-5g\/#breadcrumb\"},\"inLanguage\":\"pt-BR\",\"potentialAction\":[{\"@type\":\"ReadAction\",\"target\":[\"https:\/\/www.institutodeengenharia.org.br\/site\/events\/palestra-de-lancamento-da-cartilha-5g\/\"]}]},{\"@type\":\"ImageObject\",\"inLanguage\":\"pt-BR\",\"@id\":\"https:\/\/www.institutodeengenharia.org.br\/site\/events\/palestra-de-lancamento-da-cartilha-5g\/#primaryimage\",\"url\":\"https:\/\/www.institutodeengenharia.org.br\/site\/wp-content\/uploads\/2021\/09\/IMAGEM-EVENTO.png\",\"contentUrl\":\"https:\/\/www.institutodeengenharia.org.br\/site\/wp-content\/uploads\/2021\/09\/IMAGEM-EVENTO.png\",\"width\":990,\"height\":523},{\"@type\":\"BreadcrumbList\",\"@id\":\"https:\/\/www.institutodeengenharia.org.br\/site\/events\/palestra-de-lancamento-da-cartilha-5g\/#breadcrumb\",\"itemListElement\":[{\"@type\":\"ListItem\",\"position\":1,\"name\":\"In\u00edcio\",\"item\":\"https:\/\/www.institutodeengenharia.org.br\/site\/\"},{\"@type\":\"ListItem\",\"position\":2,\"name\":\"Eventos\",\"item\":\"https:\/\/www.institutodeengenharia.org.br\/site\/events\/\"},{\"@type\":\"ListItem\",\"position\":3,\"name\":\"Palestra de Lan\u00e7amento da Cartilha 5G &#8211; 105 anos IE\"}]},{\"@type\":\"WebSite\",\"@id\":\"https:\/\/www.institutodeengenharia.org.br\/site\/#website\",\"url\":\"https:\/\/www.institutodeengenharia.org.br\/site\/\",\"name\":\"Instituto de Engenharia\",\"description\":\"O Instituto de Engenharia promove a Engenharia em benef\u00edcio do desenvolvimento e da qualidade de vida da sociedade.\",\"publisher\":{\"@id\":\"https:\/\/www.institutodeengenharia.org.br\/site\/#organization\"},\"potentialAction\":[{\"@type\":\"SearchAction\",\"target\":{\"@type\":\"EntryPoint\",\"urlTemplate\":\"https:\/\/www.institutodeengenharia.org.br\/site\/?s={search_term_string}\"},\"query-input\":{\"@type\":\"PropertyValueSpecification\",\"valueRequired\":true,\"valueName\":\"search_term_string\"}}],\"inLanguage\":\"pt-BR\"},{\"@type\":\"Organization\",\"@id\":\"https:\/\/www.institutodeengenharia.org.br\/site\/#organization\",\"name\":\"Instituto de Engenharia\",\"url\":\"https:\/\/www.institutodeengenharia.org.br\/site\/\",\"logo\":{\"@type\":\"ImageObject\",\"inLanguage\":\"pt-BR\",\"@id\":\"https:\/\/www.institutodeengenharia.org.br\/site\/#\/schema\/logo\/image\/\",\"url\":\"https:\/\/www.institutodeengenharia.org.br\/site\/wp-content\/uploads\/2019\/03\/logo-novo-IE2018-1.jpg\",\"contentUrl\":\"https:\/\/www.institutodeengenharia.org.br\/site\/wp-content\/uploads\/2019\/03\/logo-novo-IE2018-1.jpg\",\"width\":1486,\"height\":1879,\"caption\":\"Instituto de Engenharia\"},\"image\":{\"@id\":\"https:\/\/www.institutodeengenharia.org.br\/site\/#\/schema\/logo\/image\/\"},\"sameAs\":[\"https:\/\/www.facebook.com\/institutodeengenharia\",\"https:\/\/x.com\/iengenharia\",\"https:\/\/www.instagram.com\/institutodeengenharia\/\",\"https:\/\/www.linkedin.com\/company\/instituto-de-engenharia\/\",\"https:\/\/www.youtube.com\/channel\/UCXiCAlsSMe977vamW915HxA\"]}]}<\/script>\n<!-- \/ Yoast SEO plugin. -->","yoast_head_json":{"title":"Palestra de Lan\u00e7amento da Cartilha 5G - 105 anos IE - Instituto de Engenharia","description":"5G, internet, lan\u00e7amento, engenharia, instituto de engenharia, tecnologias, tecnologia 5g, cartilha 5g, palestra on-line","robots":{"index":"index","follow":"follow","max-snippet":"max-snippet:-1","max-image-preview":"max-image-preview:large","max-video-preview":"max-video-preview:-1"},"canonical":"https:\/\/www.institutodeengenharia.org.br\/site\/events\/palestra-de-lancamento-da-cartilha-5g\/","og_locale":"pt_BR","og_type":"article","og_title":"Palestra de lan\u00e7amento da Cartilha 5G","og_description":"Como parte das comemora\u00e7\u00f5es do 105 anos do Instituto de Engenharia","og_url":"https:\/\/www.institutodeengenharia.org.br\/site\/events\/palestra-de-lancamento-da-cartilha-5g\/","og_site_name":"Instituto de Engenharia","article_publisher":"https:\/\/www.facebook.com\/institutodeengenharia","article_modified_time":"2021-10-22T17:23:09+00:00","og_image":[{"width":990,"height":523,"url":"https:\/\/www.institutodeengenharia.org.br\/site\/wp-content\/uploads\/2021\/09\/IMAGEM-EVENTO.png","type":"image\/png"}],"twitter_card":"summary_large_image","twitter_title":"Palestra de lan\u00e7amento da Cartilha 5G","twitter_description":"Como parte das comemora\u00e7\u00f5es do 105 anos do Instituto de Engenharia","twitter_image":"https:\/\/www.institutodeengenharia.org.br\/site\/wp-content\/uploads\/2021\/09\/IMAGEM-EVENTO.png","twitter_site":"@iengenharia","twitter_misc":{"Est. tempo de leitura":"5 minutos"},"schema":{"@context":"https:\/\/schema.org","@graph":[{"@type":"WebPage","@id":"https:\/\/www.institutodeengenharia.org.br\/site\/events\/palestra-de-lancamento-da-cartilha-5g\/","url":"https:\/\/www.institutodeengenharia.org.br\/site\/events\/palestra-de-lancamento-da-cartilha-5g\/","name":"Palestra de Lan\u00e7amento da Cartilha 5G - 105 anos IE - Instituto de Engenharia","isPartOf":{"@id":"https:\/\/www.institutodeengenharia.org.br\/site\/#website"},"primaryImageOfPage":{"@id":"https:\/\/www.institutodeengenharia.org.br\/site\/events\/palestra-de-lancamento-da-cartilha-5g\/#primaryimage"},"image":{"@id":"https:\/\/www.institutodeengenharia.org.br\/site\/events\/palestra-de-lancamento-da-cartilha-5g\/#primaryimage"},"thumbnailUrl":"https:\/\/www.institutodeengenharia.org.br\/site\/wp-content\/uploads\/2021\/09\/IMAGEM-EVENTO.png","datePublished":"2021-09-16T17:27:11+00:00","dateModified":"2021-10-22T17:23:09+00:00","description":"5G, internet, lan\u00e7amento, engenharia, instituto de engenharia, tecnologias, tecnologia 5g, cartilha 5g, palestra on-line","breadcrumb":{"@id":"https:\/\/www.institutodeengenharia.org.br\/site\/events\/palestra-de-lancamento-da-cartilha-5g\/#breadcrumb"},"inLanguage":"pt-BR","potentialAction":[{"@type":"ReadAction","target":["https:\/\/www.institutodeengenharia.org.br\/site\/events\/palestra-de-lancamento-da-cartilha-5g\/"]}]},{"@type":"ImageObject","inLanguage":"pt-BR","@id":"https:\/\/www.institutodeengenharia.org.br\/site\/events\/palestra-de-lancamento-da-cartilha-5g\/#primaryimage","url":"https:\/\/www.institutodeengenharia.org.br\/site\/wp-content\/uploads\/2021\/09\/IMAGEM-EVENTO.png","contentUrl":"https:\/\/www.institutodeengenharia.org.br\/site\/wp-content\/uploads\/2021\/09\/IMAGEM-EVENTO.png","width":990,"height":523},{"@type":"BreadcrumbList","@id":"https:\/\/www.institutodeengenharia.org.br\/site\/events\/palestra-de-lancamento-da-cartilha-5g\/#breadcrumb","itemListElement":[{"@type":"ListItem","position":1,"name":"In\u00edcio","item":"https:\/\/www.institutodeengenharia.org.br\/site\/"},{"@type":"ListItem","position":2,"name":"Eventos","item":"https:\/\/www.institutodeengenharia.org.br\/site\/events\/"},{"@type":"ListItem","position":3,"name":"Palestra de Lan\u00e7amento da Cartilha 5G &#8211; 105 anos IE"}]},{"@type":"WebSite","@id":"https:\/\/www.institutodeengenharia.org.br\/site\/#website","url":"https:\/\/www.institutodeengenharia.org.br\/site\/","name":"Instituto de Engenharia","description":"O Instituto de Engenharia promove a Engenharia em benef\u00edcio do desenvolvimento e da qualidade de vida da sociedade.","publisher":{"@id":"https:\/\/www.institutodeengenharia.org.br\/site\/#organization"},"potentialAction":[{"@type":"SearchAction","target":{"@type":"EntryPoint","urlTemplate":"https:\/\/www.institutodeengenharia.org.br\/site\/?s={search_term_string}"},"query-input":{"@type":"PropertyValueSpecification","valueRequired":true,"valueName":"search_term_string"}}],"inLanguage":"pt-BR"},{"@type":"Organization","@id":"https:\/\/www.institutodeengenharia.org.br\/site\/#organization","name":"Instituto de Engenharia","url":"https:\/\/www.institutodeengenharia.org.br\/site\/","logo":{"@type":"ImageObject","inLanguage":"pt-BR","@id":"https:\/\/www.institutodeengenharia.org.br\/site\/#\/schema\/logo\/image\/","url":"https:\/\/www.institutodeengenharia.org.br\/site\/wp-content\/uploads\/2019\/03\/logo-novo-IE2018-1.jpg","contentUrl":"https:\/\/www.institutodeengenharia.org.br\/site\/wp-content\/uploads\/2019\/03\/logo-novo-IE2018-1.jpg","width":1486,"height":1879,"caption":"Instituto de Engenharia"},"image":{"@id":"https:\/\/www.institutodeengenharia.org.br\/site\/#\/schema\/logo\/image\/"},"sameAs":["https:\/\/www.facebook.com\/institutodeengenharia","https:\/\/x.com\/iengenharia","https:\/\/www.instagram.com\/institutodeengenharia\/","https:\/\/www.linkedin.com\/company\/instituto-de-engenharia\/","https:\/\/www.youtube.com\/channel\/UCXiCAlsSMe977vamW915HxA"]}]}},"_links":{"self":[{"href":"https:\/\/www.institutodeengenharia.org.br\/site\/wp-json\/wp\/v2\/ajde_events\/85572","targetHints":{"allow":["GET"]}}],"collection":[{"href":"https:\/\/www.institutodeengenharia.org.br\/site\/wp-json\/wp\/v2\/ajde_events"}],"about":[{"href":"https:\/\/www.institutodeengenharia.org.br\/site\/wp-json\/wp\/v2\/types\/ajde_events"}],"author":[{"embeddable":true,"href":"https:\/\/www.institutodeengenharia.org.br\/site\/wp-json\/wp\/v2\/users\/2"}],"replies":[{"embeddable":true,"href":"https:\/\/www.institutodeengenharia.org.br\/site\/wp-json\/wp\/v2\/comments?post=85572"}],"wp:featuredmedia":[{"embeddable":true,"href":"https:\/\/www.institutodeengenharia.org.br\/site\/wp-json\/wp\/v2\/media\/85583"}],"wp:attachment":[{"href":"https:\/\/www.institutodeengenharia.org.br\/site\/wp-json\/wp\/v2\/media?parent=85572"}],"wp:term":[{"taxonomy":"post_tag","embeddable":true,"href":"https:\/\/www.institutodeengenharia.org.br\/site\/wp-json\/wp\/v2\/tags?post=85572"},{"taxonomy":"event_type","embeddable":true,"href":"https:\/\/www.institutodeengenharia.org.br\/site\/wp-json\/wp\/v2\/event_type?post=85572"},{"taxonomy":"event_type_2","embeddable":true,"href":"https:\/\/www.institutodeengenharia.org.br\/site\/wp-json\/wp\/v2\/event_type_2?post=85572"}],"curies":[{"name":"wp","href":"https:\/\/api.w.org\/{rel}","templated":true}]}}