{"id":66347,"date":"2020-06-02T16:40:20","date_gmt":"2020-06-02T19:40:20","guid":{"rendered":"https:\/\/www.institutodeengenharia.org.br\/site\/?post_type=ajde_events&#038;p=66347"},"modified":"2020-08-10T10:25:52","modified_gmt":"2020-08-10T13:25:52","slug":"veiculos-automotores-avaliacoes-e-pericias","status":"publish","type":"ajde_events","link":"https:\/\/www.institutodeengenharia.org.br\/site\/events\/veiculos-automotores-avaliacoes-e-pericias\/","title":{"rendered":"Ve\u00edculos Automotores: Avalia\u00e7\u00f5es e Per\u00edcias"},"content":{"rendered":"<p>&nbsp;<\/p>\n<p><a href=\"https:\/\/www.institutodeengenharia.org.br\/site\/2020\/06\/23\/veiculos-automotores-avaliacoes-e-pericias\/\" target=\"_blank\" rel=\"noopener\"><img loading=\"lazy\" decoding=\"async\" class=\"alignnone wp-image-63985\" src=\"https:\/\/www.institutodeengenharia.org.br\/site\/wp-content\/uploads\/2020\/04\/clique-e-assista-\u00e0-grava\u00e7\u00e3o-do-evento.jpg\" alt=\"\" width=\"201\" height=\"80\" \/><\/a><a href=\"https:\/\/www.institutodeengenharia.org.br\/site\/2020\/06\/23\/material-tecnico-veiculos-automotores-avaliacoes-e-pericias\/\" target=\"_blank\" rel=\"noopener\"><img loading=\"lazy\" decoding=\"async\" class=\"alignnone  wp-image-63986\" src=\"https:\/\/www.institutodeengenharia.org.br\/site\/wp-content\/uploads\/2020\/04\/clique-e-confira-o-material-t\u00e9cnico.jpg\" alt=\"\" width=\"200\" height=\"81\" srcset=\"https:\/\/www.institutodeengenharia.org.br\/site\/wp-content\/uploads\/2020\/04\/clique-e-confira-o-material-t\u00e9cnico.jpg 447w, https:\/\/www.institutodeengenharia.org.br\/site\/wp-content\/uploads\/2020\/04\/clique-e-confira-o-material-t\u00e9cnico-300x121.jpg 300w\" sizes=\"auto, (max-width: 200px) 100vw, 200px\" \/><\/a><\/p>\n<p>&nbsp;<\/p>\n<p><strong>Quer fazer parte do Instituto de Engenharia? Confira nossas vantagens:<\/strong><\/p>\n<p><a href=\"https:\/\/www.institutodeengenharia.org.br\/home\/#pricing\" target=\"_blank\" rel=\"noopener\"><img loading=\"lazy\" decoding=\"async\" class=\"alignnone wp-image-64426\" src=\"https:\/\/www.institutodeengenharia.org.br\/site\/wp-content\/uploads\/2019\/11\/associe-se.jpg\" alt=\"\" width=\"201\" height=\"78\" srcset=\"https:\/\/www.institutodeengenharia.org.br\/site\/wp-content\/uploads\/2019\/11\/associe-se.jpg 409w, https:\/\/www.institutodeengenharia.org.br\/site\/wp-content\/uploads\/2019\/11\/associe-se-300x117.jpg 300w\" sizes=\"auto, (max-width: 201px) 100vw, 201px\" \/><\/a><\/p>\n<p>&nbsp;<\/p>\n<p><strong>Abordagem<\/strong>:<\/p>\n<p>Ser\u00e3o apresentadas no\u00e7\u00f5es de como identificar componentes, problemas e utiliza\u00e7\u00e3o de equipamentos em Avalia\u00e7\u00f5es e Per\u00edcias envolvendo ve\u00edculos automotores.<\/p>\n<p>&nbsp;<\/p>\n<p><strong>P\u00fablico-alvo: <\/strong><\/p>\n<p>Engenheiros e t\u00e9cnicos que atuem em Per\u00edcias, assim como pessoas que queiram ampliar seus conhecimentos sobre ve\u00edculos.<\/p>\n<p>&nbsp;<\/p>\n<p><strong>Palestrante:<\/strong><\/p>\n<p><img loading=\"lazy\" decoding=\"async\" class=\"size-full wp-image-66348 alignleft\" src=\"https:\/\/www.institutodeengenharia.org.br\/site\/wp-content\/uploads\/2020\/06\/helio-da-fonseca-cardoso.jpg\" alt=\"\" width=\"152\" height=\"209\" \/><\/p>\n<p><strong>H\u00e9lio da Fonseca Cardoso <\/strong><\/p>\n<p>Engenheiro Mec\u00e2nico, membro da Comiss\u00e3o T\u00e9cnica de Seguran\u00e7a Veicular da AEA (Associa\u00e7\u00e3o Brasileira de Engenharia Automotiva), diretor do Instituto Brasileiro de Avalia\u00e7\u00f5es e Per\u00edcias de S\u00e3o Paulo (Ibape\/SP), gest\u00e3o 2010-2011 e 2012-2013. P\u00f3s-graduado em Per\u00edcias e Avalia\u00e7\u00f5es de Engenharia, com MBA em Gest\u00e3o de Neg\u00f3cios e p\u00f3s-graduando em Direito do Consumidor e Novas Tecnologias. Especialista em Transporte; professor de Inspe\u00e7\u00e3o, Per\u00edcias e Avalia\u00e7\u00f5es de Ve\u00edculos Automotores dos cursos do Ibape\/SP; coautor dos livros &#8220;Inspe\u00e7\u00e3o Predial&#8221; (Editora LEUD) e &#8220;Per\u00edcias de Engenharia&#8221; (Editora PINI); autor dos livros &#8220;Ve\u00edculos Automotores: Identifica\u00e7\u00e3o, Inspe\u00e7\u00e3o, Vistoria, Avalia\u00e7\u00e3o, Per\u00edcia e Recall&#8221; (2018-2\u00aa edi\u00e7\u00e3o), &#8220;Autom\u00f3vel Sem Mist\u00e9rios&#8221; (2013), &#8220;Recall em Ve\u00edculos Automotores: O que h\u00e1 por tr\u00e1s disso?&#8221; (2015) e &#8220;Autom\u00f3vel Sem Mist\u00e9rios 2&#8221; (2019); autor de artigos t\u00e9cnicos publicados em revistas especializadas sobre Ve\u00edculos Automotores e Recall; autor de trabalhos t\u00e9cnicos apresentados em Semin\u00e1rios e Congressos Internacionais da SAE, AEA, Ibape e Universidade de Coimbra (Portugal); colaborador da &#8220;Norma B\u00e1sica para Per\u00edcias de Engenharia\u201d e do &#8220;Estudo de Vidas \u00dateis para M\u00e1quinas e Equipamentos&#8221; do Ibape\/SP; perito Judicial e advogado.<\/p>\n<p>&nbsp;<\/p>\n<p><strong>Mediador:<\/strong><\/p>\n<p><strong><img loading=\"lazy\" decoding=\"async\" class=\"wp-image-64007 alignleft\" src=\"https:\/\/www.institutodeengenharia.org.br\/site\/wp-content\/uploads\/2020\/05\/ricardo-imamura.jpg\" alt=\"\" width=\"156\" height=\"173\" \/><\/strong><\/p>\n<p><strong>Ricardo Henrique de A. Imamura<\/strong><\/p>\n<p>Engenheiro Civil pela Escola de Engenharia de Lins, 1977. Perito Judicial de diversas Varas C\u00edveis e da Fazenda no Estado de S\u00e3o Paulo, desde 1978. Dentre suas experi\u00eancias como Perito Judicial, encontram-se a elabora\u00e7\u00e3o de mais de 4.300 laudos de Engenharia Legal de naturezas diversas. Membro titular, coordenador da Divis\u00e3o T\u00e9cnica de Avalia\u00e7\u00f5es e Per\u00edcias, conselheiro e perito especialista da C\u00e2mara de Media\u00e7\u00e3o e Arbitragem do Instituto de Engenharia \u2013 S\u00e3o Paulo. Membro fundador e ex-presidente da Associa\u00e7\u00e3o Parama\u00e7\u00f4nica de Peritos Judiciais \u2013 APPJ. Presidente da AELINS \u2013 Associa\u00e7\u00e3o de Engenheiros de Lins \u2013 Lins\/SP. Membro da CBAr \u2013 Comit\u00ea Brasileiro de Arbitragem; da ABCIP \u2013 Associa\u00e7\u00e3o Brasileira das Entidades de Cr\u00e9dito Imobili\u00e1rio e Poupan\u00e7a; da CAM-CCBC \u2013 C\u00e2mara de Com\u00e9rcio Brasil-Canad\u00e1; da AMCHAM Brasil; da CAMARB \u2013 Camara de Arbitragem Empresarial Brasil; do FIDIC e de diversas Associa\u00e7\u00f5es em S\u00e3o Paulo. Ministra cursos e palestras e tem publica\u00e7\u00f5es t\u00e9cnicas diversas. Engenheiro pela Empresa Consultora Hidroservice \u2013 Engenharia de Projetos Ltda., de 1978 a 1989. Engenheiro pela S.A. Ind\u00fastrias Votorantim, de 1989 a 1990. Assessor da Diretoria pela Empresa Consultora Matricial Projetos e Consultoria Ltda., de novembro de 1990 a 1991. S\u00f3cio propriet\u00e1rio da R.H. Imamura Peritos Consultores e dos Advisors Committee.<\/p>\n<p>&nbsp;<\/p>\n<p><strong>Co-mediador:<\/strong><\/p>\n<p><img loading=\"lazy\" decoding=\"async\" class=\"size-full wp-image-66350 alignleft\" src=\"https:\/\/www.institutodeengenharia.org.br\/site\/wp-content\/uploads\/2020\/06\/paulo-magri.jpg\" alt=\"\" width=\"148\" height=\"168\" \/><\/p>\n<p><strong>Paulo Magri<\/strong><\/p>\n<p>Engenheiro Civil pela Escola de Engenharia Mau\u00e1 &#8211; IMT (1986); formado em Administra\u00e7\u00e3o de empresas pela Funda\u00e7\u00e3o Carlos Alberto Vanzolini (1989); engenheiro de Seguran\u00e7a do Trabalho pela Universidade Presbiteriana Mackenzie (1994); e mestre em Tecnologia da Constru\u00e7\u00e3o de Edif\u00edcios pelo IPT-USP (2003). Perito Judicial em Varas C\u00edveis e da Fazenda P\u00fablica da Capital e interior. Membro Titular do Ibape\/SP e do Instituto de Engenharia. Professor do curso de Per\u00edcia Grafosc\u00f3pica do Ibape\/SP e coordenador da revis\u00e3o da Norma de Grafoscopia do Ibape\/SP. Atualmente \u00e9 diretor Cultural do IBAPE\/SP (bi\u00eanio 20\/21).<\/p>\n<p>&nbsp;<\/p>\n<p><strong>Apoio Institucional:<\/strong><\/p>\n<p><img loading=\"lazy\" decoding=\"async\" class=\"alignnone wp-image-66351\" src=\"https:\/\/www.institutodeengenharia.org.br\/site\/wp-content\/uploads\/2020\/06\/ibape.jpg\" alt=\"\" width=\"118\" height=\"118\" srcset=\"https:\/\/www.institutodeengenharia.org.br\/site\/wp-content\/uploads\/2020\/06\/ibape.jpg 212w, https:\/\/www.institutodeengenharia.org.br\/site\/wp-content\/uploads\/2020\/06\/ibape-150x150.jpg 150w, https:\/\/www.institutodeengenharia.org.br\/site\/wp-content\/uploads\/2020\/06\/ibape-100x100.jpg 100w\" sizes=\"auto, (max-width: 118px) 100vw, 118px\" \/><img loading=\"lazy\" decoding=\"async\" class=\"alignnone size-full wp-image-34556\" src=\"https:\/\/www.institutodeengenharia.org.br\/site\/wp-content\/uploads\/2018\/04\/CREA-SP_vertical.jpg\" alt=\"\" width=\"150\" height=\"106\" srcset=\"https:\/\/www.institutodeengenharia.org.br\/site\/wp-content\/uploads\/2018\/04\/CREA-SP_vertical.jpg 150w, https:\/\/www.institutodeengenharia.org.br\/site\/wp-content\/uploads\/2018\/04\/CREA-SP_vertical-100x70.jpg 100w\" sizes=\"auto, (max-width: 150px) 100vw, 150px\" \/><\/p>\n<p>&nbsp;<\/p>\n<p><strong>Realiza\u00e7\u00e3o:<\/strong><\/p>\n<p><strong>Eng. Jer\u00f4nimo Cabral Pereira Fagundes Neto <\/strong>\u2013 Vice-presidente de Atividades T\u00e9cnicas<br \/>\n<strong>Eng.\u00aa D\u00e9bora Sanches de A. Marinello <\/strong>\u2013 Diretora do Departamento de Engenharia de Produ\u00e7\u00e3o<br \/>\n<strong>Eng. Ricardo Henrique de A. Imamura <\/strong>\u2013 Coordenador da Divis\u00e3o T\u00e9cnica de Avalia\u00e7\u00f5es e Per\u00edcias<\/p>\n","protected":false},"author":13,"featured_media":67206,"menu_order":0,"comment_status":"open","ping_status":"closed","template":"","meta":[],"tags":[],"event_type":[147,145],"event_type_2":[],"class_list":{"0":"post-66347","1":"ajde_events","2":"type-ajde_events","3":"status-publish","4":"has-post-thumbnail","6":"event_location-evento-on-line","7":"event_type-geral","8":"event_type-palestras"},"yoast_head":"<!-- This site is optimized with the Yoast SEO plugin v27.2 - https:\/\/yoast.com\/product\/yoast-seo-wordpress\/ -->\n<title>Ve\u00edculos Automotores: Avalia\u00e7\u00f5es e Per\u00edcias - Instituto de Engenharia<\/title>\n<meta name=\"robots\" content=\"index, follow, max-snippet:-1, max-image-preview:large, max-video-preview:-1\" \/>\n<link rel=\"canonical\" href=\"https:\/\/www.institutodeengenharia.org.br\/site\/events\/veiculos-automotores-avaliacoes-e-pericias\/\" \/>\n<meta property=\"og:locale\" content=\"pt_BR\" \/>\n<meta property=\"og:type\" content=\"article\" \/>\n<meta property=\"og:title\" content=\"Ve\u00edculos Automotores: Avalia\u00e7\u00f5es e Per\u00edcias - Instituto de Engenharia\" \/>\n<meta property=\"og:description\" content=\"&nbsp; &nbsp; Quer fazer parte do Instituto de Engenharia? Confira nossas vantagens: &nbsp; Abordagem: Ser\u00e3o apresentadas no\u00e7\u00f5es de como identificar componentes, problemas e utiliza\u00e7\u00e3o de equipamentos em Avalia\u00e7\u00f5es e Per\u00edcias envolvendo ve\u00edculos automotores. &nbsp; P\u00fablico-alvo: Engenheiros e t\u00e9cnicos que atuem em Per\u00edcias, assim como pessoas que queiram ampliar seus conhecimentos sobre ve\u00edculos. &nbsp; Palestrante: H\u00e9lio [&hellip;]\" \/>\n<meta property=\"og:url\" content=\"https:\/\/www.institutodeengenharia.org.br\/site\/events\/veiculos-automotores-avaliacoes-e-pericias\/\" \/>\n<meta property=\"og:site_name\" content=\"Instituto de Engenharia\" \/>\n<meta property=\"article:publisher\" content=\"https:\/\/www.facebook.com\/institutodeengenharia\" \/>\n<meta property=\"article:modified_time\" content=\"2020-08-10T13:25:52+00:00\" \/>\n<meta property=\"og:image\" content=\"https:\/\/www.institutodeengenharia.org.br\/site\/wp-content\/uploads\/2020\/06\/3_reev.jpg\" \/>\n\t<meta property=\"og:image:width\" content=\"1034\" \/>\n\t<meta property=\"og:image:height\" content=\"604\" \/>\n\t<meta property=\"og:image:type\" content=\"image\/jpeg\" \/>\n<meta name=\"twitter:card\" content=\"summary_large_image\" \/>\n<meta name=\"twitter:site\" content=\"@iengenharia\" \/>\n<meta name=\"twitter:label1\" content=\"Est. tempo de leitura\" \/>\n\t<meta name=\"twitter:data1\" content=\"3 minutos\" \/>\n<script type=\"application\/ld+json\" class=\"yoast-schema-graph\">{\"@context\":\"https:\/\/schema.org\",\"@graph\":[{\"@type\":\"WebPage\",\"@id\":\"https:\/\/www.institutodeengenharia.org.br\/site\/events\/veiculos-automotores-avaliacoes-e-pericias\/\",\"url\":\"https:\/\/www.institutodeengenharia.org.br\/site\/events\/veiculos-automotores-avaliacoes-e-pericias\/\",\"name\":\"Ve\u00edculos Automotores: Avalia\u00e7\u00f5es e Per\u00edcias - Instituto de Engenharia\",\"isPartOf\":{\"@id\":\"https:\/\/www.institutodeengenharia.org.br\/site\/#website\"},\"primaryImageOfPage\":{\"@id\":\"https:\/\/www.institutodeengenharia.org.br\/site\/events\/veiculos-automotores-avaliacoes-e-pericias\/#primaryimage\"},\"image\":{\"@id\":\"https:\/\/www.institutodeengenharia.org.br\/site\/events\/veiculos-automotores-avaliacoes-e-pericias\/#primaryimage\"},\"thumbnailUrl\":\"https:\/\/www.institutodeengenharia.org.br\/site\/wp-content\/uploads\/2020\/06\/3_reev.jpg\",\"datePublished\":\"2020-06-02T19:40:20+00:00\",\"dateModified\":\"2020-08-10T13:25:52+00:00\",\"breadcrumb\":{\"@id\":\"https:\/\/www.institutodeengenharia.org.br\/site\/events\/veiculos-automotores-avaliacoes-e-pericias\/#breadcrumb\"},\"inLanguage\":\"pt-BR\",\"potentialAction\":[{\"@type\":\"ReadAction\",\"target\":[\"https:\/\/www.institutodeengenharia.org.br\/site\/events\/veiculos-automotores-avaliacoes-e-pericias\/\"]}]},{\"@type\":\"ImageObject\",\"inLanguage\":\"pt-BR\",\"@id\":\"https:\/\/www.institutodeengenharia.org.br\/site\/events\/veiculos-automotores-avaliacoes-e-pericias\/#primaryimage\",\"url\":\"https:\/\/www.institutodeengenharia.org.br\/site\/wp-content\/uploads\/2020\/06\/3_reev.jpg\",\"contentUrl\":\"https:\/\/www.institutodeengenharia.org.br\/site\/wp-content\/uploads\/2020\/06\/3_reev.jpg\",\"width\":1034,\"height\":604},{\"@type\":\"BreadcrumbList\",\"@id\":\"https:\/\/www.institutodeengenharia.org.br\/site\/events\/veiculos-automotores-avaliacoes-e-pericias\/#breadcrumb\",\"itemListElement\":[{\"@type\":\"ListItem\",\"position\":1,\"name\":\"In\u00edcio\",\"item\":\"https:\/\/www.institutodeengenharia.org.br\/site\/\"},{\"@type\":\"ListItem\",\"position\":2,\"name\":\"Eventos\",\"item\":\"https:\/\/www.institutodeengenharia.org.br\/site\/events\/\"},{\"@type\":\"ListItem\",\"position\":3,\"name\":\"Ve\u00edculos Automotores: Avalia\u00e7\u00f5es e Per\u00edcias\"}]},{\"@type\":\"WebSite\",\"@id\":\"https:\/\/www.institutodeengenharia.org.br\/site\/#website\",\"url\":\"https:\/\/www.institutodeengenharia.org.br\/site\/\",\"name\":\"Instituto de Engenharia\",\"description\":\"O Instituto de Engenharia promove a Engenharia em benef\u00edcio do desenvolvimento e da qualidade de vida da sociedade.\",\"publisher\":{\"@id\":\"https:\/\/www.institutodeengenharia.org.br\/site\/#organization\"},\"potentialAction\":[{\"@type\":\"SearchAction\",\"target\":{\"@type\":\"EntryPoint\",\"urlTemplate\":\"https:\/\/www.institutodeengenharia.org.br\/site\/?s={search_term_string}\"},\"query-input\":{\"@type\":\"PropertyValueSpecification\",\"valueRequired\":true,\"valueName\":\"search_term_string\"}}],\"inLanguage\":\"pt-BR\"},{\"@type\":\"Organization\",\"@id\":\"https:\/\/www.institutodeengenharia.org.br\/site\/#organization\",\"name\":\"Instituto de Engenharia\",\"url\":\"https:\/\/www.institutodeengenharia.org.br\/site\/\",\"logo\":{\"@type\":\"ImageObject\",\"inLanguage\":\"pt-BR\",\"@id\":\"https:\/\/www.institutodeengenharia.org.br\/site\/#\/schema\/logo\/image\/\",\"url\":\"https:\/\/www.institutodeengenharia.org.br\/site\/wp-content\/uploads\/2019\/03\/logo-novo-IE2018-1.jpg\",\"contentUrl\":\"https:\/\/www.institutodeengenharia.org.br\/site\/wp-content\/uploads\/2019\/03\/logo-novo-IE2018-1.jpg\",\"width\":1486,\"height\":1879,\"caption\":\"Instituto de Engenharia\"},\"image\":{\"@id\":\"https:\/\/www.institutodeengenharia.org.br\/site\/#\/schema\/logo\/image\/\"},\"sameAs\":[\"https:\/\/www.facebook.com\/institutodeengenharia\",\"https:\/\/x.com\/iengenharia\",\"https:\/\/www.instagram.com\/institutodeengenharia\/\",\"https:\/\/www.linkedin.com\/company\/instituto-de-engenharia\/\",\"https:\/\/www.youtube.com\/channel\/UCXiCAlsSMe977vamW915HxA\"]}]}<\/script>\n<!-- \/ Yoast SEO plugin. -->","yoast_head_json":{"title":"Ve\u00edculos Automotores: Avalia\u00e7\u00f5es e Per\u00edcias - Instituto de Engenharia","robots":{"index":"index","follow":"follow","max-snippet":"max-snippet:-1","max-image-preview":"max-image-preview:large","max-video-preview":"max-video-preview:-1"},"canonical":"https:\/\/www.institutodeengenharia.org.br\/site\/events\/veiculos-automotores-avaliacoes-e-pericias\/","og_locale":"pt_BR","og_type":"article","og_title":"Ve\u00edculos Automotores: Avalia\u00e7\u00f5es e Per\u00edcias - Instituto de Engenharia","og_description":"&nbsp; &nbsp; Quer fazer parte do Instituto de Engenharia? Confira nossas vantagens: &nbsp; Abordagem: Ser\u00e3o apresentadas no\u00e7\u00f5es de como identificar componentes, problemas e utiliza\u00e7\u00e3o de equipamentos em Avalia\u00e7\u00f5es e Per\u00edcias envolvendo ve\u00edculos automotores. &nbsp; P\u00fablico-alvo: Engenheiros e t\u00e9cnicos que atuem em Per\u00edcias, assim como pessoas que queiram ampliar seus conhecimentos sobre ve\u00edculos. &nbsp; Palestrante: H\u00e9lio [&hellip;]","og_url":"https:\/\/www.institutodeengenharia.org.br\/site\/events\/veiculos-automotores-avaliacoes-e-pericias\/","og_site_name":"Instituto de Engenharia","article_publisher":"https:\/\/www.facebook.com\/institutodeengenharia","article_modified_time":"2020-08-10T13:25:52+00:00","og_image":[{"width":1034,"height":604,"url":"https:\/\/www.institutodeengenharia.org.br\/site\/wp-content\/uploads\/2020\/06\/3_reev.jpg","type":"image\/jpeg"}],"twitter_card":"summary_large_image","twitter_site":"@iengenharia","twitter_misc":{"Est. tempo de leitura":"3 minutos"},"schema":{"@context":"https:\/\/schema.org","@graph":[{"@type":"WebPage","@id":"https:\/\/www.institutodeengenharia.org.br\/site\/events\/veiculos-automotores-avaliacoes-e-pericias\/","url":"https:\/\/www.institutodeengenharia.org.br\/site\/events\/veiculos-automotores-avaliacoes-e-pericias\/","name":"Ve\u00edculos Automotores: Avalia\u00e7\u00f5es e Per\u00edcias - Instituto de Engenharia","isPartOf":{"@id":"https:\/\/www.institutodeengenharia.org.br\/site\/#website"},"primaryImageOfPage":{"@id":"https:\/\/www.institutodeengenharia.org.br\/site\/events\/veiculos-automotores-avaliacoes-e-pericias\/#primaryimage"},"image":{"@id":"https:\/\/www.institutodeengenharia.org.br\/site\/events\/veiculos-automotores-avaliacoes-e-pericias\/#primaryimage"},"thumbnailUrl":"https:\/\/www.institutodeengenharia.org.br\/site\/wp-content\/uploads\/2020\/06\/3_reev.jpg","datePublished":"2020-06-02T19:40:20+00:00","dateModified":"2020-08-10T13:25:52+00:00","breadcrumb":{"@id":"https:\/\/www.institutodeengenharia.org.br\/site\/events\/veiculos-automotores-avaliacoes-e-pericias\/#breadcrumb"},"inLanguage":"pt-BR","potentialAction":[{"@type":"ReadAction","target":["https:\/\/www.institutodeengenharia.org.br\/site\/events\/veiculos-automotores-avaliacoes-e-pericias\/"]}]},{"@type":"ImageObject","inLanguage":"pt-BR","@id":"https:\/\/www.institutodeengenharia.org.br\/site\/events\/veiculos-automotores-avaliacoes-e-pericias\/#primaryimage","url":"https:\/\/www.institutodeengenharia.org.br\/site\/wp-content\/uploads\/2020\/06\/3_reev.jpg","contentUrl":"https:\/\/www.institutodeengenharia.org.br\/site\/wp-content\/uploads\/2020\/06\/3_reev.jpg","width":1034,"height":604},{"@type":"BreadcrumbList","@id":"https:\/\/www.institutodeengenharia.org.br\/site\/events\/veiculos-automotores-avaliacoes-e-pericias\/#breadcrumb","itemListElement":[{"@type":"ListItem","position":1,"name":"In\u00edcio","item":"https:\/\/www.institutodeengenharia.org.br\/site\/"},{"@type":"ListItem","position":2,"name":"Eventos","item":"https:\/\/www.institutodeengenharia.org.br\/site\/events\/"},{"@type":"ListItem","position":3,"name":"Ve\u00edculos Automotores: Avalia\u00e7\u00f5es e Per\u00edcias"}]},{"@type":"WebSite","@id":"https:\/\/www.institutodeengenharia.org.br\/site\/#website","url":"https:\/\/www.institutodeengenharia.org.br\/site\/","name":"Instituto de Engenharia","description":"O Instituto de Engenharia promove a Engenharia em benef\u00edcio do desenvolvimento e da qualidade de vida da sociedade.","publisher":{"@id":"https:\/\/www.institutodeengenharia.org.br\/site\/#organization"},"potentialAction":[{"@type":"SearchAction","target":{"@type":"EntryPoint","urlTemplate":"https:\/\/www.institutodeengenharia.org.br\/site\/?s={search_term_string}"},"query-input":{"@type":"PropertyValueSpecification","valueRequired":true,"valueName":"search_term_string"}}],"inLanguage":"pt-BR"},{"@type":"Organization","@id":"https:\/\/www.institutodeengenharia.org.br\/site\/#organization","name":"Instituto de Engenharia","url":"https:\/\/www.institutodeengenharia.org.br\/site\/","logo":{"@type":"ImageObject","inLanguage":"pt-BR","@id":"https:\/\/www.institutodeengenharia.org.br\/site\/#\/schema\/logo\/image\/","url":"https:\/\/www.institutodeengenharia.org.br\/site\/wp-content\/uploads\/2019\/03\/logo-novo-IE2018-1.jpg","contentUrl":"https:\/\/www.institutodeengenharia.org.br\/site\/wp-content\/uploads\/2019\/03\/logo-novo-IE2018-1.jpg","width":1486,"height":1879,"caption":"Instituto de Engenharia"},"image":{"@id":"https:\/\/www.institutodeengenharia.org.br\/site\/#\/schema\/logo\/image\/"},"sameAs":["https:\/\/www.facebook.com\/institutodeengenharia","https:\/\/x.com\/iengenharia","https:\/\/www.instagram.com\/institutodeengenharia\/","https:\/\/www.linkedin.com\/company\/instituto-de-engenharia\/","https:\/\/www.youtube.com\/channel\/UCXiCAlsSMe977vamW915HxA"]}]}},"_links":{"self":[{"href":"https:\/\/www.institutodeengenharia.org.br\/site\/wp-json\/wp\/v2\/ajde_events\/66347","targetHints":{"allow":["GET"]}}],"collection":[{"href":"https:\/\/www.institutodeengenharia.org.br\/site\/wp-json\/wp\/v2\/ajde_events"}],"about":[{"href":"https:\/\/www.institutodeengenharia.org.br\/site\/wp-json\/wp\/v2\/types\/ajde_events"}],"author":[{"embeddable":true,"href":"https:\/\/www.institutodeengenharia.org.br\/site\/wp-json\/wp\/v2\/users\/13"}],"replies":[{"embeddable":true,"href":"https:\/\/www.institutodeengenharia.org.br\/site\/wp-json\/wp\/v2\/comments?post=66347"}],"wp:featuredmedia":[{"embeddable":true,"href":"https:\/\/www.institutodeengenharia.org.br\/site\/wp-json\/wp\/v2\/media\/67206"}],"wp:attachment":[{"href":"https:\/\/www.institutodeengenharia.org.br\/site\/wp-json\/wp\/v2\/media?parent=66347"}],"wp:term":[{"taxonomy":"post_tag","embeddable":true,"href":"https:\/\/www.institutodeengenharia.org.br\/site\/wp-json\/wp\/v2\/tags?post=66347"},{"taxonomy":"event_type","embeddable":true,"href":"https:\/\/www.institutodeengenharia.org.br\/site\/wp-json\/wp\/v2\/event_type?post=66347"},{"taxonomy":"event_type_2","embeddable":true,"href":"https:\/\/www.institutodeengenharia.org.br\/site\/wp-json\/wp\/v2\/event_type_2?post=66347"}],"curies":[{"name":"wp","href":"https:\/\/api.w.org\/{rel}","templated":true}]}}