{"id":64153,"date":"2020-05-12T12:44:03","date_gmt":"2020-05-12T15:44:03","guid":{"rendered":"https:\/\/www.institutodeengenharia.org.br\/site\/?post_type=ajde_events&#038;p=64153"},"modified":"2020-07-08T17:05:11","modified_gmt":"2020-07-08T20:05:11","slug":"uma-visao-do-setor-do-agronegocio-em-momentos-de-covid-19-oportunidades-e-perspectivas","status":"publish","type":"ajde_events","link":"https:\/\/www.institutodeengenharia.org.br\/site\/events\/uma-visao-do-setor-do-agronegocio-em-momentos-de-covid-19-oportunidades-e-perspectivas\/","title":{"rendered":"Uma vis\u00e3o do setor do Agroneg\u00f3cio em Momentos de Covid-19: Oportunidades e Perspectivas"},"content":{"rendered":"<p>&nbsp;<\/p>\n<p><strong>Assista abaixo \u00e0 grava\u00e7\u00e3o do evento:<\/strong><\/p>\n<p>&nbsp;<\/p>\n<p><iframe loading=\"lazy\" src=\"https:\/\/player.vimeo.com\/video\/421686486\" width=\"640\" height=\"360\" frameborder=\"0\" allowfullscreen=\"allowfullscreen\"><\/iframe><\/p>\n<p>&nbsp;<\/p>\n<p><strong>Clique nas imagens e confira os projetos do IE ligados ao agroneg\u00f3cio<\/strong><\/p>\n<p><a href=\"https:\/\/www.institutodeengenharia.org.br\/site\/brasilalimentosparaomundo\/\"><img loading=\"lazy\" decoding=\"async\" class=\"alignnone wp-image-65757\" src=\"https:\/\/www.institutodeengenharia.org.br\/site\/wp-content\/uploads\/2020\/05\/Alimentos-213x300.jpg\" alt=\"\" width=\"177\" height=\"248\" srcset=\"https:\/\/www.institutodeengenharia.org.br\/site\/wp-content\/uploads\/2020\/05\/Alimentos-213x300.jpg 213w, https:\/\/www.institutodeengenharia.org.br\/site\/wp-content\/uploads\/2020\/05\/Alimentos-299x420.jpg 299w, https:\/\/www.institutodeengenharia.org.br\/site\/wp-content\/uploads\/2020\/05\/Alimentos-600x844.jpg 600w, https:\/\/www.institutodeengenharia.org.br\/site\/wp-content\/uploads\/2020\/05\/Alimentos.jpg 605w\" sizes=\"auto, (max-width: 177px) 100vw, 177px\" \/><\/a>\u00a0 \u00a0\u00a0<a href=\"https:\/\/www.institutodeengenharia.org.br\/site\/ocupacao-sustentavel-do-territorio-nacional-pela-ferrovia-associada-ao-agronegocio\/\"><img loading=\"lazy\" decoding=\"async\" class=\"alignnone wp-image-65760\" src=\"https:\/\/www.institutodeengenharia.org.br\/site\/wp-content\/uploads\/2020\/05\/Ocupa\u00e7\u00e3o_REV-209x300.jpg\" alt=\"\" width=\"174\" height=\"250\" srcset=\"https:\/\/www.institutodeengenharia.org.br\/site\/wp-content\/uploads\/2020\/05\/Ocupa\u00e7\u00e3o_REV-209x300.jpg 209w, https:\/\/www.institutodeengenharia.org.br\/site\/wp-content\/uploads\/2020\/05\/Ocupa\u00e7\u00e3o_REV-292x420.jpg 292w, https:\/\/www.institutodeengenharia.org.br\/site\/wp-content\/uploads\/2020\/05\/Ocupa\u00e7\u00e3o_REV.jpg 580w\" sizes=\"auto, (max-width: 174px) 100vw, 174px\" \/><\/a><\/p>\n<p>&nbsp;<\/p>\n<p><img loading=\"lazy\" decoding=\"async\" class=\"alignnone wp-image-65761\" src=\"https:\/\/www.institutodeengenharia.org.br\/site\/wp-content\/uploads\/2020\/05\/leia-maiis.jpg\" alt=\"\" width=\"171\" height=\"96\" \/><a href=\"https:\/\/www.institutodeengenharia.org.br\/site\/2020\/05\/18\/manifesto-em-apoio-a-ministra-tereza-cristina\/\"><strong>Manifesto em apoio \u00e0 Ministra Tereza Cristina\u00a0<\/strong><\/a><\/p>\n<p>&nbsp;<\/p>\n<p><strong>Quer fazer parte do Instituto de Engenharia? Confira nossas vantagens:<\/strong><\/p>\n<p><a href=\"https:\/\/www.institutodeengenharia.org.br\/home\/#pricing\" target=\"_blank\" rel=\"noopener\"><img loading=\"lazy\" decoding=\"async\" class=\"alignnone wp-image-64426\" src=\"https:\/\/www.institutodeengenharia.org.br\/site\/wp-content\/uploads\/2019\/11\/associe-se.jpg\" alt=\"\" width=\"131\" height=\"51\" srcset=\"https:\/\/www.institutodeengenharia.org.br\/site\/wp-content\/uploads\/2019\/11\/associe-se.jpg 409w, https:\/\/www.institutodeengenharia.org.br\/site\/wp-content\/uploads\/2019\/11\/associe-se-300x117.jpg 300w\" sizes=\"auto, (max-width: 131px) 100vw, 131px\" \/><\/a><\/p>\n<p>&nbsp;<\/p>\n<p><strong>Para imprensa:<\/strong><\/p>\n<p><a href=\"https:\/\/www.institutodeengenharia.org.br\/site\/wp-content\/uploads\/2020\/05\/Release_Live-da-Ministra-Agricultura-22.05.docx\"><img loading=\"lazy\" decoding=\"async\" class=\"alignnone wp-image-65765\" src=\"https:\/\/www.institutodeengenharia.org.br\/site\/wp-content\/uploads\/2020\/05\/press-release-300x108.png\" alt=\"\" width=\"134\" height=\"48\" srcset=\"https:\/\/www.institutodeengenharia.org.br\/site\/wp-content\/uploads\/2020\/05\/press-release-300x108.png 300w, https:\/\/www.institutodeengenharia.org.br\/site\/wp-content\/uploads\/2020\/05\/press-release-696x250.png 696w, https:\/\/www.institutodeengenharia.org.br\/site\/wp-content\/uploads\/2020\/05\/press-release-600x216.png 600w, https:\/\/www.institutodeengenharia.org.br\/site\/wp-content\/uploads\/2020\/05\/press-release.png 717w\" sizes=\"auto, (max-width: 134px) 100vw, 134px\" \/><\/a><\/p>\n<p>&nbsp;<\/p>\n<p>A palestra<strong>\u00a0Uma vis\u00e3o do setor do Agroneg\u00f3cio em Momentos de Covid-19: Oportunidades e Perspectivas <\/strong>faz parte da <em>S\u00e9rie Divis\u00f5es T\u00e9cnicas &#8211; Live<\/em>, uma realiza\u00e7\u00e3o do Instituto de Engenharia por meio:<\/p>\n<ul>\n<li><strong>Departamento de Engenharia de Agroneg\u00f3cios<\/strong><\/li>\n<\/ul>\n<p>Eng. Henrique Jos\u00e9 Boneti<\/p>\n<ul>\n<li><strong>Vice-presid\u00eancia de Atividades T\u00e9cnicas<\/strong><\/li>\n<\/ul>\n<p>Eng. Jer\u00f4nimo Cabral Pereira Fagundes Neto<\/p>\n<p>&nbsp;<\/p>\n<p><strong>Entrevistada:<\/strong><\/p>\n<p><img loading=\"lazy\" decoding=\"async\" class=\" wp-image-64155 alignleft\" src=\"https:\/\/www.institutodeengenharia.org.br\/site\/wp-content\/uploads\/2020\/05\/tereza-cristina-1.jpg\" alt=\"\" width=\"139\" height=\"135\" \/><\/p>\n<p><strong>Tereza Cristina<\/strong><\/p>\n<p>Engenheira Agr\u00f4noma e empres\u00e1ria, \u00e9 deputada Federal (DEM\/MS). Foi secret\u00e1ria da Agricultura, Ind\u00fastria, Com\u00e9rcio, Turismo e Desenvolvimento do Mato Grosso do Sul (2011\/18), e presidente da Frente Parlamentar da Agropecu\u00e1ria do Congresso Nacional &#8211; FPA. Atualmente \u00e9 ministra da Agricultura, Pecu\u00e1ria e Abastecimento do Brasil.<\/p>\n<p><strong>Entrevistadores:<\/strong><\/p>\n<p><img loading=\"lazy\" decoding=\"async\" class=\"wp-image-64156 alignleft\" src=\"https:\/\/www.institutodeengenharia.org.br\/site\/wp-content\/uploads\/2020\/05\/xico.jpg\" alt=\"\" width=\"141\" height=\"144\" \/><\/p>\n<p><strong>Xico Graziano<\/strong><\/p>\n<p>Engenheiro Agr\u00f4nomo (ESALQ\/USP, 1974), mestre em Economia Agr\u00e1ria (USP, 1977), doutor em Administra\u00e7\u00e3o (FGV\/SP, 1989). Presidente da ONG AgroBrasil \u2013 Valoriza\u00e7\u00e3o dos Agroneg\u00f3cios, \u00e9 professor de p\u00f3s-gradua\u00e7\u00e3o da FGV\/SP, consultor em organiza\u00e7\u00e3o e marketing rural, comentarista de r\u00e1dio e TV, articulista dos jornais <em>O Estado de S.Paulo<\/em>, <em>O Globo<\/em> (RJ), <em>Portal 360\u00ba<\/em> e <em>Portal AgroSaber.<\/em> Foi deputado Federal (PSDB\/SP, 1998-2002), secret\u00e1rio de Agricultura de S\u00e3o Paulo (1996-98), presidente do Incra (1995) e chefe do Gabinete Pessoal do presidente Fernando Henrique Cardoso (1995). Presidiu a Federa\u00e7\u00e3o dos Estudantes de Agronomia do Brasil (1972-73) e a Cooperativa de Cr\u00e9dito M\u00fatuo de Jaboticabal\/Unesp (1988-90).<\/p>\n<p><img loading=\"lazy\" decoding=\"async\" class=\"wp-image-64157 alignleft\" src=\"https:\/\/www.institutodeengenharia.org.br\/site\/wp-content\/uploads\/2020\/05\/camila.jpg\" alt=\"\" width=\"126\" height=\"142\" srcset=\"https:\/\/www.institutodeengenharia.org.br\/site\/wp-content\/uploads\/2020\/05\/camila.jpg 419w, https:\/\/www.institutodeengenharia.org.br\/site\/wp-content\/uploads\/2020\/05\/camila-266x300.jpg 266w, https:\/\/www.institutodeengenharia.org.br\/site\/wp-content\/uploads\/2020\/05\/camila-373x420.jpg 373w\" sizes=\"auto, (max-width: 126px) 100vw, 126px\" \/><\/p>\n<p><strong>Camila Telles<\/strong><\/p>\n<p>Conhecida influenciadora digital do agro do Brasil \u00e9 graduada em Comunica\u00e7\u00e3o Social. Desde 2015 ministra palestras sobre comunica\u00e7\u00e3o na agropecu\u00e1ria brasileira. A desvaloriza\u00e7\u00e3o da agricultura sempre a incomodou, o que a transformou em uma dedicada ativista pelas redes sociais. A partir de 2019 seus v\u00eddeos viralizaram. Ela ficou nacionalmente conhecida quando desmentiu e combateu fake news divulgadas por famosos.<\/p>\n<p><strong>Participa\u00e7\u00e3o:<\/strong><\/p>\n<p><img loading=\"lazy\" decoding=\"async\" class=\"wp-image-37546 alignleft\" src=\"https:\/\/www.institutodeengenharia.org.br\/site\/wp-content\/uploads\/2018\/08\/Eduardo-Lafraia-Presidente-do-Instituto-de-Engenharia-1-683x1024.jpg\" alt=\"\" width=\"121\" height=\"161\" srcset=\"https:\/\/www.institutodeengenharia.org.br\/site\/wp-content\/uploads\/2018\/08\/Eduardo-Lafraia-Presidente-do-Instituto-de-Engenharia-1-683x1024.jpg 516w, https:\/\/www.institutodeengenharia.org.br\/site\/wp-content\/uploads\/2018\/08\/Eduardo-Lafraia-Presidente-do-Instituto-de-Engenharia-1-683x1024-226x300.jpg 226w, https:\/\/www.institutodeengenharia.org.br\/site\/wp-content\/uploads\/2018\/08\/Eduardo-Lafraia-Presidente-do-Instituto-de-Engenharia-1-683x1024-316x420.jpg 316w\" sizes=\"auto, (max-width: 121px) 100vw, 121px\" \/><\/p>\n<p><strong>Eduardo Ferreira Lafraia<\/strong><\/p>\n<p>Presidente do\u00a0Instituto de Engenharia, tendo\u00a0presidido a Casa\u00a0tamb\u00e9m nas gest\u00f5es de 2003-2004\u00a0\/2005-2006. Atualmente, \u00e9 diretor da empresa Sebel Engenharia e<br \/>\nConstru\u00e7\u00f5es Ltda., que atua no setor\u00a0de constru\u00e7\u00e3o habitacional.\u00a0Engenheiro Civil (Mackenzie),\u00a0p\u00f3s-graduado em Administra\u00e7\u00e3o de\u00a0Empresas (FGV) e MBA em Administra\u00e7\u00e3o de Empreendimentos da\u00a0Constru\u00e7\u00e3o Civil (Poli-USP).\u00a0Foi presidente do Conselho Deliberativo da Apeop, membro do\u00a0Conselho de Orienta\u00e7\u00e3o do IPT, do\u00a0Conselho Superior de Infraestrutura\u00a0da Fiesp, da Cadeia Produtiva da Ind\u00fastria da Constru\u00e7\u00e3o Civil, Fiesp,<br \/>\nconselheiro e diretor da Alian\u00e7a\u00a0Cultural Brasil-Jap\u00e3o, foi diretor do\u00a0Sciesp \u2013 Sindicato dos Corretores\u00a0de Im\u00f3veis do Estado de S\u00e3o Paulo, diretor de obras da Cohab-SP e presidente do DCE \u2013 Diret\u00f3rio Central dos Estudantes, na Universidade\u00a0Mackenzie. \u00c9 membro dos Conselhos Consultivo e Deliberativo do\u00a0Instituto de Engenharia, e diretor-pleno da Associa\u00e7\u00e3o Comercial de\u00a0S\u00e3o Paulo.<\/p>\n","protected":false},"author":13,"featured_media":64158,"menu_order":0,"comment_status":"open","ping_status":"closed","template":"","meta":[],"tags":[],"event_type":[147,149,1082],"event_type_2":[],"class_list":{"0":"post-64153","1":"ajde_events","2":"type-ajde_events","3":"status-publish","4":"has-post-thumbnail","6":"event_location-evento-on-line","7":"event_type-geral","8":"event_type-seminarios","9":"event_type-serie-webinar"},"yoast_head":"<!-- This site is optimized with the Yoast SEO plugin v27.2 - https:\/\/yoast.com\/product\/yoast-seo-wordpress\/ -->\n<title>Uma vis\u00e3o do setor do Agroneg\u00f3cio em Momentos de Covid-19: Oportunidades e Perspectivas - Instituto de Engenharia<\/title>\n<meta name=\"robots\" content=\"index, follow, max-snippet:-1, max-image-preview:large, max-video-preview:-1\" \/>\n<link rel=\"canonical\" href=\"https:\/\/www.institutodeengenharia.org.br\/site\/events\/uma-visao-do-setor-do-agronegocio-em-momentos-de-covid-19-oportunidades-e-perspectivas\/\" \/>\n<meta property=\"og:locale\" content=\"pt_BR\" \/>\n<meta property=\"og:type\" content=\"article\" \/>\n<meta property=\"og:title\" content=\"Uma vis\u00e3o do setor do Agroneg\u00f3cio em Momentos de Covid-19: Oportunidades e Perspectivas - Instituto de Engenharia\" \/>\n<meta property=\"og:description\" content=\"&nbsp; Assista abaixo \u00e0 grava\u00e7\u00e3o do evento: &nbsp; &nbsp; Clique nas imagens e confira os projetos do IE ligados ao agroneg\u00f3cio \u00a0 \u00a0\u00a0 &nbsp; Manifesto em apoio \u00e0 Ministra Tereza Cristina\u00a0 &nbsp; Quer fazer parte do Instituto de Engenharia? Confira nossas vantagens: &nbsp; Para imprensa: &nbsp; A palestra\u00a0Uma vis\u00e3o do setor do Agroneg\u00f3cio em Momentos [&hellip;]\" \/>\n<meta property=\"og:url\" content=\"https:\/\/www.institutodeengenharia.org.br\/site\/events\/uma-visao-do-setor-do-agronegocio-em-momentos-de-covid-19-oportunidades-e-perspectivas\/\" \/>\n<meta property=\"og:site_name\" content=\"Instituto de Engenharia\" \/>\n<meta property=\"article:publisher\" content=\"https:\/\/www.facebook.com\/institutodeengenharia\" \/>\n<meta property=\"article:modified_time\" content=\"2020-07-08T20:05:11+00:00\" \/>\n<meta property=\"og:image\" content=\"https:\/\/www.institutodeengenharia.org.br\/site\/wp-content\/uploads\/2020\/05\/agros.jpg\" \/>\n\t<meta property=\"og:image:width\" content=\"809\" \/>\n\t<meta property=\"og:image:height\" content=\"482\" \/>\n\t<meta property=\"og:image:type\" content=\"image\/jpeg\" \/>\n<meta name=\"twitter:card\" content=\"summary_large_image\" \/>\n<meta name=\"twitter:site\" content=\"@iengenharia\" \/>\n<meta name=\"twitter:label1\" content=\"Est. tempo de leitura\" \/>\n\t<meta name=\"twitter:data1\" content=\"2 minutos\" \/>\n<script type=\"application\/ld+json\" class=\"yoast-schema-graph\">{\"@context\":\"https:\/\/schema.org\",\"@graph\":[{\"@type\":\"WebPage\",\"@id\":\"https:\/\/www.institutodeengenharia.org.br\/site\/events\/uma-visao-do-setor-do-agronegocio-em-momentos-de-covid-19-oportunidades-e-perspectivas\/\",\"url\":\"https:\/\/www.institutodeengenharia.org.br\/site\/events\/uma-visao-do-setor-do-agronegocio-em-momentos-de-covid-19-oportunidades-e-perspectivas\/\",\"name\":\"Uma vis\u00e3o do setor do Agroneg\u00f3cio em Momentos de Covid-19: Oportunidades e Perspectivas - Instituto de Engenharia\",\"isPartOf\":{\"@id\":\"https:\/\/www.institutodeengenharia.org.br\/site\/#website\"},\"primaryImageOfPage\":{\"@id\":\"https:\/\/www.institutodeengenharia.org.br\/site\/events\/uma-visao-do-setor-do-agronegocio-em-momentos-de-covid-19-oportunidades-e-perspectivas\/#primaryimage\"},\"image\":{\"@id\":\"https:\/\/www.institutodeengenharia.org.br\/site\/events\/uma-visao-do-setor-do-agronegocio-em-momentos-de-covid-19-oportunidades-e-perspectivas\/#primaryimage\"},\"thumbnailUrl\":\"https:\/\/www.institutodeengenharia.org.br\/site\/wp-content\/uploads\/2020\/05\/agros.jpg\",\"datePublished\":\"2020-05-12T15:44:03+00:00\",\"dateModified\":\"2020-07-08T20:05:11+00:00\",\"breadcrumb\":{\"@id\":\"https:\/\/www.institutodeengenharia.org.br\/site\/events\/uma-visao-do-setor-do-agronegocio-em-momentos-de-covid-19-oportunidades-e-perspectivas\/#breadcrumb\"},\"inLanguage\":\"pt-BR\",\"potentialAction\":[{\"@type\":\"ReadAction\",\"target\":[\"https:\/\/www.institutodeengenharia.org.br\/site\/events\/uma-visao-do-setor-do-agronegocio-em-momentos-de-covid-19-oportunidades-e-perspectivas\/\"]}]},{\"@type\":\"ImageObject\",\"inLanguage\":\"pt-BR\",\"@id\":\"https:\/\/www.institutodeengenharia.org.br\/site\/events\/uma-visao-do-setor-do-agronegocio-em-momentos-de-covid-19-oportunidades-e-perspectivas\/#primaryimage\",\"url\":\"https:\/\/www.institutodeengenharia.org.br\/site\/wp-content\/uploads\/2020\/05\/agros.jpg\",\"contentUrl\":\"https:\/\/www.institutodeengenharia.org.br\/site\/wp-content\/uploads\/2020\/05\/agros.jpg\",\"width\":809,\"height\":482,\"caption\":\"Evento \\\"Uma vis\u00e3o do setor do Agroneg\u00f3cio em momentos de Covid-19\\\", com participa\u00e7\u00e3o da ministra Tereza Cristina foi a palestra que contou com maior n\u00famero de visualiza\u00e7\u00f5es.\"},{\"@type\":\"BreadcrumbList\",\"@id\":\"https:\/\/www.institutodeengenharia.org.br\/site\/events\/uma-visao-do-setor-do-agronegocio-em-momentos-de-covid-19-oportunidades-e-perspectivas\/#breadcrumb\",\"itemListElement\":[{\"@type\":\"ListItem\",\"position\":1,\"name\":\"In\u00edcio\",\"item\":\"https:\/\/www.institutodeengenharia.org.br\/site\/\"},{\"@type\":\"ListItem\",\"position\":2,\"name\":\"Eventos\",\"item\":\"https:\/\/www.institutodeengenharia.org.br\/site\/events\/\"},{\"@type\":\"ListItem\",\"position\":3,\"name\":\"Uma vis\u00e3o do setor do Agroneg\u00f3cio em Momentos de Covid-19: Oportunidades e Perspectivas\"}]},{\"@type\":\"WebSite\",\"@id\":\"https:\/\/www.institutodeengenharia.org.br\/site\/#website\",\"url\":\"https:\/\/www.institutodeengenharia.org.br\/site\/\",\"name\":\"Instituto de Engenharia\",\"description\":\"O Instituto de Engenharia promove a Engenharia em benef\u00edcio do desenvolvimento e da qualidade de vida da sociedade.\",\"publisher\":{\"@id\":\"https:\/\/www.institutodeengenharia.org.br\/site\/#organization\"},\"potentialAction\":[{\"@type\":\"SearchAction\",\"target\":{\"@type\":\"EntryPoint\",\"urlTemplate\":\"https:\/\/www.institutodeengenharia.org.br\/site\/?s={search_term_string}\"},\"query-input\":{\"@type\":\"PropertyValueSpecification\",\"valueRequired\":true,\"valueName\":\"search_term_string\"}}],\"inLanguage\":\"pt-BR\"},{\"@type\":\"Organization\",\"@id\":\"https:\/\/www.institutodeengenharia.org.br\/site\/#organization\",\"name\":\"Instituto de Engenharia\",\"url\":\"https:\/\/www.institutodeengenharia.org.br\/site\/\",\"logo\":{\"@type\":\"ImageObject\",\"inLanguage\":\"pt-BR\",\"@id\":\"https:\/\/www.institutodeengenharia.org.br\/site\/#\/schema\/logo\/image\/\",\"url\":\"https:\/\/www.institutodeengenharia.org.br\/site\/wp-content\/uploads\/2019\/03\/logo-novo-IE2018-1.jpg\",\"contentUrl\":\"https:\/\/www.institutodeengenharia.org.br\/site\/wp-content\/uploads\/2019\/03\/logo-novo-IE2018-1.jpg\",\"width\":1486,\"height\":1879,\"caption\":\"Instituto de Engenharia\"},\"image\":{\"@id\":\"https:\/\/www.institutodeengenharia.org.br\/site\/#\/schema\/logo\/image\/\"},\"sameAs\":[\"https:\/\/www.facebook.com\/institutodeengenharia\",\"https:\/\/x.com\/iengenharia\",\"https:\/\/www.instagram.com\/institutodeengenharia\/\",\"https:\/\/www.linkedin.com\/company\/instituto-de-engenharia\/\",\"https:\/\/www.youtube.com\/channel\/UCXiCAlsSMe977vamW915HxA\"]}]}<\/script>\n<!-- \/ Yoast SEO plugin. -->","yoast_head_json":{"title":"Uma vis\u00e3o do setor do Agroneg\u00f3cio em Momentos de Covid-19: Oportunidades e Perspectivas - Instituto de Engenharia","robots":{"index":"index","follow":"follow","max-snippet":"max-snippet:-1","max-image-preview":"max-image-preview:large","max-video-preview":"max-video-preview:-1"},"canonical":"https:\/\/www.institutodeengenharia.org.br\/site\/events\/uma-visao-do-setor-do-agronegocio-em-momentos-de-covid-19-oportunidades-e-perspectivas\/","og_locale":"pt_BR","og_type":"article","og_title":"Uma vis\u00e3o do setor do Agroneg\u00f3cio em Momentos de Covid-19: Oportunidades e Perspectivas - Instituto de Engenharia","og_description":"&nbsp; Assista abaixo \u00e0 grava\u00e7\u00e3o do evento: &nbsp; &nbsp; Clique nas imagens e confira os projetos do IE ligados ao agroneg\u00f3cio \u00a0 \u00a0\u00a0 &nbsp; Manifesto em apoio \u00e0 Ministra Tereza Cristina\u00a0 &nbsp; Quer fazer parte do Instituto de Engenharia? Confira nossas vantagens: &nbsp; Para imprensa: &nbsp; A palestra\u00a0Uma vis\u00e3o do setor do Agroneg\u00f3cio em Momentos [&hellip;]","og_url":"https:\/\/www.institutodeengenharia.org.br\/site\/events\/uma-visao-do-setor-do-agronegocio-em-momentos-de-covid-19-oportunidades-e-perspectivas\/","og_site_name":"Instituto de Engenharia","article_publisher":"https:\/\/www.facebook.com\/institutodeengenharia","article_modified_time":"2020-07-08T20:05:11+00:00","og_image":[{"width":809,"height":482,"url":"https:\/\/www.institutodeengenharia.org.br\/site\/wp-content\/uploads\/2020\/05\/agros.jpg","type":"image\/jpeg"}],"twitter_card":"summary_large_image","twitter_site":"@iengenharia","twitter_misc":{"Est. tempo de leitura":"2 minutos"},"schema":{"@context":"https:\/\/schema.org","@graph":[{"@type":"WebPage","@id":"https:\/\/www.institutodeengenharia.org.br\/site\/events\/uma-visao-do-setor-do-agronegocio-em-momentos-de-covid-19-oportunidades-e-perspectivas\/","url":"https:\/\/www.institutodeengenharia.org.br\/site\/events\/uma-visao-do-setor-do-agronegocio-em-momentos-de-covid-19-oportunidades-e-perspectivas\/","name":"Uma vis\u00e3o do setor do Agroneg\u00f3cio em Momentos de Covid-19: Oportunidades e Perspectivas - Instituto de Engenharia","isPartOf":{"@id":"https:\/\/www.institutodeengenharia.org.br\/site\/#website"},"primaryImageOfPage":{"@id":"https:\/\/www.institutodeengenharia.org.br\/site\/events\/uma-visao-do-setor-do-agronegocio-em-momentos-de-covid-19-oportunidades-e-perspectivas\/#primaryimage"},"image":{"@id":"https:\/\/www.institutodeengenharia.org.br\/site\/events\/uma-visao-do-setor-do-agronegocio-em-momentos-de-covid-19-oportunidades-e-perspectivas\/#primaryimage"},"thumbnailUrl":"https:\/\/www.institutodeengenharia.org.br\/site\/wp-content\/uploads\/2020\/05\/agros.jpg","datePublished":"2020-05-12T15:44:03+00:00","dateModified":"2020-07-08T20:05:11+00:00","breadcrumb":{"@id":"https:\/\/www.institutodeengenharia.org.br\/site\/events\/uma-visao-do-setor-do-agronegocio-em-momentos-de-covid-19-oportunidades-e-perspectivas\/#breadcrumb"},"inLanguage":"pt-BR","potentialAction":[{"@type":"ReadAction","target":["https:\/\/www.institutodeengenharia.org.br\/site\/events\/uma-visao-do-setor-do-agronegocio-em-momentos-de-covid-19-oportunidades-e-perspectivas\/"]}]},{"@type":"ImageObject","inLanguage":"pt-BR","@id":"https:\/\/www.institutodeengenharia.org.br\/site\/events\/uma-visao-do-setor-do-agronegocio-em-momentos-de-covid-19-oportunidades-e-perspectivas\/#primaryimage","url":"https:\/\/www.institutodeengenharia.org.br\/site\/wp-content\/uploads\/2020\/05\/agros.jpg","contentUrl":"https:\/\/www.institutodeengenharia.org.br\/site\/wp-content\/uploads\/2020\/05\/agros.jpg","width":809,"height":482,"caption":"Evento \"Uma vis\u00e3o do setor do Agroneg\u00f3cio em momentos de Covid-19\", com participa\u00e7\u00e3o da ministra Tereza Cristina foi a palestra que contou com maior n\u00famero de visualiza\u00e7\u00f5es."},{"@type":"BreadcrumbList","@id":"https:\/\/www.institutodeengenharia.org.br\/site\/events\/uma-visao-do-setor-do-agronegocio-em-momentos-de-covid-19-oportunidades-e-perspectivas\/#breadcrumb","itemListElement":[{"@type":"ListItem","position":1,"name":"In\u00edcio","item":"https:\/\/www.institutodeengenharia.org.br\/site\/"},{"@type":"ListItem","position":2,"name":"Eventos","item":"https:\/\/www.institutodeengenharia.org.br\/site\/events\/"},{"@type":"ListItem","position":3,"name":"Uma vis\u00e3o do setor do Agroneg\u00f3cio em Momentos de Covid-19: Oportunidades e Perspectivas"}]},{"@type":"WebSite","@id":"https:\/\/www.institutodeengenharia.org.br\/site\/#website","url":"https:\/\/www.institutodeengenharia.org.br\/site\/","name":"Instituto de Engenharia","description":"O Instituto de Engenharia promove a Engenharia em benef\u00edcio do desenvolvimento e da qualidade de vida da sociedade.","publisher":{"@id":"https:\/\/www.institutodeengenharia.org.br\/site\/#organization"},"potentialAction":[{"@type":"SearchAction","target":{"@type":"EntryPoint","urlTemplate":"https:\/\/www.institutodeengenharia.org.br\/site\/?s={search_term_string}"},"query-input":{"@type":"PropertyValueSpecification","valueRequired":true,"valueName":"search_term_string"}}],"inLanguage":"pt-BR"},{"@type":"Organization","@id":"https:\/\/www.institutodeengenharia.org.br\/site\/#organization","name":"Instituto de Engenharia","url":"https:\/\/www.institutodeengenharia.org.br\/site\/","logo":{"@type":"ImageObject","inLanguage":"pt-BR","@id":"https:\/\/www.institutodeengenharia.org.br\/site\/#\/schema\/logo\/image\/","url":"https:\/\/www.institutodeengenharia.org.br\/site\/wp-content\/uploads\/2019\/03\/logo-novo-IE2018-1.jpg","contentUrl":"https:\/\/www.institutodeengenharia.org.br\/site\/wp-content\/uploads\/2019\/03\/logo-novo-IE2018-1.jpg","width":1486,"height":1879,"caption":"Instituto de Engenharia"},"image":{"@id":"https:\/\/www.institutodeengenharia.org.br\/site\/#\/schema\/logo\/image\/"},"sameAs":["https:\/\/www.facebook.com\/institutodeengenharia","https:\/\/x.com\/iengenharia","https:\/\/www.instagram.com\/institutodeengenharia\/","https:\/\/www.linkedin.com\/company\/instituto-de-engenharia\/","https:\/\/www.youtube.com\/channel\/UCXiCAlsSMe977vamW915HxA"]}]}},"_links":{"self":[{"href":"https:\/\/www.institutodeengenharia.org.br\/site\/wp-json\/wp\/v2\/ajde_events\/64153","targetHints":{"allow":["GET"]}}],"collection":[{"href":"https:\/\/www.institutodeengenharia.org.br\/site\/wp-json\/wp\/v2\/ajde_events"}],"about":[{"href":"https:\/\/www.institutodeengenharia.org.br\/site\/wp-json\/wp\/v2\/types\/ajde_events"}],"author":[{"embeddable":true,"href":"https:\/\/www.institutodeengenharia.org.br\/site\/wp-json\/wp\/v2\/users\/13"}],"replies":[{"embeddable":true,"href":"https:\/\/www.institutodeengenharia.org.br\/site\/wp-json\/wp\/v2\/comments?post=64153"}],"wp:featuredmedia":[{"embeddable":true,"href":"https:\/\/www.institutodeengenharia.org.br\/site\/wp-json\/wp\/v2\/media\/64158"}],"wp:attachment":[{"href":"https:\/\/www.institutodeengenharia.org.br\/site\/wp-json\/wp\/v2\/media?parent=64153"}],"wp:term":[{"taxonomy":"post_tag","embeddable":true,"href":"https:\/\/www.institutodeengenharia.org.br\/site\/wp-json\/wp\/v2\/tags?post=64153"},{"taxonomy":"event_type","embeddable":true,"href":"https:\/\/www.institutodeengenharia.org.br\/site\/wp-json\/wp\/v2\/event_type?post=64153"},{"taxonomy":"event_type_2","embeddable":true,"href":"https:\/\/www.institutodeengenharia.org.br\/site\/wp-json\/wp\/v2\/event_type_2?post=64153"}],"curies":[{"name":"wp","href":"https:\/\/api.w.org\/{rel}","templated":true}]}}