{"id":61239,"date":"2020-03-17T13:28:13","date_gmt":"2020-03-17T16:28:13","guid":{"rendered":"https:\/\/www.institutodeengenharia.org.br\/site\/?post_type=ajde_events&#038;p=61239"},"modified":"2020-06-16T13:20:22","modified_gmt":"2020-06-16T16:20:22","slug":"tecnologia-5g","status":"publish","type":"ajde_events","link":"https:\/\/www.institutodeengenharia.org.br\/site\/events\/tecnologia-5g\/","title":{"rendered":"Tecnologia 5G"},"content":{"rendered":"<p>&nbsp;<\/p>\n<p><a href=\"https:\/\/www.institutodeengenharia.org.br\/site\/2020\/05\/21\/tecnologia-5g\/\" target=\"_blank\" rel=\"noopener\"><img loading=\"lazy\" decoding=\"async\" class=\"alignnone  wp-image-63985\" src=\"https:\/\/www.institutodeengenharia.org.br\/site\/wp-content\/uploads\/2020\/04\/clique-e-assista-\u00e0-grava\u00e7\u00e3o-do-evento.jpg\" alt=\"\" width=\"200\" height=\"80\" \/><\/a><\/p>\n<p>&nbsp;<\/p>\n<p><strong>Quer fazer parte do Instituto de Engenharia? Confira nossas vantagens:<\/strong><\/p>\n<p><a href=\"https:\/\/www.institutodeengenharia.org.br\/site\/\" target=\"_blank\" rel=\"noopener\"><img loading=\"lazy\" decoding=\"async\" class=\"alignnone  wp-image-64426\" src=\"https:\/\/www.institutodeengenharia.org.br\/site\/wp-content\/uploads\/2019\/11\/associe-se.jpg\" alt=\"\" width=\"201\" height=\"78\" srcset=\"https:\/\/www.institutodeengenharia.org.br\/site\/wp-content\/uploads\/2019\/11\/associe-se.jpg 409w, https:\/\/www.institutodeengenharia.org.br\/site\/wp-content\/uploads\/2019\/11\/associe-se-300x117.jpg 300w\" sizes=\"auto, (max-width: 201px) 100vw, 201px\" \/><\/a><\/p>\n<p>&nbsp;<\/p>\n<p><strong>Abordagem:<\/strong><\/p>\n<p>Conceitos fundamentais da tecnologia 5G e o que podemos esperar dela<\/p>\n<p>&nbsp;<\/p>\n<p><strong>P\u00fablico Alvo:<\/strong><\/p>\n<p>Engenheiros formados, estudantes de engenharia e interessados em geral.<\/p>\n<p>&nbsp;<\/p>\n<p><strong>Palestrante: <\/strong><\/p>\n<p><strong>Gilson Cereda<\/strong><\/p>\n<ul>\n<li>Engenheiro Eletricista formado pela UNESP;<\/li>\n<li>MBA em Computa\u00e7\u00e3o em Nuvem pela FIAP;<\/li>\n<li>25 anos de experi\u00eancia em telecomunica\u00e7\u00f5es;<\/li>\n<li>Experi\u00eancia em planejamento de redes celulares com todos os grandes clientes no Brasil (Vivo, Claro, TIM, Oi);<\/li>\n<li>Engenheiro l\u00edder de implementa\u00e7\u00e3o de solu\u00e7\u00f5es de telecomunica\u00e7\u00f5es virtualizadas;<\/li>\n<li>Praticante de esportes de aventura.<\/li>\n<\/ul>\n<p>&nbsp;<\/p>\n<p><strong>Apoio Institucional: <\/strong><\/p>\n<p><strong>\u00a0<img loading=\"lazy\" decoding=\"async\" class=\"alignnone size-full wp-image-34556\" src=\"https:\/\/www.institutodeengenharia.org.br\/site\/wp-content\/uploads\/2018\/04\/CREA-SP_vertical.jpg\" alt=\"\" width=\"150\" height=\"106\" srcset=\"https:\/\/www.institutodeengenharia.org.br\/site\/wp-content\/uploads\/2018\/04\/CREA-SP_vertical.jpg 150w, https:\/\/www.institutodeengenharia.org.br\/site\/wp-content\/uploads\/2018\/04\/CREA-SP_vertical-100x70.jpg 100w\" sizes=\"auto, (max-width: 150px) 100vw, 150px\" \/><\/strong><\/p>\n<p>&nbsp;<\/p>\n<p><strong>Realiza\u00e7\u00e3o:<\/strong><\/p>\n<p><strong>Eng. Jer\u00f4nimo Cabral Pereira Fagundes Neto <\/strong>\u2013 Vice-presidente de Atividades T\u00e9cnicas<\/p>\n<p><strong>Eng. Al\u00e9ssio Bento Borelli<\/strong> \u2013 Diretor do Departamento de Engenharia de Energia e Telecomunica\u00e7\u00f5es<\/p>\n<p><strong>Eng\u00aa. Fl\u00e1via Bartkevicius Cruz<\/strong> \u2013 Coordenadora da Divis\u00e3o T\u00e9cnica de Telecomunica\u00e7\u00f5es<\/p>\n","protected":false},"author":13,"featured_media":61240,"menu_order":0,"comment_status":"open","ping_status":"closed","template":"","meta":[],"tags":[],"event_type":[147,145],"event_type_2":[],"class_list":{"0":"post-61239","1":"ajde_events","2":"type-ajde_events","3":"status-publish","4":"has-post-thumbnail","6":"event_location-evento-on-line","7":"event_type-geral","8":"event_type-palestras"},"yoast_head":"<!-- This site is optimized with the Yoast SEO plugin v27.2 - https:\/\/yoast.com\/product\/yoast-seo-wordpress\/ -->\n<title>Tecnologia 5G - Instituto de Engenharia<\/title>\n<meta name=\"robots\" content=\"index, follow, max-snippet:-1, max-image-preview:large, max-video-preview:-1\" \/>\n<link rel=\"canonical\" href=\"https:\/\/www.institutodeengenharia.org.br\/site\/events\/tecnologia-5g\/\" \/>\n<meta property=\"og:locale\" content=\"pt_BR\" \/>\n<meta property=\"og:type\" content=\"article\" \/>\n<meta property=\"og:title\" content=\"Tecnologia 5G - Instituto de Engenharia\" \/>\n<meta property=\"og:description\" content=\"&nbsp; &nbsp; Quer fazer parte do Instituto de Engenharia? Confira nossas vantagens: &nbsp; Abordagem: Conceitos fundamentais da tecnologia 5G e o que podemos esperar dela &nbsp; P\u00fablico Alvo: Engenheiros formados, estudantes de engenharia e interessados em geral. &nbsp; Palestrante: Gilson Cereda Engenheiro Eletricista formado pela UNESP; MBA em Computa\u00e7\u00e3o em Nuvem pela FIAP; 25 anos [&hellip;]\" \/>\n<meta property=\"og:url\" content=\"https:\/\/www.institutodeengenharia.org.br\/site\/events\/tecnologia-5g\/\" \/>\n<meta property=\"og:site_name\" content=\"Instituto de Engenharia\" \/>\n<meta property=\"article:publisher\" content=\"https:\/\/www.facebook.com\/institutodeengenharia\" \/>\n<meta property=\"article:modified_time\" content=\"2020-06-16T16:20:22+00:00\" \/>\n<meta property=\"og:image\" content=\"https:\/\/www.institutodeengenharia.org.br\/site\/wp-content\/uploads\/2020\/03\/original-677d93374d44642e967163476ea3a749.jpg\" \/>\n\t<meta property=\"og:image:width\" content=\"700\" \/>\n\t<meta property=\"og:image:height\" content=\"400\" \/>\n\t<meta property=\"og:image:type\" content=\"image\/jpeg\" \/>\n<meta name=\"twitter:card\" content=\"summary_large_image\" \/>\n<meta name=\"twitter:site\" content=\"@iengenharia\" \/>\n<meta name=\"twitter:label1\" content=\"Est. tempo de leitura\" \/>\n\t<meta name=\"twitter:data1\" content=\"1 minuto\" \/>\n<script type=\"application\/ld+json\" class=\"yoast-schema-graph\">{\"@context\":\"https:\/\/schema.org\",\"@graph\":[{\"@type\":\"WebPage\",\"@id\":\"https:\/\/www.institutodeengenharia.org.br\/site\/events\/tecnologia-5g\/\",\"url\":\"https:\/\/www.institutodeengenharia.org.br\/site\/events\/tecnologia-5g\/\",\"name\":\"Tecnologia 5G - Instituto de Engenharia\",\"isPartOf\":{\"@id\":\"https:\/\/www.institutodeengenharia.org.br\/site\/#website\"},\"primaryImageOfPage\":{\"@id\":\"https:\/\/www.institutodeengenharia.org.br\/site\/events\/tecnologia-5g\/#primaryimage\"},\"image\":{\"@id\":\"https:\/\/www.institutodeengenharia.org.br\/site\/events\/tecnologia-5g\/#primaryimage\"},\"thumbnailUrl\":\"https:\/\/www.institutodeengenharia.org.br\/site\/wp-content\/uploads\/2020\/03\/original-677d93374d44642e967163476ea3a749.jpg\",\"datePublished\":\"2020-03-17T16:28:13+00:00\",\"dateModified\":\"2020-06-16T16:20:22+00:00\",\"breadcrumb\":{\"@id\":\"https:\/\/www.institutodeengenharia.org.br\/site\/events\/tecnologia-5g\/#breadcrumb\"},\"inLanguage\":\"pt-BR\",\"potentialAction\":[{\"@type\":\"ReadAction\",\"target\":[\"https:\/\/www.institutodeengenharia.org.br\/site\/events\/tecnologia-5g\/\"]}]},{\"@type\":\"ImageObject\",\"inLanguage\":\"pt-BR\",\"@id\":\"https:\/\/www.institutodeengenharia.org.br\/site\/events\/tecnologia-5g\/#primaryimage\",\"url\":\"https:\/\/www.institutodeengenharia.org.br\/site\/wp-content\/uploads\/2020\/03\/original-677d93374d44642e967163476ea3a749.jpg\",\"contentUrl\":\"https:\/\/www.institutodeengenharia.org.br\/site\/wp-content\/uploads\/2020\/03\/original-677d93374d44642e967163476ea3a749.jpg\",\"width\":700,\"height\":400},{\"@type\":\"BreadcrumbList\",\"@id\":\"https:\/\/www.institutodeengenharia.org.br\/site\/events\/tecnologia-5g\/#breadcrumb\",\"itemListElement\":[{\"@type\":\"ListItem\",\"position\":1,\"name\":\"In\u00edcio\",\"item\":\"https:\/\/www.institutodeengenharia.org.br\/site\/\"},{\"@type\":\"ListItem\",\"position\":2,\"name\":\"Eventos\",\"item\":\"https:\/\/www.institutodeengenharia.org.br\/site\/events\/\"},{\"@type\":\"ListItem\",\"position\":3,\"name\":\"Tecnologia 5G\"}]},{\"@type\":\"WebSite\",\"@id\":\"https:\/\/www.institutodeengenharia.org.br\/site\/#website\",\"url\":\"https:\/\/www.institutodeengenharia.org.br\/site\/\",\"name\":\"Instituto de Engenharia\",\"description\":\"O Instituto de Engenharia promove a Engenharia em benef\u00edcio do desenvolvimento e da qualidade de vida da sociedade.\",\"publisher\":{\"@id\":\"https:\/\/www.institutodeengenharia.org.br\/site\/#organization\"},\"potentialAction\":[{\"@type\":\"SearchAction\",\"target\":{\"@type\":\"EntryPoint\",\"urlTemplate\":\"https:\/\/www.institutodeengenharia.org.br\/site\/?s={search_term_string}\"},\"query-input\":{\"@type\":\"PropertyValueSpecification\",\"valueRequired\":true,\"valueName\":\"search_term_string\"}}],\"inLanguage\":\"pt-BR\"},{\"@type\":\"Organization\",\"@id\":\"https:\/\/www.institutodeengenharia.org.br\/site\/#organization\",\"name\":\"Instituto de Engenharia\",\"url\":\"https:\/\/www.institutodeengenharia.org.br\/site\/\",\"logo\":{\"@type\":\"ImageObject\",\"inLanguage\":\"pt-BR\",\"@id\":\"https:\/\/www.institutodeengenharia.org.br\/site\/#\/schema\/logo\/image\/\",\"url\":\"https:\/\/www.institutodeengenharia.org.br\/site\/wp-content\/uploads\/2019\/03\/logo-novo-IE2018-1.jpg\",\"contentUrl\":\"https:\/\/www.institutodeengenharia.org.br\/site\/wp-content\/uploads\/2019\/03\/logo-novo-IE2018-1.jpg\",\"width\":1486,\"height\":1879,\"caption\":\"Instituto de Engenharia\"},\"image\":{\"@id\":\"https:\/\/www.institutodeengenharia.org.br\/site\/#\/schema\/logo\/image\/\"},\"sameAs\":[\"https:\/\/www.facebook.com\/institutodeengenharia\",\"https:\/\/x.com\/iengenharia\",\"https:\/\/www.instagram.com\/institutodeengenharia\/\",\"https:\/\/www.linkedin.com\/company\/instituto-de-engenharia\/\",\"https:\/\/www.youtube.com\/channel\/UCXiCAlsSMe977vamW915HxA\"]}]}<\/script>\n<!-- \/ Yoast SEO plugin. -->","yoast_head_json":{"title":"Tecnologia 5G - Instituto de Engenharia","robots":{"index":"index","follow":"follow","max-snippet":"max-snippet:-1","max-image-preview":"max-image-preview:large","max-video-preview":"max-video-preview:-1"},"canonical":"https:\/\/www.institutodeengenharia.org.br\/site\/events\/tecnologia-5g\/","og_locale":"pt_BR","og_type":"article","og_title":"Tecnologia 5G - Instituto de Engenharia","og_description":"&nbsp; &nbsp; Quer fazer parte do Instituto de Engenharia? Confira nossas vantagens: &nbsp; Abordagem: Conceitos fundamentais da tecnologia 5G e o que podemos esperar dela &nbsp; P\u00fablico Alvo: Engenheiros formados, estudantes de engenharia e interessados em geral. &nbsp; Palestrante: Gilson Cereda Engenheiro Eletricista formado pela UNESP; MBA em Computa\u00e7\u00e3o em Nuvem pela FIAP; 25 anos [&hellip;]","og_url":"https:\/\/www.institutodeengenharia.org.br\/site\/events\/tecnologia-5g\/","og_site_name":"Instituto de Engenharia","article_publisher":"https:\/\/www.facebook.com\/institutodeengenharia","article_modified_time":"2020-06-16T16:20:22+00:00","og_image":[{"width":700,"height":400,"url":"https:\/\/www.institutodeengenharia.org.br\/site\/wp-content\/uploads\/2020\/03\/original-677d93374d44642e967163476ea3a749.jpg","type":"image\/jpeg"}],"twitter_card":"summary_large_image","twitter_site":"@iengenharia","twitter_misc":{"Est. tempo de leitura":"1 minuto"},"schema":{"@context":"https:\/\/schema.org","@graph":[{"@type":"WebPage","@id":"https:\/\/www.institutodeengenharia.org.br\/site\/events\/tecnologia-5g\/","url":"https:\/\/www.institutodeengenharia.org.br\/site\/events\/tecnologia-5g\/","name":"Tecnologia 5G - Instituto de Engenharia","isPartOf":{"@id":"https:\/\/www.institutodeengenharia.org.br\/site\/#website"},"primaryImageOfPage":{"@id":"https:\/\/www.institutodeengenharia.org.br\/site\/events\/tecnologia-5g\/#primaryimage"},"image":{"@id":"https:\/\/www.institutodeengenharia.org.br\/site\/events\/tecnologia-5g\/#primaryimage"},"thumbnailUrl":"https:\/\/www.institutodeengenharia.org.br\/site\/wp-content\/uploads\/2020\/03\/original-677d93374d44642e967163476ea3a749.jpg","datePublished":"2020-03-17T16:28:13+00:00","dateModified":"2020-06-16T16:20:22+00:00","breadcrumb":{"@id":"https:\/\/www.institutodeengenharia.org.br\/site\/events\/tecnologia-5g\/#breadcrumb"},"inLanguage":"pt-BR","potentialAction":[{"@type":"ReadAction","target":["https:\/\/www.institutodeengenharia.org.br\/site\/events\/tecnologia-5g\/"]}]},{"@type":"ImageObject","inLanguage":"pt-BR","@id":"https:\/\/www.institutodeengenharia.org.br\/site\/events\/tecnologia-5g\/#primaryimage","url":"https:\/\/www.institutodeengenharia.org.br\/site\/wp-content\/uploads\/2020\/03\/original-677d93374d44642e967163476ea3a749.jpg","contentUrl":"https:\/\/www.institutodeengenharia.org.br\/site\/wp-content\/uploads\/2020\/03\/original-677d93374d44642e967163476ea3a749.jpg","width":700,"height":400},{"@type":"BreadcrumbList","@id":"https:\/\/www.institutodeengenharia.org.br\/site\/events\/tecnologia-5g\/#breadcrumb","itemListElement":[{"@type":"ListItem","position":1,"name":"In\u00edcio","item":"https:\/\/www.institutodeengenharia.org.br\/site\/"},{"@type":"ListItem","position":2,"name":"Eventos","item":"https:\/\/www.institutodeengenharia.org.br\/site\/events\/"},{"@type":"ListItem","position":3,"name":"Tecnologia 5G"}]},{"@type":"WebSite","@id":"https:\/\/www.institutodeengenharia.org.br\/site\/#website","url":"https:\/\/www.institutodeengenharia.org.br\/site\/","name":"Instituto de Engenharia","description":"O Instituto de Engenharia promove a Engenharia em benef\u00edcio do desenvolvimento e da qualidade de vida da sociedade.","publisher":{"@id":"https:\/\/www.institutodeengenharia.org.br\/site\/#organization"},"potentialAction":[{"@type":"SearchAction","target":{"@type":"EntryPoint","urlTemplate":"https:\/\/www.institutodeengenharia.org.br\/site\/?s={search_term_string}"},"query-input":{"@type":"PropertyValueSpecification","valueRequired":true,"valueName":"search_term_string"}}],"inLanguage":"pt-BR"},{"@type":"Organization","@id":"https:\/\/www.institutodeengenharia.org.br\/site\/#organization","name":"Instituto de Engenharia","url":"https:\/\/www.institutodeengenharia.org.br\/site\/","logo":{"@type":"ImageObject","inLanguage":"pt-BR","@id":"https:\/\/www.institutodeengenharia.org.br\/site\/#\/schema\/logo\/image\/","url":"https:\/\/www.institutodeengenharia.org.br\/site\/wp-content\/uploads\/2019\/03\/logo-novo-IE2018-1.jpg","contentUrl":"https:\/\/www.institutodeengenharia.org.br\/site\/wp-content\/uploads\/2019\/03\/logo-novo-IE2018-1.jpg","width":1486,"height":1879,"caption":"Instituto de Engenharia"},"image":{"@id":"https:\/\/www.institutodeengenharia.org.br\/site\/#\/schema\/logo\/image\/"},"sameAs":["https:\/\/www.facebook.com\/institutodeengenharia","https:\/\/x.com\/iengenharia","https:\/\/www.instagram.com\/institutodeengenharia\/","https:\/\/www.linkedin.com\/company\/instituto-de-engenharia\/","https:\/\/www.youtube.com\/channel\/UCXiCAlsSMe977vamW915HxA"]}]}},"_links":{"self":[{"href":"https:\/\/www.institutodeengenharia.org.br\/site\/wp-json\/wp\/v2\/ajde_events\/61239","targetHints":{"allow":["GET"]}}],"collection":[{"href":"https:\/\/www.institutodeengenharia.org.br\/site\/wp-json\/wp\/v2\/ajde_events"}],"about":[{"href":"https:\/\/www.institutodeengenharia.org.br\/site\/wp-json\/wp\/v2\/types\/ajde_events"}],"author":[{"embeddable":true,"href":"https:\/\/www.institutodeengenharia.org.br\/site\/wp-json\/wp\/v2\/users\/13"}],"replies":[{"embeddable":true,"href":"https:\/\/www.institutodeengenharia.org.br\/site\/wp-json\/wp\/v2\/comments?post=61239"}],"wp:featuredmedia":[{"embeddable":true,"href":"https:\/\/www.institutodeengenharia.org.br\/site\/wp-json\/wp\/v2\/media\/61240"}],"wp:attachment":[{"href":"https:\/\/www.institutodeengenharia.org.br\/site\/wp-json\/wp\/v2\/media?parent=61239"}],"wp:term":[{"taxonomy":"post_tag","embeddable":true,"href":"https:\/\/www.institutodeengenharia.org.br\/site\/wp-json\/wp\/v2\/tags?post=61239"},{"taxonomy":"event_type","embeddable":true,"href":"https:\/\/www.institutodeengenharia.org.br\/site\/wp-json\/wp\/v2\/event_type?post=61239"},{"taxonomy":"event_type_2","embeddable":true,"href":"https:\/\/www.institutodeengenharia.org.br\/site\/wp-json\/wp\/v2\/event_type_2?post=61239"}],"curies":[{"name":"wp","href":"https:\/\/api.w.org\/{rel}","templated":true}]}}