{"id":152525,"date":"2026-03-13T11:02:02","date_gmt":"2026-03-13T14:02:02","guid":{"rendered":"https:\/\/www.institutodeengenharia.org.br\/site\/?post_type=ajde_events&#038;p=152525"},"modified":"2026-03-31T10:11:26","modified_gmt":"2026-03-31T13:11:26","slug":"controle-de-operacoes-em-espacos-confinados","status":"publish","type":"ajde_events","link":"https:\/\/www.institutodeengenharia.org.br\/site\/events\/controle-de-operacoes-em-espacos-confinados\/","title":{"rendered":"Controle de opera\u00e7\u00f5es em espa\u00e7os confinados"},"content":{"rendered":"<p style=\"text-align: center;\">\r\n            <div class='br1-inscrever request-identification' \r\n                data-acao-automatica='true'\r\n                data-acao-titulo='Tipo de inscri\u00e7\u00e3o'  \r\n                data-empresa='N'              \r\n                data-operacao=''>\r\n                <div class='botoes-inscricao'><button class='inscrever botao acao ' \r\n                        id='inscrever_P'\r\n                        onclick='Br1InscricaoEventos.inscreverAssociado(this, 152525, \"P\", Br1Globals.getCallbackArg(arguments));' \r\n                        style='margin-right: 10px;'>\r\n                    <img src='https:\/\/www.institutodeengenharia.org.br\/site\/wp-content\/plugins\/br1-e_engenharia\/src\/Eventos\/..\/..\/images\/office-building-white.png' \/>\r\n                    Participar presencialmente\r\n                <\/button><button class='inscrever botao acao ' \r\n                        id='inscrever_O'\r\n                        onclick='Br1InscricaoEventos.inscreverAssociado(this, 152525, \"O\", Br1Globals.getCallbackArg(arguments));' \r\n                        style='margin-right: 10px;'>\r\n                    <img src='https:\/\/www.institutodeengenharia.org.br\/site\/wp-content\/plugins\/br1-e_engenharia\/src\/Eventos\/..\/..\/images\/monitor-cellphone-white.png' \/>\r\n                    Participar online\r\n                <\/button><\/div>\r\n            <\/div>   \r\n        <\/p>\n<p><img loading=\"lazy\" decoding=\"async\" class=\"alignnone size-large wp-image-115994\" src=\"https:\/\/www.institutodeengenharia.org.br\/site\/wp-content\/uploads\/2024\/01\/SELO-SITE-IE-SOLIDARIO-1024x171.png\" alt=\"\" width=\"696\" height=\"116\" srcset=\"https:\/\/www.institutodeengenharia.org.br\/site\/wp-content\/uploads\/2024\/01\/SELO-SITE-IE-SOLIDARIO-1024x171.png 1024w, https:\/\/www.institutodeengenharia.org.br\/site\/wp-content\/uploads\/2024\/01\/SELO-SITE-IE-SOLIDARIO-300x50.png 300w, https:\/\/www.institutodeengenharia.org.br\/site\/wp-content\/uploads\/2024\/01\/SELO-SITE-IE-SOLIDARIO-768x128.png 768w, https:\/\/www.institutodeengenharia.org.br\/site\/wp-content\/uploads\/2024\/01\/SELO-SITE-IE-SOLIDARIO-696x116.png 696w, https:\/\/www.institutodeengenharia.org.br\/site\/wp-content\/uploads\/2024\/01\/SELO-SITE-IE-SOLIDARIO-1068x178.png 1068w, https:\/\/www.institutodeengenharia.org.br\/site\/wp-content\/uploads\/2024\/01\/SELO-SITE-IE-SOLIDARIO-600x100.png 600w, https:\/\/www.institutodeengenharia.org.br\/site\/wp-content\/uploads\/2024\/01\/SELO-SITE-IE-SOLIDARIO.png 1200w\" sizes=\"auto, (max-width: 696px) 100vw, 696px\" \/><\/p>\n<p><strong>Abordagem:<\/strong><\/p>\n<p data-start=\"0\" data-end=\"269\">Realiza\u00e7\u00e3o de workshop com o objetivo de orientar e aprofundar os principais aspectos t\u00e9cnicos relacionados aos Espa\u00e7os Confinados, em conformidade com os preceitos estabelecidos pela Portaria n\u00ba 1.690 e pela Nova NR-33, em vigor desde 03\/10\/2022.<\/p>\n<p data-start=\"0\" data-end=\"269\"><strong>P\u00fablico-alvo:<\/strong><\/p>\n<p data-start=\"0\" data-end=\"269\">Profissionais de SST, engenheiros, t\u00e9cnicos, enfermeiros e m\u00e9dicos.<\/p>\n<p><strong>Realiza\u00e7\u00e3o:<\/strong><\/p>\n<h6><em><img loading=\"lazy\" decoding=\"async\" class=\"wp-image-136101 alignleft\" src=\"https:\/\/www.institutodeengenharia.org.br\/site\/wp-content\/uploads\/2026\/02\/Logo-110-Anos-Sem-fundo-Azul-300x300.png\" alt=\"\" width=\"137\" height=\"137\" srcset=\"https:\/\/www.institutodeengenharia.org.br\/site\/wp-content\/uploads\/2026\/02\/Logo-110-Anos-Sem-fundo-Azul-300x300.png 300w, https:\/\/www.institutodeengenharia.org.br\/site\/wp-content\/uploads\/2026\/02\/Logo-110-Anos-Sem-fundo-Azul-150x150.png 150w, https:\/\/www.institutodeengenharia.org.br\/site\/wp-content\/uploads\/2026\/02\/Logo-110-Anos-Sem-fundo-Azul-768x768.png 768w, https:\/\/www.institutodeengenharia.org.br\/site\/wp-content\/uploads\/2026\/02\/Logo-110-Anos-Sem-fundo-Azul-420x420.png 420w, https:\/\/www.institutodeengenharia.org.br\/site\/wp-content\/uploads\/2026\/02\/Logo-110-Anos-Sem-fundo-Azul-696x696.png 696w, https:\/\/www.institutodeengenharia.org.br\/site\/wp-content\/uploads\/2026\/02\/Logo-110-Anos-Sem-fundo-Azul-600x600.png 600w, https:\/\/www.institutodeengenharia.org.br\/site\/wp-content\/uploads\/2026\/02\/Logo-110-Anos-Sem-fundo-Azul-100x100.png 100w, https:\/\/www.institutodeengenharia.org.br\/site\/wp-content\/uploads\/2026\/02\/Logo-110-Anos-Sem-fundo-Azul.png 1024w\" sizes=\"auto, (max-width: 137px) 100vw, 137px\" \/><\/em><strong>Eng. Jer\u00f4nimo Cabral Pereira Fagundes Neto<\/strong> \u2013 Vice-presidente de Atividades T\u00e9cnicas<\/h6>\n<p><strong>Eng.\u00aa D\u00e9bora Sanches de A. Marinello<\/strong> \u2013 Diretora do Departamento de Desenvolvimento de Gest\u00e3o e Objetivos<\/p>\n<p><strong>Eng. Jefferson D. Teixeira da Costa<\/strong> \u2013 Coordenador da Divis\u00e3o T\u00e9cnica de Seguran\u00e7a do Trabalho<\/p>\n<p><strong>Eng. Henrique Dias de Faria &#8211;<\/strong> Coordenado da Divis\u00e3o T\u00e9cnica de Meio Ambiente e Suatentabilidade (parceria)<\/p>\n<p><strong>Apoio Institucional:<\/strong><\/p>\n<p><img loading=\"lazy\" decoding=\"async\" class=\"alignnone wp-image-77696\" src=\"https:\/\/www.institutodeengenharia.org.br\/site\/wp-content\/uploads\/2021\/02\/crea.jpg\" alt=\"\" width=\"145\" height=\"102\" srcset=\"https:\/\/www.institutodeengenharia.org.br\/site\/wp-content\/uploads\/2021\/02\/crea.jpg 448w, https:\/\/www.institutodeengenharia.org.br\/site\/wp-content\/uploads\/2021\/02\/crea-300x211.jpg 300w, https:\/\/www.institutodeengenharia.org.br\/site\/wp-content\/uploads\/2021\/02\/crea-100x70.jpg 100w\" sizes=\"auto, (max-width: 145px) 100vw, 145px\" \/><\/p>\n<p><strong>Apoio \u00e0 forma\u00e7\u00e3o:\u00a0<\/strong><\/p>\n<p>Espa\u00e7o aberto ao CREA-SP, objetivando o aperfei\u00e7oamento dos profissionais e o aprimoramento da fiscaliza\u00e7\u00e3o das \u00e1reas abrangidas pelo Sistema Confea\/CREAs, al\u00e9m de promover a conscientiza\u00e7\u00e3o da sociedade quanto \u00e0 necessidade e obrigatoriedade de contratar um profissional devidamente habilitado.<\/p>\n<div style=\"width: 696px;\" class=\"wp-video\"><video class=\"wp-video-shortcode\" id=\"video-152525-1\" width=\"696\" height=\"394\" preload=\"metadata\" controls=\"controls\"><source type=\"video\/mp4\" src=\"https:\/\/www.institutodeengenharia.org.br\/site\/wp-content\/uploads\/2021\/03\/WhatsApp-Video-2020-08-10-at-12.02.02-1.mp4?_=1\" \/><a href=\"https:\/\/www.institutodeengenharia.org.br\/site\/wp-content\/uploads\/2021\/03\/WhatsApp-Video-2020-08-10-at-12.02.02-1.mp4\">https:\/\/www.institutodeengenharia.org.br\/site\/wp-content\/uploads\/2021\/03\/WhatsApp-Video-2020-08-10-at-12.02.02-1.mp4<\/a><\/video><\/div>\n<p>&nbsp;<\/p>\n<p data-start=\"271\" data-end=\"392\" data-is-last-node=\"\" data-is-only-node=\"\">\n","protected":false},"author":13,"featured_media":152526,"menu_order":0,"comment_status":"open","ping_status":"closed","template":"","meta":[],"tags":[],"event_type":[146,147,145],"event_type_2":[],"class_list":{"0":"post-152525","1":"ajde_events","2":"type-ajde_events","3":"status-publish","4":"has-post-thumbnail","6":"event_speaker-jefferson-d-teixeira-da-costa-abertura-e-moderacao","7":"event_speaker-paula-scardino-palestrante","8":"event_location-evento-hibrido-presencial-instituto-de-engenharia-av-dr-dante-pazzanese-120-vila-mariana-on-line-zoom-e-youtube-do-ie","9":"event_organizer-departamento-de-desenvolvimento-de-gestao-e-objetivos-divisao-tecnica-de-seguranca-do-trabalho","10":"event_type-agenda","11":"event_type-geral","12":"event_type-palestras"},"yoast_head":"<!-- This site is optimized with the Yoast SEO plugin v27.2 - https:\/\/yoast.com\/product\/yoast-seo-wordpress\/ -->\n<title>Controle de opera\u00e7\u00f5es em espa\u00e7os confinados - Instituto de Engenharia<\/title>\n<meta name=\"robots\" content=\"index, follow, max-snippet:-1, max-image-preview:large, max-video-preview:-1\" \/>\n<link rel=\"canonical\" href=\"https:\/\/www.institutodeengenharia.org.br\/site\/events\/controle-de-operacoes-em-espacos-confinados\/\" \/>\n<meta property=\"og:locale\" content=\"pt_BR\" \/>\n<meta property=\"og:type\" content=\"article\" \/>\n<meta property=\"og:title\" content=\"Controle de opera\u00e7\u00f5es em espa\u00e7os confinados - Instituto de Engenharia\" \/>\n<meta property=\"og:description\" content=\"Abordagem: Realiza\u00e7\u00e3o de workshop com o objetivo de orientar e aprofundar os principais aspectos t\u00e9cnicos relacionados aos Espa\u00e7os Confinados, em conformidade com os preceitos estabelecidos pela Portaria n\u00ba 1.690 e pela Nova NR-33, em vigor desde 03\/10\/2022. P\u00fablico-alvo: Profissionais de SST, engenheiros, t\u00e9cnicos, enfermeiros e m\u00e9dicos. Realiza\u00e7\u00e3o: Eng. Jer\u00f4nimo Cabral Pereira Fagundes Neto \u2013 Vice-presidente [&hellip;]\" \/>\n<meta property=\"og:url\" content=\"https:\/\/www.institutodeengenharia.org.br\/site\/events\/controle-de-operacoes-em-espacos-confinados\/\" \/>\n<meta property=\"og:site_name\" content=\"Instituto de Engenharia\" \/>\n<meta property=\"article:publisher\" content=\"https:\/\/www.facebook.com\/institutodeengenharia\" \/>\n<meta property=\"article:modified_time\" content=\"2026-03-31T13:11:26+00:00\" \/>\n<meta property=\"og:image\" content=\"https:\/\/www.institutodeengenharia.org.br\/site\/wp-content\/uploads\/2026\/03\/Palestra-Controle-de-operacoes-em-espacos-confinados.jpg\" \/>\n\t<meta property=\"og:image:width\" content=\"800\" \/>\n\t<meta property=\"og:image:height\" content=\"533\" \/>\n\t<meta property=\"og:image:type\" content=\"image\/jpeg\" \/>\n<meta name=\"twitter:card\" content=\"summary_large_image\" \/>\n<meta name=\"twitter:site\" content=\"@iengenharia\" \/>\n<meta name=\"twitter:label1\" content=\"Est. tempo de leitura\" \/>\n\t<meta name=\"twitter:data1\" content=\"2 minutos\" \/>\n<script type=\"application\/ld+json\" class=\"yoast-schema-graph\">{\"@context\":\"https:\/\/schema.org\",\"@graph\":[{\"@type\":\"WebPage\",\"@id\":\"https:\/\/www.institutodeengenharia.org.br\/site\/events\/controle-de-operacoes-em-espacos-confinados\/\",\"url\":\"https:\/\/www.institutodeengenharia.org.br\/site\/events\/controle-de-operacoes-em-espacos-confinados\/\",\"name\":\"Controle de opera\u00e7\u00f5es em espa\u00e7os confinados - Instituto de Engenharia\",\"isPartOf\":{\"@id\":\"https:\/\/www.institutodeengenharia.org.br\/site\/#website\"},\"primaryImageOfPage\":{\"@id\":\"https:\/\/www.institutodeengenharia.org.br\/site\/events\/controle-de-operacoes-em-espacos-confinados\/#primaryimage\"},\"image\":{\"@id\":\"https:\/\/www.institutodeengenharia.org.br\/site\/events\/controle-de-operacoes-em-espacos-confinados\/#primaryimage\"},\"thumbnailUrl\":\"https:\/\/www.institutodeengenharia.org.br\/site\/wp-content\/uploads\/2026\/03\/Palestra-Controle-de-operacoes-em-espacos-confinados.jpg\",\"datePublished\":\"2026-03-13T14:02:02+00:00\",\"dateModified\":\"2026-03-31T13:11:26+00:00\",\"breadcrumb\":{\"@id\":\"https:\/\/www.institutodeengenharia.org.br\/site\/events\/controle-de-operacoes-em-espacos-confinados\/#breadcrumb\"},\"inLanguage\":\"pt-BR\",\"potentialAction\":[{\"@type\":\"ReadAction\",\"target\":[\"https:\/\/www.institutodeengenharia.org.br\/site\/events\/controle-de-operacoes-em-espacos-confinados\/\"]}]},{\"@type\":\"ImageObject\",\"inLanguage\":\"pt-BR\",\"@id\":\"https:\/\/www.institutodeengenharia.org.br\/site\/events\/controle-de-operacoes-em-espacos-confinados\/#primaryimage\",\"url\":\"https:\/\/www.institutodeengenharia.org.br\/site\/wp-content\/uploads\/2026\/03\/Palestra-Controle-de-operacoes-em-espacos-confinados.jpg\",\"contentUrl\":\"https:\/\/www.institutodeengenharia.org.br\/site\/wp-content\/uploads\/2026\/03\/Palestra-Controle-de-operacoes-em-espacos-confinados.jpg\",\"width\":800,\"height\":533},{\"@type\":\"BreadcrumbList\",\"@id\":\"https:\/\/www.institutodeengenharia.org.br\/site\/events\/controle-de-operacoes-em-espacos-confinados\/#breadcrumb\",\"itemListElement\":[{\"@type\":\"ListItem\",\"position\":1,\"name\":\"In\u00edcio\",\"item\":\"https:\/\/www.institutodeengenharia.org.br\/site\/\"},{\"@type\":\"ListItem\",\"position\":2,\"name\":\"Eventos\",\"item\":\"https:\/\/www.institutodeengenharia.org.br\/site\/events\/\"},{\"@type\":\"ListItem\",\"position\":3,\"name\":\"Controle de opera\u00e7\u00f5es em espa\u00e7os confinados\"}]},{\"@type\":\"WebSite\",\"@id\":\"https:\/\/www.institutodeengenharia.org.br\/site\/#website\",\"url\":\"https:\/\/www.institutodeengenharia.org.br\/site\/\",\"name\":\"Instituto de Engenharia\",\"description\":\"O Instituto de Engenharia promove a Engenharia em benef\u00edcio do desenvolvimento e da qualidade de vida da sociedade.\",\"publisher\":{\"@id\":\"https:\/\/www.institutodeengenharia.org.br\/site\/#organization\"},\"potentialAction\":[{\"@type\":\"SearchAction\",\"target\":{\"@type\":\"EntryPoint\",\"urlTemplate\":\"https:\/\/www.institutodeengenharia.org.br\/site\/?s={search_term_string}\"},\"query-input\":{\"@type\":\"PropertyValueSpecification\",\"valueRequired\":true,\"valueName\":\"search_term_string\"}}],\"inLanguage\":\"pt-BR\"},{\"@type\":\"Organization\",\"@id\":\"https:\/\/www.institutodeengenharia.org.br\/site\/#organization\",\"name\":\"Instituto de Engenharia\",\"url\":\"https:\/\/www.institutodeengenharia.org.br\/site\/\",\"logo\":{\"@type\":\"ImageObject\",\"inLanguage\":\"pt-BR\",\"@id\":\"https:\/\/www.institutodeengenharia.org.br\/site\/#\/schema\/logo\/image\/\",\"url\":\"https:\/\/www.institutodeengenharia.org.br\/site\/wp-content\/uploads\/2019\/03\/logo-novo-IE2018-1.jpg\",\"contentUrl\":\"https:\/\/www.institutodeengenharia.org.br\/site\/wp-content\/uploads\/2019\/03\/logo-novo-IE2018-1.jpg\",\"width\":1486,\"height\":1879,\"caption\":\"Instituto de Engenharia\"},\"image\":{\"@id\":\"https:\/\/www.institutodeengenharia.org.br\/site\/#\/schema\/logo\/image\/\"},\"sameAs\":[\"https:\/\/www.facebook.com\/institutodeengenharia\",\"https:\/\/x.com\/iengenharia\",\"https:\/\/www.instagram.com\/institutodeengenharia\/\",\"https:\/\/www.linkedin.com\/company\/instituto-de-engenharia\/\",\"https:\/\/www.youtube.com\/channel\/UCXiCAlsSMe977vamW915HxA\"]}]}<\/script>\n<!-- \/ Yoast SEO plugin. -->","yoast_head_json":{"title":"Controle de opera\u00e7\u00f5es em espa\u00e7os confinados - Instituto de Engenharia","robots":{"index":"index","follow":"follow","max-snippet":"max-snippet:-1","max-image-preview":"max-image-preview:large","max-video-preview":"max-video-preview:-1"},"canonical":"https:\/\/www.institutodeengenharia.org.br\/site\/events\/controle-de-operacoes-em-espacos-confinados\/","og_locale":"pt_BR","og_type":"article","og_title":"Controle de opera\u00e7\u00f5es em espa\u00e7os confinados - Instituto de Engenharia","og_description":"Abordagem: Realiza\u00e7\u00e3o de workshop com o objetivo de orientar e aprofundar os principais aspectos t\u00e9cnicos relacionados aos Espa\u00e7os Confinados, em conformidade com os preceitos estabelecidos pela Portaria n\u00ba 1.690 e pela Nova NR-33, em vigor desde 03\/10\/2022. P\u00fablico-alvo: Profissionais de SST, engenheiros, t\u00e9cnicos, enfermeiros e m\u00e9dicos. Realiza\u00e7\u00e3o: Eng. Jer\u00f4nimo Cabral Pereira Fagundes Neto \u2013 Vice-presidente [&hellip;]","og_url":"https:\/\/www.institutodeengenharia.org.br\/site\/events\/controle-de-operacoes-em-espacos-confinados\/","og_site_name":"Instituto de Engenharia","article_publisher":"https:\/\/www.facebook.com\/institutodeengenharia","article_modified_time":"2026-03-31T13:11:26+00:00","og_image":[{"width":800,"height":533,"url":"https:\/\/www.institutodeengenharia.org.br\/site\/wp-content\/uploads\/2026\/03\/Palestra-Controle-de-operacoes-em-espacos-confinados.jpg","type":"image\/jpeg"}],"twitter_card":"summary_large_image","twitter_site":"@iengenharia","twitter_misc":{"Est. tempo de leitura":"2 minutos"},"schema":{"@context":"https:\/\/schema.org","@graph":[{"@type":"WebPage","@id":"https:\/\/www.institutodeengenharia.org.br\/site\/events\/controle-de-operacoes-em-espacos-confinados\/","url":"https:\/\/www.institutodeengenharia.org.br\/site\/events\/controle-de-operacoes-em-espacos-confinados\/","name":"Controle de opera\u00e7\u00f5es em espa\u00e7os confinados - Instituto de Engenharia","isPartOf":{"@id":"https:\/\/www.institutodeengenharia.org.br\/site\/#website"},"primaryImageOfPage":{"@id":"https:\/\/www.institutodeengenharia.org.br\/site\/events\/controle-de-operacoes-em-espacos-confinados\/#primaryimage"},"image":{"@id":"https:\/\/www.institutodeengenharia.org.br\/site\/events\/controle-de-operacoes-em-espacos-confinados\/#primaryimage"},"thumbnailUrl":"https:\/\/www.institutodeengenharia.org.br\/site\/wp-content\/uploads\/2026\/03\/Palestra-Controle-de-operacoes-em-espacos-confinados.jpg","datePublished":"2026-03-13T14:02:02+00:00","dateModified":"2026-03-31T13:11:26+00:00","breadcrumb":{"@id":"https:\/\/www.institutodeengenharia.org.br\/site\/events\/controle-de-operacoes-em-espacos-confinados\/#breadcrumb"},"inLanguage":"pt-BR","potentialAction":[{"@type":"ReadAction","target":["https:\/\/www.institutodeengenharia.org.br\/site\/events\/controle-de-operacoes-em-espacos-confinados\/"]}]},{"@type":"ImageObject","inLanguage":"pt-BR","@id":"https:\/\/www.institutodeengenharia.org.br\/site\/events\/controle-de-operacoes-em-espacos-confinados\/#primaryimage","url":"https:\/\/www.institutodeengenharia.org.br\/site\/wp-content\/uploads\/2026\/03\/Palestra-Controle-de-operacoes-em-espacos-confinados.jpg","contentUrl":"https:\/\/www.institutodeengenharia.org.br\/site\/wp-content\/uploads\/2026\/03\/Palestra-Controle-de-operacoes-em-espacos-confinados.jpg","width":800,"height":533},{"@type":"BreadcrumbList","@id":"https:\/\/www.institutodeengenharia.org.br\/site\/events\/controle-de-operacoes-em-espacos-confinados\/#breadcrumb","itemListElement":[{"@type":"ListItem","position":1,"name":"In\u00edcio","item":"https:\/\/www.institutodeengenharia.org.br\/site\/"},{"@type":"ListItem","position":2,"name":"Eventos","item":"https:\/\/www.institutodeengenharia.org.br\/site\/events\/"},{"@type":"ListItem","position":3,"name":"Controle de opera\u00e7\u00f5es em espa\u00e7os confinados"}]},{"@type":"WebSite","@id":"https:\/\/www.institutodeengenharia.org.br\/site\/#website","url":"https:\/\/www.institutodeengenharia.org.br\/site\/","name":"Instituto de Engenharia","description":"O Instituto de Engenharia promove a Engenharia em benef\u00edcio do desenvolvimento e da qualidade de vida da sociedade.","publisher":{"@id":"https:\/\/www.institutodeengenharia.org.br\/site\/#organization"},"potentialAction":[{"@type":"SearchAction","target":{"@type":"EntryPoint","urlTemplate":"https:\/\/www.institutodeengenharia.org.br\/site\/?s={search_term_string}"},"query-input":{"@type":"PropertyValueSpecification","valueRequired":true,"valueName":"search_term_string"}}],"inLanguage":"pt-BR"},{"@type":"Organization","@id":"https:\/\/www.institutodeengenharia.org.br\/site\/#organization","name":"Instituto de Engenharia","url":"https:\/\/www.institutodeengenharia.org.br\/site\/","logo":{"@type":"ImageObject","inLanguage":"pt-BR","@id":"https:\/\/www.institutodeengenharia.org.br\/site\/#\/schema\/logo\/image\/","url":"https:\/\/www.institutodeengenharia.org.br\/site\/wp-content\/uploads\/2019\/03\/logo-novo-IE2018-1.jpg","contentUrl":"https:\/\/www.institutodeengenharia.org.br\/site\/wp-content\/uploads\/2019\/03\/logo-novo-IE2018-1.jpg","width":1486,"height":1879,"caption":"Instituto de Engenharia"},"image":{"@id":"https:\/\/www.institutodeengenharia.org.br\/site\/#\/schema\/logo\/image\/"},"sameAs":["https:\/\/www.facebook.com\/institutodeengenharia","https:\/\/x.com\/iengenharia","https:\/\/www.instagram.com\/institutodeengenharia\/","https:\/\/www.linkedin.com\/company\/instituto-de-engenharia\/","https:\/\/www.youtube.com\/channel\/UCXiCAlsSMe977vamW915HxA"]}]}},"_links":{"self":[{"href":"https:\/\/www.institutodeengenharia.org.br\/site\/wp-json\/wp\/v2\/ajde_events\/152525","targetHints":{"allow":["GET"]}}],"collection":[{"href":"https:\/\/www.institutodeengenharia.org.br\/site\/wp-json\/wp\/v2\/ajde_events"}],"about":[{"href":"https:\/\/www.institutodeengenharia.org.br\/site\/wp-json\/wp\/v2\/types\/ajde_events"}],"author":[{"embeddable":true,"href":"https:\/\/www.institutodeengenharia.org.br\/site\/wp-json\/wp\/v2\/users\/13"}],"replies":[{"embeddable":true,"href":"https:\/\/www.institutodeengenharia.org.br\/site\/wp-json\/wp\/v2\/comments?post=152525"}],"wp:featuredmedia":[{"embeddable":true,"href":"https:\/\/www.institutodeengenharia.org.br\/site\/wp-json\/wp\/v2\/media\/152526"}],"wp:attachment":[{"href":"https:\/\/www.institutodeengenharia.org.br\/site\/wp-json\/wp\/v2\/media?parent=152525"}],"wp:term":[{"taxonomy":"post_tag","embeddable":true,"href":"https:\/\/www.institutodeengenharia.org.br\/site\/wp-json\/wp\/v2\/tags?post=152525"},{"taxonomy":"event_type","embeddable":true,"href":"https:\/\/www.institutodeengenharia.org.br\/site\/wp-json\/wp\/v2\/event_type?post=152525"},{"taxonomy":"event_type_2","embeddable":true,"href":"https:\/\/www.institutodeengenharia.org.br\/site\/wp-json\/wp\/v2\/event_type_2?post=152525"}],"curies":[{"name":"wp","href":"https:\/\/api.w.org\/{rel}","templated":true}]}}