{"id":132515,"date":"2025-09-12T15:45:30","date_gmt":"2025-09-12T18:45:30","guid":{"rendered":"https:\/\/www.institutodeengenharia.org.br\/site\/?post_type=ajde_events&#038;p=132515"},"modified":"2025-11-27T14:48:18","modified_gmt":"2025-11-27T17:48:18","slug":"acessibilidade-em-condominios-residenciais-responsabilidade-tecnica-na-inspecao-predial","status":"publish","type":"ajde_events","link":"https:\/\/www.institutodeengenharia.org.br\/site\/events\/acessibilidade-em-condominios-residenciais-responsabilidade-tecnica-na-inspecao-predial\/","title":{"rendered":"Acessibilidade em condom\u00ednios residenciais \u2013 responsabilidade t\u00e9cnica na inspe\u00e7\u00e3o predial"},"content":{"rendered":"<p style=\"text-align: center;\"><a href=\"https:\/\/www.institutodeengenharia.org.br\/site\/2025\/10\/15\/acessibilidade-em-condominios-residenciais-responsabilidade-tecnica-na-inspecao-predial\/\"><img loading=\"lazy\" decoding=\"async\" class=\"wp-image-63985 aligncenter\" src=\"https:\/\/www.institutodeengenharia.org.br\/site\/wp-content\/uploads\/2020\/04\/clique-e-assista-\u00e0-grava\u00e7\u00e3o-do-evento.jpg\" alt=\"\" width=\"213\" height=\"85\" \/><\/a><\/p>\n<p><a href=\"https:\/\/www.institutodeengenharia.org.br\/site\/2025\/11\/27\/material-tecnico-acessibilidade-em-condominios-residenciais-responsabilidade-tecnica-na-inspecao-predial\/\"><img loading=\"lazy\" decoding=\"async\" class=\" wp-image-63986 aligncenter\" src=\"https:\/\/www.institutodeengenharia.org.br\/site\/wp-content\/uploads\/2020\/04\/clique-e-confira-o-material-t\u00e9cnico.jpg\" alt=\"\" width=\"227\" height=\"92\" srcset=\"https:\/\/www.institutodeengenharia.org.br\/site\/wp-content\/uploads\/2020\/04\/clique-e-confira-o-material-t\u00e9cnico.jpg 447w, https:\/\/www.institutodeengenharia.org.br\/site\/wp-content\/uploads\/2020\/04\/clique-e-confira-o-material-t\u00e9cnico-300x121.jpg 300w\" sizes=\"auto, (max-width: 227px) 100vw, 227px\" \/><\/a><\/p>\n<p>&nbsp;<\/p>\n<p><strong>Abordagem:\u00a0<\/strong><\/p>\n<p>Responsabilidade de arquitetos e engenheiros na promo\u00e7\u00e3o da acessibilidade em condom\u00ednios, com foco na inspe\u00e7\u00e3o predial.<\/p>\n<p><strong>P\u00fablico-alvo:\u00a0<\/strong><\/p>\n<p>Engenheiros, arquitetos, t\u00e9cnicos, estudantes e demais interessados.<\/p>\n<p><strong>Realiza\u00e7\u00e3o:<\/strong><\/p>\n<p><img loading=\"lazy\" decoding=\"async\" class=\"wp-image-86938 alignleft\" src=\"https:\/\/www.institutodeengenharia.org.br\/site\/wp-content\/uploads\/2021\/10\/logo-news2.png\" alt=\"\" width=\"93\" height=\"135\" srcset=\"https:\/\/www.institutodeengenharia.org.br\/site\/wp-content\/uploads\/2021\/10\/logo-news2.png 553w, https:\/\/www.institutodeengenharia.org.br\/site\/wp-content\/uploads\/2021\/10\/logo-news2-207x300.png 207w, https:\/\/www.institutodeengenharia.org.br\/site\/wp-content\/uploads\/2021\/10\/logo-news2-290x420.png 290w\" sizes=\"auto, (max-width: 93px) 100vw, 93px\" \/><img loading=\"lazy\" decoding=\"async\" class=\"wp-image-132516 alignleft\" src=\"https:\/\/www.institutodeengenharia.org.br\/site\/wp-content\/uploads\/2025\/09\/adapt.jpg\" alt=\"\" width=\"128\" height=\"128\" srcset=\"https:\/\/www.institutodeengenharia.org.br\/site\/wp-content\/uploads\/2025\/09\/adapt.jpg 260w, https:\/\/www.institutodeengenharia.org.br\/site\/wp-content\/uploads\/2025\/09\/adapt-150x150.jpg 150w, https:\/\/www.institutodeengenharia.org.br\/site\/wp-content\/uploads\/2025\/09\/adapt-100x100.jpg 100w\" sizes=\"auto, (max-width: 128px) 100vw, 128px\" \/><\/p>\n<p>&nbsp;<\/p>\n<p><strong>Eng. Jer\u00f4nimo Cabral Pereira Fagundes Neto<\/strong> \u2013 Vice-presidente de Atividades T\u00e9cnicas<\/p>\n<p><strong>Eng.\u00aa D\u00e9bora Sanches de A. Marinello<\/strong> \u2013 Diretora do Departamento de Desenvolvimento de Gest\u00e3o e Objetivos<\/p>\n<p><strong>Eng. Francisco Jos\u00e9 Pereira de Oliveira<\/strong> \u2013 Diretor do Departamento de Desenvolvimento de Projeto e Servi\u00e7os de Infraestrutura<\/p>\n<p><strong>Eng.\u00aa Stella Marys Della Flora<\/strong> \u2013 Coordenadora da Divis\u00e3o T\u00e9cnica de Engenharia Diagn\u00f3stica<\/p>\n<p><strong>Arq.\u00aa Taina Vieira Volcov<\/strong> \u2013 Coordenadora da Divis\u00e3o T\u00e9cnica de Arquitetura, Paisagismo e Comunica\u00e7\u00e3o Visual<\/p>\n<p><strong>Eng. Felipe Silva Lima<\/strong> \u2013 Comunidade ADPAT Patologia das Constru\u00e7\u00f5es<\/p>\n<p><strong>Apoio Institucional:<\/strong><\/p>\n<p><img loading=\"lazy\" decoding=\"async\" class=\" wp-image-77696 alignleft\" src=\"https:\/\/www.institutodeengenharia.org.br\/site\/wp-content\/uploads\/2021\/02\/crea.jpg\" alt=\"\" width=\"142\" height=\"100\" srcset=\"https:\/\/www.institutodeengenharia.org.br\/site\/wp-content\/uploads\/2021\/02\/crea.jpg 448w, https:\/\/www.institutodeengenharia.org.br\/site\/wp-content\/uploads\/2021\/02\/crea-300x211.jpg 300w, https:\/\/www.institutodeengenharia.org.br\/site\/wp-content\/uploads\/2021\/02\/crea-100x70.jpg 100w\" sizes=\"auto, (max-width: 142px) 100vw, 142px\" \/><\/p>\n<p>&nbsp;<\/p>\n<p>&nbsp;<\/p>\n<p>&nbsp;<\/p>\n<p><strong>Apoio \u00e0 forma\u00e7\u00e3o:\u00a0<\/strong><\/p>\n<p>Espa\u00e7o aberto ao CREA-SP, objetivando o aperfei\u00e7oamento dos profissionais e o aprimoramento da fiscaliza\u00e7\u00e3o das \u00e1reas abrangidas pelo Sistema Confea\/CREAs, al\u00e9m de promover a conscientiza\u00e7\u00e3o da sociedade quanto \u00e0 necessidade e obrigatoriedade de contratar um profissional devidamente habilitado.<\/p>\n<div style=\"width: 696px;\" class=\"wp-video\"><video class=\"wp-video-shortcode\" id=\"video-132515-1\" width=\"696\" height=\"394\" preload=\"metadata\" controls=\"controls\"><source type=\"video\/mp4\" src=\"https:\/\/www.institutodeengenharia.org.br\/site\/wp-content\/uploads\/2021\/03\/WhatsApp-Video-2020-08-10-at-12.02.02-1.mp4?_=1\" \/><a href=\"https:\/\/www.institutodeengenharia.org.br\/site\/wp-content\/uploads\/2021\/03\/WhatsApp-Video-2020-08-10-at-12.02.02-1.mp4\">https:\/\/www.institutodeengenharia.org.br\/site\/wp-content\/uploads\/2021\/03\/WhatsApp-Video-2020-08-10-at-12.02.02-1.mp4<\/a><\/video><\/div>\n<p>&nbsp;<\/p>\n","protected":false},"author":13,"featured_media":132521,"menu_order":0,"comment_status":"open","ping_status":"closed","template":"","meta":[],"tags":[],"event_type":[146,147,145],"event_type_2":[],"class_list":{"0":"post-132515","1":"ajde_events","2":"type-ajde_events","3":"status-publish","4":"has-post-thumbnail","6":"event_speaker-debora-rodrigues-pereira-dias-palestrante","7":"event_speaker-debora-sanches-de-a-marinello-participante-da-mesa","8":"event_speaker-felipe-lima-abertura","9":"event_speaker-stella-marys-della-flora-abertura-e-moderacao","10":"event_speaker-taina-vieira-volcov-participante-da-mesa","11":"event_location-evento-hibrido-presencial-instituto-de-engenharia-av-dr-dante-pazzanese-120-vila-mariana-sp-on-line-zoom-e-youtube-do-ie","12":"event_type-agenda","13":"event_type-geral","14":"event_type-palestras"},"yoast_head":"<!-- This site is optimized with the Yoast SEO plugin v27.2 - https:\/\/yoast.com\/product\/yoast-seo-wordpress\/ -->\n<title>Acessibilidade em condom\u00ednios residenciais \u2013 responsabilidade t\u00e9cnica na inspe\u00e7\u00e3o predial - Instituto de Engenharia<\/title>\n<meta name=\"robots\" content=\"index, follow, max-snippet:-1, max-image-preview:large, max-video-preview:-1\" \/>\n<link rel=\"canonical\" href=\"https:\/\/www.institutodeengenharia.org.br\/site\/events\/acessibilidade-em-condominios-residenciais-responsabilidade-tecnica-na-inspecao-predial\/\" \/>\n<meta property=\"og:locale\" content=\"pt_BR\" \/>\n<meta property=\"og:type\" content=\"article\" \/>\n<meta property=\"og:title\" content=\"Acessibilidade em condom\u00ednios residenciais \u2013 responsabilidade t\u00e9cnica na inspe\u00e7\u00e3o predial - Instituto de Engenharia\" \/>\n<meta property=\"og:description\" content=\"&nbsp; Abordagem:\u00a0 Responsabilidade de arquitetos e engenheiros na promo\u00e7\u00e3o da acessibilidade em condom\u00ednios, com foco na inspe\u00e7\u00e3o predial. P\u00fablico-alvo:\u00a0 Engenheiros, arquitetos, t\u00e9cnicos, estudantes e demais interessados. Realiza\u00e7\u00e3o: &nbsp; Eng. Jer\u00f4nimo Cabral Pereira Fagundes Neto \u2013 Vice-presidente de Atividades T\u00e9cnicas Eng.\u00aa D\u00e9bora Sanches de A. Marinello \u2013 Diretora do Departamento de Desenvolvimento de Gest\u00e3o e Objetivos [&hellip;]\" \/>\n<meta property=\"og:url\" content=\"https:\/\/www.institutodeengenharia.org.br\/site\/events\/acessibilidade-em-condominios-residenciais-responsabilidade-tecnica-na-inspecao-predial\/\" \/>\n<meta property=\"og:site_name\" content=\"Instituto de Engenharia\" \/>\n<meta property=\"article:publisher\" content=\"https:\/\/www.facebook.com\/institutodeengenharia\" \/>\n<meta property=\"article:modified_time\" content=\"2025-11-27T17:48:18+00:00\" \/>\n<meta property=\"og:image\" content=\"https:\/\/www.institutodeengenharia.org.br\/site\/wp-content\/uploads\/2025\/09\/Design-sem-nome-2025-09-12T154606.485.jpg\" \/>\n\t<meta property=\"og:image:width\" content=\"1920\" \/>\n\t<meta property=\"og:image:height\" content=\"1080\" \/>\n\t<meta property=\"og:image:type\" content=\"image\/jpeg\" \/>\n<meta name=\"twitter:card\" content=\"summary_large_image\" \/>\n<meta name=\"twitter:site\" content=\"@iengenharia\" \/>\n<meta name=\"twitter:label1\" content=\"Est. tempo de leitura\" \/>\n\t<meta name=\"twitter:data1\" content=\"3 minutos\" \/>\n<script type=\"application\/ld+json\" class=\"yoast-schema-graph\">{\"@context\":\"https:\/\/schema.org\",\"@graph\":[{\"@type\":\"WebPage\",\"@id\":\"https:\/\/www.institutodeengenharia.org.br\/site\/events\/acessibilidade-em-condominios-residenciais-responsabilidade-tecnica-na-inspecao-predial\/\",\"url\":\"https:\/\/www.institutodeengenharia.org.br\/site\/events\/acessibilidade-em-condominios-residenciais-responsabilidade-tecnica-na-inspecao-predial\/\",\"name\":\"Acessibilidade em condom\u00ednios residenciais \u2013 responsabilidade t\u00e9cnica na inspe\u00e7\u00e3o predial - Instituto de Engenharia\",\"isPartOf\":{\"@id\":\"https:\/\/www.institutodeengenharia.org.br\/site\/#website\"},\"primaryImageOfPage\":{\"@id\":\"https:\/\/www.institutodeengenharia.org.br\/site\/events\/acessibilidade-em-condominios-residenciais-responsabilidade-tecnica-na-inspecao-predial\/#primaryimage\"},\"image\":{\"@id\":\"https:\/\/www.institutodeengenharia.org.br\/site\/events\/acessibilidade-em-condominios-residenciais-responsabilidade-tecnica-na-inspecao-predial\/#primaryimage\"},\"thumbnailUrl\":\"https:\/\/www.institutodeengenharia.org.br\/site\/wp-content\/uploads\/2025\/09\/Design-sem-nome-2025-09-12T154606.485.jpg\",\"datePublished\":\"2025-09-12T18:45:30+00:00\",\"dateModified\":\"2025-11-27T17:48:18+00:00\",\"breadcrumb\":{\"@id\":\"https:\/\/www.institutodeengenharia.org.br\/site\/events\/acessibilidade-em-condominios-residenciais-responsabilidade-tecnica-na-inspecao-predial\/#breadcrumb\"},\"inLanguage\":\"pt-BR\",\"potentialAction\":[{\"@type\":\"ReadAction\",\"target\":[\"https:\/\/www.institutodeengenharia.org.br\/site\/events\/acessibilidade-em-condominios-residenciais-responsabilidade-tecnica-na-inspecao-predial\/\"]}]},{\"@type\":\"ImageObject\",\"inLanguage\":\"pt-BR\",\"@id\":\"https:\/\/www.institutodeengenharia.org.br\/site\/events\/acessibilidade-em-condominios-residenciais-responsabilidade-tecnica-na-inspecao-predial\/#primaryimage\",\"url\":\"https:\/\/www.institutodeengenharia.org.br\/site\/wp-content\/uploads\/2025\/09\/Design-sem-nome-2025-09-12T154606.485.jpg\",\"contentUrl\":\"https:\/\/www.institutodeengenharia.org.br\/site\/wp-content\/uploads\/2025\/09\/Design-sem-nome-2025-09-12T154606.485.jpg\",\"width\":1920,\"height\":1080},{\"@type\":\"BreadcrumbList\",\"@id\":\"https:\/\/www.institutodeengenharia.org.br\/site\/events\/acessibilidade-em-condominios-residenciais-responsabilidade-tecnica-na-inspecao-predial\/#breadcrumb\",\"itemListElement\":[{\"@type\":\"ListItem\",\"position\":1,\"name\":\"In\u00edcio\",\"item\":\"https:\/\/www.institutodeengenharia.org.br\/site\/\"},{\"@type\":\"ListItem\",\"position\":2,\"name\":\"Eventos\",\"item\":\"https:\/\/www.institutodeengenharia.org.br\/site\/events\/\"},{\"@type\":\"ListItem\",\"position\":3,\"name\":\"Acessibilidade em condom\u00ednios residenciais \u2013 responsabilidade t\u00e9cnica na inspe\u00e7\u00e3o predial\"}]},{\"@type\":\"WebSite\",\"@id\":\"https:\/\/www.institutodeengenharia.org.br\/site\/#website\",\"url\":\"https:\/\/www.institutodeengenharia.org.br\/site\/\",\"name\":\"Instituto de Engenharia\",\"description\":\"O Instituto de Engenharia promove a Engenharia em benef\u00edcio do desenvolvimento e da qualidade de vida da sociedade.\",\"publisher\":{\"@id\":\"https:\/\/www.institutodeengenharia.org.br\/site\/#organization\"},\"potentialAction\":[{\"@type\":\"SearchAction\",\"target\":{\"@type\":\"EntryPoint\",\"urlTemplate\":\"https:\/\/www.institutodeengenharia.org.br\/site\/?s={search_term_string}\"},\"query-input\":{\"@type\":\"PropertyValueSpecification\",\"valueRequired\":true,\"valueName\":\"search_term_string\"}}],\"inLanguage\":\"pt-BR\"},{\"@type\":\"Organization\",\"@id\":\"https:\/\/www.institutodeengenharia.org.br\/site\/#organization\",\"name\":\"Instituto de Engenharia\",\"url\":\"https:\/\/www.institutodeengenharia.org.br\/site\/\",\"logo\":{\"@type\":\"ImageObject\",\"inLanguage\":\"pt-BR\",\"@id\":\"https:\/\/www.institutodeengenharia.org.br\/site\/#\/schema\/logo\/image\/\",\"url\":\"https:\/\/www.institutodeengenharia.org.br\/site\/wp-content\/uploads\/2019\/03\/logo-novo-IE2018-1.jpg\",\"contentUrl\":\"https:\/\/www.institutodeengenharia.org.br\/site\/wp-content\/uploads\/2019\/03\/logo-novo-IE2018-1.jpg\",\"width\":1486,\"height\":1879,\"caption\":\"Instituto de Engenharia\"},\"image\":{\"@id\":\"https:\/\/www.institutodeengenharia.org.br\/site\/#\/schema\/logo\/image\/\"},\"sameAs\":[\"https:\/\/www.facebook.com\/institutodeengenharia\",\"https:\/\/x.com\/iengenharia\",\"https:\/\/www.instagram.com\/institutodeengenharia\/\",\"https:\/\/www.linkedin.com\/company\/instituto-de-engenharia\/\",\"https:\/\/www.youtube.com\/channel\/UCXiCAlsSMe977vamW915HxA\"]}]}<\/script>\n<!-- \/ Yoast SEO plugin. -->","yoast_head_json":{"title":"Acessibilidade em condom\u00ednios residenciais \u2013 responsabilidade t\u00e9cnica na inspe\u00e7\u00e3o predial - Instituto de Engenharia","robots":{"index":"index","follow":"follow","max-snippet":"max-snippet:-1","max-image-preview":"max-image-preview:large","max-video-preview":"max-video-preview:-1"},"canonical":"https:\/\/www.institutodeengenharia.org.br\/site\/events\/acessibilidade-em-condominios-residenciais-responsabilidade-tecnica-na-inspecao-predial\/","og_locale":"pt_BR","og_type":"article","og_title":"Acessibilidade em condom\u00ednios residenciais \u2013 responsabilidade t\u00e9cnica na inspe\u00e7\u00e3o predial - Instituto de Engenharia","og_description":"&nbsp; Abordagem:\u00a0 Responsabilidade de arquitetos e engenheiros na promo\u00e7\u00e3o da acessibilidade em condom\u00ednios, com foco na inspe\u00e7\u00e3o predial. P\u00fablico-alvo:\u00a0 Engenheiros, arquitetos, t\u00e9cnicos, estudantes e demais interessados. Realiza\u00e7\u00e3o: &nbsp; Eng. Jer\u00f4nimo Cabral Pereira Fagundes Neto \u2013 Vice-presidente de Atividades T\u00e9cnicas Eng.\u00aa D\u00e9bora Sanches de A. Marinello \u2013 Diretora do Departamento de Desenvolvimento de Gest\u00e3o e Objetivos [&hellip;]","og_url":"https:\/\/www.institutodeengenharia.org.br\/site\/events\/acessibilidade-em-condominios-residenciais-responsabilidade-tecnica-na-inspecao-predial\/","og_site_name":"Instituto de Engenharia","article_publisher":"https:\/\/www.facebook.com\/institutodeengenharia","article_modified_time":"2025-11-27T17:48:18+00:00","og_image":[{"width":1920,"height":1080,"url":"https:\/\/www.institutodeengenharia.org.br\/site\/wp-content\/uploads\/2025\/09\/Design-sem-nome-2025-09-12T154606.485.jpg","type":"image\/jpeg"}],"twitter_card":"summary_large_image","twitter_site":"@iengenharia","twitter_misc":{"Est. tempo de leitura":"3 minutos"},"schema":{"@context":"https:\/\/schema.org","@graph":[{"@type":"WebPage","@id":"https:\/\/www.institutodeengenharia.org.br\/site\/events\/acessibilidade-em-condominios-residenciais-responsabilidade-tecnica-na-inspecao-predial\/","url":"https:\/\/www.institutodeengenharia.org.br\/site\/events\/acessibilidade-em-condominios-residenciais-responsabilidade-tecnica-na-inspecao-predial\/","name":"Acessibilidade em condom\u00ednios residenciais \u2013 responsabilidade t\u00e9cnica na inspe\u00e7\u00e3o predial - Instituto de Engenharia","isPartOf":{"@id":"https:\/\/www.institutodeengenharia.org.br\/site\/#website"},"primaryImageOfPage":{"@id":"https:\/\/www.institutodeengenharia.org.br\/site\/events\/acessibilidade-em-condominios-residenciais-responsabilidade-tecnica-na-inspecao-predial\/#primaryimage"},"image":{"@id":"https:\/\/www.institutodeengenharia.org.br\/site\/events\/acessibilidade-em-condominios-residenciais-responsabilidade-tecnica-na-inspecao-predial\/#primaryimage"},"thumbnailUrl":"https:\/\/www.institutodeengenharia.org.br\/site\/wp-content\/uploads\/2025\/09\/Design-sem-nome-2025-09-12T154606.485.jpg","datePublished":"2025-09-12T18:45:30+00:00","dateModified":"2025-11-27T17:48:18+00:00","breadcrumb":{"@id":"https:\/\/www.institutodeengenharia.org.br\/site\/events\/acessibilidade-em-condominios-residenciais-responsabilidade-tecnica-na-inspecao-predial\/#breadcrumb"},"inLanguage":"pt-BR","potentialAction":[{"@type":"ReadAction","target":["https:\/\/www.institutodeengenharia.org.br\/site\/events\/acessibilidade-em-condominios-residenciais-responsabilidade-tecnica-na-inspecao-predial\/"]}]},{"@type":"ImageObject","inLanguage":"pt-BR","@id":"https:\/\/www.institutodeengenharia.org.br\/site\/events\/acessibilidade-em-condominios-residenciais-responsabilidade-tecnica-na-inspecao-predial\/#primaryimage","url":"https:\/\/www.institutodeengenharia.org.br\/site\/wp-content\/uploads\/2025\/09\/Design-sem-nome-2025-09-12T154606.485.jpg","contentUrl":"https:\/\/www.institutodeengenharia.org.br\/site\/wp-content\/uploads\/2025\/09\/Design-sem-nome-2025-09-12T154606.485.jpg","width":1920,"height":1080},{"@type":"BreadcrumbList","@id":"https:\/\/www.institutodeengenharia.org.br\/site\/events\/acessibilidade-em-condominios-residenciais-responsabilidade-tecnica-na-inspecao-predial\/#breadcrumb","itemListElement":[{"@type":"ListItem","position":1,"name":"In\u00edcio","item":"https:\/\/www.institutodeengenharia.org.br\/site\/"},{"@type":"ListItem","position":2,"name":"Eventos","item":"https:\/\/www.institutodeengenharia.org.br\/site\/events\/"},{"@type":"ListItem","position":3,"name":"Acessibilidade em condom\u00ednios residenciais \u2013 responsabilidade t\u00e9cnica na inspe\u00e7\u00e3o predial"}]},{"@type":"WebSite","@id":"https:\/\/www.institutodeengenharia.org.br\/site\/#website","url":"https:\/\/www.institutodeengenharia.org.br\/site\/","name":"Instituto de Engenharia","description":"O Instituto de Engenharia promove a Engenharia em benef\u00edcio do desenvolvimento e da qualidade de vida da sociedade.","publisher":{"@id":"https:\/\/www.institutodeengenharia.org.br\/site\/#organization"},"potentialAction":[{"@type":"SearchAction","target":{"@type":"EntryPoint","urlTemplate":"https:\/\/www.institutodeengenharia.org.br\/site\/?s={search_term_string}"},"query-input":{"@type":"PropertyValueSpecification","valueRequired":true,"valueName":"search_term_string"}}],"inLanguage":"pt-BR"},{"@type":"Organization","@id":"https:\/\/www.institutodeengenharia.org.br\/site\/#organization","name":"Instituto de Engenharia","url":"https:\/\/www.institutodeengenharia.org.br\/site\/","logo":{"@type":"ImageObject","inLanguage":"pt-BR","@id":"https:\/\/www.institutodeengenharia.org.br\/site\/#\/schema\/logo\/image\/","url":"https:\/\/www.institutodeengenharia.org.br\/site\/wp-content\/uploads\/2019\/03\/logo-novo-IE2018-1.jpg","contentUrl":"https:\/\/www.institutodeengenharia.org.br\/site\/wp-content\/uploads\/2019\/03\/logo-novo-IE2018-1.jpg","width":1486,"height":1879,"caption":"Instituto de Engenharia"},"image":{"@id":"https:\/\/www.institutodeengenharia.org.br\/site\/#\/schema\/logo\/image\/"},"sameAs":["https:\/\/www.facebook.com\/institutodeengenharia","https:\/\/x.com\/iengenharia","https:\/\/www.instagram.com\/institutodeengenharia\/","https:\/\/www.linkedin.com\/company\/instituto-de-engenharia\/","https:\/\/www.youtube.com\/channel\/UCXiCAlsSMe977vamW915HxA"]}]}},"_links":{"self":[{"href":"https:\/\/www.institutodeengenharia.org.br\/site\/wp-json\/wp\/v2\/ajde_events\/132515","targetHints":{"allow":["GET"]}}],"collection":[{"href":"https:\/\/www.institutodeengenharia.org.br\/site\/wp-json\/wp\/v2\/ajde_events"}],"about":[{"href":"https:\/\/www.institutodeengenharia.org.br\/site\/wp-json\/wp\/v2\/types\/ajde_events"}],"author":[{"embeddable":true,"href":"https:\/\/www.institutodeengenharia.org.br\/site\/wp-json\/wp\/v2\/users\/13"}],"replies":[{"embeddable":true,"href":"https:\/\/www.institutodeengenharia.org.br\/site\/wp-json\/wp\/v2\/comments?post=132515"}],"wp:featuredmedia":[{"embeddable":true,"href":"https:\/\/www.institutodeengenharia.org.br\/site\/wp-json\/wp\/v2\/media\/132521"}],"wp:attachment":[{"href":"https:\/\/www.institutodeengenharia.org.br\/site\/wp-json\/wp\/v2\/media?parent=132515"}],"wp:term":[{"taxonomy":"post_tag","embeddable":true,"href":"https:\/\/www.institutodeengenharia.org.br\/site\/wp-json\/wp\/v2\/tags?post=132515"},{"taxonomy":"event_type","embeddable":true,"href":"https:\/\/www.institutodeengenharia.org.br\/site\/wp-json\/wp\/v2\/event_type?post=132515"},{"taxonomy":"event_type_2","embeddable":true,"href":"https:\/\/www.institutodeengenharia.org.br\/site\/wp-json\/wp\/v2\/event_type_2?post=132515"}],"curies":[{"name":"wp","href":"https:\/\/api.w.org\/{rel}","templated":true}]}}