{"id":132165,"date":"2025-09-05T14:01:11","date_gmt":"2025-09-05T17:01:11","guid":{"rendered":"https:\/\/www.institutodeengenharia.org.br\/site\/?post_type=ajde_events&#038;p=132165"},"modified":"2025-09-05T14:01:11","modified_gmt":"2025-09-05T17:01:11","slug":"construser-2025","status":"publish","type":"ajde_events","link":"https:\/\/www.institutodeengenharia.org.br\/site\/events\/construser-2025\/","title":{"rendered":"ConstruSER 2025"},"content":{"rendered":"<p><a href=\"https:\/\/sindusconsp.com.br\/eventos\/construser2025\/\"><img loading=\"lazy\" decoding=\"async\" class=\" wp-image-79804 aligncenter\" src=\"https:\/\/www.institutodeengenharia.org.br\/site\/wp-content\/uploads\/2021\/04\/clique-saiba-mais.png\" alt=\"\" width=\"208\" height=\"114\" srcset=\"https:\/\/www.institutodeengenharia.org.br\/site\/wp-content\/uploads\/2021\/04\/clique-saiba-mais.png 338w, https:\/\/www.institutodeengenharia.org.br\/site\/wp-content\/uploads\/2021\/04\/clique-saiba-mais-300x164.png 300w\" sizes=\"auto, (max-width: 208px) 100vw, 208px\" \/><\/a><\/p>\n<div id=\"comp-ltx0wsbr\" class=\"HcOXKn c9GqVL QxJLC3 comp-ltx0wsbr wixui-rich-text\" data-testid=\"richTextElement\">\n<h5 style=\"text-align: center;\"><span class=\"color_37 wixui-rich-text__text\"><span class=\"wixui-rich-text__text\">TEMA DO ANO<\/span><\/span><br class=\"wixui-rich-text__text\" \/>\u201cTrabalhadores, voc\u00eas constroem o Brasil\u201d<\/h5>\n<h3 class=\"font_2 wixui-rich-text__text\"><strong><span class=\"wixui-rich-text__text\">O que \u00e9 o ConstruSER?<\/span><\/strong><\/h3>\n<\/div>\n<div id=\"comp-ltwxn33x\" class=\"HcOXKn c9GqVL QxJLC3 comp-ltwxn33x wixui-rich-text\" data-testid=\"richTextElement\">\n<p class=\"font_7 wixui-rich-text__text\"><span class=\"wixui-rich-text__text\">Consciente de que a responsabilidade social das empresas come\u00e7a com o respeito aos seus funcion\u00e1rios, o SindusCon-SP criou o ConstruSER (Encontro Estadual da Constru\u00e7\u00e3o Civil em Fam\u00edlia), programa que valoriza e inclui socialmente o trabalhador da constru\u00e7\u00e3o civil e incentiva a intera\u00e7\u00e3o com seus familiares.<br class=\"wixui-rich-text__text\" \/><br class=\"wixui-rich-text__text\" \/>Com este intuito, o 1\u00ba ConstruSer ocorreu em 26 de abril de 2008, totalizando mais de 18 mil participantes, entre adultos e crian\u00e7as, em todo o Estado de S\u00e3o Paulo.<br class=\"wixui-rich-text__text\" \/><br class=\"wixui-rich-text__text\" \/>Com a repercuss\u00e3o e os resultados positivos alcan\u00e7ados, o SindusCon-SP incluiu em 2009 o evento em sua programa\u00e7\u00e3o, que vem se consagrando em suas a\u00e7\u00f5es.<br class=\"wixui-rich-text__text\" \/><br class=\"wixui-rich-text__text\" \/>Desde ent\u00e3o, at\u00e9 2023 ano da retomada ap\u00f3s pausa de tr\u00eas anos devido a pandemia de Covid-19, o ConstruSer j\u00e1 recebeu 352.906 trabalhadores da constru\u00e7\u00e3o civil e seus familiares, gerando 3.455.160 atendimentos de 790 atividades oferecidas gratuitamente ao longo de um dia inteiro voltado a lazer, cultura, sa\u00fade, educa\u00e7\u00e3o, cidadania, melhoria da qualidade de vida, eleva\u00e7\u00e3o da autoestima e incentivo ao conv\u00edvio familiar.<br class=\"wixui-rich-text__text\" \/><\/span><\/p>\n<p class=\"font_7 wixui-rich-text__text\"><span class=\"wixui-rich-text__text\">Chegamos \u00e0 15\u00aa edi\u00e7\u00e3o do ConstruSer.<\/span><\/p>\n<p class=\"font_7 wixui-rich-text__text\">\n<\/div>\n","protected":false},"author":13,"featured_media":132166,"menu_order":0,"comment_status":"open","ping_status":"closed","template":"","meta":[],"tags":[],"event_type":[146,160],"event_type_2":[],"class_list":{"0":"post-132165","1":"ajde_events","2":"type-ajde_events","3":"status-publish","4":"has-post-thumbnail","6":"event_location-santo-andre-s-bernardo-do-campo-cat-albano-franco-r-suecia-900-assuncao-sao-bernardo-do-campo-sp-09861-610-brasil","7":"event_type-agenda","8":"event_type-apoio-institucional"},"yoast_head":"<!-- This site is optimized with the Yoast SEO plugin v27.2 - https:\/\/yoast.com\/product\/yoast-seo-wordpress\/ -->\n<title>ConstruSER 2025 - Instituto de Engenharia<\/title>\n<meta name=\"robots\" content=\"index, follow, max-snippet:-1, max-image-preview:large, max-video-preview:-1\" \/>\n<link rel=\"canonical\" href=\"https:\/\/www.institutodeengenharia.org.br\/site\/events\/construser-2025\/\" \/>\n<meta property=\"og:locale\" content=\"pt_BR\" \/>\n<meta property=\"og:type\" content=\"article\" \/>\n<meta property=\"og:title\" content=\"ConstruSER 2025 - Instituto de Engenharia\" \/>\n<meta property=\"og:description\" content=\"TEMA DO ANO\u201cTrabalhadores, voc\u00eas constroem o Brasil\u201d O que \u00e9 o ConstruSER? Consciente de que a responsabilidade social das empresas come\u00e7a com o respeito aos seus funcion\u00e1rios, o SindusCon-SP criou o ConstruSER (Encontro Estadual da Constru\u00e7\u00e3o Civil em Fam\u00edlia), programa que valoriza e inclui socialmente o trabalhador da constru\u00e7\u00e3o civil e incentiva a intera\u00e7\u00e3o com [&hellip;]\" \/>\n<meta property=\"og:url\" content=\"https:\/\/www.institutodeengenharia.org.br\/site\/events\/construser-2025\/\" \/>\n<meta property=\"og:site_name\" content=\"Instituto de Engenharia\" \/>\n<meta property=\"article:publisher\" content=\"https:\/\/www.facebook.com\/institutodeengenharia\" \/>\n<meta property=\"og:image\" content=\"https:\/\/www.institutodeengenharia.org.br\/site\/wp-content\/uploads\/2025\/09\/imagem_site_1280x740_Construser2025.png\" \/>\n\t<meta property=\"og:image:width\" content=\"1280\" \/>\n\t<meta property=\"og:image:height\" content=\"740\" \/>\n\t<meta property=\"og:image:type\" content=\"image\/png\" \/>\n<meta name=\"twitter:card\" content=\"summary_large_image\" \/>\n<meta name=\"twitter:site\" content=\"@iengenharia\" \/>\n<meta name=\"twitter:label1\" content=\"Est. tempo de leitura\" \/>\n\t<meta name=\"twitter:data1\" content=\"2 minutos\" \/>\n<script type=\"application\/ld+json\" class=\"yoast-schema-graph\">{\"@context\":\"https:\/\/schema.org\",\"@graph\":[{\"@type\":\"WebPage\",\"@id\":\"https:\/\/www.institutodeengenharia.org.br\/site\/events\/construser-2025\/\",\"url\":\"https:\/\/www.institutodeengenharia.org.br\/site\/events\/construser-2025\/\",\"name\":\"ConstruSER 2025 - Instituto de Engenharia\",\"isPartOf\":{\"@id\":\"https:\/\/www.institutodeengenharia.org.br\/site\/#website\"},\"primaryImageOfPage\":{\"@id\":\"https:\/\/www.institutodeengenharia.org.br\/site\/events\/construser-2025\/#primaryimage\"},\"image\":{\"@id\":\"https:\/\/www.institutodeengenharia.org.br\/site\/events\/construser-2025\/#primaryimage\"},\"thumbnailUrl\":\"https:\/\/www.institutodeengenharia.org.br\/site\/wp-content\/uploads\/2025\/09\/imagem_site_1280x740_Construser2025.png\",\"datePublished\":\"2025-09-05T17:01:11+00:00\",\"breadcrumb\":{\"@id\":\"https:\/\/www.institutodeengenharia.org.br\/site\/events\/construser-2025\/#breadcrumb\"},\"inLanguage\":\"pt-BR\",\"potentialAction\":[{\"@type\":\"ReadAction\",\"target\":[\"https:\/\/www.institutodeengenharia.org.br\/site\/events\/construser-2025\/\"]}]},{\"@type\":\"ImageObject\",\"inLanguage\":\"pt-BR\",\"@id\":\"https:\/\/www.institutodeengenharia.org.br\/site\/events\/construser-2025\/#primaryimage\",\"url\":\"https:\/\/www.institutodeengenharia.org.br\/site\/wp-content\/uploads\/2025\/09\/imagem_site_1280x740_Construser2025.png\",\"contentUrl\":\"https:\/\/www.institutodeengenharia.org.br\/site\/wp-content\/uploads\/2025\/09\/imagem_site_1280x740_Construser2025.png\",\"width\":1280,\"height\":740},{\"@type\":\"BreadcrumbList\",\"@id\":\"https:\/\/www.institutodeengenharia.org.br\/site\/events\/construser-2025\/#breadcrumb\",\"itemListElement\":[{\"@type\":\"ListItem\",\"position\":1,\"name\":\"In\u00edcio\",\"item\":\"https:\/\/www.institutodeengenharia.org.br\/site\/\"},{\"@type\":\"ListItem\",\"position\":2,\"name\":\"Eventos\",\"item\":\"https:\/\/www.institutodeengenharia.org.br\/site\/events\/\"},{\"@type\":\"ListItem\",\"position\":3,\"name\":\"ConstruSER 2025\"}]},{\"@type\":\"WebSite\",\"@id\":\"https:\/\/www.institutodeengenharia.org.br\/site\/#website\",\"url\":\"https:\/\/www.institutodeengenharia.org.br\/site\/\",\"name\":\"Instituto de Engenharia\",\"description\":\"O Instituto de Engenharia promove a Engenharia em benef\u00edcio do desenvolvimento e da qualidade de vida da sociedade.\",\"publisher\":{\"@id\":\"https:\/\/www.institutodeengenharia.org.br\/site\/#organization\"},\"potentialAction\":[{\"@type\":\"SearchAction\",\"target\":{\"@type\":\"EntryPoint\",\"urlTemplate\":\"https:\/\/www.institutodeengenharia.org.br\/site\/?s={search_term_string}\"},\"query-input\":{\"@type\":\"PropertyValueSpecification\",\"valueRequired\":true,\"valueName\":\"search_term_string\"}}],\"inLanguage\":\"pt-BR\"},{\"@type\":\"Organization\",\"@id\":\"https:\/\/www.institutodeengenharia.org.br\/site\/#organization\",\"name\":\"Instituto de Engenharia\",\"url\":\"https:\/\/www.institutodeengenharia.org.br\/site\/\",\"logo\":{\"@type\":\"ImageObject\",\"inLanguage\":\"pt-BR\",\"@id\":\"https:\/\/www.institutodeengenharia.org.br\/site\/#\/schema\/logo\/image\/\",\"url\":\"https:\/\/www.institutodeengenharia.org.br\/site\/wp-content\/uploads\/2019\/03\/logo-novo-IE2018-1.jpg\",\"contentUrl\":\"https:\/\/www.institutodeengenharia.org.br\/site\/wp-content\/uploads\/2019\/03\/logo-novo-IE2018-1.jpg\",\"width\":1486,\"height\":1879,\"caption\":\"Instituto de Engenharia\"},\"image\":{\"@id\":\"https:\/\/www.institutodeengenharia.org.br\/site\/#\/schema\/logo\/image\/\"},\"sameAs\":[\"https:\/\/www.facebook.com\/institutodeengenharia\",\"https:\/\/x.com\/iengenharia\",\"https:\/\/www.instagram.com\/institutodeengenharia\/\",\"https:\/\/www.linkedin.com\/company\/instituto-de-engenharia\/\",\"https:\/\/www.youtube.com\/channel\/UCXiCAlsSMe977vamW915HxA\"]}]}<\/script>\n<!-- \/ Yoast SEO plugin. -->","yoast_head_json":{"title":"ConstruSER 2025 - Instituto de Engenharia","robots":{"index":"index","follow":"follow","max-snippet":"max-snippet:-1","max-image-preview":"max-image-preview:large","max-video-preview":"max-video-preview:-1"},"canonical":"https:\/\/www.institutodeengenharia.org.br\/site\/events\/construser-2025\/","og_locale":"pt_BR","og_type":"article","og_title":"ConstruSER 2025 - Instituto de Engenharia","og_description":"TEMA DO ANO\u201cTrabalhadores, voc\u00eas constroem o Brasil\u201d O que \u00e9 o ConstruSER? Consciente de que a responsabilidade social das empresas come\u00e7a com o respeito aos seus funcion\u00e1rios, o SindusCon-SP criou o ConstruSER (Encontro Estadual da Constru\u00e7\u00e3o Civil em Fam\u00edlia), programa que valoriza e inclui socialmente o trabalhador da constru\u00e7\u00e3o civil e incentiva a intera\u00e7\u00e3o com [&hellip;]","og_url":"https:\/\/www.institutodeengenharia.org.br\/site\/events\/construser-2025\/","og_site_name":"Instituto de Engenharia","article_publisher":"https:\/\/www.facebook.com\/institutodeengenharia","og_image":[{"width":1280,"height":740,"url":"https:\/\/www.institutodeengenharia.org.br\/site\/wp-content\/uploads\/2025\/09\/imagem_site_1280x740_Construser2025.png","type":"image\/png"}],"twitter_card":"summary_large_image","twitter_site":"@iengenharia","twitter_misc":{"Est. tempo de leitura":"2 minutos"},"schema":{"@context":"https:\/\/schema.org","@graph":[{"@type":"WebPage","@id":"https:\/\/www.institutodeengenharia.org.br\/site\/events\/construser-2025\/","url":"https:\/\/www.institutodeengenharia.org.br\/site\/events\/construser-2025\/","name":"ConstruSER 2025 - Instituto de Engenharia","isPartOf":{"@id":"https:\/\/www.institutodeengenharia.org.br\/site\/#website"},"primaryImageOfPage":{"@id":"https:\/\/www.institutodeengenharia.org.br\/site\/events\/construser-2025\/#primaryimage"},"image":{"@id":"https:\/\/www.institutodeengenharia.org.br\/site\/events\/construser-2025\/#primaryimage"},"thumbnailUrl":"https:\/\/www.institutodeengenharia.org.br\/site\/wp-content\/uploads\/2025\/09\/imagem_site_1280x740_Construser2025.png","datePublished":"2025-09-05T17:01:11+00:00","breadcrumb":{"@id":"https:\/\/www.institutodeengenharia.org.br\/site\/events\/construser-2025\/#breadcrumb"},"inLanguage":"pt-BR","potentialAction":[{"@type":"ReadAction","target":["https:\/\/www.institutodeengenharia.org.br\/site\/events\/construser-2025\/"]}]},{"@type":"ImageObject","inLanguage":"pt-BR","@id":"https:\/\/www.institutodeengenharia.org.br\/site\/events\/construser-2025\/#primaryimage","url":"https:\/\/www.institutodeengenharia.org.br\/site\/wp-content\/uploads\/2025\/09\/imagem_site_1280x740_Construser2025.png","contentUrl":"https:\/\/www.institutodeengenharia.org.br\/site\/wp-content\/uploads\/2025\/09\/imagem_site_1280x740_Construser2025.png","width":1280,"height":740},{"@type":"BreadcrumbList","@id":"https:\/\/www.institutodeengenharia.org.br\/site\/events\/construser-2025\/#breadcrumb","itemListElement":[{"@type":"ListItem","position":1,"name":"In\u00edcio","item":"https:\/\/www.institutodeengenharia.org.br\/site\/"},{"@type":"ListItem","position":2,"name":"Eventos","item":"https:\/\/www.institutodeengenharia.org.br\/site\/events\/"},{"@type":"ListItem","position":3,"name":"ConstruSER 2025"}]},{"@type":"WebSite","@id":"https:\/\/www.institutodeengenharia.org.br\/site\/#website","url":"https:\/\/www.institutodeengenharia.org.br\/site\/","name":"Instituto de Engenharia","description":"O Instituto de Engenharia promove a Engenharia em benef\u00edcio do desenvolvimento e da qualidade de vida da sociedade.","publisher":{"@id":"https:\/\/www.institutodeengenharia.org.br\/site\/#organization"},"potentialAction":[{"@type":"SearchAction","target":{"@type":"EntryPoint","urlTemplate":"https:\/\/www.institutodeengenharia.org.br\/site\/?s={search_term_string}"},"query-input":{"@type":"PropertyValueSpecification","valueRequired":true,"valueName":"search_term_string"}}],"inLanguage":"pt-BR"},{"@type":"Organization","@id":"https:\/\/www.institutodeengenharia.org.br\/site\/#organization","name":"Instituto de Engenharia","url":"https:\/\/www.institutodeengenharia.org.br\/site\/","logo":{"@type":"ImageObject","inLanguage":"pt-BR","@id":"https:\/\/www.institutodeengenharia.org.br\/site\/#\/schema\/logo\/image\/","url":"https:\/\/www.institutodeengenharia.org.br\/site\/wp-content\/uploads\/2019\/03\/logo-novo-IE2018-1.jpg","contentUrl":"https:\/\/www.institutodeengenharia.org.br\/site\/wp-content\/uploads\/2019\/03\/logo-novo-IE2018-1.jpg","width":1486,"height":1879,"caption":"Instituto de Engenharia"},"image":{"@id":"https:\/\/www.institutodeengenharia.org.br\/site\/#\/schema\/logo\/image\/"},"sameAs":["https:\/\/www.facebook.com\/institutodeengenharia","https:\/\/x.com\/iengenharia","https:\/\/www.instagram.com\/institutodeengenharia\/","https:\/\/www.linkedin.com\/company\/instituto-de-engenharia\/","https:\/\/www.youtube.com\/channel\/UCXiCAlsSMe977vamW915HxA"]}]}},"_links":{"self":[{"href":"https:\/\/www.institutodeengenharia.org.br\/site\/wp-json\/wp\/v2\/ajde_events\/132165","targetHints":{"allow":["GET"]}}],"collection":[{"href":"https:\/\/www.institutodeengenharia.org.br\/site\/wp-json\/wp\/v2\/ajde_events"}],"about":[{"href":"https:\/\/www.institutodeengenharia.org.br\/site\/wp-json\/wp\/v2\/types\/ajde_events"}],"author":[{"embeddable":true,"href":"https:\/\/www.institutodeengenharia.org.br\/site\/wp-json\/wp\/v2\/users\/13"}],"replies":[{"embeddable":true,"href":"https:\/\/www.institutodeengenharia.org.br\/site\/wp-json\/wp\/v2\/comments?post=132165"}],"wp:featuredmedia":[{"embeddable":true,"href":"https:\/\/www.institutodeengenharia.org.br\/site\/wp-json\/wp\/v2\/media\/132166"}],"wp:attachment":[{"href":"https:\/\/www.institutodeengenharia.org.br\/site\/wp-json\/wp\/v2\/media?parent=132165"}],"wp:term":[{"taxonomy":"post_tag","embeddable":true,"href":"https:\/\/www.institutodeengenharia.org.br\/site\/wp-json\/wp\/v2\/tags?post=132165"},{"taxonomy":"event_type","embeddable":true,"href":"https:\/\/www.institutodeengenharia.org.br\/site\/wp-json\/wp\/v2\/event_type?post=132165"},{"taxonomy":"event_type_2","embeddable":true,"href":"https:\/\/www.institutodeengenharia.org.br\/site\/wp-json\/wp\/v2\/event_type_2?post=132165"}],"curies":[{"name":"wp","href":"https:\/\/api.w.org\/{rel}","templated":true}]}}