{"id":129150,"date":"2025-05-28T12:08:57","date_gmt":"2025-05-28T15:08:57","guid":{"rendered":"https:\/\/www.institutodeengenharia.org.br\/site\/?post_type=ajde_events&#038;p=129150"},"modified":"2025-07-04T10:11:40","modified_gmt":"2025-07-04T13:11:40","slug":"horizonte-de-oportunidades-no-og-brasileiro","status":"publish","type":"ajde_events","link":"https:\/\/www.institutodeengenharia.org.br\/site\/events\/horizonte-de-oportunidades-no-og-brasileiro\/","title":{"rendered":"Horizonte de Oportunidades no O&#038;G Brasileiro"},"content":{"rendered":"<p style=\"text-align: center;\"><a href=\"https:\/\/www.institutodeengenharia.org.br\/site\/2025\/06\/24\/horizonte-de-oportunidades-no-og-brasileiro\/\"><img loading=\"lazy\" decoding=\"async\" class=\" wp-image-63985 aligncenter\" src=\"https:\/\/www.institutodeengenharia.org.br\/site\/wp-content\/uploads\/2020\/04\/clique-e-assista-\u00e0-grava\u00e7\u00e3o-do-evento.jpg\" alt=\"\" width=\"231\" height=\"92\" \/><\/a><\/p>\n<p><strong>Contexto: <\/strong><\/p>\n<p>Engenharia b\u00e1sica nacional na reposi\u00e7\u00e3o de reservas nas novas fronteiras de E&amp;P \u2013 Margem Equatorial e Bacia de Pelotas.<\/p>\n<p><strong>Abordagem:\u00a0<\/strong><\/p>\n<p>A Margem Equatorial e a Bacia de Pelotas representam grandes oportunidades de expans\u00e3o energ\u00e9tica e econ\u00f4mica para o Brasil. O fortalecimento da engenharia b\u00e1sica nacional \u00e9 um elemento-chave para garantir que esses projetos sejam sustent\u00e1veis, eficientes e geradores de valor local.<\/p>\n<p style=\"text-align: center;\"><strong>Programa\u00e7\u00e3o:\u00a0<\/strong><\/p>\n<p><strong>13h30<\/strong> &#8211; Credenciamento &amp; Welcome Coffee<\/p>\n<p><strong>14h30<\/strong> &#8211; Composi\u00e7\u00e3o da mesa<\/p>\n<p>Jos\u00e9 Eduardo Frasc\u00e1 Poyares Jardim \u2013 Presidente do Instituto de Engenharia<\/p>\n<p>Wagner Victer &#8211; Gerente-executivo de Programas Estruturantes da Petrobras<\/p>\n<p>Henrique Arag\u00e3o &#8211; Presidente do Conselho de Administra\u00e7\u00e3o da Associa\u00e7\u00e3o Brasileira de Consultores de Engenharia<\/p>\n<p>Marisa Maia de Barros &#8211; Subsecret\u00e1ria de Energia e Minera\u00e7\u00e3o na Secretaria de Meio Ambiente, Infraestrutura e Log\u00edstica do Governo do Estado de S\u00e3o Paulo<\/p>\n<p>Idarilho do Nascimento &#8211; Presidente do Conselho \u00d3leo e G\u00e1s da ABIMAQ e diretor de Rela\u00e7\u00f5es Institucionais da Tenaris<\/p>\n<p>Ronaldo Martins &#8211; S\u00f3cio-diretor da ENSOTEC<\/p>\n<p>Cynthia Silveira &#8211; Diretora-geral da ONIP<\/p>\n<p>Thiago Camargo &#8211; Diretor de Projetos de Investimentos da InvestSP<\/p>\n<p><em><strong>Apresenta\u00e7\u00f5es<\/strong><\/em><\/p>\n<p><strong>15h<\/strong> &#8211; As novas fronteiras de E&amp;P<\/p>\n<p>Palestrante: Wagner Victer \u2013 Gerente-executivo de Programas Estruturantes da Petrobras<\/p>\n<p><strong>15h30<\/strong> &#8211; Engenharia como suporte indispens\u00e1vel para o desenvolvimento<\/p>\n<p>Palestrante: Henrique de Arag\u00e3o &#8211; Presidente do Conselho de Administra\u00e7\u00e3o da Associa\u00e7\u00e3o Brasileira de Consultores de Engenharia<\/p>\n<p><strong>16h<\/strong> &#8211; A import\u00e2ncia da Engenharia nacional para o setor de m\u00e1quinas e equipamentos industriais<\/p>\n<p>Palestrante: Idarilho do Nascimento &#8211; Presidente do Conselho de \u00d3leo e G\u00e1s<br \/>\nda ABIMAQ e diretor de Rela\u00e7\u00f5es Institucionais da Tenaris<\/p>\n<p><strong>16h30<\/strong> &#8211; Oportunidades de investimentos na ind\u00fastria de O&amp;G brasileira<\/p>\n<p>Palestrantes: Marta Lahtermaher \u2013 Coordenadora-t\u00e9cnica da ONIP<br \/>\nRonaldo Martins &#8211; S\u00f3cio-diretor ENSOTEC<\/p>\n<p><strong>17h15<\/strong> &#8211; Endere\u00e7ando desafios do pr\u00e9-sal da Bacia de Santos<\/p>\n<p>Palestrante: Claudio Makarovsky \u2013 Consultor de projetos de O&amp;G InvestSP<\/p>\n<p><strong>17h30<\/strong> &#8211; Mesa Redonda Q&amp;A<\/p>\n<p><strong>18h<\/strong> &#8211; Coquetel de encerramento e Networking<\/p>\n<p style=\"text-align: center;\"><strong>Realiza\u00e7\u00e3o:\u00a0<\/strong><\/p>\n<p><img loading=\"lazy\" decoding=\"async\" class=\"wp-image-129578 aligncenter\" src=\"https:\/\/www.institutodeengenharia.org.br\/site\/wp-content\/uploads\/2025\/05\/Design-sem-nome-2025-06-09T145328.958-1024x402.jpg\" alt=\"\" width=\"539\" height=\"211\" srcset=\"https:\/\/www.institutodeengenharia.org.br\/site\/wp-content\/uploads\/2025\/05\/Design-sem-nome-2025-06-09T145328.958-1024x402.jpg 1024w, https:\/\/www.institutodeengenharia.org.br\/site\/wp-content\/uploads\/2025\/05\/Design-sem-nome-2025-06-09T145328.958-300x118.jpg 300w, https:\/\/www.institutodeengenharia.org.br\/site\/wp-content\/uploads\/2025\/05\/Design-sem-nome-2025-06-09T145328.958-768x301.jpg 768w, https:\/\/www.institutodeengenharia.org.br\/site\/wp-content\/uploads\/2025\/05\/Design-sem-nome-2025-06-09T145328.958-1536x603.jpg 1536w, https:\/\/www.institutodeengenharia.org.br\/site\/wp-content\/uploads\/2025\/05\/Design-sem-nome-2025-06-09T145328.958-1070x420.jpg 1070w, https:\/\/www.institutodeengenharia.org.br\/site\/wp-content\/uploads\/2025\/05\/Design-sem-nome-2025-06-09T145328.958-696x273.jpg 696w, https:\/\/www.institutodeengenharia.org.br\/site\/wp-content\/uploads\/2025\/05\/Design-sem-nome-2025-06-09T145328.958-1068x419.jpg 1068w, https:\/\/www.institutodeengenharia.org.br\/site\/wp-content\/uploads\/2025\/05\/Design-sem-nome-2025-06-09T145328.958-600x236.jpg 600w, https:\/\/www.institutodeengenharia.org.br\/site\/wp-content\/uploads\/2025\/05\/Design-sem-nome-2025-06-09T145328.958.jpg 1633w\" sizes=\"auto, (max-width: 539px) 100vw, 539px\" \/><\/p>\n<p style=\"text-align: center;\"><strong>Patroc\u00ednio:<\/strong><\/p>\n<p><img loading=\"lazy\" decoding=\"async\" class=\"wp-image-130009 aligncenter\" src=\"https:\/\/www.institutodeengenharia.org.br\/site\/wp-content\/uploads\/2025\/05\/Design-sem-nome-2025-06-18T155514.701-1024x279.jpg\" alt=\"\" width=\"458\" height=\"125\" srcset=\"https:\/\/www.institutodeengenharia.org.br\/site\/wp-content\/uploads\/2025\/05\/Design-sem-nome-2025-06-18T155514.701-1024x279.jpg 1024w, https:\/\/www.institutodeengenharia.org.br\/site\/wp-content\/uploads\/2025\/05\/Design-sem-nome-2025-06-18T155514.701-300x82.jpg 300w, https:\/\/www.institutodeengenharia.org.br\/site\/wp-content\/uploads\/2025\/05\/Design-sem-nome-2025-06-18T155514.701-768x209.jpg 768w, https:\/\/www.institutodeengenharia.org.br\/site\/wp-content\/uploads\/2025\/05\/Design-sem-nome-2025-06-18T155514.701-696x190.jpg 696w, https:\/\/www.institutodeengenharia.org.br\/site\/wp-content\/uploads\/2025\/05\/Design-sem-nome-2025-06-18T155514.701-1068x291.jpg 1068w, https:\/\/www.institutodeengenharia.org.br\/site\/wp-content\/uploads\/2025\/05\/Design-sem-nome-2025-06-18T155514.701-600x163.jpg 600w, https:\/\/www.institutodeengenharia.org.br\/site\/wp-content\/uploads\/2025\/05\/Design-sem-nome-2025-06-18T155514.701.jpg 1377w\" sizes=\"auto, (max-width: 458px) 100vw, 458px\" \/><\/p>\n<p style=\"text-align: center;\"><strong>Apoio Institucional:<\/strong><\/p>\n<p><img loading=\"lazy\" decoding=\"async\" class=\"wp-image-130008 aligncenter\" src=\"https:\/\/www.institutodeengenharia.org.br\/site\/wp-content\/uploads\/2025\/05\/Design-sem-nome-2025-06-18T154828.338-1024x308.jpg\" alt=\"\" width=\"466\" height=\"140\" srcset=\"https:\/\/www.institutodeengenharia.org.br\/site\/wp-content\/uploads\/2025\/05\/Design-sem-nome-2025-06-18T154828.338-1024x308.jpg 1024w, https:\/\/www.institutodeengenharia.org.br\/site\/wp-content\/uploads\/2025\/05\/Design-sem-nome-2025-06-18T154828.338-300x90.jpg 300w, https:\/\/www.institutodeengenharia.org.br\/site\/wp-content\/uploads\/2025\/05\/Design-sem-nome-2025-06-18T154828.338-768x231.jpg 768w, https:\/\/www.institutodeengenharia.org.br\/site\/wp-content\/uploads\/2025\/05\/Design-sem-nome-2025-06-18T154828.338-1398x420.jpg 1398w, https:\/\/www.institutodeengenharia.org.br\/site\/wp-content\/uploads\/2025\/05\/Design-sem-nome-2025-06-18T154828.338-696x209.jpg 696w, https:\/\/www.institutodeengenharia.org.br\/site\/wp-content\/uploads\/2025\/05\/Design-sem-nome-2025-06-18T154828.338-1068x321.jpg 1068w, https:\/\/www.institutodeengenharia.org.br\/site\/wp-content\/uploads\/2025\/05\/Design-sem-nome-2025-06-18T154828.338-600x180.jpg 600w, https:\/\/www.institutodeengenharia.org.br\/site\/wp-content\/uploads\/2025\/05\/Design-sem-nome-2025-06-18T154828.338.jpg 1461w\" sizes=\"auto, (max-width: 466px) 100vw, 466px\" \/><\/p>\n<p>&nbsp;<\/p>\n<p><strong>Apoio \u00e0 forma\u00e7\u00e3o:\u00a0<\/strong><\/p>\n<p>Espa\u00e7o aberto ao CREA-SP, objetivando o aperfei\u00e7oamento dos profissionais e o aprimoramento da fiscaliza\u00e7\u00e3o das \u00e1reas abrangidas pelo Sistema Confea\/CREAs, al\u00e9m de promover a conscientiza\u00e7\u00e3o da sociedade quanto \u00e0 necessidade e obrigatoriedade de contratar um profissional devidamente habilitado.<\/p>\n<div style=\"width: 696px;\" class=\"wp-video\"><video class=\"wp-video-shortcode\" id=\"video-129150-1\" width=\"696\" height=\"394\" preload=\"metadata\" controls=\"controls\"><source type=\"video\/mp4\" src=\"https:\/\/www.institutodeengenharia.org.br\/site\/wp-content\/uploads\/2021\/03\/WhatsApp-Video-2020-08-10-at-12.02.02-1.mp4?_=1\" \/><a href=\"https:\/\/www.institutodeengenharia.org.br\/site\/wp-content\/uploads\/2021\/03\/WhatsApp-Video-2020-08-10-at-12.02.02-1.mp4\">https:\/\/www.institutodeengenharia.org.br\/site\/wp-content\/uploads\/2021\/03\/WhatsApp-Video-2020-08-10-at-12.02.02-1.mp4<\/a><\/video><\/div>\n<p>&nbsp;<\/p>\n<p>&nbsp;<\/p>\n<p>&nbsp;<\/p>\n","protected":false},"author":13,"featured_media":129151,"menu_order":0,"comment_status":"open","ping_status":"closed","template":"","meta":[],"tags":[],"event_type":[146,147,145],"event_type_2":[],"class_list":{"0":"post-129150","1":"ajde_events","2":"type-ajde_events","3":"status-publish","4":"has-post-thumbnail","6":"event_speaker-claudio-makarovsky","7":"event_speaker-cynthia-silveira","8":"event_speaker-henrique-de-aragao","9":"event_speaker-idarilho-goncalves-nascimento-neto","10":"event_speaker-jose-eduardo-frasca-poyares-jardim","11":"event_speaker-marisa-maia-de-barros","12":"event_speaker-marta-lahtermaher","13":"event_speaker-ronaldo-m-l-martins","14":"event_speaker-wagner-granja-victer","15":"event_location-evento-hibrido-presencial-instituto-de-engenharia-av-dr-dante-pazzanese-120-vila-mariana-sp-on-line-youtube-do-ie","16":"event_type-agenda","17":"event_type-geral","18":"event_type-palestras"},"yoast_head":"<!-- This site is optimized with the Yoast SEO plugin v27.2 - https:\/\/yoast.com\/product\/yoast-seo-wordpress\/ -->\n<title>Horizonte de Oportunidades no O&amp;G Brasileiro - Instituto de Engenharia<\/title>\n<meta name=\"robots\" content=\"index, follow, max-snippet:-1, max-image-preview:large, max-video-preview:-1\" \/>\n<link rel=\"canonical\" href=\"https:\/\/www.institutodeengenharia.org.br\/site\/events\/horizonte-de-oportunidades-no-og-brasileiro\/\" \/>\n<meta property=\"og:locale\" content=\"pt_BR\" \/>\n<meta property=\"og:type\" content=\"article\" \/>\n<meta property=\"og:title\" content=\"Horizonte de Oportunidades no O&amp;G Brasileiro - Instituto de Engenharia\" \/>\n<meta property=\"og:description\" content=\"Contexto: Engenharia b\u00e1sica nacional na reposi\u00e7\u00e3o de reservas nas novas fronteiras de E&amp;P \u2013 Margem Equatorial e Bacia de Pelotas. Abordagem:\u00a0 A Margem Equatorial e a Bacia de Pelotas representam grandes oportunidades de expans\u00e3o energ\u00e9tica e econ\u00f4mica para o Brasil. O fortalecimento da engenharia b\u00e1sica nacional \u00e9 um elemento-chave para garantir que esses projetos sejam [&hellip;]\" \/>\n<meta property=\"og:url\" content=\"https:\/\/www.institutodeengenharia.org.br\/site\/events\/horizonte-de-oportunidades-no-og-brasileiro\/\" \/>\n<meta property=\"og:site_name\" content=\"Instituto de Engenharia\" \/>\n<meta property=\"article:publisher\" content=\"https:\/\/www.facebook.com\/institutodeengenharia\" \/>\n<meta property=\"article:modified_time\" content=\"2025-07-04T13:11:40+00:00\" \/>\n<meta property=\"og:image\" content=\"https:\/\/www.institutodeengenharia.org.br\/site\/wp-content\/uploads\/2025\/05\/WhatsApp-Image-2025-05-28-at-10.40.13.jpeg\" \/>\n\t<meta property=\"og:image:width\" content=\"886\" \/>\n\t<meta property=\"og:image:height\" content=\"498\" \/>\n\t<meta property=\"og:image:type\" content=\"image\/jpeg\" \/>\n<meta name=\"twitter:card\" content=\"summary_large_image\" \/>\n<meta name=\"twitter:site\" content=\"@iengenharia\" \/>\n<meta name=\"twitter:label1\" content=\"Est. tempo de leitura\" \/>\n\t<meta name=\"twitter:data1\" content=\"3 minutos\" \/>\n<script type=\"application\/ld+json\" class=\"yoast-schema-graph\">{\"@context\":\"https:\/\/schema.org\",\"@graph\":[{\"@type\":\"WebPage\",\"@id\":\"https:\/\/www.institutodeengenharia.org.br\/site\/events\/horizonte-de-oportunidades-no-og-brasileiro\/\",\"url\":\"https:\/\/www.institutodeengenharia.org.br\/site\/events\/horizonte-de-oportunidades-no-og-brasileiro\/\",\"name\":\"Horizonte de Oportunidades no O&G Brasileiro - Instituto de Engenharia\",\"isPartOf\":{\"@id\":\"https:\/\/www.institutodeengenharia.org.br\/site\/#website\"},\"primaryImageOfPage\":{\"@id\":\"https:\/\/www.institutodeengenharia.org.br\/site\/events\/horizonte-de-oportunidades-no-og-brasileiro\/#primaryimage\"},\"image\":{\"@id\":\"https:\/\/www.institutodeengenharia.org.br\/site\/events\/horizonte-de-oportunidades-no-og-brasileiro\/#primaryimage\"},\"thumbnailUrl\":\"https:\/\/www.institutodeengenharia.org.br\/site\/wp-content\/uploads\/2025\/05\/WhatsApp-Image-2025-05-28-at-10.40.13.jpeg\",\"datePublished\":\"2025-05-28T15:08:57+00:00\",\"dateModified\":\"2025-07-04T13:11:40+00:00\",\"breadcrumb\":{\"@id\":\"https:\/\/www.institutodeengenharia.org.br\/site\/events\/horizonte-de-oportunidades-no-og-brasileiro\/#breadcrumb\"},\"inLanguage\":\"pt-BR\",\"potentialAction\":[{\"@type\":\"ReadAction\",\"target\":[\"https:\/\/www.institutodeengenharia.org.br\/site\/events\/horizonte-de-oportunidades-no-og-brasileiro\/\"]}]},{\"@type\":\"ImageObject\",\"inLanguage\":\"pt-BR\",\"@id\":\"https:\/\/www.institutodeengenharia.org.br\/site\/events\/horizonte-de-oportunidades-no-og-brasileiro\/#primaryimage\",\"url\":\"https:\/\/www.institutodeengenharia.org.br\/site\/wp-content\/uploads\/2025\/05\/WhatsApp-Image-2025-05-28-at-10.40.13.jpeg\",\"contentUrl\":\"https:\/\/www.institutodeengenharia.org.br\/site\/wp-content\/uploads\/2025\/05\/WhatsApp-Image-2025-05-28-at-10.40.13.jpeg\",\"width\":886,\"height\":498},{\"@type\":\"BreadcrumbList\",\"@id\":\"https:\/\/www.institutodeengenharia.org.br\/site\/events\/horizonte-de-oportunidades-no-og-brasileiro\/#breadcrumb\",\"itemListElement\":[{\"@type\":\"ListItem\",\"position\":1,\"name\":\"In\u00edcio\",\"item\":\"https:\/\/www.institutodeengenharia.org.br\/site\/\"},{\"@type\":\"ListItem\",\"position\":2,\"name\":\"Eventos\",\"item\":\"https:\/\/www.institutodeengenharia.org.br\/site\/events\/\"},{\"@type\":\"ListItem\",\"position\":3,\"name\":\"Horizonte de Oportunidades no O&#038;G Brasileiro\"}]},{\"@type\":\"WebSite\",\"@id\":\"https:\/\/www.institutodeengenharia.org.br\/site\/#website\",\"url\":\"https:\/\/www.institutodeengenharia.org.br\/site\/\",\"name\":\"Instituto de Engenharia\",\"description\":\"O Instituto de Engenharia promove a Engenharia em benef\u00edcio do desenvolvimento e da qualidade de vida da sociedade.\",\"publisher\":{\"@id\":\"https:\/\/www.institutodeengenharia.org.br\/site\/#organization\"},\"potentialAction\":[{\"@type\":\"SearchAction\",\"target\":{\"@type\":\"EntryPoint\",\"urlTemplate\":\"https:\/\/www.institutodeengenharia.org.br\/site\/?s={search_term_string}\"},\"query-input\":{\"@type\":\"PropertyValueSpecification\",\"valueRequired\":true,\"valueName\":\"search_term_string\"}}],\"inLanguage\":\"pt-BR\"},{\"@type\":\"Organization\",\"@id\":\"https:\/\/www.institutodeengenharia.org.br\/site\/#organization\",\"name\":\"Instituto de Engenharia\",\"url\":\"https:\/\/www.institutodeengenharia.org.br\/site\/\",\"logo\":{\"@type\":\"ImageObject\",\"inLanguage\":\"pt-BR\",\"@id\":\"https:\/\/www.institutodeengenharia.org.br\/site\/#\/schema\/logo\/image\/\",\"url\":\"https:\/\/www.institutodeengenharia.org.br\/site\/wp-content\/uploads\/2019\/03\/logo-novo-IE2018-1.jpg\",\"contentUrl\":\"https:\/\/www.institutodeengenharia.org.br\/site\/wp-content\/uploads\/2019\/03\/logo-novo-IE2018-1.jpg\",\"width\":1486,\"height\":1879,\"caption\":\"Instituto de Engenharia\"},\"image\":{\"@id\":\"https:\/\/www.institutodeengenharia.org.br\/site\/#\/schema\/logo\/image\/\"},\"sameAs\":[\"https:\/\/www.facebook.com\/institutodeengenharia\",\"https:\/\/x.com\/iengenharia\",\"https:\/\/www.instagram.com\/institutodeengenharia\/\",\"https:\/\/www.linkedin.com\/company\/instituto-de-engenharia\/\",\"https:\/\/www.youtube.com\/channel\/UCXiCAlsSMe977vamW915HxA\"]}]}<\/script>\n<!-- \/ Yoast SEO plugin. -->","yoast_head_json":{"title":"Horizonte de Oportunidades no O&G Brasileiro - Instituto de Engenharia","robots":{"index":"index","follow":"follow","max-snippet":"max-snippet:-1","max-image-preview":"max-image-preview:large","max-video-preview":"max-video-preview:-1"},"canonical":"https:\/\/www.institutodeengenharia.org.br\/site\/events\/horizonte-de-oportunidades-no-og-brasileiro\/","og_locale":"pt_BR","og_type":"article","og_title":"Horizonte de Oportunidades no O&G Brasileiro - Instituto de Engenharia","og_description":"Contexto: Engenharia b\u00e1sica nacional na reposi\u00e7\u00e3o de reservas nas novas fronteiras de E&amp;P \u2013 Margem Equatorial e Bacia de Pelotas. Abordagem:\u00a0 A Margem Equatorial e a Bacia de Pelotas representam grandes oportunidades de expans\u00e3o energ\u00e9tica e econ\u00f4mica para o Brasil. O fortalecimento da engenharia b\u00e1sica nacional \u00e9 um elemento-chave para garantir que esses projetos sejam [&hellip;]","og_url":"https:\/\/www.institutodeengenharia.org.br\/site\/events\/horizonte-de-oportunidades-no-og-brasileiro\/","og_site_name":"Instituto de Engenharia","article_publisher":"https:\/\/www.facebook.com\/institutodeengenharia","article_modified_time":"2025-07-04T13:11:40+00:00","og_image":[{"width":886,"height":498,"url":"https:\/\/www.institutodeengenharia.org.br\/site\/wp-content\/uploads\/2025\/05\/WhatsApp-Image-2025-05-28-at-10.40.13.jpeg","type":"image\/jpeg"}],"twitter_card":"summary_large_image","twitter_site":"@iengenharia","twitter_misc":{"Est. tempo de leitura":"3 minutos"},"schema":{"@context":"https:\/\/schema.org","@graph":[{"@type":"WebPage","@id":"https:\/\/www.institutodeengenharia.org.br\/site\/events\/horizonte-de-oportunidades-no-og-brasileiro\/","url":"https:\/\/www.institutodeengenharia.org.br\/site\/events\/horizonte-de-oportunidades-no-og-brasileiro\/","name":"Horizonte de Oportunidades no O&G Brasileiro - Instituto de Engenharia","isPartOf":{"@id":"https:\/\/www.institutodeengenharia.org.br\/site\/#website"},"primaryImageOfPage":{"@id":"https:\/\/www.institutodeengenharia.org.br\/site\/events\/horizonte-de-oportunidades-no-og-brasileiro\/#primaryimage"},"image":{"@id":"https:\/\/www.institutodeengenharia.org.br\/site\/events\/horizonte-de-oportunidades-no-og-brasileiro\/#primaryimage"},"thumbnailUrl":"https:\/\/www.institutodeengenharia.org.br\/site\/wp-content\/uploads\/2025\/05\/WhatsApp-Image-2025-05-28-at-10.40.13.jpeg","datePublished":"2025-05-28T15:08:57+00:00","dateModified":"2025-07-04T13:11:40+00:00","breadcrumb":{"@id":"https:\/\/www.institutodeengenharia.org.br\/site\/events\/horizonte-de-oportunidades-no-og-brasileiro\/#breadcrumb"},"inLanguage":"pt-BR","potentialAction":[{"@type":"ReadAction","target":["https:\/\/www.institutodeengenharia.org.br\/site\/events\/horizonte-de-oportunidades-no-og-brasileiro\/"]}]},{"@type":"ImageObject","inLanguage":"pt-BR","@id":"https:\/\/www.institutodeengenharia.org.br\/site\/events\/horizonte-de-oportunidades-no-og-brasileiro\/#primaryimage","url":"https:\/\/www.institutodeengenharia.org.br\/site\/wp-content\/uploads\/2025\/05\/WhatsApp-Image-2025-05-28-at-10.40.13.jpeg","contentUrl":"https:\/\/www.institutodeengenharia.org.br\/site\/wp-content\/uploads\/2025\/05\/WhatsApp-Image-2025-05-28-at-10.40.13.jpeg","width":886,"height":498},{"@type":"BreadcrumbList","@id":"https:\/\/www.institutodeengenharia.org.br\/site\/events\/horizonte-de-oportunidades-no-og-brasileiro\/#breadcrumb","itemListElement":[{"@type":"ListItem","position":1,"name":"In\u00edcio","item":"https:\/\/www.institutodeengenharia.org.br\/site\/"},{"@type":"ListItem","position":2,"name":"Eventos","item":"https:\/\/www.institutodeengenharia.org.br\/site\/events\/"},{"@type":"ListItem","position":3,"name":"Horizonte de Oportunidades no O&#038;G Brasileiro"}]},{"@type":"WebSite","@id":"https:\/\/www.institutodeengenharia.org.br\/site\/#website","url":"https:\/\/www.institutodeengenharia.org.br\/site\/","name":"Instituto de Engenharia","description":"O Instituto de Engenharia promove a Engenharia em benef\u00edcio do desenvolvimento e da qualidade de vida da sociedade.","publisher":{"@id":"https:\/\/www.institutodeengenharia.org.br\/site\/#organization"},"potentialAction":[{"@type":"SearchAction","target":{"@type":"EntryPoint","urlTemplate":"https:\/\/www.institutodeengenharia.org.br\/site\/?s={search_term_string}"},"query-input":{"@type":"PropertyValueSpecification","valueRequired":true,"valueName":"search_term_string"}}],"inLanguage":"pt-BR"},{"@type":"Organization","@id":"https:\/\/www.institutodeengenharia.org.br\/site\/#organization","name":"Instituto de Engenharia","url":"https:\/\/www.institutodeengenharia.org.br\/site\/","logo":{"@type":"ImageObject","inLanguage":"pt-BR","@id":"https:\/\/www.institutodeengenharia.org.br\/site\/#\/schema\/logo\/image\/","url":"https:\/\/www.institutodeengenharia.org.br\/site\/wp-content\/uploads\/2019\/03\/logo-novo-IE2018-1.jpg","contentUrl":"https:\/\/www.institutodeengenharia.org.br\/site\/wp-content\/uploads\/2019\/03\/logo-novo-IE2018-1.jpg","width":1486,"height":1879,"caption":"Instituto de Engenharia"},"image":{"@id":"https:\/\/www.institutodeengenharia.org.br\/site\/#\/schema\/logo\/image\/"},"sameAs":["https:\/\/www.facebook.com\/institutodeengenharia","https:\/\/x.com\/iengenharia","https:\/\/www.instagram.com\/institutodeengenharia\/","https:\/\/www.linkedin.com\/company\/instituto-de-engenharia\/","https:\/\/www.youtube.com\/channel\/UCXiCAlsSMe977vamW915HxA"]}]}},"_links":{"self":[{"href":"https:\/\/www.institutodeengenharia.org.br\/site\/wp-json\/wp\/v2\/ajde_events\/129150","targetHints":{"allow":["GET"]}}],"collection":[{"href":"https:\/\/www.institutodeengenharia.org.br\/site\/wp-json\/wp\/v2\/ajde_events"}],"about":[{"href":"https:\/\/www.institutodeengenharia.org.br\/site\/wp-json\/wp\/v2\/types\/ajde_events"}],"author":[{"embeddable":true,"href":"https:\/\/www.institutodeengenharia.org.br\/site\/wp-json\/wp\/v2\/users\/13"}],"replies":[{"embeddable":true,"href":"https:\/\/www.institutodeengenharia.org.br\/site\/wp-json\/wp\/v2\/comments?post=129150"}],"wp:featuredmedia":[{"embeddable":true,"href":"https:\/\/www.institutodeengenharia.org.br\/site\/wp-json\/wp\/v2\/media\/129151"}],"wp:attachment":[{"href":"https:\/\/www.institutodeengenharia.org.br\/site\/wp-json\/wp\/v2\/media?parent=129150"}],"wp:term":[{"taxonomy":"post_tag","embeddable":true,"href":"https:\/\/www.institutodeengenharia.org.br\/site\/wp-json\/wp\/v2\/tags?post=129150"},{"taxonomy":"event_type","embeddable":true,"href":"https:\/\/www.institutodeengenharia.org.br\/site\/wp-json\/wp\/v2\/event_type?post=129150"},{"taxonomy":"event_type_2","embeddable":true,"href":"https:\/\/www.institutodeengenharia.org.br\/site\/wp-json\/wp\/v2\/event_type_2?post=129150"}],"curies":[{"name":"wp","href":"https:\/\/api.w.org\/{rel}","templated":true}]}}