{"id":125566,"date":"2024-12-12T16:35:47","date_gmt":"2024-12-12T19:35:47","guid":{"rendered":"https:\/\/www.institutodeengenharia.org.br\/site\/events\/cie04-25-inspecao-e-auditoria-em-instalacoes-eletricas-prediais\/"},"modified":"2025-10-31T09:48:09","modified_gmt":"2025-10-31T12:48:09","slug":"pcie04-25-inspecao-e-auditoria-em-instalacoes-eletricas-prediais","status":"publish","type":"ajde_events","link":"https:\/\/www.institutodeengenharia.org.br\/site\/events\/pcie04-25-inspecao-e-auditoria-em-instalacoes-eletricas-prediais\/","title":{"rendered":"CURSO CONFIRMADO! PCIE04\/25  &#8211; Inspe\u00e7\u00e3o e Auditoria em Instala\u00e7\u00f5es El\u00e9tricas Prediais"},"content":{"rendered":"<h3 style=\"text-align: center;\"><\/h3>\n<div><\/div>\n<div style=\"padding: 56.25% 0 0 0; position: relative;\"><iframe style=\"position: absolute; top: 0; left: 0; width: 100%; height: 100%;\" title=\"Curso Instala\u00e7\u00f5es El\u00e9tricas Prediais - Eng Oswaldo Boccia 06 Dez 23\" src=\"https:\/\/player.vimeo.com\/video\/892299164?h=5291a9e778&amp;badge=0&amp;autopause=0&amp;quality_selector=1&amp;player_id=0&amp;app_id=58479\" frameborder=\"0\"><\/iframe><\/div>\n<div><\/div>\n<p><strong>Objetivo: <\/strong><\/p>\n<p>Transmitir os conhecimentos e procedimentos b\u00e1sicos da inspe\u00e7\u00e3o e auditoria em edif\u00edcios novos quanto \u00e0s instala\u00e7\u00f5es el\u00e9tricas.<\/p>\n<p><strong>P\u00fablico-alvo: <\/strong><\/p>\n<p>Engenheiros civis, arquitetos e estudantes de engenharia e engenheiros de diversas especialidades.<\/p>\n<p><strong>Programa:<\/strong><\/p>\n<ul>\n<li>Introdu\u00e7\u00e3o;<\/li>\n<li>Normas T\u00e9cnicas Aplic\u00e1veis \u2013 NBR 5410 e NBR 5419;<\/li>\n<li>Os Sistemas El\u00e9tricos Prediais;<\/li>\n<li>Procedimentos da Inspe\u00e7\u00e3o e da Auditoria das Instala\u00e7\u00f5es El\u00e9tricas;<\/li>\n<li>Estudos de Casos \u2013 Fotos,<\/li>\n<li>Encerramento.<\/li>\n<\/ul>\n<p style=\"text-align: center;\"><em><strong>CURSO ON-LINE PELO ZOOM<\/strong><\/em><\/p>\n<p><strong>CARGA HOR\u00c1RIA:<\/strong><br \/>\n5 horas\/aula<br \/>\nData: 28 de outubro de 2025<br \/>\nHor\u00e1rio: 18h \u00e0s 23h<\/p>\n<p><strong>INVESTIMENTO:<\/strong><br \/>\nAssociados ao IE: R$225,00 (associados em dia)<br \/>\nN\u00e3o Associados: R$300,00<\/p>\n<p><strong>INCLUSO NO CUSTO:<\/strong><br \/>\nApostila (enviada por e-mail) e certificado.<\/p>\n<p><strong>OP\u00c7\u00d5ES DE PAGAMENTO ATRAV\u00c9S DO SITE:<\/strong><br \/>\n\u00c0 Vista (deposito banc\u00e1rio);<br \/>\nCart\u00f5es de cr\u00e9dito;<br \/>\nDep\u00f3sito Banco Ita\u00fa (enviar comprovante para identifica\u00e7\u00e3o do pagamento)<br \/>\nBanco 0341 \/ Ag\u00eancia 0740 \/ conta 49120-4<br \/>\nCNPJ: 61.647.483\/0001-05<\/p>\n<p><strong>FREQU\u00caNCIA:<\/strong><br \/>\nSer\u00e1 fornecido certificado de participa\u00e7\u00e3o a quem atingir a frequ\u00eancia m\u00ednima de<br \/>\n75%.<\/p>\n<p><strong>CANCELAMENTO DO CURSO<\/strong><br \/>\nO Instituto de Engenharia reserva-se o direito de cancelar ou adiar o curso, caso n\u00e3o<br \/>\natinja o n\u00famero m\u00ednimo de participantes. Nesse caso, mediante a comprova\u00e7\u00e3o do<br \/>\npagamento, efetuamos o reembolso referente ao valor integral.<\/p>\n<p><strong>CANCELAMENTO DA INSCRI\u00c7\u00c3O<\/strong><br \/>\nAs inscri\u00e7\u00f5es s\u00f3 poder\u00e3o ser canceladas at\u00e9, no m\u00e1ximo, tr\u00eas dias \u00fateis antes do<br \/>\nin\u00edcio do evento. N\u00e3o haver\u00e1 devolu\u00e7\u00e3o de valores pagos para inscri\u00e7\u00f5es n\u00e3o<br \/>\ncanceladas, no prazo estipulado. Poder\u00e1 haver substitui\u00e7\u00e3o por outro participante,<br \/>\nquando se tratar de colaborador da mesma empresa ou grupo, desde que<br \/>\ncomunicado com devida anteced\u00eancia por e-mail.<\/p>\n<p><strong>INFORMA\u00c7\u00d5ES:<\/strong><br \/>\nBruna Ferreira<br \/>\n(11) 3466-9253<br \/>\ncursos@iengenharia.org.br<\/p>\n<p><strong>APOIO \u00c0 FORMA\u00c7\u00c3O:<\/strong><br \/>\nEspa\u00e7o aberto ao CREASP, objetivando o aperfei\u00e7oamento dos profissionais e o<br \/>\naprimoramento da fiscaliza\u00e7\u00e3o das \u00e1reas abrangidas pelo Sistema Confea\/CREAs,<br \/>\nal\u00e9m de promover a conscientiza\u00e7\u00e3o da sociedade quanto \u00e0 necessidade e<br \/>\nobrigatoriedade de contratar um profissional devidamente habilitado.<\/p>\n<p><strong>APOIO INSTITUCIONAL:\u00a0<\/strong><\/p>\n<p><img loading=\"lazy\" decoding=\"async\" class=\"alignnone wp-image-77696\" src=\"https:\/\/www.institutodeengenharia.org.br\/site\/wp-content\/uploads\/2021\/02\/crea.jpg\" alt=\"\" width=\"127\" height=\"89\" srcset=\"https:\/\/www.institutodeengenharia.org.br\/site\/wp-content\/uploads\/2021\/02\/crea.jpg 448w, https:\/\/www.institutodeengenharia.org.br\/site\/wp-content\/uploads\/2021\/02\/crea-300x211.jpg 300w, https:\/\/www.institutodeengenharia.org.br\/site\/wp-content\/uploads\/2021\/02\/crea-100x70.jpg 100w\" sizes=\"auto, (max-width: 127px) 100vw, 127px\" \/><\/p>\n<div style=\"width: 696px;\" class=\"wp-video\"><video class=\"wp-video-shortcode\" id=\"video-125566-1\" width=\"696\" height=\"394\" preload=\"metadata\" controls=\"controls\"><source type=\"video\/mp4\" src=\"https:\/\/www.institutodeengenharia.org.br\/site\/wp-content\/uploads\/2021\/03\/WhatsApp-Video-2020-08-10-at-12.02.02-1.mp4?_=1\" \/><a href=\"https:\/\/www.institutodeengenharia.org.br\/site\/wp-content\/uploads\/2021\/03\/WhatsApp-Video-2020-08-10-at-12.02.02-1.mp4\">https:\/\/www.institutodeengenharia.org.br\/site\/wp-content\/uploads\/2021\/03\/WhatsApp-Video-2020-08-10-at-12.02.02-1.mp4<\/a><\/video><\/div>\n","protected":false},"author":13,"featured_media":106217,"menu_order":0,"comment_status":"open","ping_status":"closed","template":"","meta":[],"tags":[],"event_type":[146,142,152,147],"event_type_2":[],"class_list":{"0":"post-125566","1":"ajde_events","2":"type-ajde_events","3":"status-publish","4":"has-post-thumbnail","6":"event_speaker-oswaldo-boccia-junior-instrutor","7":"event_location-curso-on-line","8":"event_organizer-departamento-de-cursos","9":"event_type-agenda","10":"event_type-cursos","11":"event_type-cursos-menu","12":"event_type-geral"},"yoast_head":"<!-- This site is optimized with the Yoast SEO plugin v27.2 - https:\/\/yoast.com\/product\/yoast-seo-wordpress\/ -->\n<title>CURSO CONFIRMADO! PCIE04\/25 - Inspe\u00e7\u00e3o e Auditoria em Instala\u00e7\u00f5es El\u00e9tricas Prediais - Instituto de Engenharia<\/title>\n<meta name=\"robots\" content=\"index, follow, max-snippet:-1, max-image-preview:large, max-video-preview:-1\" \/>\n<link rel=\"canonical\" href=\"https:\/\/www.institutodeengenharia.org.br\/site\/events\/pcie04-25-inspecao-e-auditoria-em-instalacoes-eletricas-prediais\/\" \/>\n<meta property=\"og:locale\" content=\"pt_BR\" \/>\n<meta property=\"og:type\" content=\"article\" \/>\n<meta property=\"og:title\" content=\"CURSO CONFIRMADO! PCIE04\/25 - Inspe\u00e7\u00e3o e Auditoria em Instala\u00e7\u00f5es El\u00e9tricas Prediais - Instituto de Engenharia\" \/>\n<meta property=\"og:description\" content=\"Objetivo: Transmitir os conhecimentos e procedimentos b\u00e1sicos da inspe\u00e7\u00e3o e auditoria em edif\u00edcios novos quanto \u00e0s instala\u00e7\u00f5es el\u00e9tricas. P\u00fablico-alvo: Engenheiros civis, arquitetos e estudantes de engenharia e engenheiros de diversas especialidades. Programa: Introdu\u00e7\u00e3o; Normas T\u00e9cnicas Aplic\u00e1veis \u2013 NBR 5410 e NBR 5419; Os Sistemas El\u00e9tricos Prediais; Procedimentos da Inspe\u00e7\u00e3o e da Auditoria das Instala\u00e7\u00f5es El\u00e9tricas; [&hellip;]\" \/>\n<meta property=\"og:url\" content=\"https:\/\/www.institutodeengenharia.org.br\/site\/events\/pcie04-25-inspecao-e-auditoria-em-instalacoes-eletricas-prediais\/\" \/>\n<meta property=\"og:site_name\" content=\"Instituto de Engenharia\" \/>\n<meta property=\"article:publisher\" content=\"https:\/\/www.facebook.com\/institutodeengenharia\" \/>\n<meta property=\"article:modified_time\" content=\"2025-10-31T12:48:09+00:00\" \/>\n<meta property=\"og:image\" content=\"https:\/\/www.institutodeengenharia.org.br\/site\/wp-content\/uploads\/2023\/05\/MicrosoftTeams-image-136-1024x373.png\" \/>\n\t<meta property=\"og:image:width\" content=\"1024\" \/>\n\t<meta property=\"og:image:height\" content=\"373\" \/>\n\t<meta property=\"og:image:type\" content=\"image\/png\" \/>\n<meta name=\"twitter:card\" content=\"summary_large_image\" \/>\n<meta name=\"twitter:site\" content=\"@iengenharia\" \/>\n<meta name=\"twitter:label1\" content=\"Est. tempo de leitura\" \/>\n\t<meta name=\"twitter:data1\" content=\"3 minutos\" \/>\n<script type=\"application\/ld+json\" class=\"yoast-schema-graph\">{\"@context\":\"https:\/\/schema.org\",\"@graph\":[{\"@type\":\"WebPage\",\"@id\":\"https:\/\/www.institutodeengenharia.org.br\/site\/events\/pcie04-25-inspecao-e-auditoria-em-instalacoes-eletricas-prediais\/\",\"url\":\"https:\/\/www.institutodeengenharia.org.br\/site\/events\/pcie04-25-inspecao-e-auditoria-em-instalacoes-eletricas-prediais\/\",\"name\":\"CURSO CONFIRMADO! PCIE04\/25 - Inspe\u00e7\u00e3o e Auditoria em Instala\u00e7\u00f5es El\u00e9tricas Prediais - Instituto de Engenharia\",\"isPartOf\":{\"@id\":\"https:\/\/www.institutodeengenharia.org.br\/site\/#website\"},\"primaryImageOfPage\":{\"@id\":\"https:\/\/www.institutodeengenharia.org.br\/site\/events\/pcie04-25-inspecao-e-auditoria-em-instalacoes-eletricas-prediais\/#primaryimage\"},\"image\":{\"@id\":\"https:\/\/www.institutodeengenharia.org.br\/site\/events\/pcie04-25-inspecao-e-auditoria-em-instalacoes-eletricas-prediais\/#primaryimage\"},\"thumbnailUrl\":\"https:\/\/www.institutodeengenharia.org.br\/site\/wp-content\/uploads\/2023\/05\/MicrosoftTeams-image-136.png\",\"datePublished\":\"2024-12-12T19:35:47+00:00\",\"dateModified\":\"2025-10-31T12:48:09+00:00\",\"breadcrumb\":{\"@id\":\"https:\/\/www.institutodeengenharia.org.br\/site\/events\/pcie04-25-inspecao-e-auditoria-em-instalacoes-eletricas-prediais\/#breadcrumb\"},\"inLanguage\":\"pt-BR\",\"potentialAction\":[{\"@type\":\"ReadAction\",\"target\":[\"https:\/\/www.institutodeengenharia.org.br\/site\/events\/pcie04-25-inspecao-e-auditoria-em-instalacoes-eletricas-prediais\/\"]}]},{\"@type\":\"ImageObject\",\"inLanguage\":\"pt-BR\",\"@id\":\"https:\/\/www.institutodeengenharia.org.br\/site\/events\/pcie04-25-inspecao-e-auditoria-em-instalacoes-eletricas-prediais\/#primaryimage\",\"url\":\"https:\/\/www.institutodeengenharia.org.br\/site\/wp-content\/uploads\/2023\/05\/MicrosoftTeams-image-136.png\",\"contentUrl\":\"https:\/\/www.institutodeengenharia.org.br\/site\/wp-content\/uploads\/2023\/05\/MicrosoftTeams-image-136.png\",\"width\":1920,\"height\":700},{\"@type\":\"BreadcrumbList\",\"@id\":\"https:\/\/www.institutodeengenharia.org.br\/site\/events\/pcie04-25-inspecao-e-auditoria-em-instalacoes-eletricas-prediais\/#breadcrumb\",\"itemListElement\":[{\"@type\":\"ListItem\",\"position\":1,\"name\":\"In\u00edcio\",\"item\":\"https:\/\/www.institutodeengenharia.org.br\/site\/\"},{\"@type\":\"ListItem\",\"position\":2,\"name\":\"Eventos\",\"item\":\"https:\/\/www.institutodeengenharia.org.br\/site\/events\/\"},{\"@type\":\"ListItem\",\"position\":3,\"name\":\"CURSO CONFIRMADO! PCIE04\/25 &#8211; Inspe\u00e7\u00e3o e Auditoria em Instala\u00e7\u00f5es El\u00e9tricas Prediais\"}]},{\"@type\":\"WebSite\",\"@id\":\"https:\/\/www.institutodeengenharia.org.br\/site\/#website\",\"url\":\"https:\/\/www.institutodeengenharia.org.br\/site\/\",\"name\":\"Instituto de Engenharia\",\"description\":\"O Instituto de Engenharia promove a Engenharia em benef\u00edcio do desenvolvimento e da qualidade de vida da sociedade.\",\"publisher\":{\"@id\":\"https:\/\/www.institutodeengenharia.org.br\/site\/#organization\"},\"potentialAction\":[{\"@type\":\"SearchAction\",\"target\":{\"@type\":\"EntryPoint\",\"urlTemplate\":\"https:\/\/www.institutodeengenharia.org.br\/site\/?s={search_term_string}\"},\"query-input\":{\"@type\":\"PropertyValueSpecification\",\"valueRequired\":true,\"valueName\":\"search_term_string\"}}],\"inLanguage\":\"pt-BR\"},{\"@type\":\"Organization\",\"@id\":\"https:\/\/www.institutodeengenharia.org.br\/site\/#organization\",\"name\":\"Instituto de Engenharia\",\"url\":\"https:\/\/www.institutodeengenharia.org.br\/site\/\",\"logo\":{\"@type\":\"ImageObject\",\"inLanguage\":\"pt-BR\",\"@id\":\"https:\/\/www.institutodeengenharia.org.br\/site\/#\/schema\/logo\/image\/\",\"url\":\"https:\/\/www.institutodeengenharia.org.br\/site\/wp-content\/uploads\/2019\/03\/logo-novo-IE2018-1.jpg\",\"contentUrl\":\"https:\/\/www.institutodeengenharia.org.br\/site\/wp-content\/uploads\/2019\/03\/logo-novo-IE2018-1.jpg\",\"width\":1486,\"height\":1879,\"caption\":\"Instituto de Engenharia\"},\"image\":{\"@id\":\"https:\/\/www.institutodeengenharia.org.br\/site\/#\/schema\/logo\/image\/\"},\"sameAs\":[\"https:\/\/www.facebook.com\/institutodeengenharia\",\"https:\/\/x.com\/iengenharia\",\"https:\/\/www.instagram.com\/institutodeengenharia\/\",\"https:\/\/www.linkedin.com\/company\/instituto-de-engenharia\/\",\"https:\/\/www.youtube.com\/channel\/UCXiCAlsSMe977vamW915HxA\"]}]}<\/script>\n<!-- \/ Yoast SEO plugin. -->","yoast_head_json":{"title":"CURSO CONFIRMADO! PCIE04\/25 - Inspe\u00e7\u00e3o e Auditoria em Instala\u00e7\u00f5es El\u00e9tricas Prediais - Instituto de Engenharia","robots":{"index":"index","follow":"follow","max-snippet":"max-snippet:-1","max-image-preview":"max-image-preview:large","max-video-preview":"max-video-preview:-1"},"canonical":"https:\/\/www.institutodeengenharia.org.br\/site\/events\/pcie04-25-inspecao-e-auditoria-em-instalacoes-eletricas-prediais\/","og_locale":"pt_BR","og_type":"article","og_title":"CURSO CONFIRMADO! PCIE04\/25 - Inspe\u00e7\u00e3o e Auditoria em Instala\u00e7\u00f5es El\u00e9tricas Prediais - Instituto de Engenharia","og_description":"Objetivo: Transmitir os conhecimentos e procedimentos b\u00e1sicos da inspe\u00e7\u00e3o e auditoria em edif\u00edcios novos quanto \u00e0s instala\u00e7\u00f5es el\u00e9tricas. P\u00fablico-alvo: Engenheiros civis, arquitetos e estudantes de engenharia e engenheiros de diversas especialidades. Programa: Introdu\u00e7\u00e3o; Normas T\u00e9cnicas Aplic\u00e1veis \u2013 NBR 5410 e NBR 5419; Os Sistemas El\u00e9tricos Prediais; Procedimentos da Inspe\u00e7\u00e3o e da Auditoria das Instala\u00e7\u00f5es El\u00e9tricas; [&hellip;]","og_url":"https:\/\/www.institutodeengenharia.org.br\/site\/events\/pcie04-25-inspecao-e-auditoria-em-instalacoes-eletricas-prediais\/","og_site_name":"Instituto de Engenharia","article_publisher":"https:\/\/www.facebook.com\/institutodeengenharia","article_modified_time":"2025-10-31T12:48:09+00:00","og_image":[{"width":1024,"height":373,"url":"https:\/\/www.institutodeengenharia.org.br\/site\/wp-content\/uploads\/2023\/05\/MicrosoftTeams-image-136-1024x373.png","type":"image\/png"}],"twitter_card":"summary_large_image","twitter_site":"@iengenharia","twitter_misc":{"Est. tempo de leitura":"3 minutos"},"schema":{"@context":"https:\/\/schema.org","@graph":[{"@type":"WebPage","@id":"https:\/\/www.institutodeengenharia.org.br\/site\/events\/pcie04-25-inspecao-e-auditoria-em-instalacoes-eletricas-prediais\/","url":"https:\/\/www.institutodeengenharia.org.br\/site\/events\/pcie04-25-inspecao-e-auditoria-em-instalacoes-eletricas-prediais\/","name":"CURSO CONFIRMADO! PCIE04\/25 - Inspe\u00e7\u00e3o e Auditoria em Instala\u00e7\u00f5es El\u00e9tricas Prediais - Instituto de Engenharia","isPartOf":{"@id":"https:\/\/www.institutodeengenharia.org.br\/site\/#website"},"primaryImageOfPage":{"@id":"https:\/\/www.institutodeengenharia.org.br\/site\/events\/pcie04-25-inspecao-e-auditoria-em-instalacoes-eletricas-prediais\/#primaryimage"},"image":{"@id":"https:\/\/www.institutodeengenharia.org.br\/site\/events\/pcie04-25-inspecao-e-auditoria-em-instalacoes-eletricas-prediais\/#primaryimage"},"thumbnailUrl":"https:\/\/www.institutodeengenharia.org.br\/site\/wp-content\/uploads\/2023\/05\/MicrosoftTeams-image-136.png","datePublished":"2024-12-12T19:35:47+00:00","dateModified":"2025-10-31T12:48:09+00:00","breadcrumb":{"@id":"https:\/\/www.institutodeengenharia.org.br\/site\/events\/pcie04-25-inspecao-e-auditoria-em-instalacoes-eletricas-prediais\/#breadcrumb"},"inLanguage":"pt-BR","potentialAction":[{"@type":"ReadAction","target":["https:\/\/www.institutodeengenharia.org.br\/site\/events\/pcie04-25-inspecao-e-auditoria-em-instalacoes-eletricas-prediais\/"]}]},{"@type":"ImageObject","inLanguage":"pt-BR","@id":"https:\/\/www.institutodeengenharia.org.br\/site\/events\/pcie04-25-inspecao-e-auditoria-em-instalacoes-eletricas-prediais\/#primaryimage","url":"https:\/\/www.institutodeengenharia.org.br\/site\/wp-content\/uploads\/2023\/05\/MicrosoftTeams-image-136.png","contentUrl":"https:\/\/www.institutodeengenharia.org.br\/site\/wp-content\/uploads\/2023\/05\/MicrosoftTeams-image-136.png","width":1920,"height":700},{"@type":"BreadcrumbList","@id":"https:\/\/www.institutodeengenharia.org.br\/site\/events\/pcie04-25-inspecao-e-auditoria-em-instalacoes-eletricas-prediais\/#breadcrumb","itemListElement":[{"@type":"ListItem","position":1,"name":"In\u00edcio","item":"https:\/\/www.institutodeengenharia.org.br\/site\/"},{"@type":"ListItem","position":2,"name":"Eventos","item":"https:\/\/www.institutodeengenharia.org.br\/site\/events\/"},{"@type":"ListItem","position":3,"name":"CURSO CONFIRMADO! PCIE04\/25 &#8211; Inspe\u00e7\u00e3o e Auditoria em Instala\u00e7\u00f5es El\u00e9tricas Prediais"}]},{"@type":"WebSite","@id":"https:\/\/www.institutodeengenharia.org.br\/site\/#website","url":"https:\/\/www.institutodeengenharia.org.br\/site\/","name":"Instituto de Engenharia","description":"O Instituto de Engenharia promove a Engenharia em benef\u00edcio do desenvolvimento e da qualidade de vida da sociedade.","publisher":{"@id":"https:\/\/www.institutodeengenharia.org.br\/site\/#organization"},"potentialAction":[{"@type":"SearchAction","target":{"@type":"EntryPoint","urlTemplate":"https:\/\/www.institutodeengenharia.org.br\/site\/?s={search_term_string}"},"query-input":{"@type":"PropertyValueSpecification","valueRequired":true,"valueName":"search_term_string"}}],"inLanguage":"pt-BR"},{"@type":"Organization","@id":"https:\/\/www.institutodeengenharia.org.br\/site\/#organization","name":"Instituto de Engenharia","url":"https:\/\/www.institutodeengenharia.org.br\/site\/","logo":{"@type":"ImageObject","inLanguage":"pt-BR","@id":"https:\/\/www.institutodeengenharia.org.br\/site\/#\/schema\/logo\/image\/","url":"https:\/\/www.institutodeengenharia.org.br\/site\/wp-content\/uploads\/2019\/03\/logo-novo-IE2018-1.jpg","contentUrl":"https:\/\/www.institutodeengenharia.org.br\/site\/wp-content\/uploads\/2019\/03\/logo-novo-IE2018-1.jpg","width":1486,"height":1879,"caption":"Instituto de Engenharia"},"image":{"@id":"https:\/\/www.institutodeengenharia.org.br\/site\/#\/schema\/logo\/image\/"},"sameAs":["https:\/\/www.facebook.com\/institutodeengenharia","https:\/\/x.com\/iengenharia","https:\/\/www.instagram.com\/institutodeengenharia\/","https:\/\/www.linkedin.com\/company\/instituto-de-engenharia\/","https:\/\/www.youtube.com\/channel\/UCXiCAlsSMe977vamW915HxA"]}]}},"_links":{"self":[{"href":"https:\/\/www.institutodeengenharia.org.br\/site\/wp-json\/wp\/v2\/ajde_events\/125566","targetHints":{"allow":["GET"]}}],"collection":[{"href":"https:\/\/www.institutodeengenharia.org.br\/site\/wp-json\/wp\/v2\/ajde_events"}],"about":[{"href":"https:\/\/www.institutodeengenharia.org.br\/site\/wp-json\/wp\/v2\/types\/ajde_events"}],"author":[{"embeddable":true,"href":"https:\/\/www.institutodeengenharia.org.br\/site\/wp-json\/wp\/v2\/users\/13"}],"replies":[{"embeddable":true,"href":"https:\/\/www.institutodeengenharia.org.br\/site\/wp-json\/wp\/v2\/comments?post=125566"}],"wp:featuredmedia":[{"embeddable":true,"href":"https:\/\/www.institutodeengenharia.org.br\/site\/wp-json\/wp\/v2\/media\/106217"}],"wp:attachment":[{"href":"https:\/\/www.institutodeengenharia.org.br\/site\/wp-json\/wp\/v2\/media?parent=125566"}],"wp:term":[{"taxonomy":"post_tag","embeddable":true,"href":"https:\/\/www.institutodeengenharia.org.br\/site\/wp-json\/wp\/v2\/tags?post=125566"},{"taxonomy":"event_type","embeddable":true,"href":"https:\/\/www.institutodeengenharia.org.br\/site\/wp-json\/wp\/v2\/event_type?post=125566"},{"taxonomy":"event_type_2","embeddable":true,"href":"https:\/\/www.institutodeengenharia.org.br\/site\/wp-json\/wp\/v2\/event_type_2?post=125566"}],"curies":[{"name":"wp","href":"https:\/\/api.w.org\/{rel}","templated":true}]}}