{"id":120254,"date":"2024-05-27T14:45:41","date_gmt":"2024-05-27T17:45:41","guid":{"rendered":"https:\/\/www.institutodeengenharia.org.br\/site\/?post_type=ajde_events&#038;p=120254"},"modified":"2024-05-27T14:45:41","modified_gmt":"2024-05-27T17:45:41","slug":"congresso-2024-sae-brasil","status":"publish","type":"ajde_events","link":"https:\/\/www.institutodeengenharia.org.br\/site\/events\/congresso-2024-sae-brasil\/","title":{"rendered":"CONGRESSO 2024 SAE BRASIL"},"content":{"rendered":"<p><a href=\"https:\/\/saebrasil.org.br\/congresso\/\"><img loading=\"lazy\" decoding=\"async\" class=\" wp-image-79749 aligncenter\" src=\"https:\/\/www.institutodeengenharia.org.br\/site\/wp-content\/uploads\/2021\/04\/clique-saiba-maisbotao.png\" alt=\"\" width=\"206\" height=\"113\" srcset=\"https:\/\/www.institutodeengenharia.org.br\/site\/wp-content\/uploads\/2021\/04\/clique-saiba-maisbotao.png 338w, https:\/\/www.institutodeengenharia.org.br\/site\/wp-content\/uploads\/2021\/04\/clique-saiba-maisbotao-300x164.png 300w\" sizes=\"auto, (max-width: 206px) 100vw, 206px\" \/><\/a><\/p>\n<h2 class=\"wp-block-heading has-medium-font-size\">O\u00a0<strong><mark class=\"has-inline-color\">31\u00b0 CONGRESSO E MOSTRA INTERNACIONAIS DE TECNOLOGIA DA MOBILIDADE SAE BRASIL<\/mark><\/strong>\u00a0\u00c9 UM MOMENTO DE CRIA\u00c7\u00c3O E DISSEMINA\u00c7\u00c3O DE CONHECIMENTO.<\/h2>\n<p>O\u00a0<strong><mark class=\"has-inline-color\">Congresso SAE BRASIL<\/mark><\/strong>\u00a0\u00e9 O \u00daNICO EVENTO capaz de reunir todo o\u00a0<strong><mark class=\"has-inline-color\">ecossistema da mobilidade de forma org\u00e2nica e espont\u00e2nea<\/mark><\/strong>\u00a0em um ambiente neutro e colaborativo, por meio dos comit\u00eas, mentorias e comiss\u00f5es.<\/p>\n<p class=\"has-text-align-center\"><strong><em><mark class=\"has-inline-color\">Nossa miss\u00e3o \u00e9 discutir solu\u00e7\u00f5es reais aos desafios de hoje e do futuro<\/mark><\/em><\/strong><\/p>\n<p>O que torna o Congresso SAE BRASIL t\u00e3o especial? Aqui, valorizamos e promovemos a diversidade de ideias, com\u00a0<strong><mark class=\"has-inline-color\">enfoque na import\u00e2ncia da vis\u00e3o feminina, na energia dos jovens e na expertise dos profissionais de mercado<\/mark><\/strong>. Acreditamos que essa sinergia \u00e9 o combust\u00edvel que impulsiona o avan\u00e7o do setor e abre caminho para inova\u00e7\u00f5es\u00a0incr\u00edveis.<\/p>\n<p>Sob o tema:<\/p>\n<h2 class=\"wp-block-heading has-text-color\"><strong>COMPET\u00caNCIAS PARA O FUTURO DA MOBILIDADE SEGURA, INTELIGENTE E SUSTENT\u00c1VEL NO BRASIL<\/strong><\/h2>\n<p>O evento reunir\u00e1 governo, especialistas, l\u00edderes e inovadores para desvendar as habilidades e conhecimentos necess\u00e1rios para construir um futuro promissor para o setor.<\/p>\n<p>Abordaremos quest\u00f5es cruciais como: quais\u00a0<strong><mark class=\"has-inline-color\">compet\u00eancias<\/mark><\/strong>\u00a0e habilidades o Brasil precisa desenvolver para se destacar no cen\u00e1rio global, diante das\u00a0<strong><mark class=\"has-inline-color\">mudan\u00e7as tecnol\u00f3gicas, clim\u00e1ticas e sociais<\/mark><\/strong>\u00a0que impactam a mobilidade? Como a\u00a0<mark class=\"has-inline-color\"><strong>transforma\u00e7\u00e3o digital, a intelig\u00eancia artificial<\/strong><\/mark>\u00a0e outras tend\u00eancias tecnol\u00f3gicas moldar\u00e3o o futuro da mobilidade, exigindo estrat\u00e9gias de participa\u00e7\u00e3o global do Brasil? Com o Brasil se posicionando como l\u00edder mundial na\u00a0<mark class=\"has-inline-color\"><strong>transi\u00e7\u00e3o energ\u00e9tica sustent\u00e1vel<\/strong><\/mark>, como definir uma estrat\u00e9gia industrial que nos torne um celeiro de conhecimento global at\u00e9 2050? Como podemos explorar\u00a0<strong><mark class=\"has-inline-color\">fontes de energia renov\u00e1veis<\/mark><\/strong>, limpas, abundantes e competitivas para potencializar a ind\u00fastria regional em mercados globais, impulsionando a mobilidade sustent\u00e1vel? Qual ser\u00e1 o futuro da mobilidade baseada em software, servi\u00e7os e suas intera\u00e7\u00f5es? Como os sistemas inteligentes de mobilidade ir\u00e3o redesenhar as cidades e suas interconex\u00f5es, criando um futuro mais conectado e eficiente?<\/p>\n<p>Ser\u00e3o realizados\u00a0<a href=\"https:\/\/saebrasil.org.br\/congresso\/paineis-tematicos\/\">Pain\u00e9is<\/a>\u00a0com l\u00edderes da ind\u00fastria, da academia e do governo, al\u00e9m de especialistas nas \u00e1reas de conhecimento ligadas a todas as tem\u00e1ticas que envolvam a Mobilidade.<\/p>\n<h2 class=\"wp-block-heading has-text-color has-medium-font-size\">CONEX\u00d5ES<\/h2>\n<p>Mas o Congresso SAE BRASIL vai al\u00e9m das exposi\u00e7\u00f5es e palestras. Aqui,\u00a0<strong><mark class=\"has-inline-color\">a ess\u00eancia do evento reside nas pessoas, nas trocas e nas conex\u00f5es que s\u00e3o feitas<\/mark>.<\/strong>\u00a0Acreditamos que grandes ideias surgem a partir do di\u00e1logo e da colabora\u00e7\u00e3o entre os profissionais, estudantes e entusiastas da mobilidade. \u00c9 um espa\u00e7o onde networking se transforma em oportunidades reais de neg\u00f3cios e parcerias duradouras.<\/p>\n<p>Uma das atra\u00e7\u00f5es imperd\u00edveis \u00e9 a\u00a0<strong><a href=\"https:\/\/saebrasil.org.br\/congresso\/mostra-tecnologica\/\">Mostra Tecnol\u00f3gica<\/a>,\u00a0<mark class=\"has-inline-color\">que tem um olhar voltado para a gera\u00e7\u00e3o de novos neg\u00f3cios<\/mark><mark class=\"has-inline-color has-vivid-purple-color\">.<\/mark><\/strong><\/p>\n","protected":false},"author":13,"featured_media":120255,"menu_order":0,"comment_status":"open","ping_status":"closed","template":"","meta":[],"tags":[],"event_type":[146,160],"event_type_2":[],"class_list":{"0":"post-120254","1":"ajde_events","2":"type-ajde_events","3":"status-publish","4":"has-post-thumbnail","6":"event_location-pavilhao-da-bienal-no-parque-ibirapuera-sao-paulo","7":"event_type-agenda","8":"event_type-apoio-institucional"},"yoast_head":"<!-- This site is optimized with the Yoast SEO plugin v27.2 - https:\/\/yoast.com\/product\/yoast-seo-wordpress\/ -->\n<title>CONGRESSO 2024 SAE BRASIL - Instituto de Engenharia<\/title>\n<meta name=\"robots\" content=\"index, follow, max-snippet:-1, max-image-preview:large, max-video-preview:-1\" \/>\n<link rel=\"canonical\" href=\"https:\/\/www.institutodeengenharia.org.br\/site\/events\/congresso-2024-sae-brasil\/\" \/>\n<meta property=\"og:locale\" content=\"pt_BR\" \/>\n<meta property=\"og:type\" content=\"article\" \/>\n<meta property=\"og:title\" content=\"CONGRESSO 2024 SAE BRASIL - Instituto de Engenharia\" \/>\n<meta property=\"og:description\" content=\"O\u00a031\u00b0 CONGRESSO E MOSTRA INTERNACIONAIS DE TECNOLOGIA DA MOBILIDADE SAE BRASIL\u00a0\u00c9 UM MOMENTO DE CRIA\u00c7\u00c3O E DISSEMINA\u00c7\u00c3O DE CONHECIMENTO. O\u00a0Congresso SAE BRASIL\u00a0\u00e9 O \u00daNICO EVENTO capaz de reunir todo o\u00a0ecossistema da mobilidade de forma org\u00e2nica e espont\u00e2nea\u00a0em um ambiente neutro e colaborativo, por meio dos comit\u00eas, mentorias e comiss\u00f5es. Nossa miss\u00e3o \u00e9 discutir solu\u00e7\u00f5es reais [&hellip;]\" \/>\n<meta property=\"og:url\" content=\"https:\/\/www.institutodeengenharia.org.br\/site\/events\/congresso-2024-sae-brasil\/\" \/>\n<meta property=\"og:site_name\" content=\"Instituto de Engenharia\" \/>\n<meta property=\"article:publisher\" content=\"https:\/\/www.facebook.com\/institutodeengenharia\" \/>\n<meta property=\"og:image\" content=\"https:\/\/www.institutodeengenharia.org.br\/site\/wp-content\/uploads\/2024\/05\/saeb.png\" \/>\n\t<meta property=\"og:image:width\" content=\"1879\" \/>\n\t<meta property=\"og:image:height\" content=\"437\" \/>\n\t<meta property=\"og:image:type\" content=\"image\/png\" \/>\n<meta name=\"twitter:card\" content=\"summary_large_image\" \/>\n<meta name=\"twitter:site\" content=\"@iengenharia\" \/>\n<meta name=\"twitter:label1\" content=\"Est. tempo de leitura\" \/>\n\t<meta name=\"twitter:data1\" content=\"3 minutos\" \/>\n<script type=\"application\/ld+json\" class=\"yoast-schema-graph\">{\"@context\":\"https:\/\/schema.org\",\"@graph\":[{\"@type\":\"WebPage\",\"@id\":\"https:\/\/www.institutodeengenharia.org.br\/site\/events\/congresso-2024-sae-brasil\/\",\"url\":\"https:\/\/www.institutodeengenharia.org.br\/site\/events\/congresso-2024-sae-brasil\/\",\"name\":\"CONGRESSO 2024 SAE BRASIL - Instituto de Engenharia\",\"isPartOf\":{\"@id\":\"https:\/\/www.institutodeengenharia.org.br\/site\/#website\"},\"primaryImageOfPage\":{\"@id\":\"https:\/\/www.institutodeengenharia.org.br\/site\/events\/congresso-2024-sae-brasil\/#primaryimage\"},\"image\":{\"@id\":\"https:\/\/www.institutodeengenharia.org.br\/site\/events\/congresso-2024-sae-brasil\/#primaryimage\"},\"thumbnailUrl\":\"https:\/\/www.institutodeengenharia.org.br\/site\/wp-content\/uploads\/2024\/05\/saeb.png\",\"datePublished\":\"2024-05-27T17:45:41+00:00\",\"breadcrumb\":{\"@id\":\"https:\/\/www.institutodeengenharia.org.br\/site\/events\/congresso-2024-sae-brasil\/#breadcrumb\"},\"inLanguage\":\"pt-BR\",\"potentialAction\":[{\"@type\":\"ReadAction\",\"target\":[\"https:\/\/www.institutodeengenharia.org.br\/site\/events\/congresso-2024-sae-brasil\/\"]}]},{\"@type\":\"ImageObject\",\"inLanguage\":\"pt-BR\",\"@id\":\"https:\/\/www.institutodeengenharia.org.br\/site\/events\/congresso-2024-sae-brasil\/#primaryimage\",\"url\":\"https:\/\/www.institutodeengenharia.org.br\/site\/wp-content\/uploads\/2024\/05\/saeb.png\",\"contentUrl\":\"https:\/\/www.institutodeengenharia.org.br\/site\/wp-content\/uploads\/2024\/05\/saeb.png\",\"width\":1879,\"height\":437},{\"@type\":\"BreadcrumbList\",\"@id\":\"https:\/\/www.institutodeengenharia.org.br\/site\/events\/congresso-2024-sae-brasil\/#breadcrumb\",\"itemListElement\":[{\"@type\":\"ListItem\",\"position\":1,\"name\":\"In\u00edcio\",\"item\":\"https:\/\/www.institutodeengenharia.org.br\/site\/\"},{\"@type\":\"ListItem\",\"position\":2,\"name\":\"Eventos\",\"item\":\"https:\/\/www.institutodeengenharia.org.br\/site\/events\/\"},{\"@type\":\"ListItem\",\"position\":3,\"name\":\"CONGRESSO 2024 SAE BRASIL\"}]},{\"@type\":\"WebSite\",\"@id\":\"https:\/\/www.institutodeengenharia.org.br\/site\/#website\",\"url\":\"https:\/\/www.institutodeengenharia.org.br\/site\/\",\"name\":\"Instituto de Engenharia\",\"description\":\"O Instituto de Engenharia promove a Engenharia em benef\u00edcio do desenvolvimento e da qualidade de vida da sociedade.\",\"publisher\":{\"@id\":\"https:\/\/www.institutodeengenharia.org.br\/site\/#organization\"},\"potentialAction\":[{\"@type\":\"SearchAction\",\"target\":{\"@type\":\"EntryPoint\",\"urlTemplate\":\"https:\/\/www.institutodeengenharia.org.br\/site\/?s={search_term_string}\"},\"query-input\":{\"@type\":\"PropertyValueSpecification\",\"valueRequired\":true,\"valueName\":\"search_term_string\"}}],\"inLanguage\":\"pt-BR\"},{\"@type\":\"Organization\",\"@id\":\"https:\/\/www.institutodeengenharia.org.br\/site\/#organization\",\"name\":\"Instituto de Engenharia\",\"url\":\"https:\/\/www.institutodeengenharia.org.br\/site\/\",\"logo\":{\"@type\":\"ImageObject\",\"inLanguage\":\"pt-BR\",\"@id\":\"https:\/\/www.institutodeengenharia.org.br\/site\/#\/schema\/logo\/image\/\",\"url\":\"https:\/\/www.institutodeengenharia.org.br\/site\/wp-content\/uploads\/2019\/03\/logo-novo-IE2018-1.jpg\",\"contentUrl\":\"https:\/\/www.institutodeengenharia.org.br\/site\/wp-content\/uploads\/2019\/03\/logo-novo-IE2018-1.jpg\",\"width\":1486,\"height\":1879,\"caption\":\"Instituto de Engenharia\"},\"image\":{\"@id\":\"https:\/\/www.institutodeengenharia.org.br\/site\/#\/schema\/logo\/image\/\"},\"sameAs\":[\"https:\/\/www.facebook.com\/institutodeengenharia\",\"https:\/\/x.com\/iengenharia\",\"https:\/\/www.instagram.com\/institutodeengenharia\/\",\"https:\/\/www.linkedin.com\/company\/instituto-de-engenharia\/\",\"https:\/\/www.youtube.com\/channel\/UCXiCAlsSMe977vamW915HxA\"]}]}<\/script>\n<!-- \/ Yoast SEO plugin. -->","yoast_head_json":{"title":"CONGRESSO 2024 SAE BRASIL - Instituto de Engenharia","robots":{"index":"index","follow":"follow","max-snippet":"max-snippet:-1","max-image-preview":"max-image-preview:large","max-video-preview":"max-video-preview:-1"},"canonical":"https:\/\/www.institutodeengenharia.org.br\/site\/events\/congresso-2024-sae-brasil\/","og_locale":"pt_BR","og_type":"article","og_title":"CONGRESSO 2024 SAE BRASIL - Instituto de Engenharia","og_description":"O\u00a031\u00b0 CONGRESSO E MOSTRA INTERNACIONAIS DE TECNOLOGIA DA MOBILIDADE SAE BRASIL\u00a0\u00c9 UM MOMENTO DE CRIA\u00c7\u00c3O E DISSEMINA\u00c7\u00c3O DE CONHECIMENTO. O\u00a0Congresso SAE BRASIL\u00a0\u00e9 O \u00daNICO EVENTO capaz de reunir todo o\u00a0ecossistema da mobilidade de forma org\u00e2nica e espont\u00e2nea\u00a0em um ambiente neutro e colaborativo, por meio dos comit\u00eas, mentorias e comiss\u00f5es. Nossa miss\u00e3o \u00e9 discutir solu\u00e7\u00f5es reais [&hellip;]","og_url":"https:\/\/www.institutodeengenharia.org.br\/site\/events\/congresso-2024-sae-brasil\/","og_site_name":"Instituto de Engenharia","article_publisher":"https:\/\/www.facebook.com\/institutodeengenharia","og_image":[{"width":1879,"height":437,"url":"https:\/\/www.institutodeengenharia.org.br\/site\/wp-content\/uploads\/2024\/05\/saeb.png","type":"image\/png"}],"twitter_card":"summary_large_image","twitter_site":"@iengenharia","twitter_misc":{"Est. tempo de leitura":"3 minutos"},"schema":{"@context":"https:\/\/schema.org","@graph":[{"@type":"WebPage","@id":"https:\/\/www.institutodeengenharia.org.br\/site\/events\/congresso-2024-sae-brasil\/","url":"https:\/\/www.institutodeengenharia.org.br\/site\/events\/congresso-2024-sae-brasil\/","name":"CONGRESSO 2024 SAE BRASIL - Instituto de Engenharia","isPartOf":{"@id":"https:\/\/www.institutodeengenharia.org.br\/site\/#website"},"primaryImageOfPage":{"@id":"https:\/\/www.institutodeengenharia.org.br\/site\/events\/congresso-2024-sae-brasil\/#primaryimage"},"image":{"@id":"https:\/\/www.institutodeengenharia.org.br\/site\/events\/congresso-2024-sae-brasil\/#primaryimage"},"thumbnailUrl":"https:\/\/www.institutodeengenharia.org.br\/site\/wp-content\/uploads\/2024\/05\/saeb.png","datePublished":"2024-05-27T17:45:41+00:00","breadcrumb":{"@id":"https:\/\/www.institutodeengenharia.org.br\/site\/events\/congresso-2024-sae-brasil\/#breadcrumb"},"inLanguage":"pt-BR","potentialAction":[{"@type":"ReadAction","target":["https:\/\/www.institutodeengenharia.org.br\/site\/events\/congresso-2024-sae-brasil\/"]}]},{"@type":"ImageObject","inLanguage":"pt-BR","@id":"https:\/\/www.institutodeengenharia.org.br\/site\/events\/congresso-2024-sae-brasil\/#primaryimage","url":"https:\/\/www.institutodeengenharia.org.br\/site\/wp-content\/uploads\/2024\/05\/saeb.png","contentUrl":"https:\/\/www.institutodeengenharia.org.br\/site\/wp-content\/uploads\/2024\/05\/saeb.png","width":1879,"height":437},{"@type":"BreadcrumbList","@id":"https:\/\/www.institutodeengenharia.org.br\/site\/events\/congresso-2024-sae-brasil\/#breadcrumb","itemListElement":[{"@type":"ListItem","position":1,"name":"In\u00edcio","item":"https:\/\/www.institutodeengenharia.org.br\/site\/"},{"@type":"ListItem","position":2,"name":"Eventos","item":"https:\/\/www.institutodeengenharia.org.br\/site\/events\/"},{"@type":"ListItem","position":3,"name":"CONGRESSO 2024 SAE BRASIL"}]},{"@type":"WebSite","@id":"https:\/\/www.institutodeengenharia.org.br\/site\/#website","url":"https:\/\/www.institutodeengenharia.org.br\/site\/","name":"Instituto de Engenharia","description":"O Instituto de Engenharia promove a Engenharia em benef\u00edcio do desenvolvimento e da qualidade de vida da sociedade.","publisher":{"@id":"https:\/\/www.institutodeengenharia.org.br\/site\/#organization"},"potentialAction":[{"@type":"SearchAction","target":{"@type":"EntryPoint","urlTemplate":"https:\/\/www.institutodeengenharia.org.br\/site\/?s={search_term_string}"},"query-input":{"@type":"PropertyValueSpecification","valueRequired":true,"valueName":"search_term_string"}}],"inLanguage":"pt-BR"},{"@type":"Organization","@id":"https:\/\/www.institutodeengenharia.org.br\/site\/#organization","name":"Instituto de Engenharia","url":"https:\/\/www.institutodeengenharia.org.br\/site\/","logo":{"@type":"ImageObject","inLanguage":"pt-BR","@id":"https:\/\/www.institutodeengenharia.org.br\/site\/#\/schema\/logo\/image\/","url":"https:\/\/www.institutodeengenharia.org.br\/site\/wp-content\/uploads\/2019\/03\/logo-novo-IE2018-1.jpg","contentUrl":"https:\/\/www.institutodeengenharia.org.br\/site\/wp-content\/uploads\/2019\/03\/logo-novo-IE2018-1.jpg","width":1486,"height":1879,"caption":"Instituto de Engenharia"},"image":{"@id":"https:\/\/www.institutodeengenharia.org.br\/site\/#\/schema\/logo\/image\/"},"sameAs":["https:\/\/www.facebook.com\/institutodeengenharia","https:\/\/x.com\/iengenharia","https:\/\/www.instagram.com\/institutodeengenharia\/","https:\/\/www.linkedin.com\/company\/instituto-de-engenharia\/","https:\/\/www.youtube.com\/channel\/UCXiCAlsSMe977vamW915HxA"]}]}},"_links":{"self":[{"href":"https:\/\/www.institutodeengenharia.org.br\/site\/wp-json\/wp\/v2\/ajde_events\/120254","targetHints":{"allow":["GET"]}}],"collection":[{"href":"https:\/\/www.institutodeengenharia.org.br\/site\/wp-json\/wp\/v2\/ajde_events"}],"about":[{"href":"https:\/\/www.institutodeengenharia.org.br\/site\/wp-json\/wp\/v2\/types\/ajde_events"}],"author":[{"embeddable":true,"href":"https:\/\/www.institutodeengenharia.org.br\/site\/wp-json\/wp\/v2\/users\/13"}],"replies":[{"embeddable":true,"href":"https:\/\/www.institutodeengenharia.org.br\/site\/wp-json\/wp\/v2\/comments?post=120254"}],"wp:featuredmedia":[{"embeddable":true,"href":"https:\/\/www.institutodeengenharia.org.br\/site\/wp-json\/wp\/v2\/media\/120255"}],"wp:attachment":[{"href":"https:\/\/www.institutodeengenharia.org.br\/site\/wp-json\/wp\/v2\/media?parent=120254"}],"wp:term":[{"taxonomy":"post_tag","embeddable":true,"href":"https:\/\/www.institutodeengenharia.org.br\/site\/wp-json\/wp\/v2\/tags?post=120254"},{"taxonomy":"event_type","embeddable":true,"href":"https:\/\/www.institutodeengenharia.org.br\/site\/wp-json\/wp\/v2\/event_type?post=120254"},{"taxonomy":"event_type_2","embeddable":true,"href":"https:\/\/www.institutodeengenharia.org.br\/site\/wp-json\/wp\/v2\/event_type_2?post=120254"}],"curies":[{"name":"wp","href":"https:\/\/api.w.org\/{rel}","templated":true}]}}