{"id":116199,"date":"2024-02-20T10:14:30","date_gmt":"2024-02-20T13:14:30","guid":{"rendered":"https:\/\/www.institutodeengenharia.org.br\/site\/?post_type=ajde_events&#038;p=116199"},"modified":"2024-10-29T15:01:38","modified_gmt":"2024-10-29T18:01:38","slug":"semana-nacional-da-engenharia","status":"publish","type":"ajde_events","link":"https:\/\/www.institutodeengenharia.org.br\/site\/events\/semana-nacional-da-engenharia\/","title":{"rendered":"Semana Nacional da Engenharia"},"content":{"rendered":"<p><a href=\"https:\/\/www.institutodeengenharia.org.br\/site\/2024\/10\/16\/semana-nacional-da-engenharia\/\"><img loading=\"lazy\" decoding=\"async\" class=\" wp-image-63985 aligncenter\" src=\"https:\/\/www.institutodeengenharia.org.br\/site\/wp-content\/uploads\/2020\/04\/clique-e-assista-\u00e0-grava\u00e7\u00e3o-do-evento.jpg\" alt=\"\" width=\"238\" height=\"95\" \/><\/a><\/p>\n<p style=\"text-align: center;\"><a href=\"https:\/\/www.flickr.com\/photos\/157391345@N08\/albums\/72177720320105309\/\"><em><strong>CLIQUE AQUI E CONFIRA AS FOTOS DO EVENTO<\/strong><\/em><\/a><\/p>\n<p style=\"text-align: center;\"><a href=\"https:\/\/www.youtube.com\/watch?v=khLIAtI-xt4&amp;list=PLL1XZeV2L2z5vpdVtiCHm9u553XOEfyyv\"><em><strong>ASSISTA AOS EPIS\u00d3DIOS DO PODCAST &#8220;VIS\u00c3O DA ENGENHARIA&#8221; QUE TRAZEM OS TEMAS QUE SER\u00c3O ABORDADOS NA SEMANA DA ENGENHARIA<\/strong><\/em><\/a><\/p>\n<p><strong>O que \u00e9 a Semana Nacional da Engenharia?<\/strong><\/p>\n<p class=\"has-text-align-left dropcapp2\">Ser\u00e1 a maior a\u00e7\u00e3o coordenada de valoriza\u00e7\u00e3o da Engenharia no Brasil, com a realiza\u00e7\u00e3o de in\u00fameros eventos, no per\u00edodo de 26 a 30 de agosto, incluindo 20 semin\u00e1rios e o Pr\u00eamio Maiores e Melhores Obras (PMMO).<\/p>\n<p>Ter\u00e3o diversos eventos interativos no per\u00edodo, em diversos locais, com o objetivo de:<\/p>\n<ul>\n<li>Valorizar a Engenharia;<\/li>\n<li>Mostrar a realidade da sua produ\u00e7\u00e3o;<\/li>\n<li>Contribuir para uma vis\u00e3o positiva do setor;<\/li>\n<li>Ressaltar os profissionais do mercado privado;<\/li>\n<li>Dar visibilidade aos agentes e projetos p\u00fablicos;<\/li>\n<li>Motivar os estudantes a evoluir na \u00e1rea,<\/li>\n<li>Trabalhar para a constru\u00e7\u00e3o de um mundo melhor.<\/li>\n<\/ul>\n<p><strong>Qual \u00e9 o p\u00fablico-alvo?<\/strong><\/p>\n<p class=\"has-text-align-left dropcapp2\">A Semana Nacional da Engenharia vai envolver engenheiros, arquitetos, estudantes, agentes p\u00fablicos, profissionais do mercado e p\u00fablico em geral.<\/p>\n<p><strong>Como participar?<\/strong><\/p>\n<p>Para participar dos eventos, os interessados j\u00e1 podem fazer a reserva de ingressos, no link acima. As empresas e \u00f3rg\u00e3os p\u00fablicos podem manifestar o interesse em cotas de exposi\u00e7\u00e3o e, tamb\u00e9m, fazer inscri\u00e7\u00f5es para o PMMO.<\/p>\n<p><strong>Programa\u00e7\u00e3o:<\/strong><\/p>\n<ul>\n<li>20 semin\u00e1rios;<\/li>\n<li>Debate de abertura em grande audit\u00f3rio;<\/li>\n<li>Pr\u00eamio Melhores e Maiores Obras (PMMO) em grande audit\u00f3rio;<\/li>\n<li>2 encontros de Happy Hour;<\/li>\n<li>Jantar magno para networking,<\/li>\n<li>Visita t\u00e9cnica para as melhores e maiores obras.<\/li>\n<\/ul>\n<p><em>*Isso tudo apenas no Instituto de Engenharia. Outros locais tamb\u00e9m v\u00e3o participar da Semana Nacional da Engenharia com programa\u00e7\u00e3o espec\u00edfica;<\/em><\/p>\n<p><strong>Passaporte para semin\u00e1rios e palestras (n\u00e3o inclui a programa\u00e7\u00e3o especial) (os valores para associados s\u00e3o aplic\u00e1veis ao Instituto de Engenharia e entidades que apoiam institucionalmente a Semana Nacional da Engenharia)<\/strong><\/p>\n<ul>\n<li>Ouro \u2013 Semin\u00e1rios \u2013 5 dias (R$350)<\/li>\n<li>Prata \u2013 Semin\u00e1rios \u2013 2 dias (R$250)<\/li>\n<li>Bronze \u2013 Semin\u00e1rios \u2013 1 dia (R$150)<\/li>\n<li>Ouro Associados \u2013 Semin\u00e1rios \u2013 5 dias (R$300)<\/li>\n<li>Prata Associados \u2013 Semin\u00e1rios \u2013 2 dias (R$210)<\/li>\n<li>Bronze Associados \u2013 Semin\u00e1rios \u2013 1 dia (R$125)<\/li>\n<li>Estudante (gr\u00e1tis)<strong>Programa\u00e7\u00e3o especial<\/strong>Semin\u00e1rio e almo\u00e7o magno com o ex-presidente Michel Temer em 27\/08 10h30 (R$500)Cerim\u00f4nia de entrega do Pr\u00eamio Melhores e Maiores Obras em 27\/08 19h (R$100)Business happy hour em 28\/08 18h (R$120)Jantar magno comemorativo das melhores e maiores obras em 29\/08 19h (R$500)Happy hour de encerramento em 30\/08 18h (R$120)<\/li>\n<\/ul>\n<p><img loading=\"lazy\" decoding=\"async\" class=\"alignnone size-large wp-image-122993\" src=\"https:\/\/www.institutodeengenharia.org.br\/site\/wp-content\/uploads\/2024\/02\/Mascara-de-Logos-Semana-Nacional-da-Engenharia-6-1024x1024.png\" alt=\"\" width=\"696\" height=\"696\" srcset=\"https:\/\/www.institutodeengenharia.org.br\/site\/wp-content\/uploads\/2024\/02\/Mascara-de-Logos-Semana-Nacional-da-Engenharia-6-1024x1024.png 1024w, https:\/\/www.institutodeengenharia.org.br\/site\/wp-content\/uploads\/2024\/02\/Mascara-de-Logos-Semana-Nacional-da-Engenharia-6-300x300.png 300w, https:\/\/www.institutodeengenharia.org.br\/site\/wp-content\/uploads\/2024\/02\/Mascara-de-Logos-Semana-Nacional-da-Engenharia-6-150x150.png 150w, https:\/\/www.institutodeengenharia.org.br\/site\/wp-content\/uploads\/2024\/02\/Mascara-de-Logos-Semana-Nacional-da-Engenharia-6-768x768.png 768w, https:\/\/www.institutodeengenharia.org.br\/site\/wp-content\/uploads\/2024\/02\/Mascara-de-Logos-Semana-Nacional-da-Engenharia-6-420x420.png 420w, https:\/\/www.institutodeengenharia.org.br\/site\/wp-content\/uploads\/2024\/02\/Mascara-de-Logos-Semana-Nacional-da-Engenharia-6-696x696.png 696w, https:\/\/www.institutodeengenharia.org.br\/site\/wp-content\/uploads\/2024\/02\/Mascara-de-Logos-Semana-Nacional-da-Engenharia-6-1068x1068.png 1068w, https:\/\/www.institutodeengenharia.org.br\/site\/wp-content\/uploads\/2024\/02\/Mascara-de-Logos-Semana-Nacional-da-Engenharia-6-600x600.png 600w, https:\/\/www.institutodeengenharia.org.br\/site\/wp-content\/uploads\/2024\/02\/Mascara-de-Logos-Semana-Nacional-da-Engenharia-6-100x100.png 100w, https:\/\/www.institutodeengenharia.org.br\/site\/wp-content\/uploads\/2024\/02\/Mascara-de-Logos-Semana-Nacional-da-Engenharia-6.png 1080w\" sizes=\"auto, (max-width: 696px) 100vw, 696px\" \/><\/p>\n","protected":false},"author":13,"featured_media":118964,"menu_order":0,"comment_status":"open","ping_status":"closed","template":"","meta":[],"tags":[],"event_type":[146,147,145],"event_type_2":[],"class_list":{"0":"post-116199","1":"ajde_events","2":"type-ajde_events","3":"status-publish","4":"has-post-thumbnail","6":"event_location--instituto-de-engenharia-av-dr-dante-pazzanese-120-v-mariana-sao-paulo-sp","7":"event_type-agenda","8":"event_type-geral","9":"event_type-palestras"},"yoast_head":"<!-- This site is optimized with the Yoast SEO plugin v27.2 - https:\/\/yoast.com\/product\/yoast-seo-wordpress\/ -->\n<title>Semana Nacional da Engenharia - Instituto de Engenharia<\/title>\n<meta name=\"robots\" content=\"index, follow, max-snippet:-1, max-image-preview:large, max-video-preview:-1\" \/>\n<link rel=\"canonical\" href=\"https:\/\/www.institutodeengenharia.org.br\/site\/events\/semana-nacional-da-engenharia\/\" \/>\n<meta property=\"og:locale\" content=\"pt_BR\" \/>\n<meta property=\"og:type\" content=\"article\" \/>\n<meta property=\"og:title\" content=\"Semana Nacional da Engenharia - Instituto de Engenharia\" \/>\n<meta property=\"og:description\" content=\"CLIQUE AQUI E CONFIRA AS FOTOS DO EVENTO ASSISTA AOS EPIS\u00d3DIOS DO PODCAST &#8220;VIS\u00c3O DA ENGENHARIA&#8221; QUE TRAZEM OS TEMAS QUE SER\u00c3O ABORDADOS NA SEMANA DA ENGENHARIA O que \u00e9 a Semana Nacional da Engenharia? Ser\u00e1 a maior a\u00e7\u00e3o coordenada de valoriza\u00e7\u00e3o da Engenharia no Brasil, com a realiza\u00e7\u00e3o de in\u00fameros eventos, no per\u00edodo de [&hellip;]\" \/>\n<meta property=\"og:url\" content=\"https:\/\/www.institutodeengenharia.org.br\/site\/events\/semana-nacional-da-engenharia\/\" \/>\n<meta property=\"og:site_name\" content=\"Instituto de Engenharia\" \/>\n<meta property=\"article:publisher\" content=\"https:\/\/www.facebook.com\/institutodeengenharia\" \/>\n<meta property=\"article:modified_time\" content=\"2024-10-29T18:01:38+00:00\" \/>\n<meta property=\"og:image\" content=\"https:\/\/www.institutodeengenharia.org.br\/site\/wp-content\/uploads\/2024\/02\/Design-sem-nome-2024-04-16T112520.616.jpg\" \/>\n\t<meta property=\"og:image:width\" content=\"1920\" \/>\n\t<meta property=\"og:image:height\" content=\"1080\" \/>\n\t<meta property=\"og:image:type\" content=\"image\/jpeg\" \/>\n<meta name=\"twitter:card\" content=\"summary_large_image\" \/>\n<meta name=\"twitter:site\" content=\"@iengenharia\" \/>\n<meta name=\"twitter:label1\" content=\"Est. tempo de leitura\" \/>\n\t<meta name=\"twitter:data1\" content=\"3 minutos\" \/>\n<script type=\"application\/ld+json\" class=\"yoast-schema-graph\">{\"@context\":\"https:\/\/schema.org\",\"@graph\":[{\"@type\":\"WebPage\",\"@id\":\"https:\/\/www.institutodeengenharia.org.br\/site\/events\/semana-nacional-da-engenharia\/\",\"url\":\"https:\/\/www.institutodeengenharia.org.br\/site\/events\/semana-nacional-da-engenharia\/\",\"name\":\"Semana Nacional da Engenharia - Instituto de Engenharia\",\"isPartOf\":{\"@id\":\"https:\/\/www.institutodeengenharia.org.br\/site\/#website\"},\"primaryImageOfPage\":{\"@id\":\"https:\/\/www.institutodeengenharia.org.br\/site\/events\/semana-nacional-da-engenharia\/#primaryimage\"},\"image\":{\"@id\":\"https:\/\/www.institutodeengenharia.org.br\/site\/events\/semana-nacional-da-engenharia\/#primaryimage\"},\"thumbnailUrl\":\"https:\/\/www.institutodeengenharia.org.br\/site\/wp-content\/uploads\/2024\/02\/Design-sem-nome-2024-04-16T112520.616.jpg\",\"datePublished\":\"2024-02-20T13:14:30+00:00\",\"dateModified\":\"2024-10-29T18:01:38+00:00\",\"breadcrumb\":{\"@id\":\"https:\/\/www.institutodeengenharia.org.br\/site\/events\/semana-nacional-da-engenharia\/#breadcrumb\"},\"inLanguage\":\"pt-BR\",\"potentialAction\":[{\"@type\":\"ReadAction\",\"target\":[\"https:\/\/www.institutodeengenharia.org.br\/site\/events\/semana-nacional-da-engenharia\/\"]}]},{\"@type\":\"ImageObject\",\"inLanguage\":\"pt-BR\",\"@id\":\"https:\/\/www.institutodeengenharia.org.br\/site\/events\/semana-nacional-da-engenharia\/#primaryimage\",\"url\":\"https:\/\/www.institutodeengenharia.org.br\/site\/wp-content\/uploads\/2024\/02\/Design-sem-nome-2024-04-16T112520.616.jpg\",\"contentUrl\":\"https:\/\/www.institutodeengenharia.org.br\/site\/wp-content\/uploads\/2024\/02\/Design-sem-nome-2024-04-16T112520.616.jpg\",\"width\":1920,\"height\":1080},{\"@type\":\"BreadcrumbList\",\"@id\":\"https:\/\/www.institutodeengenharia.org.br\/site\/events\/semana-nacional-da-engenharia\/#breadcrumb\",\"itemListElement\":[{\"@type\":\"ListItem\",\"position\":1,\"name\":\"In\u00edcio\",\"item\":\"https:\/\/www.institutodeengenharia.org.br\/site\/\"},{\"@type\":\"ListItem\",\"position\":2,\"name\":\"Eventos\",\"item\":\"https:\/\/www.institutodeengenharia.org.br\/site\/events\/\"},{\"@type\":\"ListItem\",\"position\":3,\"name\":\"Semana Nacional da Engenharia\"}]},{\"@type\":\"WebSite\",\"@id\":\"https:\/\/www.institutodeengenharia.org.br\/site\/#website\",\"url\":\"https:\/\/www.institutodeengenharia.org.br\/site\/\",\"name\":\"Instituto de Engenharia\",\"description\":\"O Instituto de Engenharia promove a Engenharia em benef\u00edcio do desenvolvimento e da qualidade de vida da sociedade.\",\"publisher\":{\"@id\":\"https:\/\/www.institutodeengenharia.org.br\/site\/#organization\"},\"potentialAction\":[{\"@type\":\"SearchAction\",\"target\":{\"@type\":\"EntryPoint\",\"urlTemplate\":\"https:\/\/www.institutodeengenharia.org.br\/site\/?s={search_term_string}\"},\"query-input\":{\"@type\":\"PropertyValueSpecification\",\"valueRequired\":true,\"valueName\":\"search_term_string\"}}],\"inLanguage\":\"pt-BR\"},{\"@type\":\"Organization\",\"@id\":\"https:\/\/www.institutodeengenharia.org.br\/site\/#organization\",\"name\":\"Instituto de Engenharia\",\"url\":\"https:\/\/www.institutodeengenharia.org.br\/site\/\",\"logo\":{\"@type\":\"ImageObject\",\"inLanguage\":\"pt-BR\",\"@id\":\"https:\/\/www.institutodeengenharia.org.br\/site\/#\/schema\/logo\/image\/\",\"url\":\"https:\/\/www.institutodeengenharia.org.br\/site\/wp-content\/uploads\/2019\/03\/logo-novo-IE2018-1.jpg\",\"contentUrl\":\"https:\/\/www.institutodeengenharia.org.br\/site\/wp-content\/uploads\/2019\/03\/logo-novo-IE2018-1.jpg\",\"width\":1486,\"height\":1879,\"caption\":\"Instituto de Engenharia\"},\"image\":{\"@id\":\"https:\/\/www.institutodeengenharia.org.br\/site\/#\/schema\/logo\/image\/\"},\"sameAs\":[\"https:\/\/www.facebook.com\/institutodeengenharia\",\"https:\/\/x.com\/iengenharia\",\"https:\/\/www.instagram.com\/institutodeengenharia\/\",\"https:\/\/www.linkedin.com\/company\/instituto-de-engenharia\/\",\"https:\/\/www.youtube.com\/channel\/UCXiCAlsSMe977vamW915HxA\"]}]}<\/script>\n<!-- \/ Yoast SEO plugin. -->","yoast_head_json":{"title":"Semana Nacional da Engenharia - Instituto de Engenharia","robots":{"index":"index","follow":"follow","max-snippet":"max-snippet:-1","max-image-preview":"max-image-preview:large","max-video-preview":"max-video-preview:-1"},"canonical":"https:\/\/www.institutodeengenharia.org.br\/site\/events\/semana-nacional-da-engenharia\/","og_locale":"pt_BR","og_type":"article","og_title":"Semana Nacional da Engenharia - Instituto de Engenharia","og_description":"CLIQUE AQUI E CONFIRA AS FOTOS DO EVENTO ASSISTA AOS EPIS\u00d3DIOS DO PODCAST &#8220;VIS\u00c3O DA ENGENHARIA&#8221; QUE TRAZEM OS TEMAS QUE SER\u00c3O ABORDADOS NA SEMANA DA ENGENHARIA O que \u00e9 a Semana Nacional da Engenharia? Ser\u00e1 a maior a\u00e7\u00e3o coordenada de valoriza\u00e7\u00e3o da Engenharia no Brasil, com a realiza\u00e7\u00e3o de in\u00fameros eventos, no per\u00edodo de [&hellip;]","og_url":"https:\/\/www.institutodeengenharia.org.br\/site\/events\/semana-nacional-da-engenharia\/","og_site_name":"Instituto de Engenharia","article_publisher":"https:\/\/www.facebook.com\/institutodeengenharia","article_modified_time":"2024-10-29T18:01:38+00:00","og_image":[{"width":1920,"height":1080,"url":"https:\/\/www.institutodeengenharia.org.br\/site\/wp-content\/uploads\/2024\/02\/Design-sem-nome-2024-04-16T112520.616.jpg","type":"image\/jpeg"}],"twitter_card":"summary_large_image","twitter_site":"@iengenharia","twitter_misc":{"Est. tempo de leitura":"3 minutos"},"schema":{"@context":"https:\/\/schema.org","@graph":[{"@type":"WebPage","@id":"https:\/\/www.institutodeengenharia.org.br\/site\/events\/semana-nacional-da-engenharia\/","url":"https:\/\/www.institutodeengenharia.org.br\/site\/events\/semana-nacional-da-engenharia\/","name":"Semana Nacional da Engenharia - Instituto de Engenharia","isPartOf":{"@id":"https:\/\/www.institutodeengenharia.org.br\/site\/#website"},"primaryImageOfPage":{"@id":"https:\/\/www.institutodeengenharia.org.br\/site\/events\/semana-nacional-da-engenharia\/#primaryimage"},"image":{"@id":"https:\/\/www.institutodeengenharia.org.br\/site\/events\/semana-nacional-da-engenharia\/#primaryimage"},"thumbnailUrl":"https:\/\/www.institutodeengenharia.org.br\/site\/wp-content\/uploads\/2024\/02\/Design-sem-nome-2024-04-16T112520.616.jpg","datePublished":"2024-02-20T13:14:30+00:00","dateModified":"2024-10-29T18:01:38+00:00","breadcrumb":{"@id":"https:\/\/www.institutodeengenharia.org.br\/site\/events\/semana-nacional-da-engenharia\/#breadcrumb"},"inLanguage":"pt-BR","potentialAction":[{"@type":"ReadAction","target":["https:\/\/www.institutodeengenharia.org.br\/site\/events\/semana-nacional-da-engenharia\/"]}]},{"@type":"ImageObject","inLanguage":"pt-BR","@id":"https:\/\/www.institutodeengenharia.org.br\/site\/events\/semana-nacional-da-engenharia\/#primaryimage","url":"https:\/\/www.institutodeengenharia.org.br\/site\/wp-content\/uploads\/2024\/02\/Design-sem-nome-2024-04-16T112520.616.jpg","contentUrl":"https:\/\/www.institutodeengenharia.org.br\/site\/wp-content\/uploads\/2024\/02\/Design-sem-nome-2024-04-16T112520.616.jpg","width":1920,"height":1080},{"@type":"BreadcrumbList","@id":"https:\/\/www.institutodeengenharia.org.br\/site\/events\/semana-nacional-da-engenharia\/#breadcrumb","itemListElement":[{"@type":"ListItem","position":1,"name":"In\u00edcio","item":"https:\/\/www.institutodeengenharia.org.br\/site\/"},{"@type":"ListItem","position":2,"name":"Eventos","item":"https:\/\/www.institutodeengenharia.org.br\/site\/events\/"},{"@type":"ListItem","position":3,"name":"Semana Nacional da Engenharia"}]},{"@type":"WebSite","@id":"https:\/\/www.institutodeengenharia.org.br\/site\/#website","url":"https:\/\/www.institutodeengenharia.org.br\/site\/","name":"Instituto de Engenharia","description":"O Instituto de Engenharia promove a Engenharia em benef\u00edcio do desenvolvimento e da qualidade de vida da sociedade.","publisher":{"@id":"https:\/\/www.institutodeengenharia.org.br\/site\/#organization"},"potentialAction":[{"@type":"SearchAction","target":{"@type":"EntryPoint","urlTemplate":"https:\/\/www.institutodeengenharia.org.br\/site\/?s={search_term_string}"},"query-input":{"@type":"PropertyValueSpecification","valueRequired":true,"valueName":"search_term_string"}}],"inLanguage":"pt-BR"},{"@type":"Organization","@id":"https:\/\/www.institutodeengenharia.org.br\/site\/#organization","name":"Instituto de Engenharia","url":"https:\/\/www.institutodeengenharia.org.br\/site\/","logo":{"@type":"ImageObject","inLanguage":"pt-BR","@id":"https:\/\/www.institutodeengenharia.org.br\/site\/#\/schema\/logo\/image\/","url":"https:\/\/www.institutodeengenharia.org.br\/site\/wp-content\/uploads\/2019\/03\/logo-novo-IE2018-1.jpg","contentUrl":"https:\/\/www.institutodeengenharia.org.br\/site\/wp-content\/uploads\/2019\/03\/logo-novo-IE2018-1.jpg","width":1486,"height":1879,"caption":"Instituto de Engenharia"},"image":{"@id":"https:\/\/www.institutodeengenharia.org.br\/site\/#\/schema\/logo\/image\/"},"sameAs":["https:\/\/www.facebook.com\/institutodeengenharia","https:\/\/x.com\/iengenharia","https:\/\/www.instagram.com\/institutodeengenharia\/","https:\/\/www.linkedin.com\/company\/instituto-de-engenharia\/","https:\/\/www.youtube.com\/channel\/UCXiCAlsSMe977vamW915HxA"]}]}},"_links":{"self":[{"href":"https:\/\/www.institutodeengenharia.org.br\/site\/wp-json\/wp\/v2\/ajde_events\/116199","targetHints":{"allow":["GET"]}}],"collection":[{"href":"https:\/\/www.institutodeengenharia.org.br\/site\/wp-json\/wp\/v2\/ajde_events"}],"about":[{"href":"https:\/\/www.institutodeengenharia.org.br\/site\/wp-json\/wp\/v2\/types\/ajde_events"}],"author":[{"embeddable":true,"href":"https:\/\/www.institutodeengenharia.org.br\/site\/wp-json\/wp\/v2\/users\/13"}],"replies":[{"embeddable":true,"href":"https:\/\/www.institutodeengenharia.org.br\/site\/wp-json\/wp\/v2\/comments?post=116199"}],"wp:featuredmedia":[{"embeddable":true,"href":"https:\/\/www.institutodeengenharia.org.br\/site\/wp-json\/wp\/v2\/media\/118964"}],"wp:attachment":[{"href":"https:\/\/www.institutodeengenharia.org.br\/site\/wp-json\/wp\/v2\/media?parent=116199"}],"wp:term":[{"taxonomy":"post_tag","embeddable":true,"href":"https:\/\/www.institutodeengenharia.org.br\/site\/wp-json\/wp\/v2\/tags?post=116199"},{"taxonomy":"event_type","embeddable":true,"href":"https:\/\/www.institutodeengenharia.org.br\/site\/wp-json\/wp\/v2\/event_type?post=116199"},{"taxonomy":"event_type_2","embeddable":true,"href":"https:\/\/www.institutodeengenharia.org.br\/site\/wp-json\/wp\/v2\/event_type_2?post=116199"}],"curies":[{"name":"wp","href":"https:\/\/api.w.org\/{rel}","templated":true}]}}