{"id":115567,"date":"2024-01-29T14:29:23","date_gmt":"2024-01-29T17:29:23","guid":{"rendered":"https:\/\/www.institutodeengenharia.org.br\/site\/?post_type=ajde_events&#038;p=115567"},"modified":"2024-03-08T11:00:21","modified_gmt":"2024-03-08T14:00:21","slug":"captura-de-dados-3d-com-laser-scanner-como-o-uso-da-tecnologia-impacta-o-dia-a-dia-do-profissional-da-engenharia","status":"publish","type":"ajde_events","link":"https:\/\/www.institutodeengenharia.org.br\/site\/events\/captura-de-dados-3d-com-laser-scanner-como-o-uso-da-tecnologia-impacta-o-dia-a-dia-do-profissional-da-engenharia\/","title":{"rendered":"Captura de dados 3D com Laser Scanner: Como o uso da tecnologia impacta o dia a dia do profissional da Engenharia"},"content":{"rendered":"<p><a href=\"https:\/\/www.institutodeengenharia.org.br\/site\/2024\/03\/08\/captura-de-dados-3d-com-laser-scanner-como-o-uso-da-tecnologia-impacta-o-dia-a-dia-do-profissional-de-engenharia\/\"><img loading=\"lazy\" decoding=\"async\" class=\" wp-image-63985 aligncenter\" src=\"https:\/\/www.institutodeengenharia.org.br\/site\/wp-content\/uploads\/2020\/04\/clique-e-assista-\u00e0-grava\u00e7\u00e3o-do-evento.jpg\" alt=\"\" width=\"235\" height=\"94\" \/><\/a><\/p>\n<p><a href=\"https:\/\/www.institutodeengenharia.org.br\/site\/2024\/02\/27\/material-tecnico-captura-de-dados-3d-com-laser-scanner-como-o-uso-da-tecnologia-impacta-o-dia-a-dia-do-profissional-da-engenharia\/\"><img loading=\"lazy\" decoding=\"async\" class=\" wp-image-63986 aligncenter\" src=\"https:\/\/www.institutodeengenharia.org.br\/site\/wp-content\/uploads\/2020\/04\/clique-e-confira-o-material-t\u00e9cnico.jpg\" alt=\"\" width=\"230\" height=\"93\" srcset=\"https:\/\/www.institutodeengenharia.org.br\/site\/wp-content\/uploads\/2020\/04\/clique-e-confira-o-material-t\u00e9cnico.jpg 447w, https:\/\/www.institutodeengenharia.org.br\/site\/wp-content\/uploads\/2020\/04\/clique-e-confira-o-material-t\u00e9cnico-300x121.jpg 300w\" sizes=\"auto, (max-width: 230px) 100vw, 230px\" \/><\/a><\/p>\n<p><strong>Abordagem:<\/strong><\/p>\n<p>Explorando o futuro da realidade virtual e aumentada com Matterport: descubra como a tecnologia Matterport est\u00e1 revolucionando a forma como interagimos com espa\u00e7os f\u00edsicos, criando experi\u00eancias imersivas e inovadoras.<\/p>\n<p><b><strong>P\u00fablico-alvo:\u00a0<\/strong><\/b><\/p>\n<p>Engenheiros, arquitetos, t\u00e9cnicos, estudantes e demais interessados.<\/p>\n<p><strong>Realiza\u00e7\u00e3o:<\/strong><\/p>\n<p><img loading=\"lazy\" decoding=\"async\" class=\"alignnone wp-image-81229 alignleft\" src=\"https:\/\/www.institutodeengenharia.org.br\/site\/wp-content\/uploads\/2021\/05\/ie-logo-escudo.jpeg\" alt=\"\" width=\"94\" height=\"119\" srcset=\"https:\/\/www.institutodeengenharia.org.br\/site\/wp-content\/uploads\/2021\/05\/ie-logo-escudo.jpeg 1012w, https:\/\/www.institutodeengenharia.org.br\/site\/wp-content\/uploads\/2021\/05\/ie-logo-escudo-237x300.jpeg 237w, https:\/\/www.institutodeengenharia.org.br\/site\/wp-content\/uploads\/2021\/05\/ie-logo-escudo-810x1024.jpeg 810w, https:\/\/www.institutodeengenharia.org.br\/site\/wp-content\/uploads\/2021\/05\/ie-logo-escudo-768x971.jpeg 768w, https:\/\/www.institutodeengenharia.org.br\/site\/wp-content\/uploads\/2021\/05\/ie-logo-escudo-696x880.jpeg 696w, https:\/\/www.institutodeengenharia.org.br\/site\/wp-content\/uploads\/2021\/05\/ie-logo-escudo-332x420.jpeg 332w, https:\/\/www.institutodeengenharia.org.br\/site\/wp-content\/uploads\/2021\/05\/ie-logo-escudo-600x759.jpeg 600w\" sizes=\"auto, (max-width: 94px) 100vw, 94px\" \/><\/p>\n<p><strong>Eng. Ivan Metran Whately<\/strong> \u2013 Vice-presidente de Atividades T\u00e9cnicas<\/p>\n<p><strong>Eng.\u00aa D\u00e9bora Sanches de A. Marinello<\/strong> \u2013 Diretora do Departamento de Desenvolvimento de Gest\u00e3o e Objetivos<\/p>\n<p><strong>Eng. Pedro Badra<\/strong> \u2013 Coordenador da Divis\u00e3o T\u00e9cnica de Tecnologias Digitais<\/p>\n<p><strong>Apoio Institucional:<\/strong><\/p>\n<p><img loading=\"lazy\" decoding=\"async\" class=\"alignnone wp-image-77696\" src=\"https:\/\/www.institutodeengenharia.org.br\/site\/wp-content\/uploads\/2021\/02\/crea.jpg\" alt=\"\" width=\"145\" height=\"102\" srcset=\"https:\/\/www.institutodeengenharia.org.br\/site\/wp-content\/uploads\/2021\/02\/crea.jpg 448w, https:\/\/www.institutodeengenharia.org.br\/site\/wp-content\/uploads\/2021\/02\/crea-300x211.jpg 300w, https:\/\/www.institutodeengenharia.org.br\/site\/wp-content\/uploads\/2021\/02\/crea-100x70.jpg 100w\" sizes=\"auto, (max-width: 145px) 100vw, 145px\" \/><\/p>\n<p><strong>Apoio \u00e0 forma\u00e7\u00e3o:\u00a0<\/strong><\/p>\n<p>Espa\u00e7o aberto ao CREA-SP, objetivando o aperfei\u00e7oamento dos profissionais e o aprimoramento da fiscaliza\u00e7\u00e3o das \u00e1reas abrangidas pelo Sistema Confea\/CREAs, al\u00e9m de promover a conscientiza\u00e7\u00e3o da sociedade quanto \u00e0 necessidade e obrigatoriedade de contratar um profissional devidamente habilitado.<\/p>\n<div style=\"width: 696px;\" class=\"wp-video\"><video class=\"wp-video-shortcode\" id=\"video-115567-1\" width=\"696\" height=\"394\" preload=\"metadata\" controls=\"controls\"><source type=\"video\/mp4\" src=\"https:\/\/www.institutodeengenharia.org.br\/site\/wp-content\/uploads\/2021\/03\/WhatsApp-Video-2020-08-10-at-12.02.02-1.mp4?_=1\" \/><a href=\"https:\/\/www.institutodeengenharia.org.br\/site\/wp-content\/uploads\/2021\/03\/WhatsApp-Video-2020-08-10-at-12.02.02-1.mp4\">https:\/\/www.institutodeengenharia.org.br\/site\/wp-content\/uploads\/2021\/03\/WhatsApp-Video-2020-08-10-at-12.02.02-1.mp4<\/a><\/video><\/div>\n<p>&nbsp;<\/p>\n<p>&nbsp;<\/p>\n<p>&nbsp;<\/p>\n","protected":false},"author":13,"featured_media":115570,"menu_order":0,"comment_status":"open","ping_status":"closed","template":"","meta":[],"tags":[],"event_type":[146,147,145],"event_type_2":[],"class_list":{"0":"post-115567","1":"ajde_events","2":"type-ajde_events","3":"status-publish","4":"has-post-thumbnail","6":"event_speaker-pedro-augusto-faria-dos-santos-palestrante","7":"event_location-evento-hibrido-presencial-instituto-de-engenharia-av-dr-dante-pazzanese-120-vila-mariana-on-line-zoom-e-youtube-do-ie","8":"event_organizer-departamento-de-desenvolvimento-de-gestao-e-objetivos-divisao-tecnica-tecnologias-digitais","9":"event_type-agenda","10":"event_type-geral","11":"event_type-palestras"},"yoast_head":"<!-- This site is optimized with the Yoast SEO plugin v27.2 - https:\/\/yoast.com\/product\/yoast-seo-wordpress\/ -->\n<title>Captura de dados 3D com Laser Scanner: Como o uso da tecnologia impacta o dia a dia do profissional da Engenharia - Instituto de Engenharia<\/title>\n<meta name=\"robots\" content=\"index, follow, max-snippet:-1, max-image-preview:large, max-video-preview:-1\" \/>\n<link rel=\"canonical\" href=\"https:\/\/www.institutodeengenharia.org.br\/site\/events\/captura-de-dados-3d-com-laser-scanner-como-o-uso-da-tecnologia-impacta-o-dia-a-dia-do-profissional-da-engenharia\/\" \/>\n<meta property=\"og:locale\" content=\"pt_BR\" \/>\n<meta property=\"og:type\" content=\"article\" \/>\n<meta property=\"og:title\" content=\"Captura de dados 3D com Laser Scanner: Como o uso da tecnologia impacta o dia a dia do profissional da Engenharia - Instituto de Engenharia\" \/>\n<meta property=\"og:description\" content=\"Abordagem: Explorando o futuro da realidade virtual e aumentada com Matterport: descubra como a tecnologia Matterport est\u00e1 revolucionando a forma como interagimos com espa\u00e7os f\u00edsicos, criando experi\u00eancias imersivas e inovadoras. P\u00fablico-alvo:\u00a0 Engenheiros, arquitetos, t\u00e9cnicos, estudantes e demais interessados. Realiza\u00e7\u00e3o: Eng. Ivan Metran Whately \u2013 Vice-presidente de Atividades T\u00e9cnicas Eng.\u00aa D\u00e9bora Sanches de A. Marinello \u2013 [&hellip;]\" \/>\n<meta property=\"og:url\" content=\"https:\/\/www.institutodeengenharia.org.br\/site\/events\/captura-de-dados-3d-com-laser-scanner-como-o-uso-da-tecnologia-impacta-o-dia-a-dia-do-profissional-da-engenharia\/\" \/>\n<meta property=\"og:site_name\" content=\"Instituto de Engenharia\" \/>\n<meta property=\"article:publisher\" content=\"https:\/\/www.facebook.com\/institutodeengenharia\" \/>\n<meta property=\"article:modified_time\" content=\"2024-03-08T14:00:21+00:00\" \/>\n<meta property=\"og:image\" content=\"https:\/\/www.institutodeengenharia.org.br\/site\/wp-content\/uploads\/2024\/01\/Design-sem-nome-2024-01-29T142606.081.jpg\" \/>\n\t<meta property=\"og:image:width\" content=\"1920\" \/>\n\t<meta property=\"og:image:height\" content=\"1080\" \/>\n\t<meta property=\"og:image:type\" content=\"image\/jpeg\" \/>\n<meta name=\"twitter:card\" content=\"summary_large_image\" \/>\n<meta name=\"twitter:site\" content=\"@iengenharia\" \/>\n<meta name=\"twitter:label1\" content=\"Est. tempo de leitura\" \/>\n\t<meta name=\"twitter:data1\" content=\"2 minutos\" \/>\n<script type=\"application\/ld+json\" class=\"yoast-schema-graph\">{\"@context\":\"https:\/\/schema.org\",\"@graph\":[{\"@type\":\"WebPage\",\"@id\":\"https:\/\/www.institutodeengenharia.org.br\/site\/events\/captura-de-dados-3d-com-laser-scanner-como-o-uso-da-tecnologia-impacta-o-dia-a-dia-do-profissional-da-engenharia\/\",\"url\":\"https:\/\/www.institutodeengenharia.org.br\/site\/events\/captura-de-dados-3d-com-laser-scanner-como-o-uso-da-tecnologia-impacta-o-dia-a-dia-do-profissional-da-engenharia\/\",\"name\":\"Captura de dados 3D com Laser Scanner: Como o uso da tecnologia impacta o dia a dia do profissional da Engenharia - Instituto de Engenharia\",\"isPartOf\":{\"@id\":\"https:\/\/www.institutodeengenharia.org.br\/site\/#website\"},\"primaryImageOfPage\":{\"@id\":\"https:\/\/www.institutodeengenharia.org.br\/site\/events\/captura-de-dados-3d-com-laser-scanner-como-o-uso-da-tecnologia-impacta-o-dia-a-dia-do-profissional-da-engenharia\/#primaryimage\"},\"image\":{\"@id\":\"https:\/\/www.institutodeengenharia.org.br\/site\/events\/captura-de-dados-3d-com-laser-scanner-como-o-uso-da-tecnologia-impacta-o-dia-a-dia-do-profissional-da-engenharia\/#primaryimage\"},\"thumbnailUrl\":\"https:\/\/www.institutodeengenharia.org.br\/site\/wp-content\/uploads\/2024\/01\/Design-sem-nome-2024-01-29T142606.081.jpg\",\"datePublished\":\"2024-01-29T17:29:23+00:00\",\"dateModified\":\"2024-03-08T14:00:21+00:00\",\"breadcrumb\":{\"@id\":\"https:\/\/www.institutodeengenharia.org.br\/site\/events\/captura-de-dados-3d-com-laser-scanner-como-o-uso-da-tecnologia-impacta-o-dia-a-dia-do-profissional-da-engenharia\/#breadcrumb\"},\"inLanguage\":\"pt-BR\",\"potentialAction\":[{\"@type\":\"ReadAction\",\"target\":[\"https:\/\/www.institutodeengenharia.org.br\/site\/events\/captura-de-dados-3d-com-laser-scanner-como-o-uso-da-tecnologia-impacta-o-dia-a-dia-do-profissional-da-engenharia\/\"]}]},{\"@type\":\"ImageObject\",\"inLanguage\":\"pt-BR\",\"@id\":\"https:\/\/www.institutodeengenharia.org.br\/site\/events\/captura-de-dados-3d-com-laser-scanner-como-o-uso-da-tecnologia-impacta-o-dia-a-dia-do-profissional-da-engenharia\/#primaryimage\",\"url\":\"https:\/\/www.institutodeengenharia.org.br\/site\/wp-content\/uploads\/2024\/01\/Design-sem-nome-2024-01-29T142606.081.jpg\",\"contentUrl\":\"https:\/\/www.institutodeengenharia.org.br\/site\/wp-content\/uploads\/2024\/01\/Design-sem-nome-2024-01-29T142606.081.jpg\",\"width\":1920,\"height\":1080},{\"@type\":\"BreadcrumbList\",\"@id\":\"https:\/\/www.institutodeengenharia.org.br\/site\/events\/captura-de-dados-3d-com-laser-scanner-como-o-uso-da-tecnologia-impacta-o-dia-a-dia-do-profissional-da-engenharia\/#breadcrumb\",\"itemListElement\":[{\"@type\":\"ListItem\",\"position\":1,\"name\":\"In\u00edcio\",\"item\":\"https:\/\/www.institutodeengenharia.org.br\/site\/\"},{\"@type\":\"ListItem\",\"position\":2,\"name\":\"Eventos\",\"item\":\"https:\/\/www.institutodeengenharia.org.br\/site\/events\/\"},{\"@type\":\"ListItem\",\"position\":3,\"name\":\"Captura de dados 3D com Laser Scanner: Como o uso da tecnologia impacta o dia a dia do profissional da Engenharia\"}]},{\"@type\":\"WebSite\",\"@id\":\"https:\/\/www.institutodeengenharia.org.br\/site\/#website\",\"url\":\"https:\/\/www.institutodeengenharia.org.br\/site\/\",\"name\":\"Instituto de Engenharia\",\"description\":\"O Instituto de Engenharia promove a Engenharia em benef\u00edcio do desenvolvimento e da qualidade de vida da sociedade.\",\"publisher\":{\"@id\":\"https:\/\/www.institutodeengenharia.org.br\/site\/#organization\"},\"potentialAction\":[{\"@type\":\"SearchAction\",\"target\":{\"@type\":\"EntryPoint\",\"urlTemplate\":\"https:\/\/www.institutodeengenharia.org.br\/site\/?s={search_term_string}\"},\"query-input\":{\"@type\":\"PropertyValueSpecification\",\"valueRequired\":true,\"valueName\":\"search_term_string\"}}],\"inLanguage\":\"pt-BR\"},{\"@type\":\"Organization\",\"@id\":\"https:\/\/www.institutodeengenharia.org.br\/site\/#organization\",\"name\":\"Instituto de Engenharia\",\"url\":\"https:\/\/www.institutodeengenharia.org.br\/site\/\",\"logo\":{\"@type\":\"ImageObject\",\"inLanguage\":\"pt-BR\",\"@id\":\"https:\/\/www.institutodeengenharia.org.br\/site\/#\/schema\/logo\/image\/\",\"url\":\"https:\/\/www.institutodeengenharia.org.br\/site\/wp-content\/uploads\/2019\/03\/logo-novo-IE2018-1.jpg\",\"contentUrl\":\"https:\/\/www.institutodeengenharia.org.br\/site\/wp-content\/uploads\/2019\/03\/logo-novo-IE2018-1.jpg\",\"width\":1486,\"height\":1879,\"caption\":\"Instituto de Engenharia\"},\"image\":{\"@id\":\"https:\/\/www.institutodeengenharia.org.br\/site\/#\/schema\/logo\/image\/\"},\"sameAs\":[\"https:\/\/www.facebook.com\/institutodeengenharia\",\"https:\/\/x.com\/iengenharia\",\"https:\/\/www.instagram.com\/institutodeengenharia\/\",\"https:\/\/www.linkedin.com\/company\/instituto-de-engenharia\/\",\"https:\/\/www.youtube.com\/channel\/UCXiCAlsSMe977vamW915HxA\"]}]}<\/script>\n<!-- \/ Yoast SEO plugin. -->","yoast_head_json":{"title":"Captura de dados 3D com Laser Scanner: Como o uso da tecnologia impacta o dia a dia do profissional da Engenharia - Instituto de Engenharia","robots":{"index":"index","follow":"follow","max-snippet":"max-snippet:-1","max-image-preview":"max-image-preview:large","max-video-preview":"max-video-preview:-1"},"canonical":"https:\/\/www.institutodeengenharia.org.br\/site\/events\/captura-de-dados-3d-com-laser-scanner-como-o-uso-da-tecnologia-impacta-o-dia-a-dia-do-profissional-da-engenharia\/","og_locale":"pt_BR","og_type":"article","og_title":"Captura de dados 3D com Laser Scanner: Como o uso da tecnologia impacta o dia a dia do profissional da Engenharia - Instituto de Engenharia","og_description":"Abordagem: Explorando o futuro da realidade virtual e aumentada com Matterport: descubra como a tecnologia Matterport est\u00e1 revolucionando a forma como interagimos com espa\u00e7os f\u00edsicos, criando experi\u00eancias imersivas e inovadoras. P\u00fablico-alvo:\u00a0 Engenheiros, arquitetos, t\u00e9cnicos, estudantes e demais interessados. Realiza\u00e7\u00e3o: Eng. Ivan Metran Whately \u2013 Vice-presidente de Atividades T\u00e9cnicas Eng.\u00aa D\u00e9bora Sanches de A. Marinello \u2013 [&hellip;]","og_url":"https:\/\/www.institutodeengenharia.org.br\/site\/events\/captura-de-dados-3d-com-laser-scanner-como-o-uso-da-tecnologia-impacta-o-dia-a-dia-do-profissional-da-engenharia\/","og_site_name":"Instituto de Engenharia","article_publisher":"https:\/\/www.facebook.com\/institutodeengenharia","article_modified_time":"2024-03-08T14:00:21+00:00","og_image":[{"width":1920,"height":1080,"url":"https:\/\/www.institutodeengenharia.org.br\/site\/wp-content\/uploads\/2024\/01\/Design-sem-nome-2024-01-29T142606.081.jpg","type":"image\/jpeg"}],"twitter_card":"summary_large_image","twitter_site":"@iengenharia","twitter_misc":{"Est. tempo de leitura":"2 minutos"},"schema":{"@context":"https:\/\/schema.org","@graph":[{"@type":"WebPage","@id":"https:\/\/www.institutodeengenharia.org.br\/site\/events\/captura-de-dados-3d-com-laser-scanner-como-o-uso-da-tecnologia-impacta-o-dia-a-dia-do-profissional-da-engenharia\/","url":"https:\/\/www.institutodeengenharia.org.br\/site\/events\/captura-de-dados-3d-com-laser-scanner-como-o-uso-da-tecnologia-impacta-o-dia-a-dia-do-profissional-da-engenharia\/","name":"Captura de dados 3D com Laser Scanner: Como o uso da tecnologia impacta o dia a dia do profissional da Engenharia - Instituto de Engenharia","isPartOf":{"@id":"https:\/\/www.institutodeengenharia.org.br\/site\/#website"},"primaryImageOfPage":{"@id":"https:\/\/www.institutodeengenharia.org.br\/site\/events\/captura-de-dados-3d-com-laser-scanner-como-o-uso-da-tecnologia-impacta-o-dia-a-dia-do-profissional-da-engenharia\/#primaryimage"},"image":{"@id":"https:\/\/www.institutodeengenharia.org.br\/site\/events\/captura-de-dados-3d-com-laser-scanner-como-o-uso-da-tecnologia-impacta-o-dia-a-dia-do-profissional-da-engenharia\/#primaryimage"},"thumbnailUrl":"https:\/\/www.institutodeengenharia.org.br\/site\/wp-content\/uploads\/2024\/01\/Design-sem-nome-2024-01-29T142606.081.jpg","datePublished":"2024-01-29T17:29:23+00:00","dateModified":"2024-03-08T14:00:21+00:00","breadcrumb":{"@id":"https:\/\/www.institutodeengenharia.org.br\/site\/events\/captura-de-dados-3d-com-laser-scanner-como-o-uso-da-tecnologia-impacta-o-dia-a-dia-do-profissional-da-engenharia\/#breadcrumb"},"inLanguage":"pt-BR","potentialAction":[{"@type":"ReadAction","target":["https:\/\/www.institutodeengenharia.org.br\/site\/events\/captura-de-dados-3d-com-laser-scanner-como-o-uso-da-tecnologia-impacta-o-dia-a-dia-do-profissional-da-engenharia\/"]}]},{"@type":"ImageObject","inLanguage":"pt-BR","@id":"https:\/\/www.institutodeengenharia.org.br\/site\/events\/captura-de-dados-3d-com-laser-scanner-como-o-uso-da-tecnologia-impacta-o-dia-a-dia-do-profissional-da-engenharia\/#primaryimage","url":"https:\/\/www.institutodeengenharia.org.br\/site\/wp-content\/uploads\/2024\/01\/Design-sem-nome-2024-01-29T142606.081.jpg","contentUrl":"https:\/\/www.institutodeengenharia.org.br\/site\/wp-content\/uploads\/2024\/01\/Design-sem-nome-2024-01-29T142606.081.jpg","width":1920,"height":1080},{"@type":"BreadcrumbList","@id":"https:\/\/www.institutodeengenharia.org.br\/site\/events\/captura-de-dados-3d-com-laser-scanner-como-o-uso-da-tecnologia-impacta-o-dia-a-dia-do-profissional-da-engenharia\/#breadcrumb","itemListElement":[{"@type":"ListItem","position":1,"name":"In\u00edcio","item":"https:\/\/www.institutodeengenharia.org.br\/site\/"},{"@type":"ListItem","position":2,"name":"Eventos","item":"https:\/\/www.institutodeengenharia.org.br\/site\/events\/"},{"@type":"ListItem","position":3,"name":"Captura de dados 3D com Laser Scanner: Como o uso da tecnologia impacta o dia a dia do profissional da Engenharia"}]},{"@type":"WebSite","@id":"https:\/\/www.institutodeengenharia.org.br\/site\/#website","url":"https:\/\/www.institutodeengenharia.org.br\/site\/","name":"Instituto de Engenharia","description":"O Instituto de Engenharia promove a Engenharia em benef\u00edcio do desenvolvimento e da qualidade de vida da sociedade.","publisher":{"@id":"https:\/\/www.institutodeengenharia.org.br\/site\/#organization"},"potentialAction":[{"@type":"SearchAction","target":{"@type":"EntryPoint","urlTemplate":"https:\/\/www.institutodeengenharia.org.br\/site\/?s={search_term_string}"},"query-input":{"@type":"PropertyValueSpecification","valueRequired":true,"valueName":"search_term_string"}}],"inLanguage":"pt-BR"},{"@type":"Organization","@id":"https:\/\/www.institutodeengenharia.org.br\/site\/#organization","name":"Instituto de Engenharia","url":"https:\/\/www.institutodeengenharia.org.br\/site\/","logo":{"@type":"ImageObject","inLanguage":"pt-BR","@id":"https:\/\/www.institutodeengenharia.org.br\/site\/#\/schema\/logo\/image\/","url":"https:\/\/www.institutodeengenharia.org.br\/site\/wp-content\/uploads\/2019\/03\/logo-novo-IE2018-1.jpg","contentUrl":"https:\/\/www.institutodeengenharia.org.br\/site\/wp-content\/uploads\/2019\/03\/logo-novo-IE2018-1.jpg","width":1486,"height":1879,"caption":"Instituto de Engenharia"},"image":{"@id":"https:\/\/www.institutodeengenharia.org.br\/site\/#\/schema\/logo\/image\/"},"sameAs":["https:\/\/www.facebook.com\/institutodeengenharia","https:\/\/x.com\/iengenharia","https:\/\/www.instagram.com\/institutodeengenharia\/","https:\/\/www.linkedin.com\/company\/instituto-de-engenharia\/","https:\/\/www.youtube.com\/channel\/UCXiCAlsSMe977vamW915HxA"]}]}},"_links":{"self":[{"href":"https:\/\/www.institutodeengenharia.org.br\/site\/wp-json\/wp\/v2\/ajde_events\/115567","targetHints":{"allow":["GET"]}}],"collection":[{"href":"https:\/\/www.institutodeengenharia.org.br\/site\/wp-json\/wp\/v2\/ajde_events"}],"about":[{"href":"https:\/\/www.institutodeengenharia.org.br\/site\/wp-json\/wp\/v2\/types\/ajde_events"}],"author":[{"embeddable":true,"href":"https:\/\/www.institutodeengenharia.org.br\/site\/wp-json\/wp\/v2\/users\/13"}],"replies":[{"embeddable":true,"href":"https:\/\/www.institutodeengenharia.org.br\/site\/wp-json\/wp\/v2\/comments?post=115567"}],"wp:featuredmedia":[{"embeddable":true,"href":"https:\/\/www.institutodeengenharia.org.br\/site\/wp-json\/wp\/v2\/media\/115570"}],"wp:attachment":[{"href":"https:\/\/www.institutodeengenharia.org.br\/site\/wp-json\/wp\/v2\/media?parent=115567"}],"wp:term":[{"taxonomy":"post_tag","embeddable":true,"href":"https:\/\/www.institutodeengenharia.org.br\/site\/wp-json\/wp\/v2\/tags?post=115567"},{"taxonomy":"event_type","embeddable":true,"href":"https:\/\/www.institutodeengenharia.org.br\/site\/wp-json\/wp\/v2\/event_type?post=115567"},{"taxonomy":"event_type_2","embeddable":true,"href":"https:\/\/www.institutodeengenharia.org.br\/site\/wp-json\/wp\/v2\/event_type_2?post=115567"}],"curies":[{"name":"wp","href":"https:\/\/api.w.org\/{rel}","templated":true}]}}