{"id":105573,"date":"2023-05-10T10:36:57","date_gmt":"2023-05-10T13:36:57","guid":{"rendered":"https:\/\/www.institutodeengenharia.org.br\/site\/?post_type=ajde_events&#038;p=105573"},"modified":"2023-12-19T12:04:57","modified_gmt":"2023-12-19T15:04:57","slug":"faixa-azul-e-faixa-azul-segregada-balanco-da-experiencia-em-vias-do-municipio-de-sao-paulo","status":"publish","type":"ajde_events","link":"https:\/\/www.institutodeengenharia.org.br\/site\/events\/faixa-azul-e-faixa-azul-segregada-balanco-da-experiencia-em-vias-do-municipio-de-sao-paulo\/","title":{"rendered":"Faixa Azul e Faixa Azul Segregada &#8211; Balan\u00e7o da experi\u00eancia em vias do Munic\u00edpio de S\u00e3o Paulo"},"content":{"rendered":"<p style=\"text-align: center;\"><a href=\"https:\/\/www.flickr.com\/photos\/157391345@N08\/albums\/72177720309115613\/\"><strong>CLIQUE AQUI PARA VER AS FOTOS DO EVENTO<\/strong><\/a><\/p>\n<p><a href=\"https:\/\/www.institutodeengenharia.org.br\/site\/2023\/06\/16\/faixa-azul-e-faixa-azul-segregada-balanco-da-experiencia-em-vias-do-municipio-de-sao-paulo\/\"><img loading=\"lazy\" decoding=\"async\" class=\" wp-image-63985 aligncenter\" src=\"https:\/\/www.institutodeengenharia.org.br\/site\/wp-content\/uploads\/2020\/04\/clique-e-assista-\u00e0-grava\u00e7\u00e3o-do-evento.jpg\" alt=\"\" width=\"243\" height=\"97\" \/><\/a><\/p>\n<p style=\"text-align: center;\"><a href=\"https:\/\/www.institutodeengenharia.org.br\/site\/2023\/06\/16\/material-tecnico-faixa-azul-e-faixa-azul-segregada-balanco-da-experiencia-em-vias-do-municipio-de-sao-paulo\/\"><img loading=\"lazy\" decoding=\"async\" class=\"wp-image-63986 aligncenter\" src=\"https:\/\/www.institutodeengenharia.org.br\/site\/wp-content\/uploads\/2020\/04\/clique-e-confira-o-material-t\u00e9cnico.jpg\" alt=\"\" width=\"237\" height=\"96\" srcset=\"https:\/\/www.institutodeengenharia.org.br\/site\/wp-content\/uploads\/2020\/04\/clique-e-confira-o-material-t\u00e9cnico.jpg 447w, https:\/\/www.institutodeengenharia.org.br\/site\/wp-content\/uploads\/2020\/04\/clique-e-confira-o-material-t\u00e9cnico-300x121.jpg 300w\" sizes=\"auto, (max-width: 237px) 100vw, 237px\" \/><\/a><\/p>\n<p>&nbsp;<\/p>\n<p><strong>Abordagem:<\/strong><\/p>\n<p>Atualmente a cidade de S\u00e3o Paulo comporta a circula\u00e7\u00e3o de 1,3 milh\u00e3o de motos. A motocicleta vem ganhando destaque desde o in\u00edcio da pandemia, que por conta do isolamento social, o servi\u00e7o de entregas se tornou essencial e, por consequ\u00eancia, o n\u00famero de motos trafegando pelas vias subiu.<\/p>\n<p>Tal situa\u00e7\u00e3o resultou no aumento no n\u00famero de acidentes fatais em S\u00e3o Paulo, sendo registradas mortes di\u00e1rias acima de 01 motociclista.<\/p>\n<p>Isso deflagrou a necessidade de uma r\u00e1pida a\u00e7\u00e3o por parte da Secretaria Municipal de Mobilidade e Tr\u00e2nsito. Sendo assim foi implantado o Projeto da Faixa Azul para motocicletas na cidade de S\u00e3o Paulo.<\/p>\n<p><strong>P\u00fablico-alvo:<\/strong><\/p>\n<p>Engenheiros, arquitetos, urbanistas e estudantes.<\/p>\n<p><strong>Programa\u00e7\u00e3o:<\/strong><\/p>\n<p><strong>19h &#8211; Welcome Coffee <\/strong><\/p>\n<p><strong>Abertura<\/strong><\/p>\n<p>Jos\u00e9 Eduardo Frasc\u00e1 Poyares Jardim &#8211; Presidente do Instituto de Engenharia<\/p>\n<p><strong>19h40 \u00e0s 21h &#8211; Palestras: <\/strong><\/p>\n<p>Ricardo Nunes &#8211; Prefeito da cidade de S\u00e3o Paulo<\/p>\n<p>Celso Gon\u00e7alves Barbosa &#8211; Secret\u00e1rio Municipal de Mobilidade e Tr\u00e2nsito de S\u00e3o Paulo<\/p>\n<p>Ricardo Teixeira &#8211; Vereador<\/p>\n<p>Luiz Fernando Devico &#8211; Diretor de Planejamento e Projetos da CET<\/p>\n<p>(Modera\u00e7\u00e3o de Flaminio Fichmann, coordenador da Divis\u00e3o T\u00e9cnica de Mobilidade e Log\u00edstica Urbana e\u00a0Maria da Penha P. Nobre, coordenadora da Divis\u00e3o T\u00e9cnica de Tr\u00e2nsito)<\/p>\n<p><strong>21h \u00e0s 21h30 &#8211; Encerramento e Considera\u00e7\u00f5es<\/strong><\/p>\n<p><strong>Realiza\u00e7\u00e3o:<\/strong><\/p>\n<p><img loading=\"lazy\" decoding=\"async\" class=\"alignnone wp-image-86938 alignleft\" src=\"https:\/\/www.institutodeengenharia.org.br\/site\/wp-content\/uploads\/2021\/10\/logo-news2.png\" alt=\"\" width=\"83\" height=\"121\" srcset=\"https:\/\/www.institutodeengenharia.org.br\/site\/wp-content\/uploads\/2021\/10\/logo-news2.png 553w, https:\/\/www.institutodeengenharia.org.br\/site\/wp-content\/uploads\/2021\/10\/logo-news2-207x300.png 207w, https:\/\/www.institutodeengenharia.org.br\/site\/wp-content\/uploads\/2021\/10\/logo-news2-290x420.png 290w\" sizes=\"auto, (max-width: 83px) 100vw, 83px\" \/><\/p>\n<p><strong>Eng. Ivan Metran Whately<\/strong> \u2013 Vice-Presidente de Atividades T\u00e9cnicas<\/p>\n<p><strong>Arq.\u00aa Maria da Penha Pereira Nobre<\/strong> \u2013 Diretora do Departamento de Desenvolvimento Urbano e Regional<\/p>\n<p><strong>Arq. Flaminio Fichmann<\/strong> \u2013 Coordenador da Divis\u00e3o T\u00e9cnica de Mobilidade e Log\u00edstica Urbana<\/p>\n<p><strong>Patrocinador Diamante:<\/strong><\/p>\n<p><a href=\"http:\/\/www.abraciclo.com.br\"><img loading=\"lazy\" decoding=\"async\" class=\"alignnone wp-image-106817\" src=\"https:\/\/www.institutodeengenharia.org.br\/site\/wp-content\/uploads\/2023\/05\/MicrosoftTeams-image-252.png\" alt=\"\" width=\"231\" height=\"107\" srcset=\"https:\/\/www.institutodeengenharia.org.br\/site\/wp-content\/uploads\/2023\/05\/MicrosoftTeams-image-252.png 2667w, https:\/\/www.institutodeengenharia.org.br\/site\/wp-content\/uploads\/2023\/05\/MicrosoftTeams-image-252-300x139.png 300w, https:\/\/www.institutodeengenharia.org.br\/site\/wp-content\/uploads\/2023\/05\/MicrosoftTeams-image-252-1024x475.png 1024w, https:\/\/www.institutodeengenharia.org.br\/site\/wp-content\/uploads\/2023\/05\/MicrosoftTeams-image-252-768x356.png 768w, https:\/\/www.institutodeengenharia.org.br\/site\/wp-content\/uploads\/2023\/05\/MicrosoftTeams-image-252-1536x712.png 1536w, https:\/\/www.institutodeengenharia.org.br\/site\/wp-content\/uploads\/2023\/05\/MicrosoftTeams-image-252-2048x950.png 2048w, https:\/\/www.institutodeengenharia.org.br\/site\/wp-content\/uploads\/2023\/05\/MicrosoftTeams-image-252-696x323.png 696w, https:\/\/www.institutodeengenharia.org.br\/site\/wp-content\/uploads\/2023\/05\/MicrosoftTeams-image-252-1068x495.png 1068w, https:\/\/www.institutodeengenharia.org.br\/site\/wp-content\/uploads\/2023\/05\/MicrosoftTeams-image-252-1920x891.png 1920w, https:\/\/www.institutodeengenharia.org.br\/site\/wp-content\/uploads\/2023\/05\/MicrosoftTeams-image-252-906x420.png 906w, https:\/\/www.institutodeengenharia.org.br\/site\/wp-content\/uploads\/2023\/05\/MicrosoftTeams-image-252-600x278.png 600w\" sizes=\"auto, (max-width: 231px) 100vw, 231px\" \/><\/a> <a href=\"https:\/\/mobizapsp.com.br\/\"><img loading=\"lazy\" decoding=\"async\" class=\"alignnone wp-image-106816\" src=\"https:\/\/www.institutodeengenharia.org.br\/site\/wp-content\/uploads\/2023\/05\/MicrosoftTeams-image-253.png\" alt=\"\" width=\"286\" height=\"110\" srcset=\"https:\/\/www.institutodeengenharia.org.br\/site\/wp-content\/uploads\/2023\/05\/MicrosoftTeams-image-253.png 3316w, https:\/\/www.institutodeengenharia.org.br\/site\/wp-content\/uploads\/2023\/05\/MicrosoftTeams-image-253-300x116.png 300w, https:\/\/www.institutodeengenharia.org.br\/site\/wp-content\/uploads\/2023\/05\/MicrosoftTeams-image-253-1024x395.png 1024w, https:\/\/www.institutodeengenharia.org.br\/site\/wp-content\/uploads\/2023\/05\/MicrosoftTeams-image-253-768x296.png 768w, https:\/\/www.institutodeengenharia.org.br\/site\/wp-content\/uploads\/2023\/05\/MicrosoftTeams-image-253-1536x592.png 1536w, https:\/\/www.institutodeengenharia.org.br\/site\/wp-content\/uploads\/2023\/05\/MicrosoftTeams-image-253-2048x789.png 2048w, https:\/\/www.institutodeengenharia.org.br\/site\/wp-content\/uploads\/2023\/05\/MicrosoftTeams-image-253-696x268.png 696w, https:\/\/www.institutodeengenharia.org.br\/site\/wp-content\/uploads\/2023\/05\/MicrosoftTeams-image-253-1068x412.png 1068w, https:\/\/www.institutodeengenharia.org.br\/site\/wp-content\/uploads\/2023\/05\/MicrosoftTeams-image-253-1920x740.png 1920w, https:\/\/www.institutodeengenharia.org.br\/site\/wp-content\/uploads\/2023\/05\/MicrosoftTeams-image-253-1090x420.png 1090w, https:\/\/www.institutodeengenharia.org.br\/site\/wp-content\/uploads\/2023\/05\/MicrosoftTeams-image-253-600x231.png 600w\" sizes=\"auto, (max-width: 286px) 100vw, 286px\" \/><\/a><\/p>\n<p><strong>Patrocinador Platina:\u00a0<\/strong><\/p>\n<p><a href=\"http:\/\/sinalisa.com.br\/quem-somos\/\"><img loading=\"lazy\" decoding=\"async\" class=\"alignnone wp-image-106324\" src=\"https:\/\/www.institutodeengenharia.org.br\/site\/wp-content\/uploads\/2023\/05\/Logo_Eritram_2019.png\" alt=\"\" width=\"523\" height=\"81\" srcset=\"https:\/\/www.institutodeengenharia.org.br\/site\/wp-content\/uploads\/2023\/05\/Logo_Eritram_2019.png 1154w, https:\/\/www.institutodeengenharia.org.br\/site\/wp-content\/uploads\/2023\/05\/Logo_Eritram_2019-300x47.png 300w, https:\/\/www.institutodeengenharia.org.br\/site\/wp-content\/uploads\/2023\/05\/Logo_Eritram_2019-1024x159.png 1024w, https:\/\/www.institutodeengenharia.org.br\/site\/wp-content\/uploads\/2023\/05\/Logo_Eritram_2019-768x119.png 768w, https:\/\/www.institutodeengenharia.org.br\/site\/wp-content\/uploads\/2023\/05\/Logo_Eritram_2019-696x108.png 696w, https:\/\/www.institutodeengenharia.org.br\/site\/wp-content\/uploads\/2023\/05\/Logo_Eritram_2019-1068x166.png 1068w, https:\/\/www.institutodeengenharia.org.br\/site\/wp-content\/uploads\/2023\/05\/Logo_Eritram_2019-600x93.png 600w\" sizes=\"auto, (max-width: 523px) 100vw, 523px\" \/><\/a><\/p>\n<p><strong>Patrocinador Ouro:<\/strong><\/p>\n<p><a href=\"http:\/\/www.abeetrans.com.br\/\"><img loading=\"lazy\" decoding=\"async\" class=\"alignnone wp-image-106237\" src=\"https:\/\/www.institutodeengenharia.org.br\/site\/wp-content\/uploads\/2023\/05\/Abeetrans_png.png\" alt=\"\" width=\"148\" height=\"148\" srcset=\"https:\/\/www.institutodeengenharia.org.br\/site\/wp-content\/uploads\/2023\/05\/Abeetrans_png.png 2084w, https:\/\/www.institutodeengenharia.org.br\/site\/wp-content\/uploads\/2023\/05\/Abeetrans_png-300x300.png 300w, https:\/\/www.institutodeengenharia.org.br\/site\/wp-content\/uploads\/2023\/05\/Abeetrans_png-1024x1024.png 1024w, https:\/\/www.institutodeengenharia.org.br\/site\/wp-content\/uploads\/2023\/05\/Abeetrans_png-150x150.png 150w, https:\/\/www.institutodeengenharia.org.br\/site\/wp-content\/uploads\/2023\/05\/Abeetrans_png-768x768.png 768w, https:\/\/www.institutodeengenharia.org.br\/site\/wp-content\/uploads\/2023\/05\/Abeetrans_png-1536x1536.png 1536w, https:\/\/www.institutodeengenharia.org.br\/site\/wp-content\/uploads\/2023\/05\/Abeetrans_png-2048x2048.png 2048w, https:\/\/www.institutodeengenharia.org.br\/site\/wp-content\/uploads\/2023\/05\/Abeetrans_png-696x696.png 696w, https:\/\/www.institutodeengenharia.org.br\/site\/wp-content\/uploads\/2023\/05\/Abeetrans_png-1068x1069.png 1068w, https:\/\/www.institutodeengenharia.org.br\/site\/wp-content\/uploads\/2023\/05\/Abeetrans_png-1920x1921.png 1920w, https:\/\/www.institutodeengenharia.org.br\/site\/wp-content\/uploads\/2023\/05\/Abeetrans_png-420x420.png 420w, https:\/\/www.institutodeengenharia.org.br\/site\/wp-content\/uploads\/2023\/05\/Abeetrans_png-600x600.png 600w, https:\/\/www.institutodeengenharia.org.br\/site\/wp-content\/uploads\/2023\/05\/Abeetrans_png-100x100.png 100w\" sizes=\"auto, (max-width: 148px) 100vw, 148px\" \/><br \/>\n<\/a><\/p>\n<p><a href=\"http:\/\/arcsinalizacao.com.br\/\"><img loading=\"lazy\" decoding=\"async\" class=\"alignnone wp-image-106676\" src=\"https:\/\/www.institutodeengenharia.org.br\/site\/wp-content\/uploads\/2023\/05\/WhatsApp-Image-2023-06-07-at-12.07.59.jpeg\" alt=\"\" width=\"271\" height=\"45\" srcset=\"https:\/\/www.institutodeengenharia.org.br\/site\/wp-content\/uploads\/2023\/05\/WhatsApp-Image-2023-06-07-at-12.07.59.jpeg 463w, https:\/\/www.institutodeengenharia.org.br\/site\/wp-content\/uploads\/2023\/05\/WhatsApp-Image-2023-06-07-at-12.07.59-300x50.jpeg 300w\" sizes=\"auto, (max-width: 271px) 100vw, 271px\" \/><\/a><\/p>\n<p><strong>Apoio Institucional:<\/strong><\/p>\n<p><img loading=\"lazy\" decoding=\"async\" class=\"alignnone wp-image-77696\" src=\"https:\/\/www.institutodeengenharia.org.br\/site\/wp-content\/uploads\/2021\/02\/crea.jpg\" alt=\"\" width=\"132\" height=\"93\" srcset=\"https:\/\/www.institutodeengenharia.org.br\/site\/wp-content\/uploads\/2021\/02\/crea.jpg 448w, https:\/\/www.institutodeengenharia.org.br\/site\/wp-content\/uploads\/2021\/02\/crea-300x211.jpg 300w, https:\/\/www.institutodeengenharia.org.br\/site\/wp-content\/uploads\/2021\/02\/crea-100x70.jpg 100w\" sizes=\"auto, (max-width: 132px) 100vw, 132px\" \/> <a href=\"https:\/\/ciapoio.com.br\/\"><img loading=\"lazy\" decoding=\"async\" class=\"alignnone wp-image-106523\" src=\"https:\/\/www.institutodeengenharia.org.br\/site\/wp-content\/uploads\/2023\/05\/WhatsApp-Image-2023-05-31-at-16.54.51.jpeg\" alt=\"\" width=\"98\" height=\"98\" srcset=\"https:\/\/www.institutodeengenharia.org.br\/site\/wp-content\/uploads\/2023\/05\/WhatsApp-Image-2023-05-31-at-16.54.51.jpeg 1094w, https:\/\/www.institutodeengenharia.org.br\/site\/wp-content\/uploads\/2023\/05\/WhatsApp-Image-2023-05-31-at-16.54.51-300x300.jpeg 300w, https:\/\/www.institutodeengenharia.org.br\/site\/wp-content\/uploads\/2023\/05\/WhatsApp-Image-2023-05-31-at-16.54.51-1024x1024.jpeg 1024w, https:\/\/www.institutodeengenharia.org.br\/site\/wp-content\/uploads\/2023\/05\/WhatsApp-Image-2023-05-31-at-16.54.51-150x150.jpeg 150w, https:\/\/www.institutodeengenharia.org.br\/site\/wp-content\/uploads\/2023\/05\/WhatsApp-Image-2023-05-31-at-16.54.51-768x768.jpeg 768w, https:\/\/www.institutodeengenharia.org.br\/site\/wp-content\/uploads\/2023\/05\/WhatsApp-Image-2023-05-31-at-16.54.51-696x696.jpeg 696w, https:\/\/www.institutodeengenharia.org.br\/site\/wp-content\/uploads\/2023\/05\/WhatsApp-Image-2023-05-31-at-16.54.51-1068x1068.jpeg 1068w, https:\/\/www.institutodeengenharia.org.br\/site\/wp-content\/uploads\/2023\/05\/WhatsApp-Image-2023-05-31-at-16.54.51-420x420.jpeg 420w, https:\/\/www.institutodeengenharia.org.br\/site\/wp-content\/uploads\/2023\/05\/WhatsApp-Image-2023-05-31-at-16.54.51-600x600.jpeg 600w, https:\/\/www.institutodeengenharia.org.br\/site\/wp-content\/uploads\/2023\/05\/WhatsApp-Image-2023-05-31-at-16.54.51-100x100.jpeg 100w\" sizes=\"auto, (max-width: 98px) 100vw, 98px\" \/><\/a> <a href=\"http:\/\/www.innovia.net.br\"><img loading=\"lazy\" decoding=\"async\" class=\"alignnone wp-image-106457\" src=\"https:\/\/www.institutodeengenharia.org.br\/site\/wp-content\/uploads\/2023\/05\/MicrosoftTeams-image-232.png\" alt=\"\" width=\"204\" height=\"86\" srcset=\"https:\/\/www.institutodeengenharia.org.br\/site\/wp-content\/uploads\/2023\/05\/MicrosoftTeams-image-232.png 1760w, https:\/\/www.institutodeengenharia.org.br\/site\/wp-content\/uploads\/2023\/05\/MicrosoftTeams-image-232-300x127.png 300w, https:\/\/www.institutodeengenharia.org.br\/site\/wp-content\/uploads\/2023\/05\/MicrosoftTeams-image-232-1024x433.png 1024w, https:\/\/www.institutodeengenharia.org.br\/site\/wp-content\/uploads\/2023\/05\/MicrosoftTeams-image-232-768x325.png 768w, https:\/\/www.institutodeengenharia.org.br\/site\/wp-content\/uploads\/2023\/05\/MicrosoftTeams-image-232-1536x649.png 1536w, https:\/\/www.institutodeengenharia.org.br\/site\/wp-content\/uploads\/2023\/05\/MicrosoftTeams-image-232-696x294.png 696w, https:\/\/www.institutodeengenharia.org.br\/site\/wp-content\/uploads\/2023\/05\/MicrosoftTeams-image-232-1068x451.png 1068w, https:\/\/www.institutodeengenharia.org.br\/site\/wp-content\/uploads\/2023\/05\/MicrosoftTeams-image-232-994x420.png 994w, https:\/\/www.institutodeengenharia.org.br\/site\/wp-content\/uploads\/2023\/05\/MicrosoftTeams-image-232-600x254.png 600w\" sizes=\"auto, (max-width: 204px) 100vw, 204px\" \/><\/a><\/p>\n<p><strong>Apoio \u00e0 forma\u00e7\u00e3o:<\/strong><br \/>\nEspa\u00e7o aberto ao CREA-SP, objetivando o aperfei\u00e7oamento dos profissionais e o aprimoramento da fiscaliza\u00e7\u00e3o das \u00e1reas abrangidas pelo Sistema Confea\/CREAs, al\u00e9m de promover a conscientiza\u00e7\u00e3o da sociedade quanto \u00e0 necessidade e obrigatoriedade de contratar um profissional devidamente habilitado.<\/p>\n<div style=\"width: 696px;\" class=\"wp-video\"><video class=\"wp-video-shortcode\" id=\"video-105573-1\" width=\"696\" height=\"394\" preload=\"metadata\" controls=\"controls\"><source type=\"video\/mp4\" src=\"https:\/\/www.institutodeengenharia.org.br\/site\/wp-content\/uploads\/2021\/03\/WhatsApp-Video-2020-08-10-at-12.02.02-1.mp4?_=1\" \/><a href=\"https:\/\/www.institutodeengenharia.org.br\/site\/wp-content\/uploads\/2021\/03\/WhatsApp-Video-2020-08-10-at-12.02.02-1.mp4\">https:\/\/www.institutodeengenharia.org.br\/site\/wp-content\/uploads\/2021\/03\/WhatsApp-Video-2020-08-10-at-12.02.02-1.mp4<\/a><\/video><\/div>\n<p>&nbsp;<\/p>\n","protected":false},"author":13,"featured_media":105641,"menu_order":0,"comment_status":"open","ping_status":"closed","template":"","meta":[],"tags":[],"event_type":[146,147,145],"event_type_2":[],"class_list":{"0":"post-105573","1":"ajde_events","2":"type-ajde_events","3":"status-publish","4":"has-post-thumbnail","6":"event_speaker-ricardo-nunes-palestrante","7":"event_speaker-ricardo-teixeira-palestrante","8":"event_speaker-celso-goncalves-barbosa-palestrante","9":"event_speaker-flaminio-fichmann-moderador","10":"event_speaker-luiz-fernando-devico-palestrante","11":"event_speaker-maria-da-penha-nobre-moderadora","12":"event_location-evento-hibrido-presencial-instituto-de-engenharia-av-dr-dante-pazzanese-120-vila-mariana-sp-online-youtube-ie","13":"event_type-agenda","14":"event_type-geral","15":"event_type-palestras"},"yoast_head":"<!-- This site is optimized with the Yoast SEO plugin v27.2 - https:\/\/yoast.com\/product\/yoast-seo-wordpress\/ -->\n<title>Faixa Azul e Faixa Azul Segregada - Balan\u00e7o da experi\u00eancia em vias do Munic\u00edpio de S\u00e3o Paulo - Instituto de Engenharia<\/title>\n<meta name=\"robots\" content=\"index, follow, max-snippet:-1, max-image-preview:large, max-video-preview:-1\" \/>\n<link rel=\"canonical\" href=\"https:\/\/www.institutodeengenharia.org.br\/site\/events\/faixa-azul-e-faixa-azul-segregada-balanco-da-experiencia-em-vias-do-municipio-de-sao-paulo\/\" \/>\n<meta property=\"og:locale\" content=\"pt_BR\" \/>\n<meta property=\"og:type\" content=\"article\" \/>\n<meta property=\"og:title\" content=\"Prefeito Ricardo Nunes far\u00e1 balan\u00e7o da Faixa Azul em evento coordenado pelo IE\" \/>\n<meta property=\"og:description\" content=\"CLIQUE AQUI PARA VER AS FOTOS DO EVENTO &nbsp; Abordagem: Atualmente a cidade de S\u00e3o Paulo comporta a circula\u00e7\u00e3o de 1,3 milh\u00e3o de motos. A motocicleta vem ganhando destaque desde o in\u00edcio da pandemia, que por conta do isolamento social, o servi\u00e7o de entregas se tornou essencial e, por consequ\u00eancia, o n\u00famero de motos trafegando [&hellip;]\" \/>\n<meta property=\"og:url\" content=\"https:\/\/www.institutodeengenharia.org.br\/site\/events\/faixa-azul-e-faixa-azul-segregada-balanco-da-experiencia-em-vias-do-municipio-de-sao-paulo\/\" \/>\n<meta property=\"og:site_name\" content=\"Instituto de Engenharia\" \/>\n<meta property=\"article:publisher\" content=\"https:\/\/www.facebook.com\/institutodeengenharia\" \/>\n<meta property=\"article:modified_time\" content=\"2023-12-19T15:04:57+00:00\" \/>\n<meta property=\"og:image\" content=\"https:\/\/www.institutodeengenharia.org.br\/site\/wp-content\/uploads\/2023\/05\/unnamed-11.jpg\" \/>\n\t<meta property=\"og:image:width\" content=\"1280\" \/>\n\t<meta property=\"og:image:height\" content=\"960\" \/>\n\t<meta property=\"og:image:type\" content=\"image\/jpeg\" \/>\n<meta name=\"twitter:card\" content=\"summary_large_image\" \/>\n<meta name=\"twitter:title\" content=\"Prefeito Ricardo Nunes far\u00e1 balan\u00e7o da Faixa Azul em evento coordenado pelo IE\" \/>\n<meta name=\"twitter:image\" content=\"https:\/\/www.institutodeengenharia.org.br\/site\/wp-content\/uploads\/2023\/05\/unnamed-11.jpg\" \/>\n<meta name=\"twitter:site\" content=\"@iengenharia\" \/>\n<meta name=\"twitter:label1\" content=\"Est. tempo de leitura\" \/>\n\t<meta name=\"twitter:data1\" content=\"4 minutos\" \/>\n<script type=\"application\/ld+json\" class=\"yoast-schema-graph\">{\"@context\":\"https:\/\/schema.org\",\"@graph\":[{\"@type\":\"WebPage\",\"@id\":\"https:\/\/www.institutodeengenharia.org.br\/site\/events\/faixa-azul-e-faixa-azul-segregada-balanco-da-experiencia-em-vias-do-municipio-de-sao-paulo\/\",\"url\":\"https:\/\/www.institutodeengenharia.org.br\/site\/events\/faixa-azul-e-faixa-azul-segregada-balanco-da-experiencia-em-vias-do-municipio-de-sao-paulo\/\",\"name\":\"Faixa Azul e Faixa Azul Segregada - Balan\u00e7o da experi\u00eancia em vias do Munic\u00edpio de S\u00e3o Paulo - Instituto de Engenharia\",\"isPartOf\":{\"@id\":\"https:\/\/www.institutodeengenharia.org.br\/site\/#website\"},\"primaryImageOfPage\":{\"@id\":\"https:\/\/www.institutodeengenharia.org.br\/site\/events\/faixa-azul-e-faixa-azul-segregada-balanco-da-experiencia-em-vias-do-municipio-de-sao-paulo\/#primaryimage\"},\"image\":{\"@id\":\"https:\/\/www.institutodeengenharia.org.br\/site\/events\/faixa-azul-e-faixa-azul-segregada-balanco-da-experiencia-em-vias-do-municipio-de-sao-paulo\/#primaryimage\"},\"thumbnailUrl\":\"https:\/\/www.institutodeengenharia.org.br\/site\/wp-content\/uploads\/2023\/05\/unnamed-11.jpg\",\"datePublished\":\"2023-05-10T13:36:57+00:00\",\"dateModified\":\"2023-12-19T15:04:57+00:00\",\"breadcrumb\":{\"@id\":\"https:\/\/www.institutodeengenharia.org.br\/site\/events\/faixa-azul-e-faixa-azul-segregada-balanco-da-experiencia-em-vias-do-municipio-de-sao-paulo\/#breadcrumb\"},\"inLanguage\":\"pt-BR\",\"potentialAction\":[{\"@type\":\"ReadAction\",\"target\":[\"https:\/\/www.institutodeengenharia.org.br\/site\/events\/faixa-azul-e-faixa-azul-segregada-balanco-da-experiencia-em-vias-do-municipio-de-sao-paulo\/\"]}]},{\"@type\":\"ImageObject\",\"inLanguage\":\"pt-BR\",\"@id\":\"https:\/\/www.institutodeengenharia.org.br\/site\/events\/faixa-azul-e-faixa-azul-segregada-balanco-da-experiencia-em-vias-do-municipio-de-sao-paulo\/#primaryimage\",\"url\":\"https:\/\/www.institutodeengenharia.org.br\/site\/wp-content\/uploads\/2023\/05\/unnamed-11.jpg\",\"contentUrl\":\"https:\/\/www.institutodeengenharia.org.br\/site\/wp-content\/uploads\/2023\/05\/unnamed-11.jpg\",\"width\":1280,\"height\":960},{\"@type\":\"BreadcrumbList\",\"@id\":\"https:\/\/www.institutodeengenharia.org.br\/site\/events\/faixa-azul-e-faixa-azul-segregada-balanco-da-experiencia-em-vias-do-municipio-de-sao-paulo\/#breadcrumb\",\"itemListElement\":[{\"@type\":\"ListItem\",\"position\":1,\"name\":\"In\u00edcio\",\"item\":\"https:\/\/www.institutodeengenharia.org.br\/site\/\"},{\"@type\":\"ListItem\",\"position\":2,\"name\":\"Eventos\",\"item\":\"https:\/\/www.institutodeengenharia.org.br\/site\/events\/\"},{\"@type\":\"ListItem\",\"position\":3,\"name\":\"Faixa Azul e Faixa Azul Segregada &#8211; Balan\u00e7o da experi\u00eancia em vias do Munic\u00edpio de S\u00e3o Paulo\"}]},{\"@type\":\"WebSite\",\"@id\":\"https:\/\/www.institutodeengenharia.org.br\/site\/#website\",\"url\":\"https:\/\/www.institutodeengenharia.org.br\/site\/\",\"name\":\"Instituto de Engenharia\",\"description\":\"O Instituto de Engenharia promove a Engenharia em benef\u00edcio do desenvolvimento e da qualidade de vida da sociedade.\",\"publisher\":{\"@id\":\"https:\/\/www.institutodeengenharia.org.br\/site\/#organization\"},\"potentialAction\":[{\"@type\":\"SearchAction\",\"target\":{\"@type\":\"EntryPoint\",\"urlTemplate\":\"https:\/\/www.institutodeengenharia.org.br\/site\/?s={search_term_string}\"},\"query-input\":{\"@type\":\"PropertyValueSpecification\",\"valueRequired\":true,\"valueName\":\"search_term_string\"}}],\"inLanguage\":\"pt-BR\"},{\"@type\":\"Organization\",\"@id\":\"https:\/\/www.institutodeengenharia.org.br\/site\/#organization\",\"name\":\"Instituto de Engenharia\",\"url\":\"https:\/\/www.institutodeengenharia.org.br\/site\/\",\"logo\":{\"@type\":\"ImageObject\",\"inLanguage\":\"pt-BR\",\"@id\":\"https:\/\/www.institutodeengenharia.org.br\/site\/#\/schema\/logo\/image\/\",\"url\":\"https:\/\/www.institutodeengenharia.org.br\/site\/wp-content\/uploads\/2019\/03\/logo-novo-IE2018-1.jpg\",\"contentUrl\":\"https:\/\/www.institutodeengenharia.org.br\/site\/wp-content\/uploads\/2019\/03\/logo-novo-IE2018-1.jpg\",\"width\":1486,\"height\":1879,\"caption\":\"Instituto de Engenharia\"},\"image\":{\"@id\":\"https:\/\/www.institutodeengenharia.org.br\/site\/#\/schema\/logo\/image\/\"},\"sameAs\":[\"https:\/\/www.facebook.com\/institutodeengenharia\",\"https:\/\/x.com\/iengenharia\",\"https:\/\/www.instagram.com\/institutodeengenharia\/\",\"https:\/\/www.linkedin.com\/company\/instituto-de-engenharia\/\",\"https:\/\/www.youtube.com\/channel\/UCXiCAlsSMe977vamW915HxA\"]}]}<\/script>\n<!-- \/ Yoast SEO plugin. -->","yoast_head_json":{"title":"Faixa Azul e Faixa Azul Segregada - Balan\u00e7o da experi\u00eancia em vias do Munic\u00edpio de S\u00e3o Paulo - Instituto de Engenharia","robots":{"index":"index","follow":"follow","max-snippet":"max-snippet:-1","max-image-preview":"max-image-preview:large","max-video-preview":"max-video-preview:-1"},"canonical":"https:\/\/www.institutodeengenharia.org.br\/site\/events\/faixa-azul-e-faixa-azul-segregada-balanco-da-experiencia-em-vias-do-municipio-de-sao-paulo\/","og_locale":"pt_BR","og_type":"article","og_title":"Prefeito Ricardo Nunes far\u00e1 balan\u00e7o da Faixa Azul em evento coordenado pelo IE","og_description":"CLIQUE AQUI PARA VER AS FOTOS DO EVENTO &nbsp; Abordagem: Atualmente a cidade de S\u00e3o Paulo comporta a circula\u00e7\u00e3o de 1,3 milh\u00e3o de motos. A motocicleta vem ganhando destaque desde o in\u00edcio da pandemia, que por conta do isolamento social, o servi\u00e7o de entregas se tornou essencial e, por consequ\u00eancia, o n\u00famero de motos trafegando [&hellip;]","og_url":"https:\/\/www.institutodeengenharia.org.br\/site\/events\/faixa-azul-e-faixa-azul-segregada-balanco-da-experiencia-em-vias-do-municipio-de-sao-paulo\/","og_site_name":"Instituto de Engenharia","article_publisher":"https:\/\/www.facebook.com\/institutodeengenharia","article_modified_time":"2023-12-19T15:04:57+00:00","og_image":[{"width":1280,"height":960,"url":"https:\/\/www.institutodeengenharia.org.br\/site\/wp-content\/uploads\/2023\/05\/unnamed-11.jpg","type":"image\/jpeg"}],"twitter_card":"summary_large_image","twitter_title":"Prefeito Ricardo Nunes far\u00e1 balan\u00e7o da Faixa Azul em evento coordenado pelo IE","twitter_image":"https:\/\/www.institutodeengenharia.org.br\/site\/wp-content\/uploads\/2023\/05\/unnamed-11.jpg","twitter_site":"@iengenharia","twitter_misc":{"Est. tempo de leitura":"4 minutos"},"schema":{"@context":"https:\/\/schema.org","@graph":[{"@type":"WebPage","@id":"https:\/\/www.institutodeengenharia.org.br\/site\/events\/faixa-azul-e-faixa-azul-segregada-balanco-da-experiencia-em-vias-do-municipio-de-sao-paulo\/","url":"https:\/\/www.institutodeengenharia.org.br\/site\/events\/faixa-azul-e-faixa-azul-segregada-balanco-da-experiencia-em-vias-do-municipio-de-sao-paulo\/","name":"Faixa Azul e Faixa Azul Segregada - Balan\u00e7o da experi\u00eancia em vias do Munic\u00edpio de S\u00e3o Paulo - Instituto de Engenharia","isPartOf":{"@id":"https:\/\/www.institutodeengenharia.org.br\/site\/#website"},"primaryImageOfPage":{"@id":"https:\/\/www.institutodeengenharia.org.br\/site\/events\/faixa-azul-e-faixa-azul-segregada-balanco-da-experiencia-em-vias-do-municipio-de-sao-paulo\/#primaryimage"},"image":{"@id":"https:\/\/www.institutodeengenharia.org.br\/site\/events\/faixa-azul-e-faixa-azul-segregada-balanco-da-experiencia-em-vias-do-municipio-de-sao-paulo\/#primaryimage"},"thumbnailUrl":"https:\/\/www.institutodeengenharia.org.br\/site\/wp-content\/uploads\/2023\/05\/unnamed-11.jpg","datePublished":"2023-05-10T13:36:57+00:00","dateModified":"2023-12-19T15:04:57+00:00","breadcrumb":{"@id":"https:\/\/www.institutodeengenharia.org.br\/site\/events\/faixa-azul-e-faixa-azul-segregada-balanco-da-experiencia-em-vias-do-municipio-de-sao-paulo\/#breadcrumb"},"inLanguage":"pt-BR","potentialAction":[{"@type":"ReadAction","target":["https:\/\/www.institutodeengenharia.org.br\/site\/events\/faixa-azul-e-faixa-azul-segregada-balanco-da-experiencia-em-vias-do-municipio-de-sao-paulo\/"]}]},{"@type":"ImageObject","inLanguage":"pt-BR","@id":"https:\/\/www.institutodeengenharia.org.br\/site\/events\/faixa-azul-e-faixa-azul-segregada-balanco-da-experiencia-em-vias-do-municipio-de-sao-paulo\/#primaryimage","url":"https:\/\/www.institutodeengenharia.org.br\/site\/wp-content\/uploads\/2023\/05\/unnamed-11.jpg","contentUrl":"https:\/\/www.institutodeengenharia.org.br\/site\/wp-content\/uploads\/2023\/05\/unnamed-11.jpg","width":1280,"height":960},{"@type":"BreadcrumbList","@id":"https:\/\/www.institutodeengenharia.org.br\/site\/events\/faixa-azul-e-faixa-azul-segregada-balanco-da-experiencia-em-vias-do-municipio-de-sao-paulo\/#breadcrumb","itemListElement":[{"@type":"ListItem","position":1,"name":"In\u00edcio","item":"https:\/\/www.institutodeengenharia.org.br\/site\/"},{"@type":"ListItem","position":2,"name":"Eventos","item":"https:\/\/www.institutodeengenharia.org.br\/site\/events\/"},{"@type":"ListItem","position":3,"name":"Faixa Azul e Faixa Azul Segregada &#8211; Balan\u00e7o da experi\u00eancia em vias do Munic\u00edpio de S\u00e3o Paulo"}]},{"@type":"WebSite","@id":"https:\/\/www.institutodeengenharia.org.br\/site\/#website","url":"https:\/\/www.institutodeengenharia.org.br\/site\/","name":"Instituto de Engenharia","description":"O Instituto de Engenharia promove a Engenharia em benef\u00edcio do desenvolvimento e da qualidade de vida da sociedade.","publisher":{"@id":"https:\/\/www.institutodeengenharia.org.br\/site\/#organization"},"potentialAction":[{"@type":"SearchAction","target":{"@type":"EntryPoint","urlTemplate":"https:\/\/www.institutodeengenharia.org.br\/site\/?s={search_term_string}"},"query-input":{"@type":"PropertyValueSpecification","valueRequired":true,"valueName":"search_term_string"}}],"inLanguage":"pt-BR"},{"@type":"Organization","@id":"https:\/\/www.institutodeengenharia.org.br\/site\/#organization","name":"Instituto de Engenharia","url":"https:\/\/www.institutodeengenharia.org.br\/site\/","logo":{"@type":"ImageObject","inLanguage":"pt-BR","@id":"https:\/\/www.institutodeengenharia.org.br\/site\/#\/schema\/logo\/image\/","url":"https:\/\/www.institutodeengenharia.org.br\/site\/wp-content\/uploads\/2019\/03\/logo-novo-IE2018-1.jpg","contentUrl":"https:\/\/www.institutodeengenharia.org.br\/site\/wp-content\/uploads\/2019\/03\/logo-novo-IE2018-1.jpg","width":1486,"height":1879,"caption":"Instituto de Engenharia"},"image":{"@id":"https:\/\/www.institutodeengenharia.org.br\/site\/#\/schema\/logo\/image\/"},"sameAs":["https:\/\/www.facebook.com\/institutodeengenharia","https:\/\/x.com\/iengenharia","https:\/\/www.instagram.com\/institutodeengenharia\/","https:\/\/www.linkedin.com\/company\/instituto-de-engenharia\/","https:\/\/www.youtube.com\/channel\/UCXiCAlsSMe977vamW915HxA"]}]}},"_links":{"self":[{"href":"https:\/\/www.institutodeengenharia.org.br\/site\/wp-json\/wp\/v2\/ajde_events\/105573","targetHints":{"allow":["GET"]}}],"collection":[{"href":"https:\/\/www.institutodeengenharia.org.br\/site\/wp-json\/wp\/v2\/ajde_events"}],"about":[{"href":"https:\/\/www.institutodeengenharia.org.br\/site\/wp-json\/wp\/v2\/types\/ajde_events"}],"author":[{"embeddable":true,"href":"https:\/\/www.institutodeengenharia.org.br\/site\/wp-json\/wp\/v2\/users\/13"}],"replies":[{"embeddable":true,"href":"https:\/\/www.institutodeengenharia.org.br\/site\/wp-json\/wp\/v2\/comments?post=105573"}],"wp:featuredmedia":[{"embeddable":true,"href":"https:\/\/www.institutodeengenharia.org.br\/site\/wp-json\/wp\/v2\/media\/105641"}],"wp:attachment":[{"href":"https:\/\/www.institutodeengenharia.org.br\/site\/wp-json\/wp\/v2\/media?parent=105573"}],"wp:term":[{"taxonomy":"post_tag","embeddable":true,"href":"https:\/\/www.institutodeengenharia.org.br\/site\/wp-json\/wp\/v2\/tags?post=105573"},{"taxonomy":"event_type","embeddable":true,"href":"https:\/\/www.institutodeengenharia.org.br\/site\/wp-json\/wp\/v2\/event_type?post=105573"},{"taxonomy":"event_type_2","embeddable":true,"href":"https:\/\/www.institutodeengenharia.org.br\/site\/wp-json\/wp\/v2\/event_type_2?post=105573"}],"curies":[{"name":"wp","href":"https:\/\/api.w.org\/{rel}","templated":true}]}}