{"id":105430,"date":"2023-05-08T15:04:13","date_gmt":"2023-05-08T18:04:13","guid":{"rendered":"https:\/\/www.institutodeengenharia.org.br\/site\/?post_type=ajde_events&#038;p=105430"},"modified":"2023-08-07T11:03:00","modified_gmt":"2023-08-07T14:03:00","slug":"aplicacoes-praticas-dos-ensaios-dmt-e-cptu","status":"publish","type":"ajde_events","link":"https:\/\/www.institutodeengenharia.org.br\/site\/events\/aplicacoes-praticas-dos-ensaios-dmt-e-cptu\/","title":{"rendered":"Aplica\u00e7\u00f5es pr\u00e1ticas dos ensaios DMT e CPTu"},"content":{"rendered":"<p><a href=\"https:\/\/www.institutodeengenharia.org.br\/site\/2023\/08\/07\/aplicacoes-praticas-dos-ensaios-dmt-e-cptu\/\"><img loading=\"lazy\" decoding=\"async\" class=\" wp-image-63985 aligncenter\" src=\"https:\/\/www.institutodeengenharia.org.br\/site\/wp-content\/uploads\/2020\/04\/clique-e-assista-\u00e0-grava\u00e7\u00e3o-do-evento.jpg\" alt=\"\" width=\"225\" height=\"90\" \/><\/a><\/p>\n<p><a href=\"https:\/\/www.institutodeengenharia.org.br\/site\/2023\/08\/02\/material-tecnico-aplicacoes-praticas-dos-ensaios-dmt-e-cptu\/\"><img loading=\"lazy\" decoding=\"async\" class=\" wp-image-63986 aligncenter\" src=\"https:\/\/www.institutodeengenharia.org.br\/site\/wp-content\/uploads\/2020\/04\/clique-e-confira-o-material-t\u00e9cnico-300x121.jpg\" alt=\"\" width=\"235\" height=\"95\" srcset=\"https:\/\/www.institutodeengenharia.org.br\/site\/wp-content\/uploads\/2020\/04\/clique-e-confira-o-material-t\u00e9cnico-300x121.jpg 300w, https:\/\/www.institutodeengenharia.org.br\/site\/wp-content\/uploads\/2020\/04\/clique-e-confira-o-material-t\u00e9cnico.jpg 447w\" sizes=\"auto, (max-width: 235px) 100vw, 235px\" \/><\/a><\/p>\n<p><strong>Abordagem:\u00a0<\/strong><\/p>\n<p>T\u00e9cnica do ensaio DMT;<\/p>\n<p>Aplica\u00e7\u00f5es em projetos de pisos de galp\u00f5es de log\u00edstica;<\/p>\n<p>Aplica\u00e7\u00f5es na verifica\u00e7\u00e3o da compacta\u00e7\u00e3o de aterros;<\/p>\n<p>Aplica\u00e7\u00f5es nas avalia\u00e7\u00f5es de recalques de funda\u00e7\u00f5es diretas;<\/p>\n<p>T\u00e9cnica do ensaio CPTu;<\/p>\n<p>Aplica\u00e7\u00f5es em aterros sobre solos moles;<\/p>\n<p>Aplica\u00e7\u00f5es em funda\u00e7\u00f5es por estacas;<\/p>\n<p>Aplica\u00e7\u00f5es conjuntas com outros ensaios.<\/p>\n<p><strong>P\u00fablico-alvo:<\/strong><\/p>\n<p>Engenheiros geot\u00e9cnicos e civis.<\/p>\n<p><strong>Realiza\u00e7\u00e3o:<\/strong><\/p>\n<p><img loading=\"lazy\" decoding=\"async\" class=\"alignnone wp-image-81229 alignleft\" src=\"https:\/\/www.institutodeengenharia.org.br\/site\/wp-content\/uploads\/2021\/05\/ie-logo-escudo.jpeg\" alt=\"\" width=\"94\" height=\"119\" srcset=\"https:\/\/www.institutodeengenharia.org.br\/site\/wp-content\/uploads\/2021\/05\/ie-logo-escudo.jpeg 1012w, https:\/\/www.institutodeengenharia.org.br\/site\/wp-content\/uploads\/2021\/05\/ie-logo-escudo-237x300.jpeg 237w, https:\/\/www.institutodeengenharia.org.br\/site\/wp-content\/uploads\/2021\/05\/ie-logo-escudo-810x1024.jpeg 810w, https:\/\/www.institutodeengenharia.org.br\/site\/wp-content\/uploads\/2021\/05\/ie-logo-escudo-768x971.jpeg 768w, https:\/\/www.institutodeengenharia.org.br\/site\/wp-content\/uploads\/2021\/05\/ie-logo-escudo-696x880.jpeg 696w, https:\/\/www.institutodeengenharia.org.br\/site\/wp-content\/uploads\/2021\/05\/ie-logo-escudo-332x420.jpeg 332w, https:\/\/www.institutodeengenharia.org.br\/site\/wp-content\/uploads\/2021\/05\/ie-logo-escudo-600x759.jpeg 600w\" sizes=\"auto, (max-width: 94px) 100vw, 94px\" \/><\/p>\n<p>Eng. Ivan Metran Whately <strong>\u2013 Vice-Presidente de Atividades T\u00e9cnicas<\/strong><\/p>\n<p><strong>Eng. Francisco Jos\u00e9 Pereira de Oliveira<\/strong> \u2013 Diretor do Departamento de Desenvolvimento de Projetos e Servi\u00e7os de Infraestrutura<\/p>\n<p><strong>Eng. Arthur Teixeira Askinis<\/strong> \u2013 Coordenador da Divis\u00e3o T\u00e9cnica de Geotecnia<\/p>\n<p><strong>IE Jovem<\/strong><\/p>\n<p><strong>Apoio Institucional:<\/strong><\/p>\n<p><img loading=\"lazy\" decoding=\"async\" class=\"alignnone wp-image-77696\" src=\"https:\/\/www.institutodeengenharia.org.br\/site\/wp-content\/uploads\/2021\/02\/crea.jpg\" alt=\"\" width=\"166\" height=\"117\" srcset=\"https:\/\/www.institutodeengenharia.org.br\/site\/wp-content\/uploads\/2021\/02\/crea.jpg 448w, https:\/\/www.institutodeengenharia.org.br\/site\/wp-content\/uploads\/2021\/02\/crea-300x211.jpg 300w, https:\/\/www.institutodeengenharia.org.br\/site\/wp-content\/uploads\/2021\/02\/crea-100x70.jpg 100w\" sizes=\"auto, (max-width: 166px) 100vw, 166px\" \/> <img loading=\"lazy\" decoding=\"async\" class=\"alignnone wp-image-97040\" src=\"https:\/\/www.institutodeengenharia.org.br\/site\/wp-content\/uploads\/2022\/05\/geotecnia.png\" alt=\"\" width=\"130\" height=\"120\" \/> <img loading=\"lazy\" decoding=\"async\" class=\"alignnone wp-image-102111\" src=\"https:\/\/www.institutodeengenharia.org.br\/site\/wp-content\/uploads\/2023\/02\/abms.png\" alt=\"\" width=\"159\" height=\"116\" srcset=\"https:\/\/www.institutodeengenharia.org.br\/site\/wp-content\/uploads\/2023\/02\/abms.png 1240w, https:\/\/www.institutodeengenharia.org.br\/site\/wp-content\/uploads\/2023\/02\/abms-300x220.png 300w, https:\/\/www.institutodeengenharia.org.br\/site\/wp-content\/uploads\/2023\/02\/abms-1024x751.png 1024w, https:\/\/www.institutodeengenharia.org.br\/site\/wp-content\/uploads\/2023\/02\/abms-768x563.png 768w, https:\/\/www.institutodeengenharia.org.br\/site\/wp-content\/uploads\/2023\/02\/abms-696x510.png 696w, https:\/\/www.institutodeengenharia.org.br\/site\/wp-content\/uploads\/2023\/02\/abms-1068x783.png 1068w, https:\/\/www.institutodeengenharia.org.br\/site\/wp-content\/uploads\/2023\/02\/abms-573x420.png 573w, https:\/\/www.institutodeengenharia.org.br\/site\/wp-content\/uploads\/2023\/02\/abms-324x235.png 324w, https:\/\/www.institutodeengenharia.org.br\/site\/wp-content\/uploads\/2023\/02\/abms-600x440.png 600w\" sizes=\"auto, (max-width: 159px) 100vw, 159px\" \/><\/p>\n<p><strong>Apoio \u00e0 forma\u00e7\u00e3o:\u00a0<\/strong><\/p>\n<p>Espa\u00e7o aberto ao CREA-SP, objetivando o aperfei\u00e7oamento dos profissionais e o aprimoramento da fiscaliza\u00e7\u00e3o das \u00e1reas abrangidas pelo Sistema Confea\/CREAs, al\u00e9m de promover a conscientiza\u00e7\u00e3o da sociedade quanto \u00e0 necessidade e obrigatoriedade de contratar um profissional devidamente habilitado.<\/p>\n<div style=\"width: 696px;\" class=\"wp-video\"><video class=\"wp-video-shortcode\" id=\"video-105430-1\" width=\"696\" height=\"394\" preload=\"metadata\" controls=\"controls\"><source type=\"video\/mp4\" src=\"https:\/\/www.institutodeengenharia.org.br\/site\/wp-content\/uploads\/2021\/03\/WhatsApp-Video-2020-08-10-at-12.02.02-1.mp4?_=1\" \/><a href=\"https:\/\/www.institutodeengenharia.org.br\/site\/wp-content\/uploads\/2021\/03\/WhatsApp-Video-2020-08-10-at-12.02.02-1.mp4\">https:\/\/www.institutodeengenharia.org.br\/site\/wp-content\/uploads\/2021\/03\/WhatsApp-Video-2020-08-10-at-12.02.02-1.mp4<\/a><\/video><\/div>\n<p>&nbsp;<\/p>\n<p>&nbsp;<\/p>\n","protected":false},"author":13,"featured_media":105452,"menu_order":0,"comment_status":"open","ping_status":"closed","template":"","meta":[],"tags":[],"event_type":[146,147,145],"event_type_2":[],"class_list":{"0":"post-105430","1":"ajde_events","2":"type-ajde_events","3":"status-publish","4":"has-post-thumbnail","6":"event_speaker-arthur-t-askinis-abertura","7":"event_speaker-engo-me-diego-gazolli-yanez-moderador","8":"event_speaker-prof-dr-antonio-sergio-damasco-penna-palestrante","9":"event_location-evento-hibrido-presencial-instituto-de-engenharia-av-dr-dante-pazzanese-120-vila-mariana-on-line-site-e-youtube-do-ie","10":"event_organizer-departamento-de-desenvolvimento-de-projetos-e-servicos-de-infraestrutura-divisao-tecnica-de-geotecnia-ie-jovem","11":"event_type-agenda","12":"event_type-geral","13":"event_type-palestras"},"yoast_head":"<!-- This site is optimized with the Yoast SEO plugin v27.2 - https:\/\/yoast.com\/product\/yoast-seo-wordpress\/ -->\n<title>Aplica\u00e7\u00f5es pr\u00e1ticas dos ensaios DMT e CPTu - Instituto de Engenharia<\/title>\n<meta name=\"robots\" content=\"index, follow, max-snippet:-1, max-image-preview:large, max-video-preview:-1\" \/>\n<link rel=\"canonical\" href=\"https:\/\/www.institutodeengenharia.org.br\/site\/events\/aplicacoes-praticas-dos-ensaios-dmt-e-cptu\/\" \/>\n<meta property=\"og:locale\" content=\"pt_BR\" \/>\n<meta property=\"og:type\" content=\"article\" \/>\n<meta property=\"og:title\" content=\"Aplica\u00e7\u00f5es pr\u00e1ticas dos ensaios DMT e CPTu\" \/>\n<meta property=\"og:description\" content=\"T\u00e9cnica do ensaio DMT; Aplica\u00e7\u00f5es em projetos de pisos de galp\u00f5es de log\u00edstica; Aplica\u00e7\u00f5es na verifica\u00e7\u00e3o da compacta\u00e7\u00e3o de aterros; Aplica\u00e7\u00f5es nas avalia\u00e7\u00f5es de recalques de funda\u00e7\u00f5es diretas; T\u00e9cnica do ensaio CPTu; Aplica\u00e7\u00f5es em aterros sobre solos moles; Aplica\u00e7\u00f5es em funda\u00e7\u00f5es por estacas; Aplica\u00e7\u00f5es conjuntas com outros ensaios.\" \/>\n<meta property=\"og:url\" content=\"https:\/\/www.institutodeengenharia.org.br\/site\/events\/aplicacoes-praticas-dos-ensaios-dmt-e-cptu\/\" \/>\n<meta property=\"og:site_name\" content=\"Instituto de Engenharia\" \/>\n<meta property=\"article:publisher\" content=\"https:\/\/www.facebook.com\/institutodeengenharia\" \/>\n<meta property=\"article:modified_time\" content=\"2023-08-07T14:03:00+00:00\" \/>\n<meta property=\"og:image\" content=\"https:\/\/www.institutodeengenharia.org.br\/site\/wp-content\/uploads\/2023\/05\/MicrosoftTeams-image-207.jpg\" \/>\n\t<meta property=\"og:image:width\" content=\"886\" \/>\n\t<meta property=\"og:image:height\" content=\"498\" \/>\n\t<meta property=\"og:image:type\" content=\"image\/jpeg\" \/>\n<meta name=\"twitter:card\" content=\"summary_large_image\" \/>\n<meta name=\"twitter:title\" content=\"Aplica\u00e7\u00f5es pr\u00e1ticas dos ensaios DMT e CPTu\" \/>\n<meta name=\"twitter:description\" content=\"T\u00e9cnica do ensaio DMT; Aplica\u00e7\u00f5es em projetos de pisos de galp\u00f5es de log\u00edstica; Aplica\u00e7\u00f5es na verifica\u00e7\u00e3o da compacta\u00e7\u00e3o de aterros; Aplica\u00e7\u00f5es nas avalia\u00e7\u00f5es de recalques de funda\u00e7\u00f5es diretas; T\u00e9cnica do ensaio CPTu; Aplica\u00e7\u00f5es em aterros sobre solos moles; Aplica\u00e7\u00f5es em funda\u00e7\u00f5es por estacas; Aplica\u00e7\u00f5es conjuntas com outros ensaios.\" \/>\n<meta name=\"twitter:image\" content=\"https:\/\/www.institutodeengenharia.org.br\/site\/wp-content\/uploads\/2023\/05\/MicrosoftTeams-image-207.jpg\" \/>\n<meta name=\"twitter:site\" content=\"@iengenharia\" \/>\n<meta name=\"twitter:label1\" content=\"Est. tempo de leitura\" \/>\n\t<meta name=\"twitter:data1\" content=\"2 minutos\" \/>\n<script type=\"application\/ld+json\" class=\"yoast-schema-graph\">{\"@context\":\"https:\/\/schema.org\",\"@graph\":[{\"@type\":\"WebPage\",\"@id\":\"https:\/\/www.institutodeengenharia.org.br\/site\/events\/aplicacoes-praticas-dos-ensaios-dmt-e-cptu\/\",\"url\":\"https:\/\/www.institutodeengenharia.org.br\/site\/events\/aplicacoes-praticas-dos-ensaios-dmt-e-cptu\/\",\"name\":\"Aplica\u00e7\u00f5es pr\u00e1ticas dos ensaios DMT e CPTu - Instituto de Engenharia\",\"isPartOf\":{\"@id\":\"https:\/\/www.institutodeengenharia.org.br\/site\/#website\"},\"primaryImageOfPage\":{\"@id\":\"https:\/\/www.institutodeengenharia.org.br\/site\/events\/aplicacoes-praticas-dos-ensaios-dmt-e-cptu\/#primaryimage\"},\"image\":{\"@id\":\"https:\/\/www.institutodeengenharia.org.br\/site\/events\/aplicacoes-praticas-dos-ensaios-dmt-e-cptu\/#primaryimage\"},\"thumbnailUrl\":\"https:\/\/www.institutodeengenharia.org.br\/site\/wp-content\/uploads\/2023\/05\/MicrosoftTeams-image-207.jpg\",\"datePublished\":\"2023-05-08T18:04:13+00:00\",\"dateModified\":\"2023-08-07T14:03:00+00:00\",\"breadcrumb\":{\"@id\":\"https:\/\/www.institutodeengenharia.org.br\/site\/events\/aplicacoes-praticas-dos-ensaios-dmt-e-cptu\/#breadcrumb\"},\"inLanguage\":\"pt-BR\",\"potentialAction\":[{\"@type\":\"ReadAction\",\"target\":[\"https:\/\/www.institutodeengenharia.org.br\/site\/events\/aplicacoes-praticas-dos-ensaios-dmt-e-cptu\/\"]}]},{\"@type\":\"ImageObject\",\"inLanguage\":\"pt-BR\",\"@id\":\"https:\/\/www.institutodeengenharia.org.br\/site\/events\/aplicacoes-praticas-dos-ensaios-dmt-e-cptu\/#primaryimage\",\"url\":\"https:\/\/www.institutodeengenharia.org.br\/site\/wp-content\/uploads\/2023\/05\/MicrosoftTeams-image-207.jpg\",\"contentUrl\":\"https:\/\/www.institutodeengenharia.org.br\/site\/wp-content\/uploads\/2023\/05\/MicrosoftTeams-image-207.jpg\",\"width\":886,\"height\":498},{\"@type\":\"BreadcrumbList\",\"@id\":\"https:\/\/www.institutodeengenharia.org.br\/site\/events\/aplicacoes-praticas-dos-ensaios-dmt-e-cptu\/#breadcrumb\",\"itemListElement\":[{\"@type\":\"ListItem\",\"position\":1,\"name\":\"In\u00edcio\",\"item\":\"https:\/\/www.institutodeengenharia.org.br\/site\/\"},{\"@type\":\"ListItem\",\"position\":2,\"name\":\"Eventos\",\"item\":\"https:\/\/www.institutodeengenharia.org.br\/site\/events\/\"},{\"@type\":\"ListItem\",\"position\":3,\"name\":\"Aplica\u00e7\u00f5es pr\u00e1ticas dos ensaios DMT e CPTu\"}]},{\"@type\":\"WebSite\",\"@id\":\"https:\/\/www.institutodeengenharia.org.br\/site\/#website\",\"url\":\"https:\/\/www.institutodeengenharia.org.br\/site\/\",\"name\":\"Instituto de Engenharia\",\"description\":\"O Instituto de Engenharia promove a Engenharia em benef\u00edcio do desenvolvimento e da qualidade de vida da sociedade.\",\"publisher\":{\"@id\":\"https:\/\/www.institutodeengenharia.org.br\/site\/#organization\"},\"potentialAction\":[{\"@type\":\"SearchAction\",\"target\":{\"@type\":\"EntryPoint\",\"urlTemplate\":\"https:\/\/www.institutodeengenharia.org.br\/site\/?s={search_term_string}\"},\"query-input\":{\"@type\":\"PropertyValueSpecification\",\"valueRequired\":true,\"valueName\":\"search_term_string\"}}],\"inLanguage\":\"pt-BR\"},{\"@type\":\"Organization\",\"@id\":\"https:\/\/www.institutodeengenharia.org.br\/site\/#organization\",\"name\":\"Instituto de Engenharia\",\"url\":\"https:\/\/www.institutodeengenharia.org.br\/site\/\",\"logo\":{\"@type\":\"ImageObject\",\"inLanguage\":\"pt-BR\",\"@id\":\"https:\/\/www.institutodeengenharia.org.br\/site\/#\/schema\/logo\/image\/\",\"url\":\"https:\/\/www.institutodeengenharia.org.br\/site\/wp-content\/uploads\/2019\/03\/logo-novo-IE2018-1.jpg\",\"contentUrl\":\"https:\/\/www.institutodeengenharia.org.br\/site\/wp-content\/uploads\/2019\/03\/logo-novo-IE2018-1.jpg\",\"width\":1486,\"height\":1879,\"caption\":\"Instituto de Engenharia\"},\"image\":{\"@id\":\"https:\/\/www.institutodeengenharia.org.br\/site\/#\/schema\/logo\/image\/\"},\"sameAs\":[\"https:\/\/www.facebook.com\/institutodeengenharia\",\"https:\/\/x.com\/iengenharia\",\"https:\/\/www.instagram.com\/institutodeengenharia\/\",\"https:\/\/www.linkedin.com\/company\/instituto-de-engenharia\/\",\"https:\/\/www.youtube.com\/channel\/UCXiCAlsSMe977vamW915HxA\"]}]}<\/script>\n<!-- \/ Yoast SEO plugin. -->","yoast_head_json":{"title":"Aplica\u00e7\u00f5es pr\u00e1ticas dos ensaios DMT e CPTu - Instituto de Engenharia","robots":{"index":"index","follow":"follow","max-snippet":"max-snippet:-1","max-image-preview":"max-image-preview:large","max-video-preview":"max-video-preview:-1"},"canonical":"https:\/\/www.institutodeengenharia.org.br\/site\/events\/aplicacoes-praticas-dos-ensaios-dmt-e-cptu\/","og_locale":"pt_BR","og_type":"article","og_title":"Aplica\u00e7\u00f5es pr\u00e1ticas dos ensaios DMT e CPTu","og_description":"T\u00e9cnica do ensaio DMT; Aplica\u00e7\u00f5es em projetos de pisos de galp\u00f5es de log\u00edstica; Aplica\u00e7\u00f5es na verifica\u00e7\u00e3o da compacta\u00e7\u00e3o de aterros; Aplica\u00e7\u00f5es nas avalia\u00e7\u00f5es de recalques de funda\u00e7\u00f5es diretas; T\u00e9cnica do ensaio CPTu; Aplica\u00e7\u00f5es em aterros sobre solos moles; Aplica\u00e7\u00f5es em funda\u00e7\u00f5es por estacas; Aplica\u00e7\u00f5es conjuntas com outros ensaios.","og_url":"https:\/\/www.institutodeengenharia.org.br\/site\/events\/aplicacoes-praticas-dos-ensaios-dmt-e-cptu\/","og_site_name":"Instituto de Engenharia","article_publisher":"https:\/\/www.facebook.com\/institutodeengenharia","article_modified_time":"2023-08-07T14:03:00+00:00","og_image":[{"width":886,"height":498,"url":"https:\/\/www.institutodeengenharia.org.br\/site\/wp-content\/uploads\/2023\/05\/MicrosoftTeams-image-207.jpg","type":"image\/jpeg"}],"twitter_card":"summary_large_image","twitter_title":"Aplica\u00e7\u00f5es pr\u00e1ticas dos ensaios DMT e CPTu","twitter_description":"T\u00e9cnica do ensaio DMT; Aplica\u00e7\u00f5es em projetos de pisos de galp\u00f5es de log\u00edstica; Aplica\u00e7\u00f5es na verifica\u00e7\u00e3o da compacta\u00e7\u00e3o de aterros; Aplica\u00e7\u00f5es nas avalia\u00e7\u00f5es de recalques de funda\u00e7\u00f5es diretas; T\u00e9cnica do ensaio CPTu; Aplica\u00e7\u00f5es em aterros sobre solos moles; Aplica\u00e7\u00f5es em funda\u00e7\u00f5es por estacas; Aplica\u00e7\u00f5es conjuntas com outros ensaios.","twitter_image":"https:\/\/www.institutodeengenharia.org.br\/site\/wp-content\/uploads\/2023\/05\/MicrosoftTeams-image-207.jpg","twitter_site":"@iengenharia","twitter_misc":{"Est. tempo de leitura":"2 minutos"},"schema":{"@context":"https:\/\/schema.org","@graph":[{"@type":"WebPage","@id":"https:\/\/www.institutodeengenharia.org.br\/site\/events\/aplicacoes-praticas-dos-ensaios-dmt-e-cptu\/","url":"https:\/\/www.institutodeengenharia.org.br\/site\/events\/aplicacoes-praticas-dos-ensaios-dmt-e-cptu\/","name":"Aplica\u00e7\u00f5es pr\u00e1ticas dos ensaios DMT e CPTu - Instituto de Engenharia","isPartOf":{"@id":"https:\/\/www.institutodeengenharia.org.br\/site\/#website"},"primaryImageOfPage":{"@id":"https:\/\/www.institutodeengenharia.org.br\/site\/events\/aplicacoes-praticas-dos-ensaios-dmt-e-cptu\/#primaryimage"},"image":{"@id":"https:\/\/www.institutodeengenharia.org.br\/site\/events\/aplicacoes-praticas-dos-ensaios-dmt-e-cptu\/#primaryimage"},"thumbnailUrl":"https:\/\/www.institutodeengenharia.org.br\/site\/wp-content\/uploads\/2023\/05\/MicrosoftTeams-image-207.jpg","datePublished":"2023-05-08T18:04:13+00:00","dateModified":"2023-08-07T14:03:00+00:00","breadcrumb":{"@id":"https:\/\/www.institutodeengenharia.org.br\/site\/events\/aplicacoes-praticas-dos-ensaios-dmt-e-cptu\/#breadcrumb"},"inLanguage":"pt-BR","potentialAction":[{"@type":"ReadAction","target":["https:\/\/www.institutodeengenharia.org.br\/site\/events\/aplicacoes-praticas-dos-ensaios-dmt-e-cptu\/"]}]},{"@type":"ImageObject","inLanguage":"pt-BR","@id":"https:\/\/www.institutodeengenharia.org.br\/site\/events\/aplicacoes-praticas-dos-ensaios-dmt-e-cptu\/#primaryimage","url":"https:\/\/www.institutodeengenharia.org.br\/site\/wp-content\/uploads\/2023\/05\/MicrosoftTeams-image-207.jpg","contentUrl":"https:\/\/www.institutodeengenharia.org.br\/site\/wp-content\/uploads\/2023\/05\/MicrosoftTeams-image-207.jpg","width":886,"height":498},{"@type":"BreadcrumbList","@id":"https:\/\/www.institutodeengenharia.org.br\/site\/events\/aplicacoes-praticas-dos-ensaios-dmt-e-cptu\/#breadcrumb","itemListElement":[{"@type":"ListItem","position":1,"name":"In\u00edcio","item":"https:\/\/www.institutodeengenharia.org.br\/site\/"},{"@type":"ListItem","position":2,"name":"Eventos","item":"https:\/\/www.institutodeengenharia.org.br\/site\/events\/"},{"@type":"ListItem","position":3,"name":"Aplica\u00e7\u00f5es pr\u00e1ticas dos ensaios DMT e CPTu"}]},{"@type":"WebSite","@id":"https:\/\/www.institutodeengenharia.org.br\/site\/#website","url":"https:\/\/www.institutodeengenharia.org.br\/site\/","name":"Instituto de Engenharia","description":"O Instituto de Engenharia promove a Engenharia em benef\u00edcio do desenvolvimento e da qualidade de vida da sociedade.","publisher":{"@id":"https:\/\/www.institutodeengenharia.org.br\/site\/#organization"},"potentialAction":[{"@type":"SearchAction","target":{"@type":"EntryPoint","urlTemplate":"https:\/\/www.institutodeengenharia.org.br\/site\/?s={search_term_string}"},"query-input":{"@type":"PropertyValueSpecification","valueRequired":true,"valueName":"search_term_string"}}],"inLanguage":"pt-BR"},{"@type":"Organization","@id":"https:\/\/www.institutodeengenharia.org.br\/site\/#organization","name":"Instituto de Engenharia","url":"https:\/\/www.institutodeengenharia.org.br\/site\/","logo":{"@type":"ImageObject","inLanguage":"pt-BR","@id":"https:\/\/www.institutodeengenharia.org.br\/site\/#\/schema\/logo\/image\/","url":"https:\/\/www.institutodeengenharia.org.br\/site\/wp-content\/uploads\/2019\/03\/logo-novo-IE2018-1.jpg","contentUrl":"https:\/\/www.institutodeengenharia.org.br\/site\/wp-content\/uploads\/2019\/03\/logo-novo-IE2018-1.jpg","width":1486,"height":1879,"caption":"Instituto de Engenharia"},"image":{"@id":"https:\/\/www.institutodeengenharia.org.br\/site\/#\/schema\/logo\/image\/"},"sameAs":["https:\/\/www.facebook.com\/institutodeengenharia","https:\/\/x.com\/iengenharia","https:\/\/www.instagram.com\/institutodeengenharia\/","https:\/\/www.linkedin.com\/company\/instituto-de-engenharia\/","https:\/\/www.youtube.com\/channel\/UCXiCAlsSMe977vamW915HxA"]}]}},"_links":{"self":[{"href":"https:\/\/www.institutodeengenharia.org.br\/site\/wp-json\/wp\/v2\/ajde_events\/105430","targetHints":{"allow":["GET"]}}],"collection":[{"href":"https:\/\/www.institutodeengenharia.org.br\/site\/wp-json\/wp\/v2\/ajde_events"}],"about":[{"href":"https:\/\/www.institutodeengenharia.org.br\/site\/wp-json\/wp\/v2\/types\/ajde_events"}],"author":[{"embeddable":true,"href":"https:\/\/www.institutodeengenharia.org.br\/site\/wp-json\/wp\/v2\/users\/13"}],"replies":[{"embeddable":true,"href":"https:\/\/www.institutodeengenharia.org.br\/site\/wp-json\/wp\/v2\/comments?post=105430"}],"wp:featuredmedia":[{"embeddable":true,"href":"https:\/\/www.institutodeengenharia.org.br\/site\/wp-json\/wp\/v2\/media\/105452"}],"wp:attachment":[{"href":"https:\/\/www.institutodeengenharia.org.br\/site\/wp-json\/wp\/v2\/media?parent=105430"}],"wp:term":[{"taxonomy":"post_tag","embeddable":true,"href":"https:\/\/www.institutodeengenharia.org.br\/site\/wp-json\/wp\/v2\/tags?post=105430"},{"taxonomy":"event_type","embeddable":true,"href":"https:\/\/www.institutodeengenharia.org.br\/site\/wp-json\/wp\/v2\/event_type?post=105430"},{"taxonomy":"event_type_2","embeddable":true,"href":"https:\/\/www.institutodeengenharia.org.br\/site\/wp-json\/wp\/v2\/event_type_2?post=105430"}],"curies":[{"name":"wp","href":"https:\/\/api.w.org\/{rel}","templated":true}]}}