{"id":101198,"date":"2022-12-08T15:50:16","date_gmt":"2022-12-08T18:50:16","guid":{"rendered":"https:\/\/www.institutodeengenharia.org.br\/site\/?post_type=ajde_events&#038;p=101198"},"modified":"2022-12-16T16:35:06","modified_gmt":"2022-12-16T19:35:06","slug":"expedicoes-amazonia-2023","status":"publish","type":"ajde_events","link":"https:\/\/www.institutodeengenharia.org.br\/site\/events\/expedicoes-amazonia-2023\/","title":{"rendered":"Expedi\u00e7\u00f5es Amaz\u00f4nia 2023"},"content":{"rendered":"<p style=\"text-align: center;\"><a href=\"https:\/\/www.institutodeengenharia.org.br\/site\/expedicoes-amazonia-gt-bioeconomia-nacional\/#\"><em><strong>Clique aqui para visitar a p\u00e1gina da Expedi\u00e7\u00e3o<\/strong><\/em><\/a><\/p>\n<div class=\"td_block_wrap td_block_text_with_title tdi_117 tagdiv-type td-pb-border-top td_block_template_1\" data-td-block-uid=\"tdi_117\">\n<div class=\"td_mod_wrap td-fix-index\">\n<p><strong>Programa\u00e7\u00e3o Expedi\u00e7\u00e3o Amaz\u00f4nia \u2013 5 a 12 de fevereiro\/2023 \u2013\u00a0<\/strong><strong>Manaus \u2013 Amazonas<\/strong><\/p>\n<p><strong>5\/2 (domingo)<\/strong><br \/>\n\u2022 Chegada em Manaus \u2022 Jantar de abertura.<br \/>\n<strong>6\/2 (segunda)<\/strong><br \/>\n\u2022 Visita no INPA, com aula da prof. Dra.Rita Mesquita e prof. Dr. Philip Fearnside \u2022 Visita ao MUSA, com aula especial do Prof. Dr. M\u00e1rio Cohn-Haft.<br \/>\n<strong>7\/2 (ter\u00e7a)<\/strong><br \/>\n\u2022 Visita a empresa BEMOL para falar de ESG \u2022 Visita ao Mercado Municipal Adolpho Lisboa (almo\u00e7o) \u2022 Visita institucional ao INDT \u2013 Instituto de Desenvolvimento Tecnol\u00f3gico.<br \/>\n<strong>\u00a08\/2 (quarta)<\/strong><br \/>\n\u2022 Visita ao Museu da Cidade de Manaus \u2013 MUMMA \u2022 Palestra com Laurent Troost, sobre arquitetura na Amaz\u00f4nia \u2022 Visita ao IDESAM \u2013 PPBio e Carbono Neutro.<br \/>\n<strong>9\/2 (quinta)<\/strong><br \/>\n\u2022 Visita ao Museu do Homem do Norte \u2022 Embarque no barco regional (almo\u00e7o) \u2022 Visita ao Museu do Seringal \u2022 Deslocamento para Comunidade Tr\u00eas Unidos, com aula sobre Bioeconomia na Amaz\u00f4nia, com prof. Dr. Jo\u00e3o Tezza.<br \/>\n<strong>10\/2 (sexta)<\/strong><br \/>\n\u2022 Visita \u00e0 Comunidade Ind\u00edgena Tr\u00eas Unidos \u2013 Povo Kambeba \u2022 Deslocamento para Praia do Iluminado \u2013 Pousada Toca do Tatu (Comunidade Sta. Helena do Ingl\u00eas).<br \/>\n<strong>11\/2 (s\u00e1bado)<\/strong><br \/>\n\u2022 Trilha pela floresta com comunit\u00e1rio Nelson Brito \u2022 Visita \u00e0 comunidade do Tumbira \u2022 Passeio de canoagem noturna com foco na fauna.<br \/>\n<strong>12\/2 (domingo)<\/strong><br \/>\n\u2022 Visita ao Flutuante dos Botos Cor de Rosa, na Comunidade do Acajatuba \u2022 Almo\u00e7o no barco e \u00faltimo banho de rio. \u2022 Desembarque 14h.<\/p>\n<\/div>\n<\/div>\n<div class=\"wpb_wrapper td_block_separator td_block_wrap vc_separator tdi_119 td_separator_solid td_separator_center\"><\/div>\n","protected":false},"author":13,"featured_media":101128,"menu_order":0,"comment_status":"open","ping_status":"closed","template":"","meta":[],"tags":[],"event_type":[146,1253,147,150],"event_type_2":[],"class_list":{"0":"post-101198","1":"ajde_events","2":"type-ajde_events","3":"status-publish","4":"has-post-thumbnail","6":"event_location-manaus-amazonas","7":"event_type-agenda","8":"event_type-amazonia-bioeconomia","9":"event_type-geral","10":"event_type-visitas"},"yoast_head":"<!-- This site is optimized with the Yoast SEO plugin v27.2 - https:\/\/yoast.com\/product\/yoast-seo-wordpress\/ -->\n<title>Expedi\u00e7\u00f5es Amaz\u00f4nia 2023 - Instituto de Engenharia<\/title>\n<meta name=\"robots\" content=\"index, follow, max-snippet:-1, max-image-preview:large, max-video-preview:-1\" \/>\n<link rel=\"canonical\" href=\"https:\/\/www.institutodeengenharia.org.br\/site\/events\/expedicoes-amazonia-2023\/\" \/>\n<meta property=\"og:locale\" content=\"pt_BR\" \/>\n<meta property=\"og:type\" content=\"article\" \/>\n<meta property=\"og:title\" content=\"Expedi\u00e7\u00f5es Amaz\u00f4nia 2023 - Instituto de Engenharia\" \/>\n<meta property=\"og:description\" content=\"Clique aqui para visitar a p\u00e1gina da Expedi\u00e7\u00e3o Programa\u00e7\u00e3o Expedi\u00e7\u00e3o Amaz\u00f4nia \u2013 5 a 12 de fevereiro\/2023 \u2013\u00a0Manaus \u2013 Amazonas 5\/2 (domingo) \u2022 Chegada em Manaus \u2022 Jantar de abertura. 6\/2 (segunda) \u2022 Visita no INPA, com aula da prof. Dra.Rita Mesquita e prof. Dr. Philip Fearnside \u2022 Visita ao MUSA, com aula especial do [&hellip;]\" \/>\n<meta property=\"og:url\" content=\"https:\/\/www.institutodeengenharia.org.br\/site\/events\/expedicoes-amazonia-2023\/\" \/>\n<meta property=\"og:site_name\" content=\"Instituto de Engenharia\" \/>\n<meta property=\"article:publisher\" content=\"https:\/\/www.facebook.com\/institutodeengenharia\" \/>\n<meta property=\"article:modified_time\" content=\"2022-12-16T19:35:06+00:00\" \/>\n<meta property=\"og:image\" content=\"https:\/\/www.institutodeengenharia.org.br\/site\/wp-content\/uploads\/2022\/12\/MicrosoftTeams-image-120.png\" \/>\n\t<meta property=\"og:image:width\" content=\"740\" \/>\n\t<meta property=\"og:image:height\" content=\"518\" \/>\n\t<meta property=\"og:image:type\" content=\"image\/png\" \/>\n<meta name=\"twitter:card\" content=\"summary_large_image\" \/>\n<meta name=\"twitter:site\" content=\"@iengenharia\" \/>\n<meta name=\"twitter:label1\" content=\"Est. tempo de leitura\" \/>\n\t<meta name=\"twitter:data1\" content=\"2 minutos\" \/>\n<script type=\"application\/ld+json\" class=\"yoast-schema-graph\">{\"@context\":\"https:\/\/schema.org\",\"@graph\":[{\"@type\":\"WebPage\",\"@id\":\"https:\/\/www.institutodeengenharia.org.br\/site\/events\/expedicoes-amazonia-2023\/\",\"url\":\"https:\/\/www.institutodeengenharia.org.br\/site\/events\/expedicoes-amazonia-2023\/\",\"name\":\"Expedi\u00e7\u00f5es Amaz\u00f4nia 2023 - Instituto de Engenharia\",\"isPartOf\":{\"@id\":\"https:\/\/www.institutodeengenharia.org.br\/site\/#website\"},\"primaryImageOfPage\":{\"@id\":\"https:\/\/www.institutodeengenharia.org.br\/site\/events\/expedicoes-amazonia-2023\/#primaryimage\"},\"image\":{\"@id\":\"https:\/\/www.institutodeengenharia.org.br\/site\/events\/expedicoes-amazonia-2023\/#primaryimage\"},\"thumbnailUrl\":\"https:\/\/www.institutodeengenharia.org.br\/site\/wp-content\/uploads\/2022\/12\/MicrosoftTeams-image-120.png\",\"datePublished\":\"2022-12-08T18:50:16+00:00\",\"dateModified\":\"2022-12-16T19:35:06+00:00\",\"breadcrumb\":{\"@id\":\"https:\/\/www.institutodeengenharia.org.br\/site\/events\/expedicoes-amazonia-2023\/#breadcrumb\"},\"inLanguage\":\"pt-BR\",\"potentialAction\":[{\"@type\":\"ReadAction\",\"target\":[\"https:\/\/www.institutodeengenharia.org.br\/site\/events\/expedicoes-amazonia-2023\/\"]}]},{\"@type\":\"ImageObject\",\"inLanguage\":\"pt-BR\",\"@id\":\"https:\/\/www.institutodeengenharia.org.br\/site\/events\/expedicoes-amazonia-2023\/#primaryimage\",\"url\":\"https:\/\/www.institutodeengenharia.org.br\/site\/wp-content\/uploads\/2022\/12\/MicrosoftTeams-image-120.png\",\"contentUrl\":\"https:\/\/www.institutodeengenharia.org.br\/site\/wp-content\/uploads\/2022\/12\/MicrosoftTeams-image-120.png\",\"width\":740,\"height\":518},{\"@type\":\"BreadcrumbList\",\"@id\":\"https:\/\/www.institutodeengenharia.org.br\/site\/events\/expedicoes-amazonia-2023\/#breadcrumb\",\"itemListElement\":[{\"@type\":\"ListItem\",\"position\":1,\"name\":\"In\u00edcio\",\"item\":\"https:\/\/www.institutodeengenharia.org.br\/site\/\"},{\"@type\":\"ListItem\",\"position\":2,\"name\":\"Eventos\",\"item\":\"https:\/\/www.institutodeengenharia.org.br\/site\/events\/\"},{\"@type\":\"ListItem\",\"position\":3,\"name\":\"Expedi\u00e7\u00f5es Amaz\u00f4nia 2023\"}]},{\"@type\":\"WebSite\",\"@id\":\"https:\/\/www.institutodeengenharia.org.br\/site\/#website\",\"url\":\"https:\/\/www.institutodeengenharia.org.br\/site\/\",\"name\":\"Instituto de Engenharia\",\"description\":\"O Instituto de Engenharia promove a Engenharia em benef\u00edcio do desenvolvimento e da qualidade de vida da sociedade.\",\"publisher\":{\"@id\":\"https:\/\/www.institutodeengenharia.org.br\/site\/#organization\"},\"potentialAction\":[{\"@type\":\"SearchAction\",\"target\":{\"@type\":\"EntryPoint\",\"urlTemplate\":\"https:\/\/www.institutodeengenharia.org.br\/site\/?s={search_term_string}\"},\"query-input\":{\"@type\":\"PropertyValueSpecification\",\"valueRequired\":true,\"valueName\":\"search_term_string\"}}],\"inLanguage\":\"pt-BR\"},{\"@type\":\"Organization\",\"@id\":\"https:\/\/www.institutodeengenharia.org.br\/site\/#organization\",\"name\":\"Instituto de Engenharia\",\"url\":\"https:\/\/www.institutodeengenharia.org.br\/site\/\",\"logo\":{\"@type\":\"ImageObject\",\"inLanguage\":\"pt-BR\",\"@id\":\"https:\/\/www.institutodeengenharia.org.br\/site\/#\/schema\/logo\/image\/\",\"url\":\"https:\/\/www.institutodeengenharia.org.br\/site\/wp-content\/uploads\/2019\/03\/logo-novo-IE2018-1.jpg\",\"contentUrl\":\"https:\/\/www.institutodeengenharia.org.br\/site\/wp-content\/uploads\/2019\/03\/logo-novo-IE2018-1.jpg\",\"width\":1486,\"height\":1879,\"caption\":\"Instituto de Engenharia\"},\"image\":{\"@id\":\"https:\/\/www.institutodeengenharia.org.br\/site\/#\/schema\/logo\/image\/\"},\"sameAs\":[\"https:\/\/www.facebook.com\/institutodeengenharia\",\"https:\/\/x.com\/iengenharia\",\"https:\/\/www.instagram.com\/institutodeengenharia\/\",\"https:\/\/www.linkedin.com\/company\/instituto-de-engenharia\/\",\"https:\/\/www.youtube.com\/channel\/UCXiCAlsSMe977vamW915HxA\"]}]}<\/script>\n<!-- \/ Yoast SEO plugin. -->","yoast_head_json":{"title":"Expedi\u00e7\u00f5es Amaz\u00f4nia 2023 - Instituto de Engenharia","robots":{"index":"index","follow":"follow","max-snippet":"max-snippet:-1","max-image-preview":"max-image-preview:large","max-video-preview":"max-video-preview:-1"},"canonical":"https:\/\/www.institutodeengenharia.org.br\/site\/events\/expedicoes-amazonia-2023\/","og_locale":"pt_BR","og_type":"article","og_title":"Expedi\u00e7\u00f5es Amaz\u00f4nia 2023 - Instituto de Engenharia","og_description":"Clique aqui para visitar a p\u00e1gina da Expedi\u00e7\u00e3o Programa\u00e7\u00e3o Expedi\u00e7\u00e3o Amaz\u00f4nia \u2013 5 a 12 de fevereiro\/2023 \u2013\u00a0Manaus \u2013 Amazonas 5\/2 (domingo) \u2022 Chegada em Manaus \u2022 Jantar de abertura. 6\/2 (segunda) \u2022 Visita no INPA, com aula da prof. Dra.Rita Mesquita e prof. Dr. Philip Fearnside \u2022 Visita ao MUSA, com aula especial do [&hellip;]","og_url":"https:\/\/www.institutodeengenharia.org.br\/site\/events\/expedicoes-amazonia-2023\/","og_site_name":"Instituto de Engenharia","article_publisher":"https:\/\/www.facebook.com\/institutodeengenharia","article_modified_time":"2022-12-16T19:35:06+00:00","og_image":[{"width":740,"height":518,"url":"https:\/\/www.institutodeengenharia.org.br\/site\/wp-content\/uploads\/2022\/12\/MicrosoftTeams-image-120.png","type":"image\/png"}],"twitter_card":"summary_large_image","twitter_site":"@iengenharia","twitter_misc":{"Est. tempo de leitura":"2 minutos"},"schema":{"@context":"https:\/\/schema.org","@graph":[{"@type":"WebPage","@id":"https:\/\/www.institutodeengenharia.org.br\/site\/events\/expedicoes-amazonia-2023\/","url":"https:\/\/www.institutodeengenharia.org.br\/site\/events\/expedicoes-amazonia-2023\/","name":"Expedi\u00e7\u00f5es Amaz\u00f4nia 2023 - Instituto de Engenharia","isPartOf":{"@id":"https:\/\/www.institutodeengenharia.org.br\/site\/#website"},"primaryImageOfPage":{"@id":"https:\/\/www.institutodeengenharia.org.br\/site\/events\/expedicoes-amazonia-2023\/#primaryimage"},"image":{"@id":"https:\/\/www.institutodeengenharia.org.br\/site\/events\/expedicoes-amazonia-2023\/#primaryimage"},"thumbnailUrl":"https:\/\/www.institutodeengenharia.org.br\/site\/wp-content\/uploads\/2022\/12\/MicrosoftTeams-image-120.png","datePublished":"2022-12-08T18:50:16+00:00","dateModified":"2022-12-16T19:35:06+00:00","breadcrumb":{"@id":"https:\/\/www.institutodeengenharia.org.br\/site\/events\/expedicoes-amazonia-2023\/#breadcrumb"},"inLanguage":"pt-BR","potentialAction":[{"@type":"ReadAction","target":["https:\/\/www.institutodeengenharia.org.br\/site\/events\/expedicoes-amazonia-2023\/"]}]},{"@type":"ImageObject","inLanguage":"pt-BR","@id":"https:\/\/www.institutodeengenharia.org.br\/site\/events\/expedicoes-amazonia-2023\/#primaryimage","url":"https:\/\/www.institutodeengenharia.org.br\/site\/wp-content\/uploads\/2022\/12\/MicrosoftTeams-image-120.png","contentUrl":"https:\/\/www.institutodeengenharia.org.br\/site\/wp-content\/uploads\/2022\/12\/MicrosoftTeams-image-120.png","width":740,"height":518},{"@type":"BreadcrumbList","@id":"https:\/\/www.institutodeengenharia.org.br\/site\/events\/expedicoes-amazonia-2023\/#breadcrumb","itemListElement":[{"@type":"ListItem","position":1,"name":"In\u00edcio","item":"https:\/\/www.institutodeengenharia.org.br\/site\/"},{"@type":"ListItem","position":2,"name":"Eventos","item":"https:\/\/www.institutodeengenharia.org.br\/site\/events\/"},{"@type":"ListItem","position":3,"name":"Expedi\u00e7\u00f5es Amaz\u00f4nia 2023"}]},{"@type":"WebSite","@id":"https:\/\/www.institutodeengenharia.org.br\/site\/#website","url":"https:\/\/www.institutodeengenharia.org.br\/site\/","name":"Instituto de Engenharia","description":"O Instituto de Engenharia promove a Engenharia em benef\u00edcio do desenvolvimento e da qualidade de vida da sociedade.","publisher":{"@id":"https:\/\/www.institutodeengenharia.org.br\/site\/#organization"},"potentialAction":[{"@type":"SearchAction","target":{"@type":"EntryPoint","urlTemplate":"https:\/\/www.institutodeengenharia.org.br\/site\/?s={search_term_string}"},"query-input":{"@type":"PropertyValueSpecification","valueRequired":true,"valueName":"search_term_string"}}],"inLanguage":"pt-BR"},{"@type":"Organization","@id":"https:\/\/www.institutodeengenharia.org.br\/site\/#organization","name":"Instituto de Engenharia","url":"https:\/\/www.institutodeengenharia.org.br\/site\/","logo":{"@type":"ImageObject","inLanguage":"pt-BR","@id":"https:\/\/www.institutodeengenharia.org.br\/site\/#\/schema\/logo\/image\/","url":"https:\/\/www.institutodeengenharia.org.br\/site\/wp-content\/uploads\/2019\/03\/logo-novo-IE2018-1.jpg","contentUrl":"https:\/\/www.institutodeengenharia.org.br\/site\/wp-content\/uploads\/2019\/03\/logo-novo-IE2018-1.jpg","width":1486,"height":1879,"caption":"Instituto de Engenharia"},"image":{"@id":"https:\/\/www.institutodeengenharia.org.br\/site\/#\/schema\/logo\/image\/"},"sameAs":["https:\/\/www.facebook.com\/institutodeengenharia","https:\/\/x.com\/iengenharia","https:\/\/www.instagram.com\/institutodeengenharia\/","https:\/\/www.linkedin.com\/company\/instituto-de-engenharia\/","https:\/\/www.youtube.com\/channel\/UCXiCAlsSMe977vamW915HxA"]}]}},"_links":{"self":[{"href":"https:\/\/www.institutodeengenharia.org.br\/site\/wp-json\/wp\/v2\/ajde_events\/101198","targetHints":{"allow":["GET"]}}],"collection":[{"href":"https:\/\/www.institutodeengenharia.org.br\/site\/wp-json\/wp\/v2\/ajde_events"}],"about":[{"href":"https:\/\/www.institutodeengenharia.org.br\/site\/wp-json\/wp\/v2\/types\/ajde_events"}],"author":[{"embeddable":true,"href":"https:\/\/www.institutodeengenharia.org.br\/site\/wp-json\/wp\/v2\/users\/13"}],"replies":[{"embeddable":true,"href":"https:\/\/www.institutodeengenharia.org.br\/site\/wp-json\/wp\/v2\/comments?post=101198"}],"wp:featuredmedia":[{"embeddable":true,"href":"https:\/\/www.institutodeengenharia.org.br\/site\/wp-json\/wp\/v2\/media\/101128"}],"wp:attachment":[{"href":"https:\/\/www.institutodeengenharia.org.br\/site\/wp-json\/wp\/v2\/media?parent=101198"}],"wp:term":[{"taxonomy":"post_tag","embeddable":true,"href":"https:\/\/www.institutodeengenharia.org.br\/site\/wp-json\/wp\/v2\/tags?post=101198"},{"taxonomy":"event_type","embeddable":true,"href":"https:\/\/www.institutodeengenharia.org.br\/site\/wp-json\/wp\/v2\/event_type?post=101198"},{"taxonomy":"event_type_2","embeddable":true,"href":"https:\/\/www.institutodeengenharia.org.br\/site\/wp-json\/wp\/v2\/event_type_2?post=101198"}],"curies":[{"name":"wp","href":"https:\/\/api.w.org\/{rel}","templated":true}]}}